{"id":25430,"date":"2021-06-25T16:08:55","date_gmt":"2021-06-25T14:08:55","guid":{"rendered":"https:\/\/musee.oceano.org\/expositions\/coral-guardian-fotoausstellung\/"},"modified":"2021-07-13T09:40:39","modified_gmt":"2021-07-13T07:40:39","slug":"coral-guardian-fotoausstellung","status":"publish","type":"expositions","link":"https:\/\/musee.oceano.org\/de\/ausstellungen\/coral-guardian-fotoausstellung\/","title":{"rendered":"Coral Guardian Fotoausstellung"},"content":{"rendered":"\t\t<div data-elementor-type=\"wp-post\" data-elementor-id=\"25430\" class=\"elementor elementor-25430 elementor-18123\" data-elementor-post-type=\"expositions\">\n\t\t\t\t\t\t<section class=\"elementor-section elementor-top-section elementor-element elementor-element-154492fe elementor-section-full_width elementor-section-height-default elementor-section-height-default\" data-id=\"154492fe\" data-element_type=\"section\" data-e-type=\"section\">\n\t\t\t\t\t\t<div class=\"elementor-container elementor-column-gap-no\">\n\t\t\t\t\t<div class=\"elementor-column elementor-col-100 elementor-top-column elementor-element elementor-element-5d62217d\" data-id=\"5d62217d\" data-element_type=\"column\" data-e-type=\"column\">\n\t\t\t<div class=\"elementor-widget-wrap elementor-element-populated\">\n\t\t\t\t\t\t<div class=\"elementor-element elementor-element-cc2d10e elementor--h-position-center elementor--v-position-middle elementor-widget elementor-widget-slides\" data-id=\"cc2d10e\" data-element_type=\"widget\" data-e-type=\"widget\" data-settings=\"{&quot;navigation&quot;:&quot;none&quot;,&quot;transition&quot;:&quot;slide&quot;,&quot;transition_speed&quot;:500}\" data-widget_type=\"slides.default\">\n\t\t\t\t<div class=\"elementor-widget-container\">\n\t\t\t\t\t\t\t\t\t<div class=\"elementor-swiper\">\n\t\t\t\t\t<div class=\"elementor-slides-wrapper elementor-main-swiper swiper\" role=\"region\" aria-roledescription=\"carousel\" aria-label=\"Slider\" dir=\"ltr\" data-animation=\"fadeInUp\">\n\t\t\t\t<div class=\"swiper-wrapper elementor-slides\">\n\t\t\t\t\t\t\t\t\t\t<div class=\"elementor-repeater-item-891be05 swiper-slide\" role=\"group\" aria-roledescription=\"slide\"><div class=\"swiper-slide-bg elementor-ken-burns elementor-ken-burns--in\" role=\"img\" aria-label=\"Exposition corail guardian mus\u00e9e oc\u00e9anographique monacol\"><\/div><div class=\"elementor-background-overlay\"><\/div><div class=\"swiper-slide-inner\" ><div class=\"swiper-slide-contents\"><h1 class=\"elementor-slide-heading\">Koralle<\/h1><div class=\"elementor-slide-description\"><p>MARTIN COLOGNOLI - KORALLENW\u00c4CHTER<\/p>\n<\/div><\/div><\/div><\/div>\t\t\t\t<\/div>\n\t\t\t\t\t\t\t<\/div>\n\t\t\t\t<\/div>\n\t\t\t\t\t\t\t\t<\/div>\n\t\t\t\t<\/div>\n\t\t\t\t\t<\/div>\n\t\t<\/div>\n\t\t\t\t\t<\/div>\n\t\t<\/section>\n\t\t\t\t<section class=\"elementor-section elementor-top-section elementor-element elementor-element-41571b57 elementor-section-full_width elementor-section-height-default elementor-section-height-default\" data-id=\"41571b57\" data-element_type=\"section\" data-e-type=\"section\" data-settings=\"{&quot;background_background&quot;:&quot;classic&quot;}\">\n\t\t\t\t\t\t<div class=\"elementor-container elementor-column-gap-default\">\n\t\t\t\t\t<div class=\"elementor-column elementor-col-100 elementor-top-column elementor-element elementor-element-5b4c1dc\" data-id=\"5b4c1dc\" data-element_type=\"column\" data-e-type=\"column\">\n\t\t\t<div class=\"elementor-widget-wrap elementor-element-populated\">\n\t\t\t\t\t\t<div class=\"elementor-element elementor-element-ea5fdb7 elementor-widget elementor-widget-ee-breadcrumbs\" data-id=\"ea5fdb7\" data-element_type=\"widget\" data-e-type=\"widget\" data-widget_type=\"ee-breadcrumbs.default\">\n\t\t\t\t<div class=\"elementor-widget-container\">\n\t\t\t\t\t<ul class=\"ee-breadcrumbs\" itemscope=\"\" itemtype=\"http:\/\/schema.org\/BreadcrumbList\"><\/ul>\t\t\t\t<\/div>\n\t\t\t\t<\/div>\n\t\t\t\t\t<\/div>\n\t\t<\/div>\n\t\t\t\t\t<\/div>\n\t\t<\/section>\n\t\t\t\t<section class=\"elementor-section elementor-top-section elementor-element elementor-element-cd5b8e7 elementor-section-boxed elementor-section-height-default elementor-section-height-default\" data-id=\"cd5b8e7\" data-element_type=\"section\" data-e-type=\"section\">\n\t\t\t\t\t\t<div class=\"elementor-container elementor-column-gap-default\">\n\t\t\t\t\t<div class=\"elementor-column elementor-col-50 elementor-top-column elementor-element elementor-element-ceb9ad8\" data-id=\"ceb9ad8\" data-element_type=\"column\" data-e-type=\"column\">\n\t\t\t<div class=\"elementor-widget-wrap elementor-element-populated\">\n\t\t\t\t\t\t<div class=\"elementor-element elementor-element-c3688a0 elementor-widget elementor-widget-image\" data-id=\"c3688a0\" data-element_type=\"widget\" data-e-type=\"widget\" data-widget_type=\"image.default\">\n\t\t\t\t<div class=\"elementor-widget-container\">\n\t\t\t\t\t\t\t\t\t\t\t\t\t\t\t<img fetchpriority=\"high\" decoding=\"async\" width=\"400\" height=\"133\" src=\"https:\/\/musee.oceano.org\/wp-content\/uploads\/sites\/2\/2020\/08\/CORAL-GUARDIAN-Logo-400px.png\" class=\"attachment-large size-large wp-image-25431\" alt=\"\" srcset=\"https:\/\/musee.oceano.org\/wp-content\/uploads\/sites\/2\/2020\/08\/CORAL-GUARDIAN-Logo-400px.png 400w, https:\/\/musee.oceano.org\/wp-content\/uploads\/sites\/2\/2020\/08\/CORAL-GUARDIAN-Logo-400px-300x100.png 300w\" sizes=\"(max-width: 400px) 100vw, 400px\" \/>\t\t\t\t\t\t\t\t\t\t\t\t\t\t\t<\/div>\n\t\t\t\t<\/div>\n\t\t\t\t\t<\/div>\n\t\t<\/div>\n\t\t\t\t<div class=\"elementor-column elementor-col-50 elementor-top-column elementor-element elementor-element-2aa6903\" data-id=\"2aa6903\" data-element_type=\"column\" data-e-type=\"column\">\n\t\t\t<div class=\"elementor-widget-wrap elementor-element-populated\">\n\t\t\t\t\t\t<div class=\"elementor-element elementor-element-adcb7f2 elementor-widget elementor-widget-spacer\" data-id=\"adcb7f2\" data-element_type=\"widget\" data-e-type=\"widget\" data-widget_type=\"spacer.default\">\n\t\t\t\t<div class=\"elementor-widget-container\">\n\t\t\t\t\t\t\t<div class=\"elementor-spacer\">\n\t\t\t<div class=\"elementor-spacer-inner\"><\/div>\n\t\t<\/div>\n\t\t\t\t\t\t<\/div>\n\t\t\t\t<\/div>\n\t\t\t\t<div class=\"elementor-element elementor-element-0a02511 elementor-widget elementor-widget-heading\" data-id=\"0a02511\" data-element_type=\"widget\" data-e-type=\"widget\" data-widget_type=\"heading.default\">\n\t\t\t\t<div class=\"elementor-widget-container\">\n\t\t\t\t\t<h2 class=\"elementor-heading-title elementor-size-default\">Der Verein Coral Guardian stellt die Korallen im Ozeanographischen Museum von Monaco aus<\/h2>\t\t\t\t<\/div>\n\t\t\t\t<\/div>\n\t\t\t\t<div class=\"elementor-element elementor-element-a734500 elementor-widget elementor-widget-text-editor\" data-id=\"a734500\" data-element_type=\"widget\" data-e-type=\"widget\" data-widget_type=\"text-editor.default\">\n\t\t\t\t<div class=\"elementor-widget-container\">\n\t\t\t\t\t\t\t\t\t<p>Die CORAIL-Fotoausstellung erm\u00f6glicht es uns, die bemerkenswerte Geschichte traditioneller indonesischer Fischer von der kleinen Insel Serava Besar vor der Westk\u00fcste der Insel Flores zu entdecken, die das zerst\u00f6rte \u00d6kosystem, von dem sie f\u00fcr ihren Lebensunterhalt direkt abh\u00e4ngig sind, sch\u00fctzen und wiederherstellen: <b>das Korallenriff<\/b>. Diese Insel liegt im Zentrum des Korallendreiecks, dem Epizentrum der <b>marinen Artenvielfalt <\/b>des Planeten. 6 Mio. km\u00b2, 76 % der Korallenarten und 56 % der Korallenriff-Fische in der indopazifischen Region. Es hat mehr Artenvielfalt als irgendwo sonst auf der Welt.<\/p>\n<p><strong>Die CORAIL-Fotoausstellung wird vom 20. Juni 2020 bis zum <b>3. Januar 2022<\/b> laufen.<\/strong><\/p>\n\t\t\t\t\t\t\t\t<\/div>\n\t\t\t\t<\/div>\n\t\t\t\t<div class=\"elementor-element elementor-element-6589a79 elementor-widget elementor-widget-spacer\" data-id=\"6589a79\" data-element_type=\"widget\" data-e-type=\"widget\" data-widget_type=\"spacer.default\">\n\t\t\t\t<div class=\"elementor-widget-container\">\n\t\t\t\t\t\t\t<div class=\"elementor-spacer\">\n\t\t\t<div class=\"elementor-spacer-inner\"><\/div>\n\t\t<\/div>\n\t\t\t\t\t\t<\/div>\n\t\t\t\t<\/div>\n\t\t\t\t\t<\/div>\n\t\t<\/div>\n\t\t\t\t\t<\/div>\n\t\t<\/section>\n\t\t\t\t<section class=\"elementor-section elementor-top-section elementor-element elementor-element-6911f49 elementor-section-boxed elementor-section-height-default elementor-section-height-default\" data-id=\"6911f49\" data-element_type=\"section\" data-e-type=\"section\" data-settings=\"{&quot;background_background&quot;:&quot;classic&quot;}\">\n\t\t\t\t\t\t<div class=\"elementor-container elementor-column-gap-default\">\n\t\t\t\t\t<div class=\"elementor-column elementor-col-100 elementor-top-column elementor-element elementor-element-27e84246\" data-id=\"27e84246\" data-element_type=\"column\" data-e-type=\"column\">\n\t\t\t<div class=\"elementor-widget-wrap elementor-element-populated\">\n\t\t\t\t\t\t<section class=\"elementor-section elementor-inner-section elementor-element elementor-element-2d1b6eaf elementor-section-boxed elementor-section-height-default elementor-section-height-default\" data-id=\"2d1b6eaf\" data-element_type=\"section\" data-e-type=\"section\" data-settings=\"{&quot;background_background&quot;:&quot;classic&quot;}\">\n\t\t\t\t\t\t<div class=\"elementor-container elementor-column-gap-default\">\n\t\t\t\t\t<div class=\"elementor-column elementor-col-50 elementor-inner-column elementor-element elementor-element-22a31c5f\" data-id=\"22a31c5f\" data-element_type=\"column\" data-e-type=\"column\">\n\t\t\t<div class=\"elementor-widget-wrap elementor-element-populated\">\n\t\t\t\t\t\t<div class=\"elementor-element elementor-element-c03b34a elementor-widget elementor-widget-video\" data-id=\"c03b34a\" data-element_type=\"widget\" data-e-type=\"widget\" data-settings=\"{&quot;youtube_url&quot;:&quot;https:\\\/\\\/www.youtube.com\\\/watch?v=ef1TU3TpMTg&amp;feature=youtu.be&quot;,&quot;video_type&quot;:&quot;youtube&quot;,&quot;controls&quot;:&quot;yes&quot;}\" data-widget_type=\"video.default\">\n\t\t\t\t<div class=\"elementor-widget-container\">\n\t\t\t\t\t\t\t<div class=\"elementor-wrapper elementor-open-inline\">\n\t\t\t<div class=\"elementor-video\"><\/div>\t\t<\/div>\n\t\t\t\t\t\t<\/div>\n\t\t\t\t<\/div>\n\t\t\t\t\t<\/div>\n\t\t<\/div>\n\t\t\t\t<div class=\"elementor-column elementor-col-50 elementor-inner-column elementor-element elementor-element-5988fdb2\" data-id=\"5988fdb2\" data-element_type=\"column\" data-e-type=\"column\">\n\t\t\t<div class=\"elementor-widget-wrap elementor-element-populated\">\n\t\t\t\t\t\t<div class=\"elementor-element elementor-element-afc2133 elementor-widget elementor-widget-heading\" data-id=\"afc2133\" data-element_type=\"widget\" data-e-type=\"widget\" data-widget_type=\"heading.default\">\n\t\t\t\t<div class=\"elementor-widget-container\">\n\t\t\t\t\t<h2 class=\"elementor-heading-title elementor-size-large\">Martin Colognoli<\/h2>\t\t\t\t<\/div>\n\t\t\t\t<\/div>\n\t\t\t\t<div class=\"elementor-element elementor-element-3d70cbb7 elementor-widget elementor-widget-text-editor\" data-id=\"3d70cbb7\" data-element_type=\"widget\" data-e-type=\"widget\" data-widget_type=\"text-editor.default\">\n\t\t\t\t<div class=\"elementor-widget-container\">\n\t\t\t\t\t\t\t\t\t<p>Im Jahr 2012 war der Meeresbiologe Martin Colognoli Mitbegr\u00fcnder von Coral Guardian, einem franz\u00f6sischen gemeinn\u00fctzigen Verein nach dem Gesetz von 1901. Coral Guardian widmet sich dem Schutz der Korallen-\u00d6kosysteme dank der lokalen Gemeinschaften, die von ihnen abh\u00e4ngen, der Bewusstseinsbildung und der Teilnahme an wissenschaftlichen Entdeckungen.  <\/p>\n\t\t\t\t\t\t\t\t<\/div>\n\t\t\t\t<\/div>\n\t\t\t\t\t<\/div>\n\t\t<\/div>\n\t\t\t\t\t<\/div>\n\t\t<\/section>\n\t\t\t\t\t<\/div>\n\t\t<\/div>\n\t\t\t\t\t<\/div>\n\t\t<\/section>\n\t\t\t\t<section class=\"elementor-section elementor-top-section elementor-element elementor-element-ad8930f elementor-section-boxed elementor-section-height-default elementor-section-height-default\" data-id=\"ad8930f\" data-element_type=\"section\" data-e-type=\"section\">\n\t\t\t\t\t\t<div class=\"elementor-container elementor-column-gap-default\">\n\t\t\t\t\t<div class=\"elementor-column elementor-col-50 elementor-top-column elementor-element elementor-element-3fb54bf5\" data-id=\"3fb54bf5\" data-element_type=\"column\" data-e-type=\"column\">\n\t\t\t<div class=\"elementor-widget-wrap elementor-element-populated\">\n\t\t\t\t\t\t<div class=\"elementor-element elementor-element-6ff1eebb elementor-widget elementor-widget-heading\" data-id=\"6ff1eebb\" data-element_type=\"widget\" data-e-type=\"widget\" data-widget_type=\"heading.default\">\n\t\t\t\t<div class=\"elementor-widget-container\">\n\t\t\t\t\t<h2 class=\"elementor-heading-title elementor-size-default\">Die fotografische Ausstellung<\/h2>\t\t\t\t<\/div>\n\t\t\t\t<\/div>\n\t\t\t\t<div class=\"elementor-element elementor-element-36ca4b95 elementor-widget elementor-widget-text-editor\" data-id=\"36ca4b95\" data-element_type=\"widget\" data-e-type=\"widget\" data-widget_type=\"text-editor.default\">\n\t\t\t\t<div class=\"elementor-widget-container\">\n\t\t\t\t\t\t\t\t\t<p>Mehr als zwanzig gro\u00dfformatige Bilder lassen den Besucher in die zerbrechliche Welt der Korallenriffe eintauchen und verdeutlichen die Harmonie zwischen Mensch und Natur: eine Botschaft, die sowohl dringlich als auch voller Hoffnung ist.<\/p>\n\t\t\t\t\t\t\t\t<\/div>\n\t\t\t\t<\/div>\n\t\t\t\t<div class=\"elementor-element elementor-element-45ee9a4 elementor-widget elementor-widget-image\" data-id=\"45ee9a4\" data-element_type=\"widget\" data-e-type=\"widget\" data-widget_type=\"image.default\">\n\t\t\t\t<div class=\"elementor-widget-container\">\n\t\t\t\t\t\t\t\t\t\t\t\t<figure class=\"wp-caption\">\n\t\t\t\t\t\t\t\t\t\t<img decoding=\"async\" width=\"1024\" height=\"682\" src=\"https:\/\/musee.oceano.org\/wp-content\/uploads\/sites\/2\/2020\/08\/Photo-n\u00b02-1024x682.jpg\" class=\"attachment-large size-large wp-image-25433\" alt=\"\" srcset=\"https:\/\/musee.oceano.org\/wp-content\/uploads\/sites\/2\/2020\/08\/Photo-n\u00b02-1024x682.jpg 1024w, https:\/\/musee.oceano.org\/wp-content\/uploads\/sites\/2\/2020\/08\/Photo-n\u00b02-300x200.jpg 300w, https:\/\/musee.oceano.org\/wp-content\/uploads\/sites\/2\/2020\/08\/Photo-n\u00b02-768x512.jpg 768w, https:\/\/musee.oceano.org\/wp-content\/uploads\/sites\/2\/2020\/08\/Photo-n\u00b02-1536x1024.jpg 1536w, https:\/\/musee.oceano.org\/wp-content\/uploads\/sites\/2\/2020\/08\/Photo-n\u00b02.jpg 2000w\" sizes=\"(max-width: 1024px) 100vw, 1024px\" \/>\t\t\t\t\t\t\t\t\t\t\t<figcaption class=\"widget-image-caption wp-caption-text\">MARTIN COLOGNOLI - CORAL GUARDIAN - (c) Photo : M. Dagnino-Institut oc\u00e9anographique<\/figcaption>\n\t\t\t\t\t\t\t\t\t\t<\/figure>\n\t\t\t\t\t\t\t\t\t<\/div>\n\t\t\t\t<\/div>\n\t\t\t\t<div class=\"elementor-element elementor-element-5278fc4 elementor-widget elementor-widget-spacer\" data-id=\"5278fc4\" data-element_type=\"widget\" data-e-type=\"widget\" data-widget_type=\"spacer.default\">\n\t\t\t\t<div class=\"elementor-widget-container\">\n\t\t\t\t\t\t\t<div class=\"elementor-spacer\">\n\t\t\t<div class=\"elementor-spacer-inner\"><\/div>\n\t\t<\/div>\n\t\t\t\t\t\t<\/div>\n\t\t\t\t<\/div>\n\t\t\t\t<section class=\"elementor-section elementor-inner-section elementor-element elementor-element-6f564be elementor-section-boxed elementor-section-height-default elementor-section-height-default\" data-id=\"6f564be\" data-element_type=\"section\" data-e-type=\"section\" data-settings=\"{&quot;background_background&quot;:&quot;classic&quot;}\">\n\t\t\t\t\t\t<div class=\"elementor-container elementor-column-gap-default\">\n\t\t\t\t\t<div class=\"elementor-column elementor-col-100 elementor-inner-column elementor-element elementor-element-82e750c\" data-id=\"82e750c\" data-element_type=\"column\" data-e-type=\"column\">\n\t\t\t<div class=\"elementor-widget-wrap elementor-element-populated\">\n\t\t\t\t\t\t<div class=\"elementor-element elementor-element-532b1c07 elementor-widget elementor-widget-text-editor\" data-id=\"532b1c07\" data-element_type=\"widget\" data-e-type=\"widget\" data-widget_type=\"text-editor.default\">\n\t\t\t\t<div class=\"elementor-widget-container\">\n\t\t\t\t\t\t\t\t\t<blockquote>\n<p style=\"text-align: left\"><em>Du sagst es mir, ich vergesse es. Sie lehren mich, ich erinnere mich. Sie beziehen mich ein, ich lerne.<\/em><\/p>\n<\/blockquote>\n\t\t\t\t\t\t\t\t<\/div>\n\t\t\t\t<\/div>\n\t\t\t\t\t<\/div>\n\t\t<\/div>\n\t\t\t\t\t<\/div>\n\t\t<\/section>\n\t\t\t\t<div class=\"elementor-element elementor-element-a91ea27 elementor-widget elementor-widget-text-editor\" data-id=\"a91ea27\" data-element_type=\"widget\" data-e-type=\"widget\" data-widget_type=\"text-editor.default\">\n\t\t\t\t<div class=\"elementor-widget-container\">\n\t\t\t\t\t\t\t\t\t<p>Benjamin Franklin.<\/p>\n\t\t\t\t\t\t\t\t<\/div>\n\t\t\t\t<\/div>\n\t\t\t\t<div class=\"elementor-element elementor-element-30ca02d8 elementor-widget elementor-widget-heading\" data-id=\"30ca02d8\" data-element_type=\"widget\" data-e-type=\"widget\" data-widget_type=\"heading.default\">\n\t\t\t\t<div class=\"elementor-widget-container\">\n\t\t\t\t\t<h2 class=\"elementor-heading-title elementor-size-default\">Partizipativer Meeresschutz  <\/h2>\t\t\t\t<\/div>\n\t\t\t\t<\/div>\n\t\t\t\t<div class=\"elementor-element elementor-element-530e364 elementor-widget elementor-widget-text-editor\" data-id=\"530e364\" data-element_type=\"widget\" data-e-type=\"widget\" data-widget_type=\"text-editor.default\">\n\t\t\t\t<div class=\"elementor-widget-container\">\n\t\t\t\t\t\t\t\t\t<p>Coral Guardian zeichnet sich durch die Entwicklung konkreter Aktionen zur Riffwiederherstellung vor Ort unter Einbeziehung der lokalen Bev\u00f6lkerung aus. Durch seine Aktionen hat der Verein eine einzigartige Erfahrung auf diesem Gebiet erworben. Durch die Einbeziehung der Menschen, die direkt von diesen \u00d6kosystemen abh\u00e4ngen, konnte ein nachhaltiges Restaurierungsmodell geschaffen werden, das auf Wissenschaft und Praxis basiert. In der Tat ist das Engagement der Hauptakteure ein Schl\u00fcsselfaktor f\u00fcr den Erfolg. Die Projekte haben dann eine nachhaltige und konkrete Auswirkung auf die Situation der Gemeinden, die sich diese zu eigen machen.<\/p>\n\t\t\t\t\t\t\t\t<\/div>\n\t\t\t\t<\/div>\n\t\t\t\t<div class=\"elementor-element elementor-element-33b77e6 elementor-align-center elementor-widget elementor-widget-button\" data-id=\"33b77e6\" data-element_type=\"widget\" data-e-type=\"widget\" data-widget_type=\"button.default\">\n\t\t\t\t<div class=\"elementor-widget-container\">\n\t\t\t\t\t\t\t\t\t<div class=\"elementor-button-wrapper\">\n\t\t\t\t\t<a class=\"elementor-button elementor-button-link elementor-size-sm\" href=\"https:\/\/www.coralguardian.org\/\" target=\"_blank\">\n\t\t\t\t\t\t<span class=\"elementor-button-content-wrapper\">\n\t\t\t\t\t\t\t\t\t<span class=\"elementor-button-text\">Mehr lesen<\/span>\n\t\t\t\t\t<\/span>\n\t\t\t\t\t<\/a>\n\t\t\t\t<\/div>\n\t\t\t\t\t\t\t\t<\/div>\n\t\t\t\t<\/div>\n\t\t\t\t\t<\/div>\n\t\t<\/div>\n\t\t\t\t<div class=\"elementor-column elementor-col-50 elementor-top-column elementor-element elementor-element-3612081a\" data-id=\"3612081a\" data-element_type=\"column\" data-e-type=\"column\" data-settings=\"{&quot;background_background&quot;:&quot;classic&quot;}\">\n\t\t\t<div class=\"elementor-widget-wrap elementor-element-populated\">\n\t\t\t\t\t\t<div class=\"elementor-element elementor-element-3d7d1431 elementor-widget elementor-widget-image\" data-id=\"3d7d1431\" data-element_type=\"widget\" data-e-type=\"widget\" data-widget_type=\"image.default\">\n\t\t\t\t<div class=\"elementor-widget-container\">\n\t\t\t\t\t\t\t\t\t\t\t\t\t\t\t<img decoding=\"async\" width=\"334\" height=\"334\" src=\"https:\/\/musee.oceano.org\/wp-content\/uploads\/sites\/2\/2020\/08\/CORAIL-AFFICHE-334x334.jpg\" class=\"attachment-img-bloc-square size-img-bloc-square wp-image-25437\" alt=\"\" srcset=\"https:\/\/musee.oceano.org\/wp-content\/uploads\/sites\/2\/2020\/08\/CORAIL-AFFICHE-334x334.jpg 334w, https:\/\/musee.oceano.org\/wp-content\/uploads\/sites\/2\/2020\/08\/CORAIL-AFFICHE-150x150.jpg 150w, https:\/\/musee.oceano.org\/wp-content\/uploads\/sites\/2\/2020\/08\/CORAIL-AFFICHE-433x433.jpg 433w\" sizes=\"(max-width: 334px) 100vw, 334px\" \/>\t\t\t\t\t\t\t\t\t\t\t\t\t\t\t<\/div>\n\t\t\t\t<\/div>\n\t\t\t\t<div class=\"elementor-element elementor-element-6397230b elementor-widget elementor-widget-heading\" data-id=\"6397230b\" data-element_type=\"widget\" data-e-type=\"widget\" data-widget_type=\"heading.default\">\n\t\t\t\t<div class=\"elementor-widget-container\">\n\t\t\t\t\t<h2 class=\"elementor-heading-title elementor-size-default\">Das Korallendreieck ist in Gefahr  <\/h2>\t\t\t\t<\/div>\n\t\t\t\t<\/div>\n\t\t\t\t<section class=\"elementor-section elementor-inner-section elementor-element elementor-element-76e1889 elementor-section-boxed elementor-section-height-default elementor-section-height-default\" data-id=\"76e1889\" data-element_type=\"section\" data-e-type=\"section\">\n\t\t\t\t\t\t<div class=\"elementor-container elementor-column-gap-default\">\n\t\t\t\t\t<div class=\"elementor-column elementor-col-100 elementor-inner-column elementor-element elementor-element-3506f3c\" data-id=\"3506f3c\" data-element_type=\"column\" data-e-type=\"column\">\n\t\t\t<div class=\"elementor-widget-wrap elementor-element-populated\">\n\t\t\t\t\t\t<div class=\"elementor-element elementor-element-6b107a6c elementor-widget elementor-widget-text-editor\" data-id=\"6b107a6c\" data-element_type=\"widget\" data-e-type=\"widget\" data-widget_type=\"text-editor.default\">\n\t\t\t\t<div class=\"elementor-widget-container\">\n\t\t\t\t\t\t\t\t\t<p>Steigende Wassertemperaturen, Meeresspiegel und der S\u00e4uregehalt der Ozeane (Auswirkungen des Klimawandels) bedrohen Korallenriffe auf der ganzen Welt. Wissenschaftler sch\u00e4tzen, dass wir in den n\u00e4chsten 50 Jahren bis zu 70 % der Korallenriffe der Welt verlieren k\u00f6nnten. \u00dcberfischung und hochgradig zerst\u00f6rerische Fangtechniken wie Bombenfischerei und Zyanid sind f\u00fcr die Dezimierung der Fischbest\u00e4nde in einem Ausma\u00df verantwortlich, das m\u00f6glicherweise irreversibel ist. Trotz der wachsenden Bedrohungen gibt es Hoffnung. Die Riffe des Korallendreiecks haben Millionen von Jahren \u00fcberlebt, und einige Arten kommen erstaunlich gut mit den Auswirkungen des Klimawandels zurecht. Deshalb birgt das Korallendreieck Geheimnisse, die bei Wissenschaftlern Hoffnung wecken. Die gr\u00f6\u00dfte Quelle der Hoffnung f\u00fcr das Korallendreieck sind die Menschen, die so stark von ihm abh\u00e4ngen.<\/p>\n\t\t\t\t\t\t\t\t<\/div>\n\t\t\t\t<\/div>\n\t\t\t\t\t<\/div>\n\t\t<\/div>\n\t\t\t\t\t<\/div>\n\t\t<\/section>\n\t\t\t\t\t<\/div>\n\t\t<\/div>\n\t\t\t\t\t<\/div>\n\t\t<\/section>\n\t\t\t\t<section class=\"elementor-section elementor-top-section elementor-element elementor-element-7e0995f elementor-section-boxed elementor-section-height-default elementor-section-height-default\" data-id=\"7e0995f\" data-element_type=\"section\" data-e-type=\"section\">\n\t\t\t\t\t\t<div class=\"elementor-container elementor-column-gap-default\">\n\t\t\t\t\t<div class=\"elementor-column elementor-col-100 elementor-top-column elementor-element elementor-element-75f6b66\" data-id=\"75f6b66\" data-element_type=\"column\" data-e-type=\"column\">\n\t\t\t<div class=\"elementor-widget-wrap elementor-element-populated\">\n\t\t\t\t\t\t<div class=\"elementor-element elementor-element-de41c3a elementor-widget elementor-widget-heading\" data-id=\"de41c3a\" data-element_type=\"widget\" data-e-type=\"widget\" data-widget_type=\"heading.default\">\n\t\t\t\t<div class=\"elementor-widget-container\">\n\t\t\t\t\t<h2 class=\"elementor-heading-title elementor-size-default\">Zu entdecken im Treppenhaus des <i>Prinzessin-Alice-Saals<\/i>...<\/h2>\t\t\t\t<\/div>\n\t\t\t\t<\/div>\n\t\t\t\t<section class=\"elementor-section elementor-inner-section elementor-element elementor-element-5fd81a5 elementor-section-boxed elementor-section-height-default elementor-section-height-default\" data-id=\"5fd81a5\" data-element_type=\"section\" data-e-type=\"section\">\n\t\t\t\t\t\t<div class=\"elementor-container elementor-column-gap-default\">\n\t\t\t\t\t<div class=\"elementor-column elementor-col-33 elementor-inner-column elementor-element elementor-element-6d7a753\" data-id=\"6d7a753\" data-element_type=\"column\" data-e-type=\"column\">\n\t\t\t<div class=\"elementor-widget-wrap elementor-element-populated\">\n\t\t\t\t\t\t<div class=\"elementor-element elementor-element-c086933 elementor-widget elementor-widget-image\" data-id=\"c086933\" data-element_type=\"widget\" data-e-type=\"widget\" data-widget_type=\"image.default\">\n\t\t\t\t<div class=\"elementor-widget-container\">\n\t\t\t\t\t\t\t\t\t\t\t\t\t\t\t<img loading=\"lazy\" decoding=\"async\" width=\"688\" height=\"515\" src=\"https:\/\/musee.oceano.org\/wp-content\/uploads\/sites\/2\/2020\/08\/Photo-n\u00b03-688x515.jpg\" class=\"attachment-img-bloc-espace size-img-bloc-espace wp-image-25434\" alt=\"\" srcset=\"https:\/\/musee.oceano.org\/wp-content\/uploads\/sites\/2\/2020\/08\/Photo-n\u00b03-688x515.jpg 688w, https:\/\/musee.oceano.org\/wp-content\/uploads\/sites\/2\/2020\/08\/Photo-n\u00b03-216x162.jpg 216w\" sizes=\"(max-width: 688px) 100vw, 688px\" \/>\t\t\t\t\t\t\t\t\t\t\t\t\t\t\t<\/div>\n\t\t\t\t<\/div>\n\t\t\t\t<div class=\"elementor-element elementor-element-ea233e8 elementor-widget elementor-widget-text-editor\" data-id=\"ea233e8\" data-element_type=\"widget\" data-e-type=\"widget\" data-widget_type=\"text-editor.default\">\n\t\t\t\t<div class=\"elementor-widget-container\">\n\t\t\t\t\t\t\t\t\t<p>Das Team befindet sich mitten in der Transplantation. Die Korallenkolonien werden zerkleinert und dann fest mit dem Metalltr\u00e4ger verbunden. Einen Monat sp\u00e4ter haben diese Korallen dank ihres Kalkskeletts die Struktur umh\u00fcllt, um sich zu fixieren und beginnen dann ihr Wachstum in Richtung Sonne.<\/p>\n\t\t\t\t\t\t\t\t<\/div>\n\t\t\t\t<\/div>\n\t\t\t\t\t<\/div>\n\t\t<\/div>\n\t\t\t\t<div class=\"elementor-column elementor-col-33 elementor-inner-column elementor-element elementor-element-c35545e\" data-id=\"c35545e\" data-element_type=\"column\" data-e-type=\"column\">\n\t\t\t<div class=\"elementor-widget-wrap elementor-element-populated\">\n\t\t\t\t\t\t<div class=\"elementor-element elementor-element-12de429 elementor-widget elementor-widget-image\" data-id=\"12de429\" data-element_type=\"widget\" data-e-type=\"widget\" data-widget_type=\"image.default\">\n\t\t\t\t<div class=\"elementor-widget-container\">\n\t\t\t\t\t\t\t\t\t\t\t\t\t\t\t<img loading=\"lazy\" decoding=\"async\" width=\"688\" height=\"515\" src=\"https:\/\/musee.oceano.org\/wp-content\/uploads\/sites\/2\/2020\/08\/Photo-n\u00b04-688x515.jpg\" class=\"attachment-img-bloc-espace size-img-bloc-espace wp-image-25435\" alt=\"\" srcset=\"https:\/\/musee.oceano.org\/wp-content\/uploads\/sites\/2\/2020\/08\/Photo-n\u00b04-688x515.jpg 688w, https:\/\/musee.oceano.org\/wp-content\/uploads\/sites\/2\/2020\/08\/Photo-n\u00b04-216x162.jpg 216w\" sizes=\"(max-width: 688px) 100vw, 688px\" \/>\t\t\t\t\t\t\t\t\t\t\t\t\t\t\t<\/div>\n\t\t\t\t<\/div>\n\t\t\t\t<div class=\"elementor-element elementor-element-fa2ca85 elementor-widget elementor-widget-text-editor\" data-id=\"fa2ca85\" data-element_type=\"widget\" data-e-type=\"widget\" data-widget_type=\"text-editor.default\">\n\t\t\t\t<div class=\"elementor-widget-container\">\n\t\t\t\t\t\t\t\t\t<p>In diesem Fischerdorf auf der Insel ist Fisch die Hauptproteinquelle. Der durchschnittliche Verbrauch liegt bei 4 bis 5 Kilo pro Tag, um eine Familie zu ern\u00e4hren. Die verzehrten Fischarten sind gr\u00f6\u00dftenteils auf das Korallenriff angewiesen.<\/p><\/p>\n\t\t\t\t\t\t\t\t<\/div>\n\t\t\t\t<\/div>\n\t\t\t\t\t<\/div>\n\t\t<\/div>\n\t\t\t\t<div class=\"elementor-column elementor-col-33 elementor-inner-column elementor-element elementor-element-9bfa866\" data-id=\"9bfa866\" data-element_type=\"column\" data-e-type=\"column\">\n\t\t\t<div class=\"elementor-widget-wrap elementor-element-populated\">\n\t\t\t\t\t\t<div class=\"elementor-element elementor-element-86e614a elementor-widget elementor-widget-image\" data-id=\"86e614a\" data-element_type=\"widget\" data-e-type=\"widget\" data-widget_type=\"image.default\">\n\t\t\t\t<div class=\"elementor-widget-container\">\n\t\t\t\t\t\t\t\t\t\t\t\t\t\t\t<img loading=\"lazy\" decoding=\"async\" width=\"688\" height=\"515\" src=\"https:\/\/musee.oceano.org\/wp-content\/uploads\/sites\/2\/2020\/08\/Photo-n\u00b05-688x515.jpg\" class=\"attachment-img-bloc-espace size-img-bloc-espace wp-image-25436\" alt=\"\" srcset=\"https:\/\/musee.oceano.org\/wp-content\/uploads\/sites\/2\/2020\/08\/Photo-n\u00b05-688x515.jpg 688w, https:\/\/musee.oceano.org\/wp-content\/uploads\/sites\/2\/2020\/08\/Photo-n\u00b05-216x162.jpg 216w\" sizes=\"(max-width: 688px) 100vw, 688px\" \/>\t\t\t\t\t\t\t\t\t\t\t\t\t\t\t<\/div>\n\t\t\t\t<\/div>\n\t\t\t\t<div class=\"elementor-element elementor-element-96324a3 elementor-widget elementor-widget-text-editor\" data-id=\"96324a3\" data-element_type=\"widget\" data-e-type=\"widget\" data-widget_type=\"text-editor.default\">\n\t\t\t\t<div class=\"elementor-widget-container\">\n\t\t\t\t\t\t\t\t\t<p>Die Entwicklung eines Gebietes, das in nur drei Jahren restauriert wurde. Dies ist ein perfektes Beispiel f\u00fcr die R\u00fcckkehr des Korallenriffs in ein Gebiet, in dem der Boden st\u00e4ndig in Bewegung ist. Diese Strukturen bieten eine solide Unterst\u00fctzung f\u00fcr transplantierte Kolonien. Die Umweltbedingungen sind g\u00fcnstig f\u00fcr die R\u00fcckkehr des Lebens.<\/p>\n\t\t\t\t\t\t\t\t<\/div>\n\t\t\t\t<\/div>\n\t\t\t\t\t<\/div>\n\t\t<\/div>\n\t\t\t\t\t<\/div>\n\t\t<\/section>\n\t\t\t\t\t<\/div>\n\t\t<\/div>\n\t\t\t\t\t<\/div>\n\t\t<\/section>\n\t\t\t\t<section class=\"elementor-section elementor-top-section elementor-element elementor-element-359e2f9d elementor-section-full_width elementor-section-height-default elementor-section-height-default\" data-id=\"359e2f9d\" data-element_type=\"section\" data-e-type=\"section\">\n\t\t\t\t\t\t<div class=\"elementor-container elementor-column-gap-default\">\n\t\t\t\t\t<div class=\"elementor-column elementor-col-100 elementor-top-column elementor-element elementor-element-ffd83fb\" data-id=\"ffd83fb\" data-element_type=\"column\" data-e-type=\"column\">\n\t\t\t<div class=\"elementor-widget-wrap elementor-element-populated\">\n\t\t\t\t\t\t<div class=\"elementor-element elementor-element-227993e4 elementor-widget elementor-widget-heading\" data-id=\"227993e4\" data-element_type=\"widget\" data-e-type=\"widget\" data-widget_type=\"heading.default\">\n\t\t\t\t<div class=\"elementor-widget-container\">\n\t\t\t\t\t<h2 class=\"elementor-heading-title elementor-size-default\">auch zu diesem Thema entdeckt werden<\/h2>\t\t\t\t<\/div>\n\t\t\t\t<\/div>\n\t\t\t\t\t<\/div>\n\t\t<\/div>\n\t\t\t\t\t<\/div>\n\t\t<\/section>\n\t\t\t\t<section class=\"elementor-section elementor-top-section elementor-element elementor-element-6e53d85 elementor-section-boxed elementor-section-height-default elementor-section-height-default\" data-id=\"6e53d85\" data-element_type=\"section\" data-e-type=\"section\" data-settings=\"{&quot;background_background&quot;:&quot;classic&quot;}\">\n\t\t\t\t\t\t<div class=\"elementor-container elementor-column-gap-default\">\n\t\t\t\t\t<div class=\"elementor-column elementor-col-33 elementor-top-column elementor-element elementor-element-56751ea5 animated-slow elementor-invisible\" data-id=\"56751ea5\" data-element_type=\"column\" data-e-type=\"column\" data-settings=\"{&quot;animation&quot;:&quot;fadeInUp&quot;}\">\n\t\t\t<div class=\"elementor-widget-wrap elementor-element-populated\">\n\t\t\t\t\t\t<div class=\"elementor-element elementor-element-211d51b4 elementor-zoom elementor-widget elementor-widget-image\" data-id=\"211d51b4\" data-element_type=\"widget\" data-e-type=\"widget\" data-widget_type=\"image.default\">\n\t\t\t\t<div class=\"elementor-widget-container\">\n\t\t\t\t\t\t\t\t\t\t\t\t\t\t\t<img loading=\"lazy\" decoding=\"async\" width=\"334\" height=\"334\" src=\"https:\/\/musee.oceano.org\/wp-content\/uploads\/sites\/2\/2020\/06\/Immersion-light-334x334.jpg\" class=\"attachment-img-bloc-square size-img-bloc-square wp-image-25473\" alt=\"\" srcset=\"https:\/\/musee.oceano.org\/wp-content\/uploads\/sites\/2\/2020\/06\/Immersion-light-334x334.jpg 334w, https:\/\/musee.oceano.org\/wp-content\/uploads\/sites\/2\/2020\/06\/Immersion-light-150x150.jpg 150w, https:\/\/musee.oceano.org\/wp-content\/uploads\/sites\/2\/2020\/06\/Immersion-light-433x433.jpg 433w\" sizes=\"(max-width: 334px) 100vw, 334px\" \/>\t\t\t\t\t\t\t\t\t\t\t\t\t\t\t<\/div>\n\t\t\t\t<\/div>\n\t\t\t\t<div class=\"elementor-element elementor-element-377edaa4 elementor-align-center elementor-widget elementor-widget-button\" data-id=\"377edaa4\" data-element_type=\"widget\" data-e-type=\"widget\" data-widget_type=\"button.default\">\n\t\t\t\t<div class=\"elementor-widget-container\">\n\t\t\t\t\t\t\t\t\t<div class=\"elementor-button-wrapper\">\n\t\t\t\t\t<a class=\"elementor-button elementor-button-link elementor-size-md\" href=\"https:\/\/musee.oceano.org\/it\/esposizioni\/mostra-immersione\/\">\n\t\t\t\t\t\t<span class=\"elementor-button-content-wrapper\">\n\t\t\t\t\t\t\t\t\t<span class=\"elementor-button-text\">Tauchen am Great Barrier Reef im Ozeanographischen Museum<\/span>\n\t\t\t\t\t<\/span>\n\t\t\t\t\t<\/a>\n\t\t\t\t<\/div>\n\t\t\t\t\t\t\t\t<\/div>\n\t\t\t\t<\/div>\n\t\t\t\t\t<\/div>\n\t\t<\/div>\n\t\t\t\t<div class=\"elementor-column elementor-col-33 elementor-top-column elementor-element elementor-element-744d1922 animated-slow elementor-invisible\" data-id=\"744d1922\" data-element_type=\"column\" data-e-type=\"column\" data-settings=\"{&quot;animation&quot;:&quot;fadeInUp&quot;}\">\n\t\t\t<div class=\"elementor-widget-wrap elementor-element-populated\">\n\t\t\t\t\t\t<div class=\"elementor-element elementor-element-6f10a8c4 elementor-zoom elementor-widget elementor-widget-image\" data-id=\"6f10a8c4\" data-element_type=\"widget\" data-e-type=\"widget\" data-widget_type=\"image.default\">\n\t\t\t\t<div class=\"elementor-widget-container\">\n\t\t\t\t\t\t\t\t\t\t\t\t\t\t\t<img loading=\"lazy\" decoding=\"async\" width=\"334\" height=\"334\" src=\"https:\/\/musee.oceano.org\/wp-content\/uploads\/sites\/2\/2020\/06\/corail-vue-du-dessus-334x334.jpg\" class=\"attachment-img-bloc-square size-img-bloc-square wp-image-25453\" alt=\"\" srcset=\"https:\/\/musee.oceano.org\/wp-content\/uploads\/sites\/2\/2020\/06\/corail-vue-du-dessus-334x334.jpg 334w, https:\/\/musee.oceano.org\/wp-content\/uploads\/sites\/2\/2020\/06\/corail-vue-du-dessus-150x150.jpg 150w, https:\/\/musee.oceano.org\/wp-content\/uploads\/sites\/2\/2020\/06\/corail-vue-du-dessus-433x433.jpg 433w\" sizes=\"(max-width: 334px) 100vw, 334px\" \/>\t\t\t\t\t\t\t\t\t\t\t\t\t\t\t<\/div>\n\t\t\t\t<\/div>\n\t\t\t\t<div class=\"elementor-element elementor-element-49c6b5c1 elementor-align-center elementor-widget elementor-widget-button\" data-id=\"49c6b5c1\" data-element_type=\"widget\" data-e-type=\"widget\" data-widget_type=\"button.default\">\n\t\t\t\t<div class=\"elementor-widget-container\">\n\t\t\t\t\t\t\t\t\t<div class=\"elementor-button-wrapper\">\n\t\t\t\t\t<a class=\"elementor-button elementor-button-link elementor-size-md\" href=\"https:\/\/www.oceano.org\/les-pages-thematiques\/corail\/\">\n\t\t\t\t\t\t<span class=\"elementor-button-content-wrapper\">\n\t\t\t\t\t\t\t\t\t<span class=\"elementor-button-text\">Alles \u00fcber Korallen: der thematische Schwerpunkt des Instituts<\/span>\n\t\t\t\t\t<\/span>\n\t\t\t\t\t<\/a>\n\t\t\t\t<\/div>\n\t\t\t\t\t\t\t\t<\/div>\n\t\t\t\t<\/div>\n\t\t\t\t\t<\/div>\n\t\t<\/div>\n\t\t\t\t<div class=\"elementor-column elementor-col-33 elementor-top-column elementor-element elementor-element-301319d3 animated-slow elementor-invisible\" data-id=\"301319d3\" data-element_type=\"column\" data-e-type=\"column\" data-settings=\"{&quot;animation&quot;:&quot;fadeInUp&quot;}\">\n\t\t\t<div class=\"elementor-widget-wrap elementor-element-populated\">\n\t\t\t\t\t\t<div class=\"elementor-element elementor-element-35e7c50d elementor-zoom elementor-widget elementor-widget-image\" data-id=\"35e7c50d\" data-element_type=\"widget\" data-e-type=\"widget\" data-widget_type=\"image.default\">\n\t\t\t\t<div class=\"elementor-widget-container\">\n\t\t\t\t\t\t\t\t\t\t\t\t\t\t\t<img loading=\"lazy\" decoding=\"async\" width=\"334\" height=\"334\" src=\"https:\/\/musee.oceano.org\/wp-content\/uploads\/sites\/2\/2020\/02\/2020-Couverture-CORAIL-FR-Gl\u00e9nat-334x334.jpg\" class=\"attachment-img-bloc-square size-img-bloc-square wp-image-14351\" alt=\"\" srcset=\"https:\/\/musee.oceano.org\/wp-content\/uploads\/sites\/2\/2020\/02\/2020-Couverture-CORAIL-FR-Gl\u00e9nat-334x334.jpg 334w, https:\/\/musee.oceano.org\/wp-content\/uploads\/sites\/2\/2020\/02\/2020-Couverture-CORAIL-FR-Gl\u00e9nat-150x150.jpg 150w, https:\/\/musee.oceano.org\/wp-content\/uploads\/sites\/2\/2020\/02\/2020-Couverture-CORAIL-FR-Gl\u00e9nat-433x433.jpg 433w\" sizes=\"(max-width: 334px) 100vw, 334px\" \/>\t\t\t\t\t\t\t\t\t\t\t\t\t\t\t<\/div>\n\t\t\t\t<\/div>\n\t\t\t\t<div class=\"elementor-element elementor-element-63a6ca29 elementor-align-center elementor-widget elementor-widget-button\" data-id=\"63a6ca29\" data-element_type=\"widget\" data-e-type=\"widget\" data-widget_type=\"button.default\">\n\t\t\t\t<div class=\"elementor-widget-container\">\n\t\t\t\t\t\t\t\t\t<div class=\"elementor-button-wrapper\">\n\t\t\t\t\t<a class=\"elementor-button elementor-button-link elementor-size-md\" href=\"https:\/\/www.oceano.org\/editions\/#corail\">\n\t\t\t\t\t\t<span class=\"elementor-button-content-wrapper\">\n\t\t\t\t\t\t\t\t\t<span class=\"elementor-button-text\">Entdecken Sie unser Buch, das der Koralle und ihrer Erhaltung gewidmet ist<\/span>\n\t\t\t\t\t<\/span>\n\t\t\t\t\t<\/a>\n\t\t\t\t<\/div>\n\t\t\t\t\t\t\t\t<\/div>\n\t\t\t\t<\/div>\n\t\t\t\t\t<\/div>\n\t\t<\/div>\n\t\t\t\t\t<\/div>\n\t\t<\/section>\n\t\t\t\t<\/div>\n\t\t","protected":false},"excerpt":{"rendered":"<p>CORAIL&#8220;, die Fotoausstellung von Martin Colognoli, Mitbegr\u00fcnder und wissenschaftlicher Leiter des Vereins Coral Guardian, ist eine Etappe des &#8222;Korallen-Themenrundgangs&#8220;, der die Besucher einl\u00e4dt, die Geheimnisse dieses faszinierenden Tieres zu entdecken.  <\/p>\n","protected":false},"featured_media":25437,"parent":0,"template":"","meta":{"_acf_changed":false,"footnotes":""},"etatexpositions":[335],"class_list":["post-25430","expositions","type-expositions","status-publish","has-post-thumbnail","hentry","etatexpositions-vergangene"],"acf":[],"yoast_head":"<!-- This site is optimized with the Yoast SEO plugin v27.2 - https:\/\/yoast.com\/product\/yoast-seo-wordpress\/ -->\n<title>Coral Guardian Fotoausstellung - Mus\u00e9e Oc\u00e9anographique de Monaco<\/title>\n<meta name=\"robots\" content=\"index, follow, max-snippet:-1, max-image-preview:large, max-video-preview:-1\" \/>\n<link rel=\"canonical\" href=\"https:\/\/musee.oceano.org\/de\/ausstellungen\/coral-guardian-fotoausstellung\/\" \/>\n<meta property=\"og:locale\" content=\"de_DE\" \/>\n<meta property=\"og:type\" content=\"article\" \/>\n<meta property=\"og:title\" content=\"Coral Guardian Fotoausstellung - Mus\u00e9e Oc\u00e9anographique de Monaco\" \/>\n<meta property=\"og:description\" content=\"CORAIL&quot;, die Fotoausstellung von Martin Colognoli, Mitbegr\u00fcnder und wissenschaftlicher Leiter des Vereins Coral Guardian, ist eine Etappe des &quot;Korallen-Themenrundgangs&quot;, der die Besucher einl\u00e4dt, die Geheimnisse dieses faszinierenden Tieres zu entdecken.\" \/>\n<meta property=\"og:url\" content=\"https:\/\/musee.oceano.org\/de\/ausstellungen\/coral-guardian-fotoausstellung\/\" \/>\n<meta property=\"og:site_name\" content=\"Mus\u00e9e Oc\u00e9anographique de Monaco\" \/>\n<meta property=\"article:modified_time\" content=\"2021-07-13T07:40:39+00:00\" \/>\n<meta property=\"og:image\" content=\"https:\/\/musee.oceano.org\/wp-content\/uploads\/sites\/2\/2020\/08\/CORAIL-AFFICHE.jpg\" \/>\n\t<meta property=\"og:image:width\" content=\"1112\" \/>\n\t<meta property=\"og:image:height\" content=\"1097\" \/>\n\t<meta property=\"og:image:type\" content=\"image\/jpeg\" \/>\n<meta name=\"twitter:card\" content=\"summary_large_image\" \/>\n<meta name=\"twitter:label1\" content=\"Gesch\u00e4tzte Lesezeit\" \/>\n\t<meta name=\"twitter:data1\" content=\"5\u00a0Minuten\" \/>\n<script type=\"application\/ld+json\" class=\"yoast-schema-graph\">{\"@context\":\"https:\/\/schema.org\",\"@graph\":[{\"@type\":\"WebPage\",\"@id\":\"https:\/\/musee.oceano.org\/de\/ausstellungen\/coral-guardian-fotoausstellung\/\",\"url\":\"https:\/\/musee.oceano.org\/de\/ausstellungen\/coral-guardian-fotoausstellung\/\",\"name\":\"Coral Guardian Fotoausstellung - Mus\u00e9e Oc\u00e9anographique de Monaco\",\"isPartOf\":{\"@id\":\"https:\/\/musee.oceano.org\/#website\"},\"primaryImageOfPage\":{\"@id\":\"https:\/\/musee.oceano.org\/de\/ausstellungen\/coral-guardian-fotoausstellung\/#primaryimage\"},\"image\":{\"@id\":\"https:\/\/musee.oceano.org\/de\/ausstellungen\/coral-guardian-fotoausstellung\/#primaryimage\"},\"thumbnailUrl\":\"https:\/\/musee.oceano.org\/wp-content\/uploads\/sites\/2\/2020\/08\/CORAIL-AFFICHE.jpg\",\"datePublished\":\"2021-06-25T14:08:55+00:00\",\"dateModified\":\"2021-07-13T07:40:39+00:00\",\"breadcrumb\":{\"@id\":\"https:\/\/musee.oceano.org\/de\/ausstellungen\/coral-guardian-fotoausstellung\/#breadcrumb\"},\"inLanguage\":\"de\",\"potentialAction\":[{\"@type\":\"ReadAction\",\"target\":[\"https:\/\/musee.oceano.org\/de\/ausstellungen\/coral-guardian-fotoausstellung\/\"]}]},{\"@type\":\"ImageObject\",\"inLanguage\":\"de\",\"@id\":\"https:\/\/musee.oceano.org\/de\/ausstellungen\/coral-guardian-fotoausstellung\/#primaryimage\",\"url\":\"https:\/\/musee.oceano.org\/wp-content\/uploads\/sites\/2\/2020\/08\/CORAIL-AFFICHE.jpg\",\"contentUrl\":\"https:\/\/musee.oceano.org\/wp-content\/uploads\/sites\/2\/2020\/08\/CORAIL-AFFICHE.jpg\",\"width\":1112,\"height\":1097,\"caption\":\"MARTIN COLOGNOLI - CORAL GUARDIAN\"},{\"@type\":\"BreadcrumbList\",\"@id\":\"https:\/\/musee.oceano.org\/de\/ausstellungen\/coral-guardian-fotoausstellung\/#breadcrumb\",\"itemListElement\":[{\"@type\":\"ListItem\",\"position\":1,\"name\":\"Home\",\"item\":\"https:\/\/musee.oceano.org\/de\/\"},{\"@type\":\"ListItem\",\"position\":2,\"name\":\"Tentoonstellingen\",\"item\":\"https:\/\/musee.oceano.org\/nl\/tentoonstellingen\/\"},{\"@type\":\"ListItem\",\"position\":3,\"name\":\"Coral Guardian Fotoausstellung\"}]},{\"@type\":\"WebSite\",\"@id\":\"https:\/\/musee.oceano.org\/#website\",\"url\":\"https:\/\/musee.oceano.org\/\",\"name\":\"Mus\u00e9e Oc\u00e9anographique de Monaco\",\"description\":\"Faire conna\u00eetre, aimer et prot\u00e9ger les oc\u00e9ans\",\"potentialAction\":[{\"@type\":\"SearchAction\",\"target\":{\"@type\":\"EntryPoint\",\"urlTemplate\":\"https:\/\/musee.oceano.org\/?s={search_term_string}\"},\"query-input\":{\"@type\":\"PropertyValueSpecification\",\"valueRequired\":true,\"valueName\":\"search_term_string\"}}],\"inLanguage\":\"de\"}]}<\/script>\n<!-- \/ Yoast SEO plugin. -->","yoast_head_json":{"title":"Coral Guardian Fotoausstellung - Mus\u00e9e Oc\u00e9anographique de Monaco","robots":{"index":"index","follow":"follow","max-snippet":"max-snippet:-1","max-image-preview":"max-image-preview:large","max-video-preview":"max-video-preview:-1"},"canonical":"https:\/\/musee.oceano.org\/de\/ausstellungen\/coral-guardian-fotoausstellung\/","og_locale":"de_DE","og_type":"article","og_title":"Coral Guardian Fotoausstellung - Mus\u00e9e Oc\u00e9anographique de Monaco","og_description":"CORAIL\", die Fotoausstellung von Martin Colognoli, Mitbegr\u00fcnder und wissenschaftlicher Leiter des Vereins Coral Guardian, ist eine Etappe des \"Korallen-Themenrundgangs\", der die Besucher einl\u00e4dt, die Geheimnisse dieses faszinierenden Tieres zu entdecken.","og_url":"https:\/\/musee.oceano.org\/de\/ausstellungen\/coral-guardian-fotoausstellung\/","og_site_name":"Mus\u00e9e Oc\u00e9anographique de Monaco","article_modified_time":"2021-07-13T07:40:39+00:00","og_image":[{"width":1112,"height":1097,"url":"https:\/\/musee.oceano.org\/wp-content\/uploads\/sites\/2\/2020\/08\/CORAIL-AFFICHE.jpg","type":"image\/jpeg"}],"twitter_card":"summary_large_image","twitter_misc":{"Gesch\u00e4tzte Lesezeit":"5\u00a0Minuten"},"schema":{"@context":"https:\/\/schema.org","@graph":[{"@type":"WebPage","@id":"https:\/\/musee.oceano.org\/de\/ausstellungen\/coral-guardian-fotoausstellung\/","url":"https:\/\/musee.oceano.org\/de\/ausstellungen\/coral-guardian-fotoausstellung\/","name":"Coral Guardian Fotoausstellung - Mus\u00e9e Oc\u00e9anographique de Monaco","isPartOf":{"@id":"https:\/\/musee.oceano.org\/#website"},"primaryImageOfPage":{"@id":"https:\/\/musee.oceano.org\/de\/ausstellungen\/coral-guardian-fotoausstellung\/#primaryimage"},"image":{"@id":"https:\/\/musee.oceano.org\/de\/ausstellungen\/coral-guardian-fotoausstellung\/#primaryimage"},"thumbnailUrl":"https:\/\/musee.oceano.org\/wp-content\/uploads\/sites\/2\/2020\/08\/CORAIL-AFFICHE.jpg","datePublished":"2021-06-25T14:08:55+00:00","dateModified":"2021-07-13T07:40:39+00:00","breadcrumb":{"@id":"https:\/\/musee.oceano.org\/de\/ausstellungen\/coral-guardian-fotoausstellung\/#breadcrumb"},"inLanguage":"de","potentialAction":[{"@type":"ReadAction","target":["https:\/\/musee.oceano.org\/de\/ausstellungen\/coral-guardian-fotoausstellung\/"]}]},{"@type":"ImageObject","inLanguage":"de","@id":"https:\/\/musee.oceano.org\/de\/ausstellungen\/coral-guardian-fotoausstellung\/#primaryimage","url":"https:\/\/musee.oceano.org\/wp-content\/uploads\/sites\/2\/2020\/08\/CORAIL-AFFICHE.jpg","contentUrl":"https:\/\/musee.oceano.org\/wp-content\/uploads\/sites\/2\/2020\/08\/CORAIL-AFFICHE.jpg","width":1112,"height":1097,"caption":"MARTIN COLOGNOLI - CORAL GUARDIAN"},{"@type":"BreadcrumbList","@id":"https:\/\/musee.oceano.org\/de\/ausstellungen\/coral-guardian-fotoausstellung\/#breadcrumb","itemListElement":[{"@type":"ListItem","position":1,"name":"Home","item":"https:\/\/musee.oceano.org\/de\/"},{"@type":"ListItem","position":2,"name":"Tentoonstellingen","item":"https:\/\/musee.oceano.org\/nl\/tentoonstellingen\/"},{"@type":"ListItem","position":3,"name":"Coral Guardian Fotoausstellung"}]},{"@type":"WebSite","@id":"https:\/\/musee.oceano.org\/#website","url":"https:\/\/musee.oceano.org\/","name":"Mus\u00e9e Oc\u00e9anographique de Monaco","description":"Faire conna\u00eetre, aimer et prot\u00e9ger les oc\u00e9ans","potentialAction":[{"@type":"SearchAction","target":{"@type":"EntryPoint","urlTemplate":"https:\/\/musee.oceano.org\/?s={search_term_string}"},"query-input":{"@type":"PropertyValueSpecification","valueRequired":true,"valueName":"search_term_string"}}],"inLanguage":"de"}]}},"_links":{"self":[{"href":"https:\/\/musee.oceano.org\/de\/wp-json\/wp\/v2\/expositions\/25430","targetHints":{"allow":["GET"]}}],"collection":[{"href":"https:\/\/musee.oceano.org\/de\/wp-json\/wp\/v2\/expositions"}],"about":[{"href":"https:\/\/musee.oceano.org\/de\/wp-json\/wp\/v2\/types\/expositions"}],"version-history":[{"count":10,"href":"https:\/\/musee.oceano.org\/de\/wp-json\/wp\/v2\/expositions\/25430\/revisions"}],"predecessor-version":[{"id":32323,"href":"https:\/\/musee.oceano.org\/de\/wp-json\/wp\/v2\/expositions\/25430\/revisions\/32323"}],"wp:featuredmedia":[{"embeddable":true,"href":"https:\/\/musee.oceano.org\/de\/wp-json\/wp\/v2\/media\/25437"}],"wp:attachment":[{"href":"https:\/\/musee.oceano.org\/de\/wp-json\/wp\/v2\/media?parent=25430"}],"wp:term":[{"taxonomy":"etatexpositions","embeddable":true,"href":"https:\/\/musee.oceano.org\/de\/wp-json\/wp\/v2\/etatexpositions?post=25430"}],"curies":[{"name":"wp","href":"https:\/\/api.w.org\/{rel}","templated":true}]}}