{"id":25503,"date":"2021-06-25T16:09:10","date_gmt":"2021-06-25T14:09:10","guid":{"rendered":"https:\/\/musee.oceano.org\/expositions\/im-herzen-der-arktis\/"},"modified":"2021-07-13T09:46:30","modified_gmt":"2021-07-13T07:46:30","slug":"im-herzen-der-arktis","status":"publish","type":"expositions","link":"https:\/\/musee.oceano.org\/de\/ausstellungen\/im-herzen-der-arktis\/","title":{"rendered":"Im Herzen der Arktis"},"content":{"rendered":"\t\t<div data-elementor-type=\"wp-post\" data-elementor-id=\"25503\" class=\"elementor elementor-25503 elementor-13914\" data-elementor-post-type=\"expositions\">\n\t\t\t\t\t\t<section class=\"elementor-section elementor-top-section elementor-element elementor-element-1ab6b2e0 elementor-section-full_width elementor-section-height-default elementor-section-height-default\" data-id=\"1ab6b2e0\" data-element_type=\"section\" data-e-type=\"section\">\n\t\t\t\t\t\t<div class=\"elementor-container elementor-column-gap-no\">\n\t\t\t\t\t<div class=\"elementor-column elementor-col-100 elementor-top-column elementor-element elementor-element-23963ce3\" data-id=\"23963ce3\" data-element_type=\"column\" data-e-type=\"column\">\n\t\t\t<div class=\"elementor-widget-wrap elementor-element-populated\">\n\t\t\t\t\t\t<div class=\"elementor-element elementor-element-3ea0c52e elementor--h-position-center elementor--v-position-middle elementor-widget elementor-widget-slides\" data-id=\"3ea0c52e\" data-element_type=\"widget\" data-e-type=\"widget\" data-settings=\"{&quot;navigation&quot;:&quot;none&quot;,&quot;transition&quot;:&quot;slide&quot;,&quot;transition_speed&quot;:500}\" data-widget_type=\"slides.default\">\n\t\t\t\t<div class=\"elementor-widget-container\">\n\t\t\t\t\t\t\t\t\t<div class=\"elementor-swiper\">\n\t\t\t\t\t<div class=\"elementor-slides-wrapper elementor-main-swiper swiper\" role=\"region\" aria-roledescription=\"carousel\" aria-label=\"Slider\" dir=\"ltr\" data-animation=\"fadeInUp\">\n\t\t\t\t<div class=\"swiper-wrapper elementor-slides\">\n\t\t\t\t\t\t\t\t\t\t<div class=\"elementor-repeater-item-891be05 swiper-slide\" role=\"group\" aria-roledescription=\"slide\"><div class=\"swiper-slide-bg elementor-ken-burns elementor-ken-burns--in\" role=\"img\" aria-label=\"03-TrepanierAlong-The-Ice2015.jpg\"><\/div><div class=\"elementor-background-overlay\"><\/div><div class=\"swiper-slide-inner\" ><div class=\"swiper-slide-contents\"><h1 class=\"elementor-slide-heading\">IM HERZEN DER ARKTIS<\/h1><div class=\"elementor-slide-description\"><p>CORY TREPANIER - Ozeanographisches Museum  <br \/>1. M\u00e4rz\/30. April<\/p>\n<\/div><\/div><\/div><\/div>\t\t\t\t<\/div>\n\t\t\t\t\t\t\t<\/div>\n\t\t\t\t<\/div>\n\t\t\t\t\t\t\t\t<\/div>\n\t\t\t\t<\/div>\n\t\t\t\t\t<\/div>\n\t\t<\/div>\n\t\t\t\t\t<\/div>\n\t\t<\/section>\n\t\t\t\t<section class=\"elementor-section elementor-top-section elementor-element elementor-element-6517a1ba elementor-section-full_width elementor-section-height-default elementor-section-height-default\" data-id=\"6517a1ba\" data-element_type=\"section\" data-e-type=\"section\">\n\t\t\t\t\t\t<div class=\"elementor-container elementor-column-gap-default\">\n\t\t\t\t\t<div class=\"elementor-column elementor-col-100 elementor-top-column elementor-element elementor-element-2eb1e1c5\" data-id=\"2eb1e1c5\" data-element_type=\"column\" data-e-type=\"column\">\n\t\t\t<div class=\"elementor-widget-wrap elementor-element-populated\">\n\t\t\t\t\t\t<div class=\"elementor-element elementor-element-34f6051e elementor-widget elementor-widget-ee-breadcrumbs\" data-id=\"34f6051e\" data-element_type=\"widget\" data-e-type=\"widget\" data-widget_type=\"ee-breadcrumbs.default\">\n\t\t\t\t<div class=\"elementor-widget-container\">\n\t\t\t\t\t<ul class=\"ee-breadcrumbs\" itemscope=\"\" itemtype=\"http:\/\/schema.org\/BreadcrumbList\"><\/ul>\t\t\t\t<\/div>\n\t\t\t\t<\/div>\n\t\t\t\t\t<\/div>\n\t\t<\/div>\n\t\t\t\t\t<\/div>\n\t\t<\/section>\n\t\t\t\t<section class=\"elementor-section elementor-top-section elementor-element elementor-element-331264b6 bloc-small-imgr elementor-section-boxed elementor-section-height-default elementor-section-height-default\" data-id=\"331264b6\" data-element_type=\"section\" data-e-type=\"section\" data-settings=\"{&quot;background_background&quot;:&quot;classic&quot;}\">\n\t\t\t\t\t\t<div class=\"elementor-container elementor-column-gap-default\">\n\t\t\t\t\t<div class=\"elementor-column elementor-col-50 elementor-top-column elementor-element elementor-element-691c01e1\" data-id=\"691c01e1\" data-element_type=\"column\" data-e-type=\"column\" data-settings=\"{&quot;background_background&quot;:&quot;classic&quot;}\">\n\t\t\t<div class=\"elementor-widget-wrap elementor-element-populated\">\n\t\t\t\t\t\t<div class=\"elementor-element elementor-element-6f4be1bb elementor-widget elementor-widget-heading\" data-id=\"6f4be1bb\" data-element_type=\"widget\" data-e-type=\"widget\" data-widget_type=\"heading.default\">\n\t\t\t\t<div class=\"elementor-widget-container\">\n\t\t\t\t\t<h2 class=\"elementor-heading-title elementor-size-default\">Ab 1. M\u00e4rz 2020 wird TRAVEL...<br>  \"IM HERZEN DER ARKTIS\"<\/h2>\t\t\t\t<\/div>\n\t\t\t\t<\/div>\n\t\t\t\t<div class=\"elementor-element elementor-element-712ef21 elementor-widget elementor-widget-text-editor\" data-id=\"712ef21\" data-element_type=\"widget\" data-e-type=\"widget\" data-widget_type=\"text-editor.default\">\n\t\t\t\t<div class=\"elementor-widget-container\">\n\t\t\t\t\t\t\t\t\t<p>Vom 1. M\u00e4rz bis zum 30. April zeigt das Ozeanographische Museum von Monaco AU COEUR DE L&#8217;ARCTIQUE, eine Ausstellung des kanadischen K\u00fcnstlers Cory Tr\u00e9panier, die mit Unterst\u00fctzung der Stiftung F\u00fcrst Albert II. von Monaco pr\u00e4sentiert wird. Diese Tour wird von David J. Wagner, L.L.C. produziert.<\/p>\n<p>Bewaffnet mit Ausdauer und einer unerm\u00fcdlichen Leidenschaft hat er \u00fcber 100 \u00d6lgem\u00e4lde gemalt und drei Dokumentarfilme w\u00e4hrend seiner Expeditionen gedreht.  <\/p>\n<p>Getragen von der Kunst und einer starken Vision zu einigen der wildesten und sich am meisten ver\u00e4ndernden Orte auf dem Planeten, dr\u00e4ngt uns der K\u00fcnstler, bewusst zu sein: &#8220;  <i>Jetzt ist es an der Zeit, diese kritische Botschaft zu h\u00f6ren. M\u00f6ge diese Sammlung Sie ermutigen, die Entscheidungen von heute im Hinblick auf ein ungewisses Morgen sorgf\u00e4ltig zu \u00fcberdenken.<\/i>  \u00bb<\/p>\n\t\t\t\t\t\t\t\t<\/div>\n\t\t\t\t<\/div>\n\t\t\t\t\t<\/div>\n\t\t<\/div>\n\t\t\t\t<div class=\"elementor-column elementor-col-50 elementor-top-column elementor-element elementor-element-16d09bd5\" data-id=\"16d09bd5\" data-element_type=\"column\" data-e-type=\"column\">\n\t\t\t<div class=\"elementor-widget-wrap elementor-element-populated\">\n\t\t\t\t\t\t<div class=\"elementor-element elementor-element-1dadcfea elementor-zoom elementor-widget elementor-widget-image\" data-id=\"1dadcfea\" data-element_type=\"widget\" data-e-type=\"widget\" data-widget_type=\"image.default\">\n\t\t\t\t<div class=\"elementor-widget-container\">\n\t\t\t\t\t\t\t\t\t\t\t\t\t\t\t<img fetchpriority=\"high\" decoding=\"async\" width=\"334\" height=\"445\" src=\"https:\/\/musee.oceano.org\/wp-content\/uploads\/sites\/2\/2020\/02\/TRAV-01-TrepanierITA32015Artist-Headshot.-Photo-by-Jeff-Topham.jpg\" class=\"attachment-medium_large size-medium_large wp-image-25504\" alt=\"\" srcset=\"https:\/\/musee.oceano.org\/wp-content\/uploads\/sites\/2\/2020\/02\/TRAV-01-TrepanierITA32015Artist-Headshot.-Photo-by-Jeff-Topham.jpg 334w, https:\/\/musee.oceano.org\/wp-content\/uploads\/sites\/2\/2020\/02\/TRAV-01-TrepanierITA32015Artist-Headshot.-Photo-by-Jeff-Topham-225x300.jpg 225w, https:\/\/musee.oceano.org\/wp-content\/uploads\/sites\/2\/2020\/02\/TRAV-01-TrepanierITA32015Artist-Headshot.-Photo-by-Jeff-Topham-452x602.jpg 452w\" sizes=\"(max-width: 334px) 100vw, 334px\" \/>\t\t\t\t\t\t\t\t\t\t\t\t\t\t\t<\/div>\n\t\t\t\t<\/div>\n\t\t\t\t\t<\/div>\n\t\t<\/div>\n\t\t\t\t\t<\/div>\n\t\t<\/section>\n\t\t\t\t<section class=\"elementor-section elementor-top-section elementor-element elementor-element-6a459c0 elementor-section-boxed elementor-section-height-default elementor-section-height-default\" data-id=\"6a459c0\" data-element_type=\"section\" data-e-type=\"section\">\n\t\t\t\t\t\t<div class=\"elementor-container elementor-column-gap-default\">\n\t\t\t\t\t<div class=\"elementor-column elementor-col-100 elementor-top-column elementor-element elementor-element-15a735a\" data-id=\"15a735a\" data-element_type=\"column\" data-e-type=\"column\">\n\t\t\t<div class=\"elementor-widget-wrap elementor-element-populated\">\n\t\t\t\t\t\t<div class=\"elementor-element elementor-element-ae8a39a elementor-blockquote--skin-quotation elementor-blockquote--align-left elementor-widget elementor-widget-blockquote\" data-id=\"ae8a39a\" data-element_type=\"widget\" data-e-type=\"widget\" data-widget_type=\"blockquote.default\">\n\t\t\t\t<div class=\"elementor-widget-container\">\n\t\t\t\t\t\t\t<blockquote class=\"elementor-blockquote\">\n\t\t\t<p class=\"elementor-blockquote__content\">\n\t\t\t\t\u00ab<b>&nbsp;Wir haben keine andere Wahl, als das arktische Eis zu sch\u00fctzen, damit es weiterhin als Temperaturregler f\u00fcr den Planeten fungieren kann, um den katastrophalen Anstieg des Meeresspiegels zu verhindern, der aus dem Schmelzen des Eises resultieren w\u00fcrde, und um zu verhindern, dass durch das Verschwinden des Permafrosts irreversible Mengen an Treibhausgasen in die Atmosph\u00e4re gelangen. Es ist unsere Pflicht uns selbst und der gesamten Menschheit gegen\u00fcber - nat\u00fcrlich unseren Kindern gegen\u00fcber, aber auch denen gegen\u00fcber, die bereits unter den dramatischen Auswirkungen dieser Entwicklungen leiden.<\/b>&nbsp;\u00bb  \n\t\t\t<\/p>\n\t\t\t\t\t\t\t<div class=\"e-q-footer\">\n\t\t\t\t\t\t\t\t\t\t\t<cite class=\"elementor-blockquote__author\">S.A.S Prince Albert II de Monaco<\/span><span style=\"font-size: 1.1em;text-align: right;letter-spacing: 0.16px\"><\/span><\/div><\/cite>\n\t\t\t\t\t\t\t\t\t\t\t\t\t\t<\/div>\n\t\t\t\t\t<\/blockquote>\n\t\t\t\t\t\t<\/div>\n\t\t\t\t<\/div>\n\t\t\t\t\t<\/div>\n\t\t<\/div>\n\t\t\t\t\t<\/div>\n\t\t<\/section>\n\t\t\t\t<section class=\"elementor-section elementor-top-section elementor-element elementor-element-aab1479 elementor-section-boxed elementor-section-height-default elementor-section-height-default\" data-id=\"aab1479\" data-element_type=\"section\" data-e-type=\"section\">\n\t\t\t\t\t\t<div class=\"elementor-container elementor-column-gap-default\">\n\t\t\t\t\t<div class=\"elementor-column elementor-col-100 elementor-top-column elementor-element elementor-element-c1b2574\" data-id=\"c1b2574\" data-element_type=\"column\" data-e-type=\"column\">\n\t\t\t<div class=\"elementor-widget-wrap elementor-element-populated\">\n\t\t\t\t\t\t<div class=\"elementor-element elementor-element-2a4bd88 elementor-widget elementor-widget-spacer\" data-id=\"2a4bd88\" data-element_type=\"widget\" data-e-type=\"widget\" data-widget_type=\"spacer.default\">\n\t\t\t\t<div class=\"elementor-widget-container\">\n\t\t\t\t\t\t\t<div class=\"elementor-spacer\">\n\t\t\t<div class=\"elementor-spacer-inner\"><\/div>\n\t\t<\/div>\n\t\t\t\t\t\t<\/div>\n\t\t\t\t<\/div>\n\t\t\t\t\t<\/div>\n\t\t<\/div>\n\t\t\t\t\t<\/div>\n\t\t<\/section>\n\t\t\t\t<section class=\"elementor-section elementor-top-section elementor-element elementor-element-684dbf8c elementor-section-boxed elementor-section-height-default elementor-section-height-default\" data-id=\"684dbf8c\" data-element_type=\"section\" data-e-type=\"section\">\n\t\t\t\t\t\t<div class=\"elementor-container elementor-column-gap-default\">\n\t\t\t\t\t<div class=\"elementor-column elementor-col-50 elementor-top-column elementor-element elementor-element-7497da25\" data-id=\"7497da25\" data-element_type=\"column\" data-e-type=\"column\">\n\t\t\t<div class=\"elementor-widget-wrap elementor-element-populated\">\n\t\t\t\t\t\t<div class=\"elementor-element elementor-element-465242bd elementor-widget elementor-widget-text-editor\" data-id=\"465242bd\" data-element_type=\"widget\" data-e-type=\"widget\" data-widget_type=\"text-editor.default\">\n\t\t\t\t<div class=\"elementor-widget-container\">\n\t\t\t\t\t\t\t\t\t<p><span style=\"letter-spacing: 0.16px;\">Diese Ausstellung zeigt die Sch\u00f6nheit, Abgeschiedenheit und Zerbrechlichkeit des sich ver\u00e4ndernden kanadischen Nordens. IN THE HEART OF THE ARCTIC wird bis zum 30. April 2020 zu sehen sein.<\/span><\/p>\n\t\t\t\t\t\t\t\t<\/div>\n\t\t\t\t<\/div>\n\t\t\t\t<div class=\"elementor-element elementor-element-46f3b962 elementor-widget elementor-widget-heading\" data-id=\"46f3b962\" data-element_type=\"widget\" data-e-type=\"widget\" data-widget_type=\"heading.default\">\n\t\t\t\t<div class=\"elementor-widget-container\">\n\t\t\t\t\t<h2 class=\"elementor-heading-title elementor-size-default\">60.000 KM zur\u00fcckgelegt, 6 Nationalparks, 100 Bilder  <\/h2>\t\t\t\t<\/div>\n\t\t\t\t<\/div>\n\t\t\t\t<div class=\"elementor-element elementor-element-3b6f98dc elementor-widget elementor-widget-text-editor\" data-id=\"3b6f98dc\" data-element_type=\"widget\" data-e-type=\"widget\" data-widget_type=\"text-editor.default\">\n\t\t\t\t<div class=\"elementor-widget-container\">\n\t\t\t\t\t\t\t\t\t<p>Im Laufe von mehr als einem Jahrzehnt hat C. Tr\u00e9panier 60.000 km zur\u00fcckgelegt, 6 Nationalparks und 16 Inuit-Gemeinden durchquert, um die spektakul\u00e4ren Landschaften der kanadischen Arktis einzufangen. Bewaffnet mit Beharrlichkeit und einer unersch\u00fctterlichen Leidenschaft f\u00fcr seine Vision, hat er w\u00e4hrend seiner kunstvollen Expeditionen \u00fcber 100 \u00d6lgem\u00e4lde und drei Dokumentarfilme gemalt.<\/p>\n<\/p>\n<p>Journey to the Heart of the Arctic wurde erstmals im Januar 2017 in der kanadischen Botschaft in Washington, D.C. pr\u00e4sentiert. In der Folge wurde die Ausstellung an 9 verschiedenen Orten pr\u00e4sentiert, 6 in den Vereinigten Staaten und 3 in Kanada. Das F\u00fcrstentum Monaco ist seine erste Ausstellung auf dem europ\u00e4ischen Kontinent.<\/p><\/p>\n\t\t\t\t\t\t\t\t<\/div>\n\t\t\t\t<\/div>\n\t\t\t\t<div class=\"elementor-element elementor-element-669b6931 elementor-widget elementor-widget-text-editor\" data-id=\"669b6931\" data-element_type=\"widget\" data-e-type=\"widget\" data-widget_type=\"text-editor.default\">\n\t\t\t\t<div class=\"elementor-widget-container\">\n\t\t\t\t\t\t\t\t\t<p>W\u00e4hrend seiner Erkundungen im hohen Norden Kanadas ahnte Cory Tr\u00e9panier nicht, dass er im Jahr 2018 vor S.D. F\u00fcrst Albert II. von Monaco empfangen w\u00fcrde,  <span style=\"letter-spacing: 0.16px;\">eine Einladung zur Pr\u00e4sentation <\/span><span style=\"letter-spacing: 0.16px;\">die erste \u00f6ffentliche Vorf\u00fchrung des von ihm gedrehten Films &#8222;Journey to the Heart of the Arctic: The Awakening&#8220;.<\/span><\/p><\/p>\n\t\t\t\t\t\t\t\t<\/div>\n\t\t\t\t<\/div>\n\t\t\t\t<section class=\"elementor-section elementor-inner-section elementor-element elementor-element-209673d9 elementor-section-boxed elementor-section-height-default elementor-section-height-default\" data-id=\"209673d9\" data-element_type=\"section\" data-e-type=\"section\">\n\t\t\t\t\t\t<div class=\"elementor-container elementor-column-gap-default\">\n\t\t\t\t\t<div class=\"elementor-column elementor-col-100 elementor-inner-column elementor-element elementor-element-33228abc\" data-id=\"33228abc\" data-element_type=\"column\" data-e-type=\"column\">\n\t\t\t<div class=\"elementor-widget-wrap elementor-element-populated\">\n\t\t\t\t\t\t<div class=\"elementor-element elementor-element-1a2076bd elementor-blockquote--skin-quotation elementor-blockquote--align-left elementor-widget elementor-widget-blockquote\" data-id=\"1a2076bd\" data-element_type=\"widget\" data-e-type=\"widget\" data-widget_type=\"blockquote.default\">\n\t\t\t\t<div class=\"elementor-widget-container\">\n\t\t\t\t\t\t\t<blockquote class=\"elementor-blockquote\">\n\t\t\t<p class=\"elementor-blockquote__content\">\n\t\t\t\t\"Die kanadische Arktis zu erforschen und zu malen war eine gro\u00dfe Herausforderung und hat mich von Angesicht zu Angesicht mit einigen der gr\u00f6\u00dften Naturwunder der Welt gebracht. Nach vielen Jahren, in denen ich mich selbst entwickelt habe, bin ich ger\u00fchrt, wenn ich erfahre, dass andere von meinen Bildern bewegt sind, dass die Ausstellung eine Diskussion \u00fcber den Norden, die Inuit, die Kraft der Natur und die Bedeutung der Rolle der Menschheit beim Schutz dieser Natur ausl\u00f6st.\t\t\t<\/p>\n\t\t\t\t\t\t\t<div class=\"e-q-footer\">\n\t\t\t\t\t\t\t\t\t\t\t<cite class=\"elementor-blockquote__author\">Cory Trepanier <br><\/cite>\n\t\t\t\t\t\t\t\t\t\t\t\t\t\t<\/div>\n\t\t\t\t\t<\/blockquote>\n\t\t\t\t\t\t<\/div>\n\t\t\t\t<\/div>\n\t\t\t\t\t<\/div>\n\t\t<\/div>\n\t\t\t\t\t<\/div>\n\t\t<\/section>\n\t\t\t\t<div class=\"elementor-element elementor-element-100afeac elementor-widget elementor-widget-heading\" data-id=\"100afeac\" data-element_type=\"widget\" data-e-type=\"widget\" data-widget_type=\"heading.default\">\n\t\t\t\t<div class=\"elementor-widget-container\">\n\t\t\t\t\t<h2 class=\"elementor-heading-title elementor-size-default\">Zeit zum Handeln!\n\n<\/h2>\t\t\t\t<\/div>\n\t\t\t\t<\/div>\n\t\t\t\t\t<\/div>\n\t\t<\/div>\n\t\t\t\t<div class=\"elementor-column elementor-col-50 elementor-top-column elementor-element elementor-element-18ca5155\" data-id=\"18ca5155\" data-element_type=\"column\" data-e-type=\"column\" data-settings=\"{&quot;background_background&quot;:&quot;classic&quot;}\">\n\t\t\t<div class=\"elementor-widget-wrap elementor-element-populated\">\n\t\t\t\t\t\t<div class=\"elementor-element elementor-element-6bf0c92a elementor-widget elementor-widget-image\" data-id=\"6bf0c92a\" data-element_type=\"widget\" data-e-type=\"widget\" data-widget_type=\"image.default\">\n\t\t\t\t<div class=\"elementor-widget-container\">\n\t\t\t\t\t\t\t\t\t\t\t\t\t\t\t<img decoding=\"async\" width=\"762\" height=\"578\" src=\"https:\/\/musee.oceano.org\/wp-content\/uploads\/sites\/2\/2020\/02\/07-TrepanierITA2Painting-Tanquary-Fiord-Behind.-Photo-by-Carl-Trepanier-1-762x578.jpg\" class=\"attachment-img-actu-section size-img-actu-section wp-image-25511\" alt=\"\" \/>\t\t\t\t\t\t\t\t\t\t\t\t\t\t\t<\/div>\n\t\t\t\t<\/div>\n\t\t\t\t<div class=\"elementor-element elementor-element-25c6b806 elementor-widget elementor-widget-heading\" data-id=\"25c6b806\" data-element_type=\"widget\" data-e-type=\"widget\" data-widget_type=\"heading.default\">\n\t\t\t\t<div class=\"elementor-widget-container\">\n\t\t\t\t\t<h2 class=\"elementor-heading-title elementor-size-default\">im Herzen der Arktis  <\/h2>\t\t\t\t<\/div>\n\t\t\t\t<\/div>\n\t\t\t\t<section class=\"elementor-section elementor-inner-section elementor-element elementor-element-5b9684a7 elementor-section-boxed elementor-section-height-default elementor-section-height-default\" data-id=\"5b9684a7\" data-element_type=\"section\" data-e-type=\"section\">\n\t\t\t\t\t\t<div class=\"elementor-container elementor-column-gap-default\">\n\t\t\t\t\t<div class=\"elementor-column elementor-col-100 elementor-inner-column elementor-element elementor-element-44b782a9\" data-id=\"44b782a9\" data-element_type=\"column\" data-e-type=\"column\">\n\t\t\t<div class=\"elementor-widget-wrap elementor-element-populated\">\n\t\t\t\t\t\t<div class=\"elementor-element elementor-element-7821401 elementor-widget elementor-widget-heading\" data-id=\"7821401\" data-element_type=\"widget\" data-e-type=\"widget\" data-widget_type=\"heading.default\">\n\t\t\t\t<div class=\"elementor-widget-container\">\n\t\t\t\t\t<h2 class=\"elementor-heading-title elementor-size-default\">\u00dcber Cory Tr\u00e9panier\n<\/h2>\t\t\t\t<\/div>\n\t\t\t\t<\/div>\n\t\t\t\t<div class=\"elementor-element elementor-element-1fa61a7b elementor-widget elementor-widget-text-editor\" data-id=\"1fa61a7b\" data-element_type=\"widget\" data-e-type=\"widget\" data-widget_type=\"text-editor.default\">\n\t\t\t\t<div class=\"elementor-widget-container\">\n\t\t\t\t\t\t\t\t\t<p>Jede Arktis-Expedition ist nicht ohne Herausforderungen: Trekking nach Ellesmere Island mit einem Rucksack, der mehr als 54 Kilo wiegt, Malen am Rande des Meeres, und so weiter.<\/p>\n\t\t\t\t\t\t\t\t<\/div>\n\t\t\t\t<\/div>\n\t\t\t\t<div class=\"elementor-element elementor-element-5a298c27 elementor-widget elementor-widget-text-editor\" data-id=\"5a298c27\" data-element_type=\"widget\" data-e-type=\"widget\" data-widget_type=\"text-editor.default\">\n\t\t\t\t<div class=\"elementor-widget-container\">\n\t\t\t\t\t\t\t\t\t<p>von einem der h\u00f6chsten Wasserf\u00e4lle \u00fcber dem Polarkreis, w\u00e4hrend man Horden von Moskitos ertr\u00e4gt; von arktischen W\u00f6lfen umgeben zu sein, oder auf den Kloane Icefields gestrandet zu sein, wenn ein unerbittlicher Sturm losbricht&#8230; Jede Reise bietet eine atemberaubende Landschaft und Adrenalin&#8230; viel Adrenalin.<\/p>\n<p>Durch Malerei und Film bewahrt Cory eine der zerbrechlichsten und spektakul\u00e4rsten Regionen unseres Planeten und teilt die Wunder des Nordens und seiner V\u00f6lker mit anderen, die weit weg sind. Weitere Informationen sowie die M\u00f6glichkeit, Gem\u00e4lde, Videos, Drucke oder das in K\u00fcrze erscheinende gro\u00dfformatige Buch von Cory Tr\u00e9panier zu erwerben, finden Sie unter <a href=\"http:\/\/www.corytrepanier.com\/\"><br \/>\n  <u>www.corytrepanier.com<\/u><br \/>\n<\/a>.<\/p>\n\t\t\t\t\t\t\t\t<\/div>\n\t\t\t\t<\/div>\n\t\t\t\t\t<\/div>\n\t\t<\/div>\n\t\t\t\t\t<\/div>\n\t\t<\/section>\n\t\t\t\t\t<\/div>\n\t\t<\/div>\n\t\t\t\t\t<\/div>\n\t\t<\/section>\n\t\t\t\t<section class=\"elementor-section elementor-top-section elementor-element elementor-element-741319a elementor-section-boxed elementor-section-height-default elementor-section-height-default\" data-id=\"741319a\" data-element_type=\"section\" data-e-type=\"section\">\n\t\t\t\t\t\t<div class=\"elementor-container elementor-column-gap-default\">\n\t\t\t\t\t<div class=\"elementor-column elementor-col-100 elementor-top-column elementor-element elementor-element-dfef968\" data-id=\"dfef968\" data-element_type=\"column\" data-e-type=\"column\">\n\t\t\t<div class=\"elementor-widget-wrap elementor-element-populated\">\n\t\t\t\t\t\t<div class=\"elementor-element elementor-element-4e18f1c elementor-widget elementor-widget-text-editor\" data-id=\"4e18f1c\" data-element_type=\"widget\" data-e-type=\"widget\" data-widget_type=\"text-editor.default\">\n\t\t\t\t<div class=\"elementor-widget-container\">\n\t\t\t\t\t\t\t\t\t<p>Die Karriere von F\u00fcrst Albert I., einem Pionier der modernen Ozeanographie und der wissenschaftlichen Erforschung der Arktis, weist Parallelen zu der des K\u00fcnstlers auf. der Ur-Ur-Gro\u00dfvater von S.D. Prinz Albert II. verk\u00f6rpert seit langem die Leidenschaft f\u00fcr die Erforschung der Ozeane, bis hin zur Arktis. S.D. F\u00fcrst Albert II. hat selbst die Arktis besucht und besuchte sogar eine Gemeinde im Osten des arktischen Kanadas, wo C. Tr\u00e9panier gemalt.<br \/>\nBis heute ist er das einzige Staatsoberhaupt, das beide Pole besucht hat.<\/p>\n\t\t\t\t\t\t\t\t<\/div>\n\t\t\t\t<\/div>\n\t\t\t\t\t<\/div>\n\t\t<\/div>\n\t\t\t\t\t<\/div>\n\t\t<\/section>\n\t\t\t\t<section class=\"elementor-section elementor-top-section elementor-element elementor-element-4157b308 elementor-section-boxed elementor-section-height-default elementor-section-height-default\" data-id=\"4157b308\" data-element_type=\"section\" data-e-type=\"section\">\n\t\t\t\t\t\t<div class=\"elementor-container elementor-column-gap-default\">\n\t\t\t\t\t<div class=\"elementor-column elementor-col-100 elementor-top-column elementor-element elementor-element-58a76ffa\" data-id=\"58a76ffa\" data-element_type=\"column\" data-e-type=\"column\">\n\t\t\t<div class=\"elementor-widget-wrap elementor-element-populated\">\n\t\t\t\t\t\t<div class=\"elementor-element elementor-element-e35284b elementor-widget elementor-widget-spacer\" data-id=\"e35284b\" data-element_type=\"widget\" data-e-type=\"widget\" data-widget_type=\"spacer.default\">\n\t\t\t\t<div class=\"elementor-widget-container\">\n\t\t\t\t\t\t\t<div class=\"elementor-spacer\">\n\t\t\t<div class=\"elementor-spacer-inner\"><\/div>\n\t\t<\/div>\n\t\t\t\t\t\t<\/div>\n\t\t\t\t<\/div>\n\t\t\t\t<div class=\"elementor-element elementor-element-a8a9f7e elementor-widget elementor-widget-heading\" data-id=\"a8a9f7e\" data-element_type=\"widget\" data-e-type=\"widget\" data-widget_type=\"heading.default\">\n\t\t\t\t<div class=\"elementor-widget-container\">\n\t\t\t\t\t<h2 class=\"elementor-heading-title elementor-size-default\">IM HERZEN DER ARKTIS<\/h2>\t\t\t\t<\/div>\n\t\t\t\t<\/div>\n\t\t\t\t\t<\/div>\n\t\t<\/div>\n\t\t\t\t\t<\/div>\n\t\t<\/section>\n\t\t\t\t<section class=\"elementor-section elementor-top-section elementor-element elementor-element-4488d050 elementor-section-boxed elementor-section-height-default elementor-section-height-default\" data-id=\"4488d050\" data-element_type=\"section\" data-e-type=\"section\">\n\t\t\t\t\t\t<div class=\"elementor-container elementor-column-gap-default\">\n\t\t\t\t\t<div class=\"elementor-column elementor-col-100 elementor-top-column elementor-element elementor-element-68b26ea6\" data-id=\"68b26ea6\" data-element_type=\"column\" data-e-type=\"column\">\n\t\t\t<div class=\"elementor-widget-wrap elementor-element-populated\">\n\t\t\t\t\t\t<div class=\"elementor-element elementor-element-2b211358 elementor-widget elementor-widget-text-editor\" data-id=\"2b211358\" data-element_type=\"widget\" data-e-type=\"widget\" data-widget_type=\"text-editor.default\">\n\t\t\t\t<div class=\"elementor-widget-container\">\n\t\t\t\t\t\t\t\t\t<p>Die Ausstellung erforscht leidenschaftlich eine sich ver\u00e4ndernde Landschaft, die viele nie mit eigenen Augen sehen werden. Diese Ausstellung bietet der \u00d6ffentlichkeit die M\u00f6glichkeit, die Wunder der Arktis zu entdecken und das Ausma\u00df dessen zu verstehen, was wir zu verlieren drohen. Die Tour wird zum Teil von der Royal Canadian Geographical Society\/Canadian Geographic pr\u00e4sentiert. Als eine der \u00e4ltesten und gr\u00f6\u00dften gemeinn\u00fctzigen Bildungsorganisationen Kanadas widmet sie sich der F\u00f6rderung und Steigerung des \u00f6ffentlichen Bewusstseins f\u00fcr die kanadische Geographie und das kanadische Kulturerbe. Diese Tour wird auch von HATCH pr\u00e4sentiert, einem professionellen Ingenieur- und Technologieberatungsdienst f\u00fcr die Bergbau-, Energie-, Digital-, Investitions- und Infrastrukturindustrie seit \u00fcber 65 Jahren.<\/p>\n<p>Die Tour wird von David J. Wagner, L.L.C. produziert.<\/p>\n<\/p>\n<p>  F\u00fcr weitere Informationen zu dieser Ausstellung und praktische Hinweise,<span style=\"color: #00ffff;\"> <span style=\"text-decoration: underline;\"><a style=\"background-color: #0b1840; font-size: 1.6rem; letter-spacing: 0.16px; color: #00ffff; text-decoration: underline;\" href=\"http:\/\/www.intothearctic.ca\/exhibitiontour\" target=\"_blank\" rel=\"noopener\">www.intothearctic.ca\/exhibitiontour<\/a><\/span><\/span><\/p>\n\t\t\t\t\t\t\t\t<\/div>\n\t\t\t\t<\/div>\n\t\t\t\t\t<\/div>\n\t\t<\/div>\n\t\t\t\t\t<\/div>\n\t\t<\/section>\n\t\t\t\t<section class=\"elementor-section elementor-top-section elementor-element elementor-element-5c254bd2 elementor-section-boxed elementor-section-height-default elementor-section-height-default\" data-id=\"5c254bd2\" data-element_type=\"section\" data-e-type=\"section\">\n\t\t\t\t\t\t<div class=\"elementor-container elementor-column-gap-default\">\n\t\t\t\t\t<div class=\"elementor-column elementor-col-50 elementor-top-column elementor-element elementor-element-54a337d1\" data-id=\"54a337d1\" data-element_type=\"column\" data-e-type=\"column\">\n\t\t\t<div class=\"elementor-widget-wrap elementor-element-populated\">\n\t\t\t\t\t\t<div class=\"elementor-element elementor-element-1fb8ed7d elementor-widget elementor-widget-image\" data-id=\"1fb8ed7d\" data-element_type=\"widget\" data-e-type=\"widget\" data-widget_type=\"image.default\">\n\t\t\t\t<div class=\"elementor-widget-container\">\n\t\t\t\t\t\t\t\t\t\t\t\t\t\t\t\t<a href=\"https:\/\/musee.oceano.org\/wp-content\/uploads\/sites\/2\/2020\/02\/02-TrepanierSams-Wall2015-1.jpg\" data-elementor-open-lightbox=\"yes\" data-elementor-lightbox-title=\"02-Trepanier,Sam&#039;s Wall,2015\" data-e-action-hash=\"#elementor-action%3Aaction%3Dlightbox%26settings%3DeyJpZCI6MjU1MDksInVybCI6Imh0dHBzOlwvXC9tdXNlZS5vY2Vhbm8ub3JnXC93cC1jb250ZW50XC91cGxvYWRzXC9zaXRlc1wvMlwvMjAyMFwvMDJcLzAyLVRyZXBhbmllclNhbXMtV2FsbDIwMTUtMS1zY2FsZWQuanBnIn0%3D\">\n\t\t\t\t\t\t\t<img decoding=\"async\" width=\"433\" height=\"433\" src=\"https:\/\/musee.oceano.org\/wp-content\/uploads\/sites\/2\/2020\/02\/02-TrepanierSams-Wall2015-1-433x433.jpg\" class=\"attachment-img-bloc-three-content size-img-bloc-three-content wp-image-25509\" alt=\"\" srcset=\"https:\/\/musee.oceano.org\/wp-content\/uploads\/sites\/2\/2020\/02\/02-TrepanierSams-Wall2015-1-433x433.jpg 433w, https:\/\/musee.oceano.org\/wp-content\/uploads\/sites\/2\/2020\/02\/02-TrepanierSams-Wall2015-1-150x150.jpg 150w, https:\/\/musee.oceano.org\/wp-content\/uploads\/sites\/2\/2020\/02\/02-TrepanierSams-Wall2015-1-334x334.jpg 334w\" sizes=\"(max-width: 433px) 100vw, 433px\" \/>\t\t\t\t\t\t\t\t<\/a>\n\t\t\t\t\t\t\t\t\t\t\t\t\t\t\t<\/div>\n\t\t\t\t<\/div>\n\t\t\t\t\t<\/div>\n\t\t<\/div>\n\t\t\t\t<div class=\"elementor-column elementor-col-50 elementor-top-column elementor-element elementor-element-457fa584\" data-id=\"457fa584\" data-element_type=\"column\" data-e-type=\"column\">\n\t\t\t<div class=\"elementor-widget-wrap elementor-element-populated\">\n\t\t\t\t\t\t<div class=\"elementor-element elementor-element-4f1c93cb elementor-widget elementor-widget-image\" data-id=\"4f1c93cb\" data-element_type=\"widget\" data-e-type=\"widget\" data-widget_type=\"image.default\">\n\t\t\t\t<div class=\"elementor-widget-container\">\n\t\t\t\t\t\t\t\t\t\t\t\t\t\t\t\t<a href=\"https:\/\/musee.oceano.org\/wp-content\/uploads\/sites\/2\/2020\/02\/05-TrepanierITA2Painting-Iceberg-from-Canoe-Wide.-Photo-by-Cory-Trepanier-bd.jpg\" data-elementor-open-lightbox=\"yes\" data-elementor-lightbox-title=\"05-Trepanier,ITA2,Painting Iceberg from Canoe-Wide. Photo by Cory Trepanier-bd\" data-e-action-hash=\"#elementor-action%3Aaction%3Dlightbox%26settings%3DeyJpZCI6MjU1MDgsInVybCI6Imh0dHBzOlwvXC9tdXNlZS5vY2Vhbm8ub3JnXC93cC1jb250ZW50XC91cGxvYWRzXC9zaXRlc1wvMlwvMjAyMFwvMDJcLzA1LVRyZXBhbmllcklUQTJQYWludGluZy1JY2ViZXJnLWZyb20tQ2Fub2UtV2lkZS4tUGhvdG8tYnktQ29yeS1UcmVwYW5pZXItYmQuanBnIn0%3D\">\n\t\t\t\t\t\t\t<img loading=\"lazy\" decoding=\"async\" width=\"433\" height=\"433\" src=\"https:\/\/musee.oceano.org\/wp-content\/uploads\/sites\/2\/2020\/02\/05-TrepanierITA2Painting-Iceberg-from-Canoe-Wide.-Photo-by-Cory-Trepanier-bd-433x433.jpg\" class=\"attachment-img-bloc-three-content size-img-bloc-three-content wp-image-25508\" alt=\"\" srcset=\"https:\/\/musee.oceano.org\/wp-content\/uploads\/sites\/2\/2020\/02\/05-TrepanierITA2Painting-Iceberg-from-Canoe-Wide.-Photo-by-Cory-Trepanier-bd-433x433.jpg 433w, https:\/\/musee.oceano.org\/wp-content\/uploads\/sites\/2\/2020\/02\/05-TrepanierITA2Painting-Iceberg-from-Canoe-Wide.-Photo-by-Cory-Trepanier-bd-150x150.jpg 150w, https:\/\/musee.oceano.org\/wp-content\/uploads\/sites\/2\/2020\/02\/05-TrepanierITA2Painting-Iceberg-from-Canoe-Wide.-Photo-by-Cory-Trepanier-bd-334x334.jpg 334w\" sizes=\"(max-width: 433px) 100vw, 433px\" \/>\t\t\t\t\t\t\t\t<\/a>\n\t\t\t\t\t\t\t\t\t\t\t\t\t\t\t<\/div>\n\t\t\t\t<\/div>\n\t\t\t\t\t<\/div>\n\t\t<\/div>\n\t\t\t\t\t<\/div>\n\t\t<\/section>\n\t\t\t\t<\/div>\n\t\t","protected":false},"excerpt":{"rendered":"<p>Die Europapremiere der Ausstellung Journey to the Heart of the Arctic von Cory Tr\u00e9panier pr\u00e4sentiert die \u00d6lbilder und Filme des kanadischen K\u00fcnstlers in enger Zusammenarbeit mit der Prince Albert II of Monaco Foundation: Sie zeigt die Sch\u00f6nheit, Abgeschiedenheit und Zerbrechlichkeit des kanadischen Nordens inmitten von Ver\u00e4nderungen.<\/p>\n","protected":false},"featured_media":25514,"parent":0,"template":"","meta":{"_acf_changed":false,"footnotes":""},"etatexpositions":[335],"class_list":["post-25503","expositions","type-expositions","status-publish","has-post-thumbnail","hentry","etatexpositions-vergangene"],"acf":[],"yoast_head":"<!-- This site is optimized with the Yoast SEO plugin v27.2 - https:\/\/yoast.com\/product\/yoast-seo-wordpress\/ -->\n<title>Im Herzen der Arktis - Mus\u00e9e Oc\u00e9anographique de Monaco<\/title>\n<meta name=\"robots\" content=\"index, follow, max-snippet:-1, max-image-preview:large, max-video-preview:-1\" \/>\n<link rel=\"canonical\" href=\"https:\/\/musee.oceano.org\/de\/ausstellungen\/im-herzen-der-arktis\/\" \/>\n<meta property=\"og:locale\" content=\"de_DE\" \/>\n<meta property=\"og:type\" content=\"article\" \/>\n<meta property=\"og:title\" content=\"Im Herzen der Arktis - Mus\u00e9e Oc\u00e9anographique de Monaco\" \/>\n<meta property=\"og:description\" content=\"Die Europapremiere der Ausstellung Journey to the Heart of the Arctic von Cory Tr\u00e9panier pr\u00e4sentiert die \u00d6lbilder und Filme des kanadischen K\u00fcnstlers in enger Zusammenarbeit mit der Prince Albert II of Monaco Foundation: Sie zeigt die Sch\u00f6nheit, Abgeschiedenheit und Zerbrechlichkeit des kanadischen Nordens inmitten von Ver\u00e4nderungen.\" \/>\n<meta property=\"og:url\" content=\"https:\/\/musee.oceano.org\/de\/ausstellungen\/im-herzen-der-arktis\/\" \/>\n<meta property=\"og:site_name\" content=\"Mus\u00e9e Oc\u00e9anographique de Monaco\" \/>\n<meta property=\"article:modified_time\" content=\"2021-07-13T07:46:30+00:00\" \/>\n<meta property=\"og:image\" content=\"https:\/\/musee.oceano.org\/wp-content\/uploads\/sites\/2\/2020\/02\/07-TrepanierITA2Painting-Tanquary-Fiord-Behind.-Photo-by-Carl-Trepanier.jpg\" \/>\n\t<meta property=\"og:image:width\" content=\"1500\" \/>\n\t<meta property=\"og:image:height\" content=\"817\" \/>\n\t<meta property=\"og:image:type\" content=\"image\/jpeg\" \/>\n<meta name=\"twitter:card\" content=\"summary_large_image\" \/>\n<meta name=\"twitter:label1\" content=\"Gesch\u00e4tzte Lesezeit\" \/>\n\t<meta name=\"twitter:data1\" content=\"5\u00a0Minuten\" \/>\n<script type=\"application\/ld+json\" class=\"yoast-schema-graph\">{\"@context\":\"https:\/\/schema.org\",\"@graph\":[{\"@type\":\"WebPage\",\"@id\":\"https:\/\/musee.oceano.org\/de\/ausstellungen\/im-herzen-der-arktis\/\",\"url\":\"https:\/\/musee.oceano.org\/de\/ausstellungen\/im-herzen-der-arktis\/\",\"name\":\"Im Herzen der Arktis - Mus\u00e9e Oc\u00e9anographique de Monaco\",\"isPartOf\":{\"@id\":\"https:\/\/musee.oceano.org\/#website\"},\"primaryImageOfPage\":{\"@id\":\"https:\/\/musee.oceano.org\/de\/ausstellungen\/im-herzen-der-arktis\/#primaryimage\"},\"image\":{\"@id\":\"https:\/\/musee.oceano.org\/de\/ausstellungen\/im-herzen-der-arktis\/#primaryimage\"},\"thumbnailUrl\":\"https:\/\/musee.oceano.org\/wp-content\/uploads\/sites\/2\/2020\/02\/07-TrepanierITA2Painting-Tanquary-Fiord-Behind.-Photo-by-Carl-Trepanier.jpg\",\"datePublished\":\"2021-06-25T14:09:10+00:00\",\"dateModified\":\"2021-07-13T07:46:30+00:00\",\"breadcrumb\":{\"@id\":\"https:\/\/musee.oceano.org\/de\/ausstellungen\/im-herzen-der-arktis\/#breadcrumb\"},\"inLanguage\":\"de\",\"potentialAction\":[{\"@type\":\"ReadAction\",\"target\":[\"https:\/\/musee.oceano.org\/de\/ausstellungen\/im-herzen-der-arktis\/\"]}]},{\"@type\":\"ImageObject\",\"inLanguage\":\"de\",\"@id\":\"https:\/\/musee.oceano.org\/de\/ausstellungen\/im-herzen-der-arktis\/#primaryimage\",\"url\":\"https:\/\/musee.oceano.org\/wp-content\/uploads\/sites\/2\/2020\/02\/07-TrepanierITA2Painting-Tanquary-Fiord-Behind.-Photo-by-Carl-Trepanier.jpg\",\"contentUrl\":\"https:\/\/musee.oceano.org\/wp-content\/uploads\/sites\/2\/2020\/02\/07-TrepanierITA2Painting-Tanquary-Fiord-Behind.-Photo-by-Carl-Trepanier.jpg\",\"width\":1500,\"height\":817},{\"@type\":\"BreadcrumbList\",\"@id\":\"https:\/\/musee.oceano.org\/de\/ausstellungen\/im-herzen-der-arktis\/#breadcrumb\",\"itemListElement\":[{\"@type\":\"ListItem\",\"position\":1,\"name\":\"Home\",\"item\":\"https:\/\/musee.oceano.org\/de\/\"},{\"@type\":\"ListItem\",\"position\":2,\"name\":\"Tentoonstellingen\",\"item\":\"https:\/\/musee.oceano.org\/nl\/tentoonstellingen\/\"},{\"@type\":\"ListItem\",\"position\":3,\"name\":\"Im Herzen der Arktis\"}]},{\"@type\":\"WebSite\",\"@id\":\"https:\/\/musee.oceano.org\/#website\",\"url\":\"https:\/\/musee.oceano.org\/\",\"name\":\"Mus\u00e9e Oc\u00e9anographique de Monaco\",\"description\":\"Faire conna\u00eetre, aimer et prot\u00e9ger les oc\u00e9ans\",\"potentialAction\":[{\"@type\":\"SearchAction\",\"target\":{\"@type\":\"EntryPoint\",\"urlTemplate\":\"https:\/\/musee.oceano.org\/?s={search_term_string}\"},\"query-input\":{\"@type\":\"PropertyValueSpecification\",\"valueRequired\":true,\"valueName\":\"search_term_string\"}}],\"inLanguage\":\"de\"}]}<\/script>\n<!-- \/ Yoast SEO plugin. -->","yoast_head_json":{"title":"Im Herzen der Arktis - Mus\u00e9e Oc\u00e9anographique de Monaco","robots":{"index":"index","follow":"follow","max-snippet":"max-snippet:-1","max-image-preview":"max-image-preview:large","max-video-preview":"max-video-preview:-1"},"canonical":"https:\/\/musee.oceano.org\/de\/ausstellungen\/im-herzen-der-arktis\/","og_locale":"de_DE","og_type":"article","og_title":"Im Herzen der Arktis - Mus\u00e9e Oc\u00e9anographique de Monaco","og_description":"Die Europapremiere der Ausstellung Journey to the Heart of the Arctic von Cory Tr\u00e9panier pr\u00e4sentiert die \u00d6lbilder und Filme des kanadischen K\u00fcnstlers in enger Zusammenarbeit mit der Prince Albert II of Monaco Foundation: Sie zeigt die Sch\u00f6nheit, Abgeschiedenheit und Zerbrechlichkeit des kanadischen Nordens inmitten von Ver\u00e4nderungen.","og_url":"https:\/\/musee.oceano.org\/de\/ausstellungen\/im-herzen-der-arktis\/","og_site_name":"Mus\u00e9e Oc\u00e9anographique de Monaco","article_modified_time":"2021-07-13T07:46:30+00:00","og_image":[{"width":1500,"height":817,"url":"https:\/\/musee.oceano.org\/wp-content\/uploads\/sites\/2\/2020\/02\/07-TrepanierITA2Painting-Tanquary-Fiord-Behind.-Photo-by-Carl-Trepanier.jpg","type":"image\/jpeg"}],"twitter_card":"summary_large_image","twitter_misc":{"Gesch\u00e4tzte Lesezeit":"5\u00a0Minuten"},"schema":{"@context":"https:\/\/schema.org","@graph":[{"@type":"WebPage","@id":"https:\/\/musee.oceano.org\/de\/ausstellungen\/im-herzen-der-arktis\/","url":"https:\/\/musee.oceano.org\/de\/ausstellungen\/im-herzen-der-arktis\/","name":"Im Herzen der Arktis - Mus\u00e9e Oc\u00e9anographique de Monaco","isPartOf":{"@id":"https:\/\/musee.oceano.org\/#website"},"primaryImageOfPage":{"@id":"https:\/\/musee.oceano.org\/de\/ausstellungen\/im-herzen-der-arktis\/#primaryimage"},"image":{"@id":"https:\/\/musee.oceano.org\/de\/ausstellungen\/im-herzen-der-arktis\/#primaryimage"},"thumbnailUrl":"https:\/\/musee.oceano.org\/wp-content\/uploads\/sites\/2\/2020\/02\/07-TrepanierITA2Painting-Tanquary-Fiord-Behind.-Photo-by-Carl-Trepanier.jpg","datePublished":"2021-06-25T14:09:10+00:00","dateModified":"2021-07-13T07:46:30+00:00","breadcrumb":{"@id":"https:\/\/musee.oceano.org\/de\/ausstellungen\/im-herzen-der-arktis\/#breadcrumb"},"inLanguage":"de","potentialAction":[{"@type":"ReadAction","target":["https:\/\/musee.oceano.org\/de\/ausstellungen\/im-herzen-der-arktis\/"]}]},{"@type":"ImageObject","inLanguage":"de","@id":"https:\/\/musee.oceano.org\/de\/ausstellungen\/im-herzen-der-arktis\/#primaryimage","url":"https:\/\/musee.oceano.org\/wp-content\/uploads\/sites\/2\/2020\/02\/07-TrepanierITA2Painting-Tanquary-Fiord-Behind.-Photo-by-Carl-Trepanier.jpg","contentUrl":"https:\/\/musee.oceano.org\/wp-content\/uploads\/sites\/2\/2020\/02\/07-TrepanierITA2Painting-Tanquary-Fiord-Behind.-Photo-by-Carl-Trepanier.jpg","width":1500,"height":817},{"@type":"BreadcrumbList","@id":"https:\/\/musee.oceano.org\/de\/ausstellungen\/im-herzen-der-arktis\/#breadcrumb","itemListElement":[{"@type":"ListItem","position":1,"name":"Home","item":"https:\/\/musee.oceano.org\/de\/"},{"@type":"ListItem","position":2,"name":"Tentoonstellingen","item":"https:\/\/musee.oceano.org\/nl\/tentoonstellingen\/"},{"@type":"ListItem","position":3,"name":"Im Herzen der Arktis"}]},{"@type":"WebSite","@id":"https:\/\/musee.oceano.org\/#website","url":"https:\/\/musee.oceano.org\/","name":"Mus\u00e9e Oc\u00e9anographique de Monaco","description":"Faire conna\u00eetre, aimer et prot\u00e9ger les oc\u00e9ans","potentialAction":[{"@type":"SearchAction","target":{"@type":"EntryPoint","urlTemplate":"https:\/\/musee.oceano.org\/?s={search_term_string}"},"query-input":{"@type":"PropertyValueSpecification","valueRequired":true,"valueName":"search_term_string"}}],"inLanguage":"de"}]}},"_links":{"self":[{"href":"https:\/\/musee.oceano.org\/de\/wp-json\/wp\/v2\/expositions\/25503","targetHints":{"allow":["GET"]}}],"collection":[{"href":"https:\/\/musee.oceano.org\/de\/wp-json\/wp\/v2\/expositions"}],"about":[{"href":"https:\/\/musee.oceano.org\/de\/wp-json\/wp\/v2\/types\/expositions"}],"version-history":[{"count":6,"href":"https:\/\/musee.oceano.org\/de\/wp-json\/wp\/v2\/expositions\/25503\/revisions"}],"predecessor-version":[{"id":32335,"href":"https:\/\/musee.oceano.org\/de\/wp-json\/wp\/v2\/expositions\/25503\/revisions\/32335"}],"wp:featuredmedia":[{"embeddable":true,"href":"https:\/\/musee.oceano.org\/de\/wp-json\/wp\/v2\/media\/25514"}],"wp:attachment":[{"href":"https:\/\/musee.oceano.org\/de\/wp-json\/wp\/v2\/media?parent=25503"}],"wp:term":[{"taxonomy":"etatexpositions","embeddable":true,"href":"https:\/\/musee.oceano.org\/de\/wp-json\/wp\/v2\/etatexpositions?post=25503"}],"curies":[{"name":"wp","href":"https:\/\/api.w.org\/{rel}","templated":true}]}}