{"id":25527,"date":"2021-06-25T16:09:15","date_gmt":"2021-06-25T14:09:15","guid":{"rendered":"https:\/\/musee.oceano.org\/expositions\/ausstellung-martinique\/"},"modified":"2021-07-13T09:53:00","modified_gmt":"2021-07-13T07:53:00","slug":"ausstellung-martinique","status":"publish","type":"expositions","link":"https:\/\/musee.oceano.org\/de\/ausstellungen\/ausstellung-martinique\/","title":{"rendered":"Ausstellung Martinique"},"content":{"rendered":"\t\t<div data-elementor-type=\"wp-post\" data-elementor-id=\"25527\" class=\"elementor elementor-25527 elementor-13581\" data-elementor-post-type=\"expositions\">\n\t\t\t\t\t\t<section class=\"elementor-section elementor-top-section elementor-element elementor-element-570155f9 elementor-section-full_width elementor-section-height-default elementor-section-height-default\" data-id=\"570155f9\" data-element_type=\"section\" data-e-type=\"section\">\n\t\t\t\t\t\t<div class=\"elementor-container elementor-column-gap-no\">\n\t\t\t\t\t<div class=\"elementor-column elementor-col-100 elementor-top-column elementor-element elementor-element-829c68c\" data-id=\"829c68c\" data-element_type=\"column\" data-e-type=\"column\">\n\t\t\t<div class=\"elementor-widget-wrap elementor-element-populated\">\n\t\t\t\t\t\t<div class=\"elementor-element elementor-element-378a43fe elementor--h-position-center elementor--v-position-middle elementor-arrows-position-inside elementor-widget elementor-widget-slides\" data-id=\"378a43fe\" data-element_type=\"widget\" data-e-type=\"widget\" data-settings=\"{&quot;navigation&quot;:&quot;arrows&quot;,&quot;transition&quot;:&quot;fade&quot;,&quot;transition_speed&quot;:250,&quot;autoplay&quot;:&quot;yes&quot;,&quot;pause_on_interaction&quot;:&quot;yes&quot;,&quot;autoplay_speed&quot;:5000,&quot;infinite&quot;:&quot;yes&quot;}\" data-widget_type=\"slides.default\">\n\t\t\t\t<div class=\"elementor-widget-container\">\n\t\t\t\t\t\t\t\t\t<div class=\"elementor-swiper\">\n\t\t\t\t\t<div class=\"elementor-slides-wrapper elementor-main-swiper swiper\" role=\"region\" aria-roledescription=\"carousel\" aria-label=\"Slider\" dir=\"ltr\" data-animation=\"\">\n\t\t\t\t<div class=\"swiper-wrapper elementor-slides\">\n\t\t\t\t\t\t\t\t\t\t<div class=\"elementor-repeater-item-891be05 swiper-slide\" role=\"group\" aria-roledescription=\"slide\"><div class=\"swiper-slide-bg\" role=\"img\" aria-label=\"Capture tortues Verte, mission CNRS \/ EDM de Damien Chevallier \u00e0 Anse d&#039;Arlet  en Martinique le 5 octobre 2018.\"><\/div><div class=\"elementor-background-overlay\"><\/div><div class=\"swiper-slide-inner\" ><div class=\"swiper-slide-contents\"><h1 class=\"elementor-slide-heading\">DIE MARTINIQUE-AUSSTELLUNG<\/h1><div class=\"elementor-slide-description\"><p>Eine Mission der Erkundungen von Monaco<\/p>\n<\/div><\/div><\/div><\/div><div class=\"elementor-repeater-item-07a5b84 swiper-slide\" role=\"group\" aria-roledescription=\"slide\"><div class=\"swiper-slide-bg\" role=\"img\" aria-label=\"P20-FINI-165-110_BOD0934\"><\/div><div class=\"elementor-background-overlay\"><\/div><div class=\"swiper-slide-inner\" ><div class=\"swiper-slide-contents\"><h1 class=\"elementor-slide-heading\">DIE MARTINIQUE-AUSSTELLUNG<\/h1><div class=\"elementor-slide-description\"><p>Eine Mission der Erkundungen von Monaco<\/p>\n<\/div><\/div><\/div><\/div><div class=\"elementor-repeater-item-7dabb6e swiper-slide\" role=\"group\" aria-roledescription=\"slide\"><div class=\"swiper-slide-bg\" role=\"img\" aria-label=\"P14-165x110-FINI_BOD1000\"><\/div><div class=\"elementor-background-overlay\"><\/div><div class=\"swiper-slide-inner\" ><div class=\"swiper-slide-contents\"><h1 class=\"elementor-slide-heading\">DIE MARTINIQUE-AUSSTELLUNG<\/h1><div class=\"elementor-slide-description\"><p>Eine Mission der Erkundungen von Monaco<\/p>\n<\/div><\/div><\/div><\/div><div class=\"elementor-repeater-item-f1a812e swiper-slide\" role=\"group\" aria-roledescription=\"slide\"><div class=\"swiper-slide-bg\" role=\"img\" aria-label=\"P21-FINI-165-110_BOD0554\"><\/div><div class=\"elementor-background-overlay\"><\/div><div class=\"swiper-slide-inner\" ><div class=\"swiper-slide-contents\"><h1 class=\"elementor-slide-heading\">DIE MARTINIQUE-AUSSTELLUNG<\/h1><div class=\"elementor-slide-description\"><p>Eine Mission der Erkundungen von Monaco<\/p>\n<\/div><\/div><\/div><\/div>\t\t\t\t<\/div>\n\t\t\t\t\t\t\t\t\t\t\t\t\t\t\t<div class=\"elementor-swiper-button elementor-swiper-button-prev\" role=\"button\" tabindex=\"0\" aria-label=\"Vorheriger Slide\">\n\t\t\t\t\t\t\t<i aria-hidden=\"true\" class=\"eicon-chevron-left\"><\/i>\t\t\t\t\t\t<\/div>\n\t\t\t\t\t\t<div class=\"elementor-swiper-button elementor-swiper-button-next\" role=\"button\" tabindex=\"0\" aria-label=\"N\u00e4chster Slide\">\n\t\t\t\t\t\t\t<i aria-hidden=\"true\" class=\"eicon-chevron-right\"><\/i>\t\t\t\t\t\t<\/div>\n\t\t\t\t\t\t\t\t\t\t\t\t\t\t\t\t\t<\/div>\n\t\t\t\t<\/div>\n\t\t\t\t\t\t\t\t<\/div>\n\t\t\t\t<\/div>\n\t\t\t\t\t<\/div>\n\t\t<\/div>\n\t\t\t\t\t<\/div>\n\t\t<\/section>\n\t\t\t\t<section class=\"elementor-section elementor-top-section elementor-element elementor-element-bf72df6 elementor-section-full_width elementor-section-height-default elementor-section-height-default\" data-id=\"bf72df6\" data-element_type=\"section\" data-e-type=\"section\" data-settings=\"{&quot;background_background&quot;:&quot;classic&quot;}\">\n\t\t\t\t\t\t<div class=\"elementor-container elementor-column-gap-default\">\n\t\t\t\t\t<div class=\"elementor-column elementor-col-100 elementor-top-column elementor-element elementor-element-6b93c09a\" data-id=\"6b93c09a\" data-element_type=\"column\" data-e-type=\"column\">\n\t\t\t<div class=\"elementor-widget-wrap elementor-element-populated\">\n\t\t\t\t\t\t<div class=\"elementor-element elementor-element-5b8db508 elementor-widget elementor-widget-ee-breadcrumbs\" data-id=\"5b8db508\" data-element_type=\"widget\" data-e-type=\"widget\" data-widget_type=\"ee-breadcrumbs.default\">\n\t\t\t\t<div class=\"elementor-widget-container\">\n\t\t\t\t\t<ul class=\"ee-breadcrumbs\" itemscope=\"\" itemtype=\"http:\/\/schema.org\/BreadcrumbList\"><\/ul>\t\t\t\t<\/div>\n\t\t\t\t<\/div>\n\t\t\t\t<div class=\"elementor-element elementor-element-1457885 elementor-widget elementor-widget-spacer\" data-id=\"1457885\" data-element_type=\"widget\" data-e-type=\"widget\" data-widget_type=\"spacer.default\">\n\t\t\t\t<div class=\"elementor-widget-container\">\n\t\t\t\t\t\t\t<div class=\"elementor-spacer\">\n\t\t\t<div class=\"elementor-spacer-inner\"><\/div>\n\t\t<\/div>\n\t\t\t\t\t\t<\/div>\n\t\t\t\t<\/div>\n\t\t\t\t\t<\/div>\n\t\t<\/div>\n\t\t\t\t\t<\/div>\n\t\t<\/section>\n\t\t\t\t<section class=\"elementor-section elementor-top-section elementor-element elementor-element-8550ddf elementor-section-boxed elementor-section-height-default elementor-section-height-default\" data-id=\"8550ddf\" data-element_type=\"section\" data-e-type=\"section\">\n\t\t\t\t\t\t<div class=\"elementor-container elementor-column-gap-default\">\n\t\t\t\t\t<div class=\"elementor-column elementor-col-100 elementor-top-column elementor-element elementor-element-b6f5032\" data-id=\"b6f5032\" data-element_type=\"column\" data-e-type=\"column\">\n\t\t\t<div class=\"elementor-widget-wrap elementor-element-populated\">\n\t\t\t\t\t\t<div class=\"elementor-element elementor-element-9c8ea95 elementor-widget elementor-widget-text-editor\" data-id=\"9c8ea95\" data-element_type=\"widget\" data-e-type=\"widget\" data-widget_type=\"text-editor.default\">\n\t\t\t\t<div class=\"elementor-widget-container\">\n\t\t\t\t\t\t\t\t\t<p>Ab dem 17. Dezember 2019 wird im Konferenzraum des Ozeanographischen Museums die neue Ausstellung &#8222;Monaco Explorations&#8220; zum ersten Mal \u00f6ffentlich zu sehen sein!<\/p>\n<p>Sie haben Zugang zu etwa zwanzig sehr gro\u00dfformatigen Fotos: einige davon zeigen die Einweihung eines Meeresschutzgebietes auf Martinique in Anwesenheit von S.S.H. F\u00fcrst Albert II. von Monaco, als Hommage an Albert Falco, den ber\u00fchmten Stellvertreter von Kapit\u00e4n Cousteau; andere zeugen von der wissenschaftlichen Mission der Explorations de Monaco, die einige Monate sp\u00e4ter vor Ort folgte und sich auf Meeresschildkr\u00f6ten und insbesondere das Studium der gr\u00fcnen Schildkr\u00f6ten dank der neuen Techniken der Bordkameras und anderer verbundener Objekte konzentrierte. Erleben Sie diese Momente der Forschung und Vermittlung der Explorations de Monaco&#8230;<\/p>\n\t\t\t\t\t\t\t\t<\/div>\n\t\t\t\t<\/div>\n\t\t\t\t\t<\/div>\n\t\t<\/div>\n\t\t\t\t\t<\/div>\n\t\t<\/section>\n\t\t\t\t<section class=\"elementor-section elementor-top-section elementor-element elementor-element-57e07e21 elementor-section-boxed elementor-section-height-default elementor-section-height-default\" data-id=\"57e07e21\" data-element_type=\"section\" data-e-type=\"section\" data-settings=\"{&quot;background_background&quot;:&quot;classic&quot;}\">\n\t\t\t\t\t\t<div class=\"elementor-container elementor-column-gap-default\">\n\t\t\t\t\t<div class=\"elementor-column elementor-col-50 elementor-top-column elementor-element elementor-element-740120ad\" data-id=\"740120ad\" data-element_type=\"column\" data-e-type=\"column\" data-settings=\"{&quot;background_background&quot;:&quot;classic&quot;}\">\n\t\t\t<div class=\"elementor-widget-wrap elementor-element-populated\">\n\t\t\t\t\t\t<div class=\"elementor-element elementor-element-12cd14b elementor-widget elementor-widget-heading\" data-id=\"12cd14b\" data-element_type=\"widget\" data-e-type=\"widget\" data-widget_type=\"heading.default\">\n\t\t\t\t<div class=\"elementor-widget-container\">\n\t\t\t\t\t<h2 class=\"elementor-heading-title elementor-size-default\">Martinique: zwei Highlights<\/h2>\t\t\t\t<\/div>\n\t\t\t\t<\/div>\n\t\t\t\t<div class=\"elementor-element elementor-element-7a599708 elementor-widget elementor-widget-text-editor\" data-id=\"7a599708\" data-element_type=\"widget\" data-e-type=\"widget\" data-widget_type=\"text-editor.default\">\n\t\t\t\t<div class=\"elementor-widget-container\">\n\t\t\t\t\t\t\t\t\t<p>Diese Ausstellung zeichnet nach, wie die Verbindungen zwischen dem F\u00fcrstentum Monaco und Martinique in den Jahren 2017 und 2018 anl\u00e4sslich zweier Highlights gest\u00e4rkt wurden:<\/p>\n<ul>\n<li>Die Einweihung des Meeresnaturschutzgebiets Pr\u00eacheur Albert Falco durch S.D. Prinz Albert II. am 27. Oktober 2017,<\/li>\n<li>Die Mission wurde vom 2. bis 18. Oktober 2018 von Teams des Institut Pluridisciplinaire Hubert Curien (IPHC\/CNRS, Universit\u00e4t Stra\u00dfburg), Ifremer und Explorations de Monaco durchgef\u00fchrt, um das Verhalten der gr\u00fcnen Schildkr\u00f6ten zu untersuchen.<\/li>\n<\/ul>\n\t\t\t\t\t\t\t\t<\/div>\n\t\t\t\t<\/div>\n\t\t\t\t\t<\/div>\n\t\t<\/div>\n\t\t\t\t<div class=\"elementor-column elementor-col-50 elementor-top-column elementor-element elementor-element-2c6770c9\" data-id=\"2c6770c9\" data-element_type=\"column\" data-e-type=\"column\">\n\t\t\t<div class=\"elementor-widget-wrap elementor-element-populated\">\n\t\t\t\t\t\t<div class=\"elementor-element elementor-element-58755155 elementor-widget elementor-widget-image\" data-id=\"58755155\" data-element_type=\"widget\" data-e-type=\"widget\" data-widget_type=\"image.default\">\n\t\t\t\t<div class=\"elementor-widget-container\">\n\t\t\t\t\t\t\t\t\t\t\t\t<figure class=\"wp-caption\">\n\t\t\t\t\t\t\t\t\t\t<img fetchpriority=\"high\" decoding=\"async\" width=\"1024\" height=\"682\" src=\"https:\/\/musee.oceano.org\/wp-content\/uploads\/sites\/2\/2019\/12\/P1-FINI-165x110_BOD3704-1024x682.jpg\" class=\"attachment-large size-large wp-image-25548\" alt=\"\" srcset=\"https:\/\/musee.oceano.org\/wp-content\/uploads\/sites\/2\/2019\/12\/P1-FINI-165x110_BOD3704-1024x682.jpg 1024w, https:\/\/musee.oceano.org\/wp-content\/uploads\/sites\/2\/2019\/12\/P1-FINI-165x110_BOD3704-300x200.jpg 300w, https:\/\/musee.oceano.org\/wp-content\/uploads\/sites\/2\/2019\/12\/P1-FINI-165x110_BOD3704-768x512.jpg 768w, https:\/\/musee.oceano.org\/wp-content\/uploads\/sites\/2\/2019\/12\/P1-FINI-165x110_BOD3704.jpg 1181w\" sizes=\"(max-width: 1024px) 100vw, 1024px\" \/>\t\t\t\t\t\t\t\t\t\t\t<figcaption class=\"widget-image-caption wp-caption-text\">(c) EDM<\/figcaption>\n\t\t\t\t\t\t\t\t\t\t<\/figure>\n\t\t\t\t\t\t\t\t\t<\/div>\n\t\t\t\t<\/div>\n\t\t\t\t\t<\/div>\n\t\t<\/div>\n\t\t\t\t\t<\/div>\n\t\t<\/section>\n\t\t\t\t<section class=\"elementor-section elementor-top-section elementor-element elementor-element-5c492ee3 elementor-section-boxed elementor-section-height-default elementor-section-height-default\" data-id=\"5c492ee3\" data-element_type=\"section\" data-e-type=\"section\">\n\t\t\t\t\t\t<div class=\"elementor-container elementor-column-gap-default\">\n\t\t\t\t\t<div class=\"elementor-column elementor-col-50 elementor-top-column elementor-element elementor-element-3c61e9e7\" data-id=\"3c61e9e7\" data-element_type=\"column\" data-e-type=\"column\">\n\t\t\t<div class=\"elementor-widget-wrap elementor-element-populated\">\n\t\t\t\t\t\t<div class=\"elementor-element elementor-element-617c9c2b elementor-widget elementor-widget-heading\" data-id=\"617c9c2b\" data-element_type=\"widget\" data-e-type=\"widget\" data-widget_type=\"heading.default\">\n\t\t\t\t<div class=\"elementor-widget-container\">\n\t\t\t\t\t<h2 class=\"elementor-heading-title elementor-size-default\">Einweihung der Reserve<br>Albert Falco<\/h2>\t\t\t\t<\/div>\n\t\t\t\t<\/div>\n\t\t\t\t<div class=\"elementor-element elementor-element-11c2fd9c elementor-widget elementor-widget-text-editor\" data-id=\"11c2fd9c\" data-element_type=\"widget\" data-e-type=\"widget\" data-widget_type=\"text-editor.default\">\n\t\t\t\t<div class=\"elementor-widget-container\">\n\t\t\t\t\t\t\t\t\t<p>Am 27. Oktober 2017 begab sich S.D. F\u00fcrst Albert II. von Monaco in den Norden der &#8222;l&#8217;\u00eele aux fleurs&#8220;, um das Marine Territorial Nature Reserve Pr\u00eacheur Albert Falco einzuweihen und damit das Andenken an den Kapit\u00e4n der Calypso, einen treuen Begleiter von Kapit\u00e4n Jacques-Yves Cousteau, zu w\u00fcrdigen.<\/p>\n<p>Dieser Besuch symbolisiert das starke Engagement des F\u00fcrstentums f\u00fcr die Entwicklung von Meeresschutzgebieten in der ganzen Welt.<\/p>\n\t\t\t\t\t\t\t\t<\/div>\n\t\t\t\t<\/div>\n\t\t\t\t<section class=\"elementor-section elementor-inner-section elementor-element elementor-element-10b9d8f elementor-section-boxed elementor-section-height-default elementor-section-height-default\" data-id=\"10b9d8f\" data-element_type=\"section\" data-e-type=\"section\">\n\t\t\t\t\t\t<div class=\"elementor-container elementor-column-gap-default\">\n\t\t\t\t\t<div class=\"elementor-column elementor-col-50 elementor-inner-column elementor-element elementor-element-0b1cf8e\" data-id=\"0b1cf8e\" data-element_type=\"column\" data-e-type=\"column\">\n\t\t\t<div class=\"elementor-widget-wrap elementor-element-populated\">\n\t\t\t\t\t\t<div class=\"elementor-element elementor-element-786450c8 elementor-widget elementor-widget-text-editor\" data-id=\"786450c8\" data-element_type=\"widget\" data-e-type=\"widget\" data-widget_type=\"text-editor.default\">\n\t\t\t\t<div class=\"elementor-widget-container\">\n\t\t\t\t\t\t\t\t\t<blockquote>\n<div class=\"elementor-testimonial__text\">Heute haben wir genug Erfahrung, um zu wissen, dass Meeresreservate und Schutzgebiete der beste Weg sind, um \u00dcberfischung zu regulieren und \u00d6kosysteme zu sch\u00fctzen<\/div>\n<p><cite class=\"elementor-testimonial__cite\"><span class=\"elementor-testimonial__name\">S.AS. F\u00fcrst Albert II. von Monaco, 27. Oktober 2017, Martinique.<\/span><\/cite><\/p>\n<\/blockquote>\n\t\t\t\t\t\t\t\t<\/div>\n\t\t\t\t<\/div>\n\t\t\t\t\t<\/div>\n\t\t<\/div>\n\t\t\t\t<div class=\"elementor-column elementor-col-50 elementor-inner-column elementor-element elementor-element-7ab09ec\" data-id=\"7ab09ec\" data-element_type=\"column\" data-e-type=\"column\">\n\t\t\t<div class=\"elementor-widget-wrap elementor-element-populated\">\n\t\t\t\t\t\t<div class=\"elementor-element elementor-element-8e339dc elementor-widget elementor-widget-image\" data-id=\"8e339dc\" data-element_type=\"widget\" data-e-type=\"widget\" data-widget_type=\"image.default\">\n\t\t\t\t<div class=\"elementor-widget-container\">\n\t\t\t\t\t\t\t\t\t\t\t\t\t\t\t<img decoding=\"async\" width=\"300\" height=\"300\" src=\"https:\/\/musee.oceano.org\/wp-content\/uploads\/sites\/2\/2019\/12\/P5-110x110-01_Albert-Falco_Guy-Ventouillac-300x300.jpg\" class=\"attachment-medium size-medium wp-image-25549\" alt=\"\" srcset=\"https:\/\/musee.oceano.org\/wp-content\/uploads\/sites\/2\/2019\/12\/P5-110x110-01_Albert-Falco_Guy-Ventouillac-300x300.jpg 300w, https:\/\/musee.oceano.org\/wp-content\/uploads\/sites\/2\/2019\/12\/P5-110x110-01_Albert-Falco_Guy-Ventouillac-150x150.jpg 150w, https:\/\/musee.oceano.org\/wp-content\/uploads\/sites\/2\/2019\/12\/P5-110x110-01_Albert-Falco_Guy-Ventouillac-768x768.jpg 768w, https:\/\/musee.oceano.org\/wp-content\/uploads\/sites\/2\/2019\/12\/P5-110x110-01_Albert-Falco_Guy-Ventouillac-1024x1024.jpg 1024w, https:\/\/musee.oceano.org\/wp-content\/uploads\/sites\/2\/2019\/12\/P5-110x110-01_Albert-Falco_Guy-Ventouillac-433x433.jpg 433w, https:\/\/musee.oceano.org\/wp-content\/uploads\/sites\/2\/2019\/12\/P5-110x110-01_Albert-Falco_Guy-Ventouillac-334x334.jpg 334w, https:\/\/musee.oceano.org\/wp-content\/uploads\/sites\/2\/2019\/12\/P5-110x110-01_Albert-Falco_Guy-Ventouillac.jpg 1050w\" sizes=\"(max-width: 300px) 100vw, 300px\" \/>\t\t\t\t\t\t\t\t\t\t\t\t\t\t\t<\/div>\n\t\t\t\t<\/div>\n\t\t\t\t\t<\/div>\n\t\t<\/div>\n\t\t\t\t\t<\/div>\n\t\t<\/section>\n\t\t\t\t<div class=\"elementor-element elementor-element-479c3cf elementor-widget elementor-widget-video\" data-id=\"479c3cf\" data-element_type=\"widget\" data-e-type=\"widget\" data-settings=\"{&quot;youtube_url&quot;:&quot;https:\\\/\\\/youtu.be\\\/Cz9xi6H9mTw&quot;,&quot;video_type&quot;:&quot;youtube&quot;,&quot;controls&quot;:&quot;yes&quot;}\" data-widget_type=\"video.default\">\n\t\t\t\t<div class=\"elementor-widget-container\">\n\t\t\t\t\t\t\t<div class=\"elementor-wrapper elementor-open-inline\">\n\t\t\t<div class=\"elementor-video\"><\/div>\t\t<\/div>\n\t\t\t\t\t\t<\/div>\n\t\t\t\t<\/div>\n\t\t\t\t<div class=\"elementor-element elementor-element-55d01a64 elementor-widget elementor-widget-text-editor\" data-id=\"55d01a64\" data-element_type=\"widget\" data-e-type=\"widget\" data-widget_type=\"text-editor.default\">\n\t\t\t\t<div class=\"elementor-widget-container\">\n\t\t\t\t\t\t\t\t\t<h1><span style=\"letter-spacing: 0.16px;\">HOMMAGE AN DEN FISCHMENSCHEN<\/span><\/h1>\n<p>Der ber\u00fchmte Taucher und Kapit\u00e4n der Calypso, dem Schiff von Kapit\u00e4n J-Y Cousteau, Albert Falco war einer der Initiatoren des Projekts des territorialen Naturreservats Pr\u00eacheur, das heute seinen Namen tr\u00e4gt. Dieser Liebhaber des Meeres und von Martinique hat seine Spuren bei denen hinterlassen, die das Privileg hatten, mit ihm zu arbeiten. Die Menschen auf Martinique haben sein Engagement f\u00fcr den Schutz und die F\u00f6rderung des Unterwassererbes der Insel nicht vergessen  <\/span><\/h1>\n\t\t\t\t\t\t\t\t<\/div>\n\t\t\t\t<\/div>\n\t\t\t\t<div class=\"elementor-element elementor-element-045f53b elementor-widget elementor-widget-heading\" data-id=\"045f53b\" data-element_type=\"widget\" data-e-type=\"widget\" data-widget_type=\"heading.default\">\n\t\t\t\t<div class=\"elementor-widget-container\">\n\t\t\t\t\t<h2 class=\"elementor-heading-title elementor-size-default\">MARTINIQUE, EINE INSEL, DIE VON SCHILDKR\u00d6TEN BESUCHT WIRD\n<\/h2>\t\t\t\t<\/div>\n\t\t\t\t<\/div>\n\t\t\t\t<div class=\"elementor-element elementor-element-05fb1b7 elementor-widget elementor-widget-text-editor\" data-id=\"05fb1b7\" data-element_type=\"widget\" data-e-type=\"widget\" data-widget_type=\"text-editor.default\">\n\t\t\t\t<div class=\"elementor-widget-container\">\n\t\t\t\t\t\t\t\t\t<p>F\u00fcnf der sieben Arten von Meeresschildkr\u00f6ten kommen an der K\u00fcste von Martinique vor. Unter ihnen werden drei Arten sehr regelm\u00e4\u00dfig beobachtet: die Echte Karettschildkr\u00f6te, die Lederschildkr\u00f6te und die Gr\u00fcne Meeresschildkr\u00f6te, die in diesem Gebiet am h\u00e4ufigsten vorkommt. Im S\u00fcdwesten der Insel ist die Anses d&#8217;Arlet das Hauptnahrungsgebiet f\u00fcr die noch unreifen Jungv\u00f6gel dieser Art. Dort haben die Wissenschaftler sie w\u00e4hrend der Mission im Oktober 2018 haupts\u00e4chlich untersucht.<\/p>\n\t\t\t\t\t\t\t\t<\/div>\n\t\t\t\t<\/div>\n\t\t\t\t\t<\/div>\n\t\t<\/div>\n\t\t\t\t<div class=\"elementor-column elementor-col-50 elementor-top-column elementor-element elementor-element-1663cc51\" data-id=\"1663cc51\" data-element_type=\"column\" data-e-type=\"column\" data-settings=\"{&quot;background_background&quot;:&quot;classic&quot;}\">\n\t\t\t<div class=\"elementor-widget-wrap elementor-element-populated\">\n\t\t\t\t\t\t<div class=\"elementor-element elementor-element-99eb3fb elementor-widget elementor-widget-image\" data-id=\"99eb3fb\" data-element_type=\"widget\" data-e-type=\"widget\" data-widget_type=\"image.default\">\n\t\t\t\t<div class=\"elementor-widget-container\">\n\t\t\t\t\t\t\t\t\t\t\t\t\t\t\t<img decoding=\"async\" width=\"433\" height=\"433\" src=\"https:\/\/musee.oceano.org\/wp-content\/uploads\/sites\/2\/2019\/12\/P7-FINI-110x110_DIV3129modif_2-433x433.jpg\" class=\"attachment-img-bloc-three-content size-img-bloc-three-content wp-image-25541\" alt=\"\" srcset=\"https:\/\/musee.oceano.org\/wp-content\/uploads\/sites\/2\/2019\/12\/P7-FINI-110x110_DIV3129modif_2-433x433.jpg 433w, https:\/\/musee.oceano.org\/wp-content\/uploads\/sites\/2\/2019\/12\/P7-FINI-110x110_DIV3129modif_2-150x150.jpg 150w, https:\/\/musee.oceano.org\/wp-content\/uploads\/sites\/2\/2019\/12\/P7-FINI-110x110_DIV3129modif_2-300x300.jpg 300w, https:\/\/musee.oceano.org\/wp-content\/uploads\/sites\/2\/2019\/12\/P7-FINI-110x110_DIV3129modif_2-768x768.jpg 768w, https:\/\/musee.oceano.org\/wp-content\/uploads\/sites\/2\/2019\/12\/P7-FINI-110x110_DIV3129modif_2-1024x1024.jpg 1024w, https:\/\/musee.oceano.org\/wp-content\/uploads\/sites\/2\/2019\/12\/P7-FINI-110x110_DIV3129modif_2-334x334.jpg 334w\" sizes=\"(max-width: 433px) 100vw, 433px\" \/>\t\t\t\t\t\t\t\t\t\t\t\t\t\t\t<\/div>\n\t\t\t\t<\/div>\n\t\t\t\t<div class=\"elementor-element elementor-element-25d1f1e0 elementor-widget elementor-widget-heading\" data-id=\"25d1f1e0\" data-element_type=\"widget\" data-e-type=\"widget\" data-widget_type=\"heading.default\">\n\t\t\t\t<div class=\"elementor-widget-container\">\n\t\t\t\t\t<h2 class=\"elementor-heading-title elementor-size-default\">eine eindrucksvolle Fotoausstellung<\/h2>\t\t\t\t<\/div>\n\t\t\t\t<\/div>\n\t\t\t\t<div class=\"elementor-element elementor-element-3c32f1f0 elementor-widget elementor-widget-heading\" data-id=\"3c32f1f0\" data-element_type=\"widget\" data-e-type=\"widget\" data-widget_type=\"heading.default\">\n\t\t\t\t<div class=\"elementor-widget-container\">\n\t\t\t\t\t<h2 class=\"elementor-heading-title elementor-size-default\"><span style=\"font-family: gilroy-medium, sans-serif;font-size: 16px;font-weight: 400;letter-spacing: 0.16px;text-transform: none;white-space: normal\">DIE MONACO-ERKUNDUNGSMISSION IN 20 GROSSFORMATIGEN FOTOS<\/span><\/h2>\t\t\t\t<\/div>\n\t\t\t\t<\/div>\n\t\t\t\t<section class=\"elementor-section elementor-inner-section elementor-element elementor-element-568ae70 elementor-section-boxed elementor-section-height-default elementor-section-height-default\" data-id=\"568ae70\" data-element_type=\"section\" data-e-type=\"section\">\n\t\t\t\t\t\t<div class=\"elementor-container elementor-column-gap-default\">\n\t\t\t\t\t<div class=\"elementor-column elementor-col-100 elementor-inner-column elementor-element elementor-element-f82500a\" data-id=\"f82500a\" data-element_type=\"column\" data-e-type=\"column\">\n\t\t\t<div class=\"elementor-widget-wrap elementor-element-populated\">\n\t\t\t\t\t\t<div class=\"elementor-element elementor-element-03931a5 elementor-widget elementor-widget-text-editor\" data-id=\"03931a5\" data-element_type=\"widget\" data-e-type=\"widget\" data-widget_type=\"text-editor.default\">\n\t\t\t\t<div class=\"elementor-widget-container\">\n\t\t\t\t\t\t\t\t\t<p style=\"text-align: left;\"><span style=\"letter-spacing: 0.16px;\">Erleben Sie diese Highlights der Monaco Explorations von 2017 \/ 2018, von denen dies die erste \u00f6ffentliche Ausstellung ist.<\/span><\/p>\n<p style=\"text-align: left;\"><span style=\"letter-spacing: 0.16px;\">Das Schicksal vieler Meeresschildkr\u00f6ten h\u00e4ngt sowohl von wissenschaftlichen Erkenntnissen als auch von Ma\u00dfnahmen zur Verbreitung dieses Wissens ab.  <\/span><span style=\"letter-spacing: 0.16px;\">Diese Mission der Erkundungen von Monaco verband diese beiden Aspekte des Schutzes des Ozeans besonders gut&#8230;<\/span><\/p>\n\t\t\t\t\t\t\t\t<\/div>\n\t\t\t\t<\/div>\n\t\t\t\t<div class=\"elementor-element elementor-element-0317ccc elementor-widget elementor-widget-image\" data-id=\"0317ccc\" data-element_type=\"widget\" data-e-type=\"widget\" data-widget_type=\"image.default\">\n\t\t\t\t<div class=\"elementor-widget-container\">\n\t\t\t\t\t\t\t\t\t\t\t\t<figure class=\"wp-caption\">\n\t\t\t\t\t\t\t\t\t\t<img loading=\"lazy\" decoding=\"async\" width=\"250\" height=\"250\" src=\"https:\/\/musee.oceano.org\/wp-content\/uploads\/sites\/2\/2019\/12\/TortueVerte_Camera_CNRS-3-oh1x9u9vpei5902tlt5xmpqwn1u66bgfaxneheww1w.jpg\" class=\"attachment-large size-large wp-image-25547\" alt=\"\" srcset=\"https:\/\/musee.oceano.org\/wp-content\/uploads\/sites\/2\/2019\/12\/TortueVerte_Camera_CNRS-3-oh1x9u9vpei5902tlt5xmpqwn1u66bgfaxneheww1w.jpg 250w, https:\/\/musee.oceano.org\/wp-content\/uploads\/sites\/2\/2019\/12\/TortueVerte_Camera_CNRS-3-oh1x9u9vpei5902tlt5xmpqwn1u66bgfaxneheww1w-150x150.jpg 150w, https:\/\/musee.oceano.org\/wp-content\/uploads\/sites\/2\/2019\/12\/TortueVerte_Camera_CNRS-3-oh1x9u9vpei5902tlt5xmpqwn1u66bgfaxneheww1w-433x433.jpg 433w, https:\/\/musee.oceano.org\/wp-content\/uploads\/sites\/2\/2019\/12\/TortueVerte_Camera_CNRS-3-oh1x9u9vpei5902tlt5xmpqwn1u66bgfaxneheww1w-334x334.jpg 334w\" sizes=\"(max-width: 250px) 100vw, 250px\" \/>\t\t\t\t\t\t\t\t\t\t\t<figcaption class=\"widget-image-caption wp-caption-text\"><\/figcaption>\n\t\t\t\t\t\t\t\t\t\t<\/figure>\n\t\t\t\t\t\t\t\t\t<\/div>\n\t\t\t\t<\/div>\n\t\t\t\t<div class=\"elementor-element elementor-element-3a0e8ad elementor-widget elementor-widget-text-editor\" data-id=\"3a0e8ad\" data-element_type=\"widget\" data-e-type=\"widget\" data-widget_type=\"text-editor.default\">\n\t\t\t\t<div class=\"elementor-widget-container\">\n\t\t\t\t\t\t\t\t\t<p style=\"text-align: left;\"><span style=\"letter-spacing: 0.16px;\">Die Erkundungen von Monaco sind eine Plattform f\u00fcr das Engagement S.D. F\u00fcrst Albert II. f\u00fcr die Kenntnis, das nachhaltige Management und den Schutz der  <\/span><span style=\"letter-spacing: 0.16px;\">den Ozean. Sie wurden auf Initiative der Regierung des F\u00fcrstentums Monaco gegr\u00fcndet und  <\/span><span style=\"letter-spacing: 0.16px;\">die Stiftung F\u00fcrst Albert II. von Monaco, das Ozeanographische Institut, das Monaco Scientific <\/span><span style=\"letter-spacing: 0.16px;\">Wissenschaftszentrum und dem Yacht Club von Monaco. <\/span> <\/p>\n\t\t\t\t\t\t\t\t<\/div>\n\t\t\t\t<\/div>\n\t\t\t\t\t<\/div>\n\t\t<\/div>\n\t\t\t\t\t<\/div>\n\t\t<\/section>\n\t\t\t\t\t<\/div>\n\t\t<\/div>\n\t\t\t\t\t<\/div>\n\t\t<\/section>\n\t\t\t\t<section class=\"elementor-section elementor-top-section elementor-element elementor-element-708c092a elementor-section-boxed elementor-section-height-default elementor-section-height-default\" data-id=\"708c092a\" data-element_type=\"section\" data-e-type=\"section\" data-settings=\"{&quot;background_background&quot;:&quot;classic&quot;}\">\n\t\t\t\t\t\t<div class=\"elementor-container elementor-column-gap-default\">\n\t\t\t\t\t<div class=\"elementor-column elementor-col-100 elementor-top-column elementor-element elementor-element-d7bb78d\" data-id=\"d7bb78d\" data-element_type=\"column\" data-e-type=\"column\">\n\t\t\t<div class=\"elementor-widget-wrap elementor-element-populated\">\n\t\t\t\t\t\t<section class=\"elementor-section elementor-inner-section elementor-element elementor-element-177df259 elementor-section-boxed elementor-section-height-default elementor-section-height-default\" data-id=\"177df259\" data-element_type=\"section\" data-e-type=\"section\" data-settings=\"{&quot;background_background&quot;:&quot;classic&quot;}\">\n\t\t\t\t\t\t<div class=\"elementor-container elementor-column-gap-default\">\n\t\t\t\t\t<div class=\"elementor-column elementor-col-50 elementor-inner-column elementor-element elementor-element-569f3047\" data-id=\"569f3047\" data-element_type=\"column\" data-e-type=\"column\">\n\t\t\t<div class=\"elementor-widget-wrap elementor-element-populated\">\n\t\t\t\t\t\t<div class=\"elementor-element elementor-element-7bdc41ab elementor-widget elementor-widget-heading\" data-id=\"7bdc41ab\" data-element_type=\"widget\" data-e-type=\"widget\" data-widget_type=\"heading.default\">\n\t\t\t\t<div class=\"elementor-widget-container\">\n\t\t\t\t\t<h2 class=\"elementor-heading-title elementor-size-default\">zwei intensive Wochen<\/h2>\t\t\t\t<\/div>\n\t\t\t\t<\/div>\n\t\t\t\t<div class=\"elementor-element elementor-element-6f88024d elementor-widget elementor-widget-text-editor\" data-id=\"6f88024d\" data-element_type=\"widget\" data-e-type=\"widget\" data-widget_type=\"text-editor.default\">\n\t\t\t\t<div class=\"elementor-widget-container\">\n\t\t\t\t\t\t\t\t\t<p>Zwei intensive Wochen wissenschaftlicher Arbeit vor Ort, reich an Lektionen und Informationen, trugen dazu bei, das Wissen und den Schutz dieser Art zu verbessern. Innovative Technologien, die On-Board-Kameras und verbundene Objekte kombinieren, wurden implementiert. Zwei Wochen, die auch Anlass f\u00fcr bewusstseinsbildende Aktivit\u00e4ten f\u00fcr die j\u00fcngere Generation waren.<\/p>\n<p>Damien Chevallier (IPHC) entdeckte, dass gr\u00fcne Schildkr\u00f6ten, die an der K\u00fcste von Franz\u00f6sisch-Guayana geboren wurden, ihr Wachstum f\u00fcr mehrere Jahre auf den Seegraswiesen der Westindischen Inseln, insbesondere auf der Anses d&#8217;Arlet, sicherstellen. Jedes Jahr werden von mehreren Individuen Mikrofragmente des Fleisches, der Haut und des Panzers entnommen. Ihre Analyse hilft, die Herkunft von Personen und den Gesundheitszustand dieser Bev\u00f6lkerung besser zu verstehen. Das Vorhandensein von Verunreinigungen oder Viren kann erkannt werden. Die Schildkr\u00f6ten werden unter Wasser gefangen und an die Oberfl\u00e4che gebracht.<\/p>\n\t\t\t\t\t\t\t\t<\/div>\n\t\t\t\t<\/div>\n\t\t\t\t<div class=\"elementor-element elementor-element-1bde95f elementor-widget elementor-widget-button\" data-id=\"1bde95f\" data-element_type=\"widget\" data-e-type=\"widget\" data-widget_type=\"button.default\">\n\t\t\t\t<div class=\"elementor-widget-container\">\n\t\t\t\t\t\t\t\t\t<div class=\"elementor-button-wrapper\">\n\t\t\t\t\t<a class=\"elementor-button elementor-button-link elementor-size-sm\" href=\"https:\/\/www.monacoexplorations.org\/missions\/martinique-2018-atlantique\/\" target=\"_blank\">\n\t\t\t\t\t\t<span class=\"elementor-button-content-wrapper\">\n\t\t\t\t\t\t\t\t\t<span class=\"elementor-button-text\">Entdecken Sie die Mission Martinique<\/span>\n\t\t\t\t\t<\/span>\n\t\t\t\t\t<\/a>\n\t\t\t\t<\/div>\n\t\t\t\t\t\t\t\t<\/div>\n\t\t\t\t<\/div>\n\t\t\t\t\t<\/div>\n\t\t<\/div>\n\t\t\t\t<div class=\"elementor-column elementor-col-50 elementor-inner-column elementor-element elementor-element-408724c7\" data-id=\"408724c7\" data-element_type=\"column\" data-e-type=\"column\">\n\t\t\t<div class=\"elementor-widget-wrap elementor-element-populated\">\n\t\t\t\t\t\t<div class=\"elementor-element elementor-element-1839fe0c elementor-widget elementor-widget-image\" data-id=\"1839fe0c\" data-element_type=\"widget\" data-e-type=\"widget\" data-widget_type=\"image.default\">\n\t\t\t\t<div class=\"elementor-widget-container\">\n\t\t\t\t\t\t\t\t\t\t\t\t\t\t\t<img loading=\"lazy\" decoding=\"async\" width=\"762\" height=\"578\" src=\"https:\/\/musee.oceano.org\/wp-content\/uploads\/sites\/2\/2019\/12\/P15-110x110_BOD0762-762x578.jpg\" class=\"attachment-img-actu-section size-img-actu-section wp-image-25555\" alt=\"\" \/>\t\t\t\t\t\t\t\t\t\t\t\t\t\t\t<\/div>\n\t\t\t\t<\/div>\n\t\t\t\t\t<\/div>\n\t\t<\/div>\n\t\t\t\t\t<\/div>\n\t\t<\/section>\n\t\t\t\t\t<\/div>\n\t\t<\/div>\n\t\t\t\t\t<\/div>\n\t\t<\/section>\n\t\t\t\t<section class=\"elementor-section elementor-top-section elementor-element elementor-element-20bfdd01 elementor-section-full_width elementor-section-height-default elementor-section-height-default\" data-id=\"20bfdd01\" data-element_type=\"section\" data-e-type=\"section\">\n\t\t\t\t\t\t<div class=\"elementor-container elementor-column-gap-default\">\n\t\t\t\t\t<div class=\"elementor-column elementor-col-100 elementor-top-column elementor-element elementor-element-ce80243\" data-id=\"ce80243\" data-element_type=\"column\" data-e-type=\"column\">\n\t\t\t<div class=\"elementor-widget-wrap elementor-element-populated\">\n\t\t\t\t\t\t<div class=\"elementor-element elementor-element-1317ac03 elementor-widget elementor-widget-heading\" data-id=\"1317ac03\" data-element_type=\"widget\" data-e-type=\"widget\" data-widget_type=\"heading.default\">\n\t\t\t\t<div class=\"elementor-widget-container\">\n\t\t\t\t\t<h2 class=\"elementor-heading-title elementor-size-default\">Auch zu sehen\n\n<\/h2>\t\t\t\t<\/div>\n\t\t\t\t<\/div>\n\t\t\t\t\t<\/div>\n\t\t<\/div>\n\t\t\t\t\t<\/div>\n\t\t<\/section>\n\t\t\t\t<section class=\"elementor-section elementor-top-section elementor-element elementor-element-646633d3 elementor-section-boxed elementor-section-height-default elementor-section-height-default\" data-id=\"646633d3\" data-element_type=\"section\" data-e-type=\"section\" data-settings=\"{&quot;background_background&quot;:&quot;classic&quot;}\">\n\t\t\t\t\t\t<div class=\"elementor-container elementor-column-gap-default\">\n\t\t\t\t\t<div class=\"elementor-column elementor-col-33 elementor-top-column elementor-element elementor-element-7517c4d9\" data-id=\"7517c4d9\" data-element_type=\"column\" data-e-type=\"column\">\n\t\t\t<div class=\"elementor-widget-wrap elementor-element-populated\">\n\t\t\t\t\t\t<div class=\"elementor-element elementor-element-4f6598b7 elementor-widget elementor-widget-image\" data-id=\"4f6598b7\" data-element_type=\"widget\" data-e-type=\"widget\" data-widget_type=\"image.default\">\n\t\t\t\t<div class=\"elementor-widget-container\">\n\t\t\t\t\t\t\t\t\t\t\t\t\t\t\t<img decoding=\"async\" src=\"https:\/\/musee.oceano.org\/wp-content\/uploads\/sites\/2\/elementor\/thumbs\/3-1-MOM_0344-scaled-rjyt4by7d5btnnqa4w5qnm1rrsfmmi8uut7hpeu6ne.jpg\" title=\"3-1-MOM_0344\" alt=\"3-1-MOM_0344\" loading=\"lazy\" \/>\t\t\t\t\t\t\t\t\t\t\t\t\t\t\t<\/div>\n\t\t\t\t<\/div>\n\t\t\t\t<div class=\"elementor-element elementor-element-486e7a0d elementor-widget elementor-widget-heading\" data-id=\"486e7a0d\" data-element_type=\"widget\" data-e-type=\"widget\" data-widget_type=\"heading.default\">\n\t\t\t\t<div class=\"elementor-widget-container\">\n\t\t\t\t\t<h2 class=\"elementor-heading-title elementor-size-default\">Die Aquarien des Museums<\/h2>\t\t\t\t<\/div>\n\t\t\t\t<\/div>\n\t\t\t\t<div class=\"elementor-element elementor-element-55b031d8 elementor-align-center elementor-widget elementor-widget-button\" data-id=\"55b031d8\" data-element_type=\"widget\" data-e-type=\"widget\" data-widget_type=\"button.default\">\n\t\t\t\t<div class=\"elementor-widget-container\">\n\t\t\t\t\t\t\t\t\t<div class=\"elementor-button-wrapper\">\n\t\t\t\t\t<a class=\"elementor-button elementor-button-link elementor-size-md\" href=\"https:\/\/musee.oceano.org\/de\/aquarien\/\">\n\t\t\t\t\t\t<span class=\"elementor-button-content-wrapper\">\n\t\t\t\t\t\t\t\t\t<span class=\"elementor-button-text\">ENTDECKEN<\/span>\n\t\t\t\t\t<\/span>\n\t\t\t\t\t<\/a>\n\t\t\t\t<\/div>\n\t\t\t\t\t\t\t\t<\/div>\n\t\t\t\t<\/div>\n\t\t\t\t\t<\/div>\n\t\t<\/div>\n\t\t\t\t<div class=\"elementor-column elementor-col-33 elementor-top-column elementor-element elementor-element-5fff2e74\" data-id=\"5fff2e74\" data-element_type=\"column\" data-e-type=\"column\">\n\t\t\t<div class=\"elementor-widget-wrap elementor-element-populated\">\n\t\t\t\t\t\t<div class=\"elementor-element elementor-element-66e6393e elementor-widget elementor-widget-image\" data-id=\"66e6393e\" data-element_type=\"widget\" data-e-type=\"widget\" data-widget_type=\"image.default\">\n\t\t\t\t<div class=\"elementor-widget-container\">\n\t\t\t\t\t\t\t\t\t\t\t\t\t\t\t<img decoding=\"async\" src=\"https:\/\/musee.oceano.org\/wp-content\/uploads\/sites\/2\/elementor\/thumbs\/ALBERT_badu-rjyt42jtgsyyfk3xns3gyof5txpyhj7jhiomwn84dm.png\" title=\"ALBERT_badu\" alt=\"ALBERT_badu\" loading=\"lazy\" \/>\t\t\t\t\t\t\t\t\t\t\t\t\t\t\t<\/div>\n\t\t\t\t<\/div>\n\t\t\t\t<div class=\"elementor-element elementor-element-6928c046 elementor-widget elementor-widget-heading\" data-id=\"6928c046\" data-element_type=\"widget\" data-e-type=\"widget\" data-widget_type=\"heading.default\">\n\t\t\t\t<div class=\"elementor-widget-container\">\n\t\t\t\t\t<h2 class=\"elementor-heading-title elementor-size-default\">Erkundungen von Monaco<\/h2>\t\t\t\t<\/div>\n\t\t\t\t<\/div>\n\t\t\t\t<div class=\"elementor-element elementor-element-78228566 elementor-align-center elementor-widget elementor-widget-button\" data-id=\"78228566\" data-element_type=\"widget\" data-e-type=\"widget\" data-widget_type=\"button.default\">\n\t\t\t\t<div class=\"elementor-widget-container\">\n\t\t\t\t\t\t\t\t\t<div class=\"elementor-button-wrapper\">\n\t\t\t\t\t<a class=\"elementor-button elementor-button-link elementor-size-md\" href=\"https:\/\/www.oceano.org\/de\/monaco-die-stimme-des-ozeans\/erkundungen-von-monaco\/\">\n\t\t\t\t\t\t<span class=\"elementor-button-content-wrapper\">\n\t\t\t\t\t\t\t\t\t<span class=\"elementor-button-text\">EXPLORE<\/span>\n\t\t\t\t\t<\/span>\n\t\t\t\t\t<\/a>\n\t\t\t\t<\/div>\n\t\t\t\t\t\t\t\t<\/div>\n\t\t\t\t<\/div>\n\t\t\t\t\t<\/div>\n\t\t<\/div>\n\t\t\t\t<div class=\"elementor-column elementor-col-33 elementor-top-column elementor-element elementor-element-66cdc717\" data-id=\"66cdc717\" data-element_type=\"column\" data-e-type=\"column\">\n\t\t\t<div class=\"elementor-widget-wrap elementor-element-populated\">\n\t\t\t\t\t\t<div class=\"elementor-element elementor-element-8c6951c elementor-widget elementor-widget-image\" data-id=\"8c6951c\" data-element_type=\"widget\" data-e-type=\"widget\" data-widget_type=\"image.default\">\n\t\t\t\t<div class=\"elementor-widget-container\">\n\t\t\t\t\t\t\t\t\t\t\t\t\t\t\t<img decoding=\"async\" src=\"https:\/\/musee.oceano.org\/wp-content\/uploads\/sites\/2\/elementor\/thumbs\/httpswww.instagram.compBx-BKBfFQAN-rjyt4gnebbi99pjgdg6vi2v2qpsgozrijggx3sn7sa.jpg\" title=\"httpswww.instagram.compBx-BKBfFQAN\" alt=\"httpswww.instagram.compBx-BKBfFQAN\" loading=\"lazy\" \/>\t\t\t\t\t\t\t\t\t\t\t\t\t\t\t<\/div>\n\t\t\t\t<\/div>\n\t\t\t\t<div class=\"elementor-element elementor-element-31210fe4 elementor-widget elementor-widget-heading\" data-id=\"31210fe4\" data-element_type=\"widget\" data-e-type=\"widget\" data-widget_type=\"heading.default\">\n\t\t\t\t<div class=\"elementor-widget-container\">\n\t\t\t\t\t<h2 class=\"elementor-heading-title elementor-size-default\">Schildkr\u00f6ten-Odyssee<\/h2>\t\t\t\t<\/div>\n\t\t\t\t<\/div>\n\t\t\t\t<div class=\"elementor-element elementor-element-554ab27b elementor-align-center elementor-widget elementor-widget-button\" data-id=\"554ab27b\" data-element_type=\"widget\" data-e-type=\"widget\" data-widget_type=\"button.default\">\n\t\t\t\t<div class=\"elementor-widget-container\">\n\t\t\t\t\t\t\t\t\t<div class=\"elementor-button-wrapper\">\n\t\t\t\t\t<a class=\"elementor-button elementor-button-link elementor-size-md\" href=\"https:\/\/musee.oceano.org\/de\/die-odyssee-der-meeresschildkroeten\/\">\n\t\t\t\t\t\t<span class=\"elementor-button-content-wrapper\">\n\t\t\t\t\t\t\t\t\t<span class=\"elementor-button-text\">BESUCHE<\/span>\n\t\t\t\t\t<\/span>\n\t\t\t\t\t<\/a>\n\t\t\t\t<\/div>\n\t\t\t\t\t\t\t\t<\/div>\n\t\t\t\t<\/div>\n\t\t\t\t\t<\/div>\n\t\t<\/div>\n\t\t\t\t\t<\/div>\n\t\t<\/section>\n\t\t\t\t<section class=\"elementor-section elementor-top-section elementor-element elementor-element-635215f8 elementor-section-full_width elementor-section-height-default elementor-section-height-default\" data-id=\"635215f8\" data-element_type=\"section\" data-e-type=\"section\" data-settings=\"{&quot;background_background&quot;:&quot;classic&quot;}\">\n\t\t\t\t\t\t<div class=\"elementor-container elementor-column-gap-default\">\n\t\t\t\t\t<div class=\"elementor-column elementor-col-100 elementor-top-column elementor-element elementor-element-4a72a651\" data-id=\"4a72a651\" data-element_type=\"column\" data-e-type=\"column\">\n\t\t\t<div class=\"elementor-widget-wrap elementor-element-populated\">\n\t\t\t\t\t\t<div class=\"elementor-element elementor-element-6d5aff7a elementor-widget elementor-widget-heading\" data-id=\"6d5aff7a\" data-element_type=\"widget\" data-e-type=\"widget\" data-widget_type=\"heading.default\">\n\t\t\t\t<div class=\"elementor-widget-container\">\n\t\t\t\t\t<h2 class=\"elementor-heading-title elementor-size-default\">Vergangene Ausstellungen<\/h2>\t\t\t\t<\/div>\n\t\t\t\t<\/div>\n\t\t\t\t\t<\/div>\n\t\t<\/div>\n\t\t\t\t\t<\/div>\n\t\t<\/section>\n\t\t\t\t<section class=\"elementor-section elementor-top-section elementor-element elementor-element-6a904711 elementor-section-content-middle elementor-section-boxed elementor-section-height-default elementor-section-height-default\" data-id=\"6a904711\" data-element_type=\"section\" data-e-type=\"section\" data-settings=\"{&quot;background_background&quot;:&quot;classic&quot;}\">\n\t\t\t\t\t\t<div class=\"elementor-container elementor-column-gap-default\">\n\t\t\t\t\t<div class=\"elementor-column elementor-col-100 elementor-top-column elementor-element elementor-element-131b51a\" data-id=\"131b51a\" data-element_type=\"column\" data-e-type=\"column\">\n\t\t\t<div class=\"elementor-widget-wrap elementor-element-populated\">\n\t\t\t\t\t\t<div class=\"elementor-element elementor-element-2f410b04 elementor-widget elementor-widget-shortcode\" data-id=\"2f410b04\" data-element_type=\"widget\" data-e-type=\"widget\" data-widget_type=\"shortcode.default\">\n\t\t\t\t<div class=\"elementor-widget-container\">\n\t\t\t\t\t\t\t<div class=\"elementor-shortcode\"><div class=\"related-cp\">\n    <div class=\"flex-container former_expositions_slides\">\n        <div class=\"txt-center cp-block\">\n    <div class=\"zoom-effect\">\n        <img loading=\"lazy\" decoding=\"async\" width=\"433\" height=\"433\" src=\"https:\/\/musee.oceano.org\/wp-content\/uploads\/sites\/2\/2022\/05\/imersion-pol-uk-433x433.jpg\" class=\"attachment-img-bloc-three-content size-img-bloc-three-content wp-post-image\" alt=\"\" srcset=\"https:\/\/musee.oceano.org\/wp-content\/uploads\/sites\/2\/2022\/05\/imersion-pol-uk-433x433.jpg 433w, https:\/\/musee.oceano.org\/wp-content\/uploads\/sites\/2\/2022\/05\/imersion-pol-uk-300x300.jpg 300w, https:\/\/musee.oceano.org\/wp-content\/uploads\/sites\/2\/2022\/05\/imersion-pol-uk-150x150.jpg 150w, https:\/\/musee.oceano.org\/wp-content\/uploads\/sites\/2\/2022\/05\/imersion-pol-uk-768x768.jpg 768w, https:\/\/musee.oceano.org\/wp-content\/uploads\/sites\/2\/2022\/05\/imersion-pol-uk-334x334.jpg 334w, https:\/\/musee.oceano.org\/wp-content\/uploads\/sites\/2\/2022\/05\/imersion-pol-uk.jpg 800w\" sizes=\"(max-width: 433px) 100vw, 433px\" \/>    <\/div>\n    <h5 class=\"color-white mtl\">Mission Polaire, die Ausstellung &#8222;IMMERSION&#8220;.<\/h5>\n    <a href=\"https:\/\/musee.oceano.org\/de\/ausstellungen\/mission-polaire-die-ausstellung-immersion\/\" class=\"btn color-white border-white mrauto mlauto mtl\">\n        <span class=\"btn-text\">Siehe<\/span>\n    <\/a>\n<\/div>\n\n<div class=\"txt-center cp-block\">\n    <div class=\"zoom-effect\">\n        <img loading=\"lazy\" decoding=\"async\" width=\"433\" height=\"433\" src=\"https:\/\/musee.oceano.org\/wp-content\/uploads\/sites\/2\/2019\/05\/LOW-FINI-09_Artiste-Alick-Tipoti_M_Dagnino-433x433.jpg\" class=\"attachment-img-bloc-three-content size-img-bloc-three-content wp-post-image\" alt=\"\" srcset=\"https:\/\/musee.oceano.org\/wp-content\/uploads\/sites\/2\/2019\/05\/LOW-FINI-09_Artiste-Alick-Tipoti_M_Dagnino-433x433.jpg 433w, https:\/\/musee.oceano.org\/wp-content\/uploads\/sites\/2\/2019\/05\/LOW-FINI-09_Artiste-Alick-Tipoti_M_Dagnino-150x150.jpg 150w, https:\/\/musee.oceano.org\/wp-content\/uploads\/sites\/2\/2019\/05\/LOW-FINI-09_Artiste-Alick-Tipoti_M_Dagnino-300x300.jpg 300w, https:\/\/musee.oceano.org\/wp-content\/uploads\/sites\/2\/2019\/05\/LOW-FINI-09_Artiste-Alick-Tipoti_M_Dagnino-768x767.jpg 768w, https:\/\/musee.oceano.org\/wp-content\/uploads\/sites\/2\/2019\/05\/LOW-FINI-09_Artiste-Alick-Tipoti_M_Dagnino-1024x1024.jpg 1024w, https:\/\/musee.oceano.org\/wp-content\/uploads\/sites\/2\/2019\/05\/LOW-FINI-09_Artiste-Alick-Tipoti_M_Dagnino-334x334.jpg 334w, https:\/\/musee.oceano.org\/wp-content\/uploads\/sites\/2\/2019\/05\/LOW-FINI-09_Artiste-Alick-Tipoti_M_Dagnino.jpg 1039w\" sizes=\"(max-width: 433px) 100vw, 433px\" \/>    <\/div>\n    <h5 class=\"color-white mtl\">Taba Naba<\/h5>\n    <a href=\"https:\/\/musee.oceano.org\/de\/ausstellungen\/taba-naba\/\" class=\"btn color-white border-white mrauto mlauto mtl\">\n        <span class=\"btn-text\">Siehe<\/span>\n    <\/a>\n<\/div>\n\n<div class=\"txt-center cp-block\">\n    <div class=\"zoom-effect\">\n        <img loading=\"lazy\" decoding=\"async\" width=\"433\" height=\"433\" src=\"https:\/\/musee.oceano.org\/wp-content\/uploads\/sites\/2\/2019\/06\/1426590317-433x433.jpg\" class=\"attachment-img-bloc-three-content size-img-bloc-three-content wp-post-image\" alt=\"\" srcset=\"https:\/\/musee.oceano.org\/wp-content\/uploads\/sites\/2\/2019\/06\/1426590317-433x433.jpg 433w, https:\/\/musee.oceano.org\/wp-content\/uploads\/sites\/2\/2019\/06\/1426590317-150x150.jpg 150w, https:\/\/musee.oceano.org\/wp-content\/uploads\/sites\/2\/2019\/06\/1426590317-334x334.jpg 334w\" sizes=\"(max-width: 433px) 100vw, 433px\" \/>    <\/div>\n    <h5 class=\"color-white mtl\">\u00dcber Haie und die Menschheit<\/h5>\n    <a href=\"https:\/\/musee.oceano.org\/de\/ausstellungen\/ueber-haie-und-die-menschheit\/\" class=\"btn color-white border-white mrauto mlauto mtl\">\n        <span class=\"btn-text\">Siehe<\/span>\n    <\/a>\n<\/div>\n\n<div class=\"txt-center cp-block\">\n    <div class=\"zoom-effect\">\n        <img loading=\"lazy\" decoding=\"async\" width=\"433\" height=\"433\" src=\"https:\/\/musee.oceano.org\/wp-content\/uploads\/sites\/2\/2019\/12\/tortue-verte-\u00a9Fabien-Lefebvre-Explorations-de-Monaco--433x433.jpg\" class=\"attachment-img-bloc-three-content size-img-bloc-three-content wp-post-image\" alt=\"\" srcset=\"https:\/\/musee.oceano.org\/wp-content\/uploads\/sites\/2\/2019\/12\/tortue-verte-\u00a9Fabien-Lefebvre-Explorations-de-Monaco--433x433.jpg 433w, https:\/\/musee.oceano.org\/wp-content\/uploads\/sites\/2\/2019\/12\/tortue-verte-\u00a9Fabien-Lefebvre-Explorations-de-Monaco--150x150.jpg 150w, https:\/\/musee.oceano.org\/wp-content\/uploads\/sites\/2\/2019\/12\/tortue-verte-\u00a9Fabien-Lefebvre-Explorations-de-Monaco--334x334.jpg 334w\" sizes=\"(max-width: 433px) 100vw, 433px\" \/>    <\/div>\n    <h5 class=\"color-white mtl\">Ausstellung Martinique<\/h5>\n    <a href=\"https:\/\/musee.oceano.org\/de\/ausstellungen\/ausstellung-martinique\/\" class=\"btn color-white border-white mrauto mlauto mtl\">\n        <span class=\"btn-text\">Siehe<\/span>\n    <\/a>\n<\/div>\n\n<div class=\"txt-center cp-block\">\n    <div class=\"zoom-effect\">\n        <img loading=\"lazy\" decoding=\"async\" width=\"433\" height=\"433\" src=\"https:\/\/musee.oceano.org\/wp-content\/uploads\/sites\/2\/2019\/06\/1484671235-433x433.jpg\" class=\"attachment-img-bloc-three-content size-img-bloc-three-content wp-post-image\" alt=\"\" srcset=\"https:\/\/musee.oceano.org\/wp-content\/uploads\/sites\/2\/2019\/06\/1484671235-433x433.jpg 433w, https:\/\/musee.oceano.org\/wp-content\/uploads\/sites\/2\/2019\/06\/1484671235-150x150.jpg 150w, https:\/\/musee.oceano.org\/wp-content\/uploads\/sites\/2\/2019\/06\/1484671235-334x334.jpg 334w\" sizes=\"(max-width: 433px) 100vw, 433px\" \/>    <\/div>\n    <h5 class=\"color-white mtl\">Haie<\/h5>\n    <a href=\"https:\/\/musee.oceano.org\/de\/ausstellungen\/haie\/\" class=\"btn color-white border-white mrauto mlauto mtl\">\n        <span class=\"btn-text\">Siehe<\/span>\n    <\/a>\n<\/div>\n\n<div class=\"txt-center cp-block\">\n    <div class=\"zoom-effect\">\n        <img loading=\"lazy\" decoding=\"async\" width=\"433\" height=\"433\" src=\"https:\/\/musee.oceano.org\/wp-content\/uploads\/sites\/2\/2019\/10\/Huang-Yong-Ping-433x433.jpg\" class=\"attachment-img-bloc-three-content size-img-bloc-three-content wp-post-image\" alt=\"\" srcset=\"https:\/\/musee.oceano.org\/wp-content\/uploads\/sites\/2\/2019\/10\/Huang-Yong-Ping-433x433.jpg 433w, https:\/\/musee.oceano.org\/wp-content\/uploads\/sites\/2\/2019\/10\/Huang-Yong-Ping-150x150.jpg 150w, https:\/\/musee.oceano.org\/wp-content\/uploads\/sites\/2\/2019\/10\/Huang-Yong-Ping-334x334.jpg 334w\" sizes=\"(max-width: 433px) 100vw, 433px\" \/>    <\/div>\n    <h5 class=\"color-white mtl\">Ehrung: Huang Yong Ping<\/h5>\n    <a href=\"https:\/\/musee.oceano.org\/de\/ausstellungen\/ehrung-huang-yong-ping\/\" class=\"btn color-white border-white mrauto mlauto mtl\">\n        <span class=\"btn-text\">Siehe<\/span>\n    <\/a>\n<\/div>\n\n<div class=\"txt-center cp-block\">\n    <div class=\"zoom-effect\">\n        <img loading=\"lazy\" decoding=\"async\" width=\"433\" height=\"433\" src=\"https:\/\/musee.oceano.org\/wp-content\/uploads\/sites\/2\/2019\/05\/4-Parcours-th\u00e9matique-Odyss\u00e9e-des-tortues-marines-\u00a9-M.-Dagnino-Institut-oc\u00e9anographique-433x433.jpg\" class=\"attachment-img-bloc-three-content size-img-bloc-three-content wp-post-image\" alt=\"\" srcset=\"https:\/\/musee.oceano.org\/wp-content\/uploads\/sites\/2\/2019\/05\/4-Parcours-th\u00e9matique-Odyss\u00e9e-des-tortues-marines-\u00a9-M.-Dagnino-Institut-oc\u00e9anographique-433x433.jpg 433w, https:\/\/musee.oceano.org\/wp-content\/uploads\/sites\/2\/2019\/05\/4-Parcours-th\u00e9matique-Odyss\u00e9e-des-tortues-marines-\u00a9-M.-Dagnino-Institut-oc\u00e9anographique-150x150.jpg 150w, https:\/\/musee.oceano.org\/wp-content\/uploads\/sites\/2\/2019\/05\/4-Parcours-th\u00e9matique-Odyss\u00e9e-des-tortues-marines-\u00a9-M.-Dagnino-Institut-oc\u00e9anographique-334x334.jpg 334w\" sizes=\"(max-width: 433px) 100vw, 433px\" \/>    <\/div>\n    <h5 class=\"color-white mtl\">Die Odyssee der Meeresschildkr\u00f6ten &#8211; Die Ausstellung<\/h5>\n    <a href=\"https:\/\/musee.oceano.org\/de\/ausstellungen\/die-odyssee-der-meeresschildkroeten-die-ausstellung\/\" class=\"btn color-white border-white mrauto mlauto mtl\">\n        <span class=\"btn-text\">Siehe<\/span>\n    <\/a>\n<\/div>\n\n<div class=\"txt-center cp-block\">\n    <div class=\"zoom-effect\">\n        <img loading=\"lazy\" decoding=\"async\" width=\"433\" height=\"433\" src=\"https:\/\/musee.oceano.org\/wp-content\/uploads\/sites\/2\/2020\/10\/Michel-AUBERY-01-2-433x433.jpg\" class=\"attachment-img-bloc-three-content size-img-bloc-three-content wp-post-image\" alt=\"\" srcset=\"https:\/\/musee.oceano.org\/wp-content\/uploads\/sites\/2\/2020\/10\/Michel-AUBERY-01-2-433x433.jpg 433w, https:\/\/musee.oceano.org\/wp-content\/uploads\/sites\/2\/2020\/10\/Michel-AUBERY-01-2-150x150.jpg 150w, https:\/\/musee.oceano.org\/wp-content\/uploads\/sites\/2\/2020\/10\/Michel-AUBERY-01-2-334x334.jpg 334w\" sizes=\"(max-width: 433px) 100vw, 433px\" \/>    <\/div>\n    <h5 class=\"color-white mtl\">AUSSTELLUNG &#8220; RECIFS &#8220; von MICHEL AUBERY<\/h5>\n    <a href=\"https:\/\/musee.oceano.org\/de\/ausstellungen\/ausstellung-recifs-von-michel-aubery\/\" class=\"btn color-white border-white mrauto mlauto mtl\">\n        <span class=\"btn-text\">Siehe<\/span>\n    <\/a>\n<\/div>\n\n<div class=\"txt-center cp-block\">\n    <div class=\"zoom-effect\">\n        <img loading=\"lazy\" decoding=\"async\" width=\"433\" height=\"433\" src=\"https:\/\/musee.oceano.org\/wp-content\/uploads\/sites\/2\/2020\/02\/07-TrepanierITA2Painting-Tanquary-Fiord-Behind.-Photo-by-Carl-Trepanier-433x433.jpg\" class=\"attachment-img-bloc-three-content size-img-bloc-three-content wp-post-image\" alt=\"\" srcset=\"https:\/\/musee.oceano.org\/wp-content\/uploads\/sites\/2\/2020\/02\/07-TrepanierITA2Painting-Tanquary-Fiord-Behind.-Photo-by-Carl-Trepanier-433x433.jpg 433w, https:\/\/musee.oceano.org\/wp-content\/uploads\/sites\/2\/2020\/02\/07-TrepanierITA2Painting-Tanquary-Fiord-Behind.-Photo-by-Carl-Trepanier-150x150.jpg 150w, https:\/\/musee.oceano.org\/wp-content\/uploads\/sites\/2\/2020\/02\/07-TrepanierITA2Painting-Tanquary-Fiord-Behind.-Photo-by-Carl-Trepanier-334x334.jpg 334w\" sizes=\"(max-width: 433px) 100vw, 433px\" \/>    <\/div>\n    <h5 class=\"color-white mtl\">Im Herzen der Arktis<\/h5>\n    <a href=\"https:\/\/musee.oceano.org\/de\/ausstellungen\/im-herzen-der-arktis\/\" class=\"btn color-white border-white mrauto mlauto mtl\">\n        <span class=\"btn-text\">Siehe<\/span>\n    <\/a>\n<\/div>\n\n    <\/div>\n<\/div>\n<\/div>\n\t\t\t\t\t\t<\/div>\n\t\t\t\t<\/div>\n\t\t\t\t\t<\/div>\n\t\t<\/div>\n\t\t\t\t\t<\/div>\n\t\t<\/section>\n\t\t\t\t<\/div>\n\t\t","protected":false},"excerpt":{"rendered":"<p>Im Geiste des Teilens von Wissen und der Offenheit f\u00fcr andere hat S.D. F\u00fcrst Albert II. die Explorations of Monaco ins Leben gerufen. In diesem Zusammenhang reiste er nach Martinique in der Karibik, um das F\u00fcrstentum bei der Erforschung und Ausbildung dieses emblematischen Tieres zu unterst\u00fctzen.<\/p>\n","protected":false},"featured_media":25538,"parent":0,"template":"","meta":{"_acf_changed":false,"footnotes":""},"etatexpositions":[335],"class_list":["post-25527","expositions","type-expositions","status-publish","has-post-thumbnail","hentry","etatexpositions-vergangene"],"acf":[],"yoast_head":"<!-- This site is optimized with the Yoast SEO plugin v27.2 - https:\/\/yoast.com\/product\/yoast-seo-wordpress\/ -->\n<title>Ausstellung Martinique - Mus\u00e9e Oc\u00e9anographique de Monaco<\/title>\n<meta name=\"robots\" content=\"index, follow, max-snippet:-1, max-image-preview:large, max-video-preview:-1\" \/>\n<link rel=\"canonical\" href=\"https:\/\/musee.oceano.org\/de\/ausstellungen\/ausstellung-martinique\/\" \/>\n<meta property=\"og:locale\" content=\"de_DE\" \/>\n<meta property=\"og:type\" content=\"article\" \/>\n<meta property=\"og:title\" content=\"Ausstellung Martinique - Mus\u00e9e Oc\u00e9anographique de Monaco\" \/>\n<meta property=\"og:description\" content=\"Im Geiste des Teilens von Wissen und der Offenheit f\u00fcr andere hat S.D. F\u00fcrst Albert II. die Explorations of Monaco ins Leben gerufen. In diesem Zusammenhang reiste er nach Martinique in der Karibik, um das F\u00fcrstentum bei der Erforschung und Ausbildung dieses emblematischen Tieres zu unterst\u00fctzen.\" \/>\n<meta property=\"og:url\" content=\"https:\/\/musee.oceano.org\/de\/ausstellungen\/ausstellung-martinique\/\" \/>\n<meta property=\"og:site_name\" content=\"Mus\u00e9e Oc\u00e9anographique de Monaco\" \/>\n<meta property=\"article:modified_time\" content=\"2021-07-13T07:53:00+00:00\" \/>\n<meta property=\"og:image\" content=\"https:\/\/musee.oceano.org\/wp-content\/uploads\/sites\/2\/2019\/12\/tortue-verte-\u00a9Fabien-Lefebvre-Explorations-de-Monaco-.jpg\" \/>\n\t<meta property=\"og:image:width\" content=\"1123\" \/>\n\t<meta property=\"og:image:height\" content=\"748\" \/>\n\t<meta property=\"og:image:type\" content=\"image\/jpeg\" \/>\n<meta name=\"twitter:card\" content=\"summary_large_image\" \/>\n<meta name=\"twitter:label1\" content=\"Gesch\u00e4tzte Lesezeit\" \/>\n\t<meta name=\"twitter:data1\" content=\"4\u00a0Minuten\" \/>\n<script type=\"application\/ld+json\" class=\"yoast-schema-graph\">{\"@context\":\"https:\/\/schema.org\",\"@graph\":[{\"@type\":\"WebPage\",\"@id\":\"https:\/\/musee.oceano.org\/de\/ausstellungen\/ausstellung-martinique\/\",\"url\":\"https:\/\/musee.oceano.org\/de\/ausstellungen\/ausstellung-martinique\/\",\"name\":\"Ausstellung Martinique - Mus\u00e9e Oc\u00e9anographique de Monaco\",\"isPartOf\":{\"@id\":\"https:\/\/musee.oceano.org\/#website\"},\"primaryImageOfPage\":{\"@id\":\"https:\/\/musee.oceano.org\/de\/ausstellungen\/ausstellung-martinique\/#primaryimage\"},\"image\":{\"@id\":\"https:\/\/musee.oceano.org\/de\/ausstellungen\/ausstellung-martinique\/#primaryimage\"},\"thumbnailUrl\":\"https:\/\/musee.oceano.org\/wp-content\/uploads\/sites\/2\/2019\/12\/tortue-verte-\u00a9Fabien-Lefebvre-Explorations-de-Monaco-.jpg\",\"datePublished\":\"2021-06-25T14:09:15+00:00\",\"dateModified\":\"2021-07-13T07:53:00+00:00\",\"breadcrumb\":{\"@id\":\"https:\/\/musee.oceano.org\/de\/ausstellungen\/ausstellung-martinique\/#breadcrumb\"},\"inLanguage\":\"de\",\"potentialAction\":[{\"@type\":\"ReadAction\",\"target\":[\"https:\/\/musee.oceano.org\/de\/ausstellungen\/ausstellung-martinique\/\"]}]},{\"@type\":\"ImageObject\",\"inLanguage\":\"de\",\"@id\":\"https:\/\/musee.oceano.org\/de\/ausstellungen\/ausstellung-martinique\/#primaryimage\",\"url\":\"https:\/\/musee.oceano.org\/wp-content\/uploads\/sites\/2\/2019\/12\/tortue-verte-\u00a9Fabien-Lefebvre-Explorations-de-Monaco-.jpg\",\"contentUrl\":\"https:\/\/musee.oceano.org\/wp-content\/uploads\/sites\/2\/2019\/12\/tortue-verte-\u00a9Fabien-Lefebvre-Explorations-de-Monaco-.jpg\",\"width\":1123,\"height\":748,\"caption\":\"tortue verte \u00a9Fabien Lefebvre Explorations de Monaco\"},{\"@type\":\"BreadcrumbList\",\"@id\":\"https:\/\/musee.oceano.org\/de\/ausstellungen\/ausstellung-martinique\/#breadcrumb\",\"itemListElement\":[{\"@type\":\"ListItem\",\"position\":1,\"name\":\"Home\",\"item\":\"https:\/\/musee.oceano.org\/de\/\"},{\"@type\":\"ListItem\",\"position\":2,\"name\":\"Tentoonstellingen\",\"item\":\"https:\/\/musee.oceano.org\/nl\/tentoonstellingen\/\"},{\"@type\":\"ListItem\",\"position\":3,\"name\":\"Ausstellung Martinique\"}]},{\"@type\":\"WebSite\",\"@id\":\"https:\/\/musee.oceano.org\/#website\",\"url\":\"https:\/\/musee.oceano.org\/\",\"name\":\"Mus\u00e9e Oc\u00e9anographique de Monaco\",\"description\":\"Faire conna\u00eetre, aimer et prot\u00e9ger les oc\u00e9ans\",\"potentialAction\":[{\"@type\":\"SearchAction\",\"target\":{\"@type\":\"EntryPoint\",\"urlTemplate\":\"https:\/\/musee.oceano.org\/?s={search_term_string}\"},\"query-input\":{\"@type\":\"PropertyValueSpecification\",\"valueRequired\":true,\"valueName\":\"search_term_string\"}}],\"inLanguage\":\"de\"}]}<\/script>\n<!-- \/ Yoast SEO plugin. -->","yoast_head_json":{"title":"Ausstellung Martinique - Mus\u00e9e Oc\u00e9anographique de Monaco","robots":{"index":"index","follow":"follow","max-snippet":"max-snippet:-1","max-image-preview":"max-image-preview:large","max-video-preview":"max-video-preview:-1"},"canonical":"https:\/\/musee.oceano.org\/de\/ausstellungen\/ausstellung-martinique\/","og_locale":"de_DE","og_type":"article","og_title":"Ausstellung Martinique - Mus\u00e9e Oc\u00e9anographique de Monaco","og_description":"Im Geiste des Teilens von Wissen und der Offenheit f\u00fcr andere hat S.D. F\u00fcrst Albert II. die Explorations of Monaco ins Leben gerufen. In diesem Zusammenhang reiste er nach Martinique in der Karibik, um das F\u00fcrstentum bei der Erforschung und Ausbildung dieses emblematischen Tieres zu unterst\u00fctzen.","og_url":"https:\/\/musee.oceano.org\/de\/ausstellungen\/ausstellung-martinique\/","og_site_name":"Mus\u00e9e Oc\u00e9anographique de Monaco","article_modified_time":"2021-07-13T07:53:00+00:00","og_image":[{"width":1123,"height":748,"url":"https:\/\/musee.oceano.org\/wp-content\/uploads\/sites\/2\/2019\/12\/tortue-verte-\u00a9Fabien-Lefebvre-Explorations-de-Monaco-.jpg","type":"image\/jpeg"}],"twitter_card":"summary_large_image","twitter_misc":{"Gesch\u00e4tzte Lesezeit":"4\u00a0Minuten"},"schema":{"@context":"https:\/\/schema.org","@graph":[{"@type":"WebPage","@id":"https:\/\/musee.oceano.org\/de\/ausstellungen\/ausstellung-martinique\/","url":"https:\/\/musee.oceano.org\/de\/ausstellungen\/ausstellung-martinique\/","name":"Ausstellung Martinique - Mus\u00e9e Oc\u00e9anographique de Monaco","isPartOf":{"@id":"https:\/\/musee.oceano.org\/#website"},"primaryImageOfPage":{"@id":"https:\/\/musee.oceano.org\/de\/ausstellungen\/ausstellung-martinique\/#primaryimage"},"image":{"@id":"https:\/\/musee.oceano.org\/de\/ausstellungen\/ausstellung-martinique\/#primaryimage"},"thumbnailUrl":"https:\/\/musee.oceano.org\/wp-content\/uploads\/sites\/2\/2019\/12\/tortue-verte-\u00a9Fabien-Lefebvre-Explorations-de-Monaco-.jpg","datePublished":"2021-06-25T14:09:15+00:00","dateModified":"2021-07-13T07:53:00+00:00","breadcrumb":{"@id":"https:\/\/musee.oceano.org\/de\/ausstellungen\/ausstellung-martinique\/#breadcrumb"},"inLanguage":"de","potentialAction":[{"@type":"ReadAction","target":["https:\/\/musee.oceano.org\/de\/ausstellungen\/ausstellung-martinique\/"]}]},{"@type":"ImageObject","inLanguage":"de","@id":"https:\/\/musee.oceano.org\/de\/ausstellungen\/ausstellung-martinique\/#primaryimage","url":"https:\/\/musee.oceano.org\/wp-content\/uploads\/sites\/2\/2019\/12\/tortue-verte-\u00a9Fabien-Lefebvre-Explorations-de-Monaco-.jpg","contentUrl":"https:\/\/musee.oceano.org\/wp-content\/uploads\/sites\/2\/2019\/12\/tortue-verte-\u00a9Fabien-Lefebvre-Explorations-de-Monaco-.jpg","width":1123,"height":748,"caption":"tortue verte \u00a9Fabien Lefebvre Explorations de Monaco"},{"@type":"BreadcrumbList","@id":"https:\/\/musee.oceano.org\/de\/ausstellungen\/ausstellung-martinique\/#breadcrumb","itemListElement":[{"@type":"ListItem","position":1,"name":"Home","item":"https:\/\/musee.oceano.org\/de\/"},{"@type":"ListItem","position":2,"name":"Tentoonstellingen","item":"https:\/\/musee.oceano.org\/nl\/tentoonstellingen\/"},{"@type":"ListItem","position":3,"name":"Ausstellung Martinique"}]},{"@type":"WebSite","@id":"https:\/\/musee.oceano.org\/#website","url":"https:\/\/musee.oceano.org\/","name":"Mus\u00e9e Oc\u00e9anographique de Monaco","description":"Faire conna\u00eetre, aimer et prot\u00e9ger les oc\u00e9ans","potentialAction":[{"@type":"SearchAction","target":{"@type":"EntryPoint","urlTemplate":"https:\/\/musee.oceano.org\/?s={search_term_string}"},"query-input":{"@type":"PropertyValueSpecification","valueRequired":true,"valueName":"search_term_string"}}],"inLanguage":"de"}]}},"_links":{"self":[{"href":"https:\/\/musee.oceano.org\/de\/wp-json\/wp\/v2\/expositions\/25527","targetHints":{"allow":["GET"]}}],"collection":[{"href":"https:\/\/musee.oceano.org\/de\/wp-json\/wp\/v2\/expositions"}],"about":[{"href":"https:\/\/musee.oceano.org\/de\/wp-json\/wp\/v2\/types\/expositions"}],"version-history":[{"count":11,"href":"https:\/\/musee.oceano.org\/de\/wp-json\/wp\/v2\/expositions\/25527\/revisions"}],"predecessor-version":[{"id":32344,"href":"https:\/\/musee.oceano.org\/de\/wp-json\/wp\/v2\/expositions\/25527\/revisions\/32344"}],"wp:featuredmedia":[{"embeddable":true,"href":"https:\/\/musee.oceano.org\/de\/wp-json\/wp\/v2\/media\/25538"}],"wp:attachment":[{"href":"https:\/\/musee.oceano.org\/de\/wp-json\/wp\/v2\/media?parent=25527"}],"wp:term":[{"taxonomy":"etatexpositions","embeddable":true,"href":"https:\/\/musee.oceano.org\/de\/wp-json\/wp\/v2\/etatexpositions?post=25527"}],"curies":[{"name":"wp","href":"https:\/\/api.w.org\/{rel}","templated":true}]}}