{"id":25537,"date":"2021-06-25T16:09:15","date_gmt":"2021-06-25T14:09:15","guid":{"rendered":"https:\/\/musee.oceano.org\/expositions\/die-odyssee-der-meeresschildkroeten-die-ausstellung\/"},"modified":"2021-07-13T10:35:33","modified_gmt":"2021-07-13T08:35:33","slug":"die-odyssee-der-meeresschildkroeten-die-ausstellung","status":"publish","type":"expositions","link":"https:\/\/musee.oceano.org\/de\/ausstellungen\/die-odyssee-der-meeresschildkroeten-die-ausstellung\/","title":{"rendered":"Die Odyssee der Meeresschildkr\u00f6ten &#8211; Die Ausstellung"},"content":{"rendered":"\t\t<div data-elementor-type=\"wp-post\" data-elementor-id=\"25537\" class=\"elementor elementor-25537 elementor-1517\" data-elementor-post-type=\"expositions\">\n\t\t\t\t\t\t<section class=\"elementor-section elementor-top-section elementor-element elementor-element-154492fe elementor-section-full_width elementor-section-height-default elementor-section-height-default\" data-id=\"154492fe\" data-element_type=\"section\" data-e-type=\"section\">\n\t\t\t\t\t\t<div class=\"elementor-container elementor-column-gap-no\">\n\t\t\t\t\t<div class=\"elementor-column elementor-col-100 elementor-top-column elementor-element elementor-element-5d62217d\" data-id=\"5d62217d\" data-element_type=\"column\" data-e-type=\"column\">\n\t\t\t<div class=\"elementor-widget-wrap elementor-element-populated\">\n\t\t\t\t\t\t<div class=\"elementor-element elementor-element-cc2d10e elementor--h-position-center elementor--v-position-middle elementor-widget elementor-widget-slides\" data-id=\"cc2d10e\" data-element_type=\"widget\" data-e-type=\"widget\" data-settings=\"{&quot;navigation&quot;:&quot;none&quot;,&quot;transition&quot;:&quot;slide&quot;,&quot;transition_speed&quot;:500}\" data-widget_type=\"slides.default\">\n\t\t\t\t<div class=\"elementor-widget-container\">\n\t\t\t\t\t\t\t\t\t<div class=\"elementor-swiper\">\n\t\t\t\t\t<div class=\"elementor-slides-wrapper elementor-main-swiper swiper\" role=\"region\" aria-roledescription=\"carousel\" aria-label=\"Slider\" dir=\"ltr\" data-animation=\"fadeInUp\">\n\t\t\t\t<div class=\"swiper-wrapper elementor-slides\">\n\t\t\t\t\t\t\t\t\t\t<div class=\"elementor-repeater-item-891be05 swiper-slide\" role=\"group\" aria-roledescription=\"slide\"><div class=\"swiper-slide-bg\" role=\"img\" aria-label=\"De leur cycle de vie aux menaces qui p\u00e8sent sur leur existence, de la magie de la ponte aux actions men\u00e9es pour leur pr\u00e9servation, la grande aventure des tortues marines se raconte au Mus\u00e9e oc\u00e9anographique, dans un tout nouvel espace de 550 m\u00b2. \n\nCe nouvel espace renforce le dialogue avec tous nos publics (visiteurs, chercheurs, d\u00e9cideurs, scolaires) et ouvre un terrain de d\u00e9couverte, de partage et d\u2019engagement en faveur des tortues marines.\n\nUn centre de soins\nLe Centre Mon\u00e9gasque de Soins des Esp\u00e8ces A rescue center Marines (CMSEM) est le coeur de notre nouveau dispositif d\u2019action et de sensibilisation. \nY sont soign\u00e9s grandes nacres, hippocampes\u2026 mais aussi tortues marines.\nLeurs blessures les plus fr\u00e9quentes : prise accidentelle dans des filets, carapace fendue, ingestion de plastique ou d\u2019hame\u00e7on. Habilit\u00e9s \u00e0 manipuler ces esp\u00e8ces prot\u00e9g\u00e9es, nos soigneurs interviennent en collaboration avec des v\u00e9t\u00e9rinaires sp\u00e9cialis\u00e9s et les r\u00e9seaux fran\u00e7ais et ,europ\u00e9ens des centres de soins. L\u2019occasion de contribuer aux programmes d\u2019\u00e9tudes relatifs \u00e0 la biologie de ces esp\u00e8ces, \u00e0 leur comportement et \u00e0 leur environnement.\n\nLa provenance des \u00ab patients \u00bb\nLe CMSEM soigne des tortues recueillies directement en mer, sur le littoral mon\u00e9gasque ou \u00e0 proximit\u00e9. Elles peuvent aussi nous \u00eatre confi\u00e9es par d\u2019autres centres de soins satur\u00e9s au moment de la prise en charge. L&#039;Institut oc\u00e9anographique collabore notamment avec le R\u00e9seau des Tortues Marines de M\u00e9diterran\u00e9e Fran\u00e7aise (RTMMF, g\u00e9r\u00e9 par la Soci\u00e9t\u00e9 Herp\u00e9tologique de France) et le Centre d\u2019Etudes et de Sauvegarde des Tortues de M\u00e9diterran\u00e9e (CESTMed). Tous les usagers de la mer (pouvoirs publics, plaisanciers, plongeurs, p\u00eacheurs\u2026) sont invit\u00e9s \u00e0 nous alerter en cas de rencontre avec un animal marin en d\u00e9tresse.\n\nLe retour en mer\nAvant de retrouver le large, les tortues passent par un bassin de r\u00e9habilitation de 160 m3, situ\u00e9 en plein air, pour s\u2019assurer\"><\/div><div class=\"swiper-slide-inner\" ><div class=\"swiper-slide-contents\"><h1 class=\"elementor-slide-heading\">Die Schildkr\u00f6ten-Odyssee : Die Ausstellung<\/h1><\/div><\/div><\/div>\t\t\t\t<\/div>\n\t\t\t\t\t\t\t<\/div>\n\t\t\t\t<\/div>\n\t\t\t\t\t\t\t\t<\/div>\n\t\t\t\t<\/div>\n\t\t\t\t\t<\/div>\n\t\t<\/div>\n\t\t\t\t\t<\/div>\n\t\t<\/section>\n\t\t\t\t<section class=\"elementor-section elementor-top-section elementor-element elementor-element-41571b57 elementor-section-full_width elementor-section-height-default elementor-section-height-default\" data-id=\"41571b57\" data-element_type=\"section\" data-e-type=\"section\" data-settings=\"{&quot;background_background&quot;:&quot;classic&quot;}\">\n\t\t\t\t\t\t<div class=\"elementor-container elementor-column-gap-default\">\n\t\t\t\t\t<div class=\"elementor-column elementor-col-100 elementor-top-column elementor-element elementor-element-5b4c1dc\" data-id=\"5b4c1dc\" data-element_type=\"column\" data-e-type=\"column\">\n\t\t\t<div class=\"elementor-widget-wrap elementor-element-populated\">\n\t\t\t\t\t\t<div class=\"elementor-element elementor-element-ea5fdb7 elementor-widget elementor-widget-ee-breadcrumbs\" data-id=\"ea5fdb7\" data-element_type=\"widget\" data-e-type=\"widget\" data-widget_type=\"ee-breadcrumbs.default\">\n\t\t\t\t<div class=\"elementor-widget-container\">\n\t\t\t\t\t<ul class=\"ee-breadcrumbs\" itemscope=\"\" itemtype=\"http:\/\/schema.org\/BreadcrumbList\"><\/ul>\t\t\t\t<\/div>\n\t\t\t\t<\/div>\n\t\t\t\t\t<\/div>\n\t\t<\/div>\n\t\t\t\t\t<\/div>\n\t\t<\/section>\n\t\t\t\t<section class=\"elementor-section elementor-top-section elementor-element elementor-element-6911f49 elementor-section-boxed elementor-section-height-default elementor-section-height-default\" data-id=\"6911f49\" data-element_type=\"section\" data-e-type=\"section\" data-settings=\"{&quot;background_background&quot;:&quot;classic&quot;}\">\n\t\t\t\t\t\t<div class=\"elementor-container elementor-column-gap-default\">\n\t\t\t\t\t<div class=\"elementor-column elementor-col-100 elementor-top-column elementor-element elementor-element-27e84246\" data-id=\"27e84246\" data-element_type=\"column\" data-e-type=\"column\">\n\t\t\t<div class=\"elementor-widget-wrap elementor-element-populated\">\n\t\t\t\t\t\t<section class=\"elementor-section elementor-inner-section elementor-element elementor-element-2d1b6eaf elementor-section-boxed elementor-section-height-default elementor-section-height-default\" data-id=\"2d1b6eaf\" data-element_type=\"section\" data-e-type=\"section\" data-settings=\"{&quot;background_background&quot;:&quot;classic&quot;}\">\n\t\t\t\t\t\t<div class=\"elementor-container elementor-column-gap-default\">\n\t\t\t\t\t<div class=\"elementor-column elementor-col-50 elementor-inner-column elementor-element elementor-element-22a31c5f\" data-id=\"22a31c5f\" data-element_type=\"column\" data-e-type=\"column\">\n\t\t\t<div class=\"elementor-widget-wrap elementor-element-populated\">\n\t\t\t\t\t\t<div class=\"elementor-element elementor-element-609d646 elementor-zoom elementor-widget elementor-widget-image\" data-id=\"609d646\" data-element_type=\"widget\" data-e-type=\"widget\" data-widget_type=\"image.default\">\n\t\t\t\t<div class=\"elementor-widget-container\">\n\t\t\t\t\t\t\t\t\t\t\t\t\t\t\t<img fetchpriority=\"high\" decoding=\"async\" width=\"762\" height=\"578\" src=\"https:\/\/musee.oceano.org\/wp-content\/uploads\/sites\/2\/2019\/06\/4-Parcours-th\u00e9matique-Odyss\u00e9e-des-tortues-marines-\u00a9-M.-Dagnino-Institut-oc\u00e9anographique-762x578.jpg\" class=\"attachment-img-actu-section size-img-actu-section wp-image-5014\" alt=\"\" \/>\t\t\t\t\t\t\t\t\t\t\t\t\t\t\t<\/div>\n\t\t\t\t<\/div>\n\t\t\t\t\t<\/div>\n\t\t<\/div>\n\t\t\t\t<div class=\"elementor-column elementor-col-50 elementor-inner-column elementor-element elementor-element-5988fdb2\" data-id=\"5988fdb2\" data-element_type=\"column\" data-e-type=\"column\">\n\t\t\t<div class=\"elementor-widget-wrap elementor-element-populated\">\n\t\t\t\t\t\t<div class=\"elementor-element elementor-element-3d70cbb7 elementor-widget elementor-widget-text-editor\" data-id=\"3d70cbb7\" data-element_type=\"widget\" data-e-type=\"widget\" data-widget_type=\"text-editor.default\">\n\t\t\t\t<div class=\"elementor-widget-container\">\n\t\t\t\t\t\t\t\t\t<p>Von ihrem Erscheinen auf der Erde vor Millionen von Jahren bis zu den Bedrohungen ihrer Existenz, von der Magie der Eiablage bis zu den Ma\u00dfnahmen, die zu ihrem Schutz ergriffen werden, wird das gro\u00dfe Abenteuer der Meeresschildkr\u00f6ten im Ozeanographischen Museum in der brandneuen Ausstellung The Sea Turtle Odyssey erz\u00e4hlt.<\/p>\n<p>In Anlehnung an den Besuch des brandneuen Raums, in dem die Schildkr\u00f6ten des monegassischen Pflegezentrums pr\u00e4sentiert werden, macht die Ausstellung mit der Geschichte dieser faszinierenden und geheimnisvollen Tiere vertraut. Unter anderem erm\u00f6glicht es uns zu verstehen, dass, wenn wir aufgrund unserer t\u00e4glichen Praktiken, sowohl individuell als auch kollektiv, potenziell am Rande des Aussterbens stehen, jeder von uns auch Teil der L\u00f6sung f\u00fcr ihre Erhaltung ist.<\/p>\n<p>Das Ozeanographische Institut, die Stiftung F\u00fcrst Albert II. von Monaco, die Explorations de Monaco und alle Partnerorganisationen setzen sich mit ihren Aktionen ohne Grenzen f\u00fcr die Schildkr\u00f6ten ein und laden Sie ein, sich aktiv an ihrem Schutz zu beteiligen.<br \/>Zu sehen bis Anfang Januar 2020!<\/p>\n\t\t\t\t\t\t\t\t<\/div>\n\t\t\t\t<\/div>\n\t\t\t\t\t<\/div>\n\t\t<\/div>\n\t\t\t\t\t<\/div>\n\t\t<\/section>\n\t\t\t\t\t<\/div>\n\t\t<\/div>\n\t\t\t\t\t<\/div>\n\t\t<\/section>\n\t\t\t\t<section class=\"elementor-section elementor-top-section elementor-element elementor-element-ad8930f elementor-section-boxed elementor-section-height-default elementor-section-height-default\" data-id=\"ad8930f\" data-element_type=\"section\" data-e-type=\"section\">\n\t\t\t\t\t\t<div class=\"elementor-container elementor-column-gap-default\">\n\t\t\t\t\t<div class=\"elementor-column elementor-col-50 elementor-top-column elementor-element elementor-element-3fb54bf5\" data-id=\"3fb54bf5\" data-element_type=\"column\" data-e-type=\"column\">\n\t\t\t<div class=\"elementor-widget-wrap elementor-element-populated\">\n\t\t\t\t\t\t<div class=\"elementor-element elementor-element-6ff1eebb elementor-widget elementor-widget-heading\" data-id=\"6ff1eebb\" data-element_type=\"widget\" data-e-type=\"widget\" data-widget_type=\"heading.default\">\n\t\t\t\t<div class=\"elementor-widget-container\">\n\t\t\t\t\t<h2 class=\"elementor-heading-title elementor-size-default\">Dinosaurier-\u00dcberlebende<\/h2>\t\t\t\t<\/div>\n\t\t\t\t<\/div>\n\t\t\t\t<div class=\"elementor-element elementor-element-36ca4b95 elementor-widget elementor-widget-text-editor\" data-id=\"36ca4b95\" data-element_type=\"widget\" data-e-type=\"widget\" data-widget_type=\"text-editor.default\">\n\t\t\t\t<div class=\"elementor-widget-container\">\n\t\t\t\t\t\t\t\t\t<p>Mit 150 Millionen Jahren Existenz haben Meeresschildkr\u00f6ten bereits eine massive Ausrottungskrise \u00fcberlebt, die das Verschwinden der Dinosaurier und vieler Reptilien zur Folge hatte. In diesem Modul k\u00f6nnen Sie die \u00dcberreste einiger Vorfahren der heutigen Meeresschildkr\u00f6ten entdecken, insbesondere die Rekonstruktion eines 66 Millionen Jahre alten Archelon-Fossils, das 5 m mal 2 m misst50!<\/p>\n\t\t\t\t\t\t\t\t<\/div>\n\t\t\t\t<\/div>\n\t\t\t\t<div class=\"elementor-element elementor-element-4ed8e07 elementor-widget elementor-widget-heading\" data-id=\"4ed8e07\" data-element_type=\"widget\" data-e-type=\"widget\" data-widget_type=\"heading.default\">\n\t\t\t\t<div class=\"elementor-widget-container\">\n\t\t\t\t\t<h2 class=\"elementor-heading-title elementor-size-default\">kleine Familie<\/h2>\t\t\t\t<\/div>\n\t\t\t\t<\/div>\n\t\t\t\t<div class=\"elementor-element elementor-element-532b1c07 elementor-widget elementor-widget-text-editor\" data-id=\"532b1c07\" data-element_type=\"widget\" data-e-type=\"widget\" data-widget_type=\"text-editor.default\">\n\t\t\t\t<div class=\"elementor-widget-container\">\n\t\t\t\t\t\t\t\t\t<p>Als eines der \u00e4ltesten Tiere auf unserem Planeten haben Meeresschildkr\u00f6ten Millionen von Jahren damit verbracht, sich an die Tiere anzupassen, die wir heute kennen. Nur noch sieben verschiedene Arten von Meeresschildkr\u00f6ten bev\u00f6lkern unsere Ozeane. Von den flachen Seegraswiesen des Indischen Ozeans bis zu den farbenpr\u00e4chtigen Riffen des Korallendreiecks, von den wei\u00dfen Sandstr\u00e4nden des Pazifiks bis zu den K\u00fcsten des Mittelmeers &#8211; entdecken Sie die unglaubliche Odyssee, die diese au\u00dfergew\u00f6hnlichen Tiere noch erleben.<\/p>\n\t\t\t\t\t\t\t\t<\/div>\n\t\t\t\t<\/div>\n\t\t\t\t<div class=\"elementor-element elementor-element-30ca02d8 elementor-widget elementor-widget-heading\" data-id=\"30ca02d8\" data-element_type=\"widget\" data-e-type=\"widget\" data-widget_type=\"heading.default\">\n\t\t\t\t<div class=\"elementor-widget-container\">\n\t\t\t\t\t<h2 class=\"elementor-heading-title elementor-size-default\">Serienkiller<\/h2>\t\t\t\t<\/div>\n\t\t\t\t<\/div>\n\t\t\t\t<div class=\"elementor-element elementor-element-530e364 elementor-widget elementor-widget-text-editor\" data-id=\"530e364\" data-element_type=\"widget\" data-e-type=\"widget\" data-widget_type=\"text-editor.default\">\n\t\t\t\t<div class=\"elementor-widget-container\">\n\t\t\t\t\t\t\t\t\t<p>Nachdem sie viele nat\u00fcrliche Gefahren \u00fcberlebt haben, sind Meeresschildkr\u00f6ten nun trotz ihres Schutzstatus in allen Phasen ihrer Entwicklung durch den Menschen bedroht. Ihre gewaltige Odyssee ist zu einem wahren Hindernislauf geworden, zu Land und zu Wasser, denn sie kennen keine Grenzen. Dieses Modul befasst sich mit den Hindernissen, die ihre Reiseroute verunreinigen, wie z. B. K\u00fcstenbesetzung, Wilderei, die Auswirkungen der Fischerei, Verschmutzung, Plastikm\u00fcll usw.<\/p>\n\t\t\t\t\t\t\t\t<\/div>\n\t\t\t\t<\/div>\n\t\t\t\t<div class=\"elementor-element elementor-element-6f5b36a elementor-widget elementor-widget-heading\" data-id=\"6f5b36a\" data-element_type=\"widget\" data-e-type=\"widget\" data-widget_type=\"heading.default\">\n\t\t\t\t<div class=\"elementor-widget-container\">\n\t\t\t\t\t<h2 class=\"elementor-heading-title elementor-size-default\">Monaco, ein Heilmittel f\u00fcr Schildkr\u00f6ten<\/h2>\t\t\t\t<\/div>\n\t\t\t\t<\/div>\n\t\t\t\t<div class=\"elementor-element elementor-element-70e4ecb8 elementor-widget elementor-widget-text-editor\" data-id=\"70e4ecb8\" data-element_type=\"widget\" data-e-type=\"widget\" data-widget_type=\"text-editor.default\">\n\t\t\t\t<div class=\"elementor-widget-container\">\n\t\t\t\t\t\t\t\t\t<p>Auf Veranlassung Seiner S.D. F\u00fcrst Albert II. von Monaco, der sich in internationalen Gremien f\u00fcr die Belange der Ozeane einsetzt, b\u00fcndeln die monegassischen Akteure ihre Kr\u00e4fte zum Schutz der Meeresschildkr\u00f6ten&#8230; Entdecken Sie in dieser Ausstellung die zahlreichen Aktionen des F\u00fcrstentums, die sich an die breite \u00d6ffentlichkeit, die Entscheidungstr\u00e4ger und die in diesem Bereich t\u00e4tigen Personen richten<\/p>\n\t\t\t\t\t\t\t\t<\/div>\n\t\t\t\t<\/div>\n\t\t\t\t\t<\/div>\n\t\t<\/div>\n\t\t\t\t<div class=\"elementor-column elementor-col-50 elementor-top-column elementor-element elementor-element-3612081a\" data-id=\"3612081a\" data-element_type=\"column\" data-e-type=\"column\" data-settings=\"{&quot;background_background&quot;:&quot;classic&quot;}\">\n\t\t\t<div class=\"elementor-widget-wrap elementor-element-populated\">\n\t\t\t\t\t\t<div class=\"elementor-element elementor-element-3d7d1431 elementor-widget elementor-widget-image\" data-id=\"3d7d1431\" data-element_type=\"widget\" data-e-type=\"widget\" data-widget_type=\"image.default\">\n\t\t\t\t<div class=\"elementor-widget-container\">\n\t\t\t\t\t\t\t\t\t\t\t\t\t\t\t<img decoding=\"async\" width=\"214\" height=\"300\" src=\"https:\/\/musee.oceano.org\/wp-content\/uploads\/sites\/2\/2019\/05\/Expo-Odyssee-1-214x300.jpg\" class=\"attachment-medium size-medium wp-image-25578\" alt=\"\" srcset=\"https:\/\/musee.oceano.org\/wp-content\/uploads\/sites\/2\/2019\/05\/Expo-Odyssee-1-214x300.jpg 214w, https:\/\/musee.oceano.org\/wp-content\/uploads\/sites\/2\/2019\/05\/Expo-Odyssee-1-768x1076.jpg 768w, https:\/\/musee.oceano.org\/wp-content\/uploads\/sites\/2\/2019\/05\/Expo-Odyssee-1-731x1024.jpg 731w, https:\/\/musee.oceano.org\/wp-content\/uploads\/sites\/2\/2019\/05\/Expo-Odyssee-1.jpg 1098w\" sizes=\"(max-width: 214px) 100vw, 214px\" \/>\t\t\t\t\t\t\t\t\t\t\t\t\t\t\t<\/div>\n\t\t\t\t<\/div>\n\t\t\t\t<div class=\"elementor-element elementor-element-6397230b elementor-widget elementor-widget-heading\" data-id=\"6397230b\" data-element_type=\"widget\" data-e-type=\"widget\" data-widget_type=\"heading.default\">\n\t\t\t\t<div class=\"elementor-widget-container\">\n\t\t\t\t\t<h2 class=\"elementor-heading-title elementor-size-default\">Die L\u00f6sung sind wir<\/h2>\t\t\t\t<\/div>\n\t\t\t\t<\/div>\n\t\t\t\t<section class=\"elementor-section elementor-inner-section elementor-element elementor-element-76e1889 elementor-section-boxed elementor-section-height-default elementor-section-height-default\" data-id=\"76e1889\" data-element_type=\"section\" data-e-type=\"section\">\n\t\t\t\t\t\t<div class=\"elementor-container elementor-column-gap-default\">\n\t\t\t\t\t<div class=\"elementor-column elementor-col-100 elementor-inner-column elementor-element elementor-element-3506f3c\" data-id=\"3506f3c\" data-element_type=\"column\" data-e-type=\"column\">\n\t\t\t<div class=\"elementor-widget-wrap elementor-element-populated\">\n\t\t\t\t\t\t<div class=\"elementor-element elementor-element-6b107a6c elementor-widget elementor-widget-text-editor\" data-id=\"6b107a6c\" data-element_type=\"widget\" data-e-type=\"widget\" data-widget_type=\"text-editor.default\">\n\t\t\t\t<div class=\"elementor-widget-container\">\n\t\t\t\t\t\t\t\t\t<p>Im Museum k\u00f6nnen Sie sich jetzt auf originelle Weise individuell f\u00fcr die Schildkr\u00f6ten engagieren und dies sofort \u00f6ffentlich machen!<\/p>\n<p>Am Ende der Tour, wenn die Bedrohungen f\u00fcr die Schildkr\u00f6ten offensichtlich sind, sowie die Tatsache, dass jeder von uns Teil des Problems ist, laden wir jeden ein, sich zu engagieren, um Teil der L\u00f6sung zu werden! 6 Verpflichtungen f\u00fcr einfache t\u00e4gliche Gesten, die in gewisser Weise an einem gemeinsamen Werk teilnehmen: jedes aufgenommene Foto setzt ein Mosaik zusammen, das eine Meeresschildkr\u00f6te illustriert&#8230;<\/p>\n<p>Am Ozeanographischen Institut glauben wir an die Macht des Einzelnen und an den Einfluss, den er oder sie durch seine t\u00e4glichen Entscheidungen haben kann!<\/p>\n\t\t\t\t\t\t\t\t<\/div>\n\t\t\t\t<\/div>\n\t\t\t\t<div class=\"elementor-element elementor-element-b700118 elementor-align-center elementor-widget elementor-widget-button\" data-id=\"b700118\" data-element_type=\"widget\" data-e-type=\"widget\" data-widget_type=\"button.default\">\n\t\t\t\t<div class=\"elementor-widget-container\">\n\t\t\t\t\t\t\t\t\t<div class=\"elementor-button-wrapper\">\n\t\t\t\t\t<a class=\"elementor-button elementor-button-link elementor-size-sm\" href=\"https:\/\/musee.oceano.org\/de\/2021\/06\/29\/engagieren-sie-sich-mit-uns-fuer-die-meeresschildkroeten\/\">\n\t\t\t\t\t\t<span class=\"elementor-button-content-wrapper\">\n\t\t\t\t\t\t\t\t\t<span class=\"elementor-button-text\">INVOLVIEREN SIE SICH!<\/span>\n\t\t\t\t\t<\/span>\n\t\t\t\t\t<\/a>\n\t\t\t\t<\/div>\n\t\t\t\t\t\t\t\t<\/div>\n\t\t\t\t<\/div>\n\t\t\t\t\t<\/div>\n\t\t<\/div>\n\t\t\t\t\t<\/div>\n\t\t<\/section>\n\t\t\t\t\t<\/div>\n\t\t<\/div>\n\t\t\t\t\t<\/div>\n\t\t<\/section>\n\t\t\t\t<section class=\"elementor-section elementor-top-section elementor-element elementor-element-359e2f9d elementor-section-full_width elementor-section-height-default elementor-section-height-default\" data-id=\"359e2f9d\" data-element_type=\"section\" data-e-type=\"section\">\n\t\t\t\t\t\t<div class=\"elementor-container elementor-column-gap-default\">\n\t\t\t\t\t<div class=\"elementor-column elementor-col-100 elementor-top-column elementor-element elementor-element-ffd83fb\" data-id=\"ffd83fb\" data-element_type=\"column\" data-e-type=\"column\">\n\t\t\t<div class=\"elementor-widget-wrap elementor-element-populated\">\n\t\t\t\t\t\t<div class=\"elementor-element elementor-element-227993e4 elementor-widget elementor-widget-heading\" data-id=\"227993e4\" data-element_type=\"widget\" data-e-type=\"widget\" data-widget_type=\"heading.default\">\n\t\t\t\t<div class=\"elementor-widget-container\">\n\t\t\t\t\t<h2 class=\"elementor-heading-title elementor-size-default\">Siehe auch<\/h2>\t\t\t\t<\/div>\n\t\t\t\t<\/div>\n\t\t\t\t\t<\/div>\n\t\t<\/div>\n\t\t\t\t\t<\/div>\n\t\t<\/section>\n\t\t\t\t<section class=\"elementor-section elementor-top-section elementor-element elementor-element-6e53d85 elementor-section-boxed elementor-section-height-default elementor-section-height-default\" data-id=\"6e53d85\" data-element_type=\"section\" data-e-type=\"section\" data-settings=\"{&quot;background_background&quot;:&quot;classic&quot;}\">\n\t\t\t\t\t\t<div class=\"elementor-container elementor-column-gap-default\">\n\t\t\t\t\t<div class=\"elementor-column elementor-col-33 elementor-top-column elementor-element elementor-element-56751ea5 animated-slow elementor-invisible\" data-id=\"56751ea5\" data-element_type=\"column\" data-e-type=\"column\" data-settings=\"{&quot;animation&quot;:&quot;fadeInUp&quot;}\">\n\t\t\t<div class=\"elementor-widget-wrap elementor-element-populated\">\n\t\t\t\t\t\t<div class=\"elementor-element elementor-element-211d51b4 elementor-zoom elementor-widget elementor-widget-image\" data-id=\"211d51b4\" data-element_type=\"widget\" data-e-type=\"widget\" data-widget_type=\"image.default\">\n\t\t\t\t<div class=\"elementor-widget-container\">\n\t\t\t\t\t\t\t\t\t\t\t\t\t\t\t<img decoding=\"async\" width=\"334\" height=\"334\" src=\"https:\/\/musee.oceano.org\/wp-content\/uploads\/sites\/2\/2019\/08\/Editions_Meduses-334x334.jpg\" class=\"attachment-img-bloc-square size-img-bloc-square wp-image-10043\" alt=\"\" srcset=\"https:\/\/musee.oceano.org\/wp-content\/uploads\/sites\/2\/2019\/08\/Editions_Meduses-334x334.jpg 334w, https:\/\/musee.oceano.org\/wp-content\/uploads\/sites\/2\/2019\/08\/Editions_Meduses-150x150.jpg 150w, https:\/\/musee.oceano.org\/wp-content\/uploads\/sites\/2\/2019\/08\/Editions_Meduses-433x433.jpg 433w\" sizes=\"(max-width: 334px) 100vw, 334px\" \/>\t\t\t\t\t\t\t\t\t\t\t\t\t\t\t<\/div>\n\t\t\t\t<\/div>\n\t\t\t\t<div class=\"elementor-element elementor-element-377edaa4 elementor-align-center elementor-widget elementor-widget-button\" data-id=\"377edaa4\" data-element_type=\"widget\" data-e-type=\"widget\" data-widget_type=\"button.default\">\n\t\t\t\t<div class=\"elementor-widget-container\">\n\t\t\t\t\t\t\t\t\t<div class=\"elementor-button-wrapper\">\n\t\t\t\t\t<a class=\"elementor-button elementor-button-link elementor-size-md\" href=\"https:\/\/www.oceano.org\/de\/ausgaben\/\">\n\t\t\t\t\t\t<span class=\"elementor-button-content-wrapper\">\n\t\t\t\t\t\t\t\t\t<span class=\"elementor-button-text\">Tauchen Sie ein in unsere Editionen<\/span>\n\t\t\t\t\t<\/span>\n\t\t\t\t\t<\/a>\n\t\t\t\t<\/div>\n\t\t\t\t\t\t\t\t<\/div>\n\t\t\t\t<\/div>\n\t\t\t\t\t<\/div>\n\t\t<\/div>\n\t\t\t\t<div class=\"elementor-column elementor-col-33 elementor-top-column elementor-element elementor-element-744d1922 animated-slow elementor-invisible\" data-id=\"744d1922\" data-element_type=\"column\" data-e-type=\"column\" data-settings=\"{&quot;animation&quot;:&quot;fadeInUp&quot;}\">\n\t\t\t<div class=\"elementor-widget-wrap elementor-element-populated\">\n\t\t\t\t\t\t<div class=\"elementor-element elementor-element-6f10a8c4 elementor-zoom elementor-widget elementor-widget-image\" data-id=\"6f10a8c4\" data-element_type=\"widget\" data-e-type=\"widget\" data-widget_type=\"image.default\">\n\t\t\t\t<div class=\"elementor-widget-container\">\n\t\t\t\t\t\t\t\t\t\t\t\t\t\t\t<img loading=\"lazy\" decoding=\"async\" width=\"334\" height=\"334\" src=\"https:\/\/musee.oceano.org\/wp-content\/uploads\/sites\/2\/2019\/08\/Mapping_Buyle-334x334.jpg\" class=\"attachment-img-bloc-square size-img-bloc-square wp-image-10047\" alt=\"\" srcset=\"https:\/\/musee.oceano.org\/wp-content\/uploads\/sites\/2\/2019\/08\/Mapping_Buyle-334x334.jpg 334w, https:\/\/musee.oceano.org\/wp-content\/uploads\/sites\/2\/2019\/08\/Mapping_Buyle-150x150.jpg 150w, https:\/\/musee.oceano.org\/wp-content\/uploads\/sites\/2\/2019\/08\/Mapping_Buyle-433x433.jpg 433w\" sizes=\"(max-width: 334px) 100vw, 334px\" \/>\t\t\t\t\t\t\t\t\t\t\t\t\t\t\t<\/div>\n\t\t\t\t<\/div>\n\t\t\t\t<div class=\"elementor-element elementor-element-49c6b5c1 elementor-align-center elementor-widget elementor-widget-button\" data-id=\"49c6b5c1\" data-element_type=\"widget\" data-e-type=\"widget\" data-widget_type=\"button.default\">\n\t\t\t\t<div class=\"elementor-widget-container\">\n\t\t\t\t\t\t\t\t\t<div class=\"elementor-button-wrapper\">\n\t\t\t\t\t<a class=\"elementor-button elementor-button-link elementor-size-md\" href=\"https:\/\/www.oceano.org\/de\/monaco-die-stimme-des-ozeans\/erkundungen-von-monaco\/\">\n\t\t\t\t\t\t<span class=\"elementor-button-content-wrapper\">\n\t\t\t\t\t\t\t\t\t<span class=\"elementor-button-text\">mehr \u00fcber die Erkundung von Monaco<\/span>\n\t\t\t\t\t<\/span>\n\t\t\t\t\t<\/a>\n\t\t\t\t<\/div>\n\t\t\t\t\t\t\t\t<\/div>\n\t\t\t\t<\/div>\n\t\t\t\t\t<\/div>\n\t\t<\/div>\n\t\t\t\t<div class=\"elementor-column elementor-col-33 elementor-top-column elementor-element elementor-element-301319d3 animated-slow elementor-invisible\" data-id=\"301319d3\" data-element_type=\"column\" data-e-type=\"column\" data-settings=\"{&quot;animation&quot;:&quot;fadeInUp&quot;}\">\n\t\t\t<div class=\"elementor-widget-wrap elementor-element-populated\">\n\t\t\t\t\t\t<div class=\"elementor-element elementor-element-35e7c50d elementor-zoom elementor-widget elementor-widget-image\" data-id=\"35e7c50d\" data-element_type=\"widget\" data-e-type=\"widget\" data-widget_type=\"image.default\">\n\t\t\t\t<div class=\"elementor-widget-container\">\n\t\t\t\t\t\t\t\t\t\t\t\t\t\t\t<img loading=\"lazy\" decoding=\"async\" width=\"334\" height=\"334\" src=\"https:\/\/musee.oceano.org\/wp-content\/uploads\/sites\/2\/2019\/08\/1-SAS-Albert-Ier-sur-passerelle-334x334.jpg\" class=\"attachment-img-bloc-square size-img-bloc-square wp-image-10051\" alt=\"\" srcset=\"https:\/\/musee.oceano.org\/wp-content\/uploads\/sites\/2\/2019\/08\/1-SAS-Albert-Ier-sur-passerelle-334x334.jpg 334w, https:\/\/musee.oceano.org\/wp-content\/uploads\/sites\/2\/2019\/08\/1-SAS-Albert-Ier-sur-passerelle-150x150.jpg 150w, https:\/\/musee.oceano.org\/wp-content\/uploads\/sites\/2\/2019\/08\/1-SAS-Albert-Ier-sur-passerelle-433x433.jpg 433w\" sizes=\"(max-width: 334px) 100vw, 334px\" \/>\t\t\t\t\t\t\t\t\t\t\t\t\t\t\t<\/div>\n\t\t\t\t<\/div>\n\t\t\t\t<div class=\"elementor-element elementor-element-63a6ca29 elementor-align-center elementor-widget elementor-widget-button\" data-id=\"63a6ca29\" data-element_type=\"widget\" data-e-type=\"widget\" data-widget_type=\"button.default\">\n\t\t\t\t<div class=\"elementor-widget-container\">\n\t\t\t\t\t\t\t\t\t<div class=\"elementor-button-wrapper\">\n\t\t\t\t\t<a class=\"elementor-button elementor-button-link elementor-size-md\" href=\"https:\/\/www.oceano.org\/de\/organisation\/die-grossen-figuren\/\">\n\t\t\t\t\t\t<span class=\"elementor-button-content-wrapper\">\n\t\t\t\t\t\t\t\t\t<span class=\"elementor-button-text\">entdecken Sie die gro\u00dfen Pers\u00f6nlichkeiten des Instituts<\/span>\n\t\t\t\t\t<\/span>\n\t\t\t\t\t<\/a>\n\t\t\t\t<\/div>\n\t\t\t\t\t\t\t\t<\/div>\n\t\t\t\t<\/div>\n\t\t\t\t\t<\/div>\n\t\t<\/div>\n\t\t\t\t\t<\/div>\n\t\t<\/section>\n\t\t\t\t<\/div>\n\t\t","protected":false},"excerpt":{"rendered":"<p>Die Schildkr\u00f6ten-Odyssee : Die Ausstellung Von ihrem Erscheinen auf der Erde vor Millionen von Jahren bis zu den Bedrohungen ihrer Existenz, von der Magie der Eiablage bis zu den Ma\u00dfnahmen, die zu ihrem Schutz ergriffen werden, wird das gro\u00dfe Abenteuer der Meeresschildkr\u00f6ten im Ozeanographischen Museum in der brandneuen Ausstellung The Sea Turtle Odyssey erz\u00e4hlt. In [&hellip;]<\/p>\n","protected":false},"featured_media":25590,"parent":0,"template":"","meta":{"_acf_changed":false,"footnotes":""},"etatexpositions":[335],"class_list":["post-25537","expositions","type-expositions","status-publish","has-post-thumbnail","hentry","etatexpositions-vergangene"],"acf":[],"yoast_head":"<!-- This site is optimized with the Yoast SEO plugin v27.2 - https:\/\/yoast.com\/product\/yoast-seo-wordpress\/ -->\n<title>Die Odyssee der Meeresschildkr\u00f6ten - Die Ausstellung - Mus\u00e9e Oc\u00e9anographique de Monaco<\/title>\n<meta name=\"robots\" content=\"index, follow, max-snippet:-1, max-image-preview:large, max-video-preview:-1\" \/>\n<link rel=\"canonical\" href=\"https:\/\/musee.oceano.org\/de\/ausstellungen\/die-odyssee-der-meeresschildkroeten-die-ausstellung\/\" \/>\n<meta property=\"og:locale\" content=\"de_DE\" \/>\n<meta property=\"og:type\" content=\"article\" \/>\n<meta property=\"og:title\" content=\"Die Odyssee der Meeresschildkr\u00f6ten - Die Ausstellung - Mus\u00e9e Oc\u00e9anographique de Monaco\" \/>\n<meta property=\"og:description\" content=\"Die Schildkr\u00f6ten-Odyssee : Die Ausstellung Von ihrem Erscheinen auf der Erde vor Millionen von Jahren bis zu den Bedrohungen ihrer Existenz, von der Magie der Eiablage bis zu den Ma\u00dfnahmen, die zu ihrem Schutz ergriffen werden, wird das gro\u00dfe Abenteuer der Meeresschildkr\u00f6ten im Ozeanographischen Museum in der brandneuen Ausstellung The Sea Turtle Odyssey erz\u00e4hlt. In [&hellip;]\" \/>\n<meta property=\"og:url\" content=\"https:\/\/musee.oceano.org\/de\/ausstellungen\/die-odyssee-der-meeresschildkroeten-die-ausstellung\/\" \/>\n<meta property=\"og:site_name\" content=\"Mus\u00e9e Oc\u00e9anographique de Monaco\" \/>\n<meta property=\"article:modified_time\" content=\"2021-07-13T08:35:33+00:00\" \/>\n<meta property=\"og:image\" content=\"https:\/\/musee.oceano.org\/wp-content\/uploads\/sites\/2\/2019\/05\/4-Parcours-th\u00e9matique-Odyss\u00e9e-des-tortues-marines-\u00a9-M.-Dagnino-Institut-oc\u00e9anographique.jpg\" \/>\n\t<meta property=\"og:image:width\" content=\"800\" \/>\n\t<meta property=\"og:image:height\" content=\"533\" \/>\n\t<meta property=\"og:image:type\" content=\"image\/jpeg\" \/>\n<meta name=\"twitter:card\" content=\"summary_large_image\" \/>\n<meta name=\"twitter:label1\" content=\"Gesch\u00e4tzte Lesezeit\" \/>\n\t<meta name=\"twitter:data1\" content=\"4\u00a0Minuten\" \/>\n<script type=\"application\/ld+json\" class=\"yoast-schema-graph\">{\"@context\":\"https:\/\/schema.org\",\"@graph\":[{\"@type\":\"WebPage\",\"@id\":\"https:\/\/musee.oceano.org\/de\/ausstellungen\/die-odyssee-der-meeresschildkroeten-die-ausstellung\/\",\"url\":\"https:\/\/musee.oceano.org\/de\/ausstellungen\/die-odyssee-der-meeresschildkroeten-die-ausstellung\/\",\"name\":\"Die Odyssee der Meeresschildkr\u00f6ten - Die Ausstellung - Mus\u00e9e Oc\u00e9anographique de Monaco\",\"isPartOf\":{\"@id\":\"https:\/\/musee.oceano.org\/#website\"},\"primaryImageOfPage\":{\"@id\":\"https:\/\/musee.oceano.org\/de\/ausstellungen\/die-odyssee-der-meeresschildkroeten-die-ausstellung\/#primaryimage\"},\"image\":{\"@id\":\"https:\/\/musee.oceano.org\/de\/ausstellungen\/die-odyssee-der-meeresschildkroeten-die-ausstellung\/#primaryimage\"},\"thumbnailUrl\":\"https:\/\/musee.oceano.org\/wp-content\/uploads\/sites\/2\/2019\/05\/4-Parcours-th\u00e9matique-Odyss\u00e9e-des-tortues-marines-\u00a9-M.-Dagnino-Institut-oc\u00e9anographique.jpg\",\"datePublished\":\"2021-06-25T14:09:15+00:00\",\"dateModified\":\"2021-07-13T08:35:33+00:00\",\"breadcrumb\":{\"@id\":\"https:\/\/musee.oceano.org\/de\/ausstellungen\/die-odyssee-der-meeresschildkroeten-die-ausstellung\/#breadcrumb\"},\"inLanguage\":\"de\",\"potentialAction\":[{\"@type\":\"ReadAction\",\"target\":[\"https:\/\/musee.oceano.org\/de\/ausstellungen\/die-odyssee-der-meeresschildkroeten-die-ausstellung\/\"]}]},{\"@type\":\"ImageObject\",\"inLanguage\":\"de\",\"@id\":\"https:\/\/musee.oceano.org\/de\/ausstellungen\/die-odyssee-der-meeresschildkroeten-die-ausstellung\/#primaryimage\",\"url\":\"https:\/\/musee.oceano.org\/wp-content\/uploads\/sites\/2\/2019\/05\/4-Parcours-th\u00e9matique-Odyss\u00e9e-des-tortues-marines-\u00a9-M.-Dagnino-Institut-oc\u00e9anographique.jpg\",\"contentUrl\":\"https:\/\/musee.oceano.org\/wp-content\/uploads\/sites\/2\/2019\/05\/4-Parcours-th\u00e9matique-Odyss\u00e9e-des-tortues-marines-\u00a9-M.-Dagnino-Institut-oc\u00e9anographique.jpg\",\"width\":800,\"height\":533,\"caption\":\"De leur cycle de vie aux menaces qui p\u00e8sent sur leur existence, de la magie de la ponte aux actions men\u00e9es pour leur pr\u00e9servation, la grande aventure des tortues marines se raconte au Mus\u00e9e oc\u00e9anographique, dans un tout nouvel espace de 550 m\u00b2. Ce nouvel espace renforce le dialogue avec tous nos publics (visiteurs, chercheurs, d\u00e9cideurs, scolaires) et ouvre un terrain de d\u00e9couverte, de partage et d\u2019engagement en faveur des tortues marines. Un centre de soins Le Centre Mon\u00e9gasque de Soins des Esp\u00e8ces A rescue center Marines (CMSEM) est le coeur de notre nouveau dispositif d\u2019action et de sensibilisation. Y sont soign\u00e9s grandes nacres, hippocampes\u2026 mais aussi tortues marines. Leurs blessures les plus fr\u00e9quentes : prise accidentelle dans des filets, carapace fendue, ingestion de plastique ou d\u2019hame\u00e7on. Habilit\u00e9s \u00e0 manipuler ces esp\u00e8ces prot\u00e9g\u00e9es, nos soigneurs interviennent en collaboration avec des v\u00e9t\u00e9rinaires sp\u00e9cialis\u00e9s et les r\u00e9seaux fran\u00e7ais et ,europ\u00e9ens des centres de soins. L\u2019occasion de contribuer aux programmes d\u2019\u00e9tudes relatifs \u00e0 la biologie de ces esp\u00e8ces, \u00e0 leur comportement et \u00e0 leur environnement. La provenance des \u00ab patients \u00bb Le CMSEM soigne des tortues recueillies directement en mer, sur le littoral mon\u00e9gasque ou \u00e0 proximit\u00e9. Elles peuvent aussi nous \u00eatre confi\u00e9es par d\u2019autres centres de soins satur\u00e9s au moment de la prise en charge. L'Institut oc\u00e9anographique collabore notamment avec le R\u00e9seau des Tortues Marines de M\u00e9diterran\u00e9e Fran\u00e7aise (RTMMF, g\u00e9r\u00e9 par la Soci\u00e9t\u00e9 Herp\u00e9tologique de France) et le Centre d\u2019Etudes et de Sauvegarde des Tortues de M\u00e9diterran\u00e9e (CESTMed). Tous les usagers de la mer (pouvoirs publics, plaisanciers, plongeurs, p\u00eacheurs\u2026) sont invit\u00e9s \u00e0 nous alerter en cas de rencontre avec un animal marin en d\u00e9tresse. Le retour en mer Avant de retrouver le large, les tortues passent par un bassin de r\u00e9habilitation de 160 m3, situ\u00e9 en plein air, pour s\u2019assurer\"},{\"@type\":\"BreadcrumbList\",\"@id\":\"https:\/\/musee.oceano.org\/de\/ausstellungen\/die-odyssee-der-meeresschildkroeten-die-ausstellung\/#breadcrumb\",\"itemListElement\":[{\"@type\":\"ListItem\",\"position\":1,\"name\":\"Home\",\"item\":\"https:\/\/musee.oceano.org\/de\/\"},{\"@type\":\"ListItem\",\"position\":2,\"name\":\"Tentoonstellingen\",\"item\":\"https:\/\/musee.oceano.org\/nl\/tentoonstellingen\/\"},{\"@type\":\"ListItem\",\"position\":3,\"name\":\"Die Odyssee der Meeresschildkr\u00f6ten &#8211; Die Ausstellung\"}]},{\"@type\":\"WebSite\",\"@id\":\"https:\/\/musee.oceano.org\/#website\",\"url\":\"https:\/\/musee.oceano.org\/\",\"name\":\"Mus\u00e9e Oc\u00e9anographique de Monaco\",\"description\":\"Faire conna\u00eetre, aimer et prot\u00e9ger les oc\u00e9ans\",\"potentialAction\":[{\"@type\":\"SearchAction\",\"target\":{\"@type\":\"EntryPoint\",\"urlTemplate\":\"https:\/\/musee.oceano.org\/?s={search_term_string}\"},\"query-input\":{\"@type\":\"PropertyValueSpecification\",\"valueRequired\":true,\"valueName\":\"search_term_string\"}}],\"inLanguage\":\"de\"}]}<\/script>\n<!-- \/ Yoast SEO plugin. -->","yoast_head_json":{"title":"Die Odyssee der Meeresschildkr\u00f6ten - Die Ausstellung - Mus\u00e9e Oc\u00e9anographique de Monaco","robots":{"index":"index","follow":"follow","max-snippet":"max-snippet:-1","max-image-preview":"max-image-preview:large","max-video-preview":"max-video-preview:-1"},"canonical":"https:\/\/musee.oceano.org\/de\/ausstellungen\/die-odyssee-der-meeresschildkroeten-die-ausstellung\/","og_locale":"de_DE","og_type":"article","og_title":"Die Odyssee der Meeresschildkr\u00f6ten - Die Ausstellung - Mus\u00e9e Oc\u00e9anographique de Monaco","og_description":"Die Schildkr\u00f6ten-Odyssee : Die Ausstellung Von ihrem Erscheinen auf der Erde vor Millionen von Jahren bis zu den Bedrohungen ihrer Existenz, von der Magie der Eiablage bis zu den Ma\u00dfnahmen, die zu ihrem Schutz ergriffen werden, wird das gro\u00dfe Abenteuer der Meeresschildkr\u00f6ten im Ozeanographischen Museum in der brandneuen Ausstellung The Sea Turtle Odyssey erz\u00e4hlt. In [&hellip;]","og_url":"https:\/\/musee.oceano.org\/de\/ausstellungen\/die-odyssee-der-meeresschildkroeten-die-ausstellung\/","og_site_name":"Mus\u00e9e Oc\u00e9anographique de Monaco","article_modified_time":"2021-07-13T08:35:33+00:00","og_image":[{"width":800,"height":533,"url":"https:\/\/musee.oceano.org\/wp-content\/uploads\/sites\/2\/2019\/05\/4-Parcours-th\u00e9matique-Odyss\u00e9e-des-tortues-marines-\u00a9-M.-Dagnino-Institut-oc\u00e9anographique.jpg","type":"image\/jpeg"}],"twitter_card":"summary_large_image","twitter_misc":{"Gesch\u00e4tzte Lesezeit":"4\u00a0Minuten"},"schema":{"@context":"https:\/\/schema.org","@graph":[{"@type":"WebPage","@id":"https:\/\/musee.oceano.org\/de\/ausstellungen\/die-odyssee-der-meeresschildkroeten-die-ausstellung\/","url":"https:\/\/musee.oceano.org\/de\/ausstellungen\/die-odyssee-der-meeresschildkroeten-die-ausstellung\/","name":"Die Odyssee der Meeresschildkr\u00f6ten - Die Ausstellung - Mus\u00e9e Oc\u00e9anographique de Monaco","isPartOf":{"@id":"https:\/\/musee.oceano.org\/#website"},"primaryImageOfPage":{"@id":"https:\/\/musee.oceano.org\/de\/ausstellungen\/die-odyssee-der-meeresschildkroeten-die-ausstellung\/#primaryimage"},"image":{"@id":"https:\/\/musee.oceano.org\/de\/ausstellungen\/die-odyssee-der-meeresschildkroeten-die-ausstellung\/#primaryimage"},"thumbnailUrl":"https:\/\/musee.oceano.org\/wp-content\/uploads\/sites\/2\/2019\/05\/4-Parcours-th\u00e9matique-Odyss\u00e9e-des-tortues-marines-\u00a9-M.-Dagnino-Institut-oc\u00e9anographique.jpg","datePublished":"2021-06-25T14:09:15+00:00","dateModified":"2021-07-13T08:35:33+00:00","breadcrumb":{"@id":"https:\/\/musee.oceano.org\/de\/ausstellungen\/die-odyssee-der-meeresschildkroeten-die-ausstellung\/#breadcrumb"},"inLanguage":"de","potentialAction":[{"@type":"ReadAction","target":["https:\/\/musee.oceano.org\/de\/ausstellungen\/die-odyssee-der-meeresschildkroeten-die-ausstellung\/"]}]},{"@type":"ImageObject","inLanguage":"de","@id":"https:\/\/musee.oceano.org\/de\/ausstellungen\/die-odyssee-der-meeresschildkroeten-die-ausstellung\/#primaryimage","url":"https:\/\/musee.oceano.org\/wp-content\/uploads\/sites\/2\/2019\/05\/4-Parcours-th\u00e9matique-Odyss\u00e9e-des-tortues-marines-\u00a9-M.-Dagnino-Institut-oc\u00e9anographique.jpg","contentUrl":"https:\/\/musee.oceano.org\/wp-content\/uploads\/sites\/2\/2019\/05\/4-Parcours-th\u00e9matique-Odyss\u00e9e-des-tortues-marines-\u00a9-M.-Dagnino-Institut-oc\u00e9anographique.jpg","width":800,"height":533,"caption":"De leur cycle de vie aux menaces qui p\u00e8sent sur leur existence, de la magie de la ponte aux actions men\u00e9es pour leur pr\u00e9servation, la grande aventure des tortues marines se raconte au Mus\u00e9e oc\u00e9anographique, dans un tout nouvel espace de 550 m\u00b2. Ce nouvel espace renforce le dialogue avec tous nos publics (visiteurs, chercheurs, d\u00e9cideurs, scolaires) et ouvre un terrain de d\u00e9couverte, de partage et d\u2019engagement en faveur des tortues marines. Un centre de soins Le Centre Mon\u00e9gasque de Soins des Esp\u00e8ces A rescue center Marines (CMSEM) est le coeur de notre nouveau dispositif d\u2019action et de sensibilisation. Y sont soign\u00e9s grandes nacres, hippocampes\u2026 mais aussi tortues marines. Leurs blessures les plus fr\u00e9quentes : prise accidentelle dans des filets, carapace fendue, ingestion de plastique ou d\u2019hame\u00e7on. Habilit\u00e9s \u00e0 manipuler ces esp\u00e8ces prot\u00e9g\u00e9es, nos soigneurs interviennent en collaboration avec des v\u00e9t\u00e9rinaires sp\u00e9cialis\u00e9s et les r\u00e9seaux fran\u00e7ais et ,europ\u00e9ens des centres de soins. L\u2019occasion de contribuer aux programmes d\u2019\u00e9tudes relatifs \u00e0 la biologie de ces esp\u00e8ces, \u00e0 leur comportement et \u00e0 leur environnement. La provenance des \u00ab patients \u00bb Le CMSEM soigne des tortues recueillies directement en mer, sur le littoral mon\u00e9gasque ou \u00e0 proximit\u00e9. Elles peuvent aussi nous \u00eatre confi\u00e9es par d\u2019autres centres de soins satur\u00e9s au moment de la prise en charge. L'Institut oc\u00e9anographique collabore notamment avec le R\u00e9seau des Tortues Marines de M\u00e9diterran\u00e9e Fran\u00e7aise (RTMMF, g\u00e9r\u00e9 par la Soci\u00e9t\u00e9 Herp\u00e9tologique de France) et le Centre d\u2019Etudes et de Sauvegarde des Tortues de M\u00e9diterran\u00e9e (CESTMed). Tous les usagers de la mer (pouvoirs publics, plaisanciers, plongeurs, p\u00eacheurs\u2026) sont invit\u00e9s \u00e0 nous alerter en cas de rencontre avec un animal marin en d\u00e9tresse. Le retour en mer Avant de retrouver le large, les tortues passent par un bassin de r\u00e9habilitation de 160 m3, situ\u00e9 en plein air, pour s\u2019assurer"},{"@type":"BreadcrumbList","@id":"https:\/\/musee.oceano.org\/de\/ausstellungen\/die-odyssee-der-meeresschildkroeten-die-ausstellung\/#breadcrumb","itemListElement":[{"@type":"ListItem","position":1,"name":"Home","item":"https:\/\/musee.oceano.org\/de\/"},{"@type":"ListItem","position":2,"name":"Tentoonstellingen","item":"https:\/\/musee.oceano.org\/nl\/tentoonstellingen\/"},{"@type":"ListItem","position":3,"name":"Die Odyssee der Meeresschildkr\u00f6ten &#8211; Die Ausstellung"}]},{"@type":"WebSite","@id":"https:\/\/musee.oceano.org\/#website","url":"https:\/\/musee.oceano.org\/","name":"Mus\u00e9e Oc\u00e9anographique de Monaco","description":"Faire conna\u00eetre, aimer et prot\u00e9ger les oc\u00e9ans","potentialAction":[{"@type":"SearchAction","target":{"@type":"EntryPoint","urlTemplate":"https:\/\/musee.oceano.org\/?s={search_term_string}"},"query-input":{"@type":"PropertyValueSpecification","valueRequired":true,"valueName":"search_term_string"}}],"inLanguage":"de"}]}},"_links":{"self":[{"href":"https:\/\/musee.oceano.org\/de\/wp-json\/wp\/v2\/expositions\/25537","targetHints":{"allow":["GET"]}}],"collection":[{"href":"https:\/\/musee.oceano.org\/de\/wp-json\/wp\/v2\/expositions"}],"about":[{"href":"https:\/\/musee.oceano.org\/de\/wp-json\/wp\/v2\/types\/expositions"}],"version-history":[{"count":10,"href":"https:\/\/musee.oceano.org\/de\/wp-json\/wp\/v2\/expositions\/25537\/revisions"}],"predecessor-version":[{"id":32457,"href":"https:\/\/musee.oceano.org\/de\/wp-json\/wp\/v2\/expositions\/25537\/revisions\/32457"}],"wp:featuredmedia":[{"embeddable":true,"href":"https:\/\/musee.oceano.org\/de\/wp-json\/wp\/v2\/media\/25590"}],"wp:attachment":[{"href":"https:\/\/musee.oceano.org\/de\/wp-json\/wp\/v2\/media?parent=25537"}],"wp:term":[{"taxonomy":"etatexpositions","embeddable":true,"href":"https:\/\/musee.oceano.org\/de\/wp-json\/wp\/v2\/etatexpositions?post=25537"}],"curies":[{"name":"wp","href":"https:\/\/api.w.org\/{rel}","templated":true}]}}