{"id":25608,"date":"2021-06-25T16:09:25","date_gmt":"2021-06-25T14:09:25","guid":{"rendered":"https:\/\/musee.oceano.org\/expositions\/taba-naba\/"},"modified":"2021-07-13T11:38:48","modified_gmt":"2021-07-13T09:38:48","slug":"taba-naba","status":"publish","type":"expositions","link":"https:\/\/musee.oceano.org\/de\/ausstellungen\/taba-naba\/","title":{"rendered":"Taba Naba"},"content":{"rendered":"\t\t<div data-elementor-type=\"wp-post\" data-elementor-id=\"25608\" class=\"elementor elementor-25608 elementor-6546\" data-elementor-post-type=\"expositions\">\n\t\t\t\t\t\t<section class=\"elementor-section elementor-top-section elementor-element elementor-element-154492fe elementor-section-full_width elementor-section-height-default elementor-section-height-default\" data-id=\"154492fe\" data-element_type=\"section\" data-e-type=\"section\">\n\t\t\t\t\t\t<div class=\"elementor-container elementor-column-gap-no\">\n\t\t\t\t\t<div class=\"elementor-column elementor-col-100 elementor-top-column elementor-element elementor-element-5d62217d\" data-id=\"5d62217d\" data-element_type=\"column\" data-e-type=\"column\">\n\t\t\t<div class=\"elementor-widget-wrap elementor-element-populated\">\n\t\t\t\t\t\t<div class=\"elementor-element elementor-element-cc2d10e elementor--h-position-center elementor--v-position-middle elementor-widget elementor-widget-slides\" data-id=\"cc2d10e\" data-element_type=\"widget\" data-e-type=\"widget\" data-settings=\"{&quot;navigation&quot;:&quot;none&quot;,&quot;transition&quot;:&quot;slide&quot;,&quot;transition_speed&quot;:500}\" data-widget_type=\"slides.default\">\n\t\t\t\t<div class=\"elementor-widget-container\">\n\t\t\t\t\t\t\t\t\t<div class=\"elementor-swiper\">\n\t\t\t\t\t<div class=\"elementor-slides-wrapper elementor-main-swiper swiper\" role=\"region\" aria-roledescription=\"carousel\" aria-label=\"Slider\" dir=\"ltr\" data-animation=\"fadeInUp\">\n\t\t\t\t<div class=\"swiper-wrapper elementor-slides\">\n\t\t\t\t\t\t\t\t\t\t<div class=\"elementor-repeater-item-891be05 swiper-slide\" role=\"group\" aria-roledescription=\"slide\"><div class=\"swiper-slide-bg\" role=\"img\" aria-label=\"3-4-02_Sowlal-Alick-Tipoti_M_Dagnino\"><\/div><div class=\"swiper-slide-inner\" ><div class=\"swiper-slide-contents\"><h1 class=\"elementor-slide-heading\">TABA NABA<\/h1><div class=\"elementor-slide-description\"><p>Australien, Ozeanien, Kunst der Seev\u00f6lker<\/p>\n<\/div><\/div><\/div><\/div>\t\t\t\t<\/div>\n\t\t\t\t\t\t\t<\/div>\n\t\t\t\t<\/div>\n\t\t\t\t\t\t\t\t<\/div>\n\t\t\t\t<\/div>\n\t\t\t\t\t<\/div>\n\t\t<\/div>\n\t\t\t\t\t<\/div>\n\t\t<\/section>\n\t\t\t\t<section class=\"elementor-section elementor-top-section elementor-element elementor-element-41571b57 elementor-section-full_width elementor-section-height-default elementor-section-height-default\" data-id=\"41571b57\" data-element_type=\"section\" data-e-type=\"section\" data-settings=\"{&quot;background_background&quot;:&quot;classic&quot;}\">\n\t\t\t\t\t\t<div class=\"elementor-container elementor-column-gap-default\">\n\t\t\t\t\t<div class=\"elementor-column elementor-col-100 elementor-top-column elementor-element elementor-element-5b4c1dc\" data-id=\"5b4c1dc\" data-element_type=\"column\" data-e-type=\"column\">\n\t\t\t<div class=\"elementor-widget-wrap elementor-element-populated\">\n\t\t\t\t\t\t<div class=\"elementor-element elementor-element-ea5fdb7 elementor-widget elementor-widget-ee-breadcrumbs\" data-id=\"ea5fdb7\" data-element_type=\"widget\" data-e-type=\"widget\" data-widget_type=\"ee-breadcrumbs.default\">\n\t\t\t\t<div class=\"elementor-widget-container\">\n\t\t\t\t\t<ul class=\"ee-breadcrumbs\" itemscope=\"\" itemtype=\"http:\/\/schema.org\/BreadcrumbList\"><\/ul>\t\t\t\t<\/div>\n\t\t\t\t<\/div>\n\t\t\t\t\t<\/div>\n\t\t<\/div>\n\t\t\t\t\t<\/div>\n\t\t<\/section>\n\t\t\t\t<section class=\"elementor-section elementor-top-section elementor-element elementor-element-6911f49 elementor-section-boxed elementor-section-height-default elementor-section-height-default\" data-id=\"6911f49\" data-element_type=\"section\" data-e-type=\"section\" data-settings=\"{&quot;background_background&quot;:&quot;classic&quot;}\">\n\t\t\t\t\t\t<div class=\"elementor-container elementor-column-gap-default\">\n\t\t\t\t\t<div class=\"elementor-column elementor-col-100 elementor-top-column elementor-element elementor-element-27e84246\" data-id=\"27e84246\" data-element_type=\"column\" data-e-type=\"column\">\n\t\t\t<div class=\"elementor-widget-wrap elementor-element-populated\">\n\t\t\t\t\t\t<section class=\"elementor-section elementor-inner-section elementor-element elementor-element-2d1b6eaf elementor-section-boxed elementor-section-height-default elementor-section-height-default\" data-id=\"2d1b6eaf\" data-element_type=\"section\" data-e-type=\"section\" data-settings=\"{&quot;background_background&quot;:&quot;classic&quot;}\">\n\t\t\t\t\t\t<div class=\"elementor-container elementor-column-gap-default\">\n\t\t\t\t\t<div class=\"elementor-column elementor-col-50 elementor-inner-column elementor-element elementor-element-22a31c5f\" data-id=\"22a31c5f\" data-element_type=\"column\" data-e-type=\"column\">\n\t\t\t<div class=\"elementor-widget-wrap elementor-element-populated\">\n\t\t\t\t\t\t<div class=\"elementor-element elementor-element-609d646 elementor-zoom elementor-widget elementor-widget-image\" data-id=\"609d646\" data-element_type=\"widget\" data-e-type=\"widget\" data-widget_type=\"image.default\">\n\t\t\t\t<div class=\"elementor-widget-container\">\n\t\t\t\t\t\t\t\t\t\t\t\t\t\t\t<img fetchpriority=\"high\" decoding=\"async\" width=\"762\" height=\"578\" src=\"https:\/\/musee.oceano.org\/wp-content\/uploads\/sites\/2\/2019\/06\/3-4-17_Oeuvres-exposition-Taba-Naba_M_Dagnino-762x578.jpg\" class=\"attachment-img-actu-section size-img-actu-section wp-image-4543\" alt=\"\" \/>\t\t\t\t\t\t\t\t\t\t\t\t\t\t\t<\/div>\n\t\t\t\t<\/div>\n\t\t\t\t\t<\/div>\n\t\t<\/div>\n\t\t\t\t<div class=\"elementor-column elementor-col-50 elementor-inner-column elementor-element elementor-element-5988fdb2\" data-id=\"5988fdb2\" data-element_type=\"column\" data-e-type=\"column\">\n\t\t\t<div class=\"elementor-widget-wrap elementor-element-populated\">\n\t\t\t\t\t\t<div class=\"elementor-element elementor-element-3d70cbb7 elementor-widget elementor-widget-text-editor\" data-id=\"3d70cbb7\" data-element_type=\"widget\" data-e-type=\"widget\" data-widget_type=\"text-editor.default\">\n\t\t\t\t<div class=\"elementor-widget-container\">\n\t\t\t\t\t\t\t\t\t<h1>K\u00dcNSTE DER SEEV\u00d6LKER<\/h1>\n<p><strong>Vom 24. M\u00e4rz bis zum 30. September 2016 wurde im Museum die Kunst der Aborigines und Ozeanier im Rahmen von <em>TABA NABA<\/em> gezeigt, einer gro\u00dfen Ausstellung zum Thema Ozeane und Wasser.  <\/strong><\/p>\n<\/p>\n<p><strong>Das Projekt wurde um drei sich erg\u00e4nzende Komponenten herum artikuliert, die mit drei in dieser sehr speziellen Kunstform anerkannten Partnern entwickelt wurden.<\/strong><\/p>\n\t\t\t\t\t\t\t\t<\/div>\n\t\t\t\t<\/div>\n\t\t\t\t\t<\/div>\n\t\t<\/div>\n\t\t\t\t\t<\/div>\n\t\t<\/section>\n\t\t\t\t\t<\/div>\n\t\t<\/div>\n\t\t\t\t\t<\/div>\n\t\t<\/section>\n\t\t\t\t<section class=\"elementor-section elementor-top-section elementor-element elementor-element-ad8930f elementor-section-boxed elementor-section-height-default elementor-section-height-default\" data-id=\"ad8930f\" data-element_type=\"section\" data-e-type=\"section\">\n\t\t\t\t\t\t<div class=\"elementor-container elementor-column-gap-default\">\n\t\t\t\t\t<div class=\"elementor-column elementor-col-50 elementor-top-column elementor-element elementor-element-3fb54bf5\" data-id=\"3fb54bf5\" data-element_type=\"column\" data-e-type=\"column\">\n\t\t\t<div class=\"elementor-widget-wrap elementor-element-populated\">\n\t\t\t\t\t\t<div class=\"elementor-element elementor-element-6ff1eebb elementor-widget elementor-widget-heading\" data-id=\"6ff1eebb\" data-element_type=\"widget\" data-e-type=\"widget\" data-widget_type=\"heading.default\">\n\t\t\t\t<div class=\"elementor-widget-container\">\n\t\t\t\t\t<h2 class=\"elementor-heading-title elementor-size-default\">Australien  <\/h2>\t\t\t\t<\/div>\n\t\t\t\t<\/div>\n\t\t\t\t<div class=\"elementor-element elementor-element-36ca4b95 elementor-widget elementor-widget-text-editor\" data-id=\"36ca4b95\" data-element_type=\"widget\" data-e-type=\"widget\" data-widget_type=\"text-editor.default\">\n\t\t\t\t<div class=\"elementor-widget-container\">\n\t\t\t\t\t\t\t\t\t<p>Der erste Teil war ganz der Schaffung und Pr\u00e4sentation von sechs monumentalen Installationen gewidmet, die von 50 bedeutenden K\u00fcnstlern der Aborigines und Torres Strait Islander geschaffen wurden, die mit ihren Werken ein Zeichen gegen die Verschmutzung der Ozeane setzen. Weit davon entfernt, sich diesen Umweltproblemen auf kr\u00e4nkende Weise zu n\u00e4hern, haben sich die K\u00fcnstler daf\u00fcr entschieden, sie mit Humor und Subtilit\u00e4t zu behandeln. Dieses erste Kapitel wurde als M\u00e4rchen konzipiert. Die monumentalen Werke, die innerhalb und au\u00dferhalb des Museums pr\u00e4sentiert werden, geben den Besuchern das Gef\u00fchl, in die poetische Welt von Alice im Wunderland versetzt zu werden.<\/p>\n\t\t\t\t\t\t\t\t<\/div>\n\t\t\t\t<\/div>\n\t\t\t\t<div class=\"elementor-element elementor-element-4ed8e07 elementor-widget elementor-widget-heading\" data-id=\"4ed8e07\" data-element_type=\"widget\" data-e-type=\"widget\" data-widget_type=\"heading.default\">\n\t\t\t\t<div class=\"elementor-widget-container\">\n\t\t\t\t\t<h2 class=\"elementor-heading-title elementor-size-default\">Lebendige Gew\u00e4sser<\/h2>\t\t\t\t<\/div>\n\t\t\t\t<\/div>\n\t\t\t\t<div class=\"elementor-element elementor-element-532b1c07 elementor-widget elementor-widget-text-editor\" data-id=\"532b1c07\" data-element_type=\"widget\" data-e-type=\"widget\" data-widget_type=\"text-editor.default\">\n\t\t\t\t<div class=\"elementor-widget-container\">\n\t\t\t\t\t\t\t\t\t<div>&#8222;Living Waters&#8220; pr\u00e4sentiert eine Auswahl zeitgen\u00f6ssischer Aborigine-Gem\u00e4lde aus der Sordello &amp; Missana Collection sowie Werke von Gastk\u00fcnstlern aus Australien, die die kultur\u00fcbergreifenden Themen der Ausstellung und ihre Beziehung zum Wasser illustrieren. Neben einer Installation einer K\u00fcnstlergruppe, dem H\u00f6hepunkt der Ausstellung, werfen Videos und Fotografien von jungen und bekannten Aborigine-K\u00fcnstlern Fragen nach dem Heiligen und dem Profanen auf und \u00f6ffnen ein Fenster zu neuen zeitgen\u00f6ssischen k\u00fcnstlerischen Praktiken.<\/div>\n<div>Auch Gem\u00e4lde von Aborigine-K\u00fcnstlern aus der Privatsammlung von S.D. F\u00fcrst Albert II. von Monaco werden pr\u00e4sentiert.<\/div>\n\t\t\t\t\t\t\t\t<\/div>\n\t\t\t\t<\/div>\n\t\t\t\t<div class=\"elementor-element elementor-element-30ca02d8 elementor-widget elementor-widget-heading\" data-id=\"30ca02d8\" data-element_type=\"widget\" data-e-type=\"widget\" data-widget_type=\"heading.default\">\n\t\t\t\t<div class=\"elementor-widget-container\">\n\t\t\t\t\t<h2 class=\"elementor-heading-title elementor-size-default\">  Ozeanien<\/h2>\t\t\t\t<\/div>\n\t\t\t\t<\/div>\n\t\t\t\t<div class=\"elementor-element elementor-element-530e364 elementor-widget elementor-widget-text-editor\" data-id=\"530e364\" data-element_type=\"widget\" data-e-type=\"widget\" data-widget_type=\"text-editor.default\">\n\t\t\t\t<div class=\"elementor-widget-container\">\n\t\t\t\t\t\t\t\t\t<p>Die Vision der ozeanischen Inselbewohner und die der australischen Aborigines zu konfrontieren, ihre Gemeinsamkeiten zum Sprechen zu bringen, ohne ihre Unterschiede zu verbergen, das ist das Ziel dieser Reise durch Werke der Vergangenheit und zeitgen\u00f6ssische Arbeiten. Didier Zanette konzentriert sich auf die kulturelle Beziehung, die die V\u00f6lker des Pazifiks mit dem Meer haben, durch eine Pr\u00e4sentation von traditionellen Navigationsobjekten, Prestigeobjekten von den Salomonen, einer Serie von Papua-Portr\u00e4ts und einer Reihe von gro\u00dfformatigen Darstellungen von Baining-Meerestieren.<\/p>\n\t\t\t\t\t\t\t\t<\/div>\n\t\t\t\t<\/div>\n\t\t\t\t\t<\/div>\n\t\t<\/div>\n\t\t\t\t<div class=\"elementor-column elementor-col-50 elementor-top-column elementor-element elementor-element-3612081a\" data-id=\"3612081a\" data-element_type=\"column\" data-e-type=\"column\" data-settings=\"{&quot;background_background&quot;:&quot;classic&quot;}\">\n\t\t\t<div class=\"elementor-widget-wrap elementor-element-populated\">\n\t\t\t\t\t\t<div class=\"elementor-element elementor-element-3d7d1431 elementor-widget elementor-widget-image\" data-id=\"3d7d1431\" data-element_type=\"widget\" data-e-type=\"widget\" data-widget_type=\"image.default\">\n\t\t\t\t<div class=\"elementor-widget-container\">\n\t\t\t\t\t\t\t\t\t\t\t\t\t\t\t<img decoding=\"async\" width=\"300\" height=\"200\" src=\"https:\/\/musee.oceano.org\/wp-content\/uploads\/sites\/2\/2019\/06\/3-4-01_Fa\u00e1ade-Est-crabes-exposition-Taba-Naba_M_Dagnino-300x200.jpg\" class=\"attachment-medium size-medium wp-image-4507\" alt=\"\" srcset=\"https:\/\/musee.oceano.org\/wp-content\/uploads\/sites\/2\/2019\/06\/3-4-01_Fa\u00e1ade-Est-crabes-exposition-Taba-Naba_M_Dagnino-300x200.jpg 300w, https:\/\/musee.oceano.org\/wp-content\/uploads\/sites\/2\/2019\/06\/3-4-01_Fa\u00e1ade-Est-crabes-exposition-Taba-Naba_M_Dagnino-1024x682.jpg 1024w, https:\/\/musee.oceano.org\/wp-content\/uploads\/sites\/2\/2019\/06\/3-4-01_Fa\u00e1ade-Est-crabes-exposition-Taba-Naba_M_Dagnino-768x511.jpg 768w, https:\/\/musee.oceano.org\/wp-content\/uploads\/sites\/2\/2019\/06\/3-4-01_Fa\u00e1ade-Est-crabes-exposition-Taba-Naba_M_Dagnino-1536x1022.jpg 1536w, https:\/\/musee.oceano.org\/wp-content\/uploads\/sites\/2\/2019\/06\/3-4-01_Fa\u00e1ade-Est-crabes-exposition-Taba-Naba_M_Dagnino-2048x1363.jpg 2048w, https:\/\/musee.oceano.org\/wp-content\/uploads\/sites\/2\/2019\/06\/3-4-01_Fa\u00e1ade-Est-crabes-exposition-Taba-Naba_M_Dagnino-370x245.jpg 370w\" sizes=\"(max-width: 300px) 100vw, 300px\" \/>\t\t\t\t\t\t\t\t\t\t\t\t\t\t\t<\/div>\n\t\t\t\t<\/div>\n\t\t\t\t<div class=\"elementor-element elementor-element-6397230b elementor-widget elementor-widget-heading\" data-id=\"6397230b\" data-element_type=\"widget\" data-e-type=\"widget\" data-widget_type=\"heading.default\">\n\t\t\t\t<div class=\"elementor-widget-container\">\n\t\t\t\t\t<h2 class=\"elementor-heading-title elementor-size-default\">Die Ausstellungsr\u00e4ume<\/h2>\t\t\t\t<\/div>\n\t\t\t\t<\/div>\n\t\t\t\t<section class=\"elementor-section elementor-inner-section elementor-element elementor-element-76e1889 elementor-section-boxed elementor-section-height-default elementor-section-height-default\" data-id=\"76e1889\" data-element_type=\"section\" data-e-type=\"section\">\n\t\t\t\t\t\t<div class=\"elementor-container elementor-column-gap-default\">\n\t\t\t\t\t<div class=\"elementor-column elementor-col-100 elementor-inner-column elementor-element elementor-element-3506f3c\" data-id=\"3506f3c\" data-element_type=\"column\" data-e-type=\"column\">\n\t\t\t<div class=\"elementor-widget-wrap elementor-element-populated\">\n\t\t\t\t\t\t<div class=\"elementor-element elementor-element-6b107a6c elementor-widget elementor-widget-text-editor\" data-id=\"6b107a6c\" data-element_type=\"widget\" data-e-type=\"widget\" data-widget_type=\"text-editor.default\">\n\t\t\t\t<div class=\"elementor-widget-container\">\n\t\t\t\t\t\t\t\t\t<p><u><strong>&#8222;Australien.&#8220;<\/strong><\/u><\/p>\n<p><strong>Die Verteidigung der Ozeane im Herzen der Kunst der Aborigines und Torres Strait Islander&#8220;, kuratiert von St\u00e9phane Jacob, assistiert von Suzanne O&#8217;Connell<\/strong><\/p>\n<\/p>\n<p><u><strong>&#8222;Lebendiges Wasser&#8220;<\/strong><\/u><\/p>\n<p><strong>  ein Projekt der Sordello Missana Collection, kuratiert von Dr. Erica Izett, assistiert von Dr. Georges Petitjean und Donna Carstens<\/strong><\/p>\n<\/p>\n<p><u><strong>&#8222;Ozeanien&#8220;<\/strong><\/u><\/p>\n<p><strong>Inselbewohner, die Meister der Navigation und des k\u00fcnstlerischen Ausdrucks waren&#8220;, kuratiert von Didier Zanette<\/strong><\/p>\n\t\t\t\t\t\t\t\t<\/div>\n\t\t\t\t<\/div>\n\t\t\t\t\t<\/div>\n\t\t<\/div>\n\t\t\t\t\t<\/div>\n\t\t<\/section>\n\t\t\t\t\t<\/div>\n\t\t<\/div>\n\t\t\t\t\t<\/div>\n\t\t<\/section>\n\t\t\t\t<section class=\"elementor-section elementor-top-section elementor-element elementor-element-779db7ee elementor-section-full_width elementor-section-height-default elementor-section-height-default\" data-id=\"779db7ee\" data-element_type=\"section\" data-e-type=\"section\">\n\t\t\t\t\t\t<div class=\"elementor-container elementor-column-gap-default\">\n\t\t\t\t\t<div class=\"elementor-column elementor-col-100 elementor-top-column elementor-element elementor-element-591a93d3\" data-id=\"591a93d3\" data-element_type=\"column\" data-e-type=\"column\">\n\t\t\t<div class=\"elementor-widget-wrap elementor-element-populated\">\n\t\t\t\t\t\t<div class=\"elementor-element elementor-element-60052a96 elementor-widget elementor-widget-heading\" data-id=\"60052a96\" data-element_type=\"widget\" data-e-type=\"widget\" data-widget_type=\"heading.default\">\n\t\t\t\t<div class=\"elementor-widget-container\">\n\t\t\t\t\t<h2 class=\"elementor-heading-title elementor-size-default\">Siehe auch<\/h2>\t\t\t\t<\/div>\n\t\t\t\t<\/div>\n\t\t\t\t\t<\/div>\n\t\t<\/div>\n\t\t\t\t\t<\/div>\n\t\t<\/section>\n\t\t\t\t<section class=\"elementor-section elementor-top-section elementor-element elementor-element-390374f0 elementor-section-boxed elementor-section-height-default elementor-section-height-default\" data-id=\"390374f0\" data-element_type=\"section\" data-e-type=\"section\" data-settings=\"{&quot;background_background&quot;:&quot;classic&quot;}\">\n\t\t\t\t\t\t<div class=\"elementor-container elementor-column-gap-default\">\n\t\t\t\t\t<div class=\"elementor-column elementor-col-33 elementor-top-column elementor-element elementor-element-48359675\" data-id=\"48359675\" data-element_type=\"column\" data-e-type=\"column\">\n\t\t\t<div class=\"elementor-widget-wrap elementor-element-populated\">\n\t\t\t\t\t\t<div class=\"elementor-element elementor-element-2697a97f elementor-zoom elementor-widget elementor-widget-image\" data-id=\"2697a97f\" data-element_type=\"widget\" data-e-type=\"widget\" data-widget_type=\"image.default\">\n\t\t\t\t<div class=\"elementor-widget-container\">\n\t\t\t\t\t\t\t\t\t\t\t\t\t\t\t<img decoding=\"async\" src=\"https:\/\/musee.oceano.org\/wp-content\/uploads\/sites\/2\/elementor\/thumbs\/Images_SW_illustration_2-rjyt4jgwvtm48jfcwzer7k5givekc32pjufdjmj19m.jpg\" title=\"Images_SW_illustration_(2)\" alt=\"Images_SW_illustration_(2)\" loading=\"lazy\" \/>\t\t\t\t\t\t\t\t\t\t\t\t\t\t\t<\/div>\n\t\t\t\t<\/div>\n\t\t\t\t<div class=\"elementor-element elementor-element-2515f3c4 elementor-widget elementor-widget-heading\" data-id=\"2515f3c4\" data-element_type=\"widget\" data-e-type=\"widget\" data-widget_type=\"heading.default\">\n\t\t\t\t<div class=\"elementor-widget-container\">\n\t\t\t\t\t<h2 class=\"elementor-heading-title elementor-size-default\">Die Odyssee der Meeresschildkr\u00f6ten<\/h2>\t\t\t\t<\/div>\n\t\t\t\t<\/div>\n\t\t\t\t<div class=\"elementor-element elementor-element-4c1a11b4 elementor-align-center elementor-widget elementor-widget-button\" data-id=\"4c1a11b4\" data-element_type=\"widget\" data-e-type=\"widget\" data-widget_type=\"button.default\">\n\t\t\t\t<div class=\"elementor-widget-container\">\n\t\t\t\t\t\t\t\t\t<div class=\"elementor-button-wrapper\">\n\t\t\t\t\t<a class=\"elementor-button elementor-button-link elementor-size-md\" href=\"https:\/\/musee.oceano.org\/de\/die-odyssee-der-meeresschildkroeten\/\">\n\t\t\t\t\t\t<span class=\"elementor-button-content-wrapper\">\n\t\t\t\t\t\t\t\t\t<span class=\"elementor-button-text\">Entdecken Sie<\/span>\n\t\t\t\t\t<\/span>\n\t\t\t\t\t<\/a>\n\t\t\t\t<\/div>\n\t\t\t\t\t\t\t\t<\/div>\n\t\t\t\t<\/div>\n\t\t\t\t\t<\/div>\n\t\t<\/div>\n\t\t\t\t<div class=\"elementor-column elementor-col-33 elementor-top-column elementor-element elementor-element-77872bb6\" data-id=\"77872bb6\" data-element_type=\"column\" data-e-type=\"column\">\n\t\t\t<div class=\"elementor-widget-wrap elementor-element-populated\">\n\t\t\t\t\t\t<div class=\"elementor-element elementor-element-47ce7865 elementor-zoom elementor-widget elementor-widget-image\" data-id=\"47ce7865\" data-element_type=\"widget\" data-e-type=\"widget\" data-widget_type=\"image.default\">\n\t\t\t\t<div class=\"elementor-widget-container\">\n\t\t\t\t\t\t\t\t\t\t\t\t\t\t\t<img decoding=\"async\" src=\"https:\/\/musee.oceano.org\/wp-content\/uploads\/sites\/2\/elementor\/thumbs\/3-4-27_Vernissage-exposition-Borderline_20170503_M_Dagnino-scaled-rjyt4cw1jzd3z9owzekd83t8d6azu7cl6xuz6ossh6.jpg\" title=\"3-4-27_Vernissage-exposition-Borderline_20170503_M_Dagnino\" alt=\"3-4-27_Vernissage-exposition-Borderline_20170503_M_Dagnino\" loading=\"lazy\" \/>\t\t\t\t\t\t\t\t\t\t\t\t\t\t\t<\/div>\n\t\t\t\t<\/div>\n\t\t\t\t<div class=\"elementor-element elementor-element-6d348b5c elementor-widget elementor-widget-heading\" data-id=\"6d348b5c\" data-element_type=\"widget\" data-e-type=\"widget\" data-widget_type=\"heading.default\">\n\t\t\t\t<div class=\"elementor-widget-container\">\n\t\t\t\t\t<h2 class=\"elementor-heading-title elementor-size-default\"><a href=\"https:\/\/musee.oceano.org\/de\/die-ausstellungen\/\">Ausstellungen<\/a><\/h2>\t\t\t\t<\/div>\n\t\t\t\t<\/div>\n\t\t\t\t<div class=\"elementor-element elementor-element-4256a858 elementor-align-center elementor-widget elementor-widget-button\" data-id=\"4256a858\" data-element_type=\"widget\" data-e-type=\"widget\" data-widget_type=\"button.default\">\n\t\t\t\t<div class=\"elementor-widget-container\">\n\t\t\t\t\t\t\t\t\t<div class=\"elementor-button-wrapper\">\n\t\t\t\t\t<a class=\"elementor-button elementor-button-link elementor-size-md\" href=\"https:\/\/musee.oceano.org\/de\/die-ausstellungen\/\">\n\t\t\t\t\t\t<span class=\"elementor-button-content-wrapper\">\n\t\t\t\t\t\t\t\t\t<span class=\"elementor-button-text\">Entdecken Sie<\/span>\n\t\t\t\t\t<\/span>\n\t\t\t\t\t<\/a>\n\t\t\t\t<\/div>\n\t\t\t\t\t\t\t\t<\/div>\n\t\t\t\t<\/div>\n\t\t\t\t\t<\/div>\n\t\t<\/div>\n\t\t\t\t<div class=\"elementor-column elementor-col-33 elementor-top-column elementor-element elementor-element-29dd3f62\" data-id=\"29dd3f62\" data-element_type=\"column\" data-e-type=\"column\">\n\t\t\t<div class=\"elementor-widget-wrap elementor-element-populated\">\n\t\t\t\t\t\t<div class=\"elementor-element elementor-element-5dbae4f0 elementor-zoom elementor-widget elementor-widget-image\" data-id=\"5dbae4f0\" data-element_type=\"widget\" data-e-type=\"widget\" data-widget_type=\"image.default\">\n\t\t\t\t<div class=\"elementor-widget-container\">\n\t\t\t\t\t\t\t\t\t\t\t\t\t\t\t<img decoding=\"async\" src=\"https:\/\/musee.oceano.org\/wp-content\/uploads\/sites\/2\/elementor\/thumbs\/08_Animation-_bassin_tactile_20120719_M_Dagnino-scaled-rjyt4by7d5btnnqa4w5qnm1rrsfmmi8uut7hpeu6ne.jpg\" title=\"08_Animation _bassin_tactile_20120719_M_Dagnino\" alt=\"08_Animation _bassin_tactile_20120719_M_Dagnino\" loading=\"lazy\" \/>\t\t\t\t\t\t\t\t\t\t\t\t\t\t\t<\/div>\n\t\t\t\t<\/div>\n\t\t\t\t<div class=\"elementor-element elementor-element-14bfd0e1 elementor-widget elementor-widget-heading\" data-id=\"14bfd0e1\" data-element_type=\"widget\" data-e-type=\"widget\" data-widget_type=\"heading.default\">\n\t\t\t\t<div class=\"elementor-widget-container\">\n\t\t\t\t\t<h2 class=\"elementor-heading-title elementor-size-default\">Animationen<\/h2>\t\t\t\t<\/div>\n\t\t\t\t<\/div>\n\t\t\t\t<div class=\"elementor-element elementor-element-409beb26 elementor-align-center elementor-widget elementor-widget-button\" data-id=\"409beb26\" data-element_type=\"widget\" data-e-type=\"widget\" data-widget_type=\"button.default\">\n\t\t\t\t<div class=\"elementor-widget-container\">\n\t\t\t\t\t\t\t\t\t<div class=\"elementor-button-wrapper\">\n\t\t\t\t\t<a class=\"elementor-button elementor-button-link elementor-size-md\" href=\"https:\/\/musee.oceano.org\/de\/die-animationen\/\">\n\t\t\t\t\t\t<span class=\"elementor-button-content-wrapper\">\n\t\t\t\t\t\t\t\t\t<span class=\"elementor-button-text\">Entdecken Sie<\/span>\n\t\t\t\t\t<\/span>\n\t\t\t\t\t<\/a>\n\t\t\t\t<\/div>\n\t\t\t\t\t\t\t\t<\/div>\n\t\t\t\t<\/div>\n\t\t\t\t\t<\/div>\n\t\t<\/div>\n\t\t\t\t\t<\/div>\n\t\t<\/section>\n\t\t\t\t<\/div>\n\t\t","protected":false},"excerpt":{"rendered":"<p>TABA NABA Australien, Ozeanien, Kunst der Seev\u00f6lker K\u00dcNSTE DER SEEV\u00d6LKER Vom 24. M\u00e4rz bis zum 30. September 2016 wurde im Museum die Kunst der Aborigines und Ozeanier im Rahmen von TABA NABA gezeigt, einer gro\u00dfen Ausstellung zum Thema Ozeane und Wasser. Das Projekt wurde um drei sich erg\u00e4nzende Komponenten herum artikuliert, die mit drei in [&hellip;]<\/p>\n","protected":false},"featured_media":22234,"parent":0,"template":"","meta":{"_acf_changed":false,"footnotes":""},"etatexpositions":[335],"class_list":["post-25608","expositions","type-expositions","status-publish","has-post-thumbnail","hentry","etatexpositions-vergangene"],"acf":[],"yoast_head":"<!-- This site is optimized with the Yoast SEO plugin v27.2 - https:\/\/yoast.com\/product\/yoast-seo-wordpress\/ -->\n<title>Taba Naba - Mus\u00e9e Oc\u00e9anographique de Monaco<\/title>\n<meta name=\"robots\" content=\"index, follow, max-snippet:-1, max-image-preview:large, max-video-preview:-1\" \/>\n<link rel=\"canonical\" href=\"https:\/\/musee.oceano.org\/de\/ausstellungen\/taba-naba\/\" \/>\n<meta property=\"og:locale\" content=\"de_DE\" \/>\n<meta property=\"og:type\" content=\"article\" \/>\n<meta property=\"og:title\" content=\"Taba Naba - Mus\u00e9e Oc\u00e9anographique de Monaco\" \/>\n<meta property=\"og:description\" content=\"TABA NABA Australien, Ozeanien, Kunst der Seev\u00f6lker K\u00dcNSTE DER SEEV\u00d6LKER Vom 24. M\u00e4rz bis zum 30. September 2016 wurde im Museum die Kunst der Aborigines und Ozeanier im Rahmen von TABA NABA gezeigt, einer gro\u00dfen Ausstellung zum Thema Ozeane und Wasser. Das Projekt wurde um drei sich erg\u00e4nzende Komponenten herum artikuliert, die mit drei in [&hellip;]\" \/>\n<meta property=\"og:url\" content=\"https:\/\/musee.oceano.org\/de\/ausstellungen\/taba-naba\/\" \/>\n<meta property=\"og:site_name\" content=\"Mus\u00e9e Oc\u00e9anographique de Monaco\" \/>\n<meta property=\"article:modified_time\" content=\"2021-07-13T09:38:48+00:00\" \/>\n<meta property=\"og:image\" content=\"https:\/\/musee.oceano.org\/wp-content\/uploads\/sites\/2\/2019\/05\/LOW-FINI-09_Artiste-Alick-Tipoti_M_Dagnino.jpg\" \/>\n\t<meta property=\"og:image:width\" content=\"1039\" \/>\n\t<meta property=\"og:image:height\" content=\"1038\" \/>\n\t<meta property=\"og:image:type\" content=\"image\/jpeg\" \/>\n<meta name=\"twitter:card\" content=\"summary_large_image\" \/>\n<meta name=\"twitter:label1\" content=\"Gesch\u00e4tzte Lesezeit\" \/>\n\t<meta name=\"twitter:data1\" content=\"3\u00a0Minuten\" \/>\n<script type=\"application\/ld+json\" class=\"yoast-schema-graph\">{\"@context\":\"https:\/\/schema.org\",\"@graph\":[{\"@type\":\"WebPage\",\"@id\":\"https:\/\/musee.oceano.org\/de\/ausstellungen\/taba-naba\/\",\"url\":\"https:\/\/musee.oceano.org\/de\/ausstellungen\/taba-naba\/\",\"name\":\"Taba Naba - Mus\u00e9e Oc\u00e9anographique de Monaco\",\"isPartOf\":{\"@id\":\"https:\/\/musee.oceano.org\/#website\"},\"primaryImageOfPage\":{\"@id\":\"https:\/\/musee.oceano.org\/de\/ausstellungen\/taba-naba\/#primaryimage\"},\"image\":{\"@id\":\"https:\/\/musee.oceano.org\/de\/ausstellungen\/taba-naba\/#primaryimage\"},\"thumbnailUrl\":\"https:\/\/musee.oceano.org\/wp-content\/uploads\/sites\/2\/2019\/05\/LOW-FINI-09_Artiste-Alick-Tipoti_M_Dagnino.jpg\",\"datePublished\":\"2021-06-25T14:09:25+00:00\",\"dateModified\":\"2021-07-13T09:38:48+00:00\",\"breadcrumb\":{\"@id\":\"https:\/\/musee.oceano.org\/de\/ausstellungen\/taba-naba\/#breadcrumb\"},\"inLanguage\":\"de\",\"potentialAction\":[{\"@type\":\"ReadAction\",\"target\":[\"https:\/\/musee.oceano.org\/de\/ausstellungen\/taba-naba\/\"]}]},{\"@type\":\"ImageObject\",\"inLanguage\":\"de\",\"@id\":\"https:\/\/musee.oceano.org\/de\/ausstellungen\/taba-naba\/#primaryimage\",\"url\":\"https:\/\/musee.oceano.org\/wp-content\/uploads\/sites\/2\/2019\/05\/LOW-FINI-09_Artiste-Alick-Tipoti_M_Dagnino.jpg\",\"contentUrl\":\"https:\/\/musee.oceano.org\/wp-content\/uploads\/sites\/2\/2019\/05\/LOW-FINI-09_Artiste-Alick-Tipoti_M_Dagnino.jpg\",\"width\":1039,\"height\":1038},{\"@type\":\"BreadcrumbList\",\"@id\":\"https:\/\/musee.oceano.org\/de\/ausstellungen\/taba-naba\/#breadcrumb\",\"itemListElement\":[{\"@type\":\"ListItem\",\"position\":1,\"name\":\"Home\",\"item\":\"https:\/\/musee.oceano.org\/de\/\"},{\"@type\":\"ListItem\",\"position\":2,\"name\":\"Tentoonstellingen\",\"item\":\"https:\/\/musee.oceano.org\/nl\/tentoonstellingen\/\"},{\"@type\":\"ListItem\",\"position\":3,\"name\":\"Taba Naba\"}]},{\"@type\":\"WebSite\",\"@id\":\"https:\/\/musee.oceano.org\/#website\",\"url\":\"https:\/\/musee.oceano.org\/\",\"name\":\"Mus\u00e9e Oc\u00e9anographique de Monaco\",\"description\":\"Faire conna\u00eetre, aimer et prot\u00e9ger les oc\u00e9ans\",\"potentialAction\":[{\"@type\":\"SearchAction\",\"target\":{\"@type\":\"EntryPoint\",\"urlTemplate\":\"https:\/\/musee.oceano.org\/?s={search_term_string}\"},\"query-input\":{\"@type\":\"PropertyValueSpecification\",\"valueRequired\":true,\"valueName\":\"search_term_string\"}}],\"inLanguage\":\"de\"}]}<\/script>\n<!-- \/ Yoast SEO plugin. -->","yoast_head_json":{"title":"Taba Naba - Mus\u00e9e Oc\u00e9anographique de Monaco","robots":{"index":"index","follow":"follow","max-snippet":"max-snippet:-1","max-image-preview":"max-image-preview:large","max-video-preview":"max-video-preview:-1"},"canonical":"https:\/\/musee.oceano.org\/de\/ausstellungen\/taba-naba\/","og_locale":"de_DE","og_type":"article","og_title":"Taba Naba - Mus\u00e9e Oc\u00e9anographique de Monaco","og_description":"TABA NABA Australien, Ozeanien, Kunst der Seev\u00f6lker K\u00dcNSTE DER SEEV\u00d6LKER Vom 24. M\u00e4rz bis zum 30. September 2016 wurde im Museum die Kunst der Aborigines und Ozeanier im Rahmen von TABA NABA gezeigt, einer gro\u00dfen Ausstellung zum Thema Ozeane und Wasser. Das Projekt wurde um drei sich erg\u00e4nzende Komponenten herum artikuliert, die mit drei in [&hellip;]","og_url":"https:\/\/musee.oceano.org\/de\/ausstellungen\/taba-naba\/","og_site_name":"Mus\u00e9e Oc\u00e9anographique de Monaco","article_modified_time":"2021-07-13T09:38:48+00:00","og_image":[{"width":1039,"height":1038,"url":"https:\/\/musee.oceano.org\/wp-content\/uploads\/sites\/2\/2019\/05\/LOW-FINI-09_Artiste-Alick-Tipoti_M_Dagnino.jpg","type":"image\/jpeg"}],"twitter_card":"summary_large_image","twitter_misc":{"Gesch\u00e4tzte Lesezeit":"3\u00a0Minuten"},"schema":{"@context":"https:\/\/schema.org","@graph":[{"@type":"WebPage","@id":"https:\/\/musee.oceano.org\/de\/ausstellungen\/taba-naba\/","url":"https:\/\/musee.oceano.org\/de\/ausstellungen\/taba-naba\/","name":"Taba Naba - Mus\u00e9e Oc\u00e9anographique de Monaco","isPartOf":{"@id":"https:\/\/musee.oceano.org\/#website"},"primaryImageOfPage":{"@id":"https:\/\/musee.oceano.org\/de\/ausstellungen\/taba-naba\/#primaryimage"},"image":{"@id":"https:\/\/musee.oceano.org\/de\/ausstellungen\/taba-naba\/#primaryimage"},"thumbnailUrl":"https:\/\/musee.oceano.org\/wp-content\/uploads\/sites\/2\/2019\/05\/LOW-FINI-09_Artiste-Alick-Tipoti_M_Dagnino.jpg","datePublished":"2021-06-25T14:09:25+00:00","dateModified":"2021-07-13T09:38:48+00:00","breadcrumb":{"@id":"https:\/\/musee.oceano.org\/de\/ausstellungen\/taba-naba\/#breadcrumb"},"inLanguage":"de","potentialAction":[{"@type":"ReadAction","target":["https:\/\/musee.oceano.org\/de\/ausstellungen\/taba-naba\/"]}]},{"@type":"ImageObject","inLanguage":"de","@id":"https:\/\/musee.oceano.org\/de\/ausstellungen\/taba-naba\/#primaryimage","url":"https:\/\/musee.oceano.org\/wp-content\/uploads\/sites\/2\/2019\/05\/LOW-FINI-09_Artiste-Alick-Tipoti_M_Dagnino.jpg","contentUrl":"https:\/\/musee.oceano.org\/wp-content\/uploads\/sites\/2\/2019\/05\/LOW-FINI-09_Artiste-Alick-Tipoti_M_Dagnino.jpg","width":1039,"height":1038},{"@type":"BreadcrumbList","@id":"https:\/\/musee.oceano.org\/de\/ausstellungen\/taba-naba\/#breadcrumb","itemListElement":[{"@type":"ListItem","position":1,"name":"Home","item":"https:\/\/musee.oceano.org\/de\/"},{"@type":"ListItem","position":2,"name":"Tentoonstellingen","item":"https:\/\/musee.oceano.org\/nl\/tentoonstellingen\/"},{"@type":"ListItem","position":3,"name":"Taba Naba"}]},{"@type":"WebSite","@id":"https:\/\/musee.oceano.org\/#website","url":"https:\/\/musee.oceano.org\/","name":"Mus\u00e9e Oc\u00e9anographique de Monaco","description":"Faire conna\u00eetre, aimer et prot\u00e9ger les oc\u00e9ans","potentialAction":[{"@type":"SearchAction","target":{"@type":"EntryPoint","urlTemplate":"https:\/\/musee.oceano.org\/?s={search_term_string}"},"query-input":{"@type":"PropertyValueSpecification","valueRequired":true,"valueName":"search_term_string"}}],"inLanguage":"de"}]}},"_links":{"self":[{"href":"https:\/\/musee.oceano.org\/de\/wp-json\/wp\/v2\/expositions\/25608","targetHints":{"allow":["GET"]}}],"collection":[{"href":"https:\/\/musee.oceano.org\/de\/wp-json\/wp\/v2\/expositions"}],"about":[{"href":"https:\/\/musee.oceano.org\/de\/wp-json\/wp\/v2\/types\/expositions"}],"version-history":[{"count":6,"href":"https:\/\/musee.oceano.org\/de\/wp-json\/wp\/v2\/expositions\/25608\/revisions"}],"predecessor-version":[{"id":32564,"href":"https:\/\/musee.oceano.org\/de\/wp-json\/wp\/v2\/expositions\/25608\/revisions\/32564"}],"wp:featuredmedia":[{"embeddable":true,"href":"https:\/\/musee.oceano.org\/de\/wp-json\/wp\/v2\/media\/22234"}],"wp:attachment":[{"href":"https:\/\/musee.oceano.org\/de\/wp-json\/wp\/v2\/media?parent=25608"}],"wp:term":[{"taxonomy":"etatexpositions","embeddable":true,"href":"https:\/\/musee.oceano.org\/de\/wp-json\/wp\/v2\/etatexpositions?post=25608"}],"curies":[{"name":"wp","href":"https:\/\/api.w.org\/{rel}","templated":true}]}}