{"id":34199,"date":"2021-08-24T14:36:13","date_gmt":"2021-08-24T12:36:13","guid":{"rendered":"https:\/\/musee.oceano.org\/entdecker-und-buerger-der-meere\/"},"modified":"2021-08-25T12:02:15","modified_gmt":"2021-08-25T10:02:15","slug":"entdecker-und-buerger-der-meere","status":"publish","type":"page","link":"https:\/\/musee.oceano.org\/de\/entdecker-und-buerger-der-meere\/","title":{"rendered":"Entdecker und B\u00fcrger der Meere"},"content":{"rendered":"\t\t<div data-elementor-type=\"wp-page\" data-elementor-id=\"34199\" class=\"elementor elementor-34199 elementor-33364\" data-elementor-post-type=\"page\">\n\t\t\t\t\t\t<section class=\"elementor-section elementor-top-section elementor-element elementor-element-bfd75c1 elementor-section-full_width elementor-section-height-default elementor-section-height-default\" data-id=\"bfd75c1\" data-element_type=\"section\" data-e-type=\"section\">\n\t\t\t\t\t\t<div class=\"elementor-container elementor-column-gap-no\">\n\t\t\t\t\t<div class=\"elementor-column elementor-col-100 elementor-top-column elementor-element elementor-element-6221b9d\" data-id=\"6221b9d\" data-element_type=\"column\" data-e-type=\"column\">\n\t\t\t<div class=\"elementor-widget-wrap elementor-element-populated\">\n\t\t\t\t\t\t<div class=\"elementor-element elementor-element-7a533190 elementor--h-position-center elementor--v-position-middle elementor-widget elementor-widget-slides\" data-id=\"7a533190\" data-element_type=\"widget\" data-e-type=\"widget\" data-settings=\"{&quot;navigation&quot;:&quot;none&quot;,&quot;transition&quot;:&quot;slide&quot;,&quot;transition_speed&quot;:500}\" data-widget_type=\"slides.default\">\n\t\t\t\t<div class=\"elementor-widget-container\">\n\t\t\t\t\t\t\t\t\t<div class=\"elementor-swiper\">\n\t\t\t\t\t<div class=\"elementor-slides-wrapper elementor-main-swiper swiper\" role=\"region\" aria-roledescription=\"carousel\" aria-label=\"Slider\" dir=\"ltr\" data-animation=\"fadeInUp\">\n\t\t\t\t<div class=\"swiper-wrapper elementor-slides\">\n\t\t\t\t\t\t\t\t\t\t<div class=\"elementor-repeater-item-946f748 swiper-slide\" role=\"group\" aria-roledescription=\"slide\"><div class=\"swiper-slide-bg\" role=\"img\" aria-label=\"12_Atelier-Les-sons-des-mammif\u00e8res_M_Dagnino_LOW_\"><\/div><div class=\"elementor-background-overlay\"><\/div><div class=\"swiper-slide-inner\" ><div class=\"swiper-slide-contents\"><h1 class=\"elementor-slide-heading\">Entdecker und B\u00fcrger der Meere<\/h1><div class=\"elementor-slide-description\"><p>Nehmen Sie an der Ausgabe 2021-2022 teil<\/p>\n<\/div><\/div><\/div><\/div>\t\t\t\t<\/div>\n\t\t\t\t\t\t\t<\/div>\n\t\t\t\t<\/div>\n\t\t\t\t\t\t\t\t<\/div>\n\t\t\t\t<\/div>\n\t\t\t\t\t<\/div>\n\t\t<\/div>\n\t\t\t\t\t<\/div>\n\t\t<\/section>\n\t\t\t\t<section class=\"elementor-section elementor-top-section elementor-element elementor-element-e36cca0 elementor-section-full_width elementor-section-height-default elementor-section-height-default\" data-id=\"e36cca0\" data-element_type=\"section\" data-e-type=\"section\">\n\t\t\t\t\t\t<div class=\"elementor-container elementor-column-gap-default\">\n\t\t\t\t\t<div class=\"elementor-column elementor-col-100 elementor-top-column elementor-element elementor-element-485604f6\" data-id=\"485604f6\" data-element_type=\"column\" data-e-type=\"column\">\n\t\t\t<div class=\"elementor-widget-wrap elementor-element-populated\">\n\t\t\t\t\t\t<div class=\"elementor-element elementor-element-f15c443 elementor-widget elementor-widget-ee-breadcrumbs\" data-id=\"f15c443\" data-element_type=\"widget\" data-e-type=\"widget\" data-widget_type=\"ee-breadcrumbs.default\">\n\t\t\t\t<div class=\"elementor-widget-container\">\n\t\t\t\t\t<ul class=\"ee-breadcrumbs\" itemscope=\"\" itemtype=\"http:\/\/schema.org\/BreadcrumbList\"><\/ul>\t\t\t\t<\/div>\n\t\t\t\t<\/div>\n\t\t\t\t\t<\/div>\n\t\t<\/div>\n\t\t\t\t\t<\/div>\n\t\t<\/section>\n\t\t\t\t<section class=\"elementor-section elementor-top-section elementor-element elementor-element-5a39a6a elementor-section-height-min-height elementor-section-boxed elementor-section-height-default elementor-section-items-middle\" data-id=\"5a39a6a\" data-element_type=\"section\" data-e-type=\"section\">\n\t\t\t\t\t\t<div class=\"elementor-container elementor-column-gap-default\">\n\t\t\t\t\t<div class=\"elementor-column elementor-col-66 elementor-top-column elementor-element elementor-element-078ffc1\" data-id=\"078ffc1\" data-element_type=\"column\" data-e-type=\"column\">\n\t\t\t<div class=\"elementor-widget-wrap elementor-element-populated\">\n\t\t\t\t\t\t<div class=\"elementor-element elementor-element-d50e88a elementor-widget elementor-widget-text-editor\" data-id=\"d50e88a\" data-element_type=\"widget\" data-e-type=\"widget\" data-widget_type=\"text-editor.default\">\n\t\t\t\t<div class=\"elementor-widget-container\">\n\t\t\t\t\t\t\t\t\t<p><span lang=\"FR-MC\">Gestartet<\/span><span lang=\"FR-MC\"> Das 2017 ins Leben gerufene Programm &#8222;Entdecker und B\u00fcrger der Meere&#8220;, das sich an Schulklassen der Sekundarstufe richtet, wird von der<\/span><span class=\"apple-converted-space\"><span lang=\"FR-MC\"> <\/span><\/span><span lang=\"FR-MC\"><a href=\"https:\/\/www.pedagogie.ac-nice.fr\/daac\/culture-scientifique\/explorateur-et-citoyen-des-mers\/\" target=\"_blank\" rel=\"noopener\">Akademische Delegation f\u00fcr k\u00fcnstlerische und kulturelle Bildung (DAAC)<\/a><\/span><span class=\"apple-converted-space\"><span lang=\"FR-MC\"> <\/span><\/span><span lang=\"FR-MC\">der Acad\u00e9mie de Nice. Es wird in Partnerschaft mit der Europ\u00e4ischen Kommission aufgebaut und umgesetzt.  <\/span><span lang=\"FR-MC\">Ozeanographisches Museum von Monaco<\/span><span lang=\"FR-MC\"> und die<\/span><span class=\"apple-converted-space\"><span lang=\"FR-MC\"> <\/span><\/span><span lang=\"FR-MC\"><br \/>\n  <a href=\"https:\/\/www.monacoexplorations.org\/actualites\/dispositif-explorateur-et-citoyen-des-mers-cest-reparti-monaco-explorations\/\" target=\"_blank\" rel=\"noopener\">Entdeckungen in Monaco<\/a><br \/>\n<\/span><span lang=\"FR-MC\">.<\/span><\/p>\n\t\t\t\t\t\t\t\t<\/div>\n\t\t\t\t<\/div>\n\t\t\t\t<div class=\"elementor-element elementor-element-40b9a29 elementor-widget elementor-widget-image\" data-id=\"40b9a29\" data-element_type=\"widget\" data-e-type=\"widget\" data-widget_type=\"image.default\">\n\t\t\t\t<div class=\"elementor-widget-container\">\n\t\t\t\t\t\t\t\t\t\t\t\t\t\t\t<img fetchpriority=\"high\" decoding=\"async\" width=\"1000\" height=\"514\" src=\"https:\/\/musee.oceano.org\/wp-content\/uploads\/sites\/2\/2021\/08\/14_Atelier-Les-sons-des-mammiferes_M_Dagnino2_low_res.png\" class=\"attachment-full size-full wp-image-34224\" alt=\"\" srcset=\"https:\/\/musee.oceano.org\/wp-content\/uploads\/sites\/2\/2021\/08\/14_Atelier-Les-sons-des-mammiferes_M_Dagnino2_low_res.png 1000w, https:\/\/musee.oceano.org\/wp-content\/uploads\/sites\/2\/2021\/08\/14_Atelier-Les-sons-des-mammiferes_M_Dagnino2_low_res-300x154.png 300w, https:\/\/musee.oceano.org\/wp-content\/uploads\/sites\/2\/2021\/08\/14_Atelier-Les-sons-des-mammiferes_M_Dagnino2_low_res-768x395.png 768w\" sizes=\"(max-width: 1000px) 100vw, 1000px\" \/>\t\t\t\t\t\t\t\t\t\t\t\t\t\t\t<\/div>\n\t\t\t\t<\/div>\n\t\t\t\t<div class=\"elementor-element elementor-element-935f400 elementor-widget elementor-widget-text-editor\" data-id=\"935f400\" data-element_type=\"widget\" data-e-type=\"widget\" data-widget_type=\"text-editor.default\">\n\t\t\t\t<div class=\"elementor-widget-container\">\n\t\t\t\t\t\t\t\t\t<p>Durch thematische Workshops (S\u00e4ugetierger\u00e4usche, gesch\u00fctzte Arten des Mittelmeers, Korallen), die im Museum durchgef\u00fchrt werden und sich an den Aufgaben der Explorations de Monaco orientieren, werden die von den Klassen entwickelten Projekte mit den gemeinsamen Zielen der Partner in Einklang stehen:<\/p>\n<ul>\n<li>Kulturelle und wissenschaftliche Offenheit (Methodik und wissenschaftliche Herangehensweise, Geschichte der Wissenschaft, wissenschaftliches Schreiben, Geschichtenerz\u00e4hlen, Erkundungsprotokoll, Messungen, Instrumentierung, Datenverarbeitung, Arbeitspl\u00e4tze, Treffen mit Fachleuten usw.)<\/li>\n<li>Erforschung der Ozeane, \u00d6ko-B\u00fcrgerschaft, <a href=\"https:\/\/www.ird.fr\/la-science-de-la-durabilite-enjeu-majeur-du-developpement-durable\" target=\"_blank\" rel=\"noopener\">nachhaltiger Wissenschaftsansatz<\/a>, internationale Dimension der Forschung<\/li>\n<li>Verst\u00e4ndnis f\u00fcr die \u00f6kologischen, politischen und p\u00e4dagogischen Eins\u00e4tze einer wissenschaftlichen Erkundungskampagne \u00fcber ein oder zwei Schuljahre und Vergleich mit historischen und aktuellen Kampagnen.<\/li>\n<\/ul>\n\t\t\t\t\t\t\t\t<\/div>\n\t\t\t\t<\/div>\n\t\t\t\t\t<\/div>\n\t\t<\/div>\n\t\t\t\t<div class=\"elementor-column elementor-col-33 elementor-top-column elementor-element elementor-element-f14af3f\" data-id=\"f14af3f\" data-element_type=\"column\" data-e-type=\"column\" data-settings=\"{&quot;background_background&quot;:&quot;classic&quot;}\">\n\t\t\t<div class=\"elementor-widget-wrap elementor-element-populated\">\n\t\t\t\t\t\t<div class=\"elementor-element elementor-element-5dec53c elementor-widget elementor-widget-heading\" data-id=\"5dec53c\" data-element_type=\"widget\" data-e-type=\"widget\" data-widget_type=\"heading.default\">\n\t\t\t\t<div class=\"elementor-widget-container\">\n\t\t\t\t\t<h2 class=\"elementor-heading-title elementor-size-default\">KONTAKTE<\/h2>\t\t\t\t<\/div>\n\t\t\t\t<\/div>\n\t\t\t\t<div class=\"elementor-element elementor-element-0b59094 elementor-widget elementor-widget-text-editor\" data-id=\"0b59094\" data-element_type=\"widget\" data-e-type=\"widget\" data-widget_type=\"text-editor.default\">\n\t\t\t\t<div class=\"elementor-widget-container\">\n\t\t\t\t\t\t\t\t\t<p>&#8211; Anmeldung, Logistik, finanzielle Unterst\u00fctzung, Arbeitsbericht: <strong>Laurence Bonnefond, DAAC-Verantwortlicher f\u00fcr wissenschaftliche Kultur<\/strong>: laurence.bonnefond@ac-nice.fr<\/p>\n\t\t\t\t\t\t\t\t<\/div>\n\t\t\t\t<\/div>\n\t\t\t\t<div class=\"elementor-element elementor-element-7d9e605 elementor-widget elementor-widget-image\" data-id=\"7d9e605\" data-element_type=\"widget\" data-e-type=\"widget\" data-widget_type=\"image.default\">\n\t\t\t\t<div class=\"elementor-widget-container\">\n\t\t\t\t\t\t\t\t\t\t\t\t\t\t\t\t<a href=\"https:\/\/www.ac-nice.fr\/education-artistique-et-culturelle\" target=\"_blank\">\n\t\t\t\t\t\t\t<img decoding=\"async\" src=\"https:\/\/musee.oceano.org\/wp-content\/uploads\/sites\/2\/elementor\/thumbs\/2021_Logo-DAAC_extenso_mai-1-rjyt5rn9ks32gdi0vai3av63rokmq43jxb1s7fccq0.png\" title=\"2021_Logo DAAC_extenso_mai\" alt=\"2021_Logo DAAC_extenso_mai\" loading=\"lazy\" \/>\t\t\t\t\t\t\t\t<\/a>\n\t\t\t\t\t\t\t\t\t\t\t\t\t\t\t<\/div>\n\t\t\t\t<\/div>\n\t\t\t\t<div class=\"elementor-element elementor-element-b210698 elementor-widget elementor-widget-text-editor\" data-id=\"b210698\" data-element_type=\"widget\" data-e-type=\"widget\" data-widget_type=\"text-editor.default\">\n\t\t\t\t<div class=\"elementor-widget-container\">\n\t\t\t\t\t\t\t\t\t<p>&#8211; Inhaltliche Ressourcen, Kontakte der Akteure der Missionen: <strong>Didier Th\u00e9ron, Leiter von Mediation Explorations in Monaco <\/strong>: dtheron@monacoexplorations.org<\/p>\n\t\t\t\t\t\t\t\t<\/div>\n\t\t\t\t<\/div>\n\t\t\t\t<div class=\"elementor-element elementor-element-f758047 elementor-widget elementor-widget-image\" data-id=\"f758047\" data-element_type=\"widget\" data-e-type=\"widget\" data-widget_type=\"image.default\">\n\t\t\t\t<div class=\"elementor-widget-container\">\n\t\t\t\t\t\t\t\t\t\t\t\t\t\t\t\t<a href=\"https:\/\/www.monacoexplorations.org\/qui-sommes-nous\/\" target=\"_blank\">\n\t\t\t\t\t\t\t<img decoding=\"async\" src=\"https:\/\/musee.oceano.org\/wp-content\/uploads\/sites\/2\/elementor\/thumbs\/Monaco_Explorations_fr_logo_nobaseline_colors-1-rjyt5rn9ks33h7d8l3fpq7ylsdhuaep41zbob2o3oa.png\" title=\"Monaco_Explorations_fr_logo_nobaseline_colors\" alt=\"Monaco_Explorations_fr_logo_nobaseline_colors\" loading=\"lazy\" \/>\t\t\t\t\t\t\t\t<\/a>\n\t\t\t\t\t\t\t\t\t\t\t\t\t\t\t<\/div>\n\t\t\t\t<\/div>\n\t\t\t\t<div class=\"elementor-element elementor-element-585e063 elementor-widget elementor-widget-text-editor\" data-id=\"585e063\" data-element_type=\"widget\" data-e-type=\"widget\" data-widget_type=\"text-editor.default\">\n\t\t\t\t<div class=\"elementor-widget-container\">\n\t\t\t\t\t\t\t\t\t<p>&#8211; Reservierung und Auswahl der museumsp\u00e4dagogischen Workshops: <strong>Laurie Perrot<\/strong>, <strong>Projektleiterin der Abteilung Aktivit\u00e4ten und Bildung des Museums<\/strong>: service.animations@oceano.org<\/p>\n\t\t\t\t\t\t\t\t<\/div>\n\t\t\t\t<\/div>\n\t\t\t\t<div class=\"elementor-element elementor-element-7b4301a elementor-widget elementor-widget-image\" data-id=\"7b4301a\" data-element_type=\"widget\" data-e-type=\"widget\" data-settings=\"{&quot;motion_fx_motion_fx_mouse&quot;:&quot;yes&quot;}\" data-widget_type=\"image.default\">\n\t\t\t\t<div class=\"elementor-widget-container\">\n\t\t\t\t\t\t\t\t\t\t\t\t\t\t\t<img decoding=\"async\" src=\"https:\/\/musee.oceano.org\/wp-content\/uploads\/sites\/2\/elementor\/thumbs\/Logo-OCEANO-Muse\u0301e-BLEU-rjyt5qpdqqpj7u4x7rqxye3deqghx9f1xi9qrn079w.png\" title=\"Logo OCEANO &#8211; Muse\u0301e BLEU\" alt=\"Logo OCEANO - Muse\u0301e BLEU\" loading=\"lazy\" \/>\t\t\t\t\t\t\t\t\t\t\t\t\t\t\t<\/div>\n\t\t\t\t<\/div>\n\t\t\t\t\t<\/div>\n\t\t<\/div>\n\t\t\t\t\t<\/div>\n\t\t<\/section>\n\t\t\t\t<section class=\"elementor-section elementor-top-section elementor-element elementor-element-cb2103a elementor-section-boxed elementor-section-height-default elementor-section-height-default\" data-id=\"cb2103a\" data-element_type=\"section\" data-e-type=\"section\">\n\t\t\t\t\t\t<div class=\"elementor-container elementor-column-gap-default\">\n\t\t\t\t\t<div class=\"elementor-column elementor-col-100 elementor-top-column elementor-element elementor-element-2cd53ea\" data-id=\"2cd53ea\" data-element_type=\"column\" data-e-type=\"column\">\n\t\t\t<div class=\"elementor-widget-wrap elementor-element-populated\">\n\t\t\t\t\t\t<div class=\"elementor-element elementor-element-d013712 elementor-align-center elementor-widget elementor-widget-button\" data-id=\"d013712\" data-element_type=\"widget\" data-e-type=\"widget\" data-widget_type=\"button.default\">\n\t\t\t\t<div class=\"elementor-widget-container\">\n\t\t\t\t\t\t\t\t\t<div class=\"elementor-button-wrapper\">\n\t\t\t\t\t<a class=\"elementor-button elementor-button-link elementor-size-sm\" href=\"https:\/\/musee.oceano.org\/wp-content\/uploads\/sites\/2\/2021\/05\/AAP-Dispositif-Explorateurs-et-Citoyens-des-Mers.pdf\" target=\"_blank\">\n\t\t\t\t\t\t<span class=\"elementor-button-content-wrapper\">\n\t\t\t\t\t\t\t\t\t<span class=\"elementor-button-text\">Nehmen Sie am System teil<\/span>\n\t\t\t\t\t<\/span>\n\t\t\t\t\t<\/a>\n\t\t\t\t<\/div>\n\t\t\t\t\t\t\t\t<\/div>\n\t\t\t\t<\/div>\n\t\t\t\t\t<\/div>\n\t\t<\/div>\n\t\t\t\t\t<\/div>\n\t\t<\/section>\n\t\t\t\t<section class=\"elementor-section elementor-top-section elementor-element elementor-element-3419779a elementor-section-boxed elementor-section-height-default elementor-section-height-default\" data-id=\"3419779a\" data-element_type=\"section\" data-e-type=\"section\">\n\t\t\t\t\t\t<div class=\"elementor-container elementor-column-gap-default\">\n\t\t\t\t\t<div class=\"elementor-column elementor-col-100 elementor-top-column elementor-element elementor-element-243bb926\" data-id=\"243bb926\" data-element_type=\"column\" data-e-type=\"column\">\n\t\t\t<div class=\"elementor-widget-wrap elementor-element-populated\">\n\t\t\t\t\t\t<section class=\"elementor-section elementor-inner-section elementor-element elementor-element-6d1c103 elementor-section-boxed elementor-section-height-default elementor-section-height-default\" data-id=\"6d1c103\" data-element_type=\"section\" data-e-type=\"section\">\n\t\t\t\t\t\t<div class=\"elementor-container elementor-column-gap-default\">\n\t\t\t\t\t<div class=\"elementor-column elementor-col-50 elementor-inner-column elementor-element elementor-element-53cb74c\" data-id=\"53cb74c\" data-element_type=\"column\" data-e-type=\"column\">\n\t\t\t<div class=\"elementor-widget-wrap elementor-element-populated\">\n\t\t\t\t\t\t<div class=\"elementor-element elementor-element-c0ba7b5 elementor-view-default elementor-widget elementor-widget-icon\" data-id=\"c0ba7b5\" data-element_type=\"widget\" data-e-type=\"widget\" data-widget_type=\"icon.default\">\n\t\t\t\t<div class=\"elementor-widget-container\">\n\t\t\t\t\t\t\t<div class=\"elementor-icon-wrapper\">\n\t\t\t<div class=\"elementor-icon\">\n\t\t\t<i aria-hidden=\"true\" class=\"far fa-file\"><\/i>\t\t\t<\/div>\n\t\t<\/div>\n\t\t\t\t\t\t<\/div>\n\t\t\t\t<\/div>\n\t\t\t\t\t<\/div>\n\t\t<\/div>\n\t\t\t\t<div class=\"elementor-column elementor-col-50 elementor-inner-column elementor-element elementor-element-f1b16b9\" data-id=\"f1b16b9\" data-element_type=\"column\" data-e-type=\"column\">\n\t\t\t<div class=\"elementor-widget-wrap elementor-element-populated\">\n\t\t\t\t\t\t<div class=\"elementor-element elementor-element-ef92139 elementor-widget elementor-widget-heading\" data-id=\"ef92139\" data-element_type=\"widget\" data-e-type=\"widget\" data-widget_type=\"heading.default\">\n\t\t\t\t<div class=\"elementor-widget-container\">\n\t\t\t\t\t<h2 class=\"elementor-heading-title elementor-size-default\">Wie man sich anmeldet und teilnimmt<\/h2>\t\t\t\t<\/div>\n\t\t\t\t<\/div>\n\t\t\t\t<div class=\"elementor-element elementor-element-c530844 elementor-widget elementor-widget-text-editor\" data-id=\"c530844\" data-element_type=\"widget\" data-e-type=\"widget\" data-widget_type=\"text-editor.default\">\n\t\t\t\t<div class=\"elementor-widget-container\">\n\t\t\t\t\t\t\t\t\t<ul>\n<li>Zielgruppe: Sekundarschulklassen<\/li>\n<li>Die Anmeldung f\u00fcr das Programm ist obligatorisch und erfolgt per E-Mail an Laurence Bonnefond:&nbsp;<a href=\"mailto:laurence.bonnefond@ac-nice.fr\" target=\"_blank\">laurence.bonnefond@ac-nice.fr<\/a><\/li>\n<li>M\u00f6gliche finanzielle Unterst\u00fctzung f\u00fcr Klassen, die sich auf den Aufruf des DAAC zur Einreichung von EAC-Projekten f\u00fcr das Schuljahr 2021-2022 gemeldet haben, der vom 17. Mai bis zum 6. Juli 2021 auf der Plattform ADAGE verf\u00fcgbar ist<\/li>\n<li>F\u00fcr Gymnasien, m\u00f6gliche Antwort auf den INES-Aufruf der Region f\u00fcr Projekte vor dem 31. Mai 2021<\/li>\n<li>R\u00fcckgabe von Sch\u00fclerarbeiten im Zusammenhang mit dem Programm: 31. Mai 2022. Erwartet wird ein Posterformat (Vorlage vorhanden).<\/li>\n<\/ul>\n\t\t\t\t\t\t\t\t<\/div>\n\t\t\t\t<\/div>\n\t\t\t\t\t<\/div>\n\t\t<\/div>\n\t\t\t\t\t<\/div>\n\t\t<\/section>\n\t\t\t\t<section class=\"elementor-section elementor-inner-section elementor-element elementor-element-f74f8ab elementor-section-boxed elementor-section-height-default elementor-section-height-default\" data-id=\"f74f8ab\" data-element_type=\"section\" data-e-type=\"section\">\n\t\t\t\t\t\t<div class=\"elementor-container elementor-column-gap-default\">\n\t\t\t\t\t<div class=\"elementor-column elementor-col-50 elementor-inner-column elementor-element elementor-element-a5b2001\" data-id=\"a5b2001\" data-element_type=\"column\" data-e-type=\"column\">\n\t\t\t<div class=\"elementor-widget-wrap elementor-element-populated\">\n\t\t\t\t\t\t<div class=\"elementor-element elementor-element-f5404af elementor-view-default elementor-widget elementor-widget-icon\" data-id=\"f5404af\" data-element_type=\"widget\" data-e-type=\"widget\" data-widget_type=\"icon.default\">\n\t\t\t\t<div class=\"elementor-widget-container\">\n\t\t\t\t\t\t\t<div class=\"elementor-icon-wrapper\">\n\t\t\t<div class=\"elementor-icon\">\n\t\t\t<i aria-hidden=\"true\" class=\"far fa-calendar-alt\"><\/i>\t\t\t<\/div>\n\t\t<\/div>\n\t\t\t\t\t\t<\/div>\n\t\t\t\t<\/div>\n\t\t\t\t\t<\/div>\n\t\t<\/div>\n\t\t\t\t<div class=\"elementor-column elementor-col-50 elementor-inner-column elementor-element elementor-element-be3578d\" data-id=\"be3578d\" data-element_type=\"column\" data-e-type=\"column\">\n\t\t\t<div class=\"elementor-widget-wrap elementor-element-populated\">\n\t\t\t\t\t\t<div class=\"elementor-element elementor-element-0344634 elementor-widget elementor-widget-heading\" data-id=\"0344634\" data-element_type=\"widget\" data-e-type=\"widget\" data-widget_type=\"heading.default\">\n\t\t\t\t<div class=\"elementor-widget-container\">\n\t\t\t\t\t<h2 class=\"elementor-heading-title elementor-size-default\">Wichtige Daten<\/h2>\t\t\t\t<\/div>\n\t\t\t\t<\/div>\n\t\t\t\t<div class=\"elementor-element elementor-element-e69401d elementor-widget elementor-widget-text-editor\" data-id=\"e69401d\" data-element_type=\"widget\" data-e-type=\"widget\" data-widget_type=\"text-editor.default\">\n\t\t\t\t<div class=\"elementor-widget-container\">\n\t\t\t\t\t\t\t\t\t<ul>\n<li>Juni bis September 2021: Aufforderung zur Einreichung von Vorschl\u00e4gen von Einrichtungen f\u00fcr Projekte 2021-2022<\/li>\n<li><span style=\"letter-spacing: 0.16px\">13. Oktober 2021 von 14:30 bis 16:30 Uhr:<\/span>Lehrerinnen und Lehrer treffen sich im Ozeanographischen Museum zu einer Pr\u00e4sentation der Bildungsressourcen des Museums und zu Workshops zu den Erkundungsmissionen.<\/li>\n<li>November 2021: Beginn der Projekte<\/li>\n<li>Am Ende des Jahres: Werbung f\u00fcr die Projekte und die durchgef\u00fchrten Arbeiten in den Schulen, an den Partnerstandorten oder bei Veranstaltungen (Weltozeantag, Wissenschaftsfestival usw.)<\/li>\n<\/ul>\n\t\t\t\t\t\t\t\t<\/div>\n\t\t\t\t<\/div>\n\t\t\t\t\t<\/div>\n\t\t<\/div>\n\t\t\t\t\t<\/div>\n\t\t<\/section>\n\t\t\t\t<div class=\"elementor-element elementor-element-a49b910 elementor-widget elementor-widget-spacer\" data-id=\"a49b910\" data-element_type=\"widget\" data-e-type=\"widget\" data-widget_type=\"spacer.default\">\n\t\t\t\t<div class=\"elementor-widget-container\">\n\t\t\t\t\t\t\t<div class=\"elementor-spacer\">\n\t\t\t<div class=\"elementor-spacer-inner\"><\/div>\n\t\t<\/div>\n\t\t\t\t\t\t<\/div>\n\t\t\t\t<\/div>\n\t\t\t\t\t<\/div>\n\t\t<\/div>\n\t\t\t\t\t<\/div>\n\t\t<\/section>\n\t\t\t\t<section class=\"elementor-section elementor-top-section elementor-element elementor-element-9518272 elementor-section-full_width elementor-section-height-default elementor-section-height-default\" data-id=\"9518272\" data-element_type=\"section\" data-e-type=\"section\" data-settings=\"{&quot;background_background&quot;:&quot;classic&quot;}\">\n\t\t\t\t\t\t<div class=\"elementor-container elementor-column-gap-default\">\n\t\t\t\t\t<div class=\"elementor-column elementor-col-100 elementor-top-column elementor-element elementor-element-803d9be\" data-id=\"803d9be\" data-element_type=\"column\" data-e-type=\"column\">\n\t\t\t<div class=\"elementor-widget-wrap elementor-element-populated\">\n\t\t\t\t\t\t<section class=\"elementor-section elementor-inner-section elementor-element elementor-element-4f2ad26 elementor-section-boxed elementor-section-height-default elementor-section-height-default\" data-id=\"4f2ad26\" data-element_type=\"section\" data-e-type=\"section\">\n\t\t\t\t\t\t<div class=\"elementor-container elementor-column-gap-default\">\n\t\t\t\t\t<div class=\"elementor-column elementor-col-100 elementor-inner-column elementor-element elementor-element-fc9097d\" data-id=\"fc9097d\" data-element_type=\"column\" data-e-type=\"column\">\n\t\t\t<div class=\"elementor-widget-wrap elementor-element-populated\">\n\t\t\t\t\t\t<div class=\"elementor-element elementor-element-12a2af4 elementor-widget elementor-widget-heading\" data-id=\"12a2af4\" data-element_type=\"widget\" data-e-type=\"widget\" data-widget_type=\"heading.default\">\n\t\t\t\t<div class=\"elementor-widget-container\">\n\t\t\t\t\t<h2 class=\"elementor-heading-title elementor-size-default\">PROJEKTE IM KLASSENZIMMER<\/h2>\t\t\t\t<\/div>\n\t\t\t\t<\/div>\n\t\t\t\t<div class=\"elementor-element elementor-element-d64025d elementor-widget elementor-widget-image-carousel\" data-id=\"d64025d\" data-element_type=\"widget\" data-e-type=\"widget\" data-settings=\"{&quot;image_spacing_custom&quot;:{&quot;unit&quot;:&quot;px&quot;,&quot;size&quot;:&quot;10&quot;,&quot;sizes&quot;:[]},&quot;navigation&quot;:&quot;none&quot;,&quot;autoplay&quot;:&quot;yes&quot;,&quot;pause_on_hover&quot;:&quot;yes&quot;,&quot;pause_on_interaction&quot;:&quot;yes&quot;,&quot;autoplay_speed&quot;:5000,&quot;infinite&quot;:&quot;yes&quot;,&quot;speed&quot;:500,&quot;image_spacing_custom_tablet&quot;:{&quot;unit&quot;:&quot;px&quot;,&quot;size&quot;:&quot;&quot;,&quot;sizes&quot;:[]},&quot;image_spacing_custom_mobile&quot;:{&quot;unit&quot;:&quot;px&quot;,&quot;size&quot;:&quot;&quot;,&quot;sizes&quot;:[]}}\" data-widget_type=\"image-carousel.default\">\n\t\t\t\t<div class=\"elementor-widget-container\">\n\t\t\t\t\t\t\t<div class=\"elementor-image-carousel-wrapper swiper\" role=\"region\" aria-roledescription=\"carousel\" aria-label=\"Bild Karussell\" dir=\"ltr\">\n\t\t\t<div class=\"elementor-image-carousel swiper-wrapper\" aria-live=\"off\">\n\t\t\t\t\t\t\t\t<div class=\"swiper-slide\" role=\"group\" aria-roledescription=\"slide\" aria-label=\"1 von 6\"><figure class=\"swiper-slide-inner\"><img decoding=\"async\" class=\"swiper-slide-image\" src=\"https:\/\/musee.oceano.org\/wp-content\/uploads\/sites\/2\/2021\/07\/6-452x602.jpg\" alt=\"6\" \/><\/figure><\/div><div class=\"swiper-slide\" role=\"group\" aria-roledescription=\"slide\" aria-label=\"2 von 6\"><figure class=\"swiper-slide-inner\"><img decoding=\"async\" class=\"swiper-slide-image\" src=\"https:\/\/musee.oceano.org\/wp-content\/uploads\/sites\/2\/2021\/07\/5-452x602.jpg\" alt=\"5\" \/><\/figure><\/div><div class=\"swiper-slide\" role=\"group\" aria-roledescription=\"slide\" aria-label=\"3 von 6\"><figure class=\"swiper-slide-inner\"><img decoding=\"async\" class=\"swiper-slide-image\" src=\"https:\/\/musee.oceano.org\/wp-content\/uploads\/sites\/2\/2021\/07\/3-452x602.jpg\" alt=\"3\" \/><\/figure><\/div><div class=\"swiper-slide\" role=\"group\" aria-roledescription=\"slide\" aria-label=\"4 von 6\"><figure class=\"swiper-slide-inner\"><img decoding=\"async\" class=\"swiper-slide-image\" src=\"https:\/\/musee.oceano.org\/wp-content\/uploads\/sites\/2\/2021\/07\/4-452x602.jpg\" alt=\"4\" \/><\/figure><\/div><div class=\"swiper-slide\" role=\"group\" aria-roledescription=\"slide\" aria-label=\"5 von 6\"><figure class=\"swiper-slide-inner\"><img decoding=\"async\" class=\"swiper-slide-image\" src=\"https:\/\/musee.oceano.org\/wp-content\/uploads\/sites\/2\/2021\/08\/2-452x602.jpg\" alt=\"2\" \/><\/figure><\/div><div class=\"swiper-slide\" role=\"group\" aria-roledescription=\"slide\" aria-label=\"6 von 6\"><figure class=\"swiper-slide-inner\"><img decoding=\"async\" class=\"swiper-slide-image\" src=\"https:\/\/musee.oceano.org\/wp-content\/uploads\/sites\/2\/2021\/08\/1-452x602.jpg\" alt=\"1\" \/><\/figure><\/div>\t\t\t<\/div>\n\t\t\t\t\t\t\t\n\t\t\t\t\t\t\t\t\t<\/div>\n\t\t\t\t\t\t<\/div>\n\t\t\t\t<\/div>\n\t\t\t\t<div class=\"elementor-element elementor-element-9c51faf elementor-widget-divider--view-line elementor-widget elementor-widget-divider\" data-id=\"9c51faf\" data-element_type=\"widget\" data-e-type=\"widget\" data-widget_type=\"divider.default\">\n\t\t\t\t<div class=\"elementor-widget-container\">\n\t\t\t\t\t\t\t<div class=\"elementor-divider\">\n\t\t\t<span class=\"elementor-divider-separator\">\n\t\t\t\t\t\t<\/span>\n\t\t<\/div>\n\t\t\t\t\t\t<\/div>\n\t\t\t\t<\/div>\n\t\t\t\t\t<\/div>\n\t\t<\/div>\n\t\t\t\t\t<\/div>\n\t\t<\/section>\n\t\t\t\t<section class=\"elementor-section elementor-inner-section elementor-element elementor-element-48a75b6 elementor-section-boxed elementor-section-height-default elementor-section-height-default\" data-id=\"48a75b6\" data-element_type=\"section\" data-e-type=\"section\">\n\t\t\t\t\t\t<div class=\"elementor-container elementor-column-gap-default\">\n\t\t\t\t\t<div class=\"elementor-column elementor-col-50 elementor-inner-column elementor-element elementor-element-9402dcb\" data-id=\"9402dcb\" data-element_type=\"column\" data-e-type=\"column\">\n\t\t\t<div class=\"elementor-widget-wrap elementor-element-populated\">\n\t\t\t\t\t\t<div class=\"elementor-element elementor-element-f98b584 elementor-widget elementor-widget-heading\" data-id=\"f98b584\" data-element_type=\"widget\" data-e-type=\"widget\" data-widget_type=\"heading.default\">\n\t\t\t\t<div class=\"elementor-widget-container\">\n\t\t\t\t\t<h2 class=\"elementor-heading-title elementor-size-default\">2020-<br>2021<\/h2>\t\t\t\t<\/div>\n\t\t\t\t<\/div>\n\t\t\t\t\t<\/div>\n\t\t<\/div>\n\t\t\t\t<div class=\"elementor-column elementor-col-50 elementor-inner-column elementor-element elementor-element-135c12f\" data-id=\"135c12f\" data-element_type=\"column\" data-e-type=\"column\">\n\t\t\t<div class=\"elementor-widget-wrap elementor-element-populated\">\n\t\t\t\t\t\t<div class=\"elementor-element elementor-element-b24d9ab elementor-align-left elementor-tablet-align-center elementor-widget__width-auto elementor-widget elementor-widget-button\" data-id=\"b24d9ab\" data-element_type=\"widget\" data-e-type=\"widget\" data-widget_type=\"button.default\">\n\t\t\t\t<div class=\"elementor-widget-container\">\n\t\t\t\t\t\t\t\t\t<div class=\"elementor-button-wrapper\">\n\t\t\t\t\t<a class=\"elementor-button elementor-button-link elementor-size-xs\" href=\"https:\/\/musee.oceano.org\/wp-content\/uploads\/sites\/2\/2021\/07\/biodiv-3-College_Cesar-Assemblage.pdf\" target=\"_blank\">\n\t\t\t\t\t\t<span class=\"elementor-button-content-wrapper\">\n\t\t\t\t\t\t\t\t\t<span class=\"elementor-button-text\">Coll\u00e8ge Cesar | Roquefort-les-Pins<\/span>\n\t\t\t\t\t<\/span>\n\t\t\t\t\t<\/a>\n\t\t\t\t<\/div>\n\t\t\t\t\t\t\t\t<\/div>\n\t\t\t\t<\/div>\n\t\t\t\t<div class=\"elementor-element elementor-element-acaa541 elementor-align-left elementor-tablet-align-center elementor-widget__width-auto elementor-widget elementor-widget-button\" data-id=\"acaa541\" data-element_type=\"widget\" data-e-type=\"widget\" data-widget_type=\"button.default\">\n\t\t\t\t<div class=\"elementor-widget-container\">\n\t\t\t\t\t\t\t\t\t<div class=\"elementor-button-wrapper\">\n\t\t\t\t\t<a class=\"elementor-button elementor-button-link elementor-size-xs\" href=\"https:\/\/musee.oceano.org\/wp-content\/uploads\/sites\/2\/2021\/07\/Lepave-du-NatalCollegeLeotard-Assemblage.pdf\" target=\"_blank\">\n\t\t\t\t\t\t<span class=\"elementor-button-content-wrapper\">\n\t\t\t\t\t\t\t\t\t<span class=\"elementor-button-text\">College Leotard | Fr\u00e9jus<\/span>\n\t\t\t\t\t<\/span>\n\t\t\t\t\t<\/a>\n\t\t\t\t<\/div>\n\t\t\t\t\t\t\t\t<\/div>\n\t\t\t\t<\/div>\n\t\t\t\t<div class=\"elementor-element elementor-element-3a1d9e4 elementor-align-left elementor-tablet-align-center elementor-widget__width-auto elementor-widget elementor-widget-button\" data-id=\"3a1d9e4\" data-element_type=\"widget\" data-e-type=\"widget\" data-widget_type=\"button.default\">\n\t\t\t\t<div class=\"elementor-widget-container\">\n\t\t\t\t\t\t\t\t\t<div class=\"elementor-button-wrapper\">\n\t\t\t\t\t<a class=\"elementor-button elementor-button-link elementor-size-xs\" href=\"https:\/\/musee.oceano.org\/wp-content\/uploads\/sites\/2\/2021\/07\/PROJET-MED-DAAC-2020-2021_Brea_StMartin.pdf\" target=\"_blank\">\n\t\t\t\t\t\t<span class=\"elementor-button-content-wrapper\">\n\t\t\t\t\t\t\t\t\t<span class=\"elementor-button-text\">College Ludovic Brea | Saint-Martin-du-Var<\/span>\n\t\t\t\t\t<\/span>\n\t\t\t\t\t<\/a>\n\t\t\t\t<\/div>\n\t\t\t\t\t\t\t\t<\/div>\n\t\t\t\t<\/div>\n\t\t\t\t<div class=\"elementor-element elementor-element-ad37e07 elementor-align-left elementor-tablet-align-center elementor-widget__width-auto elementor-widget elementor-widget-button\" data-id=\"ad37e07\" data-element_type=\"widget\" data-e-type=\"widget\" data-widget_type=\"button.default\">\n\t\t\t\t<div class=\"elementor-widget-container\">\n\t\t\t\t\t\t\t\t\t<div class=\"elementor-button-wrapper\">\n\t\t\t\t\t<a class=\"elementor-button elementor-button-link elementor-size-xs\" href=\"https:\/\/musee.oceano.org\/wp-content\/uploads\/sites\/2\/2021\/07\/exempleThon_MoulinBlanc_StTropez-Assemblage.pdf\" target=\"_blank\">\n\t\t\t\t\t\t<span class=\"elementor-button-content-wrapper\">\n\t\t\t\t\t\t\t\t\t<span class=\"elementor-button-text\">Coll\u00e8ge le moulin blanc | Saint-Tropez<\/span>\n\t\t\t\t\t<\/span>\n\t\t\t\t\t<\/a>\n\t\t\t\t<\/div>\n\t\t\t\t\t\t\t\t<\/div>\n\t\t\t\t<\/div>\n\t\t\t\t<div class=\"elementor-element elementor-element-21bf176 elementor-align-left elementor-tablet-align-center elementor-widget__width-auto elementor-widget elementor-widget-button\" data-id=\"21bf176\" data-element_type=\"widget\" data-e-type=\"widget\" data-widget_type=\"button.default\">\n\t\t\t\t<div class=\"elementor-widget-container\">\n\t\t\t\t\t\t\t\t\t<div class=\"elementor-button-wrapper\">\n\t\t\t\t\t<a class=\"elementor-button elementor-button-link elementor-size-xs\" href=\"https:\/\/musee.oceano.org\/wp-content\/uploads\/sites\/2\/2021\/07\/Article-de-presse-du-Nantucket-times-pr-J-Rostand-a-Nice-Assemblage.pdf\" target=\"_blank\">\n\t\t\t\t\t\t<span class=\"elementor-button-content-wrapper\">\n\t\t\t\t\t\t\t\t\t<span class=\"elementor-button-text\">Coll\u00e8ge Jean Rostand | Nice<\/span>\n\t\t\t\t\t<\/span>\n\t\t\t\t\t<\/a>\n\t\t\t\t<\/div>\n\t\t\t\t\t\t\t\t<\/div>\n\t\t\t\t<\/div>\n\t\t\t\t<div class=\"elementor-element elementor-element-5c4f05a elementor-align-left elementor-tablet-align-center elementor-widget__width-auto elementor-widget elementor-widget-button\" data-id=\"5c4f05a\" data-element_type=\"widget\" data-e-type=\"widget\" data-widget_type=\"button.default\">\n\t\t\t\t<div class=\"elementor-widget-container\">\n\t\t\t\t\t\t\t\t\t<div class=\"elementor-button-wrapper\">\n\t\t\t\t\t<a class=\"elementor-button elementor-button-link elementor-size-xs\" href=\"https:\/\/musee.oceano.org\/wp-content\/uploads\/sites\/2\/2021\/07\/Poster_CORAUX-Villalonge-Geffard-Houdard-Picardi_SteMarie_SeynesurMer-Assemblage.pdf\" target=\"_blank\">\n\t\t\t\t\t\t<span class=\"elementor-button-content-wrapper\">\n\t\t\t\t\t\t\t\t\t<span class=\"elementor-button-text\">Institution Sainte Marie | La Seyne-sur-Mer<\/span>\n\t\t\t\t\t<\/span>\n\t\t\t\t\t<\/a>\n\t\t\t\t<\/div>\n\t\t\t\t\t\t\t\t<\/div>\n\t\t\t\t<\/div>\n\t\t\t\t\t<\/div>\n\t\t<\/div>\n\t\t\t\t\t<\/div>\n\t\t<\/section>\n\t\t\t\t\t<\/div>\n\t\t<\/div>\n\t\t\t\t\t<\/div>\n\t\t<\/section>\n\t\t\t\t<section class=\"elementor-section elementor-top-section elementor-element elementor-element-1527b8a7 bloc-bigtext-imgr elementor-section-boxed elementor-section-height-default elementor-section-height-default\" data-id=\"1527b8a7\" data-element_type=\"section\" data-e-type=\"section\" data-settings=\"{&quot;background_background&quot;:&quot;classic&quot;}\">\n\t\t\t\t\t\t<div class=\"elementor-container elementor-column-gap-default\">\n\t\t\t\t\t<div class=\"elementor-column elementor-col-100 elementor-top-column elementor-element elementor-element-e8c758a\" data-id=\"e8c758a\" data-element_type=\"column\" data-e-type=\"column\">\n\t\t\t<div class=\"elementor-widget-wrap elementor-element-populated\">\n\t\t\t\t\t\t<section class=\"elementor-section elementor-inner-section elementor-element elementor-element-6e17192d elementor-section-boxed elementor-section-height-default elementor-section-height-default\" data-id=\"6e17192d\" data-element_type=\"section\" data-e-type=\"section\" data-settings=\"{&quot;background_background&quot;:&quot;classic&quot;}\">\n\t\t\t\t\t\t<div class=\"elementor-container elementor-column-gap-default\">\n\t\t\t\t\t<div class=\"elementor-column elementor-col-50 elementor-inner-column elementor-element elementor-element-34facbb0\" data-id=\"34facbb0\" data-element_type=\"column\" data-e-type=\"column\">\n\t\t\t<div class=\"elementor-widget-wrap elementor-element-populated\">\n\t\t\t\t\t\t<div class=\"elementor-element elementor-element-7abf0252 elementor-widget elementor-widget-heading\" data-id=\"7abf0252\" data-element_type=\"widget\" data-e-type=\"widget\" data-widget_type=\"heading.default\">\n\t\t\t\t<div class=\"elementor-widget-container\">\n\t\t\t\t\t<h2 class=\"elementor-heading-title elementor-size-default\">300 Sch\u00fcler im Museum zu p\u00e4dagogischen Workshops empfangen<\/h2>\t\t\t\t<\/div>\n\t\t\t\t<\/div>\n\t\t\t\t<div class=\"elementor-element elementor-element-239ec76d elementor-widget elementor-widget-text-editor\" data-id=\"239ec76d\" data-element_type=\"widget\" data-e-type=\"widget\" data-widget_type=\"text-editor.default\">\n\t\t\t\t<div class=\"elementor-widget-container\">\n\t\t\t\t\t\t\t\t\t<p>Im Rahmen des Bildungsprojekts &#8220;&nbsp;Entdecker und B\u00fcrger der Meere&#8220; konnten 300 Sch\u00fcler das Ozeanografische Museum in Monaco besuchen und an den Workshops teilnehmen, die von den Teams der Veranstaltungsabteilung angeboten wurden. Auf dem Programm: Workshops zu den Themen des Schuljahres: Die&#8230; Laute der Meeress\u00e4ugetiere des Mittelmeers, SOS Schildkr\u00f6ten, Gesch\u00fctzte Arten des Mittelmeers oder Korallen: Baumeister der Artenvielfalt.<br \/><span style=\"letter-spacing: 0.16px\">So viele Gelegenheiten zum Studium, zum Austausch und zum Dialog, die das reichhaltige Material der <\/span><a href=\"https:\/\/www.monacoexplorations.org\/\" target=\"_blank\" rel=\"noopener\" style=\"letter-spacing: 0.16px\">Entdeckungen in Monaco<\/a><span style=\"letter-spacing: 0.16px\">  wie die Sphyrna-Mission oder die Gombessa-5-Mission, die auf einzigartige Weise wichtige Teile des Lehrplans der Sch\u00fcler veranschaulichten, z. B. die Untersuchung von Meeress\u00e4ugerger\u00e4uschen, die Artenvielfalt im Mittelmeer, Tauchen als Erkundungstechnik oder der Schutz von Meeresschildkr\u00f6ten und Korallenriffen.<\/span><\/p>\n\t\t\t\t\t\t\t\t<\/div>\n\t\t\t\t<\/div>\n\t\t\t\t<div class=\"elementor-element elementor-element-e29af03 elementor-align-center elementor-widget elementor-widget-button\" data-id=\"e29af03\" data-element_type=\"widget\" data-e-type=\"widget\" data-widget_type=\"button.default\">\n\t\t\t\t<div class=\"elementor-widget-container\">\n\t\t\t\t\t\t\t\t\t<div class=\"elementor-button-wrapper\">\n\t\t\t\t\t<a class=\"elementor-button elementor-button-link elementor-size-sm\" href=\"https:\/\/musee.oceano.org\/wp-content\/uploads\/sites\/2\/2021\/05\/AAP-Dispositif-Explorateurs-et-Citoyens-des-Mers.pdf\" target=\"_blank\">\n\t\t\t\t\t\t<span class=\"elementor-button-content-wrapper\">\n\t\t\t\t\t\t\t\t\t<span class=\"elementor-button-text\">Nehmen Sie am System teil<\/span>\n\t\t\t\t\t<\/span>\n\t\t\t\t\t<\/a>\n\t\t\t\t<\/div>\n\t\t\t\t\t\t\t\t<\/div>\n\t\t\t\t<\/div>\n\t\t\t\t\t<\/div>\n\t\t<\/div>\n\t\t\t\t<div class=\"elementor-column elementor-col-50 elementor-inner-column elementor-element elementor-element-78e0ae25\" data-id=\"78e0ae25\" data-element_type=\"column\" data-e-type=\"column\">\n\t\t\t<div class=\"elementor-widget-wrap elementor-element-populated\">\n\t\t\t\t\t\t<div class=\"elementor-element elementor-element-47adc1c7 elementor-zoom elementor-widget elementor-widget-image\" data-id=\"47adc1c7\" data-element_type=\"widget\" data-e-type=\"widget\" data-widget_type=\"image.default\">\n\t\t\t\t<div class=\"elementor-widget-container\">\n\t\t\t\t\t\t\t\t\t\t\t\t\t\t\t<img decoding=\"async\" width=\"762\" height=\"578\" src=\"https:\/\/musee.oceano.org\/wp-content\/uploads\/sites\/2\/2021\/07\/02_Atelier-Les-sons-des-mammiferes_M_Dagnino-min-762x578.jpg\" class=\"attachment-img-actu-section size-img-actu-section wp-image-33373\" alt=\"\" \/>\t\t\t\t\t\t\t\t\t\t\t\t\t\t\t<\/div>\n\t\t\t\t<\/div>\n\t\t\t\t\t<\/div>\n\t\t<\/div>\n\t\t\t\t\t<\/div>\n\t\t<\/section>\n\t\t\t\t\t<\/div>\n\t\t<\/div>\n\t\t\t\t\t<\/div>\n\t\t<\/section>\n\t\t\t\t<section class=\"elementor-section elementor-top-section elementor-element elementor-element-ad876fd elementor-section-boxed elementor-section-height-default elementor-section-height-default\" data-id=\"ad876fd\" data-element_type=\"section\" data-e-type=\"section\">\n\t\t\t\t\t\t<div class=\"elementor-container elementor-column-gap-default\">\n\t\t\t\t\t<div class=\"elementor-column elementor-col-100 elementor-top-column elementor-element elementor-element-b6eb357\" data-id=\"b6eb357\" data-element_type=\"column\" data-e-type=\"column\">\n\t\t\t<div class=\"elementor-widget-wrap elementor-element-populated\">\n\t\t\t\t\t\t<div class=\"elementor-element elementor-element-305dd8d7 elementor--h-position-center elementor--v-position-middle elementor-widget elementor-widget-slides\" data-id=\"305dd8d7\" data-element_type=\"widget\" data-e-type=\"widget\" data-settings=\"{&quot;navigation&quot;:&quot;none&quot;,&quot;autoplay_speed&quot;:&quot;2000&quot;,&quot;transition_speed&quot;:&quot;200&quot;,&quot;autoplay&quot;:&quot;yes&quot;,&quot;pause_on_hover&quot;:&quot;yes&quot;,&quot;pause_on_interaction&quot;:&quot;yes&quot;,&quot;infinite&quot;:&quot;yes&quot;,&quot;transition&quot;:&quot;slide&quot;}\" data-widget_type=\"slides.default\">\n\t\t\t\t<div class=\"elementor-widget-container\">\n\t\t\t\t\t\t\t\t\t<div class=\"elementor-swiper\">\n\t\t\t\t\t<div class=\"elementor-slides-wrapper elementor-main-swiper swiper\" role=\"region\" aria-roledescription=\"carousel\" aria-label=\"Slider\" dir=\"ltr\" data-animation=\"zoomIn\">\n\t\t\t\t<div class=\"swiper-wrapper elementor-slides\">\n\t\t\t\t\t\t\t\t\t\t<div class=\"elementor-repeater-item-22539e0 swiper-slide\" role=\"group\" aria-roledescription=\"slide\"><div class=\"swiper-slide-bg elementor-ken-burns elementor-ken-burns--out\" role=\"img\" aria-label=\"a66ab49b-fd67-4867-8438-39f6568ae3a0\"><\/div><div class=\"swiper-slide-inner\" ><div class=\"swiper-slide-contents\"><a href=\"https:\/\/musee.oceano.org\/de\/sie-sind-lehrer\/\" target=\"_blank\" class=\"elementor-button elementor-slide-button elementor-size-sm\">Entdecken Sie unsere Schulworkshops<\/a><\/div><\/div><\/div>\t\t\t\t<\/div>\n\t\t\t\t\t\t\t<\/div>\n\t\t\t\t<\/div>\n\t\t\t\t\t\t\t\t<\/div>\n\t\t\t\t<\/div>\n\t\t\t\t<div class=\"elementor-element elementor-element-90a2864 elementor-widget-divider--view-line elementor-widget elementor-widget-divider\" data-id=\"90a2864\" data-element_type=\"widget\" data-e-type=\"widget\" data-widget_type=\"divider.default\">\n\t\t\t\t<div class=\"elementor-widget-container\">\n\t\t\t\t\t\t\t<div class=\"elementor-divider\">\n\t\t\t<span class=\"elementor-divider-separator\">\n\t\t\t\t\t\t<\/span>\n\t\t<\/div>\n\t\t\t\t\t\t<\/div>\n\t\t\t\t<\/div>\n\t\t\t\t<div class=\"elementor-element elementor-element-a51358c elementor-widget elementor-widget-heading\" data-id=\"a51358c\" data-element_type=\"widget\" data-e-type=\"widget\" data-widget_type=\"heading.default\">\n\t\t\t\t<div class=\"elementor-widget-container\">\n\t\t\t\t\t<h2 class=\"elementor-heading-title elementor-size-default\">Siehe auch<\/h2>\t\t\t\t<\/div>\n\t\t\t\t<\/div>\n\t\t\t\t\t<\/div>\n\t\t<\/div>\n\t\t\t\t\t<\/div>\n\t\t<\/section>\n\t\t\t\t<section class=\"elementor-section elementor-top-section elementor-element elementor-element-1ae10df4 elementor-section-boxed elementor-section-height-default elementor-section-height-default\" data-id=\"1ae10df4\" data-element_type=\"section\" data-e-type=\"section\" data-settings=\"{&quot;background_background&quot;:&quot;classic&quot;}\">\n\t\t\t\t\t\t<div class=\"elementor-container elementor-column-gap-default\">\n\t\t\t\t\t<div class=\"elementor-column elementor-col-33 elementor-top-column elementor-element elementor-element-143c5961 animated-slow elementor-invisible\" data-id=\"143c5961\" data-element_type=\"column\" data-e-type=\"column\" data-settings=\"{&quot;animation&quot;:&quot;fadeInUp&quot;}\">\n\t\t\t<div class=\"elementor-widget-wrap elementor-element-populated\">\n\t\t\t\t\t\t<div class=\"elementor-element elementor-element-11134865 elementor-zoom elementor-widget elementor-widget-image\" data-id=\"11134865\" data-element_type=\"widget\" data-e-type=\"widget\" data-widget_type=\"image.default\">\n\t\t\t\t<div class=\"elementor-widget-container\">\n\t\t\t\t\t\t\t\t\t\t\t\t\t\t\t<img decoding=\"async\" width=\"334\" height=\"334\" src=\"https:\/\/musee.oceano.org\/wp-content\/uploads\/sites\/2\/2019\/08\/Editions_Meduses-334x334.jpg\" class=\"attachment-img-bloc-square size-img-bloc-square wp-image-10043\" alt=\"\" srcset=\"https:\/\/musee.oceano.org\/wp-content\/uploads\/sites\/2\/2019\/08\/Editions_Meduses-334x334.jpg 334w, https:\/\/musee.oceano.org\/wp-content\/uploads\/sites\/2\/2019\/08\/Editions_Meduses-150x150.jpg 150w, https:\/\/musee.oceano.org\/wp-content\/uploads\/sites\/2\/2019\/08\/Editions_Meduses-433x433.jpg 433w\" sizes=\"(max-width: 334px) 100vw, 334px\" \/>\t\t\t\t\t\t\t\t\t\t\t\t\t\t\t<\/div>\n\t\t\t\t<\/div>\n\t\t\t\t<div class=\"elementor-element elementor-element-731ce7ce elementor-align-center elementor-widget elementor-widget-button\" data-id=\"731ce7ce\" data-element_type=\"widget\" data-e-type=\"widget\" data-widget_type=\"button.default\">\n\t\t\t\t<div class=\"elementor-widget-container\">\n\t\t\t\t\t\t\t\t\t<div class=\"elementor-button-wrapper\">\n\t\t\t\t\t<a class=\"elementor-button elementor-button-link elementor-size-md\" href=\"\/Ausgaben\/\" target=\"_blank\">\n\t\t\t\t\t\t<span class=\"elementor-button-content-wrapper\">\n\t\t\t\t\t\t\t\t\t<span class=\"elementor-button-text\">Tauchen Sie ein in unsere Editionen<\/span>\n\t\t\t\t\t<\/span>\n\t\t\t\t\t<\/a>\n\t\t\t\t<\/div>\n\t\t\t\t\t\t\t\t<\/div>\n\t\t\t\t<\/div>\n\t\t\t\t\t<\/div>\n\t\t<\/div>\n\t\t\t\t<div class=\"elementor-column elementor-col-33 elementor-top-column elementor-element elementor-element-520cb8f animated-slow elementor-invisible\" data-id=\"520cb8f\" data-element_type=\"column\" data-e-type=\"column\" data-settings=\"{&quot;animation&quot;:&quot;fadeInUp&quot;}\">\n\t\t\t<div class=\"elementor-widget-wrap elementor-element-populated\">\n\t\t\t\t\t\t<div class=\"elementor-element elementor-element-7e109bf5 elementor-zoom elementor-widget elementor-widget-image\" data-id=\"7e109bf5\" data-element_type=\"widget\" data-e-type=\"widget\" data-widget_type=\"image.default\">\n\t\t\t\t<div class=\"elementor-widget-container\">\n\t\t\t\t\t\t\t\t\t\t\t\t\t\t\t<img loading=\"lazy\" decoding=\"async\" width=\"334\" height=\"334\" src=\"https:\/\/musee.oceano.org\/wp-content\/uploads\/sites\/2\/2019\/08\/Mapping_Buyle-334x334.jpg\" class=\"attachment-img-bloc-square size-img-bloc-square wp-image-10047\" alt=\"\" srcset=\"https:\/\/musee.oceano.org\/wp-content\/uploads\/sites\/2\/2019\/08\/Mapping_Buyle-334x334.jpg 334w, https:\/\/musee.oceano.org\/wp-content\/uploads\/sites\/2\/2019\/08\/Mapping_Buyle-150x150.jpg 150w, https:\/\/musee.oceano.org\/wp-content\/uploads\/sites\/2\/2019\/08\/Mapping_Buyle-433x433.jpg 433w\" sizes=\"(max-width: 334px) 100vw, 334px\" \/>\t\t\t\t\t\t\t\t\t\t\t\t\t\t\t<\/div>\n\t\t\t\t<\/div>\n\t\t\t\t<div class=\"elementor-element elementor-element-688ea06c elementor-align-center elementor-widget elementor-widget-button\" data-id=\"688ea06c\" data-element_type=\"widget\" data-e-type=\"widget\" data-widget_type=\"button.default\">\n\t\t\t\t<div class=\"elementor-widget-container\">\n\t\t\t\t\t\t\t\t\t<div class=\"elementor-button-wrapper\">\n\t\t\t\t\t<a class=\"elementor-button elementor-button-link elementor-size-md\" href=\"\/die-entdeckungen-von-monaco\/\">\n\t\t\t\t\t\t<span class=\"elementor-button-content-wrapper\">\n\t\t\t\t\t\t\t\t\t<span class=\"elementor-button-text\">mehr \u00fcber die Erkundung von Monaco<\/span>\n\t\t\t\t\t<\/span>\n\t\t\t\t\t<\/a>\n\t\t\t\t<\/div>\n\t\t\t\t\t\t\t\t<\/div>\n\t\t\t\t<\/div>\n\t\t\t\t\t<\/div>\n\t\t<\/div>\n\t\t\t\t<div class=\"elementor-column elementor-col-33 elementor-top-column elementor-element elementor-element-57851075 animated-slow elementor-invisible\" data-id=\"57851075\" data-element_type=\"column\" data-e-type=\"column\" data-settings=\"{&quot;animation&quot;:&quot;fadeInUp&quot;}\">\n\t\t\t<div class=\"elementor-widget-wrap elementor-element-populated\">\n\t\t\t\t\t\t<div class=\"elementor-element elementor-element-ab8b239 elementor-zoom elementor-widget elementor-widget-image\" data-id=\"ab8b239\" data-element_type=\"widget\" data-e-type=\"widget\" data-widget_type=\"image.default\">\n\t\t\t\t<div class=\"elementor-widget-container\">\n\t\t\t\t\t\t\t\t\t\t\t\t\t\t\t<img loading=\"lazy\" decoding=\"async\" width=\"334\" height=\"334\" src=\"https:\/\/musee.oceano.org\/wp-content\/uploads\/sites\/2\/2019\/08\/1-SAS-Albert-Ier-sur-passerelle-334x334.jpg\" class=\"attachment-img-bloc-square size-img-bloc-square wp-image-10051\" alt=\"\" srcset=\"https:\/\/musee.oceano.org\/wp-content\/uploads\/sites\/2\/2019\/08\/1-SAS-Albert-Ier-sur-passerelle-334x334.jpg 334w, https:\/\/musee.oceano.org\/wp-content\/uploads\/sites\/2\/2019\/08\/1-SAS-Albert-Ier-sur-passerelle-150x150.jpg 150w, https:\/\/musee.oceano.org\/wp-content\/uploads\/sites\/2\/2019\/08\/1-SAS-Albert-Ier-sur-passerelle-433x433.jpg 433w\" sizes=\"(max-width: 334px) 100vw, 334px\" \/>\t\t\t\t\t\t\t\t\t\t\t\t\t\t\t<\/div>\n\t\t\t\t<\/div>\n\t\t\t\t<div class=\"elementor-element elementor-element-45d8c5d3 elementor-align-center elementor-widget elementor-widget-button\" data-id=\"45d8c5d3\" data-element_type=\"widget\" data-e-type=\"widget\" data-widget_type=\"button.default\">\n\t\t\t\t<div class=\"elementor-widget-container\">\n\t\t\t\t\t\t\t\t\t<div class=\"elementor-button-wrapper\">\n\t\t\t\t\t<a class=\"elementor-button elementor-button-link elementor-size-md\" href=\"\/gro\u00dfe-Figuren\/\" target=\"_blank\">\n\t\t\t\t\t\t<span class=\"elementor-button-content-wrapper\">\n\t\t\t\t\t\t\t\t\t<span class=\"elementor-button-text\">entdecken Sie die gro\u00dfen Pers\u00f6nlichkeiten des Instituts<\/span>\n\t\t\t\t\t<\/span>\n\t\t\t\t\t<\/a>\n\t\t\t\t<\/div>\n\t\t\t\t\t\t\t\t<\/div>\n\t\t\t\t<\/div>\n\t\t\t\t\t<\/div>\n\t\t<\/div>\n\t\t\t\t\t<\/div>\n\t\t<\/section>\n\t\t\t\t<\/div>\n\t\t","protected":false},"excerpt":{"rendered":"<p>Entdecker und B\u00fcrger der Meere Nehmen Sie an der Ausgabe 2021-2022 teil Gestartet Das 2017 ins Leben gerufene Programm &#8222;Entdecker und B\u00fcrger der Meere&#8220;, das sich an Schulklassen der Sekundarstufe richtet, wird von der Akademische Delegation f\u00fcr k\u00fcnstlerische und kulturelle Bildung (DAAC) der Acad\u00e9mie de Nice. Es wird in Partnerschaft mit der Europ\u00e4ischen Kommission aufgebaut [&hellip;]<\/p>\n","protected":false},"author":32,"featured_media":0,"parent":0,"menu_order":0,"comment_status":"closed","ping_status":"closed","template":"","meta":{"_acf_changed":false,"footnotes":""},"class_list":["post-34199","page","type-page","status-publish","hentry"],"acf":[],"yoast_head":"<!-- This site is optimized with the Yoast SEO plugin v27.2 - https:\/\/yoast.com\/product\/yoast-seo-wordpress\/ -->\n<title>Entdecker und B\u00fcrger der Meere - Mus\u00e9e Oc\u00e9anographique de Monaco<\/title>\n<meta name=\"description\" content=\"Dieses Programm, das sich an Sekundarschulklassen richtet, wird von der Akademischen Delegation f\u00fcr k\u00fcnstlerische und kulturelle Bildung (DAAC) der Akademie von Nizza unterst\u00fctzt und in Zusammenarbeit mit dem Ozeanographischen Museum von Monaco und den Explorations de Monaco konzipiert und durchgef\u00fchrt. %\" \/>\n<meta name=\"robots\" content=\"index, follow, max-snippet:-1, max-image-preview:large, max-video-preview:-1\" \/>\n<link rel=\"canonical\" href=\"https:\/\/musee.oceano.org\/de\/entdecker-und-buerger-der-meere\/\" \/>\n<meta property=\"og:locale\" content=\"de_DE\" \/>\n<meta property=\"og:type\" content=\"article\" \/>\n<meta property=\"og:title\" content=\"Entdecker und B\u00fcrger der Meere - Mus\u00e9e Oc\u00e9anographique de Monaco\" \/>\n<meta property=\"og:description\" content=\"Dieses Programm, das sich an Sekundarschulklassen richtet, wird von der Akademischen Delegation f\u00fcr k\u00fcnstlerische und kulturelle Bildung (DAAC) der Akademie von Nizza unterst\u00fctzt und in Zusammenarbeit mit dem Ozeanographischen Museum von Monaco und den Explorations de Monaco konzipiert und durchgef\u00fchrt. %\" \/>\n<meta property=\"og:url\" content=\"https:\/\/musee.oceano.org\/de\/entdecker-und-buerger-der-meere\/\" \/>\n<meta property=\"og:site_name\" content=\"Mus\u00e9e Oc\u00e9anographique de Monaco\" \/>\n<meta property=\"article:modified_time\" content=\"2021-08-25T10:02:15+00:00\" \/>\n<meta property=\"og:image\" content=\"https:\/\/musee.oceano.org\/wp-content\/uploads\/sites\/2\/2021\/08\/14_Atelier-Les-sons-des-mammiferes_M_Dagnino2_low_res.png\" \/>\n<meta name=\"twitter:card\" content=\"summary_large_image\" \/>\n<meta name=\"twitter:label1\" content=\"Gesch\u00e4tzte Lesezeit\" \/>\n\t<meta name=\"twitter:data1\" content=\"3\u00a0Minuten\" \/>\n<script type=\"application\/ld+json\" class=\"yoast-schema-graph\">{\"@context\":\"https:\/\/schema.org\",\"@graph\":[{\"@type\":\"WebPage\",\"@id\":\"https:\/\/musee.oceano.org\/de\/entdecker-und-buerger-der-meere\/\",\"url\":\"https:\/\/musee.oceano.org\/de\/entdecker-und-buerger-der-meere\/\",\"name\":\"Entdecker und B\u00fcrger der Meere - Mus\u00e9e Oc\u00e9anographique de Monaco\",\"isPartOf\":{\"@id\":\"https:\/\/musee.oceano.org\/#website\"},\"primaryImageOfPage\":{\"@id\":\"https:\/\/musee.oceano.org\/de\/entdecker-und-buerger-der-meere\/#primaryimage\"},\"image\":{\"@id\":\"https:\/\/musee.oceano.org\/de\/entdecker-und-buerger-der-meere\/#primaryimage\"},\"thumbnailUrl\":\"https:\/\/musee.oceano.org\/wp-content\/uploads\/sites\/2\/2021\/08\/14_Atelier-Les-sons-des-mammiferes_M_Dagnino2_low_res.png\",\"datePublished\":\"2021-08-24T12:36:13+00:00\",\"dateModified\":\"2021-08-25T10:02:15+00:00\",\"description\":\"Dieses Programm, das sich an Sekundarschulklassen richtet, wird von der Akademischen Delegation f\u00fcr k\u00fcnstlerische und kulturelle Bildung (DAAC) der Akademie von Nizza unterst\u00fctzt und in Zusammenarbeit mit dem Ozeanographischen Museum von Monaco und den Explorations de Monaco konzipiert und durchgef\u00fchrt. %\",\"breadcrumb\":{\"@id\":\"https:\/\/musee.oceano.org\/de\/entdecker-und-buerger-der-meere\/#breadcrumb\"},\"inLanguage\":\"de\",\"potentialAction\":[{\"@type\":\"ReadAction\",\"target\":[\"https:\/\/musee.oceano.org\/de\/entdecker-und-buerger-der-meere\/\"]}]},{\"@type\":\"ImageObject\",\"inLanguage\":\"de\",\"@id\":\"https:\/\/musee.oceano.org\/de\/entdecker-und-buerger-der-meere\/#primaryimage\",\"url\":\"https:\/\/musee.oceano.org\/wp-content\/uploads\/sites\/2\/2021\/08\/14_Atelier-Les-sons-des-mammiferes_M_Dagnino2_low_res.png\",\"contentUrl\":\"https:\/\/musee.oceano.org\/wp-content\/uploads\/sites\/2\/2021\/08\/14_Atelier-Les-sons-des-mammiferes_M_Dagnino2_low_res.png\"},{\"@type\":\"BreadcrumbList\",\"@id\":\"https:\/\/musee.oceano.org\/de\/entdecker-und-buerger-der-meere\/#breadcrumb\",\"itemListElement\":[{\"@type\":\"ListItem\",\"position\":1,\"name\":\"Home\",\"item\":\"https:\/\/musee.oceano.org\/de\/\"},{\"@type\":\"ListItem\",\"position\":2,\"name\":\"Entdecker und B\u00fcrger der Meere\"}]},{\"@type\":\"WebSite\",\"@id\":\"https:\/\/musee.oceano.org\/#website\",\"url\":\"https:\/\/musee.oceano.org\/\",\"name\":\"Mus\u00e9e Oc\u00e9anographique de Monaco\",\"description\":\"Faire conna\u00eetre, aimer et prot\u00e9ger les oc\u00e9ans\",\"potentialAction\":[{\"@type\":\"SearchAction\",\"target\":{\"@type\":\"EntryPoint\",\"urlTemplate\":\"https:\/\/musee.oceano.org\/?s={search_term_string}\"},\"query-input\":{\"@type\":\"PropertyValueSpecification\",\"valueRequired\":true,\"valueName\":\"search_term_string\"}}],\"inLanguage\":\"de\"}]}<\/script>\n<!-- \/ Yoast SEO plugin. -->","yoast_head_json":{"title":"Entdecker und B\u00fcrger der Meere - Mus\u00e9e Oc\u00e9anographique de Monaco","description":"Dieses Programm, das sich an Sekundarschulklassen richtet, wird von der Akademischen Delegation f\u00fcr k\u00fcnstlerische und kulturelle Bildung (DAAC) der Akademie von Nizza unterst\u00fctzt und in Zusammenarbeit mit dem Ozeanographischen Museum von Monaco und den Explorations de Monaco konzipiert und durchgef\u00fchrt. %","robots":{"index":"index","follow":"follow","max-snippet":"max-snippet:-1","max-image-preview":"max-image-preview:large","max-video-preview":"max-video-preview:-1"},"canonical":"https:\/\/musee.oceano.org\/de\/entdecker-und-buerger-der-meere\/","og_locale":"de_DE","og_type":"article","og_title":"Entdecker und B\u00fcrger der Meere - Mus\u00e9e Oc\u00e9anographique de Monaco","og_description":"Dieses Programm, das sich an Sekundarschulklassen richtet, wird von der Akademischen Delegation f\u00fcr k\u00fcnstlerische und kulturelle Bildung (DAAC) der Akademie von Nizza unterst\u00fctzt und in Zusammenarbeit mit dem Ozeanographischen Museum von Monaco und den Explorations de Monaco konzipiert und durchgef\u00fchrt. %","og_url":"https:\/\/musee.oceano.org\/de\/entdecker-und-buerger-der-meere\/","og_site_name":"Mus\u00e9e Oc\u00e9anographique de Monaco","article_modified_time":"2021-08-25T10:02:15+00:00","og_image":[{"url":"https:\/\/musee.oceano.org\/wp-content\/uploads\/sites\/2\/2021\/08\/14_Atelier-Les-sons-des-mammiferes_M_Dagnino2_low_res.png","type":"","width":"","height":""}],"twitter_card":"summary_large_image","twitter_misc":{"Gesch\u00e4tzte Lesezeit":"3\u00a0Minuten"},"schema":{"@context":"https:\/\/schema.org","@graph":[{"@type":"WebPage","@id":"https:\/\/musee.oceano.org\/de\/entdecker-und-buerger-der-meere\/","url":"https:\/\/musee.oceano.org\/de\/entdecker-und-buerger-der-meere\/","name":"Entdecker und B\u00fcrger der Meere - Mus\u00e9e Oc\u00e9anographique de Monaco","isPartOf":{"@id":"https:\/\/musee.oceano.org\/#website"},"primaryImageOfPage":{"@id":"https:\/\/musee.oceano.org\/de\/entdecker-und-buerger-der-meere\/#primaryimage"},"image":{"@id":"https:\/\/musee.oceano.org\/de\/entdecker-und-buerger-der-meere\/#primaryimage"},"thumbnailUrl":"https:\/\/musee.oceano.org\/wp-content\/uploads\/sites\/2\/2021\/08\/14_Atelier-Les-sons-des-mammiferes_M_Dagnino2_low_res.png","datePublished":"2021-08-24T12:36:13+00:00","dateModified":"2021-08-25T10:02:15+00:00","description":"Dieses Programm, das sich an Sekundarschulklassen richtet, wird von der Akademischen Delegation f\u00fcr k\u00fcnstlerische und kulturelle Bildung (DAAC) der Akademie von Nizza unterst\u00fctzt und in Zusammenarbeit mit dem Ozeanographischen Museum von Monaco und den Explorations de Monaco konzipiert und durchgef\u00fchrt. %","breadcrumb":{"@id":"https:\/\/musee.oceano.org\/de\/entdecker-und-buerger-der-meere\/#breadcrumb"},"inLanguage":"de","potentialAction":[{"@type":"ReadAction","target":["https:\/\/musee.oceano.org\/de\/entdecker-und-buerger-der-meere\/"]}]},{"@type":"ImageObject","inLanguage":"de","@id":"https:\/\/musee.oceano.org\/de\/entdecker-und-buerger-der-meere\/#primaryimage","url":"https:\/\/musee.oceano.org\/wp-content\/uploads\/sites\/2\/2021\/08\/14_Atelier-Les-sons-des-mammiferes_M_Dagnino2_low_res.png","contentUrl":"https:\/\/musee.oceano.org\/wp-content\/uploads\/sites\/2\/2021\/08\/14_Atelier-Les-sons-des-mammiferes_M_Dagnino2_low_res.png"},{"@type":"BreadcrumbList","@id":"https:\/\/musee.oceano.org\/de\/entdecker-und-buerger-der-meere\/#breadcrumb","itemListElement":[{"@type":"ListItem","position":1,"name":"Home","item":"https:\/\/musee.oceano.org\/de\/"},{"@type":"ListItem","position":2,"name":"Entdecker und B\u00fcrger der Meere"}]},{"@type":"WebSite","@id":"https:\/\/musee.oceano.org\/#website","url":"https:\/\/musee.oceano.org\/","name":"Mus\u00e9e Oc\u00e9anographique de Monaco","description":"Faire conna\u00eetre, aimer et prot\u00e9ger les oc\u00e9ans","potentialAction":[{"@type":"SearchAction","target":{"@type":"EntryPoint","urlTemplate":"https:\/\/musee.oceano.org\/?s={search_term_string}"},"query-input":{"@type":"PropertyValueSpecification","valueRequired":true,"valueName":"search_term_string"}}],"inLanguage":"de"}]}},"_links":{"self":[{"href":"https:\/\/musee.oceano.org\/de\/wp-json\/wp\/v2\/pages\/34199","targetHints":{"allow":["GET"]}}],"collection":[{"href":"https:\/\/musee.oceano.org\/de\/wp-json\/wp\/v2\/pages"}],"about":[{"href":"https:\/\/musee.oceano.org\/de\/wp-json\/wp\/v2\/types\/page"}],"author":[{"embeddable":true,"href":"https:\/\/musee.oceano.org\/de\/wp-json\/wp\/v2\/users\/32"}],"replies":[{"embeddable":true,"href":"https:\/\/musee.oceano.org\/de\/wp-json\/wp\/v2\/comments?post=34199"}],"version-history":[{"count":10,"href":"https:\/\/musee.oceano.org\/de\/wp-json\/wp\/v2\/pages\/34199\/revisions"}],"predecessor-version":[{"id":34247,"href":"https:\/\/musee.oceano.org\/de\/wp-json\/wp\/v2\/pages\/34199\/revisions\/34247"}],"wp:attachment":[{"href":"https:\/\/musee.oceano.org\/de\/wp-json\/wp\/v2\/media?parent=34199"}],"curies":[{"name":"wp","href":"https:\/\/api.w.org\/{rel}","templated":true}]}}