{"id":14465,"date":"2020-02-28T13:50:10","date_gmt":"2020-02-28T12:50:10","guid":{"rendered":"https:\/\/musee.oceano.org\/expositions\/into-the-arctic\/"},"modified":"2021-07-05T09:35:26","modified_gmt":"2021-07-05T07:35:26","slug":"into-the-arctic","status":"publish","type":"expositions","link":"https:\/\/musee.oceano.org\/en\/exhibitions\/into-the-arctic\/","title":{"rendered":"INTO THE ARCTIC"},"content":{"rendered":"\t\t<div data-elementor-type=\"wp-post\" data-elementor-id=\"14465\" class=\"elementor elementor-14465 elementor-13914\" data-elementor-post-type=\"expositions\">\n\t\t\t\t\t\t<section class=\"elementor-section elementor-top-section elementor-element elementor-element-1ab6b2e0 elementor-section-full_width elementor-section-height-default elementor-section-height-default\" data-id=\"1ab6b2e0\" data-element_type=\"section\" data-e-type=\"section\">\n\t\t\t\t\t\t<div class=\"elementor-container elementor-column-gap-no\">\n\t\t\t\t\t<div class=\"elementor-column elementor-col-100 elementor-top-column elementor-element elementor-element-23963ce3\" data-id=\"23963ce3\" data-element_type=\"column\" data-e-type=\"column\">\n\t\t\t<div class=\"elementor-widget-wrap elementor-element-populated\">\n\t\t\t\t\t\t<div class=\"elementor-element elementor-element-3ea0c52e elementor--h-position-center elementor--v-position-middle elementor-widget elementor-widget-slides\" data-id=\"3ea0c52e\" data-element_type=\"widget\" data-e-type=\"widget\" data-settings=\"{&quot;navigation&quot;:&quot;none&quot;,&quot;transition&quot;:&quot;slide&quot;,&quot;transition_speed&quot;:500}\" data-widget_type=\"slides.default\">\n\t\t\t\t<div class=\"elementor-widget-container\">\n\t\t\t\t\t\t\t\t\t<div class=\"elementor-swiper\">\n\t\t\t\t\t<div class=\"elementor-slides-wrapper elementor-main-swiper swiper\" role=\"region\" aria-roledescription=\"carousel\" aria-label=\"Slides\" dir=\"ltr\" data-animation=\"fadeInUp\">\n\t\t\t\t<div class=\"swiper-wrapper elementor-slides\">\n\t\t\t\t\t\t\t\t\t\t<div class=\"elementor-repeater-item-891be05 swiper-slide\" role=\"group\" aria-roledescription=\"slide\"><div class=\"swiper-slide-bg elementor-ken-burns elementor-ken-burns--in\" role=\"img\" aria-label=\"03-TrepanierAlong-The-Ice2015.jpg\"><\/div><div class=\"elementor-background-overlay\"><\/div><div class=\"swiper-slide-inner\" ><div class=\"swiper-slide-contents\"><h1 class=\"elementor-slide-heading\">INTO THE ARCTIC<\/h1><div class=\"elementor-slide-description\"><p>CORY TREPANIER - Oceanographic Museum<br \/>\n1<sup>st<\/sup> of march to 30th of april<\/p>\n<\/div><\/div><\/div><\/div>\t\t\t\t<\/div>\n\t\t\t\t\t\t\t<\/div>\n\t\t\t\t<\/div>\n\t\t\t\t\t\t\t\t<\/div>\n\t\t\t\t<\/div>\n\t\t\t\t\t<\/div>\n\t\t<\/div>\n\t\t\t\t\t<\/div>\n\t\t<\/section>\n\t\t\t\t<section class=\"elementor-section elementor-top-section elementor-element elementor-element-6517a1ba elementor-section-full_width elementor-section-height-default elementor-section-height-default\" data-id=\"6517a1ba\" data-element_type=\"section\" data-e-type=\"section\">\n\t\t\t\t\t\t<div class=\"elementor-container elementor-column-gap-default\">\n\t\t\t\t\t<div class=\"elementor-column elementor-col-100 elementor-top-column elementor-element elementor-element-2eb1e1c5\" data-id=\"2eb1e1c5\" data-element_type=\"column\" data-e-type=\"column\">\n\t\t\t<div class=\"elementor-widget-wrap elementor-element-populated\">\n\t\t\t\t\t\t<div class=\"elementor-element elementor-element-34f6051e elementor-widget elementor-widget-ee-breadcrumbs\" data-id=\"34f6051e\" data-element_type=\"widget\" data-e-type=\"widget\" data-widget_type=\"ee-breadcrumbs.default\">\n\t\t\t\t<div class=\"elementor-widget-container\">\n\t\t\t\t\t<ul class=\"ee-breadcrumbs\" itemscope=\"\" itemtype=\"http:\/\/schema.org\/BreadcrumbList\"><\/ul>\t\t\t\t<\/div>\n\t\t\t\t<\/div>\n\t\t\t\t\t<\/div>\n\t\t<\/div>\n\t\t\t\t\t<\/div>\n\t\t<\/section>\n\t\t\t\t<section class=\"elementor-section elementor-top-section elementor-element elementor-element-331264b6 bloc-small-imgr elementor-section-boxed elementor-section-height-default elementor-section-height-default\" data-id=\"331264b6\" data-element_type=\"section\" data-e-type=\"section\" data-settings=\"{&quot;background_background&quot;:&quot;classic&quot;}\">\n\t\t\t\t\t\t<div class=\"elementor-container elementor-column-gap-default\">\n\t\t\t\t\t<div class=\"elementor-column elementor-col-50 elementor-top-column elementor-element elementor-element-691c01e1\" data-id=\"691c01e1\" data-element_type=\"column\" data-e-type=\"column\" data-settings=\"{&quot;background_background&quot;:&quot;classic&quot;}\">\n\t\t\t<div class=\"elementor-widget-wrap elementor-element-populated\">\n\t\t\t\t\t\t<div class=\"elementor-element elementor-element-6f4be1bb elementor-widget elementor-widget-heading\" data-id=\"6f4be1bb\" data-element_type=\"widget\" data-e-type=\"widget\" data-widget_type=\"heading.default\">\n\t\t\t\t<div class=\"elementor-widget-container\">\n\t\t\t\t\t<h2 class=\"elementor-heading-title elementor-size-default\">From 1 MARCH 2020, TRAVEL... <br>\"TO THE HEART OF THE ARCTIC<\/h2>\t\t\t\t<\/div>\n\t\t\t\t<\/div>\n\t\t\t\t<div class=\"elementor-element elementor-element-712ef21 elementor-widget elementor-widget-text-editor\" data-id=\"712ef21\" data-element_type=\"widget\" data-e-type=\"widget\" data-widget_type=\"text-editor.default\">\n\t\t\t\t<div class=\"elementor-widget-container\">\n\t\t\t\t\t\t\t\t\t<p>From March 1st to April 30th, the Oceanographic Museum of Monaco hosts AU COEUR DE L&#8217;ARCTIQUE, an exhibition by Canadian artist Cory Tr\u00e9panier presented with the support of the Prince Albert II of Monaco Foundation. This tour is produced by David J. Wagner, L.L.C.<\/p><p>Armed with perseverance and passion, he has painted over 100 oil paintings and made three documentaries during his expeditions.<\/p><p>Carried by art and a strong vision to some of the wildest and most changing places on the planet, the artist urges us to be aware: <em>&#8220;Now is the time to hear this critical message. May this collection encourage you to consciously consider today&#8217;s decisions in light of an uncertain tomorrow.\u00a0&#8220;<\/em><\/p>\t\t\t\t\t\t\t\t<\/div>\n\t\t\t\t<\/div>\n\t\t\t\t\t<\/div>\n\t\t<\/div>\n\t\t\t\t<div class=\"elementor-column elementor-col-50 elementor-top-column elementor-element elementor-element-16d09bd5\" data-id=\"16d09bd5\" data-element_type=\"column\" data-e-type=\"column\">\n\t\t\t<div class=\"elementor-widget-wrap elementor-element-populated\">\n\t\t\t\t\t\t<div class=\"elementor-element elementor-element-1dadcfea elementor-zoom elementor-widget elementor-widget-image\" data-id=\"1dadcfea\" data-element_type=\"widget\" data-e-type=\"widget\" data-widget_type=\"image.default\">\n\t\t\t\t<div class=\"elementor-widget-container\">\n\t\t\t\t\t\t\t\t\t\t\t\t\t\t\t<img fetchpriority=\"high\" decoding=\"async\" width=\"334\" height=\"445\" src=\"https:\/\/musee.oceano.org\/wp-content\/uploads\/sites\/2\/2020\/02\/TRAV-01-TrepanierITA32015Artist-Headshot.-Photo-by-Jeff-Topham.jpg\" class=\"attachment-medium_large size-medium_large wp-image-14226\" alt=\"\" srcset=\"https:\/\/musee.oceano.org\/wp-content\/uploads\/sites\/2\/2020\/02\/TRAV-01-TrepanierITA32015Artist-Headshot.-Photo-by-Jeff-Topham.jpg 334w, https:\/\/musee.oceano.org\/wp-content\/uploads\/sites\/2\/2020\/02\/TRAV-01-TrepanierITA32015Artist-Headshot.-Photo-by-Jeff-Topham-225x300.jpg 225w, https:\/\/musee.oceano.org\/wp-content\/uploads\/sites\/2\/2020\/02\/TRAV-01-TrepanierITA32015Artist-Headshot.-Photo-by-Jeff-Topham-452x602.jpg 452w\" sizes=\"(max-width: 334px) 100vw, 334px\" \/>\t\t\t\t\t\t\t\t\t\t\t\t\t\t\t<\/div>\n\t\t\t\t<\/div>\n\t\t\t\t\t<\/div>\n\t\t<\/div>\n\t\t\t\t\t<\/div>\n\t\t<\/section>\n\t\t\t\t<section class=\"elementor-section elementor-top-section elementor-element elementor-element-6a459c0 elementor-section-boxed elementor-section-height-default elementor-section-height-default\" data-id=\"6a459c0\" data-element_type=\"section\" data-e-type=\"section\">\n\t\t\t\t\t\t<div class=\"elementor-container elementor-column-gap-default\">\n\t\t\t\t\t<div class=\"elementor-column elementor-col-100 elementor-top-column elementor-element elementor-element-15a735a\" data-id=\"15a735a\" data-element_type=\"column\" data-e-type=\"column\">\n\t\t\t<div class=\"elementor-widget-wrap elementor-element-populated\">\n\t\t\t\t\t\t<div class=\"elementor-element elementor-element-ae8a39a elementor-blockquote--skin-quotation elementor-blockquote--align-left elementor-widget elementor-widget-blockquote\" data-id=\"ae8a39a\" data-element_type=\"widget\" data-e-type=\"widget\" data-widget_type=\"blockquote.default\">\n\t\t\t\t<div class=\"elementor-widget-container\">\n\t\t\t\t\t\t\t<blockquote class=\"elementor-blockquote\">\n\t\t\t<p class=\"elementor-blockquote__content\">\n\t\t\t\t<strong>We have no choice: we must protect Arctic ice, enable it to continue to act as an essential temperature regulator for the planet, avoid the catastrophic rise in sea levels that would result from the ice melt, and stop the disappearance of permafrost releasing irreversible quantities of greenhouse gases back into the atmosphere. It is a duty to ourselves and to all of humanity - to our children, of course, but also all those who are already suffering the dramatic effects of these developments.<\/strong>\t\t\t<\/p>\n\t\t\t\t\t\t\t<div class=\"e-q-footer\">\n\t\t\t\t\t\t\t\t\t\t\t<cite class=\"elementor-blockquote__author\">S.A.S Prince Albert II de Monaco<\/span><span style=\"font-size: 1.1em;text-align: right;letter-spacing: 0.16px\"><\/span><\/div><\/cite>\n\t\t\t\t\t\t\t\t\t\t\t\t\t\t<\/div>\n\t\t\t\t\t<\/blockquote>\n\t\t\t\t\t\t<\/div>\n\t\t\t\t<\/div>\n\t\t\t\t\t<\/div>\n\t\t<\/div>\n\t\t\t\t\t<\/div>\n\t\t<\/section>\n\t\t\t\t<section class=\"elementor-section elementor-top-section elementor-element elementor-element-aab1479 elementor-section-boxed elementor-section-height-default elementor-section-height-default\" data-id=\"aab1479\" data-element_type=\"section\" data-e-type=\"section\">\n\t\t\t\t\t\t<div class=\"elementor-container elementor-column-gap-default\">\n\t\t\t\t\t<div class=\"elementor-column elementor-col-100 elementor-top-column elementor-element elementor-element-c1b2574\" data-id=\"c1b2574\" data-element_type=\"column\" data-e-type=\"column\">\n\t\t\t<div class=\"elementor-widget-wrap elementor-element-populated\">\n\t\t\t\t\t\t<div class=\"elementor-element elementor-element-2a4bd88 elementor-widget elementor-widget-spacer\" data-id=\"2a4bd88\" data-element_type=\"widget\" data-e-type=\"widget\" data-widget_type=\"spacer.default\">\n\t\t\t\t<div class=\"elementor-widget-container\">\n\t\t\t\t\t\t\t<div class=\"elementor-spacer\">\n\t\t\t<div class=\"elementor-spacer-inner\"><\/div>\n\t\t<\/div>\n\t\t\t\t\t\t<\/div>\n\t\t\t\t<\/div>\n\t\t\t\t\t<\/div>\n\t\t<\/div>\n\t\t\t\t\t<\/div>\n\t\t<\/section>\n\t\t\t\t<section class=\"elementor-section elementor-top-section elementor-element elementor-element-684dbf8c elementor-section-boxed elementor-section-height-default elementor-section-height-default\" data-id=\"684dbf8c\" data-element_type=\"section\" data-e-type=\"section\">\n\t\t\t\t\t\t<div class=\"elementor-container elementor-column-gap-default\">\n\t\t\t\t\t<div class=\"elementor-column elementor-col-50 elementor-top-column elementor-element elementor-element-7497da25\" data-id=\"7497da25\" data-element_type=\"column\" data-e-type=\"column\">\n\t\t\t<div class=\"elementor-widget-wrap elementor-element-populated\">\n\t\t\t\t\t\t<div class=\"elementor-element elementor-element-465242bd elementor-widget elementor-widget-text-editor\" data-id=\"465242bd\" data-element_type=\"widget\" data-e-type=\"widget\" data-widget_type=\"text-editor.default\">\n\t\t\t\t<div class=\"elementor-widget-container\">\n\t\t\t\t\t\t\t\t\t<p>This exhibition highlights the beauty, remoteness and fragility of a changing Canadian North. HEART OF THE ARCTIC will be on view until April 30, 2020.<\/p>\t\t\t\t\t\t\t\t<\/div>\n\t\t\t\t<\/div>\n\t\t\t\t<div class=\"elementor-element elementor-element-46f3b962 elementor-widget elementor-widget-heading\" data-id=\"46f3b962\" data-element_type=\"widget\" data-e-type=\"widget\" data-widget_type=\"heading.default\">\n\t\t\t\t<div class=\"elementor-widget-container\">\n\t\t\t\t\t<h2 class=\"elementor-heading-title elementor-size-default\">60,000 KM TRAVELLED, THROUGH 6 NATIONAL PARKS, OVER 100 PAINTINGS<\/h2>\t\t\t\t<\/div>\n\t\t\t\t<\/div>\n\t\t\t\t<div class=\"elementor-element elementor-element-3b6f98dc elementor-widget elementor-widget-text-editor\" data-id=\"3b6f98dc\" data-element_type=\"widget\" data-e-type=\"widget\" data-widget_type=\"text-editor.default\">\n\t\t\t\t<div class=\"elementor-widget-container\">\n\t\t\t\t\t\t\t\t\t<p class=\"Default\"><span lang=\"EN-US\" style=\"font-size: 12.0pt; color: #212121; background: #F8F8F9;\">Over the last decade, Cory travelled 60,000 km to capture the spectacular landscape of the Canadian Arctic through paint and film. Through perseverance and dedication to his vision, Cory has created over 100 oil paintings and three documentary films during the course of his Arctic expeditions.\u00a0<\/span><\/p>\n<p class=\"Default\" style=\"margin-bottom: 12.0pt; line-height: 18.0pt;\"><span lang=\"EN-US\" style=\"font-size: 12.0pt;\">INTO THE ARCTIC premiered at the Embassy of Canada in Washington, D.C. in January 2017. The exhibition subsequently toured to six venues in the U.S. and three in Canada. After its European premiere in Monaco it is scheduled for display in Houston, Texas with additional venues to follow in North America. <\/span><\/p>\n\t\t\t\t\t\t\t\t<\/div>\n\t\t\t\t<\/div>\n\t\t\t\t<div class=\"elementor-element elementor-element-669b6931 elementor-widget elementor-widget-text-editor\" data-id=\"669b6931\" data-element_type=\"widget\" data-e-type=\"widget\" data-widget_type=\"text-editor.default\">\n\t\t\t\t<div class=\"elementor-widget-container\">\n\t\t\t\t\t\t\t\t\t<p>During his explorations in the far north of Canada, Cory Tr\u00e9panier had no idea that he would receive, in 2018 and in front of H.S.H. Prince Albert II of Monaco, an invitation to present the first public screening of the film he was making, &#8220;Journey to the Heart of the Arctic: The Awakening&#8221;.<\/p>\t\t\t\t\t\t\t\t<\/div>\n\t\t\t\t<\/div>\n\t\t\t\t<section class=\"elementor-section elementor-inner-section elementor-element elementor-element-209673d9 elementor-section-boxed elementor-section-height-default elementor-section-height-default\" data-id=\"209673d9\" data-element_type=\"section\" data-e-type=\"section\">\n\t\t\t\t\t\t<div class=\"elementor-container elementor-column-gap-default\">\n\t\t\t\t\t<div class=\"elementor-column elementor-col-100 elementor-inner-column elementor-element elementor-element-33228abc\" data-id=\"33228abc\" data-element_type=\"column\" data-e-type=\"column\">\n\t\t\t<div class=\"elementor-widget-wrap elementor-element-populated\">\n\t\t\t\t\t\t<div class=\"elementor-element elementor-element-1a2076bd elementor-blockquote--skin-quotation elementor-blockquote--align-left elementor-widget elementor-widget-blockquote\" data-id=\"1a2076bd\" data-element_type=\"widget\" data-e-type=\"widget\" data-widget_type=\"blockquote.default\">\n\t\t\t\t<div class=\"elementor-widget-container\">\n\t\t\t\t\t\t\t<blockquote class=\"elementor-blockquote\">\n\t\t\t<p class=\"elementor-blockquote__content\">\n\t\t\t\t\u201cExploring and painting the Canadian Arctic has been challenging and awe-inspiring, bringing me face-to-face with some of the planet\u2019s greatest natural wonders. After many years of solitary development, I am humbled to learn that others are being moved by my canvases. And that the exhibition is inspiring conversation about the North, the Inuit, the power of nature, and the importance of humanity\u2019s role in protecting it,\u201d Cory Tr\u00e9panier.\t\t\t<\/p>\n\t\t\t\t\t\t\t<div class=\"e-q-footer\">\n\t\t\t\t\t\t\t\t\t\t\t<cite class=\"elementor-blockquote__author\">Cory Trepanier <br><\/cite>\n\t\t\t\t\t\t\t\t\t\t\t\t\t\t<\/div>\n\t\t\t\t\t<\/blockquote>\n\t\t\t\t\t\t<\/div>\n\t\t\t\t<\/div>\n\t\t\t\t\t<\/div>\n\t\t<\/div>\n\t\t\t\t\t<\/div>\n\t\t<\/section>\n\t\t\t\t<div class=\"elementor-element elementor-element-100afeac elementor-widget elementor-widget-heading\" data-id=\"100afeac\" data-element_type=\"widget\" data-e-type=\"widget\" data-widget_type=\"heading.default\">\n\t\t\t\t<div class=\"elementor-widget-container\">\n\t\t\t\t\t<h2 class=\"elementor-heading-title elementor-size-default\">Time for action!<\/h2>\t\t\t\t<\/div>\n\t\t\t\t<\/div>\n\t\t\t\t\t<\/div>\n\t\t<\/div>\n\t\t\t\t<div class=\"elementor-column elementor-col-50 elementor-top-column elementor-element elementor-element-18ca5155\" data-id=\"18ca5155\" data-element_type=\"column\" data-e-type=\"column\" data-settings=\"{&quot;background_background&quot;:&quot;classic&quot;}\">\n\t\t\t<div class=\"elementor-widget-wrap elementor-element-populated\">\n\t\t\t\t\t\t<div class=\"elementor-element elementor-element-6bf0c92a elementor-widget elementor-widget-image\" data-id=\"6bf0c92a\" data-element_type=\"widget\" data-e-type=\"widget\" data-widget_type=\"image.default\">\n\t\t\t\t<div class=\"elementor-widget-container\">\n\t\t\t\t\t\t\t\t\t\t\t\t\t\t\t<img decoding=\"async\" width=\"762\" height=\"578\" src=\"https:\/\/musee.oceano.org\/wp-content\/uploads\/sites\/2\/2020\/02\/07-TrepanierITA2Painting-Tanquary-Fiord-Behind.-Photo-by-Carl-Trepanier-1-762x578.jpg\" class=\"attachment-img-actu-section size-img-actu-section wp-image-14334\" alt=\"\" \/>\t\t\t\t\t\t\t\t\t\t\t\t\t\t\t<\/div>\n\t\t\t\t<\/div>\n\t\t\t\t<div class=\"elementor-element elementor-element-25c6b806 elementor-widget elementor-widget-heading\" data-id=\"25c6b806\" data-element_type=\"widget\" data-e-type=\"widget\" data-widget_type=\"heading.default\">\n\t\t\t\t<div class=\"elementor-widget-container\">\n\t\t\t\t\t<h2 class=\"elementor-heading-title elementor-size-default\">in the heart of the arctic <\/h2>\t\t\t\t<\/div>\n\t\t\t\t<\/div>\n\t\t\t\t<section class=\"elementor-section elementor-inner-section elementor-element elementor-element-5b9684a7 elementor-section-boxed elementor-section-height-default elementor-section-height-default\" data-id=\"5b9684a7\" data-element_type=\"section\" data-e-type=\"section\">\n\t\t\t\t\t\t<div class=\"elementor-container elementor-column-gap-default\">\n\t\t\t\t\t<div class=\"elementor-column elementor-col-100 elementor-inner-column elementor-element elementor-element-44b782a9\" data-id=\"44b782a9\" data-element_type=\"column\" data-e-type=\"column\">\n\t\t\t<div class=\"elementor-widget-wrap elementor-element-populated\">\n\t\t\t\t\t\t<div class=\"elementor-element elementor-element-7821401 elementor-widget elementor-widget-heading\" data-id=\"7821401\" data-element_type=\"widget\" data-e-type=\"widget\" data-widget_type=\"heading.default\">\n\t\t\t\t<div class=\"elementor-widget-container\">\n\t\t\t\t\t<h2 class=\"elementor-heading-title elementor-size-default\">About Cory Tr\u00e9panier<\/h2>\t\t\t\t<\/div>\n\t\t\t\t<\/div>\n\t\t\t\t<div class=\"elementor-element elementor-element-5a298c27 elementor-widget elementor-widget-text-editor\" data-id=\"5a298c27\" data-element_type=\"widget\" data-e-type=\"widget\" data-widget_type=\"text-editor.default\">\n\t\t\t\t<div class=\"elementor-widget-container\">\n\t\t\t\t\t\t\t\t\t<p>Every Arctic expedition is not without its challenges: trekking to Ellesmere Island with a backpack weighing more than 54 kilos; painting at the edge of one of the highest waterfalls above the Arctic Circle while enduring hordes of mosquitoes; being surrounded by Arctic wolves; or being stranded on fields of snow.<\/p><p>Each trip offers stunning scenery and adrenaline&#8230; a lot of adrenaline.<\/p><p>Through painting and film, Cory preserves one of the most fragile and spectacular regions of our planet, sharing the wonders of the North and its people with others far away. To learn more, purchase paintings, videos, prints or Cory&#8217;s forthcoming large format book, visit <a href=\"http:\/\/www.corytrepanier.com\" target=\"_blank\" rel=\"noopener\">www.corytrepanier.com<\/a>.<\/p>\t\t\t\t\t\t\t\t<\/div>\n\t\t\t\t<\/div>\n\t\t\t\t\t<\/div>\n\t\t<\/div>\n\t\t\t\t\t<\/div>\n\t\t<\/section>\n\t\t\t\t\t<\/div>\n\t\t<\/div>\n\t\t\t\t\t<\/div>\n\t\t<\/section>\n\t\t\t\t<section class=\"elementor-section elementor-top-section elementor-element elementor-element-741319a elementor-section-boxed elementor-section-height-default elementor-section-height-default\" data-id=\"741319a\" data-element_type=\"section\" data-e-type=\"section\">\n\t\t\t\t\t\t<div class=\"elementor-container elementor-column-gap-default\">\n\t\t\t\t\t<div class=\"elementor-column elementor-col-100 elementor-top-column elementor-element elementor-element-dfef968\" data-id=\"dfef968\" data-element_type=\"column\" data-e-type=\"column\">\n\t\t\t<div class=\"elementor-widget-wrap elementor-element-populated\">\n\t\t\t\t\t\t<div class=\"elementor-element elementor-element-4e18f1c elementor-widget elementor-widget-text-editor\" data-id=\"4e18f1c\" data-element_type=\"widget\" data-e-type=\"widget\" data-widget_type=\"text-editor.default\">\n\t\t\t\t<div class=\"elementor-widget-container\">\n\t\t\t\t\t\t\t\t\t<p>The career of Prince Albert I, a pioneer of modern oceanography and scientific exploration of the Arctic, has parallels with that of the artist. H.S.H. Prince Albert II&#8217;s great-great-grandfather has long embodied the passion for ocean exploration, even in the Arctic. H.S.H. Prince Albert II himself visited the Arctic, and even a community in Eastern Arctic Canada where C. Tr\u00e9panier painted.<br \/>He is the only head of state to date to have visited both poles.<\/p>\t\t\t\t\t\t\t\t<\/div>\n\t\t\t\t<\/div>\n\t\t\t\t\t<\/div>\n\t\t<\/div>\n\t\t\t\t\t<\/div>\n\t\t<\/section>\n\t\t\t\t<section class=\"elementor-section elementor-top-section elementor-element elementor-element-4157b308 elementor-section-boxed elementor-section-height-default elementor-section-height-default\" data-id=\"4157b308\" data-element_type=\"section\" data-e-type=\"section\">\n\t\t\t\t\t\t<div class=\"elementor-container elementor-column-gap-default\">\n\t\t\t\t\t<div class=\"elementor-column elementor-col-100 elementor-top-column elementor-element elementor-element-58a76ffa\" data-id=\"58a76ffa\" data-element_type=\"column\" data-e-type=\"column\">\n\t\t\t<div class=\"elementor-widget-wrap elementor-element-populated\">\n\t\t\t\t\t\t<div class=\"elementor-element elementor-element-e35284b elementor-widget elementor-widget-spacer\" data-id=\"e35284b\" data-element_type=\"widget\" data-e-type=\"widget\" data-widget_type=\"spacer.default\">\n\t\t\t\t<div class=\"elementor-widget-container\">\n\t\t\t\t\t\t\t<div class=\"elementor-spacer\">\n\t\t\t<div class=\"elementor-spacer-inner\"><\/div>\n\t\t<\/div>\n\t\t\t\t\t\t<\/div>\n\t\t\t\t<\/div>\n\t\t\t\t<div class=\"elementor-element elementor-element-a8a9f7e elementor-widget elementor-widget-heading\" data-id=\"a8a9f7e\" data-element_type=\"widget\" data-e-type=\"widget\" data-widget_type=\"heading.default\">\n\t\t\t\t<div class=\"elementor-widget-container\">\n\t\t\t\t\t<h2 class=\"elementor-heading-title elementor-size-default\">INTO THE ARCTIC<\/h2>\t\t\t\t<\/div>\n\t\t\t\t<\/div>\n\t\t\t\t\t<\/div>\n\t\t<\/div>\n\t\t\t\t\t<\/div>\n\t\t<\/section>\n\t\t\t\t<section class=\"elementor-section elementor-top-section elementor-element elementor-element-4488d050 elementor-section-boxed elementor-section-height-default elementor-section-height-default\" data-id=\"4488d050\" data-element_type=\"section\" data-e-type=\"section\">\n\t\t\t\t\t\t<div class=\"elementor-container elementor-column-gap-default\">\n\t\t\t\t\t<div class=\"elementor-column elementor-col-100 elementor-top-column elementor-element elementor-element-68b26ea6\" data-id=\"68b26ea6\" data-element_type=\"column\" data-e-type=\"column\">\n\t\t\t<div class=\"elementor-widget-wrap elementor-element-populated\">\n\t\t\t\t\t\t<div class=\"elementor-element elementor-element-2b211358 elementor-widget elementor-widget-text-editor\" data-id=\"2b211358\" data-element_type=\"widget\" data-e-type=\"widget\" data-widget_type=\"text-editor.default\">\n\t\t\t\t<div class=\"elementor-widget-container\">\n\t\t\t\t\t\t\t\t\t<p>The exhibition passionately explores a changing landscape that many will never see with their own eyes. This exhibition offers the public an opportunity to discover the wonders of the Arctic and to understand the magnitude of what we stand to lose. The tour is presented in part by the Royal Canadian Geographical Society\/Canadian Geographic. This is one of Canada&#8217;s oldest and largest non-profit educational organizations, dedicated to promoting and increasing public awareness of Canadian geography and heritage. The tour is also presented by HATCH, a professional engineering and technology consulting service for the mining, energy, digital, investment and infrastructure industries for over 65 years.<\/p><p>The tour is produced by David J. Wagner, L.L.C.<\/p><p>For more information on this exhibition and practical information, <a href=\"http:\/\/www.intothearctic.ca\/exhibitiontour\" target=\"_blank\" rel=\"noopener\">www.intothearctic.ca\/exhibitiontour<\/a><\/p>\t\t\t\t\t\t\t\t<\/div>\n\t\t\t\t<\/div>\n\t\t\t\t\t<\/div>\n\t\t<\/div>\n\t\t\t\t\t<\/div>\n\t\t<\/section>\n\t\t\t\t<section class=\"elementor-section elementor-top-section elementor-element elementor-element-5c254bd2 elementor-section-boxed elementor-section-height-default elementor-section-height-default\" data-id=\"5c254bd2\" data-element_type=\"section\" data-e-type=\"section\">\n\t\t\t\t\t\t<div class=\"elementor-container elementor-column-gap-default\">\n\t\t\t\t\t<div class=\"elementor-column elementor-col-50 elementor-top-column elementor-element elementor-element-54a337d1\" data-id=\"54a337d1\" data-element_type=\"column\" data-e-type=\"column\">\n\t\t\t<div class=\"elementor-widget-wrap elementor-element-populated\">\n\t\t\t\t\t\t<div class=\"elementor-element elementor-element-1fb8ed7d elementor-widget elementor-widget-image\" data-id=\"1fb8ed7d\" data-element_type=\"widget\" data-e-type=\"widget\" data-widget_type=\"image.default\">\n\t\t\t\t<div class=\"elementor-widget-container\">\n\t\t\t\t\t\t\t\t\t\t\t\t\t\t\t\t<a href=\"https:\/\/musee.oceano.org\/wp-content\/uploads\/sites\/2\/2020\/02\/02-TrepanierSams-Wall2015-1.jpg\" data-elementor-open-lightbox=\"yes\" data-elementor-lightbox-title=\"02-Trepanier,Sam&#039;s Wall,2015\" data-e-action-hash=\"#elementor-action%3Aaction%3Dlightbox%26settings%3DeyJpZCI6MTQzMjYsInVybCI6Imh0dHBzOlwvXC9tdXNlZS5vY2Vhbm8ub3JnXC93cC1jb250ZW50XC91cGxvYWRzXC9zaXRlc1wvMlwvMjAyMFwvMDJcLzAyLVRyZXBhbmllclNhbXMtV2FsbDIwMTUtMS1zY2FsZWQuanBnIn0%3D\">\n\t\t\t\t\t\t\t<img decoding=\"async\" width=\"433\" height=\"433\" src=\"https:\/\/musee.oceano.org\/wp-content\/uploads\/sites\/2\/2020\/02\/02-TrepanierSams-Wall2015-1-433x433.jpg\" class=\"attachment-img-bloc-three-content size-img-bloc-three-content wp-image-14326\" alt=\"\" srcset=\"https:\/\/musee.oceano.org\/wp-content\/uploads\/sites\/2\/2020\/02\/02-TrepanierSams-Wall2015-1-433x433.jpg 433w, https:\/\/musee.oceano.org\/wp-content\/uploads\/sites\/2\/2020\/02\/02-TrepanierSams-Wall2015-1-150x150.jpg 150w, https:\/\/musee.oceano.org\/wp-content\/uploads\/sites\/2\/2020\/02\/02-TrepanierSams-Wall2015-1-334x334.jpg 334w\" sizes=\"(max-width: 433px) 100vw, 433px\" \/>\t\t\t\t\t\t\t\t<\/a>\n\t\t\t\t\t\t\t\t\t\t\t\t\t\t\t<\/div>\n\t\t\t\t<\/div>\n\t\t\t\t\t<\/div>\n\t\t<\/div>\n\t\t\t\t<div class=\"elementor-column elementor-col-50 elementor-top-column elementor-element elementor-element-457fa584\" data-id=\"457fa584\" data-element_type=\"column\" data-e-type=\"column\">\n\t\t\t<div class=\"elementor-widget-wrap elementor-element-populated\">\n\t\t\t\t\t\t<div class=\"elementor-element elementor-element-4f1c93cb elementor-widget elementor-widget-image\" data-id=\"4f1c93cb\" data-element_type=\"widget\" data-e-type=\"widget\" data-widget_type=\"image.default\">\n\t\t\t\t<div class=\"elementor-widget-container\">\n\t\t\t\t\t\t\t\t\t\t\t\t\t\t\t\t<a href=\"https:\/\/musee.oceano.org\/wp-content\/uploads\/sites\/2\/2020\/02\/05-TrepanierITA2Painting-Iceberg-from-Canoe-Wide.-Photo-by-Cory-Trepanier-bd.jpg\" data-elementor-open-lightbox=\"yes\" data-elementor-lightbox-title=\"05-Trepanier,ITA2,Painting Iceberg from Canoe-Wide. Photo by Cory Trepanier-bd\" data-e-action-hash=\"#elementor-action%3Aaction%3Dlightbox%26settings%3DeyJpZCI6MTQzMjIsInVybCI6Imh0dHBzOlwvXC9tdXNlZS5vY2Vhbm8ub3JnXC93cC1jb250ZW50XC91cGxvYWRzXC9zaXRlc1wvMlwvMjAyMFwvMDJcLzA1LVRyZXBhbmllcklUQTJQYWludGluZy1JY2ViZXJnLWZyb20tQ2Fub2UtV2lkZS4tUGhvdG8tYnktQ29yeS1UcmVwYW5pZXItYmQuanBnIn0%3D\">\n\t\t\t\t\t\t\t<img loading=\"lazy\" decoding=\"async\" width=\"433\" height=\"433\" src=\"https:\/\/musee.oceano.org\/wp-content\/uploads\/sites\/2\/2020\/02\/05-TrepanierITA2Painting-Iceberg-from-Canoe-Wide.-Photo-by-Cory-Trepanier-bd-433x433.jpg\" class=\"attachment-img-bloc-three-content size-img-bloc-three-content wp-image-14322\" alt=\"\" srcset=\"https:\/\/musee.oceano.org\/wp-content\/uploads\/sites\/2\/2020\/02\/05-TrepanierITA2Painting-Iceberg-from-Canoe-Wide.-Photo-by-Cory-Trepanier-bd-433x433.jpg 433w, https:\/\/musee.oceano.org\/wp-content\/uploads\/sites\/2\/2020\/02\/05-TrepanierITA2Painting-Iceberg-from-Canoe-Wide.-Photo-by-Cory-Trepanier-bd-150x150.jpg 150w, https:\/\/musee.oceano.org\/wp-content\/uploads\/sites\/2\/2020\/02\/05-TrepanierITA2Painting-Iceberg-from-Canoe-Wide.-Photo-by-Cory-Trepanier-bd-334x334.jpg 334w\" sizes=\"(max-width: 433px) 100vw, 433px\" \/>\t\t\t\t\t\t\t\t<\/a>\n\t\t\t\t\t\t\t\t\t\t\t\t\t\t\t<\/div>\n\t\t\t\t<\/div>\n\t\t\t\t\t<\/div>\n\t\t<\/div>\n\t\t\t\t\t<\/div>\n\t\t<\/section>\n\t\t\t\t<\/div>\n\t\t","protected":false},"excerpt":{"rendered":"<p>Cette premi\u00e8re europ\u00e9enne de l&#8217;exposition de Cory Tr\u00e9panier, Voyage au coeur de l&#8217;Arctique, pr\u00e9sente les huiles et films de cet artiste canadien, en collaboration \u00e9troite avec la Fondation Prince Albert II de Monaco : elle met en valeur la beaut\u00e9, l\u2019\u00e9loignement et la fragilit\u00e9 d\u2019un Nord canadien en plein changement.<\/p>\n","protected":false},"featured_media":13896,"parent":0,"template":"","meta":{"_acf_changed":false,"footnotes":""},"etatexpositions":[233],"class_list":["post-14465","expositions","type-expositions","status-publish","has-post-thumbnail","hentry","etatexpositions-previous"],"acf":[],"yoast_head":"<!-- This site is optimized with the Yoast SEO plugin v27.2 - https:\/\/yoast.com\/product\/yoast-seo-wordpress\/ -->\n<title>INTO THE ARCTIC - Mus\u00e9e Oc\u00e9anographique de Monaco<\/title>\n<meta name=\"robots\" content=\"index, follow, max-snippet:-1, max-image-preview:large, max-video-preview:-1\" \/>\n<link rel=\"canonical\" href=\"https:\/\/musee.oceano.org\/en\/exhibitions\/into-the-arctic\/\" \/>\n<meta property=\"og:locale\" content=\"en_US\" \/>\n<meta property=\"og:type\" content=\"article\" \/>\n<meta property=\"og:title\" content=\"INTO THE ARCTIC - Mus\u00e9e Oc\u00e9anographique de Monaco\" \/>\n<meta property=\"og:description\" content=\"Cette premi\u00e8re europ\u00e9enne de l&#039;exposition de Cory Tr\u00e9panier, Voyage au coeur de l&#039;Arctique, pr\u00e9sente les huiles et films de cet artiste canadien, en collaboration \u00e9troite avec la Fondation Prince Albert II de Monaco : elle met en valeur la beaut\u00e9, l\u2019\u00e9loignement et la fragilit\u00e9 d\u2019un Nord canadien en plein changement.\" \/>\n<meta property=\"og:url\" content=\"https:\/\/musee.oceano.org\/en\/exhibitions\/into-the-arctic\/\" \/>\n<meta property=\"og:site_name\" content=\"Mus\u00e9e Oc\u00e9anographique de Monaco\" \/>\n<meta property=\"article:modified_time\" content=\"2021-07-05T07:35:26+00:00\" \/>\n<meta property=\"og:image\" content=\"https:\/\/musee.oceano.org\/wp-content\/uploads\/sites\/2\/2020\/02\/07-TrepanierITA2Painting-Tanquary-Fiord-Behind.-Photo-by-Carl-Trepanier.jpg\" \/>\n\t<meta property=\"og:image:width\" content=\"1500\" \/>\n\t<meta property=\"og:image:height\" content=\"817\" \/>\n\t<meta property=\"og:image:type\" content=\"image\/jpeg\" \/>\n<meta name=\"twitter:card\" content=\"summary_large_image\" \/>\n<meta name=\"twitter:label1\" content=\"Est. reading time\" \/>\n\t<meta name=\"twitter:data1\" content=\"5 minutes\" \/>\n<script type=\"application\/ld+json\" class=\"yoast-schema-graph\">{\"@context\":\"https:\/\/schema.org\",\"@graph\":[{\"@type\":\"WebPage\",\"@id\":\"https:\/\/musee.oceano.org\/en\/exhibitions\/into-the-arctic\/\",\"url\":\"https:\/\/musee.oceano.org\/en\/exhibitions\/into-the-arctic\/\",\"name\":\"INTO THE ARCTIC - Mus\u00e9e Oc\u00e9anographique de Monaco\",\"isPartOf\":{\"@id\":\"https:\/\/musee.oceano.org\/#website\"},\"primaryImageOfPage\":{\"@id\":\"https:\/\/musee.oceano.org\/en\/exhibitions\/into-the-arctic\/#primaryimage\"},\"image\":{\"@id\":\"https:\/\/musee.oceano.org\/en\/exhibitions\/into-the-arctic\/#primaryimage\"},\"thumbnailUrl\":\"https:\/\/musee.oceano.org\/wp-content\/uploads\/sites\/2\/2020\/02\/07-TrepanierITA2Painting-Tanquary-Fiord-Behind.-Photo-by-Carl-Trepanier.jpg\",\"datePublished\":\"2020-02-28T12:50:10+00:00\",\"dateModified\":\"2021-07-05T07:35:26+00:00\",\"breadcrumb\":{\"@id\":\"https:\/\/musee.oceano.org\/en\/exhibitions\/into-the-arctic\/#breadcrumb\"},\"inLanguage\":\"en-US\",\"potentialAction\":[{\"@type\":\"ReadAction\",\"target\":[\"https:\/\/musee.oceano.org\/en\/exhibitions\/into-the-arctic\/\"]}]},{\"@type\":\"ImageObject\",\"inLanguage\":\"en-US\",\"@id\":\"https:\/\/musee.oceano.org\/en\/exhibitions\/into-the-arctic\/#primaryimage\",\"url\":\"https:\/\/musee.oceano.org\/wp-content\/uploads\/sites\/2\/2020\/02\/07-TrepanierITA2Painting-Tanquary-Fiord-Behind.-Photo-by-Carl-Trepanier.jpg\",\"contentUrl\":\"https:\/\/musee.oceano.org\/wp-content\/uploads\/sites\/2\/2020\/02\/07-TrepanierITA2Painting-Tanquary-Fiord-Behind.-Photo-by-Carl-Trepanier.jpg\",\"width\":1500,\"height\":817},{\"@type\":\"BreadcrumbList\",\"@id\":\"https:\/\/musee.oceano.org\/en\/exhibitions\/into-the-arctic\/#breadcrumb\",\"itemListElement\":[{\"@type\":\"ListItem\",\"position\":1,\"name\":\"Home\",\"item\":\"https:\/\/musee.oceano.org\/en\/\"},{\"@type\":\"ListItem\",\"position\":2,\"name\":\"Tentoonstellingen\",\"item\":\"https:\/\/musee.oceano.org\/nl\/tentoonstellingen\/\"},{\"@type\":\"ListItem\",\"position\":3,\"name\":\"INTO THE ARCTIC\"}]},{\"@type\":\"WebSite\",\"@id\":\"https:\/\/musee.oceano.org\/#website\",\"url\":\"https:\/\/musee.oceano.org\/\",\"name\":\"Mus\u00e9e Oc\u00e9anographique de Monaco\",\"description\":\"Faire conna\u00eetre, aimer et prot\u00e9ger les oc\u00e9ans\",\"potentialAction\":[{\"@type\":\"SearchAction\",\"target\":{\"@type\":\"EntryPoint\",\"urlTemplate\":\"https:\/\/musee.oceano.org\/?s={search_term_string}\"},\"query-input\":{\"@type\":\"PropertyValueSpecification\",\"valueRequired\":true,\"valueName\":\"search_term_string\"}}],\"inLanguage\":\"en-US\"}]}<\/script>\n<!-- \/ Yoast SEO plugin. -->","yoast_head_json":{"title":"INTO THE ARCTIC - Mus\u00e9e Oc\u00e9anographique de Monaco","robots":{"index":"index","follow":"follow","max-snippet":"max-snippet:-1","max-image-preview":"max-image-preview:large","max-video-preview":"max-video-preview:-1"},"canonical":"https:\/\/musee.oceano.org\/en\/exhibitions\/into-the-arctic\/","og_locale":"en_US","og_type":"article","og_title":"INTO THE ARCTIC - Mus\u00e9e Oc\u00e9anographique de Monaco","og_description":"Cette premi\u00e8re europ\u00e9enne de l'exposition de Cory Tr\u00e9panier, Voyage au coeur de l'Arctique, pr\u00e9sente les huiles et films de cet artiste canadien, en collaboration \u00e9troite avec la Fondation Prince Albert II de Monaco : elle met en valeur la beaut\u00e9, l\u2019\u00e9loignement et la fragilit\u00e9 d\u2019un Nord canadien en plein changement.","og_url":"https:\/\/musee.oceano.org\/en\/exhibitions\/into-the-arctic\/","og_site_name":"Mus\u00e9e Oc\u00e9anographique de Monaco","article_modified_time":"2021-07-05T07:35:26+00:00","og_image":[{"width":1500,"height":817,"url":"https:\/\/musee.oceano.org\/wp-content\/uploads\/sites\/2\/2020\/02\/07-TrepanierITA2Painting-Tanquary-Fiord-Behind.-Photo-by-Carl-Trepanier.jpg","type":"image\/jpeg"}],"twitter_card":"summary_large_image","twitter_misc":{"Est. reading time":"5 minutes"},"schema":{"@context":"https:\/\/schema.org","@graph":[{"@type":"WebPage","@id":"https:\/\/musee.oceano.org\/en\/exhibitions\/into-the-arctic\/","url":"https:\/\/musee.oceano.org\/en\/exhibitions\/into-the-arctic\/","name":"INTO THE ARCTIC - Mus\u00e9e Oc\u00e9anographique de Monaco","isPartOf":{"@id":"https:\/\/musee.oceano.org\/#website"},"primaryImageOfPage":{"@id":"https:\/\/musee.oceano.org\/en\/exhibitions\/into-the-arctic\/#primaryimage"},"image":{"@id":"https:\/\/musee.oceano.org\/en\/exhibitions\/into-the-arctic\/#primaryimage"},"thumbnailUrl":"https:\/\/musee.oceano.org\/wp-content\/uploads\/sites\/2\/2020\/02\/07-TrepanierITA2Painting-Tanquary-Fiord-Behind.-Photo-by-Carl-Trepanier.jpg","datePublished":"2020-02-28T12:50:10+00:00","dateModified":"2021-07-05T07:35:26+00:00","breadcrumb":{"@id":"https:\/\/musee.oceano.org\/en\/exhibitions\/into-the-arctic\/#breadcrumb"},"inLanguage":"en-US","potentialAction":[{"@type":"ReadAction","target":["https:\/\/musee.oceano.org\/en\/exhibitions\/into-the-arctic\/"]}]},{"@type":"ImageObject","inLanguage":"en-US","@id":"https:\/\/musee.oceano.org\/en\/exhibitions\/into-the-arctic\/#primaryimage","url":"https:\/\/musee.oceano.org\/wp-content\/uploads\/sites\/2\/2020\/02\/07-TrepanierITA2Painting-Tanquary-Fiord-Behind.-Photo-by-Carl-Trepanier.jpg","contentUrl":"https:\/\/musee.oceano.org\/wp-content\/uploads\/sites\/2\/2020\/02\/07-TrepanierITA2Painting-Tanquary-Fiord-Behind.-Photo-by-Carl-Trepanier.jpg","width":1500,"height":817},{"@type":"BreadcrumbList","@id":"https:\/\/musee.oceano.org\/en\/exhibitions\/into-the-arctic\/#breadcrumb","itemListElement":[{"@type":"ListItem","position":1,"name":"Home","item":"https:\/\/musee.oceano.org\/en\/"},{"@type":"ListItem","position":2,"name":"Tentoonstellingen","item":"https:\/\/musee.oceano.org\/nl\/tentoonstellingen\/"},{"@type":"ListItem","position":3,"name":"INTO THE ARCTIC"}]},{"@type":"WebSite","@id":"https:\/\/musee.oceano.org\/#website","url":"https:\/\/musee.oceano.org\/","name":"Mus\u00e9e Oc\u00e9anographique de Monaco","description":"Faire conna\u00eetre, aimer et prot\u00e9ger les oc\u00e9ans","potentialAction":[{"@type":"SearchAction","target":{"@type":"EntryPoint","urlTemplate":"https:\/\/musee.oceano.org\/?s={search_term_string}"},"query-input":{"@type":"PropertyValueSpecification","valueRequired":true,"valueName":"search_term_string"}}],"inLanguage":"en-US"}]}},"_links":{"self":[{"href":"https:\/\/musee.oceano.org\/en\/wp-json\/wp\/v2\/expositions\/14465","targetHints":{"allow":["GET"]}}],"collection":[{"href":"https:\/\/musee.oceano.org\/en\/wp-json\/wp\/v2\/expositions"}],"about":[{"href":"https:\/\/musee.oceano.org\/en\/wp-json\/wp\/v2\/types\/expositions"}],"version-history":[{"count":6,"href":"https:\/\/musee.oceano.org\/en\/wp-json\/wp\/v2\/expositions\/14465\/revisions"}],"predecessor-version":[{"id":28810,"href":"https:\/\/musee.oceano.org\/en\/wp-json\/wp\/v2\/expositions\/14465\/revisions\/28810"}],"wp:featuredmedia":[{"embeddable":true,"href":"https:\/\/musee.oceano.org\/en\/wp-json\/wp\/v2\/media\/13896"}],"wp:attachment":[{"href":"https:\/\/musee.oceano.org\/en\/wp-json\/wp\/v2\/media?parent=14465"}],"wp:term":[{"taxonomy":"etatexpositions","embeddable":true,"href":"https:\/\/musee.oceano.org\/en\/wp-json\/wp\/v2\/etatexpositions?post=14465"}],"curies":[{"name":"wp","href":"https:\/\/api.w.org\/{rel}","templated":true}]}}