{"id":19694,"date":"2021-06-23T16:12:41","date_gmt":"2021-06-23T14:12:41","guid":{"rendered":"https:\/\/musee.oceano.org\/?page_id=19694"},"modified":"2021-07-12T16:39:15","modified_gmt":"2021-07-12T14:39:15","slug":"european-week-for-waste-reduction-2020","status":"publish","type":"page","link":"https:\/\/musee.oceano.org\/en\/european-week-for-waste-reduction-2020\/","title":{"rendered":"European Week for Waste Reduction Week"},"content":{"rendered":"\t\t<div data-elementor-type=\"wp-post\" data-elementor-id=\"19694\" class=\"elementor elementor-19694 elementor-19693\" data-elementor-post-type=\"page\">\n\t\t\t\t\t\t<section class=\"elementor-section elementor-top-section elementor-element elementor-element-9fd2650 elementor-section-full_width elementor-section-height-default elementor-section-height-default\" data-id=\"9fd2650\" data-element_type=\"section\" data-e-type=\"section\">\n\t\t\t\t\t\t<div class=\"elementor-container elementor-column-gap-no\">\n\t\t\t\t\t<div class=\"elementor-column elementor-col-100 elementor-top-column elementor-element elementor-element-2969aa84\" data-id=\"2969aa84\" data-element_type=\"column\" data-e-type=\"column\">\n\t\t\t<div class=\"elementor-widget-wrap elementor-element-populated\">\n\t\t\t\t\t\t<div class=\"elementor-element elementor-element-71b3df43 elementor--h-position-center elementor--v-position-middle elementor-widget elementor-widget-slides\" data-id=\"71b3df43\" data-element_type=\"widget\" data-e-type=\"widget\" data-settings=\"{&quot;navigation&quot;:&quot;none&quot;,&quot;transition&quot;:&quot;slide&quot;,&quot;transition_speed&quot;:500}\" data-widget_type=\"slides.default\">\n\t\t\t\t<div class=\"elementor-widget-container\">\n\t\t\t\t\t\t\t\t\t<div class=\"elementor-swiper\">\n\t\t\t\t\t<div class=\"elementor-slides-wrapper elementor-main-swiper swiper\" role=\"region\" aria-roledescription=\"carousel\" aria-label=\"Slides\" dir=\"ltr\" data-animation=\"fadeInUp\">\n\t\t\t\t<div class=\"swiper-wrapper elementor-slides\">\n\t\t\t\t\t\t\t\t\t\t<div class=\"elementor-repeater-item-891be05 swiper-slide\" role=\"group\" aria-roledescription=\"slide\"><div class=\"swiper-slide-bg\" role=\"img\" aria-label=\"brian-yurasits-JMMUqHlw2c8-unsplash\"><\/div><div class=\"elementor-background-overlay\"><\/div><div class=\"swiper-slide-inner\" ><div class=\"swiper-slide-contents\"><h1 class=\"elementor-slide-heading\">European Week for Waste Reduction Week<\/h1><div class=\"elementor-slide-description\"><p>visitors to the Museum made their own contribution<\/p>\n<\/div><\/div><\/div><\/div>\t\t\t\t<\/div>\n\t\t\t\t\t\t\t<\/div>\n\t\t\t\t<\/div>\n\t\t\t\t\t\t\t\t<\/div>\n\t\t\t\t<\/div>\n\t\t\t\t\t<\/div>\n\t\t<\/div>\n\t\t\t\t\t<\/div>\n\t\t<\/section>\n\t\t\t\t<section class=\"elementor-section elementor-top-section elementor-element elementor-element-74014b16 elementor-section-full_width breadcrumb-basuc elementor-section-height-default elementor-section-height-default\" data-id=\"74014b16\" data-element_type=\"section\" data-e-type=\"section\" data-settings=\"{&quot;background_background&quot;:&quot;classic&quot;}\">\n\t\t\t\t\t\t<div class=\"elementor-container elementor-column-gap-default\">\n\t\t\t\t\t<div class=\"elementor-column elementor-col-100 elementor-top-column elementor-element elementor-element-45ab2ecf\" data-id=\"45ab2ecf\" data-element_type=\"column\" data-e-type=\"column\">\n\t\t\t<div class=\"elementor-widget-wrap elementor-element-populated\">\n\t\t\t\t\t\t<div class=\"elementor-element elementor-element-66067531 elementor-widget elementor-widget-ee-breadcrumbs\" data-id=\"66067531\" data-element_type=\"widget\" data-e-type=\"widget\" data-widget_type=\"ee-breadcrumbs.default\">\n\t\t\t\t<div class=\"elementor-widget-container\">\n\t\t\t\t\t<ul class=\"ee-breadcrumbs\" itemscope=\"\" itemtype=\"http:\/\/schema.org\/BreadcrumbList\"><\/ul>\t\t\t\t<\/div>\n\t\t\t\t<\/div>\n\t\t\t\t\t<\/div>\n\t\t<\/div>\n\t\t\t\t\t<\/div>\n\t\t<\/section>\n\t\t\t\t<section class=\"elementor-section elementor-top-section elementor-element elementor-element-683a213f elementor-section-full_width elementor-section-height-default elementor-section-height-default\" data-id=\"683a213f\" data-element_type=\"section\" data-e-type=\"section\" data-settings=\"{&quot;background_background&quot;:&quot;classic&quot;}\">\n\t\t\t\t\t\t<div class=\"elementor-container elementor-column-gap-default\">\n\t\t\t\t\t<div class=\"elementor-column elementor-col-100 elementor-top-column elementor-element elementor-element-4e110184\" data-id=\"4e110184\" data-element_type=\"column\" data-e-type=\"column\">\n\t\t\t<div class=\"elementor-widget-wrap elementor-element-populated\">\n\t\t\t\t\t\t<div class=\"elementor-element elementor-element-677bf2df elementor-widget elementor-widget-heading\" data-id=\"677bf2df\" data-element_type=\"widget\" data-e-type=\"widget\" data-widget_type=\"heading.default\">\n\t\t\t\t<div class=\"elementor-widget-container\">\n\t\t\t\t\t<h2 class=\"elementor-heading-title elementor-size-default\">the commitment of the Principality of Monaco<\/h2>\t\t\t\t<\/div>\n\t\t\t\t<\/div>\n\t\t\t\t\t<\/div>\n\t\t<\/div>\n\t\t\t\t\t<\/div>\n\t\t<\/section>\n\t\t\t\t<section class=\"elementor-section elementor-top-section elementor-element elementor-element-1a3c68a7 text-basic elementor-section-boxed elementor-section-height-default elementor-section-height-default\" data-id=\"1a3c68a7\" data-element_type=\"section\" data-e-type=\"section\" data-settings=\"{&quot;background_background&quot;:&quot;classic&quot;}\">\n\t\t\t\t\t\t<div class=\"elementor-container elementor-column-gap-default\">\n\t\t\t\t\t<div class=\"elementor-column elementor-col-100 elementor-top-column elementor-element elementor-element-3e1c290f\" data-id=\"3e1c290f\" data-element_type=\"column\" data-e-type=\"column\">\n\t\t\t<div class=\"elementor-widget-wrap elementor-element-populated\">\n\t\t\t\t\t\t<div class=\"elementor-element elementor-element-32dc305a elementor-widget elementor-widget-text-editor\" data-id=\"32dc305a\" data-element_type=\"widget\" data-e-type=\"widget\" data-widget_type=\"text-editor.default\">\n\t\t\t\t<div class=\"elementor-widget-container\">\n\t\t\t\t\t\t\t\t\t<p><strong>From 23 to 27 November 2020, the Oceanographic Museum will take part in the European Week for Waste Reduction (EWWR). The event aims to promote, during the same week, awareness-raising actions on sustainable resource management to move towards zero waste. The main axes of this event are: Reduce, Recycle and Reuse.<\/strong><\/p>\n<p>Given the current health context, it is impossible to propose, as last year, animations for the general public. On the other hand, it was important for the Museum to continue to be involved in this great waste reduction movement in other ways.<\/p>\n<p>To this end, a programme of actions aimed at the staff of the Oceanographic Museum and our partners (CFM Indosuez Wealth Management) has been devised&#8230;<\/p>\n\t\t\t\t\t\t\t\t<\/div>\n\t\t\t\t<\/div>\n\t\t\t\t\t<\/div>\n\t\t<\/div>\n\t\t\t\t\t<\/div>\n\t\t<\/section>\n\t\t\t\t<section class=\"elementor-section elementor-top-section elementor-element elementor-element-5e93ee84 elementor-section-boxed elementor-section-height-default elementor-section-height-default\" data-id=\"5e93ee84\" data-element_type=\"section\" data-e-type=\"section\" data-settings=\"{&quot;background_background&quot;:&quot;classic&quot;}\">\n\t\t\t\t\t\t<div class=\"elementor-container elementor-column-gap-default\">\n\t\t\t\t\t<div class=\"elementor-column elementor-col-100 elementor-top-column elementor-element elementor-element-7972df\" data-id=\"7972df\" data-element_type=\"column\" data-e-type=\"column\">\n\t\t\t<div class=\"elementor-widget-wrap elementor-element-populated\">\n\t\t\t\t\t\t<section class=\"elementor-section elementor-inner-section elementor-element elementor-element-1f03874b elementor-section-boxed elementor-section-height-default elementor-section-height-default\" data-id=\"1f03874b\" data-element_type=\"section\" data-e-type=\"section\" data-settings=\"{&quot;background_background&quot;:&quot;classic&quot;}\">\n\t\t\t\t\t\t<div class=\"elementor-container elementor-column-gap-default\">\n\t\t\t\t\t<div class=\"elementor-column elementor-col-50 elementor-inner-column elementor-element elementor-element-13d91e1a\" data-id=\"13d91e1a\" data-element_type=\"column\" data-e-type=\"column\">\n\t\t\t<div class=\"elementor-widget-wrap elementor-element-populated\">\n\t\t\t\t\t\t<div class=\"elementor-element elementor-element-11860f73 elementor-widget elementor-widget-heading\" data-id=\"11860f73\" data-element_type=\"widget\" data-e-type=\"widget\" data-widget_type=\"heading.default\">\n\t\t\t\t<div class=\"elementor-widget-container\">\n\t\t\t\t\t<h2 class=\"elementor-heading-title elementor-size-default\"> Waste sorting workshop <\/h2>\t\t\t\t<\/div>\n\t\t\t\t<\/div>\n\t\t\t\t<div class=\"elementor-element elementor-element-5af87f34 elementor-widget elementor-widget-text-editor\" data-id=\"5af87f34\" data-element_type=\"widget\" data-e-type=\"widget\" data-widget_type=\"text-editor.default\">\n\t\t\t\t<div class=\"elementor-widget-container\">\n\t\t\t\t\t\t\t\t\t<div class=\"page\" title=\"Page 1\">\n<div class=\"layoutArea\">\n<div class=\"column\">\n<p>On Monday 23 November, a special break will be organised for the staff of the Oceanographic Museum in collaboration with the restaurant La Terrasse and in strict compliance with health regulations.<br \/>Objective: to raise awareness among the teams of eco-friendly gestures and &#8220;anti-waste&#8221; cooking.<br \/>Coffee, orange juice, French toast, apple and orange peel cakes. Edible cutlery and eco-designed containers. The cakes will be packed in a biodegradable and compostable lunch box with a lid; the coffee and drinks in eco-designed cups with a protective lid.<\/p>\n<\/div>\n<\/div>\n<\/div>\n\t\t\t\t\t\t\t\t<\/div>\n\t\t\t\t<\/div>\n\t\t\t\t\t<\/div>\n\t\t<\/div>\n\t\t\t\t<div class=\"elementor-column elementor-col-50 elementor-inner-column elementor-element elementor-element-28383d4a\" data-id=\"28383d4a\" data-element_type=\"column\" data-e-type=\"column\">\n\t\t\t<div class=\"elementor-widget-wrap elementor-element-populated\">\n\t\t\t\t\t\t<div class=\"elementor-element elementor-element-66c82241 elementor-zoom elementor-widget elementor-widget-image\" data-id=\"66c82241\" data-element_type=\"widget\" data-e-type=\"widget\" data-widget_type=\"image.default\">\n\t\t\t\t<div class=\"elementor-widget-container\">\n\t\t\t\t\t\t\t\t\t\t\t\t\t\t\t<img fetchpriority=\"high\" decoding=\"async\" width=\"236\" height=\"377\" src=\"https:\/\/musee.oceano.org\/wp-content\/uploads\/sites\/2\/2019\/11\/f757568169890f84b891f1057c9a8b55.jpg\" class=\"attachment-large size-large wp-image-12567\" alt=\"\" srcset=\"https:\/\/musee.oceano.org\/wp-content\/uploads\/sites\/2\/2019\/11\/f757568169890f84b891f1057c9a8b55.jpg 236w, https:\/\/musee.oceano.org\/wp-content\/uploads\/sites\/2\/2019\/11\/f757568169890f84b891f1057c9a8b55-188x300.jpg 188w\" sizes=\"(max-width: 236px) 100vw, 236px\" \/>\t\t\t\t\t\t\t\t\t\t\t\t\t\t\t<\/div>\n\t\t\t\t<\/div>\n\t\t\t\t\t<\/div>\n\t\t<\/div>\n\t\t\t\t\t<\/div>\n\t\t<\/section>\n\t\t\t\t\t<\/div>\n\t\t<\/div>\n\t\t\t\t\t<\/div>\n\t\t<\/section>\n\t\t\t\t<section class=\"elementor-section elementor-top-section elementor-element elementor-element-64fb203 elementor-section-boxed elementor-section-height-default elementor-section-height-default\" data-id=\"64fb203\" data-element_type=\"section\" data-e-type=\"section\">\n\t\t\t\t\t\t<div class=\"elementor-container elementor-column-gap-default\">\n\t\t\t\t\t<div class=\"elementor-column elementor-col-33 elementor-top-column elementor-element elementor-element-87a5c28\" data-id=\"87a5c28\" data-element_type=\"column\" data-e-type=\"column\">\n\t\t\t<div class=\"elementor-widget-wrap elementor-element-populated\">\n\t\t\t\t\t\t<div class=\"elementor-element elementor-element-c2fee6d elementor-widget elementor-widget-image\" data-id=\"c2fee6d\" data-element_type=\"widget\" data-e-type=\"widget\" data-widget_type=\"image.default\">\n\t\t\t\t<div class=\"elementor-widget-container\">\n\t\t\t\t\t\t\t\t\t\t\t\t\t\t\t<img decoding=\"async\" width=\"1024\" height=\"1024\" src=\"https:\/\/musee.oceano.org\/wp-content\/uploads\/sites\/2\/2019\/12\/Plastic-Ocean-1024x1024.jpg\" class=\"attachment-large size-large wp-image-13260\" alt=\"\" srcset=\"https:\/\/musee.oceano.org\/wp-content\/uploads\/sites\/2\/2019\/12\/Plastic-Ocean-1024x1024.jpg 1024w, https:\/\/musee.oceano.org\/wp-content\/uploads\/sites\/2\/2019\/12\/Plastic-Ocean-150x150.jpg 150w, https:\/\/musee.oceano.org\/wp-content\/uploads\/sites\/2\/2019\/12\/Plastic-Ocean-300x300.jpg 300w, https:\/\/musee.oceano.org\/wp-content\/uploads\/sites\/2\/2019\/12\/Plastic-Ocean-768x768.jpg 768w, https:\/\/musee.oceano.org\/wp-content\/uploads\/sites\/2\/2019\/12\/Plastic-Ocean-433x433.jpg 433w, https:\/\/musee.oceano.org\/wp-content\/uploads\/sites\/2\/2019\/12\/Plastic-Ocean-334x334.jpg 334w\" sizes=\"(max-width: 1024px) 100vw, 1024px\" \/>\t\t\t\t\t\t\t\t\t\t\t\t\t\t\t<\/div>\n\t\t\t\t<\/div>\n\t\t\t\t\t<\/div>\n\t\t<\/div>\n\t\t\t\t<div class=\"elementor-column elementor-col-33 elementor-top-column elementor-element elementor-element-51f2126\" data-id=\"51f2126\" data-element_type=\"column\" data-e-type=\"column\">\n\t\t\t<div class=\"elementor-widget-wrap elementor-element-populated\">\n\t\t\t\t\t\t<div class=\"elementor-element elementor-element-3f74964 elementor-widget elementor-widget-image\" data-id=\"3f74964\" data-element_type=\"widget\" data-e-type=\"widget\" data-widget_type=\"image.default\">\n\t\t\t\t<div class=\"elementor-widget-container\">\n\t\t\t\t\t\t\t\t\t\t\t\t\t\t\t<img decoding=\"async\" width=\"433\" height=\"433\" src=\"https:\/\/musee.oceano.org\/wp-content\/uploads\/sites\/2\/2019\/12\/tortuga-bolsa-plastico-696x392-433x433.jpg\" class=\"attachment-img-bloc-three-content size-img-bloc-three-content wp-image-13291\" alt=\"\" srcset=\"https:\/\/musee.oceano.org\/wp-content\/uploads\/sites\/2\/2019\/12\/tortuga-bolsa-plastico-696x392-433x433.jpg 433w, https:\/\/musee.oceano.org\/wp-content\/uploads\/sites\/2\/2019\/12\/tortuga-bolsa-plastico-696x392-150x150.jpg 150w, https:\/\/musee.oceano.org\/wp-content\/uploads\/sites\/2\/2019\/12\/tortuga-bolsa-plastico-696x392-334x334.jpg 334w\" sizes=\"(max-width: 433px) 100vw, 433px\" \/>\t\t\t\t\t\t\t\t\t\t\t\t\t\t\t<\/div>\n\t\t\t\t<\/div>\n\t\t\t\t\t<\/div>\n\t\t<\/div>\n\t\t\t\t<div class=\"elementor-column elementor-col-33 elementor-top-column elementor-element elementor-element-e5d6578\" data-id=\"e5d6578\" data-element_type=\"column\" data-e-type=\"column\">\n\t\t\t<div class=\"elementor-widget-wrap elementor-element-populated\">\n\t\t\t\t\t\t<div class=\"elementor-element elementor-element-441a219 elementor-widget elementor-widget-image\" data-id=\"441a219\" data-element_type=\"widget\" data-e-type=\"widget\" data-widget_type=\"image.default\">\n\t\t\t\t<div class=\"elementor-widget-container\">\n\t\t\t\t\t\t\t\t\t\t\t\t\t\t\t<img loading=\"lazy\" decoding=\"async\" width=\"433\" height=\"433\" src=\"https:\/\/musee.oceano.org\/wp-content\/uploads\/sites\/2\/2019\/12\/2-Ocean-plastique-Coffee-FR-433x433.jpg\" class=\"attachment-img-bloc-three-content size-img-bloc-three-content wp-image-13244\" alt=\"\" srcset=\"https:\/\/musee.oceano.org\/wp-content\/uploads\/sites\/2\/2019\/12\/2-Ocean-plastique-Coffee-FR-433x433.jpg 433w, https:\/\/musee.oceano.org\/wp-content\/uploads\/sites\/2\/2019\/12\/2-Ocean-plastique-Coffee-FR-150x150.jpg 150w, https:\/\/musee.oceano.org\/wp-content\/uploads\/sites\/2\/2019\/12\/2-Ocean-plastique-Coffee-FR-300x300.jpg 300w, https:\/\/musee.oceano.org\/wp-content\/uploads\/sites\/2\/2019\/12\/2-Ocean-plastique-Coffee-FR-768x768.jpg 768w, https:\/\/musee.oceano.org\/wp-content\/uploads\/sites\/2\/2019\/12\/2-Ocean-plastique-Coffee-FR-1024x1024.jpg 1024w, https:\/\/musee.oceano.org\/wp-content\/uploads\/sites\/2\/2019\/12\/2-Ocean-plastique-Coffee-FR-334x334.jpg 334w, https:\/\/musee.oceano.org\/wp-content\/uploads\/sites\/2\/2019\/12\/2-Ocean-plastique-Coffee-FR.jpg 1200w\" sizes=\"(max-width: 433px) 100vw, 433px\" \/>\t\t\t\t\t\t\t\t\t\t\t\t\t\t\t<\/div>\n\t\t\t\t<\/div>\n\t\t\t\t\t<\/div>\n\t\t<\/div>\n\t\t\t\t\t<\/div>\n\t\t<\/section>\n\t\t\t\t<section class=\"elementor-section elementor-top-section elementor-element elementor-element-ed3b5dc elementor-section-boxed elementor-section-height-default elementor-section-height-default\" data-id=\"ed3b5dc\" data-element_type=\"section\" data-e-type=\"section\">\n\t\t\t\t\t\t<div class=\"elementor-container elementor-column-gap-default\">\n\t\t\t\t\t<div class=\"elementor-column elementor-col-100 elementor-top-column elementor-element elementor-element-01b0a47\" data-id=\"01b0a47\" data-element_type=\"column\" data-e-type=\"column\">\n\t\t\t<div class=\"elementor-widget-wrap elementor-element-populated\">\n\t\t\t\t\t\t<div class=\"elementor-element elementor-element-45e74eb elementor-widget elementor-widget-spacer\" data-id=\"45e74eb\" data-element_type=\"widget\" data-e-type=\"widget\" data-widget_type=\"spacer.default\">\n\t\t\t\t<div class=\"elementor-widget-container\">\n\t\t\t\t\t\t\t<div class=\"elementor-spacer\">\n\t\t\t<div class=\"elementor-spacer-inner\"><\/div>\n\t\t<\/div>\n\t\t\t\t\t\t<\/div>\n\t\t\t\t<\/div>\n\t\t\t\t\t<\/div>\n\t\t<\/div>\n\t\t\t\t\t<\/div>\n\t\t<\/section>\n\t\t\t\t<section class=\"elementor-section elementor-top-section elementor-element elementor-element-4814ad55 elementor-section-boxed elementor-section-height-default elementor-section-height-default\" data-id=\"4814ad55\" data-element_type=\"section\" data-e-type=\"section\" data-settings=\"{&quot;background_background&quot;:&quot;classic&quot;}\">\n\t\t\t\t\t\t<div class=\"elementor-container elementor-column-gap-default\">\n\t\t\t\t\t<div class=\"elementor-column elementor-col-100 elementor-top-column elementor-element elementor-element-2c94237a\" data-id=\"2c94237a\" data-element_type=\"column\" data-e-type=\"column\">\n\t\t\t<div class=\"elementor-widget-wrap elementor-element-populated\">\n\t\t\t\t\t\t<section class=\"elementor-section elementor-inner-section elementor-element elementor-element-363de138 elementor-section-boxed elementor-section-height-default elementor-section-height-default\" data-id=\"363de138\" data-element_type=\"section\" data-e-type=\"section\" data-settings=\"{&quot;background_background&quot;:&quot;classic&quot;}\">\n\t\t\t\t\t\t<div class=\"elementor-container elementor-column-gap-default\">\n\t\t\t\t\t<div class=\"elementor-column elementor-col-50 elementor-inner-column elementor-element elementor-element-497f5e88\" data-id=\"497f5e88\" data-element_type=\"column\" data-e-type=\"column\">\n\t\t\t<div class=\"elementor-widget-wrap elementor-element-populated\">\n\t\t\t\t\t\t<div class=\"elementor-element elementor-element-d4c3f08 elementor-widget elementor-widget-image\" data-id=\"d4c3f08\" data-element_type=\"widget\" data-e-type=\"widget\" data-widget_type=\"image.default\">\n\t\t\t\t<div class=\"elementor-widget-container\">\n\t\t\t\t\t\t\t\t\t\t\t\t\t\t\t<img decoding=\"async\" src=\"https:\/\/musee.oceano.org\/wp-content\/uploads\/sites\/2\/2019\/12\/2019-11-16-Journ\u00e9e-europ\u00e9enne-r\u00e9duction-des-d\u00e9chets-gliss\u00e9es-6.pdf\" title=\"\" alt=\"\" loading=\"lazy\" \/>\t\t\t\t\t\t\t\t\t\t\t\t\t\t\t<\/div>\n\t\t\t\t<\/div>\n\t\t\t\t<div class=\"elementor-element elementor-element-4cdb5474 elementor-zoom elementor-widget elementor-widget-image\" data-id=\"4cdb5474\" data-element_type=\"widget\" data-e-type=\"widget\" data-widget_type=\"image.default\">\n\t\t\t\t<div class=\"elementor-widget-container\">\n\t\t\t\t\t\t\t\t\t\t\t\t\t\t\t\t<a href=\"http:\/\/www.semeursdespoir-monaco.com\/\">\n\t\t\t\t\t\t\t<img loading=\"lazy\" decoding=\"async\" width=\"433\" height=\"433\" src=\"https:\/\/musee.oceano.org\/wp-content\/uploads\/sites\/2\/2020\/11\/semeurs-espoir-433x433.png\" class=\"attachment-img-bloc-three-content size-img-bloc-three-content wp-image-19702\" alt=\"\" srcset=\"https:\/\/musee.oceano.org\/wp-content\/uploads\/sites\/2\/2020\/11\/semeurs-espoir-433x433.png 433w, https:\/\/musee.oceano.org\/wp-content\/uploads\/sites\/2\/2020\/11\/semeurs-espoir-150x150.png 150w, https:\/\/musee.oceano.org\/wp-content\/uploads\/sites\/2\/2020\/11\/semeurs-espoir-334x334.png 334w\" sizes=\"(max-width: 433px) 100vw, 433px\" \/>\t\t\t\t\t\t\t\t<\/a>\n\t\t\t\t\t\t\t\t\t\t\t\t\t\t\t<\/div>\n\t\t\t\t<\/div>\n\t\t\t\t\t<\/div>\n\t\t<\/div>\n\t\t\t\t<div class=\"elementor-column elementor-col-50 elementor-inner-column elementor-element elementor-element-eae1938\" data-id=\"eae1938\" data-element_type=\"column\" data-e-type=\"column\">\n\t\t\t<div class=\"elementor-widget-wrap elementor-element-populated\">\n\t\t\t\t\t\t<div class=\"elementor-element elementor-element-75d12c80 elementor-widget elementor-widget-heading\" data-id=\"75d12c80\" data-element_type=\"widget\" data-e-type=\"widget\" data-widget_type=\"heading.default\">\n\t\t\t\t<div class=\"elementor-widget-container\">\n\t\t\t\t\t<h2 class=\"elementor-heading-title elementor-size-default\">Solidarity with the disaster victims in the Vall\u00e9e de la Roya<\/h2>\t\t\t\t<\/div>\n\t\t\t\t<\/div>\n\t\t\t\t<div class=\"elementor-element elementor-element-5044f288 elementor-widget elementor-widget-text-editor\" data-id=\"5044f288\" data-element_type=\"widget\" data-e-type=\"widget\" data-widget_type=\"text-editor.default\">\n\t\t\t\t<div class=\"elementor-widget-container\">\n\t\t\t\t\t\t\t\t\t<div title=\"Page 1\">\n<div>\n<div>\n<p>On Tuesday 24 and Wednesday 25 November, in collaboration with our partner CFM Indosuez Wealth Management, we are organising a collection for the association &#8220;Semeurs d&#8217;espoir&#8221; (Sowers of Hope) in favour of the victims of the Roya Valley. Goals: don&#8217;t throw away, donate and reuse<\/p>\n<\/div>\n<\/div>\n<\/div>\n\t\t\t\t\t\t\t\t<\/div>\n\t\t\t\t<\/div>\n\t\t\t\t\t<\/div>\n\t\t<\/div>\n\t\t\t\t\t<\/div>\n\t\t<\/section>\n\t\t\t\t\t<\/div>\n\t\t<\/div>\n\t\t\t\t\t<\/div>\n\t\t<\/section>\n\t\t\t\t<section class=\"elementor-section elementor-top-section elementor-element elementor-element-2dcb85f elementor-section-boxed elementor-section-height-default elementor-section-height-default\" data-id=\"2dcb85f\" data-element_type=\"section\" data-e-type=\"section\">\n\t\t\t\t\t\t<div class=\"elementor-container elementor-column-gap-default\">\n\t\t\t\t\t<div class=\"elementor-column elementor-col-100 elementor-top-column elementor-element elementor-element-d5ec759\" data-id=\"d5ec759\" data-element_type=\"column\" data-e-type=\"column\">\n\t\t\t<div class=\"elementor-widget-wrap elementor-element-populated\">\n\t\t\t\t\t\t<div class=\"elementor-element elementor-element-a9c3e36 elementor-widget elementor-widget-spacer\" data-id=\"a9c3e36\" data-element_type=\"widget\" data-e-type=\"widget\" data-widget_type=\"spacer.default\">\n\t\t\t\t<div class=\"elementor-widget-container\">\n\t\t\t\t\t\t\t<div class=\"elementor-spacer\">\n\t\t\t<div class=\"elementor-spacer-inner\"><\/div>\n\t\t<\/div>\n\t\t\t\t\t\t<\/div>\n\t\t\t\t<\/div>\n\t\t\t\t\t<\/div>\n\t\t<\/div>\n\t\t\t\t\t<\/div>\n\t\t<\/section>\n\t\t\t\t<section class=\"elementor-section elementor-top-section elementor-element elementor-element-12c31c4 elementor-section-boxed elementor-section-height-default elementor-section-height-default\" data-id=\"12c31c4\" data-element_type=\"section\" data-e-type=\"section\">\n\t\t\t\t\t\t<div class=\"elementor-container elementor-column-gap-default\">\n\t\t\t\t\t<div class=\"elementor-column elementor-col-33 elementor-top-column elementor-element elementor-element-51ee1c8\" data-id=\"51ee1c8\" data-element_type=\"column\" data-e-type=\"column\">\n\t\t\t<div class=\"elementor-widget-wrap elementor-element-populated\">\n\t\t\t\t\t\t<div class=\"elementor-element elementor-element-b5f0e9e elementor-widget elementor-widget-image\" data-id=\"b5f0e9e\" data-element_type=\"widget\" data-e-type=\"widget\" data-widget_type=\"image.default\">\n\t\t\t\t<div class=\"elementor-widget-container\">\n\t\t\t\t\t\t\t\t\t\t\t\t\t\t\t<img loading=\"lazy\" decoding=\"async\" width=\"1024\" height=\"1024\" src=\"https:\/\/musee.oceano.org\/wp-content\/uploads\/sites\/2\/2019\/11\/5-Ocean-plastique-Straws-FR-1024x1024.jpg\" class=\"attachment-large size-large wp-image-12744\" alt=\"\" srcset=\"https:\/\/musee.oceano.org\/wp-content\/uploads\/sites\/2\/2019\/11\/5-Ocean-plastique-Straws-FR-1024x1024.jpg 1024w, https:\/\/musee.oceano.org\/wp-content\/uploads\/sites\/2\/2019\/11\/5-Ocean-plastique-Straws-FR-150x150.jpg 150w, https:\/\/musee.oceano.org\/wp-content\/uploads\/sites\/2\/2019\/11\/5-Ocean-plastique-Straws-FR-300x300.jpg 300w, https:\/\/musee.oceano.org\/wp-content\/uploads\/sites\/2\/2019\/11\/5-Ocean-plastique-Straws-FR-768x768.jpg 768w, https:\/\/musee.oceano.org\/wp-content\/uploads\/sites\/2\/2019\/11\/5-Ocean-plastique-Straws-FR-433x433.jpg 433w, https:\/\/musee.oceano.org\/wp-content\/uploads\/sites\/2\/2019\/11\/5-Ocean-plastique-Straws-FR-334x334.jpg 334w, https:\/\/musee.oceano.org\/wp-content\/uploads\/sites\/2\/2019\/11\/5-Ocean-plastique-Straws-FR.jpg 1200w\" sizes=\"(max-width: 1024px) 100vw, 1024px\" \/>\t\t\t\t\t\t\t\t\t\t\t\t\t\t\t<\/div>\n\t\t\t\t<\/div>\n\t\t\t\t\t<\/div>\n\t\t<\/div>\n\t\t\t\t<div class=\"elementor-column elementor-col-33 elementor-top-column elementor-element elementor-element-b879b93\" data-id=\"b879b93\" data-element_type=\"column\" data-e-type=\"column\">\n\t\t\t<div class=\"elementor-widget-wrap elementor-element-populated\">\n\t\t\t\t\t\t<div class=\"elementor-element elementor-element-355656b elementor-widget elementor-widget-image\" data-id=\"355656b\" data-element_type=\"widget\" data-e-type=\"widget\" data-widget_type=\"image.default\">\n\t\t\t\t<div class=\"elementor-widget-container\">\n\t\t\t\t\t\t\t\t\t\t\t\t\t\t\t<img loading=\"lazy\" decoding=\"async\" width=\"1024\" height=\"1024\" src=\"https:\/\/musee.oceano.org\/wp-content\/uploads\/sites\/2\/2019\/12\/1-Ocean-plastique-Sucette-FR-1024x1024.jpg\" class=\"attachment-large size-large wp-image-13240\" alt=\"\" srcset=\"https:\/\/musee.oceano.org\/wp-content\/uploads\/sites\/2\/2019\/12\/1-Ocean-plastique-Sucette-FR-1024x1024.jpg 1024w, https:\/\/musee.oceano.org\/wp-content\/uploads\/sites\/2\/2019\/12\/1-Ocean-plastique-Sucette-FR-150x150.jpg 150w, https:\/\/musee.oceano.org\/wp-content\/uploads\/sites\/2\/2019\/12\/1-Ocean-plastique-Sucette-FR-300x300.jpg 300w, https:\/\/musee.oceano.org\/wp-content\/uploads\/sites\/2\/2019\/12\/1-Ocean-plastique-Sucette-FR-768x768.jpg 768w, https:\/\/musee.oceano.org\/wp-content\/uploads\/sites\/2\/2019\/12\/1-Ocean-plastique-Sucette-FR-433x433.jpg 433w, https:\/\/musee.oceano.org\/wp-content\/uploads\/sites\/2\/2019\/12\/1-Ocean-plastique-Sucette-FR-334x334.jpg 334w, https:\/\/musee.oceano.org\/wp-content\/uploads\/sites\/2\/2019\/12\/1-Ocean-plastique-Sucette-FR.jpg 1200w\" sizes=\"(max-width: 1024px) 100vw, 1024px\" \/>\t\t\t\t\t\t\t\t\t\t\t\t\t\t\t<\/div>\n\t\t\t\t<\/div>\n\t\t\t\t\t<\/div>\n\t\t<\/div>\n\t\t\t\t<div class=\"elementor-column elementor-col-33 elementor-top-column elementor-element elementor-element-6c80ab8\" data-id=\"6c80ab8\" data-element_type=\"column\" data-e-type=\"column\">\n\t\t\t<div class=\"elementor-widget-wrap elementor-element-populated\">\n\t\t\t\t\t\t<div class=\"elementor-element elementor-element-c2908c6 elementor-widget elementor-widget-image\" data-id=\"c2908c6\" data-element_type=\"widget\" data-e-type=\"widget\" data-widget_type=\"image.default\">\n\t\t\t\t<div class=\"elementor-widget-container\">\n\t\t\t\t\t\t\t\t\t\t\t\t\t\t\t<img loading=\"lazy\" decoding=\"async\" width=\"1024\" height=\"1024\" src=\"https:\/\/musee.oceano.org\/wp-content\/uploads\/sites\/2\/2019\/12\/4-Ocean-plastique-Assiette-FR-1024x1024.jpg\" class=\"attachment-large size-large wp-image-13252\" alt=\"\" srcset=\"https:\/\/musee.oceano.org\/wp-content\/uploads\/sites\/2\/2019\/12\/4-Ocean-plastique-Assiette-FR-1024x1024.jpg 1024w, https:\/\/musee.oceano.org\/wp-content\/uploads\/sites\/2\/2019\/12\/4-Ocean-plastique-Assiette-FR-150x150.jpg 150w, https:\/\/musee.oceano.org\/wp-content\/uploads\/sites\/2\/2019\/12\/4-Ocean-plastique-Assiette-FR-300x300.jpg 300w, https:\/\/musee.oceano.org\/wp-content\/uploads\/sites\/2\/2019\/12\/4-Ocean-plastique-Assiette-FR-768x768.jpg 768w, https:\/\/musee.oceano.org\/wp-content\/uploads\/sites\/2\/2019\/12\/4-Ocean-plastique-Assiette-FR-433x433.jpg 433w, https:\/\/musee.oceano.org\/wp-content\/uploads\/sites\/2\/2019\/12\/4-Ocean-plastique-Assiette-FR-334x334.jpg 334w, https:\/\/musee.oceano.org\/wp-content\/uploads\/sites\/2\/2019\/12\/4-Ocean-plastique-Assiette-FR.jpg 1200w\" sizes=\"(max-width: 1024px) 100vw, 1024px\" \/>\t\t\t\t\t\t\t\t\t\t\t\t\t\t\t<\/div>\n\t\t\t\t<\/div>\n\t\t\t\t\t<\/div>\n\t\t<\/div>\n\t\t\t\t\t<\/div>\n\t\t<\/section>\n\t\t\t\t<section class=\"elementor-section elementor-top-section elementor-element elementor-element-5d2d94a elementor-section-boxed elementor-section-height-default elementor-section-height-default\" data-id=\"5d2d94a\" data-element_type=\"section\" data-e-type=\"section\">\n\t\t\t\t\t\t<div class=\"elementor-container elementor-column-gap-default\">\n\t\t\t\t\t<div class=\"elementor-column elementor-col-100 elementor-top-column elementor-element elementor-element-de28260\" data-id=\"de28260\" data-element_type=\"column\" data-e-type=\"column\">\n\t\t\t<div class=\"elementor-widget-wrap elementor-element-populated\">\n\t\t\t\t\t\t<div class=\"elementor-element elementor-element-74a94a7 elementor-widget elementor-widget-spacer\" data-id=\"74a94a7\" data-element_type=\"widget\" data-e-type=\"widget\" data-widget_type=\"spacer.default\">\n\t\t\t\t<div class=\"elementor-widget-container\">\n\t\t\t\t\t\t\t<div class=\"elementor-spacer\">\n\t\t\t<div class=\"elementor-spacer-inner\"><\/div>\n\t\t<\/div>\n\t\t\t\t\t\t<\/div>\n\t\t\t\t<\/div>\n\t\t\t\t\t<\/div>\n\t\t<\/div>\n\t\t\t\t\t<\/div>\n\t\t<\/section>\n\t\t\t\t<section class=\"elementor-section elementor-top-section elementor-element elementor-element-964788e elementor-section-boxed elementor-section-height-default elementor-section-height-default\" data-id=\"964788e\" data-element_type=\"section\" data-e-type=\"section\" data-settings=\"{&quot;background_background&quot;:&quot;classic&quot;}\">\n\t\t\t\t\t\t<div class=\"elementor-container elementor-column-gap-default\">\n\t\t\t\t\t<div class=\"elementor-column elementor-col-100 elementor-top-column elementor-element elementor-element-5f1e279\" data-id=\"5f1e279\" data-element_type=\"column\" data-e-type=\"column\">\n\t\t\t<div class=\"elementor-widget-wrap elementor-element-populated\">\n\t\t\t\t\t\t<section class=\"elementor-section elementor-inner-section elementor-element elementor-element-5162a52 elementor-section-boxed elementor-section-height-default elementor-section-height-default\" data-id=\"5162a52\" data-element_type=\"section\" data-e-type=\"section\" data-settings=\"{&quot;background_background&quot;:&quot;classic&quot;}\">\n\t\t\t\t\t\t<div class=\"elementor-container elementor-column-gap-default\">\n\t\t\t\t\t<div class=\"elementor-column elementor-col-50 elementor-inner-column elementor-element elementor-element-c4242da\" data-id=\"c4242da\" data-element_type=\"column\" data-e-type=\"column\">\n\t\t\t<div class=\"elementor-widget-wrap elementor-element-populated\">\n\t\t\t\t\t\t<div class=\"elementor-element elementor-element-1c232a2 elementor-widget elementor-widget-image\" data-id=\"1c232a2\" data-element_type=\"widget\" data-e-type=\"widget\" data-widget_type=\"image.default\">\n\t\t\t\t<div class=\"elementor-widget-container\">\n\t\t\t\t\t\t\t\t\t\t\t\t\t\t\t<img decoding=\"async\" src=\"https:\/\/musee.oceano.org\/wp-content\/uploads\/sites\/2\/2019\/12\/2019-11-16-Journ\u00e9e-europ\u00e9enne-r\u00e9duction-des-d\u00e9chets-gliss\u00e9es-13-1.pdf\" title=\"\" alt=\"\" loading=\"lazy\" \/>\t\t\t\t\t\t\t\t\t\t\t\t\t\t\t<\/div>\n\t\t\t\t<\/div>\n\t\t\t\t<div class=\"elementor-element elementor-element-f07e871 elementor-zoom elementor-widget elementor-widget-image\" data-id=\"f07e871\" data-element_type=\"widget\" data-e-type=\"widget\" data-widget_type=\"image.default\">\n\t\t\t\t<div class=\"elementor-widget-container\">\n\t\t\t\t\t\t\t\t\t\t\t\t\t\t\t<img loading=\"lazy\" decoding=\"async\" width=\"768\" height=\"512\" src=\"https:\/\/musee.oceano.org\/wp-content\/uploads\/sites\/2\/2020\/11\/05_Eclairage-facade-Nord_M_Dagnino-768x512.jpg\" class=\"attachment-medium_large size-medium_large wp-image-19706\" alt=\"Mus\u00e9e ocenaographique et la semaine europ\u00e9enne de r\u00e9duction des d\u00e9chets\" srcset=\"https:\/\/musee.oceano.org\/wp-content\/uploads\/sites\/2\/2020\/11\/05_Eclairage-facade-Nord_M_Dagnino-768x512.jpg 768w, https:\/\/musee.oceano.org\/wp-content\/uploads\/sites\/2\/2020\/11\/05_Eclairage-facade-Nord_M_Dagnino-300x200.jpg 300w, https:\/\/musee.oceano.org\/wp-content\/uploads\/sites\/2\/2020\/11\/05_Eclairage-facade-Nord_M_Dagnino-1024x683.jpg 1024w, https:\/\/musee.oceano.org\/wp-content\/uploads\/sites\/2\/2020\/11\/05_Eclairage-facade-Nord_M_Dagnino.jpg 1500w\" sizes=\"(max-width: 768px) 100vw, 768px\" \/>\t\t\t\t\t\t\t\t\t\t\t\t\t\t\t<\/div>\n\t\t\t\t<\/div>\n\t\t\t\t\t<\/div>\n\t\t<\/div>\n\t\t\t\t<div class=\"elementor-column elementor-col-50 elementor-inner-column elementor-element elementor-element-00f9daf\" data-id=\"00f9daf\" data-element_type=\"column\" data-e-type=\"column\">\n\t\t\t<div class=\"elementor-widget-wrap elementor-element-populated\">\n\t\t\t\t\t\t<div class=\"elementor-element elementor-element-82311f2 elementor-widget elementor-widget-heading\" data-id=\"82311f2\" data-element_type=\"widget\" data-e-type=\"widget\" data-widget_type=\"heading.default\">\n\t\t\t\t<div class=\"elementor-widget-container\">\n\t\t\t\t\t<h2 class=\"elementor-heading-title elementor-size-default\">To end on a high note<\/h2>\t\t\t\t<\/div>\n\t\t\t\t<\/div>\n\t\t\t\t<div class=\"elementor-element elementor-element-fc41a7d elementor-widget elementor-widget-text-editor\" data-id=\"fc41a7d\" data-element_type=\"widget\" data-e-type=\"widget\" data-widget_type=\"text-editor.default\">\n\t\t\t\t<div class=\"elementor-widget-container\">\n\t\t\t\t\t\t\t\t\t<p>On Thursday 26th November, the SMA (Soci\u00e9t\u00e9 mon\u00e9gasque d&#8217;assainissement) will be holding a workshop to<span style=\"letter-spacing: 0.16px;\">raise awareness of sorting<\/span><span style=\"letter-spacing: 0.16px;\"> <\/span>for<span style=\"letter-spacing: 0.16px;\">the staff of the Oceanographic Museum and CFM Indosuez Wealth Management. <\/span> <\/p>\n<p><span style=\"letter-spacing: 0.16px;\">And to close the Oceanographic Museum&#8217;s participation in this special week, the building will be illuminated all night long from <\/span><span style=\"letter-spacing: 0.16px;\">Friday 27 November<\/span><span style=\"letter-spacing: 0.16px;\"> to Saturday 28 <\/span><span style=\"letter-spacing: 0.16px;\">in the EWWR colours, green.<\/span><\/p>\n\t\t\t\t\t\t\t\t<\/div>\n\t\t\t\t<\/div>\n\t\t\t\t\t<\/div>\n\t\t<\/div>\n\t\t\t\t\t<\/div>\n\t\t<\/section>\n\t\t\t\t\t<\/div>\n\t\t<\/div>\n\t\t\t\t\t<\/div>\n\t\t<\/section>\n\t\t\t\t<section class=\"elementor-section elementor-top-section elementor-element elementor-element-62ad906 elementor-section-boxed elementor-section-height-default elementor-section-height-default\" data-id=\"62ad906\" data-element_type=\"section\" data-e-type=\"section\">\n\t\t\t\t\t\t<div class=\"elementor-container elementor-column-gap-default\">\n\t\t\t\t\t<div class=\"elementor-column elementor-col-50 elementor-top-column elementor-element elementor-element-b85a1fb\" data-id=\"b85a1fb\" data-element_type=\"column\" data-e-type=\"column\">\n\t\t\t<div class=\"elementor-widget-wrap elementor-element-populated\">\n\t\t\t\t\t\t<div class=\"elementor-element elementor-element-b4b52e1 elementor-widget elementor-widget-image\" data-id=\"b4b52e1\" data-element_type=\"widget\" data-e-type=\"widget\" data-widget_type=\"image.default\">\n\t\t\t\t<div class=\"elementor-widget-container\">\n\t\t\t\t\t\t\t\t\t\t\t\t\t\t\t<img loading=\"lazy\" decoding=\"async\" width=\"433\" height=\"433\" src=\"https:\/\/musee.oceano.org\/wp-content\/uploads\/sites\/2\/2019\/08\/38_Objets-boutique_20190704_M_Dagnino-433x433.jpg\" class=\"attachment-img-bloc-three-content size-img-bloc-three-content wp-image-9794\" alt=\"\" srcset=\"https:\/\/musee.oceano.org\/wp-content\/uploads\/sites\/2\/2019\/08\/38_Objets-boutique_20190704_M_Dagnino-433x433.jpg 433w, https:\/\/musee.oceano.org\/wp-content\/uploads\/sites\/2\/2019\/08\/38_Objets-boutique_20190704_M_Dagnino-150x150.jpg 150w, https:\/\/musee.oceano.org\/wp-content\/uploads\/sites\/2\/2019\/08\/38_Objets-boutique_20190704_M_Dagnino-334x334.jpg 334w\" sizes=\"(max-width: 433px) 100vw, 433px\" \/>\t\t\t\t\t\t\t\t\t\t\t\t\t\t\t<\/div>\n\t\t\t\t<\/div>\n\t\t\t\t\t<\/div>\n\t\t<\/div>\n\t\t\t\t<div class=\"elementor-column elementor-col-50 elementor-top-column elementor-element elementor-element-fad7e1f\" data-id=\"fad7e1f\" data-element_type=\"column\" data-e-type=\"column\">\n\t\t\t<div class=\"elementor-widget-wrap elementor-element-populated\">\n\t\t\t\t\t\t<div class=\"elementor-element elementor-element-68b0d79 elementor-widget elementor-widget-image\" data-id=\"68b0d79\" data-element_type=\"widget\" data-e-type=\"widget\" data-widget_type=\"image.default\">\n\t\t\t\t<div class=\"elementor-widget-container\">\n\t\t\t\t\t\t\t\t\t\t\t\t\t\t\t<img loading=\"lazy\" decoding=\"async\" width=\"433\" height=\"433\" src=\"https:\/\/musee.oceano.org\/wp-content\/uploads\/sites\/2\/2019\/12\/Ocean-plastique-Bouteille-433x433.jpg\" class=\"attachment-img-bloc-three-content size-img-bloc-three-content wp-image-13256\" alt=\"\" srcset=\"https:\/\/musee.oceano.org\/wp-content\/uploads\/sites\/2\/2019\/12\/Ocean-plastique-Bouteille-433x433.jpg 433w, https:\/\/musee.oceano.org\/wp-content\/uploads\/sites\/2\/2019\/12\/Ocean-plastique-Bouteille-150x150.jpg 150w, https:\/\/musee.oceano.org\/wp-content\/uploads\/sites\/2\/2019\/12\/Ocean-plastique-Bouteille-300x300.jpg 300w, https:\/\/musee.oceano.org\/wp-content\/uploads\/sites\/2\/2019\/12\/Ocean-plastique-Bouteille-768x768.jpg 768w, https:\/\/musee.oceano.org\/wp-content\/uploads\/sites\/2\/2019\/12\/Ocean-plastique-Bouteille-1024x1024.jpg 1024w, https:\/\/musee.oceano.org\/wp-content\/uploads\/sites\/2\/2019\/12\/Ocean-plastique-Bouteille-334x334.jpg 334w\" sizes=\"(max-width: 433px) 100vw, 433px\" \/>\t\t\t\t\t\t\t\t\t\t\t\t\t\t\t<\/div>\n\t\t\t\t<\/div>\n\t\t\t\t\t<\/div>\n\t\t<\/div>\n\t\t\t\t\t<\/div>\n\t\t<\/section>\n\t\t\t\t<section class=\"elementor-section elementor-top-section elementor-element elementor-element-9f9e1c1 elementor-section-boxed elementor-section-height-default elementor-section-height-default\" data-id=\"9f9e1c1\" data-element_type=\"section\" data-e-type=\"section\">\n\t\t\t\t\t\t<div class=\"elementor-container elementor-column-gap-default\">\n\t\t\t\t\t<div class=\"elementor-column elementor-col-100 elementor-top-column elementor-element elementor-element-f1b8365\" data-id=\"f1b8365\" data-element_type=\"column\" data-e-type=\"column\">\n\t\t\t<div class=\"elementor-widget-wrap elementor-element-populated\">\n\t\t\t\t\t\t<div class=\"elementor-element elementor-element-feaebd0 elementor-widget elementor-widget-spacer\" data-id=\"feaebd0\" data-element_type=\"widget\" data-e-type=\"widget\" data-widget_type=\"spacer.default\">\n\t\t\t\t<div class=\"elementor-widget-container\">\n\t\t\t\t\t\t\t<div class=\"elementor-spacer\">\n\t\t\t<div class=\"elementor-spacer-inner\"><\/div>\n\t\t<\/div>\n\t\t\t\t\t\t<\/div>\n\t\t\t\t<\/div>\n\t\t\t\t\t<\/div>\n\t\t<\/div>\n\t\t\t\t\t<\/div>\n\t\t<\/section>\n\t\t\t\t<\/div>\n\t\t","protected":false},"excerpt":{"rendered":"<p>European Week for Waste Reduction Week visitors to the Museum made their own contribution the commitment of the Principality of Monaco From 23 to 27 November 2020, the Oceanographic Museum will take part in the European Week for Waste Reduction (EWWR). The event aims to promote, during the same week, awareness-raising actions on sustainable resource [&hellip;]<\/p>\n","protected":false},"author":2,"featured_media":19713,"parent":0,"menu_order":346,"comment_status":"closed","ping_status":"closed","template":"","meta":{"_acf_changed":false,"footnotes":""},"class_list":["post-19694","page","type-page","status-publish","has-post-thumbnail","hentry"],"acf":[],"yoast_head":"<!-- This site is optimized with the Yoast SEO plugin v27.2 - https:\/\/yoast.com\/product\/yoast-seo-wordpress\/ -->\n<title>European Week for Waste Reduction Week - Mus\u00e9e Oc\u00e9anographique de Monaco<\/title>\n<meta name=\"description\" content=\"A look back at the actions carried out during this week of waste reduction where the museum had organized workshops to raise awareness among the youngest.\" \/>\n<meta name=\"robots\" content=\"index, follow, max-snippet:-1, max-image-preview:large, max-video-preview:-1\" \/>\n<link rel=\"canonical\" href=\"https:\/\/musee.oceano.org\/en\/european-week-for-waste-reduction-2020\/\" \/>\n<meta property=\"og:locale\" content=\"en_US\" \/>\n<meta property=\"og:type\" content=\"article\" \/>\n<meta property=\"og:title\" content=\"European Week for Waste Reduction Week - Mus\u00e9e Oc\u00e9anographique de Monaco\" \/>\n<meta property=\"og:description\" content=\"A look back at the actions carried out during this week of waste reduction where the museum had organized workshops to raise awareness among the youngest.\" \/>\n<meta property=\"og:url\" content=\"https:\/\/musee.oceano.org\/en\/european-week-for-waste-reduction-2020\/\" \/>\n<meta property=\"og:site_name\" content=\"Mus\u00e9e Oc\u00e9anographique de Monaco\" \/>\n<meta property=\"article:modified_time\" content=\"2021-07-12T14:39:15+00:00\" \/>\n<meta property=\"og:image\" content=\"https:\/\/musee.oceano.org\/wp-content\/uploads\/sites\/2\/2020\/11\/brian-yurasits-JMMUqHlw2c8-unsplash.jpg\" \/>\n\t<meta property=\"og:image:width\" content=\"1920\" \/>\n\t<meta property=\"og:image:height\" content=\"1280\" \/>\n\t<meta property=\"og:image:type\" content=\"image\/jpeg\" \/>\n<meta name=\"twitter:card\" content=\"summary_large_image\" \/>\n<meta name=\"twitter:label1\" content=\"Est. reading time\" \/>\n\t<meta name=\"twitter:data1\" content=\"5 minutes\" \/>\n<script type=\"application\/ld+json\" class=\"yoast-schema-graph\">{\"@context\":\"https:\/\/schema.org\",\"@graph\":[{\"@type\":\"WebPage\",\"@id\":\"https:\/\/musee.oceano.org\/en\/european-week-for-waste-reduction-2020\/\",\"url\":\"https:\/\/musee.oceano.org\/en\/european-week-for-waste-reduction-2020\/\",\"name\":\"European Week for Waste Reduction Week - Mus\u00e9e Oc\u00e9anographique de Monaco\",\"isPartOf\":{\"@id\":\"https:\/\/musee.oceano.org\/#website\"},\"primaryImageOfPage\":{\"@id\":\"https:\/\/musee.oceano.org\/en\/european-week-for-waste-reduction-2020\/#primaryimage\"},\"image\":{\"@id\":\"https:\/\/musee.oceano.org\/en\/european-week-for-waste-reduction-2020\/#primaryimage\"},\"thumbnailUrl\":\"https:\/\/musee.oceano.org\/wp-content\/uploads\/sites\/2\/2020\/11\/brian-yurasits-JMMUqHlw2c8-unsplash.jpg\",\"datePublished\":\"2021-06-23T14:12:41+00:00\",\"dateModified\":\"2021-07-12T14:39:15+00:00\",\"description\":\"A look back at the actions carried out during this week of waste reduction where the museum had organized workshops to raise awareness among the youngest.\",\"breadcrumb\":{\"@id\":\"https:\/\/musee.oceano.org\/en\/european-week-for-waste-reduction-2020\/#breadcrumb\"},\"inLanguage\":\"en-US\",\"potentialAction\":[{\"@type\":\"ReadAction\",\"target\":[\"https:\/\/musee.oceano.org\/en\/european-week-for-waste-reduction-2020\/\"]}]},{\"@type\":\"ImageObject\",\"inLanguage\":\"en-US\",\"@id\":\"https:\/\/musee.oceano.org\/en\/european-week-for-waste-reduction-2020\/#primaryimage\",\"url\":\"https:\/\/musee.oceano.org\/wp-content\/uploads\/sites\/2\/2020\/11\/brian-yurasits-JMMUqHlw2c8-unsplash.jpg\",\"contentUrl\":\"https:\/\/musee.oceano.org\/wp-content\/uploads\/sites\/2\/2020\/11\/brian-yurasits-JMMUqHlw2c8-unsplash.jpg\",\"width\":1920,\"height\":1280},{\"@type\":\"BreadcrumbList\",\"@id\":\"https:\/\/musee.oceano.org\/en\/european-week-for-waste-reduction-2020\/#breadcrumb\",\"itemListElement\":[{\"@type\":\"ListItem\",\"position\":1,\"name\":\"Home\",\"item\":\"https:\/\/musee.oceano.org\/en\/\"},{\"@type\":\"ListItem\",\"position\":2,\"name\":\"European Week for Waste Reduction Week\"}]},{\"@type\":\"WebSite\",\"@id\":\"https:\/\/musee.oceano.org\/#website\",\"url\":\"https:\/\/musee.oceano.org\/\",\"name\":\"Mus\u00e9e Oc\u00e9anographique de Monaco\",\"description\":\"Faire conna\u00eetre, aimer et prot\u00e9ger les oc\u00e9ans\",\"potentialAction\":[{\"@type\":\"SearchAction\",\"target\":{\"@type\":\"EntryPoint\",\"urlTemplate\":\"https:\/\/musee.oceano.org\/?s={search_term_string}\"},\"query-input\":{\"@type\":\"PropertyValueSpecification\",\"valueRequired\":true,\"valueName\":\"search_term_string\"}}],\"inLanguage\":\"en-US\"}]}<\/script>\n<!-- \/ Yoast SEO plugin. -->","yoast_head_json":{"title":"European Week for Waste Reduction Week - Mus\u00e9e Oc\u00e9anographique de Monaco","description":"A look back at the actions carried out during this week of waste reduction where the museum had organized workshops to raise awareness among the youngest.","robots":{"index":"index","follow":"follow","max-snippet":"max-snippet:-1","max-image-preview":"max-image-preview:large","max-video-preview":"max-video-preview:-1"},"canonical":"https:\/\/musee.oceano.org\/en\/european-week-for-waste-reduction-2020\/","og_locale":"en_US","og_type":"article","og_title":"European Week for Waste Reduction Week - Mus\u00e9e Oc\u00e9anographique de Monaco","og_description":"A look back at the actions carried out during this week of waste reduction where the museum had organized workshops to raise awareness among the youngest.","og_url":"https:\/\/musee.oceano.org\/en\/european-week-for-waste-reduction-2020\/","og_site_name":"Mus\u00e9e Oc\u00e9anographique de Monaco","article_modified_time":"2021-07-12T14:39:15+00:00","og_image":[{"width":1920,"height":1280,"url":"https:\/\/musee.oceano.org\/wp-content\/uploads\/sites\/2\/2020\/11\/brian-yurasits-JMMUqHlw2c8-unsplash.jpg","type":"image\/jpeg"}],"twitter_card":"summary_large_image","twitter_misc":{"Est. reading time":"5 minutes"},"schema":{"@context":"https:\/\/schema.org","@graph":[{"@type":"WebPage","@id":"https:\/\/musee.oceano.org\/en\/european-week-for-waste-reduction-2020\/","url":"https:\/\/musee.oceano.org\/en\/european-week-for-waste-reduction-2020\/","name":"European Week for Waste Reduction Week - Mus\u00e9e Oc\u00e9anographique de Monaco","isPartOf":{"@id":"https:\/\/musee.oceano.org\/#website"},"primaryImageOfPage":{"@id":"https:\/\/musee.oceano.org\/en\/european-week-for-waste-reduction-2020\/#primaryimage"},"image":{"@id":"https:\/\/musee.oceano.org\/en\/european-week-for-waste-reduction-2020\/#primaryimage"},"thumbnailUrl":"https:\/\/musee.oceano.org\/wp-content\/uploads\/sites\/2\/2020\/11\/brian-yurasits-JMMUqHlw2c8-unsplash.jpg","datePublished":"2021-06-23T14:12:41+00:00","dateModified":"2021-07-12T14:39:15+00:00","description":"A look back at the actions carried out during this week of waste reduction where the museum had organized workshops to raise awareness among the youngest.","breadcrumb":{"@id":"https:\/\/musee.oceano.org\/en\/european-week-for-waste-reduction-2020\/#breadcrumb"},"inLanguage":"en-US","potentialAction":[{"@type":"ReadAction","target":["https:\/\/musee.oceano.org\/en\/european-week-for-waste-reduction-2020\/"]}]},{"@type":"ImageObject","inLanguage":"en-US","@id":"https:\/\/musee.oceano.org\/en\/european-week-for-waste-reduction-2020\/#primaryimage","url":"https:\/\/musee.oceano.org\/wp-content\/uploads\/sites\/2\/2020\/11\/brian-yurasits-JMMUqHlw2c8-unsplash.jpg","contentUrl":"https:\/\/musee.oceano.org\/wp-content\/uploads\/sites\/2\/2020\/11\/brian-yurasits-JMMUqHlw2c8-unsplash.jpg","width":1920,"height":1280},{"@type":"BreadcrumbList","@id":"https:\/\/musee.oceano.org\/en\/european-week-for-waste-reduction-2020\/#breadcrumb","itemListElement":[{"@type":"ListItem","position":1,"name":"Home","item":"https:\/\/musee.oceano.org\/en\/"},{"@type":"ListItem","position":2,"name":"European Week for Waste Reduction Week"}]},{"@type":"WebSite","@id":"https:\/\/musee.oceano.org\/#website","url":"https:\/\/musee.oceano.org\/","name":"Mus\u00e9e Oc\u00e9anographique de Monaco","description":"Faire conna\u00eetre, aimer et prot\u00e9ger les oc\u00e9ans","potentialAction":[{"@type":"SearchAction","target":{"@type":"EntryPoint","urlTemplate":"https:\/\/musee.oceano.org\/?s={search_term_string}"},"query-input":{"@type":"PropertyValueSpecification","valueRequired":true,"valueName":"search_term_string"}}],"inLanguage":"en-US"}]}},"_links":{"self":[{"href":"https:\/\/musee.oceano.org\/en\/wp-json\/wp\/v2\/pages\/19694","targetHints":{"allow":["GET"]}}],"collection":[{"href":"https:\/\/musee.oceano.org\/en\/wp-json\/wp\/v2\/pages"}],"about":[{"href":"https:\/\/musee.oceano.org\/en\/wp-json\/wp\/v2\/types\/page"}],"author":[{"embeddable":true,"href":"https:\/\/musee.oceano.org\/en\/wp-json\/wp\/v2\/users\/2"}],"replies":[{"embeddable":true,"href":"https:\/\/musee.oceano.org\/en\/wp-json\/wp\/v2\/comments?post=19694"}],"version-history":[{"count":9,"href":"https:\/\/musee.oceano.org\/en\/wp-json\/wp\/v2\/pages\/19694\/revisions"}],"predecessor-version":[{"id":32210,"href":"https:\/\/musee.oceano.org\/en\/wp-json\/wp\/v2\/pages\/19694\/revisions\/32210"}],"wp:featuredmedia":[{"embeddable":true,"href":"https:\/\/musee.oceano.org\/en\/wp-json\/wp\/v2\/media\/19713"}],"wp:attachment":[{"href":"https:\/\/musee.oceano.org\/en\/wp-json\/wp\/v2\/media?parent=19694"}],"curies":[{"name":"wp","href":"https:\/\/api.w.org\/{rel}","templated":true}]}}