{"id":27369,"date":"2021-06-28T17:39:38","date_gmt":"2021-06-28T15:39:38","guid":{"rendered":"https:\/\/musee.oceano.org\/zonas-del-museo\/monaco-y-el-oceano\/"},"modified":"2025-05-05T10:31:48","modified_gmt":"2025-05-05T08:31:48","slug":"monaco-y-el-oceano","status":"publish","type":"page","link":"https:\/\/musee.oceano.org\/es\/zonas-del-museo\/monaco-y-el-oceano\/","title":{"rendered":"M\u00f3naco y el oc\u00e9ano"},"content":{"rendered":"\t\t<div data-elementor-type=\"wp-post\" data-elementor-id=\"27369\" class=\"elementor elementor-27369 elementor-3973\" data-elementor-post-type=\"page\">\n\t\t\t\t\t\t<section class=\"elementor-section elementor-top-section elementor-element elementor-element-6b3c1ab9 elementor-section-full_width elementor-section-height-default elementor-section-height-default\" data-id=\"6b3c1ab9\" data-element_type=\"section\" data-e-type=\"section\">\n\t\t\t\t\t\t<div class=\"elementor-container elementor-column-gap-no\">\n\t\t\t\t\t<div class=\"elementor-column elementor-col-100 elementor-top-column elementor-element elementor-element-3a42466e\" data-id=\"3a42466e\" data-element_type=\"column\" data-e-type=\"column\">\n\t\t\t<div class=\"elementor-widget-wrap elementor-element-populated\">\n\t\t\t\t\t\t<div class=\"elementor-element elementor-element-eca4c47 elementor--h-position-center elementor--v-position-middle elementor-widget elementor-widget-slides\" data-id=\"eca4c47\" data-element_type=\"widget\" data-e-type=\"widget\" data-settings=\"{&quot;navigation&quot;:&quot;none&quot;,&quot;transition&quot;:&quot;slide&quot;,&quot;transition_speed&quot;:500}\" data-widget_type=\"slides.default\">\n\t\t\t\t<div class=\"elementor-widget-container\">\n\t\t\t\t\t\t\t\t\t<div class=\"elementor-swiper\">\n\t\t\t\t\t<div class=\"elementor-slides-wrapper elementor-main-swiper swiper\" role=\"region\" aria-roledescription=\"carousel\" aria-label=\"Diapositivas\" dir=\"ltr\" data-animation=\"fadeInUp\">\n\t\t\t\t<div class=\"swiper-wrapper elementor-slides\">\n\t\t\t\t\t\t\t\t\t\t<div class=\"elementor-repeater-item-891be05 swiper-slide\" role=\"group\" aria-roledescription=\"slide\"><div class=\"swiper-slide-bg\" role=\"img\" aria-label=\"180709 Espace Monaco et l&#039;Oc\u00e9an - de l&#039;exploration \u00e0 la protection \u00a9 C\u00e9dric Fruneau - Mus\u00e9e oc\u00e9anographique (11)[1]\"><\/div><div class=\"elementor-background-overlay\"><\/div><div class=\"swiper-slide-inner\" ><div class=\"swiper-slide-contents\"><h1 class=\"elementor-slide-heading\">M\u00d3NACO Y EL OC\u00c9ANO<\/h1><\/div><\/div><\/div>\t\t\t\t<\/div>\n\t\t\t\t\t\t\t<\/div>\n\t\t\t\t<\/div>\n\t\t\t\t\t\t\t\t<\/div>\n\t\t\t\t<\/div>\n\t\t\t\t\t<\/div>\n\t\t<\/div>\n\t\t\t\t\t<\/div>\n\t\t<\/section>\n\t\t\t\t<section class=\"elementor-section elementor-top-section elementor-element elementor-element-12a63263 elementor-section-full_width breadcrumb-basuc elementor-section-height-default elementor-section-height-default\" data-id=\"12a63263\" data-element_type=\"section\" data-e-type=\"section\" data-settings=\"{&quot;background_background&quot;:&quot;classic&quot;}\">\n\t\t\t\t\t\t<div class=\"elementor-container elementor-column-gap-default\">\n\t\t\t\t\t<div class=\"elementor-column elementor-col-100 elementor-top-column elementor-element elementor-element-3250f6a5\" data-id=\"3250f6a5\" data-element_type=\"column\" data-e-type=\"column\">\n\t\t\t<div class=\"elementor-widget-wrap elementor-element-populated\">\n\t\t\t\t\t\t<div class=\"elementor-element elementor-element-2321a3f2 elementor-widget elementor-widget-ee-breadcrumbs\" data-id=\"2321a3f2\" data-element_type=\"widget\" data-e-type=\"widget\" data-widget_type=\"ee-breadcrumbs.default\">\n\t\t\t\t<div class=\"elementor-widget-container\">\n\t\t\t\t\t<ul class=\"ee-breadcrumbs\" itemscope=\"\" itemtype=\"http:\/\/schema.org\/BreadcrumbList\"><\/ul>\t\t\t\t<\/div>\n\t\t\t\t<\/div>\n\t\t\t\t\t<\/div>\n\t\t<\/div>\n\t\t\t\t\t<\/div>\n\t\t<\/section>\n\t\t\t\t<section class=\"elementor-section elementor-top-section elementor-element elementor-element-6759070c text-basic animated-slow elementor-section-boxed elementor-section-height-default elementor-section-height-default elementor-invisible\" data-id=\"6759070c\" data-element_type=\"section\" data-e-type=\"section\" data-settings=\"{&quot;background_background&quot;:&quot;classic&quot;,&quot;animation&quot;:&quot;fadeIn&quot;}\">\n\t\t\t\t\t\t<div class=\"elementor-container elementor-column-gap-default\">\n\t\t\t\t\t<div class=\"elementor-column elementor-col-50 elementor-top-column elementor-element elementor-element-1fb680dd\" data-id=\"1fb680dd\" data-element_type=\"column\" data-e-type=\"column\">\n\t\t\t<div class=\"elementor-widget-wrap elementor-element-populated\">\n\t\t\t\t\t\t<div class=\"elementor-element elementor-element-d3e704a elementor-widget elementor-widget-hotspots\" data-id=\"d3e704a\" data-element_type=\"widget\" data-e-type=\"widget\" data-settings=\"{&quot;trigger&quot;:&quot;mouseenter&quot;,&quot;trigger_tablet&quot;:&quot;click_target&quot;,&quot;trigger_mobile&quot;:&quot;click_target&quot;,&quot;_hide&quot;:&quot;mouseleave&quot;,&quot;_hide_tablet&quot;:&quot;click_out&quot;,&quot;_hide_mobile&quot;:&quot;click_out&quot;,&quot;position&quot;:&quot;bottom&quot;,&quot;arrow_position_h&quot;:&quot;center&quot;,&quot;delay_in&quot;:{&quot;unit&quot;:&quot;px&quot;,&quot;size&quot;:&quot;&quot;,&quot;sizes&quot;:[]},&quot;delay_out&quot;:{&quot;unit&quot;:&quot;px&quot;,&quot;size&quot;:&quot;&quot;,&quot;sizes&quot;:[]},&quot;duration&quot;:{&quot;unit&quot;:&quot;px&quot;,&quot;size&quot;:&quot;&quot;,&quot;sizes&quot;:[]}}\" data-widget_type=\"hotspots.default\">\n\t\t\t\t<div class=\"elementor-widget-container\">\n\t\t\t\t\t<div class=\"ee-hotspots\">\n\n\t\t\t<img fetchpriority=\"high\" decoding=\"async\" width=\"881\" height=\"1024\" src=\"https:\/\/musee.oceano.org\/wp-content\/uploads\/sites\/2\/2019\/08\/general-881x1024.png\" class=\"attachment-large size-large wp-image-9697\" alt=\"\" srcset=\"https:\/\/musee.oceano.org\/wp-content\/uploads\/sites\/2\/2019\/08\/general-881x1024.png 881w, https:\/\/musee.oceano.org\/wp-content\/uploads\/sites\/2\/2019\/08\/general-258x300.png 258w, https:\/\/musee.oceano.org\/wp-content\/uploads\/sites\/2\/2019\/08\/general-768x893.png 768w, https:\/\/musee.oceano.org\/wp-content\/uploads\/sites\/2\/2019\/08\/general-1321x1536.png 1321w, https:\/\/musee.oceano.org\/wp-content\/uploads\/sites\/2\/2019\/08\/general-1762x2048.png 1762w\" sizes=\"(max-width: 881px) 100vw, 881px\" \/>\n\t\t\t\t\t\t\t<div class=\"ee-hotspots__container\">\n\t\t\t\t<a class=\"elementor-repeater-item-a0b11af hotip ee-hotspot\" data-hotips-content=\"#hotip-content-d3e704a_a0b11af\" data-hotips-position=\"\" data-hotips-arrow-position-h=\"\" data-hotips-arrow-position-v=\"\" data-hotips-class=\"ee-global ee-tooltip ee-tooltip-d3e704a\" href=\"https:\/\/musee.oceano.org\/wp-content\/uploads\/sites\/2\/2019\/08\/1er_etage.png\" target=\"_blank\">\n\t\t\t\t\t\t<span class=\"ee-hotspot__wrapper\">\n\t\t\t\t\t\t\t<span class=\"ee-hotspot__text\"><span class=\"ee-hotspot__icon ee-icon ee-icon-support--svg\"><i class=\"fa fa-arrow-left\" aria-hidden=\"true\"><\/i><\/span><\/span>\n\t\t\t\t\t\t<\/span>\n\t\t\t\t\t<\/a>\n\n\t\t\t\t\t<div class=\"hotip-content\" id=\"hotip-content-d3e704a_a0b11af\">\n\t\t\t\t\t\t<p>M\u00f3naco y el oc\u00e9ano<\/p>\n\t\t\t\t\t<\/div>\n\n\t\t\t\t\t\t\t\t<\/div>\n\t\t\t\t\t\n\t\t<\/div>\n\t\t\t\t\t\t<\/div>\n\t\t\t\t<\/div>\n\t\t\t\t\t<\/div>\n\t\t<\/div>\n\t\t\t\t<div class=\"elementor-column elementor-col-50 elementor-top-column elementor-element elementor-element-511ee22b\" data-id=\"511ee22b\" data-element_type=\"column\" data-e-type=\"column\">\n\t\t\t<div class=\"elementor-widget-wrap elementor-element-populated\">\n\t\t\t\t\t\t<div class=\"elementor-element elementor-element-4aa5de3b elementor-widget elementor-widget-text-editor\" data-id=\"4aa5de3b\" data-element_type=\"widget\" data-e-type=\"widget\" data-widget_type=\"text-editor.default\">\n\t\t\t\t<div class=\"elementor-widget-container\">\n\t\t\t\t\t\t\t\t\t<p>\u00bfLe interesa el destino del oc\u00e9ano y su conservaci\u00f3n? \u00bfQuiere entender mejor qu\u00e9 es lo que le amenaza?  <\/p>\n<p>A trav\u00e9s del compromiso de los Pr\u00edncipes de M\u00f3naco con el conocimiento y la protecci\u00f3n del oc\u00e9ano, este nuevo espacio te transforma en explorador en una nueva experiencia de visita. Entonces, \u00bfest\u00e1s preparado para salvar el oc\u00e9ano?<\/p>\n\t\t\t\t\t\t\t\t<\/div>\n\t\t\t\t<\/div>\n\t\t\t\t\t<\/div>\n\t\t<\/div>\n\t\t\t\t\t<\/div>\n\t\t<\/section>\n\t\t\t\t<section class=\"elementor-section elementor-top-section elementor-element elementor-element-2f4d0337 elementor-section-boxed elementor-section-height-default elementor-section-height-default elementor-invisible\" data-id=\"2f4d0337\" data-element_type=\"section\" data-e-type=\"section\" data-settings=\"{&quot;background_background&quot;:&quot;classic&quot;,&quot;animation&quot;:&quot;fadeInUp&quot;}\">\n\t\t\t\t\t\t<div class=\"elementor-container elementor-column-gap-default\">\n\t\t\t\t\t<div class=\"elementor-column elementor-col-100 elementor-top-column elementor-element elementor-element-3b2be1f0\" data-id=\"3b2be1f0\" data-element_type=\"column\" data-e-type=\"column\">\n\t\t\t<div class=\"elementor-widget-wrap elementor-element-populated\">\n\t\t\t\t\t\t<section class=\"elementor-section elementor-inner-section elementor-element elementor-element-5db8874f elementor-section-boxed elementor-section-height-default elementor-section-height-default\" data-id=\"5db8874f\" data-element_type=\"section\" data-e-type=\"section\" data-settings=\"{&quot;background_background&quot;:&quot;classic&quot;}\">\n\t\t\t\t\t\t<div class=\"elementor-container elementor-column-gap-default\">\n\t\t\t\t\t<div class=\"elementor-column elementor-col-50 elementor-inner-column elementor-element elementor-element-7de33e94\" data-id=\"7de33e94\" data-element_type=\"column\" data-e-type=\"column\">\n\t\t\t<div class=\"elementor-widget-wrap elementor-element-populated\">\n\t\t\t\t\t\t<div class=\"elementor-element elementor-element-5e68ead elementor-widget elementor-widget-heading\" data-id=\"5e68ead\" data-element_type=\"widget\" data-e-type=\"widget\" data-widget_type=\"heading.default\">\n\t\t\t\t<div class=\"elementor-widget-container\">\n\t\t\t\t\t<h2 class=\"elementor-heading-title elementor-size-default\">Una escenograf\u00eda inmersiva y digital<\/h2>\t\t\t\t<\/div>\n\t\t\t\t<\/div>\n\t\t\t\t<div class=\"elementor-element elementor-element-3ec355b elementor-widget elementor-widget-unfold\" data-id=\"3ec355b\" data-element_type=\"widget\" data-e-type=\"widget\" data-settings=\"{&quot;visible_type&quot;:&quot;lines&quot;,&quot;visible_lines&quot;:{&quot;unit&quot;:&quot;px&quot;,&quot;size&quot;:3,&quot;sizes&quot;:[]},&quot;duration_unfold&quot;:{&quot;unit&quot;:&quot;px&quot;,&quot;size&quot;:0.5,&quot;sizes&quot;:[]},&quot;animation_unfold&quot;:&quot;Power4&quot;,&quot;easing_unfold&quot;:&quot;easeInOut&quot;,&quot;duration_fold&quot;:{&quot;unit&quot;:&quot;px&quot;,&quot;size&quot;:0.5,&quot;sizes&quot;:[]},&quot;animation_fold&quot;:&quot;Power4&quot;,&quot;easing_fold&quot;:&quot;easeInOut&quot;}\" data-widget_type=\"unfold.default\">\n\t\t\t\t<div class=\"elementor-widget-container\">\n\t\t\t\t\t<div class=\"ee-unfold\">\n\t\t\t<div class=\"ee-unfold__mask\">\n\t\t\t\t<div class=\"ee-unfold__content\">\n\t\t\t\t\t<p><strong>M\u00e1s informaci\u00f3n El interior del barco (exposici\u00f3n permanente \u00abEl Pr\u00edncipe y el Mediterr\u00e1neo \u00ab) y la entreplanta permanecer\u00e1n cerrados temporalmente el martes 13 de mayo de 10.00 a 17.00 horas. Las dem\u00e1s salas y espacios del Museo permanecer\u00e1n abiertos al p\u00fablico. <\/strong><\/p>\n<p>El Museo Oceanogr\u00e1fico de M\u00f3naco ha redise\u00f1ado completamente una de sus alas para crear una experiencia de visita totalmente nueva. Dentro de un barco esc\u00e9nico de 27 metros de largo, este nuevo espacio abarca m\u00e1s de cien a\u00f1os de historia e invita a los visitantes a realizar un viaje en el tiempo junto a soberanos comprometidos y sensibilizados con los grandes temas de su \u00e9poca. Explorador e \u00edntimo, el viaje recorre poco a poco la historia y la actualidad de una relaci\u00f3n particular con el oc\u00e9ano: la de estos tres hombres, tres destinos, entre el pasado, el presente y un futuro a\u00fan por construir.<\/p>\n\t\t\t\t<\/div>\n\t\t\t\t<div class=\"ee-unfold__separator\"><\/div>\n\t\t\t<\/div>\n\t\t\t<div class=\"ee-unfold__trigger\">\n\t\t\t\t<span class=\"ee-button-wrapper\">\n\t\t\t\t\t<span class=\"ee-button ee-size-sm\">\n\t\t\t\t\t\t<span class=\"ee-button-content-wrapper\"><span class=\"ee-icon ee-icon-support--svg ee-icon--left ee-button-icon ee-unfold__icon ee-unfold__icon--closed\"><\/span><span class=\"ee-icon ee-icon-support--svg ee-icon--left ee-button-icon ee-unfold__icon ee-unfold__icon--open\"><\/span><span class=\"ee-button-text\" data-close-label=\"\" data-open-label=\"\"><\/span>\n\t\t<\/span>\n\t\t\t\t\t\t\t<\/span>\n\t\t\t\t<\/span>\n\t\t\t<\/div>\n\t\t<\/div>\t\t\t\t<\/div>\n\t\t\t\t<\/div>\n\t\t\t\t\t<\/div>\n\t\t<\/div>\n\t\t\t\t<div class=\"elementor-column elementor-col-50 elementor-inner-column elementor-element elementor-element-3e667756\" data-id=\"3e667756\" data-element_type=\"column\" data-e-type=\"column\">\n\t\t\t<div class=\"elementor-widget-wrap elementor-element-populated\">\n\t\t\t\t\t\t<div class=\"elementor-element elementor-element-9bf8ab2 elementor-widget elementor-widget-image\" data-id=\"9bf8ab2\" data-element_type=\"widget\" data-e-type=\"widget\" data-widget_type=\"image.default\">\n\t\t\t\t<div class=\"elementor-widget-container\">\n\t\t\t\t\t\t\t\t\t\t\t\t\t\t\t<img decoding=\"async\" width=\"762\" height=\"578\" src=\"https:\/\/musee.oceano.org\/wp-content\/uploads\/sites\/2\/2019\/04\/1531926952-762x578.jpg\" class=\"attachment-img-actu-section size-img-actu-section wp-image-1062\" alt=\"\" \/>\t\t\t\t\t\t\t\t\t\t\t\t\t\t\t<\/div>\n\t\t\t\t<\/div>\n\t\t\t\t\t<\/div>\n\t\t<\/div>\n\t\t\t\t\t<\/div>\n\t\t<\/section>\n\t\t\t\t\t<\/div>\n\t\t<\/div>\n\t\t\t\t\t<\/div>\n\t\t<\/section>\n\t\t\t\t<section class=\"elementor-section elementor-top-section elementor-element elementor-element-1603bb5f elementor-section-boxed elementor-section-height-default elementor-section-height-default elementor-invisible\" data-id=\"1603bb5f\" data-element_type=\"section\" data-e-type=\"section\" data-settings=\"{&quot;background_background&quot;:&quot;classic&quot;,&quot;animation&quot;:&quot;fadeInUp&quot;}\">\n\t\t\t\t\t\t<div class=\"elementor-container elementor-column-gap-default\">\n\t\t\t\t\t<div class=\"elementor-column elementor-col-100 elementor-top-column elementor-element elementor-element-2fc56b0e\" data-id=\"2fc56b0e\" data-element_type=\"column\" data-e-type=\"column\">\n\t\t\t<div class=\"elementor-widget-wrap elementor-element-populated\">\n\t\t\t\t\t\t<section class=\"elementor-section elementor-inner-section elementor-element elementor-element-29c158c5 elementor-section-boxed elementor-section-height-default elementor-section-height-default\" data-id=\"29c158c5\" data-element_type=\"section\" data-e-type=\"section\" data-settings=\"{&quot;background_background&quot;:&quot;classic&quot;}\">\n\t\t\t\t\t\t<div class=\"elementor-container elementor-column-gap-default\">\n\t\t\t\t\t<div class=\"elementor-column elementor-col-50 elementor-inner-column elementor-element elementor-element-4ae4a9f8\" data-id=\"4ae4a9f8\" data-element_type=\"column\" data-e-type=\"column\">\n\t\t\t<div class=\"elementor-widget-wrap elementor-element-populated\">\n\t\t\t\t\t\t<div class=\"elementor-element elementor-element-298611b0 elementor-widget elementor-widget-image\" data-id=\"298611b0\" data-element_type=\"widget\" data-e-type=\"widget\" data-widget_type=\"image.default\">\n\t\t\t\t<div class=\"elementor-widget-container\">\n\t\t\t\t\t\t\t\t\t\t\t\t\t\t\t<img decoding=\"async\" width=\"762\" height=\"578\" src=\"https:\/\/musee.oceano.org\/wp-content\/uploads\/sites\/2\/2019\/05\/17_Espace-Monaco-et-l-Oce\u0301an_20180710_M_Dagnino-copie-1024x683-1-762x578.jpg\" class=\"attachment-img-actu-section size-img-actu-section wp-image-3492\" alt=\"\" \/>\t\t\t\t\t\t\t\t\t\t\t\t\t\t\t<\/div>\n\t\t\t\t<\/div>\n\t\t\t\t\t<\/div>\n\t\t<\/div>\n\t\t\t\t<div class=\"elementor-column elementor-col-50 elementor-inner-column elementor-element elementor-element-7de26164\" data-id=\"7de26164\" data-element_type=\"column\" data-e-type=\"column\">\n\t\t\t<div class=\"elementor-widget-wrap elementor-element-populated\">\n\t\t\t\t\t\t<div class=\"elementor-element elementor-element-9257271 elementor-widget elementor-widget-heading\" data-id=\"9257271\" data-element_type=\"widget\" data-e-type=\"widget\" data-widget_type=\"heading.default\">\n\t\t\t\t<div class=\"elementor-widget-container\">\n\t\t\t\t\t<h2 class=\"elementor-heading-title elementor-size-default\">En la estela de tres pr\u00edncipes...<\/h2>\t\t\t\t<\/div>\n\t\t\t\t<\/div>\n\t\t\t\t<div class=\"elementor-element elementor-element-0f017ce elementor-widget elementor-widget-unfold\" data-id=\"0f017ce\" data-element_type=\"widget\" data-e-type=\"widget\" data-settings=\"{&quot;visible_type&quot;:&quot;lines&quot;,&quot;visible_lines&quot;:{&quot;unit&quot;:&quot;px&quot;,&quot;size&quot;:3,&quot;sizes&quot;:[]},&quot;duration_unfold&quot;:{&quot;unit&quot;:&quot;px&quot;,&quot;size&quot;:0.5,&quot;sizes&quot;:[]},&quot;animation_unfold&quot;:&quot;Power4&quot;,&quot;easing_unfold&quot;:&quot;easeInOut&quot;,&quot;duration_fold&quot;:{&quot;unit&quot;:&quot;px&quot;,&quot;size&quot;:0.5,&quot;sizes&quot;:[]},&quot;animation_fold&quot;:&quot;Power4&quot;,&quot;easing_fold&quot;:&quot;easeInOut&quot;}\" data-widget_type=\"unfold.default\">\n\t\t\t\t<div class=\"elementor-widget-container\">\n\t\t\t\t\t<div class=\"ee-unfold\">\n\t\t\t<div class=\"ee-unfold__mask\">\n\t\t\t\t<div class=\"ee-unfold__content\">\n\t\t\t\t\t<p>El viaje comienza con el Pr\u00edncipe Alberto I, apodado el \u00abPr\u00edncipe de los Mares\u00bb, y sigue sus 28 campa\u00f1as oceanogr\u00e1ficas desde 1885 hasta 1915, desde Cabo Verde hasta las regiones \u00e1rticas. Contin\u00faa con el Pr\u00edncipe Rainiero III, amante y defensor del Mediterr\u00e1neo, <span style=\"letter-spacing: 0.16px\">cuya acci\u00f3n se combin\u00f3 con la del comandante Jacques-Yves <\/span><span style=\"letter-spacing: 0.16px\">Cousteau, director del Museo Oceanogr\u00e1fico de M\u00f3naco durante m\u00e1s de treinta a\u00f1os<\/span>.<\/p>\n<p>A principios del siglo XXI, se est\u00e1 escribiendo un nuevo cap\u00edtulo gracias a la acci\u00f3n y el compromiso de S.A.S. el Pr\u00edncipe Alberto II. El visitante descubre entonces lo que est\u00e1 en juego en la actualidad para la preservaci\u00f3n del oc\u00e9ano.<\/p>\n\t\t\t\t<\/div>\n\t\t\t\t<div class=\"ee-unfold__separator\"><\/div>\n\t\t\t<\/div>\n\t\t\t<div class=\"ee-unfold__trigger\">\n\t\t\t\t<span class=\"ee-button-wrapper\">\n\t\t\t\t\t<span class=\"ee-button ee-size-sm\">\n\t\t\t\t\t\t<span class=\"ee-button-content-wrapper\"><span class=\"ee-icon ee-icon-support--svg ee-icon--left ee-button-icon ee-unfold__icon ee-unfold__icon--closed\"><\/span><span class=\"ee-icon ee-icon-support--svg ee-icon--left ee-button-icon ee-unfold__icon ee-unfold__icon--open\"><\/span><span class=\"ee-button-text\" data-close-label=\"\" data-open-label=\"\"><\/span>\n\t\t<\/span>\n\t\t\t\t\t\t\t<\/span>\n\t\t\t\t<\/span>\n\t\t\t<\/div>\n\t\t<\/div>\t\t\t\t<\/div>\n\t\t\t\t<\/div>\n\t\t\t\t\t<\/div>\n\t\t<\/div>\n\t\t\t\t\t<\/div>\n\t\t<\/section>\n\t\t\t\t\t<\/div>\n\t\t<\/div>\n\t\t\t\t\t<\/div>\n\t\t<\/section>\n\t\t\t\t<section class=\"elementor-section elementor-top-section elementor-element elementor-element-6709b4dc elementor-section-boxed elementor-section-height-default elementor-section-height-default elementor-invisible\" data-id=\"6709b4dc\" data-element_type=\"section\" data-e-type=\"section\" data-settings=\"{&quot;background_background&quot;:&quot;classic&quot;,&quot;animation&quot;:&quot;fadeInUp&quot;}\">\n\t\t\t\t\t\t<div class=\"elementor-container elementor-column-gap-default\">\n\t\t\t\t\t<div class=\"elementor-column elementor-col-100 elementor-top-column elementor-element elementor-element-4f4e6d71\" data-id=\"4f4e6d71\" data-element_type=\"column\" data-e-type=\"column\">\n\t\t\t<div class=\"elementor-widget-wrap elementor-element-populated\">\n\t\t\t\t\t\t<section class=\"elementor-section elementor-inner-section elementor-element elementor-element-7663b374 elementor-section-boxed elementor-section-height-default elementor-section-height-default\" data-id=\"7663b374\" data-element_type=\"section\" data-e-type=\"section\" data-settings=\"{&quot;background_background&quot;:&quot;classic&quot;}\">\n\t\t\t\t\t\t<div class=\"elementor-container elementor-column-gap-default\">\n\t\t\t\t\t<div class=\"elementor-column elementor-col-50 elementor-inner-column elementor-element elementor-element-7f7599d7\" data-id=\"7f7599d7\" data-element_type=\"column\" data-e-type=\"column\">\n\t\t\t<div class=\"elementor-widget-wrap elementor-element-populated\">\n\t\t\t\t\t\t<div class=\"elementor-element elementor-element-6166f13 elementor-widget elementor-widget-heading\" data-id=\"6166f13\" data-element_type=\"widget\" data-e-type=\"widget\" data-widget_type=\"heading.default\">\n\t\t\t\t<div class=\"elementor-widget-container\">\n\t\t\t\t\t<h2 class=\"elementor-heading-title elementor-size-default\">Sensibilizar, convencer y unir<\/h2>\t\t\t\t<\/div>\n\t\t\t\t<\/div>\n\t\t\t\t<div class=\"elementor-element elementor-element-ce01286 elementor-widget elementor-widget-unfold\" data-id=\"ce01286\" data-element_type=\"widget\" data-e-type=\"widget\" data-settings=\"{&quot;visible_type&quot;:&quot;lines&quot;,&quot;visible_lines&quot;:{&quot;unit&quot;:&quot;px&quot;,&quot;size&quot;:3,&quot;sizes&quot;:[]},&quot;duration_unfold&quot;:{&quot;unit&quot;:&quot;px&quot;,&quot;size&quot;:0.5,&quot;sizes&quot;:[]},&quot;animation_unfold&quot;:&quot;Power4&quot;,&quot;easing_unfold&quot;:&quot;easeInOut&quot;,&quot;duration_fold&quot;:{&quot;unit&quot;:&quot;px&quot;,&quot;size&quot;:0.5,&quot;sizes&quot;:[]},&quot;animation_fold&quot;:&quot;Power4&quot;,&quot;easing_fold&quot;:&quot;easeInOut&quot;}\" data-widget_type=\"unfold.default\">\n\t\t\t\t<div class=\"elementor-widget-container\">\n\t\t\t\t\t<div class=\"ee-unfold\">\n\t\t\t<div class=\"ee-unfold__mask\">\n\t\t\t\t<div class=\"ee-unfold__content\">\n\t\t\t\t\t<p>Sum\u00e9rjase en el descubrimiento del oc\u00e9ano en un espacio excepcional para compartir. Aqu\u00ed, las nuevas tecnolog\u00edas se ponen al servicio de la historia y de las colecciones patrimoniales y cient\u00edficas del centenario establecimiento, en un singular maridaje entre lo real y lo virtual.  <\/p>\n<p>Este viaje exploratorio pretende sensibilizar, convencer y unir a la gente para que act\u00fae. Se compone de sorpresas y giros para estimular la reflexi\u00f3n, movilizar los sentidos, captar la atenci\u00f3n del p\u00fablico que se convierte en actor de su visita, antes de convertirse en actor y embajador de la protecci\u00f3n del oc\u00e9ano.<\/p>\n\t\t\t\t<\/div>\n\t\t\t\t<div class=\"ee-unfold__separator\"><\/div>\n\t\t\t<\/div>\n\t\t\t<div class=\"ee-unfold__trigger\">\n\t\t\t\t<span class=\"ee-button-wrapper\">\n\t\t\t\t\t<span class=\"ee-button ee-size-sm\">\n\t\t\t\t\t\t<span class=\"ee-button-content-wrapper\"><span class=\"ee-icon ee-icon-support--svg ee-icon--left ee-button-icon ee-unfold__icon ee-unfold__icon--closed\"><\/span><span class=\"ee-icon ee-icon-support--svg ee-icon--left ee-button-icon ee-unfold__icon ee-unfold__icon--open\"><\/span><span class=\"ee-button-text\" data-close-label=\"\" data-open-label=\"\"><\/span>\n\t\t<\/span>\n\t\t\t\t\t\t\t<\/span>\n\t\t\t\t<\/span>\n\t\t\t<\/div>\n\t\t<\/div>\t\t\t\t<\/div>\n\t\t\t\t<\/div>\n\t\t\t\t\t<\/div>\n\t\t<\/div>\n\t\t\t\t<div class=\"elementor-column elementor-col-50 elementor-inner-column elementor-element elementor-element-21c84cac\" data-id=\"21c84cac\" data-element_type=\"column\" data-e-type=\"column\">\n\t\t\t<div class=\"elementor-widget-wrap elementor-element-populated\">\n\t\t\t\t\t\t<div class=\"elementor-element elementor-element-1f2a1b9d elementor-widget elementor-widget-image\" data-id=\"1f2a1b9d\" data-element_type=\"widget\" data-e-type=\"widget\" data-widget_type=\"image.default\">\n\t\t\t\t<div class=\"elementor-widget-container\">\n\t\t\t\t\t\t\t\t\t\t\t\t\t\t\t<img loading=\"lazy\" decoding=\"async\" width=\"762\" height=\"578\" src=\"https:\/\/musee.oceano.org\/wp-content\/uploads\/sites\/2\/2019\/05\/15_Espace-Monaco-et-l-Oce\u0301an_20180710_M_Dagnino-1024x683-1-762x578.jpg\" class=\"attachment-img-actu-section size-img-actu-section wp-image-3503\" alt=\"\" \/>\t\t\t\t\t\t\t\t\t\t\t\t\t\t\t<\/div>\n\t\t\t\t<\/div>\n\t\t\t\t\t<\/div>\n\t\t<\/div>\n\t\t\t\t\t<\/div>\n\t\t<\/section>\n\t\t\t\t\t<\/div>\n\t\t<\/div>\n\t\t\t\t\t<\/div>\n\t\t<\/section>\n\t\t\t\t<section class=\"elementor-section elementor-top-section elementor-element elementor-element-12fed50d elementor-section-boxed elementor-section-height-default elementor-section-height-default elementor-invisible\" data-id=\"12fed50d\" data-element_type=\"section\" data-e-type=\"section\" data-settings=\"{&quot;background_background&quot;:&quot;classic&quot;,&quot;animation&quot;:&quot;fadeInUp&quot;}\">\n\t\t\t\t\t\t<div class=\"elementor-container elementor-column-gap-default\">\n\t\t\t\t\t<div class=\"elementor-column elementor-col-100 elementor-top-column elementor-element elementor-element-20b271cb\" data-id=\"20b271cb\" data-element_type=\"column\" data-e-type=\"column\">\n\t\t\t<div class=\"elementor-widget-wrap elementor-element-populated\">\n\t\t\t\t\t\t<section class=\"elementor-section elementor-inner-section elementor-element elementor-element-246ae232 elementor-section-boxed elementor-section-height-default elementor-section-height-default\" data-id=\"246ae232\" data-element_type=\"section\" data-e-type=\"section\" data-settings=\"{&quot;background_background&quot;:&quot;classic&quot;}\">\n\t\t\t\t\t\t<div class=\"elementor-container elementor-column-gap-default\">\n\t\t\t\t\t<div class=\"elementor-column elementor-col-50 elementor-inner-column elementor-element elementor-element-4e69d211\" data-id=\"4e69d211\" data-element_type=\"column\" data-e-type=\"column\">\n\t\t\t<div class=\"elementor-widget-wrap elementor-element-populated\">\n\t\t\t\t\t\t<div class=\"elementor-element elementor-element-5f531d7c elementor-widget elementor-widget-image\" data-id=\"5f531d7c\" data-element_type=\"widget\" data-e-type=\"widget\" data-widget_type=\"image.default\">\n\t\t\t\t<div class=\"elementor-widget-container\">\n\t\t\t\t\t\t\t\t\t\t\t\t\t\t\t<img decoding=\"async\" src=\"https:\/\/musee.oceano.org\/wp-content\/uploads\/sites\/2\/elementor\/thumbs\/Web-and-facebook-landscape-exposition_rainier_III_musee_oceanographique_monaco\u00a9institut_oceanographique_cedou-23-rjyt3c8g5q5qydpgkpljhabnax17jnfztw01dgruvo.jpg\" title=\"Web and facebook landscape-exposition_rainier_III_musee_oceanographique_monaco\u00a9institut_oceanographique_cedou (23)\" alt=\"Web and facebook landscape-exposition_rainier_III_musee_oceanographique_monaco\u00a9institut_oceanographique_cedou (23)\" loading=\"lazy\" \/>\t\t\t\t\t\t\t\t\t\t\t\t\t\t\t<\/div>\n\t\t\t\t<\/div>\n\t\t\t\t\t<\/div>\n\t\t<\/div>\n\t\t\t\t<div class=\"elementor-column elementor-col-50 elementor-inner-column elementor-element elementor-element-38b91983\" data-id=\"38b91983\" data-element_type=\"column\" data-e-type=\"column\">\n\t\t\t<div class=\"elementor-widget-wrap elementor-element-populated\">\n\t\t\t\t\t\t<div class=\"elementor-element elementor-element-1125491 elementor-widget elementor-widget-heading\" data-id=\"1125491\" data-element_type=\"widget\" data-e-type=\"widget\" data-widget_type=\"heading.default\">\n\t\t\t\t<div class=\"elementor-widget-container\">\n\t\t\t\t\t<h2 class=\"elementor-heading-title elementor-size-default\">Convi\u00e9rtanse en actores de una visita inusual...<\/h2>\t\t\t\t<\/div>\n\t\t\t\t<\/div>\n\t\t\t\t<div class=\"elementor-element elementor-element-42873ae elementor-widget elementor-widget-unfold\" data-id=\"42873ae\" data-element_type=\"widget\" data-e-type=\"widget\" data-settings=\"{&quot;visible_type&quot;:&quot;lines&quot;,&quot;visible_lines&quot;:{&quot;unit&quot;:&quot;px&quot;,&quot;size&quot;:3,&quot;sizes&quot;:[]},&quot;duration_unfold&quot;:{&quot;unit&quot;:&quot;px&quot;,&quot;size&quot;:0.5,&quot;sizes&quot;:[]},&quot;animation_unfold&quot;:&quot;Power4&quot;,&quot;easing_unfold&quot;:&quot;easeInOut&quot;,&quot;duration_fold&quot;:{&quot;unit&quot;:&quot;px&quot;,&quot;size&quot;:0.5,&quot;sizes&quot;:[]},&quot;animation_fold&quot;:&quot;Power4&quot;,&quot;easing_fold&quot;:&quot;easeInOut&quot;}\" data-widget_type=\"unfold.default\">\n\t\t\t\t<div class=\"elementor-widget-container\">\n\t\t\t\t\t<div class=\"ee-unfold\">\n\t\t\t<div class=\"ee-unfold__mask\">\n\t\t\t\t<div class=\"ee-unfold__content\">\n\t\t\t\t\t<p>Con esta exposici\u00f3n , el Instituto Oceanogr\u00e1fico rinde homenaje al v\u00ednculo indefectible del Pr\u00edncipe Rainiero III con el oc\u00e9ano y, en particular, con el Mediterr\u00e1neo. Siguiendo los pasos de su bisabuelo, el Pr\u00edncipe Alberto I, eminente navegante y explorador, Rainiero III desempe\u00f1\u00f3 un papel activo en el desarrollo de una aut\u00e9ntica pol\u00edtica mar\u00edtima. Desde entonces, S.A.S. el Pr\u00edncipe Alberto II ha seguido reforzando esta misi\u00f3n mediante nuevos compromisos.  <\/p>\n\t\t\t\t<\/div>\n\t\t\t\t<div class=\"ee-unfold__separator\"><\/div>\n\t\t\t<\/div>\n\t\t\t<div class=\"ee-unfold__trigger\">\n\t\t\t\t<span class=\"ee-button-wrapper\">\n\t\t\t\t\t<span class=\"ee-button ee-size-sm\">\n\t\t\t\t\t\t<span class=\"ee-button-content-wrapper\"><span class=\"ee-icon ee-icon-support--svg ee-icon--left ee-button-icon ee-unfold__icon ee-unfold__icon--closed\"><\/span><span class=\"ee-icon ee-icon-support--svg ee-icon--left ee-button-icon ee-unfold__icon ee-unfold__icon--open\"><\/span><span class=\"ee-button-text\" data-close-label=\"\" data-open-label=\"\"><\/span>\n\t\t<\/span>\n\t\t\t\t\t\t\t<\/span>\n\t\t\t\t<\/span>\n\t\t\t<\/div>\n\t\t<\/div>\t\t\t\t<\/div>\n\t\t\t\t<\/div>\n\t\t\t\t\t<\/div>\n\t\t<\/div>\n\t\t\t\t\t<\/div>\n\t\t<\/section>\n\t\t\t\t<section class=\"elementor-section elementor-inner-section elementor-element elementor-element-3dc9db2 elementor-section-boxed elementor-section-height-default elementor-section-height-default\" data-id=\"3dc9db2\" data-element_type=\"section\" data-e-type=\"section\" data-settings=\"{&quot;background_background&quot;:&quot;classic&quot;}\">\n\t\t\t\t\t\t<div class=\"elementor-container elementor-column-gap-default\">\n\t\t\t\t\t<div class=\"elementor-column elementor-col-50 elementor-inner-column elementor-element elementor-element-694dda0\" data-id=\"694dda0\" data-element_type=\"column\" data-e-type=\"column\">\n\t\t\t<div class=\"elementor-widget-wrap elementor-element-populated\">\n\t\t\t\t\t\t<div class=\"elementor-element elementor-element-5277083 elementor-widget elementor-widget-heading\" data-id=\"5277083\" data-element_type=\"widget\" data-e-type=\"widget\" data-widget_type=\"heading.default\">\n\t\t\t\t<div class=\"elementor-widget-container\">\n\t\t\t\t\t<h2 class=\"elementor-heading-title elementor-size-default\">Convi\u00e9rtanse en actores de una visita inusual...<\/h2>\t\t\t\t<\/div>\n\t\t\t\t<\/div>\n\t\t\t\t<div class=\"elementor-element elementor-element-44b288f elementor-widget elementor-widget-unfold\" data-id=\"44b288f\" data-element_type=\"widget\" data-e-type=\"widget\" data-settings=\"{&quot;visible_type&quot;:&quot;lines&quot;,&quot;visible_lines&quot;:{&quot;unit&quot;:&quot;px&quot;,&quot;size&quot;:3,&quot;sizes&quot;:[]},&quot;duration_unfold&quot;:{&quot;unit&quot;:&quot;px&quot;,&quot;size&quot;:0.5,&quot;sizes&quot;:[]},&quot;animation_unfold&quot;:&quot;Power4&quot;,&quot;easing_unfold&quot;:&quot;easeInOut&quot;,&quot;duration_fold&quot;:{&quot;unit&quot;:&quot;px&quot;,&quot;size&quot;:0.5,&quot;sizes&quot;:[]},&quot;animation_fold&quot;:&quot;Power4&quot;,&quot;easing_fold&quot;:&quot;easeInOut&quot;}\" data-widget_type=\"unfold.default\">\n\t\t\t\t<div class=\"elementor-widget-container\">\n\t\t\t\t\t<div class=\"ee-unfold\">\n\t\t\t<div class=\"ee-unfold__mask\">\n\t\t\t\t<div class=\"ee-unfold__content\">\n\t\t\t\t\t<p><span style=\"text-align: justify\">Teatros \u00f3pticos, pantallas LCD, pizarras interactivas y pantallas t\u00e1ctiles conviven con pel\u00edculas de \u00e9poca, mapas y objetos de colecci\u00f3n, algunos de los cuales se muestran al p\u00fablico por primera vez. En un maridaje perfecto entre lo objetual y lo digital, estos dispositivos multimedia est\u00e1n dise\u00f1ados para estimular el pensamiento, involucrar los sentidos y sumergir a los visitantes en una historia que se convierte en la suya propia. La visita tambi\u00e9n incluye ejercicios de rol y juegos colaborativos que permiten a un m\u00e1ximo de veinte personas interactuar sobre temas oce\u00e1nicos de actualidad.  <\/span><\/p>\n\t\t\t\t<\/div>\n\t\t\t\t<div class=\"ee-unfold__separator\"><\/div>\n\t\t\t<\/div>\n\t\t\t<div class=\"ee-unfold__trigger\">\n\t\t\t\t<span class=\"ee-button-wrapper\">\n\t\t\t\t\t<span class=\"ee-button ee-size-sm\">\n\t\t\t\t\t\t<span class=\"ee-button-content-wrapper\"><span class=\"ee-icon ee-icon-support--svg ee-icon--left ee-button-icon ee-unfold__icon ee-unfold__icon--closed\"><\/span><span class=\"ee-icon ee-icon-support--svg ee-icon--left ee-button-icon ee-unfold__icon ee-unfold__icon--open\"><\/span><span class=\"ee-button-text\" data-close-label=\"\" data-open-label=\"\"><\/span>\n\t\t<\/span>\n\t\t\t\t\t\t\t<\/span>\n\t\t\t\t<\/span>\n\t\t\t<\/div>\n\t\t<\/div>\t\t\t\t<\/div>\n\t\t\t\t<\/div>\n\t\t\t\t\t<\/div>\n\t\t<\/div>\n\t\t\t\t<div class=\"elementor-column elementor-col-50 elementor-inner-column elementor-element elementor-element-4b61d18\" data-id=\"4b61d18\" data-element_type=\"column\" data-e-type=\"column\">\n\t\t\t<div class=\"elementor-widget-wrap elementor-element-populated\">\n\t\t\t\t\t\t<div class=\"elementor-element elementor-element-232ea2a elementor-widget elementor-widget-image\" data-id=\"232ea2a\" data-element_type=\"widget\" data-e-type=\"widget\" data-widget_type=\"image.default\">\n\t\t\t\t<div class=\"elementor-widget-container\">\n\t\t\t\t\t\t\t\t\t\t\t\t\t\t\t<img loading=\"lazy\" decoding=\"async\" width=\"762\" height=\"578\" src=\"https:\/\/musee.oceano.org\/wp-content\/uploads\/sites\/2\/2019\/05\/24_Espace-Monaco-et-l-Oce\u0301an_20180710_M_Dagnino-762x578.jpg\" class=\"attachment-img-actu-section size-img-actu-section wp-image-3210\" alt=\"objets\" \/>\t\t\t\t\t\t\t\t\t\t\t\t\t\t\t<\/div>\n\t\t\t\t<\/div>\n\t\t\t\t\t<\/div>\n\t\t<\/div>\n\t\t\t\t\t<\/div>\n\t\t<\/section>\n\t\t\t\t\t<\/div>\n\t\t<\/div>\n\t\t\t\t\t<\/div>\n\t\t<\/section>\n\t\t\t\t<section class=\"elementor-section elementor-top-section elementor-element elementor-element-6b307546 elementor-section-full_width elementor-section-height-default elementor-section-height-default elementor-invisible\" data-id=\"6b307546\" data-element_type=\"section\" data-e-type=\"section\" data-settings=\"{&quot;animation&quot;:&quot;fadeInUp&quot;}\">\n\t\t\t\t\t\t<div class=\"elementor-container elementor-column-gap-default\">\n\t\t\t\t\t<div class=\"elementor-column elementor-col-100 elementor-top-column elementor-element elementor-element-64cfce8f\" data-id=\"64cfce8f\" data-element_type=\"column\" data-e-type=\"column\">\n\t\t\t<div class=\"elementor-widget-wrap elementor-element-populated\">\n\t\t\t\t\t\t<div class=\"elementor-element elementor-element-22e74eb5 elementor-widget elementor-widget-heading\" data-id=\"22e74eb5\" data-element_type=\"widget\" data-e-type=\"widget\" data-widget_type=\"heading.default\">\n\t\t\t\t<div class=\"elementor-widget-container\">\n\t\t\t\t\t<h2 class=\"elementor-heading-title elementor-size-default\">Ver tambi\u00e9n<\/h2>\t\t\t\t<\/div>\n\t\t\t\t<\/div>\n\t\t\t\t\t<\/div>\n\t\t<\/div>\n\t\t\t\t\t<\/div>\n\t\t<\/section>\n\t\t\t\t<section class=\"elementor-section elementor-top-section elementor-element elementor-element-6f4487c7 elementor-section-boxed elementor-section-height-default elementor-section-height-default\" data-id=\"6f4487c7\" data-element_type=\"section\" data-e-type=\"section\" data-settings=\"{&quot;background_background&quot;:&quot;classic&quot;}\">\n\t\t\t\t\t\t<div class=\"elementor-container elementor-column-gap-default\">\n\t\t\t\t\t<div class=\"elementor-column elementor-col-33 elementor-top-column elementor-element elementor-element-4c32d0ac\" data-id=\"4c32d0ac\" data-element_type=\"column\" data-e-type=\"column\">\n\t\t\t<div class=\"elementor-widget-wrap elementor-element-populated\">\n\t\t\t\t\t\t<div class=\"elementor-element elementor-element-38b842bb elementor-widget elementor-widget-image\" data-id=\"38b842bb\" data-element_type=\"widget\" data-e-type=\"widget\" data-widget_type=\"image.default\">\n\t\t\t\t<div class=\"elementor-widget-container\">\n\t\t\t\t\t\t\t\t\t\t\t\t\t\t\t<img decoding=\"async\" src=\"https:\/\/musee.oceano.org\/wp-content\/uploads\/sites\/2\/elementor\/thumbs\/08_Animation-_bassin_tactile_20120719_M_Dagnino-scaled-rjyt4by7d5btnnqa4w5qnm1rrsfmmi8uut7hpeu6ne.jpg\" title=\"08_Animation _bassin_tactile_20120719_M_Dagnino\" alt=\"08_Animation _bassin_tactile_20120719_M_Dagnino\" loading=\"lazy\" \/>\t\t\t\t\t\t\t\t\t\t\t\t\t\t\t<\/div>\n\t\t\t\t<\/div>\n\t\t\t\t<div class=\"elementor-element elementor-element-12ab5a53 elementor-align-center elementor-widget elementor-widget-button\" data-id=\"12ab5a53\" data-element_type=\"widget\" data-e-type=\"widget\" data-widget_type=\"button.default\">\n\t\t\t\t<div class=\"elementor-widget-container\">\n\t\t\t\t\t\t\t\t\t<div class=\"elementor-button-wrapper\">\n\t\t\t\t\t<a class=\"elementor-button elementor-button-link elementor-size-md\" href=\"https:\/\/musee.oceano.org\/es\/las-animaciones\/\">\n\t\t\t\t\t\t<span class=\"elementor-button-content-wrapper\">\n\t\t\t\t\t\t\t\t\t<span class=\"elementor-button-text\">Participar en la animaci\u00f3n<\/span>\n\t\t\t\t\t<\/span>\n\t\t\t\t\t<\/a>\n\t\t\t\t<\/div>\n\t\t\t\t\t\t\t\t<\/div>\n\t\t\t\t<\/div>\n\t\t\t\t\t<\/div>\n\t\t<\/div>\n\t\t\t\t<div class=\"elementor-column elementor-col-33 elementor-top-column elementor-element elementor-element-708c4a4a\" data-id=\"708c4a4a\" data-element_type=\"column\" data-e-type=\"column\">\n\t\t\t<div class=\"elementor-widget-wrap elementor-element-populated\">\n\t\t\t\t\t\t<div class=\"elementor-element elementor-element-74d87ca elementor-widget elementor-widget-image\" data-id=\"74d87ca\" data-element_type=\"widget\" data-e-type=\"widget\" data-widget_type=\"image.default\">\n\t\t\t\t<div class=\"elementor-widget-container\">\n\t\t\t\t\t\t\t\t\t\t\t\t\t\t\t<img decoding=\"async\" src=\"https:\/\/musee.oceano.org\/wp-content\/uploads\/sites\/2\/elementor\/thumbs\/Images_SW_illustration_2-rjyt4jgwvtm48jfcwzer7k5givekc32pjufdjmj19m.jpg\" title=\"Images_SW_illustration_(2)\" alt=\"Images_SW_illustration_(2)\" loading=\"lazy\" \/>\t\t\t\t\t\t\t\t\t\t\t\t\t\t\t<\/div>\n\t\t\t\t<\/div>\n\t\t\t\t<div class=\"elementor-element elementor-element-2d58d135 elementor-align-center elementor-widget elementor-widget-button\" data-id=\"2d58d135\" data-element_type=\"widget\" data-e-type=\"widget\" data-widget_type=\"button.default\">\n\t\t\t\t<div class=\"elementor-widget-container\">\n\t\t\t\t\t\t\t\t\t<div class=\"elementor-button-wrapper\">\n\t\t\t\t\t<a class=\"elementor-button elementor-button-link elementor-size-md\" href=\"\/lodyssee-des-tortues-marines\/\">\n\t\t\t\t\t\t<span class=\"elementor-button-content-wrapper\">\n\t\t\t\t\t\t\t\t\t<span class=\"elementor-button-text\">Sum\u00e9rgete en la odisea de las tortugas marinas<\/span>\n\t\t\t\t\t<\/span>\n\t\t\t\t\t<\/a>\n\t\t\t\t<\/div>\n\t\t\t\t\t\t\t\t<\/div>\n\t\t\t\t<\/div>\n\t\t\t\t\t<\/div>\n\t\t<\/div>\n\t\t\t\t<div class=\"elementor-column elementor-col-33 elementor-top-column elementor-element elementor-element-29226de3\" data-id=\"29226de3\" data-element_type=\"column\" data-e-type=\"column\">\n\t\t\t<div class=\"elementor-widget-wrap elementor-element-populated\">\n\t\t\t\t\t\t<div class=\"elementor-element elementor-element-72ad0ffb elementor-widget elementor-widget-image\" data-id=\"72ad0ffb\" data-element_type=\"widget\" data-e-type=\"widget\" data-widget_type=\"image.default\">\n\t\t\t\t<div class=\"elementor-widget-container\">\n\t\t\t\t\t\t\t\t\t\t\t\t\t\t\t<img decoding=\"async\" src=\"https:\/\/musee.oceano.org\/wp-content\/uploads\/sites\/2\/elementor\/thumbs\/3-5-32_Grand-bac-2000_M_Dagnino-scaled-rjyt4erpxnfomhm6ofdmd3c5jy1q9lk1v75y58q04q.jpg\" title=\"3-5-32_Grand-bac-2000_M_Dagnino\" alt=\"3-5-32_Grand-bac-2000_M_Dagnino\" loading=\"lazy\" \/>\t\t\t\t\t\t\t\t\t\t\t\t\t\t\t<\/div>\n\t\t\t\t<\/div>\n\t\t\t\t<div class=\"elementor-element elementor-element-53900afa elementor-align-center elementor-widget elementor-widget-button\" data-id=\"53900afa\" data-element_type=\"widget\" data-e-type=\"widget\" data-widget_type=\"button.default\">\n\t\t\t\t<div class=\"elementor-widget-container\">\n\t\t\t\t\t\t\t\t\t<div class=\"elementor-button-wrapper\">\n\t\t\t\t\t<a class=\"elementor-button elementor-button-link elementor-size-md\" href=\"https:\/\/musee.oceano.org\/es\/acuarios\/\">\n\t\t\t\t\t\t<span class=\"elementor-button-content-wrapper\">\n\t\t\t\t\t\t\t\t\t<span class=\"elementor-button-text\">Descubrir los acuarios<\/span>\n\t\t\t\t\t<\/span>\n\t\t\t\t\t<\/a>\n\t\t\t\t<\/div>\n\t\t\t\t\t\t\t\t<\/div>\n\t\t\t\t<\/div>\n\t\t\t\t\t<\/div>\n\t\t<\/div>\n\t\t\t\t\t<\/div>\n\t\t<\/section>\n\t\t\t\t<\/div>\n\t\t","protected":false},"excerpt":{"rendered":"<p>M\u00d3NACO Y EL OC\u00c9ANO M\u00f3naco y el oc\u00e9ano \u00bfLe interesa el destino del oc\u00e9ano y su conservaci\u00f3n? \u00bfQuiere entender mejor qu\u00e9 es lo que le amenaza? A trav\u00e9s del compromiso de los Pr\u00edncipes de M\u00f3naco con el conocimiento y la protecci\u00f3n del oc\u00e9ano, este nuevo espacio te transforma en explorador en una nueva experiencia de [&hellip;]<\/p>\n","protected":false},"author":1,"featured_media":0,"parent":27365,"menu_order":435,"comment_status":"closed","ping_status":"closed","template":"","meta":{"_acf_changed":false,"footnotes":""},"class_list":["post-27369","page","type-page","status-publish","hentry"],"acf":[],"yoast_head":"<!-- This site is optimized with the Yoast SEO plugin v27.2 - https:\/\/yoast.com\/product\/yoast-seo-wordpress\/ -->\n<title>M\u00f3naco y el oc\u00e9ano - Mus\u00e9e Oc\u00e9anographique de Monaco<\/title>\n<meta name=\"description\" content=\"Descubra un nuevo espacio: &quot;M\u00f3naco y el Oc\u00e9ano&quot; que le transforma en explorador en una experiencia de visita \u00fanica. Entonces, \u00bfest\u00e1s preparado para salvar el oc\u00e9ano?\" \/>\n<meta name=\"robots\" content=\"index, follow, max-snippet:-1, max-image-preview:large, max-video-preview:-1\" \/>\n<link rel=\"canonical\" href=\"https:\/\/musee.oceano.org\/espace-musee\/monaco-et-locean\/\" \/>\n<meta property=\"og:locale\" content=\"es_ES\" \/>\n<meta property=\"og:type\" content=\"article\" \/>\n<meta property=\"og:title\" content=\"M\u00f3naco y el oc\u00e9ano - Mus\u00e9e Oc\u00e9anographique de Monaco\" \/>\n<meta property=\"og:description\" content=\"Descubra un nuevo espacio: &quot;M\u00f3naco y el Oc\u00e9ano&quot; que le transforma en explorador en una experiencia de visita \u00fanica. Entonces, \u00bfest\u00e1s preparado para salvar el oc\u00e9ano?\" \/>\n<meta property=\"og:url\" content=\"https:\/\/musee.oceano.org\/espace-musee\/monaco-et-locean\/\" \/>\n<meta property=\"og:site_name\" content=\"Mus\u00e9e Oc\u00e9anographique de Monaco\" \/>\n<meta property=\"article:modified_time\" content=\"2025-05-05T08:31:48+00:00\" \/>\n<meta property=\"og:image\" content=\"https:\/\/musee.oceano.org\/wp-content\/uploads\/sites\/2\/2019\/08\/general.png\" \/>\n\t<meta property=\"og:image:width\" content=\"2296\" \/>\n\t<meta property=\"og:image:height\" content=\"2669\" \/>\n\t<meta property=\"og:image:type\" content=\"image\/png\" \/>\n<meta name=\"twitter:card\" content=\"summary_large_image\" \/>\n<meta name=\"twitter:label1\" content=\"Tiempo de lectura\" \/>\n\t<meta name=\"twitter:data1\" content=\"4 minutos\" \/>\n<script type=\"application\/ld+json\" class=\"yoast-schema-graph\">{\"@context\":\"https:\/\/schema.org\",\"@graph\":[{\"@type\":\"WebPage\",\"@id\":\"https:\/\/musee.oceano.org\/espace-musee\/monaco-et-locean\/\",\"url\":\"https:\/\/musee.oceano.org\/espace-musee\/monaco-et-locean\/\",\"name\":\"M\u00f3naco y el oc\u00e9ano - Mus\u00e9e Oc\u00e9anographique de Monaco\",\"isPartOf\":{\"@id\":\"https:\/\/musee.oceano.org\/#website\"},\"primaryImageOfPage\":{\"@id\":\"https:\/\/musee.oceano.org\/espace-musee\/monaco-et-locean\/#primaryimage\"},\"image\":{\"@id\":\"https:\/\/musee.oceano.org\/espace-musee\/monaco-et-locean\/#primaryimage\"},\"thumbnailUrl\":\"https:\/\/musee.oceano.org\/wp-content\/uploads\/sites\/2\/2019\/08\/general-881x1024.png\",\"datePublished\":\"2021-06-28T15:39:38+00:00\",\"dateModified\":\"2025-05-05T08:31:48+00:00\",\"description\":\"Descubra un nuevo espacio: \\\"M\u00f3naco y el Oc\u00e9ano\\\" que le transforma en explorador en una experiencia de visita \u00fanica. Entonces, \u00bfest\u00e1s preparado para salvar el oc\u00e9ano?\",\"breadcrumb\":{\"@id\":\"https:\/\/musee.oceano.org\/espace-musee\/monaco-et-locean\/#breadcrumb\"},\"inLanguage\":\"es\",\"potentialAction\":[{\"@type\":\"ReadAction\",\"target\":[\"https:\/\/musee.oceano.org\/espace-musee\/monaco-et-locean\/\"]}]},{\"@type\":\"ImageObject\",\"inLanguage\":\"es\",\"@id\":\"https:\/\/musee.oceano.org\/espace-musee\/monaco-et-locean\/#primaryimage\",\"url\":\"https:\/\/musee.oceano.org\/wp-content\/uploads\/sites\/2\/2019\/08\/general-881x1024.png\",\"contentUrl\":\"https:\/\/musee.oceano.org\/wp-content\/uploads\/sites\/2\/2019\/08\/general-881x1024.png\"},{\"@type\":\"BreadcrumbList\",\"@id\":\"https:\/\/musee.oceano.org\/espace-musee\/monaco-et-locean\/#breadcrumb\",\"itemListElement\":[{\"@type\":\"ListItem\",\"position\":1,\"name\":\"Home\",\"item\":\"https:\/\/musee.oceano.org\/es\/\"},{\"@type\":\"ListItem\",\"position\":2,\"name\":\"Zonas del museo\",\"item\":\"https:\/\/musee.oceano.org\/espace-musee\/\"},{\"@type\":\"ListItem\",\"position\":3,\"name\":\"M\u00f3naco y el oc\u00e9ano\"}]},{\"@type\":\"WebSite\",\"@id\":\"https:\/\/musee.oceano.org\/#website\",\"url\":\"https:\/\/musee.oceano.org\/\",\"name\":\"Mus\u00e9e Oc\u00e9anographique de Monaco\",\"description\":\"Faire conna\u00eetre, aimer et prot\u00e9ger les oc\u00e9ans\",\"potentialAction\":[{\"@type\":\"SearchAction\",\"target\":{\"@type\":\"EntryPoint\",\"urlTemplate\":\"https:\/\/musee.oceano.org\/?s={search_term_string}\"},\"query-input\":{\"@type\":\"PropertyValueSpecification\",\"valueRequired\":true,\"valueName\":\"search_term_string\"}}],\"inLanguage\":\"es\"}]}<\/script>\n<!-- \/ Yoast SEO plugin. -->","yoast_head_json":{"title":"M\u00f3naco y el oc\u00e9ano - Mus\u00e9e Oc\u00e9anographique de Monaco","description":"Descubra un nuevo espacio: \"M\u00f3naco y el Oc\u00e9ano\" que le transforma en explorador en una experiencia de visita \u00fanica. Entonces, \u00bfest\u00e1s preparado para salvar el oc\u00e9ano?","robots":{"index":"index","follow":"follow","max-snippet":"max-snippet:-1","max-image-preview":"max-image-preview:large","max-video-preview":"max-video-preview:-1"},"canonical":"https:\/\/musee.oceano.org\/espace-musee\/monaco-et-locean\/","og_locale":"es_ES","og_type":"article","og_title":"M\u00f3naco y el oc\u00e9ano - Mus\u00e9e Oc\u00e9anographique de Monaco","og_description":"Descubra un nuevo espacio: \"M\u00f3naco y el Oc\u00e9ano\" que le transforma en explorador en una experiencia de visita \u00fanica. Entonces, \u00bfest\u00e1s preparado para salvar el oc\u00e9ano?","og_url":"https:\/\/musee.oceano.org\/espace-musee\/monaco-et-locean\/","og_site_name":"Mus\u00e9e Oc\u00e9anographique de Monaco","article_modified_time":"2025-05-05T08:31:48+00:00","og_image":[{"width":2296,"height":2669,"url":"https:\/\/musee.oceano.org\/wp-content\/uploads\/sites\/2\/2019\/08\/general.png","type":"image\/png"}],"twitter_card":"summary_large_image","twitter_misc":{"Tiempo de lectura":"4 minutos"},"schema":{"@context":"https:\/\/schema.org","@graph":[{"@type":"WebPage","@id":"https:\/\/musee.oceano.org\/espace-musee\/monaco-et-locean\/","url":"https:\/\/musee.oceano.org\/espace-musee\/monaco-et-locean\/","name":"M\u00f3naco y el oc\u00e9ano - Mus\u00e9e Oc\u00e9anographique de Monaco","isPartOf":{"@id":"https:\/\/musee.oceano.org\/#website"},"primaryImageOfPage":{"@id":"https:\/\/musee.oceano.org\/espace-musee\/monaco-et-locean\/#primaryimage"},"image":{"@id":"https:\/\/musee.oceano.org\/espace-musee\/monaco-et-locean\/#primaryimage"},"thumbnailUrl":"https:\/\/musee.oceano.org\/wp-content\/uploads\/sites\/2\/2019\/08\/general-881x1024.png","datePublished":"2021-06-28T15:39:38+00:00","dateModified":"2025-05-05T08:31:48+00:00","description":"Descubra un nuevo espacio: \"M\u00f3naco y el Oc\u00e9ano\" que le transforma en explorador en una experiencia de visita \u00fanica. Entonces, \u00bfest\u00e1s preparado para salvar el oc\u00e9ano?","breadcrumb":{"@id":"https:\/\/musee.oceano.org\/espace-musee\/monaco-et-locean\/#breadcrumb"},"inLanguage":"es","potentialAction":[{"@type":"ReadAction","target":["https:\/\/musee.oceano.org\/espace-musee\/monaco-et-locean\/"]}]},{"@type":"ImageObject","inLanguage":"es","@id":"https:\/\/musee.oceano.org\/espace-musee\/monaco-et-locean\/#primaryimage","url":"https:\/\/musee.oceano.org\/wp-content\/uploads\/sites\/2\/2019\/08\/general-881x1024.png","contentUrl":"https:\/\/musee.oceano.org\/wp-content\/uploads\/sites\/2\/2019\/08\/general-881x1024.png"},{"@type":"BreadcrumbList","@id":"https:\/\/musee.oceano.org\/espace-musee\/monaco-et-locean\/#breadcrumb","itemListElement":[{"@type":"ListItem","position":1,"name":"Home","item":"https:\/\/musee.oceano.org\/es\/"},{"@type":"ListItem","position":2,"name":"Zonas del museo","item":"https:\/\/musee.oceano.org\/espace-musee\/"},{"@type":"ListItem","position":3,"name":"M\u00f3naco y el oc\u00e9ano"}]},{"@type":"WebSite","@id":"https:\/\/musee.oceano.org\/#website","url":"https:\/\/musee.oceano.org\/","name":"Mus\u00e9e Oc\u00e9anographique de Monaco","description":"Faire conna\u00eetre, aimer et prot\u00e9ger les oc\u00e9ans","potentialAction":[{"@type":"SearchAction","target":{"@type":"EntryPoint","urlTemplate":"https:\/\/musee.oceano.org\/?s={search_term_string}"},"query-input":{"@type":"PropertyValueSpecification","valueRequired":true,"valueName":"search_term_string"}}],"inLanguage":"es"}]}},"_links":{"self":[{"href":"https:\/\/musee.oceano.org\/es\/wp-json\/wp\/v2\/pages\/27369","targetHints":{"allow":["GET"]}}],"collection":[{"href":"https:\/\/musee.oceano.org\/es\/wp-json\/wp\/v2\/pages"}],"about":[{"href":"https:\/\/musee.oceano.org\/es\/wp-json\/wp\/v2\/types\/page"}],"author":[{"embeddable":true,"href":"https:\/\/musee.oceano.org\/es\/wp-json\/wp\/v2\/users\/1"}],"replies":[{"embeddable":true,"href":"https:\/\/musee.oceano.org\/es\/wp-json\/wp\/v2\/comments?post=27369"}],"version-history":[{"count":7,"href":"https:\/\/musee.oceano.org\/es\/wp-json\/wp\/v2\/pages\/27369\/revisions"}],"predecessor-version":[{"id":52191,"href":"https:\/\/musee.oceano.org\/es\/wp-json\/wp\/v2\/pages\/27369\/revisions\/52191"}],"up":[{"embeddable":true,"href":"https:\/\/musee.oceano.org\/es\/wp-json\/wp\/v2\/pages\/27365"}],"wp:attachment":[{"href":"https:\/\/musee.oceano.org\/es\/wp-json\/wp\/v2\/media?parent=27369"}],"curies":[{"name":"wp","href":"https:\/\/api.w.org\/{rel}","templated":true}]}}