{"id":27373,"date":"2021-06-28T17:39:41","date_gmt":"2021-06-28T15:39:41","guid":{"rendered":"https:\/\/musee.oceano.org\/zonas-del-museo\/sala-de-la-ballena\/"},"modified":"2021-06-28T17:39:44","modified_gmt":"2021-06-28T15:39:44","slug":"sala-de-la-ballena","status":"publish","type":"page","link":"https:\/\/musee.oceano.org\/es\/zonas-del-museo\/sala-de-la-ballena\/","title":{"rendered":"Sala de la Ballena"},"content":{"rendered":"\t\t<div data-elementor-type=\"wp-post\" data-elementor-id=\"27373\" class=\"elementor elementor-27373 elementor-1733\" data-elementor-post-type=\"page\">\n\t\t\t\t\t\t<section class=\"elementor-section elementor-top-section elementor-element elementor-element-74fc66d1 elementor-section-full_width elementor-section-height-default elementor-section-height-default\" data-id=\"74fc66d1\" data-element_type=\"section\" data-e-type=\"section\">\n\t\t\t\t\t\t<div class=\"elementor-container elementor-column-gap-no\">\n\t\t\t\t\t<div class=\"elementor-column elementor-col-100 elementor-top-column elementor-element elementor-element-6e490a6\" data-id=\"6e490a6\" data-element_type=\"column\" data-e-type=\"column\">\n\t\t\t<div class=\"elementor-widget-wrap elementor-element-populated\">\n\t\t\t\t\t\t<div class=\"elementor-element elementor-element-761224df elementor--h-position-center elementor--v-position-middle elementor-widget elementor-widget-slides\" data-id=\"761224df\" data-element_type=\"widget\" data-e-type=\"widget\" data-settings=\"{&quot;navigation&quot;:&quot;none&quot;,&quot;transition&quot;:&quot;slide&quot;,&quot;transition_speed&quot;:500}\" data-widget_type=\"slides.default\">\n\t\t\t\t<div class=\"elementor-widget-container\">\n\t\t\t\t\t\t\t\t\t<div class=\"elementor-swiper\">\n\t\t\t\t\t<div class=\"elementor-slides-wrapper elementor-main-swiper swiper\" role=\"region\" aria-roledescription=\"carousel\" aria-label=\"Diapositivas\" dir=\"ltr\" data-animation=\"fadeInUp\">\n\t\t\t\t<div class=\"swiper-wrapper elementor-slides\">\n\t\t\t\t\t\t\t\t\t\t<div class=\"elementor-repeater-item-891be05 swiper-slide\" role=\"group\" aria-roledescription=\"slide\"><div class=\"swiper-slide-bg\" role=\"img\" aria-label=\"wal-1632159_1280\"><\/div><div class=\"elementor-background-overlay\"><\/div><div class=\"swiper-slide-inner\" ><div class=\"swiper-slide-contents\"><h1 class=\"elementor-slide-heading\">\u00bfUna ballena en el Museo?<\/h1><\/div><\/div><\/div>\t\t\t\t<\/div>\n\t\t\t\t\t\t\t<\/div>\n\t\t\t\t<\/div>\n\t\t\t\t\t\t\t\t<\/div>\n\t\t\t\t<\/div>\n\t\t\t\t\t<\/div>\n\t\t<\/div>\n\t\t\t\t\t<\/div>\n\t\t<\/section>\n\t\t\t\t<section class=\"elementor-section elementor-top-section elementor-element elementor-element-75603ba4 elementor-section-full_width breadcrumb-basuc elementor-section-height-default elementor-section-height-default\" data-id=\"75603ba4\" data-element_type=\"section\" data-e-type=\"section\" data-settings=\"{&quot;background_background&quot;:&quot;classic&quot;}\">\n\t\t\t\t\t\t<div class=\"elementor-container elementor-column-gap-default\">\n\t\t\t\t\t<div class=\"elementor-column elementor-col-100 elementor-top-column elementor-element elementor-element-153a4512\" data-id=\"153a4512\" data-element_type=\"column\" data-e-type=\"column\">\n\t\t\t<div class=\"elementor-widget-wrap elementor-element-populated\">\n\t\t\t\t\t\t<div class=\"elementor-element elementor-element-5201fd75 elementor-widget elementor-widget-ee-breadcrumbs\" data-id=\"5201fd75\" data-element_type=\"widget\" data-e-type=\"widget\" data-widget_type=\"ee-breadcrumbs.default\">\n\t\t\t\t<div class=\"elementor-widget-container\">\n\t\t\t\t\t<ul class=\"ee-breadcrumbs\" itemscope=\"\" itemtype=\"http:\/\/schema.org\/BreadcrumbList\"><\/ul>\t\t\t\t<\/div>\n\t\t\t\t<\/div>\n\t\t\t\t\t<\/div>\n\t\t<\/div>\n\t\t\t\t\t<\/div>\n\t\t<\/section>\n\t\t\t\t<section class=\"elementor-section elementor-top-section elementor-element elementor-element-5e596c61 text-basic animated-slow elementor-section-boxed elementor-section-height-default elementor-section-height-default elementor-invisible\" data-id=\"5e596c61\" data-element_type=\"section\" data-e-type=\"section\" data-settings=\"{&quot;background_background&quot;:&quot;classic&quot;,&quot;animation&quot;:&quot;fadeIn&quot;}\">\n\t\t\t\t\t\t<div class=\"elementor-container elementor-column-gap-default\">\n\t\t\t\t\t<div class=\"elementor-column elementor-col-50 elementor-top-column elementor-element elementor-element-134880f6\" data-id=\"134880f6\" data-element_type=\"column\" data-e-type=\"column\">\n\t\t\t<div class=\"elementor-widget-wrap elementor-element-populated\">\n\t\t\t\t\t\t<div class=\"elementor-element elementor-element-d7ab7f3 elementor-widget elementor-widget-hotspots\" data-id=\"d7ab7f3\" data-element_type=\"widget\" data-e-type=\"widget\" data-settings=\"{&quot;trigger&quot;:&quot;mouseenter&quot;,&quot;trigger_tablet&quot;:&quot;click_target&quot;,&quot;trigger_mobile&quot;:&quot;click_target&quot;,&quot;_hide&quot;:&quot;mouseleave&quot;,&quot;_hide_tablet&quot;:&quot;click_out&quot;,&quot;_hide_mobile&quot;:&quot;click_out&quot;,&quot;position&quot;:&quot;bottom&quot;,&quot;arrow_position_h&quot;:&quot;center&quot;,&quot;delay_in&quot;:{&quot;unit&quot;:&quot;px&quot;,&quot;size&quot;:&quot;&quot;,&quot;sizes&quot;:[]},&quot;delay_out&quot;:{&quot;unit&quot;:&quot;px&quot;,&quot;size&quot;:&quot;&quot;,&quot;sizes&quot;:[]},&quot;duration&quot;:{&quot;unit&quot;:&quot;px&quot;,&quot;size&quot;:&quot;&quot;,&quot;sizes&quot;:[]}}\" data-widget_type=\"hotspots.default\">\n\t\t\t\t<div class=\"elementor-widget-container\">\n\t\t\t\t\t<div class=\"ee-hotspots\">\n\n\t\t\t<img fetchpriority=\"high\" decoding=\"async\" width=\"881\" height=\"1024\" src=\"https:\/\/musee.oceano.org\/wp-content\/uploads\/sites\/2\/2019\/08\/general-881x1024.png\" class=\"attachment-large size-large wp-image-9697\" alt=\"\" srcset=\"https:\/\/musee.oceano.org\/wp-content\/uploads\/sites\/2\/2019\/08\/general-881x1024.png 881w, https:\/\/musee.oceano.org\/wp-content\/uploads\/sites\/2\/2019\/08\/general-258x300.png 258w, https:\/\/musee.oceano.org\/wp-content\/uploads\/sites\/2\/2019\/08\/general-768x893.png 768w, https:\/\/musee.oceano.org\/wp-content\/uploads\/sites\/2\/2019\/08\/general-1321x1536.png 1321w, https:\/\/musee.oceano.org\/wp-content\/uploads\/sites\/2\/2019\/08\/general-1762x2048.png 1762w\" sizes=\"(max-width: 881px) 100vw, 881px\" \/>\n\t\t\t\t\t\t\t<div class=\"ee-hotspots__container\">\n\t\t\t\t<a class=\"elementor-repeater-item-a0b11af hotip ee-hotspot\" data-hotips-content=\"#hotip-content-d7ab7f3_a0b11af\" data-hotips-position=\"\" data-hotips-arrow-position-h=\"\" data-hotips-arrow-position-v=\"\" data-hotips-class=\"ee-global ee-tooltip ee-tooltip-d7ab7f3\" href=\"https:\/\/musee.oceano.org\/wp-content\/uploads\/sites\/2\/2019\/08\/1er_etage.png\" target=\"_blank\">\n\t\t\t\t\t\t<span class=\"ee-hotspot__wrapper\">\n\t\t\t\t\t\t\t<span class=\"ee-hotspot__text\"><span class=\"ee-hotspot__icon ee-icon ee-icon-support--svg\"><i class=\"fa fa-arrow-right\" aria-hidden=\"true\"><\/i><\/span><\/span>\n\t\t\t\t\t\t<\/span>\n\t\t\t\t\t<\/a>\n\n\t\t\t\t\t<div class=\"hotip-content\" id=\"hotip-content-d7ab7f3_a0b11af\">\n\t\t\t\t\t\t<p>Sala de la Ballena<\/p>\n\t\t\t\t\t<\/div>\n\n\t\t\t\t\t\t\t\t<\/div>\n\t\t\t\t\t\n\t\t<\/div>\n\t\t\t\t\t\t<\/div>\n\t\t\t\t<\/div>\n\t\t\t\t\t<\/div>\n\t\t<\/div>\n\t\t\t\t<div class=\"elementor-column elementor-col-50 elementor-top-column elementor-element elementor-element-7691ccba\" data-id=\"7691ccba\" data-element_type=\"column\" data-e-type=\"column\">\n\t\t\t<div class=\"elementor-widget-wrap elementor-element-populated\">\n\t\t\t\t\t\t<div class=\"elementor-element elementor-element-1a9ab27e elementor-widget elementor-widget-text-editor\" data-id=\"1a9ab27e\" data-element_type=\"widget\" data-e-type=\"widget\" data-widget_type=\"text-editor.default\">\n\t\t\t\t<div class=\"elementor-widget-container\">\n\t\t\t\t\t\t\t\t\t<p>Pero es cierto: una de las joyas del Museo Oceanogr\u00e1fico es una ballena, \u00a1una de verdad! O, m\u00e1s exactamente, su gigantesco esqueleto: 18 metros de largo y casi tres toneladas de huesos.  <\/p>\n<p>Tambi\u00e9n se exponen muchos otros mam\u00edferos marinos, para ser (re)descubiertos bajo una nueva luz.<\/p>\n\t\t\t\t\t\t\t\t<\/div>\n\t\t\t\t<\/div>\n\t\t\t\t\t<\/div>\n\t\t<\/div>\n\t\t\t\t\t<\/div>\n\t\t<\/section>\n\t\t\t\t<section class=\"elementor-section elementor-top-section elementor-element elementor-element-4527235 animated-slow elementor-section-boxed elementor-section-height-default elementor-section-height-default elementor-invisible\" data-id=\"4527235\" data-element_type=\"section\" data-e-type=\"section\" data-settings=\"{&quot;background_background&quot;:&quot;classic&quot;,&quot;animation&quot;:&quot;fadeInUp&quot;}\">\n\t\t\t\t\t\t<div class=\"elementor-container elementor-column-gap-default\">\n\t\t\t\t\t<div class=\"elementor-column elementor-col-100 elementor-top-column elementor-element elementor-element-4bd3ce0a\" data-id=\"4bd3ce0a\" data-element_type=\"column\" data-e-type=\"column\">\n\t\t\t<div class=\"elementor-widget-wrap elementor-element-populated\">\n\t\t\t\t\t\t<section class=\"elementor-section elementor-inner-section elementor-element elementor-element-453f3597 elementor-section-height-min-height elementor-section-boxed elementor-section-height-default\" data-id=\"453f3597\" data-element_type=\"section\" data-e-type=\"section\" data-settings=\"{&quot;background_background&quot;:&quot;classic&quot;}\">\n\t\t\t\t\t\t<div class=\"elementor-container elementor-column-gap-default\">\n\t\t\t\t\t<div class=\"elementor-column elementor-col-50 elementor-inner-column elementor-element elementor-element-5cc0a14e\" data-id=\"5cc0a14e\" data-element_type=\"column\" data-e-type=\"column\">\n\t\t\t<div class=\"elementor-widget-wrap elementor-element-populated\">\n\t\t\t\t\t\t<div class=\"elementor-element elementor-element-e7ac62d elementor-widget elementor-widget-heading\" data-id=\"e7ac62d\" data-element_type=\"widget\" data-e-type=\"widget\" data-widget_type=\"heading.default\">\n\t\t\t\t<div class=\"elementor-widget-container\">\n\t\t\t\t\t<h2 class=\"elementor-heading-title elementor-size-default\">UN VIAJE ENTRE EL PASADO Y EL PRESENTE<\/h2>\t\t\t\t<\/div>\n\t\t\t\t<\/div>\n\t\t\t\t<div class=\"elementor-element elementor-element-df9087f elementor-widget elementor-widget-unfold\" data-id=\"df9087f\" data-element_type=\"widget\" data-e-type=\"widget\" data-settings=\"{&quot;visible_type&quot;:&quot;lines&quot;,&quot;visible_lines&quot;:{&quot;unit&quot;:&quot;px&quot;,&quot;size&quot;:3,&quot;sizes&quot;:[]},&quot;duration_unfold&quot;:{&quot;unit&quot;:&quot;px&quot;,&quot;size&quot;:0.5,&quot;sizes&quot;:[]},&quot;animation_unfold&quot;:&quot;Power4&quot;,&quot;easing_unfold&quot;:&quot;easeInOut&quot;,&quot;duration_fold&quot;:{&quot;unit&quot;:&quot;px&quot;,&quot;size&quot;:0.5,&quot;sizes&quot;:[]},&quot;animation_fold&quot;:&quot;Power4&quot;,&quot;easing_fold&quot;:&quot;easeInOut&quot;}\" data-widget_type=\"unfold.default\">\n\t\t\t\t<div class=\"elementor-widget-container\">\n\t\t\t\t\t<div class=\"ee-unfold\">\n\t\t\t<div class=\"ee-unfold__mask\">\n\t\t\t\t<div class=\"ee-unfold__content\">\n\t\t\t\t\t<p>Cuando se entra en esta sala inusualmente grande, se entiende r\u00e1pidamente por qu\u00e9 se llama la Sala de las Ballenas.<\/p>\n<p>Una ballena de m\u00e1s de 18 metros de largo nos domina. Suspendido a varios metros del suelo, su esqueleto de 2,8 toneladas parece flotar en el aire. Este rorcual com\u00fan apareci\u00f3 en la costa ligur del Mediterr\u00e1neo hace mucho tiempo. En 1896, concretamente, diez a\u00f1os antes de la creaci\u00f3n del Instituto Oceanogr\u00e1fico. A sus 123 a\u00f1os, este gigante tiende un puente entre el pasado y el presente. Este es uno de los encantos de esta sala tan especial, con un ambiente y una colecci\u00f3n \u00fanicos.<\/p>\n\t\t\t\t<\/div>\n\t\t\t\t<div class=\"ee-unfold__separator\"><\/div>\n\t\t\t<\/div>\n\t\t\t<div class=\"ee-unfold__trigger\">\n\t\t\t\t<span class=\"ee-button-wrapper\">\n\t\t\t\t\t<span class=\"ee-button ee-size-sm\">\n\t\t\t\t\t\t<span class=\"ee-button-content-wrapper\"><span class=\"ee-icon ee-icon-support--svg ee-icon--left ee-button-icon ee-unfold__icon ee-unfold__icon--closed\"><i class=\"fa fa-plus\" aria-hidden=\"true\"><\/i><\/span><span class=\"ee-icon ee-icon-support--svg ee-icon--left ee-button-icon ee-unfold__icon ee-unfold__icon--open\"><i class=\"fa fa-minus\" aria-hidden=\"true\"><\/i><\/span><span class=\"ee-button-text\" data-close-label=\"Leer m\u00e1s\" data-open-label=\"Leer m\u00e1s\">Leer m\u00e1s<\/span>\n\t\t<\/span>\n\t\t\t\t\t\t\t<\/span>\n\t\t\t\t<\/span>\n\t\t\t<\/div>\n\t\t<\/div>\t\t\t\t<\/div>\n\t\t\t\t<\/div>\n\t\t\t\t\t<\/div>\n\t\t<\/div>\n\t\t\t\t<div class=\"elementor-column elementor-col-50 elementor-inner-column elementor-element elementor-element-5f9589d6\" data-id=\"5f9589d6\" data-element_type=\"column\" data-e-type=\"column\">\n\t\t\t<div class=\"elementor-widget-wrap elementor-element-populated\">\n\t\t\t\t\t\t<div class=\"elementor-element elementor-element-7fe63b6 elementor-widget elementor-widget-image\" data-id=\"7fe63b6\" data-element_type=\"widget\" data-e-type=\"widget\" data-widget_type=\"image.default\">\n\t\t\t\t<div class=\"elementor-widget-container\">\n\t\t\t\t\t\t\t\t\t\t\t\t\t\t\t<img decoding=\"async\" width=\"425\" height=\"284\" src=\"https:\/\/musee.oceano.org\/wp-content\/uploads\/sites\/2\/2019\/06\/Salle_de_la_Baleine-Son-et-lumi\u00e8res-M.Dagnino-24.jpg\" class=\"attachment-large size-large wp-image-7217\" alt=\"\" srcset=\"https:\/\/musee.oceano.org\/wp-content\/uploads\/sites\/2\/2019\/06\/Salle_de_la_Baleine-Son-et-lumi\u00e8res-M.Dagnino-24.jpg 425w, https:\/\/musee.oceano.org\/wp-content\/uploads\/sites\/2\/2019\/06\/Salle_de_la_Baleine-Son-et-lumi\u00e8res-M.Dagnino-24-300x200.jpg 300w\" sizes=\"(max-width: 425px) 100vw, 425px\" \/>\t\t\t\t\t\t\t\t\t\t\t\t\t\t\t<\/div>\n\t\t\t\t<\/div>\n\t\t\t\t\t<\/div>\n\t\t<\/div>\n\t\t\t\t\t<\/div>\n\t\t<\/section>\n\t\t\t\t\t<\/div>\n\t\t<\/div>\n\t\t\t\t\t<\/div>\n\t\t<\/section>\n\t\t\t\t<section class=\"elementor-section elementor-top-section elementor-element elementor-element-772969b text-basic animated-slow elementor-section-boxed elementor-section-height-default elementor-section-height-default elementor-invisible\" data-id=\"772969b\" data-element_type=\"section\" data-e-type=\"section\" data-settings=\"{&quot;background_background&quot;:&quot;classic&quot;,&quot;animation&quot;:&quot;fadeInUp&quot;}\">\n\t\t\t\t\t\t<div class=\"elementor-container elementor-column-gap-default\">\n\t\t\t\t\t<div class=\"elementor-column elementor-col-100 elementor-top-column elementor-element elementor-element-081ee44\" data-id=\"081ee44\" data-element_type=\"column\" data-e-type=\"column\">\n\t\t\t<div class=\"elementor-widget-wrap elementor-element-populated\">\n\t\t\t\t\t\t<div class=\"elementor-element elementor-element-545ae1a elementor-widget elementor-widget-heading\" data-id=\"545ae1a\" data-element_type=\"widget\" data-e-type=\"widget\" data-widget_type=\"heading.default\">\n\t\t\t\t<div class=\"elementor-widget-container\">\n\t\t\t\t\t<h2 class=\"elementor-heading-title elementor-size-default\">Como si nadaran juntos<\/h2>\t\t\t\t<\/div>\n\t\t\t\t<\/div>\n\t\t\t\t<div class=\"elementor-element elementor-element-a9240db elementor-widget elementor-widget-unfold\" data-id=\"a9240db\" data-element_type=\"widget\" data-e-type=\"widget\" data-settings=\"{&quot;visible_type&quot;:&quot;lines&quot;,&quot;visible_lines&quot;:{&quot;unit&quot;:&quot;px&quot;,&quot;size&quot;:3,&quot;sizes&quot;:[]},&quot;duration_unfold&quot;:{&quot;unit&quot;:&quot;px&quot;,&quot;size&quot;:0.5,&quot;sizes&quot;:[]},&quot;animation_unfold&quot;:&quot;Power4&quot;,&quot;easing_unfold&quot;:&quot;easeInOut&quot;,&quot;duration_fold&quot;:{&quot;unit&quot;:&quot;px&quot;,&quot;size&quot;:0.5,&quot;sizes&quot;:[]},&quot;animation_fold&quot;:&quot;Power4&quot;,&quot;easing_fold&quot;:&quot;easeInOut&quot;}\" data-widget_type=\"unfold.default\">\n\t\t\t\t<div class=\"elementor-widget-container\">\n\t\t\t\t\t<div class=\"ee-unfold\">\n\t\t\t<div class=\"ee-unfold__mask\">\n\t\t\t\t<div class=\"ee-unfold__content\">\n\t\t\t\t\t<p>Siguiendo a esta ballena, viajamos en el tiempo y nos adentramos en el mar, donde a\u00fan hoy viven miles de sus descendientes.<\/p>\n<p>Como en el Mediterr\u00e1neo, esta ballena no est\u00e1 sola. Otros trece esqueletos de mam\u00edferos marinos parecen estar nadando en su estela. La mayor\u00eda de ellos proceden de las numerosas expediciones que el Pr\u00edncipe Alberto I de M\u00f3naco ha realizado por los mares del mundo. Entre ellos hay un cachalote de ocho metros. Los m\u00e1s observadores podr\u00edan incluso contar todos sus huesos. Le ahorraremos esta tarea: \u00a1son precisamente 163!<\/p>\n\t\t\t\t<\/div>\n\t\t\t\t<div class=\"ee-unfold__separator\"><\/div>\n\t\t\t<\/div>\n\t\t\t<div class=\"ee-unfold__trigger\">\n\t\t\t\t<span class=\"ee-button-wrapper\">\n\t\t\t\t\t<span class=\"ee-button ee-size-sm\">\n\t\t\t\t\t\t<span class=\"ee-button-content-wrapper\"><span class=\"ee-icon ee-icon-support--svg ee-icon--left ee-button-icon ee-unfold__icon ee-unfold__icon--closed\"><i class=\"fa fa-plus\" aria-hidden=\"true\"><\/i><\/span><span class=\"ee-icon ee-icon-support--svg ee-icon--left ee-button-icon ee-unfold__icon ee-unfold__icon--open\"><i class=\"fa fa-minus\" aria-hidden=\"true\"><\/i><\/span><span class=\"ee-button-text\" data-close-label=\"Leer m\u00e1s\" data-open-label=\"Leer m\u00e1s\">Leer m\u00e1s<\/span>\n\t\t<\/span>\n\t\t\t\t\t\t\t<\/span>\n\t\t\t\t<\/span>\n\t\t\t<\/div>\n\t\t<\/div>\t\t\t\t<\/div>\n\t\t\t\t<\/div>\n\t\t\t\t\t<\/div>\n\t\t<\/div>\n\t\t\t\t\t<\/div>\n\t\t<\/section>\n\t\t\t\t<section class=\"elementor-section elementor-top-section elementor-element elementor-element-3cef0d76 elementor-section-boxed elementor-section-height-default elementor-section-height-default\" data-id=\"3cef0d76\" data-element_type=\"section\" data-e-type=\"section\" data-settings=\"{&quot;background_background&quot;:&quot;classic&quot;}\">\n\t\t\t\t\t\t<div class=\"elementor-container elementor-column-gap-default\">\n\t\t\t\t\t<div class=\"elementor-column elementor-col-100 elementor-top-column elementor-element elementor-element-3c91aa8b\" data-id=\"3c91aa8b\" data-element_type=\"column\" data-e-type=\"column\">\n\t\t\t<div class=\"elementor-widget-wrap elementor-element-populated\">\n\t\t\t\t\t\t<section class=\"elementor-section elementor-inner-section elementor-element elementor-element-32c45583 elementor-section-boxed elementor-section-height-default elementor-section-height-default\" data-id=\"32c45583\" data-element_type=\"section\" data-e-type=\"section\" data-settings=\"{&quot;background_background&quot;:&quot;classic&quot;}\">\n\t\t\t\t\t\t<div class=\"elementor-container elementor-column-gap-default\">\n\t\t\t\t\t<div class=\"elementor-column elementor-col-50 elementor-inner-column elementor-element elementor-element-7bb9062d\" data-id=\"7bb9062d\" data-element_type=\"column\" data-e-type=\"column\">\n\t\t\t<div class=\"elementor-widget-wrap elementor-element-populated\">\n\t\t\t\t\t\t<div class=\"elementor-element elementor-element-266f6958 elementor-widget elementor-widget-image\" data-id=\"266f6958\" data-element_type=\"widget\" data-e-type=\"widget\" data-widget_type=\"image.default\">\n\t\t\t\t<div class=\"elementor-widget-container\">\n\t\t\t\t\t\t\t\t\t\t\t\t\t\t\t<img decoding=\"async\" width=\"1024\" height=\"680\" src=\"https:\/\/musee.oceano.org\/wp-content\/uploads\/sites\/2\/2019\/06\/1-1-33_Animation-Sons-et-lumi\u00e4res_M_Dagnino-1024x680.jpg\" class=\"attachment-large size-large wp-image-4146\" alt=\"\" srcset=\"https:\/\/musee.oceano.org\/wp-content\/uploads\/sites\/2\/2019\/06\/1-1-33_Animation-Sons-et-lumi\u00e4res_M_Dagnino-1024x680.jpg 1024w, https:\/\/musee.oceano.org\/wp-content\/uploads\/sites\/2\/2019\/06\/1-1-33_Animation-Sons-et-lumi\u00e4res_M_Dagnino-300x199.jpg 300w, https:\/\/musee.oceano.org\/wp-content\/uploads\/sites\/2\/2019\/06\/1-1-33_Animation-Sons-et-lumi\u00e4res_M_Dagnino-768x510.jpg 768w\" sizes=\"(max-width: 1024px) 100vw, 1024px\" \/>\t\t\t\t\t\t\t\t\t\t\t\t\t\t\t<\/div>\n\t\t\t\t<\/div>\n\t\t\t\t\t<\/div>\n\t\t<\/div>\n\t\t\t\t<div class=\"elementor-column elementor-col-50 elementor-inner-column elementor-element elementor-element-6ef8fa23\" data-id=\"6ef8fa23\" data-element_type=\"column\" data-e-type=\"column\">\n\t\t\t<div class=\"elementor-widget-wrap elementor-element-populated\">\n\t\t\t\t\t\t<div class=\"elementor-element elementor-element-e2d68eb elementor-widget elementor-widget-heading\" data-id=\"e2d68eb\" data-element_type=\"widget\" data-e-type=\"widget\" data-widget_type=\"heading.default\">\n\t\t\t\t<div class=\"elementor-widget-container\">\n\t\t\t\t\t<h2 class=\"elementor-heading-title elementor-size-default\">Para ganar altura<\/h2>\t\t\t\t<\/div>\n\t\t\t\t<\/div>\n\t\t\t\t<div class=\"elementor-element elementor-element-22c4ac9 elementor-widget elementor-widget-unfold\" data-id=\"22c4ac9\" data-element_type=\"widget\" data-e-type=\"widget\" data-settings=\"{&quot;visible_type&quot;:&quot;lines&quot;,&quot;visible_lines&quot;:{&quot;unit&quot;:&quot;px&quot;,&quot;size&quot;:3,&quot;sizes&quot;:[]},&quot;duration_unfold&quot;:{&quot;unit&quot;:&quot;px&quot;,&quot;size&quot;:0.5,&quot;sizes&quot;:[]},&quot;animation_unfold&quot;:&quot;Power4&quot;,&quot;easing_unfold&quot;:&quot;easeInOut&quot;,&quot;duration_fold&quot;:{&quot;unit&quot;:&quot;px&quot;,&quot;size&quot;:0.5,&quot;sizes&quot;:[]},&quot;animation_fold&quot;:&quot;Power4&quot;,&quot;easing_fold&quot;:&quot;easeInOut&quot;}\" data-widget_type=\"unfold.default\">\n\t\t\t\t<div class=\"elementor-widget-container\">\n\t\t\t\t\t<div class=\"ee-unfold\">\n\t\t\t<div class=\"ee-unfold__mask\">\n\t\t\t\t<div class=\"ee-unfold__content\">\n\t\t\t\t\t<p>Los otros compa\u00f1eros de la ballena y el cachalote: delfines, una falsa orca, una ballena de Cuvier, un narval con su incre\u00edble cuerno proyectado como una lanza, etc.<\/p>\n<p>Para admirar mejor la persecuci\u00f3n de estos se\u00f1ores del mar y examinarlos con detalle, se puede obtener una buena vista de ellos recorriendo las galer\u00edas laterales del entresuelo.<\/p>\n<p>De paso, observamos que algunos tienen cinco dedos en el extremo de las aletas. Un detalle que los hace a\u00fan m\u00e1s familiares para nosotros&#8230; Para los curiosos, hay tabletas t\u00e1ctiles frente a cada ejemplar. Nos ayudan, entre otras cosas, a poner nombre al animal que hay detr\u00e1s de cada esqueleto.<\/p>\n\t\t\t\t<\/div>\n\t\t\t\t<div class=\"ee-unfold__separator\"><\/div>\n\t\t\t<\/div>\n\t\t\t<div class=\"ee-unfold__trigger\">\n\t\t\t\t<span class=\"ee-button-wrapper\">\n\t\t\t\t\t<span class=\"ee-button ee-size-sm\">\n\t\t\t\t\t\t<span class=\"ee-button-content-wrapper\"><span class=\"ee-icon ee-icon-support--svg ee-icon--left ee-button-icon ee-unfold__icon ee-unfold__icon--closed\"><i class=\"fa fa-plus\" aria-hidden=\"true\"><\/i><\/span><span class=\"ee-icon ee-icon-support--svg ee-icon--left ee-button-icon ee-unfold__icon ee-unfold__icon--open\"><i class=\"fa fa-minus\" aria-hidden=\"true\"><\/i><\/span><span class=\"ee-button-text\" data-close-label=\"Leer m\u00e1s\" data-open-label=\"Leer m\u00e1s\">Leer m\u00e1s<\/span>\n\t\t<\/span>\n\t\t\t\t\t\t\t<\/span>\n\t\t\t\t<\/span>\n\t\t\t<\/div>\n\t\t<\/div>\t\t\t\t<\/div>\n\t\t\t\t<\/div>\n\t\t\t\t\t<\/div>\n\t\t<\/div>\n\t\t\t\t\t<\/div>\n\t\t<\/section>\n\t\t\t\t\t<\/div>\n\t\t<\/div>\n\t\t\t\t\t<\/div>\n\t\t<\/section>\n\t\t\t\t<section class=\"elementor-section elementor-top-section elementor-element elementor-element-cd36747 text-basic elementor-section-boxed elementor-section-height-default elementor-section-height-default elementor-invisible\" data-id=\"cd36747\" data-element_type=\"section\" data-e-type=\"section\" data-settings=\"{&quot;background_background&quot;:&quot;classic&quot;,&quot;animation&quot;:&quot;fadeInUp&quot;}\">\n\t\t\t\t\t\t<div class=\"elementor-container elementor-column-gap-default\">\n\t\t\t\t\t<div class=\"elementor-column elementor-col-100 elementor-top-column elementor-element elementor-element-69eda93\" data-id=\"69eda93\" data-element_type=\"column\" data-e-type=\"column\">\n\t\t\t<div class=\"elementor-widget-wrap elementor-element-populated\">\n\t\t\t\t\t\t<div class=\"elementor-element elementor-element-754a88c elementor-widget elementor-widget-heading\" data-id=\"754a88c\" data-element_type=\"widget\" data-e-type=\"widget\" data-widget_type=\"heading.default\">\n\t\t\t\t<div class=\"elementor-widget-container\">\n\t\t\t\t\t<h2 class=\"elementor-heading-title elementor-size-default\">\u00bfLo sab\u00edas? <\/h2>\t\t\t\t<\/div>\n\t\t\t\t<\/div>\n\t\t\t\t<div class=\"elementor-element elementor-element-f8ba5cb elementor-widget elementor-widget-text-editor\" data-id=\"f8ba5cb\" data-element_type=\"widget\" data-e-type=\"widget\" data-widget_type=\"text-editor.default\">\n\t\t\t\t<div class=\"elementor-widget-container\">\n\t\t\t\t\t\t\t\t\t<p>Al comienzo de cada hora, un extra\u00f1o fen\u00f3meno da vida a estos venerables representantes de la vida submarina.<\/p>\n<p>Un espect\u00e1culo de luz y sonido orquestado por Xavier Perret, con m\u00fasica original de Clovis Schneider.<br \/>Esta puesta en escena fue creada para descubrir o redescubrir a los habitantes de esta sala bajo una luz diferente.<\/p>\n<p>\u00bfAlg\u00fan consejo? Est\u00e9 atento a sus relojes para poder estar all\u00ed en el momento adecuado y sorprender a sus amigos o hijos con este repentino cambio de ambiente. Adem\u00e1s de la colecci\u00f3n de historia natural del Museo, la Sala de las Ballenas acoge regularmente exposiciones temporales. Son muchas las razones que lo hacen imprescindible.<\/p>\n\t\t\t\t\t\t\t\t<\/div>\n\t\t\t\t<\/div>\n\t\t\t\t\t<\/div>\n\t\t<\/div>\n\t\t\t\t\t<\/div>\n\t\t<\/section>\n\t\t\t\t<\/div>\n\t\t","protected":false},"excerpt":{"rendered":"<p>\u00bfUna ballena en el Museo? Sala de la Ballena Pero es cierto: una de las joyas del Museo Oceanogr\u00e1fico es una ballena, \u00a1una de verdad! O, m\u00e1s exactamente, su gigantesco esqueleto: 18 metros de largo y casi tres toneladas de huesos. Tambi\u00e9n se exponen muchos otros mam\u00edferos marinos, para ser (re)descubiertos bajo una nueva luz. [&hellip;]<\/p>\n","protected":false},"author":1,"featured_media":0,"parent":27365,"menu_order":445,"comment_status":"closed","ping_status":"closed","template":"","meta":{"_acf_changed":false,"footnotes":""},"class_list":["post-27373","page","type-page","status-publish","hentry"],"acf":[],"yoast_head":"<!-- This site is optimized with the Yoast SEO plugin v27.2 - https:\/\/yoast.com\/product\/yoast-seo-wordpress\/ -->\n<title>Sala de la Ballena - Mus\u00e9e Oc\u00e9anographique de Monaco<\/title>\n<meta name=\"description\" content=\"Admire la ballena del museo. O, m\u00e1s exactamente, su gigantesco esqueleto: 18 metros de largo y casi tres toneladas de huesos.\" \/>\n<meta name=\"robots\" content=\"index, follow, max-snippet:-1, max-image-preview:large, max-video-preview:-1\" \/>\n<link rel=\"canonical\" href=\"https:\/\/musee.oceano.org\/espace-musee\/salle-de-la-baleine\/\" \/>\n<meta property=\"og:locale\" content=\"es_ES\" \/>\n<meta property=\"og:type\" content=\"article\" \/>\n<meta property=\"og:title\" content=\"Sala de la Ballena - Mus\u00e9e Oc\u00e9anographique de Monaco\" \/>\n<meta property=\"og:description\" content=\"Admire la ballena del museo. O, m\u00e1s exactamente, su gigantesco esqueleto: 18 metros de largo y casi tres toneladas de huesos.\" \/>\n<meta property=\"og:url\" content=\"https:\/\/musee.oceano.org\/espace-musee\/salle-de-la-baleine\/\" \/>\n<meta property=\"og:site_name\" content=\"Mus\u00e9e Oc\u00e9anographique de Monaco\" \/>\n<meta property=\"article:modified_time\" content=\"2021-06-28T15:39:44+00:00\" \/>\n<meta property=\"og:image\" content=\"https:\/\/musee.oceano.org\/wp-content\/uploads\/sites\/2\/2019\/08\/general-881x1024.png\" \/>\n<meta name=\"twitter:card\" content=\"summary_large_image\" \/>\n<meta name=\"twitter:label1\" content=\"Tiempo de lectura\" \/>\n\t<meta name=\"twitter:data1\" content=\"3 minutos\" \/>\n<script type=\"application\/ld+json\" class=\"yoast-schema-graph\">{\"@context\":\"https:\/\/schema.org\",\"@graph\":[{\"@type\":\"WebPage\",\"@id\":\"https:\/\/musee.oceano.org\/espace-musee\/salle-de-la-baleine\/\",\"url\":\"https:\/\/musee.oceano.org\/espace-musee\/salle-de-la-baleine\/\",\"name\":\"Sala de la Ballena - Mus\u00e9e Oc\u00e9anographique de Monaco\",\"isPartOf\":{\"@id\":\"https:\/\/musee.oceano.org\/#website\"},\"primaryImageOfPage\":{\"@id\":\"https:\/\/musee.oceano.org\/espace-musee\/salle-de-la-baleine\/#primaryimage\"},\"image\":{\"@id\":\"https:\/\/musee.oceano.org\/espace-musee\/salle-de-la-baleine\/#primaryimage\"},\"thumbnailUrl\":\"https:\/\/musee.oceano.org\/wp-content\/uploads\/sites\/2\/2019\/08\/general-881x1024.png\",\"datePublished\":\"2021-06-28T15:39:41+00:00\",\"dateModified\":\"2021-06-28T15:39:44+00:00\",\"description\":\"Admire la ballena del museo. O, m\u00e1s exactamente, su gigantesco esqueleto: 18 metros de largo y casi tres toneladas de huesos.\",\"breadcrumb\":{\"@id\":\"https:\/\/musee.oceano.org\/espace-musee\/salle-de-la-baleine\/#breadcrumb\"},\"inLanguage\":\"es\",\"potentialAction\":[{\"@type\":\"ReadAction\",\"target\":[\"https:\/\/musee.oceano.org\/espace-musee\/salle-de-la-baleine\/\"]}]},{\"@type\":\"ImageObject\",\"inLanguage\":\"es\",\"@id\":\"https:\/\/musee.oceano.org\/espace-musee\/salle-de-la-baleine\/#primaryimage\",\"url\":\"https:\/\/musee.oceano.org\/wp-content\/uploads\/sites\/2\/2019\/08\/general-881x1024.png\",\"contentUrl\":\"https:\/\/musee.oceano.org\/wp-content\/uploads\/sites\/2\/2019\/08\/general-881x1024.png\"},{\"@type\":\"BreadcrumbList\",\"@id\":\"https:\/\/musee.oceano.org\/espace-musee\/salle-de-la-baleine\/#breadcrumb\",\"itemListElement\":[{\"@type\":\"ListItem\",\"position\":1,\"name\":\"Home\",\"item\":\"https:\/\/musee.oceano.org\/es\/\"},{\"@type\":\"ListItem\",\"position\":2,\"name\":\"Zonas del museo\",\"item\":\"https:\/\/musee.oceano.org\/espace-musee\/\"},{\"@type\":\"ListItem\",\"position\":3,\"name\":\"Sala de la Ballena\"}]},{\"@type\":\"WebSite\",\"@id\":\"https:\/\/musee.oceano.org\/#website\",\"url\":\"https:\/\/musee.oceano.org\/\",\"name\":\"Mus\u00e9e Oc\u00e9anographique de Monaco\",\"description\":\"Faire conna\u00eetre, aimer et prot\u00e9ger les oc\u00e9ans\",\"potentialAction\":[{\"@type\":\"SearchAction\",\"target\":{\"@type\":\"EntryPoint\",\"urlTemplate\":\"https:\/\/musee.oceano.org\/?s={search_term_string}\"},\"query-input\":{\"@type\":\"PropertyValueSpecification\",\"valueRequired\":true,\"valueName\":\"search_term_string\"}}],\"inLanguage\":\"es\"}]}<\/script>\n<!-- \/ Yoast SEO plugin. -->","yoast_head_json":{"title":"Sala de la Ballena - Mus\u00e9e Oc\u00e9anographique de Monaco","description":"Admire la ballena del museo. O, m\u00e1s exactamente, su gigantesco esqueleto: 18 metros de largo y casi tres toneladas de huesos.","robots":{"index":"index","follow":"follow","max-snippet":"max-snippet:-1","max-image-preview":"max-image-preview:large","max-video-preview":"max-video-preview:-1"},"canonical":"https:\/\/musee.oceano.org\/espace-musee\/salle-de-la-baleine\/","og_locale":"es_ES","og_type":"article","og_title":"Sala de la Ballena - Mus\u00e9e Oc\u00e9anographique de Monaco","og_description":"Admire la ballena del museo. O, m\u00e1s exactamente, su gigantesco esqueleto: 18 metros de largo y casi tres toneladas de huesos.","og_url":"https:\/\/musee.oceano.org\/espace-musee\/salle-de-la-baleine\/","og_site_name":"Mus\u00e9e Oc\u00e9anographique de Monaco","article_modified_time":"2021-06-28T15:39:44+00:00","og_image":[{"url":"https:\/\/musee.oceano.org\/wp-content\/uploads\/sites\/2\/2019\/08\/general-881x1024.png","type":"","width":"","height":""}],"twitter_card":"summary_large_image","twitter_misc":{"Tiempo de lectura":"3 minutos"},"schema":{"@context":"https:\/\/schema.org","@graph":[{"@type":"WebPage","@id":"https:\/\/musee.oceano.org\/espace-musee\/salle-de-la-baleine\/","url":"https:\/\/musee.oceano.org\/espace-musee\/salle-de-la-baleine\/","name":"Sala de la Ballena - Mus\u00e9e Oc\u00e9anographique de Monaco","isPartOf":{"@id":"https:\/\/musee.oceano.org\/#website"},"primaryImageOfPage":{"@id":"https:\/\/musee.oceano.org\/espace-musee\/salle-de-la-baleine\/#primaryimage"},"image":{"@id":"https:\/\/musee.oceano.org\/espace-musee\/salle-de-la-baleine\/#primaryimage"},"thumbnailUrl":"https:\/\/musee.oceano.org\/wp-content\/uploads\/sites\/2\/2019\/08\/general-881x1024.png","datePublished":"2021-06-28T15:39:41+00:00","dateModified":"2021-06-28T15:39:44+00:00","description":"Admire la ballena del museo. O, m\u00e1s exactamente, su gigantesco esqueleto: 18 metros de largo y casi tres toneladas de huesos.","breadcrumb":{"@id":"https:\/\/musee.oceano.org\/espace-musee\/salle-de-la-baleine\/#breadcrumb"},"inLanguage":"es","potentialAction":[{"@type":"ReadAction","target":["https:\/\/musee.oceano.org\/espace-musee\/salle-de-la-baleine\/"]}]},{"@type":"ImageObject","inLanguage":"es","@id":"https:\/\/musee.oceano.org\/espace-musee\/salle-de-la-baleine\/#primaryimage","url":"https:\/\/musee.oceano.org\/wp-content\/uploads\/sites\/2\/2019\/08\/general-881x1024.png","contentUrl":"https:\/\/musee.oceano.org\/wp-content\/uploads\/sites\/2\/2019\/08\/general-881x1024.png"},{"@type":"BreadcrumbList","@id":"https:\/\/musee.oceano.org\/espace-musee\/salle-de-la-baleine\/#breadcrumb","itemListElement":[{"@type":"ListItem","position":1,"name":"Home","item":"https:\/\/musee.oceano.org\/es\/"},{"@type":"ListItem","position":2,"name":"Zonas del museo","item":"https:\/\/musee.oceano.org\/espace-musee\/"},{"@type":"ListItem","position":3,"name":"Sala de la Ballena"}]},{"@type":"WebSite","@id":"https:\/\/musee.oceano.org\/#website","url":"https:\/\/musee.oceano.org\/","name":"Mus\u00e9e Oc\u00e9anographique de Monaco","description":"Faire conna\u00eetre, aimer et prot\u00e9ger les oc\u00e9ans","potentialAction":[{"@type":"SearchAction","target":{"@type":"EntryPoint","urlTemplate":"https:\/\/musee.oceano.org\/?s={search_term_string}"},"query-input":{"@type":"PropertyValueSpecification","valueRequired":true,"valueName":"search_term_string"}}],"inLanguage":"es"}]}},"_links":{"self":[{"href":"https:\/\/musee.oceano.org\/es\/wp-json\/wp\/v2\/pages\/27373","targetHints":{"allow":["GET"]}}],"collection":[{"href":"https:\/\/musee.oceano.org\/es\/wp-json\/wp\/v2\/pages"}],"about":[{"href":"https:\/\/musee.oceano.org\/es\/wp-json\/wp\/v2\/types\/page"}],"author":[{"embeddable":true,"href":"https:\/\/musee.oceano.org\/es\/wp-json\/wp\/v2\/users\/1"}],"replies":[{"embeddable":true,"href":"https:\/\/musee.oceano.org\/es\/wp-json\/wp\/v2\/comments?post=27373"}],"version-history":[{"count":4,"href":"https:\/\/musee.oceano.org\/es\/wp-json\/wp\/v2\/pages\/27373\/revisions"}],"predecessor-version":[{"id":27383,"href":"https:\/\/musee.oceano.org\/es\/wp-json\/wp\/v2\/pages\/27373\/revisions\/27383"}],"up":[{"embeddable":true,"href":"https:\/\/musee.oceano.org\/es\/wp-json\/wp\/v2\/pages\/27365"}],"wp:attachment":[{"href":"https:\/\/musee.oceano.org\/es\/wp-json\/wp\/v2\/media?parent=27373"}],"curies":[{"name":"wp","href":"https:\/\/api.w.org\/{rel}","templated":true}]}}