{"id":27382,"date":"2021-06-28T17:39:43","date_gmt":"2021-06-28T15:39:43","guid":{"rendered":"https:\/\/musee.oceano.org\/privatizar-nuestros-espacios\/"},"modified":"2023-04-27T09:50:18","modified_gmt":"2023-04-27T07:50:18","slug":"privatizar-nuestros-espacios","status":"publish","type":"page","link":"https:\/\/musee.oceano.org\/es\/privatizar-nuestros-espacios\/","title":{"rendered":"Privatizar nuestros espacios"},"content":{"rendered":"\t\t<div data-elementor-type=\"wp-post\" data-elementor-id=\"27382\" class=\"elementor elementor-27382 elementor-5405\" data-elementor-post-type=\"page\">\n\t\t\t\t\t\t<section class=\"elementor-section elementor-top-section elementor-element elementor-element-46caf9de elementor-section-full_width elementor-section-height-default elementor-section-height-default\" data-id=\"46caf9de\" data-element_type=\"section\" data-e-type=\"section\">\n\t\t\t\t\t\t<div class=\"elementor-container elementor-column-gap-no\">\n\t\t\t\t\t<div class=\"elementor-column elementor-col-100 elementor-top-column elementor-element elementor-element-13f9a3a6\" data-id=\"13f9a3a6\" data-element_type=\"column\" data-e-type=\"column\">\n\t\t\t<div class=\"elementor-widget-wrap elementor-element-populated\">\n\t\t\t\t\t\t<div class=\"elementor-element elementor-element-19f35544 elementor--h-position-center elementor--v-position-middle elementor-widget elementor-widget-slides\" data-id=\"19f35544\" data-element_type=\"widget\" data-e-type=\"widget\" data-settings=\"{&quot;navigation&quot;:&quot;none&quot;,&quot;infinite&quot;:&quot;yes&quot;,&quot;transition&quot;:&quot;slide&quot;,&quot;transition_speed&quot;:500}\" data-widget_type=\"slides.default\">\n\t\t\t\t<div class=\"elementor-widget-container\">\n\t\t\t\t\t\t\t\t\t<div class=\"elementor-swiper\">\n\t\t\t\t\t<div class=\"elementor-slides-wrapper elementor-main-swiper swiper\" role=\"region\" aria-roledescription=\"carousel\" aria-label=\"Diapositivas\" dir=\"ltr\" data-animation=\"zoomIn\">\n\t\t\t\t<div class=\"swiper-wrapper elementor-slides\">\n\t\t\t\t\t\t\t\t\t\t<div class=\"elementor-repeater-item-891be05 swiper-slide\" role=\"group\" aria-roledescription=\"slide\"><div class=\"swiper-slide-bg elementor-ken-burns elementor-ken-burns--out\" role=\"img\" aria-label=\"Mus\u00e9e Oc\u00e9anographique de Monaco, Diner des Gouverneurs\"><\/div><div class=\"elementor-background-overlay\"><\/div><div class=\"swiper-slide-inner\" ><div class=\"swiper-slide-contents\"><h1 class=\"elementor-slide-heading\">Su evento en el Museo<\/h1><\/div><\/div><\/div>\t\t\t\t<\/div>\n\t\t\t\t\t\t\t<\/div>\n\t\t\t\t<\/div>\n\t\t\t\t\t\t\t\t<\/div>\n\t\t\t\t<\/div>\n\t\t\t\t\t<\/div>\n\t\t<\/div>\n\t\t\t\t\t<\/div>\n\t\t<\/section>\n\t\t\t\t<section class=\"elementor-section elementor-top-section elementor-element elementor-element-18631dae elementor-section-full_width breadcrumb-basuc elementor-section-height-default elementor-section-height-default\" data-id=\"18631dae\" data-element_type=\"section\" data-e-type=\"section\" data-settings=\"{&quot;background_background&quot;:&quot;classic&quot;}\">\n\t\t\t\t\t\t<div class=\"elementor-container elementor-column-gap-default\">\n\t\t\t\t\t<div class=\"elementor-column elementor-col-100 elementor-top-column elementor-element elementor-element-78d411d9\" data-id=\"78d411d9\" data-element_type=\"column\" data-e-type=\"column\">\n\t\t\t<div class=\"elementor-widget-wrap elementor-element-populated\">\n\t\t\t\t\t\t<div class=\"elementor-element elementor-element-72aaeb4c elementor-widget elementor-widget-ee-breadcrumbs\" data-id=\"72aaeb4c\" data-element_type=\"widget\" data-e-type=\"widget\" data-widget_type=\"ee-breadcrumbs.default\">\n\t\t\t\t<div class=\"elementor-widget-container\">\n\t\t\t\t\t<ul class=\"ee-breadcrumbs\" itemscope=\"\" itemtype=\"http:\/\/schema.org\/BreadcrumbList\"><\/ul>\t\t\t\t<\/div>\n\t\t\t\t<\/div>\n\t\t\t\t\t<\/div>\n\t\t<\/div>\n\t\t\t\t\t<\/div>\n\t\t<\/section>\n\t\t\t\t<section class=\"elementor-section elementor-top-section elementor-element elementor-element-13145fa7 text-basic animated-slow elementor-section-boxed elementor-section-height-default elementor-section-height-default elementor-invisible\" data-id=\"13145fa7\" data-element_type=\"section\" data-e-type=\"section\" data-settings=\"{&quot;background_background&quot;:&quot;classic&quot;,&quot;animation&quot;:&quot;fadeIn&quot;}\">\n\t\t\t\t\t\t<div class=\"elementor-container elementor-column-gap-default\">\n\t\t\t\t\t<div class=\"elementor-column elementor-col-50 elementor-top-column elementor-element elementor-element-6831c72\" data-id=\"6831c72\" data-element_type=\"column\" data-e-type=\"column\">\n\t\t\t<div class=\"elementor-widget-wrap elementor-element-populated\">\n\t\t\t\t\t\t<div class=\"elementor-element elementor-element-714585c8 elementor-widget elementor-widget-heading\" data-id=\"714585c8\" data-element_type=\"widget\" data-e-type=\"widget\" data-widget_type=\"heading.default\">\n\t\t\t\t<div class=\"elementor-widget-container\">\n\t\t\t\t\t<h3 class=\"elementor-heading-title elementor-size-default\">Privatizar<br>\nnuestros espacios<\/h3>\t\t\t\t<\/div>\n\t\t\t\t<\/div>\n\t\t\t\t\t<\/div>\n\t\t<\/div>\n\t\t\t\t<div class=\"elementor-column elementor-col-50 elementor-top-column elementor-element elementor-element-731ddd7b\" data-id=\"731ddd7b\" data-element_type=\"column\" data-e-type=\"column\">\n\t\t\t<div class=\"elementor-widget-wrap elementor-element-populated\">\n\t\t\t\t\t\t<div class=\"elementor-element elementor-element-3a27f16c elementor-widget elementor-widget-text-editor\" data-id=\"3a27f16c\" data-element_type=\"widget\" data-e-type=\"widget\" data-widget_type=\"text-editor.default\">\n\t\t\t\t<div class=\"elementor-widget-container\">\n\t\t\t\t\t\t\t\t\t<p class=\"p1\">Si busca un marco excepcional para organizar un c\u00f3ctel, una cena de gala, una conferencia, la proyecci\u00f3n de una pel\u00edcula o una jornada de estudio, el Museo Oceanogr\u00e1fico es un lugar privilegiado para sus eventos de prestigio. En el coraz\u00f3n del Principado de M\u00f3naco, al borde del acantilado, el Museo Oceanogr\u00e1fico ofrece un entorno \u00fanico, refinado y profesional.  <\/p>\n\t\t\t\t\t\t\t\t<\/div>\n\t\t\t\t<\/div>\n\t\t\t\t<div class=\"elementor-element elementor-element-824556f elementor-align-center elementor-widget elementor-widget-button\" data-id=\"824556f\" data-element_type=\"widget\" data-e-type=\"widget\" data-widget_type=\"button.default\">\n\t\t\t\t<div class=\"elementor-widget-container\">\n\t\t\t\t\t\t\t\t\t<div class=\"elementor-button-wrapper\">\n\t\t\t\t\t<a class=\"elementor-button elementor-button-link elementor-size-sm\" href=\"https:\/\/musee.oceano.org\/wp-content\/uploads\/sites\/2\/2019\/10\/MOM-Ev\u00e8nementiel-A4.pdf\" target=\"_blank\">\n\t\t\t\t\t\t<span class=\"elementor-button-content-wrapper\">\n\t\t\t\t\t\t\t\t\t<span class=\"elementor-button-text\">Descargue nuestro folleto<\/span>\n\t\t\t\t\t<\/span>\n\t\t\t\t\t<\/a>\n\t\t\t\t<\/div>\n\t\t\t\t\t\t\t\t<\/div>\n\t\t\t\t<\/div>\n\t\t\t\t<div class=\"elementor-element elementor-element-fce61a1 elementor-align-center elementor-widget elementor-widget-button\" data-id=\"fce61a1\" data-element_type=\"widget\" data-e-type=\"widget\" data-widget_type=\"button.default\">\n\t\t\t\t<div class=\"elementor-widget-container\">\n\t\t\t\t\t\t\t\t\t<div class=\"elementor-button-wrapper\">\n\t\t\t\t\t<a class=\"elementor-button elementor-button-link elementor-size-sm\" href=\"https:\/\/service-public-entreprises.gouv.mc\/En-cours-d-activite\/Autorisations-ponctuelles\/Communications-et-media\/Demander-une-autorisation-de-prises-de-vues-en-Principaute-de-Monaco\" target=\"_blank\">\n\t\t\t\t\t\t<span class=\"elementor-button-content-wrapper\">\n\t\t\t\t\t\t\t\t\t<span class=\"elementor-button-text\">Solicitud de permiso de rodaje en el Principado de M\u00f3naco<\/span>\n\t\t\t\t\t<\/span>\n\t\t\t\t\t<\/a>\n\t\t\t\t<\/div>\n\t\t\t\t\t\t\t\t<\/div>\n\t\t\t\t<\/div>\n\t\t\t\t\t<\/div>\n\t\t<\/div>\n\t\t\t\t\t<\/div>\n\t\t<\/section>\n\t\t\t\t<section class=\"elementor-section elementor-top-section elementor-element elementor-element-4151a7a elementor-section-boxed elementor-section-height-default elementor-section-height-default\" data-id=\"4151a7a\" data-element_type=\"section\" data-e-type=\"section\">\n\t\t\t\t\t\t<div class=\"elementor-container elementor-column-gap-default\">\n\t\t\t\t\t<div class=\"elementor-column elementor-col-100 elementor-top-column elementor-element elementor-element-456ad79\" data-id=\"456ad79\" data-element_type=\"column\" data-e-type=\"column\">\n\t\t\t<div class=\"elementor-widget-wrap elementor-element-populated\">\n\t\t\t\t\t\t<section class=\"elementor-section elementor-inner-section elementor-element elementor-element-a7a171b elementor-section-boxed elementor-section-height-default elementor-section-height-default\" data-id=\"a7a171b\" data-element_type=\"section\" data-e-type=\"section\">\n\t\t\t\t\t\t<div class=\"elementor-container elementor-column-gap-default\">\n\t\t\t\t\t<div class=\"elementor-column elementor-col-100 elementor-inner-column elementor-element elementor-element-b4faeae\" data-id=\"b4faeae\" data-element_type=\"column\" data-e-type=\"column\" data-settings=\"{&quot;background_background&quot;:&quot;classic&quot;}\">\n\t\t\t<div class=\"elementor-widget-wrap elementor-element-populated\">\n\t\t\t\t\t\t<div class=\"elementor-element elementor-element-ddfd914 elementor-widget elementor-widget-image\" data-id=\"ddfd914\" data-element_type=\"widget\" data-e-type=\"widget\" data-widget_type=\"image.default\">\n\t\t\t\t<div class=\"elementor-widget-container\">\n\t\t\t\t\t\t\t\t\t\t\t\t\t\t\t<img fetchpriority=\"high\" decoding=\"async\" width=\"1024\" height=\"1448\" src=\"https:\/\/musee.oceano.org\/wp-content\/uploads\/sites\/2\/2023\/04\/PLAN_EVENT_280223_BLANC.jpg\" class=\"attachment-full size-full wp-image-46296\" alt=\"\" srcset=\"https:\/\/musee.oceano.org\/wp-content\/uploads\/sites\/2\/2023\/04\/PLAN_EVENT_280223_BLANC.jpg 1024w, https:\/\/musee.oceano.org\/wp-content\/uploads\/sites\/2\/2023\/04\/PLAN_EVENT_280223_BLANC-212x300.jpg 212w, https:\/\/musee.oceano.org\/wp-content\/uploads\/sites\/2\/2023\/04\/PLAN_EVENT_280223_BLANC-724x1024.jpg 724w, https:\/\/musee.oceano.org\/wp-content\/uploads\/sites\/2\/2023\/04\/PLAN_EVENT_280223_BLANC-768x1086.jpg 768w\" sizes=\"(max-width: 1024px) 100vw, 1024px\" \/>\t\t\t\t\t\t\t\t\t\t\t\t\t\t\t<\/div>\n\t\t\t\t<\/div>\n\t\t\t\t<div class=\"elementor-element elementor-element-3e0f485 elementor-widget elementor-widget-spacer\" data-id=\"3e0f485\" data-element_type=\"widget\" data-e-type=\"widget\" data-widget_type=\"spacer.default\">\n\t\t\t\t<div class=\"elementor-widget-container\">\n\t\t\t\t\t\t\t<div class=\"elementor-spacer\">\n\t\t\t<div class=\"elementor-spacer-inner\"><\/div>\n\t\t<\/div>\n\t\t\t\t\t\t<\/div>\n\t\t\t\t<\/div>\n\t\t\t\t<div class=\"elementor-element elementor-element-9bec23b elementor-align-center elementor-widget elementor-widget-button\" data-id=\"9bec23b\" data-element_type=\"widget\" data-e-type=\"widget\" data-widget_type=\"button.default\">\n\t\t\t\t<div class=\"elementor-widget-container\">\n\t\t\t\t\t\t\t\t\t<div class=\"elementor-button-wrapper\">\n\t\t\t\t\t<a class=\"elementor-button elementor-button-link elementor-size-sm\" href=\"https:\/\/musee.oceano.org\/wp-content\/uploads\/sites\/2\/2023\/04\/PLAN_EVENT_280223_HD_BLANC.pdf\">\n\t\t\t\t\t\t<span class=\"elementor-button-content-wrapper\">\n\t\t\t\t\t\t\t\t\t<span class=\"elementor-button-text\">descargar el mapa<\/span>\n\t\t\t\t\t<\/span>\n\t\t\t\t\t<\/a>\n\t\t\t\t<\/div>\n\t\t\t\t\t\t\t\t<\/div>\n\t\t\t\t<\/div>\n\t\t\t\t\t<\/div>\n\t\t<\/div>\n\t\t\t\t\t<\/div>\n\t\t<\/section>\n\t\t\t\t\t<\/div>\n\t\t<\/div>\n\t\t\t\t\t<\/div>\n\t\t<\/section>\n\t\t\t\t<section class=\"elementor-section elementor-top-section elementor-element elementor-element-28ef0e8 elementor-section-boxed elementor-section-height-default elementor-section-height-default\" data-id=\"28ef0e8\" data-element_type=\"section\" data-e-type=\"section\">\n\t\t\t\t\t\t<div class=\"elementor-container elementor-column-gap-default\">\n\t\t\t\t\t<div class=\"elementor-column elementor-col-100 elementor-top-column elementor-element elementor-element-a67beec\" data-id=\"a67beec\" data-element_type=\"column\" data-e-type=\"column\">\n\t\t\t<div class=\"elementor-widget-wrap elementor-element-populated\">\n\t\t\t\t\t\t<section class=\"elementor-section elementor-inner-section elementor-element elementor-element-0321192 elementor-section-boxed elementor-section-height-default elementor-section-height-default\" data-id=\"0321192\" data-element_type=\"section\" data-e-type=\"section\">\n\t\t\t\t\t\t<div class=\"elementor-container elementor-column-gap-default\">\n\t\t\t\t\t<div class=\"elementor-column elementor-col-100 elementor-inner-column elementor-element elementor-element-01ad16b\" data-id=\"01ad16b\" data-element_type=\"column\" data-e-type=\"column\" data-settings=\"{&quot;background_background&quot;:&quot;classic&quot;}\">\n\t\t\t<div class=\"elementor-widget-wrap elementor-element-populated\">\n\t\t\t\t\t\t<div class=\"elementor-element elementor-element-7e4611a elementor-widget elementor-widget-image\" data-id=\"7e4611a\" data-element_type=\"widget\" data-e-type=\"widget\" data-widget_type=\"image.default\">\n\t\t\t\t<div class=\"elementor-widget-container\">\n\t\t\t\t\t\t\t\t\t\t\t\t\t\t\t<img decoding=\"async\" width=\"1024\" height=\"576\" src=\"https:\/\/musee.oceano.org\/wp-content\/uploads\/sites\/2\/2022\/11\/F-Capacites-1024x576.jpg\" class=\"attachment-large size-large wp-image-44746\" alt=\"\" srcset=\"https:\/\/musee.oceano.org\/wp-content\/uploads\/sites\/2\/2022\/11\/F-Capacites-1024x576.jpg 1024w, https:\/\/musee.oceano.org\/wp-content\/uploads\/sites\/2\/2022\/11\/F-Capacites-300x169.jpg 300w, https:\/\/musee.oceano.org\/wp-content\/uploads\/sites\/2\/2022\/11\/F-Capacites-768x432.jpg 768w, https:\/\/musee.oceano.org\/wp-content\/uploads\/sites\/2\/2022\/11\/F-Capacites-580x326.jpg 580w, https:\/\/musee.oceano.org\/wp-content\/uploads\/sites\/2\/2022\/11\/F-Capacites.jpg 1280w\" sizes=\"(max-width: 1024px) 100vw, 1024px\" \/>\t\t\t\t\t\t\t\t\t\t\t\t\t\t\t<\/div>\n\t\t\t\t<\/div>\n\t\t\t\t<div class=\"elementor-element elementor-element-13354ea elementor-widget elementor-widget-spacer\" data-id=\"13354ea\" data-element_type=\"widget\" data-e-type=\"widget\" data-widget_type=\"spacer.default\">\n\t\t\t\t<div class=\"elementor-widget-container\">\n\t\t\t\t\t\t\t<div class=\"elementor-spacer\">\n\t\t\t<div class=\"elementor-spacer-inner\"><\/div>\n\t\t<\/div>\n\t\t\t\t\t\t<\/div>\n\t\t\t\t<\/div>\n\t\t\t\t<div class=\"elementor-element elementor-element-1f515aa elementor-align-center elementor-widget elementor-widget-button\" data-id=\"1f515aa\" data-element_type=\"widget\" data-e-type=\"widget\" data-widget_type=\"button.default\">\n\t\t\t\t<div class=\"elementor-widget-container\">\n\t\t\t\t\t\t\t\t\t<div class=\"elementor-button-wrapper\">\n\t\t\t\t\t<a class=\"elementor-button elementor-button-link elementor-size-sm\" href=\"https:\/\/musee.oceano.org\/wp-content\/uploads\/sites\/2\/2023\/04\/F-Capacites.pdf\">\n\t\t\t\t\t\t<span class=\"elementor-button-content-wrapper\">\n\t\t\t\t\t\t\t\t\t<span class=\"elementor-button-text\">descargar el cuadro de capacidades <\/span>\n\t\t\t\t\t<\/span>\n\t\t\t\t\t<\/a>\n\t\t\t\t<\/div>\n\t\t\t\t\t\t\t\t<\/div>\n\t\t\t\t<\/div>\n\t\t\t\t\t<\/div>\n\t\t<\/div>\n\t\t\t\t\t<\/div>\n\t\t<\/section>\n\t\t\t\t\t<\/div>\n\t\t<\/div>\n\t\t\t\t\t<\/div>\n\t\t<\/section>\n\t\t\t\t<section class=\"elementor-section elementor-top-section elementor-element elementor-element-60ea9d4 elementor-section-boxed elementor-section-height-default elementor-section-height-default\" data-id=\"60ea9d4\" data-element_type=\"section\" data-e-type=\"section\">\n\t\t\t\t\t\t<div class=\"elementor-container elementor-column-gap-default\">\n\t\t\t\t\t<div class=\"elementor-column elementor-col-100 elementor-top-column elementor-element elementor-element-82d5171\" data-id=\"82d5171\" data-element_type=\"column\" data-e-type=\"column\">\n\t\t\t<div class=\"elementor-widget-wrap elementor-element-populated\">\n\t\t\t\t\t\t<div class=\"elementor-element elementor-element-694c651 elementor-widget elementor-widget-video\" data-id=\"694c651\" data-element_type=\"widget\" data-e-type=\"widget\" data-settings=\"{&quot;youtube_url&quot;:&quot;https:\\\/\\\/www.youtube.com\\\/watch?v=2DvIS5_DOns&amp;feature=youtu.be&quot;,&quot;show_image_overlay&quot;:&quot;yes&quot;,&quot;image_overlay&quot;:{&quot;url&quot;:&quot;https:\\\/\\\/musee.oceano.org\\\/wp-content\\\/uploads\\\/sites\\\/2\\\/2019\\\/09\\\/Film-Event.jpg&quot;,&quot;id&quot;:&quot;10768&quot;,&quot;size&quot;:&quot;&quot;},&quot;video_type&quot;:&quot;youtube&quot;,&quot;controls&quot;:&quot;yes&quot;}\" data-widget_type=\"video.default\">\n\t\t\t\t<div class=\"elementor-widget-container\">\n\t\t\t\t\t\t\t<div class=\"elementor-wrapper elementor-open-inline\">\n\t\t\t<div class=\"elementor-video\"><\/div>\t\t\t\t<div class=\"elementor-custom-embed-image-overlay\" style=\"background-image: url(https:\/\/musee.oceano.org\/wp-content\/uploads\/sites\/2\/2019\/09\/Film-Event.jpg);\">\n\t\t\t\t\t\t\t\t\t\t\t\t\t\t\t\t<div class=\"elementor-custom-embed-play\" role=\"button\" aria-label=\"Reproducir v\u00eddeo\" tabindex=\"0\">\n\t\t\t\t\t\t\t<i aria-hidden=\"true\" class=\"eicon-play\"><\/i>\t\t\t\t\t\t<\/div>\n\t\t\t\t\t\t\t\t\t<\/div>\n\t\t\t\t\t<\/div>\n\t\t\t\t\t\t<\/div>\n\t\t\t\t<\/div>\n\t\t\t\t<div class=\"elementor-element elementor-element-a9135a8 elementor-widget elementor-widget-text-editor\" data-id=\"a9135a8\" data-element_type=\"widget\" data-e-type=\"widget\" data-widget_type=\"text-editor.default\">\n\t\t\t\t<div class=\"elementor-widget-container\">\n\t\t\t\t\t\t\t\t\t<p><em>Tenga en cuenta que las capacidades anunciadas en este v\u00eddeo no tienen en cuenta las medidas sanitarias \u00abCOVID &#8211; 19\u00bb.<\/em><\/p>\n\t\t\t\t\t\t\t\t<\/div>\n\t\t\t\t<\/div>\n\t\t\t\t\t<\/div>\n\t\t<\/div>\n\t\t\t\t\t<\/div>\n\t\t<\/section>\n\t\t\t\t<section class=\"elementor-section elementor-top-section elementor-element elementor-element-4ad2b2a7 bloc-bigimg-imgr elementor-section-boxed elementor-section-height-default elementor-section-height-default\" data-id=\"4ad2b2a7\" data-element_type=\"section\" data-e-type=\"section\" data-settings=\"{&quot;background_background&quot;:&quot;classic&quot;}\">\n\t\t\t\t\t\t<div class=\"elementor-container elementor-column-gap-default\">\n\t\t\t\t\t<div class=\"elementor-column elementor-col-100 elementor-top-column elementor-element elementor-element-2af8dbcb\" data-id=\"2af8dbcb\" data-element_type=\"column\" data-e-type=\"column\">\n\t\t\t<div class=\"elementor-widget-wrap elementor-element-populated\">\n\t\t\t\t\t\t<section class=\"elementor-section elementor-inner-section elementor-element elementor-element-289cf49b elementor-section-boxed elementor-section-height-default elementor-section-height-default\" data-id=\"289cf49b\" data-element_type=\"section\" data-e-type=\"section\" data-settings=\"{&quot;background_background&quot;:&quot;classic&quot;}\">\n\t\t\t\t\t\t<div class=\"elementor-container elementor-column-gap-default\">\n\t\t\t\t\t<div class=\"elementor-column elementor-col-50 elementor-inner-column elementor-element elementor-element-5f11c513\" data-id=\"5f11c513\" data-element_type=\"column\" data-e-type=\"column\">\n\t\t\t<div class=\"elementor-widget-wrap elementor-element-populated\">\n\t\t\t\t\t\t<div class=\"elementor-element elementor-element-3530b8c1 elementor-widget elementor-widget-heading\" data-id=\"3530b8c1\" data-element_type=\"widget\" data-e-type=\"widget\" data-widget_type=\"heading.default\">\n\t\t\t\t<div class=\"elementor-widget-container\">\n\t\t\t\t\t<h2 class=\"elementor-heading-title elementor-size-default\">Etiqueta de seguridad de M\u00f3naco<\/h2>\t\t\t\t<\/div>\n\t\t\t\t<\/div>\n\t\t\t\t<div class=\"elementor-element elementor-element-53d7886 elementor-widget elementor-widget-text-editor\" data-id=\"53d7886\" data-element_type=\"widget\" data-e-type=\"widget\" data-widget_type=\"text-editor.default\">\n\t\t\t\t<div class=\"elementor-widget-container\">\n\t\t\t\t\t\t\t\t\t<p>El Museo Oceanogr\u00e1fico ha recibido la etiqueta Monaco Safe, que garantiza a los visitantes y a los organizadores de eventos unas condiciones sanitarias \u00f3ptimas mediante la aplicaci\u00f3n de las medidas de barrera y de prevenci\u00f3n recomendadas por el gobierno monegasco.<\/p>\n\t\t\t\t\t\t\t\t<\/div>\n\t\t\t\t<\/div>\n\t\t\t\t\t<\/div>\n\t\t<\/div>\n\t\t\t\t<div class=\"elementor-column elementor-col-50 elementor-inner-column elementor-element elementor-element-1718d0c0\" data-id=\"1718d0c0\" data-element_type=\"column\" data-e-type=\"column\">\n\t\t\t<div class=\"elementor-widget-wrap elementor-element-populated\">\n\t\t\t\t\t\t<div class=\"elementor-element elementor-element-fd405ac elementor-widget elementor-widget-image\" data-id=\"fd405ac\" data-element_type=\"widget\" data-e-type=\"widget\" data-widget_type=\"image.default\">\n\t\t\t\t<div class=\"elementor-widget-container\">\n\t\t\t\t\t\t\t\t\t\t\t\t\t\t\t<img decoding=\"async\" width=\"300\" height=\"300\" src=\"https:\/\/musee.oceano.org\/wp-content\/uploads\/sites\/2\/2020\/09\/MonacoSafe\u00ae_Q\u00b0-300x300.jpg\" class=\"attachment-medium size-medium wp-image-18779\" alt=\"\" srcset=\"https:\/\/musee.oceano.org\/wp-content\/uploads\/sites\/2\/2020\/09\/MonacoSafe\u00ae_Q\u00b0-300x300.jpg 300w, https:\/\/musee.oceano.org\/wp-content\/uploads\/sites\/2\/2020\/09\/MonacoSafe\u00ae_Q\u00b0-150x150.jpg 150w, https:\/\/musee.oceano.org\/wp-content\/uploads\/sites\/2\/2020\/09\/MonacoSafe\u00ae_Q\u00b0-768x768.jpg 768w, https:\/\/musee.oceano.org\/wp-content\/uploads\/sites\/2\/2020\/09\/MonacoSafe\u00ae_Q\u00b0-433x433.jpg 433w, https:\/\/musee.oceano.org\/wp-content\/uploads\/sites\/2\/2020\/09\/MonacoSafe\u00ae_Q\u00b0-334x334.jpg 334w, https:\/\/musee.oceano.org\/wp-content\/uploads\/sites\/2\/2020\/09\/MonacoSafe\u00ae_Q\u00b0.jpg 1000w\" sizes=\"(max-width: 300px) 100vw, 300px\" \/>\t\t\t\t\t\t\t\t\t\t\t\t\t\t\t<\/div>\n\t\t\t\t<\/div>\n\t\t\t\t\t<\/div>\n\t\t<\/div>\n\t\t\t\t\t<\/div>\n\t\t<\/section>\n\t\t\t\t\t<\/div>\n\t\t<\/div>\n\t\t\t\t\t<\/div>\n\t\t<\/section>\n\t\t\t\t<section class=\"elementor-section elementor-top-section elementor-element elementor-element-b63ecd1 elementor-section-boxed elementor-section-height-default elementor-section-height-default\" data-id=\"b63ecd1\" data-element_type=\"section\" data-e-type=\"section\">\n\t\t\t\t\t\t<div class=\"elementor-container elementor-column-gap-default\">\n\t\t\t\t\t<div class=\"elementor-column elementor-col-100 elementor-top-column elementor-element elementor-element-1938bc5\" data-id=\"1938bc5\" data-element_type=\"column\" data-e-type=\"column\">\n\t\t\t<div class=\"elementor-widget-wrap elementor-element-populated\">\n\t\t\t\t\t\t\t<\/div>\n\t\t<\/div>\n\t\t\t\t\t<\/div>\n\t\t<\/section>\n\t\t\t\t<section class=\"elementor-section elementor-top-section elementor-element elementor-element-e291c56 elementor-section-boxed elementor-section-height-default elementor-section-height-default\" data-id=\"e291c56\" data-element_type=\"section\" data-e-type=\"section\">\n\t\t\t\t\t\t<div class=\"elementor-container elementor-column-gap-default\">\n\t\t\t\t\t<div class=\"elementor-column elementor-col-50 elementor-top-column elementor-element elementor-element-d3f7457\" data-id=\"d3f7457\" data-element_type=\"column\" data-e-type=\"column\">\n\t\t\t<div class=\"elementor-widget-wrap elementor-element-populated\">\n\t\t\t\t\t\t\t<\/div>\n\t\t<\/div>\n\t\t\t\t<div class=\"elementor-column elementor-col-50 elementor-top-column elementor-element elementor-element-8567f65\" data-id=\"8567f65\" data-element_type=\"column\" data-e-type=\"column\">\n\t\t\t<div class=\"elementor-widget-wrap elementor-element-populated\">\n\t\t\t\t\t\t\t<\/div>\n\t\t<\/div>\n\t\t\t\t\t<\/div>\n\t\t<\/section>\n\t\t\t\t<section class=\"elementor-section elementor-top-section elementor-element elementor-element-8537bf4 elementor-section-boxed elementor-section-height-default elementor-section-height-default\" data-id=\"8537bf4\" data-element_type=\"section\" data-e-type=\"section\" data-settings=\"{&quot;background_background&quot;:&quot;classic&quot;}\">\n\t\t\t\t\t\t<div class=\"elementor-container elementor-column-gap-default\">\n\t\t\t\t\t<div class=\"elementor-column elementor-col-100 elementor-top-column elementor-element elementor-element-cae6b0a\" data-id=\"cae6b0a\" data-element_type=\"column\" data-e-type=\"column\">\n\t\t\t<div class=\"elementor-widget-wrap elementor-element-populated\">\n\t\t\t\t\t\t<div class=\"elementor-element elementor-element-f4c2377 elementor-widget elementor-widget-shortcode\" data-id=\"f4c2377\" data-element_type=\"widget\" data-e-type=\"widget\" data-widget_type=\"shortcode.default\">\n\t\t\t\t<div class=\"elementor-widget-container\">\n\t\t\t\t\t\t\t<div class=\"elementor-shortcode\">            <div class=\"espacebloc\">\n    <div class=\"espacebg bg-white\"><\/div>\n    <div class=\"card-slide-spaces color-black pal grid-2\">\n        <div class=\"content-space\">\n            <h4 class=\"u-uppercase\">La sala VIP (RDC)<\/h4>\n            <div class=\"excerpt mtm mbl\">\n<p>Superficie: 300 m\u00b2.<\/p>\n\n<p>Capacidad m\u00e1xima: 150 personas<\/p>\n\n<p>Luz del d\u00eda : s\u00ed<\/p>\n\n<p>Ba\u00f1ado por la luz, el Sal\u00f3n de Honor alberga una imponente escultura del pr\u00edncipe Alberto I, fundador del Museo. Su c\u00e9ntrica ubicaci\u00f3n permite celebrar c\u00f3cteles nocturnos \u00edntimos, justo al lado de la entrada principal y de la Sala de Conferencias.  <\/p>\n<\/div>\n            <div class=\"btn-container\">\n                                <a href=\"https:\/\/musee.oceano.org\/es\/privatizar-nuestros-espacios\/solicite\/\"\n                class=\"btn box-shadow\">\n                    <span>Solicitud de reserva<\/span>\n                <\/a>\n            <\/div>\n\n        <\/div>\n        <div class=\"slides-single \">\n                                    <div class=\"img_slide_espace\" style=\"background:url(https:\/\/musee.oceano.org\/wp-content\/uploads\/sites\/2\/2019\/06\/Salon_Honneur-A_Bouyer-2.jpg);\"> <\/div>\n                        <div class=\"img_slide_espace\" style=\"background:url(https:\/\/musee.oceano.org\/wp-content\/uploads\/sites\/2\/2019\/06\/Salon_Honneur-Cocktail-A_Bouyer-5.jpg);\"> <\/div>\n                        <div class=\"img_slide_espace\" style=\"background:url(https:\/\/musee.oceano.org\/wp-content\/uploads\/sites\/2\/2019\/06\/Salon_Honneur-M_Dagnino-17.jpg);\"> <\/div>\n                                <\/div>\n    <\/div>\n<\/div>\n                <div class=\"espacebloc\">\n    <div class=\"espacebg bg-white\"><\/div>\n    <div class=\"card-slide-spaces color-black pal grid-2\">\n        <div class=\"content-space\">\n            <h4 class=\"u-uppercase\">La sala de conferencias (planta baja)<\/h4>\n            <div class=\"excerpt mtm mbl\">\n<p>Superficie: 500 m\u00b2 (5.500 pies cuadrados)<\/p>\n\n<p>Capacidad m\u00e1xima: 500 personas (250 para comidas sentadas)<\/p>\n\n<p>Luz del d\u00eda : s\u00ed<\/p>\n\n<p>Las proporciones, la riqueza del mobiliario y la armon\u00eda de la decoraci\u00f3n lo convierten en un lugar de prestigio para la organizaci\u00f3n de sus eventos. Equipado con una pantalla de 10x6m, es ideal para sus conferencias, proyecciones de pel\u00edculas, seminarios&#8230; Tambi\u00e9n puede acoger sus c\u00f3cteles y comidas de gala. Privatizado durante el d\u00eda y por la noche.  <\/p>\n<\/div>\n            <div class=\"btn-container\">\n                                <a href=\"https:\/\/musee.oceano.org\/es\/privatizar-nuestros-espacios\/solicite\/\"\n                class=\"btn box-shadow\">\n                    <span>Solicitud de reserva<\/span>\n                <\/a>\n            <\/div>\n\n        <\/div>\n        <div class=\"slides-single \">\n                                    <div class=\"img_slide_espace\" style=\"background:url(https:\/\/musee.oceano.org\/wp-content\/uploads\/sites\/2\/2019\/06\/Board-01_20190326_M_Dagnino-scaled.jpg);\"> <\/div>\n                        <div class=\"img_slide_espace\" style=\"background:url(https:\/\/musee.oceano.org\/wp-content\/uploads\/sites\/2\/2019\/06\/LOW41_Lancement-Explorations-Monaco_20170404_M_Dagnino.jpg);\"> <\/div>\n                        <div class=\"img_slide_espace\" style=\"background:url(https:\/\/musee.oceano.org\/wp-content\/uploads\/sites\/2\/2019\/06\/mom_G8A1702\u00a9Ameller-scaled.jpg);\"> <\/div>\n                        <div class=\"img_slide_espace\" style=\"background:url(https:\/\/musee.oceano.org\/wp-content\/uploads\/sites\/2\/2019\/06\/Salle-de-conf\u00e9rences-VIDEM.Dagnino.jpg);\"> <\/div>\n                        <div class=\"img_slide_espace\" style=\"background:url(https:\/\/musee.oceano.org\/wp-content\/uploads\/sites\/2\/2019\/06\/SDC_Cocktail_M_Dagnino-1.jpg);\"> <\/div>\n                        <div class=\"img_slide_espace\" style=\"background:url(https:\/\/musee.oceano.org\/wp-content\/uploads\/sites\/2\/2019\/06\/SDC_conference-1.jpg);\"> <\/div>\n                        <div class=\"img_slide_espace\" style=\"background:url(https:\/\/musee.oceano.org\/wp-content\/uploads\/sites\/2\/2019\/06\/SDC_conference-9.jpg);\"> <\/div>\n                        <div class=\"img_slide_espace\" style=\"background:url(https:\/\/musee.oceano.org\/wp-content\/uploads\/sites\/2\/2019\/06\/SDC_conference-53.jpg);\"> <\/div>\n                        <div class=\"img_slide_espace\" style=\"background:url(https:\/\/musee.oceano.org\/wp-content\/uploads\/sites\/2\/2019\/06\/SDC_diner-gala-31.jpg);\"> <\/div>\n                        <div class=\"img_slide_espace\" style=\"background:url(https:\/\/musee.oceano.org\/wp-content\/uploads\/sites\/2\/2019\/06\/SDC_diner-gala-A.Bouyer-4.jpg);\"> <\/div>\n                        <div class=\"img_slide_espace\" style=\"background:url(https:\/\/musee.oceano.org\/wp-content\/uploads\/sites\/2\/2019\/06\/SDC_diner-gala-M_Dagnino-13.jpg);\"> <\/div>\n                        <div class=\"img_slide_espace\" style=\"background:url(https:\/\/musee.oceano.org\/wp-content\/uploads\/sites\/2\/2019\/06\/SDC_diner-gala-M_Dagnino-25.jpg);\"> <\/div>\n                        <div class=\"img_slide_espace\" style=\"background:url(https:\/\/musee.oceano.org\/wp-content\/uploads\/sites\/2\/2019\/06\/SDC_diner-gala-M_Dagnino-27.jpg);\"> <\/div>\n                                <\/div>\n    <\/div>\n<\/div>\n                <div class=\"espacebloc\">\n    <div class=\"espacebg bg-white\"><\/div>\n    <div class=\"card-slide-spaces color-black pal grid-2\">\n        <div class=\"content-space\">\n            <h4 class=\"u-uppercase\">La primera planta<\/h4>\n            <div class=\"excerpt mtm mbl\">\r\n<p>Superficie: 1.400 m\u00b2.<\/p>\r\n\r\n\r\n\r\n<p>Capacidad m\u00e1xima: 300 personas<\/p>\r\n\r\n\r\n\r\n<p>Luz del d\u00eda : s\u00ed<\/p>\r\n\r\n\r\n\r\n<p>Las habitaciones de la primera planta ofrecen un maravilloso viaje para descubrir los oc\u00e9anos. En torno a nuestras colecciones hist\u00f3ricas y exposiciones temporales, sorprenda a sus invitados durante un c\u00f3ctel. Privatizado por la noche.<\/p>\r\n<\/div>\n            <div class=\"btn-container\">\n                                <a href=\"https:\/\/musee.oceano.org\/es\/privatizar-nuestros-espacios\/solicite\/\"\n                class=\"btn box-shadow\">\n                    <span>Solicitud de reserva<\/span>\n                <\/a>\n            <\/div>\n\n        <\/div>\n        <div class=\"slides-single \">\n                                    <div class=\"img_slide_espace\" style=\"background:url(https:\/\/musee.oceano.org\/wp-content\/uploads\/sites\/2\/2019\/06\/Oceanomania_M_Dagnino-3-p.jpg);\"> <\/div>\n                        <div class=\"img_slide_espace\" style=\"background:url(https:\/\/musee.oceano.org\/wp-content\/uploads\/sites\/2\/2019\/06\/Mosa\u00efque_P.-Fitte.jpg);\"> <\/div>\n                        <div class=\"img_slide_espace\" style=\"background:url(https:\/\/musee.oceano.org\/wp-content\/uploads\/sites\/2\/2019\/06\/Mosa\u00efque_M.-Dagnino-2.jpg);\"> <\/div>\n                        <div class=\"img_slide_espace\" style=\"background:url(https:\/\/musee.oceano.org\/wp-content\/uploads\/sites\/2\/2019\/06\/4-Parcours-th\u00e9matique-Odyss\u00e9e-des-tortues-marines-\u00a9-M.-Dagnino-Institut-oc\u00e9anographique-762x5781.jpg);\"> <\/div>\n                        <div class=\"img_slide_espace\" style=\"background:url(https:\/\/musee.oceano.org\/wp-content\/uploads\/sites\/2\/2019\/06\/Espace-Monaco-et-lOc\u00e9an-de-lexploration-\u00e0-la-protection-\u00a9-C\u00e9dric-Fruneau-Mus\u00e9e-oc\u00e9anographique-2.jpg);\"> <\/div>\n                        <div class=\"img_slide_espace\" style=\"background:url(https:\/\/musee.oceano.org\/wp-content\/uploads\/sites\/2\/2019\/06\/Espace-Monaco-et-lOc\u00e9an-de-lexploration-\u00e0-la-protection-\u00a9-C\u00e9dric-Fruneau-Mus\u00e9e-oc\u00e9anographique-81.jpg);\"> <\/div>\n                        <div class=\"img_slide_espace\" style=\"background:url(https:\/\/musee.oceano.org\/wp-content\/uploads\/sites\/2\/2019\/06\/Oceanomania-Cabinet.M.Dagnino.jpg);\"> <\/div>\n                                <\/div>\n    <\/div>\n<\/div>\n                <div class=\"espacebloc\">\n    <div class=\"espacebg bg-white\"><\/div>\n    <div class=\"card-slide-spaces color-black pal grid-2\">\n        <div class=\"content-space\">\n            <h4 class=\"u-uppercase\">Las habitaciones Hirondelle y Princesa Alicia (NIV. -1)<\/h4>\n            <div class=\"excerpt mtm mbl\">\n<p>Superficie: 80 y 42 m\u00b2 respectivamente<\/p>\n\n<p>Capacidad m\u00e1xima: 54 y 48 personas respectivamente<\/p>\n\n<p>Luz del d\u00eda : s\u00ed<\/p>\n\n<p>Equipadas con videoproyectores, las salas Hirondelle y Princesse-Alice ser\u00e1n ideales para sus jornadas de estudio, reuniones, pausas de caf\u00e9 y comidas. Estas dos salas pueden albergar hasta 112 personas y disfrutar de una impresionante vista del Mediterr\u00e1neo. Privatizado durante el d\u00eda y por la noche.  <\/p>\n<\/div>\n            <div class=\"btn-container\">\n                                <a href=\"https:\/\/musee.oceano.org\/es\/privatizar-nuestros-espacios\/solicite\/\"\n                class=\"btn box-shadow\">\n                    <span>Solicitud de reserva<\/span>\n                <\/a>\n            <\/div>\n\n        <\/div>\n        <div class=\"slides-single \">\n                                    <div class=\"img_slide_espace\" style=\"background:url(https:\/\/musee.oceano.org\/wp-content\/uploads\/sites\/2\/2019\/06\/01_Salle-Princesse-Alice_M_Dagnino-scaled.jpg);\"> <\/div>\n                        <div class=\"img_slide_espace\" style=\"background:url(https:\/\/musee.oceano.org\/wp-content\/uploads\/sites\/2\/2019\/06\/08_Salle-Princesse-Alice_M_Dagnino-scaled.jpg);\"> <\/div>\n                        <div class=\"img_slide_espace\" style=\"background:url(https:\/\/musee.oceano.org\/wp-content\/uploads\/sites\/2\/2019\/06\/10_Salle-Princesse-Alice_M_Dagnino-scaled.jpg);\"> <\/div>\n                        <div class=\"img_slide_espace\" style=\"background:url(https:\/\/musee.oceano.org\/wp-content\/uploads\/sites\/2\/2019\/06\/Hirondelle_001-scaled.jpg);\"> <\/div>\n                        <div class=\"img_slide_espace\" style=\"background:url(https:\/\/musee.oceano.org\/wp-content\/uploads\/sites\/2\/2019\/06\/Hirondelle_002-scaled.jpg);\"> <\/div>\n                        <div class=\"img_slide_espace\" style=\"background:url(https:\/\/musee.oceano.org\/wp-content\/uploads\/sites\/2\/2019\/06\/Hirondelle_003-scaled.jpg);\"> <\/div>\n                        <div class=\"img_slide_espace\" style=\"background:url(https:\/\/musee.oceano.org\/wp-content\/uploads\/sites\/2\/2019\/06\/Hirondelle_004-scaled.jpg);\"> <\/div>\n                                <\/div>\n    <\/div>\n<\/div>\n                <div class=\"espacebloc\">\n    <div class=\"espacebg bg-white\"><\/div>\n    <div class=\"card-slide-spaces color-black pal grid-2\">\n        <div class=\"content-space\">\n            <h4 class=\"u-uppercase\">Acuarios (NIV. -2)<\/h4>\n            <div class=\"excerpt mtm mbl\">\n<p>Superficie: 800 m\u00b2.<\/p>\n\n<p>Capacidad m\u00e1xima: 600 personas<\/p>\n\n<p>Luz del d\u00eda : no<\/p>\n\n<p>Con varios miles de ejemplares, la colecci\u00f3n viva de los acuarios del Museo incluye ahora m\u00e1s de 300 especies de peces, 300 especies de invertebrados y unas 100 especies de corales. Los acuarios son el lugar ideal para empezar la noche con un aperitivo o para concluir la jornada de seminarios. Privatizado por la noche, durante 2 horas despu\u00e9s del cierre al p\u00fablico.  <\/p>\n<\/div>\n            <div class=\"btn-container\">\n                                <a href=\"https:\/\/musee.oceano.org\/es\/privatizar-nuestros-espacios\/solicite\/\"\n                class=\"btn box-shadow\">\n                    <span>Solicitud de reserva<\/span>\n                <\/a>\n            <\/div>\n\n        <\/div>\n        <div class=\"slides-single \">\n                                    <div class=\"img_slide_espace\" style=\"background:url(https:\/\/musee.oceano.org\/wp-content\/uploads\/sites\/2\/2019\/06\/Aquarium_cocktail-E.Muller-2.jpg);\"> <\/div>\n                        <div class=\"img_slide_espace\" style=\"background:url(https:\/\/musee.oceano.org\/wp-content\/uploads\/sites\/2\/2019\/06\/Aquarium_cocktail-M.-Dagnino-4.jpg);\"> <\/div>\n                        <div class=\"img_slide_espace\" style=\"background:url(https:\/\/musee.oceano.org\/wp-content\/uploads\/sites\/2\/2019\/06\/Aquarium-cocktail-F.Pacorel-5.jpg);\"> <\/div>\n                        <div class=\"img_slide_espace\" style=\"background:url(https:\/\/musee.oceano.org\/wp-content\/uploads\/sites\/2\/2019\/06\/mom_1550x\u00a9Ameller.jpg);\"> <\/div>\n                        <div class=\"img_slide_espace\" style=\"background:url(https:\/\/musee.oceano.org\/wp-content\/uploads\/sites\/2\/2019\/06\/23_Poisson-mandarin-Synchiporus-splendidus_M_Dagnino-scaled.jpg);\"> <\/div>\n                        <div class=\"img_slide_espace\" style=\"background:url(https:\/\/musee.oceano.org\/wp-content\/uploads\/sites\/2\/2019\/06\/Aquarium_cocktail-E.Muller-1.jpg);\"> <\/div>\n                                <\/div>\n    <\/div>\n<\/div>\n                <div class=\"espacebloc\">\n    <div class=\"espacebg bg-white\"><\/div>\n    <div class=\"card-slide-spaces color-black pal grid-2\">\n        <div class=\"content-space\">\n            <h4 class=\"u-uppercase\">La terraza<\/h4>\n            <div class=\"excerpt mtm mbl\">\n<p>Superficie: 500 m\u00b2 (5.500 pies cuadrados)<\/p>\n\n<p>Capacidad m\u00e1xima: 200 personas<\/p>\n\n<p>Luz del d\u00eda : s\u00ed<\/p>\n\n<p>Entre el mar y la monta\u00f1a, a una altura de 85 mm, la terraza ofrece una vista excepcional del Mediterr\u00e1neo y del Principado de M\u00f3naco. Ideal para sus c\u00f3cteles y cenas al aire libre. Privatizado por la noche. <\/p>\n<\/div>\n            <div class=\"btn-container\">\n                                <a href=\"https:\/\/musee.oceano.org\/es\/privatizar-nuestros-espacios\/solicite\/\"\n                class=\"btn box-shadow\">\n                    <span>Solicitud de reserva<\/span>\n                <\/a>\n            <\/div>\n\n        <\/div>\n        <div class=\"slides-single \">\n                                    <div class=\"img_slide_espace\" style=\"background:url(https:\/\/musee.oceano.org\/wp-content\/uploads\/sites\/2\/2019\/06\/Terrasse-est_M_Dagnino-2.jpg);\"> <\/div>\n                        <div class=\"img_slide_espace\" style=\"background:url(https:\/\/musee.oceano.org\/wp-content\/uploads\/sites\/2\/2019\/06\/Terrasse-est_M_Dagnino-7.jpg);\"> <\/div>\n                        <div class=\"img_slide_espace\" style=\"background:url(https:\/\/musee.oceano.org\/wp-content\/uploads\/sites\/2\/2019\/06\/Terrasse-est_M_Dagnino-23.jpg);\"> <\/div>\n                        <div class=\"img_slide_espace\" style=\"background:url(https:\/\/musee.oceano.org\/wp-content\/uploads\/sites\/2\/2019\/06\/Terrasse-est_P-Fitte-1.jpg);\"> <\/div>\n                                <\/div>\n    <\/div>\n<\/div>\n                <div class=\"espacebloc\">\n    <div class=\"espacebg bg-white\"><\/div>\n    <div class=\"card-slide-spaces color-black pal grid-2\">\n        <div class=\"content-space\">\n            <h4 class=\"u-uppercase\">La habitaci\u00f3n de las tortugas (NVI. -1)<\/h4>\n            <div class=\"excerpt mtm mbl\">\n<p>Superficie: 100 m2<\/p>\n\n<p>Capacidad m\u00e1xima: 100 personas <\/p>\n\n<p>Luz del d\u00eda : s\u00ed  <\/p>\n\n<p>Con vistas a la cuenca de la Odisea de las Tortugas Marinas, esta habitaci\u00f3n le ofrece una vista impresionante del Mediterr\u00e1neo. Equipado con un videoproyector para sus reuniones, tiene un acceso independiente desde el patio del Museo. Privatizado durante el d\u00eda y por la noche<\/p>\n<\/div>\n            <div class=\"btn-container\">\n                                <a href=\"https:\/\/musee.oceano.org\/es\/privatizar-nuestros-espacios\/solicite\/\"\n                class=\"btn box-shadow\">\n                    <span>Solicitud de reserva<\/span>\n                <\/a>\n            <\/div>\n\n        <\/div>\n        <div class=\"slides-single \">\n                                    <div class=\"img_slide_espace\" style=\"background:url(https:\/\/musee.oceano.org\/wp-content\/uploads\/sites\/2\/2019\/06\/03_Salle-Tortue-Odyss\u00e9e-des-tortues_M_Dagnino-p.jpg);\"> <\/div>\n                        <div class=\"img_slide_espace\" style=\"background:url(https:\/\/musee.oceano.org\/wp-content\/uploads\/sites\/2\/2019\/06\/04_Salle-Tortue-configuration-Th\u00e9\u00e2tre-_M_Dagnino-p.jpg);\"> <\/div>\n                        <div class=\"img_slide_espace\" style=\"background:url(https:\/\/musee.oceano.org\/wp-content\/uploads\/sites\/2\/2019\/06\/09_Salle-Tortue-configuration-Th\u00e9\u00e2tre-_M_Dagnino-p.jpg);\"> <\/div>\n                        <div class=\"img_slide_espace\" style=\"background:url(https:\/\/musee.oceano.org\/wp-content\/uploads\/sites\/2\/2019\/06\/09_Salle-Tortue-configuration-U_M_Dagnino-p.jpg);\"> <\/div>\n                        <div class=\"img_slide_espace\" style=\"background:url(https:\/\/musee.oceano.org\/wp-content\/uploads\/sites\/2\/2019\/06\/17_Salle-Tortue-configuration-U_M_Dagnino-p.jpg);\"> <\/div>\n                                <\/div>\n    <\/div>\n<\/div>\n                <div class=\"espacebloc\">\n    <div class=\"espacebg bg-white\"><\/div>\n    <div class=\"card-slide-spaces color-black pal grid-2\">\n        <div class=\"content-space\">\n            <h4 class=\"u-uppercase\">Odisea de las tortugas marinas (NVI. -2)<\/h4>\n            <div class=\"excerpt mtm mbl\">&#13;\n<p>Superficie: 200 m2<\/p>&#13;\n&#13;\n<p>Capacidad m\u00e1xima: 100 personas<\/p>&#13;\n&#13;\n<p>Luz del d\u00eda : s\u00ed (exterior)<\/p>&#13;\n&#13;\n<p>Como prolongaci\u00f3n de nuestros acuarios, en un espacio exterior frente al mar Mediterr\u00e1neo y con vistas a los Jardines de San Mart\u00edn, \u00abLa odisea de las tortugas marinas\u00bb le invita a descubrir esta especie emblem\u00e1tica, hoy amenazada. Privatizado por la noche.<\/p>&#13;\n<\/div>\n            <div class=\"btn-container\">\n                                <a href=\"https:\/\/musee.oceano.org\/es\/privatizar-nuestros-espacios\/solicite\/\"\n                class=\"btn box-shadow\">\n                    <span>Solicitud de reserva<\/span>\n                <\/a>\n            <\/div>\n\n        <\/div>\n        <div class=\"slides-single \">\n                                    <div class=\"img_slide_espace\" style=\"background:url(https:\/\/musee.oceano.org\/wp-content\/uploads\/sites\/2\/2019\/06\/06_Vue-drone-Odyss\u00e9e-tortues_BD.jpg);\"> <\/div>\n                        <div class=\"img_slide_espace\" style=\"background:url(https:\/\/musee.oceano.org\/wp-content\/uploads\/sites\/2\/2019\/06\/5-LOdyssee-des-tortues-marines-Bassin-de-rehabilitation-\u00a9-M.-Dagnino-Institut-oceanographique__.jpg);\"> <\/div>\n                                <\/div>\n    <\/div>\n<\/div>\n                <\/div>\n\t\t\t\t\t\t<\/div>\n\t\t\t\t<\/div>\n\t\t\t\t\t<\/div>\n\t\t<\/div>\n\t\t\t\t\t<\/div>\n\t\t<\/section>\n\t\t\t\t<section class=\"elementor-section elementor-top-section elementor-element elementor-element-50aac303 elementor-section-content-middle elementor-section-boxed elementor-section-height-default elementor-section-height-default\" data-id=\"50aac303\" data-element_type=\"section\" data-e-type=\"section\">\n\t\t\t\t\t\t<div class=\"elementor-container elementor-column-gap-no\">\n\t\t\t\t\t<div class=\"elementor-column elementor-col-50 elementor-top-column elementor-element elementor-element-4067583e\" data-id=\"4067583e\" data-element_type=\"column\" data-e-type=\"column\">\n\t\t\t<div class=\"elementor-widget-wrap elementor-element-populated\">\n\t\t\t\t\t\t<div class=\"elementor-element elementor-element-6881e62b elementor-widget elementor-widget-heading\" data-id=\"6881e62b\" data-element_type=\"widget\" data-e-type=\"widget\" data-widget_type=\"heading.default\">\n\t\t\t\t<div class=\"elementor-widget-container\">\n\t\t\t\t\t<h4 class=\"elementor-heading-title elementor-size-medium\">P\u00f3ngase en contacto con nuestros equipos<\/h4>\t\t\t\t<\/div>\n\t\t\t\t<\/div>\n\t\t\t\t<section class=\"elementor-section elementor-inner-section elementor-element elementor-element-98df4d3 elementor-section-boxed elementor-section-height-default elementor-section-height-default\" data-id=\"98df4d3\" data-element_type=\"section\" data-e-type=\"section\">\n\t\t\t\t\t\t<div class=\"elementor-container elementor-column-gap-default\">\n\t\t\t\t\t<div class=\"elementor-column elementor-col-50 elementor-inner-column elementor-element elementor-element-0c6b932\" data-id=\"0c6b932\" data-element_type=\"column\" data-e-type=\"column\">\n\t\t\t<div class=\"elementor-widget-wrap elementor-element-populated\">\n\t\t\t\t\t\t<div class=\"elementor-element elementor-element-978303d elementor-widget elementor-widget-text-editor\" data-id=\"978303d\" data-element_type=\"widget\" data-e-type=\"widget\" data-widget_type=\"text-editor.default\">\n\t\t\t\t<div class=\"elementor-widget-container\">\n\t\t\t\t\t\t\t\t\t<p>Aur\u00e9lie Bouyer<\/p>\n<p>Responsable de eventos<\/p>\n<p><span style=\"font-size: 1.6rem;letter-spacing: 0.16px\">Tel. +377 93 15 36 44 <\/span><\/p>\n<p><a style=\"background-color: #0b1840;font-size: 1.6rem;letter-spacing: 0.16px\" href=\"mailto:a.bouyer@oceano.org\" target=\"_blank\" rel=\"noopener\">a.bouyer@oceano.org<\/a><\/p>\n\t\t\t\t\t\t\t\t<\/div>\n\t\t\t\t<\/div>\n\t\t\t\t\t<\/div>\n\t\t<\/div>\n\t\t\t\t<div class=\"elementor-column elementor-col-50 elementor-inner-column elementor-element elementor-element-750177b\" data-id=\"750177b\" data-element_type=\"column\" data-e-type=\"column\">\n\t\t\t<div class=\"elementor-widget-wrap elementor-element-populated\">\n\t\t\t\t\t\t<div class=\"elementor-element elementor-element-475a64b elementor-widget elementor-widget-text-editor\" data-id=\"475a64b\" data-element_type=\"widget\" data-e-type=\"widget\" data-widget_type=\"text-editor.default\">\n\t\t\t\t<div class=\"elementor-widget-container\">\n\t\t\t\t\t\t\t\t\t<p>Isabelle Barr\u00e8s<\/p>\n<p>Responsable de eventos protocolarios y relaciones con los socios<br \/>Tel. +377 93 15 36 07<\/p>\n<p><a href=\"mailto:i.barres@oceano.org\" target=\"_blank\" rel=\"noopener\">i.barres@oceano.org<\/a><\/p>\n\t\t\t\t\t\t\t\t<\/div>\n\t\t\t\t<\/div>\n\t\t\t\t\t<\/div>\n\t\t<\/div>\n\t\t\t\t\t<\/div>\n\t\t<\/section>\n\t\t\t\t<div class=\"elementor-element elementor-element-fcaeff4 elementor-widget elementor-widget-text-editor\" data-id=\"fcaeff4\" data-element_type=\"widget\" data-e-type=\"widget\" data-widget_type=\"text-editor.default\">\n\t\t\t\t<div class=\"elementor-widget-container\">\n\t\t\t\t\t\t\t\t\t<p><a href=\"mailto:evenementiel@oceano.org\" target=\"_blank\" rel=\"noopener\">evenementiel@oceano.org<\/a><\/p>\n\t\t\t\t\t\t\t\t<\/div>\n\t\t\t\t<\/div>\n\t\t\t\t\t<\/div>\n\t\t<\/div>\n\t\t\t\t<div class=\"elementor-column elementor-col-50 elementor-top-column elementor-element elementor-element-2345fb02\" data-id=\"2345fb02\" data-element_type=\"column\" data-e-type=\"column\">\n\t\t\t<div class=\"elementor-widget-wrap elementor-element-populated\">\n\t\t\t\t\t\t<div class=\"elementor-element elementor-element-41084238 elementor-widget elementor-widget-google_maps\" data-id=\"41084238\" data-element_type=\"widget\" data-e-type=\"widget\" data-widget_type=\"google_maps.default\">\n\t\t\t\t<div class=\"elementor-widget-container\">\n\t\t\t\t\t\t\t<div class=\"elementor-custom-embed\">\n\t\t\t<iframe loading=\"lazy\"\n\t\t\t\t\tsrc=\"https:\/\/maps.google.com\/maps?q=Musee%20oceanographique%20Avenue%20Saint-Martin%20%7C%20MC%2098000%20Monaco&#038;t=m&#038;z=18&#038;output=embed&#038;iwloc=near\"\n\t\t\t\t\ttitle=\"Musee oceanographique Avenue Saint-Martin | MC 98000 Monaco\"\n\t\t\t\t\taria-label=\"Musee oceanographique Avenue Saint-Martin | MC 98000 Monaco\"\n\t\t\t><\/iframe>\n\t\t<\/div>\n\t\t\t\t\t\t<\/div>\n\t\t\t\t<\/div>\n\t\t\t\t\t<\/div>\n\t\t<\/div>\n\t\t\t\t\t<\/div>\n\t\t<\/section>\n\t\t\t\t<section class=\"elementor-section elementor-top-section elementor-element elementor-element-5c11462 animated-slow elementor-section-boxed elementor-section-height-default elementor-section-height-default elementor-invisible\" data-id=\"5c11462\" data-element_type=\"section\" data-e-type=\"section\" data-settings=\"{&quot;animation&quot;:&quot;fadeInUp&quot;}\">\n\t\t\t\t\t\t<div class=\"elementor-container elementor-column-gap-default\">\n\t\t\t\t\t<div class=\"elementor-column elementor-col-100 elementor-top-column elementor-element elementor-element-303ff06\" data-id=\"303ff06\" data-element_type=\"column\" data-e-type=\"column\">\n\t\t\t<div class=\"elementor-widget-wrap elementor-element-populated\">\n\t\t\t\t\t\t\t<\/div>\n\t\t<\/div>\n\t\t\t\t\t<\/div>\n\t\t<\/section>\n\t\t\t\t<\/div>\n\t\t","protected":false},"excerpt":{"rendered":"<p>Su evento en el Museo Privatizar nuestros espacios Si busca un marco excepcional para organizar un c\u00f3ctel, una cena de gala, una conferencia, la proyecci\u00f3n de una pel\u00edcula o una jornada de estudio, el Museo Oceanogr\u00e1fico es un lugar privilegiado para sus eventos de prestigio. En el coraz\u00f3n del Principado de M\u00f3naco, al borde del [&hellip;]<\/p>\n","protected":false},"author":1,"featured_media":7429,"parent":0,"menu_order":430,"comment_status":"closed","ping_status":"closed","template":"","meta":{"_acf_changed":false,"footnotes":""},"class_list":["post-27382","page","type-page","status-publish","has-post-thumbnail","hentry"],"acf":[],"yoast_head":"<!-- This site is optimized with the Yoast SEO plugin v27.2 - https:\/\/yoast.com\/product\/yoast-seo-wordpress\/ -->\n<title>Privatizar nuestros espacios - Mus\u00e9e Oc\u00e9anographique de Monaco<\/title>\n<meta name=\"description\" content=\"Organice su evento en el museo, en un marco excepcional para un c\u00f3ctel, una cena de gala, una conferencia, la proyecci\u00f3n de una pel\u00edcula o una jornada de estudio.\" \/>\n<meta name=\"robots\" content=\"index, follow, max-snippet:-1, max-image-preview:large, max-video-preview:-1\" \/>\n<link rel=\"canonical\" href=\"https:\/\/musee.oceano.org\/privatiser-nos-espaces\/\" \/>\n<meta property=\"og:locale\" content=\"es_ES\" \/>\n<meta property=\"og:type\" content=\"article\" \/>\n<meta property=\"og:title\" content=\"Privatizar nuestros espacios - Mus\u00e9e Oc\u00e9anographique de Monaco\" \/>\n<meta property=\"og:description\" content=\"Organice su evento en el museo, en un marco excepcional para un c\u00f3ctel, una cena de gala, una conferencia, la proyecci\u00f3n de una pel\u00edcula o una jornada de estudio.\" \/>\n<meta property=\"og:url\" content=\"https:\/\/musee.oceano.org\/privatiser-nos-espaces\/\" \/>\n<meta property=\"og:site_name\" content=\"Mus\u00e9e Oc\u00e9anographique de Monaco\" \/>\n<meta property=\"article:modified_time\" content=\"2023-04-27T07:50:18+00:00\" \/>\n<meta property=\"og:image\" content=\"https:\/\/musee.oceano.org\/wp-content\/uploads\/sites\/2\/2019\/06\/Fa\u00e7ade-\u00e9clair\u00e9e-P.-Fitte.jpg\" \/>\n\t<meta property=\"og:image:width\" content=\"1500\" \/>\n\t<meta property=\"og:image:height\" content=\"1000\" \/>\n\t<meta property=\"og:image:type\" content=\"image\/jpeg\" \/>\n<meta name=\"twitter:card\" content=\"summary_large_image\" \/>\n<meta name=\"twitter:label1\" content=\"Tiempo de lectura\" \/>\n\t<meta name=\"twitter:data1\" content=\"4 minutos\" \/>\n<script type=\"application\/ld+json\" class=\"yoast-schema-graph\">{\"@context\":\"https:\/\/schema.org\",\"@graph\":[{\"@type\":\"WebPage\",\"@id\":\"https:\/\/musee.oceano.org\/privatiser-nos-espaces\/\",\"url\":\"https:\/\/musee.oceano.org\/privatiser-nos-espaces\/\",\"name\":\"Privatizar nuestros espacios - Mus\u00e9e Oc\u00e9anographique de Monaco\",\"isPartOf\":{\"@id\":\"https:\/\/musee.oceano.org\/#website\"},\"primaryImageOfPage\":{\"@id\":\"https:\/\/musee.oceano.org\/privatiser-nos-espaces\/#primaryimage\"},\"image\":{\"@id\":\"https:\/\/musee.oceano.org\/privatiser-nos-espaces\/#primaryimage\"},\"thumbnailUrl\":\"https:\/\/musee.oceano.org\/wp-content\/uploads\/sites\/2\/2019\/06\/Fa\u00e7ade-\u00e9clair\u00e9e-P.-Fitte.jpg\",\"datePublished\":\"2021-06-28T15:39:43+00:00\",\"dateModified\":\"2023-04-27T07:50:18+00:00\",\"description\":\"Organice su evento en el museo, en un marco excepcional para un c\u00f3ctel, una cena de gala, una conferencia, la proyecci\u00f3n de una pel\u00edcula o una jornada de estudio.\",\"breadcrumb\":{\"@id\":\"https:\/\/musee.oceano.org\/privatiser-nos-espaces\/#breadcrumb\"},\"inLanguage\":\"es\",\"potentialAction\":[{\"@type\":\"ReadAction\",\"target\":[\"https:\/\/musee.oceano.org\/privatiser-nos-espaces\/\"]}]},{\"@type\":\"ImageObject\",\"inLanguage\":\"es\",\"@id\":\"https:\/\/musee.oceano.org\/privatiser-nos-espaces\/#primaryimage\",\"url\":\"https:\/\/musee.oceano.org\/wp-content\/uploads\/sites\/2\/2019\/06\/Fa\u00e7ade-\u00e9clair\u00e9e-P.-Fitte.jpg\",\"contentUrl\":\"https:\/\/musee.oceano.org\/wp-content\/uploads\/sites\/2\/2019\/06\/Fa\u00e7ade-\u00e9clair\u00e9e-P.-Fitte.jpg\",\"width\":1500,\"height\":1000,\"caption\":\"Mus\u00e9e Oc\u00e9anographique de Monaco, Diner des Gouverneurs\"},{\"@type\":\"BreadcrumbList\",\"@id\":\"https:\/\/musee.oceano.org\/privatiser-nos-espaces\/#breadcrumb\",\"itemListElement\":[{\"@type\":\"ListItem\",\"position\":1,\"name\":\"Home\",\"item\":\"https:\/\/musee.oceano.org\/es\/\"},{\"@type\":\"ListItem\",\"position\":2,\"name\":\"Privatizar nuestros espacios\"}]},{\"@type\":\"WebSite\",\"@id\":\"https:\/\/musee.oceano.org\/#website\",\"url\":\"https:\/\/musee.oceano.org\/\",\"name\":\"Mus\u00e9e Oc\u00e9anographique de Monaco\",\"description\":\"Faire conna\u00eetre, aimer et prot\u00e9ger les oc\u00e9ans\",\"potentialAction\":[{\"@type\":\"SearchAction\",\"target\":{\"@type\":\"EntryPoint\",\"urlTemplate\":\"https:\/\/musee.oceano.org\/?s={search_term_string}\"},\"query-input\":{\"@type\":\"PropertyValueSpecification\",\"valueRequired\":true,\"valueName\":\"search_term_string\"}}],\"inLanguage\":\"es\"}]}<\/script>\n<!-- \/ Yoast SEO plugin. -->","yoast_head_json":{"title":"Privatizar nuestros espacios - Mus\u00e9e Oc\u00e9anographique de Monaco","description":"Organice su evento en el museo, en un marco excepcional para un c\u00f3ctel, una cena de gala, una conferencia, la proyecci\u00f3n de una pel\u00edcula o una jornada de estudio.","robots":{"index":"index","follow":"follow","max-snippet":"max-snippet:-1","max-image-preview":"max-image-preview:large","max-video-preview":"max-video-preview:-1"},"canonical":"https:\/\/musee.oceano.org\/privatiser-nos-espaces\/","og_locale":"es_ES","og_type":"article","og_title":"Privatizar nuestros espacios - Mus\u00e9e Oc\u00e9anographique de Monaco","og_description":"Organice su evento en el museo, en un marco excepcional para un c\u00f3ctel, una cena de gala, una conferencia, la proyecci\u00f3n de una pel\u00edcula o una jornada de estudio.","og_url":"https:\/\/musee.oceano.org\/privatiser-nos-espaces\/","og_site_name":"Mus\u00e9e Oc\u00e9anographique de Monaco","article_modified_time":"2023-04-27T07:50:18+00:00","og_image":[{"width":1500,"height":1000,"url":"https:\/\/musee.oceano.org\/wp-content\/uploads\/sites\/2\/2019\/06\/Fa\u00e7ade-\u00e9clair\u00e9e-P.-Fitte.jpg","type":"image\/jpeg"}],"twitter_card":"summary_large_image","twitter_misc":{"Tiempo de lectura":"4 minutos"},"schema":{"@context":"https:\/\/schema.org","@graph":[{"@type":"WebPage","@id":"https:\/\/musee.oceano.org\/privatiser-nos-espaces\/","url":"https:\/\/musee.oceano.org\/privatiser-nos-espaces\/","name":"Privatizar nuestros espacios - Mus\u00e9e Oc\u00e9anographique de Monaco","isPartOf":{"@id":"https:\/\/musee.oceano.org\/#website"},"primaryImageOfPage":{"@id":"https:\/\/musee.oceano.org\/privatiser-nos-espaces\/#primaryimage"},"image":{"@id":"https:\/\/musee.oceano.org\/privatiser-nos-espaces\/#primaryimage"},"thumbnailUrl":"https:\/\/musee.oceano.org\/wp-content\/uploads\/sites\/2\/2019\/06\/Fa\u00e7ade-\u00e9clair\u00e9e-P.-Fitte.jpg","datePublished":"2021-06-28T15:39:43+00:00","dateModified":"2023-04-27T07:50:18+00:00","description":"Organice su evento en el museo, en un marco excepcional para un c\u00f3ctel, una cena de gala, una conferencia, la proyecci\u00f3n de una pel\u00edcula o una jornada de estudio.","breadcrumb":{"@id":"https:\/\/musee.oceano.org\/privatiser-nos-espaces\/#breadcrumb"},"inLanguage":"es","potentialAction":[{"@type":"ReadAction","target":["https:\/\/musee.oceano.org\/privatiser-nos-espaces\/"]}]},{"@type":"ImageObject","inLanguage":"es","@id":"https:\/\/musee.oceano.org\/privatiser-nos-espaces\/#primaryimage","url":"https:\/\/musee.oceano.org\/wp-content\/uploads\/sites\/2\/2019\/06\/Fa\u00e7ade-\u00e9clair\u00e9e-P.-Fitte.jpg","contentUrl":"https:\/\/musee.oceano.org\/wp-content\/uploads\/sites\/2\/2019\/06\/Fa\u00e7ade-\u00e9clair\u00e9e-P.-Fitte.jpg","width":1500,"height":1000,"caption":"Mus\u00e9e Oc\u00e9anographique de Monaco, Diner des Gouverneurs"},{"@type":"BreadcrumbList","@id":"https:\/\/musee.oceano.org\/privatiser-nos-espaces\/#breadcrumb","itemListElement":[{"@type":"ListItem","position":1,"name":"Home","item":"https:\/\/musee.oceano.org\/es\/"},{"@type":"ListItem","position":2,"name":"Privatizar nuestros espacios"}]},{"@type":"WebSite","@id":"https:\/\/musee.oceano.org\/#website","url":"https:\/\/musee.oceano.org\/","name":"Mus\u00e9e Oc\u00e9anographique de Monaco","description":"Faire conna\u00eetre, aimer et prot\u00e9ger les oc\u00e9ans","potentialAction":[{"@type":"SearchAction","target":{"@type":"EntryPoint","urlTemplate":"https:\/\/musee.oceano.org\/?s={search_term_string}"},"query-input":{"@type":"PropertyValueSpecification","valueRequired":true,"valueName":"search_term_string"}}],"inLanguage":"es"}]}},"_links":{"self":[{"href":"https:\/\/musee.oceano.org\/es\/wp-json\/wp\/v2\/pages\/27382","targetHints":{"allow":["GET"]}}],"collection":[{"href":"https:\/\/musee.oceano.org\/es\/wp-json\/wp\/v2\/pages"}],"about":[{"href":"https:\/\/musee.oceano.org\/es\/wp-json\/wp\/v2\/types\/page"}],"author":[{"embeddable":true,"href":"https:\/\/musee.oceano.org\/es\/wp-json\/wp\/v2\/users\/1"}],"replies":[{"embeddable":true,"href":"https:\/\/musee.oceano.org\/es\/wp-json\/wp\/v2\/comments?post=27382"}],"version-history":[{"count":9,"href":"https:\/\/musee.oceano.org\/es\/wp-json\/wp\/v2\/pages\/27382\/revisions"}],"predecessor-version":[{"id":46344,"href":"https:\/\/musee.oceano.org\/es\/wp-json\/wp\/v2\/pages\/27382\/revisions\/46344"}],"wp:featuredmedia":[{"embeddable":true,"href":"https:\/\/musee.oceano.org\/es\/wp-json\/wp\/v2\/media\/7429"}],"wp:attachment":[{"href":"https:\/\/musee.oceano.org\/es\/wp-json\/wp\/v2\/media?parent=27382"}],"curies":[{"name":"wp","href":"https:\/\/api.w.org\/{rel}","templated":true}]}}