{"id":28189,"date":"2021-06-29T14:59:49","date_gmt":"2021-06-29T12:59:49","guid":{"rendered":"https:\/\/musee.oceano.org\/semana-europea-de-la-prevencion-de-residuos-2019\/"},"modified":"2021-07-09T17:20:16","modified_gmt":"2021-07-09T15:20:16","slug":"semana-europea-de-la-prevencion-de-residuos-2019","status":"publish","type":"page","link":"https:\/\/musee.oceano.org\/es\/semana-europea-de-la-prevencion-de-residuos-2019\/","title":{"rendered":"Semana Europea de la Prevenci\u00f3n de Residuos 2019"},"content":{"rendered":"\t\t<div data-elementor-type=\"wp-post\" data-elementor-id=\"28189\" class=\"elementor elementor-28189 elementor-13233\" data-elementor-post-type=\"page\">\n\t\t\t\t\t\t<section class=\"elementor-section elementor-top-section elementor-element elementor-element-9fd2650 elementor-section-full_width elementor-section-height-default elementor-section-height-default\" data-id=\"9fd2650\" data-element_type=\"section\" data-e-type=\"section\">\n\t\t\t\t\t\t<div class=\"elementor-container elementor-column-gap-no\">\n\t\t\t\t\t<div class=\"elementor-column elementor-col-100 elementor-top-column elementor-element elementor-element-2969aa84\" data-id=\"2969aa84\" data-element_type=\"column\" data-e-type=\"column\">\n\t\t\t<div class=\"elementor-widget-wrap elementor-element-populated\">\n\t\t\t\t\t\t<div class=\"elementor-element elementor-element-71b3df43 elementor--h-position-center elementor--v-position-middle elementor-widget elementor-widget-slides\" data-id=\"71b3df43\" data-element_type=\"widget\" data-e-type=\"widget\" data-settings=\"{&quot;navigation&quot;:&quot;none&quot;,&quot;transition&quot;:&quot;slide&quot;,&quot;transition_speed&quot;:500}\" data-widget_type=\"slides.default\">\n\t\t\t\t<div class=\"elementor-widget-container\">\n\t\t\t\t\t\t\t\t\t<div class=\"elementor-swiper\">\n\t\t\t\t\t<div class=\"elementor-slides-wrapper elementor-main-swiper swiper\" role=\"region\" aria-roledescription=\"carousel\" aria-label=\"Diapositivas\" dir=\"ltr\" data-animation=\"fadeInUp\">\n\t\t\t\t<div class=\"swiper-wrapper elementor-slides\">\n\t\t\t\t\t\t\t\t\t\t<div class=\"elementor-repeater-item-891be05 swiper-slide\" role=\"group\" aria-roledescription=\"slide\"><div class=\"swiper-slide-bg\" role=\"img\" aria-label=\"markus-spiske-cltX_MajajM-unsplash\"><\/div><div class=\"elementor-background-overlay\"><\/div><div class=\"swiper-slide-inner\" ><div class=\"swiper-slide-contents\"><h1 class=\"elementor-slide-heading\">Semana Europea de la Prevenci\u00f3n de Residuos 2019<\/h1><div class=\"elementor-slide-description\"><p>los visitantes del Museo ponen a contribuci\u00f3n<\/p>\n<\/div><\/div><\/div><\/div>\t\t\t\t<\/div>\n\t\t\t\t\t\t\t<\/div>\n\t\t\t\t<\/div>\n\t\t\t\t\t\t\t\t<\/div>\n\t\t\t\t<\/div>\n\t\t\t\t\t<\/div>\n\t\t<\/div>\n\t\t\t\t\t<\/div>\n\t\t<\/section>\n\t\t\t\t<section class=\"elementor-section elementor-top-section elementor-element elementor-element-74014b16 elementor-section-full_width breadcrumb-basuc elementor-section-height-default elementor-section-height-default\" data-id=\"74014b16\" data-element_type=\"section\" data-e-type=\"section\" data-settings=\"{&quot;background_background&quot;:&quot;classic&quot;}\">\n\t\t\t\t\t\t<div class=\"elementor-container elementor-column-gap-default\">\n\t\t\t\t\t<div class=\"elementor-column elementor-col-100 elementor-top-column elementor-element elementor-element-45ab2ecf\" data-id=\"45ab2ecf\" data-element_type=\"column\" data-e-type=\"column\">\n\t\t\t<div class=\"elementor-widget-wrap elementor-element-populated\">\n\t\t\t\t\t\t<div class=\"elementor-element elementor-element-66067531 elementor-widget elementor-widget-ee-breadcrumbs\" data-id=\"66067531\" data-element_type=\"widget\" data-e-type=\"widget\" data-widget_type=\"ee-breadcrumbs.default\">\n\t\t\t\t<div class=\"elementor-widget-container\">\n\t\t\t\t\t<ul class=\"ee-breadcrumbs\" itemscope=\"\" itemtype=\"http:\/\/schema.org\/BreadcrumbList\"><\/ul>\t\t\t\t<\/div>\n\t\t\t\t<\/div>\n\t\t\t\t\t<\/div>\n\t\t<\/div>\n\t\t\t\t\t<\/div>\n\t\t<\/section>\n\t\t\t\t<section class=\"elementor-section elementor-top-section elementor-element elementor-element-683a213f elementor-section-full_width elementor-section-height-default elementor-section-height-default\" data-id=\"683a213f\" data-element_type=\"section\" data-e-type=\"section\" data-settings=\"{&quot;background_background&quot;:&quot;classic&quot;}\">\n\t\t\t\t\t\t<div class=\"elementor-container elementor-column-gap-default\">\n\t\t\t\t\t<div class=\"elementor-column elementor-col-100 elementor-top-column elementor-element elementor-element-4e110184\" data-id=\"4e110184\" data-element_type=\"column\" data-e-type=\"column\">\n\t\t\t<div class=\"elementor-widget-wrap elementor-element-populated\">\n\t\t\t\t\t\t<div class=\"elementor-element elementor-element-677bf2df elementor-widget elementor-widget-heading\" data-id=\"677bf2df\" data-element_type=\"widget\" data-e-type=\"widget\" data-widget_type=\"heading.default\">\n\t\t\t\t<div class=\"elementor-widget-container\">\n\t\t\t\t\t<h2 class=\"elementor-heading-title elementor-size-default\">el Principado de M\u00f3naco se comprometi\u00f3<\/h2>\t\t\t\t<\/div>\n\t\t\t\t<\/div>\n\t\t\t\t\t<\/div>\n\t\t<\/div>\n\t\t\t\t\t<\/div>\n\t\t<\/section>\n\t\t\t\t<section class=\"elementor-section elementor-top-section elementor-element elementor-element-1a3c68a7 text-basic elementor-section-boxed elementor-section-height-default elementor-section-height-default\" data-id=\"1a3c68a7\" data-element_type=\"section\" data-e-type=\"section\" data-settings=\"{&quot;background_background&quot;:&quot;classic&quot;}\">\n\t\t\t\t\t\t<div class=\"elementor-container elementor-column-gap-default\">\n\t\t\t\t\t<div class=\"elementor-column elementor-col-100 elementor-top-column elementor-element elementor-element-3e1c290f\" data-id=\"3e1c290f\" data-element_type=\"column\" data-e-type=\"column\">\n\t\t\t<div class=\"elementor-widget-wrap elementor-element-populated\">\n\t\t\t\t\t\t<div class=\"elementor-element elementor-element-32dc305a elementor-widget elementor-widget-text-editor\" data-id=\"32dc305a\" data-element_type=\"widget\" data-e-type=\"widget\" data-widget_type=\"text-editor.default\">\n\t\t\t\t<div class=\"elementor-widget-container\">\n\t\t\t\t\t\t\t\t\t<p>Volviendo a las acciones realizadas durante esta semana de reducci\u00f3n de residuos, del 16 al 24 de noviembre de 2019: el museo hab\u00eda organizado talleres para animar a los m\u00e1s j\u00f3venes a la importancia de reducir su producci\u00f3n de residuos y tambi\u00e9n a adoptar los buenos gestos en la clasificaci\u00f3n selectiva.<\/p>\n<div class=\"page\" title=\"P\u00e1gina 1\">\n<div class=\"layoutArea\">\n<div class=\"column\">\n<p>El Museo Oceanogr\u00e1fico de M\u00f3naco tambi\u00e9n aprovech\u00f3 la ocasi\u00f3n para sensibilizar sobre la lucha contra la contaminaci\u00f3n en el mar.<\/p>\n<p><span style=\"letter-spacing: 0.16px;\">Un momento simp\u00e1tico y l\u00fadico articulado <\/span>en torno a 3 animaciones: un taller de clasificaci\u00f3n selectiva, la fiesta del stand sin globos y la \u00abmisi\u00f3n contaminaci\u00f3n\u00bb, durante la cual los ni\u00f1os y sus padres pudieron repasar sus conocimientos en materia de residuos y contaminaci\u00f3n.<\/p>\n<\/p>\n<\/div>\n<\/div>\n<\/div>\n\t\t\t\t\t\t\t\t<\/div>\n\t\t\t\t<\/div>\n\t\t\t\t\t<\/div>\n\t\t<\/div>\n\t\t\t\t\t<\/div>\n\t\t<\/section>\n\t\t\t\t<section class=\"elementor-section elementor-top-section elementor-element elementor-element-5e93ee84 elementor-section-boxed elementor-section-height-default elementor-section-height-default\" data-id=\"5e93ee84\" data-element_type=\"section\" data-e-type=\"section\" data-settings=\"{&quot;background_background&quot;:&quot;classic&quot;}\">\n\t\t\t\t\t\t<div class=\"elementor-container elementor-column-gap-default\">\n\t\t\t\t\t<div class=\"elementor-column elementor-col-100 elementor-top-column elementor-element elementor-element-7972df\" data-id=\"7972df\" data-element_type=\"column\" data-e-type=\"column\">\n\t\t\t<div class=\"elementor-widget-wrap elementor-element-populated\">\n\t\t\t\t\t\t<section class=\"elementor-section elementor-inner-section elementor-element elementor-element-1f03874b elementor-section-boxed elementor-section-height-default elementor-section-height-default\" data-id=\"1f03874b\" data-element_type=\"section\" data-e-type=\"section\" data-settings=\"{&quot;background_background&quot;:&quot;classic&quot;}\">\n\t\t\t\t\t\t<div class=\"elementor-container elementor-column-gap-default\">\n\t\t\t\t\t<div class=\"elementor-column elementor-col-50 elementor-inner-column elementor-element elementor-element-13d91e1a\" data-id=\"13d91e1a\" data-element_type=\"column\" data-e-type=\"column\">\n\t\t\t<div class=\"elementor-widget-wrap elementor-element-populated\">\n\t\t\t\t\t\t<div class=\"elementor-element elementor-element-11860f73 elementor-widget elementor-widget-heading\" data-id=\"11860f73\" data-element_type=\"widget\" data-e-type=\"widget\" data-widget_type=\"heading.default\">\n\t\t\t\t<div class=\"elementor-widget-container\">\n\t\t\t\t\t<h2 class=\"elementor-heading-title elementor-size-default\">Taller de clasificaci\u00f3n selectiva  <\/h2>\t\t\t\t<\/div>\n\t\t\t\t<\/div>\n\t\t\t\t<div class=\"elementor-element elementor-element-5af87f34 elementor-widget elementor-widget-text-editor\" data-id=\"5af87f34\" data-element_type=\"widget\" data-e-type=\"widget\" data-widget_type=\"text-editor.default\">\n\t\t\t\t<div class=\"elementor-widget-container\">\n\t\t\t\t\t\t\t\t\t<div class=\"page\" title=\"P\u00e1gina 1\">\n<div class=\"layoutArea\">\n<div class=\"column\">\n<p><span style=\"color: #000000; letter-spacing: 0.16px;\">\u00abCon la ayuda de los contenedores de reciclaje (pl\u00e1stico, vidrio, cart\u00f3n, textiles, pilas, etc.) colocados en la explanada, los ni\u00f1os pudieron aprender qu\u00e9 contenedores corresponden a cada residuo.<\/span><\/p>\n<p><span style=\"color: #000000; letter-spacing: 0.16px;\"> <\/span><\/p>\n<p><span style=\"color: #000000; letter-spacing: 0.16px;\">  A continuaci\u00f3n, nuestros j\u00f3venes participantes respondieron a un cuestionario sobre clasificaci\u00f3n y se marcharon con su diploma de \u00abS\u00faper Clasificador\u00bb.<\/span><\/p>\n<\/div>\n<\/div>\n<\/div>\n\t\t\t\t\t\t\t\t<\/div>\n\t\t\t\t<\/div>\n\t\t\t\t\t<\/div>\n\t\t<\/div>\n\t\t\t\t<div class=\"elementor-column elementor-col-50 elementor-inner-column elementor-element elementor-element-28383d4a\" data-id=\"28383d4a\" data-element_type=\"column\" data-e-type=\"column\">\n\t\t\t<div class=\"elementor-widget-wrap elementor-element-populated\">\n\t\t\t\t\t\t<div class=\"elementor-element elementor-element-66c82241 elementor-zoom elementor-widget elementor-widget-image\" data-id=\"66c82241\" data-element_type=\"widget\" data-e-type=\"widget\" data-widget_type=\"image.default\">\n\t\t\t\t<div class=\"elementor-widget-container\">\n\t\t\t\t\t\t\t\t\t\t\t\t\t\t\t<img fetchpriority=\"high\" decoding=\"async\" width=\"1782\" height=\"1188\" src=\"https:\/\/musee.oceano.org\/wp-content\/uploads\/sites\/2\/2019\/12\/LOW-18_Journ\u00e9e-europ\u00e9enne-r\u00e9duction-d\u00e9chets_20191116_M_Dagnino.jpg\" class=\"attachment-full size-full wp-image-13559\" alt=\"\" srcset=\"https:\/\/musee.oceano.org\/wp-content\/uploads\/sites\/2\/2019\/12\/LOW-18_Journ\u00e9e-europ\u00e9enne-r\u00e9duction-d\u00e9chets_20191116_M_Dagnino.jpg 1782w, https:\/\/musee.oceano.org\/wp-content\/uploads\/sites\/2\/2019\/12\/LOW-18_Journ\u00e9e-europ\u00e9enne-r\u00e9duction-d\u00e9chets_20191116_M_Dagnino-300x200.jpg 300w, https:\/\/musee.oceano.org\/wp-content\/uploads\/sites\/2\/2019\/12\/LOW-18_Journ\u00e9e-europ\u00e9enne-r\u00e9duction-d\u00e9chets_20191116_M_Dagnino-768x512.jpg 768w, https:\/\/musee.oceano.org\/wp-content\/uploads\/sites\/2\/2019\/12\/LOW-18_Journ\u00e9e-europ\u00e9enne-r\u00e9duction-d\u00e9chets_20191116_M_Dagnino-1024x683.jpg 1024w\" sizes=\"(max-width: 1782px) 100vw, 1782px\" \/>\t\t\t\t\t\t\t\t\t\t\t\t\t\t\t<\/div>\n\t\t\t\t<\/div>\n\t\t\t\t\t<\/div>\n\t\t<\/div>\n\t\t\t\t\t<\/div>\n\t\t<\/section>\n\t\t\t\t\t<\/div>\n\t\t<\/div>\n\t\t\t\t\t<\/div>\n\t\t<\/section>\n\t\t\t\t<section class=\"elementor-section elementor-top-section elementor-element elementor-element-64fb203 elementor-section-boxed elementor-section-height-default elementor-section-height-default\" data-id=\"64fb203\" data-element_type=\"section\" data-e-type=\"section\">\n\t\t\t\t\t\t<div class=\"elementor-container elementor-column-gap-default\">\n\t\t\t\t\t<div class=\"elementor-column elementor-col-33 elementor-top-column elementor-element elementor-element-87a5c28\" data-id=\"87a5c28\" data-element_type=\"column\" data-e-type=\"column\">\n\t\t\t<div class=\"elementor-widget-wrap elementor-element-populated\">\n\t\t\t\t\t\t<div class=\"elementor-element elementor-element-c2fee6d elementor-widget elementor-widget-image\" data-id=\"c2fee6d\" data-element_type=\"widget\" data-e-type=\"widget\" data-widget_type=\"image.default\">\n\t\t\t\t<div class=\"elementor-widget-container\">\n\t\t\t\t\t\t\t\t\t\t\t\t\t\t\t<img decoding=\"async\" width=\"1024\" height=\"1024\" src=\"https:\/\/musee.oceano.org\/wp-content\/uploads\/sites\/2\/2019\/12\/Plastic-Ocean-1024x1024.jpg\" class=\"attachment-large size-large wp-image-13262\" alt=\"\" srcset=\"https:\/\/musee.oceano.org\/wp-content\/uploads\/sites\/2\/2019\/12\/Plastic-Ocean-1024x1024.jpg 1024w, https:\/\/musee.oceano.org\/wp-content\/uploads\/sites\/2\/2019\/12\/Plastic-Ocean-150x150.jpg 150w, https:\/\/musee.oceano.org\/wp-content\/uploads\/sites\/2\/2019\/12\/Plastic-Ocean-300x300.jpg 300w, https:\/\/musee.oceano.org\/wp-content\/uploads\/sites\/2\/2019\/12\/Plastic-Ocean-768x768.jpg 768w, https:\/\/musee.oceano.org\/wp-content\/uploads\/sites\/2\/2019\/12\/Plastic-Ocean-433x433.jpg 433w, https:\/\/musee.oceano.org\/wp-content\/uploads\/sites\/2\/2019\/12\/Plastic-Ocean-334x334.jpg 334w\" sizes=\"(max-width: 1024px) 100vw, 1024px\" \/>\t\t\t\t\t\t\t\t\t\t\t\t\t\t\t<\/div>\n\t\t\t\t<\/div>\n\t\t\t\t\t<\/div>\n\t\t<\/div>\n\t\t\t\t<div class=\"elementor-column elementor-col-33 elementor-top-column elementor-element elementor-element-51f2126\" data-id=\"51f2126\" data-element_type=\"column\" data-e-type=\"column\">\n\t\t\t<div class=\"elementor-widget-wrap elementor-element-populated\">\n\t\t\t\t\t\t<div class=\"elementor-element elementor-element-3f74964 elementor-widget elementor-widget-image\" data-id=\"3f74964\" data-element_type=\"widget\" data-e-type=\"widget\" data-widget_type=\"image.default\">\n\t\t\t\t<div class=\"elementor-widget-container\">\n\t\t\t\t\t\t\t\t\t\t\t\t\t\t\t<img decoding=\"async\" width=\"433\" height=\"433\" src=\"https:\/\/musee.oceano.org\/wp-content\/uploads\/sites\/2\/2019\/12\/tortuga-bolsa-plastico-696x392-433x433.jpg\" class=\"attachment-img-bloc-three-content size-img-bloc-three-content wp-image-13293\" alt=\"\" srcset=\"https:\/\/musee.oceano.org\/wp-content\/uploads\/sites\/2\/2019\/12\/tortuga-bolsa-plastico-696x392-433x433.jpg 433w, https:\/\/musee.oceano.org\/wp-content\/uploads\/sites\/2\/2019\/12\/tortuga-bolsa-plastico-696x392-150x150.jpg 150w, https:\/\/musee.oceano.org\/wp-content\/uploads\/sites\/2\/2019\/12\/tortuga-bolsa-plastico-696x392-334x334.jpg 334w\" sizes=\"(max-width: 433px) 100vw, 433px\" \/>\t\t\t\t\t\t\t\t\t\t\t\t\t\t\t<\/div>\n\t\t\t\t<\/div>\n\t\t\t\t\t<\/div>\n\t\t<\/div>\n\t\t\t\t<div class=\"elementor-column elementor-col-33 elementor-top-column elementor-element elementor-element-e5d6578\" data-id=\"e5d6578\" data-element_type=\"column\" data-e-type=\"column\">\n\t\t\t<div class=\"elementor-widget-wrap elementor-element-populated\">\n\t\t\t\t\t\t<div class=\"elementor-element elementor-element-441a219 elementor-widget elementor-widget-image\" data-id=\"441a219\" data-element_type=\"widget\" data-e-type=\"widget\" data-widget_type=\"image.default\">\n\t\t\t\t<div class=\"elementor-widget-container\">\n\t\t\t\t\t\t\t\t\t\t\t\t\t\t\t<img loading=\"lazy\" decoding=\"async\" width=\"433\" height=\"433\" src=\"https:\/\/musee.oceano.org\/wp-content\/uploads\/sites\/2\/2019\/12\/2-Ocean-plastique-Coffee-FR-433x433.jpg\" class=\"attachment-img-bloc-three-content size-img-bloc-three-content wp-image-13246\" alt=\"\" srcset=\"https:\/\/musee.oceano.org\/wp-content\/uploads\/sites\/2\/2019\/12\/2-Ocean-plastique-Coffee-FR-433x433.jpg 433w, https:\/\/musee.oceano.org\/wp-content\/uploads\/sites\/2\/2019\/12\/2-Ocean-plastique-Coffee-FR-150x150.jpg 150w, https:\/\/musee.oceano.org\/wp-content\/uploads\/sites\/2\/2019\/12\/2-Ocean-plastique-Coffee-FR-300x300.jpg 300w, https:\/\/musee.oceano.org\/wp-content\/uploads\/sites\/2\/2019\/12\/2-Ocean-plastique-Coffee-FR-768x768.jpg 768w, https:\/\/musee.oceano.org\/wp-content\/uploads\/sites\/2\/2019\/12\/2-Ocean-plastique-Coffee-FR-1024x1024.jpg 1024w, https:\/\/musee.oceano.org\/wp-content\/uploads\/sites\/2\/2019\/12\/2-Ocean-plastique-Coffee-FR-334x334.jpg 334w, https:\/\/musee.oceano.org\/wp-content\/uploads\/sites\/2\/2019\/12\/2-Ocean-plastique-Coffee-FR.jpg 1200w\" sizes=\"(max-width: 433px) 100vw, 433px\" \/>\t\t\t\t\t\t\t\t\t\t\t\t\t\t\t<\/div>\n\t\t\t\t<\/div>\n\t\t\t\t\t<\/div>\n\t\t<\/div>\n\t\t\t\t\t<\/div>\n\t\t<\/section>\n\t\t\t\t<section class=\"elementor-section elementor-top-section elementor-element elementor-element-ed3b5dc elementor-section-boxed elementor-section-height-default elementor-section-height-default\" data-id=\"ed3b5dc\" data-element_type=\"section\" data-e-type=\"section\">\n\t\t\t\t\t\t<div class=\"elementor-container elementor-column-gap-default\">\n\t\t\t\t\t<div class=\"elementor-column elementor-col-100 elementor-top-column elementor-element elementor-element-01b0a47\" data-id=\"01b0a47\" data-element_type=\"column\" data-e-type=\"column\">\n\t\t\t<div class=\"elementor-widget-wrap elementor-element-populated\">\n\t\t\t\t\t\t<div class=\"elementor-element elementor-element-45e74eb elementor-widget elementor-widget-spacer\" data-id=\"45e74eb\" data-element_type=\"widget\" data-e-type=\"widget\" data-widget_type=\"spacer.default\">\n\t\t\t\t<div class=\"elementor-widget-container\">\n\t\t\t\t\t\t\t<div class=\"elementor-spacer\">\n\t\t\t<div class=\"elementor-spacer-inner\"><\/div>\n\t\t<\/div>\n\t\t\t\t\t\t<\/div>\n\t\t\t\t<\/div>\n\t\t\t\t\t<\/div>\n\t\t<\/div>\n\t\t\t\t\t<\/div>\n\t\t<\/section>\n\t\t\t\t<section class=\"elementor-section elementor-top-section elementor-element elementor-element-4814ad55 elementor-section-boxed elementor-section-height-default elementor-section-height-default\" data-id=\"4814ad55\" data-element_type=\"section\" data-e-type=\"section\" data-settings=\"{&quot;background_background&quot;:&quot;classic&quot;}\">\n\t\t\t\t\t\t<div class=\"elementor-container elementor-column-gap-default\">\n\t\t\t\t\t<div class=\"elementor-column elementor-col-100 elementor-top-column elementor-element elementor-element-2c94237a\" data-id=\"2c94237a\" data-element_type=\"column\" data-e-type=\"column\">\n\t\t\t<div class=\"elementor-widget-wrap elementor-element-populated\">\n\t\t\t\t\t\t<section class=\"elementor-section elementor-inner-section elementor-element elementor-element-363de138 elementor-section-boxed elementor-section-height-default elementor-section-height-default\" data-id=\"363de138\" data-element_type=\"section\" data-e-type=\"section\" data-settings=\"{&quot;background_background&quot;:&quot;classic&quot;}\">\n\t\t\t\t\t\t<div class=\"elementor-container elementor-column-gap-default\">\n\t\t\t\t\t<div class=\"elementor-column elementor-col-50 elementor-inner-column elementor-element elementor-element-497f5e88\" data-id=\"497f5e88\" data-element_type=\"column\" data-e-type=\"column\">\n\t\t\t<div class=\"elementor-widget-wrap elementor-element-populated\">\n\t\t\t\t\t\t<div class=\"elementor-element elementor-element-d4c3f08 elementor-widget elementor-widget-image\" data-id=\"d4c3f08\" data-element_type=\"widget\" data-e-type=\"widget\" data-widget_type=\"image.default\">\n\t\t\t\t<div class=\"elementor-widget-container\">\n\t\t\t\t\t\t\t\t\t\t\t\t\t\t\t<img decoding=\"async\" src=\"https:\/\/musee.oceano.org\/wp-content\/uploads\/sites\/2\/2019\/12\/2019-11-16-Journ\u00e9e-europ\u00e9enne-r\u00e9duction-des-d\u00e9chets-gliss\u00e9es-6.pdf\" title=\"\" alt=\"\" loading=\"lazy\" \/>\t\t\t\t\t\t\t\t\t\t\t\t\t\t\t<\/div>\n\t\t\t\t<\/div>\n\t\t\t\t<div class=\"elementor-element elementor-element-4cdb5474 elementor-zoom elementor-widget elementor-widget-image\" data-id=\"4cdb5474\" data-element_type=\"widget\" data-e-type=\"widget\" data-widget_type=\"image.default\">\n\t\t\t\t<div class=\"elementor-widget-container\">\n\t\t\t\t\t\t\t\t\t\t\t\t\t\t\t<img loading=\"lazy\" decoding=\"async\" width=\"433\" height=\"433\" src=\"https:\/\/musee.oceano.org\/wp-content\/uploads\/sites\/2\/2019\/12\/LOW-01_Journ\u00e9e-europ\u00e9enne-r\u00e9duction-d\u00e9chets_20191116_M_Dagnino-433x433.jpg\" class=\"attachment-img-bloc-three-content size-img-bloc-three-content wp-image-13563\" alt=\"\" srcset=\"https:\/\/musee.oceano.org\/wp-content\/uploads\/sites\/2\/2019\/12\/LOW-01_Journ\u00e9e-europ\u00e9enne-r\u00e9duction-d\u00e9chets_20191116_M_Dagnino-433x433.jpg 433w, https:\/\/musee.oceano.org\/wp-content\/uploads\/sites\/2\/2019\/12\/LOW-01_Journ\u00e9e-europ\u00e9enne-r\u00e9duction-d\u00e9chets_20191116_M_Dagnino-150x150.jpg 150w, https:\/\/musee.oceano.org\/wp-content\/uploads\/sites\/2\/2019\/12\/LOW-01_Journ\u00e9e-europ\u00e9enne-r\u00e9duction-d\u00e9chets_20191116_M_Dagnino-334x334.jpg 334w\" sizes=\"(max-width: 433px) 100vw, 433px\" \/>\t\t\t\t\t\t\t\t\t\t\t\t\t\t\t<\/div>\n\t\t\t\t<\/div>\n\t\t\t\t\t<\/div>\n\t\t<\/div>\n\t\t\t\t<div class=\"elementor-column elementor-col-50 elementor-inner-column elementor-element elementor-element-eae1938\" data-id=\"eae1938\" data-element_type=\"column\" data-e-type=\"column\">\n\t\t\t<div class=\"elementor-widget-wrap elementor-element-populated\">\n\t\t\t\t\t\t<div class=\"elementor-element elementor-element-75d12c80 elementor-widget elementor-widget-heading\" data-id=\"75d12c80\" data-element_type=\"widget\" data-e-type=\"widget\" data-widget_type=\"heading.default\">\n\t\t\t\t<div class=\"elementor-widget-container\">\n\t\t\t\t\t<h2 class=\"elementor-heading-title elementor-size-default\"><span class=\"elementor-heading-title elementor-size-default elementor-inline-editing pen\" data-elementor-setting-key=\"title\" data-pen-placeholder=\"\u00c9crivez ici...\">las bolas deben ir, no el partido  <\/span><\/h2>\t\t\t\t<\/div>\n\t\t\t\t<\/div>\n\t\t\t\t<div class=\"elementor-element elementor-element-5044f288 elementor-widget elementor-widget-text-editor\" data-id=\"5044f288\" data-element_type=\"widget\" data-e-type=\"widget\" data-widget_type=\"text-editor.default\">\n\t\t\t\t<div class=\"elementor-widget-container\">\n\t\t\t\t\t\t\t\t\t<div class=\"page\" title=\"P\u00e1gina 1\">\n<div class=\"layoutArea\">\n<div class=\"column\">\n<p><span style=\"letter-spacing: 0.16px;\">El stand de la \u00abF\u00eate sans ballons\u00bb ofrec\u00eda actividades educativas para explicar a los m\u00e1s j\u00f3venes las consecuencias de las sueltas de globos en el medio marino, y en particular en las tortugas marinas.  <\/span><\/p>\n<p><span style=\"letter-spacing: 0.16px;\">A trav\u00e9s de esta iniciativa, se pretende sensibilizar, informar y encontrar, juntos, alternativas a las sueltas de globos en favor de pr\u00e1cticas respetuosas con el medio ambiente.<\/span><\/p>\n<\/div>\n<\/div>\n<\/div>\n\t\t\t\t\t\t\t\t<\/div>\n\t\t\t\t<\/div>\n\t\t\t\t<div class=\"elementor-element elementor-element-27a1dcd8 elementor-align-center elementor-widget elementor-widget-button\" data-id=\"27a1dcd8\" data-element_type=\"widget\" data-e-type=\"widget\" data-widget_type=\"button.default\">\n\t\t\t\t<div class=\"elementor-widget-container\">\n\t\t\t\t\t\t\t\t\t<div class=\"elementor-button-wrapper\">\n\t\t\t\t\t<a class=\"elementor-button elementor-button-link elementor-size-md\" href=\"https:\/\/musee.oceano.org\/es\/2021\/06\/29\/fiesta-sin-globos\/\">\n\t\t\t\t\t\t<span class=\"elementor-button-content-wrapper\">\n\t\t\t\t\t\t\t\t\t<span class=\"elementor-button-text\">para saber m\u00e1s<\/span>\n\t\t\t\t\t<\/span>\n\t\t\t\t\t<\/a>\n\t\t\t\t<\/div>\n\t\t\t\t\t\t\t\t<\/div>\n\t\t\t\t<\/div>\n\t\t\t\t\t<\/div>\n\t\t<\/div>\n\t\t\t\t\t<\/div>\n\t\t<\/section>\n\t\t\t\t\t<\/div>\n\t\t<\/div>\n\t\t\t\t\t<\/div>\n\t\t<\/section>\n\t\t\t\t<section class=\"elementor-section elementor-top-section elementor-element elementor-element-9f38ce4 elementor-section-boxed elementor-section-height-default elementor-section-height-default\" data-id=\"9f38ce4\" data-element_type=\"section\" data-e-type=\"section\">\n\t\t\t\t\t\t<div class=\"elementor-container elementor-column-gap-default\">\n\t\t\t\t\t<div class=\"elementor-column elementor-col-100 elementor-top-column elementor-element elementor-element-fc7af5c\" data-id=\"fc7af5c\" data-element_type=\"column\" data-e-type=\"column\">\n\t\t\t<div class=\"elementor-widget-wrap elementor-element-populated\">\n\t\t\t\t\t\t<div class=\"elementor-element elementor-element-488607b elementor-align-center elementor-widget elementor-widget-button\" data-id=\"488607b\" data-element_type=\"widget\" data-e-type=\"widget\" data-widget_type=\"button.default\">\n\t\t\t\t<div class=\"elementor-widget-container\">\n\t\t\t\t\t\t\t\t\t<div class=\"elementor-button-wrapper\">\n\t\t\t\t\t<a class=\"elementor-button elementor-button-link elementor-size-xl\" href=\"https:\/\/www.facebook.com\/groups\/2662981690384856\/?source_id=106013899439873\">\n\t\t\t\t\t\t<span class=\"elementor-button-content-wrapper\">\n\t\t\t\t\t\t\t\t\t<span class=\"elementor-button-text\">\u00fanete a nuestro grupo de fiestas sin globos<\/span>\n\t\t\t\t\t<\/span>\n\t\t\t\t\t<\/a>\n\t\t\t\t<\/div>\n\t\t\t\t\t\t\t\t<\/div>\n\t\t\t\t<\/div>\n\t\t\t\t\t<\/div>\n\t\t<\/div>\n\t\t\t\t\t<\/div>\n\t\t<\/section>\n\t\t\t\t<section class=\"elementor-section elementor-top-section elementor-element elementor-element-2dcb85f elementor-section-boxed elementor-section-height-default elementor-section-height-default\" data-id=\"2dcb85f\" data-element_type=\"section\" data-e-type=\"section\">\n\t\t\t\t\t\t<div class=\"elementor-container elementor-column-gap-default\">\n\t\t\t\t\t<div class=\"elementor-column elementor-col-100 elementor-top-column elementor-element elementor-element-d5ec759\" data-id=\"d5ec759\" data-element_type=\"column\" data-e-type=\"column\">\n\t\t\t<div class=\"elementor-widget-wrap elementor-element-populated\">\n\t\t\t\t\t\t<div class=\"elementor-element elementor-element-a9c3e36 elementor-widget elementor-widget-spacer\" data-id=\"a9c3e36\" data-element_type=\"widget\" data-e-type=\"widget\" data-widget_type=\"spacer.default\">\n\t\t\t\t<div class=\"elementor-widget-container\">\n\t\t\t\t\t\t\t<div class=\"elementor-spacer\">\n\t\t\t<div class=\"elementor-spacer-inner\"><\/div>\n\t\t<\/div>\n\t\t\t\t\t\t<\/div>\n\t\t\t\t<\/div>\n\t\t\t\t\t<\/div>\n\t\t<\/div>\n\t\t\t\t\t<\/div>\n\t\t<\/section>\n\t\t\t\t<section class=\"elementor-section elementor-top-section elementor-element elementor-element-12c31c4 elementor-section-boxed elementor-section-height-default elementor-section-height-default\" data-id=\"12c31c4\" data-element_type=\"section\" data-e-type=\"section\">\n\t\t\t\t\t\t<div class=\"elementor-container elementor-column-gap-default\">\n\t\t\t\t\t<div class=\"elementor-column elementor-col-33 elementor-top-column elementor-element elementor-element-51ee1c8\" data-id=\"51ee1c8\" data-element_type=\"column\" data-e-type=\"column\">\n\t\t\t<div class=\"elementor-widget-wrap elementor-element-populated\">\n\t\t\t\t\t\t<div class=\"elementor-element elementor-element-b5f0e9e elementor-widget elementor-widget-image\" data-id=\"b5f0e9e\" data-element_type=\"widget\" data-e-type=\"widget\" data-widget_type=\"image.default\">\n\t\t\t\t<div class=\"elementor-widget-container\">\n\t\t\t\t\t\t\t\t\t\t\t\t\t\t\t<img loading=\"lazy\" decoding=\"async\" width=\"1024\" height=\"1024\" src=\"https:\/\/musee.oceano.org\/wp-content\/uploads\/sites\/2\/2019\/11\/5-Ocean-plastique-Straws-FR-1024x1024.jpg\" class=\"attachment-large size-large wp-image-12742\" alt=\"\" srcset=\"https:\/\/musee.oceano.org\/wp-content\/uploads\/sites\/2\/2019\/11\/5-Ocean-plastique-Straws-FR-1024x1024.jpg 1024w, https:\/\/musee.oceano.org\/wp-content\/uploads\/sites\/2\/2019\/11\/5-Ocean-plastique-Straws-FR-300x300.jpg 300w, https:\/\/musee.oceano.org\/wp-content\/uploads\/sites\/2\/2019\/11\/5-Ocean-plastique-Straws-FR-150x150.jpg 150w, https:\/\/musee.oceano.org\/wp-content\/uploads\/sites\/2\/2019\/11\/5-Ocean-plastique-Straws-FR-768x768.jpg 768w, https:\/\/musee.oceano.org\/wp-content\/uploads\/sites\/2\/2019\/11\/5-Ocean-plastique-Straws-FR-433x433.jpg 433w, https:\/\/musee.oceano.org\/wp-content\/uploads\/sites\/2\/2019\/11\/5-Ocean-plastique-Straws-FR-334x334.jpg 334w, https:\/\/musee.oceano.org\/wp-content\/uploads\/sites\/2\/2019\/11\/5-Ocean-plastique-Straws-FR.jpg 1200w\" sizes=\"(max-width: 1024px) 100vw, 1024px\" \/>\t\t\t\t\t\t\t\t\t\t\t\t\t\t\t<\/div>\n\t\t\t\t<\/div>\n\t\t\t\t\t<\/div>\n\t\t<\/div>\n\t\t\t\t<div class=\"elementor-column elementor-col-33 elementor-top-column elementor-element elementor-element-b879b93\" data-id=\"b879b93\" data-element_type=\"column\" data-e-type=\"column\">\n\t\t\t<div class=\"elementor-widget-wrap elementor-element-populated\">\n\t\t\t\t\t\t<div class=\"elementor-element elementor-element-355656b elementor-widget elementor-widget-image\" data-id=\"355656b\" data-element_type=\"widget\" data-e-type=\"widget\" data-widget_type=\"image.default\">\n\t\t\t\t<div class=\"elementor-widget-container\">\n\t\t\t\t\t\t\t\t\t\t\t\t\t\t\t<img loading=\"lazy\" decoding=\"async\" width=\"1024\" height=\"1024\" src=\"https:\/\/musee.oceano.org\/wp-content\/uploads\/sites\/2\/2019\/12\/1-Ocean-plastique-Sucette-FR-1024x1024.jpg\" class=\"attachment-large size-large wp-image-13242\" alt=\"\" srcset=\"https:\/\/musee.oceano.org\/wp-content\/uploads\/sites\/2\/2019\/12\/1-Ocean-plastique-Sucette-FR-1024x1024.jpg 1024w, https:\/\/musee.oceano.org\/wp-content\/uploads\/sites\/2\/2019\/12\/1-Ocean-plastique-Sucette-FR-150x150.jpg 150w, https:\/\/musee.oceano.org\/wp-content\/uploads\/sites\/2\/2019\/12\/1-Ocean-plastique-Sucette-FR-300x300.jpg 300w, https:\/\/musee.oceano.org\/wp-content\/uploads\/sites\/2\/2019\/12\/1-Ocean-plastique-Sucette-FR-768x768.jpg 768w, https:\/\/musee.oceano.org\/wp-content\/uploads\/sites\/2\/2019\/12\/1-Ocean-plastique-Sucette-FR-433x433.jpg 433w, https:\/\/musee.oceano.org\/wp-content\/uploads\/sites\/2\/2019\/12\/1-Ocean-plastique-Sucette-FR-334x334.jpg 334w, https:\/\/musee.oceano.org\/wp-content\/uploads\/sites\/2\/2019\/12\/1-Ocean-plastique-Sucette-FR.jpg 1200w\" sizes=\"(max-width: 1024px) 100vw, 1024px\" \/>\t\t\t\t\t\t\t\t\t\t\t\t\t\t\t<\/div>\n\t\t\t\t<\/div>\n\t\t\t\t\t<\/div>\n\t\t<\/div>\n\t\t\t\t<div class=\"elementor-column elementor-col-33 elementor-top-column elementor-element elementor-element-6c80ab8\" data-id=\"6c80ab8\" data-element_type=\"column\" data-e-type=\"column\">\n\t\t\t<div class=\"elementor-widget-wrap elementor-element-populated\">\n\t\t\t\t\t\t<div class=\"elementor-element elementor-element-c2908c6 elementor-widget elementor-widget-image\" data-id=\"c2908c6\" data-element_type=\"widget\" data-e-type=\"widget\" data-widget_type=\"image.default\">\n\t\t\t\t<div class=\"elementor-widget-container\">\n\t\t\t\t\t\t\t\t\t\t\t\t\t\t\t<img loading=\"lazy\" decoding=\"async\" width=\"1024\" height=\"1024\" src=\"https:\/\/musee.oceano.org\/wp-content\/uploads\/sites\/2\/2019\/12\/4-Ocean-plastique-Assiette-FR-1024x1024.jpg\" class=\"attachment-large size-large wp-image-13254\" alt=\"\" srcset=\"https:\/\/musee.oceano.org\/wp-content\/uploads\/sites\/2\/2019\/12\/4-Ocean-plastique-Assiette-FR-1024x1024.jpg 1024w, https:\/\/musee.oceano.org\/wp-content\/uploads\/sites\/2\/2019\/12\/4-Ocean-plastique-Assiette-FR-150x150.jpg 150w, https:\/\/musee.oceano.org\/wp-content\/uploads\/sites\/2\/2019\/12\/4-Ocean-plastique-Assiette-FR-300x300.jpg 300w, https:\/\/musee.oceano.org\/wp-content\/uploads\/sites\/2\/2019\/12\/4-Ocean-plastique-Assiette-FR-768x768.jpg 768w, https:\/\/musee.oceano.org\/wp-content\/uploads\/sites\/2\/2019\/12\/4-Ocean-plastique-Assiette-FR-433x433.jpg 433w, https:\/\/musee.oceano.org\/wp-content\/uploads\/sites\/2\/2019\/12\/4-Ocean-plastique-Assiette-FR-334x334.jpg 334w, https:\/\/musee.oceano.org\/wp-content\/uploads\/sites\/2\/2019\/12\/4-Ocean-plastique-Assiette-FR.jpg 1200w\" sizes=\"(max-width: 1024px) 100vw, 1024px\" \/>\t\t\t\t\t\t\t\t\t\t\t\t\t\t\t<\/div>\n\t\t\t\t<\/div>\n\t\t\t\t\t<\/div>\n\t\t<\/div>\n\t\t\t\t\t<\/div>\n\t\t<\/section>\n\t\t\t\t<section class=\"elementor-section elementor-top-section elementor-element elementor-element-5d2d94a elementor-section-boxed elementor-section-height-default elementor-section-height-default\" data-id=\"5d2d94a\" data-element_type=\"section\" data-e-type=\"section\">\n\t\t\t\t\t\t<div class=\"elementor-container elementor-column-gap-default\">\n\t\t\t\t\t<div class=\"elementor-column elementor-col-100 elementor-top-column elementor-element elementor-element-de28260\" data-id=\"de28260\" data-element_type=\"column\" data-e-type=\"column\">\n\t\t\t<div class=\"elementor-widget-wrap elementor-element-populated\">\n\t\t\t\t\t\t<div class=\"elementor-element elementor-element-74a94a7 elementor-widget elementor-widget-spacer\" data-id=\"74a94a7\" data-element_type=\"widget\" data-e-type=\"widget\" data-widget_type=\"spacer.default\">\n\t\t\t\t<div class=\"elementor-widget-container\">\n\t\t\t\t\t\t\t<div class=\"elementor-spacer\">\n\t\t\t<div class=\"elementor-spacer-inner\"><\/div>\n\t\t<\/div>\n\t\t\t\t\t\t<\/div>\n\t\t\t\t<\/div>\n\t\t\t\t\t<\/div>\n\t\t<\/div>\n\t\t\t\t\t<\/div>\n\t\t<\/section>\n\t\t\t\t<section class=\"elementor-section elementor-top-section elementor-element elementor-element-964788e elementor-section-boxed elementor-section-height-default elementor-section-height-default\" data-id=\"964788e\" data-element_type=\"section\" data-e-type=\"section\" data-settings=\"{&quot;background_background&quot;:&quot;classic&quot;}\">\n\t\t\t\t\t\t<div class=\"elementor-container elementor-column-gap-default\">\n\t\t\t\t\t<div class=\"elementor-column elementor-col-100 elementor-top-column elementor-element elementor-element-5f1e279\" data-id=\"5f1e279\" data-element_type=\"column\" data-e-type=\"column\">\n\t\t\t<div class=\"elementor-widget-wrap elementor-element-populated\">\n\t\t\t\t\t\t<section class=\"elementor-section elementor-inner-section elementor-element elementor-element-5162a52 elementor-section-boxed elementor-section-height-default elementor-section-height-default\" data-id=\"5162a52\" data-element_type=\"section\" data-e-type=\"section\" data-settings=\"{&quot;background_background&quot;:&quot;classic&quot;}\">\n\t\t\t\t\t\t<div class=\"elementor-container elementor-column-gap-default\">\n\t\t\t\t\t<div class=\"elementor-column elementor-col-50 elementor-inner-column elementor-element elementor-element-c4242da\" data-id=\"c4242da\" data-element_type=\"column\" data-e-type=\"column\">\n\t\t\t<div class=\"elementor-widget-wrap elementor-element-populated\">\n\t\t\t\t\t\t<div class=\"elementor-element elementor-element-1c232a2 elementor-widget elementor-widget-image\" data-id=\"1c232a2\" data-element_type=\"widget\" data-e-type=\"widget\" data-widget_type=\"image.default\">\n\t\t\t\t<div class=\"elementor-widget-container\">\n\t\t\t\t\t\t\t\t\t\t\t\t\t\t\t<img decoding=\"async\" src=\"https:\/\/musee.oceano.org\/wp-content\/uploads\/sites\/2\/2019\/12\/2019-11-16-Journ\u00e9e-europ\u00e9enne-r\u00e9duction-des-d\u00e9chets-gliss\u00e9es-13-1.pdf\" title=\"\" alt=\"\" loading=\"lazy\" \/>\t\t\t\t\t\t\t\t\t\t\t\t\t\t\t<\/div>\n\t\t\t\t<\/div>\n\t\t\t\t<div class=\"elementor-element elementor-element-f07e871 elementor-zoom elementor-widget elementor-widget-image\" data-id=\"f07e871\" data-element_type=\"widget\" data-e-type=\"widget\" data-widget_type=\"image.default\">\n\t\t\t\t<div class=\"elementor-widget-container\">\n\t\t\t\t\t\t\t\t\t\t\t\t\t\t\t<img loading=\"lazy\" decoding=\"async\" width=\"433\" height=\"433\" src=\"https:\/\/musee.oceano.org\/wp-content\/uploads\/sites\/2\/2019\/12\/LOW-16_Journ\u00e9e-europ\u00e9enne-r\u00e9duction-d\u00e9chets_20191116_M_Dagnino-433x433.jpg\" class=\"attachment-img-bloc-three-content size-img-bloc-three-content wp-image-13571\" alt=\"\" srcset=\"https:\/\/musee.oceano.org\/wp-content\/uploads\/sites\/2\/2019\/12\/LOW-16_Journ\u00e9e-europ\u00e9enne-r\u00e9duction-d\u00e9chets_20191116_M_Dagnino-433x433.jpg 433w, https:\/\/musee.oceano.org\/wp-content\/uploads\/sites\/2\/2019\/12\/LOW-16_Journ\u00e9e-europ\u00e9enne-r\u00e9duction-d\u00e9chets_20191116_M_Dagnino-150x150.jpg 150w, https:\/\/musee.oceano.org\/wp-content\/uploads\/sites\/2\/2019\/12\/LOW-16_Journ\u00e9e-europ\u00e9enne-r\u00e9duction-d\u00e9chets_20191116_M_Dagnino-334x334.jpg 334w\" sizes=\"(max-width: 433px) 100vw, 433px\" \/>\t\t\t\t\t\t\t\t\t\t\t\t\t\t\t<\/div>\n\t\t\t\t<\/div>\n\t\t\t\t\t<\/div>\n\t\t<\/div>\n\t\t\t\t<div class=\"elementor-column elementor-col-50 elementor-inner-column elementor-element elementor-element-00f9daf\" data-id=\"00f9daf\" data-element_type=\"column\" data-e-type=\"column\">\n\t\t\t<div class=\"elementor-widget-wrap elementor-element-populated\">\n\t\t\t\t\t\t<div class=\"elementor-element elementor-element-82311f2 elementor-widget elementor-widget-heading\" data-id=\"82311f2\" data-element_type=\"widget\" data-e-type=\"widget\" data-widget_type=\"heading.default\">\n\t\t\t\t<div class=\"elementor-widget-container\">\n\t\t\t\t\t<h2 class=\"elementor-heading-title elementor-size-default\"><span class=\"elementor-heading-title elementor-size-default elementor-inline-editing pen\" data-elementor-setting-key=\"title\" data-pen-placeholder=\"\u00c9crivez ici...\">TAREA DE CONTAMINACI\u00d3N  <\/span><\/h2>\t\t\t\t<\/div>\n\t\t\t\t<\/div>\n\t\t\t\t<div class=\"elementor-element elementor-element-fc41a7d elementor-widget elementor-widget-text-editor\" data-id=\"fc41a7d\" data-element_type=\"widget\" data-e-type=\"widget\" data-widget_type=\"text-editor.default\">\n\t\t\t\t<div class=\"elementor-widget-container\">\n\t\t\t\t\t\t\t\t\t<p>El taller \u00abMisi\u00f3n Contaminaci\u00f3n\u00bb introduce a los j\u00f3venes en la lucha contra los residuos en el mar. \u00bfDe d\u00f3nde viene el pl\u00e1stico? \u00bfC\u00f3mo afecta a los animales marinos y cu\u00e1les son las soluciones pr\u00e1cticas al problema?<\/p>\n\t\t\t\t\t\t\t\t<\/div>\n\t\t\t\t<\/div>\n\t\t\t\t\t<\/div>\n\t\t<\/div>\n\t\t\t\t\t<\/div>\n\t\t<\/section>\n\t\t\t\t\t<\/div>\n\t\t<\/div>\n\t\t\t\t\t<\/div>\n\t\t<\/section>\n\t\t\t\t<section class=\"elementor-section elementor-top-section elementor-element elementor-element-62ad906 elementor-section-boxed elementor-section-height-default elementor-section-height-default\" data-id=\"62ad906\" data-element_type=\"section\" data-e-type=\"section\">\n\t\t\t\t\t\t<div class=\"elementor-container elementor-column-gap-default\">\n\t\t\t\t\t<div class=\"elementor-column elementor-col-50 elementor-top-column elementor-element elementor-element-b85a1fb\" data-id=\"b85a1fb\" data-element_type=\"column\" data-e-type=\"column\">\n\t\t\t<div class=\"elementor-widget-wrap elementor-element-populated\">\n\t\t\t\t\t\t<div class=\"elementor-element elementor-element-b4b52e1 elementor-widget elementor-widget-image\" data-id=\"b4b52e1\" data-element_type=\"widget\" data-e-type=\"widget\" data-widget_type=\"image.default\">\n\t\t\t\t<div class=\"elementor-widget-container\">\n\t\t\t\t\t\t\t\t\t\t\t\t\t\t\t<img loading=\"lazy\" decoding=\"async\" width=\"433\" height=\"433\" src=\"https:\/\/musee.oceano.org\/wp-content\/uploads\/sites\/2\/2019\/08\/38_Objets-boutique_20190704_M_Dagnino-433x433.jpg\" class=\"attachment-img-bloc-three-content size-img-bloc-three-content wp-image-9796\" alt=\"\" srcset=\"https:\/\/musee.oceano.org\/wp-content\/uploads\/sites\/2\/2019\/08\/38_Objets-boutique_20190704_M_Dagnino-433x433.jpg 433w, https:\/\/musee.oceano.org\/wp-content\/uploads\/sites\/2\/2019\/08\/38_Objets-boutique_20190704_M_Dagnino-150x150.jpg 150w, https:\/\/musee.oceano.org\/wp-content\/uploads\/sites\/2\/2019\/08\/38_Objets-boutique_20190704_M_Dagnino-334x334.jpg 334w\" sizes=\"(max-width: 433px) 100vw, 433px\" \/>\t\t\t\t\t\t\t\t\t\t\t\t\t\t\t<\/div>\n\t\t\t\t<\/div>\n\t\t\t\t\t<\/div>\n\t\t<\/div>\n\t\t\t\t<div class=\"elementor-column elementor-col-50 elementor-top-column elementor-element elementor-element-fad7e1f\" data-id=\"fad7e1f\" data-element_type=\"column\" data-e-type=\"column\">\n\t\t\t<div class=\"elementor-widget-wrap elementor-element-populated\">\n\t\t\t\t\t\t<div class=\"elementor-element elementor-element-68b0d79 elementor-widget elementor-widget-image\" data-id=\"68b0d79\" data-element_type=\"widget\" data-e-type=\"widget\" data-widget_type=\"image.default\">\n\t\t\t\t<div class=\"elementor-widget-container\">\n\t\t\t\t\t\t\t\t\t\t\t\t\t\t\t<img loading=\"lazy\" decoding=\"async\" width=\"433\" height=\"433\" src=\"https:\/\/musee.oceano.org\/wp-content\/uploads\/sites\/2\/2019\/12\/Ocean-plastique-Bouteille-433x433.jpg\" class=\"attachment-img-bloc-three-content size-img-bloc-three-content wp-image-13258\" alt=\"\" srcset=\"https:\/\/musee.oceano.org\/wp-content\/uploads\/sites\/2\/2019\/12\/Ocean-plastique-Bouteille-433x433.jpg 433w, https:\/\/musee.oceano.org\/wp-content\/uploads\/sites\/2\/2019\/12\/Ocean-plastique-Bouteille-150x150.jpg 150w, https:\/\/musee.oceano.org\/wp-content\/uploads\/sites\/2\/2019\/12\/Ocean-plastique-Bouteille-300x300.jpg 300w, https:\/\/musee.oceano.org\/wp-content\/uploads\/sites\/2\/2019\/12\/Ocean-plastique-Bouteille-768x768.jpg 768w, https:\/\/musee.oceano.org\/wp-content\/uploads\/sites\/2\/2019\/12\/Ocean-plastique-Bouteille-1024x1024.jpg 1024w, https:\/\/musee.oceano.org\/wp-content\/uploads\/sites\/2\/2019\/12\/Ocean-plastique-Bouteille-334x334.jpg 334w\" sizes=\"(max-width: 433px) 100vw, 433px\" \/>\t\t\t\t\t\t\t\t\t\t\t\t\t\t\t<\/div>\n\t\t\t\t<\/div>\n\t\t\t\t\t<\/div>\n\t\t<\/div>\n\t\t\t\t\t<\/div>\n\t\t<\/section>\n\t\t\t\t<section class=\"elementor-section elementor-top-section elementor-element elementor-element-9f9e1c1 elementor-section-boxed elementor-section-height-default elementor-section-height-default\" data-id=\"9f9e1c1\" data-element_type=\"section\" data-e-type=\"section\">\n\t\t\t\t\t\t<div class=\"elementor-container elementor-column-gap-default\">\n\t\t\t\t\t<div class=\"elementor-column elementor-col-100 elementor-top-column elementor-element elementor-element-f1b8365\" data-id=\"f1b8365\" data-element_type=\"column\" data-e-type=\"column\">\n\t\t\t<div class=\"elementor-widget-wrap elementor-element-populated\">\n\t\t\t\t\t\t<div class=\"elementor-element elementor-element-feaebd0 elementor-widget elementor-widget-spacer\" data-id=\"feaebd0\" data-element_type=\"widget\" data-e-type=\"widget\" data-widget_type=\"spacer.default\">\n\t\t\t\t<div class=\"elementor-widget-container\">\n\t\t\t\t\t\t\t<div class=\"elementor-spacer\">\n\t\t\t<div class=\"elementor-spacer-inner\"><\/div>\n\t\t<\/div>\n\t\t\t\t\t\t<\/div>\n\t\t\t\t<\/div>\n\t\t\t\t\t<\/div>\n\t\t<\/div>\n\t\t\t\t\t<\/div>\n\t\t<\/section>\n\t\t\t\t<section class=\"elementor-section elementor-top-section elementor-element elementor-element-cffb7f4 elementor-section-boxed elementor-section-height-default elementor-section-height-default\" data-id=\"cffb7f4\" data-element_type=\"section\" data-e-type=\"section\">\n\t\t\t\t\t\t<div class=\"elementor-container elementor-column-gap-default\">\n\t\t\t\t\t<div class=\"elementor-column elementor-col-100 elementor-top-column elementor-element elementor-element-1d28c74\" data-id=\"1d28c74\" data-element_type=\"column\" data-e-type=\"column\">\n\t\t\t<div class=\"elementor-widget-wrap elementor-element-populated\">\n\t\t\t\t\t\t<div class=\"elementor-element elementor-element-1347271 elementor-align-center elementor-widget elementor-widget-button\" data-id=\"1347271\" data-element_type=\"widget\" data-e-type=\"widget\" data-widget_type=\"button.default\">\n\t\t\t\t<div class=\"elementor-widget-container\">\n\t\t\t\t\t\t\t\t\t<div class=\"elementor-button-wrapper\">\n\t\t\t\t\t<a class=\"elementor-button elementor-button-link elementor-size-sm\" href=\"https:\/\/musee.oceano.org\/2019\/11\/14\/actions-individuelles\/\">\n\t\t\t\t\t\t<span class=\"elementor-button-content-wrapper\">\n\t\t\t\t\t\t\t\t\t<span class=\"elementor-button-text\">actuar a diario  <\/span>\n\t\t\t\t\t<\/span>\n\t\t\t\t\t<\/a>\n\t\t\t\t<\/div>\n\t\t\t\t\t\t\t\t<\/div>\n\t\t\t\t<\/div>\n\t\t\t\t\t<\/div>\n\t\t<\/div>\n\t\t\t\t\t<\/div>\n\t\t<\/section>\n\t\t\t\t<\/div>\n\t\t","protected":false},"excerpt":{"rendered":"<p>Semana Europea de la Prevenci\u00f3n de Residuos 2019 los visitantes del Museo ponen a contribuci\u00f3n el Principado de M\u00f3naco se comprometi\u00f3 Volviendo a las acciones realizadas durante esta semana de reducci\u00f3n de residuos, del 16 al 24 de noviembre de 2019: el museo hab\u00eda organizado talleres para animar a los m\u00e1s j\u00f3venes a la importancia [&hellip;]<\/p>\n","protected":false},"author":15,"featured_media":13571,"parent":0,"menu_order":43,"comment_status":"closed","ping_status":"closed","template":"","meta":{"_acf_changed":false,"footnotes":""},"class_list":["post-28189","page","type-page","status-publish","has-post-thumbnail","hentry"],"acf":[],"yoast_head":"<!-- This site is optimized with the Yoast SEO plugin v27.2 - https:\/\/yoast.com\/product\/yoast-seo-wordpress\/ -->\n<title>Semana Europea de la Prevenci\u00f3n de Residuos 2019 - Mus\u00e9e Oc\u00e9anographique de Monaco<\/title>\n<meta name=\"description\" content=\"Un repaso a las acciones llevadas a cabo durante esta semana de reducci\u00f3n de residuos en la que el museo ha organizado talleres de sensibilizaci\u00f3n para los m\u00e1s j\u00f3venes.\" \/>\n<meta name=\"robots\" content=\"index, follow, max-snippet:-1, max-image-preview:large, max-video-preview:-1\" \/>\n<link rel=\"canonical\" href=\"https:\/\/musee.oceano.org\/es\/semana-europea-de-la-prevencion-de-residuos-2019\/\" \/>\n<meta property=\"og:locale\" content=\"es_ES\" \/>\n<meta property=\"og:type\" content=\"article\" \/>\n<meta property=\"og:title\" content=\"Semana Europea de la Prevenci\u00f3n de Residuos 2019 - Mus\u00e9e Oc\u00e9anographique de Monaco\" \/>\n<meta property=\"og:description\" content=\"Un repaso a las acciones llevadas a cabo durante esta semana de reducci\u00f3n de residuos en la que el museo ha organizado talleres de sensibilizaci\u00f3n para los m\u00e1s j\u00f3venes.\" \/>\n<meta property=\"og:url\" content=\"https:\/\/musee.oceano.org\/es\/semana-europea-de-la-prevencion-de-residuos-2019\/\" \/>\n<meta property=\"og:site_name\" content=\"Mus\u00e9e Oc\u00e9anographique de Monaco\" \/>\n<meta property=\"article:modified_time\" content=\"2021-07-09T15:20:16+00:00\" \/>\n<meta property=\"og:image\" content=\"https:\/\/musee.oceano.org\/wp-content\/uploads\/sites\/2\/2019\/12\/LOW-16_Journ\u00e9e-europ\u00e9enne-r\u00e9duction-d\u00e9chets_20191116_M_Dagnino.jpg\" \/>\n\t<meta property=\"og:image:width\" content=\"1782\" \/>\n\t<meta property=\"og:image:height\" content=\"1188\" \/>\n\t<meta property=\"og:image:type\" content=\"image\/jpeg\" \/>\n<meta name=\"twitter:card\" content=\"summary_large_image\" \/>\n<meta name=\"twitter:label1\" content=\"Tiempo de lectura\" \/>\n\t<meta name=\"twitter:data1\" content=\"4 minutos\" \/>\n<script type=\"application\/ld+json\" class=\"yoast-schema-graph\">{\"@context\":\"https:\/\/schema.org\",\"@graph\":[{\"@type\":\"WebPage\",\"@id\":\"https:\/\/musee.oceano.org\/es\/semana-europea-de-la-prevencion-de-residuos-2019\/\",\"url\":\"https:\/\/musee.oceano.org\/es\/semana-europea-de-la-prevencion-de-residuos-2019\/\",\"name\":\"Semana Europea de la Prevenci\u00f3n de Residuos 2019 - Mus\u00e9e Oc\u00e9anographique de Monaco\",\"isPartOf\":{\"@id\":\"https:\/\/musee.oceano.org\/#website\"},\"primaryImageOfPage\":{\"@id\":\"https:\/\/musee.oceano.org\/es\/semana-europea-de-la-prevencion-de-residuos-2019\/#primaryimage\"},\"image\":{\"@id\":\"https:\/\/musee.oceano.org\/es\/semana-europea-de-la-prevencion-de-residuos-2019\/#primaryimage\"},\"thumbnailUrl\":\"https:\/\/musee.oceano.org\/wp-content\/uploads\/sites\/2\/2019\/12\/LOW-16_Journ\u00e9e-europ\u00e9enne-r\u00e9duction-d\u00e9chets_20191116_M_Dagnino.jpg\",\"datePublished\":\"2021-06-29T12:59:49+00:00\",\"dateModified\":\"2021-07-09T15:20:16+00:00\",\"description\":\"Un repaso a las acciones llevadas a cabo durante esta semana de reducci\u00f3n de residuos en la que el museo ha organizado talleres de sensibilizaci\u00f3n para los m\u00e1s j\u00f3venes.\",\"breadcrumb\":{\"@id\":\"https:\/\/musee.oceano.org\/es\/semana-europea-de-la-prevencion-de-residuos-2019\/#breadcrumb\"},\"inLanguage\":\"es\",\"potentialAction\":[{\"@type\":\"ReadAction\",\"target\":[\"https:\/\/musee.oceano.org\/es\/semana-europea-de-la-prevencion-de-residuos-2019\/\"]}]},{\"@type\":\"ImageObject\",\"inLanguage\":\"es\",\"@id\":\"https:\/\/musee.oceano.org\/es\/semana-europea-de-la-prevencion-de-residuos-2019\/#primaryimage\",\"url\":\"https:\/\/musee.oceano.org\/wp-content\/uploads\/sites\/2\/2019\/12\/LOW-16_Journ\u00e9e-europ\u00e9enne-r\u00e9duction-d\u00e9chets_20191116_M_Dagnino.jpg\",\"contentUrl\":\"https:\/\/musee.oceano.org\/wp-content\/uploads\/sites\/2\/2019\/12\/LOW-16_Journ\u00e9e-europ\u00e9enne-r\u00e9duction-d\u00e9chets_20191116_M_Dagnino.jpg\",\"width\":1782,\"height\":1188,\"caption\":\"R\u00e9duire la production de d\u00e9chets de chaque citoyen, tel est l'enjeu de cette \\\"semaine europ\u00e9enne\\\" initi\u00e9e en France par l'ADEME et le minist\u00e8re du d\u00e9veloppement durable. Se poser les bonnes questions Pourquoi jeter 40 kg de d\u00e9chets de cuisine par personne, alors qu'il serait si simple d'en faire du compost pour les plantes ? Pourquoi utiliser 365 bouteilles d'eau par an, alors que l'on pourrait utiliser une carafe et un robinet ? Pourquoi accepter de recevoir 35 kg de publicit\u00e9 imprim\u00e9e que l'on ne lira jamais, plut\u00f4t que d'appser un \\\"stop pub\\\" sur sa bo\u00eete aux lettres ? Pourquoi jeter un appareil en panne alors qu'une seule pi\u00e8ce est \u00e0 changer ? Eviter les discours simplistes Au del\u00e0 des r\u00e9ponses souvent simplistes fournies par le discours officiel et les \u00e9colos \\\"pur et dur\\\", ces questions m\u00e9ritent r\u00e9flexion et modification de nos habitudes. Comme de nombreux citadins, vous n'aurez jamais l'utilit\u00e9 d'un bac \u00e0 compost... mais vous pourrez au minimum favoriser lors de l'achat les produits utilisant le moins d'emballage. Vous n'aurez pas non plus souvent l'occasion pratique de r\u00e9parer votre appareil \u00e9lectro-m\u00e9nager d\u00e9fectueux car le constructeur se sera bien gard\u00e9 de rendre accessible la pi\u00e8ce cass\u00e9e... mais vous aurez toujours la possibilit\u00e9 d'acheter mieux et plus durable voire laisser au magasin le bataillon d'appareils inutiles qui vous y est propos\u00e9 ! Chaque citoyen produit chaque jour 1 kg d'ordures m\u00e9nag\u00e8res. Imaginez, \u00e0 l'\u00e9chelle du pays, ce que repr\u00e9senterait une simple r\u00e9duction de 20 % ! Cette r\u00e9duction est possible, au prix des efforts quotidiens de chacun. La Semaine Europ\u00e9enne de R\u00e9duction des D\u00e9chets nous invite \u00e0 nous poser ces questions afin que chacun, \u00e0 son \u00e9chelle, puisse r\u00e9duire effectivement la quantit\u00e9 de d\u00e9chets qu'il produit au quotidien. Une mobilisation europ\u00e9enne La Semaine europ\u00e9enne de la r\u00e9duction des d\u00e9chets est pilot\u00e9e par l'ADEME et le Minist\u00e8re du D\u00e9veloppement Durable. Elle conc\"},{\"@type\":\"BreadcrumbList\",\"@id\":\"https:\/\/musee.oceano.org\/es\/semana-europea-de-la-prevencion-de-residuos-2019\/#breadcrumb\",\"itemListElement\":[{\"@type\":\"ListItem\",\"position\":1,\"name\":\"Home\",\"item\":\"https:\/\/musee.oceano.org\/es\/\"},{\"@type\":\"ListItem\",\"position\":2,\"name\":\"Semana Europea de la Prevenci\u00f3n de Residuos 2019\"}]},{\"@type\":\"WebSite\",\"@id\":\"https:\/\/musee.oceano.org\/#website\",\"url\":\"https:\/\/musee.oceano.org\/\",\"name\":\"Mus\u00e9e Oc\u00e9anographique de Monaco\",\"description\":\"Faire conna\u00eetre, aimer et prot\u00e9ger les oc\u00e9ans\",\"potentialAction\":[{\"@type\":\"SearchAction\",\"target\":{\"@type\":\"EntryPoint\",\"urlTemplate\":\"https:\/\/musee.oceano.org\/?s={search_term_string}\"},\"query-input\":{\"@type\":\"PropertyValueSpecification\",\"valueRequired\":true,\"valueName\":\"search_term_string\"}}],\"inLanguage\":\"es\"}]}<\/script>\n<!-- \/ Yoast SEO plugin. -->","yoast_head_json":{"title":"Semana Europea de la Prevenci\u00f3n de Residuos 2019 - Mus\u00e9e Oc\u00e9anographique de Monaco","description":"Un repaso a las acciones llevadas a cabo durante esta semana de reducci\u00f3n de residuos en la que el museo ha organizado talleres de sensibilizaci\u00f3n para los m\u00e1s j\u00f3venes.","robots":{"index":"index","follow":"follow","max-snippet":"max-snippet:-1","max-image-preview":"max-image-preview:large","max-video-preview":"max-video-preview:-1"},"canonical":"https:\/\/musee.oceano.org\/es\/semana-europea-de-la-prevencion-de-residuos-2019\/","og_locale":"es_ES","og_type":"article","og_title":"Semana Europea de la Prevenci\u00f3n de Residuos 2019 - Mus\u00e9e Oc\u00e9anographique de Monaco","og_description":"Un repaso a las acciones llevadas a cabo durante esta semana de reducci\u00f3n de residuos en la que el museo ha organizado talleres de sensibilizaci\u00f3n para los m\u00e1s j\u00f3venes.","og_url":"https:\/\/musee.oceano.org\/es\/semana-europea-de-la-prevencion-de-residuos-2019\/","og_site_name":"Mus\u00e9e Oc\u00e9anographique de Monaco","article_modified_time":"2021-07-09T15:20:16+00:00","og_image":[{"width":1782,"height":1188,"url":"https:\/\/musee.oceano.org\/wp-content\/uploads\/sites\/2\/2019\/12\/LOW-16_Journ\u00e9e-europ\u00e9enne-r\u00e9duction-d\u00e9chets_20191116_M_Dagnino.jpg","type":"image\/jpeg"}],"twitter_card":"summary_large_image","twitter_misc":{"Tiempo de lectura":"4 minutos"},"schema":{"@context":"https:\/\/schema.org","@graph":[{"@type":"WebPage","@id":"https:\/\/musee.oceano.org\/es\/semana-europea-de-la-prevencion-de-residuos-2019\/","url":"https:\/\/musee.oceano.org\/es\/semana-europea-de-la-prevencion-de-residuos-2019\/","name":"Semana Europea de la Prevenci\u00f3n de Residuos 2019 - Mus\u00e9e Oc\u00e9anographique de Monaco","isPartOf":{"@id":"https:\/\/musee.oceano.org\/#website"},"primaryImageOfPage":{"@id":"https:\/\/musee.oceano.org\/es\/semana-europea-de-la-prevencion-de-residuos-2019\/#primaryimage"},"image":{"@id":"https:\/\/musee.oceano.org\/es\/semana-europea-de-la-prevencion-de-residuos-2019\/#primaryimage"},"thumbnailUrl":"https:\/\/musee.oceano.org\/wp-content\/uploads\/sites\/2\/2019\/12\/LOW-16_Journ\u00e9e-europ\u00e9enne-r\u00e9duction-d\u00e9chets_20191116_M_Dagnino.jpg","datePublished":"2021-06-29T12:59:49+00:00","dateModified":"2021-07-09T15:20:16+00:00","description":"Un repaso a las acciones llevadas a cabo durante esta semana de reducci\u00f3n de residuos en la que el museo ha organizado talleres de sensibilizaci\u00f3n para los m\u00e1s j\u00f3venes.","breadcrumb":{"@id":"https:\/\/musee.oceano.org\/es\/semana-europea-de-la-prevencion-de-residuos-2019\/#breadcrumb"},"inLanguage":"es","potentialAction":[{"@type":"ReadAction","target":["https:\/\/musee.oceano.org\/es\/semana-europea-de-la-prevencion-de-residuos-2019\/"]}]},{"@type":"ImageObject","inLanguage":"es","@id":"https:\/\/musee.oceano.org\/es\/semana-europea-de-la-prevencion-de-residuos-2019\/#primaryimage","url":"https:\/\/musee.oceano.org\/wp-content\/uploads\/sites\/2\/2019\/12\/LOW-16_Journ\u00e9e-europ\u00e9enne-r\u00e9duction-d\u00e9chets_20191116_M_Dagnino.jpg","contentUrl":"https:\/\/musee.oceano.org\/wp-content\/uploads\/sites\/2\/2019\/12\/LOW-16_Journ\u00e9e-europ\u00e9enne-r\u00e9duction-d\u00e9chets_20191116_M_Dagnino.jpg","width":1782,"height":1188,"caption":"R\u00e9duire la production de d\u00e9chets de chaque citoyen, tel est l'enjeu de cette \"semaine europ\u00e9enne\" initi\u00e9e en France par l'ADEME et le minist\u00e8re du d\u00e9veloppement durable. Se poser les bonnes questions Pourquoi jeter 40 kg de d\u00e9chets de cuisine par personne, alors qu'il serait si simple d'en faire du compost pour les plantes ? Pourquoi utiliser 365 bouteilles d'eau par an, alors que l'on pourrait utiliser une carafe et un robinet ? Pourquoi accepter de recevoir 35 kg de publicit\u00e9 imprim\u00e9e que l'on ne lira jamais, plut\u00f4t que d'appser un \"stop pub\" sur sa bo\u00eete aux lettres ? Pourquoi jeter un appareil en panne alors qu'une seule pi\u00e8ce est \u00e0 changer ? Eviter les discours simplistes Au del\u00e0 des r\u00e9ponses souvent simplistes fournies par le discours officiel et les \u00e9colos \"pur et dur\", ces questions m\u00e9ritent r\u00e9flexion et modification de nos habitudes. Comme de nombreux citadins, vous n'aurez jamais l'utilit\u00e9 d'un bac \u00e0 compost... mais vous pourrez au minimum favoriser lors de l'achat les produits utilisant le moins d'emballage. Vous n'aurez pas non plus souvent l'occasion pratique de r\u00e9parer votre appareil \u00e9lectro-m\u00e9nager d\u00e9fectueux car le constructeur se sera bien gard\u00e9 de rendre accessible la pi\u00e8ce cass\u00e9e... mais vous aurez toujours la possibilit\u00e9 d'acheter mieux et plus durable voire laisser au magasin le bataillon d'appareils inutiles qui vous y est propos\u00e9 ! Chaque citoyen produit chaque jour 1 kg d'ordures m\u00e9nag\u00e8res. Imaginez, \u00e0 l'\u00e9chelle du pays, ce que repr\u00e9senterait une simple r\u00e9duction de 20 % ! Cette r\u00e9duction est possible, au prix des efforts quotidiens de chacun. La Semaine Europ\u00e9enne de R\u00e9duction des D\u00e9chets nous invite \u00e0 nous poser ces questions afin que chacun, \u00e0 son \u00e9chelle, puisse r\u00e9duire effectivement la quantit\u00e9 de d\u00e9chets qu'il produit au quotidien. Une mobilisation europ\u00e9enne La Semaine europ\u00e9enne de la r\u00e9duction des d\u00e9chets est pilot\u00e9e par l'ADEME et le Minist\u00e8re du D\u00e9veloppement Durable. Elle conc"},{"@type":"BreadcrumbList","@id":"https:\/\/musee.oceano.org\/es\/semana-europea-de-la-prevencion-de-residuos-2019\/#breadcrumb","itemListElement":[{"@type":"ListItem","position":1,"name":"Home","item":"https:\/\/musee.oceano.org\/es\/"},{"@type":"ListItem","position":2,"name":"Semana Europea de la Prevenci\u00f3n de Residuos 2019"}]},{"@type":"WebSite","@id":"https:\/\/musee.oceano.org\/#website","url":"https:\/\/musee.oceano.org\/","name":"Mus\u00e9e Oc\u00e9anographique de Monaco","description":"Faire conna\u00eetre, aimer et prot\u00e9ger les oc\u00e9ans","potentialAction":[{"@type":"SearchAction","target":{"@type":"EntryPoint","urlTemplate":"https:\/\/musee.oceano.org\/?s={search_term_string}"},"query-input":{"@type":"PropertyValueSpecification","valueRequired":true,"valueName":"search_term_string"}}],"inLanguage":"es"}]}},"_links":{"self":[{"href":"https:\/\/musee.oceano.org\/es\/wp-json\/wp\/v2\/pages\/28189","targetHints":{"allow":["GET"]}}],"collection":[{"href":"https:\/\/musee.oceano.org\/es\/wp-json\/wp\/v2\/pages"}],"about":[{"href":"https:\/\/musee.oceano.org\/es\/wp-json\/wp\/v2\/types\/page"}],"author":[{"embeddable":true,"href":"https:\/\/musee.oceano.org\/es\/wp-json\/wp\/v2\/users\/15"}],"replies":[{"embeddable":true,"href":"https:\/\/musee.oceano.org\/es\/wp-json\/wp\/v2\/comments?post=28189"}],"version-history":[{"count":6,"href":"https:\/\/musee.oceano.org\/es\/wp-json\/wp\/v2\/pages\/28189\/revisions"}],"predecessor-version":[{"id":31929,"href":"https:\/\/musee.oceano.org\/es\/wp-json\/wp\/v2\/pages\/28189\/revisions\/31929"}],"wp:featuredmedia":[{"embeddable":true,"href":"https:\/\/musee.oceano.org\/es\/wp-json\/wp\/v2\/media\/13571"}],"wp:attachment":[{"href":"https:\/\/musee.oceano.org\/es\/wp-json\/wp\/v2\/media?parent=28189"}],"curies":[{"name":"wp","href":"https:\/\/api.w.org\/{rel}","templated":true}]}}