{"id":25645,"date":"2021-06-25T16:16:46","date_gmt":"2021-06-25T14:16:46","guid":{"rendered":"https:\/\/musee.oceano.org\/expositions\/isola-badu\/"},"modified":"2021-07-13T10:24:42","modified_gmt":"2021-07-13T08:24:42","slug":"isola-badu","status":"publish","type":"expositions","link":"https:\/\/musee.oceano.org\/it\/esposizioni\/isola-badu\/","title":{"rendered":"Isola Badu"},"content":{"rendered":"\t\t<div data-elementor-type=\"wp-post\" data-elementor-id=\"25645\" class=\"elementor elementor-25645 elementor-3800\" data-elementor-post-type=\"expositions\">\n\t\t\t\t\t\t<section class=\"elementor-section elementor-top-section elementor-element elementor-element-570155f9 elementor-section-full_width elementor-section-height-default elementor-section-height-default\" data-id=\"570155f9\" data-element_type=\"section\" data-e-type=\"section\">\n\t\t\t\t\t\t<div class=\"elementor-container elementor-column-gap-no\">\n\t\t\t\t\t<div class=\"elementor-column elementor-col-100 elementor-top-column elementor-element elementor-element-829c68c\" data-id=\"829c68c\" data-element_type=\"column\" data-e-type=\"column\">\n\t\t\t<div class=\"elementor-widget-wrap elementor-element-populated\">\n\t\t\t\t\t\t<div class=\"elementor-element elementor-element-378a43fe elementor--h-position-center elementor--v-position-middle elementor-widget elementor-widget-slides\" data-id=\"378a43fe\" data-element_type=\"widget\" data-e-type=\"widget\" data-settings=\"{&quot;navigation&quot;:&quot;none&quot;,&quot;transition&quot;:&quot;slide&quot;,&quot;transition_speed&quot;:500}\" data-widget_type=\"slides.default\">\n\t\t\t\t<div class=\"elementor-widget-container\">\n\t\t\t\t\t\t\t\t\t<div class=\"elementor-swiper\">\n\t\t\t\t\t<div class=\"elementor-slides-wrapper elementor-main-swiper swiper\" role=\"region\" aria-roledescription=\"carousel\" aria-label=\"Slides\" dir=\"ltr\" data-animation=\"fadeInUp\">\n\t\t\t\t<div class=\"swiper-wrapper elementor-slides\">\n\t\t\t\t\t\t\t\t\t\t<div class=\"elementor-repeater-item-891be05 swiper-slide\" role=\"group\" aria-roledescription=\"slide\"><div class=\"swiper-slide-bg\" role=\"img\" aria-label=\"R\u00e9concilier l\u2019humanit\u00e9 et la mer\nLES EXPLORATIONS DE MONACO\n\nAutour du monde pour 3 ans au chevet des mers et des\noc\u00e9ans, S.A.S. le Prince Albert II de Monaco a lanc\u00e9 aujourd\u2019hui\nle programme Monaco Explorations.\n\u00c0 travers celui-ci la Principaut\u00e9 va mettre \u00e0 la disposition\nde la communaut\u00e9 scientifique internationale une plateforme\nde recherche itin\u00e9rante, le Yersin sur laquelle des\nchercheurs du monde entier vont se succ\u00e9der pendant 36\nmois. \u00ab Les d\u00e9cisions que nous devons prendre pour le futur de\nnotre plan\u00e8te s\u2019appuient sur la connaissance. \u00bb a indiqu\u00e9 le\nSouverain \u00ab ...En renouant avec le principe des explorations\nscientifiques en mer nous fournirons de nouveaux \u00e9l\u00e9ments concrets \u00e9tayant les messages d\u2019alerte, de sensibilisation et d\u2019\u00e9ducation. \u00bb\nLe navire battant pavillon mon\u00e9gasque quittera le port de Monaco en Ao\u00fbt 2017 pour y revenir en 2020 en suivant une route longitudinale entre les Tropiques.\nLes zones d\u2019\u00e9tude ont \u00e9t\u00e9 retenues par le Comit\u00e9 d\u2019Orientation Scientifique dirig\u00e9 par le Professeur Patrick Rampal (Centre Scientifique de Monaco) et qui int\u00e8gre 10 membres provenant d\u2019institutions de renomm\u00e9e internationale. Il s\u00e9lectionne depuis plusieurs mois les projets parmi les dizaines qui lui sont soumis. \u00ab C\u2019est \u00e0 la fois un immense honneur de participer \u00e0 une pareille aventure et une grande d\u00e9tresse de voir \u00e0 la lecture des dossiers \u00e0 quel point nous avons maltrait\u00e9 nos oc\u00e9ans. \u00bb pr\u00e9cise le Professeur Rampal.\n\nLa premi\u00e8re de ces missions se d\u00e9roulera en septembre 2017 en Macaron\u00e9sie autour des archipels de Mad\u00e8re et du Cap-Vert. Le Prince Albert Ier, qui s\u2019y est souvent rendu, inspirera fortement les \u00e9quipes de recherche. Des\n\u00e9tudes comparatives permettront d\u2019analyser les effets de l\u2019exploitation de la mer et du changement global. La mission portera sur la connaissance et la protection de la m\u00e9gafaune, notamment les esp\u00e8ces menac\u00e9es : tortues,\nc\u00e9tac\u00e9s, phoques moines, requins. Les\"><\/div><div class=\"swiper-slide-inner\" ><div class=\"swiper-slide-contents\"><h1 class=\"elementor-slide-heading\">LA MOSTRA DELL'ISOLA DI BADU<\/h1><div class=\"elementor-slide-description\"><p>Una missione delle esplorazioni di Monaco<\/p>\n<\/div><\/div><\/div><\/div>\t\t\t\t<\/div>\n\t\t\t\t\t\t\t<\/div>\n\t\t\t\t<\/div>\n\t\t\t\t\t\t\t\t<\/div>\n\t\t\t\t<\/div>\n\t\t\t\t\t<\/div>\n\t\t<\/div>\n\t\t\t\t\t<\/div>\n\t\t<\/section>\n\t\t\t\t<section class=\"elementor-section elementor-top-section elementor-element elementor-element-bf72df6 elementor-section-full_width elementor-section-height-default elementor-section-height-default\" data-id=\"bf72df6\" data-element_type=\"section\" data-e-type=\"section\" data-settings=\"{&quot;background_background&quot;:&quot;classic&quot;}\">\n\t\t\t\t\t\t<div class=\"elementor-container elementor-column-gap-default\">\n\t\t\t\t\t<div class=\"elementor-column elementor-col-100 elementor-top-column elementor-element elementor-element-6b93c09a\" data-id=\"6b93c09a\" data-element_type=\"column\" data-e-type=\"column\">\n\t\t\t<div class=\"elementor-widget-wrap elementor-element-populated\">\n\t\t\t\t\t\t<div class=\"elementor-element elementor-element-5b8db508 elementor-widget elementor-widget-ee-breadcrumbs\" data-id=\"5b8db508\" data-element_type=\"widget\" data-e-type=\"widget\" data-widget_type=\"ee-breadcrumbs.default\">\n\t\t\t\t<div class=\"elementor-widget-container\">\n\t\t\t\t\t<ul class=\"ee-breadcrumbs\" itemscope=\"\" itemtype=\"http:\/\/schema.org\/BreadcrumbList\"><\/ul>\t\t\t\t<\/div>\n\t\t\t\t<\/div>\n\t\t\t\t\t<\/div>\n\t\t<\/div>\n\t\t\t\t\t<\/div>\n\t\t<\/section>\n\t\t\t\t<section class=\"elementor-section elementor-top-section elementor-element elementor-element-57e07e21 elementor-section-boxed elementor-section-height-default elementor-section-height-default\" data-id=\"57e07e21\" data-element_type=\"section\" data-e-type=\"section\" data-settings=\"{&quot;background_background&quot;:&quot;classic&quot;}\">\n\t\t\t\t\t\t<div class=\"elementor-container elementor-column-gap-default\">\n\t\t\t\t\t<div class=\"elementor-column elementor-col-50 elementor-top-column elementor-element elementor-element-740120ad\" data-id=\"740120ad\" data-element_type=\"column\" data-e-type=\"column\" data-settings=\"{&quot;background_background&quot;:&quot;classic&quot;}\">\n\t\t\t<div class=\"elementor-widget-wrap elementor-element-populated\">\n\t\t\t\t\t\t<div class=\"elementor-element elementor-element-12cd14b elementor-widget elementor-widget-heading\" data-id=\"12cd14b\" data-element_type=\"widget\" data-e-type=\"widget\" data-widget_type=\"heading.default\">\n\t\t\t\t<div class=\"elementor-widget-container\">\n\t\t\t\t\t<h2 class=\"elementor-heading-title elementor-size-default\">Il road book di una spedizione\n\n<\/h2>\t\t\t\t<\/div>\n\t\t\t\t<\/div>\n\t\t\t\t<div class=\"elementor-element elementor-element-7a599708 elementor-widget elementor-widget-text-editor\" data-id=\"7a599708\" data-element_type=\"widget\" data-e-type=\"widget\" data-widget_type=\"text-editor.default\">\n\t\t\t\t<div class=\"elementor-widget-container\">\n\t\t\t\t\t\t\t\t\t<p>In linea con lo spirito delle spedizioni storiche del suo bis-bisnonno il Principe Alberto I, S.A.S. il Principe Alberto II ha rilanciato le Explorations de Monaco. Fu in questo contesto che visit\u00f2 Badu, una delle isole dello Stretto di Torres nel Queensland, nel nord dell&#8217;Australia. Sul posto, S.A.S. il Principe Alberto II si \u00e8 immerso nella cultura degli isolani, che sostengono una relazione equilibrata e rispettosa tra l&#8217;uomo e la natura. Accompagnato da Robert Calcagno, direttore generale dell&#8217;Istituto di Oceanografia, ne ha tratto grande ispirazione. La mostra presentata dal 27 aprile 2019 al Museo Oceanografico ne \u00e8 la memoria: evoca anche il ricordo di un primo incontro in terra monegasca.<\/p>\n\t\t\t\t\t\t\t\t<\/div>\n\t\t\t\t<\/div>\n\t\t\t\t\t<\/div>\n\t\t<\/div>\n\t\t\t\t<div class=\"elementor-column elementor-col-50 elementor-top-column elementor-element elementor-element-2c6770c9\" data-id=\"2c6770c9\" data-element_type=\"column\" data-e-type=\"column\">\n\t\t\t<div class=\"elementor-widget-wrap elementor-element-populated\">\n\t\t\t\t\t\t<div class=\"elementor-element elementor-element-58755155 elementor-widget elementor-widget-image\" data-id=\"58755155\" data-element_type=\"widget\" data-e-type=\"widget\" data-widget_type=\"image.default\">\n\t\t\t\t<div class=\"elementor-widget-container\">\n\t\t\t\t\t\t\t\t\t\t\t\t\t\t\t<img fetchpriority=\"high\" decoding=\"async\" width=\"452\" height=\"602\" src=\"https:\/\/musee.oceano.org\/wp-content\/uploads\/sites\/2\/2019\/05\/10_EDM-Mission-Badu-Island_Nov-2018_Ariel_Fuchs-452x602.jpg\" class=\"attachment-img-bloc-content size-img-bloc-content wp-image-5192\" alt=\"\" \/>\t\t\t\t\t\t\t\t\t\t\t\t\t\t\t<\/div>\n\t\t\t\t<\/div>\n\t\t\t\t\t<\/div>\n\t\t<\/div>\n\t\t\t\t\t<\/div>\n\t\t<\/section>\n\t\t\t\t<section class=\"elementor-section elementor-top-section elementor-element elementor-element-5c492ee3 elementor-section-boxed elementor-section-height-default elementor-section-height-default\" data-id=\"5c492ee3\" data-element_type=\"section\" data-e-type=\"section\">\n\t\t\t\t\t\t<div class=\"elementor-container elementor-column-gap-default\">\n\t\t\t\t\t<div class=\"elementor-column elementor-col-50 elementor-top-column elementor-element elementor-element-3c61e9e7\" data-id=\"3c61e9e7\" data-element_type=\"column\" data-e-type=\"column\">\n\t\t\t<div class=\"elementor-widget-wrap elementor-element-populated\">\n\t\t\t\t\t\t<div class=\"elementor-element elementor-element-617c9c2b elementor-widget elementor-widget-heading\" data-id=\"617c9c2b\" data-element_type=\"widget\" data-e-type=\"widget\" data-widget_type=\"heading.default\">\n\t\t\t\t<div class=\"elementor-widget-container\">\n\t\t\t\t\t<h2 class=\"elementor-heading-title elementor-size-default\">La memoria di Taba Naba<\/h2>\t\t\t\t<\/div>\n\t\t\t\t<\/div>\n\t\t\t\t<div class=\"elementor-element elementor-element-11c2fd9c elementor-widget elementor-widget-text-editor\" data-id=\"11c2fd9c\" data-element_type=\"widget\" data-e-type=\"widget\" data-widget_type=\"text-editor.default\">\n\t\t\t\t<div class=\"elementor-widget-container\">\n\t\t\t\t\t\t\t\t\t<p>Nel 2016, il Museo Oceanografico ha ospitato Taba Naba, con il sostegno del<br \/>\nGoverno australiano e Stato del Queensland. Tre grandi mostre avevano<br \/>\nconvivevano ed esploravano la relazione unica tra i popoli del mare e il loro ambiente.<br \/>\nUn dialogo che unisce tradizione ancestrale e modernit\u00e0. Alick Tipoti aveva poi fatto un<br \/>\nUna magnifica &#8220;linoleografia&#8221; di 17 x 40 metri sulla grande terrazza del Museo. Alick<br \/>\nTipoti \u00e8 uno degli artisti pi\u00f9 famosi delle isole dello Stretto di Torres. \u00c8 coinvolto in<br \/>\nil patrimonio culturale, le tradizioni e la lingua di questi paesi.<br \/>\nisole. Attraverso la sua arte, esplora la cosmologia tradizionale e racconta come la cultura<br \/>\nla musica, la danza e le arti visive si intrecciano per fornirci la conoscenza<br \/>\ninformazioni fondamentali sull&#8217;ambiente marino, essenziali per la sopravvivenza dei popoli. Senza osare<br \/>\ncredeteci, aveva invitato S.A.S. il Principe Alberto II a visitarlo sulla sua isola, per<br \/>\nper misurare la ricchezza della sua cultura, il suo ambiente, e anche la sua fragilit\u00e0&#8230;<\/p>\n\t\t\t\t\t\t\t\t<\/div>\n\t\t\t\t<\/div>\n\t\t\t\t<div class=\"elementor-element elementor-element-4fb0109 elementor-widget elementor-widget-heading\" data-id=\"4fb0109\" data-element_type=\"widget\" data-e-type=\"widget\" data-widget_type=\"heading.default\">\n\t\t\t\t<div class=\"elementor-widget-container\">\n\t\t\t\t\t<h2 class=\"elementor-heading-title elementor-size-default\">Di cosa \u00e8 emblematico questo territorio?<\/h2>\t\t\t\t<\/div>\n\t\t\t\t<\/div>\n\t\t\t\t<div class=\"elementor-element elementor-element-786450c8 elementor-widget elementor-widget-text-editor\" data-id=\"786450c8\" data-element_type=\"widget\" data-e-type=\"widget\" data-widget_type=\"text-editor.default\">\n\t\t\t\t<div class=\"elementor-widget-container\">\n\t\t\t\t\t\t\t\t\t<p>Tra l&#8217;Australia e la Papua Nuova Guinea, le isole dello stretto di Torres sono<br \/>\nsituato all&#8217;incrocio del Mar dei Coralli e del Mare di Arafura. La popolazione, stimata in<br \/>\nsettemila abitanti, si concentra solo su quattordici delle isole. Stagionato dal loro<br \/>\ninfanzia alla durezza dell&#8217;ambiente naturale e al nuoto tra i &#8220;salati&#8221;.<br \/>\n&#8211; coccodrilli &#8211; e squali, gli abitanti dello stretto hanno una relazione con il<br \/>\ncon questo ambiente che li nutre fisiologicamente cos\u00ec come<br \/>\nspiritualmente. Gli abitanti delle isole dello Stretto di Torres rimangono impegnati nella nozione di<\/p>\n<p>clan, in particolare la famiglia Kwod con i suoi totem (coccodrillo, tartaruga, dugongo, razza),<br \/>\nemu&#8230;). La prerogativa del capo clan e del consiglio degli anziani<br \/>\nprevale ancora per molti soggetti, specialmente per il &#8220;titolo nativo&#8221;,<br \/>\ndiritto consuetudinario del possesso della terra.<\/p>\n\t\t\t\t\t\t\t\t<\/div>\n\t\t\t\t<\/div>\n\t\t\t\t<div class=\"elementor-element elementor-element-55d01a64 elementor-widget elementor-widget-text-editor\" data-id=\"55d01a64\" data-element_type=\"widget\" data-e-type=\"widget\" data-widget_type=\"text-editor.default\">\n\t\t\t\t<div class=\"elementor-widget-container\">\n\t\t\t\t\t\t\t\t\t<h1>COSA LO MINACCIA?<\/h1>\n<p>Oggi, la popolazione nativa dello Stretto di Torres \u00e8 almeno sei volte superiore a quella dei<br \/>sul continente australiano che nella sua regione d&#8217;origine, con un rischio di<br \/>dissoluzione delle tradizioni e della cultura ancestrale. Questo territorio \u00e8 anche<br \/>particolarmente vulnerabili agli effetti del cambiamento climatico: le coste delle isole<br \/>erosione dovuta alle alte maree, scomparsa dei coralli a causa di<br \/>di ripetuti episodi di sbiancamento&#8230; Durante un&#8217;escursione acquatica nel<br \/>l&#8217;isola di Badu, S.A.S. il Principe Alberto II ha potuto osservare il<br \/>effetti del riscaldamento globale sulle barriere coralline, che hanno sofferto di episodi<br \/>di grave sbiancamento negli ultimi anni. Badu \u00e8 anche la casa del dugongo, considerato<br \/>come sacro e con il quale molti clan si identificano. L&#8217;unico mammifero marino erbivoro, \u00e8<br \/>\u00e8 ora in pericolo. A ovest dello stretto di Torres, una riserva protetta \u00e8<br \/>dedicato.<\/p>\n\t\t\t\t\t\t\t\t<\/div>\n\t\t\t\t<\/div>\n\t\t\t\t\t<\/div>\n\t\t<\/div>\n\t\t\t\t<div class=\"elementor-column elementor-col-50 elementor-top-column elementor-element elementor-element-1663cc51\" data-id=\"1663cc51\" data-element_type=\"column\" data-e-type=\"column\" data-settings=\"{&quot;background_background&quot;:&quot;classic&quot;}\">\n\t\t\t<div class=\"elementor-widget-wrap elementor-element-populated\">\n\t\t\t\t\t\t<div class=\"elementor-element elementor-element-4086f95d elementor-widget elementor-widget-image\" data-id=\"4086f95d\" data-element_type=\"widget\" data-e-type=\"widget\" data-widget_type=\"image.default\">\n\t\t\t\t<div class=\"elementor-widget-container\">\n\t\t\t\t\t\t\t\t\t\t\t\t\t\t\t<img decoding=\"async\" width=\"1024\" height=\"1024\" src=\"https:\/\/musee.oceano.org\/wp-content\/uploads\/sites\/2\/2019\/06\/httpswww.instagram.compBx2QogqA7Uw-1024x1024.jpg\" class=\"attachment-large size-large wp-image-5032\" alt=\"\" srcset=\"https:\/\/musee.oceano.org\/wp-content\/uploads\/sites\/2\/2019\/06\/httpswww.instagram.compBx2QogqA7Uw-1024x1024.jpg 1024w, https:\/\/musee.oceano.org\/wp-content\/uploads\/sites\/2\/2019\/06\/httpswww.instagram.compBx2QogqA7Uw-150x150.jpg 150w, https:\/\/musee.oceano.org\/wp-content\/uploads\/sites\/2\/2019\/06\/httpswww.instagram.compBx2QogqA7Uw-300x300.jpg 300w, https:\/\/musee.oceano.org\/wp-content\/uploads\/sites\/2\/2019\/06\/httpswww.instagram.compBx2QogqA7Uw-768x768.jpg 768w, https:\/\/musee.oceano.org\/wp-content\/uploads\/sites\/2\/2019\/06\/httpswww.instagram.compBx2QogqA7Uw-433x433.jpg 433w, https:\/\/musee.oceano.org\/wp-content\/uploads\/sites\/2\/2019\/06\/httpswww.instagram.compBx2QogqA7Uw-334x334.jpg 334w, https:\/\/musee.oceano.org\/wp-content\/uploads\/sites\/2\/2019\/06\/httpswww.instagram.compBx2QogqA7Uw.jpg 1080w\" sizes=\"(max-width: 1024px) 100vw, 1024px\" \/>\t\t\t\t\t\t\t\t\t\t\t\t\t\t\t<\/div>\n\t\t\t\t<\/div>\n\t\t\t\t<div class=\"elementor-element elementor-element-25d1f1e0 elementor-widget elementor-widget-heading\" data-id=\"25d1f1e0\" data-element_type=\"widget\" data-e-type=\"widget\" data-widget_type=\"heading.default\">\n\t\t\t\t<div class=\"elementor-widget-container\">\n\t\t\t\t\t<h2 class=\"elementor-heading-title elementor-size-default\">ISOLA BADU<\/h2>\t\t\t\t<\/div>\n\t\t\t\t<\/div>\n\t\t\t\t<div class=\"elementor-element elementor-element-3c32f1f0 elementor-widget elementor-widget-heading\" data-id=\"3c32f1f0\" data-element_type=\"widget\" data-e-type=\"widget\" data-widget_type=\"heading.default\">\n\t\t\t\t<div class=\"elementor-widget-container\">\n\t\t\t\t\t<h2 class=\"elementor-heading-title elementor-size-default\">Una missione delle esplorazioni di Monaco<\/h2>\t\t\t\t<\/div>\n\t\t\t\t<\/div>\n\t\t\t\t<section class=\"elementor-section elementor-inner-section elementor-element elementor-element-3cc608de elementor-section-boxed elementor-section-height-default elementor-section-height-default\" data-id=\"3cc608de\" data-element_type=\"section\" data-e-type=\"section\">\n\t\t\t\t\t\t<div class=\"elementor-container elementor-column-gap-default\">\n\t\t\t\t\t<div class=\"elementor-column elementor-col-100 elementor-inner-column elementor-element elementor-element-4266efea\" data-id=\"4266efea\" data-element_type=\"column\" data-e-type=\"column\">\n\t\t\t<div class=\"elementor-widget-wrap elementor-element-populated\">\n\t\t\t\t\t\t<div class=\"elementor-element elementor-element-2428b2a3 elementor-widget elementor-widget-text-editor\" data-id=\"2428b2a3\" data-element_type=\"widget\" data-e-type=\"widget\" data-widget_type=\"text-editor.default\">\n\t\t\t\t<div class=\"elementor-widget-container\">\n\t\t\t\t\t\t\t\t\t<p>In seguito all&#8217;evento Taba Naba, S.A.S. il Principe Alberto II ha voluto condurre una missione Monaco Explorations sull&#8217;isola di Badu per incontrare il popolo Alick Tipoti. Una mostra fotografica ricorda i momenti salienti nella sala conferenze del museo.<\/p>\n\t\t\t\t\t\t\t\t<\/div>\n\t\t\t\t<\/div>\n\t\t\t\t\t<\/div>\n\t\t<\/div>\n\t\t\t\t\t<\/div>\n\t\t<\/section>\n\t\t\t\t<section class=\"elementor-section elementor-inner-section elementor-element elementor-element-568ae70 elementor-section-boxed elementor-section-height-default elementor-section-height-default\" data-id=\"568ae70\" data-element_type=\"section\" data-e-type=\"section\">\n\t\t\t\t\t\t<div class=\"elementor-container elementor-column-gap-default\">\n\t\t\t\t\t<div class=\"elementor-column elementor-col-100 elementor-inner-column elementor-element elementor-element-f82500a\" data-id=\"f82500a\" data-element_type=\"column\" data-e-type=\"column\">\n\t\t\t<div class=\"elementor-widget-wrap elementor-element-populated\">\n\t\t\t\t\t\t<div class=\"elementor-element elementor-element-2cc9777 elementor-widget elementor-widget-text-editor\" data-id=\"2cc9777\" data-element_type=\"widget\" data-e-type=\"widget\" data-widget_type=\"text-editor.default\">\n\t\t\t\t<div class=\"elementor-widget-container\">\n\t\t\t\t\t\t\t\t\t<p>Le esplorazioni di Monaco sono una piattaforma per l&#8217;impegno di S.A.S. il Principe Alberto II per la conoscenza, la gestione sostenibile e la protezione di  <span style=\"letter-spacing: 0.16px;\">l&#8217;oceano. Creati su iniziativa del governo del Principato di Monaco, essi  <\/span><span style=\"letter-spacing: 0.16px;\">la Fondazione Principe Alberto II di Monaco, l&#8217;Istituto Oceanografico, il Centro  <\/span><span style=\"letter-spacing: 0.16px;\">Scientifico di Monaco e lo Yacht Club di Monaco. Sostengono le loro azioni  <\/span><span style=\"letter-spacing: 0.16px;\">attraverso missioni internazionali che combinano ricerca scientifica, sensibilizzazione del pubblico e cooperazione governativa.<\/span><\/p>\n\t\t\t\t\t\t\t\t<\/div>\n\t\t\t\t<\/div>\n\t\t\t\t\t<\/div>\n\t\t<\/div>\n\t\t\t\t\t<\/div>\n\t\t<\/section>\n\t\t\t\t<section class=\"elementor-section elementor-inner-section elementor-element elementor-element-18c2211a elementor-section-boxed elementor-section-height-default elementor-section-height-default\" data-id=\"18c2211a\" data-element_type=\"section\" data-e-type=\"section\">\n\t\t\t\t\t\t<div class=\"elementor-container elementor-column-gap-default\">\n\t\t\t\t\t<div class=\"elementor-column elementor-col-100 elementor-inner-column elementor-element elementor-element-b52e29a\" data-id=\"b52e29a\" data-element_type=\"column\" data-e-type=\"column\">\n\t\t\t<div class=\"elementor-widget-wrap elementor-element-populated\">\n\t\t\t\t\t\t<div class=\"elementor-element elementor-element-1422d393 elementor-icon-list--layout-inline elementor-align-center elementor-list-item-link-full_width elementor-widget elementor-widget-icon-list\" data-id=\"1422d393\" data-element_type=\"widget\" data-e-type=\"widget\" data-widget_type=\"icon-list.default\">\n\t\t\t\t<div class=\"elementor-widget-container\">\n\t\t\t\t\t\t\t<ul class=\"elementor-icon-list-items elementor-inline-items\">\n\t\t\t\t\t\t\t<li class=\"elementor-icon-list-item elementor-inline-item\">\n\t\t\t\t\t\t\t\t\t\t\t<span class=\"elementor-icon-list-icon\">\n\t\t\t\t\t\t\t\t\t\t\t\t\t\t\t\t<i class=\"fa fa-facebook\" aria-hidden=\"true\"><\/i>\n\t\t\t\t\t\t\t\t\t\t\t\t\t<\/span>\n\t\t\t\t\t\t\t\t\t\t<span class=\"elementor-icon-list-text\">Facebook  <\/span>\n\t\t\t\t\t\t\t\t\t<\/li>\n\t\t\t\t\t\t\t\t<li class=\"elementor-icon-list-item elementor-inline-item\">\n\t\t\t\t\t\t\t\t\t\t\t<span class=\"elementor-icon-list-icon\">\n\t\t\t\t\t\t\t\t\t\t\t\t\t\t\t\t<i class=\"fa fa-twitter\" aria-hidden=\"true\"><\/i>\n\t\t\t\t\t\t\t\t\t\t\t\t\t<\/span>\n\t\t\t\t\t\t\t\t\t\t<span class=\"elementor-icon-list-text\">Twitter  <\/span>\n\t\t\t\t\t\t\t\t\t<\/li>\n\t\t\t\t\t\t\t\t<li class=\"elementor-icon-list-item elementor-inline-item\">\n\t\t\t\t\t\t\t\t\t\t\t<span class=\"elementor-icon-list-icon\">\n\t\t\t\t\t\t\t\t\t\t\t\t\t\t\t\t<i class=\"fa fa-instagram\" aria-hidden=\"true\"><\/i>\n\t\t\t\t\t\t\t\t\t\t\t\t\t<\/span>\n\t\t\t\t\t\t\t\t\t\t<span class=\"elementor-icon-list-text\">Instagram  <\/span>\n\t\t\t\t\t\t\t\t\t<\/li>\n\t\t\t\t\t\t\t\t<li class=\"elementor-icon-list-item elementor-inline-item\">\n\t\t\t\t\t\t\t\t\t\t\t<span class=\"elementor-icon-list-icon\">\n\t\t\t\t\t\t\t\t\t\t\t\t\t\t\t\t<i class=\"fa fa-youtube\" aria-hidden=\"true\"><\/i>\n\t\t\t\t\t\t\t\t\t\t\t\t\t<\/span>\n\t\t\t\t\t\t\t\t\t\t<span class=\"elementor-icon-list-text\">Youtube  <\/span>\n\t\t\t\t\t\t\t\t\t<\/li>\n\t\t\t\t\t\t<\/ul>\n\t\t\t\t\t\t<\/div>\n\t\t\t\t<\/div>\n\t\t\t\t\t<\/div>\n\t\t<\/div>\n\t\t\t\t\t<\/div>\n\t\t<\/section>\n\t\t\t\t\t<\/div>\n\t\t<\/div>\n\t\t\t\t\t<\/div>\n\t\t<\/section>\n\t\t\t\t<section class=\"elementor-section elementor-top-section elementor-element elementor-element-5cabb2f7 elementor-section-boxed elementor-section-height-default elementor-section-height-default\" data-id=\"5cabb2f7\" data-element_type=\"section\" data-e-type=\"section\" data-settings=\"{&quot;background_background&quot;:&quot;classic&quot;}\">\n\t\t\t\t\t\t<div class=\"elementor-container elementor-column-gap-default\">\n\t\t\t\t\t<div class=\"elementor-column elementor-col-100 elementor-top-column elementor-element elementor-element-5eef4f4c\" data-id=\"5eef4f4c\" data-element_type=\"column\" data-e-type=\"column\">\n\t\t\t<div class=\"elementor-widget-wrap elementor-element-populated\">\n\t\t\t\t\t\t<section class=\"elementor-section elementor-inner-section elementor-element elementor-element-3d8b1f93 elementor-section-boxed elementor-section-height-default elementor-section-height-default\" data-id=\"3d8b1f93\" data-element_type=\"section\" data-e-type=\"section\" data-settings=\"{&quot;background_background&quot;:&quot;classic&quot;}\">\n\t\t\t\t\t\t<div class=\"elementor-container elementor-column-gap-default\">\n\t\t\t\t\t<div class=\"elementor-column elementor-col-50 elementor-inner-column elementor-element elementor-element-6717dae\" data-id=\"6717dae\" data-element_type=\"column\" data-e-type=\"column\">\n\t\t\t<div class=\"elementor-widget-wrap elementor-element-populated\">\n\t\t\t\t\t\t<div class=\"elementor-element elementor-element-6acbfa59 elementor-widget elementor-widget-image\" data-id=\"6acbfa59\" data-element_type=\"widget\" data-e-type=\"widget\" data-widget_type=\"image.default\">\n\t\t\t\t<div class=\"elementor-widget-container\">\n\t\t\t\t\t\t\t\t\t\t\t\t\t\t\t<img decoding=\"async\" width=\"762\" height=\"578\" src=\"https:\/\/musee.oceano.org\/wp-content\/uploads\/sites\/2\/2019\/05\/162_EDM-Mission-Badu-Island_Nov-2018_Ariel_Fuchs-IMG_9981-762x578.jpg\" class=\"attachment-img-actu-section size-img-actu-section wp-image-5200\" alt=\"\" \/>\t\t\t\t\t\t\t\t\t\t\t\t\t\t\t<\/div>\n\t\t\t\t<\/div>\n\t\t\t\t\t<\/div>\n\t\t<\/div>\n\t\t\t\t<div class=\"elementor-column elementor-col-50 elementor-inner-column elementor-element elementor-element-620a3ecc\" data-id=\"620a3ecc\" data-element_type=\"column\" data-e-type=\"column\">\n\t\t\t<div class=\"elementor-widget-wrap elementor-element-populated\">\n\t\t\t\t\t\t<div class=\"elementor-element elementor-element-4b60608d elementor-widget elementor-widget-heading\" data-id=\"4b60608d\" data-element_type=\"widget\" data-e-type=\"widget\" data-widget_type=\"heading.default\">\n\t\t\t\t<div class=\"elementor-widget-container\">\n\t\t\t\t\t<h2 class=\"elementor-heading-title elementor-size-default\">L'avvertimento  <br>  anziani<\/h2>\t\t\t\t<\/div>\n\t\t\t\t<\/div>\n\t\t\t\t<div class=\"elementor-element elementor-element-92ef459 elementor-widget elementor-widget-text-editor\" data-id=\"92ef459\" data-element_type=\"widget\" data-e-type=\"widget\" data-widget_type=\"text-editor.default\">\n\t\t\t\t<div class=\"elementor-widget-container\">\n\t\t\t\t\t\t\t\t\t<p>Tra i molti scambi che hanno avuto luogo sul posto, quello che S.A.S. il Principe Alberto II di Monaco ha avuto con gli anziani della comunit\u00e0 Badu rimane uno dei pi\u00f9 impressionanti. I suoi interlocutori gli dissero allora: &#8221;  <i>Siamo in contatto con la natura e quindi abbiamo un posto in prima fila per vedere il cambiamento delle stagioni, il cambiamento della serie di elementi naturali che ci circondano. Siamo i migliori testimoni. Per noi, il cambiamento climatico \u00e8 soprattutto sinonimo di perdita della nostra identit\u00e0, la scomparsa delle nostre radici. Abbiamo paura per la nostra cultura, il nostro modo di vivere. Purtroppo, non siamo ascoltati molto. Dobbiamo far s\u00ec che pi\u00f9 persone siano testimoni di ci\u00f2 che stiamo vivendo. Di ci\u00f2 che ci tocca. Ecco perch\u00e9 la vostra visita \u00e8 importante per noi. Apre una finestra sulle nostre comunit\u00e0 che dicono al mondo: non va tutto bene! \u00bb<\/i><\/p>\n\t\t\t\t\t\t\t\t<\/div>\n\t\t\t\t<\/div>\n\t\t\t\t\t<\/div>\n\t\t<\/div>\n\t\t\t\t\t<\/div>\n\t\t<\/section>\n\t\t\t\t\t<\/div>\n\t\t<\/div>\n\t\t\t\t\t<\/div>\n\t\t<\/section>\n\t\t\t\t<section class=\"elementor-section elementor-top-section elementor-element elementor-element-708c092a elementor-section-boxed elementor-section-height-default elementor-section-height-default\" data-id=\"708c092a\" data-element_type=\"section\" data-e-type=\"section\" data-settings=\"{&quot;background_background&quot;:&quot;classic&quot;}\">\n\t\t\t\t\t\t<div class=\"elementor-container elementor-column-gap-default\">\n\t\t\t\t\t<div class=\"elementor-column elementor-col-100 elementor-top-column elementor-element elementor-element-d7bb78d\" data-id=\"d7bb78d\" data-element_type=\"column\" data-e-type=\"column\">\n\t\t\t<div class=\"elementor-widget-wrap elementor-element-populated\">\n\t\t\t\t\t\t<section class=\"elementor-section elementor-inner-section elementor-element elementor-element-177df259 elementor-section-boxed elementor-section-height-default elementor-section-height-default\" data-id=\"177df259\" data-element_type=\"section\" data-e-type=\"section\" data-settings=\"{&quot;background_background&quot;:&quot;classic&quot;}\">\n\t\t\t\t\t\t<div class=\"elementor-container elementor-column-gap-default\">\n\t\t\t\t\t<div class=\"elementor-column elementor-col-50 elementor-inner-column elementor-element elementor-element-569f3047\" data-id=\"569f3047\" data-element_type=\"column\" data-e-type=\"column\">\n\t\t\t<div class=\"elementor-widget-wrap elementor-element-populated\">\n\t\t\t\t\t\t<div class=\"elementor-element elementor-element-7bdc41ab elementor-widget elementor-widget-heading\" data-id=\"7bdc41ab\" data-element_type=\"widget\" data-e-type=\"widget\" data-widget_type=\"heading.default\">\n\t\t\t\t<div class=\"elementor-widget-container\">\n\t\t\t\t\t<h2 class=\"elementor-heading-title elementor-size-default\">Cos'\u00e8 un \"popolo del mare\"?<\/h2>\t\t\t\t<\/div>\n\t\t\t\t<\/div>\n\t\t\t\t<div class=\"elementor-element elementor-element-6f88024d elementor-widget elementor-widget-text-editor\" data-id=\"6f88024d\" data-element_type=\"widget\" data-e-type=\"widget\" data-widget_type=\"text-editor.default\">\n\t\t\t\t<div class=\"elementor-widget-container\">\n\t\t\t\t\t\t\t\t\t<p>Bruno David e Ian J. McNiven, della Monash University (Melbourne, Australia), ci aiutano a capire meglio l&#8217;identit\u00e0 di queste popolazioni indigene, definite come un &#8220;popolo del mare&#8221;: &#8221;  <i>Questo significa passare la maggior parte della propria vita quotidiana interagendo con il mare, vagandovi, sfruttando il suo potenziale attraverso tecniche tradizionali come il babagul, che consiste nell&#8217;ottenere cibo attraverso abilit\u00e0 speciali e conoscenze magiche utilizzate a bordo delle barche o quando si arpionano i dugonghi dalle piattaforme naath. Significa anche pensare a quelle forze elementari che governano la vita giorno per giorno: le onde, i venti del mare, le nuvole che vanno e vengono su oceani lontani, le stelle che ci guidano, le maree, gli animali che sono sia familiari che pericolosi, pesci, tartarughe e squali. Per essere un popolo del mare, bisogna avere un&#8217;affinit\u00e0 speciale con il mare, non basta procurarsi il cibo da esso. Dobbiamo pensare al mare.<\/i>  \u00bb<\/p>\n\t\t\t\t\t\t\t\t<\/div>\n\t\t\t\t<\/div>\n\t\t\t\t\t<\/div>\n\t\t<\/div>\n\t\t\t\t<div class=\"elementor-column elementor-col-50 elementor-inner-column elementor-element elementor-element-408724c7\" data-id=\"408724c7\" data-element_type=\"column\" data-e-type=\"column\">\n\t\t\t<div class=\"elementor-widget-wrap elementor-element-populated\">\n\t\t\t\t\t\t<div class=\"elementor-element elementor-element-1839fe0c elementor-widget elementor-widget-image\" data-id=\"1839fe0c\" data-element_type=\"widget\" data-e-type=\"widget\" data-widget_type=\"image.default\">\n\t\t\t\t<div class=\"elementor-widget-container\">\n\t\t\t\t\t\t\t\t\t\t\t\t\t\t\t<img loading=\"lazy\" decoding=\"async\" width=\"762\" height=\"578\" src=\"https:\/\/musee.oceano.org\/wp-content\/uploads\/sites\/2\/2019\/05\/140_EDM-Mission-Badu-Island_Nov-2018_Ariel_Fuchs-IMG_9765-762x578.jpg\" class=\"attachment-img-actu-section size-img-actu-section wp-image-5207\" alt=\"\" \/>\t\t\t\t\t\t\t\t\t\t\t\t\t\t\t<\/div>\n\t\t\t\t<\/div>\n\t\t\t\t\t<\/div>\n\t\t<\/div>\n\t\t\t\t\t<\/div>\n\t\t<\/section>\n\t\t\t\t\t<\/div>\n\t\t<\/div>\n\t\t\t\t\t<\/div>\n\t\t<\/section>\n\t\t\t\t<section class=\"elementor-section elementor-top-section elementor-element elementor-element-20bfdd01 elementor-section-full_width elementor-section-height-default elementor-section-height-default\" data-id=\"20bfdd01\" data-element_type=\"section\" data-e-type=\"section\">\n\t\t\t\t\t\t<div class=\"elementor-container elementor-column-gap-default\">\n\t\t\t\t\t<div class=\"elementor-column elementor-col-100 elementor-top-column elementor-element elementor-element-ce80243\" data-id=\"ce80243\" data-element_type=\"column\" data-e-type=\"column\">\n\t\t\t<div class=\"elementor-widget-wrap elementor-element-populated\">\n\t\t\t\t\t\t<div class=\"elementor-element elementor-element-1317ac03 elementor-widget elementor-widget-heading\" data-id=\"1317ac03\" data-element_type=\"widget\" data-e-type=\"widget\" data-widget_type=\"heading.default\">\n\t\t\t\t<div class=\"elementor-widget-container\">\n\t\t\t\t\t<h2 class=\"elementor-heading-title elementor-size-default\">Da vedere anche\n\n<\/h2>\t\t\t\t<\/div>\n\t\t\t\t<\/div>\n\t\t\t\t\t<\/div>\n\t\t<\/div>\n\t\t\t\t\t<\/div>\n\t\t<\/section>\n\t\t\t\t<section class=\"elementor-section elementor-top-section elementor-element elementor-element-646633d3 elementor-section-boxed elementor-section-height-default elementor-section-height-default\" data-id=\"646633d3\" data-element_type=\"section\" data-e-type=\"section\" data-settings=\"{&quot;background_background&quot;:&quot;classic&quot;}\">\n\t\t\t\t\t\t<div class=\"elementor-container elementor-column-gap-default\">\n\t\t\t\t\t<div class=\"elementor-column elementor-col-33 elementor-top-column elementor-element elementor-element-7517c4d9\" data-id=\"7517c4d9\" data-element_type=\"column\" data-e-type=\"column\">\n\t\t\t<div class=\"elementor-widget-wrap elementor-element-populated\">\n\t\t\t\t\t\t<div class=\"elementor-element elementor-element-4f6598b7 elementor-widget elementor-widget-image\" data-id=\"4f6598b7\" data-element_type=\"widget\" data-e-type=\"widget\" data-widget_type=\"image.default\">\n\t\t\t\t<div class=\"elementor-widget-container\">\n\t\t\t\t\t\t\t\t\t\t\t\t\t\t\t<img decoding=\"async\" src=\"https:\/\/musee.oceano.org\/wp-content\/uploads\/sites\/2\/elementor\/thumbs\/3-1-MOM_0344-scaled-rjyt4by7d5btnnqa4w5qnm1rrsfmmi8uut7hpeu6ne.jpg\" title=\"3-1-MOM_0344\" alt=\"3-1-MOM_0344\" loading=\"lazy\" \/>\t\t\t\t\t\t\t\t\t\t\t\t\t\t\t<\/div>\n\t\t\t\t<\/div>\n\t\t\t\t<div class=\"elementor-element elementor-element-486e7a0d elementor-widget elementor-widget-heading\" data-id=\"486e7a0d\" data-element_type=\"widget\" data-e-type=\"widget\" data-widget_type=\"heading.default\">\n\t\t\t\t<div class=\"elementor-widget-container\">\n\t\t\t\t\t<h2 class=\"elementor-heading-title elementor-size-default\">Gli acquari del museo<\/h2>\t\t\t\t<\/div>\n\t\t\t\t<\/div>\n\t\t\t\t<div class=\"elementor-element elementor-element-55b031d8 elementor-align-center elementor-widget elementor-widget-button\" data-id=\"55b031d8\" data-element_type=\"widget\" data-e-type=\"widget\" data-widget_type=\"button.default\">\n\t\t\t\t<div class=\"elementor-widget-container\">\n\t\t\t\t\t\t\t\t\t<div class=\"elementor-button-wrapper\">\n\t\t\t\t\t<a class=\"elementor-button elementor-button-link elementor-size-md\" href=\"https:\/\/musee.oceano.org\/it\/acquari\/\">\n\t\t\t\t\t\t<span class=\"elementor-button-content-wrapper\">\n\t\t\t\t\t\t\t\t\t<span class=\"elementor-button-text\">SCOPRIRE<\/span>\n\t\t\t\t\t<\/span>\n\t\t\t\t\t<\/a>\n\t\t\t\t<\/div>\n\t\t\t\t\t\t\t\t<\/div>\n\t\t\t\t<\/div>\n\t\t\t\t\t<\/div>\n\t\t<\/div>\n\t\t\t\t<div class=\"elementor-column elementor-col-33 elementor-top-column elementor-element elementor-element-5fff2e74\" data-id=\"5fff2e74\" data-element_type=\"column\" data-e-type=\"column\">\n\t\t\t<div class=\"elementor-widget-wrap elementor-element-populated\">\n\t\t\t\t\t\t<div class=\"elementor-element elementor-element-66e6393e elementor-widget elementor-widget-image\" data-id=\"66e6393e\" data-element_type=\"widget\" data-e-type=\"widget\" data-widget_type=\"image.default\">\n\t\t\t\t<div class=\"elementor-widget-container\">\n\t\t\t\t\t\t\t\t\t\t\t\t\t\t\t<img decoding=\"async\" src=\"https:\/\/musee.oceano.org\/wp-content\/uploads\/sites\/2\/elementor\/thumbs\/ALBERT_badu-rjyt42jtgsyyfk3xns3gyof5txpyhj7jhiomwn84dm.png\" title=\"ALBERT_badu\" alt=\"ALBERT_badu\" loading=\"lazy\" \/>\t\t\t\t\t\t\t\t\t\t\t\t\t\t\t<\/div>\n\t\t\t\t<\/div>\n\t\t\t\t<div class=\"elementor-element elementor-element-6928c046 elementor-widget elementor-widget-heading\" data-id=\"6928c046\" data-element_type=\"widget\" data-e-type=\"widget\" data-widget_type=\"heading.default\">\n\t\t\t\t<div class=\"elementor-widget-container\">\n\t\t\t\t\t<h2 class=\"elementor-heading-title elementor-size-default\">Esplorazioni di Monaco<\/h2>\t\t\t\t<\/div>\n\t\t\t\t<\/div>\n\t\t\t\t<div class=\"elementor-element elementor-element-78228566 elementor-align-center elementor-widget elementor-widget-button\" data-id=\"78228566\" data-element_type=\"widget\" data-e-type=\"widget\" data-widget_type=\"button.default\">\n\t\t\t\t<div class=\"elementor-widget-container\">\n\t\t\t\t\t\t\t\t\t<div class=\"elementor-button-wrapper\">\n\t\t\t\t\t<a class=\"elementor-button elementor-button-link elementor-size-md\" href=\"https:\/\/www.oceano.org\/it\/monaco-la-voce-delloceano\/esplorazioni-di-monaco\/\">\n\t\t\t\t\t\t<span class=\"elementor-button-content-wrapper\">\n\t\t\t\t\t\t\t\t\t<span class=\"elementor-button-text\">ESPLORA<\/span>\n\t\t\t\t\t<\/span>\n\t\t\t\t\t<\/a>\n\t\t\t\t<\/div>\n\t\t\t\t\t\t\t\t<\/div>\n\t\t\t\t<\/div>\n\t\t\t\t\t<\/div>\n\t\t<\/div>\n\t\t\t\t<div class=\"elementor-column elementor-col-33 elementor-top-column elementor-element elementor-element-66cdc717\" data-id=\"66cdc717\" data-element_type=\"column\" data-e-type=\"column\">\n\t\t\t<div class=\"elementor-widget-wrap elementor-element-populated\">\n\t\t\t\t\t\t<div class=\"elementor-element elementor-element-8c6951c elementor-widget elementor-widget-image\" data-id=\"8c6951c\" data-element_type=\"widget\" data-e-type=\"widget\" data-widget_type=\"image.default\">\n\t\t\t\t<div class=\"elementor-widget-container\">\n\t\t\t\t\t\t\t\t\t\t\t\t\t\t\t<img decoding=\"async\" src=\"https:\/\/musee.oceano.org\/wp-content\/uploads\/sites\/2\/elementor\/thumbs\/httpswww.instagram.compBx-BKBfFQAN-rjyt4gnebbi99pjgdg6vi2v2qpsgozrijggx3sn7sa.jpg\" title=\"httpswww.instagram.compBx-BKBfFQAN\" alt=\"httpswww.instagram.compBx-BKBfFQAN\" loading=\"lazy\" \/>\t\t\t\t\t\t\t\t\t\t\t\t\t\t\t<\/div>\n\t\t\t\t<\/div>\n\t\t\t\t<div class=\"elementor-element elementor-element-31210fe4 elementor-widget elementor-widget-heading\" data-id=\"31210fe4\" data-element_type=\"widget\" data-e-type=\"widget\" data-widget_type=\"heading.default\">\n\t\t\t\t<div class=\"elementor-widget-container\">\n\t\t\t\t\t<h2 class=\"elementor-heading-title elementor-size-default\">Odissea delle tartarughe<\/h2>\t\t\t\t<\/div>\n\t\t\t\t<\/div>\n\t\t\t\t<div class=\"elementor-element elementor-element-554ab27b elementor-align-center elementor-widget elementor-widget-button\" data-id=\"554ab27b\" data-element_type=\"widget\" data-e-type=\"widget\" data-widget_type=\"button.default\">\n\t\t\t\t<div class=\"elementor-widget-container\">\n\t\t\t\t\t\t\t\t\t<div class=\"elementor-button-wrapper\">\n\t\t\t\t\t<a class=\"elementor-button elementor-button-link elementor-size-md\" href=\"https:\/\/musee.oceano.org\/it\/lodissea-delle-tartarughe-marine\/\">\n\t\t\t\t\t\t<span class=\"elementor-button-content-wrapper\">\n\t\t\t\t\t\t\t\t\t<span class=\"elementor-button-text\">VISITA<\/span>\n\t\t\t\t\t<\/span>\n\t\t\t\t\t<\/a>\n\t\t\t\t<\/div>\n\t\t\t\t\t\t\t\t<\/div>\n\t\t\t\t<\/div>\n\t\t\t\t\t<\/div>\n\t\t<\/div>\n\t\t\t\t\t<\/div>\n\t\t<\/section>\n\t\t\t\t<section class=\"elementor-section elementor-top-section elementor-element elementor-element-635215f8 elementor-section-full_width elementor-section-height-default elementor-section-height-default\" data-id=\"635215f8\" data-element_type=\"section\" data-e-type=\"section\" data-settings=\"{&quot;background_background&quot;:&quot;classic&quot;}\">\n\t\t\t\t\t\t<div class=\"elementor-container elementor-column-gap-default\">\n\t\t\t\t\t<div class=\"elementor-column elementor-col-100 elementor-top-column elementor-element elementor-element-4a72a651\" data-id=\"4a72a651\" data-element_type=\"column\" data-e-type=\"column\">\n\t\t\t<div class=\"elementor-widget-wrap elementor-element-populated\">\n\t\t\t\t\t\t<div class=\"elementor-element elementor-element-6d5aff7a elementor-widget elementor-widget-heading\" data-id=\"6d5aff7a\" data-element_type=\"widget\" data-e-type=\"widget\" data-widget_type=\"heading.default\">\n\t\t\t\t<div class=\"elementor-widget-container\">\n\t\t\t\t\t<h2 class=\"elementor-heading-title elementor-size-default\">Mostre passate<\/h2>\t\t\t\t<\/div>\n\t\t\t\t<\/div>\n\t\t\t\t\t<\/div>\n\t\t<\/div>\n\t\t\t\t\t<\/div>\n\t\t<\/section>\n\t\t\t\t<section class=\"elementor-section elementor-top-section elementor-element elementor-element-6a904711 elementor-section-content-middle elementor-section-boxed elementor-section-height-default elementor-section-height-default\" data-id=\"6a904711\" data-element_type=\"section\" data-e-type=\"section\" data-settings=\"{&quot;background_background&quot;:&quot;classic&quot;}\">\n\t\t\t\t\t\t<div class=\"elementor-container elementor-column-gap-default\">\n\t\t\t\t\t<div class=\"elementor-column elementor-col-100 elementor-top-column elementor-element elementor-element-131b51a\" data-id=\"131b51a\" data-element_type=\"column\" data-e-type=\"column\">\n\t\t\t<div class=\"elementor-widget-wrap elementor-element-populated\">\n\t\t\t\t\t\t<div class=\"elementor-element elementor-element-2f410b04 elementor-widget elementor-widget-shortcode\" data-id=\"2f410b04\" data-element_type=\"widget\" data-e-type=\"widget\" data-widget_type=\"shortcode.default\">\n\t\t\t\t<div class=\"elementor-widget-container\">\n\t\t\t\t\t\t\t<div class=\"elementor-shortcode\"><div class=\"related-cp\">\n    <div class=\"flex-container former_expositions_slides\">\n        <div class=\"txt-center cp-block\">\n    <div class=\"zoom-effect\">\n        <img loading=\"lazy\" decoding=\"async\" width=\"433\" height=\"433\" src=\"https:\/\/musee.oceano.org\/wp-content\/uploads\/sites\/2\/2024\/03\/mission-polaire-2.jpg\" class=\"attachment-img-bloc-three-content size-img-bloc-three-content wp-post-image\" alt=\"\" srcset=\"https:\/\/musee.oceano.org\/wp-content\/uploads\/sites\/2\/2024\/03\/mission-polaire-2.jpg 433w, https:\/\/musee.oceano.org\/wp-content\/uploads\/sites\/2\/2024\/03\/mission-polaire-2-300x300.jpg 300w, https:\/\/musee.oceano.org\/wp-content\/uploads\/sites\/2\/2024\/03\/mission-polaire-2-150x150.jpg 150w, https:\/\/musee.oceano.org\/wp-content\/uploads\/sites\/2\/2024\/03\/mission-polaire-2-334x334.jpg 334w\" sizes=\"(max-width: 433px) 100vw, 433px\" \/>    <\/div>\n    <h5 class=\"color-white mtl\">Mission Polaire, la mostra &#8220;IMMERSIONE<\/h5>\n    <a href=\"https:\/\/musee.oceano.org\/it\/esposizioni\/mission-polaire-la-mostra-immersione\/\" class=\"btn color-white border-white mrauto mlauto mtl\">\n        <span class=\"btn-text\">Vedere<\/span>\n    <\/a>\n<\/div>\n\n<div class=\"txt-center cp-block\">\n    <div class=\"zoom-effect\">\n        <img loading=\"lazy\" decoding=\"async\" width=\"433\" height=\"433\" src=\"https:\/\/musee.oceano.org\/wp-content\/uploads\/sites\/2\/2019\/05\/LOW-FINI-09_Artiste-Alick-Tipoti_M_Dagnino-433x433.jpg\" class=\"attachment-img-bloc-three-content size-img-bloc-three-content wp-post-image\" alt=\"\" srcset=\"https:\/\/musee.oceano.org\/wp-content\/uploads\/sites\/2\/2019\/05\/LOW-FINI-09_Artiste-Alick-Tipoti_M_Dagnino-433x433.jpg 433w, https:\/\/musee.oceano.org\/wp-content\/uploads\/sites\/2\/2019\/05\/LOW-FINI-09_Artiste-Alick-Tipoti_M_Dagnino-150x150.jpg 150w, https:\/\/musee.oceano.org\/wp-content\/uploads\/sites\/2\/2019\/05\/LOW-FINI-09_Artiste-Alick-Tipoti_M_Dagnino-300x300.jpg 300w, https:\/\/musee.oceano.org\/wp-content\/uploads\/sites\/2\/2019\/05\/LOW-FINI-09_Artiste-Alick-Tipoti_M_Dagnino-768x767.jpg 768w, https:\/\/musee.oceano.org\/wp-content\/uploads\/sites\/2\/2019\/05\/LOW-FINI-09_Artiste-Alick-Tipoti_M_Dagnino-1024x1024.jpg 1024w, https:\/\/musee.oceano.org\/wp-content\/uploads\/sites\/2\/2019\/05\/LOW-FINI-09_Artiste-Alick-Tipoti_M_Dagnino-334x334.jpg 334w, https:\/\/musee.oceano.org\/wp-content\/uploads\/sites\/2\/2019\/05\/LOW-FINI-09_Artiste-Alick-Tipoti_M_Dagnino.jpg 1039w\" sizes=\"(max-width: 433px) 100vw, 433px\" \/>    <\/div>\n    <h5 class=\"color-white mtl\">Taba Naba<\/h5>\n    <a href=\"https:\/\/musee.oceano.org\/it\/esposizioni\/taba-naba\/\" class=\"btn color-white border-white mrauto mlauto mtl\">\n        <span class=\"btn-text\">Vedere<\/span>\n    <\/a>\n<\/div>\n\n<div class=\"txt-center cp-block\">\n    <div class=\"zoom-effect\">\n        <img loading=\"lazy\" decoding=\"async\" width=\"433\" height=\"433\" src=\"https:\/\/musee.oceano.org\/wp-content\/uploads\/sites\/2\/2019\/10\/Huang-Yong-Ping-433x433.jpg\" class=\"attachment-img-bloc-three-content size-img-bloc-three-content wp-post-image\" alt=\"Mus\u00e9e oc\u00e9anographique - photo de Huang Yong Ping\" srcset=\"https:\/\/musee.oceano.org\/wp-content\/uploads\/sites\/2\/2019\/10\/Huang-Yong-Ping-433x433.jpg 433w, https:\/\/musee.oceano.org\/wp-content\/uploads\/sites\/2\/2019\/10\/Huang-Yong-Ping-150x150.jpg 150w, https:\/\/musee.oceano.org\/wp-content\/uploads\/sites\/2\/2019\/10\/Huang-Yong-Ping-334x334.jpg 334w\" sizes=\"(max-width: 433px) 100vw, 433px\" \/>    <\/div>\n    <h5 class=\"color-white mtl\">Omaggio: Huang Yong Ping<\/h5>\n    <a href=\"https:\/\/musee.oceano.org\/it\/esposizioni\/omaggio-huang-yong-ping\/\" class=\"btn color-white border-white mrauto mlauto mtl\">\n        <span class=\"btn-text\">Vedere<\/span>\n    <\/a>\n<\/div>\n\n<div class=\"txt-center cp-block\">\n    <div class=\"zoom-effect\">\n        <img loading=\"lazy\" decoding=\"async\" width=\"433\" height=\"433\" src=\"https:\/\/musee.oceano.org\/wp-content\/uploads\/sites\/2\/2019\/05\/4-Parcours-th\u00e9matique-Odyss\u00e9e-des-tortues-marines-\u00a9-M.-Dagnino-Institut-oc\u00e9anographique-433x433.jpg\" class=\"attachment-img-bloc-three-content size-img-bloc-three-content wp-post-image\" alt=\"\" srcset=\"https:\/\/musee.oceano.org\/wp-content\/uploads\/sites\/2\/2019\/05\/4-Parcours-th\u00e9matique-Odyss\u00e9e-des-tortues-marines-\u00a9-M.-Dagnino-Institut-oc\u00e9anographique-433x433.jpg 433w, https:\/\/musee.oceano.org\/wp-content\/uploads\/sites\/2\/2019\/05\/4-Parcours-th\u00e9matique-Odyss\u00e9e-des-tortues-marines-\u00a9-M.-Dagnino-Institut-oc\u00e9anographique-150x150.jpg 150w, https:\/\/musee.oceano.org\/wp-content\/uploads\/sites\/2\/2019\/05\/4-Parcours-th\u00e9matique-Odyss\u00e9e-des-tortues-marines-\u00a9-M.-Dagnino-Institut-oc\u00e9anographique-334x334.jpg 334w\" sizes=\"(max-width: 433px) 100vw, 433px\" \/>    <\/div>\n    <h5 class=\"color-white mtl\">L&#8217;odissea delle tartarughe marine &#8211; La mostra<\/h5>\n    <a href=\"https:\/\/musee.oceano.org\/it\/esposizioni\/lodissea-delle-tartarughe-marine-la-mostra\/\" class=\"btn color-white border-white mrauto mlauto mtl\">\n        <span class=\"btn-text\">Vedere<\/span>\n    <\/a>\n<\/div>\n\n<div class=\"txt-center cp-block\">\n    <div class=\"zoom-effect\">\n        <img loading=\"lazy\" decoding=\"async\" width=\"433\" height=\"433\" src=\"https:\/\/musee.oceano.org\/wp-content\/uploads\/sites\/2\/2019\/12\/tortue-verte-\u00a9Fabien-Lefebvre-Explorations-de-Monaco--433x433.jpg\" class=\"attachment-img-bloc-three-content size-img-bloc-three-content wp-post-image\" alt=\"tortue verte \u00a9Fabien Lefebvre Explorations de Monaco\" srcset=\"https:\/\/musee.oceano.org\/wp-content\/uploads\/sites\/2\/2019\/12\/tortue-verte-\u00a9Fabien-Lefebvre-Explorations-de-Monaco--433x433.jpg 433w, https:\/\/musee.oceano.org\/wp-content\/uploads\/sites\/2\/2019\/12\/tortue-verte-\u00a9Fabien-Lefebvre-Explorations-de-Monaco--150x150.jpg 150w, https:\/\/musee.oceano.org\/wp-content\/uploads\/sites\/2\/2019\/12\/tortue-verte-\u00a9Fabien-Lefebvre-Explorations-de-Monaco--334x334.jpg 334w\" sizes=\"(max-width: 433px) 100vw, 433px\" \/>    <\/div>\n    <h5 class=\"color-white mtl\">Mostra Martinica<\/h5>\n    <a href=\"https:\/\/musee.oceano.org\/it\/esposizioni\/mostra-martinica\/\" class=\"btn color-white border-white mrauto mlauto mtl\">\n        <span class=\"btn-text\">Vedere<\/span>\n    <\/a>\n<\/div>\n\n<div class=\"txt-center cp-block\">\n    <div class=\"zoom-effect\">\n        <img loading=\"lazy\" decoding=\"async\" width=\"433\" height=\"433\" src=\"https:\/\/musee.oceano.org\/wp-content\/uploads\/sites\/2\/2019\/06\/3-4-IMG_6076-433x433.jpg\" class=\"attachment-img-bloc-three-content size-img-bloc-three-content wp-post-image\" alt=\"Exposition Borderline - Mus\u00e9e oc\u00e9anographique\" srcset=\"https:\/\/musee.oceano.org\/wp-content\/uploads\/sites\/2\/2019\/06\/3-4-IMG_6076-433x433.jpg 433w, https:\/\/musee.oceano.org\/wp-content\/uploads\/sites\/2\/2019\/06\/3-4-IMG_6076-150x150.jpg 150w, https:\/\/musee.oceano.org\/wp-content\/uploads\/sites\/2\/2019\/06\/3-4-IMG_6076-334x334.jpg 334w\" sizes=\"(max-width: 433px) 100vw, 433px\" \/>    <\/div>\n    <h5 class=\"color-white mtl\">Borderline<\/h5>\n    <a href=\"https:\/\/musee.oceano.org\/it\/esposizioni\/borderline\/\" class=\"btn color-white border-white mrauto mlauto mtl\">\n        <span class=\"btn-text\">Vedere<\/span>\n    <\/a>\n<\/div>\n\n<div class=\"txt-center cp-block\">\n    <div class=\"zoom-effect\">\n        <img loading=\"lazy\" decoding=\"async\" width=\"433\" height=\"433\" src=\"https:\/\/musee.oceano.org\/wp-content\/uploads\/sites\/2\/2019\/06\/1426590317-433x433.jpg\" class=\"attachment-img-bloc-three-content size-img-bloc-three-content wp-post-image\" alt=\"\" srcset=\"https:\/\/musee.oceano.org\/wp-content\/uploads\/sites\/2\/2019\/06\/1426590317-433x433.jpg 433w, https:\/\/musee.oceano.org\/wp-content\/uploads\/sites\/2\/2019\/06\/1426590317-150x150.jpg 150w, https:\/\/musee.oceano.org\/wp-content\/uploads\/sites\/2\/2019\/06\/1426590317-334x334.jpg 334w\" sizes=\"(max-width: 433px) 100vw, 433px\" \/>    <\/div>\n    <h5 class=\"color-white mtl\">Sugli squali e l&#8217;umanit\u00e0<\/h5>\n    <a href=\"https:\/\/musee.oceano.org\/it\/esposizioni\/sugli-squali-e-lumanita\/\" class=\"btn color-white border-white mrauto mlauto mtl\">\n        <span class=\"btn-text\">Vedere<\/span>\n    <\/a>\n<\/div>\n\n<div class=\"txt-center cp-block\">\n    <div class=\"zoom-effect\">\n        <img loading=\"lazy\" decoding=\"async\" width=\"433\" height=\"433\" src=\"https:\/\/musee.oceano.org\/wp-content\/uploads\/sites\/2\/2019\/06\/1484671235-433x433.jpg\" class=\"attachment-img-bloc-three-content size-img-bloc-three-content wp-post-image\" alt=\"\" srcset=\"https:\/\/musee.oceano.org\/wp-content\/uploads\/sites\/2\/2019\/06\/1484671235-433x433.jpg 433w, https:\/\/musee.oceano.org\/wp-content\/uploads\/sites\/2\/2019\/06\/1484671235-150x150.jpg 150w, https:\/\/musee.oceano.org\/wp-content\/uploads\/sites\/2\/2019\/06\/1484671235-334x334.jpg 334w\" sizes=\"(max-width: 433px) 100vw, 433px\" \/>    <\/div>\n    <h5 class=\"color-white mtl\">Sharks<\/h5>\n    <a href=\"https:\/\/musee.oceano.org\/it\/esposizioni\/sharks\/\" class=\"btn color-white border-white mrauto mlauto mtl\">\n        <span class=\"btn-text\">Vedere<\/span>\n    <\/a>\n<\/div>\n\n<div class=\"txt-center cp-block\">\n    <div class=\"zoom-effect\">\n        <img loading=\"lazy\" decoding=\"async\" width=\"433\" height=\"433\" src=\"https:\/\/musee.oceano.org\/wp-content\/uploads\/sites\/2\/2020\/10\/Michel-AUBERY-01-2-433x433.jpg\" class=\"attachment-img-bloc-three-content size-img-bloc-three-content wp-post-image\" alt=\"Michel Aub\u00e9ry\" srcset=\"https:\/\/musee.oceano.org\/wp-content\/uploads\/sites\/2\/2020\/10\/Michel-AUBERY-01-2-433x433.jpg 433w, https:\/\/musee.oceano.org\/wp-content\/uploads\/sites\/2\/2020\/10\/Michel-AUBERY-01-2-150x150.jpg 150w, https:\/\/musee.oceano.org\/wp-content\/uploads\/sites\/2\/2020\/10\/Michel-AUBERY-01-2-334x334.jpg 334w\" sizes=\"(max-width: 433px) 100vw, 433px\" \/>    <\/div>\n    <h5 class=\"color-white mtl\">MOSTRA &#8221; RICETTE &#8221; di MICHEL AUBERY<\/h5>\n    <a href=\"https:\/\/musee.oceano.org\/it\/esposizioni\/mostra-ricette-di-michel-aubery\/\" class=\"btn color-white border-white mrauto mlauto mtl\">\n        <span class=\"btn-text\">Vedere<\/span>\n    <\/a>\n<\/div>\n\n    <\/div>\n<\/div>\n<\/div>\n\t\t\t\t\t\t<\/div>\n\t\t\t\t<\/div>\n\t\t\t\t\t<\/div>\n\t\t<\/div>\n\t\t\t\t\t<\/div>\n\t\t<\/section>\n\t\t\t\t<\/div>\n\t\t","protected":false},"excerpt":{"rendered":"<p>In linea con lo spirito delle spedizioni storiche del suo bis-bisnonno il Principe Alberto I, S.A.S. il Principe Alberto II ha rilanciato le Explorations de Monaco. Fu in questo contesto che visit\u00f2 Badu, una delle isole dello Stretto di Torres in Australia.<\/p>\n","protected":false},"featured_media":5479,"parent":0,"template":"","meta":{"_acf_changed":false,"footnotes":""},"etatexpositions":[337],"class_list":["post-25645","expositions","type-expositions","status-publish","has-post-thumbnail","hentry","etatexpositions-passate"],"acf":[],"yoast_head":"<!-- This site is optimized with the Yoast SEO plugin v27.2 - https:\/\/yoast.com\/product\/yoast-seo-wordpress\/ -->\n<title>Isola Badu - Mus\u00e9e Oc\u00e9anographique de Monaco<\/title>\n<meta name=\"robots\" content=\"index, follow, max-snippet:-1, max-image-preview:large, max-video-preview:-1\" \/>\n<link rel=\"canonical\" href=\"https:\/\/musee.oceano.org\/it\/esposizioni\/isola-badu\/\" \/>\n<meta property=\"og:locale\" content=\"it_IT\" \/>\n<meta property=\"og:type\" content=\"article\" \/>\n<meta property=\"og:title\" content=\"Isola Badu - Mus\u00e9e Oc\u00e9anographique de Monaco\" \/>\n<meta property=\"og:description\" content=\"In linea con lo spirito delle spedizioni storiche del suo bis-bisnonno il Principe Alberto I, S.A.S. il Principe Alberto II ha rilanciato le Explorations de Monaco. Fu in questo contesto che visit\u00f2 Badu, una delle isole dello Stretto di Torres in Australia.\" \/>\n<meta property=\"og:url\" content=\"https:\/\/musee.oceano.org\/it\/esposizioni\/isola-badu\/\" \/>\n<meta property=\"og:site_name\" content=\"Mus\u00e9e Oc\u00e9anographique de Monaco\" \/>\n<meta property=\"article:modified_time\" content=\"2021-07-13T08:24:42+00:00\" \/>\n<meta property=\"og:image\" content=\"https:\/\/musee.oceano.org\/wp-content\/uploads\/sites\/2\/2019\/05\/LOW-FINI-FLUI-108_EDM-Mission-Badu-Island_Nov-2018_Ariel_Fuchs-IMG_9620.jpg\" \/>\n\t<meta property=\"og:image:width\" content=\"1559\" \/>\n\t<meta property=\"og:image:height\" content=\"1039\" \/>\n\t<meta property=\"og:image:type\" content=\"image\/jpeg\" \/>\n<meta name=\"twitter:card\" content=\"summary_large_image\" \/>\n<meta name=\"twitter:label1\" content=\"Tempo di lettura stimato\" \/>\n\t<meta name=\"twitter:data1\" content=\"8 minuti\" \/>\n<script type=\"application\/ld+json\" class=\"yoast-schema-graph\">{\"@context\":\"https:\/\/schema.org\",\"@graph\":[{\"@type\":\"WebPage\",\"@id\":\"https:\/\/musee.oceano.org\/it\/esposizioni\/isola-badu\/\",\"url\":\"https:\/\/musee.oceano.org\/it\/esposizioni\/isola-badu\/\",\"name\":\"Isola Badu - Mus\u00e9e Oc\u00e9anographique de Monaco\",\"isPartOf\":{\"@id\":\"https:\/\/musee.oceano.org\/#website\"},\"primaryImageOfPage\":{\"@id\":\"https:\/\/musee.oceano.org\/it\/esposizioni\/isola-badu\/#primaryimage\"},\"image\":{\"@id\":\"https:\/\/musee.oceano.org\/it\/esposizioni\/isola-badu\/#primaryimage\"},\"thumbnailUrl\":\"https:\/\/musee.oceano.org\/wp-content\/uploads\/sites\/2\/2019\/05\/LOW-FINI-FLUI-108_EDM-Mission-Badu-Island_Nov-2018_Ariel_Fuchs-IMG_9620.jpg\",\"datePublished\":\"2021-06-25T14:16:46+00:00\",\"dateModified\":\"2021-07-13T08:24:42+00:00\",\"breadcrumb\":{\"@id\":\"https:\/\/musee.oceano.org\/it\/esposizioni\/isola-badu\/#breadcrumb\"},\"inLanguage\":\"it-IT\",\"potentialAction\":[{\"@type\":\"ReadAction\",\"target\":[\"https:\/\/musee.oceano.org\/it\/esposizioni\/isola-badu\/\"]}]},{\"@type\":\"ImageObject\",\"inLanguage\":\"it-IT\",\"@id\":\"https:\/\/musee.oceano.org\/it\/esposizioni\/isola-badu\/#primaryimage\",\"url\":\"https:\/\/musee.oceano.org\/wp-content\/uploads\/sites\/2\/2019\/05\/LOW-FINI-FLUI-108_EDM-Mission-Badu-Island_Nov-2018_Ariel_Fuchs-IMG_9620.jpg\",\"contentUrl\":\"https:\/\/musee.oceano.org\/wp-content\/uploads\/sites\/2\/2019\/05\/LOW-FINI-FLUI-108_EDM-Mission-Badu-Island_Nov-2018_Ariel_Fuchs-IMG_9620.jpg\",\"width\":1559,\"height\":1039,\"caption\":\"R\u00e9concilier l\u2019humanit\u00e9 et la mer LES EXPLORATIONS DE MONACO Autour du monde pour 3 ans au chevet des mers et des oc\u00e9ans, S.A.S. le Prince Albert II de Monaco a lanc\u00e9 aujourd\u2019hui le programme Monaco Explorations. \u00c0 travers celui-ci la Principaut\u00e9 va mettre \u00e0 la disposition de la communaut\u00e9 scientifique internationale une plateforme de recherche itin\u00e9rante, le Yersin sur laquelle des chercheurs du monde entier vont se succ\u00e9der pendant 36 mois. \u00ab Les d\u00e9cisions que nous devons prendre pour le futur de notre plan\u00e8te s\u2019appuient sur la connaissance. \u00bb a indiqu\u00e9 le Souverain \u00ab ...En renouant avec le principe des explorations scientifiques en mer nous fournirons de nouveaux \u00e9l\u00e9ments concrets \u00e9tayant les messages d\u2019alerte, de sensibilisation et d\u2019\u00e9ducation. \u00bb Le navire battant pavillon mon\u00e9gasque quittera le port de Monaco en Ao\u00fbt 2017 pour y revenir en 2020 en suivant une route longitudinale entre les Tropiques. Les zones d\u2019\u00e9tude ont \u00e9t\u00e9 retenues par le Comit\u00e9 d\u2019Orientation Scientifique dirig\u00e9 par le Professeur Patrick Rampal (Centre Scientifique de Monaco) et qui int\u00e8gre 10 membres provenant d\u2019institutions de renomm\u00e9e internationale. Il s\u00e9lectionne depuis plusieurs mois les projets parmi les dizaines qui lui sont soumis. \u00ab C\u2019est \u00e0 la fois un immense honneur de participer \u00e0 une pareille aventure et une grande d\u00e9tresse de voir \u00e0 la lecture des dossiers \u00e0 quel point nous avons maltrait\u00e9 nos oc\u00e9ans. \u00bb pr\u00e9cise le Professeur Rampal. La premi\u00e8re de ces missions se d\u00e9roulera en septembre 2017 en Macaron\u00e9sie autour des archipels de Mad\u00e8re et du Cap-Vert. Le Prince Albert Ier, qui s\u2019y est souvent rendu, inspirera fortement les \u00e9quipes de recherche. Des \u00e9tudes comparatives permettront d\u2019analyser les effets de l\u2019exploitation de la mer et du changement global. La mission portera sur la connaissance et la protection de la m\u00e9gafaune, notamment les esp\u00e8ces menac\u00e9es : tortues, c\u00e9tac\u00e9s, phoques moines, requins. Les\"},{\"@type\":\"BreadcrumbList\",\"@id\":\"https:\/\/musee.oceano.org\/it\/esposizioni\/isola-badu\/#breadcrumb\",\"itemListElement\":[{\"@type\":\"ListItem\",\"position\":1,\"name\":\"Home\",\"item\":\"https:\/\/musee.oceano.org\/it\/\"},{\"@type\":\"ListItem\",\"position\":2,\"name\":\"Tentoonstellingen\",\"item\":\"https:\/\/musee.oceano.org\/nl\/tentoonstellingen\/\"},{\"@type\":\"ListItem\",\"position\":3,\"name\":\"Isola Badu\"}]},{\"@type\":\"WebSite\",\"@id\":\"https:\/\/musee.oceano.org\/#website\",\"url\":\"https:\/\/musee.oceano.org\/\",\"name\":\"Mus\u00e9e Oc\u00e9anographique de Monaco\",\"description\":\"Faire conna\u00eetre, aimer et prot\u00e9ger les oc\u00e9ans\",\"potentialAction\":[{\"@type\":\"SearchAction\",\"target\":{\"@type\":\"EntryPoint\",\"urlTemplate\":\"https:\/\/musee.oceano.org\/?s={search_term_string}\"},\"query-input\":{\"@type\":\"PropertyValueSpecification\",\"valueRequired\":true,\"valueName\":\"search_term_string\"}}],\"inLanguage\":\"it-IT\"}]}<\/script>\n<!-- \/ Yoast SEO plugin. -->","yoast_head_json":{"title":"Isola Badu - Mus\u00e9e Oc\u00e9anographique de Monaco","robots":{"index":"index","follow":"follow","max-snippet":"max-snippet:-1","max-image-preview":"max-image-preview:large","max-video-preview":"max-video-preview:-1"},"canonical":"https:\/\/musee.oceano.org\/it\/esposizioni\/isola-badu\/","og_locale":"it_IT","og_type":"article","og_title":"Isola Badu - Mus\u00e9e Oc\u00e9anographique de Monaco","og_description":"In linea con lo spirito delle spedizioni storiche del suo bis-bisnonno il Principe Alberto I, S.A.S. il Principe Alberto II ha rilanciato le Explorations de Monaco. Fu in questo contesto che visit\u00f2 Badu, una delle isole dello Stretto di Torres in Australia.","og_url":"https:\/\/musee.oceano.org\/it\/esposizioni\/isola-badu\/","og_site_name":"Mus\u00e9e Oc\u00e9anographique de Monaco","article_modified_time":"2021-07-13T08:24:42+00:00","og_image":[{"width":1559,"height":1039,"url":"https:\/\/musee.oceano.org\/wp-content\/uploads\/sites\/2\/2019\/05\/LOW-FINI-FLUI-108_EDM-Mission-Badu-Island_Nov-2018_Ariel_Fuchs-IMG_9620.jpg","type":"image\/jpeg"}],"twitter_card":"summary_large_image","twitter_misc":{"Tempo di lettura stimato":"8 minuti"},"schema":{"@context":"https:\/\/schema.org","@graph":[{"@type":"WebPage","@id":"https:\/\/musee.oceano.org\/it\/esposizioni\/isola-badu\/","url":"https:\/\/musee.oceano.org\/it\/esposizioni\/isola-badu\/","name":"Isola Badu - Mus\u00e9e Oc\u00e9anographique de Monaco","isPartOf":{"@id":"https:\/\/musee.oceano.org\/#website"},"primaryImageOfPage":{"@id":"https:\/\/musee.oceano.org\/it\/esposizioni\/isola-badu\/#primaryimage"},"image":{"@id":"https:\/\/musee.oceano.org\/it\/esposizioni\/isola-badu\/#primaryimage"},"thumbnailUrl":"https:\/\/musee.oceano.org\/wp-content\/uploads\/sites\/2\/2019\/05\/LOW-FINI-FLUI-108_EDM-Mission-Badu-Island_Nov-2018_Ariel_Fuchs-IMG_9620.jpg","datePublished":"2021-06-25T14:16:46+00:00","dateModified":"2021-07-13T08:24:42+00:00","breadcrumb":{"@id":"https:\/\/musee.oceano.org\/it\/esposizioni\/isola-badu\/#breadcrumb"},"inLanguage":"it-IT","potentialAction":[{"@type":"ReadAction","target":["https:\/\/musee.oceano.org\/it\/esposizioni\/isola-badu\/"]}]},{"@type":"ImageObject","inLanguage":"it-IT","@id":"https:\/\/musee.oceano.org\/it\/esposizioni\/isola-badu\/#primaryimage","url":"https:\/\/musee.oceano.org\/wp-content\/uploads\/sites\/2\/2019\/05\/LOW-FINI-FLUI-108_EDM-Mission-Badu-Island_Nov-2018_Ariel_Fuchs-IMG_9620.jpg","contentUrl":"https:\/\/musee.oceano.org\/wp-content\/uploads\/sites\/2\/2019\/05\/LOW-FINI-FLUI-108_EDM-Mission-Badu-Island_Nov-2018_Ariel_Fuchs-IMG_9620.jpg","width":1559,"height":1039,"caption":"R\u00e9concilier l\u2019humanit\u00e9 et la mer LES EXPLORATIONS DE MONACO Autour du monde pour 3 ans au chevet des mers et des oc\u00e9ans, S.A.S. le Prince Albert II de Monaco a lanc\u00e9 aujourd\u2019hui le programme Monaco Explorations. \u00c0 travers celui-ci la Principaut\u00e9 va mettre \u00e0 la disposition de la communaut\u00e9 scientifique internationale une plateforme de recherche itin\u00e9rante, le Yersin sur laquelle des chercheurs du monde entier vont se succ\u00e9der pendant 36 mois. \u00ab Les d\u00e9cisions que nous devons prendre pour le futur de notre plan\u00e8te s\u2019appuient sur la connaissance. \u00bb a indiqu\u00e9 le Souverain \u00ab ...En renouant avec le principe des explorations scientifiques en mer nous fournirons de nouveaux \u00e9l\u00e9ments concrets \u00e9tayant les messages d\u2019alerte, de sensibilisation et d\u2019\u00e9ducation. \u00bb Le navire battant pavillon mon\u00e9gasque quittera le port de Monaco en Ao\u00fbt 2017 pour y revenir en 2020 en suivant une route longitudinale entre les Tropiques. Les zones d\u2019\u00e9tude ont \u00e9t\u00e9 retenues par le Comit\u00e9 d\u2019Orientation Scientifique dirig\u00e9 par le Professeur Patrick Rampal (Centre Scientifique de Monaco) et qui int\u00e8gre 10 membres provenant d\u2019institutions de renomm\u00e9e internationale. Il s\u00e9lectionne depuis plusieurs mois les projets parmi les dizaines qui lui sont soumis. \u00ab C\u2019est \u00e0 la fois un immense honneur de participer \u00e0 une pareille aventure et une grande d\u00e9tresse de voir \u00e0 la lecture des dossiers \u00e0 quel point nous avons maltrait\u00e9 nos oc\u00e9ans. \u00bb pr\u00e9cise le Professeur Rampal. La premi\u00e8re de ces missions se d\u00e9roulera en septembre 2017 en Macaron\u00e9sie autour des archipels de Mad\u00e8re et du Cap-Vert. Le Prince Albert Ier, qui s\u2019y est souvent rendu, inspirera fortement les \u00e9quipes de recherche. Des \u00e9tudes comparatives permettront d\u2019analyser les effets de l\u2019exploitation de la mer et du changement global. La mission portera sur la connaissance et la protection de la m\u00e9gafaune, notamment les esp\u00e8ces menac\u00e9es : tortues, c\u00e9tac\u00e9s, phoques moines, requins. Les"},{"@type":"BreadcrumbList","@id":"https:\/\/musee.oceano.org\/it\/esposizioni\/isola-badu\/#breadcrumb","itemListElement":[{"@type":"ListItem","position":1,"name":"Home","item":"https:\/\/musee.oceano.org\/it\/"},{"@type":"ListItem","position":2,"name":"Tentoonstellingen","item":"https:\/\/musee.oceano.org\/nl\/tentoonstellingen\/"},{"@type":"ListItem","position":3,"name":"Isola Badu"}]},{"@type":"WebSite","@id":"https:\/\/musee.oceano.org\/#website","url":"https:\/\/musee.oceano.org\/","name":"Mus\u00e9e Oc\u00e9anographique de Monaco","description":"Faire conna\u00eetre, aimer et prot\u00e9ger les oc\u00e9ans","potentialAction":[{"@type":"SearchAction","target":{"@type":"EntryPoint","urlTemplate":"https:\/\/musee.oceano.org\/?s={search_term_string}"},"query-input":{"@type":"PropertyValueSpecification","valueRequired":true,"valueName":"search_term_string"}}],"inLanguage":"it-IT"}]}},"_links":{"self":[{"href":"https:\/\/musee.oceano.org\/it\/wp-json\/wp\/v2\/expositions\/25645","targetHints":{"allow":["GET"]}}],"collection":[{"href":"https:\/\/musee.oceano.org\/it\/wp-json\/wp\/v2\/expositions"}],"about":[{"href":"https:\/\/musee.oceano.org\/it\/wp-json\/wp\/v2\/types\/expositions"}],"version-history":[{"count":12,"href":"https:\/\/musee.oceano.org\/it\/wp-json\/wp\/v2\/expositions\/25645\/revisions"}],"predecessor-version":[{"id":32418,"href":"https:\/\/musee.oceano.org\/it\/wp-json\/wp\/v2\/expositions\/25645\/revisions\/32418"}],"wp:featuredmedia":[{"embeddable":true,"href":"https:\/\/musee.oceano.org\/it\/wp-json\/wp\/v2\/media\/5479"}],"wp:attachment":[{"href":"https:\/\/musee.oceano.org\/it\/wp-json\/wp\/v2\/media?parent=25645"}],"wp:term":[{"taxonomy":"etatexpositions","embeddable":true,"href":"https:\/\/musee.oceano.org\/it\/wp-json\/wp\/v2\/etatexpositions?post=25645"}],"curies":[{"name":"wp","href":"https:\/\/api.w.org\/{rel}","templated":true}]}}