{"id":25704,"date":"2021-06-25T16:34:05","date_gmt":"2021-06-25T14:34:05","guid":{"rendered":"https:\/\/musee.oceano.org\/expositions\/taba-naba\/"},"modified":"2021-07-12T14:51:54","modified_gmt":"2021-07-12T12:51:54","slug":"taba-naba","status":"publish","type":"expositions","link":"https:\/\/musee.oceano.org\/it\/esposizioni\/taba-naba\/","title":{"rendered":"Taba Naba"},"content":{"rendered":"\t\t<div data-elementor-type=\"wp-post\" data-elementor-id=\"25704\" class=\"elementor elementor-25704 elementor-6546\" data-elementor-post-type=\"expositions\">\n\t\t\t\t\t\t<section class=\"elementor-section elementor-top-section elementor-element elementor-element-154492fe elementor-section-full_width elementor-section-height-default elementor-section-height-default\" data-id=\"154492fe\" data-element_type=\"section\" data-e-type=\"section\">\n\t\t\t\t\t\t<div class=\"elementor-container elementor-column-gap-no\">\n\t\t\t\t\t<div class=\"elementor-column elementor-col-100 elementor-top-column elementor-element elementor-element-5d62217d\" data-id=\"5d62217d\" data-element_type=\"column\" data-e-type=\"column\">\n\t\t\t<div class=\"elementor-widget-wrap elementor-element-populated\">\n\t\t\t\t\t\t<div class=\"elementor-element elementor-element-cc2d10e elementor--h-position-center elementor--v-position-middle elementor-widget elementor-widget-slides\" data-id=\"cc2d10e\" data-element_type=\"widget\" data-e-type=\"widget\" data-settings=\"{&quot;navigation&quot;:&quot;none&quot;,&quot;transition&quot;:&quot;slide&quot;,&quot;transition_speed&quot;:500}\" data-widget_type=\"slides.default\">\n\t\t\t\t<div class=\"elementor-widget-container\">\n\t\t\t\t\t\t\t\t\t<div class=\"elementor-swiper\">\n\t\t\t\t\t<div class=\"elementor-slides-wrapper elementor-main-swiper swiper\" role=\"region\" aria-roledescription=\"carousel\" aria-label=\"Slides\" dir=\"ltr\" data-animation=\"fadeInUp\">\n\t\t\t\t<div class=\"swiper-wrapper elementor-slides\">\n\t\t\t\t\t\t\t\t\t\t<div class=\"elementor-repeater-item-891be05 swiper-slide\" role=\"group\" aria-roledescription=\"slide\"><div class=\"swiper-slide-bg\" role=\"img\" aria-label=\"3-4-02_Sowlal-Alick-Tipoti_M_Dagnino\"><\/div><div class=\"swiper-slide-inner\" ><div class=\"swiper-slide-contents\"><h1 class=\"elementor-slide-heading\">TABA NABA<\/h1><div class=\"elementor-slide-description\"><p>Australia, Oceania, arti dei popoli del mare<\/p>\n<\/div><\/div><\/div><\/div>\t\t\t\t<\/div>\n\t\t\t\t\t\t\t<\/div>\n\t\t\t\t<\/div>\n\t\t\t\t\t\t\t\t<\/div>\n\t\t\t\t<\/div>\n\t\t\t\t\t<\/div>\n\t\t<\/div>\n\t\t\t\t\t<\/div>\n\t\t<\/section>\n\t\t\t\t<section class=\"elementor-section elementor-top-section elementor-element elementor-element-41571b57 elementor-section-full_width elementor-section-height-default elementor-section-height-default\" data-id=\"41571b57\" data-element_type=\"section\" data-e-type=\"section\" data-settings=\"{&quot;background_background&quot;:&quot;classic&quot;}\">\n\t\t\t\t\t\t<div class=\"elementor-container elementor-column-gap-default\">\n\t\t\t\t\t<div class=\"elementor-column elementor-col-100 elementor-top-column elementor-element elementor-element-5b4c1dc\" data-id=\"5b4c1dc\" data-element_type=\"column\" data-e-type=\"column\">\n\t\t\t<div class=\"elementor-widget-wrap elementor-element-populated\">\n\t\t\t\t\t\t<div class=\"elementor-element elementor-element-ea5fdb7 elementor-widget elementor-widget-ee-breadcrumbs\" data-id=\"ea5fdb7\" data-element_type=\"widget\" data-e-type=\"widget\" data-widget_type=\"ee-breadcrumbs.default\">\n\t\t\t\t<div class=\"elementor-widget-container\">\n\t\t\t\t\t<ul class=\"ee-breadcrumbs\" itemscope=\"\" itemtype=\"http:\/\/schema.org\/BreadcrumbList\"><\/ul>\t\t\t\t<\/div>\n\t\t\t\t<\/div>\n\t\t\t\t\t<\/div>\n\t\t<\/div>\n\t\t\t\t\t<\/div>\n\t\t<\/section>\n\t\t\t\t<section class=\"elementor-section elementor-top-section elementor-element elementor-element-6911f49 elementor-section-boxed elementor-section-height-default elementor-section-height-default\" data-id=\"6911f49\" data-element_type=\"section\" data-e-type=\"section\" data-settings=\"{&quot;background_background&quot;:&quot;classic&quot;}\">\n\t\t\t\t\t\t<div class=\"elementor-container elementor-column-gap-default\">\n\t\t\t\t\t<div class=\"elementor-column elementor-col-100 elementor-top-column elementor-element elementor-element-27e84246\" data-id=\"27e84246\" data-element_type=\"column\" data-e-type=\"column\">\n\t\t\t<div class=\"elementor-widget-wrap elementor-element-populated\">\n\t\t\t\t\t\t<section class=\"elementor-section elementor-inner-section elementor-element elementor-element-2d1b6eaf elementor-section-boxed elementor-section-height-default elementor-section-height-default\" data-id=\"2d1b6eaf\" data-element_type=\"section\" data-e-type=\"section\" data-settings=\"{&quot;background_background&quot;:&quot;classic&quot;}\">\n\t\t\t\t\t\t<div class=\"elementor-container elementor-column-gap-default\">\n\t\t\t\t\t<div class=\"elementor-column elementor-col-50 elementor-inner-column elementor-element elementor-element-22a31c5f\" data-id=\"22a31c5f\" data-element_type=\"column\" data-e-type=\"column\">\n\t\t\t<div class=\"elementor-widget-wrap elementor-element-populated\">\n\t\t\t\t\t\t<div class=\"elementor-element elementor-element-609d646 elementor-zoom elementor-widget elementor-widget-image\" data-id=\"609d646\" data-element_type=\"widget\" data-e-type=\"widget\" data-widget_type=\"image.default\">\n\t\t\t\t<div class=\"elementor-widget-container\">\n\t\t\t\t\t\t\t\t\t\t\t\t\t\t\t<img fetchpriority=\"high\" decoding=\"async\" width=\"762\" height=\"578\" src=\"https:\/\/musee.oceano.org\/wp-content\/uploads\/sites\/2\/2019\/06\/3-4-17_Oeuvres-exposition-Taba-Naba_M_Dagnino-762x578.jpg\" class=\"attachment-img-actu-section size-img-actu-section wp-image-4545\" alt=\"\" \/>\t\t\t\t\t\t\t\t\t\t\t\t\t\t\t<\/div>\n\t\t\t\t<\/div>\n\t\t\t\t\t<\/div>\n\t\t<\/div>\n\t\t\t\t<div class=\"elementor-column elementor-col-50 elementor-inner-column elementor-element elementor-element-5988fdb2\" data-id=\"5988fdb2\" data-element_type=\"column\" data-e-type=\"column\">\n\t\t\t<div class=\"elementor-widget-wrap elementor-element-populated\">\n\t\t\t\t\t\t<div class=\"elementor-element elementor-element-3d70cbb7 elementor-widget elementor-widget-text-editor\" data-id=\"3d70cbb7\" data-element_type=\"widget\" data-e-type=\"widget\" data-widget_type=\"text-editor.default\">\n\t\t\t\t<div class=\"elementor-widget-container\">\n\t\t\t\t\t\t\t\t\t<h1>ARTI DEI POPOLI DEL MARE<\/h1>\n<p><strong>Dal 24 marzo al 30 settembre 2016, l&#8217;arte aborigena e oceanica \u00e8 stata presentata al Museo attraverso <em>TABA NABA<\/em>, una grande mostra sul tema degli oceani e dell&#8217;acqua.  <\/strong><\/p>\n<\/p>\n<p><strong>Il progetto si \u00e8 articolato intorno a tre componenti complementari, sviluppati con tre partner riconosciuti in questa forma d&#8217;arte molto particolare.<\/strong><\/p>\n\t\t\t\t\t\t\t\t<\/div>\n\t\t\t\t<\/div>\n\t\t\t\t\t<\/div>\n\t\t<\/div>\n\t\t\t\t\t<\/div>\n\t\t<\/section>\n\t\t\t\t\t<\/div>\n\t\t<\/div>\n\t\t\t\t\t<\/div>\n\t\t<\/section>\n\t\t\t\t<section class=\"elementor-section elementor-top-section elementor-element elementor-element-ad8930f elementor-section-boxed elementor-section-height-default elementor-section-height-default\" data-id=\"ad8930f\" data-element_type=\"section\" data-e-type=\"section\">\n\t\t\t\t\t\t<div class=\"elementor-container elementor-column-gap-default\">\n\t\t\t\t\t<div class=\"elementor-column elementor-col-50 elementor-top-column elementor-element elementor-element-3fb54bf5\" data-id=\"3fb54bf5\" data-element_type=\"column\" data-e-type=\"column\">\n\t\t\t<div class=\"elementor-widget-wrap elementor-element-populated\">\n\t\t\t\t\t\t<div class=\"elementor-element elementor-element-6ff1eebb elementor-widget elementor-widget-heading\" data-id=\"6ff1eebb\" data-element_type=\"widget\" data-e-type=\"widget\" data-widget_type=\"heading.default\">\n\t\t\t\t<div class=\"elementor-widget-container\">\n\t\t\t\t\t<h2 class=\"elementor-heading-title elementor-size-default\">Australia  <\/h2>\t\t\t\t<\/div>\n\t\t\t\t<\/div>\n\t\t\t\t<div class=\"elementor-element elementor-element-36ca4b95 elementor-widget elementor-widget-text-editor\" data-id=\"36ca4b95\" data-element_type=\"widget\" data-e-type=\"widget\" data-widget_type=\"text-editor.default\">\n\t\t\t\t<div class=\"elementor-widget-container\">\n\t\t\t\t\t\t\t\t\t<p>La prima parte \u00e8 stata interamente dedicata alla creazione e alla presentazione di sei installazioni monumentali create da 50 importanti artisti aborigeni e Torres Strait Islander che, attraverso le loro opere, lanciano l&#8217;allarme contro l&#8217;inquinamento degli oceani. Lungi dal prendere un approccio mortificante a questi problemi ambientali, gli artisti hanno scelto di trattarli con umorismo e sottigliezza. Questo primo capitolo \u00e8 stato concepito come una favola. Le opere monumentali, che saranno presentate all&#8217;interno e all&#8217;esterno del museo, daranno ai visitatori la sensazione di essere proiettati nel mondo poetico di Alice nel paese delle meraviglie.<\/p>\n\t\t\t\t\t\t\t\t<\/div>\n\t\t\t\t<\/div>\n\t\t\t\t<div class=\"elementor-element elementor-element-4ed8e07 elementor-widget elementor-widget-heading\" data-id=\"4ed8e07\" data-element_type=\"widget\" data-e-type=\"widget\" data-widget_type=\"heading.default\">\n\t\t\t\t<div class=\"elementor-widget-container\">\n\t\t\t\t\t<h2 class=\"elementor-heading-title elementor-size-default\">Acque vive<\/h2>\t\t\t\t<\/div>\n\t\t\t\t<\/div>\n\t\t\t\t<div class=\"elementor-element elementor-element-532b1c07 elementor-widget elementor-widget-text-editor\" data-id=\"532b1c07\" data-element_type=\"widget\" data-e-type=\"widget\" data-widget_type=\"text-editor.default\">\n\t\t\t\t<div class=\"elementor-widget-container\">\n\t\t\t\t\t\t\t\t\t<div>&#8220;Living Waters&#8221; presenta una selezione di dipinti aborigeni contemporanei della Collezione Sordello &amp; Missana, nonch\u00e9 opere di artisti ospiti dall&#8217;Australia che illustrano i temi interculturali della mostra e il loro rapporto con l&#8217;acqua. Oltre a un&#8217;installazione di un gruppo di artisti, il clou della mostra, video e fotografie di giovani e famosi artisti indigeni sollevano domande sul sacro e sul profano e aprono una finestra sulle nuove pratiche artistiche contemporanee.<\/div>\n<div>Sono presentati anche dipinti di artisti aborigeni della collezione privata di S.A.S. il Principe Alberto II di Monaco.<\/div>\n\t\t\t\t\t\t\t\t<\/div>\n\t\t\t\t<\/div>\n\t\t\t\t<div class=\"elementor-element elementor-element-30ca02d8 elementor-widget elementor-widget-heading\" data-id=\"30ca02d8\" data-element_type=\"widget\" data-e-type=\"widget\" data-widget_type=\"heading.default\">\n\t\t\t\t<div class=\"elementor-widget-container\">\n\t\t\t\t\t<h2 class=\"elementor-heading-title elementor-size-default\">  Oceania<\/h2>\t\t\t\t<\/div>\n\t\t\t\t<\/div>\n\t\t\t\t<div class=\"elementor-element elementor-element-530e364 elementor-widget elementor-widget-text-editor\" data-id=\"530e364\" data-element_type=\"widget\" data-e-type=\"widget\" data-widget_type=\"text-editor.default\">\n\t\t\t\t<div class=\"elementor-widget-container\">\n\t\t\t\t\t\t\t\t\t<p>Confrontare la visione degli isolani oceanici e quella degli aborigeni australiani, far parlare le loro somiglianze senza nascondere le loro differenze, tale \u00e8 l&#8217;obiettivo di questo viaggio attraverso opere del passato e opere contemporanee. Didier Zanette si concentra sulla relazione culturale che i popoli del Pacifico hanno con il mare, attraverso una presentazione di oggetti tradizionali di navigazione, oggetti prestigiosi delle isole Salomone, una serie di ritratti papuani e un insieme di rappresentazioni su larga scala di animali marini Baining.<\/p>\n\t\t\t\t\t\t\t\t<\/div>\n\t\t\t\t<\/div>\n\t\t\t\t\t<\/div>\n\t\t<\/div>\n\t\t\t\t<div class=\"elementor-column elementor-col-50 elementor-top-column elementor-element elementor-element-3612081a\" data-id=\"3612081a\" data-element_type=\"column\" data-e-type=\"column\" data-settings=\"{&quot;background_background&quot;:&quot;classic&quot;}\">\n\t\t\t<div class=\"elementor-widget-wrap elementor-element-populated\">\n\t\t\t\t\t\t<div class=\"elementor-element elementor-element-3d7d1431 elementor-widget elementor-widget-image\" data-id=\"3d7d1431\" data-element_type=\"widget\" data-e-type=\"widget\" data-widget_type=\"image.default\">\n\t\t\t\t<div class=\"elementor-widget-container\">\n\t\t\t\t\t\t\t\t\t\t\t\t\t\t\t<img decoding=\"async\" width=\"300\" height=\"200\" src=\"https:\/\/musee.oceano.org\/wp-content\/uploads\/sites\/2\/2019\/06\/3-4-01_Fa\u00e1ade-Est-crabes-exposition-Taba-Naba_M_Dagnino-300x200.jpg\" class=\"attachment-medium size-medium wp-image-4509\" alt=\"\" srcset=\"https:\/\/musee.oceano.org\/wp-content\/uploads\/sites\/2\/2019\/06\/3-4-01_Fa\u00e1ade-Est-crabes-exposition-Taba-Naba_M_Dagnino-300x200.jpg 300w, https:\/\/musee.oceano.org\/wp-content\/uploads\/sites\/2\/2019\/06\/3-4-01_Fa\u00e1ade-Est-crabes-exposition-Taba-Naba_M_Dagnino-768x511.jpg 768w, https:\/\/musee.oceano.org\/wp-content\/uploads\/sites\/2\/2019\/06\/3-4-01_Fa\u00e1ade-Est-crabes-exposition-Taba-Naba_M_Dagnino-1024x682.jpg 1024w\" sizes=\"(max-width: 300px) 100vw, 300px\" \/>\t\t\t\t\t\t\t\t\t\t\t\t\t\t\t<\/div>\n\t\t\t\t<\/div>\n\t\t\t\t<div class=\"elementor-element elementor-element-6397230b elementor-widget elementor-widget-heading\" data-id=\"6397230b\" data-element_type=\"widget\" data-e-type=\"widget\" data-widget_type=\"heading.default\">\n\t\t\t\t<div class=\"elementor-widget-container\">\n\t\t\t\t\t<h2 class=\"elementor-heading-title elementor-size-default\">Gli spazi espositivi<\/h2>\t\t\t\t<\/div>\n\t\t\t\t<\/div>\n\t\t\t\t<section class=\"elementor-section elementor-inner-section elementor-element elementor-element-76e1889 elementor-section-boxed elementor-section-height-default elementor-section-height-default\" data-id=\"76e1889\" data-element_type=\"section\" data-e-type=\"section\">\n\t\t\t\t\t\t<div class=\"elementor-container elementor-column-gap-default\">\n\t\t\t\t\t<div class=\"elementor-column elementor-col-100 elementor-inner-column elementor-element elementor-element-3506f3c\" data-id=\"3506f3c\" data-element_type=\"column\" data-e-type=\"column\">\n\t\t\t<div class=\"elementor-widget-wrap elementor-element-populated\">\n\t\t\t\t\t\t<div class=\"elementor-element elementor-element-6b107a6c elementor-widget elementor-widget-text-editor\" data-id=\"6b107a6c\" data-element_type=\"widget\" data-e-type=\"widget\" data-widget_type=\"text-editor.default\">\n\t\t\t\t<div class=\"elementor-widget-container\">\n\t\t\t\t\t\t\t\t\t<p><u><strong>&#8220;Australia&#8221;.<\/strong><\/u><\/p>\n<p><strong>La difesa degli oceani nel cuore dell&#8217;arte aborigena e delle isole dello Stretto di Torres&#8221;, a cura di St\u00e9phane Jacob, assistito da Suzanne O&#8217;Connell<\/strong><\/p>\n<\/p>\n<p><u><strong>&#8220;Acque vive&#8221;<\/strong><\/u><\/p>\n<p><strong>  un progetto della Collezione Sordello Missana, curato dalla dottoressa Erica Izett, assistita dal dottor Georges Petitjean e da Donna Carstens<\/strong><\/p>\n<\/p>\n<p><u><strong>&#8220;Oceania&#8221;<\/strong><\/u><\/p>\n<p><strong>Isolani maestri di navigazione e di espressione artistica&#8221;, a cura di Didier Zanette<\/strong><\/p>\n\t\t\t\t\t\t\t\t<\/div>\n\t\t\t\t<\/div>\n\t\t\t\t\t<\/div>\n\t\t<\/div>\n\t\t\t\t\t<\/div>\n\t\t<\/section>\n\t\t\t\t\t<\/div>\n\t\t<\/div>\n\t\t\t\t\t<\/div>\n\t\t<\/section>\n\t\t\t\t<section class=\"elementor-section elementor-top-section elementor-element elementor-element-779db7ee elementor-section-full_width elementor-section-height-default elementor-section-height-default\" data-id=\"779db7ee\" data-element_type=\"section\" data-e-type=\"section\">\n\t\t\t\t\t\t<div class=\"elementor-container elementor-column-gap-default\">\n\t\t\t\t\t<div class=\"elementor-column elementor-col-100 elementor-top-column elementor-element elementor-element-591a93d3\" data-id=\"591a93d3\" data-element_type=\"column\" data-e-type=\"column\">\n\t\t\t<div class=\"elementor-widget-wrap elementor-element-populated\">\n\t\t\t\t\t\t<div class=\"elementor-element elementor-element-60052a96 elementor-widget elementor-widget-heading\" data-id=\"60052a96\" data-element_type=\"widget\" data-e-type=\"widget\" data-widget_type=\"heading.default\">\n\t\t\t\t<div class=\"elementor-widget-container\">\n\t\t\t\t\t<h2 class=\"elementor-heading-title elementor-size-default\">Vedi anche<\/h2>\t\t\t\t<\/div>\n\t\t\t\t<\/div>\n\t\t\t\t\t<\/div>\n\t\t<\/div>\n\t\t\t\t\t<\/div>\n\t\t<\/section>\n\t\t\t\t<section class=\"elementor-section elementor-top-section elementor-element elementor-element-390374f0 elementor-section-boxed elementor-section-height-default elementor-section-height-default\" data-id=\"390374f0\" data-element_type=\"section\" data-e-type=\"section\" data-settings=\"{&quot;background_background&quot;:&quot;classic&quot;}\">\n\t\t\t\t\t\t<div class=\"elementor-container elementor-column-gap-default\">\n\t\t\t\t\t<div class=\"elementor-column elementor-col-33 elementor-top-column elementor-element elementor-element-48359675\" data-id=\"48359675\" data-element_type=\"column\" data-e-type=\"column\">\n\t\t\t<div class=\"elementor-widget-wrap elementor-element-populated\">\n\t\t\t\t\t\t<div class=\"elementor-element elementor-element-2697a97f elementor-zoom elementor-widget elementor-widget-image\" data-id=\"2697a97f\" data-element_type=\"widget\" data-e-type=\"widget\" data-widget_type=\"image.default\">\n\t\t\t\t<div class=\"elementor-widget-container\">\n\t\t\t\t\t\t\t\t\t\t\t\t\t\t\t<img decoding=\"async\" src=\"https:\/\/musee.oceano.org\/wp-content\/uploads\/sites\/2\/elementor\/thumbs\/Images_SW_illustration_2-rjyt4jgwvtm48jfcwzer7k5givekc32pjufdjmj19m.jpg\" title=\"Images_SW_illustration_(2)\" alt=\"Images_SW_illustration_(2)\" loading=\"lazy\" \/>\t\t\t\t\t\t\t\t\t\t\t\t\t\t\t<\/div>\n\t\t\t\t<\/div>\n\t\t\t\t<div class=\"elementor-element elementor-element-2515f3c4 elementor-widget elementor-widget-heading\" data-id=\"2515f3c4\" data-element_type=\"widget\" data-e-type=\"widget\" data-widget_type=\"heading.default\">\n\t\t\t\t<div class=\"elementor-widget-container\">\n\t\t\t\t\t<h2 class=\"elementor-heading-title elementor-size-default\">L'odissea delle tartarughe marine<\/h2>\t\t\t\t<\/div>\n\t\t\t\t<\/div>\n\t\t\t\t<div class=\"elementor-element elementor-element-4c1a11b4 elementor-align-center elementor-widget elementor-widget-button\" data-id=\"4c1a11b4\" data-element_type=\"widget\" data-e-type=\"widget\" data-widget_type=\"button.default\">\n\t\t\t\t<div class=\"elementor-widget-container\">\n\t\t\t\t\t\t\t\t\t<div class=\"elementor-button-wrapper\">\n\t\t\t\t\t<a class=\"elementor-button elementor-button-link elementor-size-md\" href=\"https:\/\/musee.oceano.org\/it\/lodissea-delle-tartarughe-marine\/\">\n\t\t\t\t\t\t<span class=\"elementor-button-content-wrapper\">\n\t\t\t\t\t\t\t\t\t<span class=\"elementor-button-text\">Scoprire<\/span>\n\t\t\t\t\t<\/span>\n\t\t\t\t\t<\/a>\n\t\t\t\t<\/div>\n\t\t\t\t\t\t\t\t<\/div>\n\t\t\t\t<\/div>\n\t\t\t\t\t<\/div>\n\t\t<\/div>\n\t\t\t\t<div class=\"elementor-column elementor-col-33 elementor-top-column elementor-element elementor-element-77872bb6\" data-id=\"77872bb6\" data-element_type=\"column\" data-e-type=\"column\">\n\t\t\t<div class=\"elementor-widget-wrap elementor-element-populated\">\n\t\t\t\t\t\t<div class=\"elementor-element elementor-element-47ce7865 elementor-zoom elementor-widget elementor-widget-image\" data-id=\"47ce7865\" data-element_type=\"widget\" data-e-type=\"widget\" data-widget_type=\"image.default\">\n\t\t\t\t<div class=\"elementor-widget-container\">\n\t\t\t\t\t\t\t\t\t\t\t\t\t\t\t<img decoding=\"async\" src=\"https:\/\/musee.oceano.org\/wp-content\/uploads\/sites\/2\/elementor\/thumbs\/3-4-27_Vernissage-exposition-Borderline_20170503_M_Dagnino-scaled-rjyt4cw1jzd3z9owzekd83t8d6azu7cl6xuz6ossh6.jpg\" title=\"3-4-27_Vernissage-exposition-Borderline_20170503_M_Dagnino\" alt=\"3-4-27_Vernissage-exposition-Borderline_20170503_M_Dagnino\" loading=\"lazy\" \/>\t\t\t\t\t\t\t\t\t\t\t\t\t\t\t<\/div>\n\t\t\t\t<\/div>\n\t\t\t\t<div class=\"elementor-element elementor-element-6d348b5c elementor-widget elementor-widget-heading\" data-id=\"6d348b5c\" data-element_type=\"widget\" data-e-type=\"widget\" data-widget_type=\"heading.default\">\n\t\t\t\t<div class=\"elementor-widget-container\">\n\t\t\t\t\t<h2 class=\"elementor-heading-title elementor-size-default\"><a href=\"https:\/\/musee.oceano.org\/it\/le-mostre\/\">Mostre<\/a><\/h2>\t\t\t\t<\/div>\n\t\t\t\t<\/div>\n\t\t\t\t<div class=\"elementor-element elementor-element-4256a858 elementor-align-center elementor-widget elementor-widget-button\" data-id=\"4256a858\" data-element_type=\"widget\" data-e-type=\"widget\" data-widget_type=\"button.default\">\n\t\t\t\t<div class=\"elementor-widget-container\">\n\t\t\t\t\t\t\t\t\t<div class=\"elementor-button-wrapper\">\n\t\t\t\t\t<a class=\"elementor-button elementor-button-link elementor-size-md\" href=\"https:\/\/musee.oceano.org\/it\/le-mostre\/\">\n\t\t\t\t\t\t<span class=\"elementor-button-content-wrapper\">\n\t\t\t\t\t\t\t\t\t<span class=\"elementor-button-text\">Scoprire<\/span>\n\t\t\t\t\t<\/span>\n\t\t\t\t\t<\/a>\n\t\t\t\t<\/div>\n\t\t\t\t\t\t\t\t<\/div>\n\t\t\t\t<\/div>\n\t\t\t\t\t<\/div>\n\t\t<\/div>\n\t\t\t\t<div class=\"elementor-column elementor-col-33 elementor-top-column elementor-element elementor-element-29dd3f62\" data-id=\"29dd3f62\" data-element_type=\"column\" data-e-type=\"column\">\n\t\t\t<div class=\"elementor-widget-wrap elementor-element-populated\">\n\t\t\t\t\t\t<div class=\"elementor-element elementor-element-5dbae4f0 elementor-zoom elementor-widget elementor-widget-image\" data-id=\"5dbae4f0\" data-element_type=\"widget\" data-e-type=\"widget\" data-widget_type=\"image.default\">\n\t\t\t\t<div class=\"elementor-widget-container\">\n\t\t\t\t\t\t\t\t\t\t\t\t\t\t\t<img decoding=\"async\" src=\"https:\/\/musee.oceano.org\/wp-content\/uploads\/sites\/2\/elementor\/thumbs\/08_Animation-_bassin_tactile_20120719_M_Dagnino-scaled-rjyt4by7d5btnnqa4w5qnm1rrsfmmi8uut7hpeu6ne.jpg\" title=\"08_Animation _bassin_tactile_20120719_M_Dagnino\" alt=\"08_Animation _bassin_tactile_20120719_M_Dagnino\" loading=\"lazy\" \/>\t\t\t\t\t\t\t\t\t\t\t\t\t\t\t<\/div>\n\t\t\t\t<\/div>\n\t\t\t\t<div class=\"elementor-element elementor-element-14bfd0e1 elementor-widget elementor-widget-heading\" data-id=\"14bfd0e1\" data-element_type=\"widget\" data-e-type=\"widget\" data-widget_type=\"heading.default\">\n\t\t\t\t<div class=\"elementor-widget-container\">\n\t\t\t\t\t<h2 class=\"elementor-heading-title elementor-size-default\">Animazioni<\/h2>\t\t\t\t<\/div>\n\t\t\t\t<\/div>\n\t\t\t\t<div class=\"elementor-element elementor-element-409beb26 elementor-align-center elementor-widget elementor-widget-button\" data-id=\"409beb26\" data-element_type=\"widget\" data-e-type=\"widget\" data-widget_type=\"button.default\">\n\t\t\t\t<div class=\"elementor-widget-container\">\n\t\t\t\t\t\t\t\t\t<div class=\"elementor-button-wrapper\">\n\t\t\t\t\t<a class=\"elementor-button elementor-button-link elementor-size-md\" href=\"https:\/\/musee.oceano.org\/it\/le-animazioni\/\">\n\t\t\t\t\t\t<span class=\"elementor-button-content-wrapper\">\n\t\t\t\t\t\t\t\t\t<span class=\"elementor-button-text\">Scoprire<\/span>\n\t\t\t\t\t<\/span>\n\t\t\t\t\t<\/a>\n\t\t\t\t<\/div>\n\t\t\t\t\t\t\t\t<\/div>\n\t\t\t\t<\/div>\n\t\t\t\t\t<\/div>\n\t\t<\/div>\n\t\t\t\t\t<\/div>\n\t\t<\/section>\n\t\t\t\t<\/div>\n\t\t","protected":false},"excerpt":{"rendered":"<p>TABA NABA Australia, Oceania, arti dei popoli del mare ARTI DEI POPOLI DEL MARE Dal 24 marzo al 30 settembre 2016, l&#8217;arte aborigena e oceanica \u00e8 stata presentata al Museo attraverso TABA NABA, una grande mostra sul tema degli oceani e dell&#8217;acqua. Il progetto si \u00e8 articolato intorno a tre componenti complementari, sviluppati con tre [&hellip;]<\/p>\n","protected":false},"featured_media":5523,"parent":0,"template":"","meta":{"_acf_changed":false,"footnotes":""},"etatexpositions":[337],"class_list":["post-25704","expositions","type-expositions","status-publish","has-post-thumbnail","hentry","etatexpositions-passate"],"acf":[],"yoast_head":"<!-- This site is optimized with the Yoast SEO plugin v27.2 - https:\/\/yoast.com\/product\/yoast-seo-wordpress\/ -->\n<title>Taba Naba - Mus\u00e9e Oc\u00e9anographique de Monaco<\/title>\n<meta name=\"robots\" content=\"index, follow, max-snippet:-1, max-image-preview:large, max-video-preview:-1\" \/>\n<link rel=\"canonical\" href=\"https:\/\/musee.oceano.org\/it\/esposizioni\/taba-naba\/\" \/>\n<meta property=\"og:locale\" content=\"it_IT\" \/>\n<meta property=\"og:type\" content=\"article\" \/>\n<meta property=\"og:title\" content=\"Taba Naba - Mus\u00e9e Oc\u00e9anographique de Monaco\" \/>\n<meta property=\"og:description\" content=\"TABA NABA Australia, Oceania, arti dei popoli del mare ARTI DEI POPOLI DEL MARE Dal 24 marzo al 30 settembre 2016, l&#8217;arte aborigena e oceanica \u00e8 stata presentata al Museo attraverso TABA NABA, una grande mostra sul tema degli oceani e dell&#8217;acqua. Il progetto si \u00e8 articolato intorno a tre componenti complementari, sviluppati con tre [&hellip;]\" \/>\n<meta property=\"og:url\" content=\"https:\/\/musee.oceano.org\/it\/esposizioni\/taba-naba\/\" \/>\n<meta property=\"og:site_name\" content=\"Mus\u00e9e Oc\u00e9anographique de Monaco\" \/>\n<meta property=\"article:modified_time\" content=\"2021-07-12T12:51:54+00:00\" \/>\n<meta property=\"og:image\" content=\"https:\/\/musee.oceano.org\/wp-content\/uploads\/sites\/2\/2019\/05\/LOW-FINI-09_Artiste-Alick-Tipoti_M_Dagnino.jpg\" \/>\n\t<meta property=\"og:image:width\" content=\"1039\" \/>\n\t<meta property=\"og:image:height\" content=\"1038\" \/>\n\t<meta property=\"og:image:type\" content=\"image\/jpeg\" \/>\n<meta name=\"twitter:card\" content=\"summary_large_image\" \/>\n<meta name=\"twitter:label1\" content=\"Tempo di lettura stimato\" \/>\n\t<meta name=\"twitter:data1\" content=\"3 minuti\" \/>\n<script type=\"application\/ld+json\" class=\"yoast-schema-graph\">{\"@context\":\"https:\/\/schema.org\",\"@graph\":[{\"@type\":\"WebPage\",\"@id\":\"https:\/\/musee.oceano.org\/it\/esposizioni\/taba-naba\/\",\"url\":\"https:\/\/musee.oceano.org\/it\/esposizioni\/taba-naba\/\",\"name\":\"Taba Naba - Mus\u00e9e Oc\u00e9anographique de Monaco\",\"isPartOf\":{\"@id\":\"https:\/\/musee.oceano.org\/#website\"},\"primaryImageOfPage\":{\"@id\":\"https:\/\/musee.oceano.org\/it\/esposizioni\/taba-naba\/#primaryimage\"},\"image\":{\"@id\":\"https:\/\/musee.oceano.org\/it\/esposizioni\/taba-naba\/#primaryimage\"},\"thumbnailUrl\":\"https:\/\/musee.oceano.org\/wp-content\/uploads\/sites\/2\/2019\/05\/LOW-FINI-09_Artiste-Alick-Tipoti_M_Dagnino.jpg\",\"datePublished\":\"2021-06-25T14:34:05+00:00\",\"dateModified\":\"2021-07-12T12:51:54+00:00\",\"breadcrumb\":{\"@id\":\"https:\/\/musee.oceano.org\/it\/esposizioni\/taba-naba\/#breadcrumb\"},\"inLanguage\":\"it-IT\",\"potentialAction\":[{\"@type\":\"ReadAction\",\"target\":[\"https:\/\/musee.oceano.org\/it\/esposizioni\/taba-naba\/\"]}]},{\"@type\":\"ImageObject\",\"inLanguage\":\"it-IT\",\"@id\":\"https:\/\/musee.oceano.org\/it\/esposizioni\/taba-naba\/#primaryimage\",\"url\":\"https:\/\/musee.oceano.org\/wp-content\/uploads\/sites\/2\/2019\/05\/LOW-FINI-09_Artiste-Alick-Tipoti_M_Dagnino.jpg\",\"contentUrl\":\"https:\/\/musee.oceano.org\/wp-content\/uploads\/sites\/2\/2019\/05\/LOW-FINI-09_Artiste-Alick-Tipoti_M_Dagnino.jpg\",\"width\":1039,\"height\":1038},{\"@type\":\"BreadcrumbList\",\"@id\":\"https:\/\/musee.oceano.org\/it\/esposizioni\/taba-naba\/#breadcrumb\",\"itemListElement\":[{\"@type\":\"ListItem\",\"position\":1,\"name\":\"Home\",\"item\":\"https:\/\/musee.oceano.org\/it\/\"},{\"@type\":\"ListItem\",\"position\":2,\"name\":\"Tentoonstellingen\",\"item\":\"https:\/\/musee.oceano.org\/nl\/tentoonstellingen\/\"},{\"@type\":\"ListItem\",\"position\":3,\"name\":\"Taba Naba\"}]},{\"@type\":\"WebSite\",\"@id\":\"https:\/\/musee.oceano.org\/#website\",\"url\":\"https:\/\/musee.oceano.org\/\",\"name\":\"Mus\u00e9e Oc\u00e9anographique de Monaco\",\"description\":\"Faire conna\u00eetre, aimer et prot\u00e9ger les oc\u00e9ans\",\"potentialAction\":[{\"@type\":\"SearchAction\",\"target\":{\"@type\":\"EntryPoint\",\"urlTemplate\":\"https:\/\/musee.oceano.org\/?s={search_term_string}\"},\"query-input\":{\"@type\":\"PropertyValueSpecification\",\"valueRequired\":true,\"valueName\":\"search_term_string\"}}],\"inLanguage\":\"it-IT\"}]}<\/script>\n<!-- \/ Yoast SEO plugin. -->","yoast_head_json":{"title":"Taba Naba - Mus\u00e9e Oc\u00e9anographique de Monaco","robots":{"index":"index","follow":"follow","max-snippet":"max-snippet:-1","max-image-preview":"max-image-preview:large","max-video-preview":"max-video-preview:-1"},"canonical":"https:\/\/musee.oceano.org\/it\/esposizioni\/taba-naba\/","og_locale":"it_IT","og_type":"article","og_title":"Taba Naba - Mus\u00e9e Oc\u00e9anographique de Monaco","og_description":"TABA NABA Australia, Oceania, arti dei popoli del mare ARTI DEI POPOLI DEL MARE Dal 24 marzo al 30 settembre 2016, l&#8217;arte aborigena e oceanica \u00e8 stata presentata al Museo attraverso TABA NABA, una grande mostra sul tema degli oceani e dell&#8217;acqua. Il progetto si \u00e8 articolato intorno a tre componenti complementari, sviluppati con tre [&hellip;]","og_url":"https:\/\/musee.oceano.org\/it\/esposizioni\/taba-naba\/","og_site_name":"Mus\u00e9e Oc\u00e9anographique de Monaco","article_modified_time":"2021-07-12T12:51:54+00:00","og_image":[{"width":1039,"height":1038,"url":"https:\/\/musee.oceano.org\/wp-content\/uploads\/sites\/2\/2019\/05\/LOW-FINI-09_Artiste-Alick-Tipoti_M_Dagnino.jpg","type":"image\/jpeg"}],"twitter_card":"summary_large_image","twitter_misc":{"Tempo di lettura stimato":"3 minuti"},"schema":{"@context":"https:\/\/schema.org","@graph":[{"@type":"WebPage","@id":"https:\/\/musee.oceano.org\/it\/esposizioni\/taba-naba\/","url":"https:\/\/musee.oceano.org\/it\/esposizioni\/taba-naba\/","name":"Taba Naba - Mus\u00e9e Oc\u00e9anographique de Monaco","isPartOf":{"@id":"https:\/\/musee.oceano.org\/#website"},"primaryImageOfPage":{"@id":"https:\/\/musee.oceano.org\/it\/esposizioni\/taba-naba\/#primaryimage"},"image":{"@id":"https:\/\/musee.oceano.org\/it\/esposizioni\/taba-naba\/#primaryimage"},"thumbnailUrl":"https:\/\/musee.oceano.org\/wp-content\/uploads\/sites\/2\/2019\/05\/LOW-FINI-09_Artiste-Alick-Tipoti_M_Dagnino.jpg","datePublished":"2021-06-25T14:34:05+00:00","dateModified":"2021-07-12T12:51:54+00:00","breadcrumb":{"@id":"https:\/\/musee.oceano.org\/it\/esposizioni\/taba-naba\/#breadcrumb"},"inLanguage":"it-IT","potentialAction":[{"@type":"ReadAction","target":["https:\/\/musee.oceano.org\/it\/esposizioni\/taba-naba\/"]}]},{"@type":"ImageObject","inLanguage":"it-IT","@id":"https:\/\/musee.oceano.org\/it\/esposizioni\/taba-naba\/#primaryimage","url":"https:\/\/musee.oceano.org\/wp-content\/uploads\/sites\/2\/2019\/05\/LOW-FINI-09_Artiste-Alick-Tipoti_M_Dagnino.jpg","contentUrl":"https:\/\/musee.oceano.org\/wp-content\/uploads\/sites\/2\/2019\/05\/LOW-FINI-09_Artiste-Alick-Tipoti_M_Dagnino.jpg","width":1039,"height":1038},{"@type":"BreadcrumbList","@id":"https:\/\/musee.oceano.org\/it\/esposizioni\/taba-naba\/#breadcrumb","itemListElement":[{"@type":"ListItem","position":1,"name":"Home","item":"https:\/\/musee.oceano.org\/it\/"},{"@type":"ListItem","position":2,"name":"Tentoonstellingen","item":"https:\/\/musee.oceano.org\/nl\/tentoonstellingen\/"},{"@type":"ListItem","position":3,"name":"Taba Naba"}]},{"@type":"WebSite","@id":"https:\/\/musee.oceano.org\/#website","url":"https:\/\/musee.oceano.org\/","name":"Mus\u00e9e Oc\u00e9anographique de Monaco","description":"Faire conna\u00eetre, aimer et prot\u00e9ger les oc\u00e9ans","potentialAction":[{"@type":"SearchAction","target":{"@type":"EntryPoint","urlTemplate":"https:\/\/musee.oceano.org\/?s={search_term_string}"},"query-input":{"@type":"PropertyValueSpecification","valueRequired":true,"valueName":"search_term_string"}}],"inLanguage":"it-IT"}]}},"_links":{"self":[{"href":"https:\/\/musee.oceano.org\/it\/wp-json\/wp\/v2\/expositions\/25704","targetHints":{"allow":["GET"]}}],"collection":[{"href":"https:\/\/musee.oceano.org\/it\/wp-json\/wp\/v2\/expositions"}],"about":[{"href":"https:\/\/musee.oceano.org\/it\/wp-json\/wp\/v2\/types\/expositions"}],"version-history":[{"count":6,"href":"https:\/\/musee.oceano.org\/it\/wp-json\/wp\/v2\/expositions\/25704\/revisions"}],"predecessor-version":[{"id":32117,"href":"https:\/\/musee.oceano.org\/it\/wp-json\/wp\/v2\/expositions\/25704\/revisions\/32117"}],"wp:featuredmedia":[{"embeddable":true,"href":"https:\/\/musee.oceano.org\/it\/wp-json\/wp\/v2\/media\/5523"}],"wp:attachment":[{"href":"https:\/\/musee.oceano.org\/it\/wp-json\/wp\/v2\/media?parent=25704"}],"wp:term":[{"taxonomy":"etatexpositions","embeddable":true,"href":"https:\/\/musee.oceano.org\/it\/wp-json\/wp\/v2\/etatexpositions?post=25704"}],"curies":[{"name":"wp","href":"https:\/\/api.w.org\/{rel}","templated":true}]}}