{"id":27497,"date":"2021-06-29T11:53:41","date_gmt":"2021-06-29T09:53:41","guid":{"rendered":"https:\/\/musee.oceano.org\/notizie-museo\/"},"modified":"2021-07-13T11:15:10","modified_gmt":"2021-07-13T09:15:10","slug":"notizie-museo","status":"publish","type":"page","link":"https:\/\/musee.oceano.org\/it\/notizie-museo\/","title":{"rendered":"Notizie &#8211; museo"},"content":{"rendered":"\t\t<div data-elementor-type=\"wp-post\" data-elementor-id=\"27497\" class=\"elementor elementor-27497 elementor-1217\" data-elementor-post-type=\"page\">\n\t\t\t\t\t\t<section class=\"elementor-section elementor-top-section elementor-element elementor-element-4428bb1a elementor-section-full_width elementor-section-height-default elementor-section-height-default\" data-id=\"4428bb1a\" data-element_type=\"section\" data-e-type=\"section\">\n\t\t\t\t\t\t<div class=\"elementor-container elementor-column-gap-no\">\n\t\t\t\t\t<div class=\"elementor-column elementor-col-100 elementor-top-column elementor-element elementor-element-59f81771\" data-id=\"59f81771\" data-element_type=\"column\" data-e-type=\"column\">\n\t\t\t<div class=\"elementor-widget-wrap elementor-element-populated\">\n\t\t\t\t\t\t<div class=\"elementor-element elementor-element-4c5a8c85 elementor--h-position-center elementor--v-position-middle elementor-widget elementor-widget-slides\" data-id=\"4c5a8c85\" data-element_type=\"widget\" data-e-type=\"widget\" data-settings=\"{&quot;navigation&quot;:&quot;none&quot;,&quot;transition&quot;:&quot;slide&quot;,&quot;transition_speed&quot;:500}\" data-widget_type=\"slides.default\">\n\t\t\t\t<div class=\"elementor-widget-container\">\n\t\t\t\t\t\t\t\t\t<div class=\"elementor-swiper\">\n\t\t\t\t\t<div class=\"elementor-slides-wrapper elementor-main-swiper swiper\" role=\"region\" aria-roledescription=\"carousel\" aria-label=\"Slides\" dir=\"ltr\" data-animation=\"fadeInUp\">\n\t\t\t\t<div class=\"swiper-wrapper elementor-slides\">\n\t\t\t\t\t\t\t\t\t\t<div class=\"elementor-repeater-item-891be05 swiper-slide\" role=\"group\" aria-roledescription=\"slide\"><div class=\"swiper-slide-bg\" role=\"img\" aria-label=\"newspapers-444447\"><\/div><div class=\"elementor-background-overlay\"><\/div><div class=\"swiper-slide-inner\" ><div class=\"swiper-slide-contents\"><h1 class=\"elementor-slide-heading\">NOTIZIE DAL MUSEO<\/h1><\/div><\/div><\/div>\t\t\t\t<\/div>\n\t\t\t\t\t\t\t<\/div>\n\t\t\t\t<\/div>\n\t\t\t\t\t\t\t\t<\/div>\n\t\t\t\t<\/div>\n\t\t\t\t\t<\/div>\n\t\t<\/div>\n\t\t\t\t\t<\/div>\n\t\t<\/section>\n\t\t\t\t<section class=\"elementor-section elementor-top-section elementor-element elementor-element-2b6cc478 elementor-section-full_width elementor-section-height-default elementor-section-height-default\" data-id=\"2b6cc478\" data-element_type=\"section\" data-e-type=\"section\">\n\t\t\t\t\t\t<div class=\"elementor-container elementor-column-gap-default\">\n\t\t\t\t\t<div class=\"elementor-column elementor-col-100 elementor-top-column elementor-element elementor-element-5c7082b6\" data-id=\"5c7082b6\" data-element_type=\"column\" data-e-type=\"column\">\n\t\t\t<div class=\"elementor-widget-wrap elementor-element-populated\">\n\t\t\t\t\t\t<div class=\"elementor-element elementor-element-19fc1485 elementor-widget elementor-widget-ee-breadcrumbs\" data-id=\"19fc1485\" data-element_type=\"widget\" data-e-type=\"widget\" data-widget_type=\"ee-breadcrumbs.default\">\n\t\t\t\t<div class=\"elementor-widget-container\">\n\t\t\t\t\t<ul class=\"ee-breadcrumbs\" itemscope=\"\" itemtype=\"http:\/\/schema.org\/BreadcrumbList\"><\/ul>\t\t\t\t<\/div>\n\t\t\t\t<\/div>\n\t\t\t\t\t<\/div>\n\t\t<\/div>\n\t\t\t\t\t<\/div>\n\t\t<\/section>\n\t\t\t\t<section class=\"elementor-section elementor-top-section elementor-element elementor-element-4f32ea27 elementor-section-full_width elementor-section-height-default elementor-section-height-default\" data-id=\"4f32ea27\" data-element_type=\"section\" data-e-type=\"section\">\n\t\t\t\t\t\t<div class=\"elementor-container elementor-column-gap-default\">\n\t\t\t\t\t<div class=\"elementor-column elementor-col-100 elementor-top-column elementor-element elementor-element-70cade5\" data-id=\"70cade5\" data-element_type=\"column\" data-e-type=\"column\">\n\t\t\t<div class=\"elementor-widget-wrap elementor-element-populated\">\n\t\t\t\t\t\t<div class=\"elementor-element elementor-element-6aa7ee0d elementor-widget elementor-widget-heading\" data-id=\"6aa7ee0d\" data-element_type=\"widget\" data-e-type=\"widget\" data-widget_type=\"heading.default\">\n\t\t\t\t<div class=\"elementor-widget-container\">\n\t\t\t\t\t<h2 class=\"elementor-heading-title elementor-size-default\">segui le notizie del museo oceanografico di monaco<\/h2>\t\t\t\t<\/div>\n\t\t\t\t<\/div>\n\t\t\t\t\t<\/div>\n\t\t<\/div>\n\t\t\t\t\t<\/div>\n\t\t<\/section>\n\t\t\t\t<section class=\"elementor-section elementor-top-section elementor-element elementor-element-e86893f elementor-section-boxed elementor-section-height-default elementor-section-height-default\" data-id=\"e86893f\" data-element_type=\"section\" data-e-type=\"section\">\n\t\t\t\t\t\t<div class=\"elementor-container elementor-column-gap-default\">\n\t\t\t\t\t<div class=\"elementor-column elementor-col-100 elementor-top-column elementor-element elementor-element-d6766c1\" data-id=\"d6766c1\" data-element_type=\"column\" data-e-type=\"column\">\n\t\t\t<div class=\"elementor-widget-wrap elementor-element-populated\">\n\t\t\t\t\t\t<div class=\"elementor-element elementor-element-fc51c98 elementor-widget elementor-widget-text-editor\" data-id=\"fc51c98\" data-element_type=\"widget\" data-e-type=\"widget\" data-widget_type=\"text-editor.default\">\n\t\t\t\t<div class=\"elementor-widget-container\">\n\t\t\t\t\t\t\t\t\t<p>Cerca per :<\/p>\n\t\t\t\t\t\t\t\t<\/div>\n\t\t\t\t<\/div>\n\t\t\t\t\t<\/div>\n\t\t<\/div>\n\t\t\t\t\t<\/div>\n\t\t<\/section>\n\t\t\t\t<section class=\"elementor-section elementor-top-section elementor-element elementor-element-e89c9cf formbgblue elementor-section-boxed elementor-section-height-default elementor-section-height-default\" data-id=\"e89c9cf\" data-element_type=\"section\" data-e-type=\"section\" data-settings=\"{&quot;background_background&quot;:&quot;classic&quot;}\">\n\t\t\t\t\t\t<div class=\"elementor-container elementor-column-gap-default\">\n\t\t\t\t\t<div class=\"elementor-column elementor-col-33 elementor-top-column elementor-element elementor-element-8e477b3\" data-id=\"8e477b3\" data-element_type=\"column\" data-e-type=\"column\">\n\t\t\t<div class=\"elementor-widget-wrap elementor-element-populated\">\n\t\t\t\t\t\t<div class=\"elementor-element elementor-element-75e59cb elementor-widget elementor-widget-shortcode\" data-id=\"75e59cb\" data-element_type=\"widget\" data-e-type=\"widget\" data-widget_type=\"shortcode.default\">\n\t\t\t\t<div class=\"elementor-widget-container\">\n\t\t\t\t\t\t\t<div class=\"elementor-shortcode\"><div class=\"facetwp-facet facetwp-facet-search facetwp-type-search\" data-name=\"search\" data-type=\"search\"><\/div><\/div>\n\t\t\t\t\t\t<\/div>\n\t\t\t\t<\/div>\n\t\t\t\t\t<\/div>\n\t\t<\/div>\n\t\t\t\t<div class=\"elementor-column elementor-col-33 elementor-top-column elementor-element elementor-element-6a20b21\" data-id=\"6a20b21\" data-element_type=\"column\" data-e-type=\"column\">\n\t\t\t<div class=\"elementor-widget-wrap elementor-element-populated\">\n\t\t\t\t\t\t<div class=\"elementor-element elementor-element-09e96c9 elementor-widget elementor-widget-shortcode\" data-id=\"09e96c9\" data-element_type=\"widget\" data-e-type=\"widget\" data-widget_type=\"shortcode.default\">\n\t\t\t\t<div class=\"elementor-widget-container\">\n\t\t\t\t\t\t\t<div class=\"elementor-shortcode\"><div class=\"facetwp-facet facetwp-facet-date_as_year facetwp-type-dropdown\" data-name=\"date_as_year\" data-type=\"dropdown\"><\/div><\/div>\n\t\t\t\t\t\t<\/div>\n\t\t\t\t<\/div>\n\t\t\t\t\t<\/div>\n\t\t<\/div>\n\t\t\t\t<div class=\"elementor-column elementor-col-33 elementor-top-column elementor-element elementor-element-3905746\" data-id=\"3905746\" data-element_type=\"column\" data-e-type=\"column\">\n\t\t\t<div class=\"elementor-widget-wrap elementor-element-populated\">\n\t\t\t\t\t\t<div class=\"elementor-element elementor-element-d3d1fd7 elementor-widget elementor-widget-shortcode\" data-id=\"d3d1fd7\" data-element_type=\"widget\" data-e-type=\"widget\" data-widget_type=\"shortcode.default\">\n\t\t\t\t<div class=\"elementor-widget-container\">\n\t\t\t\t\t\t\t<div class=\"elementor-shortcode\"><div class=\"facetwp-facet facetwp-facet-thmatiques_articles facetwp-type-dropdown\" data-name=\"thmatiques_articles\" data-type=\"dropdown\"><\/div><\/div>\n\t\t\t\t\t\t<\/div>\n\t\t\t\t<\/div>\n\t\t\t\t\t<\/div>\n\t\t<\/div>\n\t\t\t\t\t<\/div>\n\t\t<\/section>\n\t\t\t\t<section class=\"elementor-section elementor-top-section elementor-element elementor-element-8fd1117 elementor-section-boxed elementor-section-height-default elementor-section-height-default\" data-id=\"8fd1117\" data-element_type=\"section\" data-e-type=\"section\" data-settings=\"{&quot;background_background&quot;:&quot;classic&quot;}\">\n\t\t\t\t\t\t<div class=\"elementor-container elementor-column-gap-default\">\n\t\t\t\t\t<div class=\"elementor-column elementor-col-100 elementor-top-column elementor-element elementor-element-8ec30d4\" data-id=\"8ec30d4\" data-element_type=\"column\" data-e-type=\"column\">\n\t\t\t<div class=\"elementor-widget-wrap elementor-element-populated\">\n\t\t\t\t\t\t<div class=\"elementor-element elementor-element-39fe087 elementor-widget elementor-widget-shortcode\" data-id=\"39fe087\" data-element_type=\"widget\" data-e-type=\"widget\" data-widget_type=\"shortcode.default\">\n\t\t\t\t<div class=\"elementor-widget-container\">\n\t\t\t\t\t\t\t<div class=\"elementor-shortcode\"><div class=\"pbl\">\n    <div class=\"grid-3 has-gutter-xl\">\n                <div class=\"mbl\">\n            <a href=\"https:\/\/musee.oceano.org\/it\/2024\/05\/15\/i-giganti-del-ghiaccio-si-uniscono-alla-missione-polare-al-museo-oceanografico-di-monaco\/ \">\n    <div class=\"actu-card relative flex-container--column\">\n                    <img fetchpriority=\"high\" decoding=\"async\" width=\"433\" height=\"433\" src=\"https:\/\/musee.oceano.org\/wp-content\/uploads\/sites\/2\/2024\/05\/Exposition-bassompierre-musee-monaco-433x433.png\" class=\"attachment-img-bloc-three-content size-img-bloc-three-content wp-post-image\" alt=\"Exposition Bassompierre et Exposition Mission Polaire au mus\u00e9e oc\u00e9anographique de monaco\" srcset=\"https:\/\/musee.oceano.org\/wp-content\/uploads\/sites\/2\/2024\/05\/Exposition-bassompierre-musee-monaco-433x433.png 433w, https:\/\/musee.oceano.org\/wp-content\/uploads\/sites\/2\/2024\/05\/Exposition-bassompierre-musee-monaco-300x300.png 300w, https:\/\/musee.oceano.org\/wp-content\/uploads\/sites\/2\/2024\/05\/Exposition-bassompierre-musee-monaco-1024x1024.png 1024w, https:\/\/musee.oceano.org\/wp-content\/uploads\/sites\/2\/2024\/05\/Exposition-bassompierre-musee-monaco-150x150.png 150w, https:\/\/musee.oceano.org\/wp-content\/uploads\/sites\/2\/2024\/05\/Exposition-bassompierre-musee-monaco-768x768.png 768w, https:\/\/musee.oceano.org\/wp-content\/uploads\/sites\/2\/2024\/05\/Exposition-bassompierre-musee-monaco-1536x1536.png 1536w, https:\/\/musee.oceano.org\/wp-content\/uploads\/sites\/2\/2024\/05\/Exposition-bassompierre-musee-monaco-334x334.png 334w, https:\/\/musee.oceano.org\/wp-content\/uploads\/sites\/2\/2024\/05\/Exposition-bassompierre-musee-monaco.png 1620w\" sizes=\"(max-width: 433px) 100vw, 433px\" \/>                <div class=\"actu-metas flex-item-fluid bg-white color-black\">\n            <div class=\"date fl f14 regular\">15\/05\/2024<\/div>\n            <div class=\"location fr f14 regular\"><i class=\"icon icon-map-marker\"><\/i> Monaco<\/div>\n            <div class=\"title extra-bold clear h4-like\">I Giganti del Ghiaccio si uniscono alla Missione Polare al Museo Oceanografico di Monaco<\/div>\n            <div class=\"accroche\"><\/div>\n            <div class=\"content-hover\">\n                <div class=\"excerpt regular\">Iscrivetevi subito alla conferenza \"Sculptez le vivant\" di e con Michel BASSOMPIERRE e venite a scoprire i Giganti di ghiaccio e a (ri)scoprire la mostra \"Mission...<\/div>\n                <div class=\"link-action icon-anim\">\n                    <div class=\"extra-bold u-uppercase\"><span>Leggi di pi\u00f9<\/span><i class=\"icon icon-arrow-right\"><\/i><\/div>\n                <\/div>\n            <\/div>\n        <\/div>\n    <\/div>\n<\/a>\n        <\/div>\n                <div class=\"mbl\">\n            <a href=\"https:\/\/musee.oceano.org\/it\/2021\/07\/26\/unestate-al-museo-oceanografico\/ \">\n    <div class=\"actu-card relative flex-container--column\">\n                    <img decoding=\"async\" width=\"433\" height=\"433\" src=\"https:\/\/musee.oceano.org\/wp-content\/uploads\/sites\/2\/2021\/07\/Club-Oceano-\u00a9-M.-Dagnino-Institut-oceanographique-433x433.jpg\" class=\"attachment-img-bloc-three-content size-img-bloc-three-content wp-post-image\" alt=\"\" srcset=\"https:\/\/musee.oceano.org\/wp-content\/uploads\/sites\/2\/2021\/07\/Club-Oceano-\u00a9-M.-Dagnino-Institut-oceanographique-433x433.jpg 433w, https:\/\/musee.oceano.org\/wp-content\/uploads\/sites\/2\/2021\/07\/Club-Oceano-\u00a9-M.-Dagnino-Institut-oceanographique-150x150.jpg 150w, https:\/\/musee.oceano.org\/wp-content\/uploads\/sites\/2\/2021\/07\/Club-Oceano-\u00a9-M.-Dagnino-Institut-oceanographique-334x334.jpg 334w\" sizes=\"(max-width: 433px) 100vw, 433px\" \/>                <div class=\"actu-metas flex-item-fluid bg-white color-black\">\n            <div class=\"date fl f14 regular\">26\/07\/2021<\/div>\n            <div class=\"location fr f14 regular\"><i class=\"icon icon-map-marker\"><\/i> Monaco<\/div>\n            <div class=\"title extra-bold clear h4-like\">Un&#8217;estate al Museo Oceanografico<\/div>\n            <div class=\"accroche\"><\/div>\n            <div class=\"content-hover\">\n                <div class=\"excerpt regular\">Durante le vacanze estive, approfittate di un'offerta speciale per le visite prima delle 11 o dopo le 17. Scoprite i segreti del corallo in un tour tematico in 6 tappe, immergetevi nella Grande Barriera Corallina con la mostra digitale e interattiva \"IMMERSION\", risolvete gli enigmi del nostro...<\/div>\n                <div class=\"link-action icon-anim\">\n                    <div class=\"extra-bold u-uppercase\"><span>Leggi di pi\u00f9<\/span><i class=\"icon icon-arrow-right\"><\/i><\/div>\n                <\/div>\n            <\/div>\n        <\/div>\n    <\/div>\n<\/a>\n        <\/div>\n                <div class=\"mbl\">\n            <a href=\"https:\/\/musee.oceano.org\/it\/2021\/06\/30\/per-un-deconfinamento-delle-menti\/ \">\n    <div class=\"actu-card relative flex-container--column\">\n                    <img decoding=\"async\" width=\"433\" height=\"433\" src=\"https:\/\/musee.oceano.org\/wp-content\/uploads\/sites\/2\/2020\/12\/visuel-tribune-FINAL_7-433x433.jpg\" class=\"attachment-img-bloc-three-content size-img-bloc-three-content wp-post-image\" alt=\"\" srcset=\"https:\/\/musee.oceano.org\/wp-content\/uploads\/sites\/2\/2020\/12\/visuel-tribune-FINAL_7-433x433.jpg 433w, https:\/\/musee.oceano.org\/wp-content\/uploads\/sites\/2\/2020\/12\/visuel-tribune-FINAL_7-300x300.jpg 300w, https:\/\/musee.oceano.org\/wp-content\/uploads\/sites\/2\/2020\/12\/visuel-tribune-FINAL_7-1024x1024.jpg 1024w, https:\/\/musee.oceano.org\/wp-content\/uploads\/sites\/2\/2020\/12\/visuel-tribune-FINAL_7-150x150.jpg 150w, https:\/\/musee.oceano.org\/wp-content\/uploads\/sites\/2\/2020\/12\/visuel-tribune-FINAL_7-768x768.jpg 768w, https:\/\/musee.oceano.org\/wp-content\/uploads\/sites\/2\/2020\/12\/visuel-tribune-FINAL_7-334x334.jpg 334w, https:\/\/musee.oceano.org\/wp-content\/uploads\/sites\/2\/2020\/12\/visuel-tribune-FINAL_7.jpg 1200w\" sizes=\"(max-width: 433px) 100vw, 433px\" \/>                <div class=\"actu-metas flex-item-fluid bg-white color-black\">\n            <div class=\"date fl f14 regular\">30\/06\/2021<\/div>\n            <div class=\"location fr f14 regular\"><i class=\"icon icon-map-marker\"><\/i> Monaco<\/div>\n            <div class=\"title extra-bold clear h4-like\">Per un deconfinamento delle menti<\/div>\n            <div class=\"accroche\"><\/div>\n            <div class=\"content-hover\">\n                <div class=\"excerpt regular\">La chiusura dei luoghi di cultura e il loro importante ruolo nella nostra societ\u00e0 ed economia \u00e8 pi\u00f9 attuale che mai. Questa Tribuna spiega l'importanza del dialogo tra Scienza e Cultura per costruire il mondo di...<\/div>\n                <div class=\"link-action icon-anim\">\n                    <div class=\"extra-bold u-uppercase\"><span>Leggi di pi\u00f9<\/span><i class=\"icon icon-arrow-right\"><\/i><\/div>\n                <\/div>\n            <\/div>\n        <\/div>\n    <\/div>\n<\/a>\n        <\/div>\n                <div class=\"mbl\">\n            <a href=\"https:\/\/musee.oceano.org\/it\/2021\/06\/29\/immersione-nelle-collezioni-acre\/ \">\n    <div class=\"actu-card relative flex-container--column\">\n                    <img loading=\"lazy\" decoding=\"async\" width=\"433\" height=\"433\" src=\"https:\/\/musee.oceano.org\/wp-content\/uploads\/sites\/2\/2020\/08\/BD-Albert-Ier-433x433.png\" class=\"attachment-img-bloc-three-content size-img-bloc-three-content wp-post-image\" alt=\"\" srcset=\"https:\/\/musee.oceano.org\/wp-content\/uploads\/sites\/2\/2020\/08\/BD-Albert-Ier-433x433.png 433w, https:\/\/musee.oceano.org\/wp-content\/uploads\/sites\/2\/2020\/08\/BD-Albert-Ier-150x150.png 150w, https:\/\/musee.oceano.org\/wp-content\/uploads\/sites\/2\/2020\/08\/BD-Albert-Ier-334x334.png 334w\" sizes=\"(max-width: 433px) 100vw, 433px\" \/>                <div class=\"actu-metas flex-item-fluid bg-white color-black\">\n            <div class=\"date fl f14 regular\">29\/06\/2021<\/div>\n            <div class=\"location fr f14 regular\"><i class=\"icon icon-map-marker\"><\/i> Monaco<\/div>\n            <div class=\"title extra-bold clear h4-like\">Immersione nelle collezioni &#8211; ACRE<\/div>\n            <div class=\"accroche\"><\/div>\n            <div class=\"content-hover\">\n                <div class=\"excerpt regular\">Il 27 agosto 2019, il professor Rob Allan arriva al Museo Oceanografico per visionare i diari di bordo della Prince Albert I, datati dal 1873 al 1922, e le registrazioni meteorologiche effettuate al museo tra il 1911 e il...<\/div>\n                <div class=\"link-action icon-anim\">\n                    <div class=\"extra-bold u-uppercase\"><span>Leggi di pi\u00f9<\/span><i class=\"icon icon-arrow-right\"><\/i><\/div>\n                <\/div>\n            <\/div>\n        <\/div>\n    <\/div>\n<\/a>\n        <\/div>\n                <div class=\"mbl\">\n            <a href=\"https:\/\/musee.oceano.org\/it\/2021\/06\/29\/inaugurazione-della-mostra-immersion\/ \">\n    <div class=\"actu-card relative flex-container--column\">\n                    <img loading=\"lazy\" decoding=\"async\" width=\"433\" height=\"433\" src=\"https:\/\/musee.oceano.org\/wp-content\/uploads\/sites\/2\/2020\/06\/Extract-Teaser-IMMERSION00003-433x433.png\" class=\"attachment-img-bloc-three-content size-img-bloc-three-content wp-post-image\" alt=\"Petite fille \u00e0 l&#039;exposition Immersion - Mus\u00e9e oc\u00e9anographique\" srcset=\"https:\/\/musee.oceano.org\/wp-content\/uploads\/sites\/2\/2020\/06\/Extract-Teaser-IMMERSION00003-433x433.png 433w, https:\/\/musee.oceano.org\/wp-content\/uploads\/sites\/2\/2020\/06\/Extract-Teaser-IMMERSION00003-150x150.png 150w, https:\/\/musee.oceano.org\/wp-content\/uploads\/sites\/2\/2020\/06\/Extract-Teaser-IMMERSION00003-334x334.png 334w\" sizes=\"(max-width: 433px) 100vw, 433px\" \/>                <div class=\"actu-metas flex-item-fluid bg-white color-black\">\n            <div class=\"date fl f14 regular\">29\/06\/2021<\/div>\n            <div class=\"location fr f14 regular\"><i class=\"icon icon-map-marker\"><\/i> Monaco<\/div>\n            <div class=\"title extra-bold clear h4-like\">Inaugurazione della mostra IMMERSION<\/div>\n            <div class=\"accroche\"><\/div>\n            <div class=\"content-hover\">\n                <div class=\"excerpt regular\">Venite a scoprire la bellezza dei coralli australiani attraverso un dispositivo unico, una mostra...<\/div>\n                <div class=\"link-action icon-anim\">\n                    <div class=\"extra-bold u-uppercase\"><span>Leggi di pi\u00f9<\/span><i class=\"icon icon-arrow-right\"><\/i><\/div>\n                <\/div>\n            <\/div>\n        <\/div>\n    <\/div>\n<\/a>\n        <\/div>\n                <div class=\"mbl\">\n            <a href=\"https:\/\/musee.oceano.org\/it\/2021\/06\/29\/prima-mondiale-nascita-di-un-pesce-accetta-nano-in-acquario\/ \">\n    <div class=\"actu-card relative flex-container--column\">\n                    <img loading=\"lazy\" decoding=\"async\" width=\"433\" height=\"433\" src=\"https:\/\/musee.oceano.org\/wp-content\/uploads\/sites\/2\/2020\/02\/Parapriacanthus-ransoneti_20191204_M_Dagnino-light-433x433.jpg\" class=\"attachment-img-bloc-three-content size-img-bloc-three-content wp-post-image\" alt=\"\" srcset=\"https:\/\/musee.oceano.org\/wp-content\/uploads\/sites\/2\/2020\/02\/Parapriacanthus-ransoneti_20191204_M_Dagnino-light-433x433.jpg 433w, https:\/\/musee.oceano.org\/wp-content\/uploads\/sites\/2\/2020\/02\/Parapriacanthus-ransoneti_20191204_M_Dagnino-light-150x150.jpg 150w, https:\/\/musee.oceano.org\/wp-content\/uploads\/sites\/2\/2020\/02\/Parapriacanthus-ransoneti_20191204_M_Dagnino-light-334x334.jpg 334w\" sizes=\"(max-width: 433px) 100vw, 433px\" \/>                <div class=\"actu-metas flex-item-fluid bg-white color-black\">\n            <div class=\"date fl f14 regular\">29\/06\/2021<\/div>\n            <div class=\"location fr f14 regular\"><i class=\"icon icon-map-marker\"><\/i> Monaco<\/div>\n            <div class=\"title extra-bold clear h4-like\">Prima mondiale: nascita di un pesce accetta nano in acquario<\/div>\n            <div class=\"accroche\"><\/div>\n            <div class=\"content-hover\">\n                <div class=\"excerpt regular\">La prima nascita in acquario del pesce ascia nano da parte degli esperti del Museo Oceanografico contribuir\u00e0 direttamente a ridurre la pressione della pesca su questa specie in...<\/div>\n                <div class=\"link-action icon-anim\">\n                    <div class=\"extra-bold u-uppercase\"><span>Leggi di pi\u00f9<\/span><i class=\"icon icon-arrow-right\"><\/i><\/div>\n                <\/div>\n            <\/div>\n        <\/div>\n    <\/div>\n<\/a>\n        <\/div>\n                <div class=\"mbl\">\n            <a href=\"https:\/\/musee.oceano.org\/it\/2021\/06\/29\/visitando-il-museo-sostieni-il-medfund\/ \">\n    <div class=\"actu-card relative flex-container--column\">\n                    <img loading=\"lazy\" decoding=\"async\" width=\"433\" height=\"433\" src=\"https:\/\/musee.oceano.org\/wp-content\/uploads\/sites\/2\/2019\/11\/main1-433x433.jpg\" class=\"attachment-img-bloc-three-content size-img-bloc-three-content wp-post-image\" alt=\"\" srcset=\"https:\/\/musee.oceano.org\/wp-content\/uploads\/sites\/2\/2019\/11\/main1-433x433.jpg 433w, https:\/\/musee.oceano.org\/wp-content\/uploads\/sites\/2\/2019\/11\/main1-150x150.jpg 150w, https:\/\/musee.oceano.org\/wp-content\/uploads\/sites\/2\/2019\/11\/main1-334x334.jpg 334w\" sizes=\"(max-width: 433px) 100vw, 433px\" \/>                <div class=\"actu-metas flex-item-fluid bg-white color-black\">\n            <div class=\"date fl f14 regular\">29\/06\/2021<\/div>\n            <div class=\"location fr f14 regular\"><i class=\"icon icon-map-marker\"><\/i> Monaco<\/div>\n            <div class=\"title extra-bold clear h4-like\">Visitando il Museo, sostieni il MedFund&#8230;<\/div>\n            <div class=\"accroche\"><\/div>\n            <div class=\"content-hover\">\n                <div class=\"excerpt regular\">Il Museo Oceanografico offre ad ogni visitatore di donare 0,5\u20ac dell'importo di ogni biglietto acquistato a MEDFUND, un fondo che sostiene le aree marine protette del...<\/div>\n                <div class=\"link-action icon-anim\">\n                    <div class=\"extra-bold u-uppercase\"><span>Leggi di pi\u00f9<\/span><i class=\"icon icon-arrow-right\"><\/i><\/div>\n                <\/div>\n            <\/div>\n        <\/div>\n    <\/div>\n<\/a>\n        <\/div>\n                <div class=\"mbl\">\n            <a href=\"https:\/\/musee.oceano.org\/it\/2021\/06\/29\/visita-del-museo-informazioni-pratiche-covid-19\/ \">\n    <div class=\"actu-card relative flex-container--column\">\n                    <img loading=\"lazy\" decoding=\"async\" width=\"433\" height=\"433\" src=\"https:\/\/musee.oceano.org\/wp-content\/uploads\/sites\/2\/2020\/05\/COV19_Amphiprion-ocellaris_Poisson-clown_M_Dagnino-433x433.jpg\" class=\"attachment-img-bloc-three-content size-img-bloc-three-content wp-post-image\" alt=\"\" srcset=\"https:\/\/musee.oceano.org\/wp-content\/uploads\/sites\/2\/2020\/05\/COV19_Amphiprion-ocellaris_Poisson-clown_M_Dagnino-433x433.jpg 433w, https:\/\/musee.oceano.org\/wp-content\/uploads\/sites\/2\/2020\/05\/COV19_Amphiprion-ocellaris_Poisson-clown_M_Dagnino-150x150.jpg 150w, https:\/\/musee.oceano.org\/wp-content\/uploads\/sites\/2\/2020\/05\/COV19_Amphiprion-ocellaris_Poisson-clown_M_Dagnino-334x334.jpg 334w\" sizes=\"(max-width: 433px) 100vw, 433px\" \/>                <div class=\"actu-metas flex-item-fluid bg-white color-black\">\n            <div class=\"date fl f14 regular\">29\/06\/2021<\/div>\n            <div class=\"location fr f14 regular\"><i class=\"icon icon-map-marker\"><\/i> Monaco<\/div>\n            <div class=\"title extra-bold clear h4-like\">Visita del museo: informazioni pratiche Covid-19<\/div>\n            <div class=\"accroche\"><\/div>\n            <div class=\"content-hover\">\n                <div class=\"excerpt regular\">Tutta l'\u00e9quipe del Museo Oceanografico di Monaco \u00e8 lieta di darvi il benvenuto il 2 giugno 2020. Per la vostra sicurezza e quella del personale del Museo, abbiamo adattato le nostre condizioni di visita per facilitare il vostro percorso dall'acquisto dei biglietti fino all'uscita del...<\/div>\n                <div class=\"link-action icon-anim\">\n                    <div class=\"extra-bold u-uppercase\"><span>Leggi di pi\u00f9<\/span><i class=\"icon icon-arrow-right\"><\/i><\/div>\n                <\/div>\n            <\/div>\n        <\/div>\n    <\/div>\n<\/a>\n        <\/div>\n                <div class=\"mbl\">\n            <a href=\"https:\/\/musee.oceano.org\/it\/2021\/06\/29\/divertimento-con-il-museo-oceanografico\/ \">\n    <div class=\"actu-card relative flex-container--column\">\n                    <img loading=\"lazy\" decoding=\"async\" width=\"433\" height=\"433\" src=\"https:\/\/musee.oceano.org\/wp-content\/uploads\/sites\/2\/2020\/04\/enfant-jeu-plage-bord-de-mer-433x433.jpg\" class=\"attachment-img-bloc-three-content size-img-bloc-three-content wp-post-image\" alt=\"\" srcset=\"https:\/\/musee.oceano.org\/wp-content\/uploads\/sites\/2\/2020\/04\/enfant-jeu-plage-bord-de-mer-433x433.jpg 433w, https:\/\/musee.oceano.org\/wp-content\/uploads\/sites\/2\/2020\/04\/enfant-jeu-plage-bord-de-mer-150x150.jpg 150w, https:\/\/musee.oceano.org\/wp-content\/uploads\/sites\/2\/2020\/04\/enfant-jeu-plage-bord-de-mer-334x334.jpg 334w\" sizes=\"(max-width: 433px) 100vw, 433px\" \/>                <div class=\"actu-metas flex-item-fluid bg-white color-black\">\n            <div class=\"date fl f14 regular\">29\/06\/2021<\/div>\n            <div class=\"location fr f14 regular\"><i class=\"icon icon-map-marker\"><\/i> mondo<\/div>\n            <div class=\"title extra-bold clear h4-like\">Divertimento con il Museo Oceanografico<\/div>\n            <div class=\"accroche\"><\/div>\n            <div class=\"content-hover\">\n                <div class=\"excerpt regular\">Stai cercando un po' di intrattenimento utile per i bambini durante la chiusura? Scopri i nostri ultimi suggerimenti per attivit\u00e0 divertenti ed...<\/div>\n                <div class=\"link-action icon-anim\">\n                    <div class=\"extra-bold u-uppercase\"><span>Leggi di pi\u00f9<\/span><i class=\"icon icon-arrow-right\"><\/i><\/div>\n                <\/div>\n            <\/div>\n        <\/div>\n    <\/div>\n<\/a>\n        <\/div>\n            <\/div>\n<\/div>\n<\/div>\n\t\t\t\t\t\t<\/div>\n\t\t\t\t<\/div>\n\t\t\t\t<div class=\"elementor-element elementor-element-d7a97a9 elementor-widget elementor-widget-shortcode\" data-id=\"d7a97a9\" data-element_type=\"widget\" data-e-type=\"widget\" data-widget_type=\"shortcode.default\">\n\t\t\t\t<div class=\"elementor-widget-container\">\n\t\t\t\t\t\t\t<div class=\"elementor-shortcode\"><div class=\"facetwp-pager\"><\/div><\/div>\n\t\t\t\t\t\t<\/div>\n\t\t\t\t<\/div>\n\t\t\t\t\t<\/div>\n\t\t<\/div>\n\t\t\t\t\t<\/div>\n\t\t<\/section>\n\t\t\t\t<section class=\"elementor-section elementor-top-section elementor-element elementor-element-274134ef elementor-section-full_width elementor-section-height-default elementor-section-height-default\" data-id=\"274134ef\" data-element_type=\"section\" data-e-type=\"section\">\n\t\t\t\t\t\t<div class=\"elementor-container elementor-column-gap-default\">\n\t\t\t\t\t<div class=\"elementor-column elementor-col-100 elementor-top-column elementor-element elementor-element-4ac5089e\" data-id=\"4ac5089e\" data-element_type=\"column\" data-e-type=\"column\">\n\t\t\t<div class=\"elementor-widget-wrap elementor-element-populated\">\n\t\t\t\t\t\t<div class=\"elementor-element elementor-element-443bf38a elementor-widget elementor-widget-heading\" data-id=\"443bf38a\" data-element_type=\"widget\" data-e-type=\"widget\" data-widget_type=\"heading.default\">\n\t\t\t\t<div class=\"elementor-widget-container\">\n\t\t\t\t\t<h2 class=\"elementor-heading-title elementor-size-default\">Vedi anche<\/h2>\t\t\t\t<\/div>\n\t\t\t\t<\/div>\n\t\t\t\t\t<\/div>\n\t\t<\/div>\n\t\t\t\t\t<\/div>\n\t\t<\/section>\n\t\t\t\t<section class=\"elementor-section elementor-top-section elementor-element elementor-element-69731e33 elementor-section-boxed elementor-section-height-default elementor-section-height-default\" data-id=\"69731e33\" data-element_type=\"section\" data-e-type=\"section\" data-settings=\"{&quot;background_background&quot;:&quot;classic&quot;}\">\n\t\t\t\t\t\t<div class=\"elementor-container elementor-column-gap-default\">\n\t\t\t\t\t<div class=\"elementor-column elementor-col-33 elementor-top-column elementor-element elementor-element-154f7af5 animated-slow elementor-invisible\" data-id=\"154f7af5\" data-element_type=\"column\" data-e-type=\"column\" data-settings=\"{&quot;animation&quot;:&quot;fadeInUp&quot;}\">\n\t\t\t<div class=\"elementor-widget-wrap elementor-element-populated\">\n\t\t\t\t\t\t<div class=\"elementor-element elementor-element-5ab06964 elementor-zoom elementor-widget elementor-widget-image\" data-id=\"5ab06964\" data-element_type=\"widget\" data-e-type=\"widget\" data-widget_type=\"image.default\">\n\t\t\t\t<div class=\"elementor-widget-container\">\n\t\t\t\t\t\t\t\t\t\t\t\t\t\t\t<img loading=\"lazy\" decoding=\"async\" width=\"334\" height=\"334\" src=\"https:\/\/musee.oceano.org\/wp-content\/uploads\/sites\/2\/2019\/08\/Editions_Meduses-334x334.jpg\" class=\"attachment-img-bloc-square size-img-bloc-square wp-image-10045\" alt=\"\" srcset=\"https:\/\/musee.oceano.org\/wp-content\/uploads\/sites\/2\/2019\/08\/Editions_Meduses-334x334.jpg 334w, https:\/\/musee.oceano.org\/wp-content\/uploads\/sites\/2\/2019\/08\/Editions_Meduses-150x150.jpg 150w, https:\/\/musee.oceano.org\/wp-content\/uploads\/sites\/2\/2019\/08\/Editions_Meduses-433x433.jpg 433w\" sizes=\"(max-width: 334px) 100vw, 334px\" \/>\t\t\t\t\t\t\t\t\t\t\t\t\t\t\t<\/div>\n\t\t\t\t<\/div>\n\t\t\t\t<div class=\"elementor-element elementor-element-489c8cbb elementor-align-center elementor-widget elementor-widget-button\" data-id=\"489c8cbb\" data-element_type=\"widget\" data-e-type=\"widget\" data-widget_type=\"button.default\">\n\t\t\t\t<div class=\"elementor-widget-container\">\n\t\t\t\t\t\t\t\t\t<div class=\"elementor-button-wrapper\">\n\t\t\t\t\t<a class=\"elementor-button elementor-button-link elementor-size-md\" href=\"https:\/\/www.oceano.org\/it\/edizioni\/\">\n\t\t\t\t\t\t<span class=\"elementor-button-content-wrapper\">\n\t\t\t\t\t\t\t\t\t<span class=\"elementor-button-text\">immergiti nelle nostre edizioni<\/span>\n\t\t\t\t\t<\/span>\n\t\t\t\t\t<\/a>\n\t\t\t\t<\/div>\n\t\t\t\t\t\t\t\t<\/div>\n\t\t\t\t<\/div>\n\t\t\t\t\t<\/div>\n\t\t<\/div>\n\t\t\t\t<div class=\"elementor-column elementor-col-33 elementor-top-column elementor-element elementor-element-792022c3 animated-slow elementor-invisible\" data-id=\"792022c3\" data-element_type=\"column\" data-e-type=\"column\" data-settings=\"{&quot;animation&quot;:&quot;fadeInUp&quot;}\">\n\t\t\t<div class=\"elementor-widget-wrap elementor-element-populated\">\n\t\t\t\t\t\t<div class=\"elementor-element elementor-element-53b28b14 elementor-zoom elementor-widget elementor-widget-image\" data-id=\"53b28b14\" data-element_type=\"widget\" data-e-type=\"widget\" data-widget_type=\"image.default\">\n\t\t\t\t<div class=\"elementor-widget-container\">\n\t\t\t\t\t\t\t\t\t\t\t\t\t\t\t<img loading=\"lazy\" decoding=\"async\" width=\"334\" height=\"334\" src=\"https:\/\/musee.oceano.org\/wp-content\/uploads\/sites\/2\/2019\/08\/Mapping_Buyle-334x334.jpg\" class=\"attachment-img-bloc-square size-img-bloc-square wp-image-10049\" alt=\"\" srcset=\"https:\/\/musee.oceano.org\/wp-content\/uploads\/sites\/2\/2019\/08\/Mapping_Buyle-334x334.jpg 334w, https:\/\/musee.oceano.org\/wp-content\/uploads\/sites\/2\/2019\/08\/Mapping_Buyle-150x150.jpg 150w, https:\/\/musee.oceano.org\/wp-content\/uploads\/sites\/2\/2019\/08\/Mapping_Buyle-433x433.jpg 433w\" sizes=\"(max-width: 334px) 100vw, 334px\" \/>\t\t\t\t\t\t\t\t\t\t\t\t\t\t\t<\/div>\n\t\t\t\t<\/div>\n\t\t\t\t<div class=\"elementor-element elementor-element-20218402 elementor-align-center elementor-widget elementor-widget-button\" data-id=\"20218402\" data-element_type=\"widget\" data-e-type=\"widget\" data-widget_type=\"button.default\">\n\t\t\t\t<div class=\"elementor-widget-container\">\n\t\t\t\t\t\t\t\t\t<div class=\"elementor-button-wrapper\">\n\t\t\t\t\t<a class=\"elementor-button elementor-button-link elementor-size-md\" href=\"https:\/\/www.oceano.org\/it\/monaco-la-voce-delloceano\/esplorazioni-di-monaco\/\">\n\t\t\t\t\t\t<span class=\"elementor-button-content-wrapper\">\n\t\t\t\t\t\t\t\t\t<span class=\"elementor-button-text\">di pi\u00f9 sulle esplorazioni di monaco<\/span>\n\t\t\t\t\t<\/span>\n\t\t\t\t\t<\/a>\n\t\t\t\t<\/div>\n\t\t\t\t\t\t\t\t<\/div>\n\t\t\t\t<\/div>\n\t\t\t\t\t<\/div>\n\t\t<\/div>\n\t\t\t\t<div class=\"elementor-column elementor-col-33 elementor-top-column elementor-element elementor-element-18f72780 animated-slow elementor-invisible\" data-id=\"18f72780\" data-element_type=\"column\" data-e-type=\"column\" data-settings=\"{&quot;animation&quot;:&quot;fadeInUp&quot;}\">\n\t\t\t<div class=\"elementor-widget-wrap elementor-element-populated\">\n\t\t\t\t\t\t<div class=\"elementor-element elementor-element-20a953fe elementor-zoom elementor-widget elementor-widget-image\" data-id=\"20a953fe\" data-element_type=\"widget\" data-e-type=\"widget\" data-widget_type=\"image.default\">\n\t\t\t\t<div class=\"elementor-widget-container\">\n\t\t\t\t\t\t\t\t\t\t\t\t\t\t\t<img loading=\"lazy\" decoding=\"async\" width=\"334\" height=\"334\" src=\"https:\/\/musee.oceano.org\/wp-content\/uploads\/sites\/2\/2019\/08\/1-SAS-Albert-Ier-sur-passerelle-334x334.jpg\" class=\"attachment-img-bloc-square size-img-bloc-square wp-image-10053\" alt=\"\" srcset=\"https:\/\/musee.oceano.org\/wp-content\/uploads\/sites\/2\/2019\/08\/1-SAS-Albert-Ier-sur-passerelle-334x334.jpg 334w, https:\/\/musee.oceano.org\/wp-content\/uploads\/sites\/2\/2019\/08\/1-SAS-Albert-Ier-sur-passerelle-150x150.jpg 150w, https:\/\/musee.oceano.org\/wp-content\/uploads\/sites\/2\/2019\/08\/1-SAS-Albert-Ier-sur-passerelle-433x433.jpg 433w\" sizes=\"(max-width: 334px) 100vw, 334px\" \/>\t\t\t\t\t\t\t\t\t\t\t\t\t\t\t<\/div>\n\t\t\t\t<\/div>\n\t\t\t\t<div class=\"elementor-element elementor-element-33beedef elementor-align-center elementor-widget elementor-widget-button\" data-id=\"33beedef\" data-element_type=\"widget\" data-e-type=\"widget\" data-widget_type=\"button.default\">\n\t\t\t\t<div class=\"elementor-widget-container\">\n\t\t\t\t\t\t\t\t\t<div class=\"elementor-button-wrapper\">\n\t\t\t\t\t<a class=\"elementor-button elementor-button-link elementor-size-md\" href=\"https:\/\/www.oceano.org\/it\/le-grandi-figure\/\">\n\t\t\t\t\t\t<span class=\"elementor-button-content-wrapper\">\n\t\t\t\t\t\t\t\t\t<span class=\"elementor-button-text\">scoprire le grandi figure dell'istituto<\/span>\n\t\t\t\t\t<\/span>\n\t\t\t\t\t<\/a>\n\t\t\t\t<\/div>\n\t\t\t\t\t\t\t\t<\/div>\n\t\t\t\t<\/div>\n\t\t\t\t\t<\/div>\n\t\t<\/div>\n\t\t\t\t\t<\/div>\n\t\t<\/section>\n\t\t\t\t<\/div>\n\t\t","protected":false},"excerpt":{"rendered":"<p>NOTIZIE DAL MUSEO segui le notizie del museo oceanografico di monaco Cerca per : Vedi anche immergiti nelle nostre edizioni di pi\u00f9 sulle esplorazioni di monaco scoprire le grandi figure dell&#8217;istituto<\/p>\n","protected":false},"author":1,"featured_media":0,"parent":0,"menu_order":451,"comment_status":"closed","ping_status":"closed","template":"","meta":{"_acf_changed":false,"footnotes":""},"class_list":["post-27497","page","type-page","status-publish","hentry"],"acf":[],"yoast_head":"<!-- This site is optimized with the Yoast SEO plugin v27.2 - https:\/\/yoast.com\/product\/yoast-seo-wordpress\/ -->\n<title>Notizie - museo - Mus\u00e9e Oc\u00e9anographique de Monaco<\/title>\n<meta name=\"description\" content=\"Segui le notizie del Museo Oceanografico di Monaco consultando i nostri articoli.\" \/>\n<meta name=\"robots\" content=\"index, follow, max-snippet:-1, max-image-preview:large, max-video-preview:-1\" \/>\n<link rel=\"canonical\" href=\"https:\/\/musee.oceano.org\/it\/notizie-museo\/\" \/>\n<meta property=\"og:locale\" content=\"it_IT\" \/>\n<meta property=\"og:type\" content=\"article\" \/>\n<meta property=\"og:title\" content=\"Notizie - museo - Mus\u00e9e Oc\u00e9anographique de Monaco\" \/>\n<meta property=\"og:description\" content=\"Segui le notizie del Museo Oceanografico di Monaco consultando i nostri articoli.\" \/>\n<meta property=\"og:url\" content=\"https:\/\/musee.oceano.org\/it\/notizie-museo\/\" \/>\n<meta property=\"og:site_name\" content=\"Mus\u00e9e Oc\u00e9anographique de Monaco\" \/>\n<meta property=\"article:modified_time\" content=\"2021-07-13T09:15:10+00:00\" \/>\n<meta property=\"og:image\" content=\"https:\/\/musee.oceano.org\/wp-content\/uploads\/sites\/2\/2019\/08\/Editions_Meduses-334x334.jpg\" \/>\n<meta name=\"twitter:card\" content=\"summary_large_image\" \/>\n<meta name=\"twitter:label1\" content=\"Tempo di lettura stimato\" \/>\n\t<meta name=\"twitter:data1\" content=\"5 minuti\" \/>\n<script type=\"application\/ld+json\" class=\"yoast-schema-graph\">{\"@context\":\"https:\/\/schema.org\",\"@graph\":[{\"@type\":\"WebPage\",\"@id\":\"https:\/\/musee.oceano.org\/it\/notizie-museo\/\",\"url\":\"https:\/\/musee.oceano.org\/it\/notizie-museo\/\",\"name\":\"Notizie - museo - Mus\u00e9e Oc\u00e9anographique de Monaco\",\"isPartOf\":{\"@id\":\"https:\/\/musee.oceano.org\/#website\"},\"primaryImageOfPage\":{\"@id\":\"https:\/\/musee.oceano.org\/it\/notizie-museo\/#primaryimage\"},\"image\":{\"@id\":\"https:\/\/musee.oceano.org\/it\/notizie-museo\/#primaryimage\"},\"thumbnailUrl\":\"https:\/\/musee.oceano.org\/wp-content\/uploads\/sites\/2\/2019\/08\/Editions_Meduses-334x334.jpg\",\"datePublished\":\"2021-06-29T09:53:41+00:00\",\"dateModified\":\"2021-07-13T09:15:10+00:00\",\"description\":\"Segui le notizie del Museo Oceanografico di Monaco consultando i nostri articoli.\",\"breadcrumb\":{\"@id\":\"https:\/\/musee.oceano.org\/it\/notizie-museo\/#breadcrumb\"},\"inLanguage\":\"it-IT\",\"potentialAction\":[{\"@type\":\"ReadAction\",\"target\":[\"https:\/\/musee.oceano.org\/it\/notizie-museo\/\"]}]},{\"@type\":\"ImageObject\",\"inLanguage\":\"it-IT\",\"@id\":\"https:\/\/musee.oceano.org\/it\/notizie-museo\/#primaryimage\",\"url\":\"https:\/\/musee.oceano.org\/wp-content\/uploads\/sites\/2\/2019\/08\/Editions_Meduses-334x334.jpg\",\"contentUrl\":\"https:\/\/musee.oceano.org\/wp-content\/uploads\/sites\/2\/2019\/08\/Editions_Meduses-334x334.jpg\"},{\"@type\":\"BreadcrumbList\",\"@id\":\"https:\/\/musee.oceano.org\/it\/notizie-museo\/#breadcrumb\",\"itemListElement\":[{\"@type\":\"ListItem\",\"position\":1,\"name\":\"Home\",\"item\":\"https:\/\/musee.oceano.org\/it\/\"},{\"@type\":\"ListItem\",\"position\":2,\"name\":\"Notizie &#8211; museo\"}]},{\"@type\":\"WebSite\",\"@id\":\"https:\/\/musee.oceano.org\/#website\",\"url\":\"https:\/\/musee.oceano.org\/\",\"name\":\"Mus\u00e9e Oc\u00e9anographique de Monaco\",\"description\":\"Faire conna\u00eetre, aimer et prot\u00e9ger les oc\u00e9ans\",\"potentialAction\":[{\"@type\":\"SearchAction\",\"target\":{\"@type\":\"EntryPoint\",\"urlTemplate\":\"https:\/\/musee.oceano.org\/?s={search_term_string}\"},\"query-input\":{\"@type\":\"PropertyValueSpecification\",\"valueRequired\":true,\"valueName\":\"search_term_string\"}}],\"inLanguage\":\"it-IT\"}]}<\/script>\n<!-- \/ Yoast SEO plugin. -->","yoast_head_json":{"title":"Notizie - museo - Mus\u00e9e Oc\u00e9anographique de Monaco","description":"Segui le notizie del Museo Oceanografico di Monaco consultando i nostri articoli.","robots":{"index":"index","follow":"follow","max-snippet":"max-snippet:-1","max-image-preview":"max-image-preview:large","max-video-preview":"max-video-preview:-1"},"canonical":"https:\/\/musee.oceano.org\/it\/notizie-museo\/","og_locale":"it_IT","og_type":"article","og_title":"Notizie - museo - Mus\u00e9e Oc\u00e9anographique de Monaco","og_description":"Segui le notizie del Museo Oceanografico di Monaco consultando i nostri articoli.","og_url":"https:\/\/musee.oceano.org\/it\/notizie-museo\/","og_site_name":"Mus\u00e9e Oc\u00e9anographique de Monaco","article_modified_time":"2021-07-13T09:15:10+00:00","og_image":[{"url":"https:\/\/musee.oceano.org\/wp-content\/uploads\/sites\/2\/2019\/08\/Editions_Meduses-334x334.jpg","type":"","width":"","height":""}],"twitter_card":"summary_large_image","twitter_misc":{"Tempo di lettura stimato":"5 minuti"},"schema":{"@context":"https:\/\/schema.org","@graph":[{"@type":"WebPage","@id":"https:\/\/musee.oceano.org\/it\/notizie-museo\/","url":"https:\/\/musee.oceano.org\/it\/notizie-museo\/","name":"Notizie - museo - Mus\u00e9e Oc\u00e9anographique de Monaco","isPartOf":{"@id":"https:\/\/musee.oceano.org\/#website"},"primaryImageOfPage":{"@id":"https:\/\/musee.oceano.org\/it\/notizie-museo\/#primaryimage"},"image":{"@id":"https:\/\/musee.oceano.org\/it\/notizie-museo\/#primaryimage"},"thumbnailUrl":"https:\/\/musee.oceano.org\/wp-content\/uploads\/sites\/2\/2019\/08\/Editions_Meduses-334x334.jpg","datePublished":"2021-06-29T09:53:41+00:00","dateModified":"2021-07-13T09:15:10+00:00","description":"Segui le notizie del Museo Oceanografico di Monaco consultando i nostri articoli.","breadcrumb":{"@id":"https:\/\/musee.oceano.org\/it\/notizie-museo\/#breadcrumb"},"inLanguage":"it-IT","potentialAction":[{"@type":"ReadAction","target":["https:\/\/musee.oceano.org\/it\/notizie-museo\/"]}]},{"@type":"ImageObject","inLanguage":"it-IT","@id":"https:\/\/musee.oceano.org\/it\/notizie-museo\/#primaryimage","url":"https:\/\/musee.oceano.org\/wp-content\/uploads\/sites\/2\/2019\/08\/Editions_Meduses-334x334.jpg","contentUrl":"https:\/\/musee.oceano.org\/wp-content\/uploads\/sites\/2\/2019\/08\/Editions_Meduses-334x334.jpg"},{"@type":"BreadcrumbList","@id":"https:\/\/musee.oceano.org\/it\/notizie-museo\/#breadcrumb","itemListElement":[{"@type":"ListItem","position":1,"name":"Home","item":"https:\/\/musee.oceano.org\/it\/"},{"@type":"ListItem","position":2,"name":"Notizie &#8211; museo"}]},{"@type":"WebSite","@id":"https:\/\/musee.oceano.org\/#website","url":"https:\/\/musee.oceano.org\/","name":"Mus\u00e9e Oc\u00e9anographique de Monaco","description":"Faire conna\u00eetre, aimer et prot\u00e9ger les oc\u00e9ans","potentialAction":[{"@type":"SearchAction","target":{"@type":"EntryPoint","urlTemplate":"https:\/\/musee.oceano.org\/?s={search_term_string}"},"query-input":{"@type":"PropertyValueSpecification","valueRequired":true,"valueName":"search_term_string"}}],"inLanguage":"it-IT"}]}},"_links":{"self":[{"href":"https:\/\/musee.oceano.org\/it\/wp-json\/wp\/v2\/pages\/27497","targetHints":{"allow":["GET"]}}],"collection":[{"href":"https:\/\/musee.oceano.org\/it\/wp-json\/wp\/v2\/pages"}],"about":[{"href":"https:\/\/musee.oceano.org\/it\/wp-json\/wp\/v2\/types\/page"}],"author":[{"embeddable":true,"href":"https:\/\/musee.oceano.org\/it\/wp-json\/wp\/v2\/users\/1"}],"replies":[{"embeddable":true,"href":"https:\/\/musee.oceano.org\/it\/wp-json\/wp\/v2\/comments?post=27497"}],"version-history":[{"count":6,"href":"https:\/\/musee.oceano.org\/it\/wp-json\/wp\/v2\/pages\/27497\/revisions"}],"predecessor-version":[{"id":32511,"href":"https:\/\/musee.oceano.org\/it\/wp-json\/wp\/v2\/pages\/27497\/revisions\/32511"}],"wp:attachment":[{"href":"https:\/\/musee.oceano.org\/it\/wp-json\/wp\/v2\/media?parent=27497"}],"curies":[{"name":"wp","href":"https:\/\/api.w.org\/{rel}","templated":true}]}}