{"id":28044,"date":"2021-06-29T14:57:39","date_gmt":"2021-06-29T12:57:39","guid":{"rendered":"https:\/\/musee.oceano.org\/settimana-europea-per-la-riduzione-dei-rifiuti-2019\/"},"modified":"2021-07-13T11:34:46","modified_gmt":"2021-07-13T09:34:46","slug":"settimana-europea-per-la-riduzione-dei-rifiuti-2019","status":"publish","type":"page","link":"https:\/\/musee.oceano.org\/it\/settimana-europea-per-la-riduzione-dei-rifiuti-2019\/","title":{"rendered":"Settimana europea per la riduzione dei rifiuti 2019"},"content":{"rendered":"\t\t<div data-elementor-type=\"wp-post\" data-elementor-id=\"28044\" class=\"elementor elementor-28044 elementor-13233\" data-elementor-post-type=\"page\">\n\t\t\t\t\t\t<section class=\"elementor-section elementor-top-section elementor-element elementor-element-9fd2650 elementor-section-full_width elementor-section-height-default elementor-section-height-default\" data-id=\"9fd2650\" data-element_type=\"section\" data-e-type=\"section\">\n\t\t\t\t\t\t<div class=\"elementor-container elementor-column-gap-no\">\n\t\t\t\t\t<div class=\"elementor-column elementor-col-100 elementor-top-column elementor-element elementor-element-2969aa84\" data-id=\"2969aa84\" data-element_type=\"column\" data-e-type=\"column\">\n\t\t\t<div class=\"elementor-widget-wrap elementor-element-populated\">\n\t\t\t\t\t\t<div class=\"elementor-element elementor-element-71b3df43 elementor--h-position-center elementor--v-position-middle elementor-widget elementor-widget-slides\" data-id=\"71b3df43\" data-element_type=\"widget\" data-e-type=\"widget\" data-settings=\"{&quot;navigation&quot;:&quot;none&quot;,&quot;transition&quot;:&quot;slide&quot;,&quot;transition_speed&quot;:500}\" data-widget_type=\"slides.default\">\n\t\t\t\t<div class=\"elementor-widget-container\">\n\t\t\t\t\t\t\t\t\t<div class=\"elementor-swiper\">\n\t\t\t\t\t<div class=\"elementor-slides-wrapper elementor-main-swiper swiper\" role=\"region\" aria-roledescription=\"carousel\" aria-label=\"Slides\" dir=\"ltr\" data-animation=\"fadeInUp\">\n\t\t\t\t<div class=\"swiper-wrapper elementor-slides\">\n\t\t\t\t\t\t\t\t\t\t<div class=\"elementor-repeater-item-891be05 swiper-slide\" role=\"group\" aria-roledescription=\"slide\"><div class=\"swiper-slide-bg\" role=\"img\" aria-label=\"markus-spiske-cltX_MajajM-unsplash\"><\/div><div class=\"elementor-background-overlay\"><\/div><div class=\"swiper-slide-inner\" ><div class=\"swiper-slide-contents\"><h1 class=\"elementor-slide-heading\">Settimana europea per la riduzione dei rifiuti 2019<\/h1><div class=\"elementor-slide-description\"><p>i visitatori del museo hanno messo a contributo<\/p>\n<\/div><\/div><\/div><\/div>\t\t\t\t<\/div>\n\t\t\t\t\t\t\t<\/div>\n\t\t\t\t<\/div>\n\t\t\t\t\t\t\t\t<\/div>\n\t\t\t\t<\/div>\n\t\t\t\t\t<\/div>\n\t\t<\/div>\n\t\t\t\t\t<\/div>\n\t\t<\/section>\n\t\t\t\t<section class=\"elementor-section elementor-top-section elementor-element elementor-element-74014b16 elementor-section-full_width breadcrumb-basuc elementor-section-height-default elementor-section-height-default\" data-id=\"74014b16\" data-element_type=\"section\" data-e-type=\"section\" data-settings=\"{&quot;background_background&quot;:&quot;classic&quot;}\">\n\t\t\t\t\t\t<div class=\"elementor-container elementor-column-gap-default\">\n\t\t\t\t\t<div class=\"elementor-column elementor-col-100 elementor-top-column elementor-element elementor-element-45ab2ecf\" data-id=\"45ab2ecf\" data-element_type=\"column\" data-e-type=\"column\">\n\t\t\t<div class=\"elementor-widget-wrap elementor-element-populated\">\n\t\t\t\t\t\t<div class=\"elementor-element elementor-element-66067531 elementor-widget elementor-widget-ee-breadcrumbs\" data-id=\"66067531\" data-element_type=\"widget\" data-e-type=\"widget\" data-widget_type=\"ee-breadcrumbs.default\">\n\t\t\t\t<div class=\"elementor-widget-container\">\n\t\t\t\t\t<ul class=\"ee-breadcrumbs\" itemscope=\"\" itemtype=\"http:\/\/schema.org\/BreadcrumbList\"><\/ul>\t\t\t\t<\/div>\n\t\t\t\t<\/div>\n\t\t\t\t\t<\/div>\n\t\t<\/div>\n\t\t\t\t\t<\/div>\n\t\t<\/section>\n\t\t\t\t<section class=\"elementor-section elementor-top-section elementor-element elementor-element-683a213f elementor-section-full_width elementor-section-height-default elementor-section-height-default\" data-id=\"683a213f\" data-element_type=\"section\" data-e-type=\"section\" data-settings=\"{&quot;background_background&quot;:&quot;classic&quot;}\">\n\t\t\t\t\t\t<div class=\"elementor-container elementor-column-gap-default\">\n\t\t\t\t\t<div class=\"elementor-column elementor-col-100 elementor-top-column elementor-element elementor-element-4e110184\" data-id=\"4e110184\" data-element_type=\"column\" data-e-type=\"column\">\n\t\t\t<div class=\"elementor-widget-wrap elementor-element-populated\">\n\t\t\t\t\t\t<div class=\"elementor-element elementor-element-677bf2df elementor-widget elementor-widget-heading\" data-id=\"677bf2df\" data-element_type=\"widget\" data-e-type=\"widget\" data-widget_type=\"heading.default\">\n\t\t\t\t<div class=\"elementor-widget-container\">\n\t\t\t\t\t<h2 class=\"elementor-heading-title elementor-size-default\">il Principato di Monaco ha commesso<\/h2>\t\t\t\t<\/div>\n\t\t\t\t<\/div>\n\t\t\t\t\t<\/div>\n\t\t<\/div>\n\t\t\t\t\t<\/div>\n\t\t<\/section>\n\t\t\t\t<section class=\"elementor-section elementor-top-section elementor-element elementor-element-1a3c68a7 text-basic elementor-section-boxed elementor-section-height-default elementor-section-height-default\" data-id=\"1a3c68a7\" data-element_type=\"section\" data-e-type=\"section\" data-settings=\"{&quot;background_background&quot;:&quot;classic&quot;}\">\n\t\t\t\t\t\t<div class=\"elementor-container elementor-column-gap-default\">\n\t\t\t\t\t<div class=\"elementor-column elementor-col-100 elementor-top-column elementor-element elementor-element-3e1c290f\" data-id=\"3e1c290f\" data-element_type=\"column\" data-e-type=\"column\">\n\t\t\t<div class=\"elementor-widget-wrap elementor-element-populated\">\n\t\t\t\t\t\t<div class=\"elementor-element elementor-element-32dc305a elementor-widget elementor-widget-text-editor\" data-id=\"32dc305a\" data-element_type=\"widget\" data-e-type=\"widget\" data-widget_type=\"text-editor.default\">\n\t\t\t\t<div class=\"elementor-widget-container\">\n\t\t\t\t\t\t\t\t\t<p>Tornando alle azioni svolte durante questa settimana di riduzione dei rifiuti, dal 16 al 24 novembre 2019: il museo aveva organizzato laboratori per incoraggiare i pi\u00f9 giovani all&#8217;importanza di ridurre la loro produzione di rifiuti e anche di adottare i buoni gesti nella selezione selettiva.<\/p>\n<div class=\"page\" title=\"Pagina 1\">\n<div class=\"layoutArea\">\n<div class=\"column\">\n<p>Anche il Museo Oceanografico di Monaco ha colto l&#8217;occasione per sensibilizzare alla lotta contro l&#8217;inquinamento del mare!<\/p>\n<p><span style=\"letter-spacing: 0.16px;\">Un momento conviviale e ludico articolato <\/span>intorno a 3 animazioni: un laboratorio di cernita selettiva, la festa dello stand senza palloncini e la &#8220;missione inquinamento&#8221;, durante la quale i bambini e i loro genitori hanno potuto rivedere le loro conoscenze in materia di rifiuti e inquinamento.<\/p>\n<\/p>\n<\/div>\n<\/div>\n<\/div>\n\t\t\t\t\t\t\t\t<\/div>\n\t\t\t\t<\/div>\n\t\t\t\t\t<\/div>\n\t\t<\/div>\n\t\t\t\t\t<\/div>\n\t\t<\/section>\n\t\t\t\t<section class=\"elementor-section elementor-top-section elementor-element elementor-element-5e93ee84 elementor-section-boxed elementor-section-height-default elementor-section-height-default\" data-id=\"5e93ee84\" data-element_type=\"section\" data-e-type=\"section\" data-settings=\"{&quot;background_background&quot;:&quot;classic&quot;}\">\n\t\t\t\t\t\t<div class=\"elementor-container elementor-column-gap-default\">\n\t\t\t\t\t<div class=\"elementor-column elementor-col-100 elementor-top-column elementor-element elementor-element-7972df\" data-id=\"7972df\" data-element_type=\"column\" data-e-type=\"column\">\n\t\t\t<div class=\"elementor-widget-wrap elementor-element-populated\">\n\t\t\t\t\t\t<section class=\"elementor-section elementor-inner-section elementor-element elementor-element-1f03874b elementor-section-boxed elementor-section-height-default elementor-section-height-default\" data-id=\"1f03874b\" data-element_type=\"section\" data-e-type=\"section\" data-settings=\"{&quot;background_background&quot;:&quot;classic&quot;}\">\n\t\t\t\t\t\t<div class=\"elementor-container elementor-column-gap-default\">\n\t\t\t\t\t<div class=\"elementor-column elementor-col-50 elementor-inner-column elementor-element elementor-element-13d91e1a\" data-id=\"13d91e1a\" data-element_type=\"column\" data-e-type=\"column\">\n\t\t\t<div class=\"elementor-widget-wrap elementor-element-populated\">\n\t\t\t\t\t\t<div class=\"elementor-element elementor-element-11860f73 elementor-widget elementor-widget-heading\" data-id=\"11860f73\" data-element_type=\"widget\" data-e-type=\"widget\" data-widget_type=\"heading.default\">\n\t\t\t\t<div class=\"elementor-widget-container\">\n\t\t\t\t\t<h2 class=\"elementor-heading-title elementor-size-default\">Laboratorio di smistamento selettivo  <\/h2>\t\t\t\t<\/div>\n\t\t\t\t<\/div>\n\t\t\t\t<div class=\"elementor-element elementor-element-5af87f34 elementor-widget elementor-widget-text-editor\" data-id=\"5af87f34\" data-element_type=\"widget\" data-e-type=\"widget\" data-widget_type=\"text-editor.default\">\n\t\t\t\t<div class=\"elementor-widget-container\">\n\t\t\t\t\t\t\t\t\t<div class=\"page\" title=\"Pagina 1\">\n<div class=\"layoutArea\">\n<div class=\"column\">\n<p><span style=\"color: #000000; letter-spacing: 0.16px;\">&#8220;Con l&#8217;aiuto di bidoni per il riciclaggio (plastica, vetro, cartone, tessili, batterie, ecc.) collocati sul piazzale, i bambini hanno potuto imparare quali bidoni corrispondono a quali rifiuti.<\/span><\/p>\n<p><span style=\"color: #000000; letter-spacing: 0.16px;\"> <\/span><\/p>\n<p><span style=\"color: #000000; letter-spacing: 0.16px;\">  Poi, i nostri giovani partecipanti hanno risposto a un quiz sull&#8217;ordinamento e se ne vanno con il loro diploma di &#8220;Super Sorter&#8221;.<\/span><\/p>\n<\/div>\n<\/div>\n<\/div>\n\t\t\t\t\t\t\t\t<\/div>\n\t\t\t\t<\/div>\n\t\t\t\t\t<\/div>\n\t\t<\/div>\n\t\t\t\t<div class=\"elementor-column elementor-col-50 elementor-inner-column elementor-element elementor-element-28383d4a\" data-id=\"28383d4a\" data-element_type=\"column\" data-e-type=\"column\">\n\t\t\t<div class=\"elementor-widget-wrap elementor-element-populated\">\n\t\t\t\t\t\t<div class=\"elementor-element elementor-element-66c82241 elementor-zoom elementor-widget elementor-widget-image\" data-id=\"66c82241\" data-element_type=\"widget\" data-e-type=\"widget\" data-widget_type=\"image.default\">\n\t\t\t\t<div class=\"elementor-widget-container\">\n\t\t\t\t\t\t\t\t\t\t\t\t\t\t\t<img fetchpriority=\"high\" decoding=\"async\" width=\"1782\" height=\"1188\" src=\"https:\/\/musee.oceano.org\/wp-content\/uploads\/sites\/2\/2019\/12\/LOW-18_Journ\u00e9e-europ\u00e9enne-r\u00e9duction-d\u00e9chets_20191116_M_Dagnino.jpg\" class=\"attachment-full size-full wp-image-13558\" alt=\"\" srcset=\"https:\/\/musee.oceano.org\/wp-content\/uploads\/sites\/2\/2019\/12\/LOW-18_Journ\u00e9e-europ\u00e9enne-r\u00e9duction-d\u00e9chets_20191116_M_Dagnino.jpg 1782w, https:\/\/musee.oceano.org\/wp-content\/uploads\/sites\/2\/2019\/12\/LOW-18_Journ\u00e9e-europ\u00e9enne-r\u00e9duction-d\u00e9chets_20191116_M_Dagnino-300x200.jpg 300w, https:\/\/musee.oceano.org\/wp-content\/uploads\/sites\/2\/2019\/12\/LOW-18_Journ\u00e9e-europ\u00e9enne-r\u00e9duction-d\u00e9chets_20191116_M_Dagnino-768x512.jpg 768w, https:\/\/musee.oceano.org\/wp-content\/uploads\/sites\/2\/2019\/12\/LOW-18_Journ\u00e9e-europ\u00e9enne-r\u00e9duction-d\u00e9chets_20191116_M_Dagnino-1024x683.jpg 1024w\" sizes=\"(max-width: 1782px) 100vw, 1782px\" \/>\t\t\t\t\t\t\t\t\t\t\t\t\t\t\t<\/div>\n\t\t\t\t<\/div>\n\t\t\t\t\t<\/div>\n\t\t<\/div>\n\t\t\t\t\t<\/div>\n\t\t<\/section>\n\t\t\t\t\t<\/div>\n\t\t<\/div>\n\t\t\t\t\t<\/div>\n\t\t<\/section>\n\t\t\t\t<section class=\"elementor-section elementor-top-section elementor-element elementor-element-64fb203 elementor-section-boxed elementor-section-height-default elementor-section-height-default\" data-id=\"64fb203\" data-element_type=\"section\" data-e-type=\"section\">\n\t\t\t\t\t\t<div class=\"elementor-container elementor-column-gap-default\">\n\t\t\t\t\t<div class=\"elementor-column elementor-col-33 elementor-top-column elementor-element elementor-element-87a5c28\" data-id=\"87a5c28\" data-element_type=\"column\" data-e-type=\"column\">\n\t\t\t<div class=\"elementor-widget-wrap elementor-element-populated\">\n\t\t\t\t\t\t<div class=\"elementor-element elementor-element-c2fee6d elementor-widget elementor-widget-image\" data-id=\"c2fee6d\" data-element_type=\"widget\" data-e-type=\"widget\" data-widget_type=\"image.default\">\n\t\t\t\t<div class=\"elementor-widget-container\">\n\t\t\t\t\t\t\t\t\t\t\t\t\t\t\t<img decoding=\"async\" width=\"1024\" height=\"1024\" src=\"https:\/\/musee.oceano.org\/wp-content\/uploads\/sites\/2\/2019\/12\/Plastic-Ocean-1024x1024.jpg\" class=\"attachment-large size-large wp-image-13261\" alt=\"\" srcset=\"https:\/\/musee.oceano.org\/wp-content\/uploads\/sites\/2\/2019\/12\/Plastic-Ocean-1024x1024.jpg 1024w, https:\/\/musee.oceano.org\/wp-content\/uploads\/sites\/2\/2019\/12\/Plastic-Ocean-150x150.jpg 150w, https:\/\/musee.oceano.org\/wp-content\/uploads\/sites\/2\/2019\/12\/Plastic-Ocean-300x300.jpg 300w, https:\/\/musee.oceano.org\/wp-content\/uploads\/sites\/2\/2019\/12\/Plastic-Ocean-768x768.jpg 768w, https:\/\/musee.oceano.org\/wp-content\/uploads\/sites\/2\/2019\/12\/Plastic-Ocean-433x433.jpg 433w, https:\/\/musee.oceano.org\/wp-content\/uploads\/sites\/2\/2019\/12\/Plastic-Ocean-334x334.jpg 334w\" sizes=\"(max-width: 1024px) 100vw, 1024px\" \/>\t\t\t\t\t\t\t\t\t\t\t\t\t\t\t<\/div>\n\t\t\t\t<\/div>\n\t\t\t\t\t<\/div>\n\t\t<\/div>\n\t\t\t\t<div class=\"elementor-column elementor-col-33 elementor-top-column elementor-element elementor-element-51f2126\" data-id=\"51f2126\" data-element_type=\"column\" data-e-type=\"column\">\n\t\t\t<div class=\"elementor-widget-wrap elementor-element-populated\">\n\t\t\t\t\t\t<div class=\"elementor-element elementor-element-3f74964 elementor-widget elementor-widget-image\" data-id=\"3f74964\" data-element_type=\"widget\" data-e-type=\"widget\" data-widget_type=\"image.default\">\n\t\t\t\t<div class=\"elementor-widget-container\">\n\t\t\t\t\t\t\t\t\t\t\t\t\t\t\t<img decoding=\"async\" width=\"433\" height=\"433\" src=\"https:\/\/musee.oceano.org\/wp-content\/uploads\/sites\/2\/2019\/12\/tortuga-bolsa-plastico-696x392-433x433.jpg\" class=\"attachment-img-bloc-three-content size-img-bloc-three-content wp-image-13292\" alt=\"\" srcset=\"https:\/\/musee.oceano.org\/wp-content\/uploads\/sites\/2\/2019\/12\/tortuga-bolsa-plastico-696x392-433x433.jpg 433w, https:\/\/musee.oceano.org\/wp-content\/uploads\/sites\/2\/2019\/12\/tortuga-bolsa-plastico-696x392-150x150.jpg 150w, https:\/\/musee.oceano.org\/wp-content\/uploads\/sites\/2\/2019\/12\/tortuga-bolsa-plastico-696x392-334x334.jpg 334w\" sizes=\"(max-width: 433px) 100vw, 433px\" \/>\t\t\t\t\t\t\t\t\t\t\t\t\t\t\t<\/div>\n\t\t\t\t<\/div>\n\t\t\t\t\t<\/div>\n\t\t<\/div>\n\t\t\t\t<div class=\"elementor-column elementor-col-33 elementor-top-column elementor-element elementor-element-e5d6578\" data-id=\"e5d6578\" data-element_type=\"column\" data-e-type=\"column\">\n\t\t\t<div class=\"elementor-widget-wrap elementor-element-populated\">\n\t\t\t\t\t\t<div class=\"elementor-element elementor-element-441a219 elementor-widget elementor-widget-image\" data-id=\"441a219\" data-element_type=\"widget\" data-e-type=\"widget\" data-widget_type=\"image.default\">\n\t\t\t\t<div class=\"elementor-widget-container\">\n\t\t\t\t\t\t\t\t\t\t\t\t\t\t\t<img loading=\"lazy\" decoding=\"async\" width=\"433\" height=\"433\" src=\"https:\/\/musee.oceano.org\/wp-content\/uploads\/sites\/2\/2019\/12\/2-Ocean-plastique-Coffee-FR-433x433.jpg\" class=\"attachment-img-bloc-three-content size-img-bloc-three-content wp-image-13245\" alt=\"\" srcset=\"https:\/\/musee.oceano.org\/wp-content\/uploads\/sites\/2\/2019\/12\/2-Ocean-plastique-Coffee-FR-433x433.jpg 433w, https:\/\/musee.oceano.org\/wp-content\/uploads\/sites\/2\/2019\/12\/2-Ocean-plastique-Coffee-FR-150x150.jpg 150w, https:\/\/musee.oceano.org\/wp-content\/uploads\/sites\/2\/2019\/12\/2-Ocean-plastique-Coffee-FR-300x300.jpg 300w, https:\/\/musee.oceano.org\/wp-content\/uploads\/sites\/2\/2019\/12\/2-Ocean-plastique-Coffee-FR-768x768.jpg 768w, https:\/\/musee.oceano.org\/wp-content\/uploads\/sites\/2\/2019\/12\/2-Ocean-plastique-Coffee-FR-1024x1024.jpg 1024w, https:\/\/musee.oceano.org\/wp-content\/uploads\/sites\/2\/2019\/12\/2-Ocean-plastique-Coffee-FR-334x334.jpg 334w, https:\/\/musee.oceano.org\/wp-content\/uploads\/sites\/2\/2019\/12\/2-Ocean-plastique-Coffee-FR.jpg 1200w\" sizes=\"(max-width: 433px) 100vw, 433px\" \/>\t\t\t\t\t\t\t\t\t\t\t\t\t\t\t<\/div>\n\t\t\t\t<\/div>\n\t\t\t\t\t<\/div>\n\t\t<\/div>\n\t\t\t\t\t<\/div>\n\t\t<\/section>\n\t\t\t\t<section class=\"elementor-section elementor-top-section elementor-element elementor-element-ed3b5dc elementor-section-boxed elementor-section-height-default elementor-section-height-default\" data-id=\"ed3b5dc\" data-element_type=\"section\" data-e-type=\"section\">\n\t\t\t\t\t\t<div class=\"elementor-container elementor-column-gap-default\">\n\t\t\t\t\t<div class=\"elementor-column elementor-col-100 elementor-top-column elementor-element elementor-element-01b0a47\" data-id=\"01b0a47\" data-element_type=\"column\" data-e-type=\"column\">\n\t\t\t<div class=\"elementor-widget-wrap elementor-element-populated\">\n\t\t\t\t\t\t<div class=\"elementor-element elementor-element-45e74eb elementor-widget elementor-widget-spacer\" data-id=\"45e74eb\" data-element_type=\"widget\" data-e-type=\"widget\" data-widget_type=\"spacer.default\">\n\t\t\t\t<div class=\"elementor-widget-container\">\n\t\t\t\t\t\t\t<div class=\"elementor-spacer\">\n\t\t\t<div class=\"elementor-spacer-inner\"><\/div>\n\t\t<\/div>\n\t\t\t\t\t\t<\/div>\n\t\t\t\t<\/div>\n\t\t\t\t\t<\/div>\n\t\t<\/div>\n\t\t\t\t\t<\/div>\n\t\t<\/section>\n\t\t\t\t<section class=\"elementor-section elementor-top-section elementor-element elementor-element-4814ad55 elementor-section-boxed elementor-section-height-default elementor-section-height-default\" data-id=\"4814ad55\" data-element_type=\"section\" data-e-type=\"section\" data-settings=\"{&quot;background_background&quot;:&quot;classic&quot;}\">\n\t\t\t\t\t\t<div class=\"elementor-container elementor-column-gap-default\">\n\t\t\t\t\t<div class=\"elementor-column elementor-col-100 elementor-top-column elementor-element elementor-element-2c94237a\" data-id=\"2c94237a\" data-element_type=\"column\" data-e-type=\"column\">\n\t\t\t<div class=\"elementor-widget-wrap elementor-element-populated\">\n\t\t\t\t\t\t<section class=\"elementor-section elementor-inner-section elementor-element elementor-element-363de138 elementor-section-boxed elementor-section-height-default elementor-section-height-default\" data-id=\"363de138\" data-element_type=\"section\" data-e-type=\"section\" data-settings=\"{&quot;background_background&quot;:&quot;classic&quot;}\">\n\t\t\t\t\t\t<div class=\"elementor-container elementor-column-gap-default\">\n\t\t\t\t\t<div class=\"elementor-column elementor-col-50 elementor-inner-column elementor-element elementor-element-497f5e88\" data-id=\"497f5e88\" data-element_type=\"column\" data-e-type=\"column\">\n\t\t\t<div class=\"elementor-widget-wrap elementor-element-populated\">\n\t\t\t\t\t\t<div class=\"elementor-element elementor-element-d4c3f08 elementor-widget elementor-widget-image\" data-id=\"d4c3f08\" data-element_type=\"widget\" data-e-type=\"widget\" data-widget_type=\"image.default\">\n\t\t\t\t<div class=\"elementor-widget-container\">\n\t\t\t\t\t\t\t\t\t\t\t\t\t\t\t<img decoding=\"async\" src=\"https:\/\/musee.oceano.org\/wp-content\/uploads\/sites\/2\/2019\/12\/2019-11-16-Journ\u00e9e-europ\u00e9enne-r\u00e9duction-des-d\u00e9chets-gliss\u00e9es-6.pdf\" title=\"\" alt=\"\" loading=\"lazy\" \/>\t\t\t\t\t\t\t\t\t\t\t\t\t\t\t<\/div>\n\t\t\t\t<\/div>\n\t\t\t\t<div class=\"elementor-element elementor-element-4cdb5474 elementor-zoom elementor-widget elementor-widget-image\" data-id=\"4cdb5474\" data-element_type=\"widget\" data-e-type=\"widget\" data-widget_type=\"image.default\">\n\t\t\t\t<div class=\"elementor-widget-container\">\n\t\t\t\t\t\t\t\t\t\t\t\t\t\t\t<img loading=\"lazy\" decoding=\"async\" width=\"433\" height=\"433\" src=\"https:\/\/musee.oceano.org\/wp-content\/uploads\/sites\/2\/2019\/12\/LOW-01_Journ\u00e9e-europ\u00e9enne-r\u00e9duction-d\u00e9chets_20191116_M_Dagnino-433x433.jpg\" class=\"attachment-img-bloc-three-content size-img-bloc-three-content wp-image-13562\" alt=\"\" srcset=\"https:\/\/musee.oceano.org\/wp-content\/uploads\/sites\/2\/2019\/12\/LOW-01_Journ\u00e9e-europ\u00e9enne-r\u00e9duction-d\u00e9chets_20191116_M_Dagnino-433x433.jpg 433w, https:\/\/musee.oceano.org\/wp-content\/uploads\/sites\/2\/2019\/12\/LOW-01_Journ\u00e9e-europ\u00e9enne-r\u00e9duction-d\u00e9chets_20191116_M_Dagnino-150x150.jpg 150w, https:\/\/musee.oceano.org\/wp-content\/uploads\/sites\/2\/2019\/12\/LOW-01_Journ\u00e9e-europ\u00e9enne-r\u00e9duction-d\u00e9chets_20191116_M_Dagnino-334x334.jpg 334w\" sizes=\"(max-width: 433px) 100vw, 433px\" \/>\t\t\t\t\t\t\t\t\t\t\t\t\t\t\t<\/div>\n\t\t\t\t<\/div>\n\t\t\t\t\t<\/div>\n\t\t<\/div>\n\t\t\t\t<div class=\"elementor-column elementor-col-50 elementor-inner-column elementor-element elementor-element-eae1938\" data-id=\"eae1938\" data-element_type=\"column\" data-e-type=\"column\">\n\t\t\t<div class=\"elementor-widget-wrap elementor-element-populated\">\n\t\t\t\t\t\t<div class=\"elementor-element elementor-element-75d12c80 elementor-widget elementor-widget-heading\" data-id=\"75d12c80\" data-element_type=\"widget\" data-e-type=\"widget\" data-widget_type=\"heading.default\">\n\t\t\t\t<div class=\"elementor-widget-container\">\n\t\t\t\t\t<h2 class=\"elementor-heading-title elementor-size-default\"><span class=\"elementor-heading-title elementor-size-default elementor-inline-editing pen\" data-elementor-setting-key=\"title\" data-pen-placeholder=\"\u00c9crivez ici...\">le palle devono andare, non il partito  <\/span><\/h2>\t\t\t\t<\/div>\n\t\t\t\t<\/div>\n\t\t\t\t<div class=\"elementor-element elementor-element-5044f288 elementor-widget elementor-widget-text-editor\" data-id=\"5044f288\" data-element_type=\"widget\" data-e-type=\"widget\" data-widget_type=\"text-editor.default\">\n\t\t\t\t<div class=\"elementor-widget-container\">\n\t\t\t\t\t\t\t\t\t<div class=\"page\" title=\"Pagina 1\">\n<div class=\"layoutArea\">\n<div class=\"column\">\n<p><span style=\"letter-spacing: 0.16px;\">Lo stand &#8220;F\u00eate sans ballons&#8221; ha offerto attivit\u00e0 educative per spiegare ai giovani le conseguenze dei rilasci di palloncini sull&#8217;ambiente marino, e in particolare sulle tartarughe marine.  <\/span><\/p>\n<p><span style=\"letter-spacing: 0.16px;\">Attraverso questa iniziativa, l&#8217;obiettivo \u00e8 quello di sensibilizzare, informare e trovare, insieme, alternative ai rilasci di palloncini a favore di pratiche ecologiche.<\/span><\/p>\n<\/div>\n<\/div>\n<\/div>\n\t\t\t\t\t\t\t\t<\/div>\n\t\t\t\t<\/div>\n\t\t\t\t<div class=\"elementor-element elementor-element-27a1dcd8 elementor-align-center elementor-widget elementor-widget-button\" data-id=\"27a1dcd8\" data-element_type=\"widget\" data-e-type=\"widget\" data-widget_type=\"button.default\">\n\t\t\t\t<div class=\"elementor-widget-container\">\n\t\t\t\t\t\t\t\t\t<div class=\"elementor-button-wrapper\">\n\t\t\t\t\t<a class=\"elementor-button elementor-button-link elementor-size-md\" href=\"https:\/\/musee.oceano.org\/it\/2021\/06\/29\/festa-senza-palloncini\/\">\n\t\t\t\t\t\t<span class=\"elementor-button-content-wrapper\">\n\t\t\t\t\t\t\t\t\t<span class=\"elementor-button-text\">per saperne di pi\u00f9<\/span>\n\t\t\t\t\t<\/span>\n\t\t\t\t\t<\/a>\n\t\t\t\t<\/div>\n\t\t\t\t\t\t\t\t<\/div>\n\t\t\t\t<\/div>\n\t\t\t\t\t<\/div>\n\t\t<\/div>\n\t\t\t\t\t<\/div>\n\t\t<\/section>\n\t\t\t\t\t<\/div>\n\t\t<\/div>\n\t\t\t\t\t<\/div>\n\t\t<\/section>\n\t\t\t\t<section class=\"elementor-section elementor-top-section elementor-element elementor-element-9f38ce4 elementor-section-boxed elementor-section-height-default elementor-section-height-default\" data-id=\"9f38ce4\" data-element_type=\"section\" data-e-type=\"section\">\n\t\t\t\t\t\t<div class=\"elementor-container elementor-column-gap-default\">\n\t\t\t\t\t<div class=\"elementor-column elementor-col-100 elementor-top-column elementor-element elementor-element-fc7af5c\" data-id=\"fc7af5c\" data-element_type=\"column\" data-e-type=\"column\">\n\t\t\t<div class=\"elementor-widget-wrap elementor-element-populated\">\n\t\t\t\t\t\t<div class=\"elementor-element elementor-element-488607b elementor-align-center elementor-widget elementor-widget-button\" data-id=\"488607b\" data-element_type=\"widget\" data-e-type=\"widget\" data-widget_type=\"button.default\">\n\t\t\t\t<div class=\"elementor-widget-container\">\n\t\t\t\t\t\t\t\t\t<div class=\"elementor-button-wrapper\">\n\t\t\t\t\t<a class=\"elementor-button elementor-button-link elementor-size-xl\" href=\"https:\/\/www.facebook.com\/groups\/2662981690384856\/?source_id=106013899439873\">\n\t\t\t\t\t\t<span class=\"elementor-button-content-wrapper\">\n\t\t\t\t\t\t\t\t\t<span class=\"elementor-button-text\">unisciti al nostro gruppo Balloonless Party<\/span>\n\t\t\t\t\t<\/span>\n\t\t\t\t\t<\/a>\n\t\t\t\t<\/div>\n\t\t\t\t\t\t\t\t<\/div>\n\t\t\t\t<\/div>\n\t\t\t\t\t<\/div>\n\t\t<\/div>\n\t\t\t\t\t<\/div>\n\t\t<\/section>\n\t\t\t\t<section class=\"elementor-section elementor-top-section elementor-element elementor-element-2dcb85f elementor-section-boxed elementor-section-height-default elementor-section-height-default\" data-id=\"2dcb85f\" data-element_type=\"section\" data-e-type=\"section\">\n\t\t\t\t\t\t<div class=\"elementor-container elementor-column-gap-default\">\n\t\t\t\t\t<div class=\"elementor-column elementor-col-100 elementor-top-column elementor-element elementor-element-d5ec759\" data-id=\"d5ec759\" data-element_type=\"column\" data-e-type=\"column\">\n\t\t\t<div class=\"elementor-widget-wrap elementor-element-populated\">\n\t\t\t\t\t\t<div class=\"elementor-element elementor-element-a9c3e36 elementor-widget elementor-widget-spacer\" data-id=\"a9c3e36\" data-element_type=\"widget\" data-e-type=\"widget\" data-widget_type=\"spacer.default\">\n\t\t\t\t<div class=\"elementor-widget-container\">\n\t\t\t\t\t\t\t<div class=\"elementor-spacer\">\n\t\t\t<div class=\"elementor-spacer-inner\"><\/div>\n\t\t<\/div>\n\t\t\t\t\t\t<\/div>\n\t\t\t\t<\/div>\n\t\t\t\t\t<\/div>\n\t\t<\/div>\n\t\t\t\t\t<\/div>\n\t\t<\/section>\n\t\t\t\t<section class=\"elementor-section elementor-top-section elementor-element elementor-element-12c31c4 elementor-section-boxed elementor-section-height-default elementor-section-height-default\" data-id=\"12c31c4\" data-element_type=\"section\" data-e-type=\"section\">\n\t\t\t\t\t\t<div class=\"elementor-container elementor-column-gap-default\">\n\t\t\t\t\t<div class=\"elementor-column elementor-col-33 elementor-top-column elementor-element elementor-element-51ee1c8\" data-id=\"51ee1c8\" data-element_type=\"column\" data-e-type=\"column\">\n\t\t\t<div class=\"elementor-widget-wrap elementor-element-populated\">\n\t\t\t\t\t\t<div class=\"elementor-element elementor-element-b5f0e9e elementor-widget elementor-widget-image\" data-id=\"b5f0e9e\" data-element_type=\"widget\" data-e-type=\"widget\" data-widget_type=\"image.default\">\n\t\t\t\t<div class=\"elementor-widget-container\">\n\t\t\t\t\t\t\t\t\t\t\t\t\t\t\t<img loading=\"lazy\" decoding=\"async\" width=\"1024\" height=\"1024\" src=\"https:\/\/musee.oceano.org\/wp-content\/uploads\/sites\/2\/2019\/11\/5-Ocean-plastique-Straws-FR-1024x1024.jpg\" class=\"attachment-large size-large wp-image-12746\" alt=\"\" srcset=\"https:\/\/musee.oceano.org\/wp-content\/uploads\/sites\/2\/2019\/11\/5-Ocean-plastique-Straws-FR-1024x1024.jpg 1024w, https:\/\/musee.oceano.org\/wp-content\/uploads\/sites\/2\/2019\/11\/5-Ocean-plastique-Straws-FR-150x150.jpg 150w, https:\/\/musee.oceano.org\/wp-content\/uploads\/sites\/2\/2019\/11\/5-Ocean-plastique-Straws-FR-300x300.jpg 300w, https:\/\/musee.oceano.org\/wp-content\/uploads\/sites\/2\/2019\/11\/5-Ocean-plastique-Straws-FR-768x768.jpg 768w, https:\/\/musee.oceano.org\/wp-content\/uploads\/sites\/2\/2019\/11\/5-Ocean-plastique-Straws-FR-433x433.jpg 433w, https:\/\/musee.oceano.org\/wp-content\/uploads\/sites\/2\/2019\/11\/5-Ocean-plastique-Straws-FR-334x334.jpg 334w, https:\/\/musee.oceano.org\/wp-content\/uploads\/sites\/2\/2019\/11\/5-Ocean-plastique-Straws-FR.jpg 1200w\" sizes=\"(max-width: 1024px) 100vw, 1024px\" \/>\t\t\t\t\t\t\t\t\t\t\t\t\t\t\t<\/div>\n\t\t\t\t<\/div>\n\t\t\t\t\t<\/div>\n\t\t<\/div>\n\t\t\t\t<div class=\"elementor-column elementor-col-33 elementor-top-column elementor-element elementor-element-b879b93\" data-id=\"b879b93\" data-element_type=\"column\" data-e-type=\"column\">\n\t\t\t<div class=\"elementor-widget-wrap elementor-element-populated\">\n\t\t\t\t\t\t<div class=\"elementor-element elementor-element-355656b elementor-widget elementor-widget-image\" data-id=\"355656b\" data-element_type=\"widget\" data-e-type=\"widget\" data-widget_type=\"image.default\">\n\t\t\t\t<div class=\"elementor-widget-container\">\n\t\t\t\t\t\t\t\t\t\t\t\t\t\t\t<img loading=\"lazy\" decoding=\"async\" width=\"1024\" height=\"1024\" src=\"https:\/\/musee.oceano.org\/wp-content\/uploads\/sites\/2\/2019\/12\/1-Ocean-plastique-Sucette-FR-1024x1024.jpg\" class=\"attachment-large size-large wp-image-13241\" alt=\"\" srcset=\"https:\/\/musee.oceano.org\/wp-content\/uploads\/sites\/2\/2019\/12\/1-Ocean-plastique-Sucette-FR-1024x1024.jpg 1024w, https:\/\/musee.oceano.org\/wp-content\/uploads\/sites\/2\/2019\/12\/1-Ocean-plastique-Sucette-FR-150x150.jpg 150w, https:\/\/musee.oceano.org\/wp-content\/uploads\/sites\/2\/2019\/12\/1-Ocean-plastique-Sucette-FR-300x300.jpg 300w, https:\/\/musee.oceano.org\/wp-content\/uploads\/sites\/2\/2019\/12\/1-Ocean-plastique-Sucette-FR-768x768.jpg 768w, https:\/\/musee.oceano.org\/wp-content\/uploads\/sites\/2\/2019\/12\/1-Ocean-plastique-Sucette-FR-433x433.jpg 433w, https:\/\/musee.oceano.org\/wp-content\/uploads\/sites\/2\/2019\/12\/1-Ocean-plastique-Sucette-FR-334x334.jpg 334w, https:\/\/musee.oceano.org\/wp-content\/uploads\/sites\/2\/2019\/12\/1-Ocean-plastique-Sucette-FR.jpg 1200w\" sizes=\"(max-width: 1024px) 100vw, 1024px\" \/>\t\t\t\t\t\t\t\t\t\t\t\t\t\t\t<\/div>\n\t\t\t\t<\/div>\n\t\t\t\t\t<\/div>\n\t\t<\/div>\n\t\t\t\t<div class=\"elementor-column elementor-col-33 elementor-top-column elementor-element elementor-element-6c80ab8\" data-id=\"6c80ab8\" data-element_type=\"column\" data-e-type=\"column\">\n\t\t\t<div class=\"elementor-widget-wrap elementor-element-populated\">\n\t\t\t\t\t\t<div class=\"elementor-element elementor-element-c2908c6 elementor-widget elementor-widget-image\" data-id=\"c2908c6\" data-element_type=\"widget\" data-e-type=\"widget\" data-widget_type=\"image.default\">\n\t\t\t\t<div class=\"elementor-widget-container\">\n\t\t\t\t\t\t\t\t\t\t\t\t\t\t\t<img loading=\"lazy\" decoding=\"async\" width=\"1024\" height=\"1024\" src=\"https:\/\/musee.oceano.org\/wp-content\/uploads\/sites\/2\/2019\/12\/4-Ocean-plastique-Assiette-FR-1024x1024.jpg\" class=\"attachment-large size-large wp-image-13253\" alt=\"\" srcset=\"https:\/\/musee.oceano.org\/wp-content\/uploads\/sites\/2\/2019\/12\/4-Ocean-plastique-Assiette-FR-1024x1024.jpg 1024w, https:\/\/musee.oceano.org\/wp-content\/uploads\/sites\/2\/2019\/12\/4-Ocean-plastique-Assiette-FR-150x150.jpg 150w, https:\/\/musee.oceano.org\/wp-content\/uploads\/sites\/2\/2019\/12\/4-Ocean-plastique-Assiette-FR-300x300.jpg 300w, https:\/\/musee.oceano.org\/wp-content\/uploads\/sites\/2\/2019\/12\/4-Ocean-plastique-Assiette-FR-768x768.jpg 768w, https:\/\/musee.oceano.org\/wp-content\/uploads\/sites\/2\/2019\/12\/4-Ocean-plastique-Assiette-FR-433x433.jpg 433w, https:\/\/musee.oceano.org\/wp-content\/uploads\/sites\/2\/2019\/12\/4-Ocean-plastique-Assiette-FR-334x334.jpg 334w, https:\/\/musee.oceano.org\/wp-content\/uploads\/sites\/2\/2019\/12\/4-Ocean-plastique-Assiette-FR.jpg 1200w\" sizes=\"(max-width: 1024px) 100vw, 1024px\" \/>\t\t\t\t\t\t\t\t\t\t\t\t\t\t\t<\/div>\n\t\t\t\t<\/div>\n\t\t\t\t\t<\/div>\n\t\t<\/div>\n\t\t\t\t\t<\/div>\n\t\t<\/section>\n\t\t\t\t<section class=\"elementor-section elementor-top-section elementor-element elementor-element-5d2d94a elementor-section-boxed elementor-section-height-default elementor-section-height-default\" data-id=\"5d2d94a\" data-element_type=\"section\" data-e-type=\"section\">\n\t\t\t\t\t\t<div class=\"elementor-container elementor-column-gap-default\">\n\t\t\t\t\t<div class=\"elementor-column elementor-col-100 elementor-top-column elementor-element elementor-element-de28260\" data-id=\"de28260\" data-element_type=\"column\" data-e-type=\"column\">\n\t\t\t<div class=\"elementor-widget-wrap elementor-element-populated\">\n\t\t\t\t\t\t<div class=\"elementor-element elementor-element-74a94a7 elementor-widget elementor-widget-spacer\" data-id=\"74a94a7\" data-element_type=\"widget\" data-e-type=\"widget\" data-widget_type=\"spacer.default\">\n\t\t\t\t<div class=\"elementor-widget-container\">\n\t\t\t\t\t\t\t<div class=\"elementor-spacer\">\n\t\t\t<div class=\"elementor-spacer-inner\"><\/div>\n\t\t<\/div>\n\t\t\t\t\t\t<\/div>\n\t\t\t\t<\/div>\n\t\t\t\t\t<\/div>\n\t\t<\/div>\n\t\t\t\t\t<\/div>\n\t\t<\/section>\n\t\t\t\t<section class=\"elementor-section elementor-top-section elementor-element elementor-element-964788e elementor-section-boxed elementor-section-height-default elementor-section-height-default\" data-id=\"964788e\" data-element_type=\"section\" data-e-type=\"section\" data-settings=\"{&quot;background_background&quot;:&quot;classic&quot;}\">\n\t\t\t\t\t\t<div class=\"elementor-container elementor-column-gap-default\">\n\t\t\t\t\t<div class=\"elementor-column elementor-col-100 elementor-top-column elementor-element elementor-element-5f1e279\" data-id=\"5f1e279\" data-element_type=\"column\" data-e-type=\"column\">\n\t\t\t<div class=\"elementor-widget-wrap elementor-element-populated\">\n\t\t\t\t\t\t<section class=\"elementor-section elementor-inner-section elementor-element elementor-element-5162a52 elementor-section-boxed elementor-section-height-default elementor-section-height-default\" data-id=\"5162a52\" data-element_type=\"section\" data-e-type=\"section\" data-settings=\"{&quot;background_background&quot;:&quot;classic&quot;}\">\n\t\t\t\t\t\t<div class=\"elementor-container elementor-column-gap-default\">\n\t\t\t\t\t<div class=\"elementor-column elementor-col-50 elementor-inner-column elementor-element elementor-element-c4242da\" data-id=\"c4242da\" data-element_type=\"column\" data-e-type=\"column\">\n\t\t\t<div class=\"elementor-widget-wrap elementor-element-populated\">\n\t\t\t\t\t\t<div class=\"elementor-element elementor-element-1c232a2 elementor-widget elementor-widget-image\" data-id=\"1c232a2\" data-element_type=\"widget\" data-e-type=\"widget\" data-widget_type=\"image.default\">\n\t\t\t\t<div class=\"elementor-widget-container\">\n\t\t\t\t\t\t\t\t\t\t\t\t\t\t\t<img decoding=\"async\" src=\"https:\/\/musee.oceano.org\/wp-content\/uploads\/sites\/2\/2019\/12\/2019-11-16-Journ\u00e9e-europ\u00e9enne-r\u00e9duction-des-d\u00e9chets-gliss\u00e9es-13-1.pdf\" title=\"\" alt=\"\" loading=\"lazy\" \/>\t\t\t\t\t\t\t\t\t\t\t\t\t\t\t<\/div>\n\t\t\t\t<\/div>\n\t\t\t\t<div class=\"elementor-element elementor-element-f07e871 elementor-zoom elementor-widget elementor-widget-image\" data-id=\"f07e871\" data-element_type=\"widget\" data-e-type=\"widget\" data-widget_type=\"image.default\">\n\t\t\t\t<div class=\"elementor-widget-container\">\n\t\t\t\t\t\t\t\t\t\t\t\t\t\t\t<img loading=\"lazy\" decoding=\"async\" width=\"433\" height=\"433\" src=\"https:\/\/musee.oceano.org\/wp-content\/uploads\/sites\/2\/2019\/12\/LOW-16_Journ\u00e9e-europ\u00e9enne-r\u00e9duction-d\u00e9chets_20191116_M_Dagnino-433x433.jpg\" class=\"attachment-img-bloc-three-content size-img-bloc-three-content wp-image-13570\" alt=\"\" srcset=\"https:\/\/musee.oceano.org\/wp-content\/uploads\/sites\/2\/2019\/12\/LOW-16_Journ\u00e9e-europ\u00e9enne-r\u00e9duction-d\u00e9chets_20191116_M_Dagnino-433x433.jpg 433w, https:\/\/musee.oceano.org\/wp-content\/uploads\/sites\/2\/2019\/12\/LOW-16_Journ\u00e9e-europ\u00e9enne-r\u00e9duction-d\u00e9chets_20191116_M_Dagnino-150x150.jpg 150w, https:\/\/musee.oceano.org\/wp-content\/uploads\/sites\/2\/2019\/12\/LOW-16_Journ\u00e9e-europ\u00e9enne-r\u00e9duction-d\u00e9chets_20191116_M_Dagnino-334x334.jpg 334w\" sizes=\"(max-width: 433px) 100vw, 433px\" \/>\t\t\t\t\t\t\t\t\t\t\t\t\t\t\t<\/div>\n\t\t\t\t<\/div>\n\t\t\t\t\t<\/div>\n\t\t<\/div>\n\t\t\t\t<div class=\"elementor-column elementor-col-50 elementor-inner-column elementor-element elementor-element-00f9daf\" data-id=\"00f9daf\" data-element_type=\"column\" data-e-type=\"column\">\n\t\t\t<div class=\"elementor-widget-wrap elementor-element-populated\">\n\t\t\t\t\t\t<div class=\"elementor-element elementor-element-82311f2 elementor-widget elementor-widget-heading\" data-id=\"82311f2\" data-element_type=\"widget\" data-e-type=\"widget\" data-widget_type=\"heading.default\">\n\t\t\t\t<div class=\"elementor-widget-container\">\n\t\t\t\t\t<h2 class=\"elementor-heading-title elementor-size-default\"><span class=\"elementor-heading-title elementor-size-default elementor-inline-editing pen\" data-elementor-setting-key=\"title\" data-pen-placeholder=\"\u00c9crivez ici...\">COMPITO DELL'INQUINAMENTO  <\/span><\/h2>\t\t\t\t<\/div>\n\t\t\t\t<\/div>\n\t\t\t\t<div class=\"elementor-element elementor-element-fc41a7d elementor-widget elementor-widget-text-editor\" data-id=\"fc41a7d\" data-element_type=\"widget\" data-e-type=\"widget\" data-widget_type=\"text-editor.default\">\n\t\t\t\t<div class=\"elementor-widget-container\">\n\t\t\t\t\t\t\t\t\t<p>Il laboratorio &#8220;Missione inquinamento&#8221; introduce i giovani alla lotta contro i rifiuti in mare. Da dove viene la plastica? Come influisce sugli animali marini e quali sono le soluzioni pratiche al problema?<\/p>\n\t\t\t\t\t\t\t\t<\/div>\n\t\t\t\t<\/div>\n\t\t\t\t\t<\/div>\n\t\t<\/div>\n\t\t\t\t\t<\/div>\n\t\t<\/section>\n\t\t\t\t\t<\/div>\n\t\t<\/div>\n\t\t\t\t\t<\/div>\n\t\t<\/section>\n\t\t\t\t<section class=\"elementor-section elementor-top-section elementor-element elementor-element-62ad906 elementor-section-boxed elementor-section-height-default elementor-section-height-default\" data-id=\"62ad906\" data-element_type=\"section\" data-e-type=\"section\">\n\t\t\t\t\t\t<div class=\"elementor-container elementor-column-gap-default\">\n\t\t\t\t\t<div class=\"elementor-column elementor-col-50 elementor-top-column elementor-element elementor-element-b85a1fb\" data-id=\"b85a1fb\" data-element_type=\"column\" data-e-type=\"column\">\n\t\t\t<div class=\"elementor-widget-wrap elementor-element-populated\">\n\t\t\t\t\t\t<div class=\"elementor-element elementor-element-b4b52e1 elementor-widget elementor-widget-image\" data-id=\"b4b52e1\" data-element_type=\"widget\" data-e-type=\"widget\" data-widget_type=\"image.default\">\n\t\t\t\t<div class=\"elementor-widget-container\">\n\t\t\t\t\t\t\t\t\t\t\t\t\t\t\t<img loading=\"lazy\" decoding=\"async\" width=\"433\" height=\"433\" src=\"https:\/\/musee.oceano.org\/wp-content\/uploads\/sites\/2\/2019\/08\/38_Objets-boutique_20190704_M_Dagnino-433x433.jpg\" class=\"attachment-img-bloc-three-content size-img-bloc-three-content wp-image-9795\" alt=\"\" srcset=\"https:\/\/musee.oceano.org\/wp-content\/uploads\/sites\/2\/2019\/08\/38_Objets-boutique_20190704_M_Dagnino-433x433.jpg 433w, https:\/\/musee.oceano.org\/wp-content\/uploads\/sites\/2\/2019\/08\/38_Objets-boutique_20190704_M_Dagnino-150x150.jpg 150w, https:\/\/musee.oceano.org\/wp-content\/uploads\/sites\/2\/2019\/08\/38_Objets-boutique_20190704_M_Dagnino-334x334.jpg 334w\" sizes=\"(max-width: 433px) 100vw, 433px\" \/>\t\t\t\t\t\t\t\t\t\t\t\t\t\t\t<\/div>\n\t\t\t\t<\/div>\n\t\t\t\t\t<\/div>\n\t\t<\/div>\n\t\t\t\t<div class=\"elementor-column elementor-col-50 elementor-top-column elementor-element elementor-element-fad7e1f\" data-id=\"fad7e1f\" data-element_type=\"column\" data-e-type=\"column\">\n\t\t\t<div class=\"elementor-widget-wrap elementor-element-populated\">\n\t\t\t\t\t\t<div class=\"elementor-element elementor-element-68b0d79 elementor-widget elementor-widget-image\" data-id=\"68b0d79\" data-element_type=\"widget\" data-e-type=\"widget\" data-widget_type=\"image.default\">\n\t\t\t\t<div class=\"elementor-widget-container\">\n\t\t\t\t\t\t\t\t\t\t\t\t\t\t\t<img loading=\"lazy\" decoding=\"async\" width=\"433\" height=\"433\" src=\"https:\/\/musee.oceano.org\/wp-content\/uploads\/sites\/2\/2019\/12\/Ocean-plastique-Bouteille-433x433.jpg\" class=\"attachment-img-bloc-three-content size-img-bloc-three-content wp-image-13257\" alt=\"\" srcset=\"https:\/\/musee.oceano.org\/wp-content\/uploads\/sites\/2\/2019\/12\/Ocean-plastique-Bouteille-433x433.jpg 433w, https:\/\/musee.oceano.org\/wp-content\/uploads\/sites\/2\/2019\/12\/Ocean-plastique-Bouteille-150x150.jpg 150w, https:\/\/musee.oceano.org\/wp-content\/uploads\/sites\/2\/2019\/12\/Ocean-plastique-Bouteille-300x300.jpg 300w, https:\/\/musee.oceano.org\/wp-content\/uploads\/sites\/2\/2019\/12\/Ocean-plastique-Bouteille-768x768.jpg 768w, https:\/\/musee.oceano.org\/wp-content\/uploads\/sites\/2\/2019\/12\/Ocean-plastique-Bouteille-1024x1024.jpg 1024w, https:\/\/musee.oceano.org\/wp-content\/uploads\/sites\/2\/2019\/12\/Ocean-plastique-Bouteille-334x334.jpg 334w\" sizes=\"(max-width: 433px) 100vw, 433px\" \/>\t\t\t\t\t\t\t\t\t\t\t\t\t\t\t<\/div>\n\t\t\t\t<\/div>\n\t\t\t\t\t<\/div>\n\t\t<\/div>\n\t\t\t\t\t<\/div>\n\t\t<\/section>\n\t\t\t\t<section class=\"elementor-section elementor-top-section elementor-element elementor-element-9f9e1c1 elementor-section-boxed elementor-section-height-default elementor-section-height-default\" data-id=\"9f9e1c1\" data-element_type=\"section\" data-e-type=\"section\">\n\t\t\t\t\t\t<div class=\"elementor-container elementor-column-gap-default\">\n\t\t\t\t\t<div class=\"elementor-column elementor-col-100 elementor-top-column elementor-element elementor-element-f1b8365\" data-id=\"f1b8365\" data-element_type=\"column\" data-e-type=\"column\">\n\t\t\t<div class=\"elementor-widget-wrap elementor-element-populated\">\n\t\t\t\t\t\t<div class=\"elementor-element elementor-element-feaebd0 elementor-widget elementor-widget-spacer\" data-id=\"feaebd0\" data-element_type=\"widget\" data-e-type=\"widget\" data-widget_type=\"spacer.default\">\n\t\t\t\t<div class=\"elementor-widget-container\">\n\t\t\t\t\t\t\t<div class=\"elementor-spacer\">\n\t\t\t<div class=\"elementor-spacer-inner\"><\/div>\n\t\t<\/div>\n\t\t\t\t\t\t<\/div>\n\t\t\t\t<\/div>\n\t\t\t\t\t<\/div>\n\t\t<\/div>\n\t\t\t\t\t<\/div>\n\t\t<\/section>\n\t\t\t\t<\/div>\n\t\t","protected":false},"excerpt":{"rendered":"<p>Settimana europea per la riduzione dei rifiuti 2019 i visitatori del museo hanno messo a contributo il Principato di Monaco ha commesso Tornando alle azioni svolte durante questa settimana di riduzione dei rifiuti, dal 16 al 24 novembre 2019: il museo aveva organizzato laboratori per incoraggiare i pi\u00f9 giovani all&#8217;importanza di ridurre la loro produzione [&hellip;]<\/p>\n","protected":false},"author":15,"featured_media":13570,"parent":0,"menu_order":54,"comment_status":"closed","ping_status":"closed","template":"","meta":{"_acf_changed":false,"footnotes":""},"class_list":["post-28044","page","type-page","status-publish","has-post-thumbnail","hentry"],"acf":[],"yoast_head":"<!-- This site is optimized with the Yoast SEO plugin v27.2 - https:\/\/yoast.com\/product\/yoast-seo-wordpress\/ -->\n<title>Settimana europea per la riduzione dei rifiuti 2019 - Mus\u00e9e Oc\u00e9anographique de Monaco<\/title>\n<meta name=\"description\" content=\"Uno sguardo indietro alle azioni svolte durante questa settimana di riduzione dei rifiuti in cui il museo aveva organizzato laboratori per sensibilizzare i pi\u00f9 giovani.\" \/>\n<meta name=\"robots\" content=\"index, follow, max-snippet:-1, max-image-preview:large, max-video-preview:-1\" \/>\n<link rel=\"canonical\" href=\"https:\/\/musee.oceano.org\/it\/settimana-europea-per-la-riduzione-dei-rifiuti-2019\/\" \/>\n<meta property=\"og:locale\" content=\"it_IT\" \/>\n<meta property=\"og:type\" content=\"article\" \/>\n<meta property=\"og:title\" content=\"Settimana europea per la riduzione dei rifiuti 2019 - Mus\u00e9e Oc\u00e9anographique de Monaco\" \/>\n<meta property=\"og:description\" content=\"Uno sguardo indietro alle azioni svolte durante questa settimana di riduzione dei rifiuti in cui il museo aveva organizzato laboratori per sensibilizzare i pi\u00f9 giovani.\" \/>\n<meta property=\"og:url\" content=\"https:\/\/musee.oceano.org\/it\/settimana-europea-per-la-riduzione-dei-rifiuti-2019\/\" \/>\n<meta property=\"og:site_name\" content=\"Mus\u00e9e Oc\u00e9anographique de Monaco\" \/>\n<meta property=\"article:modified_time\" content=\"2021-07-13T09:34:46+00:00\" \/>\n<meta property=\"og:image\" content=\"https:\/\/musee.oceano.org\/wp-content\/uploads\/sites\/2\/2019\/12\/LOW-16_Journ\u00e9e-europ\u00e9enne-r\u00e9duction-d\u00e9chets_20191116_M_Dagnino.jpg\" \/>\n\t<meta property=\"og:image:width\" content=\"1782\" \/>\n\t<meta property=\"og:image:height\" content=\"1188\" \/>\n\t<meta property=\"og:image:type\" content=\"image\/jpeg\" \/>\n<meta name=\"twitter:card\" content=\"summary_large_image\" \/>\n<meta name=\"twitter:label1\" content=\"Tempo di lettura stimato\" \/>\n\t<meta name=\"twitter:data1\" content=\"4 minuti\" \/>\n<script type=\"application\/ld+json\" class=\"yoast-schema-graph\">{\"@context\":\"https:\/\/schema.org\",\"@graph\":[{\"@type\":\"WebPage\",\"@id\":\"https:\/\/musee.oceano.org\/it\/settimana-europea-per-la-riduzione-dei-rifiuti-2019\/\",\"url\":\"https:\/\/musee.oceano.org\/it\/settimana-europea-per-la-riduzione-dei-rifiuti-2019\/\",\"name\":\"Settimana europea per la riduzione dei rifiuti 2019 - Mus\u00e9e Oc\u00e9anographique de Monaco\",\"isPartOf\":{\"@id\":\"https:\/\/musee.oceano.org\/#website\"},\"primaryImageOfPage\":{\"@id\":\"https:\/\/musee.oceano.org\/it\/settimana-europea-per-la-riduzione-dei-rifiuti-2019\/#primaryimage\"},\"image\":{\"@id\":\"https:\/\/musee.oceano.org\/it\/settimana-europea-per-la-riduzione-dei-rifiuti-2019\/#primaryimage\"},\"thumbnailUrl\":\"https:\/\/musee.oceano.org\/wp-content\/uploads\/sites\/2\/2019\/12\/LOW-16_Journ\u00e9e-europ\u00e9enne-r\u00e9duction-d\u00e9chets_20191116_M_Dagnino.jpg\",\"datePublished\":\"2021-06-29T12:57:39+00:00\",\"dateModified\":\"2021-07-13T09:34:46+00:00\",\"description\":\"Uno sguardo indietro alle azioni svolte durante questa settimana di riduzione dei rifiuti in cui il museo aveva organizzato laboratori per sensibilizzare i pi\u00f9 giovani.\",\"breadcrumb\":{\"@id\":\"https:\/\/musee.oceano.org\/it\/settimana-europea-per-la-riduzione-dei-rifiuti-2019\/#breadcrumb\"},\"inLanguage\":\"it-IT\",\"potentialAction\":[{\"@type\":\"ReadAction\",\"target\":[\"https:\/\/musee.oceano.org\/it\/settimana-europea-per-la-riduzione-dei-rifiuti-2019\/\"]}]},{\"@type\":\"ImageObject\",\"inLanguage\":\"it-IT\",\"@id\":\"https:\/\/musee.oceano.org\/it\/settimana-europea-per-la-riduzione-dei-rifiuti-2019\/#primaryimage\",\"url\":\"https:\/\/musee.oceano.org\/wp-content\/uploads\/sites\/2\/2019\/12\/LOW-16_Journ\u00e9e-europ\u00e9enne-r\u00e9duction-d\u00e9chets_20191116_M_Dagnino.jpg\",\"contentUrl\":\"https:\/\/musee.oceano.org\/wp-content\/uploads\/sites\/2\/2019\/12\/LOW-16_Journ\u00e9e-europ\u00e9enne-r\u00e9duction-d\u00e9chets_20191116_M_Dagnino.jpg\",\"width\":1782,\"height\":1188,\"caption\":\"R\u00e9duire la production de d\u00e9chets de chaque citoyen, tel est l'enjeu de cette \\\"semaine europ\u00e9enne\\\" initi\u00e9e en France par l'ADEME et le minist\u00e8re du d\u00e9veloppement durable. Se poser les bonnes questions Pourquoi jeter 40 kg de d\u00e9chets de cuisine par personne, alors qu'il serait si simple d'en faire du compost pour les plantes ? Pourquoi utiliser 365 bouteilles d'eau par an, alors que l'on pourrait utiliser une carafe et un robinet ? Pourquoi accepter de recevoir 35 kg de publicit\u00e9 imprim\u00e9e que l'on ne lira jamais, plut\u00f4t que d'appser un \\\"stop pub\\\" sur sa bo\u00eete aux lettres ? Pourquoi jeter un appareil en panne alors qu'une seule pi\u00e8ce est \u00e0 changer ? Eviter les discours simplistes Au del\u00e0 des r\u00e9ponses souvent simplistes fournies par le discours officiel et les \u00e9colos \\\"pur et dur\\\", ces questions m\u00e9ritent r\u00e9flexion et modification de nos habitudes. Comme de nombreux citadins, vous n'aurez jamais l'utilit\u00e9 d'un bac \u00e0 compost... mais vous pourrez au minimum favoriser lors de l'achat les produits utilisant le moins d'emballage. Vous n'aurez pas non plus souvent l'occasion pratique de r\u00e9parer votre appareil \u00e9lectro-m\u00e9nager d\u00e9fectueux car le constructeur se sera bien gard\u00e9 de rendre accessible la pi\u00e8ce cass\u00e9e... mais vous aurez toujours la possibilit\u00e9 d'acheter mieux et plus durable voire laisser au magasin le bataillon d'appareils inutiles qui vous y est propos\u00e9 ! Chaque citoyen produit chaque jour 1 kg d'ordures m\u00e9nag\u00e8res. Imaginez, \u00e0 l'\u00e9chelle du pays, ce que repr\u00e9senterait une simple r\u00e9duction de 20 % ! Cette r\u00e9duction est possible, au prix des efforts quotidiens de chacun. La Semaine Europ\u00e9enne de R\u00e9duction des D\u00e9chets nous invite \u00e0 nous poser ces questions afin que chacun, \u00e0 son \u00e9chelle, puisse r\u00e9duire effectivement la quantit\u00e9 de d\u00e9chets qu'il produit au quotidien. Une mobilisation europ\u00e9enne La Semaine europ\u00e9enne de la r\u00e9duction des d\u00e9chets est pilot\u00e9e par l'ADEME et le Minist\u00e8re du D\u00e9veloppement Durable. Elle conc\"},{\"@type\":\"BreadcrumbList\",\"@id\":\"https:\/\/musee.oceano.org\/it\/settimana-europea-per-la-riduzione-dei-rifiuti-2019\/#breadcrumb\",\"itemListElement\":[{\"@type\":\"ListItem\",\"position\":1,\"name\":\"Home\",\"item\":\"https:\/\/musee.oceano.org\/it\/\"},{\"@type\":\"ListItem\",\"position\":2,\"name\":\"Settimana europea per la riduzione dei rifiuti 2019\"}]},{\"@type\":\"WebSite\",\"@id\":\"https:\/\/musee.oceano.org\/#website\",\"url\":\"https:\/\/musee.oceano.org\/\",\"name\":\"Mus\u00e9e Oc\u00e9anographique de Monaco\",\"description\":\"Faire conna\u00eetre, aimer et prot\u00e9ger les oc\u00e9ans\",\"potentialAction\":[{\"@type\":\"SearchAction\",\"target\":{\"@type\":\"EntryPoint\",\"urlTemplate\":\"https:\/\/musee.oceano.org\/?s={search_term_string}\"},\"query-input\":{\"@type\":\"PropertyValueSpecification\",\"valueRequired\":true,\"valueName\":\"search_term_string\"}}],\"inLanguage\":\"it-IT\"}]}<\/script>\n<!-- \/ Yoast SEO plugin. -->","yoast_head_json":{"title":"Settimana europea per la riduzione dei rifiuti 2019 - Mus\u00e9e Oc\u00e9anographique de Monaco","description":"Uno sguardo indietro alle azioni svolte durante questa settimana di riduzione dei rifiuti in cui il museo aveva organizzato laboratori per sensibilizzare i pi\u00f9 giovani.","robots":{"index":"index","follow":"follow","max-snippet":"max-snippet:-1","max-image-preview":"max-image-preview:large","max-video-preview":"max-video-preview:-1"},"canonical":"https:\/\/musee.oceano.org\/it\/settimana-europea-per-la-riduzione-dei-rifiuti-2019\/","og_locale":"it_IT","og_type":"article","og_title":"Settimana europea per la riduzione dei rifiuti 2019 - Mus\u00e9e Oc\u00e9anographique de Monaco","og_description":"Uno sguardo indietro alle azioni svolte durante questa settimana di riduzione dei rifiuti in cui il museo aveva organizzato laboratori per sensibilizzare i pi\u00f9 giovani.","og_url":"https:\/\/musee.oceano.org\/it\/settimana-europea-per-la-riduzione-dei-rifiuti-2019\/","og_site_name":"Mus\u00e9e Oc\u00e9anographique de Monaco","article_modified_time":"2021-07-13T09:34:46+00:00","og_image":[{"width":1782,"height":1188,"url":"https:\/\/musee.oceano.org\/wp-content\/uploads\/sites\/2\/2019\/12\/LOW-16_Journ\u00e9e-europ\u00e9enne-r\u00e9duction-d\u00e9chets_20191116_M_Dagnino.jpg","type":"image\/jpeg"}],"twitter_card":"summary_large_image","twitter_misc":{"Tempo di lettura stimato":"4 minuti"},"schema":{"@context":"https:\/\/schema.org","@graph":[{"@type":"WebPage","@id":"https:\/\/musee.oceano.org\/it\/settimana-europea-per-la-riduzione-dei-rifiuti-2019\/","url":"https:\/\/musee.oceano.org\/it\/settimana-europea-per-la-riduzione-dei-rifiuti-2019\/","name":"Settimana europea per la riduzione dei rifiuti 2019 - Mus\u00e9e Oc\u00e9anographique de Monaco","isPartOf":{"@id":"https:\/\/musee.oceano.org\/#website"},"primaryImageOfPage":{"@id":"https:\/\/musee.oceano.org\/it\/settimana-europea-per-la-riduzione-dei-rifiuti-2019\/#primaryimage"},"image":{"@id":"https:\/\/musee.oceano.org\/it\/settimana-europea-per-la-riduzione-dei-rifiuti-2019\/#primaryimage"},"thumbnailUrl":"https:\/\/musee.oceano.org\/wp-content\/uploads\/sites\/2\/2019\/12\/LOW-16_Journ\u00e9e-europ\u00e9enne-r\u00e9duction-d\u00e9chets_20191116_M_Dagnino.jpg","datePublished":"2021-06-29T12:57:39+00:00","dateModified":"2021-07-13T09:34:46+00:00","description":"Uno sguardo indietro alle azioni svolte durante questa settimana di riduzione dei rifiuti in cui il museo aveva organizzato laboratori per sensibilizzare i pi\u00f9 giovani.","breadcrumb":{"@id":"https:\/\/musee.oceano.org\/it\/settimana-europea-per-la-riduzione-dei-rifiuti-2019\/#breadcrumb"},"inLanguage":"it-IT","potentialAction":[{"@type":"ReadAction","target":["https:\/\/musee.oceano.org\/it\/settimana-europea-per-la-riduzione-dei-rifiuti-2019\/"]}]},{"@type":"ImageObject","inLanguage":"it-IT","@id":"https:\/\/musee.oceano.org\/it\/settimana-europea-per-la-riduzione-dei-rifiuti-2019\/#primaryimage","url":"https:\/\/musee.oceano.org\/wp-content\/uploads\/sites\/2\/2019\/12\/LOW-16_Journ\u00e9e-europ\u00e9enne-r\u00e9duction-d\u00e9chets_20191116_M_Dagnino.jpg","contentUrl":"https:\/\/musee.oceano.org\/wp-content\/uploads\/sites\/2\/2019\/12\/LOW-16_Journ\u00e9e-europ\u00e9enne-r\u00e9duction-d\u00e9chets_20191116_M_Dagnino.jpg","width":1782,"height":1188,"caption":"R\u00e9duire la production de d\u00e9chets de chaque citoyen, tel est l'enjeu de cette \"semaine europ\u00e9enne\" initi\u00e9e en France par l'ADEME et le minist\u00e8re du d\u00e9veloppement durable. Se poser les bonnes questions Pourquoi jeter 40 kg de d\u00e9chets de cuisine par personne, alors qu'il serait si simple d'en faire du compost pour les plantes ? Pourquoi utiliser 365 bouteilles d'eau par an, alors que l'on pourrait utiliser une carafe et un robinet ? Pourquoi accepter de recevoir 35 kg de publicit\u00e9 imprim\u00e9e que l'on ne lira jamais, plut\u00f4t que d'appser un \"stop pub\" sur sa bo\u00eete aux lettres ? Pourquoi jeter un appareil en panne alors qu'une seule pi\u00e8ce est \u00e0 changer ? Eviter les discours simplistes Au del\u00e0 des r\u00e9ponses souvent simplistes fournies par le discours officiel et les \u00e9colos \"pur et dur\", ces questions m\u00e9ritent r\u00e9flexion et modification de nos habitudes. Comme de nombreux citadins, vous n'aurez jamais l'utilit\u00e9 d'un bac \u00e0 compost... mais vous pourrez au minimum favoriser lors de l'achat les produits utilisant le moins d'emballage. Vous n'aurez pas non plus souvent l'occasion pratique de r\u00e9parer votre appareil \u00e9lectro-m\u00e9nager d\u00e9fectueux car le constructeur se sera bien gard\u00e9 de rendre accessible la pi\u00e8ce cass\u00e9e... mais vous aurez toujours la possibilit\u00e9 d'acheter mieux et plus durable voire laisser au magasin le bataillon d'appareils inutiles qui vous y est propos\u00e9 ! Chaque citoyen produit chaque jour 1 kg d'ordures m\u00e9nag\u00e8res. Imaginez, \u00e0 l'\u00e9chelle du pays, ce que repr\u00e9senterait une simple r\u00e9duction de 20 % ! Cette r\u00e9duction est possible, au prix des efforts quotidiens de chacun. La Semaine Europ\u00e9enne de R\u00e9duction des D\u00e9chets nous invite \u00e0 nous poser ces questions afin que chacun, \u00e0 son \u00e9chelle, puisse r\u00e9duire effectivement la quantit\u00e9 de d\u00e9chets qu'il produit au quotidien. Une mobilisation europ\u00e9enne La Semaine europ\u00e9enne de la r\u00e9duction des d\u00e9chets est pilot\u00e9e par l'ADEME et le Minist\u00e8re du D\u00e9veloppement Durable. Elle conc"},{"@type":"BreadcrumbList","@id":"https:\/\/musee.oceano.org\/it\/settimana-europea-per-la-riduzione-dei-rifiuti-2019\/#breadcrumb","itemListElement":[{"@type":"ListItem","position":1,"name":"Home","item":"https:\/\/musee.oceano.org\/it\/"},{"@type":"ListItem","position":2,"name":"Settimana europea per la riduzione dei rifiuti 2019"}]},{"@type":"WebSite","@id":"https:\/\/musee.oceano.org\/#website","url":"https:\/\/musee.oceano.org\/","name":"Mus\u00e9e Oc\u00e9anographique de Monaco","description":"Faire conna\u00eetre, aimer et prot\u00e9ger les oc\u00e9ans","potentialAction":[{"@type":"SearchAction","target":{"@type":"EntryPoint","urlTemplate":"https:\/\/musee.oceano.org\/?s={search_term_string}"},"query-input":{"@type":"PropertyValueSpecification","valueRequired":true,"valueName":"search_term_string"}}],"inLanguage":"it-IT"}]}},"_links":{"self":[{"href":"https:\/\/musee.oceano.org\/it\/wp-json\/wp\/v2\/pages\/28044","targetHints":{"allow":["GET"]}}],"collection":[{"href":"https:\/\/musee.oceano.org\/it\/wp-json\/wp\/v2\/pages"}],"about":[{"href":"https:\/\/musee.oceano.org\/it\/wp-json\/wp\/v2\/types\/page"}],"author":[{"embeddable":true,"href":"https:\/\/musee.oceano.org\/it\/wp-json\/wp\/v2\/users\/15"}],"replies":[{"embeddable":true,"href":"https:\/\/musee.oceano.org\/it\/wp-json\/wp\/v2\/comments?post=28044"}],"version-history":[{"count":6,"href":"https:\/\/musee.oceano.org\/it\/wp-json\/wp\/v2\/pages\/28044\/revisions"}],"predecessor-version":[{"id":32555,"href":"https:\/\/musee.oceano.org\/it\/wp-json\/wp\/v2\/pages\/28044\/revisions\/32555"}],"wp:featuredmedia":[{"embeddable":true,"href":"https:\/\/musee.oceano.org\/it\/wp-json\/wp\/v2\/media\/13570"}],"wp:attachment":[{"href":"https:\/\/musee.oceano.org\/it\/wp-json\/wp\/v2\/media?parent=28044"}],"curies":[{"name":"wp","href":"https:\/\/api.w.org\/{rel}","templated":true}]}}