{"id":25271,"date":"2021-06-25T14:42:37","date_gmt":"2021-06-25T12:42:37","guid":{"rendered":"https:\/\/musee.oceano.org\/expositions\/badu-island-2\/"},"modified":"2021-07-15T17:40:38","modified_gmt":"2021-07-15T15:40:38","slug":"badu-island-2","status":"publish","type":"expositions","link":"https:\/\/musee.oceano.org\/nl\/tentoonstellingen\/badu-island-2\/","title":{"rendered":"Badu Island"},"content":{"rendered":"\t\t<div data-elementor-type=\"wp-post\" data-elementor-id=\"25271\" class=\"elementor elementor-25271 elementor-3800\" data-elementor-post-type=\"expositions\">\n\t\t\t\t\t\t<section class=\"elementor-section elementor-top-section elementor-element elementor-element-570155f9 elementor-section-full_width elementor-section-height-default elementor-section-height-default\" data-id=\"570155f9\" data-element_type=\"section\" data-e-type=\"section\">\n\t\t\t\t\t\t<div class=\"elementor-container elementor-column-gap-no\">\n\t\t\t\t\t<div class=\"elementor-column elementor-col-100 elementor-top-column elementor-element elementor-element-829c68c\" data-id=\"829c68c\" data-element_type=\"column\" data-e-type=\"column\">\n\t\t\t<div class=\"elementor-widget-wrap elementor-element-populated\">\n\t\t\t\t\t\t<div class=\"elementor-element elementor-element-378a43fe elementor--h-position-center elementor--v-position-middle elementor-widget elementor-widget-slides\" data-id=\"378a43fe\" data-element_type=\"widget\" data-e-type=\"widget\" data-settings=\"{&quot;navigation&quot;:&quot;none&quot;,&quot;transition&quot;:&quot;slide&quot;,&quot;transition_speed&quot;:500}\" data-widget_type=\"slides.default\">\n\t\t\t\t<div class=\"elementor-widget-container\">\n\t\t\t\t\t\t\t\t\t<div class=\"elementor-swiper\">\n\t\t\t\t\t<div class=\"elementor-slides-wrapper elementor-main-swiper swiper\" role=\"region\" aria-roledescription=\"carousel\" aria-label=\"Slides\" dir=\"ltr\" data-animation=\"fadeInUp\">\n\t\t\t\t<div class=\"swiper-wrapper elementor-slides\">\n\t\t\t\t\t\t\t\t\t\t<div class=\"elementor-repeater-item-891be05 swiper-slide\" role=\"group\" aria-roledescription=\"slide\"><div class=\"swiper-slide-bg\" role=\"img\" aria-label=\"R\u00e9concilier l\u2019humanit\u00e9 et la mer\nLES EXPLORATIONS DE MONACO\n\nAutour du monde pour 3 ans au chevet des mers et des\noc\u00e9ans, S.A.S. le Prince Albert II de Monaco a lanc\u00e9 aujourd\u2019hui\nle programme Monaco Explorations.\n\u00c0 travers celui-ci la Principaut\u00e9 va mettre \u00e0 la disposition\nde la communaut\u00e9 scientifique internationale une plateforme\nde recherche itin\u00e9rante, le Yersin sur laquelle des\nchercheurs du monde entier vont se succ\u00e9der pendant 36\nmois. \u00ab Les d\u00e9cisions que nous devons prendre pour le futur de\nnotre plan\u00e8te s\u2019appuient sur la connaissance. \u00bb a indiqu\u00e9 le\nSouverain \u00ab ...En renouant avec le principe des explorations\nscientifiques en mer nous fournirons de nouveaux \u00e9l\u00e9ments concrets \u00e9tayant les messages d\u2019alerte, de sensibilisation et d\u2019\u00e9ducation. \u00bb\nLe navire battant pavillon mon\u00e9gasque quittera le port de Monaco en Ao\u00fbt 2017 pour y revenir en 2020 en suivant une route longitudinale entre les Tropiques.\nLes zones d\u2019\u00e9tude ont \u00e9t\u00e9 retenues par le Comit\u00e9 d\u2019Orientation Scientifique dirig\u00e9 par le Professeur Patrick Rampal (Centre Scientifique de Monaco) et qui int\u00e8gre 10 membres provenant d\u2019institutions de renomm\u00e9e internationale. Il s\u00e9lectionne depuis plusieurs mois les projets parmi les dizaines qui lui sont soumis. \u00ab C\u2019est \u00e0 la fois un immense honneur de participer \u00e0 une pareille aventure et une grande d\u00e9tresse de voir \u00e0 la lecture des dossiers \u00e0 quel point nous avons maltrait\u00e9 nos oc\u00e9ans. \u00bb pr\u00e9cise le Professeur Rampal.\n\nLa premi\u00e8re de ces missions se d\u00e9roulera en septembre 2017 en Macaron\u00e9sie autour des archipels de Mad\u00e8re et du Cap-Vert. Le Prince Albert Ier, qui s\u2019y est souvent rendu, inspirera fortement les \u00e9quipes de recherche. Des\n\u00e9tudes comparatives permettront d\u2019analyser les effets de l\u2019exploitation de la mer et du changement global. La mission portera sur la connaissance et la protection de la m\u00e9gafaune, notamment les esp\u00e8ces menac\u00e9es : tortues,\nc\u00e9tac\u00e9s, phoques moines, requins. Les\"><\/div><div class=\"swiper-slide-inner\" ><div class=\"swiper-slide-contents\"><h1 class=\"elementor-slide-heading\">DE BADU-EILAND TENTOONSTELLING<\/h1><div class=\"elementor-slide-description\"><p>Een missie van de verkenningen van Monaco<\/p>\n<\/div><\/div><\/div><\/div>\t\t\t\t<\/div>\n\t\t\t\t\t\t\t<\/div>\n\t\t\t\t<\/div>\n\t\t\t\t\t\t\t\t<\/div>\n\t\t\t\t<\/div>\n\t\t\t\t\t<\/div>\n\t\t<\/div>\n\t\t\t\t\t<\/div>\n\t\t<\/section>\n\t\t\t\t<section class=\"elementor-section elementor-top-section elementor-element elementor-element-bf72df6 elementor-section-full_width elementor-section-height-default elementor-section-height-default\" data-id=\"bf72df6\" data-element_type=\"section\" data-e-type=\"section\" data-settings=\"{&quot;background_background&quot;:&quot;classic&quot;}\">\n\t\t\t\t\t\t<div class=\"elementor-container elementor-column-gap-default\">\n\t\t\t\t\t<div class=\"elementor-column elementor-col-100 elementor-top-column elementor-element elementor-element-6b93c09a\" data-id=\"6b93c09a\" data-element_type=\"column\" data-e-type=\"column\">\n\t\t\t<div class=\"elementor-widget-wrap elementor-element-populated\">\n\t\t\t\t\t\t<div class=\"elementor-element elementor-element-5b8db508 elementor-widget elementor-widget-ee-breadcrumbs\" data-id=\"5b8db508\" data-element_type=\"widget\" data-e-type=\"widget\" data-widget_type=\"ee-breadcrumbs.default\">\n\t\t\t\t<div class=\"elementor-widget-container\">\n\t\t\t\t\t<ul class=\"ee-breadcrumbs\" itemscope=\"\" itemtype=\"http:\/\/schema.org\/BreadcrumbList\"><\/ul>\t\t\t\t<\/div>\n\t\t\t\t<\/div>\n\t\t\t\t\t<\/div>\n\t\t<\/div>\n\t\t\t\t\t<\/div>\n\t\t<\/section>\n\t\t\t\t<section class=\"elementor-section elementor-top-section elementor-element elementor-element-57e07e21 elementor-section-boxed elementor-section-height-default elementor-section-height-default\" data-id=\"57e07e21\" data-element_type=\"section\" data-e-type=\"section\" data-settings=\"{&quot;background_background&quot;:&quot;classic&quot;}\">\n\t\t\t\t\t\t<div class=\"elementor-container elementor-column-gap-default\">\n\t\t\t\t\t<div class=\"elementor-column elementor-col-50 elementor-top-column elementor-element elementor-element-740120ad\" data-id=\"740120ad\" data-element_type=\"column\" data-e-type=\"column\" data-settings=\"{&quot;background_background&quot;:&quot;classic&quot;}\">\n\t\t\t<div class=\"elementor-widget-wrap elementor-element-populated\">\n\t\t\t\t\t\t<div class=\"elementor-element elementor-element-12cd14b elementor-widget elementor-widget-heading\" data-id=\"12cd14b\" data-element_type=\"widget\" data-e-type=\"widget\" data-widget_type=\"heading.default\">\n\t\t\t\t<div class=\"elementor-widget-container\">\n\t\t\t\t\t<h2 class=\"elementor-heading-title elementor-size-default\">Het road book van een expeditie\n\n<\/h2>\t\t\t\t<\/div>\n\t\t\t\t<\/div>\n\t\t\t\t<div class=\"elementor-element elementor-element-7a599708 elementor-widget elementor-widget-text-editor\" data-id=\"7a599708\" data-element_type=\"widget\" data-e-type=\"widget\" data-widget_type=\"text-editor.default\">\n\t\t\t\t<div class=\"elementor-widget-container\">\n\t\t\t\t\t\t\t\t\t<p>In de geest van de historische expedities van zijn betovergrootvader Prins Albert I, heeft Z.S.H. Prins Albert II de Explorations de Monaco nieuw leven ingeblazen. Het was in deze context dat hij Badu bezocht, een van de Torres Strait eilanden in Queensland, Noord-Australi\u00eb. Ter plaatse heeft Z.S.H. Prins Albert II zich ondergedompeld in de cultuur van de eilandbewoners, die een evenwichtige en respectvolle relatie tussen mens en natuur voorstaan. Vergezeld door Robert Calcagno, directeur-generaal van het Instituut voor Oceanografie, putte hij hieruit grote inspiratie. De tentoonstelling die sinds 27 april 2019 in het Oceanografisch Museum wordt gepresenteerd, is de herinnering daaraan: ze roept ook de herinnering op aan een eerste ontmoeting op Monegaskische bodem.<\/p>\n\t\t\t\t\t\t\t\t<\/div>\n\t\t\t\t<\/div>\n\t\t\t\t\t<\/div>\n\t\t<\/div>\n\t\t\t\t<div class=\"elementor-column elementor-col-50 elementor-top-column elementor-element elementor-element-2c6770c9\" data-id=\"2c6770c9\" data-element_type=\"column\" data-e-type=\"column\">\n\t\t\t<div class=\"elementor-widget-wrap elementor-element-populated\">\n\t\t\t\t\t\t<div class=\"elementor-element elementor-element-58755155 elementor-widget elementor-widget-image\" data-id=\"58755155\" data-element_type=\"widget\" data-e-type=\"widget\" data-widget_type=\"image.default\">\n\t\t\t\t<div class=\"elementor-widget-container\">\n\t\t\t\t\t\t\t\t\t\t\t\t\t\t\t<img fetchpriority=\"high\" decoding=\"async\" width=\"452\" height=\"602\" src=\"https:\/\/musee.oceano.org\/wp-content\/uploads\/sites\/2\/2019\/05\/10_EDM-Mission-Badu-Island_Nov-2018_Ariel_Fuchs-452x602.jpg\" class=\"attachment-img-bloc-content size-img-bloc-content wp-image-22117\" alt=\"\" \/>\t\t\t\t\t\t\t\t\t\t\t\t\t\t\t<\/div>\n\t\t\t\t<\/div>\n\t\t\t\t\t<\/div>\n\t\t<\/div>\n\t\t\t\t\t<\/div>\n\t\t<\/section>\n\t\t\t\t<section class=\"elementor-section elementor-top-section elementor-element elementor-element-5c492ee3 elementor-section-boxed elementor-section-height-default elementor-section-height-default\" data-id=\"5c492ee3\" data-element_type=\"section\" data-e-type=\"section\">\n\t\t\t\t\t\t<div class=\"elementor-container elementor-column-gap-default\">\n\t\t\t\t\t<div class=\"elementor-column elementor-col-50 elementor-top-column elementor-element elementor-element-3c61e9e7\" data-id=\"3c61e9e7\" data-element_type=\"column\" data-e-type=\"column\">\n\t\t\t<div class=\"elementor-widget-wrap elementor-element-populated\">\n\t\t\t\t\t\t<div class=\"elementor-element elementor-element-617c9c2b elementor-widget elementor-widget-heading\" data-id=\"617c9c2b\" data-element_type=\"widget\" data-e-type=\"widget\" data-widget_type=\"heading.default\">\n\t\t\t\t<div class=\"elementor-widget-container\">\n\t\t\t\t\t<h2 class=\"elementor-heading-title elementor-size-default\">De nagedachtenis van Taba Naba<\/h2>\t\t\t\t<\/div>\n\t\t\t\t<\/div>\n\t\t\t\t<div class=\"elementor-element elementor-element-11c2fd9c elementor-widget elementor-widget-text-editor\" data-id=\"11c2fd9c\" data-element_type=\"widget\" data-e-type=\"widget\" data-widget_type=\"text-editor.default\">\n\t\t\t\t<div class=\"elementor-widget-container\">\n\t\t\t\t\t\t\t\t\t<p>In 2016 was het Oceanografisch Museum gastheer van Taba Naba, met de steun van de<br \/>\nAustralische regering en de staat Queensland. Drie grote tentoonstellingen hadden<br \/>\nsamenleefden en de unieke relatie tussen de volkeren van de zee en hun omgeving onderzochten.<br \/>\nEen dialoog tussen voorouderlijke traditie en moderniteit. Alick Tipoti had toen een<br \/>\nEen prachtige &#8220;linoleumsnede&#8221; van 17 x 40 meter op het enorme terras van het museum. Alick<br \/>\nTipoti is een van de beroemdste kunstenaars van de Torres Strait Islands. Hij is betrokken bij<br \/>\nhet culturele erfgoed, de tradities en de taal van deze landen.<br \/>\neilanden. Via zijn kunst verkent hij de traditionele kosmologie en vertelt hij hoe cultuur<br \/>\nmuziek, dans en beeldende kunst verweven om ons kennis te verschaffen<br \/>\nfundamentele informatie over het mariene milieu, van essentieel belang voor het overleven van volkeren. Zonder te durven<br \/>\nGeloof het of niet, hij had Z.S.H. Prins Albert II uitgenodigd om hem te bezoeken op zijn eiland, om<br \/>\nom de rijkdom van zijn cultuur te meten, zijn omgeving, en ook zijn kwetsbaarheid&#8230;<\/p>\n\t\t\t\t\t\t\t\t<\/div>\n\t\t\t\t<\/div>\n\t\t\t\t<div class=\"elementor-element elementor-element-4fb0109 elementor-widget elementor-widget-heading\" data-id=\"4fb0109\" data-element_type=\"widget\" data-e-type=\"widget\" data-widget_type=\"heading.default\">\n\t\t\t\t<div class=\"elementor-widget-container\">\n\t\t\t\t\t<h2 class=\"elementor-heading-title elementor-size-default\">Waar staat dit gebied symbool voor?<\/h2>\t\t\t\t<\/div>\n\t\t\t\t<\/div>\n\t\t\t\t<div class=\"elementor-element elementor-element-786450c8 elementor-widget elementor-widget-text-editor\" data-id=\"786450c8\" data-element_type=\"widget\" data-e-type=\"widget\" data-widget_type=\"text-editor.default\">\n\t\t\t\t<div class=\"elementor-widget-container\">\n\t\t\t\t\t\t\t\t\t<p>Tussen Australi\u00eb en Papoea-Nieuw-Guinea liggen de eilanden van de Torres Strait<br \/>\ngelegen op de kruising van de Koraalzee en de Arafurazee. De bevolking, geschat op<br \/>\nzevenduizend inwoners, is geconcentreerd op slechts veertien van de eilanden. Doorgewinterd sinds hun<br \/>\nkindertijd aan de ruwheid van de natuurlijke omgeving en aan het zwemmen tussen de &#8220;zoutjes&#8221;.<br \/>\n&#8211; krokodillen &#8211; en haaien, de bewoners van de Straat hebben een relatie met de<br \/>\nmet deze omgeving die hen zowel fysiologisch als<br \/>\nspiritueel. Torres Strait Islanders blijven zich inzetten voor de notie van<\/p>\n<p>clan, met name de familie Kwod met haar totems (krokodil, schildpad, doejong, rog),<br \/>\nemoe&#8230;). Het voorrecht van het clanhoofd en de raad van oudsten<br \/>\nnog steeds de overhand heeft voor vele onderwerpen, vooral voor de &#8220;inheemse titel&#8221;,<br \/>\ngewoonterecht van grondbezit.<\/p>\n\t\t\t\t\t\t\t\t<\/div>\n\t\t\t\t<\/div>\n\t\t\t\t<div class=\"elementor-element elementor-element-55d01a64 elementor-widget elementor-widget-text-editor\" data-id=\"55d01a64\" data-element_type=\"widget\" data-e-type=\"widget\" data-widget_type=\"text-editor.default\">\n\t\t\t\t<div class=\"elementor-widget-container\">\n\t\t\t\t\t\t\t\t\t<h1>WAT BEDREIGT HET?<\/h1>\n<p>Tegenwoordig is de inheemse bevolking van de Torres Strait minstens zes keer zo groot als die van de<br \/>op het Australische continent dan in zijn regio van oorsprong, met een risico van<br \/>ontbinding van tradities en voorouderlijke cultuur. Dit gebied is ook<br \/>die bijzonder kwetsbaar zijn voor de effecten van klimaatverandering: eilandkusten<br \/>erosie door hoogwater, verdwijning van koralen als gevolg van<br \/>van herhaalde periodes van verbleking&#8230; Tijdens een aquatische excursie in de<br \/>het eiland Badu, was Z.S.H. Prins Albert II in staat om de<br \/>effecten van de opwarming van de aarde op koraalriffen, die hebben geleden onder afleveringen<br \/>van ernstige verbleking in de afgelopen jaren. Badu is ook de thuishaven van de doejong, beschouwd<br \/>als heilig en waarmee veel clans zich identificeren. Het is het enige plantenetende zeezoogdier.<br \/>wordt nu bedreigd. Ten westen van de Torres Strait, is een beschermd reservaat<br \/>toegewijd.<\/p>\n\t\t\t\t\t\t\t\t<\/div>\n\t\t\t\t<\/div>\n\t\t\t\t\t<\/div>\n\t\t<\/div>\n\t\t\t\t<div class=\"elementor-column elementor-col-50 elementor-top-column elementor-element elementor-element-1663cc51\" data-id=\"1663cc51\" data-element_type=\"column\" data-e-type=\"column\" data-settings=\"{&quot;background_background&quot;:&quot;classic&quot;}\">\n\t\t\t<div class=\"elementor-widget-wrap elementor-element-populated\">\n\t\t\t\t\t\t<div class=\"elementor-element elementor-element-4086f95d elementor-widget elementor-widget-image\" data-id=\"4086f95d\" data-element_type=\"widget\" data-e-type=\"widget\" data-widget_type=\"image.default\">\n\t\t\t\t<div class=\"elementor-widget-container\">\n\t\t\t\t\t\t\t\t\t\t\t\t\t\t\t<img decoding=\"async\" width=\"1024\" height=\"1024\" src=\"https:\/\/musee.oceano.org\/wp-content\/uploads\/sites\/2\/2019\/06\/httpswww.instagram.compBx2QogqA7Uw-1024x1024.jpg\" class=\"attachment-large size-large wp-image-5030\" alt=\"\" srcset=\"https:\/\/musee.oceano.org\/wp-content\/uploads\/sites\/2\/2019\/06\/httpswww.instagram.compBx2QogqA7Uw-1024x1024.jpg 1024w, https:\/\/musee.oceano.org\/wp-content\/uploads\/sites\/2\/2019\/06\/httpswww.instagram.compBx2QogqA7Uw-300x300.jpg 300w, https:\/\/musee.oceano.org\/wp-content\/uploads\/sites\/2\/2019\/06\/httpswww.instagram.compBx2QogqA7Uw-150x150.jpg 150w, https:\/\/musee.oceano.org\/wp-content\/uploads\/sites\/2\/2019\/06\/httpswww.instagram.compBx2QogqA7Uw-768x768.jpg 768w, https:\/\/musee.oceano.org\/wp-content\/uploads\/sites\/2\/2019\/06\/httpswww.instagram.compBx2QogqA7Uw-433x433.jpg 433w, https:\/\/musee.oceano.org\/wp-content\/uploads\/sites\/2\/2019\/06\/httpswww.instagram.compBx2QogqA7Uw-334x334.jpg 334w, https:\/\/musee.oceano.org\/wp-content\/uploads\/sites\/2\/2019\/06\/httpswww.instagram.compBx2QogqA7Uw.jpg 1080w\" sizes=\"(max-width: 1024px) 100vw, 1024px\" \/>\t\t\t\t\t\t\t\t\t\t\t\t\t\t\t<\/div>\n\t\t\t\t<\/div>\n\t\t\t\t<div class=\"elementor-element elementor-element-25d1f1e0 elementor-widget elementor-widget-heading\" data-id=\"25d1f1e0\" data-element_type=\"widget\" data-e-type=\"widget\" data-widget_type=\"heading.default\">\n\t\t\t\t<div class=\"elementor-widget-container\">\n\t\t\t\t\t<h2 class=\"elementor-heading-title elementor-size-default\">BADU EILAND<\/h2>\t\t\t\t<\/div>\n\t\t\t\t<\/div>\n\t\t\t\t<div class=\"elementor-element elementor-element-3c32f1f0 elementor-widget elementor-widget-heading\" data-id=\"3c32f1f0\" data-element_type=\"widget\" data-e-type=\"widget\" data-widget_type=\"heading.default\">\n\t\t\t\t<div class=\"elementor-widget-container\">\n\t\t\t\t\t<h2 class=\"elementor-heading-title elementor-size-default\">Een missie van de verkenningen van monaco<\/h2>\t\t\t\t<\/div>\n\t\t\t\t<\/div>\n\t\t\t\t<section class=\"elementor-section elementor-inner-section elementor-element elementor-element-3cc608de elementor-section-boxed elementor-section-height-default elementor-section-height-default\" data-id=\"3cc608de\" data-element_type=\"section\" data-e-type=\"section\">\n\t\t\t\t\t\t<div class=\"elementor-container elementor-column-gap-default\">\n\t\t\t\t\t<div class=\"elementor-column elementor-col-100 elementor-inner-column elementor-element elementor-element-4266efea\" data-id=\"4266efea\" data-element_type=\"column\" data-e-type=\"column\">\n\t\t\t<div class=\"elementor-widget-wrap elementor-element-populated\">\n\t\t\t\t\t\t<div class=\"elementor-element elementor-element-2428b2a3 elementor-widget elementor-widget-text-editor\" data-id=\"2428b2a3\" data-element_type=\"widget\" data-e-type=\"widget\" data-widget_type=\"text-editor.default\">\n\t\t\t\t<div class=\"elementor-widget-container\">\n\t\t\t\t\t\t\t\t\t<p>In het verlengde van het Taba Naba evenement wenste Z.S.H. Prins Albert II een missie van Monaco Verkenningen te leiden naar het eiland Badu om de Alick Tipoti bevolking te ontmoeten. Een fototentoonstelling herinnert aan de hoogtepunten in de Conferentiezaal van het museum.<\/p>\n\t\t\t\t\t\t\t\t<\/div>\n\t\t\t\t<\/div>\n\t\t\t\t\t<\/div>\n\t\t<\/div>\n\t\t\t\t\t<\/div>\n\t\t<\/section>\n\t\t\t\t<section class=\"elementor-section elementor-inner-section elementor-element elementor-element-568ae70 elementor-section-boxed elementor-section-height-default elementor-section-height-default\" data-id=\"568ae70\" data-element_type=\"section\" data-e-type=\"section\">\n\t\t\t\t\t\t<div class=\"elementor-container elementor-column-gap-default\">\n\t\t\t\t\t<div class=\"elementor-column elementor-col-100 elementor-inner-column elementor-element elementor-element-f82500a\" data-id=\"f82500a\" data-element_type=\"column\" data-e-type=\"column\">\n\t\t\t<div class=\"elementor-widget-wrap elementor-element-populated\">\n\t\t\t\t\t\t<div class=\"elementor-element elementor-element-2cc9777 elementor-widget elementor-widget-text-editor\" data-id=\"2cc9777\" data-element_type=\"widget\" data-e-type=\"widget\" data-widget_type=\"text-editor.default\">\n\t\t\t\t<div class=\"elementor-widget-container\">\n\t\t\t\t\t\t\t\t\t<p>De Verkenningen van Monaco zijn een platform voor de inzet van Z.S.H. Prins Albert II voor de kennis, het duurzaam beheer en de bescherming van  <span style=\"letter-spacing: 0.16px;\">de oceaan. Zij zijn opgericht op initiatief van de regering van het Vorstendom Monaco.  <\/span><span style=\"letter-spacing: 0.16px;\">de Prins Albert II van Monaco Stichting, het Oceanografisch Instituut, het Centrum  <\/span><span style=\"letter-spacing: 0.16px;\">Wetenschappelijk van Monaco en de Yacht Club van Monaco. Zij steunen hun acties  <\/span><span style=\"letter-spacing: 0.16px;\">door internationale missies die wetenschappelijk onderzoek, voorlichting en samenwerking tussen regeringen combineren.<\/span><\/p>\n\t\t\t\t\t\t\t\t<\/div>\n\t\t\t\t<\/div>\n\t\t\t\t\t<\/div>\n\t\t<\/div>\n\t\t\t\t\t<\/div>\n\t\t<\/section>\n\t\t\t\t<section class=\"elementor-section elementor-inner-section elementor-element elementor-element-18c2211a elementor-section-boxed elementor-section-height-default elementor-section-height-default\" data-id=\"18c2211a\" data-element_type=\"section\" data-e-type=\"section\">\n\t\t\t\t\t\t<div class=\"elementor-container elementor-column-gap-default\">\n\t\t\t\t\t<div class=\"elementor-column elementor-col-100 elementor-inner-column elementor-element elementor-element-b52e29a\" data-id=\"b52e29a\" data-element_type=\"column\" data-e-type=\"column\">\n\t\t\t<div class=\"elementor-widget-wrap elementor-element-populated\">\n\t\t\t\t\t\t<div class=\"elementor-element elementor-element-1422d393 elementor-icon-list--layout-inline elementor-align-center elementor-list-item-link-full_width elementor-widget elementor-widget-icon-list\" data-id=\"1422d393\" data-element_type=\"widget\" data-e-type=\"widget\" data-widget_type=\"icon-list.default\">\n\t\t\t\t<div class=\"elementor-widget-container\">\n\t\t\t\t\t\t\t<ul class=\"elementor-icon-list-items elementor-inline-items\">\n\t\t\t\t\t\t\t<li class=\"elementor-icon-list-item elementor-inline-item\">\n\t\t\t\t\t\t\t\t\t\t\t<span class=\"elementor-icon-list-icon\">\n\t\t\t\t\t\t\t\t\t\t\t\t\t\t\t\t<i class=\"fa fa-facebook\" aria-hidden=\"true\"><\/i>\n\t\t\t\t\t\t\t\t\t\t\t\t\t<\/span>\n\t\t\t\t\t\t\t\t\t\t<span class=\"elementor-icon-list-text\">Facebook  <\/span>\n\t\t\t\t\t\t\t\t\t<\/li>\n\t\t\t\t\t\t\t\t<li class=\"elementor-icon-list-item elementor-inline-item\">\n\t\t\t\t\t\t\t\t\t\t\t<span class=\"elementor-icon-list-icon\">\n\t\t\t\t\t\t\t\t\t\t\t\t\t\t\t\t<i class=\"fa fa-twitter\" aria-hidden=\"true\"><\/i>\n\t\t\t\t\t\t\t\t\t\t\t\t\t<\/span>\n\t\t\t\t\t\t\t\t\t\t<span class=\"elementor-icon-list-text\">Twitter  <\/span>\n\t\t\t\t\t\t\t\t\t<\/li>\n\t\t\t\t\t\t\t\t<li class=\"elementor-icon-list-item elementor-inline-item\">\n\t\t\t\t\t\t\t\t\t\t\t<span class=\"elementor-icon-list-icon\">\n\t\t\t\t\t\t\t\t\t\t\t\t\t\t\t\t<i class=\"fa fa-instagram\" aria-hidden=\"true\"><\/i>\n\t\t\t\t\t\t\t\t\t\t\t\t\t<\/span>\n\t\t\t\t\t\t\t\t\t\t<span class=\"elementor-icon-list-text\">Instagram  <\/span>\n\t\t\t\t\t\t\t\t\t<\/li>\n\t\t\t\t\t\t\t\t<li class=\"elementor-icon-list-item elementor-inline-item\">\n\t\t\t\t\t\t\t\t\t\t\t<span class=\"elementor-icon-list-icon\">\n\t\t\t\t\t\t\t\t\t\t\t\t\t\t\t\t<i class=\"fa fa-youtube\" aria-hidden=\"true\"><\/i>\n\t\t\t\t\t\t\t\t\t\t\t\t\t<\/span>\n\t\t\t\t\t\t\t\t\t\t<span class=\"elementor-icon-list-text\">Youtube  <\/span>\n\t\t\t\t\t\t\t\t\t<\/li>\n\t\t\t\t\t\t<\/ul>\n\t\t\t\t\t\t<\/div>\n\t\t\t\t<\/div>\n\t\t\t\t\t<\/div>\n\t\t<\/div>\n\t\t\t\t\t<\/div>\n\t\t<\/section>\n\t\t\t\t\t<\/div>\n\t\t<\/div>\n\t\t\t\t\t<\/div>\n\t\t<\/section>\n\t\t\t\t<section class=\"elementor-section elementor-top-section elementor-element elementor-element-5cabb2f7 elementor-section-boxed elementor-section-height-default elementor-section-height-default\" data-id=\"5cabb2f7\" data-element_type=\"section\" data-e-type=\"section\" data-settings=\"{&quot;background_background&quot;:&quot;classic&quot;}\">\n\t\t\t\t\t\t<div class=\"elementor-container elementor-column-gap-default\">\n\t\t\t\t\t<div class=\"elementor-column elementor-col-100 elementor-top-column elementor-element elementor-element-5eef4f4c\" data-id=\"5eef4f4c\" data-element_type=\"column\" data-e-type=\"column\">\n\t\t\t<div class=\"elementor-widget-wrap elementor-element-populated\">\n\t\t\t\t\t\t<section class=\"elementor-section elementor-inner-section elementor-element elementor-element-3d8b1f93 elementor-section-boxed elementor-section-height-default elementor-section-height-default\" data-id=\"3d8b1f93\" data-element_type=\"section\" data-e-type=\"section\" data-settings=\"{&quot;background_background&quot;:&quot;classic&quot;}\">\n\t\t\t\t\t\t<div class=\"elementor-container elementor-column-gap-default\">\n\t\t\t\t\t<div class=\"elementor-column elementor-col-50 elementor-inner-column elementor-element elementor-element-6717dae\" data-id=\"6717dae\" data-element_type=\"column\" data-e-type=\"column\">\n\t\t\t<div class=\"elementor-widget-wrap elementor-element-populated\">\n\t\t\t\t\t\t<div class=\"elementor-element elementor-element-6acbfa59 elementor-widget elementor-widget-image\" data-id=\"6acbfa59\" data-element_type=\"widget\" data-e-type=\"widget\" data-widget_type=\"image.default\">\n\t\t\t\t<div class=\"elementor-widget-container\">\n\t\t\t\t\t\t\t\t\t\t\t\t\t\t\t<img decoding=\"async\" width=\"762\" height=\"578\" src=\"https:\/\/musee.oceano.org\/wp-content\/uploads\/sites\/2\/2019\/05\/162_EDM-Mission-Badu-Island_Nov-2018_Ariel_Fuchs-IMG_9981-762x578.jpg\" class=\"attachment-img-actu-section size-img-actu-section wp-image-22125\" alt=\"\" \/>\t\t\t\t\t\t\t\t\t\t\t\t\t\t\t<\/div>\n\t\t\t\t<\/div>\n\t\t\t\t\t<\/div>\n\t\t<\/div>\n\t\t\t\t<div class=\"elementor-column elementor-col-50 elementor-inner-column elementor-element elementor-element-620a3ecc\" data-id=\"620a3ecc\" data-element_type=\"column\" data-e-type=\"column\">\n\t\t\t<div class=\"elementor-widget-wrap elementor-element-populated\">\n\t\t\t\t\t\t<div class=\"elementor-element elementor-element-4b60608d elementor-widget elementor-widget-heading\" data-id=\"4b60608d\" data-element_type=\"widget\" data-e-type=\"widget\" data-widget_type=\"heading.default\">\n\t\t\t\t<div class=\"elementor-widget-container\">\n\t\t\t\t\t<h2 class=\"elementor-heading-title elementor-size-default\">De waarschuwing  <br>  ouderlingen<\/h2>\t\t\t\t<\/div>\n\t\t\t\t<\/div>\n\t\t\t\t<div class=\"elementor-element elementor-element-92ef459 elementor-widget elementor-widget-text-editor\" data-id=\"92ef459\" data-element_type=\"widget\" data-e-type=\"widget\" data-widget_type=\"text-editor.default\">\n\t\t\t\t<div class=\"elementor-widget-container\">\n\t\t\t\t\t\t\t\t\t<p>Van de vele uitwisselingen die ter plaatse plaatsvonden, blijft die tussen Z.S.H. Prins Albert II van Monaco en de oudsten van de Badu-gemeenschap een van de meest opvallende. Zijn gesprekspartners zeiden hem toen: &#8221;  <i>Wij staan in contact met de natuur en zien dus op de eerste rij de wisseling van de seizoenen, de verandering van het scala van natuurlijke elementen om ons heen. Wij zijn de beste getuigen. Voor ons is de klimaatverandering in de eerste plaats synoniem met het verlies van onze identiteit, het verdwijnen van onze wortels. We zijn bang voor onze cultuur, onze manier van leven. Helaas wordt er niet veel naar ons geluisterd. We moeten meer mensen laten getuigen van wat wij meemaken. Van wat ons raakt. Daarom is uw bezoek belangrijk voor ons. Het opent een venster op onze gemeenschappen die tegen de wereld zeggen: alles is niet goed! \u00bb<\/i><\/p>\n\t\t\t\t\t\t\t\t<\/div>\n\t\t\t\t<\/div>\n\t\t\t\t\t<\/div>\n\t\t<\/div>\n\t\t\t\t\t<\/div>\n\t\t<\/section>\n\t\t\t\t\t<\/div>\n\t\t<\/div>\n\t\t\t\t\t<\/div>\n\t\t<\/section>\n\t\t\t\t<section class=\"elementor-section elementor-top-section elementor-element elementor-element-708c092a elementor-section-boxed elementor-section-height-default elementor-section-height-default\" data-id=\"708c092a\" data-element_type=\"section\" data-e-type=\"section\" data-settings=\"{&quot;background_background&quot;:&quot;classic&quot;}\">\n\t\t\t\t\t\t<div class=\"elementor-container elementor-column-gap-default\">\n\t\t\t\t\t<div class=\"elementor-column elementor-col-100 elementor-top-column elementor-element elementor-element-d7bb78d\" data-id=\"d7bb78d\" data-element_type=\"column\" data-e-type=\"column\">\n\t\t\t<div class=\"elementor-widget-wrap elementor-element-populated\">\n\t\t\t\t\t\t<section class=\"elementor-section elementor-inner-section elementor-element elementor-element-177df259 elementor-section-boxed elementor-section-height-default elementor-section-height-default\" data-id=\"177df259\" data-element_type=\"section\" data-e-type=\"section\" data-settings=\"{&quot;background_background&quot;:&quot;classic&quot;}\">\n\t\t\t\t\t\t<div class=\"elementor-container elementor-column-gap-default\">\n\t\t\t\t\t<div class=\"elementor-column elementor-col-50 elementor-inner-column elementor-element elementor-element-569f3047\" data-id=\"569f3047\" data-element_type=\"column\" data-e-type=\"column\">\n\t\t\t<div class=\"elementor-widget-wrap elementor-element-populated\">\n\t\t\t\t\t\t<div class=\"elementor-element elementor-element-7bdc41ab elementor-widget elementor-widget-heading\" data-id=\"7bdc41ab\" data-element_type=\"widget\" data-e-type=\"widget\" data-widget_type=\"heading.default\">\n\t\t\t\t<div class=\"elementor-widget-container\">\n\t\t\t\t\t<h2 class=\"elementor-heading-title elementor-size-default\">Wat is een \"volk van de zee\"?<\/h2>\t\t\t\t<\/div>\n\t\t\t\t<\/div>\n\t\t\t\t<div class=\"elementor-element elementor-element-6f88024d elementor-widget elementor-widget-text-editor\" data-id=\"6f88024d\" data-element_type=\"widget\" data-e-type=\"widget\" data-widget_type=\"text-editor.default\">\n\t\t\t\t<div class=\"elementor-widget-container\">\n\t\t\t\t\t\t\t\t\t<p>Bruno David en Ian J. McNiven, van de Monash University (Melbourne, Australi\u00eb), helpen ons de identiteit van deze inheemse bevolkingsgroepen, die als een &#8220;volk van de zee&#8221; worden omschreven, beter te begrijpen: &#8221;  <i>Dit betekent dat men het grootste deel van zijn dagelijks leven doorbrengt in interactie met de zee, er rondzwerft en de mogelijkheden ervan exploiteert door middel van traditionele technieken zoals babagul, waarbij voedsel wordt verkregen door middel van speciale vaardigheden en magische kennis die wordt gebruikt aan boord van boten of bij het harpoeneren van doejongs vanaf naath-platforms. Het betekent ook nadenken over de elementaire krachten die het leven van dag tot dag bepalen: de golven, de zeewinden, de wolken die komen en gaan over verre oceanen, de sterren die ons leiden, de getijden, de dieren die zowel vertrouwd als gevaarlijk zijn, vissen, schildpadden en haaien. Om een volk van de zee te zijn, moet men een bijzondere affiniteit met de zee hebben, het is niet genoeg om er voedsel uit te halen. We moeten aan de zee denken.<\/i>  \u00bb<\/p>\n\t\t\t\t\t\t\t\t<\/div>\n\t\t\t\t<\/div>\n\t\t\t\t\t<\/div>\n\t\t<\/div>\n\t\t\t\t<div class=\"elementor-column elementor-col-50 elementor-inner-column elementor-element elementor-element-408724c7\" data-id=\"408724c7\" data-element_type=\"column\" data-e-type=\"column\">\n\t\t\t<div class=\"elementor-widget-wrap elementor-element-populated\">\n\t\t\t\t\t\t<div class=\"elementor-element elementor-element-1839fe0c elementor-widget elementor-widget-image\" data-id=\"1839fe0c\" data-element_type=\"widget\" data-e-type=\"widget\" data-widget_type=\"image.default\">\n\t\t\t\t<div class=\"elementor-widget-container\">\n\t\t\t\t\t\t\t\t\t\t\t\t\t\t\t<img loading=\"lazy\" decoding=\"async\" width=\"762\" height=\"578\" src=\"https:\/\/musee.oceano.org\/wp-content\/uploads\/sites\/2\/2019\/05\/140_EDM-Mission-Badu-Island_Nov-2018_Ariel_Fuchs-IMG_9765-762x578.jpg\" class=\"attachment-img-actu-section size-img-actu-section wp-image-22129\" alt=\"\" \/>\t\t\t\t\t\t\t\t\t\t\t\t\t\t\t<\/div>\n\t\t\t\t<\/div>\n\t\t\t\t\t<\/div>\n\t\t<\/div>\n\t\t\t\t\t<\/div>\n\t\t<\/section>\n\t\t\t\t\t<\/div>\n\t\t<\/div>\n\t\t\t\t\t<\/div>\n\t\t<\/section>\n\t\t\t\t<section class=\"elementor-section elementor-top-section elementor-element elementor-element-20bfdd01 elementor-section-full_width elementor-section-height-default elementor-section-height-default\" data-id=\"20bfdd01\" data-element_type=\"section\" data-e-type=\"section\">\n\t\t\t\t\t\t<div class=\"elementor-container elementor-column-gap-default\">\n\t\t\t\t\t<div class=\"elementor-column elementor-col-100 elementor-top-column elementor-element elementor-element-ce80243\" data-id=\"ce80243\" data-element_type=\"column\" data-e-type=\"column\">\n\t\t\t<div class=\"elementor-widget-wrap elementor-element-populated\">\n\t\t\t\t\t\t<div class=\"elementor-element elementor-element-1317ac03 elementor-widget elementor-widget-heading\" data-id=\"1317ac03\" data-element_type=\"widget\" data-e-type=\"widget\" data-widget_type=\"heading.default\">\n\t\t\t\t<div class=\"elementor-widget-container\">\n\t\t\t\t\t<h2 class=\"elementor-heading-title elementor-size-default\">Ook te zien\n\n<\/h2>\t\t\t\t<\/div>\n\t\t\t\t<\/div>\n\t\t\t\t\t<\/div>\n\t\t<\/div>\n\t\t\t\t\t<\/div>\n\t\t<\/section>\n\t\t\t\t<section class=\"elementor-section elementor-top-section elementor-element elementor-element-646633d3 elementor-section-boxed elementor-section-height-default elementor-section-height-default\" data-id=\"646633d3\" data-element_type=\"section\" data-e-type=\"section\" data-settings=\"{&quot;background_background&quot;:&quot;classic&quot;}\">\n\t\t\t\t\t\t<div class=\"elementor-container elementor-column-gap-default\">\n\t\t\t\t\t<div class=\"elementor-column elementor-col-33 elementor-top-column elementor-element elementor-element-7517c4d9\" data-id=\"7517c4d9\" data-element_type=\"column\" data-e-type=\"column\">\n\t\t\t<div class=\"elementor-widget-wrap elementor-element-populated\">\n\t\t\t\t\t\t<div class=\"elementor-element elementor-element-4f6598b7 elementor-widget elementor-widget-image\" data-id=\"4f6598b7\" data-element_type=\"widget\" data-e-type=\"widget\" data-widget_type=\"image.default\">\n\t\t\t\t<div class=\"elementor-widget-container\">\n\t\t\t\t\t\t\t\t\t\t\t\t\t\t\t<img decoding=\"async\" src=\"https:\/\/musee.oceano.org\/wp-content\/uploads\/sites\/2\/elementor\/thumbs\/3-1-MOM_0344-scaled-rjyt4by7d5btnnqa4w5qnm1rrsfmmi8uut7hpeu6ne.jpg\" title=\"3-1-MOM_0344\" alt=\"3-1-MOM_0344\" loading=\"lazy\" \/>\t\t\t\t\t\t\t\t\t\t\t\t\t\t\t<\/div>\n\t\t\t\t<\/div>\n\t\t\t\t<div class=\"elementor-element elementor-element-486e7a0d elementor-widget elementor-widget-heading\" data-id=\"486e7a0d\" data-element_type=\"widget\" data-e-type=\"widget\" data-widget_type=\"heading.default\">\n\t\t\t\t<div class=\"elementor-widget-container\">\n\t\t\t\t\t<h2 class=\"elementor-heading-title elementor-size-default\">De aquaria van het museum<\/h2>\t\t\t\t<\/div>\n\t\t\t\t<\/div>\n\t\t\t\t<div class=\"elementor-element elementor-element-55b031d8 elementor-align-center elementor-widget elementor-widget-button\" data-id=\"55b031d8\" data-element_type=\"widget\" data-e-type=\"widget\" data-widget_type=\"button.default\">\n\t\t\t\t<div class=\"elementor-widget-container\">\n\t\t\t\t\t\t\t\t\t<div class=\"elementor-button-wrapper\">\n\t\t\t\t\t<a class=\"elementor-button elementor-button-link elementor-size-md\" href=\"https:\/\/musee.oceano.org\/nl\/aquaria\/\">\n\t\t\t\t\t\t<span class=\"elementor-button-content-wrapper\">\n\t\t\t\t\t\t\t\t\t<span class=\"elementor-button-text\">ONTDEK<\/span>\n\t\t\t\t\t<\/span>\n\t\t\t\t\t<\/a>\n\t\t\t\t<\/div>\n\t\t\t\t\t\t\t\t<\/div>\n\t\t\t\t<\/div>\n\t\t\t\t\t<\/div>\n\t\t<\/div>\n\t\t\t\t<div class=\"elementor-column elementor-col-33 elementor-top-column elementor-element elementor-element-5fff2e74\" data-id=\"5fff2e74\" data-element_type=\"column\" data-e-type=\"column\">\n\t\t\t<div class=\"elementor-widget-wrap elementor-element-populated\">\n\t\t\t\t\t\t<div class=\"elementor-element elementor-element-66e6393e elementor-widget elementor-widget-image\" data-id=\"66e6393e\" data-element_type=\"widget\" data-e-type=\"widget\" data-widget_type=\"image.default\">\n\t\t\t\t<div class=\"elementor-widget-container\">\n\t\t\t\t\t\t\t\t\t\t\t\t\t\t\t<img decoding=\"async\" src=\"https:\/\/musee.oceano.org\/wp-content\/uploads\/sites\/2\/elementor\/thumbs\/ALBERT_badu-rjyt42jtgsyyfk3xns3gyof5txpyhj7jhiomwn84dm.png\" title=\"ALBERT_badu\" alt=\"ALBERT_badu\" loading=\"lazy\" \/>\t\t\t\t\t\t\t\t\t\t\t\t\t\t\t<\/div>\n\t\t\t\t<\/div>\n\t\t\t\t<div class=\"elementor-element elementor-element-6928c046 elementor-widget elementor-widget-heading\" data-id=\"6928c046\" data-element_type=\"widget\" data-e-type=\"widget\" data-widget_type=\"heading.default\">\n\t\t\t\t<div class=\"elementor-widget-container\">\n\t\t\t\t\t<h2 class=\"elementor-heading-title elementor-size-default\">Verkenningen van Monaco<\/h2>\t\t\t\t<\/div>\n\t\t\t\t<\/div>\n\t\t\t\t<div class=\"elementor-element elementor-element-78228566 elementor-align-center elementor-widget elementor-widget-button\" data-id=\"78228566\" data-element_type=\"widget\" data-e-type=\"widget\" data-widget_type=\"button.default\">\n\t\t\t\t<div class=\"elementor-widget-container\">\n\t\t\t\t\t\t\t\t\t<div class=\"elementor-button-wrapper\">\n\t\t\t\t\t<a class=\"elementor-button elementor-button-link elementor-size-md\" href=\"https:\/\/www.oceano.org\/nl\/monaco-de-stem-van-de-oceaan\/verkenningen-van-monaco\/\">\n\t\t\t\t\t\t<span class=\"elementor-button-content-wrapper\">\n\t\t\t\t\t\t\t\t\t<span class=\"elementor-button-text\">VERKEN<\/span>\n\t\t\t\t\t<\/span>\n\t\t\t\t\t<\/a>\n\t\t\t\t<\/div>\n\t\t\t\t\t\t\t\t<\/div>\n\t\t\t\t<\/div>\n\t\t\t\t\t<\/div>\n\t\t<\/div>\n\t\t\t\t<div class=\"elementor-column elementor-col-33 elementor-top-column elementor-element elementor-element-66cdc717\" data-id=\"66cdc717\" data-element_type=\"column\" data-e-type=\"column\">\n\t\t\t<div class=\"elementor-widget-wrap elementor-element-populated\">\n\t\t\t\t\t\t<div class=\"elementor-element elementor-element-8c6951c elementor-widget elementor-widget-image\" data-id=\"8c6951c\" data-element_type=\"widget\" data-e-type=\"widget\" data-widget_type=\"image.default\">\n\t\t\t\t<div class=\"elementor-widget-container\">\n\t\t\t\t\t\t\t\t\t\t\t\t\t\t\t<img decoding=\"async\" src=\"https:\/\/musee.oceano.org\/wp-content\/uploads\/sites\/2\/elementor\/thumbs\/httpswww.instagram.compBx-BKBfFQAN-rjyt4gnebbi99pjgdg6vi2v2qpsgozrijggx3sn7sa.jpg\" title=\"httpswww.instagram.compBx-BKBfFQAN\" alt=\"httpswww.instagram.compBx-BKBfFQAN\" loading=\"lazy\" \/>\t\t\t\t\t\t\t\t\t\t\t\t\t\t\t<\/div>\n\t\t\t\t<\/div>\n\t\t\t\t<div class=\"elementor-element elementor-element-31210fe4 elementor-widget elementor-widget-heading\" data-id=\"31210fe4\" data-element_type=\"widget\" data-e-type=\"widget\" data-widget_type=\"heading.default\">\n\t\t\t\t<div class=\"elementor-widget-container\">\n\t\t\t\t\t<h2 class=\"elementor-heading-title elementor-size-default\">Turtle Odyssey<\/h2>\t\t\t\t<\/div>\n\t\t\t\t<\/div>\n\t\t\t\t<div class=\"elementor-element elementor-element-554ab27b elementor-align-center elementor-widget elementor-widget-button\" data-id=\"554ab27b\" data-element_type=\"widget\" data-e-type=\"widget\" data-widget_type=\"button.default\">\n\t\t\t\t<div class=\"elementor-widget-container\">\n\t\t\t\t\t\t\t\t\t<div class=\"elementor-button-wrapper\">\n\t\t\t\t\t<a class=\"elementor-button elementor-button-link elementor-size-md\" href=\"https:\/\/musee.oceano.org\/nl\/de-zeeschildpadden-odyssee\/\">\n\t\t\t\t\t\t<span class=\"elementor-button-content-wrapper\">\n\t\t\t\t\t\t\t\t\t<span class=\"elementor-button-text\">BEZOEK<\/span>\n\t\t\t\t\t<\/span>\n\t\t\t\t\t<\/a>\n\t\t\t\t<\/div>\n\t\t\t\t\t\t\t\t<\/div>\n\t\t\t\t<\/div>\n\t\t\t\t\t<\/div>\n\t\t<\/div>\n\t\t\t\t\t<\/div>\n\t\t<\/section>\n\t\t\t\t<section class=\"elementor-section elementor-top-section elementor-element elementor-element-635215f8 elementor-section-full_width elementor-section-height-default elementor-section-height-default\" data-id=\"635215f8\" data-element_type=\"section\" data-e-type=\"section\" data-settings=\"{&quot;background_background&quot;:&quot;classic&quot;}\">\n\t\t\t\t\t\t<div class=\"elementor-container elementor-column-gap-default\">\n\t\t\t\t\t<div class=\"elementor-column elementor-col-100 elementor-top-column elementor-element elementor-element-4a72a651\" data-id=\"4a72a651\" data-element_type=\"column\" data-e-type=\"column\">\n\t\t\t<div class=\"elementor-widget-wrap elementor-element-populated\">\n\t\t\t\t\t\t<div class=\"elementor-element elementor-element-6d5aff7a elementor-widget elementor-widget-heading\" data-id=\"6d5aff7a\" data-element_type=\"widget\" data-e-type=\"widget\" data-widget_type=\"heading.default\">\n\t\t\t\t<div class=\"elementor-widget-container\">\n\t\t\t\t\t<h2 class=\"elementor-heading-title elementor-size-default\">Vorige tentoonstellingen<\/h2>\t\t\t\t<\/div>\n\t\t\t\t<\/div>\n\t\t\t\t\t<\/div>\n\t\t<\/div>\n\t\t\t\t\t<\/div>\n\t\t<\/section>\n\t\t\t\t<section class=\"elementor-section elementor-top-section elementor-element elementor-element-6a904711 elementor-section-content-middle elementor-section-boxed elementor-section-height-default elementor-section-height-default\" data-id=\"6a904711\" data-element_type=\"section\" data-e-type=\"section\" data-settings=\"{&quot;background_background&quot;:&quot;classic&quot;}\">\n\t\t\t\t\t\t<div class=\"elementor-container elementor-column-gap-default\">\n\t\t\t\t\t<div class=\"elementor-column elementor-col-100 elementor-top-column elementor-element elementor-element-131b51a\" data-id=\"131b51a\" data-element_type=\"column\" data-e-type=\"column\">\n\t\t\t<div class=\"elementor-widget-wrap elementor-element-populated\">\n\t\t\t\t\t\t<div class=\"elementor-element elementor-element-2f410b04 elementor-widget elementor-widget-shortcode\" data-id=\"2f410b04\" data-element_type=\"widget\" data-e-type=\"widget\" data-widget_type=\"shortcode.default\">\n\t\t\t\t<div class=\"elementor-widget-container\">\n\t\t\t\t\t\t\t<div class=\"elementor-shortcode\"><div class=\"related-cp\">\n    <div class=\"flex-container former_expositions_slides\">\n        <div class=\"txt-center cp-block\">\n    <div class=\"zoom-effect\">\n        <img loading=\"lazy\" decoding=\"async\" width=\"433\" height=\"433\" src=\"https:\/\/musee.oceano.org\/wp-content\/uploads\/sites\/2\/2024\/03\/mission-polaire-2.jpg\" class=\"attachment-img-bloc-three-content size-img-bloc-three-content wp-post-image\" alt=\"\" srcset=\"https:\/\/musee.oceano.org\/wp-content\/uploads\/sites\/2\/2024\/03\/mission-polaire-2.jpg 433w, https:\/\/musee.oceano.org\/wp-content\/uploads\/sites\/2\/2024\/03\/mission-polaire-2-300x300.jpg 300w, https:\/\/musee.oceano.org\/wp-content\/uploads\/sites\/2\/2024\/03\/mission-polaire-2-150x150.jpg 150w, https:\/\/musee.oceano.org\/wp-content\/uploads\/sites\/2\/2024\/03\/mission-polaire-2-334x334.jpg 334w\" sizes=\"(max-width: 433px) 100vw, 433px\" \/>    <\/div>\n    <h5 class=\"color-white mtl\">Missie Polaire, de &#8220;IMMERSION&#8221; tentoonstelling<\/h5>\n    <a href=\"https:\/\/musee.oceano.org\/nl\/tentoonstellingen\/missie-polaire-de-immersion-tentoonstelling\/\" class=\"btn color-white border-white mrauto mlauto mtl\">\n        <span class=\"btn-text\">Zie<\/span>\n    <\/a>\n<\/div>\n\n<div class=\"txt-center cp-block\">\n    <div class=\"zoom-effect\">\n        <img loading=\"lazy\" decoding=\"async\" width=\"433\" height=\"433\" src=\"https:\/\/musee.oceano.org\/wp-content\/uploads\/sites\/2\/2019\/05\/LOW-FINI-09_Artiste-Alick-Tipoti_M_Dagnino-433x433.jpg\" class=\"attachment-img-bloc-three-content size-img-bloc-three-content wp-post-image\" alt=\"\" srcset=\"https:\/\/musee.oceano.org\/wp-content\/uploads\/sites\/2\/2019\/05\/LOW-FINI-09_Artiste-Alick-Tipoti_M_Dagnino-433x433.jpg 433w, https:\/\/musee.oceano.org\/wp-content\/uploads\/sites\/2\/2019\/05\/LOW-FINI-09_Artiste-Alick-Tipoti_M_Dagnino-150x150.jpg 150w, https:\/\/musee.oceano.org\/wp-content\/uploads\/sites\/2\/2019\/05\/LOW-FINI-09_Artiste-Alick-Tipoti_M_Dagnino-300x300.jpg 300w, https:\/\/musee.oceano.org\/wp-content\/uploads\/sites\/2\/2019\/05\/LOW-FINI-09_Artiste-Alick-Tipoti_M_Dagnino-768x767.jpg 768w, https:\/\/musee.oceano.org\/wp-content\/uploads\/sites\/2\/2019\/05\/LOW-FINI-09_Artiste-Alick-Tipoti_M_Dagnino-1024x1024.jpg 1024w, https:\/\/musee.oceano.org\/wp-content\/uploads\/sites\/2\/2019\/05\/LOW-FINI-09_Artiste-Alick-Tipoti_M_Dagnino-334x334.jpg 334w, https:\/\/musee.oceano.org\/wp-content\/uploads\/sites\/2\/2019\/05\/LOW-FINI-09_Artiste-Alick-Tipoti_M_Dagnino.jpg 1039w\" sizes=\"(max-width: 433px) 100vw, 433px\" \/>    <\/div>\n    <h5 class=\"color-white mtl\">Taba Naba<\/h5>\n    <a href=\"https:\/\/musee.oceano.org\/nl\/tentoonstellingen\/taba-naba\/\" class=\"btn color-white border-white mrauto mlauto mtl\">\n        <span class=\"btn-text\">Zie<\/span>\n    <\/a>\n<\/div>\n\n<div class=\"txt-center cp-block\">\n    <div class=\"zoom-effect\">\n        <img loading=\"lazy\" decoding=\"async\" width=\"433\" height=\"433\" src=\"https:\/\/musee.oceano.org\/wp-content\/uploads\/sites\/2\/2019\/06\/1426590317-433x433.jpg\" class=\"attachment-img-bloc-three-content size-img-bloc-three-content wp-post-image\" alt=\"\" srcset=\"https:\/\/musee.oceano.org\/wp-content\/uploads\/sites\/2\/2019\/06\/1426590317-433x433.jpg 433w, https:\/\/musee.oceano.org\/wp-content\/uploads\/sites\/2\/2019\/06\/1426590317-150x150.jpg 150w, https:\/\/musee.oceano.org\/wp-content\/uploads\/sites\/2\/2019\/06\/1426590317-334x334.jpg 334w\" sizes=\"(max-width: 433px) 100vw, 433px\" \/>    <\/div>\n    <h5 class=\"color-white mtl\">Over haaien en de mensheid<\/h5>\n    <a href=\"https:\/\/musee.oceano.org\/nl\/tentoonstellingen\/over-haaien-en-de-mensheid\/\" class=\"btn color-white border-white mrauto mlauto mtl\">\n        <span class=\"btn-text\">Zie<\/span>\n    <\/a>\n<\/div>\n\n<div class=\"txt-center cp-block\">\n    <div class=\"zoom-effect\">\n        <img loading=\"lazy\" decoding=\"async\" width=\"433\" height=\"433\" src=\"https:\/\/musee.oceano.org\/wp-content\/uploads\/sites\/2\/2019\/10\/Huang-Yong-Ping-433x433.jpg\" class=\"attachment-img-bloc-three-content size-img-bloc-three-content wp-post-image\" alt=\"\" srcset=\"https:\/\/musee.oceano.org\/wp-content\/uploads\/sites\/2\/2019\/10\/Huang-Yong-Ping-433x433.jpg 433w, https:\/\/musee.oceano.org\/wp-content\/uploads\/sites\/2\/2019\/10\/Huang-Yong-Ping-150x150.jpg 150w, https:\/\/musee.oceano.org\/wp-content\/uploads\/sites\/2\/2019\/10\/Huang-Yong-Ping-334x334.jpg 334w\" sizes=\"(max-width: 433px) 100vw, 433px\" \/>    <\/div>\n    <h5 class=\"color-white mtl\">Eerbetoon: Huang Yong Ping<\/h5>\n    <a href=\"https:\/\/musee.oceano.org\/nl\/tentoonstellingen\/eerbetoon-huang-yong-ping\/\" class=\"btn color-white border-white mrauto mlauto mtl\">\n        <span class=\"btn-text\">Zie<\/span>\n    <\/a>\n<\/div>\n\n<div class=\"txt-center cp-block\">\n    <div class=\"zoom-effect\">\n        <img loading=\"lazy\" decoding=\"async\" width=\"433\" height=\"433\" src=\"https:\/\/musee.oceano.org\/wp-content\/uploads\/sites\/2\/2019\/05\/4-Parcours-th\u00e9matique-Odyss\u00e9e-des-tortues-marines-\u00a9-M.-Dagnino-Institut-oc\u00e9anographique-433x433.jpg\" class=\"attachment-img-bloc-three-content size-img-bloc-three-content wp-post-image\" alt=\"\" srcset=\"https:\/\/musee.oceano.org\/wp-content\/uploads\/sites\/2\/2019\/05\/4-Parcours-th\u00e9matique-Odyss\u00e9e-des-tortues-marines-\u00a9-M.-Dagnino-Institut-oc\u00e9anographique-433x433.jpg 433w, https:\/\/musee.oceano.org\/wp-content\/uploads\/sites\/2\/2019\/05\/4-Parcours-th\u00e9matique-Odyss\u00e9e-des-tortues-marines-\u00a9-M.-Dagnino-Institut-oc\u00e9anographique-150x150.jpg 150w, https:\/\/musee.oceano.org\/wp-content\/uploads\/sites\/2\/2019\/05\/4-Parcours-th\u00e9matique-Odyss\u00e9e-des-tortues-marines-\u00a9-M.-Dagnino-Institut-oc\u00e9anographique-334x334.jpg 334w\" sizes=\"(max-width: 433px) 100vw, 433px\" \/>    <\/div>\n    <h5 class=\"color-white mtl\">De Zeeschildpadden Odyssee &#8211; De Tentoonstelling<\/h5>\n    <a href=\"https:\/\/musee.oceano.org\/nl\/tentoonstellingen\/de-zeeschildpadden-odyssee-de-tentoonstelling\/\" class=\"btn color-white border-white mrauto mlauto mtl\">\n        <span class=\"btn-text\">Zie<\/span>\n    <\/a>\n<\/div>\n\n<div class=\"txt-center cp-block\">\n    <div class=\"zoom-effect\">\n        <img loading=\"lazy\" decoding=\"async\" width=\"433\" height=\"433\" src=\"https:\/\/musee.oceano.org\/wp-content\/uploads\/sites\/2\/2019\/12\/tortue-verte-\u00a9Fabien-Lefebvre-Explorations-de-Monaco--433x433.jpg\" class=\"attachment-img-bloc-three-content size-img-bloc-three-content wp-post-image\" alt=\"\" srcset=\"https:\/\/musee.oceano.org\/wp-content\/uploads\/sites\/2\/2019\/12\/tortue-verte-\u00a9Fabien-Lefebvre-Explorations-de-Monaco--433x433.jpg 433w, https:\/\/musee.oceano.org\/wp-content\/uploads\/sites\/2\/2019\/12\/tortue-verte-\u00a9Fabien-Lefebvre-Explorations-de-Monaco--150x150.jpg 150w, https:\/\/musee.oceano.org\/wp-content\/uploads\/sites\/2\/2019\/12\/tortue-verte-\u00a9Fabien-Lefebvre-Explorations-de-Monaco--334x334.jpg 334w\" sizes=\"(max-width: 433px) 100vw, 433px\" \/>    <\/div>\n    <h5 class=\"color-white mtl\">Tentoonstelling Martinique<\/h5>\n    <a href=\"https:\/\/musee.oceano.org\/nl\/tentoonstellingen\/tentoonstelling-martinique\/\" class=\"btn color-white border-white mrauto mlauto mtl\">\n        <span class=\"btn-text\">Zie<\/span>\n    <\/a>\n<\/div>\n\n<div class=\"txt-center cp-block\">\n    <div class=\"zoom-effect\">\n        <img loading=\"lazy\" decoding=\"async\" width=\"433\" height=\"433\" src=\"https:\/\/musee.oceano.org\/wp-content\/uploads\/sites\/2\/2019\/06\/1484671235-433x433.jpg\" class=\"attachment-img-bloc-three-content size-img-bloc-three-content wp-post-image\" alt=\"\" srcset=\"https:\/\/musee.oceano.org\/wp-content\/uploads\/sites\/2\/2019\/06\/1484671235-433x433.jpg 433w, https:\/\/musee.oceano.org\/wp-content\/uploads\/sites\/2\/2019\/06\/1484671235-150x150.jpg 150w, https:\/\/musee.oceano.org\/wp-content\/uploads\/sites\/2\/2019\/06\/1484671235-334x334.jpg 334w\" sizes=\"(max-width: 433px) 100vw, 433px\" \/>    <\/div>\n    <h5 class=\"color-white mtl\">Sharks<\/h5>\n    <a href=\"https:\/\/musee.oceano.org\/nl\/tentoonstellingen\/sharks\/\" class=\"btn color-white border-white mrauto mlauto mtl\">\n        <span class=\"btn-text\">Zie<\/span>\n    <\/a>\n<\/div>\n\n<div class=\"txt-center cp-block\">\n    <div class=\"zoom-effect\">\n        <img loading=\"lazy\" decoding=\"async\" width=\"433\" height=\"433\" src=\"https:\/\/musee.oceano.org\/wp-content\/uploads\/sites\/2\/2020\/02\/07-TrepanierITA2Painting-Tanquary-Fiord-Behind.-Photo-by-Carl-Trepanier-433x433.jpg\" class=\"attachment-img-bloc-three-content size-img-bloc-three-content wp-post-image\" alt=\"\" srcset=\"https:\/\/musee.oceano.org\/wp-content\/uploads\/sites\/2\/2020\/02\/07-TrepanierITA2Painting-Tanquary-Fiord-Behind.-Photo-by-Carl-Trepanier-433x433.jpg 433w, https:\/\/musee.oceano.org\/wp-content\/uploads\/sites\/2\/2020\/02\/07-TrepanierITA2Painting-Tanquary-Fiord-Behind.-Photo-by-Carl-Trepanier-150x150.jpg 150w, https:\/\/musee.oceano.org\/wp-content\/uploads\/sites\/2\/2020\/02\/07-TrepanierITA2Painting-Tanquary-Fiord-Behind.-Photo-by-Carl-Trepanier-334x334.jpg 334w\" sizes=\"(max-width: 433px) 100vw, 433px\" \/>    <\/div>\n    <h5 class=\"color-white mtl\">In het hart van de Noordpool<\/h5>\n    <a href=\"https:\/\/musee.oceano.org\/nl\/tentoonstellingen\/in-het-hart-van-de-noordpool\/\" class=\"btn color-white border-white mrauto mlauto mtl\">\n        <span class=\"btn-text\">Zie<\/span>\n    <\/a>\n<\/div>\n\n<div class=\"txt-center cp-block\">\n    <div class=\"zoom-effect\">\n        <img loading=\"lazy\" decoding=\"async\" width=\"433\" height=\"433\" src=\"https:\/\/musee.oceano.org\/wp-content\/uploads\/sites\/2\/2020\/10\/Michel-AUBERY-01-2-433x433.jpg\" class=\"attachment-img-bloc-three-content size-img-bloc-three-content wp-post-image\" alt=\"\" srcset=\"https:\/\/musee.oceano.org\/wp-content\/uploads\/sites\/2\/2020\/10\/Michel-AUBERY-01-2-433x433.jpg 433w, https:\/\/musee.oceano.org\/wp-content\/uploads\/sites\/2\/2020\/10\/Michel-AUBERY-01-2-150x150.jpg 150w, https:\/\/musee.oceano.org\/wp-content\/uploads\/sites\/2\/2020\/10\/Michel-AUBERY-01-2-334x334.jpg 334w\" sizes=\"(max-width: 433px) 100vw, 433px\" \/>    <\/div>\n    <h5 class=\"color-white mtl\">EXHIBITIE &#8221; RECIFS &#8221; door MICHEL AUBERY<\/h5>\n    <a href=\"https:\/\/musee.oceano.org\/nl\/tentoonstellingen\/exhibitie-recifs-door-michel-aubery\/\" class=\"btn color-white border-white mrauto mlauto mtl\">\n        <span class=\"btn-text\">Zie<\/span>\n    <\/a>\n<\/div>\n\n    <\/div>\n<\/div>\n<\/div>\n\t\t\t\t\t\t<\/div>\n\t\t\t\t<\/div>\n\t\t\t\t\t<\/div>\n\t\t<\/div>\n\t\t\t\t\t<\/div>\n\t\t<\/section>\n\t\t\t\t<\/div>\n\t\t","protected":false},"excerpt":{"rendered":"<p>In de geest van de historische expedities van zijn betovergrootvader Prins Albert I, heeft Z.S.H. Prins Albert II de Explorations de Monaco nieuw leven ingeblazen. Het was in deze context dat hij Badu bezocht, \u00e9\u00e9n van de Torres Strait eilanden in Australi\u00eb.<\/p>\n","protected":false},"featured_media":22189,"parent":0,"template":"","meta":{"_acf_changed":false,"footnotes":""},"etatexpositions":[333],"class_list":["post-25271","expositions","type-expositions","status-publish","has-post-thumbnail","hentry","etatexpositions-vorige"],"acf":[],"yoast_head":"<!-- This site is optimized with the Yoast SEO plugin v27.2 - https:\/\/yoast.com\/product\/yoast-seo-wordpress\/ -->\n<title>Badu Island - Mus\u00e9e Oc\u00e9anographique de Monaco<\/title>\n<meta name=\"robots\" content=\"index, follow, max-snippet:-1, max-image-preview:large, max-video-preview:-1\" \/>\n<link rel=\"canonical\" href=\"https:\/\/musee.oceano.org\/nl\/tentoonstellingen\/badu-island-2\/\" \/>\n<meta property=\"og:locale\" content=\"nl_NL\" \/>\n<meta property=\"og:type\" content=\"article\" \/>\n<meta property=\"og:title\" content=\"Badu Island - Mus\u00e9e Oc\u00e9anographique de Monaco\" \/>\n<meta property=\"og:description\" content=\"In de geest van de historische expedities van zijn betovergrootvader Prins Albert I, heeft Z.S.H. Prins Albert II de Explorations de Monaco nieuw leven ingeblazen. Het was in deze context dat hij Badu bezocht, \u00e9\u00e9n van de Torres Strait eilanden in Australi\u00eb.\" \/>\n<meta property=\"og:url\" content=\"https:\/\/musee.oceano.org\/nl\/tentoonstellingen\/badu-island-2\/\" \/>\n<meta property=\"og:site_name\" content=\"Mus\u00e9e Oc\u00e9anographique de Monaco\" \/>\n<meta property=\"article:modified_time\" content=\"2021-07-15T15:40:38+00:00\" \/>\n<meta property=\"og:image\" content=\"https:\/\/musee.oceano.org\/wp-content\/uploads\/sites\/2\/2019\/05\/LOW-FINI-FLUI-108_EDM-Mission-Badu-Island_Nov-2018_Ariel_Fuchs-IMG_9620.jpg\" \/>\n\t<meta property=\"og:image:width\" content=\"1559\" \/>\n\t<meta property=\"og:image:height\" content=\"1039\" \/>\n\t<meta property=\"og:image:type\" content=\"image\/jpeg\" \/>\n<meta name=\"twitter:card\" content=\"summary_large_image\" \/>\n<meta name=\"twitter:label1\" content=\"Geschatte leestijd\" \/>\n\t<meta name=\"twitter:data1\" content=\"9 minuten\" \/>\n<script type=\"application\/ld+json\" class=\"yoast-schema-graph\">{\"@context\":\"https:\/\/schema.org\",\"@graph\":[{\"@type\":\"WebPage\",\"@id\":\"https:\/\/musee.oceano.org\/nl\/tentoonstellingen\/badu-island-2\/\",\"url\":\"https:\/\/musee.oceano.org\/nl\/tentoonstellingen\/badu-island-2\/\",\"name\":\"Badu Island - Mus\u00e9e Oc\u00e9anographique de Monaco\",\"isPartOf\":{\"@id\":\"https:\/\/musee.oceano.org\/#website\"},\"primaryImageOfPage\":{\"@id\":\"https:\/\/musee.oceano.org\/nl\/tentoonstellingen\/badu-island-2\/#primaryimage\"},\"image\":{\"@id\":\"https:\/\/musee.oceano.org\/nl\/tentoonstellingen\/badu-island-2\/#primaryimage\"},\"thumbnailUrl\":\"https:\/\/musee.oceano.org\/wp-content\/uploads\/sites\/2\/2019\/05\/LOW-FINI-FLUI-108_EDM-Mission-Badu-Island_Nov-2018_Ariel_Fuchs-IMG_9620.jpg\",\"datePublished\":\"2021-06-25T12:42:37+00:00\",\"dateModified\":\"2021-07-15T15:40:38+00:00\",\"breadcrumb\":{\"@id\":\"https:\/\/musee.oceano.org\/nl\/tentoonstellingen\/badu-island-2\/#breadcrumb\"},\"inLanguage\":\"nl-NL\",\"potentialAction\":[{\"@type\":\"ReadAction\",\"target\":[\"https:\/\/musee.oceano.org\/nl\/tentoonstellingen\/badu-island-2\/\"]}]},{\"@type\":\"ImageObject\",\"inLanguage\":\"nl-NL\",\"@id\":\"https:\/\/musee.oceano.org\/nl\/tentoonstellingen\/badu-island-2\/#primaryimage\",\"url\":\"https:\/\/musee.oceano.org\/wp-content\/uploads\/sites\/2\/2019\/05\/LOW-FINI-FLUI-108_EDM-Mission-Badu-Island_Nov-2018_Ariel_Fuchs-IMG_9620.jpg\",\"contentUrl\":\"https:\/\/musee.oceano.org\/wp-content\/uploads\/sites\/2\/2019\/05\/LOW-FINI-FLUI-108_EDM-Mission-Badu-Island_Nov-2018_Ariel_Fuchs-IMG_9620.jpg\",\"width\":1559,\"height\":1039,\"caption\":\"R\u00e9concilier l\u2019humanit\u00e9 et la mer LES EXPLORATIONS DE MONACO Autour du monde pour 3 ans au chevet des mers et des oc\u00e9ans, S.A.S. le Prince Albert II de Monaco a lanc\u00e9 aujourd\u2019hui le programme Monaco Explorations. \u00c0 travers celui-ci la Principaut\u00e9 va mettre \u00e0 la disposition de la communaut\u00e9 scientifique internationale une plateforme de recherche itin\u00e9rante, le Yersin sur laquelle des chercheurs du monde entier vont se succ\u00e9der pendant 36 mois. \u00ab Les d\u00e9cisions que nous devons prendre pour le futur de notre plan\u00e8te s\u2019appuient sur la connaissance. \u00bb a indiqu\u00e9 le Souverain \u00ab ...En renouant avec le principe des explorations scientifiques en mer nous fournirons de nouveaux \u00e9l\u00e9ments concrets \u00e9tayant les messages d\u2019alerte, de sensibilisation et d\u2019\u00e9ducation. \u00bb Le navire battant pavillon mon\u00e9gasque quittera le port de Monaco en Ao\u00fbt 2017 pour y revenir en 2020 en suivant une route longitudinale entre les Tropiques. Les zones d\u2019\u00e9tude ont \u00e9t\u00e9 retenues par le Comit\u00e9 d\u2019Orientation Scientifique dirig\u00e9 par le Professeur Patrick Rampal (Centre Scientifique de Monaco) et qui int\u00e8gre 10 membres provenant d\u2019institutions de renomm\u00e9e internationale. Il s\u00e9lectionne depuis plusieurs mois les projets parmi les dizaines qui lui sont soumis. \u00ab C\u2019est \u00e0 la fois un immense honneur de participer \u00e0 une pareille aventure et une grande d\u00e9tresse de voir \u00e0 la lecture des dossiers \u00e0 quel point nous avons maltrait\u00e9 nos oc\u00e9ans. \u00bb pr\u00e9cise le Professeur Rampal. La premi\u00e8re de ces missions se d\u00e9roulera en septembre 2017 en Macaron\u00e9sie autour des archipels de Mad\u00e8re et du Cap-Vert. Le Prince Albert Ier, qui s\u2019y est souvent rendu, inspirera fortement les \u00e9quipes de recherche. Des \u00e9tudes comparatives permettront d\u2019analyser les effets de l\u2019exploitation de la mer et du changement global. La mission portera sur la connaissance et la protection de la m\u00e9gafaune, notamment les esp\u00e8ces menac\u00e9es : tortues, c\u00e9tac\u00e9s, phoques moines, requins. Les\"},{\"@type\":\"BreadcrumbList\",\"@id\":\"https:\/\/musee.oceano.org\/nl\/tentoonstellingen\/badu-island-2\/#breadcrumb\",\"itemListElement\":[{\"@type\":\"ListItem\",\"position\":1,\"name\":\"Home\",\"item\":\"https:\/\/musee.oceano.org\/nl\/\"},{\"@type\":\"ListItem\",\"position\":2,\"name\":\"Tentoonstellingen\",\"item\":\"https:\/\/musee.oceano.org\/nl\/tentoonstellingen\/\"},{\"@type\":\"ListItem\",\"position\":3,\"name\":\"Badu Island\"}]},{\"@type\":\"WebSite\",\"@id\":\"https:\/\/musee.oceano.org\/#website\",\"url\":\"https:\/\/musee.oceano.org\/\",\"name\":\"Mus\u00e9e Oc\u00e9anographique de Monaco\",\"description\":\"Faire conna\u00eetre, aimer et prot\u00e9ger les oc\u00e9ans\",\"potentialAction\":[{\"@type\":\"SearchAction\",\"target\":{\"@type\":\"EntryPoint\",\"urlTemplate\":\"https:\/\/musee.oceano.org\/?s={search_term_string}\"},\"query-input\":{\"@type\":\"PropertyValueSpecification\",\"valueRequired\":true,\"valueName\":\"search_term_string\"}}],\"inLanguage\":\"nl-NL\"}]}<\/script>\n<!-- \/ Yoast SEO plugin. -->","yoast_head_json":{"title":"Badu Island - Mus\u00e9e Oc\u00e9anographique de Monaco","robots":{"index":"index","follow":"follow","max-snippet":"max-snippet:-1","max-image-preview":"max-image-preview:large","max-video-preview":"max-video-preview:-1"},"canonical":"https:\/\/musee.oceano.org\/nl\/tentoonstellingen\/badu-island-2\/","og_locale":"nl_NL","og_type":"article","og_title":"Badu Island - Mus\u00e9e Oc\u00e9anographique de Monaco","og_description":"In de geest van de historische expedities van zijn betovergrootvader Prins Albert I, heeft Z.S.H. Prins Albert II de Explorations de Monaco nieuw leven ingeblazen. Het was in deze context dat hij Badu bezocht, \u00e9\u00e9n van de Torres Strait eilanden in Australi\u00eb.","og_url":"https:\/\/musee.oceano.org\/nl\/tentoonstellingen\/badu-island-2\/","og_site_name":"Mus\u00e9e Oc\u00e9anographique de Monaco","article_modified_time":"2021-07-15T15:40:38+00:00","og_image":[{"width":1559,"height":1039,"url":"https:\/\/musee.oceano.org\/wp-content\/uploads\/sites\/2\/2019\/05\/LOW-FINI-FLUI-108_EDM-Mission-Badu-Island_Nov-2018_Ariel_Fuchs-IMG_9620.jpg","type":"image\/jpeg"}],"twitter_card":"summary_large_image","twitter_misc":{"Geschatte leestijd":"9 minuten"},"schema":{"@context":"https:\/\/schema.org","@graph":[{"@type":"WebPage","@id":"https:\/\/musee.oceano.org\/nl\/tentoonstellingen\/badu-island-2\/","url":"https:\/\/musee.oceano.org\/nl\/tentoonstellingen\/badu-island-2\/","name":"Badu Island - Mus\u00e9e Oc\u00e9anographique de Monaco","isPartOf":{"@id":"https:\/\/musee.oceano.org\/#website"},"primaryImageOfPage":{"@id":"https:\/\/musee.oceano.org\/nl\/tentoonstellingen\/badu-island-2\/#primaryimage"},"image":{"@id":"https:\/\/musee.oceano.org\/nl\/tentoonstellingen\/badu-island-2\/#primaryimage"},"thumbnailUrl":"https:\/\/musee.oceano.org\/wp-content\/uploads\/sites\/2\/2019\/05\/LOW-FINI-FLUI-108_EDM-Mission-Badu-Island_Nov-2018_Ariel_Fuchs-IMG_9620.jpg","datePublished":"2021-06-25T12:42:37+00:00","dateModified":"2021-07-15T15:40:38+00:00","breadcrumb":{"@id":"https:\/\/musee.oceano.org\/nl\/tentoonstellingen\/badu-island-2\/#breadcrumb"},"inLanguage":"nl-NL","potentialAction":[{"@type":"ReadAction","target":["https:\/\/musee.oceano.org\/nl\/tentoonstellingen\/badu-island-2\/"]}]},{"@type":"ImageObject","inLanguage":"nl-NL","@id":"https:\/\/musee.oceano.org\/nl\/tentoonstellingen\/badu-island-2\/#primaryimage","url":"https:\/\/musee.oceano.org\/wp-content\/uploads\/sites\/2\/2019\/05\/LOW-FINI-FLUI-108_EDM-Mission-Badu-Island_Nov-2018_Ariel_Fuchs-IMG_9620.jpg","contentUrl":"https:\/\/musee.oceano.org\/wp-content\/uploads\/sites\/2\/2019\/05\/LOW-FINI-FLUI-108_EDM-Mission-Badu-Island_Nov-2018_Ariel_Fuchs-IMG_9620.jpg","width":1559,"height":1039,"caption":"R\u00e9concilier l\u2019humanit\u00e9 et la mer LES EXPLORATIONS DE MONACO Autour du monde pour 3 ans au chevet des mers et des oc\u00e9ans, S.A.S. le Prince Albert II de Monaco a lanc\u00e9 aujourd\u2019hui le programme Monaco Explorations. \u00c0 travers celui-ci la Principaut\u00e9 va mettre \u00e0 la disposition de la communaut\u00e9 scientifique internationale une plateforme de recherche itin\u00e9rante, le Yersin sur laquelle des chercheurs du monde entier vont se succ\u00e9der pendant 36 mois. \u00ab Les d\u00e9cisions que nous devons prendre pour le futur de notre plan\u00e8te s\u2019appuient sur la connaissance. \u00bb a indiqu\u00e9 le Souverain \u00ab ...En renouant avec le principe des explorations scientifiques en mer nous fournirons de nouveaux \u00e9l\u00e9ments concrets \u00e9tayant les messages d\u2019alerte, de sensibilisation et d\u2019\u00e9ducation. \u00bb Le navire battant pavillon mon\u00e9gasque quittera le port de Monaco en Ao\u00fbt 2017 pour y revenir en 2020 en suivant une route longitudinale entre les Tropiques. Les zones d\u2019\u00e9tude ont \u00e9t\u00e9 retenues par le Comit\u00e9 d\u2019Orientation Scientifique dirig\u00e9 par le Professeur Patrick Rampal (Centre Scientifique de Monaco) et qui int\u00e8gre 10 membres provenant d\u2019institutions de renomm\u00e9e internationale. Il s\u00e9lectionne depuis plusieurs mois les projets parmi les dizaines qui lui sont soumis. \u00ab C\u2019est \u00e0 la fois un immense honneur de participer \u00e0 une pareille aventure et une grande d\u00e9tresse de voir \u00e0 la lecture des dossiers \u00e0 quel point nous avons maltrait\u00e9 nos oc\u00e9ans. \u00bb pr\u00e9cise le Professeur Rampal. La premi\u00e8re de ces missions se d\u00e9roulera en septembre 2017 en Macaron\u00e9sie autour des archipels de Mad\u00e8re et du Cap-Vert. Le Prince Albert Ier, qui s\u2019y est souvent rendu, inspirera fortement les \u00e9quipes de recherche. Des \u00e9tudes comparatives permettront d\u2019analyser les effets de l\u2019exploitation de la mer et du changement global. La mission portera sur la connaissance et la protection de la m\u00e9gafaune, notamment les esp\u00e8ces menac\u00e9es : tortues, c\u00e9tac\u00e9s, phoques moines, requins. Les"},{"@type":"BreadcrumbList","@id":"https:\/\/musee.oceano.org\/nl\/tentoonstellingen\/badu-island-2\/#breadcrumb","itemListElement":[{"@type":"ListItem","position":1,"name":"Home","item":"https:\/\/musee.oceano.org\/nl\/"},{"@type":"ListItem","position":2,"name":"Tentoonstellingen","item":"https:\/\/musee.oceano.org\/nl\/tentoonstellingen\/"},{"@type":"ListItem","position":3,"name":"Badu Island"}]},{"@type":"WebSite","@id":"https:\/\/musee.oceano.org\/#website","url":"https:\/\/musee.oceano.org\/","name":"Mus\u00e9e Oc\u00e9anographique de Monaco","description":"Faire conna\u00eetre, aimer et prot\u00e9ger les oc\u00e9ans","potentialAction":[{"@type":"SearchAction","target":{"@type":"EntryPoint","urlTemplate":"https:\/\/musee.oceano.org\/?s={search_term_string}"},"query-input":{"@type":"PropertyValueSpecification","valueRequired":true,"valueName":"search_term_string"}}],"inLanguage":"nl-NL"}]}},"_links":{"self":[{"href":"https:\/\/musee.oceano.org\/nl\/wp-json\/wp\/v2\/expositions\/25271","targetHints":{"allow":["GET"]}}],"collection":[{"href":"https:\/\/musee.oceano.org\/nl\/wp-json\/wp\/v2\/expositions"}],"about":[{"href":"https:\/\/musee.oceano.org\/nl\/wp-json\/wp\/v2\/types\/expositions"}],"version-history":[{"count":11,"href":"https:\/\/musee.oceano.org\/nl\/wp-json\/wp\/v2\/expositions\/25271\/revisions"}],"predecessor-version":[{"id":32985,"href":"https:\/\/musee.oceano.org\/nl\/wp-json\/wp\/v2\/expositions\/25271\/revisions\/32985"}],"wp:featuredmedia":[{"embeddable":true,"href":"https:\/\/musee.oceano.org\/nl\/wp-json\/wp\/v2\/media\/22189"}],"wp:attachment":[{"href":"https:\/\/musee.oceano.org\/nl\/wp-json\/wp\/v2\/media?parent=25271"}],"wp:term":[{"taxonomy":"etatexpositions","embeddable":true,"href":"https:\/\/musee.oceano.org\/nl\/wp-json\/wp\/v2\/etatexpositions?post=25271"}],"curies":[{"name":"wp","href":"https:\/\/api.w.org\/{rel}","templated":true}]}}