{"id":25313,"date":"2021-06-25T14:42:50","date_gmt":"2021-06-25T12:42:50","guid":{"rendered":"https:\/\/musee.oceano.org\/expositions\/tentoonstelling-martinique\/"},"modified":"2021-07-13T09:51:33","modified_gmt":"2021-07-13T07:51:33","slug":"tentoonstelling-martinique","status":"publish","type":"expositions","link":"https:\/\/musee.oceano.org\/nl\/tentoonstellingen\/tentoonstelling-martinique\/","title":{"rendered":"Tentoonstelling Martinique"},"content":{"rendered":"\t\t<div data-elementor-type=\"wp-post\" data-elementor-id=\"25313\" class=\"elementor elementor-25313 elementor-13581\" data-elementor-post-type=\"expositions\">\n\t\t\t\t\t\t<section class=\"elementor-section elementor-top-section elementor-element elementor-element-570155f9 elementor-section-full_width elementor-section-height-default elementor-section-height-default\" data-id=\"570155f9\" data-element_type=\"section\" data-e-type=\"section\">\n\t\t\t\t\t\t<div class=\"elementor-container elementor-column-gap-no\">\n\t\t\t\t\t<div class=\"elementor-column elementor-col-100 elementor-top-column elementor-element elementor-element-829c68c\" data-id=\"829c68c\" data-element_type=\"column\" data-e-type=\"column\">\n\t\t\t<div class=\"elementor-widget-wrap elementor-element-populated\">\n\t\t\t\t\t\t<div class=\"elementor-element elementor-element-378a43fe elementor--h-position-center elementor--v-position-middle elementor-arrows-position-inside elementor-widget elementor-widget-slides\" data-id=\"378a43fe\" data-element_type=\"widget\" data-e-type=\"widget\" data-settings=\"{&quot;navigation&quot;:&quot;arrows&quot;,&quot;transition&quot;:&quot;fade&quot;,&quot;transition_speed&quot;:250,&quot;autoplay&quot;:&quot;yes&quot;,&quot;pause_on_interaction&quot;:&quot;yes&quot;,&quot;autoplay_speed&quot;:5000,&quot;infinite&quot;:&quot;yes&quot;}\" data-widget_type=\"slides.default\">\n\t\t\t\t<div class=\"elementor-widget-container\">\n\t\t\t\t\t\t\t\t\t<div class=\"elementor-swiper\">\n\t\t\t\t\t<div class=\"elementor-slides-wrapper elementor-main-swiper swiper\" role=\"region\" aria-roledescription=\"carousel\" aria-label=\"Slides\" dir=\"ltr\" data-animation=\"\">\n\t\t\t\t<div class=\"swiper-wrapper elementor-slides\">\n\t\t\t\t\t\t\t\t\t\t<div class=\"elementor-repeater-item-891be05 swiper-slide\" role=\"group\" aria-roledescription=\"slide\"><div class=\"swiper-slide-bg\" role=\"img\" aria-label=\"Capture tortues Verte, mission CNRS \/ EDM de Damien Chevallier \u00e0 Anse d&#039;Arlet  en Martinique le 5 octobre 2018.\"><\/div><div class=\"elementor-background-overlay\"><\/div><div class=\"swiper-slide-inner\" ><div class=\"swiper-slide-contents\"><h1 class=\"elementor-slide-heading\">DE MARTINIQUE TENTOONSTELLING<\/h1><div class=\"elementor-slide-description\"><p>Een missie van de verkenningen van Monaco<\/p>\n<\/div><\/div><\/div><\/div><div class=\"elementor-repeater-item-07a5b84 swiper-slide\" role=\"group\" aria-roledescription=\"slide\"><div class=\"swiper-slide-bg\" role=\"img\" aria-label=\"P20-FINI-165-110_BOD0934\"><\/div><div class=\"elementor-background-overlay\"><\/div><div class=\"swiper-slide-inner\" ><div class=\"swiper-slide-contents\"><h1 class=\"elementor-slide-heading\">DE MARTINIQUE TENTOONSTELLING<\/h1><div class=\"elementor-slide-description\"><p>Een missie van de verkenningen van Monaco<\/p>\n<\/div><\/div><\/div><\/div><div class=\"elementor-repeater-item-7dabb6e swiper-slide\" role=\"group\" aria-roledescription=\"slide\"><div class=\"swiper-slide-bg\" role=\"img\" aria-label=\"P14-165x110-FINI_BOD1000\"><\/div><div class=\"elementor-background-overlay\"><\/div><div class=\"swiper-slide-inner\" ><div class=\"swiper-slide-contents\"><h1 class=\"elementor-slide-heading\">DE MARTINIQUE TENTOONSTELLING<\/h1><div class=\"elementor-slide-description\"><p>Een missie van de verkenningen van Monaco<\/p>\n<\/div><\/div><\/div><\/div><div class=\"elementor-repeater-item-f1a812e swiper-slide\" role=\"group\" aria-roledescription=\"slide\"><div class=\"swiper-slide-bg\" role=\"img\" aria-label=\"P21-FINI-165-110_BOD0554\"><\/div><div class=\"elementor-background-overlay\"><\/div><div class=\"swiper-slide-inner\" ><div class=\"swiper-slide-contents\"><h1 class=\"elementor-slide-heading\">DE MARTINIQUE TENTOONSTELLING<\/h1><div class=\"elementor-slide-description\"><p>Een missie van de verkenningen van Monaco<\/p>\n<\/div><\/div><\/div><\/div>\t\t\t\t<\/div>\n\t\t\t\t\t\t\t\t\t\t\t\t\t\t\t<div class=\"elementor-swiper-button elementor-swiper-button-prev\" role=\"button\" tabindex=\"0\" aria-label=\"Vorige slide\">\n\t\t\t\t\t\t\t<i aria-hidden=\"true\" class=\"eicon-chevron-left\"><\/i>\t\t\t\t\t\t<\/div>\n\t\t\t\t\t\t<div class=\"elementor-swiper-button elementor-swiper-button-next\" role=\"button\" tabindex=\"0\" aria-label=\"Volgende slide\">\n\t\t\t\t\t\t\t<i aria-hidden=\"true\" class=\"eicon-chevron-right\"><\/i>\t\t\t\t\t\t<\/div>\n\t\t\t\t\t\t\t\t\t\t\t\t\t\t\t\t\t<\/div>\n\t\t\t\t<\/div>\n\t\t\t\t\t\t\t\t<\/div>\n\t\t\t\t<\/div>\n\t\t\t\t\t<\/div>\n\t\t<\/div>\n\t\t\t\t\t<\/div>\n\t\t<\/section>\n\t\t\t\t<section class=\"elementor-section elementor-top-section elementor-element elementor-element-bf72df6 elementor-section-full_width elementor-section-height-default elementor-section-height-default\" data-id=\"bf72df6\" data-element_type=\"section\" data-e-type=\"section\" data-settings=\"{&quot;background_background&quot;:&quot;classic&quot;}\">\n\t\t\t\t\t\t<div class=\"elementor-container elementor-column-gap-default\">\n\t\t\t\t\t<div class=\"elementor-column elementor-col-100 elementor-top-column elementor-element elementor-element-6b93c09a\" data-id=\"6b93c09a\" data-element_type=\"column\" data-e-type=\"column\">\n\t\t\t<div class=\"elementor-widget-wrap elementor-element-populated\">\n\t\t\t\t\t\t<div class=\"elementor-element elementor-element-5b8db508 elementor-widget elementor-widget-ee-breadcrumbs\" data-id=\"5b8db508\" data-element_type=\"widget\" data-e-type=\"widget\" data-widget_type=\"ee-breadcrumbs.default\">\n\t\t\t\t<div class=\"elementor-widget-container\">\n\t\t\t\t\t<ul class=\"ee-breadcrumbs\" itemscope=\"\" itemtype=\"http:\/\/schema.org\/BreadcrumbList\"><\/ul>\t\t\t\t<\/div>\n\t\t\t\t<\/div>\n\t\t\t\t<div class=\"elementor-element elementor-element-1457885 elementor-widget elementor-widget-spacer\" data-id=\"1457885\" data-element_type=\"widget\" data-e-type=\"widget\" data-widget_type=\"spacer.default\">\n\t\t\t\t<div class=\"elementor-widget-container\">\n\t\t\t\t\t\t\t<div class=\"elementor-spacer\">\n\t\t\t<div class=\"elementor-spacer-inner\"><\/div>\n\t\t<\/div>\n\t\t\t\t\t\t<\/div>\n\t\t\t\t<\/div>\n\t\t\t\t\t<\/div>\n\t\t<\/div>\n\t\t\t\t\t<\/div>\n\t\t<\/section>\n\t\t\t\t<section class=\"elementor-section elementor-top-section elementor-element elementor-element-8550ddf elementor-section-boxed elementor-section-height-default elementor-section-height-default\" data-id=\"8550ddf\" data-element_type=\"section\" data-e-type=\"section\">\n\t\t\t\t\t\t<div class=\"elementor-container elementor-column-gap-default\">\n\t\t\t\t\t<div class=\"elementor-column elementor-col-100 elementor-top-column elementor-element elementor-element-b6f5032\" data-id=\"b6f5032\" data-element_type=\"column\" data-e-type=\"column\">\n\t\t\t<div class=\"elementor-widget-wrap elementor-element-populated\">\n\t\t\t\t\t\t<div class=\"elementor-element elementor-element-9c8ea95 elementor-widget elementor-widget-text-editor\" data-id=\"9c8ea95\" data-element_type=\"widget\" data-e-type=\"widget\" data-widget_type=\"text-editor.default\">\n\t\t\t\t<div class=\"elementor-widget-container\">\n\t\t\t\t\t\t\t\t\t<p>Vanaf 17 december 2019 is in de Conferentiezaal van het Oceanografisch Museum voor het eerst een nieuwe tentoonstelling te zien van Monaco Explorations voor het eerst in het openbaar!<\/p>\n<p>U krijgt toegang tot een twintigtal foto&#8217;s van zeer groot formaat: enkele daarvan tonen de inhuldiging van een beschermd zeegebied in Martinique in aanwezigheid van H.S.H. Prins Albert II van Monaco, als eerbetoon aan Albert Falco, de beroemde tweede-in-bevelhebber van kapitein Cousteau; anderen getuigen van de wetenschappelijke missie van de Explorations de Monaco die enkele maanden later ter plaatse volgde, gericht op zeeschildpadden en in het bijzonder de studie van groene schildpadden dankzij de nieuwe technieken van camera&#8217;s aan boord en andere verbonden objecten. Herbeleef deze momenten van onderzoek en bemiddeling van de Explorations de Monaco&#8230;<\/p>\n\t\t\t\t\t\t\t\t<\/div>\n\t\t\t\t<\/div>\n\t\t\t\t\t<\/div>\n\t\t<\/div>\n\t\t\t\t\t<\/div>\n\t\t<\/section>\n\t\t\t\t<section class=\"elementor-section elementor-top-section elementor-element elementor-element-57e07e21 elementor-section-boxed elementor-section-height-default elementor-section-height-default\" data-id=\"57e07e21\" data-element_type=\"section\" data-e-type=\"section\" data-settings=\"{&quot;background_background&quot;:&quot;classic&quot;}\">\n\t\t\t\t\t\t<div class=\"elementor-container elementor-column-gap-default\">\n\t\t\t\t\t<div class=\"elementor-column elementor-col-50 elementor-top-column elementor-element elementor-element-740120ad\" data-id=\"740120ad\" data-element_type=\"column\" data-e-type=\"column\" data-settings=\"{&quot;background_background&quot;:&quot;classic&quot;}\">\n\t\t\t<div class=\"elementor-widget-wrap elementor-element-populated\">\n\t\t\t\t\t\t<div class=\"elementor-element elementor-element-12cd14b elementor-widget elementor-widget-heading\" data-id=\"12cd14b\" data-element_type=\"widget\" data-e-type=\"widget\" data-widget_type=\"heading.default\">\n\t\t\t\t<div class=\"elementor-widget-container\">\n\t\t\t\t\t<h2 class=\"elementor-heading-title elementor-size-default\">Martinique: twee hoogtepunten<\/h2>\t\t\t\t<\/div>\n\t\t\t\t<\/div>\n\t\t\t\t<div class=\"elementor-element elementor-element-7a599708 elementor-widget elementor-widget-text-editor\" data-id=\"7a599708\" data-element_type=\"widget\" data-e-type=\"widget\" data-widget_type=\"text-editor.default\">\n\t\t\t\t<div class=\"elementor-widget-container\">\n\t\t\t\t\t\t\t\t\t<p>Deze tentoonstelling laat zien hoe de banden tussen het Vorstendom Monaco en Martinique in 2017 en 2018 werden aangehaald naar aanleiding van twee hoogtepunten:<\/p>\n<ul>\n<li>De inhuldiging van het mariene natuurreservaat Pr\u00eacheur Albert Falco door Z.S.H. Prins Albert II op 27 oktober 2017,<\/li>\n<li>De missie die van 2 tot 18 oktober 2018 werd uitgevoerd door teams van het Institut Pluridisciplinaire Hubert Curien (IPHC\/CNRS, Universiteit van Straatsburg), Ifremer en Explorations de Monaco om het gedrag van groene schildpadden te bestuderen.<\/li>\n<\/ul>\n\t\t\t\t\t\t\t\t<\/div>\n\t\t\t\t<\/div>\n\t\t\t\t\t<\/div>\n\t\t<\/div>\n\t\t\t\t<div class=\"elementor-column elementor-col-50 elementor-top-column elementor-element elementor-element-2c6770c9\" data-id=\"2c6770c9\" data-element_type=\"column\" data-e-type=\"column\">\n\t\t\t<div class=\"elementor-widget-wrap elementor-element-populated\">\n\t\t\t\t\t\t<div class=\"elementor-element elementor-element-58755155 elementor-widget elementor-widget-image\" data-id=\"58755155\" data-element_type=\"widget\" data-e-type=\"widget\" data-widget_type=\"image.default\">\n\t\t\t\t<div class=\"elementor-widget-container\">\n\t\t\t\t\t\t\t\t\t\t\t\t<figure class=\"wp-caption\">\n\t\t\t\t\t\t\t\t\t\t<img fetchpriority=\"high\" decoding=\"async\" width=\"1024\" height=\"682\" src=\"https:\/\/musee.oceano.org\/wp-content\/uploads\/sites\/2\/2019\/12\/P1-FINI-165x110_BOD3704-1024x682.jpg\" class=\"attachment-large size-large wp-image-25328\" alt=\"\" srcset=\"https:\/\/musee.oceano.org\/wp-content\/uploads\/sites\/2\/2019\/12\/P1-FINI-165x110_BOD3704-1024x682.jpg 1024w, https:\/\/musee.oceano.org\/wp-content\/uploads\/sites\/2\/2019\/12\/P1-FINI-165x110_BOD3704-300x200.jpg 300w, https:\/\/musee.oceano.org\/wp-content\/uploads\/sites\/2\/2019\/12\/P1-FINI-165x110_BOD3704-768x512.jpg 768w, https:\/\/musee.oceano.org\/wp-content\/uploads\/sites\/2\/2019\/12\/P1-FINI-165x110_BOD3704.jpg 1181w\" sizes=\"(max-width: 1024px) 100vw, 1024px\" \/>\t\t\t\t\t\t\t\t\t\t\t<figcaption class=\"widget-image-caption wp-caption-text\">c) EDM<\/figcaption>\n\t\t\t\t\t\t\t\t\t\t<\/figure>\n\t\t\t\t\t\t\t\t\t<\/div>\n\t\t\t\t<\/div>\n\t\t\t\t\t<\/div>\n\t\t<\/div>\n\t\t\t\t\t<\/div>\n\t\t<\/section>\n\t\t\t\t<section class=\"elementor-section elementor-top-section elementor-element elementor-element-5c492ee3 elementor-section-boxed elementor-section-height-default elementor-section-height-default\" data-id=\"5c492ee3\" data-element_type=\"section\" data-e-type=\"section\">\n\t\t\t\t\t\t<div class=\"elementor-container elementor-column-gap-default\">\n\t\t\t\t\t<div class=\"elementor-column elementor-col-50 elementor-top-column elementor-element elementor-element-3c61e9e7\" data-id=\"3c61e9e7\" data-element_type=\"column\" data-e-type=\"column\">\n\t\t\t<div class=\"elementor-widget-wrap elementor-element-populated\">\n\t\t\t\t\t\t<div class=\"elementor-element elementor-element-617c9c2b elementor-widget elementor-widget-heading\" data-id=\"617c9c2b\" data-element_type=\"widget\" data-e-type=\"widget\" data-widget_type=\"heading.default\">\n\t\t\t\t<div class=\"elementor-widget-container\">\n\t\t\t\t\t<h2 class=\"elementor-heading-title elementor-size-default\">Inhuldiging van de reserve<br>Albert Falco<\/h2>\t\t\t\t<\/div>\n\t\t\t\t<\/div>\n\t\t\t\t<div class=\"elementor-element elementor-element-11c2fd9c elementor-widget elementor-widget-text-editor\" data-id=\"11c2fd9c\" data-element_type=\"widget\" data-e-type=\"widget\" data-widget_type=\"text-editor.default\">\n\t\t\t\t<div class=\"elementor-widget-container\">\n\t\t\t\t\t\t\t\t\t<p>Op 27 oktober 2017 begaf Z.S.H. Prins Albert II van Monaco zich naar het noorden van &#8220;l&#8217;\u00eele aux fleurs&#8221; om het Pr\u00eacheur Albert Falco Marine Territorial Nature Reserve in te wijden en zo hulde te brengen aan de nagedachtenis van de kapitein van de Calypso, een trouwe metgezel van kapitein Jacques-Yves Cousteau.<\/p>\n<p>Dit bezoek symboliseert de sterke betrokkenheid van het Vorstendom bij de ontwikkeling van beschermde zeegebieden in de hele wereld.<\/p>\n\t\t\t\t\t\t\t\t<\/div>\n\t\t\t\t<\/div>\n\t\t\t\t<section class=\"elementor-section elementor-inner-section elementor-element elementor-element-10b9d8f elementor-section-boxed elementor-section-height-default elementor-section-height-default\" data-id=\"10b9d8f\" data-element_type=\"section\" data-e-type=\"section\">\n\t\t\t\t\t\t<div class=\"elementor-container elementor-column-gap-default\">\n\t\t\t\t\t<div class=\"elementor-column elementor-col-50 elementor-inner-column elementor-element elementor-element-0b1cf8e\" data-id=\"0b1cf8e\" data-element_type=\"column\" data-e-type=\"column\">\n\t\t\t<div class=\"elementor-widget-wrap elementor-element-populated\">\n\t\t\t\t\t\t<div class=\"elementor-element elementor-element-786450c8 elementor-widget elementor-widget-text-editor\" data-id=\"786450c8\" data-element_type=\"widget\" data-e-type=\"widget\" data-widget_type=\"text-editor.default\">\n\t\t\t\t<div class=\"elementor-widget-container\">\n\t\t\t\t\t\t\t\t\t<blockquote>\n<div class=\"elementor-testimonial__text\">Vandaag hebben we genoeg ervaring om te weten dat zeereservaten en beschermde gebieden de beste manier zijn om overbevissing tegen te gaan en ecosystemen te beschermen<\/div>\n<p><cite class=\"elementor-testimonial__cite\"><span class=\"elementor-testimonial__name\">S.AS. Prins Albert II van Monaco, 27 oktober 2017, Martinique.<\/span><\/cite><\/p>\n<\/blockquote>\n\t\t\t\t\t\t\t\t<\/div>\n\t\t\t\t<\/div>\n\t\t\t\t\t<\/div>\n\t\t<\/div>\n\t\t\t\t<div class=\"elementor-column elementor-col-50 elementor-inner-column elementor-element elementor-element-7ab09ec\" data-id=\"7ab09ec\" data-element_type=\"column\" data-e-type=\"column\">\n\t\t\t<div class=\"elementor-widget-wrap elementor-element-populated\">\n\t\t\t\t\t\t<div class=\"elementor-element elementor-element-8e339dc elementor-widget elementor-widget-image\" data-id=\"8e339dc\" data-element_type=\"widget\" data-e-type=\"widget\" data-widget_type=\"image.default\">\n\t\t\t\t<div class=\"elementor-widget-container\">\n\t\t\t\t\t\t\t\t\t\t\t\t\t\t\t<img decoding=\"async\" width=\"300\" height=\"300\" src=\"https:\/\/musee.oceano.org\/wp-content\/uploads\/sites\/2\/2019\/12\/P5-110x110-01_Albert-Falco_Guy-Ventouillac-300x300.jpg\" class=\"attachment-medium size-medium wp-image-25329\" alt=\"\" srcset=\"https:\/\/musee.oceano.org\/wp-content\/uploads\/sites\/2\/2019\/12\/P5-110x110-01_Albert-Falco_Guy-Ventouillac-300x300.jpg 300w, https:\/\/musee.oceano.org\/wp-content\/uploads\/sites\/2\/2019\/12\/P5-110x110-01_Albert-Falco_Guy-Ventouillac-150x150.jpg 150w, https:\/\/musee.oceano.org\/wp-content\/uploads\/sites\/2\/2019\/12\/P5-110x110-01_Albert-Falco_Guy-Ventouillac-768x768.jpg 768w, https:\/\/musee.oceano.org\/wp-content\/uploads\/sites\/2\/2019\/12\/P5-110x110-01_Albert-Falco_Guy-Ventouillac-1024x1024.jpg 1024w, https:\/\/musee.oceano.org\/wp-content\/uploads\/sites\/2\/2019\/12\/P5-110x110-01_Albert-Falco_Guy-Ventouillac-433x433.jpg 433w, https:\/\/musee.oceano.org\/wp-content\/uploads\/sites\/2\/2019\/12\/P5-110x110-01_Albert-Falco_Guy-Ventouillac-334x334.jpg 334w, https:\/\/musee.oceano.org\/wp-content\/uploads\/sites\/2\/2019\/12\/P5-110x110-01_Albert-Falco_Guy-Ventouillac.jpg 1050w\" sizes=\"(max-width: 300px) 100vw, 300px\" \/>\t\t\t\t\t\t\t\t\t\t\t\t\t\t\t<\/div>\n\t\t\t\t<\/div>\n\t\t\t\t\t<\/div>\n\t\t<\/div>\n\t\t\t\t\t<\/div>\n\t\t<\/section>\n\t\t\t\t<div class=\"elementor-element elementor-element-479c3cf elementor-widget elementor-widget-video\" data-id=\"479c3cf\" data-element_type=\"widget\" data-e-type=\"widget\" data-settings=\"{&quot;youtube_url&quot;:&quot;https:\\\/\\\/youtu.be\\\/Cz9xi6H9mTw&quot;,&quot;video_type&quot;:&quot;youtube&quot;,&quot;controls&quot;:&quot;yes&quot;}\" data-widget_type=\"video.default\">\n\t\t\t\t<div class=\"elementor-widget-container\">\n\t\t\t\t\t\t\t<div class=\"elementor-wrapper elementor-open-inline\">\n\t\t\t<div class=\"elementor-video\"><\/div>\t\t<\/div>\n\t\t\t\t\t\t<\/div>\n\t\t\t\t<\/div>\n\t\t\t\t<div class=\"elementor-element elementor-element-55d01a64 elementor-widget elementor-widget-text-editor\" data-id=\"55d01a64\" data-element_type=\"widget\" data-e-type=\"widget\" data-widget_type=\"text-editor.default\">\n\t\t\t\t<div class=\"elementor-widget-container\">\n\t\t\t\t\t\t\t\t\t<h1><span style=\"letter-spacing: 0.16px;\">EERBETOON AAN DE VIS-MAN<\/span><\/h1>\n<p>Albert Falco, beroemd duiker en kapitein van de Calypso, het schip van kapitein J-Y Cousteau, was een van de initiatiefnemers van het project van het Territoriaal Natuurreservaat van Pr\u00eacheur dat vandaag zijn naam draagt. Deze liefhebber van de zee en van Martinique heeft zijn stempel gedrukt op hen die het voorrecht hadden met hem te werken. De bevolking van Martinique is zijn inzet voor de bescherming en de bevordering van het onderwatererfgoed van het eiland niet vergeten  <\/span><\/h1>\n\t\t\t\t\t\t\t\t<\/div>\n\t\t\t\t<\/div>\n\t\t\t\t<div class=\"elementor-element elementor-element-045f53b elementor-widget elementor-widget-heading\" data-id=\"045f53b\" data-element_type=\"widget\" data-e-type=\"widget\" data-widget_type=\"heading.default\">\n\t\t\t\t<div class=\"elementor-widget-container\">\n\t\t\t\t\t<h2 class=\"elementor-heading-title elementor-size-default\">MARTINIQUE, EEN EILAND BEZOCHT DOOR SCHILDPADDEN\n<\/h2>\t\t\t\t<\/div>\n\t\t\t\t<\/div>\n\t\t\t\t<div class=\"elementor-element elementor-element-05fb1b7 elementor-widget elementor-widget-text-editor\" data-id=\"05fb1b7\" data-element_type=\"widget\" data-e-type=\"widget\" data-widget_type=\"text-editor.default\">\n\t\t\t\t<div class=\"elementor-widget-container\">\n\t\t\t\t\t\t\t\t\t<p>Vijf van de zeven soorten zeeschildpadden komen voor op de kustlijn van Martinique. Onder hen worden drie soorten zeer regelmatig waargenomen: de karetschildpad, de lederschildpad en de groene schildpad, de meest voorkomende in dit gebied. In het zuidwesten van het eiland is de Anses d&#8217;Arlet het belangrijkste foerageergebied voor de nog onvolwassen jongen van deze soort. Dat is waar wetenschappers ze voornamelijk bestudeerden tijdens de missie van oktober 2018.<\/p>\n\t\t\t\t\t\t\t\t<\/div>\n\t\t\t\t<\/div>\n\t\t\t\t\t<\/div>\n\t\t<\/div>\n\t\t\t\t<div class=\"elementor-column elementor-col-50 elementor-top-column elementor-element elementor-element-1663cc51\" data-id=\"1663cc51\" data-element_type=\"column\" data-e-type=\"column\" data-settings=\"{&quot;background_background&quot;:&quot;classic&quot;}\">\n\t\t\t<div class=\"elementor-widget-wrap elementor-element-populated\">\n\t\t\t\t\t\t<div class=\"elementor-element elementor-element-99eb3fb elementor-widget elementor-widget-image\" data-id=\"99eb3fb\" data-element_type=\"widget\" data-e-type=\"widget\" data-widget_type=\"image.default\">\n\t\t\t\t<div class=\"elementor-widget-container\">\n\t\t\t\t\t\t\t\t\t\t\t\t\t\t\t<img decoding=\"async\" width=\"433\" height=\"433\" src=\"https:\/\/musee.oceano.org\/wp-content\/uploads\/sites\/2\/2019\/12\/P7-FINI-110x110_DIV3129modif_2-433x433.jpg\" class=\"attachment-img-bloc-three-content size-img-bloc-three-content wp-image-25320\" alt=\"\" srcset=\"https:\/\/musee.oceano.org\/wp-content\/uploads\/sites\/2\/2019\/12\/P7-FINI-110x110_DIV3129modif_2-433x433.jpg 433w, https:\/\/musee.oceano.org\/wp-content\/uploads\/sites\/2\/2019\/12\/P7-FINI-110x110_DIV3129modif_2-150x150.jpg 150w, https:\/\/musee.oceano.org\/wp-content\/uploads\/sites\/2\/2019\/12\/P7-FINI-110x110_DIV3129modif_2-300x300.jpg 300w, https:\/\/musee.oceano.org\/wp-content\/uploads\/sites\/2\/2019\/12\/P7-FINI-110x110_DIV3129modif_2-768x768.jpg 768w, https:\/\/musee.oceano.org\/wp-content\/uploads\/sites\/2\/2019\/12\/P7-FINI-110x110_DIV3129modif_2-1024x1024.jpg 1024w, https:\/\/musee.oceano.org\/wp-content\/uploads\/sites\/2\/2019\/12\/P7-FINI-110x110_DIV3129modif_2-334x334.jpg 334w\" sizes=\"(max-width: 433px) 100vw, 433px\" \/>\t\t\t\t\t\t\t\t\t\t\t\t\t\t\t<\/div>\n\t\t\t\t<\/div>\n\t\t\t\t<div class=\"elementor-element elementor-element-25d1f1e0 elementor-widget elementor-widget-heading\" data-id=\"25d1f1e0\" data-element_type=\"widget\" data-e-type=\"widget\" data-widget_type=\"heading.default\">\n\t\t\t\t<div class=\"elementor-widget-container\">\n\t\t\t\t\t<h2 class=\"elementor-heading-title elementor-size-default\">een opvallende fototentoonstelling<\/h2>\t\t\t\t<\/div>\n\t\t\t\t<\/div>\n\t\t\t\t<div class=\"elementor-element elementor-element-3c32f1f0 elementor-widget elementor-widget-heading\" data-id=\"3c32f1f0\" data-element_type=\"widget\" data-e-type=\"widget\" data-widget_type=\"heading.default\">\n\t\t\t\t<div class=\"elementor-widget-container\">\n\t\t\t\t\t<h2 class=\"elementor-heading-title elementor-size-default\"><span style=\"font-family: gilroy-medium, sans-serif;font-size: 16px;font-weight: 400;letter-spacing: 0.16px;text-transform: none;white-space: normal\">DE MONACO VERKENNINGSMISSIE IN 20 GROOT FORMAAT FOTO'S<\/span><\/h2>\t\t\t\t<\/div>\n\t\t\t\t<\/div>\n\t\t\t\t<section class=\"elementor-section elementor-inner-section elementor-element elementor-element-568ae70 elementor-section-boxed elementor-section-height-default elementor-section-height-default\" data-id=\"568ae70\" data-element_type=\"section\" data-e-type=\"section\">\n\t\t\t\t\t\t<div class=\"elementor-container elementor-column-gap-default\">\n\t\t\t\t\t<div class=\"elementor-column elementor-col-100 elementor-inner-column elementor-element elementor-element-f82500a\" data-id=\"f82500a\" data-element_type=\"column\" data-e-type=\"column\">\n\t\t\t<div class=\"elementor-widget-wrap elementor-element-populated\">\n\t\t\t\t\t\t<div class=\"elementor-element elementor-element-03931a5 elementor-widget elementor-widget-text-editor\" data-id=\"03931a5\" data-element_type=\"widget\" data-e-type=\"widget\" data-widget_type=\"text-editor.default\">\n\t\t\t\t<div class=\"elementor-widget-container\">\n\t\t\t\t\t\t\t\t\t<p style=\"text-align: left;\"><span style=\"letter-spacing: 0.16px;\">Herbeleef deze hoogtepunten van Monaco Verkenningen uit 2017 \/ 2018, waarvan dit de eerste openbare tentoonstelling is.<\/span><\/p>\n<p style=\"text-align: left;\"><span style=\"letter-spacing: 0.16px;\">Het lot van vele zeeschildpadden hangt af van wetenschappelijke kennis en van acties om deze kennis te verspreiden.  <\/span><span style=\"letter-spacing: 0.16px;\">Deze missie van de Verkenningen van Monaco heeft deze twee aspecten van de bescherming van de Oceaan bijzonder goed gecombineerd&#8230;<\/span><\/p>\n\t\t\t\t\t\t\t\t<\/div>\n\t\t\t\t<\/div>\n\t\t\t\t<div class=\"elementor-element elementor-element-0317ccc elementor-widget elementor-widget-image\" data-id=\"0317ccc\" data-element_type=\"widget\" data-e-type=\"widget\" data-widget_type=\"image.default\">\n\t\t\t\t<div class=\"elementor-widget-container\">\n\t\t\t\t\t\t\t\t\t\t\t\t<figure class=\"wp-caption\">\n\t\t\t\t\t\t\t\t\t\t<img loading=\"lazy\" decoding=\"async\" width=\"250\" height=\"250\" src=\"https:\/\/musee.oceano.org\/wp-content\/uploads\/sites\/2\/2019\/12\/TortueVerte_Camera_CNRS-3-oh1x9u9vpei5902tlt5xmpqwn1u66bgfaxneheww1w.jpg\" class=\"attachment-large size-large wp-image-25326\" alt=\"\" srcset=\"https:\/\/musee.oceano.org\/wp-content\/uploads\/sites\/2\/2019\/12\/TortueVerte_Camera_CNRS-3-oh1x9u9vpei5902tlt5xmpqwn1u66bgfaxneheww1w.jpg 250w, https:\/\/musee.oceano.org\/wp-content\/uploads\/sites\/2\/2019\/12\/TortueVerte_Camera_CNRS-3-oh1x9u9vpei5902tlt5xmpqwn1u66bgfaxneheww1w-150x150.jpg 150w, https:\/\/musee.oceano.org\/wp-content\/uploads\/sites\/2\/2019\/12\/TortueVerte_Camera_CNRS-3-oh1x9u9vpei5902tlt5xmpqwn1u66bgfaxneheww1w-433x433.jpg 433w, https:\/\/musee.oceano.org\/wp-content\/uploads\/sites\/2\/2019\/12\/TortueVerte_Camera_CNRS-3-oh1x9u9vpei5902tlt5xmpqwn1u66bgfaxneheww1w-334x334.jpg 334w\" sizes=\"(max-width: 250px) 100vw, 250px\" \/>\t\t\t\t\t\t\t\t\t\t\t<figcaption class=\"widget-image-caption wp-caption-text\"><\/figcaption>\n\t\t\t\t\t\t\t\t\t\t<\/figure>\n\t\t\t\t\t\t\t\t\t<\/div>\n\t\t\t\t<\/div>\n\t\t\t\t<div class=\"elementor-element elementor-element-3a0e8ad elementor-widget elementor-widget-text-editor\" data-id=\"3a0e8ad\" data-element_type=\"widget\" data-e-type=\"widget\" data-widget_type=\"text-editor.default\">\n\t\t\t\t<div class=\"elementor-widget-container\">\n\t\t\t\t\t\t\t\t\t<p style=\"text-align: left;\"><span style=\"letter-spacing: 0.16px;\">De Verkenningen van Monaco zijn een platform voor de inzet van Z.S.H. Prins Albert II voor de kennis, het duurzaam beheer en de bescherming van  <\/span><span style=\"letter-spacing: 0.16px;\">de oceaan. Zij zijn opgericht op initiatief van de regering van het Vorstendom Monaco.  <\/span><span style=\"letter-spacing: 0.16px;\">de Prins Albert II van Monaco Stichting, het Oceanografisch Instituut, het Wetenschappelijk <\/span><span style=\"letter-spacing: 0.16px;\">Wetenschappelijk Centrum en de Yacht Club van Monaco. <\/span> <\/p>\n\t\t\t\t\t\t\t\t<\/div>\n\t\t\t\t<\/div>\n\t\t\t\t\t<\/div>\n\t\t<\/div>\n\t\t\t\t\t<\/div>\n\t\t<\/section>\n\t\t\t\t\t<\/div>\n\t\t<\/div>\n\t\t\t\t\t<\/div>\n\t\t<\/section>\n\t\t\t\t<section class=\"elementor-section elementor-top-section elementor-element elementor-element-708c092a elementor-section-boxed elementor-section-height-default elementor-section-height-default\" data-id=\"708c092a\" data-element_type=\"section\" data-e-type=\"section\" data-settings=\"{&quot;background_background&quot;:&quot;classic&quot;}\">\n\t\t\t\t\t\t<div class=\"elementor-container elementor-column-gap-default\">\n\t\t\t\t\t<div class=\"elementor-column elementor-col-100 elementor-top-column elementor-element elementor-element-d7bb78d\" data-id=\"d7bb78d\" data-element_type=\"column\" data-e-type=\"column\">\n\t\t\t<div class=\"elementor-widget-wrap elementor-element-populated\">\n\t\t\t\t\t\t<section class=\"elementor-section elementor-inner-section elementor-element elementor-element-177df259 elementor-section-boxed elementor-section-height-default elementor-section-height-default\" data-id=\"177df259\" data-element_type=\"section\" data-e-type=\"section\" data-settings=\"{&quot;background_background&quot;:&quot;classic&quot;}\">\n\t\t\t\t\t\t<div class=\"elementor-container elementor-column-gap-default\">\n\t\t\t\t\t<div class=\"elementor-column elementor-col-50 elementor-inner-column elementor-element elementor-element-569f3047\" data-id=\"569f3047\" data-element_type=\"column\" data-e-type=\"column\">\n\t\t\t<div class=\"elementor-widget-wrap elementor-element-populated\">\n\t\t\t\t\t\t<div class=\"elementor-element elementor-element-7bdc41ab elementor-widget elementor-widget-heading\" data-id=\"7bdc41ab\" data-element_type=\"widget\" data-e-type=\"widget\" data-widget_type=\"heading.default\">\n\t\t\t\t<div class=\"elementor-widget-container\">\n\t\t\t\t\t<h2 class=\"elementor-heading-title elementor-size-default\">twee intense weken<\/h2>\t\t\t\t<\/div>\n\t\t\t\t<\/div>\n\t\t\t\t<div class=\"elementor-element elementor-element-6f88024d elementor-widget elementor-widget-text-editor\" data-id=\"6f88024d\" data-element_type=\"widget\" data-e-type=\"widget\" data-widget_type=\"text-editor.default\">\n\t\t\t\t<div class=\"elementor-widget-container\">\n\t\t\t\t\t\t\t\t\t<p>Twee intensieve weken van wetenschappelijk werk in situ, rijk aan lessen en informatie, hebben bijgedragen tot de verbetering van de kennis en de bescherming van deze soort. Er zijn innovatieve technologie\u00ebn toegepast waarbij camera&#8217;s aan boord en aangesloten objecten worden gecombineerd. Twee weken die ook aanleiding hebben gegeven tot bewustmakingsactiviteiten voor de jongere generatie.<\/p>\n<p>Damien Chevallier (IPHC) heeft ontdekt dat groene schildpadden die op de kust van Frans Guyana zijn geboren, hun groei gedurende enkele jaren komen verzekeren op de zeegrasvelden van West-Indi\u00eb, met name op de site van Anses d&#8217;Arlet. Elk jaar worden van verschillende individuen micro-fragmenten van vlees, huid en schaal genomen. Hun analyse draagt bij tot een beter begrip van de herkomst van de individuen en de gezondheidstoestand van deze populatie. De aanwezigheid van verontreinigingen of virussen kan worden opgespoord. De schildpadden worden onder water gevangen en naar de oppervlakte gebracht.<\/p>\n\t\t\t\t\t\t\t\t<\/div>\n\t\t\t\t<\/div>\n\t\t\t\t<div class=\"elementor-element elementor-element-1bde95f elementor-widget elementor-widget-button\" data-id=\"1bde95f\" data-element_type=\"widget\" data-e-type=\"widget\" data-widget_type=\"button.default\">\n\t\t\t\t<div class=\"elementor-widget-container\">\n\t\t\t\t\t\t\t\t\t<div class=\"elementor-button-wrapper\">\n\t\t\t\t\t<a class=\"elementor-button elementor-button-link elementor-size-sm\" href=\"https:\/\/www.monacoexplorations.org\/missions\/martinique-2018-atlantique\/\" target=\"_blank\">\n\t\t\t\t\t\t<span class=\"elementor-button-content-wrapper\">\n\t\t\t\t\t\t\t\t\t<span class=\"elementor-button-text\">Ontdek de Martinique missie<\/span>\n\t\t\t\t\t<\/span>\n\t\t\t\t\t<\/a>\n\t\t\t\t<\/div>\n\t\t\t\t\t\t\t\t<\/div>\n\t\t\t\t<\/div>\n\t\t\t\t\t<\/div>\n\t\t<\/div>\n\t\t\t\t<div class=\"elementor-column elementor-col-50 elementor-inner-column elementor-element elementor-element-408724c7\" data-id=\"408724c7\" data-element_type=\"column\" data-e-type=\"column\">\n\t\t\t<div class=\"elementor-widget-wrap elementor-element-populated\">\n\t\t\t\t\t\t<div class=\"elementor-element elementor-element-1839fe0c elementor-widget elementor-widget-image\" data-id=\"1839fe0c\" data-element_type=\"widget\" data-e-type=\"widget\" data-widget_type=\"image.default\">\n\t\t\t\t<div class=\"elementor-widget-container\">\n\t\t\t\t\t\t\t\t\t\t\t\t\t\t\t<img loading=\"lazy\" decoding=\"async\" width=\"762\" height=\"578\" src=\"https:\/\/musee.oceano.org\/wp-content\/uploads\/sites\/2\/2019\/12\/P15-110x110_BOD0762-762x578.jpg\" class=\"attachment-img-actu-section size-img-actu-section wp-image-25341\" alt=\"\" \/>\t\t\t\t\t\t\t\t\t\t\t\t\t\t\t<\/div>\n\t\t\t\t<\/div>\n\t\t\t\t\t<\/div>\n\t\t<\/div>\n\t\t\t\t\t<\/div>\n\t\t<\/section>\n\t\t\t\t\t<\/div>\n\t\t<\/div>\n\t\t\t\t\t<\/div>\n\t\t<\/section>\n\t\t\t\t<section class=\"elementor-section elementor-top-section elementor-element elementor-element-20bfdd01 elementor-section-full_width elementor-section-height-default elementor-section-height-default\" data-id=\"20bfdd01\" data-element_type=\"section\" data-e-type=\"section\">\n\t\t\t\t\t\t<div class=\"elementor-container elementor-column-gap-default\">\n\t\t\t\t\t<div class=\"elementor-column elementor-col-100 elementor-top-column elementor-element elementor-element-ce80243\" data-id=\"ce80243\" data-element_type=\"column\" data-e-type=\"column\">\n\t\t\t<div class=\"elementor-widget-wrap elementor-element-populated\">\n\t\t\t\t\t\t<div class=\"elementor-element elementor-element-1317ac03 elementor-widget elementor-widget-heading\" data-id=\"1317ac03\" data-element_type=\"widget\" data-e-type=\"widget\" data-widget_type=\"heading.default\">\n\t\t\t\t<div class=\"elementor-widget-container\">\n\t\t\t\t\t<h2 class=\"elementor-heading-title elementor-size-default\">Ook te zien\n\n<\/h2>\t\t\t\t<\/div>\n\t\t\t\t<\/div>\n\t\t\t\t\t<\/div>\n\t\t<\/div>\n\t\t\t\t\t<\/div>\n\t\t<\/section>\n\t\t\t\t<section class=\"elementor-section elementor-top-section elementor-element elementor-element-646633d3 elementor-section-boxed elementor-section-height-default elementor-section-height-default\" data-id=\"646633d3\" data-element_type=\"section\" data-e-type=\"section\" data-settings=\"{&quot;background_background&quot;:&quot;classic&quot;}\">\n\t\t\t\t\t\t<div class=\"elementor-container elementor-column-gap-default\">\n\t\t\t\t\t<div class=\"elementor-column elementor-col-33 elementor-top-column elementor-element elementor-element-7517c4d9\" data-id=\"7517c4d9\" data-element_type=\"column\" data-e-type=\"column\">\n\t\t\t<div class=\"elementor-widget-wrap elementor-element-populated\">\n\t\t\t\t\t\t<div class=\"elementor-element elementor-element-4f6598b7 elementor-widget elementor-widget-image\" data-id=\"4f6598b7\" data-element_type=\"widget\" data-e-type=\"widget\" data-widget_type=\"image.default\">\n\t\t\t\t<div class=\"elementor-widget-container\">\n\t\t\t\t\t\t\t\t\t\t\t\t\t\t\t<img decoding=\"async\" src=\"https:\/\/musee.oceano.org\/wp-content\/uploads\/sites\/2\/elementor\/thumbs\/3-1-MOM_0344-scaled-rjyt4by7d5btnnqa4w5qnm1rrsfmmi8uut7hpeu6ne.jpg\" title=\"3-1-MOM_0344\" alt=\"3-1-MOM_0344\" loading=\"lazy\" \/>\t\t\t\t\t\t\t\t\t\t\t\t\t\t\t<\/div>\n\t\t\t\t<\/div>\n\t\t\t\t<div class=\"elementor-element elementor-element-486e7a0d elementor-widget elementor-widget-heading\" data-id=\"486e7a0d\" data-element_type=\"widget\" data-e-type=\"widget\" data-widget_type=\"heading.default\">\n\t\t\t\t<div class=\"elementor-widget-container\">\n\t\t\t\t\t<h2 class=\"elementor-heading-title elementor-size-default\">De aquaria van het museum<\/h2>\t\t\t\t<\/div>\n\t\t\t\t<\/div>\n\t\t\t\t<div class=\"elementor-element elementor-element-55b031d8 elementor-align-center elementor-widget elementor-widget-button\" data-id=\"55b031d8\" data-element_type=\"widget\" data-e-type=\"widget\" data-widget_type=\"button.default\">\n\t\t\t\t<div class=\"elementor-widget-container\">\n\t\t\t\t\t\t\t\t\t<div class=\"elementor-button-wrapper\">\n\t\t\t\t\t<a class=\"elementor-button elementor-button-link elementor-size-md\" href=\"https:\/\/musee.oceano.org\/nl\/aquaria\/\">\n\t\t\t\t\t\t<span class=\"elementor-button-content-wrapper\">\n\t\t\t\t\t\t\t\t\t<span class=\"elementor-button-text\">ONTDEK<\/span>\n\t\t\t\t\t<\/span>\n\t\t\t\t\t<\/a>\n\t\t\t\t<\/div>\n\t\t\t\t\t\t\t\t<\/div>\n\t\t\t\t<\/div>\n\t\t\t\t\t<\/div>\n\t\t<\/div>\n\t\t\t\t<div class=\"elementor-column elementor-col-33 elementor-top-column elementor-element elementor-element-5fff2e74\" data-id=\"5fff2e74\" data-element_type=\"column\" data-e-type=\"column\">\n\t\t\t<div class=\"elementor-widget-wrap elementor-element-populated\">\n\t\t\t\t\t\t<div class=\"elementor-element elementor-element-66e6393e elementor-widget elementor-widget-image\" data-id=\"66e6393e\" data-element_type=\"widget\" data-e-type=\"widget\" data-widget_type=\"image.default\">\n\t\t\t\t<div class=\"elementor-widget-container\">\n\t\t\t\t\t\t\t\t\t\t\t\t\t\t\t<img decoding=\"async\" src=\"https:\/\/musee.oceano.org\/wp-content\/uploads\/sites\/2\/elementor\/thumbs\/ALBERT_badu-rjyt42jtgsyyfk3xns3gyof5txpyhj7jhiomwn84dm.png\" title=\"ALBERT_badu\" alt=\"ALBERT_badu\" loading=\"lazy\" \/>\t\t\t\t\t\t\t\t\t\t\t\t\t\t\t<\/div>\n\t\t\t\t<\/div>\n\t\t\t\t<div class=\"elementor-element elementor-element-6928c046 elementor-widget elementor-widget-heading\" data-id=\"6928c046\" data-element_type=\"widget\" data-e-type=\"widget\" data-widget_type=\"heading.default\">\n\t\t\t\t<div class=\"elementor-widget-container\">\n\t\t\t\t\t<h2 class=\"elementor-heading-title elementor-size-default\">Verkenningen van Monaco<\/h2>\t\t\t\t<\/div>\n\t\t\t\t<\/div>\n\t\t\t\t<div class=\"elementor-element elementor-element-78228566 elementor-align-center elementor-widget elementor-widget-button\" data-id=\"78228566\" data-element_type=\"widget\" data-e-type=\"widget\" data-widget_type=\"button.default\">\n\t\t\t\t<div class=\"elementor-widget-container\">\n\t\t\t\t\t\t\t\t\t<div class=\"elementor-button-wrapper\">\n\t\t\t\t\t<a class=\"elementor-button elementor-button-link elementor-size-md\" href=\"https:\/\/www.oceano.org\/nl\/monaco-de-stem-van-de-oceaan\/verkenningen-van-monaco\/\">\n\t\t\t\t\t\t<span class=\"elementor-button-content-wrapper\">\n\t\t\t\t\t\t\t\t\t<span class=\"elementor-button-text\">VERKEN<\/span>\n\t\t\t\t\t<\/span>\n\t\t\t\t\t<\/a>\n\t\t\t\t<\/div>\n\t\t\t\t\t\t\t\t<\/div>\n\t\t\t\t<\/div>\n\t\t\t\t\t<\/div>\n\t\t<\/div>\n\t\t\t\t<div class=\"elementor-column elementor-col-33 elementor-top-column elementor-element elementor-element-66cdc717\" data-id=\"66cdc717\" data-element_type=\"column\" data-e-type=\"column\">\n\t\t\t<div class=\"elementor-widget-wrap elementor-element-populated\">\n\t\t\t\t\t\t<div class=\"elementor-element elementor-element-8c6951c elementor-widget elementor-widget-image\" data-id=\"8c6951c\" data-element_type=\"widget\" data-e-type=\"widget\" data-widget_type=\"image.default\">\n\t\t\t\t<div class=\"elementor-widget-container\">\n\t\t\t\t\t\t\t\t\t\t\t\t\t\t\t<img decoding=\"async\" src=\"https:\/\/musee.oceano.org\/wp-content\/uploads\/sites\/2\/elementor\/thumbs\/httpswww.instagram.compBx-BKBfFQAN-rjyt4gnebbi99pjgdg6vi2v2qpsgozrijggx3sn7sa.jpg\" title=\"httpswww.instagram.compBx-BKBfFQAN\" alt=\"httpswww.instagram.compBx-BKBfFQAN\" loading=\"lazy\" \/>\t\t\t\t\t\t\t\t\t\t\t\t\t\t\t<\/div>\n\t\t\t\t<\/div>\n\t\t\t\t<div class=\"elementor-element elementor-element-31210fe4 elementor-widget elementor-widget-heading\" data-id=\"31210fe4\" data-element_type=\"widget\" data-e-type=\"widget\" data-widget_type=\"heading.default\">\n\t\t\t\t<div class=\"elementor-widget-container\">\n\t\t\t\t\t<h2 class=\"elementor-heading-title elementor-size-default\">Turtle Odyssey<\/h2>\t\t\t\t<\/div>\n\t\t\t\t<\/div>\n\t\t\t\t<div class=\"elementor-element elementor-element-554ab27b elementor-align-center elementor-widget elementor-widget-button\" data-id=\"554ab27b\" data-element_type=\"widget\" data-e-type=\"widget\" data-widget_type=\"button.default\">\n\t\t\t\t<div class=\"elementor-widget-container\">\n\t\t\t\t\t\t\t\t\t<div class=\"elementor-button-wrapper\">\n\t\t\t\t\t<a class=\"elementor-button elementor-button-link elementor-size-md\" href=\"https:\/\/musee.oceano.org\/nl\/de-zeeschildpadden-odyssee\/\">\n\t\t\t\t\t\t<span class=\"elementor-button-content-wrapper\">\n\t\t\t\t\t\t\t\t\t<span class=\"elementor-button-text\">BEZOEK<\/span>\n\t\t\t\t\t<\/span>\n\t\t\t\t\t<\/a>\n\t\t\t\t<\/div>\n\t\t\t\t\t\t\t\t<\/div>\n\t\t\t\t<\/div>\n\t\t\t\t\t<\/div>\n\t\t<\/div>\n\t\t\t\t\t<\/div>\n\t\t<\/section>\n\t\t\t\t<section class=\"elementor-section elementor-top-section elementor-element elementor-element-635215f8 elementor-section-full_width elementor-section-height-default elementor-section-height-default\" data-id=\"635215f8\" data-element_type=\"section\" data-e-type=\"section\" data-settings=\"{&quot;background_background&quot;:&quot;classic&quot;}\">\n\t\t\t\t\t\t<div class=\"elementor-container elementor-column-gap-default\">\n\t\t\t\t\t<div class=\"elementor-column elementor-col-100 elementor-top-column elementor-element elementor-element-4a72a651\" data-id=\"4a72a651\" data-element_type=\"column\" data-e-type=\"column\">\n\t\t\t<div class=\"elementor-widget-wrap elementor-element-populated\">\n\t\t\t\t\t\t<div class=\"elementor-element elementor-element-6d5aff7a elementor-widget elementor-widget-heading\" data-id=\"6d5aff7a\" data-element_type=\"widget\" data-e-type=\"widget\" data-widget_type=\"heading.default\">\n\t\t\t\t<div class=\"elementor-widget-container\">\n\t\t\t\t\t<h2 class=\"elementor-heading-title elementor-size-default\">Vorige tentoonstellingen<\/h2>\t\t\t\t<\/div>\n\t\t\t\t<\/div>\n\t\t\t\t\t<\/div>\n\t\t<\/div>\n\t\t\t\t\t<\/div>\n\t\t<\/section>\n\t\t\t\t<section class=\"elementor-section elementor-top-section elementor-element elementor-element-6a904711 elementor-section-content-middle elementor-section-boxed elementor-section-height-default elementor-section-height-default\" data-id=\"6a904711\" data-element_type=\"section\" data-e-type=\"section\" data-settings=\"{&quot;background_background&quot;:&quot;classic&quot;}\">\n\t\t\t\t\t\t<div class=\"elementor-container elementor-column-gap-default\">\n\t\t\t\t\t<div class=\"elementor-column elementor-col-100 elementor-top-column elementor-element elementor-element-131b51a\" data-id=\"131b51a\" data-element_type=\"column\" data-e-type=\"column\">\n\t\t\t<div class=\"elementor-widget-wrap elementor-element-populated\">\n\t\t\t\t\t\t<div class=\"elementor-element elementor-element-2f410b04 elementor-widget elementor-widget-shortcode\" data-id=\"2f410b04\" data-element_type=\"widget\" data-e-type=\"widget\" data-widget_type=\"shortcode.default\">\n\t\t\t\t<div class=\"elementor-widget-container\">\n\t\t\t\t\t\t\t<div class=\"elementor-shortcode\"><div class=\"related-cp\">\n    <div class=\"flex-container former_expositions_slides\">\n        <div class=\"txt-center cp-block\">\n    <div class=\"zoom-effect\">\n        <img loading=\"lazy\" decoding=\"async\" width=\"433\" height=\"433\" src=\"https:\/\/musee.oceano.org\/wp-content\/uploads\/sites\/2\/2024\/03\/mission-polaire-2.jpg\" class=\"attachment-img-bloc-three-content size-img-bloc-three-content wp-post-image\" alt=\"\" srcset=\"https:\/\/musee.oceano.org\/wp-content\/uploads\/sites\/2\/2024\/03\/mission-polaire-2.jpg 433w, https:\/\/musee.oceano.org\/wp-content\/uploads\/sites\/2\/2024\/03\/mission-polaire-2-300x300.jpg 300w, https:\/\/musee.oceano.org\/wp-content\/uploads\/sites\/2\/2024\/03\/mission-polaire-2-150x150.jpg 150w, https:\/\/musee.oceano.org\/wp-content\/uploads\/sites\/2\/2024\/03\/mission-polaire-2-334x334.jpg 334w\" sizes=\"(max-width: 433px) 100vw, 433px\" \/>    <\/div>\n    <h5 class=\"color-white mtl\">Missie Polaire, de &#8220;IMMERSION&#8221; tentoonstelling<\/h5>\n    <a href=\"https:\/\/musee.oceano.org\/nl\/tentoonstellingen\/missie-polaire-de-immersion-tentoonstelling\/\" class=\"btn color-white border-white mrauto mlauto mtl\">\n        <span class=\"btn-text\">Zie<\/span>\n    <\/a>\n<\/div>\n\n<div class=\"txt-center cp-block\">\n    <div class=\"zoom-effect\">\n        <img loading=\"lazy\" decoding=\"async\" width=\"433\" height=\"433\" src=\"https:\/\/musee.oceano.org\/wp-content\/uploads\/sites\/2\/2019\/05\/LOW-FINI-09_Artiste-Alick-Tipoti_M_Dagnino-433x433.jpg\" class=\"attachment-img-bloc-three-content size-img-bloc-three-content wp-post-image\" alt=\"\" srcset=\"https:\/\/musee.oceano.org\/wp-content\/uploads\/sites\/2\/2019\/05\/LOW-FINI-09_Artiste-Alick-Tipoti_M_Dagnino-433x433.jpg 433w, https:\/\/musee.oceano.org\/wp-content\/uploads\/sites\/2\/2019\/05\/LOW-FINI-09_Artiste-Alick-Tipoti_M_Dagnino-150x150.jpg 150w, https:\/\/musee.oceano.org\/wp-content\/uploads\/sites\/2\/2019\/05\/LOW-FINI-09_Artiste-Alick-Tipoti_M_Dagnino-300x300.jpg 300w, https:\/\/musee.oceano.org\/wp-content\/uploads\/sites\/2\/2019\/05\/LOW-FINI-09_Artiste-Alick-Tipoti_M_Dagnino-768x767.jpg 768w, https:\/\/musee.oceano.org\/wp-content\/uploads\/sites\/2\/2019\/05\/LOW-FINI-09_Artiste-Alick-Tipoti_M_Dagnino-1024x1024.jpg 1024w, https:\/\/musee.oceano.org\/wp-content\/uploads\/sites\/2\/2019\/05\/LOW-FINI-09_Artiste-Alick-Tipoti_M_Dagnino-334x334.jpg 334w, https:\/\/musee.oceano.org\/wp-content\/uploads\/sites\/2\/2019\/05\/LOW-FINI-09_Artiste-Alick-Tipoti_M_Dagnino.jpg 1039w\" sizes=\"(max-width: 433px) 100vw, 433px\" \/>    <\/div>\n    <h5 class=\"color-white mtl\">Taba Naba<\/h5>\n    <a href=\"https:\/\/musee.oceano.org\/nl\/tentoonstellingen\/taba-naba\/\" class=\"btn color-white border-white mrauto mlauto mtl\">\n        <span class=\"btn-text\">Zie<\/span>\n    <\/a>\n<\/div>\n\n<div class=\"txt-center cp-block\">\n    <div class=\"zoom-effect\">\n        <img loading=\"lazy\" decoding=\"async\" width=\"433\" height=\"433\" src=\"https:\/\/musee.oceano.org\/wp-content\/uploads\/sites\/2\/2019\/06\/1426590317-433x433.jpg\" class=\"attachment-img-bloc-three-content size-img-bloc-three-content wp-post-image\" alt=\"\" srcset=\"https:\/\/musee.oceano.org\/wp-content\/uploads\/sites\/2\/2019\/06\/1426590317-433x433.jpg 433w, https:\/\/musee.oceano.org\/wp-content\/uploads\/sites\/2\/2019\/06\/1426590317-150x150.jpg 150w, https:\/\/musee.oceano.org\/wp-content\/uploads\/sites\/2\/2019\/06\/1426590317-334x334.jpg 334w\" sizes=\"(max-width: 433px) 100vw, 433px\" \/>    <\/div>\n    <h5 class=\"color-white mtl\">Over haaien en de mensheid<\/h5>\n    <a href=\"https:\/\/musee.oceano.org\/nl\/tentoonstellingen\/over-haaien-en-de-mensheid\/\" class=\"btn color-white border-white mrauto mlauto mtl\">\n        <span class=\"btn-text\">Zie<\/span>\n    <\/a>\n<\/div>\n\n<div class=\"txt-center cp-block\">\n    <div class=\"zoom-effect\">\n        <img loading=\"lazy\" decoding=\"async\" width=\"433\" height=\"433\" src=\"https:\/\/musee.oceano.org\/wp-content\/uploads\/sites\/2\/2019\/10\/Huang-Yong-Ping-433x433.jpg\" class=\"attachment-img-bloc-three-content size-img-bloc-three-content wp-post-image\" alt=\"\" srcset=\"https:\/\/musee.oceano.org\/wp-content\/uploads\/sites\/2\/2019\/10\/Huang-Yong-Ping-433x433.jpg 433w, https:\/\/musee.oceano.org\/wp-content\/uploads\/sites\/2\/2019\/10\/Huang-Yong-Ping-150x150.jpg 150w, https:\/\/musee.oceano.org\/wp-content\/uploads\/sites\/2\/2019\/10\/Huang-Yong-Ping-334x334.jpg 334w\" sizes=\"(max-width: 433px) 100vw, 433px\" \/>    <\/div>\n    <h5 class=\"color-white mtl\">Eerbetoon: Huang Yong Ping<\/h5>\n    <a href=\"https:\/\/musee.oceano.org\/nl\/tentoonstellingen\/eerbetoon-huang-yong-ping\/\" class=\"btn color-white border-white mrauto mlauto mtl\">\n        <span class=\"btn-text\">Zie<\/span>\n    <\/a>\n<\/div>\n\n<div class=\"txt-center cp-block\">\n    <div class=\"zoom-effect\">\n        <img loading=\"lazy\" decoding=\"async\" width=\"433\" height=\"433\" src=\"https:\/\/musee.oceano.org\/wp-content\/uploads\/sites\/2\/2019\/05\/4-Parcours-th\u00e9matique-Odyss\u00e9e-des-tortues-marines-\u00a9-M.-Dagnino-Institut-oc\u00e9anographique-433x433.jpg\" class=\"attachment-img-bloc-three-content size-img-bloc-three-content wp-post-image\" alt=\"\" srcset=\"https:\/\/musee.oceano.org\/wp-content\/uploads\/sites\/2\/2019\/05\/4-Parcours-th\u00e9matique-Odyss\u00e9e-des-tortues-marines-\u00a9-M.-Dagnino-Institut-oc\u00e9anographique-433x433.jpg 433w, https:\/\/musee.oceano.org\/wp-content\/uploads\/sites\/2\/2019\/05\/4-Parcours-th\u00e9matique-Odyss\u00e9e-des-tortues-marines-\u00a9-M.-Dagnino-Institut-oc\u00e9anographique-150x150.jpg 150w, https:\/\/musee.oceano.org\/wp-content\/uploads\/sites\/2\/2019\/05\/4-Parcours-th\u00e9matique-Odyss\u00e9e-des-tortues-marines-\u00a9-M.-Dagnino-Institut-oc\u00e9anographique-334x334.jpg 334w\" sizes=\"(max-width: 433px) 100vw, 433px\" \/>    <\/div>\n    <h5 class=\"color-white mtl\">De Zeeschildpadden Odyssee &#8211; De Tentoonstelling<\/h5>\n    <a href=\"https:\/\/musee.oceano.org\/nl\/tentoonstellingen\/de-zeeschildpadden-odyssee-de-tentoonstelling\/\" class=\"btn color-white border-white mrauto mlauto mtl\">\n        <span class=\"btn-text\">Zie<\/span>\n    <\/a>\n<\/div>\n\n<div class=\"txt-center cp-block\">\n    <div class=\"zoom-effect\">\n        <img loading=\"lazy\" decoding=\"async\" width=\"433\" height=\"433\" src=\"https:\/\/musee.oceano.org\/wp-content\/uploads\/sites\/2\/2019\/12\/tortue-verte-\u00a9Fabien-Lefebvre-Explorations-de-Monaco--433x433.jpg\" class=\"attachment-img-bloc-three-content size-img-bloc-three-content wp-post-image\" alt=\"\" srcset=\"https:\/\/musee.oceano.org\/wp-content\/uploads\/sites\/2\/2019\/12\/tortue-verte-\u00a9Fabien-Lefebvre-Explorations-de-Monaco--433x433.jpg 433w, https:\/\/musee.oceano.org\/wp-content\/uploads\/sites\/2\/2019\/12\/tortue-verte-\u00a9Fabien-Lefebvre-Explorations-de-Monaco--150x150.jpg 150w, https:\/\/musee.oceano.org\/wp-content\/uploads\/sites\/2\/2019\/12\/tortue-verte-\u00a9Fabien-Lefebvre-Explorations-de-Monaco--334x334.jpg 334w\" sizes=\"(max-width: 433px) 100vw, 433px\" \/>    <\/div>\n    <h5 class=\"color-white mtl\">Tentoonstelling Martinique<\/h5>\n    <a href=\"https:\/\/musee.oceano.org\/nl\/tentoonstellingen\/tentoonstelling-martinique\/\" class=\"btn color-white border-white mrauto mlauto mtl\">\n        <span class=\"btn-text\">Zie<\/span>\n    <\/a>\n<\/div>\n\n<div class=\"txt-center cp-block\">\n    <div class=\"zoom-effect\">\n        <img loading=\"lazy\" decoding=\"async\" width=\"433\" height=\"433\" src=\"https:\/\/musee.oceano.org\/wp-content\/uploads\/sites\/2\/2019\/06\/1484671235-433x433.jpg\" class=\"attachment-img-bloc-three-content size-img-bloc-three-content wp-post-image\" alt=\"\" srcset=\"https:\/\/musee.oceano.org\/wp-content\/uploads\/sites\/2\/2019\/06\/1484671235-433x433.jpg 433w, https:\/\/musee.oceano.org\/wp-content\/uploads\/sites\/2\/2019\/06\/1484671235-150x150.jpg 150w, https:\/\/musee.oceano.org\/wp-content\/uploads\/sites\/2\/2019\/06\/1484671235-334x334.jpg 334w\" sizes=\"(max-width: 433px) 100vw, 433px\" \/>    <\/div>\n    <h5 class=\"color-white mtl\">Sharks<\/h5>\n    <a href=\"https:\/\/musee.oceano.org\/nl\/tentoonstellingen\/sharks\/\" class=\"btn color-white border-white mrauto mlauto mtl\">\n        <span class=\"btn-text\">Zie<\/span>\n    <\/a>\n<\/div>\n\n<div class=\"txt-center cp-block\">\n    <div class=\"zoom-effect\">\n        <img loading=\"lazy\" decoding=\"async\" width=\"433\" height=\"433\" src=\"https:\/\/musee.oceano.org\/wp-content\/uploads\/sites\/2\/2020\/02\/07-TrepanierITA2Painting-Tanquary-Fiord-Behind.-Photo-by-Carl-Trepanier-433x433.jpg\" class=\"attachment-img-bloc-three-content size-img-bloc-three-content wp-post-image\" alt=\"\" srcset=\"https:\/\/musee.oceano.org\/wp-content\/uploads\/sites\/2\/2020\/02\/07-TrepanierITA2Painting-Tanquary-Fiord-Behind.-Photo-by-Carl-Trepanier-433x433.jpg 433w, https:\/\/musee.oceano.org\/wp-content\/uploads\/sites\/2\/2020\/02\/07-TrepanierITA2Painting-Tanquary-Fiord-Behind.-Photo-by-Carl-Trepanier-150x150.jpg 150w, https:\/\/musee.oceano.org\/wp-content\/uploads\/sites\/2\/2020\/02\/07-TrepanierITA2Painting-Tanquary-Fiord-Behind.-Photo-by-Carl-Trepanier-334x334.jpg 334w\" sizes=\"(max-width: 433px) 100vw, 433px\" \/>    <\/div>\n    <h5 class=\"color-white mtl\">In het hart van de Noordpool<\/h5>\n    <a href=\"https:\/\/musee.oceano.org\/nl\/tentoonstellingen\/in-het-hart-van-de-noordpool\/\" class=\"btn color-white border-white mrauto mlauto mtl\">\n        <span class=\"btn-text\">Zie<\/span>\n    <\/a>\n<\/div>\n\n<div class=\"txt-center cp-block\">\n    <div class=\"zoom-effect\">\n        <img loading=\"lazy\" decoding=\"async\" width=\"433\" height=\"433\" src=\"https:\/\/musee.oceano.org\/wp-content\/uploads\/sites\/2\/2020\/10\/Michel-AUBERY-01-2-433x433.jpg\" class=\"attachment-img-bloc-three-content size-img-bloc-three-content wp-post-image\" alt=\"\" srcset=\"https:\/\/musee.oceano.org\/wp-content\/uploads\/sites\/2\/2020\/10\/Michel-AUBERY-01-2-433x433.jpg 433w, https:\/\/musee.oceano.org\/wp-content\/uploads\/sites\/2\/2020\/10\/Michel-AUBERY-01-2-150x150.jpg 150w, https:\/\/musee.oceano.org\/wp-content\/uploads\/sites\/2\/2020\/10\/Michel-AUBERY-01-2-334x334.jpg 334w\" sizes=\"(max-width: 433px) 100vw, 433px\" \/>    <\/div>\n    <h5 class=\"color-white mtl\">EXHIBITIE &#8221; RECIFS &#8221; door MICHEL AUBERY<\/h5>\n    <a href=\"https:\/\/musee.oceano.org\/nl\/tentoonstellingen\/exhibitie-recifs-door-michel-aubery\/\" class=\"btn color-white border-white mrauto mlauto mtl\">\n        <span class=\"btn-text\">Zie<\/span>\n    <\/a>\n<\/div>\n\n    <\/div>\n<\/div>\n<\/div>\n\t\t\t\t\t\t<\/div>\n\t\t\t\t<\/div>\n\t\t\t\t\t<\/div>\n\t\t<\/div>\n\t\t\t\t\t<\/div>\n\t\t<\/section>\n\t\t\t\t<\/div>\n\t\t","protected":false},"excerpt":{"rendered":"<p>In een geest van kennisdeling en openheid naar anderen, heeft Z.S.H. Prins Albert II de Verkenningen van Monaco gelanceerd. Het was in deze context dat hij naar Martinique, in het Caribisch gebied, reisde om de steun van het Prinsdom te verlenen aan de studie en de opvoeding van dit emblematische dier.<\/p>\n","protected":false},"featured_media":25318,"parent":0,"template":"","meta":{"_acf_changed":false,"footnotes":""},"etatexpositions":[333],"class_list":["post-25313","expositions","type-expositions","status-publish","has-post-thumbnail","hentry","etatexpositions-vorige"],"acf":[],"yoast_head":"<!-- This site is optimized with the Yoast SEO plugin v27.2 - https:\/\/yoast.com\/product\/yoast-seo-wordpress\/ -->\n<title>Tentoonstelling Martinique - Mus\u00e9e Oc\u00e9anographique de Monaco<\/title>\n<meta name=\"robots\" content=\"index, follow, max-snippet:-1, max-image-preview:large, max-video-preview:-1\" \/>\n<link rel=\"canonical\" href=\"https:\/\/musee.oceano.org\/nl\/tentoonstellingen\/tentoonstelling-martinique\/\" \/>\n<meta property=\"og:locale\" content=\"nl_NL\" \/>\n<meta property=\"og:type\" content=\"article\" \/>\n<meta property=\"og:title\" content=\"Tentoonstelling Martinique - Mus\u00e9e Oc\u00e9anographique de Monaco\" \/>\n<meta property=\"og:description\" content=\"In een geest van kennisdeling en openheid naar anderen, heeft Z.S.H. Prins Albert II de Verkenningen van Monaco gelanceerd. Het was in deze context dat hij naar Martinique, in het Caribisch gebied, reisde om de steun van het Prinsdom te verlenen aan de studie en de opvoeding van dit emblematische dier.\" \/>\n<meta property=\"og:url\" content=\"https:\/\/musee.oceano.org\/nl\/tentoonstellingen\/tentoonstelling-martinique\/\" \/>\n<meta property=\"og:site_name\" content=\"Mus\u00e9e Oc\u00e9anographique de Monaco\" \/>\n<meta property=\"article:modified_time\" content=\"2021-07-13T07:51:33+00:00\" \/>\n<meta property=\"og:image\" content=\"https:\/\/musee.oceano.org\/wp-content\/uploads\/sites\/2\/2019\/12\/tortue-verte-\u00a9Fabien-Lefebvre-Explorations-de-Monaco-.jpg\" \/>\n\t<meta property=\"og:image:width\" content=\"1123\" \/>\n\t<meta property=\"og:image:height\" content=\"748\" \/>\n\t<meta property=\"og:image:type\" content=\"image\/jpeg\" \/>\n<meta name=\"twitter:card\" content=\"summary_large_image\" \/>\n<meta name=\"twitter:label1\" content=\"Geschatte leestijd\" \/>\n\t<meta name=\"twitter:data1\" content=\"4 minuten\" \/>\n<script type=\"application\/ld+json\" class=\"yoast-schema-graph\">{\"@context\":\"https:\/\/schema.org\",\"@graph\":[{\"@type\":\"WebPage\",\"@id\":\"https:\/\/musee.oceano.org\/nl\/tentoonstellingen\/tentoonstelling-martinique\/\",\"url\":\"https:\/\/musee.oceano.org\/nl\/tentoonstellingen\/tentoonstelling-martinique\/\",\"name\":\"Tentoonstelling Martinique - Mus\u00e9e Oc\u00e9anographique de Monaco\",\"isPartOf\":{\"@id\":\"https:\/\/musee.oceano.org\/#website\"},\"primaryImageOfPage\":{\"@id\":\"https:\/\/musee.oceano.org\/nl\/tentoonstellingen\/tentoonstelling-martinique\/#primaryimage\"},\"image\":{\"@id\":\"https:\/\/musee.oceano.org\/nl\/tentoonstellingen\/tentoonstelling-martinique\/#primaryimage\"},\"thumbnailUrl\":\"https:\/\/musee.oceano.org\/wp-content\/uploads\/sites\/2\/2019\/12\/tortue-verte-\u00a9Fabien-Lefebvre-Explorations-de-Monaco-.jpg\",\"datePublished\":\"2021-06-25T12:42:50+00:00\",\"dateModified\":\"2021-07-13T07:51:33+00:00\",\"breadcrumb\":{\"@id\":\"https:\/\/musee.oceano.org\/nl\/tentoonstellingen\/tentoonstelling-martinique\/#breadcrumb\"},\"inLanguage\":\"nl-NL\",\"potentialAction\":[{\"@type\":\"ReadAction\",\"target\":[\"https:\/\/musee.oceano.org\/nl\/tentoonstellingen\/tentoonstelling-martinique\/\"]}]},{\"@type\":\"ImageObject\",\"inLanguage\":\"nl-NL\",\"@id\":\"https:\/\/musee.oceano.org\/nl\/tentoonstellingen\/tentoonstelling-martinique\/#primaryimage\",\"url\":\"https:\/\/musee.oceano.org\/wp-content\/uploads\/sites\/2\/2019\/12\/tortue-verte-\u00a9Fabien-Lefebvre-Explorations-de-Monaco-.jpg\",\"contentUrl\":\"https:\/\/musee.oceano.org\/wp-content\/uploads\/sites\/2\/2019\/12\/tortue-verte-\u00a9Fabien-Lefebvre-Explorations-de-Monaco-.jpg\",\"width\":1123,\"height\":748,\"caption\":\"tortue verte \u00a9Fabien Lefebvre Explorations de Monaco\"},{\"@type\":\"BreadcrumbList\",\"@id\":\"https:\/\/musee.oceano.org\/nl\/tentoonstellingen\/tentoonstelling-martinique\/#breadcrumb\",\"itemListElement\":[{\"@type\":\"ListItem\",\"position\":1,\"name\":\"Home\",\"item\":\"https:\/\/musee.oceano.org\/nl\/\"},{\"@type\":\"ListItem\",\"position\":2,\"name\":\"Tentoonstellingen\",\"item\":\"https:\/\/musee.oceano.org\/nl\/tentoonstellingen\/\"},{\"@type\":\"ListItem\",\"position\":3,\"name\":\"Tentoonstelling Martinique\"}]},{\"@type\":\"WebSite\",\"@id\":\"https:\/\/musee.oceano.org\/#website\",\"url\":\"https:\/\/musee.oceano.org\/\",\"name\":\"Mus\u00e9e Oc\u00e9anographique de Monaco\",\"description\":\"Faire conna\u00eetre, aimer et prot\u00e9ger les oc\u00e9ans\",\"potentialAction\":[{\"@type\":\"SearchAction\",\"target\":{\"@type\":\"EntryPoint\",\"urlTemplate\":\"https:\/\/musee.oceano.org\/?s={search_term_string}\"},\"query-input\":{\"@type\":\"PropertyValueSpecification\",\"valueRequired\":true,\"valueName\":\"search_term_string\"}}],\"inLanguage\":\"nl-NL\"}]}<\/script>\n<!-- \/ Yoast SEO plugin. -->","yoast_head_json":{"title":"Tentoonstelling Martinique - Mus\u00e9e Oc\u00e9anographique de Monaco","robots":{"index":"index","follow":"follow","max-snippet":"max-snippet:-1","max-image-preview":"max-image-preview:large","max-video-preview":"max-video-preview:-1"},"canonical":"https:\/\/musee.oceano.org\/nl\/tentoonstellingen\/tentoonstelling-martinique\/","og_locale":"nl_NL","og_type":"article","og_title":"Tentoonstelling Martinique - Mus\u00e9e Oc\u00e9anographique de Monaco","og_description":"In een geest van kennisdeling en openheid naar anderen, heeft Z.S.H. Prins Albert II de Verkenningen van Monaco gelanceerd. Het was in deze context dat hij naar Martinique, in het Caribisch gebied, reisde om de steun van het Prinsdom te verlenen aan de studie en de opvoeding van dit emblematische dier.","og_url":"https:\/\/musee.oceano.org\/nl\/tentoonstellingen\/tentoonstelling-martinique\/","og_site_name":"Mus\u00e9e Oc\u00e9anographique de Monaco","article_modified_time":"2021-07-13T07:51:33+00:00","og_image":[{"width":1123,"height":748,"url":"https:\/\/musee.oceano.org\/wp-content\/uploads\/sites\/2\/2019\/12\/tortue-verte-\u00a9Fabien-Lefebvre-Explorations-de-Monaco-.jpg","type":"image\/jpeg"}],"twitter_card":"summary_large_image","twitter_misc":{"Geschatte leestijd":"4 minuten"},"schema":{"@context":"https:\/\/schema.org","@graph":[{"@type":"WebPage","@id":"https:\/\/musee.oceano.org\/nl\/tentoonstellingen\/tentoonstelling-martinique\/","url":"https:\/\/musee.oceano.org\/nl\/tentoonstellingen\/tentoonstelling-martinique\/","name":"Tentoonstelling Martinique - Mus\u00e9e Oc\u00e9anographique de Monaco","isPartOf":{"@id":"https:\/\/musee.oceano.org\/#website"},"primaryImageOfPage":{"@id":"https:\/\/musee.oceano.org\/nl\/tentoonstellingen\/tentoonstelling-martinique\/#primaryimage"},"image":{"@id":"https:\/\/musee.oceano.org\/nl\/tentoonstellingen\/tentoonstelling-martinique\/#primaryimage"},"thumbnailUrl":"https:\/\/musee.oceano.org\/wp-content\/uploads\/sites\/2\/2019\/12\/tortue-verte-\u00a9Fabien-Lefebvre-Explorations-de-Monaco-.jpg","datePublished":"2021-06-25T12:42:50+00:00","dateModified":"2021-07-13T07:51:33+00:00","breadcrumb":{"@id":"https:\/\/musee.oceano.org\/nl\/tentoonstellingen\/tentoonstelling-martinique\/#breadcrumb"},"inLanguage":"nl-NL","potentialAction":[{"@type":"ReadAction","target":["https:\/\/musee.oceano.org\/nl\/tentoonstellingen\/tentoonstelling-martinique\/"]}]},{"@type":"ImageObject","inLanguage":"nl-NL","@id":"https:\/\/musee.oceano.org\/nl\/tentoonstellingen\/tentoonstelling-martinique\/#primaryimage","url":"https:\/\/musee.oceano.org\/wp-content\/uploads\/sites\/2\/2019\/12\/tortue-verte-\u00a9Fabien-Lefebvre-Explorations-de-Monaco-.jpg","contentUrl":"https:\/\/musee.oceano.org\/wp-content\/uploads\/sites\/2\/2019\/12\/tortue-verte-\u00a9Fabien-Lefebvre-Explorations-de-Monaco-.jpg","width":1123,"height":748,"caption":"tortue verte \u00a9Fabien Lefebvre Explorations de Monaco"},{"@type":"BreadcrumbList","@id":"https:\/\/musee.oceano.org\/nl\/tentoonstellingen\/tentoonstelling-martinique\/#breadcrumb","itemListElement":[{"@type":"ListItem","position":1,"name":"Home","item":"https:\/\/musee.oceano.org\/nl\/"},{"@type":"ListItem","position":2,"name":"Tentoonstellingen","item":"https:\/\/musee.oceano.org\/nl\/tentoonstellingen\/"},{"@type":"ListItem","position":3,"name":"Tentoonstelling Martinique"}]},{"@type":"WebSite","@id":"https:\/\/musee.oceano.org\/#website","url":"https:\/\/musee.oceano.org\/","name":"Mus\u00e9e Oc\u00e9anographique de Monaco","description":"Faire conna\u00eetre, aimer et prot\u00e9ger les oc\u00e9ans","potentialAction":[{"@type":"SearchAction","target":{"@type":"EntryPoint","urlTemplate":"https:\/\/musee.oceano.org\/?s={search_term_string}"},"query-input":{"@type":"PropertyValueSpecification","valueRequired":true,"valueName":"search_term_string"}}],"inLanguage":"nl-NL"}]}},"_links":{"self":[{"href":"https:\/\/musee.oceano.org\/nl\/wp-json\/wp\/v2\/expositions\/25313","targetHints":{"allow":["GET"]}}],"collection":[{"href":"https:\/\/musee.oceano.org\/nl\/wp-json\/wp\/v2\/expositions"}],"about":[{"href":"https:\/\/musee.oceano.org\/nl\/wp-json\/wp\/v2\/types\/expositions"}],"version-history":[{"count":10,"href":"https:\/\/musee.oceano.org\/nl\/wp-json\/wp\/v2\/expositions\/25313\/revisions"}],"predecessor-version":[{"id":32339,"href":"https:\/\/musee.oceano.org\/nl\/wp-json\/wp\/v2\/expositions\/25313\/revisions\/32339"}],"wp:featuredmedia":[{"embeddable":true,"href":"https:\/\/musee.oceano.org\/nl\/wp-json\/wp\/v2\/media\/25318"}],"wp:attachment":[{"href":"https:\/\/musee.oceano.org\/nl\/wp-json\/wp\/v2\/media?parent=25313"}],"wp:term":[{"taxonomy":"etatexpositions","embeddable":true,"href":"https:\/\/musee.oceano.org\/nl\/wp-json\/wp\/v2\/etatexpositions?post=25313"}],"curies":[{"name":"wp","href":"https:\/\/api.w.org\/{rel}","templated":true}]}}