{"id":22794,"date":"2021-06-24T15:17:26","date_gmt":"2021-06-24T13:17:26","guid":{"rendered":"https:\/\/musee.oceano.org\/fluorescerend-koraalbad\/"},"modified":"2021-07-12T09:56:04","modified_gmt":"2021-07-12T07:56:04","slug":"fluorescerend-koraalbad","status":"publish","type":"page","link":"https:\/\/musee.oceano.org\/nl\/fluorescerend-koraalbad\/","title":{"rendered":"Fluorescerend koraalbad"},"content":{"rendered":"\t\t<div data-elementor-type=\"wp-page\" data-elementor-id=\"22794\" class=\"elementor elementor-22794 elementor-18331\" data-elementor-post-type=\"page\">\n\t\t\t\t\t\t<section class=\"elementor-section elementor-top-section elementor-element elementor-element-77e87d85 elementor-section-full_width elementor-section-height-default elementor-section-height-default\" data-id=\"77e87d85\" data-element_type=\"section\" data-e-type=\"section\">\n\t\t\t\t\t\t<div class=\"elementor-container elementor-column-gap-no\">\n\t\t\t\t\t<div class=\"elementor-column elementor-col-100 elementor-top-column elementor-element elementor-element-1d222f70\" data-id=\"1d222f70\" data-element_type=\"column\" data-e-type=\"column\">\n\t\t\t<div class=\"elementor-widget-wrap elementor-element-populated\">\n\t\t\t\t\t\t<div class=\"elementor-element elementor-element-560df96c elementor--h-position-center elementor--v-position-middle elementor-widget elementor-widget-slides\" data-id=\"560df96c\" data-element_type=\"widget\" data-e-type=\"widget\" data-settings=\"{&quot;navigation&quot;:&quot;none&quot;,&quot;transition&quot;:&quot;slide&quot;,&quot;transition_speed&quot;:500}\" data-widget_type=\"slides.default\">\n\t\t\t\t<div class=\"elementor-widget-container\">\n\t\t\t\t\t\t\t\t\t<div class=\"elementor-swiper\">\n\t\t\t\t\t<div class=\"elementor-slides-wrapper elementor-main-swiper swiper\" role=\"region\" aria-roledescription=\"carousel\" aria-label=\"Slides\" dir=\"ltr\" data-animation=\"fadeInUp\">\n\t\t\t\t<div class=\"swiper-wrapper elementor-slides\">\n\t\t\t\t\t\t\t\t\t\t<div class=\"elementor-repeater-item-891be05 swiper-slide\" role=\"group\" aria-roledescription=\"slide\"><div class=\"swiper-slide-bg\" role=\"img\" aria-label=\"28_Parcours-corail-2020_M_Dagnino2\"><\/div><div class=\"elementor-background-overlay\"><\/div><div class=\"swiper-slide-inner\" ><div class=\"swiper-slide-contents\"><h1 class=\"elementor-slide-heading\">Het bewaren van een echte schat<\/h1><div class=\"elementor-slide-description\"><p>FLUO KORAALBEKKEN<\/p>\n<\/div><\/div><\/div><\/div>\t\t\t\t<\/div>\n\t\t\t\t\t\t\t<\/div>\n\t\t\t\t<\/div>\n\t\t\t\t\t\t\t\t<\/div>\n\t\t\t\t<\/div>\n\t\t\t\t\t<\/div>\n\t\t<\/div>\n\t\t\t\t\t<\/div>\n\t\t<\/section>\n\t\t\t\t<section class=\"elementor-section elementor-top-section elementor-element elementor-element-3bdfa5dc elementor-section-full_width breadcrumb-basuc elementor-section-height-default elementor-section-height-default\" data-id=\"3bdfa5dc\" data-element_type=\"section\" data-e-type=\"section\" data-settings=\"{&quot;background_background&quot;:&quot;classic&quot;}\">\n\t\t\t\t\t\t<div class=\"elementor-container elementor-column-gap-default\">\n\t\t\t\t\t<div class=\"elementor-column elementor-col-100 elementor-top-column elementor-element elementor-element-327b70f3\" data-id=\"327b70f3\" data-element_type=\"column\" data-e-type=\"column\">\n\t\t\t<div class=\"elementor-widget-wrap elementor-element-populated\">\n\t\t\t\t\t\t<div class=\"elementor-element elementor-element-52f957bf elementor-widget elementor-widget-ee-breadcrumbs\" data-id=\"52f957bf\" data-element_type=\"widget\" data-e-type=\"widget\" data-widget_type=\"ee-breadcrumbs.default\">\n\t\t\t\t<div class=\"elementor-widget-container\">\n\t\t\t\t\t<ul class=\"ee-breadcrumbs\" itemscope=\"\" itemtype=\"http:\/\/schema.org\/BreadcrumbList\"><\/ul>\t\t\t\t<\/div>\n\t\t\t\t<\/div>\n\t\t\t\t\t<\/div>\n\t\t<\/div>\n\t\t\t\t\t<\/div>\n\t\t<\/section>\n\t\t\t\t<section class=\"elementor-section elementor-top-section elementor-element elementor-element-0dc97c6 elementor-section-boxed elementor-section-height-default elementor-section-height-default\" data-id=\"0dc97c6\" data-element_type=\"section\" data-e-type=\"section\">\n\t\t\t\t\t\t<div class=\"elementor-container elementor-column-gap-default\">\n\t\t\t\t\t<div class=\"elementor-column elementor-col-50 elementor-top-column elementor-element elementor-element-f4ae832\" data-id=\"f4ae832\" data-element_type=\"column\" data-e-type=\"column\">\n\t\t\t<div class=\"elementor-widget-wrap elementor-element-populated\">\n\t\t\t\t\t\t<div class=\"elementor-element elementor-element-3621d62 elementor-widget elementor-widget-heading\" data-id=\"3621d62\" data-element_type=\"widget\" data-e-type=\"widget\" data-widget_type=\"heading.default\">\n\t\t\t\t<div class=\"elementor-widget-container\">\n\t\t\t\t\t<h3 class=\"elementor-heading-title elementor-size-default\">ZOOM<\/h3>\t\t\t\t<\/div>\n\t\t\t\t<\/div>\n\t\t\t\t<div class=\"elementor-element elementor-element-0f57954 elementor-widget elementor-widget-heading\" data-id=\"0f57954\" data-element_type=\"widget\" data-e-type=\"widget\" data-widget_type=\"heading.default\">\n\t\t\t\t<div class=\"elementor-widget-container\">\n\t\t\t\t\t<h3 class=\"elementor-heading-title elementor-size-default\">CORAL<\/h3>\t\t\t\t<\/div>\n\t\t\t\t<\/div>\n\t\t\t\t\t<\/div>\n\t\t<\/div>\n\t\t\t\t<div class=\"elementor-column elementor-col-50 elementor-top-column elementor-element elementor-element-7b41010\" data-id=\"7b41010\" data-element_type=\"column\" data-e-type=\"column\">\n\t\t\t<div class=\"elementor-widget-wrap elementor-element-populated\">\n\t\t\t\t\t\t<div class=\"elementor-element elementor-element-cd67976 elementor-widget elementor-widget-text-editor\" data-id=\"cd67976\" data-element_type=\"widget\" data-e-type=\"widget\" data-widget_type=\"text-editor.default\">\n\t\t\t\t<div class=\"elementor-widget-container\">\n\t\t\t\t\t\t\t\t\t<p>Koraal, een ware schat voor dier-, plant- en mensensoorten, is niet minder bedreigd. Het tegenwoordig waargenomen verblekingsverschijnsel is het gevolg van de bedreigingen voor de koraalriffen.<\/p>\n<p>Er zijn echter redenen tot hoop: er worden op internationaal niveau talrijke associatieve en institutionele initiatieven opgezet en uitgevoerd. Dit is met name het geval voor aandelen in het Vorstendom Monaco. Iedereen kan ook op zijn eigen niveau eenvoudige manieren vinden om de riffen te beschermen. In deze ruimte worden u 10 tips gegeven om dagelijks op te treden ten gunste van de koralen.<\/p>\n\t\t\t\t\t\t\t\t<\/div>\n\t\t\t\t<\/div>\n\t\t\t\t\t<\/div>\n\t\t<\/div>\n\t\t\t\t\t<\/div>\n\t\t<\/section>\n\t\t\t\t<section class=\"elementor-section elementor-top-section elementor-element elementor-element-1de711e elementor-section-boxed elementor-section-height-default elementor-section-height-default elementor-invisible\" data-id=\"1de711e\" data-element_type=\"section\" data-e-type=\"section\" data-settings=\"{&quot;background_background&quot;:&quot;classic&quot;,&quot;animation&quot;:&quot;slideInUp&quot;}\">\n\t\t\t\t\t\t<div class=\"elementor-container elementor-column-gap-default\">\n\t\t\t\t\t<div class=\"elementor-column elementor-col-100 elementor-top-column elementor-element elementor-element-b953fba\" data-id=\"b953fba\" data-element_type=\"column\" data-e-type=\"column\">\n\t\t\t<div class=\"elementor-widget-wrap elementor-element-populated\">\n\t\t\t\t\t\t<div class=\"elementor-element elementor-element-293fa51 elementor-widget elementor-widget-spacer\" data-id=\"293fa51\" data-element_type=\"widget\" data-e-type=\"widget\" data-widget_type=\"spacer.default\">\n\t\t\t\t<div class=\"elementor-widget-container\">\n\t\t\t\t\t\t\t<div class=\"elementor-spacer\">\n\t\t\t<div class=\"elementor-spacer-inner\"><\/div>\n\t\t<\/div>\n\t\t\t\t\t\t<\/div>\n\t\t\t\t<\/div>\n\t\t\t\t<section class=\"elementor-section elementor-inner-section elementor-element elementor-element-fd7064d elementor-section-boxed elementor-section-height-default elementor-section-height-default\" data-id=\"fd7064d\" data-element_type=\"section\" data-e-type=\"section\" data-settings=\"{&quot;background_background&quot;:&quot;classic&quot;}\">\n\t\t\t\t\t\t<div class=\"elementor-container elementor-column-gap-default\">\n\t\t\t\t\t<div class=\"elementor-column elementor-col-50 elementor-inner-column elementor-element elementor-element-ff013e5\" data-id=\"ff013e5\" data-element_type=\"column\" data-e-type=\"column\">\n\t\t\t<div class=\"elementor-widget-wrap elementor-element-populated\">\n\t\t\t\t\t\t<div class=\"elementor-element elementor-element-b6b0f96 elementor-widget elementor-widget-heading\" data-id=\"b6b0f96\" data-element_type=\"widget\" data-e-type=\"widget\" data-widget_type=\"heading.default\">\n\t\t\t\t<div class=\"elementor-widget-container\">\n\t\t\t\t\t<h2 class=\"elementor-heading-title elementor-size-default\">Een oververhitte planeet<\/h2>\t\t\t\t<\/div>\n\t\t\t\t<\/div>\n\t\t\t\t<div class=\"elementor-element elementor-element-c4c6391 elementor-widget elementor-widget-text-editor\" data-id=\"c4c6391\" data-element_type=\"widget\" data-e-type=\"widget\" data-widget_type=\"text-editor.default\">\n\t\t\t\t<div class=\"elementor-widget-container\">\n\t\t\t\t\t\t\t\t\t<p>Als hoeders van het klimaatevenwicht zijn de oceaan en de mariene ecosystemen het slachtoffer van de opwarming van de aarde. Menselijke activiteiten liggen aan de basis van deze opwarming van de aarde: uitstoot van broeikasgassen, sedimenten en landbouwafval die koralen verstikken of plasticvervuiling. Dit zijn allemaal oorzaken van het verbleken van koraalriffen en het verlies van de ecosystemen die zij ondersteunen.<\/p>\n<p>Iedereen kan op zijn eigen niveau handelen en de oplossingen bestaan, dus waar wachten we nog op? Enkele suggesties worden u gegeven <span style=\"color: #33cccc;\"><br \/>\n  <a style=\"color: #33cccc;\" href=\"https:\/\/www.oceano.org\/solutions-pour-sauver-les-coraux\/\"><u>hier<\/u>.<\/a><br \/>\n<\/span><\/p>\n\t\t\t\t\t\t\t\t<\/div>\n\t\t\t\t<\/div>\n\t\t\t\t\t<\/div>\n\t\t<\/div>\n\t\t\t\t<div class=\"elementor-column elementor-col-50 elementor-inner-column elementor-element elementor-element-6203182\" data-id=\"6203182\" data-element_type=\"column\" data-e-type=\"column\">\n\t\t\t<div class=\"elementor-widget-wrap elementor-element-populated\">\n\t\t\t\t\t\t<div class=\"elementor-element elementor-element-c7d43ac elementor-zoom elementor-widget elementor-widget-image\" data-id=\"c7d43ac\" data-element_type=\"widget\" data-e-type=\"widget\" data-widget_type=\"image.default\">\n\t\t\t\t<div class=\"elementor-widget-container\">\n\t\t\t\t\t\t\t\t\t\t\t\t\t\t\t\t<a href=\"https:\/\/musee.oceano.org\/wp-content\/uploads\/sites\/2\/2019\/09\/Infographie-7-Oc\u00e9an-et-climat-V3-20190826-bis-1.jpg\" data-elementor-open-lightbox=\"yes\" data-elementor-lightbox-title=\"Infographie 7 - Oc\u00e9an et climat V3 20190826 bis\" data-e-action-hash=\"#elementor-action%3Aaction%3Dlightbox%26settings%3DeyJpZCI6MTA4MTIsInVybCI6Imh0dHBzOlwvXC9tdXNlZS5vY2Vhbm8ub3JnXC93cC1jb250ZW50XC91cGxvYWRzXC9zaXRlc1wvMlwvMjAxOVwvMDlcL0luZm9ncmFwaGllLTctT2NcdTAwZTlhbi1ldC1jbGltYXQtVjMtMjAxOTA4MjYtYmlzLTEtc2NhbGVkLmpwZyJ9\">\n\t\t\t\t\t\t\t<img fetchpriority=\"high\" decoding=\"async\" width=\"762\" height=\"578\" src=\"https:\/\/musee.oceano.org\/wp-content\/uploads\/sites\/2\/2019\/09\/Infographie-7-Oc\u00e9an-et-climat-V3-20190826-bis-1-762x578.jpg\" class=\"attachment-img-actu-section size-img-actu-section wp-image-10812\" alt=\"\" \/>\t\t\t\t\t\t\t\t<\/a>\n\t\t\t\t\t\t\t\t\t\t\t\t\t\t\t<\/div>\n\t\t\t\t<\/div>\n\t\t\t\t\t<\/div>\n\t\t<\/div>\n\t\t\t\t\t<\/div>\n\t\t<\/section>\n\t\t\t\t\t<\/div>\n\t\t<\/div>\n\t\t\t\t\t<\/div>\n\t\t<\/section>\n\t\t\t\t<section class=\"elementor-section elementor-top-section elementor-element elementor-element-2b70b298 elementor-section-boxed elementor-section-height-default elementor-section-height-default elementor-invisible\" data-id=\"2b70b298\" data-element_type=\"section\" data-e-type=\"section\" data-settings=\"{&quot;background_background&quot;:&quot;classic&quot;,&quot;animation&quot;:&quot;slideInUp&quot;}\">\n\t\t\t\t\t\t<div class=\"elementor-container elementor-column-gap-default\">\n\t\t\t\t\t<div class=\"elementor-column elementor-col-100 elementor-top-column elementor-element elementor-element-7d2d942a\" data-id=\"7d2d942a\" data-element_type=\"column\" data-e-type=\"column\">\n\t\t\t<div class=\"elementor-widget-wrap elementor-element-populated\">\n\t\t\t\t\t\t<section class=\"elementor-section elementor-inner-section elementor-element elementor-element-5c34c31d elementor-section-boxed elementor-section-height-default elementor-section-height-default\" data-id=\"5c34c31d\" data-element_type=\"section\" data-e-type=\"section\" data-settings=\"{&quot;background_background&quot;:&quot;classic&quot;}\">\n\t\t\t\t\t\t<div class=\"elementor-container elementor-column-gap-default\">\n\t\t\t\t\t<div class=\"elementor-column elementor-col-50 elementor-inner-column elementor-element elementor-element-7992a0a1\" data-id=\"7992a0a1\" data-element_type=\"column\" data-e-type=\"column\">\n\t\t\t<div class=\"elementor-widget-wrap elementor-element-populated\">\n\t\t\t\t\t\t<div class=\"elementor-element elementor-element-35f773de elementor-zoom elementor-widget elementor-widget-image\" data-id=\"35f773de\" data-element_type=\"widget\" data-e-type=\"widget\" data-widget_type=\"image.default\">\n\t\t\t\t<div class=\"elementor-widget-container\">\n\t\t\t\t\t\t\t\t\t\t\t\t\t\t\t<img decoding=\"async\" width=\"762\" height=\"578\" src=\"https:\/\/musee.oceano.org\/wp-content\/uploads\/sites\/2\/2020\/08\/SAS-lors-de-la-MBI-762x578.png\" class=\"attachment-img-actu-section size-img-actu-section wp-image-22796\" alt=\"\" \/>\t\t\t\t\t\t\t\t\t\t\t\t\t\t\t<\/div>\n\t\t\t\t<\/div>\n\t\t\t\t\t<\/div>\n\t\t<\/div>\n\t\t\t\t<div class=\"elementor-column elementor-col-50 elementor-inner-column elementor-element elementor-element-59eff942\" data-id=\"59eff942\" data-element_type=\"column\" data-e-type=\"column\">\n\t\t\t<div class=\"elementor-widget-wrap elementor-element-populated\">\n\t\t\t\t\t\t<div class=\"elementor-element elementor-element-65833008 elementor-widget elementor-widget-heading\" data-id=\"65833008\" data-element_type=\"widget\" data-e-type=\"widget\" data-widget_type=\"heading.default\">\n\t\t\t\t<div class=\"elementor-widget-container\">\n\t\t\t\t\t<h2 class=\"elementor-heading-title elementor-size-default\">Monaco komt in actie voor de koralen<\/h2>\t\t\t\t<\/div>\n\t\t\t\t<\/div>\n\t\t\t\t<div class=\"elementor-element elementor-element-46a96745 elementor-widget elementor-widget-text-editor\" data-id=\"46a96745\" data-element_type=\"widget\" data-e-type=\"widget\" data-widget_type=\"text-editor.default\">\n\t\t\t\t<div class=\"elementor-widget-container\">\n\t\t\t\t\t\t\t\t\t<p>Politieke impulsen en mobilisatie van de internationale actoren, wetenschappelijk onderzoek, verspreiding van kennis, steun voor herstelprojecten&#8230; De instellingen die betrokken zijn bij de kennis en de bescherming van de oceaan (Stichting Prins Albert II van Monaco, Wetenschappelijk Centrum van Monaco, Oceanografisch Instituut, Explorations de Monaco) slaan de handen in elkaar om het publiek bewust te maken en actie te ondernemen voor het behoud van de koralen. Zo heeft Monaco in 2017 het initiatief genomen tot de &#8220;Coral Reef Life Declaration&#8221; om de internationale gemeenschap te wijzen op de dringende noodzaak om koraalriffen te beschermen. Sinds 2018 is Monaco met Australi\u00eb en Indonesi\u00eb medevoorzitter van het International Coral Reef Initiative (ICRI), een informeel partnerschap tussen staten en organisaties die streven naar het behoud van koraalriffen en aanverwante ecosystemen.<\/p>\n<p style=\"text-align: center\"><strong>Ontdek meer concreet de acties van de Monegaskische acteurs tijdens uw bezoek in deze ruimte!<\/strong><\/p>\n\t\t\t\t\t\t\t\t<\/div>\n\t\t\t\t<\/div>\n\t\t\t\t\t<\/div>\n\t\t<\/div>\n\t\t\t\t\t<\/div>\n\t\t<\/section>\n\t\t\t\t\t<\/div>\n\t\t<\/div>\n\t\t\t\t\t<\/div>\n\t\t<\/section>\n\t\t\t\t<section class=\"elementor-section elementor-top-section elementor-element elementor-element-369f2158 elementor-section-boxed elementor-section-height-default elementor-section-height-default elementor-invisible\" data-id=\"369f2158\" data-element_type=\"section\" data-e-type=\"section\" data-settings=\"{&quot;background_background&quot;:&quot;classic&quot;,&quot;animation&quot;:&quot;slideInUp&quot;}\">\n\t\t\t\t\t\t<div class=\"elementor-container elementor-column-gap-default\">\n\t\t\t\t\t<div class=\"elementor-column elementor-col-100 elementor-top-column elementor-element elementor-element-1cdc239\" data-id=\"1cdc239\" data-element_type=\"column\" data-e-type=\"column\">\n\t\t\t<div class=\"elementor-widget-wrap elementor-element-populated\">\n\t\t\t\t\t\t<div class=\"elementor-element elementor-element-3b24e65 elementor-widget elementor-widget-spacer\" data-id=\"3b24e65\" data-element_type=\"widget\" data-e-type=\"widget\" data-widget_type=\"spacer.default\">\n\t\t\t\t<div class=\"elementor-widget-container\">\n\t\t\t\t\t\t\t<div class=\"elementor-spacer\">\n\t\t\t<div class=\"elementor-spacer-inner\"><\/div>\n\t\t<\/div>\n\t\t\t\t\t\t<\/div>\n\t\t\t\t<\/div>\n\t\t\t\t<section class=\"elementor-section elementor-inner-section elementor-element elementor-element-1c6fd864 elementor-section-boxed elementor-section-height-default elementor-section-height-default\" data-id=\"1c6fd864\" data-element_type=\"section\" data-e-type=\"section\" data-settings=\"{&quot;background_background&quot;:&quot;classic&quot;}\">\n\t\t\t\t\t\t<div class=\"elementor-container elementor-column-gap-default\">\n\t\t\t\t\t<div class=\"elementor-column elementor-col-50 elementor-inner-column elementor-element elementor-element-43eda7cc\" data-id=\"43eda7cc\" data-element_type=\"column\" data-e-type=\"column\">\n\t\t\t<div class=\"elementor-widget-wrap elementor-element-populated\">\n\t\t\t\t\t\t<div class=\"elementor-element elementor-element-05b5f06 elementor-widget elementor-widget-heading\" data-id=\"05b5f06\" data-element_type=\"widget\" data-e-type=\"widget\" data-widget_type=\"heading.default\">\n\t\t\t\t<div class=\"elementor-widget-container\">\n\t\t\t\t\t<h2 class=\"elementor-heading-title elementor-size-default\">Herstel van koraalriffen en aangetaste ecosystemen<\/h2>\t\t\t\t<\/div>\n\t\t\t\t<\/div>\n\t\t\t\t<div class=\"elementor-element elementor-element-62e411e8 elementor-widget elementor-widget-text-editor\" data-id=\"62e411e8\" data-element_type=\"widget\" data-e-type=\"widget\" data-widget_type=\"text-editor.default\">\n\t\t\t\t<div class=\"elementor-widget-container\">\n\t\t\t\t\t\t\t\t\t<p>Koraalstekken zijn een ingreep die het mogelijk maakt koralen te behouden met hetzelfde genetisch erfgoed als hun moederkolonies. Het wordt al meer dan 30 jaar met succes beoefend in de aquaria van het museum. In open zee is het ook een manier om aangetaste of vernietigde riffen te herstellen. Dit is het doel van de vereniging Coral Guardian, die zich inzet voor het behoud van koraalecosystemen en de gemeenschappen die daarvan afhankelijk zijn. Op grotere schaal hebben het Wetenschappelijk Centrum van Monaco en het Oceanografisch Instituut besloten een Wereldkoraal Conservatorium op te richten. Een beetje als de Ark van Noach, maar dan voor de koralen! Het is de bedoeling een zo groot mogelijk aantal koraalstammen, verspreid over de belangrijkste aquaria en onderzoekcentra ter wereld, in stand te houden voordat deze opnieuw worden uitgezet in verwoeste gebieden.<\/p>\n\t\t\t\t\t\t\t\t<\/div>\n\t\t\t\t<\/div>\n\t\t\t\t\t<\/div>\n\t\t<\/div>\n\t\t\t\t<div class=\"elementor-column elementor-col-50 elementor-inner-column elementor-element elementor-element-7e44c470\" data-id=\"7e44c470\" data-element_type=\"column\" data-e-type=\"column\">\n\t\t\t<div class=\"elementor-widget-wrap elementor-element-populated\">\n\t\t\t\t\t\t<div class=\"elementor-element elementor-element-7d4022e3 elementor-zoom elementor-widget elementor-widget-image\" data-id=\"7d4022e3\" data-element_type=\"widget\" data-e-type=\"widget\" data-widget_type=\"image.default\">\n\t\t\t\t<div class=\"elementor-widget-container\">\n\t\t\t\t\t\t\t\t\t\t\t\t<figure class=\"wp-caption\">\n\t\t\t\t\t\t\t\t\t\t<img decoding=\"async\" width=\"762\" height=\"578\" src=\"https:\/\/musee.oceano.org\/wp-content\/uploads\/sites\/2\/2020\/08\/Photo-n\u00b03-762x578.jpg\" class=\"attachment-img-actu-section size-img-actu-section wp-image-25265\" alt=\"\" \/>\t\t\t\t\t\t\t\t\t\t\t<figcaption class=\"widget-image-caption wp-caption-text\">MARTIN COLOGNOLI - CORAL GUARDIAN<\/figcaption>\n\t\t\t\t\t\t\t\t\t\t<\/figure>\n\t\t\t\t\t\t\t\t\t<\/div>\n\t\t\t\t<\/div>\n\t\t\t\t\t<\/div>\n\t\t<\/div>\n\t\t\t\t\t<\/div>\n\t\t<\/section>\n\t\t\t\t\t<\/div>\n\t\t<\/div>\n\t\t\t\t\t<\/div>\n\t\t<\/section>\n\t\t\t\t<\/div>\n\t\t","protected":false},"excerpt":{"rendered":"<p>Het bewaren van een echte schat FLUO KORAALBEKKEN ZOOM CORAL Koraal, een ware schat voor dier-, plant- en mensensoorten, is niet minder bedreigd. Het tegenwoordig waargenomen verblekingsverschijnsel is het gevolg van de bedreigingen voor de koraalriffen. Er zijn echter redenen tot hoop: er worden op internationaal niveau talrijke associatieve en institutionele initiatieven opgezet en uitgevoerd. [&hellip;]<\/p>\n","protected":false},"author":12,"featured_media":0,"parent":0,"menu_order":357,"comment_status":"closed","ping_status":"closed","template":"","meta":{"_acf_changed":false,"footnotes":""},"class_list":["post-22794","page","type-page","status-publish","hentry"],"acf":[],"yoast_head":"<!-- This site is optimized with the Yoast SEO plugin v27.2 - https:\/\/yoast.com\/product\/yoast-seo-wordpress\/ -->\n<title>Fluorescerend koraalbad - Mus\u00e9e Oc\u00e9anographique de Monaco<\/title>\n<meta name=\"robots\" content=\"index, follow, max-snippet:-1, max-image-preview:large, max-video-preview:-1\" \/>\n<link rel=\"canonical\" href=\"https:\/\/musee.oceano.org\/nl\/fluorescerend-koraalbad\/\" \/>\n<meta property=\"og:locale\" content=\"nl_NL\" \/>\n<meta property=\"og:type\" content=\"article\" \/>\n<meta property=\"og:title\" content=\"Fluorescerend koraalbad - Mus\u00e9e Oc\u00e9anographique de Monaco\" \/>\n<meta property=\"og:description\" content=\"Het bewaren van een echte schat FLUO KORAALBEKKEN ZOOM CORAL Koraal, een ware schat voor dier-, plant- en mensensoorten, is niet minder bedreigd. Het tegenwoordig waargenomen verblekingsverschijnsel is het gevolg van de bedreigingen voor de koraalriffen. Er zijn echter redenen tot hoop: er worden op internationaal niveau talrijke associatieve en institutionele initiatieven opgezet en uitgevoerd. [&hellip;]\" \/>\n<meta property=\"og:url\" content=\"https:\/\/musee.oceano.org\/nl\/fluorescerend-koraalbad\/\" \/>\n<meta property=\"og:site_name\" content=\"Mus\u00e9e Oc\u00e9anographique de Monaco\" \/>\n<meta property=\"article:modified_time\" content=\"2021-07-12T07:56:04+00:00\" \/>\n<meta property=\"og:image\" content=\"https:\/\/musee.oceano.org\/wp-content\/uploads\/sites\/2\/2019\/09\/Infographie-7-Oc\u00e9an-et-climat-V3-20190826-bis-1-762x578.jpg\" \/>\n<meta name=\"twitter:card\" content=\"summary_large_image\" \/>\n<meta name=\"twitter:label1\" content=\"Geschatte leestijd\" \/>\n\t<meta name=\"twitter:data1\" content=\"2 minuten\" \/>\n<script type=\"application\/ld+json\" class=\"yoast-schema-graph\">{\"@context\":\"https:\/\/schema.org\",\"@graph\":[{\"@type\":\"WebPage\",\"@id\":\"https:\/\/musee.oceano.org\/nl\/fluorescerend-koraalbad\/\",\"url\":\"https:\/\/musee.oceano.org\/nl\/fluorescerend-koraalbad\/\",\"name\":\"Fluorescerend koraalbad - Mus\u00e9e Oc\u00e9anographique de Monaco\",\"isPartOf\":{\"@id\":\"https:\/\/musee.oceano.org\/#website\"},\"primaryImageOfPage\":{\"@id\":\"https:\/\/musee.oceano.org\/nl\/fluorescerend-koraalbad\/#primaryimage\"},\"image\":{\"@id\":\"https:\/\/musee.oceano.org\/nl\/fluorescerend-koraalbad\/#primaryimage\"},\"thumbnailUrl\":\"https:\/\/musee.oceano.org\/wp-content\/uploads\/sites\/2\/2020\/08\/SAS-lors-de-la-MBI-762x578.png\",\"datePublished\":\"2021-06-24T13:17:26+00:00\",\"dateModified\":\"2021-07-12T07:56:04+00:00\",\"breadcrumb\":{\"@id\":\"https:\/\/musee.oceano.org\/nl\/fluorescerend-koraalbad\/#breadcrumb\"},\"inLanguage\":\"nl-NL\",\"potentialAction\":[{\"@type\":\"ReadAction\",\"target\":[\"https:\/\/musee.oceano.org\/nl\/fluorescerend-koraalbad\/\"]}]},{\"@type\":\"ImageObject\",\"inLanguage\":\"nl-NL\",\"@id\":\"https:\/\/musee.oceano.org\/nl\/fluorescerend-koraalbad\/#primaryimage\",\"url\":\"https:\/\/musee.oceano.org\/wp-content\/uploads\/sites\/2\/2020\/08\/SAS-lors-de-la-MBI-762x578.png\",\"contentUrl\":\"https:\/\/musee.oceano.org\/wp-content\/uploads\/sites\/2\/2020\/08\/SAS-lors-de-la-MBI-762x578.png\"},{\"@type\":\"BreadcrumbList\",\"@id\":\"https:\/\/musee.oceano.org\/nl\/fluorescerend-koraalbad\/#breadcrumb\",\"itemListElement\":[{\"@type\":\"ListItem\",\"position\":1,\"name\":\"Home\",\"item\":\"https:\/\/musee.oceano.org\/nl\/\"},{\"@type\":\"ListItem\",\"position\":2,\"name\":\"Fluorescerend koraalbad\"}]},{\"@type\":\"WebSite\",\"@id\":\"https:\/\/musee.oceano.org\/#website\",\"url\":\"https:\/\/musee.oceano.org\/\",\"name\":\"Mus\u00e9e Oc\u00e9anographique de Monaco\",\"description\":\"Faire conna\u00eetre, aimer et prot\u00e9ger les oc\u00e9ans\",\"potentialAction\":[{\"@type\":\"SearchAction\",\"target\":{\"@type\":\"EntryPoint\",\"urlTemplate\":\"https:\/\/musee.oceano.org\/?s={search_term_string}\"},\"query-input\":{\"@type\":\"PropertyValueSpecification\",\"valueRequired\":true,\"valueName\":\"search_term_string\"}}],\"inLanguage\":\"nl-NL\"}]}<\/script>\n<!-- \/ Yoast SEO plugin. -->","yoast_head_json":{"title":"Fluorescerend koraalbad - Mus\u00e9e Oc\u00e9anographique de Monaco","robots":{"index":"index","follow":"follow","max-snippet":"max-snippet:-1","max-image-preview":"max-image-preview:large","max-video-preview":"max-video-preview:-1"},"canonical":"https:\/\/musee.oceano.org\/nl\/fluorescerend-koraalbad\/","og_locale":"nl_NL","og_type":"article","og_title":"Fluorescerend koraalbad - Mus\u00e9e Oc\u00e9anographique de Monaco","og_description":"Het bewaren van een echte schat FLUO KORAALBEKKEN ZOOM CORAL Koraal, een ware schat voor dier-, plant- en mensensoorten, is niet minder bedreigd. Het tegenwoordig waargenomen verblekingsverschijnsel is het gevolg van de bedreigingen voor de koraalriffen. Er zijn echter redenen tot hoop: er worden op internationaal niveau talrijke associatieve en institutionele initiatieven opgezet en uitgevoerd. [&hellip;]","og_url":"https:\/\/musee.oceano.org\/nl\/fluorescerend-koraalbad\/","og_site_name":"Mus\u00e9e Oc\u00e9anographique de Monaco","article_modified_time":"2021-07-12T07:56:04+00:00","og_image":[{"url":"https:\/\/musee.oceano.org\/wp-content\/uploads\/sites\/2\/2019\/09\/Infographie-7-Oc\u00e9an-et-climat-V3-20190826-bis-1-762x578.jpg","type":"","width":"","height":""}],"twitter_card":"summary_large_image","twitter_misc":{"Geschatte leestijd":"2 minuten"},"schema":{"@context":"https:\/\/schema.org","@graph":[{"@type":"WebPage","@id":"https:\/\/musee.oceano.org\/nl\/fluorescerend-koraalbad\/","url":"https:\/\/musee.oceano.org\/nl\/fluorescerend-koraalbad\/","name":"Fluorescerend koraalbad - Mus\u00e9e Oc\u00e9anographique de Monaco","isPartOf":{"@id":"https:\/\/musee.oceano.org\/#website"},"primaryImageOfPage":{"@id":"https:\/\/musee.oceano.org\/nl\/fluorescerend-koraalbad\/#primaryimage"},"image":{"@id":"https:\/\/musee.oceano.org\/nl\/fluorescerend-koraalbad\/#primaryimage"},"thumbnailUrl":"https:\/\/musee.oceano.org\/wp-content\/uploads\/sites\/2\/2020\/08\/SAS-lors-de-la-MBI-762x578.png","datePublished":"2021-06-24T13:17:26+00:00","dateModified":"2021-07-12T07:56:04+00:00","breadcrumb":{"@id":"https:\/\/musee.oceano.org\/nl\/fluorescerend-koraalbad\/#breadcrumb"},"inLanguage":"nl-NL","potentialAction":[{"@type":"ReadAction","target":["https:\/\/musee.oceano.org\/nl\/fluorescerend-koraalbad\/"]}]},{"@type":"ImageObject","inLanguage":"nl-NL","@id":"https:\/\/musee.oceano.org\/nl\/fluorescerend-koraalbad\/#primaryimage","url":"https:\/\/musee.oceano.org\/wp-content\/uploads\/sites\/2\/2020\/08\/SAS-lors-de-la-MBI-762x578.png","contentUrl":"https:\/\/musee.oceano.org\/wp-content\/uploads\/sites\/2\/2020\/08\/SAS-lors-de-la-MBI-762x578.png"},{"@type":"BreadcrumbList","@id":"https:\/\/musee.oceano.org\/nl\/fluorescerend-koraalbad\/#breadcrumb","itemListElement":[{"@type":"ListItem","position":1,"name":"Home","item":"https:\/\/musee.oceano.org\/nl\/"},{"@type":"ListItem","position":2,"name":"Fluorescerend koraalbad"}]},{"@type":"WebSite","@id":"https:\/\/musee.oceano.org\/#website","url":"https:\/\/musee.oceano.org\/","name":"Mus\u00e9e Oc\u00e9anographique de Monaco","description":"Faire conna\u00eetre, aimer et prot\u00e9ger les oc\u00e9ans","potentialAction":[{"@type":"SearchAction","target":{"@type":"EntryPoint","urlTemplate":"https:\/\/musee.oceano.org\/?s={search_term_string}"},"query-input":{"@type":"PropertyValueSpecification","valueRequired":true,"valueName":"search_term_string"}}],"inLanguage":"nl-NL"}]}},"_links":{"self":[{"href":"https:\/\/musee.oceano.org\/nl\/wp-json\/wp\/v2\/pages\/22794","targetHints":{"allow":["GET"]}}],"collection":[{"href":"https:\/\/musee.oceano.org\/nl\/wp-json\/wp\/v2\/pages"}],"about":[{"href":"https:\/\/musee.oceano.org\/nl\/wp-json\/wp\/v2\/types\/page"}],"author":[{"embeddable":true,"href":"https:\/\/musee.oceano.org\/nl\/wp-json\/wp\/v2\/users\/12"}],"replies":[{"embeddable":true,"href":"https:\/\/musee.oceano.org\/nl\/wp-json\/wp\/v2\/comments?post=22794"}],"version-history":[{"count":7,"href":"https:\/\/musee.oceano.org\/nl\/wp-json\/wp\/v2\/pages\/22794\/revisions"}],"predecessor-version":[{"id":31965,"href":"https:\/\/musee.oceano.org\/nl\/wp-json\/wp\/v2\/pages\/22794\/revisions\/31965"}],"wp:attachment":[{"href":"https:\/\/musee.oceano.org\/nl\/wp-json\/wp\/v2\/media?parent=22794"}],"curies":[{"name":"wp","href":"https:\/\/api.w.org\/{rel}","templated":true}]}}