{"id":27395,"date":"2021-06-29T11:50:46","date_gmt":"2021-06-29T09:50:46","guid":{"rendered":"https:\/\/musee.oceano.org\/nieuws-museum\/"},"modified":"2021-07-15T18:00:19","modified_gmt":"2021-07-15T16:00:19","slug":"nieuws-museum","status":"publish","type":"page","link":"https:\/\/musee.oceano.org\/nl\/nieuws-museum\/","title":{"rendered":"Nieuws &#8211; museum"},"content":{"rendered":"\t\t<div data-elementor-type=\"wp-post\" data-elementor-id=\"27395\" class=\"elementor elementor-27395 elementor-1217\" data-elementor-post-type=\"page\">\n\t\t\t\t\t\t<section class=\"elementor-section elementor-top-section elementor-element elementor-element-4428bb1a elementor-section-full_width elementor-section-height-default elementor-section-height-default\" data-id=\"4428bb1a\" data-element_type=\"section\" data-e-type=\"section\">\n\t\t\t\t\t\t<div class=\"elementor-container elementor-column-gap-no\">\n\t\t\t\t\t<div class=\"elementor-column elementor-col-100 elementor-top-column elementor-element elementor-element-59f81771\" data-id=\"59f81771\" data-element_type=\"column\" data-e-type=\"column\">\n\t\t\t<div class=\"elementor-widget-wrap elementor-element-populated\">\n\t\t\t\t\t\t<div class=\"elementor-element elementor-element-4c5a8c85 elementor--h-position-center elementor--v-position-middle elementor-widget elementor-widget-slides\" data-id=\"4c5a8c85\" data-element_type=\"widget\" data-e-type=\"widget\" data-settings=\"{&quot;navigation&quot;:&quot;none&quot;,&quot;transition&quot;:&quot;slide&quot;,&quot;transition_speed&quot;:500}\" data-widget_type=\"slides.default\">\n\t\t\t\t<div class=\"elementor-widget-container\">\n\t\t\t\t\t\t\t\t\t<div class=\"elementor-swiper\">\n\t\t\t\t\t<div class=\"elementor-slides-wrapper elementor-main-swiper swiper\" role=\"region\" aria-roledescription=\"carousel\" aria-label=\"Slides\" dir=\"ltr\" data-animation=\"fadeInUp\">\n\t\t\t\t<div class=\"swiper-wrapper elementor-slides\">\n\t\t\t\t\t\t\t\t\t\t<div class=\"elementor-repeater-item-891be05 swiper-slide\" role=\"group\" aria-roledescription=\"slide\"><div class=\"swiper-slide-bg\" role=\"img\" aria-label=\"newspapers-444447\"><\/div><div class=\"elementor-background-overlay\"><\/div><div class=\"swiper-slide-inner\" ><div class=\"swiper-slide-contents\"><h1 class=\"elementor-slide-heading\">NIEUWS VAN HET MUSEUM<\/h1><\/div><\/div><\/div>\t\t\t\t<\/div>\n\t\t\t\t\t\t\t<\/div>\n\t\t\t\t<\/div>\n\t\t\t\t\t\t\t\t<\/div>\n\t\t\t\t<\/div>\n\t\t\t\t\t<\/div>\n\t\t<\/div>\n\t\t\t\t\t<\/div>\n\t\t<\/section>\n\t\t\t\t<section class=\"elementor-section elementor-top-section elementor-element elementor-element-2b6cc478 elementor-section-full_width elementor-section-height-default elementor-section-height-default\" data-id=\"2b6cc478\" data-element_type=\"section\" data-e-type=\"section\">\n\t\t\t\t\t\t<div class=\"elementor-container elementor-column-gap-default\">\n\t\t\t\t\t<div class=\"elementor-column elementor-col-100 elementor-top-column elementor-element elementor-element-5c7082b6\" data-id=\"5c7082b6\" data-element_type=\"column\" data-e-type=\"column\">\n\t\t\t<div class=\"elementor-widget-wrap elementor-element-populated\">\n\t\t\t\t\t\t<div class=\"elementor-element elementor-element-19fc1485 elementor-widget elementor-widget-ee-breadcrumbs\" data-id=\"19fc1485\" data-element_type=\"widget\" data-e-type=\"widget\" data-widget_type=\"ee-breadcrumbs.default\">\n\t\t\t\t<div class=\"elementor-widget-container\">\n\t\t\t\t\t<ul class=\"ee-breadcrumbs\" itemscope=\"\" itemtype=\"http:\/\/schema.org\/BreadcrumbList\"><\/ul>\t\t\t\t<\/div>\n\t\t\t\t<\/div>\n\t\t\t\t\t<\/div>\n\t\t<\/div>\n\t\t\t\t\t<\/div>\n\t\t<\/section>\n\t\t\t\t<section class=\"elementor-section elementor-top-section elementor-element elementor-element-4f32ea27 elementor-section-full_width elementor-section-height-default elementor-section-height-default\" data-id=\"4f32ea27\" data-element_type=\"section\" data-e-type=\"section\">\n\t\t\t\t\t\t<div class=\"elementor-container elementor-column-gap-default\">\n\t\t\t\t\t<div class=\"elementor-column elementor-col-100 elementor-top-column elementor-element elementor-element-70cade5\" data-id=\"70cade5\" data-element_type=\"column\" data-e-type=\"column\">\n\t\t\t<div class=\"elementor-widget-wrap elementor-element-populated\">\n\t\t\t\t\t\t<div class=\"elementor-element elementor-element-6aa7ee0d elementor-widget elementor-widget-heading\" data-id=\"6aa7ee0d\" data-element_type=\"widget\" data-e-type=\"widget\" data-widget_type=\"heading.default\">\n\t\t\t\t<div class=\"elementor-widget-container\">\n\t\t\t\t\t<h2 class=\"elementor-heading-title elementor-size-default\">volg het nieuws van het oceanografisch museum van monaco<\/h2>\t\t\t\t<\/div>\n\t\t\t\t<\/div>\n\t\t\t\t\t<\/div>\n\t\t<\/div>\n\t\t\t\t\t<\/div>\n\t\t<\/section>\n\t\t\t\t<section class=\"elementor-section elementor-top-section elementor-element elementor-element-e86893f elementor-section-boxed elementor-section-height-default elementor-section-height-default\" data-id=\"e86893f\" data-element_type=\"section\" data-e-type=\"section\">\n\t\t\t\t\t\t<div class=\"elementor-container elementor-column-gap-default\">\n\t\t\t\t\t<div class=\"elementor-column elementor-col-100 elementor-top-column elementor-element elementor-element-d6766c1\" data-id=\"d6766c1\" data-element_type=\"column\" data-e-type=\"column\">\n\t\t\t<div class=\"elementor-widget-wrap elementor-element-populated\">\n\t\t\t\t\t\t<div class=\"elementor-element elementor-element-fc51c98 elementor-widget elementor-widget-text-editor\" data-id=\"fc51c98\" data-element_type=\"widget\" data-e-type=\"widget\" data-widget_type=\"text-editor.default\">\n\t\t\t\t<div class=\"elementor-widget-container\">\n\t\t\t\t\t\t\t\t\t<p>Zoeken op :<\/p>\n\t\t\t\t\t\t\t\t<\/div>\n\t\t\t\t<\/div>\n\t\t\t\t\t<\/div>\n\t\t<\/div>\n\t\t\t\t\t<\/div>\n\t\t<\/section>\n\t\t\t\t<section class=\"elementor-section elementor-top-section elementor-element elementor-element-e89c9cf formbgblue elementor-section-boxed elementor-section-height-default elementor-section-height-default\" data-id=\"e89c9cf\" data-element_type=\"section\" data-e-type=\"section\" data-settings=\"{&quot;background_background&quot;:&quot;classic&quot;}\">\n\t\t\t\t\t\t<div class=\"elementor-container elementor-column-gap-default\">\n\t\t\t\t\t<div class=\"elementor-column elementor-col-33 elementor-top-column elementor-element elementor-element-8e477b3\" data-id=\"8e477b3\" data-element_type=\"column\" data-e-type=\"column\">\n\t\t\t<div class=\"elementor-widget-wrap elementor-element-populated\">\n\t\t\t\t\t\t<div class=\"elementor-element elementor-element-75e59cb elementor-widget elementor-widget-shortcode\" data-id=\"75e59cb\" data-element_type=\"widget\" data-e-type=\"widget\" data-widget_type=\"shortcode.default\">\n\t\t\t\t<div class=\"elementor-widget-container\">\n\t\t\t\t\t\t\t<div class=\"elementor-shortcode\"><div class=\"facetwp-facet facetwp-facet-search facetwp-type-search\" data-name=\"search\" data-type=\"search\"><\/div><\/div>\n\t\t\t\t\t\t<\/div>\n\t\t\t\t<\/div>\n\t\t\t\t\t<\/div>\n\t\t<\/div>\n\t\t\t\t<div class=\"elementor-column elementor-col-33 elementor-top-column elementor-element elementor-element-6a20b21\" data-id=\"6a20b21\" data-element_type=\"column\" data-e-type=\"column\">\n\t\t\t<div class=\"elementor-widget-wrap elementor-element-populated\">\n\t\t\t\t\t\t<div class=\"elementor-element elementor-element-09e96c9 elementor-widget elementor-widget-shortcode\" data-id=\"09e96c9\" data-element_type=\"widget\" data-e-type=\"widget\" data-widget_type=\"shortcode.default\">\n\t\t\t\t<div class=\"elementor-widget-container\">\n\t\t\t\t\t\t\t<div class=\"elementor-shortcode\"><div class=\"facetwp-facet facetwp-facet-date_as_year facetwp-type-dropdown\" data-name=\"date_as_year\" data-type=\"dropdown\"><\/div><\/div>\n\t\t\t\t\t\t<\/div>\n\t\t\t\t<\/div>\n\t\t\t\t\t<\/div>\n\t\t<\/div>\n\t\t\t\t<div class=\"elementor-column elementor-col-33 elementor-top-column elementor-element elementor-element-3905746\" data-id=\"3905746\" data-element_type=\"column\" data-e-type=\"column\">\n\t\t\t<div class=\"elementor-widget-wrap elementor-element-populated\">\n\t\t\t\t\t\t<div class=\"elementor-element elementor-element-d3d1fd7 elementor-widget elementor-widget-shortcode\" data-id=\"d3d1fd7\" data-element_type=\"widget\" data-e-type=\"widget\" data-widget_type=\"shortcode.default\">\n\t\t\t\t<div class=\"elementor-widget-container\">\n\t\t\t\t\t\t\t<div class=\"elementor-shortcode\"><div class=\"facetwp-facet facetwp-facet-thmatiques_articles facetwp-type-dropdown\" data-name=\"thmatiques_articles\" data-type=\"dropdown\"><\/div><\/div>\n\t\t\t\t\t\t<\/div>\n\t\t\t\t<\/div>\n\t\t\t\t\t<\/div>\n\t\t<\/div>\n\t\t\t\t\t<\/div>\n\t\t<\/section>\n\t\t\t\t<section class=\"elementor-section elementor-top-section elementor-element elementor-element-8fd1117 elementor-section-boxed elementor-section-height-default elementor-section-height-default\" data-id=\"8fd1117\" data-element_type=\"section\" data-e-type=\"section\" data-settings=\"{&quot;background_background&quot;:&quot;classic&quot;}\">\n\t\t\t\t\t\t<div class=\"elementor-container elementor-column-gap-default\">\n\t\t\t\t\t<div class=\"elementor-column elementor-col-100 elementor-top-column elementor-element elementor-element-8ec30d4\" data-id=\"8ec30d4\" data-element_type=\"column\" data-e-type=\"column\">\n\t\t\t<div class=\"elementor-widget-wrap elementor-element-populated\">\n\t\t\t\t\t\t<div class=\"elementor-element elementor-element-39fe087 elementor-widget elementor-widget-shortcode\" data-id=\"39fe087\" data-element_type=\"widget\" data-e-type=\"widget\" data-widget_type=\"shortcode.default\">\n\t\t\t\t<div class=\"elementor-widget-container\">\n\t\t\t\t\t\t\t<div class=\"elementor-shortcode\"><div class=\"pbl\">\n    <div class=\"grid-3 has-gutter-xl\">\n                <div class=\"mbl\">\n            <a href=\"https:\/\/musee.oceano.org\/nl\/2024\/05\/15\/de-ijsreuzen-sluiten-zich-aan-bij-de-poolmissie-in-het-oceanografisch-museum-in-monaco\/ \">\n    <div class=\"actu-card relative flex-container--column\">\n                    <img fetchpriority=\"high\" decoding=\"async\" width=\"433\" height=\"433\" src=\"https:\/\/musee.oceano.org\/wp-content\/uploads\/sites\/2\/2024\/05\/Exposition-bassompierre-musee-monaco-433x433.png\" class=\"attachment-img-bloc-three-content size-img-bloc-three-content wp-post-image\" alt=\"Exposition Bassompierre et Exposition Mission Polaire au mus\u00e9e oc\u00e9anographique de monaco\" srcset=\"https:\/\/musee.oceano.org\/wp-content\/uploads\/sites\/2\/2024\/05\/Exposition-bassompierre-musee-monaco-433x433.png 433w, https:\/\/musee.oceano.org\/wp-content\/uploads\/sites\/2\/2024\/05\/Exposition-bassompierre-musee-monaco-300x300.png 300w, https:\/\/musee.oceano.org\/wp-content\/uploads\/sites\/2\/2024\/05\/Exposition-bassompierre-musee-monaco-1024x1024.png 1024w, https:\/\/musee.oceano.org\/wp-content\/uploads\/sites\/2\/2024\/05\/Exposition-bassompierre-musee-monaco-150x150.png 150w, https:\/\/musee.oceano.org\/wp-content\/uploads\/sites\/2\/2024\/05\/Exposition-bassompierre-musee-monaco-768x768.png 768w, https:\/\/musee.oceano.org\/wp-content\/uploads\/sites\/2\/2024\/05\/Exposition-bassompierre-musee-monaco-1536x1536.png 1536w, https:\/\/musee.oceano.org\/wp-content\/uploads\/sites\/2\/2024\/05\/Exposition-bassompierre-musee-monaco-334x334.png 334w, https:\/\/musee.oceano.org\/wp-content\/uploads\/sites\/2\/2024\/05\/Exposition-bassompierre-musee-monaco.png 1620w\" sizes=\"(max-width: 433px) 100vw, 433px\" \/>                <div class=\"actu-metas flex-item-fluid bg-white color-black\">\n            <div class=\"date fl f14 regular\">15\/05\/2024<\/div>\n            <div class=\"location fr f14 regular\"><i class=\"icon icon-map-marker\"><\/i> Monaco<\/div>\n            <div class=\"title extra-bold clear h4-like\">De IJsreuzen sluiten zich aan bij de Poolmissie in het Oceanografisch Museum in Monaco<\/div>\n            <div class=\"accroche\"><\/div>\n            <div class=\"content-hover\">\n                <div class=\"excerpt regular\">Schrijf je nu in voor de lezing \"Sculptez le vivant\" door en met Michel BASSOMPIERRE en kom de IJsreuzen ontdekken en de tentoonstelling \"Mission Polaire\"...<\/div>\n                <div class=\"link-action icon-anim\">\n                    <div class=\"extra-bold u-uppercase\"><span>Lees meer<\/span><i class=\"icon icon-arrow-right\"><\/i><\/div>\n                <\/div>\n            <\/div>\n        <\/div>\n    <\/div>\n<\/a>\n        <\/div>\n                <div class=\"mbl\">\n            <a href=\"https:\/\/musee.oceano.org\/nl\/2021\/07\/26\/een-zomer-in-het-oceanografisch-museum\/ \">\n    <div class=\"actu-card relative flex-container--column\">\n                    <img decoding=\"async\" width=\"433\" height=\"433\" src=\"https:\/\/musee.oceano.org\/wp-content\/uploads\/sites\/2\/2021\/07\/Club-Oceano-\u00a9-M.-Dagnino-Institut-oceanographique-433x433.jpg\" class=\"attachment-img-bloc-three-content size-img-bloc-three-content wp-post-image\" alt=\"\" srcset=\"https:\/\/musee.oceano.org\/wp-content\/uploads\/sites\/2\/2021\/07\/Club-Oceano-\u00a9-M.-Dagnino-Institut-oceanographique-433x433.jpg 433w, https:\/\/musee.oceano.org\/wp-content\/uploads\/sites\/2\/2021\/07\/Club-Oceano-\u00a9-M.-Dagnino-Institut-oceanographique-150x150.jpg 150w, https:\/\/musee.oceano.org\/wp-content\/uploads\/sites\/2\/2021\/07\/Club-Oceano-\u00a9-M.-Dagnino-Institut-oceanographique-334x334.jpg 334w\" sizes=\"(max-width: 433px) 100vw, 433px\" \/>                <div class=\"actu-metas flex-item-fluid bg-white color-black\">\n            <div class=\"date fl f14 regular\">26\/07\/2021<\/div>\n            <div class=\"location fr f14 regular\"><i class=\"icon icon-map-marker\"><\/i> Monaco<\/div>\n            <div class=\"title extra-bold clear h4-like\">Een zomer in het Oceanografisch Museum<\/div>\n            <div class=\"accroche\"><\/div>\n            <div class=\"content-hover\">\n                <div class=\"excerpt regular\">Profiteer tijdens de zomervakantie van een speciale aanbieding voor een bezoek v\u00f3\u00f3r 11 uur of na 17 uur. Ontdek de geheimen van het koraal in een thematische rondleiding in 6 etappes, duik op het Groot Barri\u00e8rerif met de digitale en interactieve tentoonstelling \"IMMERSION\", los de raadsels op...<\/div>\n                <div class=\"link-action icon-anim\">\n                    <div class=\"extra-bold u-uppercase\"><span>Lees meer<\/span><i class=\"icon icon-arrow-right\"><\/i><\/div>\n                <\/div>\n            <\/div>\n        <\/div>\n    <\/div>\n<\/a>\n        <\/div>\n                <div class=\"mbl\">\n            <a href=\"https:\/\/musee.oceano.org\/nl\/2021\/06\/30\/voor-een-deconfinement-van-geesten\/ \">\n    <div class=\"actu-card relative flex-container--column\">\n                    <img decoding=\"async\" width=\"433\" height=\"433\" src=\"https:\/\/musee.oceano.org\/wp-content\/uploads\/sites\/2\/2020\/12\/visuel-tribune-FINAL_7-433x433.jpg\" class=\"attachment-img-bloc-three-content size-img-bloc-three-content wp-post-image\" alt=\"\" srcset=\"https:\/\/musee.oceano.org\/wp-content\/uploads\/sites\/2\/2020\/12\/visuel-tribune-FINAL_7-433x433.jpg 433w, https:\/\/musee.oceano.org\/wp-content\/uploads\/sites\/2\/2020\/12\/visuel-tribune-FINAL_7-300x300.jpg 300w, https:\/\/musee.oceano.org\/wp-content\/uploads\/sites\/2\/2020\/12\/visuel-tribune-FINAL_7-1024x1024.jpg 1024w, https:\/\/musee.oceano.org\/wp-content\/uploads\/sites\/2\/2020\/12\/visuel-tribune-FINAL_7-150x150.jpg 150w, https:\/\/musee.oceano.org\/wp-content\/uploads\/sites\/2\/2020\/12\/visuel-tribune-FINAL_7-768x768.jpg 768w, https:\/\/musee.oceano.org\/wp-content\/uploads\/sites\/2\/2020\/12\/visuel-tribune-FINAL_7-334x334.jpg 334w, https:\/\/musee.oceano.org\/wp-content\/uploads\/sites\/2\/2020\/12\/visuel-tribune-FINAL_7.jpg 1200w\" sizes=\"(max-width: 433px) 100vw, 433px\" \/>                <div class=\"actu-metas flex-item-fluid bg-white color-black\">\n            <div class=\"date fl f14 regular\">30\/06\/2021<\/div>\n            <div class=\"location fr f14 regular\"><i class=\"icon icon-map-marker\"><\/i> Monaco<\/div>\n            <div class=\"title extra-bold clear h4-like\">Voor een deconfinement van geesten<\/div>\n            <div class=\"accroche\"><\/div>\n            <div class=\"content-hover\">\n                <div class=\"excerpt regular\">De sluiting van culturele podia en hun belangrijke rol in onze samenleving en economie is actueler dan ooit. Deze Tribune legt uit hoe belangrijk de dialoog tussen wetenschap en cultuur is om de wereld van morgen op te...<\/div>\n                <div class=\"link-action icon-anim\">\n                    <div class=\"extra-bold u-uppercase\"><span>Lees meer<\/span><i class=\"icon icon-arrow-right\"><\/i><\/div>\n                <\/div>\n            <\/div>\n        <\/div>\n    <\/div>\n<\/a>\n        <\/div>\n                <div class=\"mbl\">\n            <a href=\"https:\/\/musee.oceano.org\/nl\/2021\/06\/30\/opening-van-een-ontsnappingsspel-in-het-oceanografisch-museum\/ \">\n    <div class=\"actu-card relative flex-container--column\">\n                    <img loading=\"lazy\" decoding=\"async\" width=\"433\" height=\"433\" src=\"https:\/\/musee.oceano.org\/wp-content\/uploads\/sites\/2\/2020\/09\/Escape-Game-Fond-1920x1000-2-433x433.jpg\" class=\"attachment-img-bloc-three-content size-img-bloc-three-content wp-post-image\" alt=\"\" srcset=\"https:\/\/musee.oceano.org\/wp-content\/uploads\/sites\/2\/2020\/09\/Escape-Game-Fond-1920x1000-2-433x433.jpg 433w, https:\/\/musee.oceano.org\/wp-content\/uploads\/sites\/2\/2020\/09\/Escape-Game-Fond-1920x1000-2-334x334.jpg 334w\" sizes=\"(max-width: 433px) 100vw, 433px\" \/>                <div class=\"actu-metas flex-item-fluid bg-white color-black\">\n            <div class=\"date fl f14 regular\">30\/06\/2021<\/div>\n            <div class=\"location fr f14 regular\"><i class=\"icon icon-map-marker\"><\/i> Monaco<\/div>\n            <div class=\"title extra-bold clear h4-like\">Opening van een ontsnappingsspel in het Oceanografisch Museum<\/div>\n            <div class=\"accroche\"><\/div>\n            <div class=\"content-hover\">\n                <div class=\"excerpt regular\">Het is in het beroemde schip van Prins Albert I dat uw ontdekkingsreizigersziel zal moeten ontwaken om de missie te volbrengen die u zal worden toevertrouwd! Of u nu doorgewinterde of jonge zeilers bent, er wacht u een race tegen de klok! In een decor ge\u00efnspireerd door de onderwaterwereld,...<\/div>\n                <div class=\"link-action icon-anim\">\n                    <div class=\"extra-bold u-uppercase\"><span>Lees meer<\/span><i class=\"icon icon-arrow-right\"><\/i><\/div>\n                <\/div>\n            <\/div>\n        <\/div>\n    <\/div>\n<\/a>\n        <\/div>\n                <div class=\"mbl\">\n            <a href=\"https:\/\/musee.oceano.org\/nl\/2021\/06\/29\/2049-gezondheid-van-de-oceaan-gezondheid-van-de-mens\/ \">\n    <div class=\"actu-card relative flex-container--column\">\n                    <img loading=\"lazy\" decoding=\"async\" width=\"433\" height=\"433\" src=\"https:\/\/musee.oceano.org\/wp-content\/uploads\/sites\/2\/2020\/09\/02_Bulles-sous-marine_M_Dagnino-433x433.jpg\" class=\"attachment-img-bloc-three-content size-img-bloc-three-content wp-post-image\" alt=\"\" srcset=\"https:\/\/musee.oceano.org\/wp-content\/uploads\/sites\/2\/2020\/09\/02_Bulles-sous-marine_M_Dagnino-433x433.jpg 433w, https:\/\/musee.oceano.org\/wp-content\/uploads\/sites\/2\/2020\/09\/02_Bulles-sous-marine_M_Dagnino-150x150.jpg 150w, https:\/\/musee.oceano.org\/wp-content\/uploads\/sites\/2\/2020\/09\/02_Bulles-sous-marine_M_Dagnino-334x334.jpg 334w\" sizes=\"(max-width: 433px) 100vw, 433px\" \/>                <div class=\"actu-metas flex-item-fluid bg-white color-black\">\n            <div class=\"date fl f14 regular\">29\/06\/2021<\/div>\n            <div class=\"location fr f14 regular\"><i class=\"icon icon-map-marker\"><\/i> Monaco<\/div>\n            <div class=\"title extra-bold clear h4-like\">2049 &#8211; Gezondheid van de Oceaan &#8211; Gezondheid van de Mens<\/div>\n            <div class=\"accroche\"><\/div>\n            <div class=\"content-hover\">\n                <div class=\"excerpt regular\">Om een antwoord te vinden op de cruciale vragen in verband met onze gezondheid en die van de Oceaan, komen L'Obs en het Oceanografisch Instituut samen om de beste specialisten te ondervragen op een unieke conferentie die zal worden gehouden in het Oceanografisch Museum in...<\/div>\n                <div class=\"link-action icon-anim\">\n                    <div class=\"extra-bold u-uppercase\"><span>Lees meer<\/span><i class=\"icon icon-arrow-right\"><\/i><\/div>\n                <\/div>\n            <\/div>\n        <\/div>\n    <\/div>\n<\/a>\n        <\/div>\n                <div class=\"mbl\">\n            <a href=\"https:\/\/musee.oceano.org\/nl\/2021\/06\/29\/koraalwachter-de-corail-tentoonstelling\/ \">\n    <div class=\"actu-card relative flex-container--column\">\n                    <img loading=\"lazy\" decoding=\"async\" width=\"433\" height=\"433\" src=\"https:\/\/musee.oceano.org\/wp-content\/uploads\/sites\/2\/2020\/08\/CORAIL-AFFICHE-433x433.jpg\" class=\"attachment-img-bloc-three-content size-img-bloc-three-content wp-post-image\" alt=\"\" srcset=\"https:\/\/musee.oceano.org\/wp-content\/uploads\/sites\/2\/2020\/08\/CORAIL-AFFICHE-433x433.jpg 433w, https:\/\/musee.oceano.org\/wp-content\/uploads\/sites\/2\/2020\/08\/CORAIL-AFFICHE-150x150.jpg 150w, https:\/\/musee.oceano.org\/wp-content\/uploads\/sites\/2\/2020\/08\/CORAIL-AFFICHE-334x334.jpg 334w\" sizes=\"(max-width: 433px) 100vw, 433px\" \/>                <div class=\"actu-metas flex-item-fluid bg-white color-black\">\n            <div class=\"date fl f14 regular\">29\/06\/2021<\/div>\n            <div class=\"location fr f14 regular\"><i class=\"icon icon-map-marker\"><\/i> Monaco<\/div>\n            <div class=\"title extra-bold clear h4-like\">Koraalwachter, de &#8220;CORAIL&#8221; tentoonstelling<\/div>\n            <div class=\"accroche\"><\/div>\n            <div class=\"content-hover\">\n                <div class=\"excerpt regular\">De fototentoonstelling \"CORAIL\" van de NGO Coral Guardian laat ons kennis maken met de verbazingwekkende en gevoelige relatie die is ontstaan tussen plaatselijke gemeenschappen en hun...<\/div>\n                <div class=\"link-action icon-anim\">\n                    <div class=\"extra-bold u-uppercase\"><span>Lees meer<\/span><i class=\"icon icon-arrow-right\"><\/i><\/div>\n                <\/div>\n            <\/div>\n        <\/div>\n    <\/div>\n<\/a>\n        <\/div>\n                <div class=\"mbl\">\n            <a href=\"https:\/\/musee.oceano.org\/nl\/2021\/06\/29\/duiken-in-de-collecties-acre\/ \">\n    <div class=\"actu-card relative flex-container--column\">\n                    <img loading=\"lazy\" decoding=\"async\" width=\"433\" height=\"433\" src=\"https:\/\/musee.oceano.org\/wp-content\/uploads\/sites\/2\/2020\/08\/BD-Albert-Ier-433x433.png\" class=\"attachment-img-bloc-three-content size-img-bloc-three-content wp-post-image\" alt=\"\" srcset=\"https:\/\/musee.oceano.org\/wp-content\/uploads\/sites\/2\/2020\/08\/BD-Albert-Ier-433x433.png 433w, https:\/\/musee.oceano.org\/wp-content\/uploads\/sites\/2\/2020\/08\/BD-Albert-Ier-150x150.png 150w, https:\/\/musee.oceano.org\/wp-content\/uploads\/sites\/2\/2020\/08\/BD-Albert-Ier-334x334.png 334w\" sizes=\"(max-width: 433px) 100vw, 433px\" \/>                <div class=\"actu-metas flex-item-fluid bg-white color-black\">\n            <div class=\"date fl f14 regular\">29\/06\/2021<\/div>\n            <div class=\"location fr f14 regular\"><i class=\"icon icon-map-marker\"><\/i> Monaco<\/div>\n            <div class=\"title extra-bold clear h4-like\">Duiken in de collecties &#8211; ACRE<\/div>\n            <div class=\"accroche\"><\/div>\n            <div class=\"content-hover\">\n                <div class=\"excerpt regular\">Op 27 augustus 2019 komt professor Rob Allan naar het Oceanografisch Museum om de scheepsjournalen van Prins Albert I, daterend van 1873 tot 1922, te bekijken, evenals weerrecords die tussen 1911 en 1970 in het museum zijn...<\/div>\n                <div class=\"link-action icon-anim\">\n                    <div class=\"extra-bold u-uppercase\"><span>Lees meer<\/span><i class=\"icon icon-arrow-right\"><\/i><\/div>\n                <\/div>\n            <\/div>\n        <\/div>\n    <\/div>\n<\/a>\n        <\/div>\n                <div class=\"mbl\">\n            <a href=\"https:\/\/musee.oceano.org\/nl\/2021\/06\/29\/wereldprimeur-geboorte-van-dwergbijlvis-in-aquarium\/ \">\n    <div class=\"actu-card relative flex-container--column\">\n                    <img loading=\"lazy\" decoding=\"async\" width=\"433\" height=\"433\" src=\"https:\/\/musee.oceano.org\/wp-content\/uploads\/sites\/2\/2020\/02\/Parapriacanthus-ransoneti_20191204_M_Dagnino-light-433x433.jpg\" class=\"attachment-img-bloc-three-content size-img-bloc-three-content wp-post-image\" alt=\"\" srcset=\"https:\/\/musee.oceano.org\/wp-content\/uploads\/sites\/2\/2020\/02\/Parapriacanthus-ransoneti_20191204_M_Dagnino-light-433x433.jpg 433w, https:\/\/musee.oceano.org\/wp-content\/uploads\/sites\/2\/2020\/02\/Parapriacanthus-ransoneti_20191204_M_Dagnino-light-150x150.jpg 150w, https:\/\/musee.oceano.org\/wp-content\/uploads\/sites\/2\/2020\/02\/Parapriacanthus-ransoneti_20191204_M_Dagnino-light-334x334.jpg 334w\" sizes=\"(max-width: 433px) 100vw, 433px\" \/>                <div class=\"actu-metas flex-item-fluid bg-white color-black\">\n            <div class=\"date fl f14 regular\">29\/06\/2021<\/div>\n            <div class=\"location fr f14 regular\"><i class=\"icon icon-map-marker\"><\/i> Monaco<\/div>\n            <div class=\"title extra-bold clear h4-like\">Wereldprimeur: geboorte van dwergbijlvis in aquarium<\/div>\n            <div class=\"accroche\"><\/div>\n            <div class=\"content-hover\">\n                <div class=\"excerpt regular\">De eerste aquariumbevalling van dwergmeervallen door deskundigen van het Oceanografisch Museum zal rechtstreeks bijdragen tot een vermindering van de visserijdruk op deze soort in het...<\/div>\n                <div class=\"link-action icon-anim\">\n                    <div class=\"extra-bold u-uppercase\"><span>Lees meer<\/span><i class=\"icon icon-arrow-right\"><\/i><\/div>\n                <\/div>\n            <\/div>\n        <\/div>\n    <\/div>\n<\/a>\n        <\/div>\n                <div class=\"mbl\">\n            <a href=\"https:\/\/musee.oceano.org\/nl\/2021\/06\/29\/door-het-museum-te-bezoeken-steunt-u-het-medfund\/ \">\n    <div class=\"actu-card relative flex-container--column\">\n                    <img loading=\"lazy\" decoding=\"async\" width=\"433\" height=\"433\" src=\"https:\/\/musee.oceano.org\/wp-content\/uploads\/sites\/2\/2019\/11\/main1-433x433.jpg\" class=\"attachment-img-bloc-three-content size-img-bloc-three-content wp-post-image\" alt=\"\" srcset=\"https:\/\/musee.oceano.org\/wp-content\/uploads\/sites\/2\/2019\/11\/main1-433x433.jpg 433w, https:\/\/musee.oceano.org\/wp-content\/uploads\/sites\/2\/2019\/11\/main1-150x150.jpg 150w, https:\/\/musee.oceano.org\/wp-content\/uploads\/sites\/2\/2019\/11\/main1-334x334.jpg 334w\" sizes=\"(max-width: 433px) 100vw, 433px\" \/>                <div class=\"actu-metas flex-item-fluid bg-white color-black\">\n            <div class=\"date fl f14 regular\">29\/06\/2021<\/div>\n            <div class=\"location fr f14 regular\"><i class=\"icon icon-map-marker\"><\/i> Monaco<\/div>\n            <div class=\"title extra-bold clear h4-like\">Door het Museum te bezoeken, steunt u het MedFund&#8230;<\/div>\n            <div class=\"accroche\"><\/div>\n            <div class=\"content-hover\">\n                <div class=\"excerpt regular\">Het Oceanografisch Museum biedt elke bezoeker aan om 0,5\u20ac van het bedrag van elk gekocht ticket te doneren aan MEDFUND, een fonds dat beschermde zeegebieden in de Middellandse Zee...<\/div>\n                <div class=\"link-action icon-anim\">\n                    <div class=\"extra-bold u-uppercase\"><span>Lees meer<\/span><i class=\"icon icon-arrow-right\"><\/i><\/div>\n                <\/div>\n            <\/div>\n        <\/div>\n    <\/div>\n<\/a>\n        <\/div>\n            <\/div>\n<\/div>\n<\/div>\n\t\t\t\t\t\t<\/div>\n\t\t\t\t<\/div>\n\t\t\t\t<div class=\"elementor-element elementor-element-d7a97a9 elementor-widget elementor-widget-shortcode\" data-id=\"d7a97a9\" data-element_type=\"widget\" data-e-type=\"widget\" data-widget_type=\"shortcode.default\">\n\t\t\t\t<div class=\"elementor-widget-container\">\n\t\t\t\t\t\t\t<div class=\"elementor-shortcode\"><div class=\"facetwp-pager\"><\/div><\/div>\n\t\t\t\t\t\t<\/div>\n\t\t\t\t<\/div>\n\t\t\t\t\t<\/div>\n\t\t<\/div>\n\t\t\t\t\t<\/div>\n\t\t<\/section>\n\t\t\t\t<section class=\"elementor-section elementor-top-section elementor-element elementor-element-274134ef elementor-section-full_width elementor-section-height-default elementor-section-height-default\" data-id=\"274134ef\" data-element_type=\"section\" data-e-type=\"section\">\n\t\t\t\t\t\t<div class=\"elementor-container elementor-column-gap-default\">\n\t\t\t\t\t<div class=\"elementor-column elementor-col-100 elementor-top-column elementor-element elementor-element-4ac5089e\" data-id=\"4ac5089e\" data-element_type=\"column\" data-e-type=\"column\">\n\t\t\t<div class=\"elementor-widget-wrap elementor-element-populated\">\n\t\t\t\t\t\t<div class=\"elementor-element elementor-element-443bf38a elementor-widget elementor-widget-heading\" data-id=\"443bf38a\" data-element_type=\"widget\" data-e-type=\"widget\" data-widget_type=\"heading.default\">\n\t\t\t\t<div class=\"elementor-widget-container\">\n\t\t\t\t\t<h2 class=\"elementor-heading-title elementor-size-default\">Zie ook<\/h2>\t\t\t\t<\/div>\n\t\t\t\t<\/div>\n\t\t\t\t\t<\/div>\n\t\t<\/div>\n\t\t\t\t\t<\/div>\n\t\t<\/section>\n\t\t\t\t<section class=\"elementor-section elementor-top-section elementor-element elementor-element-69731e33 elementor-section-boxed elementor-section-height-default elementor-section-height-default\" data-id=\"69731e33\" data-element_type=\"section\" data-e-type=\"section\" data-settings=\"{&quot;background_background&quot;:&quot;classic&quot;}\">\n\t\t\t\t\t\t<div class=\"elementor-container elementor-column-gap-default\">\n\t\t\t\t\t<div class=\"elementor-column elementor-col-33 elementor-top-column elementor-element elementor-element-154f7af5 animated-slow elementor-invisible\" data-id=\"154f7af5\" data-element_type=\"column\" data-e-type=\"column\" data-settings=\"{&quot;animation&quot;:&quot;fadeInUp&quot;}\">\n\t\t\t<div class=\"elementor-widget-wrap elementor-element-populated\">\n\t\t\t\t\t\t<div class=\"elementor-element elementor-element-5ab06964 elementor-zoom elementor-widget elementor-widget-image\" data-id=\"5ab06964\" data-element_type=\"widget\" data-e-type=\"widget\" data-widget_type=\"image.default\">\n\t\t\t\t<div class=\"elementor-widget-container\">\n\t\t\t\t\t\t\t\t\t\t\t\t\t\t\t<img loading=\"lazy\" decoding=\"async\" width=\"334\" height=\"334\" src=\"https:\/\/musee.oceano.org\/wp-content\/uploads\/sites\/2\/2019\/08\/Editions_Meduses-334x334.jpg\" class=\"attachment-img-bloc-square size-img-bloc-square wp-image-10043\" alt=\"\" srcset=\"https:\/\/musee.oceano.org\/wp-content\/uploads\/sites\/2\/2019\/08\/Editions_Meduses-334x334.jpg 334w, https:\/\/musee.oceano.org\/wp-content\/uploads\/sites\/2\/2019\/08\/Editions_Meduses-150x150.jpg 150w, https:\/\/musee.oceano.org\/wp-content\/uploads\/sites\/2\/2019\/08\/Editions_Meduses-433x433.jpg 433w\" sizes=\"(max-width: 334px) 100vw, 334px\" \/>\t\t\t\t\t\t\t\t\t\t\t\t\t\t\t<\/div>\n\t\t\t\t<\/div>\n\t\t\t\t<div class=\"elementor-element elementor-element-489c8cbb elementor-align-center elementor-widget elementor-widget-button\" data-id=\"489c8cbb\" data-element_type=\"widget\" data-e-type=\"widget\" data-widget_type=\"button.default\">\n\t\t\t\t<div class=\"elementor-widget-container\">\n\t\t\t\t\t\t\t\t\t<div class=\"elementor-button-wrapper\">\n\t\t\t\t\t<a class=\"elementor-button elementor-button-link elementor-size-md\" href=\"https:\/\/www.oceano.org\/nl\/editions\/\">\n\t\t\t\t\t\t<span class=\"elementor-button-content-wrapper\">\n\t\t\t\t\t\t\t\t\t<span class=\"elementor-button-text\">duik in onze edities<\/span>\n\t\t\t\t\t<\/span>\n\t\t\t\t\t<\/a>\n\t\t\t\t<\/div>\n\t\t\t\t\t\t\t\t<\/div>\n\t\t\t\t<\/div>\n\t\t\t\t\t<\/div>\n\t\t<\/div>\n\t\t\t\t<div class=\"elementor-column elementor-col-33 elementor-top-column elementor-element elementor-element-792022c3 animated-slow elementor-invisible\" data-id=\"792022c3\" data-element_type=\"column\" data-e-type=\"column\" data-settings=\"{&quot;animation&quot;:&quot;fadeInUp&quot;}\">\n\t\t\t<div class=\"elementor-widget-wrap elementor-element-populated\">\n\t\t\t\t\t\t<div class=\"elementor-element elementor-element-53b28b14 elementor-zoom elementor-widget elementor-widget-image\" data-id=\"53b28b14\" data-element_type=\"widget\" data-e-type=\"widget\" data-widget_type=\"image.default\">\n\t\t\t\t<div class=\"elementor-widget-container\">\n\t\t\t\t\t\t\t\t\t\t\t\t\t\t\t<img loading=\"lazy\" decoding=\"async\" width=\"334\" height=\"334\" src=\"https:\/\/musee.oceano.org\/wp-content\/uploads\/sites\/2\/2019\/08\/Mapping_Buyle-334x334.jpg\" class=\"attachment-img-bloc-square size-img-bloc-square wp-image-10047\" alt=\"\" srcset=\"https:\/\/musee.oceano.org\/wp-content\/uploads\/sites\/2\/2019\/08\/Mapping_Buyle-334x334.jpg 334w, https:\/\/musee.oceano.org\/wp-content\/uploads\/sites\/2\/2019\/08\/Mapping_Buyle-150x150.jpg 150w, https:\/\/musee.oceano.org\/wp-content\/uploads\/sites\/2\/2019\/08\/Mapping_Buyle-433x433.jpg 433w\" sizes=\"(max-width: 334px) 100vw, 334px\" \/>\t\t\t\t\t\t\t\t\t\t\t\t\t\t\t<\/div>\n\t\t\t\t<\/div>\n\t\t\t\t<div class=\"elementor-element elementor-element-20218402 elementor-align-center elementor-widget elementor-widget-button\" data-id=\"20218402\" data-element_type=\"widget\" data-e-type=\"widget\" data-widget_type=\"button.default\">\n\t\t\t\t<div class=\"elementor-widget-container\">\n\t\t\t\t\t\t\t\t\t<div class=\"elementor-button-wrapper\">\n\t\t\t\t\t<a class=\"elementor-button elementor-button-link elementor-size-md\" href=\"https:\/\/www.oceano.org\/nl\/monaco-de-stem-van-de-oceaan\/verkenningen-van-monaco\/\">\n\t\t\t\t\t\t<span class=\"elementor-button-content-wrapper\">\n\t\t\t\t\t\t\t\t\t<span class=\"elementor-button-text\">meer over de verkenningen van monaco<\/span>\n\t\t\t\t\t<\/span>\n\t\t\t\t\t<\/a>\n\t\t\t\t<\/div>\n\t\t\t\t\t\t\t\t<\/div>\n\t\t\t\t<\/div>\n\t\t\t\t\t<\/div>\n\t\t<\/div>\n\t\t\t\t<div class=\"elementor-column elementor-col-33 elementor-top-column elementor-element elementor-element-18f72780 animated-slow elementor-invisible\" data-id=\"18f72780\" data-element_type=\"column\" data-e-type=\"column\" data-settings=\"{&quot;animation&quot;:&quot;fadeInUp&quot;}\">\n\t\t\t<div class=\"elementor-widget-wrap elementor-element-populated\">\n\t\t\t\t\t\t<div class=\"elementor-element elementor-element-20a953fe elementor-zoom elementor-widget elementor-widget-image\" data-id=\"20a953fe\" data-element_type=\"widget\" data-e-type=\"widget\" data-widget_type=\"image.default\">\n\t\t\t\t<div class=\"elementor-widget-container\">\n\t\t\t\t\t\t\t\t\t\t\t\t\t\t\t<img loading=\"lazy\" decoding=\"async\" width=\"334\" height=\"334\" src=\"https:\/\/musee.oceano.org\/wp-content\/uploads\/sites\/2\/2019\/08\/1-SAS-Albert-Ier-sur-passerelle-334x334.jpg\" class=\"attachment-img-bloc-square size-img-bloc-square wp-image-10051\" alt=\"\" srcset=\"https:\/\/musee.oceano.org\/wp-content\/uploads\/sites\/2\/2019\/08\/1-SAS-Albert-Ier-sur-passerelle-334x334.jpg 334w, https:\/\/musee.oceano.org\/wp-content\/uploads\/sites\/2\/2019\/08\/1-SAS-Albert-Ier-sur-passerelle-150x150.jpg 150w, https:\/\/musee.oceano.org\/wp-content\/uploads\/sites\/2\/2019\/08\/1-SAS-Albert-Ier-sur-passerelle-433x433.jpg 433w\" sizes=\"(max-width: 334px) 100vw, 334px\" \/>\t\t\t\t\t\t\t\t\t\t\t\t\t\t\t<\/div>\n\t\t\t\t<\/div>\n\t\t\t\t<div class=\"elementor-element elementor-element-33beedef elementor-align-center elementor-widget elementor-widget-button\" data-id=\"33beedef\" data-element_type=\"widget\" data-e-type=\"widget\" data-widget_type=\"button.default\">\n\t\t\t\t<div class=\"elementor-widget-container\">\n\t\t\t\t\t\t\t\t\t<div class=\"elementor-button-wrapper\">\n\t\t\t\t\t<a class=\"elementor-button elementor-button-link elementor-size-md\" href=\"https:\/\/www.oceano.org\/nl\/organisatie\/de-grote-figuren\/\">\n\t\t\t\t\t\t<span class=\"elementor-button-content-wrapper\">\n\t\t\t\t\t\t\t\t\t<span class=\"elementor-button-text\">ontdek de grote figuren van het instituut<\/span>\n\t\t\t\t\t<\/span>\n\t\t\t\t\t<\/a>\n\t\t\t\t<\/div>\n\t\t\t\t\t\t\t\t<\/div>\n\t\t\t\t<\/div>\n\t\t\t\t\t<\/div>\n\t\t<\/div>\n\t\t\t\t\t<\/div>\n\t\t<\/section>\n\t\t\t\t<\/div>\n\t\t","protected":false},"excerpt":{"rendered":"<p>NIEUWS VAN HET MUSEUM volg het nieuws van het oceanografisch museum van monaco Zoeken op : Zie ook duik in onze edities meer over de verkenningen van monaco ontdek de grote figuren van het instituut<\/p>\n","protected":false},"author":1,"featured_media":0,"parent":0,"menu_order":451,"comment_status":"closed","ping_status":"closed","template":"","meta":{"_acf_changed":false,"footnotes":""},"class_list":["post-27395","page","type-page","status-publish","hentry"],"acf":[],"yoast_head":"<!-- This site is optimized with the Yoast SEO plugin v27.2 - https:\/\/yoast.com\/product\/yoast-seo-wordpress\/ -->\n<title>Nieuws - museum - Mus\u00e9e Oc\u00e9anographique de Monaco<\/title>\n<meta name=\"description\" content=\"Volg het nieuws van het Oceanografisch Museum van Monaco door onze artikelen te raadplegen.\" \/>\n<meta name=\"robots\" content=\"index, follow, max-snippet:-1, max-image-preview:large, max-video-preview:-1\" \/>\n<link rel=\"canonical\" href=\"https:\/\/musee.oceano.org\/nl\/nieuws-museum\/\" \/>\n<meta property=\"og:locale\" content=\"nl_NL\" \/>\n<meta property=\"og:type\" content=\"article\" \/>\n<meta property=\"og:title\" content=\"Nieuws - museum - Mus\u00e9e Oc\u00e9anographique de Monaco\" \/>\n<meta property=\"og:description\" content=\"Volg het nieuws van het Oceanografisch Museum van Monaco door onze artikelen te raadplegen.\" \/>\n<meta property=\"og:url\" content=\"https:\/\/musee.oceano.org\/nl\/nieuws-museum\/\" \/>\n<meta property=\"og:site_name\" content=\"Mus\u00e9e Oc\u00e9anographique de Monaco\" \/>\n<meta property=\"article:modified_time\" content=\"2021-07-15T16:00:19+00:00\" \/>\n<meta property=\"og:image\" content=\"https:\/\/musee.oceano.org\/wp-content\/uploads\/sites\/2\/2019\/08\/Editions_Meduses-334x334.jpg\" \/>\n<meta name=\"twitter:card\" content=\"summary_large_image\" \/>\n<meta name=\"twitter:label1\" content=\"Geschatte leestijd\" \/>\n\t<meta name=\"twitter:data1\" content=\"5 minuten\" \/>\n<script type=\"application\/ld+json\" class=\"yoast-schema-graph\">{\"@context\":\"https:\/\/schema.org\",\"@graph\":[{\"@type\":\"WebPage\",\"@id\":\"https:\/\/musee.oceano.org\/nl\/nieuws-museum\/\",\"url\":\"https:\/\/musee.oceano.org\/nl\/nieuws-museum\/\",\"name\":\"Nieuws - museum - Mus\u00e9e Oc\u00e9anographique de Monaco\",\"isPartOf\":{\"@id\":\"https:\/\/musee.oceano.org\/#website\"},\"primaryImageOfPage\":{\"@id\":\"https:\/\/musee.oceano.org\/nl\/nieuws-museum\/#primaryimage\"},\"image\":{\"@id\":\"https:\/\/musee.oceano.org\/nl\/nieuws-museum\/#primaryimage\"},\"thumbnailUrl\":\"https:\/\/musee.oceano.org\/wp-content\/uploads\/sites\/2\/2019\/08\/Editions_Meduses-334x334.jpg\",\"datePublished\":\"2021-06-29T09:50:46+00:00\",\"dateModified\":\"2021-07-15T16:00:19+00:00\",\"description\":\"Volg het nieuws van het Oceanografisch Museum van Monaco door onze artikelen te raadplegen.\",\"breadcrumb\":{\"@id\":\"https:\/\/musee.oceano.org\/nl\/nieuws-museum\/#breadcrumb\"},\"inLanguage\":\"nl-NL\",\"potentialAction\":[{\"@type\":\"ReadAction\",\"target\":[\"https:\/\/musee.oceano.org\/nl\/nieuws-museum\/\"]}]},{\"@type\":\"ImageObject\",\"inLanguage\":\"nl-NL\",\"@id\":\"https:\/\/musee.oceano.org\/nl\/nieuws-museum\/#primaryimage\",\"url\":\"https:\/\/musee.oceano.org\/wp-content\/uploads\/sites\/2\/2019\/08\/Editions_Meduses-334x334.jpg\",\"contentUrl\":\"https:\/\/musee.oceano.org\/wp-content\/uploads\/sites\/2\/2019\/08\/Editions_Meduses-334x334.jpg\"},{\"@type\":\"BreadcrumbList\",\"@id\":\"https:\/\/musee.oceano.org\/nl\/nieuws-museum\/#breadcrumb\",\"itemListElement\":[{\"@type\":\"ListItem\",\"position\":1,\"name\":\"Home\",\"item\":\"https:\/\/musee.oceano.org\/nl\/\"},{\"@type\":\"ListItem\",\"position\":2,\"name\":\"Nieuws &#8211; museum\"}]},{\"@type\":\"WebSite\",\"@id\":\"https:\/\/musee.oceano.org\/#website\",\"url\":\"https:\/\/musee.oceano.org\/\",\"name\":\"Mus\u00e9e Oc\u00e9anographique de Monaco\",\"description\":\"Faire conna\u00eetre, aimer et prot\u00e9ger les oc\u00e9ans\",\"potentialAction\":[{\"@type\":\"SearchAction\",\"target\":{\"@type\":\"EntryPoint\",\"urlTemplate\":\"https:\/\/musee.oceano.org\/?s={search_term_string}\"},\"query-input\":{\"@type\":\"PropertyValueSpecification\",\"valueRequired\":true,\"valueName\":\"search_term_string\"}}],\"inLanguage\":\"nl-NL\"}]}<\/script>\n<!-- \/ Yoast SEO plugin. -->","yoast_head_json":{"title":"Nieuws - museum - Mus\u00e9e Oc\u00e9anographique de Monaco","description":"Volg het nieuws van het Oceanografisch Museum van Monaco door onze artikelen te raadplegen.","robots":{"index":"index","follow":"follow","max-snippet":"max-snippet:-1","max-image-preview":"max-image-preview:large","max-video-preview":"max-video-preview:-1"},"canonical":"https:\/\/musee.oceano.org\/nl\/nieuws-museum\/","og_locale":"nl_NL","og_type":"article","og_title":"Nieuws - museum - Mus\u00e9e Oc\u00e9anographique de Monaco","og_description":"Volg het nieuws van het Oceanografisch Museum van Monaco door onze artikelen te raadplegen.","og_url":"https:\/\/musee.oceano.org\/nl\/nieuws-museum\/","og_site_name":"Mus\u00e9e Oc\u00e9anographique de Monaco","article_modified_time":"2021-07-15T16:00:19+00:00","og_image":[{"url":"https:\/\/musee.oceano.org\/wp-content\/uploads\/sites\/2\/2019\/08\/Editions_Meduses-334x334.jpg","type":"","width":"","height":""}],"twitter_card":"summary_large_image","twitter_misc":{"Geschatte leestijd":"5 minuten"},"schema":{"@context":"https:\/\/schema.org","@graph":[{"@type":"WebPage","@id":"https:\/\/musee.oceano.org\/nl\/nieuws-museum\/","url":"https:\/\/musee.oceano.org\/nl\/nieuws-museum\/","name":"Nieuws - museum - Mus\u00e9e Oc\u00e9anographique de Monaco","isPartOf":{"@id":"https:\/\/musee.oceano.org\/#website"},"primaryImageOfPage":{"@id":"https:\/\/musee.oceano.org\/nl\/nieuws-museum\/#primaryimage"},"image":{"@id":"https:\/\/musee.oceano.org\/nl\/nieuws-museum\/#primaryimage"},"thumbnailUrl":"https:\/\/musee.oceano.org\/wp-content\/uploads\/sites\/2\/2019\/08\/Editions_Meduses-334x334.jpg","datePublished":"2021-06-29T09:50:46+00:00","dateModified":"2021-07-15T16:00:19+00:00","description":"Volg het nieuws van het Oceanografisch Museum van Monaco door onze artikelen te raadplegen.","breadcrumb":{"@id":"https:\/\/musee.oceano.org\/nl\/nieuws-museum\/#breadcrumb"},"inLanguage":"nl-NL","potentialAction":[{"@type":"ReadAction","target":["https:\/\/musee.oceano.org\/nl\/nieuws-museum\/"]}]},{"@type":"ImageObject","inLanguage":"nl-NL","@id":"https:\/\/musee.oceano.org\/nl\/nieuws-museum\/#primaryimage","url":"https:\/\/musee.oceano.org\/wp-content\/uploads\/sites\/2\/2019\/08\/Editions_Meduses-334x334.jpg","contentUrl":"https:\/\/musee.oceano.org\/wp-content\/uploads\/sites\/2\/2019\/08\/Editions_Meduses-334x334.jpg"},{"@type":"BreadcrumbList","@id":"https:\/\/musee.oceano.org\/nl\/nieuws-museum\/#breadcrumb","itemListElement":[{"@type":"ListItem","position":1,"name":"Home","item":"https:\/\/musee.oceano.org\/nl\/"},{"@type":"ListItem","position":2,"name":"Nieuws &#8211; museum"}]},{"@type":"WebSite","@id":"https:\/\/musee.oceano.org\/#website","url":"https:\/\/musee.oceano.org\/","name":"Mus\u00e9e Oc\u00e9anographique de Monaco","description":"Faire conna\u00eetre, aimer et prot\u00e9ger les oc\u00e9ans","potentialAction":[{"@type":"SearchAction","target":{"@type":"EntryPoint","urlTemplate":"https:\/\/musee.oceano.org\/?s={search_term_string}"},"query-input":{"@type":"PropertyValueSpecification","valueRequired":true,"valueName":"search_term_string"}}],"inLanguage":"nl-NL"}]}},"_links":{"self":[{"href":"https:\/\/musee.oceano.org\/nl\/wp-json\/wp\/v2\/pages\/27395","targetHints":{"allow":["GET"]}}],"collection":[{"href":"https:\/\/musee.oceano.org\/nl\/wp-json\/wp\/v2\/pages"}],"about":[{"href":"https:\/\/musee.oceano.org\/nl\/wp-json\/wp\/v2\/types\/page"}],"author":[{"embeddable":true,"href":"https:\/\/musee.oceano.org\/nl\/wp-json\/wp\/v2\/users\/1"}],"replies":[{"embeddable":true,"href":"https:\/\/musee.oceano.org\/nl\/wp-json\/wp\/v2\/comments?post=27395"}],"version-history":[{"count":6,"href":"https:\/\/musee.oceano.org\/nl\/wp-json\/wp\/v2\/pages\/27395\/revisions"}],"predecessor-version":[{"id":33061,"href":"https:\/\/musee.oceano.org\/nl\/wp-json\/wp\/v2\/pages\/27395\/revisions\/33061"}],"wp:attachment":[{"href":"https:\/\/musee.oceano.org\/nl\/wp-json\/wp\/v2\/media?parent=27395"}],"curies":[{"name":"wp","href":"https:\/\/api.w.org\/{rel}","templated":true}]}}