{"id":25715,"date":"2021-06-25T16:37:29","date_gmt":"2021-06-25T14:37:29","guid":{"rendered":"https:\/\/musee.oceano.org\/expositions\/exposicao-imersao\/"},"modified":"2024-06-12T13:29:43","modified_gmt":"2024-06-12T11:29:43","slug":"exposicao-imersao","status":"publish","type":"expositions","link":"https:\/\/musee.oceano.org\/pt-pt\/exposicoes\/exposicao-imersao\/","title":{"rendered":"Exposi\u00e7\u00e3o &#8220;IMMERSION"},"content":{"rendered":"\t\t<div data-elementor-type=\"wp-post\" data-elementor-id=\"25715\" class=\"elementor elementor-25715 elementor-16989\" data-elementor-post-type=\"expositions\">\n\t\t\t\t\t\t<section class=\"elementor-section elementor-top-section elementor-element elementor-element-570155f9 elementor-section-full_width elementor-section-height-default elementor-section-height-default\" data-id=\"570155f9\" data-element_type=\"section\" data-e-type=\"section\">\n\t\t\t\t\t\t<div class=\"elementor-container elementor-column-gap-no\">\n\t\t\t\t\t<div class=\"elementor-column elementor-col-100 elementor-top-column elementor-element elementor-element-829c68c\" data-id=\"829c68c\" data-element_type=\"column\" data-e-type=\"column\">\n\t\t\t<div class=\"elementor-widget-wrap elementor-element-populated\">\n\t\t\t\t\t\t<div class=\"elementor-element elementor-element-378a43fe elementor--h-position-center elementor--v-position-middle elementor-arrows-position-inside elementor-widget elementor-widget-slides\" data-id=\"378a43fe\" data-element_type=\"widget\" data-e-type=\"widget\" data-settings=\"{&quot;navigation&quot;:&quot;arrows&quot;,&quot;transition&quot;:&quot;fade&quot;,&quot;transition_speed&quot;:&quot;250&quot;}\" data-widget_type=\"slides.default\">\n\t\t\t\t<div class=\"elementor-widget-container\">\n\t\t\t\t\t\t\t\t\t<div class=\"elementor-swiper\">\n\t\t\t\t\t<div class=\"elementor-slides-wrapper elementor-main-swiper swiper\" role=\"region\" aria-roledescription=\"carousel\" aria-label=\"Slides\" dir=\"ltr\" data-animation=\"\">\n\t\t\t\t<div class=\"swiper-wrapper elementor-slides\">\n\t\t\t\t\t\t\t\t\t\t<div class=\"elementor-repeater-item-23d5a65 swiper-slide\" role=\"group\" aria-roledescription=\"slide\"><div class=\"swiper-slide-bg elementor-ken-burns elementor-ken-burns--in\" role=\"img\" aria-label=\"Exposition Immersion - Nagez avec les raies - Mus\u00e9e oc\u00e9anographique Monaco\"><\/div><div class=\"swiper-slide-inner\" ><div class=\"swiper-slide-contents\"><h1 class=\"elementor-slide-heading\">EXPOSI\u00c7\u00c3O DE IMERS\u00c3O<\/h1><div class=\"elementor-slide-description\"><p>Mergulhe na Grande Barreira de Coral<\/p>\n<\/div><\/div><\/div><\/div>\t\t\t\t<\/div>\n\t\t\t\t\t\t\t<\/div>\n\t\t\t\t<\/div>\n\t\t\t\t\t\t\t\t<\/div>\n\t\t\t\t<\/div>\n\t\t\t\t\t<\/div>\n\t\t<\/div>\n\t\t\t\t\t<\/div>\n\t\t<\/section>\n\t\t\t\t<section class=\"elementor-section elementor-top-section elementor-element elementor-element-bf72df6 elementor-section-full_width elementor-section-height-default elementor-section-height-default\" data-id=\"bf72df6\" data-element_type=\"section\" data-e-type=\"section\">\n\t\t\t\t\t\t<div class=\"elementor-container elementor-column-gap-default\">\n\t\t\t\t\t<div class=\"elementor-column elementor-col-100 elementor-top-column elementor-element elementor-element-6b93c09a\" data-id=\"6b93c09a\" data-element_type=\"column\" data-e-type=\"column\">\n\t\t\t<div class=\"elementor-widget-wrap elementor-element-populated\">\n\t\t\t\t\t\t<div class=\"elementor-element elementor-element-5b8db508 elementor-widget elementor-widget-ee-breadcrumbs\" data-id=\"5b8db508\" data-element_type=\"widget\" data-e-type=\"widget\" data-widget_type=\"ee-breadcrumbs.default\">\n\t\t\t\t<div class=\"elementor-widget-container\">\n\t\t\t\t\t<ul class=\"ee-breadcrumbs\" itemscope=\"\" itemtype=\"http:\/\/schema.org\/BreadcrumbList\"><\/ul>\t\t\t\t<\/div>\n\t\t\t\t<\/div>\n\t\t\t\t\t<\/div>\n\t\t<\/div>\n\t\t\t\t\t<\/div>\n\t\t<\/section>\n\t\t\t\t<section class=\"elementor-section elementor-top-section elementor-element elementor-element-788658c elementor-section-boxed elementor-section-height-default elementor-section-height-default\" data-id=\"788658c\" data-element_type=\"section\" data-e-type=\"section\">\n\t\t\t\t\t\t<div class=\"elementor-container elementor-column-gap-default\">\n\t\t\t\t\t<div class=\"elementor-column elementor-col-100 elementor-top-column elementor-element elementor-element-42008a9\" data-id=\"42008a9\" data-element_type=\"column\" data-e-type=\"column\" data-settings=\"{&quot;background_background&quot;:&quot;classic&quot;}\">\n\t\t\t<div class=\"elementor-widget-wrap elementor-element-populated\">\n\t\t\t\t\t\t<div class=\"elementor-element elementor-element-782900a elementor-widget elementor-widget-heading\" data-id=\"782900a\" data-element_type=\"widget\" data-e-type=\"widget\" data-widget_type=\"heading.default\">\n\t\t\t\t<div class=\"elementor-widget-container\">\n\t\t\t\t\t<h2 class=\"elementor-heading-title elementor-size-default\"><b>[EXPO TERMIN\u00c9E]\n<br>UMA EXPERI\u00caNCIA IMERSIVA E INTERATIVA<\/b><br> FORA DO COMUM PARA TODOS <\/h2>\t\t\t\t<\/div>\n\t\t\t\t<\/div>\n\t\t\t\t<div class=\"elementor-element elementor-element-7dcd78c elementor-widget elementor-widget-text-editor\" data-id=\"7dcd78c\" data-element_type=\"widget\" data-e-type=\"widget\" data-widget_type=\"text-editor.default\">\n\t\t\t\t<div class=\"elementor-widget-container\">\n\t\t\t\t\t\t\t\t\t<p>A exposi\u00e7\u00e3o terminou! A exposi\u00e7\u00e3o da Grande Barreira de Coral d\u00e1 lugar a uma nova exposi\u00e7\u00e3o : <a href=\"https:\/\/musee.oceano.org\/pt-pt\/a-rota-da-missao-polar\/\"><strong>\u00ab Miss\u00e3o Polar \u00bb<\/strong><\/a>.<\/p>\n<p>Cinco \u00e1reas tem\u00e1ticas, distribu\u00eddas por dois n\u00edveis, pontuam este novo percurso tur\u00edstico. Desde a descoberta dos p\u00f3los at\u00e9 \u00e0 vida selvagem que abrigam, passando pelas pessoas que a\u00ed vivem e exploram. Objectos e documentos, conte\u00fados digitais e dispositivos de imers\u00e3o juntam-se e complementam-se para uma experi\u00eancia de 360\u00b0. <\/p>\n<p><a href=\"https:\/\/musee.oceano.org\/pt-pt\/a-rota-da-missao-polar\/\"><strong>&gt;&gt; DESCUBRA AGORA A NOVA EXPOSI\u00c7\u00c3O &#8220;MISS\u00c3O POLAR &lt;&lt;<\/strong><\/a><\/p>\n\t\t\t\t\t\t\t\t<\/div>\n\t\t\t\t<\/div>\n\t\t\t\t\t<\/div>\n\t\t<\/div>\n\t\t\t\t\t<\/div>\n\t\t<\/section>\n\t\t\t\t<section class=\"elementor-section elementor-top-section elementor-element elementor-element-cc6c45a elementor-section-height-min-height elementor-section-boxed elementor-section-height-default elementor-section-items-middle\" data-id=\"cc6c45a\" data-element_type=\"section\" data-e-type=\"section\" data-settings=\"{&quot;background_background&quot;:&quot;classic&quot;}\">\n\t\t\t\t\t\t\t<div class=\"elementor-background-overlay\"><\/div>\n\t\t\t\t\t\t\t<div class=\"elementor-container elementor-column-gap-default\">\n\t\t\t\t\t<div class=\"elementor-column elementor-col-100 elementor-top-column elementor-element elementor-element-435cf6e\" data-id=\"435cf6e\" data-element_type=\"column\" data-e-type=\"column\">\n\t\t\t<div class=\"elementor-widget-wrap elementor-element-populated\">\n\t\t\t\t\t\t<div class=\"elementor-element elementor-element-81f8cd1 elementor-invisible elementor-widget elementor-widget-heading\" data-id=\"81f8cd1\" data-element_type=\"widget\" data-e-type=\"widget\" data-settings=\"{&quot;_animation&quot;:&quot;fadeIn&quot;}\" data-widget_type=\"heading.default\">\n\t\t\t\t<div class=\"elementor-widget-container\">\n\t\t\t\t\t<h2 class=\"elementor-heading-title elementor-size-large\">A Grande Barreira de Coral\nno cora\u00e7\u00e3o do Museu Oceanogr\u00e1fico<\/h2>\t\t\t\t<\/div>\n\t\t\t\t<\/div>\n\t\t\t\t\t<\/div>\n\t\t<\/div>\n\t\t\t\t\t<\/div>\n\t\t<\/section>\n\t\t\t\t<section class=\"elementor-section elementor-top-section elementor-element elementor-element-916d7cb elementor-section-boxed elementor-section-height-default elementor-section-height-default\" data-id=\"916d7cb\" data-element_type=\"section\" data-e-type=\"section\">\n\t\t\t\t\t\t<div class=\"elementor-container elementor-column-gap-default\">\n\t\t\t\t\t<div class=\"elementor-column elementor-col-50 elementor-top-column elementor-element elementor-element-f7aeb53\" data-id=\"f7aeb53\" data-element_type=\"column\" data-e-type=\"column\" data-settings=\"{&quot;background_background&quot;:&quot;classic&quot;}\">\n\t\t\t<div class=\"elementor-widget-wrap elementor-element-populated\">\n\t\t\t\t\t\t<div class=\"elementor-element elementor-element-11e308f elementor-widget elementor-widget-spacer\" data-id=\"11e308f\" data-element_type=\"widget\" data-e-type=\"widget\" data-widget_type=\"spacer.default\">\n\t\t\t\t<div class=\"elementor-widget-container\">\n\t\t\t\t\t\t\t<div class=\"elementor-spacer\">\n\t\t\t<div class=\"elementor-spacer-inner\"><\/div>\n\t\t<\/div>\n\t\t\t\t\t\t<\/div>\n\t\t\t\t<\/div>\n\t\t\t\t<div class=\"elementor-element elementor-element-df6e2f1 elementor-widget elementor-widget-heading\" data-id=\"df6e2f1\" data-element_type=\"widget\" data-e-type=\"widget\" data-widget_type=\"heading.default\">\n\t\t\t\t<div class=\"elementor-widget-container\">\n\t\t\t\t\t<h3 class=\"elementor-heading-title elementor-size-default\">Prepare-se para encontros excecionais<\/h3>\t\t\t\t<\/div>\n\t\t\t\t<\/div>\n\t\t\t\t<div class=\"elementor-element elementor-element-00efeb1 elementor-widget elementor-widget-text-editor\" data-id=\"00efeb1\" data-element_type=\"widget\" data-e-type=\"widget\" data-widget_type=\"text-editor.default\">\n\t\t\t\t<div class=\"elementor-widget-container\">\n\t\t\t\t\t\t\t\t\t<p>Entre na sala Imers\u00e3o, leia os conselhos do seu guia de mergulho e descubra as diferentes esp\u00e9cies que pode conhecer. Aqui, todos os encontros tornam-se poss\u00edveis num \u00fanico mergulho: das baleias corcundas aos tubar\u00f5es-tapete, das barracudas aos corais fluorescentes&#8230;<\/p>\n\t\t\t\t\t\t\t\t<\/div>\n\t\t\t\t<\/div>\n\t\t\t\t<div class=\"elementor-element elementor-element-71fd2e9 elementor-widget elementor-widget-spacer\" data-id=\"71fd2e9\" data-element_type=\"widget\" data-e-type=\"widget\" data-widget_type=\"spacer.default\">\n\t\t\t\t<div class=\"elementor-widget-container\">\n\t\t\t\t\t\t\t<div class=\"elementor-spacer\">\n\t\t\t<div class=\"elementor-spacer-inner\"><\/div>\n\t\t<\/div>\n\t\t\t\t\t\t<\/div>\n\t\t\t\t<\/div>\n\t\t\t\t<div class=\"elementor-element elementor-element-35f0afa elementor-widget elementor-widget-heading\" data-id=\"35f0afa\" data-element_type=\"widget\" data-e-type=\"widget\" data-widget_type=\"heading.default\">\n\t\t\t\t<div class=\"elementor-widget-container\">\n\t\t\t\t\t<h3 class=\"elementor-heading-title elementor-size-default\">Vamos fazer uma viagem abaixo da superf\u00edcie.<\/h3>\t\t\t\t<\/div>\n\t\t\t\t<\/div>\n\t\t\t\t<div class=\"elementor-element elementor-element-62f4e1b elementor-widget elementor-widget-text-editor\" data-id=\"62f4e1b\" data-element_type=\"widget\" data-e-type=\"widget\" data-widget_type=\"text-editor.default\">\n\t\t\t\t<div class=\"elementor-widget-container\">\n\t\t\t\t\t\t\t\t\t<p>Contemplar e interagir com as esp\u00e9cies encontradas, como se estivesse a mergulhar.<\/p>\n<p>Diante dos seus olhos \u00e9 revelada uma incr\u00edvel biodiversidade abrigada no cora\u00e7\u00e3o de uma das 7 maravilhas naturais do mundo, a Grande Barreira de Coral, o maior ecossistema de corais do planeta. Descubra a riqueza da vida na Grande Barreira de Coral do nascer \u00e0 noite.<\/p>\t\t\t\t\t\t\t\t<\/div>\n\t\t\t\t<\/div>\n\t\t\t\t<div class=\"elementor-element elementor-element-d81d43c elementor-widget elementor-widget-spacer\" data-id=\"d81d43c\" data-element_type=\"widget\" data-e-type=\"widget\" data-widget_type=\"spacer.default\">\n\t\t\t\t<div class=\"elementor-widget-container\">\n\t\t\t\t\t\t\t<div class=\"elementor-spacer\">\n\t\t\t<div class=\"elementor-spacer-inner\"><\/div>\n\t\t<\/div>\n\t\t\t\t\t\t<\/div>\n\t\t\t\t<\/div>\n\t\t\t\t<div class=\"elementor-element elementor-element-08a46d3 elementor-widget elementor-widget-heading\" data-id=\"08a46d3\" data-element_type=\"widget\" data-e-type=\"widget\" data-widget_type=\"heading.default\">\n\t\t\t\t<div class=\"elementor-widget-container\">\n\t\t\t\t\t<h3 class=\"elementor-heading-title elementor-size-default\">Respire fundo!<\/h3>\t\t\t\t<\/div>\n\t\t\t\t<\/div>\n\t\t\t\t<div class=\"elementor-element elementor-element-00d18ca elementor-widget elementor-widget-text-editor\" data-id=\"00d18ca\" data-element_type=\"widget\" data-e-type=\"widget\" data-widget_type=\"text-editor.default\">\n\t\t\t\t<div class=\"elementor-widget-container\">\n\t\t\t\t\t\t\t\t\t<p>No final do seu mergulho virtual, na encruzilhada de contempla\u00e7\u00e3o e intera\u00e7\u00e3o, descubra que os recifes de coral, os verdadeiros o\u00e1sis da vida, est\u00e3o infelizmente amea\u00e7ados e que \u00e9 necess\u00e1rio agir para os proteger.<\/p>\n\t\t\t\t\t\t\t\t<\/div>\n\t\t\t\t<\/div>\n\t\t\t\t<div class=\"elementor-element elementor-element-63b7a52 elementor-widget elementor-widget-spacer\" data-id=\"63b7a52\" data-element_type=\"widget\" data-e-type=\"widget\" data-widget_type=\"spacer.default\">\n\t\t\t\t<div class=\"elementor-widget-container\">\n\t\t\t\t\t\t\t<div class=\"elementor-spacer\">\n\t\t\t<div class=\"elementor-spacer-inner\"><\/div>\n\t\t<\/div>\n\t\t\t\t\t\t<\/div>\n\t\t\t\t<\/div>\n\t\t\t\t\t<\/div>\n\t\t<\/div>\n\t\t\t\t<div class=\"elementor-column elementor-col-50 elementor-top-column elementor-element elementor-element-a66793c\" data-id=\"a66793c\" data-element_type=\"column\" data-e-type=\"column\" data-settings=\"{&quot;background_background&quot;:&quot;classic&quot;}\">\n\t\t\t<div class=\"elementor-widget-wrap elementor-element-populated\">\n\t\t\t\t\t\t<div class=\"elementor-element elementor-element-4dedb5e elementor-widget elementor-widget-spacer\" data-id=\"4dedb5e\" data-element_type=\"widget\" data-e-type=\"widget\" data-widget_type=\"spacer.default\">\n\t\t\t\t<div class=\"elementor-widget-container\">\n\t\t\t\t\t\t\t<div class=\"elementor-spacer\">\n\t\t\t<div class=\"elementor-spacer-inner\"><\/div>\n\t\t<\/div>\n\t\t\t\t\t\t<\/div>\n\t\t\t\t<\/div>\n\t\t\t\t<div class=\"elementor-element elementor-element-827c07e elementor-widget elementor-widget-image\" data-id=\"827c07e\" data-element_type=\"widget\" data-e-type=\"widget\" data-widget_type=\"image.default\">\n\t\t\t\t<div class=\"elementor-widget-container\">\n\t\t\t\t\t\t\t\t\t\t\t\t<figure class=\"wp-caption\">\n\t\t\t\t\t\t\t\t\t\t\t<a href=\"https:\/\/musee.oceano.org\/wp-content\/uploads\/sites\/2\/2020\/06\/Philippe-Fitte-Immersion2.jpg\" data-elementor-open-lightbox=\"yes\" data-elementor-lightbox-title=\"Mus\u00e9e Oc\u00e9anographique de Monaco\" data-e-action-hash=\"#elementor-action%3Aaction%3Dlightbox%26settings%3DeyJpZCI6IjI1NzE3IiwidXJsIjoiaHR0cHM6XC9cL211c2VlLm9jZWFuby5vcmdcL3dwLWNvbnRlbnRcL3VwbG9hZHNcL3NpdGVzXC8yXC8yMDIwXC8wNlwvUGhpbGlwcGUtRml0dGUtSW1tZXJzaW9uMi5qcGcifQ%3D%3D\">\n\t\t\t\t\t\t\t<img fetchpriority=\"high\" decoding=\"async\" width=\"452\" height=\"602\" src=\"https:\/\/musee.oceano.org\/wp-content\/uploads\/sites\/2\/2020\/06\/Philippe-Fitte-Immersion2-452x602.jpg\" class=\"attachment-img-bloc-content size-img-bloc-content wp-image-25717\" alt=\"\" \/>\t\t\t\t\t\t\t\t<\/a>\n\t\t\t\t\t\t\t\t\t\t\t<figcaption class=\"widget-image-caption wp-caption-text\">Exposition interactive Immersion - Mus\u00e9e Oc\u00e9anographique de Monaco (c) Philippe Fitte<\/figcaption>\n\t\t\t\t\t\t\t\t\t\t<\/figure>\n\t\t\t\t\t\t\t\t\t<\/div>\n\t\t\t\t<\/div>\n\t\t\t\t<div class=\"elementor-element elementor-element-b76e798 elementor-widget elementor-widget-image\" data-id=\"b76e798\" data-element_type=\"widget\" data-e-type=\"widget\" data-widget_type=\"image.default\">\n\t\t\t\t<div class=\"elementor-widget-container\">\n\t\t\t\t\t\t\t\t\t\t\t\t<figure class=\"wp-caption\">\n\t\t\t\t\t\t\t\t\t\t\t<a href=\"https:\/\/musee.oceano.org\/wp-content\/uploads\/sites\/2\/2020\/06\/Philippe-Fitte-Immersion3.jpg\" data-elementor-open-lightbox=\"yes\" data-elementor-lightbox-title=\"Mus\u00e9e Oc\u00e9anographique de Monaco\" data-e-action-hash=\"#elementor-action%3Aaction%3Dlightbox%26settings%3DeyJpZCI6IjI1NzE4IiwidXJsIjoiaHR0cHM6XC9cL211c2VlLm9jZWFuby5vcmdcL3dwLWNvbnRlbnRcL3VwbG9hZHNcL3NpdGVzXC8yXC8yMDIwXC8wNlwvUGhpbGlwcGUtRml0dGUtSW1tZXJzaW9uMy1lMTYwMDA4NjU5ODIwOS5qcGcifQ%3D%3D\">\n\t\t\t\t\t\t\t<img decoding=\"async\" width=\"1024\" height=\"683\" src=\"https:\/\/musee.oceano.org\/wp-content\/uploads\/sites\/2\/2020\/06\/Philippe-Fitte-Immersion3-e1600086598209-1024x683.jpg\" class=\"attachment-large size-large wp-image-25718\" alt=\"\" srcset=\"https:\/\/musee.oceano.org\/wp-content\/uploads\/sites\/2\/2020\/06\/Philippe-Fitte-Immersion3-e1600086598209-1024x683.jpg 1024w, https:\/\/musee.oceano.org\/wp-content\/uploads\/sites\/2\/2020\/06\/Philippe-Fitte-Immersion3-e1600086598209-300x200.jpg 300w, https:\/\/musee.oceano.org\/wp-content\/uploads\/sites\/2\/2020\/06\/Philippe-Fitte-Immersion3-e1600086598209-768x512.jpg 768w, https:\/\/musee.oceano.org\/wp-content\/uploads\/sites\/2\/2020\/06\/Philippe-Fitte-Immersion3-e1600086598209.jpg 1100w\" sizes=\"(max-width: 1024px) 100vw, 1024px\" \/>\t\t\t\t\t\t\t\t<\/a>\n\t\t\t\t\t\t\t\t\t\t\t<figcaption class=\"widget-image-caption wp-caption-text\">Exposition interactive Immersion - Mus\u00e9e Oc\u00e9anographique de Monaco (c) Philippe Fitte<\/figcaption>\n\t\t\t\t\t\t\t\t\t\t<\/figure>\n\t\t\t\t\t\t\t\t\t<\/div>\n\t\t\t\t<\/div>\n\t\t\t\t\t<\/div>\n\t\t<\/div>\n\t\t\t\t\t<\/div>\n\t\t<\/section>\n\t\t\t\t<section class=\"elementor-section elementor-top-section elementor-element elementor-element-4e5a981 elementor-section-boxed elementor-section-height-default elementor-section-height-default\" data-id=\"4e5a981\" data-element_type=\"section\" data-e-type=\"section\" data-settings=\"{&quot;animation&quot;:&quot;none&quot;}\">\n\t\t\t\t\t\t<div class=\"elementor-container elementor-column-gap-default\">\n\t\t\t\t\t<div class=\"elementor-column elementor-col-100 elementor-top-column elementor-element elementor-element-ba2021f\" data-id=\"ba2021f\" data-element_type=\"column\" data-e-type=\"column\" data-settings=\"{&quot;background_background&quot;:&quot;classic&quot;}\">\n\t\t\t<div class=\"elementor-widget-wrap elementor-element-populated\">\n\t\t\t\t\t\t<div class=\"elementor-element elementor-element-4a7d959 elementor-widget elementor-widget-heading\" data-id=\"4a7d959\" data-element_type=\"widget\" data-e-type=\"widget\" data-widget_type=\"heading.default\">\n\t\t\t\t<div class=\"elementor-widget-container\">\n\t\t\t\t\t<h2 class=\"elementor-heading-title elementor-size-large\">Imers\u00e3o Em poucas palavras:<\/h2>\t\t\t\t<\/div>\n\t\t\t\t<\/div>\n\t\t\t\t<section class=\"elementor-section elementor-inner-section elementor-element elementor-element-4975080 elementor-section-boxed elementor-section-height-default elementor-section-height-default\" data-id=\"4975080\" data-element_type=\"section\" data-e-type=\"section\">\n\t\t\t\t\t\t<div class=\"elementor-container elementor-column-gap-default\">\n\t\t\t\t\t<div class=\"elementor-column elementor-col-50 elementor-inner-column elementor-element elementor-element-6ac04c9\" data-id=\"6ac04c9\" data-element_type=\"column\" data-e-type=\"column\">\n\t\t\t<div class=\"elementor-widget-wrap elementor-element-populated\">\n\t\t\t\t\t\t<div class=\"elementor-element elementor-element-5952cbe elementor-view-framed elementor-shape-circle elementor-widget elementor-widget-icon\" data-id=\"5952cbe\" data-element_type=\"widget\" data-e-type=\"widget\" data-widget_type=\"icon.default\">\n\t\t\t\t<div class=\"elementor-widget-container\">\n\t\t\t\t\t\t\t<div class=\"elementor-icon-wrapper\">\n\t\t\t<div class=\"elementor-icon elementor-animation-pulse\">\n\t\t\t<i aria-hidden=\"true\" class=\"fas fa-fish\"><\/i>\t\t\t<\/div>\n\t\t<\/div>\n\t\t\t\t\t\t<\/div>\n\t\t\t\t<\/div>\n\t\t\t\t\t<\/div>\n\t\t<\/div>\n\t\t\t\t<div class=\"elementor-column elementor-col-50 elementor-inner-column elementor-element elementor-element-239c880\" data-id=\"239c880\" data-element_type=\"column\" data-e-type=\"column\">\n\t\t\t<div class=\"elementor-widget-wrap elementor-element-populated\">\n\t\t\t\t\t\t<div class=\"elementor-element elementor-element-22ccf98 elementor-widget elementor-widget-text-editor\" data-id=\"22ccf98\" data-element_type=\"widget\" data-e-type=\"widget\" data-widget_type=\"text-editor.default\">\n\t\t\t\t<div class=\"elementor-widget-container\">\n\t\t\t\t\t\t\t\t\t<p>Um ambiente vivo totalmente reconstitu\u00eddo que reagir\u00e1 de acordo com os seus movimentos.<\/p>\n\t\t\t\t\t\t\t\t<\/div>\n\t\t\t\t<\/div>\n\t\t\t\t\t<\/div>\n\t\t<\/div>\n\t\t\t\t\t<\/div>\n\t\t<\/section>\n\t\t\t\t<section class=\"elementor-section elementor-inner-section elementor-element elementor-element-538bd99 elementor-section-boxed elementor-section-height-default elementor-section-height-default\" data-id=\"538bd99\" data-element_type=\"section\" data-e-type=\"section\">\n\t\t\t\t\t\t<div class=\"elementor-container elementor-column-gap-default\">\n\t\t\t\t\t<div class=\"elementor-column elementor-col-50 elementor-inner-column elementor-element elementor-element-5698a39\" data-id=\"5698a39\" data-element_type=\"column\" data-e-type=\"column\">\n\t\t\t<div class=\"elementor-widget-wrap elementor-element-populated\">\n\t\t\t\t\t\t<div class=\"elementor-element elementor-element-65231f8 elementor-view-framed elementor-shape-circle elementor-widget elementor-widget-icon\" data-id=\"65231f8\" data-element_type=\"widget\" data-e-type=\"widget\" data-widget_type=\"icon.default\">\n\t\t\t\t<div class=\"elementor-widget-container\">\n\t\t\t\t\t\t\t<div class=\"elementor-icon-wrapper\">\n\t\t\t<div class=\"elementor-icon elementor-animation-pulse\">\n\t\t\t<i aria-hidden=\"true\" class=\"fas fa-camera-retro\"><\/i>\t\t\t<\/div>\n\t\t<\/div>\n\t\t\t\t\t\t<\/div>\n\t\t\t\t<\/div>\n\t\t\t\t\t<\/div>\n\t\t<\/div>\n\t\t\t\t<div class=\"elementor-column elementor-col-50 elementor-inner-column elementor-element elementor-element-ab8f455\" data-id=\"ab8f455\" data-element_type=\"column\" data-e-type=\"column\">\n\t\t\t<div class=\"elementor-widget-wrap elementor-element-populated\">\n\t\t\t\t\t\t<div class=\"elementor-element elementor-element-cdfd702 elementor-widget elementor-widget-text-editor\" data-id=\"cdfd702\" data-element_type=\"widget\" data-e-type=\"widget\" data-widget_type=\"text-editor.default\">\n\t\t\t\t<div class=\"elementor-widget-container\">\n\t\t\t\t\t\t\t\t\t<p>Esp\u00e9cies modeladas a partir de imagens reais, movimentos e intera\u00e7\u00f5es recriadas a partir de comportamentos observados no ambiente natural para lhe oferecer uma experi\u00eancia de mergulho realista.<\/p>\n\t\t\t\t\t\t\t\t<\/div>\n\t\t\t\t<\/div>\n\t\t\t\t\t<\/div>\n\t\t<\/div>\n\t\t\t\t\t<\/div>\n\t\t<\/section>\n\t\t\t\t<section class=\"elementor-section elementor-inner-section elementor-element elementor-element-3189ca5 elementor-section-boxed elementor-section-height-default elementor-section-height-default\" data-id=\"3189ca5\" data-element_type=\"section\" data-e-type=\"section\">\n\t\t\t\t\t\t<div class=\"elementor-container elementor-column-gap-default\">\n\t\t\t\t\t<div class=\"elementor-column elementor-col-50 elementor-inner-column elementor-element elementor-element-0d2c5b8\" data-id=\"0d2c5b8\" data-element_type=\"column\" data-e-type=\"column\">\n\t\t\t<div class=\"elementor-widget-wrap elementor-element-populated\">\n\t\t\t\t\t\t<div class=\"elementor-element elementor-element-70f5e2f elementor-view-framed elementor-shape-circle elementor-widget elementor-widget-icon\" data-id=\"70f5e2f\" data-element_type=\"widget\" data-e-type=\"widget\" data-widget_type=\"icon.default\">\n\t\t\t\t<div class=\"elementor-widget-container\">\n\t\t\t\t\t\t\t<div class=\"elementor-icon-wrapper\">\n\t\t\t<div class=\"elementor-icon elementor-animation-pulse\">\n\t\t\t<i aria-hidden=\"true\" class=\"fas fa-cloud-moon\"><\/i>\t\t\t<\/div>\n\t\t<\/div>\n\t\t\t\t\t\t<\/div>\n\t\t\t\t<\/div>\n\t\t\t\t\t<\/div>\n\t\t<\/div>\n\t\t\t\t<div class=\"elementor-column elementor-col-50 elementor-inner-column elementor-element elementor-element-c13083f\" data-id=\"c13083f\" data-element_type=\"column\" data-e-type=\"column\">\n\t\t\t<div class=\"elementor-widget-wrap elementor-element-populated\">\n\t\t\t\t\t\t<div class=\"elementor-element elementor-element-82cd8ab elementor-widget elementor-widget-text-editor\" data-id=\"82cd8ab\" data-element_type=\"widget\" data-e-type=\"widget\" data-widget_type=\"text-editor.default\">\n\t\t\t\t<div class=\"elementor-widget-container\">\n\t\t\t\t\t\t\t\t\t<p>Cen\u00e1rios diurnos e noturnos livremente imaginados para lhe oferecer em &#8220;um \u00fanico mergulho&#8221; o encontro das esp\u00e9cies mais emblem\u00e1ticas da Grande Barreira de Coral.<\/p>\n\t\t\t\t\t\t\t\t<\/div>\n\t\t\t\t<\/div>\n\t\t\t\t\t<\/div>\n\t\t<\/div>\n\t\t\t\t\t<\/div>\n\t\t<\/section>\n\t\t\t\t\t<\/div>\n\t\t<\/div>\n\t\t\t\t\t<\/div>\n\t\t<\/section>\n\t\t\t\t<section class=\"elementor-section elementor-top-section elementor-element elementor-element-69d18c4 elementor-section-boxed elementor-section-height-default elementor-section-height-default\" data-id=\"69d18c4\" data-element_type=\"section\" data-e-type=\"section\">\n\t\t\t\t\t\t<div class=\"elementor-container elementor-column-gap-default\">\n\t\t\t\t\t<div class=\"elementor-column elementor-col-100 elementor-top-column elementor-element elementor-element-e6c3300\" data-id=\"e6c3300\" data-element_type=\"column\" data-e-type=\"column\">\n\t\t\t<div class=\"elementor-widget-wrap elementor-element-populated\">\n\t\t\t\t\t\t<div class=\"elementor-element elementor-element-11434ea elementor-widget elementor-widget-spacer\" data-id=\"11434ea\" data-element_type=\"widget\" data-e-type=\"widget\" data-widget_type=\"spacer.default\">\n\t\t\t\t<div class=\"elementor-widget-container\">\n\t\t\t\t\t\t\t<div class=\"elementor-spacer\">\n\t\t\t<div class=\"elementor-spacer-inner\"><\/div>\n\t\t<\/div>\n\t\t\t\t\t\t<\/div>\n\t\t\t\t<\/div>\n\t\t\t\t\t<\/div>\n\t\t<\/div>\n\t\t\t\t\t<\/div>\n\t\t<\/section>\n\t\t\t\t<section class=\"elementor-section elementor-top-section elementor-element elementor-element-58567e9 elementor-section-boxed elementor-section-height-default elementor-section-height-default\" data-id=\"58567e9\" data-element_type=\"section\" data-e-type=\"section\">\n\t\t\t\t\t\t<div class=\"elementor-container elementor-column-gap-default\">\n\t\t\t\t\t<div class=\"elementor-column elementor-col-25 elementor-top-column elementor-element elementor-element-8b40823\" data-id=\"8b40823\" data-element_type=\"column\" data-e-type=\"column\">\n\t\t\t<div class=\"elementor-widget-wrap elementor-element-populated\">\n\t\t\t\t\t\t<div class=\"elementor-element elementor-element-8087d5c elementor-widget elementor-widget-counter\" data-id=\"8087d5c\" data-element_type=\"widget\" data-e-type=\"widget\" data-widget_type=\"counter.default\">\n\t\t\t\t<div class=\"elementor-widget-container\">\n\t\t\t\t\t\t\t<div class=\"elementor-counter\">\n\t\t\t<div class=\"elementor-counter-title\">m\u00b2 de inatividade<\/div>\t\t\t<div class=\"elementor-counter-number-wrapper\">\n\t\t\t\t<span class=\"elementor-counter-number-prefix\"><\/span>\n\t\t\t\t<span class=\"elementor-counter-number\" data-duration=\"2000\" data-to-value=\"250\" data-from-value=\"0\" data-delimiter=\",\">0<\/span>\n\t\t\t\t<span class=\"elementor-counter-number-suffix\"><\/span>\n\t\t\t<\/div>\n\t\t<\/div>\n\t\t\t\t\t\t<\/div>\n\t\t\t\t<\/div>\n\t\t\t\t\t<\/div>\n\t\t<\/div>\n\t\t\t\t<div class=\"elementor-column elementor-col-25 elementor-top-column elementor-element elementor-element-79770c2\" data-id=\"79770c2\" data-element_type=\"column\" data-e-type=\"column\">\n\t\t\t<div class=\"elementor-widget-wrap elementor-element-populated\">\n\t\t\t\t\t\t<div class=\"elementor-element elementor-element-d81411a elementor-widget elementor-widget-counter\" data-id=\"d81411a\" data-element_type=\"widget\" data-e-type=\"widget\" data-widget_type=\"counter.default\">\n\t\t\t\t<div class=\"elementor-widget-container\">\n\t\t\t\t\t\t\t<div class=\"elementor-counter\">\n\t\t\t<div class=\"elementor-counter-title\">m\u00b2 de proje\u00e7\u00e3o<\/div>\t\t\t<div class=\"elementor-counter-number-wrapper\">\n\t\t\t\t<span class=\"elementor-counter-number-prefix\"><\/span>\n\t\t\t\t<span class=\"elementor-counter-number\" data-duration=\"2000\" data-to-value=\"650\" data-from-value=\"0\" data-delimiter=\",\">0<\/span>\n\t\t\t\t<span class=\"elementor-counter-number-suffix\"><\/span>\n\t\t\t<\/div>\n\t\t<\/div>\n\t\t\t\t\t\t<\/div>\n\t\t\t\t<\/div>\n\t\t\t\t\t<\/div>\n\t\t<\/div>\n\t\t\t\t<div class=\"elementor-column elementor-col-25 elementor-top-column elementor-element elementor-element-e9ee600\" data-id=\"e9ee600\" data-element_type=\"column\" data-e-type=\"column\">\n\t\t\t<div class=\"elementor-widget-wrap elementor-element-populated\">\n\t\t\t\t\t\t<div class=\"elementor-element elementor-element-9fc7c44 elementor-widget elementor-widget-counter\" data-id=\"9fc7c44\" data-element_type=\"widget\" data-e-type=\"widget\" data-widget_type=\"counter.default\">\n\t\t\t\t<div class=\"elementor-widget-container\">\n\t\t\t\t\t\t\t<div class=\"elementor-counter\">\n\t\t\t<div class=\"elementor-counter-title\">esp\u00e9cies para descobrir<\/div>\t\t\t<div class=\"elementor-counter-number-wrapper\">\n\t\t\t\t<span class=\"elementor-counter-number-prefix\"><\/span>\n\t\t\t\t<span class=\"elementor-counter-number\" data-duration=\"2000\" data-to-value=\"60\" data-from-value=\"0\" data-delimiter=\",\">0<\/span>\n\t\t\t\t<span class=\"elementor-counter-number-suffix\"><\/span>\n\t\t\t<\/div>\n\t\t<\/div>\n\t\t\t\t\t\t<\/div>\n\t\t\t\t<\/div>\n\t\t\t\t\t<\/div>\n\t\t<\/div>\n\t\t\t\t<div class=\"elementor-column elementor-col-25 elementor-top-column elementor-element elementor-element-702d6e5\" data-id=\"702d6e5\" data-element_type=\"column\" data-e-type=\"column\">\n\t\t\t<div class=\"elementor-widget-wrap elementor-element-populated\">\n\t\t\t\t\t\t<div class=\"elementor-element elementor-element-ffd5d97 elementor-widget elementor-widget-counter\" data-id=\"ffd5d97\" data-element_type=\"widget\" data-e-type=\"widget\" data-widget_type=\"counter.default\">\n\t\t\t\t<div class=\"elementor-widget-container\">\n\t\t\t\t\t\t\t<div class=\"elementor-counter\">\n\t\t\t<div class=\"elementor-counter-title\">Projetores de v\u00eddeo<\/div>\t\t\t<div class=\"elementor-counter-number-wrapper\">\n\t\t\t\t<span class=\"elementor-counter-number-prefix\"><\/span>\n\t\t\t\t<span class=\"elementor-counter-number\" data-duration=\"2000\" data-to-value=\"40\" data-from-value=\"0\" data-delimiter=\",\">0<\/span>\n\t\t\t\t<span class=\"elementor-counter-number-suffix\"><\/span>\n\t\t\t<\/div>\n\t\t<\/div>\n\t\t\t\t\t\t<\/div>\n\t\t\t\t<\/div>\n\t\t\t\t\t<\/div>\n\t\t<\/div>\n\t\t\t\t\t<\/div>\n\t\t<\/section>\n\t\t\t\t<section class=\"elementor-section elementor-top-section elementor-element elementor-element-135114d elementor-section-boxed elementor-section-height-default elementor-section-height-default\" data-id=\"135114d\" data-element_type=\"section\" data-e-type=\"section\">\n\t\t\t\t\t\t<div class=\"elementor-container elementor-column-gap-default\">\n\t\t\t\t\t<div class=\"elementor-column elementor-col-100 elementor-top-column elementor-element elementor-element-c8c4c29\" data-id=\"c8c4c29\" data-element_type=\"column\" data-e-type=\"column\" data-settings=\"{&quot;background_background&quot;:&quot;classic&quot;}\">\n\t\t\t<div class=\"elementor-widget-wrap elementor-element-populated\">\n\t\t\t\t\t\t<div class=\"elementor-element elementor-element-5bd993b elementor-widget elementor-widget-spacer\" data-id=\"5bd993b\" data-element_type=\"widget\" data-e-type=\"widget\" data-widget_type=\"spacer.default\">\n\t\t\t\t<div class=\"elementor-widget-container\">\n\t\t\t\t\t\t\t<div class=\"elementor-spacer\">\n\t\t\t<div class=\"elementor-spacer-inner\"><\/div>\n\t\t<\/div>\n\t\t\t\t\t\t<\/div>\n\t\t\t\t<\/div>\n\t\t\t\t<div class=\"elementor-element elementor-element-aa7cdee elementor-invisible elementor-widget elementor-widget-heading\" data-id=\"aa7cdee\" data-element_type=\"widget\" data-e-type=\"widget\" data-settings=\"{&quot;_animation&quot;:&quot;slideInUp&quot;}\" data-widget_type=\"heading.default\">\n\t\t\t\t<div class=\"elementor-widget-container\">\n\t\t\t\t\t<h2 class=\"elementor-heading-title elementor-size-default\">Paredes de proje\u00e7\u00e3o 9m de altura! Mergulho diurno e noturno<\/h2>\t\t\t\t<\/div>\n\t\t\t\t<\/div>\n\t\t\t\t\t<\/div>\n\t\t<\/div>\n\t\t\t\t\t<\/div>\n\t\t<\/section>\n\t\t\t\t<section class=\"elementor-section elementor-top-section elementor-element elementor-element-5c492ee3 elementor-section-boxed elementor-section-height-default elementor-section-height-default\" data-id=\"5c492ee3\" data-element_type=\"section\" data-e-type=\"section\">\n\t\t\t\t\t\t<div class=\"elementor-container elementor-column-gap-default\">\n\t\t\t\t\t<div class=\"elementor-column elementor-col-50 elementor-top-column elementor-element elementor-element-3c61e9e7\" data-id=\"3c61e9e7\" data-element_type=\"column\" data-e-type=\"column\" data-settings=\"{&quot;background_background&quot;:&quot;classic&quot;}\">\n\t\t\t<div class=\"elementor-widget-wrap elementor-element-populated\">\n\t\t\t\t\t\t<div class=\"elementor-element elementor-element-617c9c2b elementor-widget elementor-widget-heading\" data-id=\"617c9c2b\" data-element_type=\"widget\" data-e-type=\"widget\" data-widget_type=\"heading.default\">\n\t\t\t\t<div class=\"elementor-widget-container\">\n\t\t\t\t\t<h2 class=\"elementor-heading-title elementor-size-default\">TRIBUTO AO  <br>GRANDE BARREIRA DE RECIFE<\/h2>\t\t\t\t<\/div>\n\t\t\t\t<\/div>\n\t\t\t\t<div class=\"elementor-element elementor-element-11c2fd9c elementor-widget elementor-widget-text-editor\" data-id=\"11c2fd9c\" data-element_type=\"widget\" data-e-type=\"widget\" data-widget_type=\"text-editor.default\">\n\t\t\t\t<div class=\"elementor-widget-container\">\n\t\t\t\t\t\t\t\t\t<p>Escrita por uma equipa internacional de designers, em estreita colabora\u00e7\u00e3o com o Museu Oceanogr\u00e1fico e os seus parceiros, bem como mergulhadores e bi\u00f3logos, a experi\u00eancia \u00e9 simultaneamente divertida e envolvente.<\/p>\n\t\t\t\t\t\t\t\t<\/div>\n\t\t\t\t<\/div>\n\t\t\t\t<div class=\"elementor-element elementor-element-1c48f26 elementor-widget elementor-widget-image\" data-id=\"1c48f26\" data-element_type=\"widget\" data-e-type=\"widget\" data-widget_type=\"image.default\">\n\t\t\t\t<div class=\"elementor-widget-container\">\n\t\t\t\t\t\t\t\t\t\t\t\t\t\t\t<img decoding=\"async\" width=\"1920\" height=\"905\" src=\"https:\/\/musee.oceano.org\/wp-content\/uploads\/sites\/2\/2020\/06\/Exposition-Immersion-Mus\u00e9e-oc\u00e9anographique-de-Monaco-philippe-Fitte-3-1-1920x905.jpg\" class=\"attachment-img-hero-section size-img-hero-section wp-image-25755\" alt=\"\" \/>\t\t\t\t\t\t\t\t\t\t\t\t\t\t\t<\/div>\n\t\t\t\t<\/div>\n\t\t\t\t<div class=\"elementor-element elementor-element-e19e239 elementor-widget elementor-widget-heading\" data-id=\"e19e239\" data-element_type=\"widget\" data-e-type=\"widget\" data-widget_type=\"heading.default\">\n\t\t\t\t<div class=\"elementor-widget-container\">\n\t\t\t\t\t<h2 class=\"elementor-heading-title elementor-size-default\">Esp\u00e9cies emblem\u00e1ticas<\/h2>\t\t\t\t<\/div>\n\t\t\t\t<\/div>\n\t\t\t\t<div class=\"elementor-element elementor-element-55d01a64 elementor-widget elementor-widget-text-editor\" data-id=\"55d01a64\" data-element_type=\"widget\" data-e-type=\"widget\" data-widget_type=\"text-editor.default\">\n\t\t\t\t<div class=\"elementor-widget-container\">\n\t\t\t\t\t\t\t\t\t<p>As tecnologias utilizadas t\u00eam uma renderiza\u00e7\u00e3o realista e natural gra\u00e7as ao sistema de proje\u00e7\u00e3o em tempo real. Entra no lugar de um mergulhador a explorar o seu ambiente. Interaja com diferentes esp\u00e9cies marinhas e fa\u00e7a encontros fascinantes!<\/p><\/p>\n\t\t\t\t\t\t\t\t<\/div>\n\t\t\t\t<\/div>\n\t\t\t\t<section class=\"elementor-section elementor-inner-section elementor-element elementor-element-04775e2 elementor-section-boxed elementor-section-height-default elementor-section-height-default\" data-id=\"04775e2\" data-element_type=\"section\" data-e-type=\"section\">\n\t\t\t\t\t\t<div class=\"elementor-container elementor-column-gap-default\">\n\t\t\t\t\t<div class=\"elementor-column elementor-col-50 elementor-inner-column elementor-element elementor-element-8561a97\" data-id=\"8561a97\" data-element_type=\"column\" data-e-type=\"column\">\n\t\t\t<div class=\"elementor-widget-wrap elementor-element-populated\">\n\t\t\t\t\t\t<div class=\"elementor-element elementor-element-73d4f4d elementor-widget elementor-widget-image\" data-id=\"73d4f4d\" data-element_type=\"widget\" data-e-type=\"widget\" data-settings=\"{&quot;_animation&quot;:&quot;none&quot;}\" data-widget_type=\"image.default\">\n\t\t\t\t<div class=\"elementor-widget-container\">\n\t\t\t\t\t\t\t\t\t\t\t\t\t\t\t<img loading=\"lazy\" decoding=\"async\" width=\"385\" height=\"413\" src=\"https:\/\/musee.oceano.org\/wp-content\/uploads\/sites\/2\/2020\/06\/Pastille-1-raie-transparent.png\" class=\"elementor-animation-float attachment-large size-large wp-image-25728\" alt=\"\" srcset=\"https:\/\/musee.oceano.org\/wp-content\/uploads\/sites\/2\/2020\/06\/Pastille-1-raie-transparent.png 385w, https:\/\/musee.oceano.org\/wp-content\/uploads\/sites\/2\/2020\/06\/Pastille-1-raie-transparent-280x300.png 280w\" sizes=\"(max-width: 385px) 100vw, 385px\" \/>\t\t\t\t\t\t\t\t\t\t\t\t\t\t\t<\/div>\n\t\t\t\t<\/div>\n\t\t\t\t<div class=\"elementor-element elementor-element-edaf150 elementor-widget elementor-widget-heading\" data-id=\"edaf150\" data-element_type=\"widget\" data-e-type=\"widget\" data-widget_type=\"heading.default\">\n\t\t\t\t<div class=\"elementor-widget-container\">\n\t\t\t\t\t<h3 class=\"elementor-heading-title elementor-size-default\">LINHA MANTA<\/h3>\t\t\t\t<\/div>\n\t\t\t\t<\/div>\n\t\t\t\t<div class=\"elementor-element elementor-element-522c0c2 elementor-widget elementor-widget-text-editor\" data-id=\"522c0c2\" data-element_type=\"widget\" data-e-type=\"widget\" data-widget_type=\"text-editor.default\">\n\t\t\t\t<div class=\"elementor-widget-container\">\n\t\t\t\t\t\t\t\t\t<p>Mobula birostris<\/p>\n\t\t\t\t\t\t\t\t<\/div>\n\t\t\t\t<\/div>\n\t\t\t\t<div class=\"elementor-element elementor-element-3a7514c elementor-invisible elementor-widget elementor-widget-text-editor\" data-id=\"3a7514c\" data-element_type=\"widget\" data-e-type=\"widget\" data-settings=\"{&quot;motion_fx_motion_fx_mouse&quot;:&quot;yes&quot;,&quot;motion_fx_tilt_effect&quot;:&quot;yes&quot;,&quot;_animation&quot;:&quot;pulse&quot;,&quot;motion_fx_tilt_speed&quot;:{&quot;unit&quot;:&quot;px&quot;,&quot;size&quot;:4,&quot;sizes&quot;:[]}}\" data-widget_type=\"text-editor.default\">\n\t\t\t\t<div class=\"elementor-widget-container\">\n\t\t\t\t\t\t\t\t\t<p>Vive entre -1 e -120 m<\/p>\n<p>Tamanho at\u00e9 7 m de envergadura<\/p>\n\t\t\t\t\t\t\t\t<\/div>\n\t\t\t\t<\/div>\n\t\t\t\t\t<\/div>\n\t\t<\/div>\n\t\t\t\t<div class=\"elementor-column elementor-col-50 elementor-inner-column elementor-element elementor-element-38d7ff7\" data-id=\"38d7ff7\" data-element_type=\"column\" data-e-type=\"column\">\n\t\t\t<div class=\"elementor-widget-wrap elementor-element-populated\">\n\t\t\t\t\t\t<div class=\"elementor-element elementor-element-210d8f0 elementor-widget elementor-widget-image\" data-id=\"210d8f0\" data-element_type=\"widget\" data-e-type=\"widget\" data-widget_type=\"image.default\">\n\t\t\t\t<div class=\"elementor-widget-container\">\n\t\t\t\t\t\t\t\t\t\t\t\t\t\t\t<img loading=\"lazy\" decoding=\"async\" width=\"654\" height=\"458\" src=\"https:\/\/musee.oceano.org\/wp-content\/uploads\/sites\/2\/2020\/06\/Pastille-2-poisson-transparent.png\" class=\"elementor-animation-float attachment-large size-large wp-image-25729\" alt=\"\" srcset=\"https:\/\/musee.oceano.org\/wp-content\/uploads\/sites\/2\/2020\/06\/Pastille-2-poisson-transparent.png 654w, https:\/\/musee.oceano.org\/wp-content\/uploads\/sites\/2\/2020\/06\/Pastille-2-poisson-transparent-300x210.png 300w\" sizes=\"(max-width: 654px) 100vw, 654px\" \/>\t\t\t\t\t\t\t\t\t\t\t\t\t\t\t<\/div>\n\t\t\t\t<\/div>\n\t\t\t\t<div class=\"elementor-element elementor-element-4090ff5 elementor-widget elementor-widget-heading\" data-id=\"4090ff5\" data-element_type=\"widget\" data-e-type=\"widget\" data-widget_type=\"heading.default\">\n\t\t\t\t<div class=\"elementor-widget-container\">\n\t\t\t\t\t<h3 class=\"elementor-heading-title elementor-size-default\">Garoubeira de batata<\/h3>\t\t\t\t<\/div>\n\t\t\t\t<\/div>\n\t\t\t\t<div class=\"elementor-element elementor-element-04d3e9e elementor-widget elementor-widget-text-editor\" data-id=\"04d3e9e\" data-element_type=\"widget\" data-e-type=\"widget\" data-widget_type=\"text-editor.default\">\n\t\t\t\t<div class=\"elementor-widget-container\">\n\t\t\t\t\t\t\t\t\t<p>Epinephelus tukula<\/p>\n\t\t\t\t\t\t\t\t<\/div>\n\t\t\t\t<\/div>\n\t\t\t\t<div class=\"elementor-element elementor-element-3d0c5e9 elementor-invisible elementor-widget elementor-widget-text-editor\" data-id=\"3d0c5e9\" data-element_type=\"widget\" data-e-type=\"widget\" data-settings=\"{&quot;motion_fx_motion_fx_mouse&quot;:&quot;yes&quot;,&quot;motion_fx_tilt_effect&quot;:&quot;yes&quot;,&quot;motion_fx_tilt_direction&quot;:&quot;negative&quot;,&quot;_animation&quot;:&quot;pulse&quot;,&quot;motion_fx_tilt_speed&quot;:{&quot;unit&quot;:&quot;px&quot;,&quot;size&quot;:4,&quot;sizes&quot;:[]}}\" data-widget_type=\"text-editor.default\">\n\t\t\t\t<div class=\"elementor-widget-container\">\n\t\t\t\t\t\t\t\t\t<p><strong>Vive entre<\/strong> <strong>&#8211;<\/strong><strong>10 e<\/strong> <strong>400 m<\/strong> <strong><\/strong><\/p>\n<p><strong>Tamanho at\u00e9 2 m<\/strong><\/p>\n\t\t\t\t\t\t\t\t<\/div>\n\t\t\t\t<\/div>\n\t\t\t\t\t<\/div>\n\t\t<\/div>\n\t\t\t\t\t<\/div>\n\t\t<\/section>\n\t\t\t\t<section class=\"elementor-section elementor-inner-section elementor-element elementor-element-2cda6e1 elementor-section-boxed elementor-section-height-default elementor-section-height-default\" data-id=\"2cda6e1\" data-element_type=\"section\" data-e-type=\"section\">\n\t\t\t\t\t\t<div class=\"elementor-container elementor-column-gap-default\">\n\t\t\t\t\t<div class=\"elementor-column elementor-col-50 elementor-inner-column elementor-element elementor-element-91af8a5\" data-id=\"91af8a5\" data-element_type=\"column\" data-e-type=\"column\">\n\t\t\t<div class=\"elementor-widget-wrap elementor-element-populated\">\n\t\t\t\t\t\t<div class=\"elementor-element elementor-element-ed20bde elementor-widget elementor-widget-image\" data-id=\"ed20bde\" data-element_type=\"widget\" data-e-type=\"widget\" data-widget_type=\"image.default\">\n\t\t\t\t<div class=\"elementor-widget-container\">\n\t\t\t\t\t\t\t\t\t\t\t\t\t\t\t<img loading=\"lazy\" decoding=\"async\" width=\"434\" height=\"390\" src=\"https:\/\/musee.oceano.org\/wp-content\/uploads\/sites\/2\/2020\/06\/Pastille-3-poissonclown-transparent.png\" class=\"elementor-animation-float attachment-large size-large wp-image-25730\" alt=\"\" srcset=\"https:\/\/musee.oceano.org\/wp-content\/uploads\/sites\/2\/2020\/06\/Pastille-3-poissonclown-transparent.png 434w, https:\/\/musee.oceano.org\/wp-content\/uploads\/sites\/2\/2020\/06\/Pastille-3-poissonclown-transparent-300x270.png 300w\" sizes=\"(max-width: 434px) 100vw, 434px\" \/>\t\t\t\t\t\t\t\t\t\t\t\t\t\t\t<\/div>\n\t\t\t\t<\/div>\n\t\t\t\t<div class=\"elementor-element elementor-element-3cab654 elementor-widget elementor-widget-heading\" data-id=\"3cab654\" data-element_type=\"widget\" data-e-type=\"widget\" data-widget_type=\"heading.default\">\n\t\t\t\t<div class=\"elementor-widget-container\">\n\t\t\t\t\t<h3 class=\"elementor-heading-title elementor-size-default\">PEIXE PALHA\u00c7O<\/h3>\t\t\t\t<\/div>\n\t\t\t\t<\/div>\n\t\t\t\t<div class=\"elementor-element elementor-element-d90e8b5 elementor-widget elementor-widget-text-editor\" data-id=\"d90e8b5\" data-element_type=\"widget\" data-e-type=\"widget\" data-widget_type=\"text-editor.default\">\n\t\t\t\t<div class=\"elementor-widget-container\">\n\t\t\t\t\t\t\t\t\t<p>Amphiprion ocellaris<\/p>\n\t\t\t\t\t\t\t\t<\/div>\n\t\t\t\t<\/div>\n\t\t\t\t<div class=\"elementor-element elementor-element-e740369 elementor-invisible elementor-widget elementor-widget-text-editor\" data-id=\"e740369\" data-element_type=\"widget\" data-e-type=\"widget\" data-settings=\"{&quot;motion_fx_motion_fx_mouse&quot;:&quot;yes&quot;,&quot;motion_fx_tilt_effect&quot;:&quot;yes&quot;,&quot;motion_fx_tilt_direction&quot;:&quot;negative&quot;,&quot;_animation&quot;:&quot;pulse&quot;,&quot;motion_fx_tilt_speed&quot;:{&quot;unit&quot;:&quot;px&quot;,&quot;size&quot;:4,&quot;sizes&quot;:[]}}\" data-widget_type=\"text-editor.default\">\n\t\t\t\t<div class=\"elementor-widget-container\">\n\t\t\t\t\t\t\t\t\t<p><strong>Vive entre<\/strong> <strong>&#8211;<\/strong><strong>3 e<\/strong> <strong>15 m<\/strong> <strong><\/strong><\/p>\n<p><strong>Tamanho at\u00e9<\/strong><strong> <strong>11 cm<\/strong><\/strong><\/p>\n\t\t\t\t\t\t\t\t<\/div>\n\t\t\t\t<\/div>\n\t\t\t\t\t<\/div>\n\t\t<\/div>\n\t\t\t\t<div class=\"elementor-column elementor-col-50 elementor-inner-column elementor-element elementor-element-b9ac660\" data-id=\"b9ac660\" data-element_type=\"column\" data-e-type=\"column\">\n\t\t\t<div class=\"elementor-widget-wrap elementor-element-populated\">\n\t\t\t\t\t\t<div class=\"elementor-element elementor-element-c3e2d2f elementor-widget elementor-widget-image\" data-id=\"c3e2d2f\" data-element_type=\"widget\" data-e-type=\"widget\" data-widget_type=\"image.default\">\n\t\t\t\t<div class=\"elementor-widget-container\">\n\t\t\t\t\t\t\t\t\t\t\t\t\t\t\t<img loading=\"lazy\" decoding=\"async\" width=\"744\" height=\"335\" src=\"https:\/\/musee.oceano.org\/wp-content\/uploads\/sites\/2\/2020\/06\/Pastille-4-baleine-transparent.png\" class=\"elementor-animation-float attachment-large size-large wp-image-25731\" alt=\"\" srcset=\"https:\/\/musee.oceano.org\/wp-content\/uploads\/sites\/2\/2020\/06\/Pastille-4-baleine-transparent.png 744w, https:\/\/musee.oceano.org\/wp-content\/uploads\/sites\/2\/2020\/06\/Pastille-4-baleine-transparent-300x135.png 300w\" sizes=\"(max-width: 744px) 100vw, 744px\" \/>\t\t\t\t\t\t\t\t\t\t\t\t\t\t\t<\/div>\n\t\t\t\t<\/div>\n\t\t\t\t<div class=\"elementor-element elementor-element-1616f05 elementor-widget elementor-widget-heading\" data-id=\"1616f05\" data-element_type=\"widget\" data-e-type=\"widget\" data-widget_type=\"heading.default\">\n\t\t\t\t<div class=\"elementor-widget-container\">\n\t\t\t\t\t<h3 class=\"elementor-heading-title elementor-size-default\">BALEIA-JUBARTE<\/h3>\t\t\t\t<\/div>\n\t\t\t\t<\/div>\n\t\t\t\t<div class=\"elementor-element elementor-element-3500268 elementor-widget elementor-widget-text-editor\" data-id=\"3500268\" data-element_type=\"widget\" data-e-type=\"widget\" data-widget_type=\"text-editor.default\">\n\t\t\t\t<div class=\"elementor-widget-container\">\n\t\t\t\t\t\t\t\t\t<p>Megaptera novae<\/p>\n\t\t\t\t\t\t\t\t<\/div>\n\t\t\t\t<\/div>\n\t\t\t\t<div class=\"elementor-element elementor-element-ae16704 elementor-invisible elementor-widget elementor-widget-text-editor\" data-id=\"ae16704\" data-element_type=\"widget\" data-e-type=\"widget\" data-settings=\"{&quot;motion_fx_motion_fx_mouse&quot;:&quot;yes&quot;,&quot;motion_fx_tilt_effect&quot;:&quot;yes&quot;,&quot;_animation&quot;:&quot;pulse&quot;,&quot;motion_fx_tilt_speed&quot;:{&quot;unit&quot;:&quot;px&quot;,&quot;size&quot;:4,&quot;sizes&quot;:[]}}\" data-widget_type=\"text-editor.default\">\n\t\t\t\t<div class=\"elementor-widget-container\">\n\t\t\t\t\t\t\t\t\t<p><strong>Vive entre<\/strong> <strong>&#8211;<\/strong><strong>1 e<\/strong> <strong>170 m<\/strong> <strong><\/strong><\/p>\n<p><strong>Tamanho at\u00e9<\/strong><strong><strong>19 m<\/strong><\/strong><\/p>\n\t\t\t\t\t\t\t\t<\/div>\n\t\t\t\t<\/div>\n\t\t\t\t\t<\/div>\n\t\t<\/div>\n\t\t\t\t\t<\/div>\n\t\t<\/section>\n\t\t\t\t<section class=\"elementor-section elementor-inner-section elementor-element elementor-element-f527be7 elementor-section-boxed elementor-section-height-default elementor-section-height-default\" data-id=\"f527be7\" data-element_type=\"section\" data-e-type=\"section\">\n\t\t\t\t\t\t<div class=\"elementor-container elementor-column-gap-default\">\n\t\t\t\t\t<div class=\"elementor-column elementor-col-50 elementor-inner-column elementor-element elementor-element-baa57ef\" data-id=\"baa57ef\" data-element_type=\"column\" data-e-type=\"column\">\n\t\t\t<div class=\"elementor-widget-wrap elementor-element-populated\">\n\t\t\t\t\t\t<div class=\"elementor-element elementor-element-3c9bb6e elementor-widget elementor-widget-image\" data-id=\"3c9bb6e\" data-element_type=\"widget\" data-e-type=\"widget\" data-widget_type=\"image.default\">\n\t\t\t\t<div class=\"elementor-widget-container\">\n\t\t\t\t\t\t\t\t\t\t\t\t\t\t\t<img loading=\"lazy\" decoding=\"async\" width=\"672\" height=\"362\" src=\"https:\/\/musee.oceano.org\/wp-content\/uploads\/sites\/2\/2020\/06\/Pastille-5-requin-transparent.png\" class=\"elementor-animation-float attachment-large size-large wp-image-25732\" alt=\"\" srcset=\"https:\/\/musee.oceano.org\/wp-content\/uploads\/sites\/2\/2020\/06\/Pastille-5-requin-transparent.png 672w, https:\/\/musee.oceano.org\/wp-content\/uploads\/sites\/2\/2020\/06\/Pastille-5-requin-transparent-300x162.png 300w\" sizes=\"(max-width: 672px) 100vw, 672px\" \/>\t\t\t\t\t\t\t\t\t\t\t\t\t\t\t<\/div>\n\t\t\t\t<\/div>\n\t\t\t\t<div class=\"elementor-element elementor-element-cbd0f04 elementor-widget elementor-widget-heading\" data-id=\"cbd0f04\" data-element_type=\"widget\" data-e-type=\"widget\" data-widget_type=\"heading.default\">\n\t\t\t\t<div class=\"elementor-widget-container\">\n\t\t\t\t\t<h3 class=\"elementor-heading-title elementor-size-default\">TUBAR\u00c3O-de-CORAL DE PONTA BRANCA<\/h3>\t\t\t\t<\/div>\n\t\t\t\t<\/div>\n\t\t\t\t<div class=\"elementor-element elementor-element-69d00f7 elementor-widget elementor-widget-text-editor\" data-id=\"69d00f7\" data-element_type=\"widget\" data-e-type=\"widget\" data-widget_type=\"text-editor.default\">\n\t\t\t\t<div class=\"elementor-widget-container\">\n\t\t\t\t\t\t\t\t\t<p>Triaenodon shellsus<\/p>\n\t\t\t\t\t\t\t\t<\/div>\n\t\t\t\t<\/div>\n\t\t\t\t<div class=\"elementor-element elementor-element-578d5ae elementor-invisible elementor-widget elementor-widget-text-editor\" data-id=\"578d5ae\" data-element_type=\"widget\" data-e-type=\"widget\" data-settings=\"{&quot;motion_fx_motion_fx_mouse&quot;:&quot;yes&quot;,&quot;motion_fx_tilt_effect&quot;:&quot;yes&quot;,&quot;_animation&quot;:&quot;pulse&quot;,&quot;motion_fx_tilt_speed&quot;:{&quot;unit&quot;:&quot;px&quot;,&quot;size&quot;:4,&quot;sizes&quot;:[]}}\" data-widget_type=\"text-editor.default\">\n\t\t\t\t<div class=\"elementor-widget-container\">\n\t\t\t\t\t\t\t\t\t<p>Vidas entre -1 e -330 m<br \/>Tamanho at\u00e9 2 m e mais, para indiv\u00edduos grandes<\/p>\n\t\t\t\t\t\t\t\t<\/div>\n\t\t\t\t<\/div>\n\t\t\t\t\t<\/div>\n\t\t<\/div>\n\t\t\t\t<div class=\"elementor-column elementor-col-50 elementor-inner-column elementor-element elementor-element-af0f57c\" data-id=\"af0f57c\" data-element_type=\"column\" data-e-type=\"column\">\n\t\t\t<div class=\"elementor-widget-wrap elementor-element-populated\">\n\t\t\t\t\t\t<div class=\"elementor-element elementor-element-3e06548 elementor-widget elementor-widget-image\" data-id=\"3e06548\" data-element_type=\"widget\" data-e-type=\"widget\" data-widget_type=\"image.default\">\n\t\t\t\t<div class=\"elementor-widget-container\">\n\t\t\t\t\t\t\t\t\t\t\t\t\t\t\t<img loading=\"lazy\" decoding=\"async\" width=\"538\" height=\"389\" src=\"https:\/\/musee.oceano.org\/wp-content\/uploads\/sites\/2\/2020\/06\/Pastille-6-requin-transparent.png\" class=\"elementor-animation-float attachment-large size-large wp-image-25733\" alt=\"\" srcset=\"https:\/\/musee.oceano.org\/wp-content\/uploads\/sites\/2\/2020\/06\/Pastille-6-requin-transparent.png 538w, https:\/\/musee.oceano.org\/wp-content\/uploads\/sites\/2\/2020\/06\/Pastille-6-requin-transparent-300x217.png 300w\" sizes=\"(max-width: 538px) 100vw, 538px\" \/>\t\t\t\t\t\t\t\t\t\t\t\t\t\t\t<\/div>\n\t\t\t\t<\/div>\n\t\t\t\t<div class=\"elementor-element elementor-element-8bfb447 elementor-widget elementor-widget-heading\" data-id=\"8bfb447\" data-element_type=\"widget\" data-e-type=\"widget\" data-widget_type=\"heading.default\">\n\t\t\t\t<div class=\"elementor-widget-container\">\n\t\t\t\t\t<h3 class=\"elementor-heading-title elementor-size-default\">PEIXE NAPOLE\u00c3O<\/h3>\t\t\t\t<\/div>\n\t\t\t\t<\/div>\n\t\t\t\t<div class=\"elementor-element elementor-element-702a8a9 elementor-widget elementor-widget-text-editor\" data-id=\"702a8a9\" data-element_type=\"widget\" data-e-type=\"widget\" data-widget_type=\"text-editor.default\">\n\t\t\t\t<div class=\"elementor-widget-container\">\n\t\t\t\t\t\t\t\t\t<p>Cheilinus undulatus<\/p>\n\t\t\t\t\t\t\t\t<\/div>\n\t\t\t\t<\/div>\n\t\t\t\t<div class=\"elementor-element elementor-element-8b91107 elementor-invisible elementor-widget elementor-widget-text-editor\" data-id=\"8b91107\" data-element_type=\"widget\" data-e-type=\"widget\" data-settings=\"{&quot;motion_fx_motion_fx_mouse&quot;:&quot;yes&quot;,&quot;motion_fx_tilt_effect&quot;:&quot;yes&quot;,&quot;motion_fx_tilt_direction&quot;:&quot;negative&quot;,&quot;_animation&quot;:&quot;pulse&quot;,&quot;motion_fx_tilt_speed&quot;:{&quot;unit&quot;:&quot;px&quot;,&quot;size&quot;:4,&quot;sizes&quot;:[]}}\" data-widget_type=\"text-editor.default\">\n\t\t\t\t<div class=\"elementor-widget-container\">\n\t\t\t\t\t\t\t\t\t<p><strong>Vive entre<\/strong> <strong>&#8211;<\/strong><strong>1 e<\/strong> <strong>&#8211;<\/strong><strong>60 m pelo menos<\/strong><\/p>\n<p><strong>Tamanho at\u00e9<\/strong><strong><strong>2,30 m<\/strong><\/strong><\/p>\n\t\t\t\t\t\t\t\t<\/div>\n\t\t\t\t<\/div>\n\t\t\t\t\t<\/div>\n\t\t<\/div>\n\t\t\t\t\t<\/div>\n\t\t<\/section>\n\t\t\t\t<section class=\"elementor-section elementor-inner-section elementor-element elementor-element-9ebc6b3 elementor-section-boxed elementor-section-height-default elementor-section-height-default\" data-id=\"9ebc6b3\" data-element_type=\"section\" data-e-type=\"section\">\n\t\t\t\t\t\t<div class=\"elementor-container elementor-column-gap-default\">\n\t\t\t\t\t<div class=\"elementor-column elementor-col-50 elementor-inner-column elementor-element elementor-element-f1ea608\" data-id=\"f1ea608\" data-element_type=\"column\" data-e-type=\"column\">\n\t\t\t<div class=\"elementor-widget-wrap elementor-element-populated\">\n\t\t\t\t\t\t<div class=\"elementor-element elementor-element-049f006 elementor-widget elementor-widget-image\" data-id=\"049f006\" data-element_type=\"widget\" data-e-type=\"widget\" data-widget_type=\"image.default\">\n\t\t\t\t<div class=\"elementor-widget-container\">\n\t\t\t\t\t\t\t\t\t\t\t\t\t\t\t<img loading=\"lazy\" decoding=\"async\" width=\"381\" height=\"356\" src=\"https:\/\/musee.oceano.org\/wp-content\/uploads\/sites\/2\/2020\/06\/Pastille-7-eponge-transparent.png\" class=\"elementor-animation-float attachment-large size-large wp-image-25734\" alt=\"\" srcset=\"https:\/\/musee.oceano.org\/wp-content\/uploads\/sites\/2\/2020\/06\/Pastille-7-eponge-transparent.png 381w, https:\/\/musee.oceano.org\/wp-content\/uploads\/sites\/2\/2020\/06\/Pastille-7-eponge-transparent-300x280.png 300w\" sizes=\"(max-width: 381px) 100vw, 381px\" \/>\t\t\t\t\t\t\t\t\t\t\t\t\t\t\t<\/div>\n\t\t\t\t<\/div>\n\t\t\t\t<div class=\"elementor-element elementor-element-3eaa1de elementor-widget elementor-widget-heading\" data-id=\"3eaa1de\" data-element_type=\"widget\" data-e-type=\"widget\" data-widget_type=\"heading.default\">\n\t\t\t\t<div class=\"elementor-widget-container\">\n\t\t\t\t\t<h3 class=\"elementor-heading-title elementor-size-default\">BEANIE GIGANTE<\/h3>\t\t\t\t<\/div>\n\t\t\t\t<\/div>\n\t\t\t\t<div class=\"elementor-element elementor-element-9ffa73f elementor-widget elementor-widget-text-editor\" data-id=\"9ffa73f\" data-element_type=\"widget\" data-e-type=\"widget\" data-widget_type=\"text-editor.default\">\n\t\t\t\t<div class=\"elementor-widget-container\">\n\t\t\t\t\t\t\t\t\t<p>Tridacna gigas<\/p>\n\t\t\t\t\t\t\t\t<\/div>\n\t\t\t\t<\/div>\n\t\t\t\t<div class=\"elementor-element elementor-element-e4a508b elementor-invisible elementor-widget elementor-widget-text-editor\" data-id=\"e4a508b\" data-element_type=\"widget\" data-e-type=\"widget\" data-settings=\"{&quot;motion_fx_motion_fx_mouse&quot;:&quot;yes&quot;,&quot;motion_fx_tilt_effect&quot;:&quot;yes&quot;,&quot;motion_fx_tilt_direction&quot;:&quot;negative&quot;,&quot;_animation&quot;:&quot;pulse&quot;,&quot;motion_fx_tilt_speed&quot;:{&quot;unit&quot;:&quot;px&quot;,&quot;size&quot;:4,&quot;sizes&quot;:[]}}\" data-widget_type=\"text-editor.default\">\n\t\t\t\t<div class=\"elementor-widget-container\">\n\t\t\t\t\t\t\t\t\t<p><strong>Vive entre<\/strong> <strong>\u2013<\/strong><strong>50 cm e<\/strong> <strong>15 m<\/strong> <strong><\/strong><\/p>\n<p><strong>Tamanho at\u00e9<\/strong><strong><strong>1,50 m<\/strong><\/strong><\/p>\n\t\t\t\t\t\t\t\t<\/div>\n\t\t\t\t<\/div>\n\t\t\t\t\t<\/div>\n\t\t<\/div>\n\t\t\t\t<div class=\"elementor-column elementor-col-50 elementor-inner-column elementor-element elementor-element-5e01aa6\" data-id=\"5e01aa6\" data-element_type=\"column\" data-e-type=\"column\">\n\t\t\t<div class=\"elementor-widget-wrap elementor-element-populated\">\n\t\t\t\t\t\t<div class=\"elementor-element elementor-element-665d5d1 elementor-widget elementor-widget-image\" data-id=\"665d5d1\" data-element_type=\"widget\" data-e-type=\"widget\" data-widget_type=\"image.default\">\n\t\t\t\t<div class=\"elementor-widget-container\">\n\t\t\t\t\t\t\t\t\t\t\t\t\t\t\t<img loading=\"lazy\" decoding=\"async\" width=\"614\" height=\"333\" src=\"https:\/\/musee.oceano.org\/wp-content\/uploads\/sites\/2\/2020\/06\/Pastille-8-tortue-transparent.png\" class=\"elementor-animation-float attachment-large size-large wp-image-25735\" alt=\"\" srcset=\"https:\/\/musee.oceano.org\/wp-content\/uploads\/sites\/2\/2020\/06\/Pastille-8-tortue-transparent.png 614w, https:\/\/musee.oceano.org\/wp-content\/uploads\/sites\/2\/2020\/06\/Pastille-8-tortue-transparent-300x163.png 300w\" sizes=\"(max-width: 614px) 100vw, 614px\" \/>\t\t\t\t\t\t\t\t\t\t\t\t\t\t\t<\/div>\n\t\t\t\t<\/div>\n\t\t\t\t<div class=\"elementor-element elementor-element-18bc961 elementor-widget elementor-widget-heading\" data-id=\"18bc961\" data-element_type=\"widget\" data-e-type=\"widget\" data-widget_type=\"heading.default\">\n\t\t\t\t<div class=\"elementor-widget-container\">\n\t\t\t\t\t<h3 class=\"elementor-heading-title elementor-size-default\">tartaruga marinha verde<\/h3>\t\t\t\t<\/div>\n\t\t\t\t<\/div>\n\t\t\t\t<div class=\"elementor-element elementor-element-c4db559 elementor-widget elementor-widget-text-editor\" data-id=\"c4db559\" data-element_type=\"widget\" data-e-type=\"widget\" data-widget_type=\"text-editor.default\">\n\t\t\t\t<div class=\"elementor-widget-container\">\n\t\t\t\t\t\t\t\t\t<p>Chelonia mydas<\/p>\n\t\t\t\t\t\t\t\t<\/div>\n\t\t\t\t<\/div>\n\t\t\t\t<div class=\"elementor-element elementor-element-4dc133e elementor-invisible elementor-widget elementor-widget-text-editor\" data-id=\"4dc133e\" data-element_type=\"widget\" data-e-type=\"widget\" data-settings=\"{&quot;motion_fx_motion_fx_mouse&quot;:&quot;yes&quot;,&quot;motion_fx_tilt_effect&quot;:&quot;yes&quot;,&quot;_animation&quot;:&quot;pulse&quot;,&quot;motion_fx_tilt_speed&quot;:{&quot;unit&quot;:&quot;px&quot;,&quot;size&quot;:4,&quot;sizes&quot;:[]}}\" data-widget_type=\"text-editor.default\">\n\t\t\t\t<div class=\"elementor-widget-container\">\n\t\t\t\t\t\t\t\t\t<p><strong>Tamanho da carapa\u00e7a pode<\/strong> <strong>atingir 130 cm de comprimento<\/strong><\/p>\n\t\t\t\t\t\t\t\t<\/div>\n\t\t\t\t<\/div>\n\t\t\t\t\t<\/div>\n\t\t<\/div>\n\t\t\t\t\t<\/div>\n\t\t<\/section>\n\t\t\t\t\t<\/div>\n\t\t<\/div>\n\t\t\t\t<div class=\"elementor-column elementor-col-50 elementor-top-column elementor-element elementor-element-1663cc51\" data-id=\"1663cc51\" data-element_type=\"column\" data-e-type=\"column\" data-settings=\"{&quot;background_background&quot;:&quot;classic&quot;}\">\n\t\t\t<div class=\"elementor-widget-wrap elementor-element-populated\">\n\t\t\t\t\t\t<div class=\"elementor-element elementor-element-99eb3fb elementor-widget elementor-widget-image\" data-id=\"99eb3fb\" data-element_type=\"widget\" data-e-type=\"widget\" data-widget_type=\"image.default\">\n\t\t\t\t<div class=\"elementor-widget-container\">\n\t\t\t\t\t\t\t\t\t\t\t\t\t\t\t<img loading=\"lazy\" decoding=\"async\" width=\"433\" height=\"433\" src=\"https:\/\/musee.oceano.org\/wp-content\/uploads\/sites\/2\/2020\/06\/30_Bac-Plong\u00e9e-de-nuit_M_Dagnino-1-433x433.jpg\" class=\"attachment-img-bloc-three-content size-img-bloc-three-content wp-image-16610\" alt=\"\" srcset=\"https:\/\/musee.oceano.org\/wp-content\/uploads\/sites\/2\/2020\/06\/elementor\/thumbs\/30_Bac-Plong\u00e9e-de-nuit_M_Dagnino-1-scaled-pgi0xa2o9krw5dkxbfhb4cgoqk08tsmr14tyqc2622.jpg 433w, https:\/\/musee.oceano.org\/wp-content\/uploads\/sites\/2\/2020\/06\/30_Bac-Plong\u00e9e-de-nuit_M_Dagnino-1-150x150.jpg 150w, https:\/\/musee.oceano.org\/wp-content\/uploads\/sites\/2\/2020\/06\/30_Bac-Plong\u00e9e-de-nuit_M_Dagnino-1-334x334.jpg 334w\" sizes=\"(max-width: 433px) 100vw, 433px\" \/>\t\t\t\t\t\t\t\t\t\t\t\t\t\t\t<\/div>\n\t\t\t\t<\/div>\n\t\t\t\t<div class=\"elementor-element elementor-element-25d1f1e0 elementor-widget elementor-widget-heading\" data-id=\"25d1f1e0\" data-element_type=\"widget\" data-e-type=\"widget\" data-widget_type=\"heading.default\">\n\t\t\t\t<div class=\"elementor-widget-container\">\n\t\t\t\t\t<h3 class=\"elementor-heading-title elementor-size-default\">UM ECOSSISTEMA EM PERIGO  <\/h3>\t\t\t\t<\/div>\n\t\t\t\t<\/div>\n\t\t\t\t<section class=\"elementor-section elementor-inner-section elementor-element elementor-element-568ae70 elementor-section-boxed elementor-section-height-default elementor-section-height-default\" data-id=\"568ae70\" data-element_type=\"section\" data-e-type=\"section\">\n\t\t\t\t\t\t<div class=\"elementor-container elementor-column-gap-default\">\n\t\t\t\t\t<div class=\"elementor-column elementor-col-100 elementor-inner-column elementor-element elementor-element-f82500a\" data-id=\"f82500a\" data-element_type=\"column\" data-e-type=\"column\">\n\t\t\t<div class=\"elementor-widget-wrap elementor-element-populated\">\n\t\t\t\t\t\t<div class=\"elementor-element elementor-element-03931a5 elementor-widget elementor-widget-text-editor\" data-id=\"03931a5\" data-element_type=\"widget\" data-e-type=\"widget\" data-widget_type=\"text-editor.default\">\n\t\t\t\t<div class=\"elementor-widget-container\">\n\t\t\t\t\t\t\t\t\t<p>Com mais de 2.300 km de comprimento e 348.000 km\u00b2 de \u00e1rea, a Grande Barreira de Coral da Austr\u00e1lia \u00e9 o maior edif\u00edcio baseado em animais do planeta. Na origem deste feito, pequenos animais que s\u00e3o grandes engenheiros: os corais construtores de recifes. Segregam um esqueleto calc\u00e1rio tornando-os os principais atores de edif\u00edcios subaqu\u00e1ticos. Vulgarmente conhecidos como &#8220;corais duros&#8221;, existem atualmente cerca de 1.600 esp\u00e9cies. Desde 1981, a Grande Barreira de Coral \u00e9 Patrim\u00f3nio Mundial da UNESCO, junta-se em 2008 pela Dupla Barreira de Coral da Nova Caled\u00f3nia.  <\/p>\n<p>Enquanto os recifes de coral cobrem apenas 0,2 por cento dos oceanos, abrigam 30 por cento da biodiversidade marinha. Estes o\u00e1sis de vida, essenciais para o homem em muitos aspetos, s\u00e3o, no entanto, amea\u00e7ados em larga escala. No \u00e2mbito do seu programa tem\u00e1tico de 2020 dedicado aos recifes de coral, do qual \u00e9 o destaque da exposi\u00e7\u00e3o &#8220;Imers\u00e3o&#8221;, o Museu Oceanogr\u00e1fico oferece ao maior n\u00famero poss\u00edvel de pessoas para serem testemunhas privilegiadas da beleza e fragilidade destes ecossistemas.<\/p>\n\t\t\t\t\t\t\t\t<\/div>\n\t\t\t\t<\/div>\n\t\t\t\t<div class=\"elementor-element elementor-element-5a76f89 elementor-align-center elementor-widget elementor-widget-button\" data-id=\"5a76f89\" data-element_type=\"widget\" data-e-type=\"widget\" data-widget_type=\"button.default\">\n\t\t\t\t<div class=\"elementor-widget-container\">\n\t\t\t\t\t\t\t\t\t<div class=\"elementor-button-wrapper\">\n\t\t\t\t\t<a class=\"elementor-button elementor-button-link elementor-size-sm\" href=\"https:\/\/www.oceano.org\/les-pages-thematiques\/corail\/\" target=\"_blank\">\n\t\t\t\t\t\t<span class=\"elementor-button-content-wrapper\">\n\t\t\t\t\t\t\t\t\t<span class=\"elementor-button-text\">Programa Coral 2020<\/span>\n\t\t\t\t\t<\/span>\n\t\t\t\t\t<\/a>\n\t\t\t\t<\/div>\n\t\t\t\t\t\t\t\t<\/div>\n\t\t\t\t<\/div>\n\t\t\t\t<div class=\"elementor-element elementor-element-9d46103 elementor-widget elementor-widget-text-editor\" data-id=\"9d46103\" data-element_type=\"widget\" data-e-type=\"widget\" data-widget_type=\"text-editor.default\">\n\t\t\t\t<div class=\"elementor-widget-container\">\n\t\t\t\t\t\t\t\t\t<p>Fonte: Coral, um tesouro para preservar. Edi\u00e7\u00f5es Gl\u00e9nat, em parceria com o Instituto Oceanogr\u00e1fico, 2020<\/p>\n\t\t\t\t\t\t\t\t<\/div>\n\t\t\t\t<\/div>\n\t\t\t\t<div class=\"elementor-element elementor-element-0317ccc elementor-widget elementor-widget-image\" data-id=\"0317ccc\" data-element_type=\"widget\" data-e-type=\"widget\" data-widget_type=\"image.default\">\n\t\t\t\t<div class=\"elementor-widget-container\">\n\t\t\t\t\t\t\t\t\t\t\t\t\t\t\t<img loading=\"lazy\" decoding=\"async\" width=\"1024\" height=\"682\" src=\"https:\/\/musee.oceano.org\/wp-content\/uploads\/sites\/2\/2020\/06\/Exposition-Immersion-Mus\u00e9e-oc\u00e9anographique-de-Monaco-philippe-Fitte-2-1-1024x682.jpg\" class=\"attachment-large size-large wp-image-25754\" alt=\"\" srcset=\"https:\/\/musee.oceano.org\/wp-content\/uploads\/sites\/2\/2020\/06\/Exposition-Immersion-Mus\u00e9e-oc\u00e9anographique-de-Monaco-philippe-Fitte-2-1-1024x682.jpg 1024w, https:\/\/musee.oceano.org\/wp-content\/uploads\/sites\/2\/2020\/06\/Exposition-Immersion-Mus\u00e9e-oc\u00e9anographique-de-Monaco-philippe-Fitte-2-1-300x200.jpg 300w, https:\/\/musee.oceano.org\/wp-content\/uploads\/sites\/2\/2020\/06\/Exposition-Immersion-Mus\u00e9e-oc\u00e9anographique-de-Monaco-philippe-Fitte-2-1-768x512.jpg 768w, https:\/\/musee.oceano.org\/wp-content\/uploads\/sites\/2\/2020\/06\/Exposition-Immersion-Mus\u00e9e-oc\u00e9anographique-de-Monaco-philippe-Fitte-2-1.jpg 1280w\" sizes=\"(max-width: 1024px) 100vw, 1024px\" \/>\t\t\t\t\t\t\t\t\t\t\t\t\t\t\t<\/div>\n\t\t\t\t<\/div>\n\t\t\t\t\t<\/div>\n\t\t<\/div>\n\t\t\t\t\t<\/div>\n\t\t<\/section>\n\t\t\t\t\t<\/div>\n\t\t<\/div>\n\t\t\t\t\t<\/div>\n\t\t<\/section>\n\t\t\t\t<section class=\"elementor-section elementor-top-section elementor-element elementor-element-43c153a elementor-hidden-phone elementor-section-boxed elementor-section-height-default elementor-section-height-default\" data-id=\"43c153a\" data-element_type=\"section\" data-e-type=\"section\" data-settings=\"{&quot;background_background&quot;:&quot;classic&quot;}\">\n\t\t\t\t\t\t<div class=\"elementor-container elementor-column-gap-default\">\n\t\t\t\t\t<div class=\"elementor-column elementor-col-100 elementor-top-column elementor-element elementor-element-f3bc50b\" data-id=\"f3bc50b\" data-element_type=\"column\" data-e-type=\"column\" data-settings=\"{&quot;background_background&quot;:&quot;classic&quot;}\">\n\t\t\t<div class=\"elementor-widget-wrap elementor-element-populated\">\n\t\t\t\t\t\t<div class=\"elementor-element elementor-element-6180554 elementor-widget elementor-widget-heading\" data-id=\"6180554\" data-element_type=\"widget\" data-e-type=\"widget\" data-widget_type=\"heading.default\">\n\t\t\t\t<div class=\"elementor-widget-container\">\n\t\t\t\t\t<h3 class=\"elementor-heading-title elementor-size-large\">Os nossos parceiros<\/h3>\t\t\t\t<\/div>\n\t\t\t\t<\/div>\n\t\t\t\t<section class=\"elementor-section elementor-inner-section elementor-element elementor-element-22097ee elementor-section-boxed elementor-section-height-default elementor-section-height-default\" data-id=\"22097ee\" data-element_type=\"section\" data-e-type=\"section\">\n\t\t\t\t\t\t<div class=\"elementor-container elementor-column-gap-default\">\n\t\t\t\t\t<div class=\"elementor-column elementor-col-33 elementor-inner-column elementor-element elementor-element-e2207b6\" data-id=\"e2207b6\" data-element_type=\"column\" data-e-type=\"column\" data-settings=\"{&quot;background_background&quot;:&quot;classic&quot;}\">\n\t\t\t<div class=\"elementor-widget-wrap elementor-element-populated\">\n\t\t\t\t\t\t<div class=\"elementor-element elementor-element-6a726f4 elementor-widget elementor-widget-image\" data-id=\"6a726f4\" data-element_type=\"widget\" data-e-type=\"widget\" data-widget_type=\"image.default\">\n\t\t\t\t<div class=\"elementor-widget-container\">\n\t\t\t\t\t\t\t\t\t\t\t\t\t\t\t\t<a href=\"https:\/\/www.gouv.mc\/%20%20%20%20\" target=\"_blank\">\n\t\t\t\t\t\t\t<img loading=\"lazy\" decoding=\"async\" width=\"811\" height=\"161\" src=\"https:\/\/musee.oceano.org\/wp-content\/uploads\/sites\/2\/2020\/06\/GOUV_PRINCIER_Logo_QUADRI.jpg\" class=\"attachment-large size-large wp-image-25737\" alt=\"\" srcset=\"https:\/\/musee.oceano.org\/wp-content\/uploads\/sites\/2\/2020\/06\/GOUV_PRINCIER_Logo_QUADRI.jpg 811w, https:\/\/musee.oceano.org\/wp-content\/uploads\/sites\/2\/2020\/06\/GOUV_PRINCIER_Logo_QUADRI-300x60.jpg 300w, https:\/\/musee.oceano.org\/wp-content\/uploads\/sites\/2\/2020\/06\/GOUV_PRINCIER_Logo_QUADRI-768x152.jpg 768w\" sizes=\"(max-width: 811px) 100vw, 811px\" \/>\t\t\t\t\t\t\t\t<\/a>\n\t\t\t\t\t\t\t\t\t\t\t\t\t\t\t<\/div>\n\t\t\t\t<\/div>\n\t\t\t\t\t<\/div>\n\t\t<\/div>\n\t\t\t\t<div class=\"elementor-column elementor-col-33 elementor-inner-column elementor-element elementor-element-5706717\" data-id=\"5706717\" data-element_type=\"column\" data-e-type=\"column\" data-settings=\"{&quot;background_background&quot;:&quot;classic&quot;}\">\n\t\t\t<div class=\"elementor-widget-wrap elementor-element-populated\">\n\t\t\t\t\t\t<div class=\"elementor-element elementor-element-8b2f29b elementor-widget elementor-widget-image\" data-id=\"8b2f29b\" data-element_type=\"widget\" data-e-type=\"widget\" data-widget_type=\"image.default\">\n\t\t\t\t<div class=\"elementor-widget-container\">\n\t\t\t\t\t\t\t\t\t\t\t\t\t\t\t\t<a href=\"https:\/\/www.fpa2.org\/\" target=\"_blank\">\n\t\t\t\t\t\t\t<img loading=\"lazy\" decoding=\"async\" width=\"198\" height=\"52\" src=\"https:\/\/musee.oceano.org\/wp-content\/uploads\/sites\/2\/2020\/06\/Logo-FPA2-.jpg\" class=\"attachment-large size-large wp-image-25738\" alt=\"\" \/>\t\t\t\t\t\t\t\t<\/a>\n\t\t\t\t\t\t\t\t\t\t\t\t\t\t\t<\/div>\n\t\t\t\t<\/div>\n\t\t\t\t\t<\/div>\n\t\t<\/div>\n\t\t\t\t<div class=\"elementor-column elementor-col-33 elementor-inner-column elementor-element elementor-element-306dd39\" data-id=\"306dd39\" data-element_type=\"column\" data-e-type=\"column\" data-settings=\"{&quot;background_background&quot;:&quot;classic&quot;}\">\n\t\t\t<div class=\"elementor-widget-wrap elementor-element-populated\">\n\t\t\t\t\t\t<div class=\"elementor-element elementor-element-062714a elementor-widget elementor-widget-image\" data-id=\"062714a\" data-element_type=\"widget\" data-e-type=\"widget\" data-widget_type=\"image.default\">\n\t\t\t\t<div class=\"elementor-widget-container\">\n\t\t\t\t\t\t\t\t\t\t\t\t\t\t\t\t<a href=\"https:\/\/www.rolex.org\/environment\/perpetual-planet\" target=\"_blank\">\n\t\t\t\t\t\t\t<img loading=\"lazy\" decoding=\"async\" width=\"1024\" height=\"512\" src=\"https:\/\/musee.oceano.org\/wp-content\/uploads\/sites\/2\/2020\/06\/Rolex.svg-1024x512.png\" class=\"attachment-large size-large wp-image-25746\" alt=\"\" srcset=\"https:\/\/musee.oceano.org\/wp-content\/uploads\/sites\/2\/2020\/06\/Rolex.svg-1024x512.png 1024w, https:\/\/musee.oceano.org\/wp-content\/uploads\/sites\/2\/2020\/06\/Rolex.svg-300x150.png 300w, https:\/\/musee.oceano.org\/wp-content\/uploads\/sites\/2\/2020\/06\/Rolex.svg-768x384.png 768w, https:\/\/musee.oceano.org\/wp-content\/uploads\/sites\/2\/2020\/06\/Rolex.svg.png 1280w\" sizes=\"(max-width: 1024px) 100vw, 1024px\" \/>\t\t\t\t\t\t\t\t<\/a>\n\t\t\t\t\t\t\t\t\t\t\t\t\t\t\t<\/div>\n\t\t\t\t<\/div>\n\t\t\t\t\t<\/div>\n\t\t<\/div>\n\t\t\t\t\t<\/div>\n\t\t<\/section>\n\t\t\t\t<section class=\"elementor-section elementor-inner-section elementor-element elementor-element-eefd894 elementor-section-boxed elementor-section-height-default elementor-section-height-default\" data-id=\"eefd894\" data-element_type=\"section\" data-e-type=\"section\">\n\t\t\t\t\t\t<div class=\"elementor-container elementor-column-gap-default\">\n\t\t\t\t\t<div class=\"elementor-column elementor-col-33 elementor-inner-column elementor-element elementor-element-3fa452a\" data-id=\"3fa452a\" data-element_type=\"column\" data-e-type=\"column\">\n\t\t\t<div class=\"elementor-widget-wrap elementor-element-populated\">\n\t\t\t\t\t\t<div class=\"elementor-element elementor-element-c2ac413 ee-trigger-align--center elementor-hidden-phone elementor-widget elementor-widget-unfold\" data-id=\"c2ac413\" data-element_type=\"widget\" data-e-type=\"widget\" data-settings=\"{&quot;visible_percentage&quot;:{&quot;unit&quot;:&quot;px&quot;,&quot;size&quot;:&quot;15&quot;,&quot;sizes&quot;:[]},&quot;duration_unfold&quot;:{&quot;unit&quot;:&quot;px&quot;,&quot;size&quot;:0.5,&quot;sizes&quot;:[]},&quot;animation_unfold&quot;:&quot;Power4&quot;,&quot;easing_unfold&quot;:&quot;easeInOut&quot;,&quot;duration_fold&quot;:{&quot;unit&quot;:&quot;px&quot;,&quot;size&quot;:0.5,&quot;sizes&quot;:[]},&quot;animation_fold&quot;:&quot;Power4&quot;,&quot;easing_fold&quot;:&quot;easeInOut&quot;}\" data-widget_type=\"unfold.default\">\n\t\t\t\t<div class=\"elementor-widget-container\">\n\t\t\t\t\t<div class=\"ee-unfold\">\n\t\t\t<div class=\"ee-unfold__mask\">\n\t\t\t\t<div class=\"ee-unfold__content\">\n\t\t\t\t\t<p>Hoje, o Pr\u00edncipe Soberano do M\u00f3naco \u00e9, por direito, presidente honor\u00e1rio do Conselho de Administra\u00e7\u00e3o do Instituto, composto por dez membros que mant\u00eam rela\u00e7\u00f5es estreitas com o Principado. Dois deles s\u00e3o tamb\u00e9m nomeados pelo Pr\u00edncipe Soberano, hoje H.E.M. Bernard Fautrier, Vice-Presidente e diretor-geral da Funda\u00e7\u00e3o, Ministro Plenipotencial encarregado das miss\u00f5es ao Minist\u00e9rio de Estado para quest\u00f5es relacionadas com o desenvolvimento sustent\u00e1vel, e a Sra. Marie-Pierre Gramaglia, Assessora do Governo \u2013 Ministra do Equipamento, Ambiente e Planeamento Urbano no Governo Principesco do M\u00f3naco. Como resultado, o Governo Principesce \u00e9 um dos parceiros mais pr\u00f3ximos do Instituto de Oceanografia.<\/p>\n\t\t\t\t<\/div>\n\t\t\t\t<div class=\"ee-unfold__separator\"><\/div>\n\t\t\t<\/div>\n\t\t\t<div class=\"ee-unfold__trigger\">\n\t\t\t\t<span class=\"ee-button-wrapper\">\n\t\t\t\t\t<span class=\"ee-button ee-size-xs\">\n\t\t\t\t\t\t<span class=\"ee-button-content-wrapper\"><span class=\"ee-icon ee-icon-support--svg ee-icon--left ee-button-icon ee-unfold__icon ee-unfold__icon--closed\"><i aria-hidden=\"true\" class=\"fas fa-plus\"><\/i><\/span><span class=\"ee-icon ee-icon-support--svg ee-icon--left ee-button-icon ee-unfold__icon ee-unfold__icon--open\"><i aria-hidden=\"true\" class=\"fas fa-minus\"><\/i><\/span><span class=\"ee-button-text\" data-close-label=\"Ler menos\" data-open-label=\"Ler mais\">Ler mais<\/span>\n\t\t<\/span>\n\t\t\t\t\t\t\t<\/span>\n\t\t\t\t<\/span>\n\t\t\t<\/div>\n\t\t<\/div>\t\t\t\t<\/div>\n\t\t\t\t<\/div>\n\t\t\t\t\t<\/div>\n\t\t<\/div>\n\t\t\t\t<div class=\"elementor-column elementor-col-33 elementor-inner-column elementor-element elementor-element-27759c5\" data-id=\"27759c5\" data-element_type=\"column\" data-e-type=\"column\">\n\t\t\t<div class=\"elementor-widget-wrap elementor-element-populated\">\n\t\t\t\t\t\t<div class=\"elementor-element elementor-element-8e97aeb ee-trigger-align--center elementor-hidden-phone elementor-widget elementor-widget-unfold\" data-id=\"8e97aeb\" data-element_type=\"widget\" data-e-type=\"widget\" data-settings=\"{&quot;visible_percentage&quot;:{&quot;unit&quot;:&quot;px&quot;,&quot;size&quot;:&quot;17&quot;,&quot;sizes&quot;:[]},&quot;duration_unfold&quot;:{&quot;unit&quot;:&quot;px&quot;,&quot;size&quot;:0.5,&quot;sizes&quot;:[]},&quot;animation_unfold&quot;:&quot;Power4&quot;,&quot;easing_unfold&quot;:&quot;easeInOut&quot;,&quot;duration_fold&quot;:{&quot;unit&quot;:&quot;px&quot;,&quot;size&quot;:0.5,&quot;sizes&quot;:[]},&quot;animation_fold&quot;:&quot;Power4&quot;,&quot;easing_fold&quot;:&quot;easeInOut&quot;}\" data-widget_type=\"unfold.default\">\n\t\t\t\t<div class=\"elementor-widget-container\">\n\t\t\t\t\t<div class=\"ee-unfold\">\n\t\t\t<div class=\"ee-unfold__mask\">\n\t\t\t\t<div class=\"ee-unfold__content\">\n\t\t\t\t\t<p>O Pr\u00edncipe Alberto II do M\u00f3naco criou a sua Funda\u00e7\u00e3o em junho de 2006 para responder \u00e0s amea\u00e7as preocupantes ao ambiente do nosso planeta e promover o desenvolvimento sustent\u00e1vel. A n\u00edvel internacional, a FPA2 mobiliza cidad\u00e3os, l\u00edderes pol\u00edticos, cientistas e atores econ\u00f3micos para a defesa da natureza, patrim\u00f3nio comum da humanidade. A FPA2 apoia projetos para proteger e restaurar os recifes de coral afetados pelas altera\u00e7\u00f5es clim\u00e1ticas. Compromete-se a desenvolver \u00e1reas marinhas protegidas para salvaguardar estes ecossistemas essenciais \u00e0 biodiversidade e \u00e0 subsist\u00eancia das popula\u00e7\u00f5es locais.<\/p>\n\t\t\t\t<\/div>\n\t\t\t\t<div class=\"ee-unfold__separator\"><\/div>\n\t\t\t<\/div>\n\t\t\t<div class=\"ee-unfold__trigger\">\n\t\t\t\t<span class=\"ee-button-wrapper\">\n\t\t\t\t\t<span class=\"ee-button ee-size-xs\">\n\t\t\t\t\t\t<span class=\"ee-button-content-wrapper\"><span class=\"ee-icon ee-icon-support--svg ee-icon--left ee-button-icon ee-unfold__icon ee-unfold__icon--closed\"><i aria-hidden=\"true\" class=\"fas fa-plus\"><\/i><\/span><span class=\"ee-icon ee-icon-support--svg ee-icon--left ee-button-icon ee-unfold__icon ee-unfold__icon--open\"><i aria-hidden=\"true\" class=\"fas fa-minus\"><\/i><\/span><span class=\"ee-button-text\" data-close-label=\"Ler menos\" data-open-label=\"Ler mais\">Ler mais<\/span>\n\t\t<\/span>\n\t\t\t\t\t\t\t<\/span>\n\t\t\t\t<\/span>\n\t\t\t<\/div>\n\t\t<\/div>\t\t\t\t<\/div>\n\t\t\t\t<\/div>\n\t\t\t\t\t<\/div>\n\t\t<\/div>\n\t\t\t\t<div class=\"elementor-column elementor-col-33 elementor-inner-column elementor-element elementor-element-317b5dc\" data-id=\"317b5dc\" data-element_type=\"column\" data-e-type=\"column\">\n\t\t\t<div class=\"elementor-widget-wrap elementor-element-populated\">\n\t\t\t\t\t\t<div class=\"elementor-element elementor-element-c338ef9 ee-trigger-align--center elementor-hidden-phone elementor-widget elementor-widget-unfold\" data-id=\"c338ef9\" data-element_type=\"widget\" data-e-type=\"widget\" data-settings=\"{&quot;visible_percentage&quot;:{&quot;unit&quot;:&quot;px&quot;,&quot;size&quot;:&quot;19&quot;,&quot;sizes&quot;:[]},&quot;duration_unfold&quot;:{&quot;unit&quot;:&quot;px&quot;,&quot;size&quot;:0.5,&quot;sizes&quot;:[]},&quot;animation_unfold&quot;:&quot;Power4&quot;,&quot;easing_unfold&quot;:&quot;easeInOut&quot;,&quot;duration_fold&quot;:{&quot;unit&quot;:&quot;px&quot;,&quot;size&quot;:0.5,&quot;sizes&quot;:[]},&quot;animation_fold&quot;:&quot;Power4&quot;,&quot;easing_fold&quot;:&quot;easeInOut&quot;}\" data-widget_type=\"unfold.default\">\n\t\t\t\t<div class=\"elementor-widget-container\">\n\t\t\t\t\t<div class=\"ee-unfold\">\n\t\t\t<div class=\"ee-unfold__mask\">\n\t\t\t\t<div class=\"ee-unfold__content\">\n\t\t\t\t\t<p><span lang=\"FR\">Durante quase um s\u00e9culo, rolex tem apoiado exploradores pioneiros, empurrando os limites da atividade humana. Com a campanha <i>Perpetual Planet,<\/i>lan\u00e7ada em 2019, a Rolex est\u00e1 a assumir um compromisso a longo prazo para ajudar os exploradores a proteger o ambiente.<\/span><\/p>\n<p><span lang=\"FR\">O compromisso da Rolex com o oceano traduz-se em parcerias com a National Geographic Society e a iniciativa Mission Blue de Sylvia Earle, por exemplo, e no Principado do M\u00f3naco, para al\u00e9m do Instituto Oceanogr\u00e1fico, a empresa apoia a Monaco Blue Initiative, a M\u00f3naco Ocean Week e o Iate Club de M\u00f3naco.<\/span><\/p>\n\t\t\t\t<\/div>\n\t\t\t\t<div class=\"ee-unfold__separator\"><\/div>\n\t\t\t<\/div>\n\t\t\t<div class=\"ee-unfold__trigger\">\n\t\t\t\t<span class=\"ee-button-wrapper\">\n\t\t\t\t\t<span class=\"ee-button ee-size-xs\">\n\t\t\t\t\t\t<span class=\"ee-button-content-wrapper\"><span class=\"ee-icon ee-icon-support--svg ee-icon--left ee-button-icon ee-unfold__icon ee-unfold__icon--closed\"><i aria-hidden=\"true\" class=\"fas fa-plus\"><\/i><\/span><span class=\"ee-icon ee-icon-support--svg ee-icon--left ee-button-icon ee-unfold__icon ee-unfold__icon--open\"><i aria-hidden=\"true\" class=\"fas fa-minus\"><\/i><\/span><span class=\"ee-button-text\" data-close-label=\"Ler menos\" data-open-label=\"Ler mais\">Ler mais<\/span>\n\t\t<\/span>\n\t\t\t\t\t\t\t<\/span>\n\t\t\t\t<\/span>\n\t\t\t<\/div>\n\t\t<\/div>\t\t\t\t<\/div>\n\t\t\t\t<\/div>\n\t\t\t\t\t<\/div>\n\t\t<\/div>\n\t\t\t\t\t<\/div>\n\t\t<\/section>\n\t\t\t\t<div class=\"elementor-element elementor-element-68ec260 elementor-widget elementor-widget-spacer\" data-id=\"68ec260\" data-element_type=\"widget\" data-e-type=\"widget\" data-widget_type=\"spacer.default\">\n\t\t\t\t<div class=\"elementor-widget-container\">\n\t\t\t\t\t\t\t<div class=\"elementor-spacer\">\n\t\t\t<div class=\"elementor-spacer-inner\"><\/div>\n\t\t<\/div>\n\t\t\t\t\t\t<\/div>\n\t\t\t\t<\/div>\n\t\t\t\t<section class=\"elementor-section elementor-inner-section elementor-element elementor-element-c3c98ff elementor-section-boxed elementor-section-height-default elementor-section-height-default\" data-id=\"c3c98ff\" data-element_type=\"section\" data-e-type=\"section\">\n\t\t\t\t\t\t<div class=\"elementor-container elementor-column-gap-default\">\n\t\t\t\t\t<div class=\"elementor-column elementor-col-33 elementor-inner-column elementor-element elementor-element-7ecfd27\" data-id=\"7ecfd27\" data-element_type=\"column\" data-e-type=\"column\" data-settings=\"{&quot;background_background&quot;:&quot;classic&quot;}\">\n\t\t\t<div class=\"elementor-widget-wrap elementor-element-populated\">\n\t\t\t\t\t\t<div class=\"elementor-element elementor-element-dc990f6 elementor-widget elementor-widget-image\" data-id=\"dc990f6\" data-element_type=\"widget\" data-e-type=\"widget\" data-widget_type=\"image.default\">\n\t\t\t\t<div class=\"elementor-widget-container\">\n\t\t\t\t\t\t\t\t\t\t\t\t\t\t\t\t<a href=\"https:\/\/monaco.ca-indosuez.com\/%20%20%20%20\" target=\"_blank\">\n\t\t\t\t\t\t\t<img loading=\"lazy\" decoding=\"async\" width=\"1920\" height=\"600\" src=\"https:\/\/musee.oceano.org\/wp-content\/uploads\/sites\/2\/2020\/06\/CFM-1920x600.jpg\" class=\"attachment-img-bloc-slider size-img-bloc-slider wp-image-25739\" alt=\"\" \/>\t\t\t\t\t\t\t\t<\/a>\n\t\t\t\t\t\t\t\t\t\t\t\t\t\t\t<\/div>\n\t\t\t\t<\/div>\n\t\t\t\t\t<\/div>\n\t\t<\/div>\n\t\t\t\t<div class=\"elementor-column elementor-col-33 elementor-inner-column elementor-element elementor-element-00ec956\" data-id=\"00ec956\" data-element_type=\"column\" data-e-type=\"column\" data-settings=\"{&quot;background_background&quot;:&quot;classic&quot;}\">\n\t\t\t<div class=\"elementor-widget-wrap elementor-element-populated\">\n\t\t\t\t\t\t<div class=\"elementor-element elementor-element-485e007 elementor-widget elementor-widget-image\" data-id=\"485e007\" data-element_type=\"widget\" data-e-type=\"widget\" data-widget_type=\"image.default\">\n\t\t\t\t<div class=\"elementor-widget-container\">\n\t\t\t\t\t\t\t\t\t\t\t\t\t\t\t\t<a href=\"https:\/\/www.garesetconnexions.sncf\/fr\/actualites\/toutes-les-actualites\/culture%20%20%20%20\" target=\"_blank\">\n\t\t\t\t\t\t\t<img loading=\"lazy\" decoding=\"async\" width=\"1920\" height=\"600\" src=\"https:\/\/musee.oceano.org\/wp-content\/uploads\/sites\/2\/2020\/06\/gares-et-connexions-logo-vector-1920x600.png\" class=\"attachment-img-bloc-slider size-img-bloc-slider wp-image-25749\" alt=\"\" \/>\t\t\t\t\t\t\t\t<\/a>\n\t\t\t\t\t\t\t\t\t\t\t\t\t\t\t<\/div>\n\t\t\t\t<\/div>\n\t\t\t\t\t<\/div>\n\t\t<\/div>\n\t\t\t\t<div class=\"elementor-column elementor-col-33 elementor-inner-column elementor-element elementor-element-ca6a72e\" data-id=\"ca6a72e\" data-element_type=\"column\" data-e-type=\"column\" data-settings=\"{&quot;background_background&quot;:&quot;classic&quot;}\">\n\t\t\t<div class=\"elementor-widget-wrap elementor-element-populated\">\n\t\t\t\t\t\t<div class=\"elementor-element elementor-element-738c17e elementor-widget elementor-widget-image\" data-id=\"738c17e\" data-element_type=\"widget\" data-e-type=\"widget\" data-widget_type=\"image.default\">\n\t\t\t\t<div class=\"elementor-widget-container\">\n\t\t\t\t\t\t\t\t\t\t\t\t\t\t\t\t<a href=\"https:\/\/www.cap3000.com\/informations\" target=\"_blank\">\n\t\t\t\t\t\t\t<img loading=\"lazy\" decoding=\"async\" width=\"582\" height=\"165\" src=\"https:\/\/musee.oceano.org\/wp-content\/uploads\/sites\/2\/2020\/06\/Cap-3000_logo.png\" class=\"attachment-large size-large wp-image-25748\" alt=\"\" srcset=\"https:\/\/musee.oceano.org\/wp-content\/uploads\/sites\/2\/2020\/06\/Cap-3000_logo.png 582w, https:\/\/musee.oceano.org\/wp-content\/uploads\/sites\/2\/2020\/06\/Cap-3000_logo-300x85.png 300w\" sizes=\"(max-width: 582px) 100vw, 582px\" \/>\t\t\t\t\t\t\t\t<\/a>\n\t\t\t\t\t\t\t\t\t\t\t\t\t\t\t<\/div>\n\t\t\t\t<\/div>\n\t\t\t\t\t<\/div>\n\t\t<\/div>\n\t\t\t\t\t<\/div>\n\t\t<\/section>\n\t\t\t\t<section class=\"elementor-section elementor-inner-section elementor-element elementor-element-9ca644c elementor-section-boxed elementor-section-height-default elementor-section-height-default\" data-id=\"9ca644c\" data-element_type=\"section\" data-e-type=\"section\">\n\t\t\t\t\t\t<div class=\"elementor-container elementor-column-gap-default\">\n\t\t\t\t\t<div class=\"elementor-column elementor-col-33 elementor-inner-column elementor-element elementor-element-cfc1389\" data-id=\"cfc1389\" data-element_type=\"column\" data-e-type=\"column\">\n\t\t\t<div class=\"elementor-widget-wrap elementor-element-populated\">\n\t\t\t\t\t\t<div class=\"elementor-element elementor-element-c37c0c6 ee-trigger-align--center elementor-hidden-phone elementor-widget elementor-widget-unfold\" data-id=\"c37c0c6\" data-element_type=\"widget\" data-e-type=\"widget\" data-settings=\"{&quot;visible_percentage&quot;:{&quot;unit&quot;:&quot;px&quot;,&quot;size&quot;:&quot;18&quot;,&quot;sizes&quot;:[]},&quot;duration_unfold&quot;:{&quot;unit&quot;:&quot;px&quot;,&quot;size&quot;:0.5,&quot;sizes&quot;:[]},&quot;animation_unfold&quot;:&quot;Power4&quot;,&quot;easing_unfold&quot;:&quot;easeInOut&quot;,&quot;duration_fold&quot;:{&quot;unit&quot;:&quot;px&quot;,&quot;size&quot;:0.5,&quot;sizes&quot;:[]},&quot;animation_fold&quot;:&quot;Power4&quot;,&quot;easing_fold&quot;:&quot;easeInOut&quot;}\" data-widget_type=\"unfold.default\">\n\t\t\t\t<div class=\"elementor-widget-container\">\n\t\t\t\t\t<div class=\"ee-unfold\">\n\t\t\t<div class=\"ee-unfold__mask\">\n\t\t\t\t<div class=\"ee-unfold__content\">\n\t\t\t\t\t<p>Como banco l\u00edder do M\u00f3naco, o CFM Indosuez prossegue o seu compromisso social e ambiental com paix\u00e3o. O seu apoio ao Instituto de Oceanografia tem como objetivo acompanhar as suas equipas na sua miss\u00e3o de sensibilizar, convencer e envolver o maior n\u00famero poss\u00edvel de pessoas na prote\u00e7\u00e3o do oceano e da sua biodiversidade. Criado em 1922 pela Sovereign Ordinance, o CFM Indosuez \u00e9 orientado internacionalmente e firmemente ancorado no Principado, com 30% dos acionistas monegascos. O banco adotou a raz\u00e3o de ser do seu acionista maiorit\u00e1rio, o grupo Cr\u00e9dit Agricole: Agir todos os dias no interesse dos seus clientes e da sociedade.<\/p>\n\t\t\t\t<\/div>\n\t\t\t\t<div class=\"ee-unfold__separator\"><\/div>\n\t\t\t<\/div>\n\t\t\t<div class=\"ee-unfold__trigger\">\n\t\t\t\t<span class=\"ee-button-wrapper\">\n\t\t\t\t\t<span class=\"ee-button ee-size-xs\">\n\t\t\t\t\t\t<span class=\"ee-button-content-wrapper\"><span class=\"ee-icon ee-icon-support--svg ee-icon--left ee-button-icon ee-unfold__icon ee-unfold__icon--closed\"><i aria-hidden=\"true\" class=\"fas fa-plus\"><\/i><\/span><span class=\"ee-icon ee-icon-support--svg ee-icon--left ee-button-icon ee-unfold__icon ee-unfold__icon--open\"><i aria-hidden=\"true\" class=\"fas fa-minus\"><\/i><\/span><span class=\"ee-button-text\" data-close-label=\"Ler menos\" data-open-label=\"Ler mais\">Ler mais<\/span>\n\t\t<\/span>\n\t\t\t\t\t\t\t<\/span>\n\t\t\t\t<\/span>\n\t\t\t<\/div>\n\t\t<\/div>\t\t\t\t<\/div>\n\t\t\t\t<\/div>\n\t\t\t\t\t<\/div>\n\t\t<\/div>\n\t\t\t\t<div class=\"elementor-column elementor-col-33 elementor-inner-column elementor-element elementor-element-80afa51\" data-id=\"80afa51\" data-element_type=\"column\" data-e-type=\"column\">\n\t\t\t<div class=\"elementor-widget-wrap elementor-element-populated\">\n\t\t\t\t\t\t<div class=\"elementor-element elementor-element-0f2e377 ee-trigger-align--center elementor-hidden-phone elementor-widget elementor-widget-unfold\" data-id=\"0f2e377\" data-element_type=\"widget\" data-e-type=\"widget\" data-settings=\"{&quot;visible_percentage&quot;:{&quot;unit&quot;:&quot;px&quot;,&quot;size&quot;:&quot;15&quot;,&quot;sizes&quot;:[]},&quot;duration_unfold&quot;:{&quot;unit&quot;:&quot;px&quot;,&quot;size&quot;:0.5,&quot;sizes&quot;:[]},&quot;animation_unfold&quot;:&quot;Power4&quot;,&quot;easing_unfold&quot;:&quot;easeInOut&quot;,&quot;duration_fold&quot;:{&quot;unit&quot;:&quot;px&quot;,&quot;size&quot;:0.5,&quot;sizes&quot;:[]},&quot;animation_fold&quot;:&quot;Power4&quot;,&quot;easing_fold&quot;:&quot;easeInOut&quot;}\" data-widget_type=\"unfold.default\">\n\t\t\t\t<div class=\"elementor-widget-container\">\n\t\t\t\t\t<div class=\"ee-unfold\">\n\t\t\t<div class=\"ee-unfold__mask\">\n\t\t\t\t<div class=\"ee-unfold__content\">\n\t\t\t\t\t<p>Respons\u00e1vel pela gest\u00e3o, opera\u00e7\u00e3o e desenvolvimento das 3.000 esta\u00e7\u00f5es <b>francesas, a SNCF Gares &amp; Connexions<\/b> est\u00e1 empenhada em que os seus 10 milh\u00f5es de passageiros e visitantes di\u00e1rios melhorem constantemente a qualidade da opera\u00e7\u00e3o, inventem novos servi\u00e7os e modernizem o patrim\u00f3nio. Fruto da convic\u00e7\u00e3o de que as esta\u00e7\u00f5es ferrovi\u00e1rias s\u00e3o locais de vida por si s\u00f3, enriquece constantemente estas &#8220;aldeias urbanas&#8221;, de forma a contribuir para a divulga\u00e7\u00e3o da cultura a todos os p\u00fablicos. Em estreita colabora\u00e7\u00e3o com as maiores institui\u00e7\u00f5es culturais, nacionais e locais, <b>a SNCF Gares &amp; Connexions<\/b> projeta anualmente mais de 100 exposi\u00e7\u00f5es, interven\u00e7\u00f5es e eventos art\u00edsticos, na sua maioria novos, em todo o territ\u00f3rio franc\u00eas. Arte nas esta\u00e7\u00f5es, como um novo convite para viajar.<\/p>\n\t\t\t\t<\/div>\n\t\t\t\t<div class=\"ee-unfold__separator\"><\/div>\n\t\t\t<\/div>\n\t\t\t<div class=\"ee-unfold__trigger\">\n\t\t\t\t<span class=\"ee-button-wrapper\">\n\t\t\t\t\t<span class=\"ee-button ee-size-xs\">\n\t\t\t\t\t\t<span class=\"ee-button-content-wrapper\"><span class=\"ee-icon ee-icon-support--svg ee-icon--left ee-button-icon ee-unfold__icon ee-unfold__icon--closed\"><i aria-hidden=\"true\" class=\"fas fa-plus\"><\/i><\/span><span class=\"ee-icon ee-icon-support--svg ee-icon--left ee-button-icon ee-unfold__icon ee-unfold__icon--open\"><i aria-hidden=\"true\" class=\"fas fa-minus\"><\/i><\/span><span class=\"ee-button-text\" data-close-label=\"Ler menos\" data-open-label=\"Ler mais\">Ler mais<\/span>\n\t\t<\/span>\n\t\t\t\t\t\t\t<\/span>\n\t\t\t\t<\/span>\n\t\t\t<\/div>\n\t\t<\/div>\t\t\t\t<\/div>\n\t\t\t\t<\/div>\n\t\t\t\t\t<\/div>\n\t\t<\/div>\n\t\t\t\t<div class=\"elementor-column elementor-col-33 elementor-inner-column elementor-element elementor-element-c4f7c52\" data-id=\"c4f7c52\" data-element_type=\"column\" data-e-type=\"column\">\n\t\t\t<div class=\"elementor-widget-wrap elementor-element-populated\">\n\t\t\t\t\t\t<div class=\"elementor-element elementor-element-182f4c3 ee-trigger-align--center elementor-hidden-phone elementor-widget elementor-widget-unfold\" data-id=\"182f4c3\" data-element_type=\"widget\" data-e-type=\"widget\" data-settings=\"{&quot;visible_percentage&quot;:{&quot;unit&quot;:&quot;px&quot;,&quot;size&quot;:&quot;13&quot;,&quot;sizes&quot;:[]},&quot;duration_unfold&quot;:{&quot;unit&quot;:&quot;px&quot;,&quot;size&quot;:0.5,&quot;sizes&quot;:[]},&quot;animation_unfold&quot;:&quot;Power4&quot;,&quot;easing_unfold&quot;:&quot;easeInOut&quot;,&quot;duration_fold&quot;:{&quot;unit&quot;:&quot;px&quot;,&quot;size&quot;:0.5,&quot;sizes&quot;:[]},&quot;animation_fold&quot;:&quot;Power4&quot;,&quot;easing_fold&quot;:&quot;easeInOut&quot;}\" data-widget_type=\"unfold.default\">\n\t\t\t\t<div class=\"elementor-widget-container\">\n\t\t\t\t\t<div class=\"ee-unfold\">\n\t\t\t<div class=\"ee-unfold__mask\">\n\t\t\t\t<div class=\"ee-unfold__content\">\n\t\t\t\t\t<p>Para o seu 50.\u00ba anivers\u00e1rio, outubro de 2019 marcou a inaugura\u00e7\u00e3o da extens\u00e3o sul do CAP3000, com 135.000 m2 oferecendo uma experi\u00eancia que vai al\u00e9m das compras, num grandioso local, vista mar. Em linha com a abertura do imersivo espa\u00e7o de v\u00eddeo 360\u00b0 OCEANS, CAPSULE@CAP3000 ent\u00e3o a sua inovadora loja conceptual dedicada \u00e0s tend\u00eancias digitais onde a arte e a cultura se encontram; CAP3000 repensa-se como um verdadeiro lugar para se viver. Em torno de uma experi\u00eancia acrescida com experi\u00eancias cada vez mais sensoriais gra\u00e7as a 70 novas marcas, 250 lojas, 40 \u00e1reas panor\u00e2micas de refei\u00e7\u00f5es com vista para o mar a longo prazo e uma ampla gama de servi\u00e7os simplificando a experi\u00eancia de compra, em torno de uma abordagem respons\u00e1vel e cidad\u00e3 da RSE. 1\u00ba Centro do mundo rotulado Biodivercity, 4\u00ba empregador dos Alpes-Mar\u00edtimos, CAP3000 est\u00e1 permanentemente comprometido para 2020 como o lugar mais bonito de compras nova gera\u00e7\u00e3o enfrentando o mar da Europa.<\/p>\n\t\t\t\t<\/div>\n\t\t\t\t<div class=\"ee-unfold__separator\"><\/div>\n\t\t\t<\/div>\n\t\t\t<div class=\"ee-unfold__trigger\">\n\t\t\t\t<span class=\"ee-button-wrapper\">\n\t\t\t\t\t<span class=\"ee-button ee-size-xs\">\n\t\t\t\t\t\t<span class=\"ee-button-content-wrapper\"><span class=\"ee-icon ee-icon-support--svg ee-icon--left ee-button-icon ee-unfold__icon ee-unfold__icon--closed\"><i aria-hidden=\"true\" class=\"fas fa-plus\"><\/i><\/span><span class=\"ee-icon ee-icon-support--svg ee-icon--left ee-button-icon ee-unfold__icon ee-unfold__icon--open\"><i aria-hidden=\"true\" class=\"fas fa-minus\"><\/i><\/span><span class=\"ee-button-text\" data-close-label=\"Ler menos\" data-open-label=\"Ler mais\">Ler mais<\/span>\n\t\t<\/span>\n\t\t\t\t\t\t\t<\/span>\n\t\t\t\t<\/span>\n\t\t\t<\/div>\n\t\t<\/div>\t\t\t\t<\/div>\n\t\t\t\t<\/div>\n\t\t\t\t\t<\/div>\n\t\t<\/div>\n\t\t\t\t\t<\/div>\n\t\t<\/section>\n\t\t\t\t<div class=\"elementor-element elementor-element-f2c227f elementor-widget elementor-widget-spacer\" data-id=\"f2c227f\" data-element_type=\"widget\" data-e-type=\"widget\" data-widget_type=\"spacer.default\">\n\t\t\t\t<div class=\"elementor-widget-container\">\n\t\t\t\t\t\t\t<div class=\"elementor-spacer\">\n\t\t\t<div class=\"elementor-spacer-inner\"><\/div>\n\t\t<\/div>\n\t\t\t\t\t\t<\/div>\n\t\t\t\t<\/div>\n\t\t\t\t<section class=\"elementor-section elementor-inner-section elementor-element elementor-element-f5d0eb2 elementor-section-boxed elementor-section-height-default elementor-section-height-default\" data-id=\"f5d0eb2\" data-element_type=\"section\" data-e-type=\"section\">\n\t\t\t\t\t\t<div class=\"elementor-container elementor-column-gap-default\">\n\t\t\t\t\t<div class=\"elementor-column elementor-col-33 elementor-inner-column elementor-element elementor-element-a2908dd\" data-id=\"a2908dd\" data-element_type=\"column\" data-e-type=\"column\" data-settings=\"{&quot;background_background&quot;:&quot;classic&quot;}\">\n\t\t\t<div class=\"elementor-widget-wrap elementor-element-populated\">\n\t\t\t\t\t\t<div class=\"elementor-element elementor-element-f4d59d0 elementor-widget elementor-widget-image\" data-id=\"f4d59d0\" data-element_type=\"widget\" data-e-type=\"widget\" data-widget_type=\"image.default\">\n\t\t\t\t<div class=\"elementor-widget-container\">\n\t\t\t\t\t\t\t\t\t\t\t\t\t\t\t\t<a href=\"http:\/\/www.leparisien.fr\/%20www.pressroom-lesechos-leparisien.com\" target=\"_blank\">\n\t\t\t\t\t\t\t<img loading=\"lazy\" decoding=\"async\" width=\"1024\" height=\"164\" src=\"https:\/\/musee.oceano.org\/wp-content\/uploads\/sites\/2\/2020\/06\/Bloc_logo_LP-AEF_2016_quadri-1024x164.jpg\" class=\"attachment-large size-large wp-image-25736\" alt=\"\" srcset=\"https:\/\/musee.oceano.org\/wp-content\/uploads\/sites\/2\/2020\/06\/Bloc_logo_LP-AEF_2016_quadri-1024x164.jpg 1024w, https:\/\/musee.oceano.org\/wp-content\/uploads\/sites\/2\/2020\/06\/Bloc_logo_LP-AEF_2016_quadri-300x48.jpg 300w, https:\/\/musee.oceano.org\/wp-content\/uploads\/sites\/2\/2020\/06\/Bloc_logo_LP-AEF_2016_quadri-768x123.jpg 768w, https:\/\/musee.oceano.org\/wp-content\/uploads\/sites\/2\/2020\/06\/Bloc_logo_LP-AEF_2016_quadri-1536x247.jpg 1536w, https:\/\/musee.oceano.org\/wp-content\/uploads\/sites\/2\/2020\/06\/Bloc_logo_LP-AEF_2016_quadri-2048x329.jpg 2048w\" sizes=\"(max-width: 1024px) 100vw, 1024px\" \/>\t\t\t\t\t\t\t\t<\/a>\n\t\t\t\t\t\t\t\t\t\t\t\t\t\t\t<\/div>\n\t\t\t\t<\/div>\n\t\t\t\t\t<\/div>\n\t\t<\/div>\n\t\t\t\t<div class=\"elementor-column elementor-col-33 elementor-inner-column elementor-element elementor-element-69256b6\" data-id=\"69256b6\" data-element_type=\"column\" data-e-type=\"column\" data-settings=\"{&quot;background_background&quot;:&quot;classic&quot;}\">\n\t\t\t<div class=\"elementor-widget-wrap elementor-element-populated\">\n\t\t\t\t\t\t<div class=\"elementor-element elementor-element-ad9823b elementor-widget elementor-widget-image\" data-id=\"ad9823b\" data-element_type=\"widget\" data-e-type=\"widget\" data-widget_type=\"image.default\">\n\t\t\t\t<div class=\"elementor-widget-container\">\n\t\t\t\t\t\t\t\t\t\t\t\t\t\t\t\t<a href=\"https:\/\/svdecouvertes.fr\/\" target=\"_blank\">\n\t\t\t\t\t\t\t<img loading=\"lazy\" decoding=\"async\" width=\"359\" height=\"94\" src=\"https:\/\/musee.oceano.org\/wp-content\/uploads\/sites\/2\/2020\/06\/thumbnail_image001-1.png\" class=\"attachment-large size-large wp-image-25753\" alt=\"\" srcset=\"https:\/\/musee.oceano.org\/wp-content\/uploads\/sites\/2\/2020\/06\/thumbnail_image001-1.png 359w, https:\/\/musee.oceano.org\/wp-content\/uploads\/sites\/2\/2020\/06\/thumbnail_image001-1-300x79.png 300w\" sizes=\"(max-width: 359px) 100vw, 359px\" \/>\t\t\t\t\t\t\t\t<\/a>\n\t\t\t\t\t\t\t\t\t\t\t\t\t\t\t<\/div>\n\t\t\t\t<\/div>\n\t\t\t\t\t<\/div>\n\t\t<\/div>\n\t\t\t\t<div class=\"elementor-column elementor-col-33 elementor-inner-column elementor-element elementor-element-7c10d45\" data-id=\"7c10d45\" data-element_type=\"column\" data-e-type=\"column\" data-settings=\"{&quot;background_background&quot;:&quot;classic&quot;}\">\n\t\t\t<div class=\"elementor-widget-wrap elementor-element-populated\">\n\t\t\t\t\t\t<div class=\"elementor-element elementor-element-c6c6c4e elementor-widget elementor-widget-image\" data-id=\"c6c6c4e\" data-element_type=\"widget\" data-e-type=\"widget\" data-widget_type=\"image.default\">\n\t\t\t\t<div class=\"elementor-widget-container\">\n\t\t\t\t\t\t\t\t\t\t\t\t\t\t\t\t<a href=\"https:\/\/www.arte.tv\/fr\/\" target=\"_blank\">\n\t\t\t\t\t\t\t<img loading=\"lazy\" decoding=\"async\" width=\"328\" height=\"81\" src=\"https:\/\/musee.oceano.org\/wp-content\/uploads\/sites\/2\/2020\/06\/Logo-Arte-Horizon-1.jpg\" class=\"attachment-large size-large wp-image-25741\" alt=\"\" srcset=\"https:\/\/musee.oceano.org\/wp-content\/uploads\/sites\/2\/2020\/06\/Logo-Arte-Horizon-1.jpg 328w, https:\/\/musee.oceano.org\/wp-content\/uploads\/sites\/2\/2020\/06\/Logo-Arte-Horizon-1-300x74.jpg 300w\" sizes=\"(max-width: 328px) 100vw, 328px\" \/>\t\t\t\t\t\t\t\t<\/a>\n\t\t\t\t\t\t\t\t\t\t\t\t\t\t\t<\/div>\n\t\t\t\t<\/div>\n\t\t\t\t\t<\/div>\n\t\t<\/div>\n\t\t\t\t\t<\/div>\n\t\t<\/section>\n\t\t\t\t<section class=\"elementor-section elementor-inner-section elementor-element elementor-element-593e63f elementor-section-boxed elementor-section-height-default elementor-section-height-default\" data-id=\"593e63f\" data-element_type=\"section\" data-e-type=\"section\">\n\t\t\t\t\t\t<div class=\"elementor-container elementor-column-gap-default\">\n\t\t\t\t\t<div class=\"elementor-column elementor-col-33 elementor-inner-column elementor-element elementor-element-873609a\" data-id=\"873609a\" data-element_type=\"column\" data-e-type=\"column\">\n\t\t\t<div class=\"elementor-widget-wrap elementor-element-populated\">\n\t\t\t\t\t\t<div class=\"elementor-element elementor-element-728edb5 ee-trigger-align--center elementor-hidden-phone elementor-widget elementor-widget-unfold\" data-id=\"728edb5\" data-element_type=\"widget\" data-e-type=\"widget\" data-settings=\"{&quot;visible_percentage&quot;:{&quot;unit&quot;:&quot;px&quot;,&quot;size&quot;:&quot;15&quot;,&quot;sizes&quot;:[]},&quot;duration_unfold&quot;:{&quot;unit&quot;:&quot;px&quot;,&quot;size&quot;:0.5,&quot;sizes&quot;:[]},&quot;animation_unfold&quot;:&quot;Power4&quot;,&quot;easing_unfold&quot;:&quot;easeInOut&quot;,&quot;duration_fold&quot;:{&quot;unit&quot;:&quot;px&quot;,&quot;size&quot;:0.5,&quot;sizes&quot;:[]},&quot;animation_fold&quot;:&quot;Power4&quot;,&quot;easing_fold&quot;:&quot;easeInOut&quot;}\" data-widget_type=\"unfold.default\">\n\t\t\t\t<div class=\"elementor-widget-container\">\n\t\t\t\t\t<div class=\"ee-unfold\">\n\t\t\t<div class=\"ee-unfold__mask\">\n\t\t\t\t<div class=\"ee-unfold__content\">\n\t\t\t\t\t<p>Todos os meses, a marca Le Parisien-Aujourd&#8217;hui, em Fran\u00e7a, atinge 22 milh\u00f5es de franceses* com uma oferta de informa\u00e7\u00e3o diversificada (not\u00edcias nacionais, internacionais e locais).<sup>3\u00ba<\/sup> Enquanto marca de imprensa, deve o seu sucesso \u00e0 sua linha editorial apartid\u00e1ria e ao seu empenhamento em ajudar os leitores a compreender o mundo de hoje e de amanh\u00e3. Le Parisien \u2013 Hoje em Fran\u00e7a, n\u00ba1 \u00e0 venda por n\u00famero, distribui todos os dias 290.355 c\u00f3pias**. O Le Parisien tamb\u00e9m publica todas as segundas-feiras o Le Parisien \u00c9co e todas as sextas-feiras a revista de not\u00edcias Le Parisien Week-end. LeParisien.fr \u00e9 a<sup>3\u00aa<\/sup> marca de not\u00edcias em Fran\u00e7a com 19,6 milh\u00f5es de utilizadores de Internet***.<\/p>\n<p><i>*CMPA One Next 2019 &#8211; Marca 30 J<br \/>**CMPA \u2013 DFP \u2013 Acoplamento Le Parisien\/Aujourd&#8217;hui en France \u2013 PV 2018\/2019<br \/>M\u00e9diam\u00e9trie Internet Global setembro. 2019<\/i><\/p>\n\t\t\t\t<\/div>\n\t\t\t\t<div class=\"ee-unfold__separator\"><\/div>\n\t\t\t<\/div>\n\t\t\t<div class=\"ee-unfold__trigger\">\n\t\t\t\t<span class=\"ee-button-wrapper\">\n\t\t\t\t\t<span class=\"ee-button ee-size-xs\">\n\t\t\t\t\t\t<span class=\"ee-button-content-wrapper\"><span class=\"ee-icon ee-icon-support--svg ee-icon--left ee-button-icon ee-unfold__icon ee-unfold__icon--closed\"><i aria-hidden=\"true\" class=\"fas fa-plus\"><\/i><\/span><span class=\"ee-icon ee-icon-support--svg ee-icon--left ee-button-icon ee-unfold__icon ee-unfold__icon--open\"><i aria-hidden=\"true\" class=\"fas fa-minus\"><\/i><\/span><span class=\"ee-button-text\" data-close-label=\"Ler menos\" data-open-label=\"Ler mais\">Ler mais<\/span>\n\t\t<\/span>\n\t\t\t\t\t\t\t<\/span>\n\t\t\t\t<\/span>\n\t\t\t<\/div>\n\t\t<\/div>\t\t\t\t<\/div>\n\t\t\t\t<\/div>\n\t\t\t\t\t<\/div>\n\t\t<\/div>\n\t\t\t\t<div class=\"elementor-column elementor-col-33 elementor-inner-column elementor-element elementor-element-201eb5a\" data-id=\"201eb5a\" data-element_type=\"column\" data-e-type=\"column\">\n\t\t\t<div class=\"elementor-widget-wrap elementor-element-populated\">\n\t\t\t\t\t\t<div class=\"elementor-element elementor-element-45b2be2 ee-trigger-align--center elementor-hidden-phone elementor-widget elementor-widget-unfold\" data-id=\"45b2be2\" data-element_type=\"widget\" data-e-type=\"widget\" data-settings=\"{&quot;visible_percentage&quot;:{&quot;unit&quot;:&quot;px&quot;,&quot;size&quot;:&quot;15&quot;,&quot;sizes&quot;:[]},&quot;duration_unfold&quot;:{&quot;unit&quot;:&quot;px&quot;,&quot;size&quot;:0.5,&quot;sizes&quot;:[]},&quot;animation_unfold&quot;:&quot;Power4&quot;,&quot;easing_unfold&quot;:&quot;easeInOut&quot;,&quot;duration_fold&quot;:{&quot;unit&quot;:&quot;px&quot;,&quot;size&quot;:0.5,&quot;sizes&quot;:[]},&quot;animation_fold&quot;:&quot;Power4&quot;,&quot;easing_fold&quot;:&quot;easeInOut&quot;}\" data-widget_type=\"unfold.default\">\n\t\t\t\t<div class=\"elementor-widget-container\">\n\t\t\t\t\t<div class=\"ee-unfold\">\n\t\t\t<div class=\"ee-unfold__mask\">\n\t\t\t\t<div class=\"ee-unfold__content\">\n\t\t\t\t\t<p style=\"text-align: center\"><strong>A revista para pessoas de 7 a 12 anos, para aprender enquanto se diverte!  <\/strong><\/p>\n<p>A Science &amp; Vie D\u00e9couvertes oferece todos os meses, aos seus jovens leitores 84 p\u00e1ginas para devorar, com: um grande arquivo tem\u00e1tico, not\u00edcias sobre animais, ci\u00eancia, cinema, livros, exposi\u00e7\u00f5es&#8230; banda desenhada e jogos. Science &amp; Vie D\u00e9couvertes permite que a crian\u00e7a compreenda por si mesmo o mundo que o rodeia e o conduz a novos caminhos de explora\u00e7\u00e3o.<br \/>Uma revista ideal para despertar cada vez mais a sua curiosidade, desenvolver a sua imagina\u00e7\u00e3o e descobrir o mundo de uma forma divertida e interativa.<\/p>\n<p>Science &amp; Vie D\u00e9couvertes \u00e9 todos os anos: 12 edi\u00e7\u00f5es + 4 edi\u00e7\u00f5es especiais<\/p>\n<p><strong>Science &amp; Vie D\u00e9couvertes tamb\u00e9m est\u00e1 na web<\/strong> com not\u00edcias, v\u00eddeos, t&#8217;es pas cap, jogos&#8230;<\/p>\n\t\t\t\t<\/div>\n\t\t\t\t<div class=\"ee-unfold__separator\"><\/div>\n\t\t\t<\/div>\n\t\t\t<div class=\"ee-unfold__trigger\">\n\t\t\t\t<span class=\"ee-button-wrapper\">\n\t\t\t\t\t<span class=\"ee-button ee-size-xs\">\n\t\t\t\t\t\t<span class=\"ee-button-content-wrapper\"><span class=\"ee-icon ee-icon-support--svg ee-icon--left ee-button-icon ee-unfold__icon ee-unfold__icon--closed\"><i aria-hidden=\"true\" class=\"fas fa-plus\"><\/i><\/span><span class=\"ee-icon ee-icon-support--svg ee-icon--left ee-button-icon ee-unfold__icon ee-unfold__icon--open\"><i aria-hidden=\"true\" class=\"fas fa-minus\"><\/i><\/span><span class=\"ee-button-text\" data-close-label=\"Ler menos\" data-open-label=\"Ler mais\">Ler mais<\/span>\n\t\t<\/span>\n\t\t\t\t\t\t\t<\/span>\n\t\t\t\t<\/span>\n\t\t\t<\/div>\n\t\t<\/div>\t\t\t\t<\/div>\n\t\t\t\t<\/div>\n\t\t\t\t\t<\/div>\n\t\t<\/div>\n\t\t\t\t<div class=\"elementor-column elementor-col-33 elementor-inner-column elementor-element elementor-element-6be51a1\" data-id=\"6be51a1\" data-element_type=\"column\" data-e-type=\"column\">\n\t\t\t<div class=\"elementor-widget-wrap elementor-element-populated\">\n\t\t\t\t\t\t<div class=\"elementor-element elementor-element-11ee8a7 ee-trigger-align--center elementor-hidden-phone elementor-widget elementor-widget-unfold\" data-id=\"11ee8a7\" data-element_type=\"widget\" data-e-type=\"widget\" data-settings=\"{&quot;visible_percentage&quot;:{&quot;unit&quot;:&quot;px&quot;,&quot;size&quot;:&quot;15&quot;,&quot;sizes&quot;:[]},&quot;duration_unfold&quot;:{&quot;unit&quot;:&quot;px&quot;,&quot;size&quot;:0.5,&quot;sizes&quot;:[]},&quot;animation_unfold&quot;:&quot;Power4&quot;,&quot;easing_unfold&quot;:&quot;easeInOut&quot;,&quot;duration_fold&quot;:{&quot;unit&quot;:&quot;px&quot;,&quot;size&quot;:0.5,&quot;sizes&quot;:[]},&quot;animation_fold&quot;:&quot;Power4&quot;,&quot;easing_fold&quot;:&quot;easeInOut&quot;}\" data-widget_type=\"unfold.default\">\n\t\t\t\t<div class=\"elementor-widget-container\">\n\t\t\t\t\t<div class=\"ee-unfold\">\n\t\t\t<div class=\"ee-unfold__mask\">\n\t\t\t\t<div class=\"ee-unfold__content\">\n\t\t\t\t\t<p style=\"text-align: center\"><strong>Programa\u00e7\u00e3o especial em torno das grandes expedi\u00e7\u00f5es de Laurent Ballesta<\/strong><\/p>\n<p style=\"text-align: center\"><strong>Em setembro na ARTE e arte.tv<\/strong><\/p>\n<p>Desde 2013, a ARTE tem acompanhado as expedi\u00e7\u00f5es gombessa do bi\u00f3logo e fot\u00f3grafo subaqu\u00e1tico Laurent Ballesta com o objetivo de introduzir o p\u00fablico em geral nestas espetaculares expedi\u00e7\u00f5es para descobrir novos ecossistemas e comportamentos marinhos. Em julho de 2019, as c\u00e2maras ARTE seguiram-no para a sua \u00faltima grande expedi\u00e7\u00e3o: <strong> <em>Plan\u00e8te M\u00e9diterran\u00e9e<\/em> (Gombessa V).<\/strong> Trailer: <strong> <span style=\"text-decoration: underline\"> <span style=\"color: #ffffff\"> <a style=\"color: #ffffff;text-decoration: underline\" href=\"https:\/\/eur02.safelinks.protection.outlook.com\/?url=https%3A%2F%2Furldefense.com%2Fv3%2F__https%3A%2Fyoutu.be%2FtBeGrieGzQY__%3B!!B6IQPYr2rLEU!HK2WdrQR59Qwcwy-WPJVA4Vb68vZM82aTf8A_crXe5djKcoQ51ax0_1qSWofpbDziaWjFDIUQlY%24&amp;data=02%7C01%7Ca.raymond%40oceano.org%7C723d9241aa9b434572fe08d8223fb353%7Cb0270941760a4be7b7f16d1d50a83148%7C1%7C0%7C637297004555691510&amp;sdata=3Cz5o1fynTSOdjSj2%2Fe18cOjtH5bLwR2Vw9jPfwG6wU%3D&amp;reserved=0\">https:\/\/youtu.be\/tBeGrieGzQY<\/a><\/p>\n<p>    <\/span><\/p>\n<p>  <\/span><\/p>\n<p><\/strong><\/p>\n<p>Para acompanhar a emiss\u00e3o deste filme excecional, a ARTE vai oferecer a retransmiss\u00e3o de <strong><br \/>\n  <em>700 tubar\u00f5es durante a noite<\/em><br \/>\n<\/strong> (em mais uma expedi\u00e7\u00e3o de Laurent Ballesta) e document\u00e1rios in\u00e9ditos em torno do mar e oceanos como<strong><br \/>\n  <em> L&#8217;Ivresse des profondeurs, Orques en p\u00e9ril<\/em><br \/>\n<\/strong>&#8230;<\/p>\n\t\t\t\t<\/div>\n\t\t\t\t<div class=\"ee-unfold__separator\"><\/div>\n\t\t\t<\/div>\n\t\t\t<div class=\"ee-unfold__trigger\">\n\t\t\t\t<span class=\"ee-button-wrapper\">\n\t\t\t\t\t<span class=\"ee-button ee-size-xs\">\n\t\t\t\t\t\t<span class=\"ee-button-content-wrapper\"><span class=\"ee-icon ee-icon-support--svg ee-icon--left ee-button-icon ee-unfold__icon ee-unfold__icon--closed\"><i aria-hidden=\"true\" class=\"fas fa-plus\"><\/i><\/span><span class=\"ee-icon ee-icon-support--svg ee-icon--left ee-button-icon ee-unfold__icon ee-unfold__icon--open\"><i aria-hidden=\"true\" class=\"fas fa-minus\"><\/i><\/span><span class=\"ee-button-text\" data-close-label=\"Ler menos\" data-open-label=\"Ler mais\">Ler mais<\/span>\n\t\t<\/span>\n\t\t\t\t\t\t\t<\/span>\n\t\t\t\t<\/span>\n\t\t\t<\/div>\n\t\t<\/div>\t\t\t\t<\/div>\n\t\t\t\t<\/div>\n\t\t\t\t\t<\/div>\n\t\t<\/div>\n\t\t\t\t\t<\/div>\n\t\t<\/section>\n\t\t\t\t\t<\/div>\n\t\t<\/div>\n\t\t\t\t\t<\/div>\n\t\t<\/section>\n\t\t\t\t<section class=\"elementor-section elementor-top-section elementor-element elementor-element-20bfdd01 elementor-section-full_width elementor-section-height-default elementor-section-height-default\" data-id=\"20bfdd01\" data-element_type=\"section\" data-e-type=\"section\">\n\t\t\t\t\t\t<div class=\"elementor-container elementor-column-gap-default\">\n\t\t\t\t\t<div class=\"elementor-column elementor-col-100 elementor-top-column elementor-element elementor-element-ce80243\" data-id=\"ce80243\" data-element_type=\"column\" data-e-type=\"column\">\n\t\t\t<div class=\"elementor-widget-wrap elementor-element-populated\">\n\t\t\t\t\t\t<div class=\"elementor-element elementor-element-1317ac03 elementor-widget elementor-widget-heading\" data-id=\"1317ac03\" data-element_type=\"widget\" data-e-type=\"widget\" data-widget_type=\"heading.default\">\n\t\t\t\t<div class=\"elementor-widget-container\">\n\t\t\t\t\t<h3 class=\"elementor-heading-title elementor-size-default\">Ver tamb\u00e9m\n\n<\/h3>\t\t\t\t<\/div>\n\t\t\t\t<\/div>\n\t\t\t\t\t<\/div>\n\t\t<\/div>\n\t\t\t\t\t<\/div>\n\t\t<\/section>\n\t\t\t\t<section class=\"elementor-section elementor-top-section elementor-element elementor-element-646633d3 elementor-section-boxed elementor-section-height-default elementor-section-height-default\" data-id=\"646633d3\" data-element_type=\"section\" data-e-type=\"section\" data-settings=\"{&quot;background_background&quot;:&quot;classic&quot;}\">\n\t\t\t\t\t\t<div class=\"elementor-container elementor-column-gap-default\">\n\t\t\t\t\t<div class=\"elementor-column elementor-col-33 elementor-top-column elementor-element elementor-element-7517c4d9\" data-id=\"7517c4d9\" data-element_type=\"column\" data-e-type=\"column\">\n\t\t\t<div class=\"elementor-widget-wrap elementor-element-populated\">\n\t\t\t\t\t\t<div class=\"elementor-element elementor-element-4f6598b7 elementor-widget elementor-widget-image\" data-id=\"4f6598b7\" data-element_type=\"widget\" data-e-type=\"widget\" data-widget_type=\"image.default\">\n\t\t\t\t<div class=\"elementor-widget-container\">\n\t\t\t\t\t\t\t\t\t\t\t\t\t\t\t<img decoding=\"async\" src=\"https:\/\/musee.oceano.org\/wp-content\/uploads\/sites\/2\/elementor\/thumbs\/3-1-MOM_0344-scaled-rjyt4by7d5btnnqa4w5qnm1rrsfmmi8uut7hpeu6ne.jpg\" title=\"3-1-MOM_0344\" alt=\"3-1-MOM_0344\" loading=\"lazy\" \/>\t\t\t\t\t\t\t\t\t\t\t\t\t\t\t<\/div>\n\t\t\t\t<\/div>\n\t\t\t\t<div class=\"elementor-element elementor-element-486e7a0d elementor-widget elementor-widget-heading\" data-id=\"486e7a0d\" data-element_type=\"widget\" data-e-type=\"widget\" data-widget_type=\"heading.default\">\n\t\t\t\t<div class=\"elementor-widget-container\">\n\t\t\t\t\t<h4 class=\"elementor-heading-title elementor-size-default\">Os Aqu\u00e1rios do Museu<\/h4>\t\t\t\t<\/div>\n\t\t\t\t<\/div>\n\t\t\t\t<div class=\"elementor-element elementor-element-55b031d8 elementor-align-center elementor-widget elementor-widget-button\" data-id=\"55b031d8\" data-element_type=\"widget\" data-e-type=\"widget\" data-widget_type=\"button.default\">\n\t\t\t\t<div class=\"elementor-widget-container\">\n\t\t\t\t\t\t\t\t\t<div class=\"elementor-button-wrapper\">\n\t\t\t\t\t<a class=\"elementor-button elementor-button-link elementor-size-sm\" href=\"https:\/\/musee.oceano.org\/pt-pt\/aquarios\/\">\n\t\t\t\t\t\t<span class=\"elementor-button-content-wrapper\">\n\t\t\t\t\t\t\t\t\t<span class=\"elementor-button-text\">Descubra<\/span>\n\t\t\t\t\t<\/span>\n\t\t\t\t\t<\/a>\n\t\t\t\t<\/div>\n\t\t\t\t\t\t\t\t<\/div>\n\t\t\t\t<\/div>\n\t\t\t\t\t<\/div>\n\t\t<\/div>\n\t\t\t\t<div class=\"elementor-column elementor-col-33 elementor-top-column elementor-element elementor-element-5fff2e74\" data-id=\"5fff2e74\" data-element_type=\"column\" data-e-type=\"column\">\n\t\t\t<div class=\"elementor-widget-wrap elementor-element-populated\">\n\t\t\t\t\t\t<div class=\"elementor-element elementor-element-66e6393e elementor-widget elementor-widget-image\" data-id=\"66e6393e\" data-element_type=\"widget\" data-e-type=\"widget\" data-widget_type=\"image.default\">\n\t\t\t\t<div class=\"elementor-widget-container\">\n\t\t\t\t\t\t\t\t\t\t\t\t\t\t\t<img decoding=\"async\" src=\"https:\/\/musee.oceano.org\/wp-content\/uploads\/sites\/2\/elementor\/thumbs\/30_Bac-Plong\u00e9e-de-nuit_M_Dagnino-1-scaled-rjyt5m0ao12vgjvdny2gjsfcvo4m3obpd56a7yxw6i.jpg\" title=\"30_Bac-Plong\u00e9e-de-nuit_M_Dagnino-1\" alt=\"30_Bac-Plong\u00e9e-de-nuit_M_Dagnino-1\" loading=\"lazy\" \/>\t\t\t\t\t\t\t\t\t\t\t\t\t\t\t<\/div>\n\t\t\t\t<\/div>\n\t\t\t\t<div class=\"elementor-element elementor-element-6928c046 elementor-widget elementor-widget-heading\" data-id=\"6928c046\" data-element_type=\"widget\" data-e-type=\"widget\" data-widget_type=\"heading.default\">\n\t\t\t\t<div class=\"elementor-widget-container\">\n\t\t\t\t\t<h4 class=\"elementor-heading-title elementor-size-default\">Foco tem\u00e1tico: coral<\/h4>\t\t\t\t<\/div>\n\t\t\t\t<\/div>\n\t\t\t\t<div class=\"elementor-element elementor-element-78228566 elementor-align-center elementor-widget elementor-widget-button\" data-id=\"78228566\" data-element_type=\"widget\" data-e-type=\"widget\" data-widget_type=\"button.default\">\n\t\t\t\t<div class=\"elementor-widget-container\">\n\t\t\t\t\t\t\t\t\t<div class=\"elementor-button-wrapper\">\n\t\t\t\t\t<a class=\"elementor-button elementor-button-link elementor-size-sm\" href=\"https:\/\/www.oceano.org\/les-pages-thematiques\/corail\/\">\n\t\t\t\t\t\t<span class=\"elementor-button-content-wrapper\">\n\t\t\t\t\t\t\t\t\t<span class=\"elementor-button-text\">explorar<\/span>\n\t\t\t\t\t<\/span>\n\t\t\t\t\t<\/a>\n\t\t\t\t<\/div>\n\t\t\t\t\t\t\t\t<\/div>\n\t\t\t\t<\/div>\n\t\t\t\t\t<\/div>\n\t\t<\/div>\n\t\t\t\t<div class=\"elementor-column elementor-col-33 elementor-top-column elementor-element elementor-element-66cdc717\" data-id=\"66cdc717\" data-element_type=\"column\" data-e-type=\"column\">\n\t\t\t<div class=\"elementor-widget-wrap elementor-element-populated\">\n\t\t\t\t\t\t<div class=\"elementor-element elementor-element-8c6951c elementor-widget elementor-widget-image\" data-id=\"8c6951c\" data-element_type=\"widget\" data-e-type=\"widget\" data-widget_type=\"image.default\">\n\t\t\t\t<div class=\"elementor-widget-container\">\n\t\t\t\t\t\t\t\t\t\t\t\t\t\t\t<img decoding=\"async\" src=\"https:\/\/musee.oceano.org\/wp-content\/uploads\/sites\/2\/elementor\/thumbs\/httpswww.instagram.compBx-BKBfFQAN-rjyt4gnebbi99pjgdg6vi2v2qpsgozrijggx3sn7sa.jpg\" title=\"httpswww.instagram.compBx-BKBfFQAN\" alt=\"httpswww.instagram.compBx-BKBfFQAN\" loading=\"lazy\" \/>\t\t\t\t\t\t\t\t\t\t\t\t\t\t\t<\/div>\n\t\t\t\t<\/div>\n\t\t\t\t<div class=\"elementor-element elementor-element-31210fe4 elementor-widget elementor-widget-heading\" data-id=\"31210fe4\" data-element_type=\"widget\" data-e-type=\"widget\" data-widget_type=\"heading.default\">\n\t\t\t\t<div class=\"elementor-widget-container\">\n\t\t\t\t\t<h4 class=\"elementor-heading-title elementor-size-default\">A Odisseia das Tartarugas<\/h4>\t\t\t\t<\/div>\n\t\t\t\t<\/div>\n\t\t\t\t<div class=\"elementor-element elementor-element-554ab27b elementor-align-center elementor-widget elementor-widget-button\" data-id=\"554ab27b\" data-element_type=\"widget\" data-e-type=\"widget\" data-widget_type=\"button.default\">\n\t\t\t\t<div class=\"elementor-widget-container\">\n\t\t\t\t\t\t\t\t\t<div class=\"elementor-button-wrapper\">\n\t\t\t\t\t<a class=\"elementor-button elementor-button-link elementor-size-sm\" href=\"https:\/\/musee.oceano.org\/lodyssee-des-tortues-marines\/\">\n\t\t\t\t\t\t<span class=\"elementor-button-content-wrapper\">\n\t\t\t\t\t\t\t\t\t<span class=\"elementor-button-text\">visitar<\/span>\n\t\t\t\t\t<\/span>\n\t\t\t\t\t<\/a>\n\t\t\t\t<\/div>\n\t\t\t\t\t\t\t\t<\/div>\n\t\t\t\t<\/div>\n\t\t\t\t\t<\/div>\n\t\t<\/div>\n\t\t\t\t\t<\/div>\n\t\t<\/section>\n\t\t\t\t<section class=\"elementor-section elementor-top-section elementor-element elementor-element-635215f8 elementor-section-full_width elementor-section-height-default elementor-section-height-default\" data-id=\"635215f8\" data-element_type=\"section\" data-e-type=\"section\" data-settings=\"{&quot;background_background&quot;:&quot;classic&quot;}\">\n\t\t\t\t\t\t<div class=\"elementor-container elementor-column-gap-default\">\n\t\t\t\t\t<div class=\"elementor-column elementor-col-100 elementor-top-column elementor-element elementor-element-4a72a651\" data-id=\"4a72a651\" data-element_type=\"column\" data-e-type=\"column\">\n\t\t\t<div class=\"elementor-widget-wrap elementor-element-populated\">\n\t\t\t\t\t\t<div class=\"elementor-element elementor-element-6d5aff7a elementor-widget elementor-widget-heading\" data-id=\"6d5aff7a\" data-element_type=\"widget\" data-e-type=\"widget\" data-widget_type=\"heading.default\">\n\t\t\t\t<div class=\"elementor-widget-container\">\n\t\t\t\t\t<h4 class=\"elementor-heading-title elementor-size-default\">Exposi\u00e7\u00f5es passadas<\/h4>\t\t\t\t<\/div>\n\t\t\t\t<\/div>\n\t\t\t\t\t<\/div>\n\t\t<\/div>\n\t\t\t\t\t<\/div>\n\t\t<\/section>\n\t\t\t\t<section class=\"elementor-section elementor-top-section elementor-element elementor-element-6a904711 elementor-section-content-middle elementor-section-boxed elementor-section-height-default elementor-section-height-default\" data-id=\"6a904711\" data-element_type=\"section\" data-e-type=\"section\" data-settings=\"{&quot;background_background&quot;:&quot;classic&quot;}\">\n\t\t\t\t\t\t<div class=\"elementor-container elementor-column-gap-default\">\n\t\t\t\t\t<div class=\"elementor-column elementor-col-100 elementor-top-column elementor-element elementor-element-131b51a\" data-id=\"131b51a\" data-element_type=\"column\" data-e-type=\"column\">\n\t\t\t<div class=\"elementor-widget-wrap elementor-element-populated\">\n\t\t\t\t\t\t<div class=\"elementor-element elementor-element-2f410b04 elementor-widget elementor-widget-shortcode\" data-id=\"2f410b04\" data-element_type=\"widget\" data-e-type=\"widget\" data-widget_type=\"shortcode.default\">\n\t\t\t\t<div class=\"elementor-widget-container\">\n\t\t\t\t\t\t\t<div class=\"elementor-shortcode\"><div class=\"related-cp\">\n    <div class=\"flex-container former_expositions_slides\">\n        <div class=\"txt-center cp-block\">\n    <div class=\"zoom-effect\">\n        <img loading=\"lazy\" decoding=\"async\" width=\"433\" height=\"433\" src=\"https:\/\/musee.oceano.org\/wp-content\/uploads\/sites\/2\/2022\/05\/imersion-pol-uk-433x433.jpg\" class=\"attachment-img-bloc-three-content size-img-bloc-three-content wp-post-image\" alt=\"\" srcset=\"https:\/\/musee.oceano.org\/wp-content\/uploads\/sites\/2\/2022\/05\/imersion-pol-uk-433x433.jpg 433w, https:\/\/musee.oceano.org\/wp-content\/uploads\/sites\/2\/2022\/05\/imersion-pol-uk-300x300.jpg 300w, https:\/\/musee.oceano.org\/wp-content\/uploads\/sites\/2\/2022\/05\/imersion-pol-uk-150x150.jpg 150w, https:\/\/musee.oceano.org\/wp-content\/uploads\/sites\/2\/2022\/05\/imersion-pol-uk-768x768.jpg 768w, https:\/\/musee.oceano.org\/wp-content\/uploads\/sites\/2\/2022\/05\/imersion-pol-uk-334x334.jpg 334w, https:\/\/musee.oceano.org\/wp-content\/uploads\/sites\/2\/2022\/05\/imersion-pol-uk.jpg 800w\" sizes=\"(max-width: 433px) 100vw, 433px\" \/>    <\/div>\n    <h5 class=\"color-white mtl\">Miss\u00e3o Polaire, a exposi\u00e7\u00e3o &#8220;IMMERSION<\/h5>\n    <a href=\"https:\/\/musee.oceano.org\/pt-pt\/exposicoes\/missao-polaire-a-exposicao-immersion\/\" class=\"btn color-white border-white mrauto mlauto mtl\">\n        <span class=\"btn-text\">Ver<\/span>\n    <\/a>\n<\/div>\n\n<div class=\"txt-center cp-block\">\n    <div class=\"zoom-effect\">\n        <img loading=\"lazy\" decoding=\"async\" width=\"433\" height=\"433\" src=\"https:\/\/musee.oceano.org\/wp-content\/uploads\/sites\/2\/2019\/06\/1426590317-433x433.jpg\" class=\"attachment-img-bloc-three-content size-img-bloc-three-content wp-post-image\" alt=\"\" srcset=\"https:\/\/musee.oceano.org\/wp-content\/uploads\/sites\/2\/2019\/06\/1426590317-433x433.jpg 433w, https:\/\/musee.oceano.org\/wp-content\/uploads\/sites\/2\/2019\/06\/1426590317-150x150.jpg 150w, https:\/\/musee.oceano.org\/wp-content\/uploads\/sites\/2\/2019\/06\/1426590317-334x334.jpg 334w\" sizes=\"(max-width: 433px) 100vw, 433px\" \/>    <\/div>\n    <h5 class=\"color-white mtl\">Sobre tubar\u00f5es e humanidade<\/h5>\n    <a href=\"https:\/\/musee.oceano.org\/pt-pt\/exposicoes\/sobre-tubaroes-e-humanidade\/\" class=\"btn color-white border-white mrauto mlauto mtl\">\n        <span class=\"btn-text\">Ver<\/span>\n    <\/a>\n<\/div>\n\n<div class=\"txt-center cp-block\">\n    <div class=\"zoom-effect\">\n        <img loading=\"lazy\" decoding=\"async\" width=\"433\" height=\"433\" src=\"https:\/\/musee.oceano.org\/wp-content\/uploads\/sites\/2\/2019\/05\/LOW-FINI-09_Artiste-Alick-Tipoti_M_Dagnino-433x433.jpg\" class=\"attachment-img-bloc-three-content size-img-bloc-three-content wp-post-image\" alt=\"\" srcset=\"https:\/\/musee.oceano.org\/wp-content\/uploads\/sites\/2\/2019\/05\/LOW-FINI-09_Artiste-Alick-Tipoti_M_Dagnino-433x433.jpg 433w, https:\/\/musee.oceano.org\/wp-content\/uploads\/sites\/2\/2019\/05\/LOW-FINI-09_Artiste-Alick-Tipoti_M_Dagnino-150x150.jpg 150w, https:\/\/musee.oceano.org\/wp-content\/uploads\/sites\/2\/2019\/05\/LOW-FINI-09_Artiste-Alick-Tipoti_M_Dagnino-300x300.jpg 300w, https:\/\/musee.oceano.org\/wp-content\/uploads\/sites\/2\/2019\/05\/LOW-FINI-09_Artiste-Alick-Tipoti_M_Dagnino-768x767.jpg 768w, https:\/\/musee.oceano.org\/wp-content\/uploads\/sites\/2\/2019\/05\/LOW-FINI-09_Artiste-Alick-Tipoti_M_Dagnino-1024x1024.jpg 1024w, https:\/\/musee.oceano.org\/wp-content\/uploads\/sites\/2\/2019\/05\/LOW-FINI-09_Artiste-Alick-Tipoti_M_Dagnino-334x334.jpg 334w, https:\/\/musee.oceano.org\/wp-content\/uploads\/sites\/2\/2019\/05\/LOW-FINI-09_Artiste-Alick-Tipoti_M_Dagnino.jpg 1039w\" sizes=\"(max-width: 433px) 100vw, 433px\" \/>    <\/div>\n    <h5 class=\"color-white mtl\">Taba Naba<\/h5>\n    <a href=\"https:\/\/musee.oceano.org\/pt-pt\/exposicoes\/taba-naba\/\" class=\"btn color-white border-white mrauto mlauto mtl\">\n        <span class=\"btn-text\">Ver<\/span>\n    <\/a>\n<\/div>\n\n<div class=\"txt-center cp-block\">\n    <div class=\"zoom-effect\">\n        <img loading=\"lazy\" decoding=\"async\" width=\"433\" height=\"433\" src=\"https:\/\/musee.oceano.org\/wp-content\/uploads\/sites\/2\/2019\/05\/4-Parcours-th\u00e9matique-Odyss\u00e9e-des-tortues-marines-\u00a9-M.-Dagnino-Institut-oc\u00e9anographique-433x433.jpg\" class=\"attachment-img-bloc-three-content size-img-bloc-three-content wp-post-image\" alt=\"\" srcset=\"https:\/\/musee.oceano.org\/wp-content\/uploads\/sites\/2\/2019\/05\/4-Parcours-th\u00e9matique-Odyss\u00e9e-des-tortues-marines-\u00a9-M.-Dagnino-Institut-oc\u00e9anographique-433x433.jpg 433w, https:\/\/musee.oceano.org\/wp-content\/uploads\/sites\/2\/2019\/05\/4-Parcours-th\u00e9matique-Odyss\u00e9e-des-tortues-marines-\u00a9-M.-Dagnino-Institut-oc\u00e9anographique-150x150.jpg 150w, https:\/\/musee.oceano.org\/wp-content\/uploads\/sites\/2\/2019\/05\/4-Parcours-th\u00e9matique-Odyss\u00e9e-des-tortues-marines-\u00a9-M.-Dagnino-Institut-oc\u00e9anographique-334x334.jpg 334w\" sizes=\"(max-width: 433px) 100vw, 433px\" \/>    <\/div>\n    <h5 class=\"color-white mtl\">A Odisseia da Tartaruga Marinha &#8211; A Exposi\u00e7\u00e3o<\/h5>\n    <a href=\"https:\/\/musee.oceano.org\/pt-pt\/exposicoes\/a-odisseia-da-tartaruga-marinha-a-exposicao\/\" class=\"btn color-white border-white mrauto mlauto mtl\">\n        <span class=\"btn-text\">Ver<\/span>\n    <\/a>\n<\/div>\n\n<div class=\"txt-center cp-block\">\n    <div class=\"zoom-effect\">\n        <img loading=\"lazy\" decoding=\"async\" width=\"433\" height=\"433\" src=\"https:\/\/musee.oceano.org\/wp-content\/uploads\/sites\/2\/2020\/10\/Michel-AUBERY-01-2-433x433.jpg\" class=\"attachment-img-bloc-three-content size-img-bloc-three-content wp-post-image\" alt=\"\" srcset=\"https:\/\/musee.oceano.org\/wp-content\/uploads\/sites\/2\/2020\/10\/Michel-AUBERY-01-2-433x433.jpg 433w, https:\/\/musee.oceano.org\/wp-content\/uploads\/sites\/2\/2020\/10\/Michel-AUBERY-01-2-150x150.jpg 150w, https:\/\/musee.oceano.org\/wp-content\/uploads\/sites\/2\/2020\/10\/Michel-AUBERY-01-2-334x334.jpg 334w\" sizes=\"(max-width: 433px) 100vw, 433px\" \/>    <\/div>\n    <h5 class=\"color-white mtl\">EXPOSI\u00c7\u00c3O &#8220;RECIFS&#8221; DE MICHEL AUBERY<\/h5>\n    <a href=\"https:\/\/musee.oceano.org\/pt-pt\/exposicoes\/exposicao-recifs-de-michel-aubery\/\" class=\"btn color-white border-white mrauto mlauto mtl\">\n        <span class=\"btn-text\">Ver<\/span>\n    <\/a>\n<\/div>\n\n<div class=\"txt-center cp-block\">\n    <div class=\"zoom-effect\">\n        <img loading=\"lazy\" decoding=\"async\" width=\"433\" height=\"433\" src=\"https:\/\/musee.oceano.org\/wp-content\/uploads\/sites\/2\/2019\/10\/Huang-Yong-Ping-433x433.jpg\" class=\"attachment-img-bloc-three-content size-img-bloc-three-content wp-post-image\" alt=\"\" srcset=\"https:\/\/musee.oceano.org\/wp-content\/uploads\/sites\/2\/2019\/10\/Huang-Yong-Ping-433x433.jpg 433w, https:\/\/musee.oceano.org\/wp-content\/uploads\/sites\/2\/2019\/10\/Huang-Yong-Ping-150x150.jpg 150w, https:\/\/musee.oceano.org\/wp-content\/uploads\/sites\/2\/2019\/10\/Huang-Yong-Ping-334x334.jpg 334w\" sizes=\"(max-width: 433px) 100vw, 433px\" \/>    <\/div>\n    <h5 class=\"color-white mtl\">Tributo: Huang Yong Ping<\/h5>\n    <a href=\"https:\/\/musee.oceano.org\/pt-pt\/exposicoes\/tributo-huang-yong-ping\/\" class=\"btn color-white border-white mrauto mlauto mtl\">\n        <span class=\"btn-text\">Ver<\/span>\n    <\/a>\n<\/div>\n\n<div class=\"txt-center cp-block\">\n    <div class=\"zoom-effect\">\n        <img loading=\"lazy\" decoding=\"async\" width=\"433\" height=\"433\" src=\"https:\/\/musee.oceano.org\/wp-content\/uploads\/sites\/2\/2019\/06\/1484671235-433x433.jpg\" class=\"attachment-img-bloc-three-content size-img-bloc-three-content wp-post-image\" alt=\"\" srcset=\"https:\/\/musee.oceano.org\/wp-content\/uploads\/sites\/2\/2019\/06\/1484671235-433x433.jpg 433w, https:\/\/musee.oceano.org\/wp-content\/uploads\/sites\/2\/2019\/06\/1484671235-150x150.jpg 150w, https:\/\/musee.oceano.org\/wp-content\/uploads\/sites\/2\/2019\/06\/1484671235-334x334.jpg 334w\" sizes=\"(max-width: 433px) 100vw, 433px\" \/>    <\/div>\n    <h5 class=\"color-white mtl\">Tubar\u00f5es<\/h5>\n    <a href=\"https:\/\/musee.oceano.org\/pt-pt\/exposicoes\/tubaroes\/\" class=\"btn color-white border-white mrauto mlauto mtl\">\n        <span class=\"btn-text\">Ver<\/span>\n    <\/a>\n<\/div>\n\n<div class=\"txt-center cp-block\">\n    <div class=\"zoom-effect\">\n        <img loading=\"lazy\" decoding=\"async\" width=\"433\" height=\"433\" src=\"https:\/\/musee.oceano.org\/wp-content\/uploads\/sites\/2\/2019\/12\/tortue-verte-\u00a9Fabien-Lefebvre-Explorations-de-Monaco--433x433.jpg\" class=\"attachment-img-bloc-three-content size-img-bloc-three-content wp-post-image\" alt=\"\" srcset=\"https:\/\/musee.oceano.org\/wp-content\/uploads\/sites\/2\/2019\/12\/tortue-verte-\u00a9Fabien-Lefebvre-Explorations-de-Monaco--433x433.jpg 433w, https:\/\/musee.oceano.org\/wp-content\/uploads\/sites\/2\/2019\/12\/tortue-verte-\u00a9Fabien-Lefebvre-Explorations-de-Monaco--150x150.jpg 150w, https:\/\/musee.oceano.org\/wp-content\/uploads\/sites\/2\/2019\/12\/tortue-verte-\u00a9Fabien-Lefebvre-Explorations-de-Monaco--334x334.jpg 334w\" sizes=\"(max-width: 433px) 100vw, 433px\" \/>    <\/div>\n    <h5 class=\"color-white mtl\">Exposi\u00e7\u00e3o Martinica<\/h5>\n    <a href=\"https:\/\/musee.oceano.org\/pt-pt\/exposicoes\/exposicao-martinica\/\" class=\"btn color-white border-white mrauto mlauto mtl\">\n        <span class=\"btn-text\">Ver<\/span>\n    <\/a>\n<\/div>\n\n<div class=\"txt-center cp-block\">\n    <div class=\"zoom-effect\">\n        <img loading=\"lazy\" decoding=\"async\" width=\"433\" height=\"433\" src=\"https:\/\/musee.oceano.org\/wp-content\/uploads\/sites\/2\/2019\/06\/3-4-IMG_6076-433x433.jpg\" class=\"attachment-img-bloc-three-content size-img-bloc-three-content wp-post-image\" alt=\"\" srcset=\"https:\/\/musee.oceano.org\/wp-content\/uploads\/sites\/2\/2019\/06\/3-4-IMG_6076-433x433.jpg 433w, https:\/\/musee.oceano.org\/wp-content\/uploads\/sites\/2\/2019\/06\/3-4-IMG_6076-150x150.jpg 150w, https:\/\/musee.oceano.org\/wp-content\/uploads\/sites\/2\/2019\/06\/3-4-IMG_6076-334x334.jpg 334w\" sizes=\"(max-width: 433px) 100vw, 433px\" \/>    <\/div>\n    <h5 class=\"color-white mtl\">Fronteira<\/h5>\n    <a href=\"https:\/\/musee.oceano.org\/pt-pt\/exposicoes\/fronteira\/\" class=\"btn color-white border-white mrauto mlauto mtl\">\n        <span class=\"btn-text\">Ver<\/span>\n    <\/a>\n<\/div>\n\n    <\/div>\n<\/div>\n<\/div>\n\t\t\t\t\t\t<\/div>\n\t\t\t\t<\/div>\n\t\t\t\t\t<\/div>\n\t\t<\/div>\n\t\t\t\t\t<\/div>\n\t\t<\/section>\n\t\t\t\t<\/div>\n\t\t","protected":false},"excerpt":{"rendered":"<p>EXPOSI\u00c7\u00c3O DE IMERS\u00c3O Mergulhe na Grande Barreira de Coral [EXPO TERMIN\u00c9E] UMA EXPERI\u00caNCIA IMERSIVA E INTERATIVA FORA DO COMUM PARA TODOS A exposi\u00e7\u00e3o terminou! A exposi\u00e7\u00e3o da Grande Barreira de Coral d\u00e1 lugar a uma nova exposi\u00e7\u00e3o : \u00ab Miss\u00e3o Polar \u00bb. Cinco \u00e1reas tem\u00e1ticas, distribu\u00eddas por dois n\u00edveis, pontuam este novo percurso tur\u00edstico. Desde [&hellip;]<\/p>\n","protected":false},"featured_media":25723,"parent":0,"template":"","meta":{"_acf_changed":false,"footnotes":""},"etatexpositions":[339],"class_list":["post-25715","expositions","type-expositions","status-publish","has-post-thumbnail","hentry","etatexpositions-passadas"],"acf":[],"yoast_head":"<!-- This site is optimized with the Yoast SEO plugin v27.2 - https:\/\/yoast.com\/product\/yoast-seo-wordpress\/ -->\n<title>Exposi\u00e7\u00e3o &quot;IMMERSION - Mus\u00e9e Oc\u00e9anographique de Monaco<\/title>\n<meta name=\"description\" content=\"Descubra a nova exposi\u00e7\u00e3o do museu oceanogr\u00e1fico e conhe\u00e7a virtualmente as esp\u00e9cies emblem\u00e1ticas da Grande Barreira de Coral.\" \/>\n<meta name=\"robots\" content=\"index, follow, max-snippet:-1, max-image-preview:large, max-video-preview:-1\" \/>\n<link rel=\"canonical\" href=\"https:\/\/musee.oceano.org\/pt-pt\/exposicoes\/exposicao-imersao\/\" \/>\n<meta property=\"og:locale\" content=\"pt_PT\" \/>\n<meta property=\"og:type\" content=\"article\" \/>\n<meta property=\"og:title\" content=\"Exposi\u00e7\u00e3o &quot;IMMERSION - Mus\u00e9e Oc\u00e9anographique de Monaco\" \/>\n<meta property=\"og:description\" content=\"Descubra a nova exposi\u00e7\u00e3o do museu oceanogr\u00e1fico e conhe\u00e7a virtualmente as esp\u00e9cies emblem\u00e1ticas da Grande Barreira de Coral.\" \/>\n<meta property=\"og:url\" content=\"https:\/\/musee.oceano.org\/pt-pt\/exposicoes\/exposicao-imersao\/\" \/>\n<meta property=\"og:site_name\" content=\"Mus\u00e9e Oc\u00e9anographique de Monaco\" \/>\n<meta property=\"article:modified_time\" content=\"2024-06-12T11:29:43+00:00\" \/>\n<meta property=\"og:image\" content=\"https:\/\/musee.oceano.org\/wp-content\/uploads\/sites\/2\/2020\/06\/IMMERSION-WEB-VERTICAL.jpg\" \/>\n\t<meta property=\"og:image:width\" content=\"1080\" \/>\n\t<meta property=\"og:image:height\" content=\"1415\" \/>\n\t<meta property=\"og:image:type\" content=\"image\/jpeg\" \/>\n<meta name=\"twitter:card\" content=\"summary_large_image\" \/>\n<meta name=\"twitter:label1\" content=\"Tempo estimado de leitura\" \/>\n\t<meta name=\"twitter:data1\" content=\"15 minutos\" \/>\n<script type=\"application\/ld+json\" class=\"yoast-schema-graph\">{\"@context\":\"https:\/\/schema.org\",\"@graph\":[{\"@type\":\"WebPage\",\"@id\":\"https:\/\/musee.oceano.org\/pt-pt\/exposicoes\/exposicao-imersao\/\",\"url\":\"https:\/\/musee.oceano.org\/pt-pt\/exposicoes\/exposicao-imersao\/\",\"name\":\"Exposi\u00e7\u00e3o \\\"IMMERSION - Mus\u00e9e Oc\u00e9anographique de Monaco\",\"isPartOf\":{\"@id\":\"https:\/\/musee.oceano.org\/#website\"},\"primaryImageOfPage\":{\"@id\":\"https:\/\/musee.oceano.org\/pt-pt\/exposicoes\/exposicao-imersao\/#primaryimage\"},\"image\":{\"@id\":\"https:\/\/musee.oceano.org\/pt-pt\/exposicoes\/exposicao-imersao\/#primaryimage\"},\"thumbnailUrl\":\"https:\/\/musee.oceano.org\/wp-content\/uploads\/sites\/2\/2020\/06\/IMMERSION-WEB-VERTICAL.jpg\",\"datePublished\":\"2021-06-25T14:37:29+00:00\",\"dateModified\":\"2024-06-12T11:29:43+00:00\",\"description\":\"Descubra a nova exposi\u00e7\u00e3o do museu oceanogr\u00e1fico e conhe\u00e7a virtualmente as esp\u00e9cies emblem\u00e1ticas da Grande Barreira de Coral.\",\"breadcrumb\":{\"@id\":\"https:\/\/musee.oceano.org\/pt-pt\/exposicoes\/exposicao-imersao\/#breadcrumb\"},\"inLanguage\":\"pt-PT\",\"potentialAction\":[{\"@type\":\"ReadAction\",\"target\":[\"https:\/\/musee.oceano.org\/pt-pt\/exposicoes\/exposicao-imersao\/\"]}]},{\"@type\":\"ImageObject\",\"inLanguage\":\"pt-PT\",\"@id\":\"https:\/\/musee.oceano.org\/pt-pt\/exposicoes\/exposicao-imersao\/#primaryimage\",\"url\":\"https:\/\/musee.oceano.org\/wp-content\/uploads\/sites\/2\/2020\/06\/IMMERSION-WEB-VERTICAL.jpg\",\"contentUrl\":\"https:\/\/musee.oceano.org\/wp-content\/uploads\/sites\/2\/2020\/06\/IMMERSION-WEB-VERTICAL.jpg\",\"width\":1080,\"height\":1415},{\"@type\":\"BreadcrumbList\",\"@id\":\"https:\/\/musee.oceano.org\/pt-pt\/exposicoes\/exposicao-imersao\/#breadcrumb\",\"itemListElement\":[{\"@type\":\"ListItem\",\"position\":1,\"name\":\"Home\",\"item\":\"https:\/\/musee.oceano.org\/pt-pt\/\"},{\"@type\":\"ListItem\",\"position\":2,\"name\":\"Tentoonstellingen\",\"item\":\"https:\/\/musee.oceano.org\/nl\/tentoonstellingen\/\"},{\"@type\":\"ListItem\",\"position\":3,\"name\":\"Exposi\u00e7\u00e3o &#8220;IMMERSION\"}]},{\"@type\":\"WebSite\",\"@id\":\"https:\/\/musee.oceano.org\/#website\",\"url\":\"https:\/\/musee.oceano.org\/\",\"name\":\"Mus\u00e9e Oc\u00e9anographique de Monaco\",\"description\":\"Faire conna\u00eetre, aimer et prot\u00e9ger les oc\u00e9ans\",\"potentialAction\":[{\"@type\":\"SearchAction\",\"target\":{\"@type\":\"EntryPoint\",\"urlTemplate\":\"https:\/\/musee.oceano.org\/?s={search_term_string}\"},\"query-input\":{\"@type\":\"PropertyValueSpecification\",\"valueRequired\":true,\"valueName\":\"search_term_string\"}}],\"inLanguage\":\"pt-PT\"}]}<\/script>\n<!-- \/ Yoast SEO plugin. -->","yoast_head_json":{"title":"Exposi\u00e7\u00e3o \"IMMERSION - Mus\u00e9e Oc\u00e9anographique de Monaco","description":"Descubra a nova exposi\u00e7\u00e3o do museu oceanogr\u00e1fico e conhe\u00e7a virtualmente as esp\u00e9cies emblem\u00e1ticas da Grande Barreira de Coral.","robots":{"index":"index","follow":"follow","max-snippet":"max-snippet:-1","max-image-preview":"max-image-preview:large","max-video-preview":"max-video-preview:-1"},"canonical":"https:\/\/musee.oceano.org\/pt-pt\/exposicoes\/exposicao-imersao\/","og_locale":"pt_PT","og_type":"article","og_title":"Exposi\u00e7\u00e3o \"IMMERSION - Mus\u00e9e Oc\u00e9anographique de Monaco","og_description":"Descubra a nova exposi\u00e7\u00e3o do museu oceanogr\u00e1fico e conhe\u00e7a virtualmente as esp\u00e9cies emblem\u00e1ticas da Grande Barreira de Coral.","og_url":"https:\/\/musee.oceano.org\/pt-pt\/exposicoes\/exposicao-imersao\/","og_site_name":"Mus\u00e9e Oc\u00e9anographique de Monaco","article_modified_time":"2024-06-12T11:29:43+00:00","og_image":[{"width":1080,"height":1415,"url":"https:\/\/musee.oceano.org\/wp-content\/uploads\/sites\/2\/2020\/06\/IMMERSION-WEB-VERTICAL.jpg","type":"image\/jpeg"}],"twitter_card":"summary_large_image","twitter_misc":{"Tempo estimado de leitura":"15 minutos"},"schema":{"@context":"https:\/\/schema.org","@graph":[{"@type":"WebPage","@id":"https:\/\/musee.oceano.org\/pt-pt\/exposicoes\/exposicao-imersao\/","url":"https:\/\/musee.oceano.org\/pt-pt\/exposicoes\/exposicao-imersao\/","name":"Exposi\u00e7\u00e3o \"IMMERSION - Mus\u00e9e Oc\u00e9anographique de Monaco","isPartOf":{"@id":"https:\/\/musee.oceano.org\/#website"},"primaryImageOfPage":{"@id":"https:\/\/musee.oceano.org\/pt-pt\/exposicoes\/exposicao-imersao\/#primaryimage"},"image":{"@id":"https:\/\/musee.oceano.org\/pt-pt\/exposicoes\/exposicao-imersao\/#primaryimage"},"thumbnailUrl":"https:\/\/musee.oceano.org\/wp-content\/uploads\/sites\/2\/2020\/06\/IMMERSION-WEB-VERTICAL.jpg","datePublished":"2021-06-25T14:37:29+00:00","dateModified":"2024-06-12T11:29:43+00:00","description":"Descubra a nova exposi\u00e7\u00e3o do museu oceanogr\u00e1fico e conhe\u00e7a virtualmente as esp\u00e9cies emblem\u00e1ticas da Grande Barreira de Coral.","breadcrumb":{"@id":"https:\/\/musee.oceano.org\/pt-pt\/exposicoes\/exposicao-imersao\/#breadcrumb"},"inLanguage":"pt-PT","potentialAction":[{"@type":"ReadAction","target":["https:\/\/musee.oceano.org\/pt-pt\/exposicoes\/exposicao-imersao\/"]}]},{"@type":"ImageObject","inLanguage":"pt-PT","@id":"https:\/\/musee.oceano.org\/pt-pt\/exposicoes\/exposicao-imersao\/#primaryimage","url":"https:\/\/musee.oceano.org\/wp-content\/uploads\/sites\/2\/2020\/06\/IMMERSION-WEB-VERTICAL.jpg","contentUrl":"https:\/\/musee.oceano.org\/wp-content\/uploads\/sites\/2\/2020\/06\/IMMERSION-WEB-VERTICAL.jpg","width":1080,"height":1415},{"@type":"BreadcrumbList","@id":"https:\/\/musee.oceano.org\/pt-pt\/exposicoes\/exposicao-imersao\/#breadcrumb","itemListElement":[{"@type":"ListItem","position":1,"name":"Home","item":"https:\/\/musee.oceano.org\/pt-pt\/"},{"@type":"ListItem","position":2,"name":"Tentoonstellingen","item":"https:\/\/musee.oceano.org\/nl\/tentoonstellingen\/"},{"@type":"ListItem","position":3,"name":"Exposi\u00e7\u00e3o &#8220;IMMERSION"}]},{"@type":"WebSite","@id":"https:\/\/musee.oceano.org\/#website","url":"https:\/\/musee.oceano.org\/","name":"Mus\u00e9e Oc\u00e9anographique de Monaco","description":"Faire conna\u00eetre, aimer et prot\u00e9ger les oc\u00e9ans","potentialAction":[{"@type":"SearchAction","target":{"@type":"EntryPoint","urlTemplate":"https:\/\/musee.oceano.org\/?s={search_term_string}"},"query-input":{"@type":"PropertyValueSpecification","valueRequired":true,"valueName":"search_term_string"}}],"inLanguage":"pt-PT"}]}},"_links":{"self":[{"href":"https:\/\/musee.oceano.org\/pt-pt\/wp-json\/wp\/v2\/expositions\/25715","targetHints":{"allow":["GET"]}}],"collection":[{"href":"https:\/\/musee.oceano.org\/pt-pt\/wp-json\/wp\/v2\/expositions"}],"about":[{"href":"https:\/\/musee.oceano.org\/pt-pt\/wp-json\/wp\/v2\/types\/expositions"}],"version-history":[{"count":11,"href":"https:\/\/musee.oceano.org\/pt-pt\/wp-json\/wp\/v2\/expositions\/25715\/revisions"}],"predecessor-version":[{"id":49158,"href":"https:\/\/musee.oceano.org\/pt-pt\/wp-json\/wp\/v2\/expositions\/25715\/revisions\/49158"}],"wp:featuredmedia":[{"embeddable":true,"href":"https:\/\/musee.oceano.org\/pt-pt\/wp-json\/wp\/v2\/media\/25723"}],"wp:attachment":[{"href":"https:\/\/musee.oceano.org\/pt-pt\/wp-json\/wp\/v2\/media?parent=25715"}],"wp:term":[{"taxonomy":"etatexpositions","embeddable":true,"href":"https:\/\/musee.oceano.org\/pt-pt\/wp-json\/wp\/v2\/etatexpositions?post=25715"}],"curies":[{"name":"wp","href":"https:\/\/api.w.org\/{rel}","templated":true}]}}