{"id":25769,"date":"2021-06-25T16:37:36","date_gmt":"2021-06-25T14:37:36","guid":{"rendered":"https:\/\/musee.oceano.org\/expositions\/ilha-badu\/"},"modified":"2021-07-15T17:41:08","modified_gmt":"2021-07-15T15:41:08","slug":"ilha-badu","status":"publish","type":"expositions","link":"https:\/\/musee.oceano.org\/pt-pt\/exposicoes\/ilha-badu\/","title":{"rendered":"Ilha Badu"},"content":{"rendered":"\t\t<div data-elementor-type=\"wp-post\" data-elementor-id=\"25769\" class=\"elementor elementor-25769 elementor-3800\" data-elementor-post-type=\"expositions\">\n\t\t\t\t\t\t<section class=\"elementor-section elementor-top-section elementor-element elementor-element-570155f9 elementor-section-full_width elementor-section-height-default elementor-section-height-default\" data-id=\"570155f9\" data-element_type=\"section\" data-e-type=\"section\">\n\t\t\t\t\t\t<div class=\"elementor-container elementor-column-gap-no\">\n\t\t\t\t\t<div class=\"elementor-column elementor-col-100 elementor-top-column elementor-element elementor-element-829c68c\" data-id=\"829c68c\" data-element_type=\"column\" data-e-type=\"column\">\n\t\t\t<div class=\"elementor-widget-wrap elementor-element-populated\">\n\t\t\t\t\t\t<div class=\"elementor-element elementor-element-378a43fe elementor--h-position-center elementor--v-position-middle elementor-widget elementor-widget-slides\" data-id=\"378a43fe\" data-element_type=\"widget\" data-e-type=\"widget\" data-settings=\"{&quot;navigation&quot;:&quot;none&quot;,&quot;transition&quot;:&quot;slide&quot;,&quot;transition_speed&quot;:500}\" data-widget_type=\"slides.default\">\n\t\t\t\t<div class=\"elementor-widget-container\">\n\t\t\t\t\t\t\t\t\t<div class=\"elementor-swiper\">\n\t\t\t\t\t<div class=\"elementor-slides-wrapper elementor-main-swiper swiper\" role=\"region\" aria-roledescription=\"carousel\" aria-label=\"Slides\" dir=\"ltr\" data-animation=\"fadeInUp\">\n\t\t\t\t<div class=\"swiper-wrapper elementor-slides\">\n\t\t\t\t\t\t\t\t\t\t<div class=\"elementor-repeater-item-891be05 swiper-slide\" role=\"group\" aria-roledescription=\"slide\"><div class=\"swiper-slide-bg\" role=\"img\" aria-label=\"R\u00e9concilier l\u2019humanit\u00e9 et la mer\nLES EXPLORATIONS DE MONACO\n\nAutour du monde pour 3 ans au chevet des mers et des\noc\u00e9ans, S.A.S. le Prince Albert II de Monaco a lanc\u00e9 aujourd\u2019hui\nle programme Monaco Explorations.\n\u00c0 travers celui-ci la Principaut\u00e9 va mettre \u00e0 la disposition\nde la communaut\u00e9 scientifique internationale une plateforme\nde recherche itin\u00e9rante, le Yersin sur laquelle des\nchercheurs du monde entier vont se succ\u00e9der pendant 36\nmois. \u00ab Les d\u00e9cisions que nous devons prendre pour le futur de\nnotre plan\u00e8te s\u2019appuient sur la connaissance. \u00bb a indiqu\u00e9 le\nSouverain \u00ab ...En renouant avec le principe des explorations\nscientifiques en mer nous fournirons de nouveaux \u00e9l\u00e9ments concrets \u00e9tayant les messages d\u2019alerte, de sensibilisation et d\u2019\u00e9ducation. \u00bb\nLe navire battant pavillon mon\u00e9gasque quittera le port de Monaco en Ao\u00fbt 2017 pour y revenir en 2020 en suivant une route longitudinale entre les Tropiques.\nLes zones d\u2019\u00e9tude ont \u00e9t\u00e9 retenues par le Comit\u00e9 d\u2019Orientation Scientifique dirig\u00e9 par le Professeur Patrick Rampal (Centre Scientifique de Monaco) et qui int\u00e8gre 10 membres provenant d\u2019institutions de renomm\u00e9e internationale. Il s\u00e9lectionne depuis plusieurs mois les projets parmi les dizaines qui lui sont soumis. \u00ab C\u2019est \u00e0 la fois un immense honneur de participer \u00e0 une pareille aventure et une grande d\u00e9tresse de voir \u00e0 la lecture des dossiers \u00e0 quel point nous avons maltrait\u00e9 nos oc\u00e9ans. \u00bb pr\u00e9cise le Professeur Rampal.\n\nLa premi\u00e8re de ces missions se d\u00e9roulera en septembre 2017 en Macaron\u00e9sie autour des archipels de Mad\u00e8re et du Cap-Vert. Le Prince Albert Ier, qui s\u2019y est souvent rendu, inspirera fortement les \u00e9quipes de recherche. Des\n\u00e9tudes comparatives permettront d\u2019analyser les effets de l\u2019exploitation de la mer et du changement global. La mission portera sur la connaissance et la protection de la m\u00e9gafaune, notamment les esp\u00e8ces menac\u00e9es : tortues,\nc\u00e9tac\u00e9s, phoques moines, requins. Les\"><\/div><div class=\"swiper-slide-inner\" ><div class=\"swiper-slide-contents\"><h1 class=\"elementor-slide-heading\">A EXPOSI\u00c7\u00c3O DA ILHA BADU<\/h1><div class=\"elementor-slide-description\"><p>Uma miss\u00e3o das explora\u00e7\u00f5es do M\u00f3naco<\/p>\n<\/div><\/div><\/div><\/div>\t\t\t\t<\/div>\n\t\t\t\t\t\t\t<\/div>\n\t\t\t\t<\/div>\n\t\t\t\t\t\t\t\t<\/div>\n\t\t\t\t<\/div>\n\t\t\t\t\t<\/div>\n\t\t<\/div>\n\t\t\t\t\t<\/div>\n\t\t<\/section>\n\t\t\t\t<section class=\"elementor-section elementor-top-section elementor-element elementor-element-bf72df6 elementor-section-full_width elementor-section-height-default elementor-section-height-default\" data-id=\"bf72df6\" data-element_type=\"section\" data-e-type=\"section\" data-settings=\"{&quot;background_background&quot;:&quot;classic&quot;}\">\n\t\t\t\t\t\t<div class=\"elementor-container elementor-column-gap-default\">\n\t\t\t\t\t<div class=\"elementor-column elementor-col-100 elementor-top-column elementor-element elementor-element-6b93c09a\" data-id=\"6b93c09a\" data-element_type=\"column\" data-e-type=\"column\">\n\t\t\t<div class=\"elementor-widget-wrap elementor-element-populated\">\n\t\t\t\t\t\t<div class=\"elementor-element elementor-element-5b8db508 elementor-widget elementor-widget-ee-breadcrumbs\" data-id=\"5b8db508\" data-element_type=\"widget\" data-e-type=\"widget\" data-widget_type=\"ee-breadcrumbs.default\">\n\t\t\t\t<div class=\"elementor-widget-container\">\n\t\t\t\t\t<ul class=\"ee-breadcrumbs\" itemscope=\"\" itemtype=\"http:\/\/schema.org\/BreadcrumbList\"><\/ul>\t\t\t\t<\/div>\n\t\t\t\t<\/div>\n\t\t\t\t\t<\/div>\n\t\t<\/div>\n\t\t\t\t\t<\/div>\n\t\t<\/section>\n\t\t\t\t<section class=\"elementor-section elementor-top-section elementor-element elementor-element-57e07e21 elementor-section-boxed elementor-section-height-default elementor-section-height-default\" data-id=\"57e07e21\" data-element_type=\"section\" data-e-type=\"section\" data-settings=\"{&quot;background_background&quot;:&quot;classic&quot;}\">\n\t\t\t\t\t\t<div class=\"elementor-container elementor-column-gap-default\">\n\t\t\t\t\t<div class=\"elementor-column elementor-col-50 elementor-top-column elementor-element elementor-element-740120ad\" data-id=\"740120ad\" data-element_type=\"column\" data-e-type=\"column\" data-settings=\"{&quot;background_background&quot;:&quot;classic&quot;}\">\n\t\t\t<div class=\"elementor-widget-wrap elementor-element-populated\">\n\t\t\t\t\t\t<div class=\"elementor-element elementor-element-12cd14b elementor-widget elementor-widget-heading\" data-id=\"12cd14b\" data-element_type=\"widget\" data-e-type=\"widget\" data-widget_type=\"heading.default\">\n\t\t\t\t<div class=\"elementor-widget-container\">\n\t\t\t\t\t<h2 class=\"elementor-heading-title elementor-size-default\">O di\u00e1rio de viagem de uma expedi\u00e7\u00e3o\n\n<\/h2>\t\t\t\t<\/div>\n\t\t\t\t<\/div>\n\t\t\t\t<div class=\"elementor-element elementor-element-7a599708 elementor-widget elementor-widget-text-editor\" data-id=\"7a599708\" data-element_type=\"widget\" data-e-type=\"widget\" data-widget_type=\"text-editor.default\">\n\t\t\t\t<div class=\"elementor-widget-container\">\n\t\t\t\t\t\t\t\t\t<p>Fiel ao esp\u00edrito das expedi\u00e7\u00f5es hist\u00f3ricas do seu trisa\u00efeul Pr\u00edncipe Alberto I er, H.S.H. Pr\u00edncipe Alberto II reviveu as Explora\u00e7\u00f5es do M\u00f3naco. Foi neste contexto que visitou Badu, uma das ilhas do Estreito de Torres, no estado de Queensland (norte da Austr\u00e1lia). No local, o Pr\u00edncipe Alberto II imergiu-se na cultura dos ilh\u00e9us, que defendem uma rela\u00e7\u00e3o equilibrada e respeitosa entre o homem e a natureza. Acompanhado em particular por Robert Calcagno, Diretor-Geral do Instituto Oceanogr\u00e1fico, desenhou uma grande fonte de inspira\u00e7\u00e3o. A exposi\u00e7\u00e3o apresentada desde 27 de abril de 2019 no Museu Oceanogr\u00e1fico \u00e9 a mem\u00f3ria: evoca tamb\u00e9m a mem\u00f3ria de um primeiro encontro em terras monegascas.<\/p>\n\t\t\t\t\t\t\t\t<\/div>\n\t\t\t\t<\/div>\n\t\t\t\t\t<\/div>\n\t\t<\/div>\n\t\t\t\t<div class=\"elementor-column elementor-col-50 elementor-top-column elementor-element elementor-element-2c6770c9\" data-id=\"2c6770c9\" data-element_type=\"column\" data-e-type=\"column\">\n\t\t\t<div class=\"elementor-widget-wrap elementor-element-populated\">\n\t\t\t\t\t\t<div class=\"elementor-element elementor-element-58755155 elementor-widget elementor-widget-image\" data-id=\"58755155\" data-element_type=\"widget\" data-e-type=\"widget\" data-widget_type=\"image.default\">\n\t\t\t\t<div class=\"elementor-widget-container\">\n\t\t\t\t\t\t\t\t\t\t\t\t\t\t\t<img fetchpriority=\"high\" decoding=\"async\" width=\"452\" height=\"602\" src=\"https:\/\/musee.oceano.org\/wp-content\/uploads\/sites\/2\/2019\/05\/10_EDM-Mission-Badu-Island_Nov-2018_Ariel_Fuchs-452x602.jpg\" class=\"attachment-img-bloc-content size-img-bloc-content wp-image-22119\" alt=\"\" \/>\t\t\t\t\t\t\t\t\t\t\t\t\t\t\t<\/div>\n\t\t\t\t<\/div>\n\t\t\t\t\t<\/div>\n\t\t<\/div>\n\t\t\t\t\t<\/div>\n\t\t<\/section>\n\t\t\t\t<section class=\"elementor-section elementor-top-section elementor-element elementor-element-5c492ee3 elementor-section-boxed elementor-section-height-default elementor-section-height-default\" data-id=\"5c492ee3\" data-element_type=\"section\" data-e-type=\"section\">\n\t\t\t\t\t\t<div class=\"elementor-container elementor-column-gap-default\">\n\t\t\t\t\t<div class=\"elementor-column elementor-col-50 elementor-top-column elementor-element elementor-element-3c61e9e7\" data-id=\"3c61e9e7\" data-element_type=\"column\" data-e-type=\"column\">\n\t\t\t<div class=\"elementor-widget-wrap elementor-element-populated\">\n\t\t\t\t\t\t<div class=\"elementor-element elementor-element-617c9c2b elementor-widget elementor-widget-heading\" data-id=\"617c9c2b\" data-element_type=\"widget\" data-e-type=\"widget\" data-widget_type=\"heading.default\">\n\t\t\t\t<div class=\"elementor-widget-container\">\n\t\t\t\t\t<h2 class=\"elementor-heading-title elementor-size-default\">A mem\u00f3ria de Taba Naba<\/h2>\t\t\t\t<\/div>\n\t\t\t\t<\/div>\n\t\t\t\t<div class=\"elementor-element elementor-element-11c2fd9c elementor-widget elementor-widget-text-editor\" data-id=\"11c2fd9c\" data-element_type=\"widget\" data-e-type=\"widget\" data-widget_type=\"text-editor.default\">\n\t\t\t\t<div class=\"elementor-widget-container\">\n\t\t\t\t\t\t\t\t\t<p>Em 2016, o Museu Oceanogr\u00e1fico deu as boas-vindas a Taba Naba, com o apoio do<br \/>\nGovernos da Austr\u00e1lia e do Estado de Queensland. Tr\u00eas grandes exposi\u00e7\u00f5es tiveram<br \/>\ncoabitou e explorou a rela\u00e7\u00e3o \u00fanica entre os povos do mar e o seu ambiente.<br \/>\nUm di\u00e1logo que combina tradi\u00e7\u00e3o ancestral e modernidade. Alick Tipoti tinha, ent\u00e3o, feito uma<br \/>\nmagn\u00edfico &#8220;linocut&#8221; de 17 x 40 metros no enorme terra\u00e7o do Museu. Alick<br \/>\nTipoti \u00e9 um dos artistas mais famosos das ilhas do Estreito de Torres. Participa.<br \/>\nativamente para a renova\u00e7\u00e3o do patrim\u00f3nio cultural, tradi\u00e7\u00f5es e linguagem destes<br \/>\nIlhas, ilhas. Atrav\u00e9s da sua arte, explora a cosmologia tradicional e conta como a cultura<br \/>\noral, m\u00fasica, dan\u00e7a e artes visuais interpequester para nos fornecer conhecimento<br \/>\no ambiente marinho, essencial para a sobreviv\u00eancia dos povos. Sem ousadia<br \/>\nacreditando que, ele tinha convidado H.S.H. Pr\u00edncipe Alberto II para visit\u00e1-lo na sua ilha, para<br \/>\nmedir a riqueza da sua cultura, do seu ambiente, e da sua fragilidade tamb\u00e9m&#8230;<\/p>\n\t\t\t\t\t\t\t\t<\/div>\n\t\t\t\t<\/div>\n\t\t\t\t<div class=\"elementor-element elementor-element-4fb0109 elementor-widget elementor-widget-heading\" data-id=\"4fb0109\" data-element_type=\"widget\" data-e-type=\"widget\" data-widget_type=\"heading.default\">\n\t\t\t\t<div class=\"elementor-widget-container\">\n\t\t\t\t\t<h2 class=\"elementor-heading-title elementor-size-default\">De que \u00e9 este territ\u00f3rio emblem\u00e1tico?<\/h2>\t\t\t\t<\/div>\n\t\t\t\t<\/div>\n\t\t\t\t<div class=\"elementor-element elementor-element-786450c8 elementor-widget elementor-widget-text-editor\" data-id=\"786450c8\" data-element_type=\"widget\" data-e-type=\"widget\" data-widget_type=\"text-editor.default\">\n\t\t\t\t<div class=\"elementor-widget-container\">\n\t\t\t\t\t\t\t\t\t<p>Entre a Austr\u00e1lia e Papua Nova Guin\u00e9, as ilhas do estreito de Torres s\u00e3o<br \/>\nlocalizado na jun\u00e7\u00e3o do Mar de Coral e do Mar de Arafura. A popula\u00e7\u00e3o, estimada em<br \/>\nsete mil habitantes, concentrados em apenas 14 das ilhas. Temperado desde a sua<br \/>\nmais inf\u00e2ncia para a dureza do ambiente natural e para a nata\u00e7\u00e3o entre os &#8220;salgados&#8221;<br \/>\n\u2013 crocodilos marinhos \u2013 e os tubar\u00f5es, os habitantes do estreito mant\u00eam uma rela\u00e7\u00e3o<br \/>\nquase fus\u00e3o com este meio que os alimenta fisiologicamente como<br \/>\nespiritualmente. Os ilh\u00e9us do Estreito de Torres continuam comprometidos com o conceito de<\/p>\n<p>cl\u00e3, especialmente a fam\u00edlia Kwod com seus totems (crocodilo, tartaruga, dugong, skate,<br \/>\nemu&#8230;). A prerrogativa do chefe do cl\u00e3 e do Conselho dos Anci\u00e3os \u2013 os &#8220;Anci\u00e3os&#8221; \u2013<br \/>\nainda prevalece sobre muitos assuntos, especialmente no que diz respeito ao &#8220;t\u00edtulo nativo&#8221;,<br \/>\nlei habitual de liquida\u00e7\u00e3o de propriedade de terras.<\/p>\n\t\t\t\t\t\t\t\t<\/div>\n\t\t\t\t<\/div>\n\t\t\t\t<div class=\"elementor-element elementor-element-55d01a64 elementor-widget elementor-widget-text-editor\" data-id=\"55d01a64\" data-element_type=\"widget\" data-e-type=\"widget\" data-widget_type=\"text-editor.default\">\n\t\t\t\t<div class=\"elementor-widget-container\">\n\t\t\t\t\t\t\t\t\t<h1>O QUE A AMEA\u00c7A?<\/h1>\n<p>Hoje, a popula\u00e7\u00e3o origin\u00e1ria do Estreito de Torres \u00e9 pelo menos seis vezes mais<br \/>o continente australiano do que na sua regi\u00e3o de origem, com um risco de<br \/>dissolu\u00e7\u00e3o de tradi\u00e7\u00f5es e cultura ancestral. Este territ\u00f3rio tamb\u00e9m \u00e9<br \/>particularmente vulner\u00e1vel aos efeitos das altera\u00e7\u00f5es clim\u00e1ticas: costas insulares<br \/>roedo pela eros\u00e3o devido \u00e0s mar\u00e9s altas, desaparecimento de corais como resultado<br \/>epis\u00f3dios repetidos de branqueamento&#8230; Durante uma caminhada aqu\u00e1tica no<br \/>fundos soberbos que rodeiam a ilha de Badu, S.A.S. Pr\u00edncipe Alberto II foi capaz de ver o<br \/>efeitos do aquecimento global nos recifes de coral, que sofreram de epis\u00f3dios<br \/>branqueamento severo nos \u00faltimos anos. Em Badu tamb\u00e9m vive o dugong, considerado<br \/>como sagrado e com o qual v\u00e1rios cl\u00e3s se identificam. O \u00fanico mam\u00edfero marinho herb\u00edvoro.<br \/>est\u00e1 agora sob amea\u00e7a. A oeste do Estreito de Torres, uma reserva protegida \u00e9<br \/>Dedicado.<\/p>\n\t\t\t\t\t\t\t\t<\/div>\n\t\t\t\t<\/div>\n\t\t\t\t\t<\/div>\n\t\t<\/div>\n\t\t\t\t<div class=\"elementor-column elementor-col-50 elementor-top-column elementor-element elementor-element-1663cc51\" data-id=\"1663cc51\" data-element_type=\"column\" data-e-type=\"column\" data-settings=\"{&quot;background_background&quot;:&quot;classic&quot;}\">\n\t\t\t<div class=\"elementor-widget-wrap elementor-element-populated\">\n\t\t\t\t\t\t<div class=\"elementor-element elementor-element-4086f95d elementor-widget elementor-widget-image\" data-id=\"4086f95d\" data-element_type=\"widget\" data-e-type=\"widget\" data-widget_type=\"image.default\">\n\t\t\t\t<div class=\"elementor-widget-container\">\n\t\t\t\t\t\t\t\t\t\t\t\t\t\t\t<img decoding=\"async\" width=\"1024\" height=\"1024\" src=\"https:\/\/musee.oceano.org\/wp-content\/uploads\/sites\/2\/2019\/06\/httpswww.instagram.compBx2QogqA7Uw-1024x1024.jpg\" class=\"attachment-large size-large wp-image-5030\" alt=\"\" srcset=\"https:\/\/musee.oceano.org\/wp-content\/uploads\/sites\/2\/2019\/06\/httpswww.instagram.compBx2QogqA7Uw-1024x1024.jpg 1024w, https:\/\/musee.oceano.org\/wp-content\/uploads\/sites\/2\/2019\/06\/httpswww.instagram.compBx2QogqA7Uw-300x300.jpg 300w, https:\/\/musee.oceano.org\/wp-content\/uploads\/sites\/2\/2019\/06\/httpswww.instagram.compBx2QogqA7Uw-150x150.jpg 150w, https:\/\/musee.oceano.org\/wp-content\/uploads\/sites\/2\/2019\/06\/httpswww.instagram.compBx2QogqA7Uw-768x768.jpg 768w, https:\/\/musee.oceano.org\/wp-content\/uploads\/sites\/2\/2019\/06\/httpswww.instagram.compBx2QogqA7Uw-433x433.jpg 433w, https:\/\/musee.oceano.org\/wp-content\/uploads\/sites\/2\/2019\/06\/httpswww.instagram.compBx2QogqA7Uw-334x334.jpg 334w, https:\/\/musee.oceano.org\/wp-content\/uploads\/sites\/2\/2019\/06\/httpswww.instagram.compBx2QogqA7Uw.jpg 1080w\" sizes=\"(max-width: 1024px) 100vw, 1024px\" \/>\t\t\t\t\t\t\t\t\t\t\t\t\t\t\t<\/div>\n\t\t\t\t<\/div>\n\t\t\t\t<div class=\"elementor-element elementor-element-25d1f1e0 elementor-widget elementor-widget-heading\" data-id=\"25d1f1e0\" data-element_type=\"widget\" data-e-type=\"widget\" data-widget_type=\"heading.default\">\n\t\t\t\t<div class=\"elementor-widget-container\">\n\t\t\t\t\t<h2 class=\"elementor-heading-title elementor-size-default\">ILHA BADU<\/h2>\t\t\t\t<\/div>\n\t\t\t\t<\/div>\n\t\t\t\t<div class=\"elementor-element elementor-element-3c32f1f0 elementor-widget elementor-widget-heading\" data-id=\"3c32f1f0\" data-element_type=\"widget\" data-e-type=\"widget\" data-widget_type=\"heading.default\">\n\t\t\t\t<div class=\"elementor-widget-container\">\n\t\t\t\t\t<h2 class=\"elementor-heading-title elementor-size-default\">Uma miss\u00e3o de explora\u00e7\u00f5es do M\u00f3naco<\/h2>\t\t\t\t<\/div>\n\t\t\t\t<\/div>\n\t\t\t\t<section class=\"elementor-section elementor-inner-section elementor-element elementor-element-3cc608de elementor-section-boxed elementor-section-height-default elementor-section-height-default\" data-id=\"3cc608de\" data-element_type=\"section\" data-e-type=\"section\">\n\t\t\t\t\t\t<div class=\"elementor-container elementor-column-gap-default\">\n\t\t\t\t\t<div class=\"elementor-column elementor-col-100 elementor-inner-column elementor-element elementor-element-4266efea\" data-id=\"4266efea\" data-element_type=\"column\" data-e-type=\"column\">\n\t\t\t<div class=\"elementor-widget-wrap elementor-element-populated\">\n\t\t\t\t\t\t<div class=\"elementor-element elementor-element-2428b2a3 elementor-widget elementor-widget-text-editor\" data-id=\"2428b2a3\" data-element_type=\"widget\" data-e-type=\"widget\" data-widget_type=\"text-editor.default\">\n\t\t\t\t<div class=\"elementor-widget-container\">\n\t\t\t\t\t\t\t\t\t<p>Na continuidade do evento de Taba Naba, o Pr\u00edncipe Alberto II quis liderar uma miss\u00e3o das Explora\u00e7\u00f5es do M\u00f3naco na ilha de Badu, para conhecer o povo de Alick Tipoti. Uma exposi\u00e7\u00e3o fotogr\u00e1fica retrata os destaques na Sala de Confer\u00eancias do Museu.<\/p>\n\t\t\t\t\t\t\t\t<\/div>\n\t\t\t\t<\/div>\n\t\t\t\t\t<\/div>\n\t\t<\/div>\n\t\t\t\t\t<\/div>\n\t\t<\/section>\n\t\t\t\t<section class=\"elementor-section elementor-inner-section elementor-element elementor-element-568ae70 elementor-section-boxed elementor-section-height-default elementor-section-height-default\" data-id=\"568ae70\" data-element_type=\"section\" data-e-type=\"section\">\n\t\t\t\t\t\t<div class=\"elementor-container elementor-column-gap-default\">\n\t\t\t\t\t<div class=\"elementor-column elementor-col-100 elementor-inner-column elementor-element elementor-element-f82500a\" data-id=\"f82500a\" data-element_type=\"column\" data-e-type=\"column\">\n\t\t\t<div class=\"elementor-widget-wrap elementor-element-populated\">\n\t\t\t\t\t\t<div class=\"elementor-element elementor-element-2cc9777 elementor-widget elementor-widget-text-editor\" data-id=\"2cc9777\" data-element_type=\"widget\" data-e-type=\"widget\" data-widget_type=\"text-editor.default\">\n\t\t\t\t<div class=\"elementor-widget-container\">\n\t\t\t\t\t\t\t\t\t<p>Les Explorations de M\u00f3naco \u00e9 uma plataforma ao servi\u00e7o do compromisso do Pr\u00edncipe Alberto II com o conhecimento, gest\u00e3o sustent\u00e1vel e prote\u00e7\u00e3o de  <span style=\"letter-spacing: 0.16px;\">o Oceano. Criados por iniciativa do Governo do Principado do M\u00f3naco,  <\/span><span style=\"letter-spacing: 0.16px;\">envolver o Pr\u00edncipe Alberto II da Funda\u00e7\u00e3o M\u00f3naco, o Instituto Oceanogr\u00e1fico, o Centro  <\/span><span style=\"letter-spacing: 0.16px;\">Cientista do M\u00f3naco e do Iate Clube do M\u00f3naco. Eles apoiam as suas a\u00e7\u00f5es  <\/span><span style=\"letter-spacing: 0.16px;\">por miss\u00f5es internacionais que articulam a investiga\u00e7\u00e3o cient\u00edfica, a media\u00e7\u00e3o com o p\u00fablico e a coopera\u00e7\u00e3o governamental.<\/span><\/p>\n\t\t\t\t\t\t\t\t<\/div>\n\t\t\t\t<\/div>\n\t\t\t\t\t<\/div>\n\t\t<\/div>\n\t\t\t\t\t<\/div>\n\t\t<\/section>\n\t\t\t\t<section class=\"elementor-section elementor-inner-section elementor-element elementor-element-18c2211a elementor-section-boxed elementor-section-height-default elementor-section-height-default\" data-id=\"18c2211a\" data-element_type=\"section\" data-e-type=\"section\">\n\t\t\t\t\t\t<div class=\"elementor-container elementor-column-gap-default\">\n\t\t\t\t\t<div class=\"elementor-column elementor-col-100 elementor-inner-column elementor-element elementor-element-b52e29a\" data-id=\"b52e29a\" data-element_type=\"column\" data-e-type=\"column\">\n\t\t\t<div class=\"elementor-widget-wrap elementor-element-populated\">\n\t\t\t\t\t\t<div class=\"elementor-element elementor-element-1422d393 elementor-icon-list--layout-inline elementor-align-center elementor-list-item-link-full_width elementor-widget elementor-widget-icon-list\" data-id=\"1422d393\" data-element_type=\"widget\" data-e-type=\"widget\" data-widget_type=\"icon-list.default\">\n\t\t\t\t<div class=\"elementor-widget-container\">\n\t\t\t\t\t\t\t<ul class=\"elementor-icon-list-items elementor-inline-items\">\n\t\t\t\t\t\t\t<li class=\"elementor-icon-list-item elementor-inline-item\">\n\t\t\t\t\t\t\t\t\t\t\t<span class=\"elementor-icon-list-icon\">\n\t\t\t\t\t\t\t\t\t\t\t\t\t\t\t\t<i class=\"fa fa-facebook\" aria-hidden=\"true\"><\/i>\n\t\t\t\t\t\t\t\t\t\t\t\t\t<\/span>\n\t\t\t\t\t\t\t\t\t\t<span class=\"elementor-icon-list-text\">Facebook  <\/span>\n\t\t\t\t\t\t\t\t\t<\/li>\n\t\t\t\t\t\t\t\t<li class=\"elementor-icon-list-item elementor-inline-item\">\n\t\t\t\t\t\t\t\t\t\t\t<span class=\"elementor-icon-list-icon\">\n\t\t\t\t\t\t\t\t\t\t\t\t\t\t\t\t<i class=\"fa fa-twitter\" aria-hidden=\"true\"><\/i>\n\t\t\t\t\t\t\t\t\t\t\t\t\t<\/span>\n\t\t\t\t\t\t\t\t\t\t<span class=\"elementor-icon-list-text\">twitter  <\/span>\n\t\t\t\t\t\t\t\t\t<\/li>\n\t\t\t\t\t\t\t\t<li class=\"elementor-icon-list-item elementor-inline-item\">\n\t\t\t\t\t\t\t\t\t\t\t<span class=\"elementor-icon-list-icon\">\n\t\t\t\t\t\t\t\t\t\t\t\t\t\t\t\t<i class=\"fa fa-instagram\" aria-hidden=\"true\"><\/i>\n\t\t\t\t\t\t\t\t\t\t\t\t\t<\/span>\n\t\t\t\t\t\t\t\t\t\t<span class=\"elementor-icon-list-text\">Instagram  <\/span>\n\t\t\t\t\t\t\t\t\t<\/li>\n\t\t\t\t\t\t\t\t<li class=\"elementor-icon-list-item elementor-inline-item\">\n\t\t\t\t\t\t\t\t\t\t\t<span class=\"elementor-icon-list-icon\">\n\t\t\t\t\t\t\t\t\t\t\t\t\t\t\t\t<i class=\"fa fa-youtube\" aria-hidden=\"true\"><\/i>\n\t\t\t\t\t\t\t\t\t\t\t\t\t<\/span>\n\t\t\t\t\t\t\t\t\t\t<span class=\"elementor-icon-list-text\">YouTube  <\/span>\n\t\t\t\t\t\t\t\t\t<\/li>\n\t\t\t\t\t\t<\/ul>\n\t\t\t\t\t\t<\/div>\n\t\t\t\t<\/div>\n\t\t\t\t\t<\/div>\n\t\t<\/div>\n\t\t\t\t\t<\/div>\n\t\t<\/section>\n\t\t\t\t\t<\/div>\n\t\t<\/div>\n\t\t\t\t\t<\/div>\n\t\t<\/section>\n\t\t\t\t<section class=\"elementor-section elementor-top-section elementor-element elementor-element-5cabb2f7 elementor-section-boxed elementor-section-height-default elementor-section-height-default\" data-id=\"5cabb2f7\" data-element_type=\"section\" data-e-type=\"section\" data-settings=\"{&quot;background_background&quot;:&quot;classic&quot;}\">\n\t\t\t\t\t\t<div class=\"elementor-container elementor-column-gap-default\">\n\t\t\t\t\t<div class=\"elementor-column elementor-col-100 elementor-top-column elementor-element elementor-element-5eef4f4c\" data-id=\"5eef4f4c\" data-element_type=\"column\" data-e-type=\"column\">\n\t\t\t<div class=\"elementor-widget-wrap elementor-element-populated\">\n\t\t\t\t\t\t<section class=\"elementor-section elementor-inner-section elementor-element elementor-element-3d8b1f93 elementor-section-boxed elementor-section-height-default elementor-section-height-default\" data-id=\"3d8b1f93\" data-element_type=\"section\" data-e-type=\"section\" data-settings=\"{&quot;background_background&quot;:&quot;classic&quot;}\">\n\t\t\t\t\t\t<div class=\"elementor-container elementor-column-gap-default\">\n\t\t\t\t\t<div class=\"elementor-column elementor-col-50 elementor-inner-column elementor-element elementor-element-6717dae\" data-id=\"6717dae\" data-element_type=\"column\" data-e-type=\"column\">\n\t\t\t<div class=\"elementor-widget-wrap elementor-element-populated\">\n\t\t\t\t\t\t<div class=\"elementor-element elementor-element-6acbfa59 elementor-widget elementor-widget-image\" data-id=\"6acbfa59\" data-element_type=\"widget\" data-e-type=\"widget\" data-widget_type=\"image.default\">\n\t\t\t\t<div class=\"elementor-widget-container\">\n\t\t\t\t\t\t\t\t\t\t\t\t\t\t\t<img decoding=\"async\" width=\"762\" height=\"578\" src=\"https:\/\/musee.oceano.org\/wp-content\/uploads\/sites\/2\/2019\/05\/162_EDM-Mission-Badu-Island_Nov-2018_Ariel_Fuchs-IMG_9981-762x578.jpg\" class=\"attachment-img-actu-section size-img-actu-section wp-image-22127\" alt=\"\" \/>\t\t\t\t\t\t\t\t\t\t\t\t\t\t\t<\/div>\n\t\t\t\t<\/div>\n\t\t\t\t\t<\/div>\n\t\t<\/div>\n\t\t\t\t<div class=\"elementor-column elementor-col-50 elementor-inner-column elementor-element elementor-element-620a3ecc\" data-id=\"620a3ecc\" data-element_type=\"column\" data-e-type=\"column\">\n\t\t\t<div class=\"elementor-widget-wrap elementor-element-populated\">\n\t\t\t\t\t\t<div class=\"elementor-element elementor-element-4b60608d elementor-widget elementor-widget-heading\" data-id=\"4b60608d\" data-element_type=\"widget\" data-e-type=\"widget\" data-widget_type=\"heading.default\">\n\t\t\t\t<div class=\"elementor-widget-container\">\n\t\t\t\t\t<h2 class=\"elementor-heading-title elementor-size-default\">O aviso  <br>  anci\u00e3os<\/h2>\t\t\t\t<\/div>\n\t\t\t\t<\/div>\n\t\t\t\t<div class=\"elementor-element elementor-element-92ef459 elementor-widget elementor-widget-text-editor\" data-id=\"92ef459\" data-element_type=\"widget\" data-e-type=\"widget\" data-widget_type=\"text-editor.default\">\n\t\t\t\t<div class=\"elementor-widget-container\">\n\t\t\t\t\t\t\t\t\t<p>Entre as muitas trocas realizadas no local, a que o Pr\u00edncipe Alberto II do M\u00f3naco teve com os Anci\u00e3os da comunidade de Badu continua a ser uma das mais marcantes. Os seus interlocutores, em seguida, confidenciou-lhe: &#8221;  <i>Estamos em contacto com a natureza e, portanto, na primeira fila para ver a rutura das esta\u00e7\u00f5es do ano, a modifica\u00e7\u00e3o da pan\u00f3plia de elementos naturais que nos rodeiam. Somos as melhores testemunhas. Para n\u00f3s, as altera\u00e7\u00f5es clim\u00e1ticas significam, acima de tudo, uma perda de identidade e o desaparecimento das nossas ra\u00edzes. Temos medo pela nossa cultura, pelo nosso modo de vida. Infelizmente, n\u00e3o somos muito ouvidos. Precisamos que mais pessoas testemunhem o que estamos a passar. Do que nos afeta. \u00c9 por isso que a sua visita \u00e9 importante para n\u00f3s. Abre uma janela para as nossas comunidades que dizem ao mundo: nem tudo est\u00e1 bem! \u00bb<\/i><\/p>\n\t\t\t\t\t\t\t\t<\/div>\n\t\t\t\t<\/div>\n\t\t\t\t\t<\/div>\n\t\t<\/div>\n\t\t\t\t\t<\/div>\n\t\t<\/section>\n\t\t\t\t\t<\/div>\n\t\t<\/div>\n\t\t\t\t\t<\/div>\n\t\t<\/section>\n\t\t\t\t<section class=\"elementor-section elementor-top-section elementor-element elementor-element-708c092a elementor-section-boxed elementor-section-height-default elementor-section-height-default\" data-id=\"708c092a\" data-element_type=\"section\" data-e-type=\"section\" data-settings=\"{&quot;background_background&quot;:&quot;classic&quot;}\">\n\t\t\t\t\t\t<div class=\"elementor-container elementor-column-gap-default\">\n\t\t\t\t\t<div class=\"elementor-column elementor-col-100 elementor-top-column elementor-element elementor-element-d7bb78d\" data-id=\"d7bb78d\" data-element_type=\"column\" data-e-type=\"column\">\n\t\t\t<div class=\"elementor-widget-wrap elementor-element-populated\">\n\t\t\t\t\t\t<section class=\"elementor-section elementor-inner-section elementor-element elementor-element-177df259 elementor-section-boxed elementor-section-height-default elementor-section-height-default\" data-id=\"177df259\" data-element_type=\"section\" data-e-type=\"section\" data-settings=\"{&quot;background_background&quot;:&quot;classic&quot;}\">\n\t\t\t\t\t\t<div class=\"elementor-container elementor-column-gap-default\">\n\t\t\t\t\t<div class=\"elementor-column elementor-col-50 elementor-inner-column elementor-element elementor-element-569f3047\" data-id=\"569f3047\" data-element_type=\"column\" data-e-type=\"column\">\n\t\t\t<div class=\"elementor-widget-wrap elementor-element-populated\">\n\t\t\t\t\t\t<div class=\"elementor-element elementor-element-7bdc41ab elementor-widget elementor-widget-heading\" data-id=\"7bdc41ab\" data-element_type=\"widget\" data-e-type=\"widget\" data-widget_type=\"heading.default\">\n\t\t\t\t<div class=\"elementor-widget-container\">\n\t\t\t\t\t<h2 class=\"elementor-heading-title elementor-size-default\">O que \u00e9 um \"povo do mar\"?<\/h2>\t\t\t\t<\/div>\n\t\t\t\t<\/div>\n\t\t\t\t<div class=\"elementor-element elementor-element-6f88024d elementor-widget elementor-widget-text-editor\" data-id=\"6f88024d\" data-element_type=\"widget\" data-e-type=\"widget\" data-widget_type=\"text-editor.default\">\n\t\t\t\t<div class=\"elementor-widget-container\">\n\t\t\t\t\t\t\t\t\t<p>Bruno David e Ian J. McNiven da Universidade de Monash, Melbourne, Austr\u00e1lia, ajudam-nos a entender melhor a identidade destes povos ind\u00edgenas, definidos como um &#8220;povo do mar&#8221;:  <i>Isto significa, em primeiro lugar, passar a maior parte do dia-a-dia interagindo com o mar, viajando atrav\u00e9s dele, explorando o seu potencial gra\u00e7as a t\u00e9cnicas tradicionais como o babagul, que consiste em obter alimento atrav\u00e9s de um determinado know-how e conhecimento m\u00e1gico usado a bordo de barcos ou quando arpoando dugongos das plataformas de naath. Significa tamb\u00e9m pensar nas for\u00e7as elementares que governam a vida do dia a dia: as ondas, os ventos do mar, as nuvens que v\u00eam e v\u00e3o sobre oceanos distantes, as estrelas que nos guiam, as mar\u00e9s, os animais que s\u00e3o familiares e perigosos, peixes, tartarugas e tubar\u00f5es. Para ser um povo do mar, voc\u00ea tem que ter afinidades especiais com o mar, n\u00e3o \u00e9 suficiente para obter a sua comida dele. Tem que pensar por mar.<\/i>  \u00bb<\/p>\n\t\t\t\t\t\t\t\t<\/div>\n\t\t\t\t<\/div>\n\t\t\t\t\t<\/div>\n\t\t<\/div>\n\t\t\t\t<div class=\"elementor-column elementor-col-50 elementor-inner-column elementor-element elementor-element-408724c7\" data-id=\"408724c7\" data-element_type=\"column\" data-e-type=\"column\">\n\t\t\t<div class=\"elementor-widget-wrap elementor-element-populated\">\n\t\t\t\t\t\t<div class=\"elementor-element elementor-element-1839fe0c elementor-widget elementor-widget-image\" data-id=\"1839fe0c\" data-element_type=\"widget\" data-e-type=\"widget\" data-widget_type=\"image.default\">\n\t\t\t\t<div class=\"elementor-widget-container\">\n\t\t\t\t\t\t\t\t\t\t\t\t\t\t\t<img loading=\"lazy\" decoding=\"async\" width=\"762\" height=\"578\" src=\"https:\/\/musee.oceano.org\/wp-content\/uploads\/sites\/2\/2019\/05\/140_EDM-Mission-Badu-Island_Nov-2018_Ariel_Fuchs-IMG_9765-762x578.jpg\" class=\"attachment-img-actu-section size-img-actu-section wp-image-22131\" alt=\"\" \/>\t\t\t\t\t\t\t\t\t\t\t\t\t\t\t<\/div>\n\t\t\t\t<\/div>\n\t\t\t\t\t<\/div>\n\t\t<\/div>\n\t\t\t\t\t<\/div>\n\t\t<\/section>\n\t\t\t\t\t<\/div>\n\t\t<\/div>\n\t\t\t\t\t<\/div>\n\t\t<\/section>\n\t\t\t\t<section class=\"elementor-section elementor-top-section elementor-element elementor-element-20bfdd01 elementor-section-full_width elementor-section-height-default elementor-section-height-default\" data-id=\"20bfdd01\" data-element_type=\"section\" data-e-type=\"section\">\n\t\t\t\t\t\t<div class=\"elementor-container elementor-column-gap-default\">\n\t\t\t\t\t<div class=\"elementor-column elementor-col-100 elementor-top-column elementor-element elementor-element-ce80243\" data-id=\"ce80243\" data-element_type=\"column\" data-e-type=\"column\">\n\t\t\t<div class=\"elementor-widget-wrap elementor-element-populated\">\n\t\t\t\t\t\t<div class=\"elementor-element elementor-element-1317ac03 elementor-widget elementor-widget-heading\" data-id=\"1317ac03\" data-element_type=\"widget\" data-e-type=\"widget\" data-widget_type=\"heading.default\">\n\t\t\t\t<div class=\"elementor-widget-container\">\n\t\t\t\t\t<h2 class=\"elementor-heading-title elementor-size-default\">Ver tamb\u00e9m\n\n<\/h2>\t\t\t\t<\/div>\n\t\t\t\t<\/div>\n\t\t\t\t\t<\/div>\n\t\t<\/div>\n\t\t\t\t\t<\/div>\n\t\t<\/section>\n\t\t\t\t<section class=\"elementor-section elementor-top-section elementor-element elementor-element-646633d3 elementor-section-boxed elementor-section-height-default elementor-section-height-default\" data-id=\"646633d3\" data-element_type=\"section\" data-e-type=\"section\" data-settings=\"{&quot;background_background&quot;:&quot;classic&quot;}\">\n\t\t\t\t\t\t<div class=\"elementor-container elementor-column-gap-default\">\n\t\t\t\t\t<div class=\"elementor-column elementor-col-33 elementor-top-column elementor-element elementor-element-7517c4d9\" data-id=\"7517c4d9\" data-element_type=\"column\" data-e-type=\"column\">\n\t\t\t<div class=\"elementor-widget-wrap elementor-element-populated\">\n\t\t\t\t\t\t<div class=\"elementor-element elementor-element-4f6598b7 elementor-widget elementor-widget-image\" data-id=\"4f6598b7\" data-element_type=\"widget\" data-e-type=\"widget\" data-widget_type=\"image.default\">\n\t\t\t\t<div class=\"elementor-widget-container\">\n\t\t\t\t\t\t\t\t\t\t\t\t\t\t\t<img decoding=\"async\" src=\"https:\/\/musee.oceano.org\/wp-content\/uploads\/sites\/2\/elementor\/thumbs\/3-1-MOM_0344-scaled-rjyt4by7d5btnnqa4w5qnm1rrsfmmi8uut7hpeu6ne.jpg\" title=\"3-1-MOM_0344\" alt=\"3-1-MOM_0344\" loading=\"lazy\" \/>\t\t\t\t\t\t\t\t\t\t\t\t\t\t\t<\/div>\n\t\t\t\t<\/div>\n\t\t\t\t<div class=\"elementor-element elementor-element-486e7a0d elementor-widget elementor-widget-heading\" data-id=\"486e7a0d\" data-element_type=\"widget\" data-e-type=\"widget\" data-widget_type=\"heading.default\">\n\t\t\t\t<div class=\"elementor-widget-container\">\n\t\t\t\t\t<h2 class=\"elementor-heading-title elementor-size-default\">Os Aqu\u00e1rios do Museu<\/h2>\t\t\t\t<\/div>\n\t\t\t\t<\/div>\n\t\t\t\t<div class=\"elementor-element elementor-element-55b031d8 elementor-align-center elementor-widget elementor-widget-button\" data-id=\"55b031d8\" data-element_type=\"widget\" data-e-type=\"widget\" data-widget_type=\"button.default\">\n\t\t\t\t<div class=\"elementor-widget-container\">\n\t\t\t\t\t\t\t\t\t<div class=\"elementor-button-wrapper\">\n\t\t\t\t\t<a class=\"elementor-button elementor-button-link elementor-size-md\" href=\"https:\/\/musee.oceano.org\/pt-pt\/aquarios\/\">\n\t\t\t\t\t\t<span class=\"elementor-button-content-wrapper\">\n\t\t\t\t\t\t\t\t\t<span class=\"elementor-button-text\">Descubra<\/span>\n\t\t\t\t\t<\/span>\n\t\t\t\t\t<\/a>\n\t\t\t\t<\/div>\n\t\t\t\t\t\t\t\t<\/div>\n\t\t\t\t<\/div>\n\t\t\t\t\t<\/div>\n\t\t<\/div>\n\t\t\t\t<div class=\"elementor-column elementor-col-33 elementor-top-column elementor-element elementor-element-5fff2e74\" data-id=\"5fff2e74\" data-element_type=\"column\" data-e-type=\"column\">\n\t\t\t<div class=\"elementor-widget-wrap elementor-element-populated\">\n\t\t\t\t\t\t<div class=\"elementor-element elementor-element-66e6393e elementor-widget elementor-widget-image\" data-id=\"66e6393e\" data-element_type=\"widget\" data-e-type=\"widget\" data-widget_type=\"image.default\">\n\t\t\t\t<div class=\"elementor-widget-container\">\n\t\t\t\t\t\t\t\t\t\t\t\t\t\t\t<img decoding=\"async\" src=\"https:\/\/musee.oceano.org\/wp-content\/uploads\/sites\/2\/elementor\/thumbs\/ALBERT_badu-rjyt42jtgsyyfk3xns3gyof5txpyhj7jhiomwn84dm.png\" title=\"ALBERT_badu\" alt=\"ALBERT_badu\" loading=\"lazy\" \/>\t\t\t\t\t\t\t\t\t\t\t\t\t\t\t<\/div>\n\t\t\t\t<\/div>\n\t\t\t\t<div class=\"elementor-element elementor-element-6928c046 elementor-widget elementor-widget-heading\" data-id=\"6928c046\" data-element_type=\"widget\" data-e-type=\"widget\" data-widget_type=\"heading.default\">\n\t\t\t\t<div class=\"elementor-widget-container\">\n\t\t\t\t\t<h2 class=\"elementor-heading-title elementor-size-default\">As Explora\u00e7\u00f5es do M\u00f3naco<\/h2>\t\t\t\t<\/div>\n\t\t\t\t<\/div>\n\t\t\t\t<div class=\"elementor-element elementor-element-78228566 elementor-align-center elementor-widget elementor-widget-button\" data-id=\"78228566\" data-element_type=\"widget\" data-e-type=\"widget\" data-widget_type=\"button.default\">\n\t\t\t\t<div class=\"elementor-widget-container\">\n\t\t\t\t\t\t\t\t\t<div class=\"elementor-button-wrapper\">\n\t\t\t\t\t<a class=\"elementor-button elementor-button-link elementor-size-md\" href=\"https:\/\/www.oceano.org\/pt-pt\/monaco-a-voz-do-oceano\/as-exploracoes-do-monaco\/\">\n\t\t\t\t\t\t<span class=\"elementor-button-content-wrapper\">\n\t\t\t\t\t\t\t\t\t<span class=\"elementor-button-text\">explorar<\/span>\n\t\t\t\t\t<\/span>\n\t\t\t\t\t<\/a>\n\t\t\t\t<\/div>\n\t\t\t\t\t\t\t\t<\/div>\n\t\t\t\t<\/div>\n\t\t\t\t\t<\/div>\n\t\t<\/div>\n\t\t\t\t<div class=\"elementor-column elementor-col-33 elementor-top-column elementor-element elementor-element-66cdc717\" data-id=\"66cdc717\" data-element_type=\"column\" data-e-type=\"column\">\n\t\t\t<div class=\"elementor-widget-wrap elementor-element-populated\">\n\t\t\t\t\t\t<div class=\"elementor-element elementor-element-8c6951c elementor-widget elementor-widget-image\" data-id=\"8c6951c\" data-element_type=\"widget\" data-e-type=\"widget\" data-widget_type=\"image.default\">\n\t\t\t\t<div class=\"elementor-widget-container\">\n\t\t\t\t\t\t\t\t\t\t\t\t\t\t\t<img decoding=\"async\" src=\"https:\/\/musee.oceano.org\/wp-content\/uploads\/sites\/2\/elementor\/thumbs\/httpswww.instagram.compBx-BKBfFQAN-rjyt4gnebbi99pjgdg6vi2v2qpsgozrijggx3sn7sa.jpg\" title=\"httpswww.instagram.compBx-BKBfFQAN\" alt=\"httpswww.instagram.compBx-BKBfFQAN\" loading=\"lazy\" \/>\t\t\t\t\t\t\t\t\t\t\t\t\t\t\t<\/div>\n\t\t\t\t<\/div>\n\t\t\t\t<div class=\"elementor-element elementor-element-31210fe4 elementor-widget elementor-widget-heading\" data-id=\"31210fe4\" data-element_type=\"widget\" data-e-type=\"widget\" data-widget_type=\"heading.default\">\n\t\t\t\t<div class=\"elementor-widget-container\">\n\t\t\t\t\t<h2 class=\"elementor-heading-title elementor-size-default\">A Odisseia das Tartarugas<\/h2>\t\t\t\t<\/div>\n\t\t\t\t<\/div>\n\t\t\t\t<div class=\"elementor-element elementor-element-554ab27b elementor-align-center elementor-widget elementor-widget-button\" data-id=\"554ab27b\" data-element_type=\"widget\" data-e-type=\"widget\" data-widget_type=\"button.default\">\n\t\t\t\t<div class=\"elementor-widget-container\">\n\t\t\t\t\t\t\t\t\t<div class=\"elementor-button-wrapper\">\n\t\t\t\t\t<a class=\"elementor-button elementor-button-link elementor-size-md\" href=\"https:\/\/musee.oceano.org\/pt-pt\/a-odisseia-da-tartaruga-marinha\/\">\n\t\t\t\t\t\t<span class=\"elementor-button-content-wrapper\">\n\t\t\t\t\t\t\t\t\t<span class=\"elementor-button-text\">visitar<\/span>\n\t\t\t\t\t<\/span>\n\t\t\t\t\t<\/a>\n\t\t\t\t<\/div>\n\t\t\t\t\t\t\t\t<\/div>\n\t\t\t\t<\/div>\n\t\t\t\t\t<\/div>\n\t\t<\/div>\n\t\t\t\t\t<\/div>\n\t\t<\/section>\n\t\t\t\t<section class=\"elementor-section elementor-top-section elementor-element elementor-element-635215f8 elementor-section-full_width elementor-section-height-default elementor-section-height-default\" data-id=\"635215f8\" data-element_type=\"section\" data-e-type=\"section\" data-settings=\"{&quot;background_background&quot;:&quot;classic&quot;}\">\n\t\t\t\t\t\t<div class=\"elementor-container elementor-column-gap-default\">\n\t\t\t\t\t<div class=\"elementor-column elementor-col-100 elementor-top-column elementor-element elementor-element-4a72a651\" data-id=\"4a72a651\" data-element_type=\"column\" data-e-type=\"column\">\n\t\t\t<div class=\"elementor-widget-wrap elementor-element-populated\">\n\t\t\t\t\t\t<div class=\"elementor-element elementor-element-6d5aff7a elementor-widget elementor-widget-heading\" data-id=\"6d5aff7a\" data-element_type=\"widget\" data-e-type=\"widget\" data-widget_type=\"heading.default\">\n\t\t\t\t<div class=\"elementor-widget-container\">\n\t\t\t\t\t<h2 class=\"elementor-heading-title elementor-size-default\">Exposi\u00e7\u00f5es passadas<\/h2>\t\t\t\t<\/div>\n\t\t\t\t<\/div>\n\t\t\t\t\t<\/div>\n\t\t<\/div>\n\t\t\t\t\t<\/div>\n\t\t<\/section>\n\t\t\t\t<section class=\"elementor-section elementor-top-section elementor-element elementor-element-6a904711 elementor-section-content-middle elementor-section-boxed elementor-section-height-default elementor-section-height-default\" data-id=\"6a904711\" data-element_type=\"section\" data-e-type=\"section\" data-settings=\"{&quot;background_background&quot;:&quot;classic&quot;}\">\n\t\t\t\t\t\t<div class=\"elementor-container elementor-column-gap-default\">\n\t\t\t\t\t<div class=\"elementor-column elementor-col-100 elementor-top-column elementor-element elementor-element-131b51a\" data-id=\"131b51a\" data-element_type=\"column\" data-e-type=\"column\">\n\t\t\t<div class=\"elementor-widget-wrap elementor-element-populated\">\n\t\t\t\t\t\t<div class=\"elementor-element elementor-element-2f410b04 elementor-widget elementor-widget-shortcode\" data-id=\"2f410b04\" data-element_type=\"widget\" data-e-type=\"widget\" data-widget_type=\"shortcode.default\">\n\t\t\t\t<div class=\"elementor-widget-container\">\n\t\t\t\t\t\t\t<div class=\"elementor-shortcode\"><div class=\"related-cp\">\n    <div class=\"flex-container former_expositions_slides\">\n        <div class=\"txt-center cp-block\">\n    <div class=\"zoom-effect\">\n        <img loading=\"lazy\" decoding=\"async\" width=\"433\" height=\"433\" src=\"https:\/\/musee.oceano.org\/wp-content\/uploads\/sites\/2\/2022\/05\/imersion-pol-uk-433x433.jpg\" class=\"attachment-img-bloc-three-content size-img-bloc-three-content wp-post-image\" alt=\"\" srcset=\"https:\/\/musee.oceano.org\/wp-content\/uploads\/sites\/2\/2022\/05\/imersion-pol-uk-433x433.jpg 433w, https:\/\/musee.oceano.org\/wp-content\/uploads\/sites\/2\/2022\/05\/imersion-pol-uk-300x300.jpg 300w, https:\/\/musee.oceano.org\/wp-content\/uploads\/sites\/2\/2022\/05\/imersion-pol-uk-150x150.jpg 150w, https:\/\/musee.oceano.org\/wp-content\/uploads\/sites\/2\/2022\/05\/imersion-pol-uk-768x768.jpg 768w, https:\/\/musee.oceano.org\/wp-content\/uploads\/sites\/2\/2022\/05\/imersion-pol-uk-334x334.jpg 334w, https:\/\/musee.oceano.org\/wp-content\/uploads\/sites\/2\/2022\/05\/imersion-pol-uk.jpg 800w\" sizes=\"(max-width: 433px) 100vw, 433px\" \/>    <\/div>\n    <h5 class=\"color-white mtl\">Miss\u00e3o Polaire, a exposi\u00e7\u00e3o &#8220;IMMERSION<\/h5>\n    <a href=\"https:\/\/musee.oceano.org\/pt-pt\/exposicoes\/missao-polaire-a-exposicao-immersion\/\" class=\"btn color-white border-white mrauto mlauto mtl\">\n        <span class=\"btn-text\">Ver<\/span>\n    <\/a>\n<\/div>\n\n<div class=\"txt-center cp-block\">\n    <div class=\"zoom-effect\">\n        <img loading=\"lazy\" decoding=\"async\" width=\"433\" height=\"433\" src=\"https:\/\/musee.oceano.org\/wp-content\/uploads\/sites\/2\/2019\/06\/1426590317-433x433.jpg\" class=\"attachment-img-bloc-three-content size-img-bloc-three-content wp-post-image\" alt=\"\" srcset=\"https:\/\/musee.oceano.org\/wp-content\/uploads\/sites\/2\/2019\/06\/1426590317-433x433.jpg 433w, https:\/\/musee.oceano.org\/wp-content\/uploads\/sites\/2\/2019\/06\/1426590317-150x150.jpg 150w, https:\/\/musee.oceano.org\/wp-content\/uploads\/sites\/2\/2019\/06\/1426590317-334x334.jpg 334w\" sizes=\"(max-width: 433px) 100vw, 433px\" \/>    <\/div>\n    <h5 class=\"color-white mtl\">Sobre tubar\u00f5es e humanidade<\/h5>\n    <a href=\"https:\/\/musee.oceano.org\/pt-pt\/exposicoes\/sobre-tubaroes-e-humanidade\/\" class=\"btn color-white border-white mrauto mlauto mtl\">\n        <span class=\"btn-text\">Ver<\/span>\n    <\/a>\n<\/div>\n\n<div class=\"txt-center cp-block\">\n    <div class=\"zoom-effect\">\n        <img loading=\"lazy\" decoding=\"async\" width=\"433\" height=\"433\" src=\"https:\/\/musee.oceano.org\/wp-content\/uploads\/sites\/2\/2019\/05\/LOW-FINI-09_Artiste-Alick-Tipoti_M_Dagnino-433x433.jpg\" class=\"attachment-img-bloc-three-content size-img-bloc-three-content wp-post-image\" alt=\"\" srcset=\"https:\/\/musee.oceano.org\/wp-content\/uploads\/sites\/2\/2019\/05\/LOW-FINI-09_Artiste-Alick-Tipoti_M_Dagnino-433x433.jpg 433w, https:\/\/musee.oceano.org\/wp-content\/uploads\/sites\/2\/2019\/05\/LOW-FINI-09_Artiste-Alick-Tipoti_M_Dagnino-150x150.jpg 150w, https:\/\/musee.oceano.org\/wp-content\/uploads\/sites\/2\/2019\/05\/LOW-FINI-09_Artiste-Alick-Tipoti_M_Dagnino-300x300.jpg 300w, https:\/\/musee.oceano.org\/wp-content\/uploads\/sites\/2\/2019\/05\/LOW-FINI-09_Artiste-Alick-Tipoti_M_Dagnino-768x767.jpg 768w, https:\/\/musee.oceano.org\/wp-content\/uploads\/sites\/2\/2019\/05\/LOW-FINI-09_Artiste-Alick-Tipoti_M_Dagnino-1024x1024.jpg 1024w, https:\/\/musee.oceano.org\/wp-content\/uploads\/sites\/2\/2019\/05\/LOW-FINI-09_Artiste-Alick-Tipoti_M_Dagnino-334x334.jpg 334w, https:\/\/musee.oceano.org\/wp-content\/uploads\/sites\/2\/2019\/05\/LOW-FINI-09_Artiste-Alick-Tipoti_M_Dagnino.jpg 1039w\" sizes=\"(max-width: 433px) 100vw, 433px\" \/>    <\/div>\n    <h5 class=\"color-white mtl\">Taba Naba<\/h5>\n    <a href=\"https:\/\/musee.oceano.org\/pt-pt\/exposicoes\/taba-naba\/\" class=\"btn color-white border-white mrauto mlauto mtl\">\n        <span class=\"btn-text\">Ver<\/span>\n    <\/a>\n<\/div>\n\n<div class=\"txt-center cp-block\">\n    <div class=\"zoom-effect\">\n        <img loading=\"lazy\" decoding=\"async\" width=\"433\" height=\"433\" src=\"https:\/\/musee.oceano.org\/wp-content\/uploads\/sites\/2\/2019\/05\/4-Parcours-th\u00e9matique-Odyss\u00e9e-des-tortues-marines-\u00a9-M.-Dagnino-Institut-oc\u00e9anographique-433x433.jpg\" class=\"attachment-img-bloc-three-content size-img-bloc-three-content wp-post-image\" alt=\"\" srcset=\"https:\/\/musee.oceano.org\/wp-content\/uploads\/sites\/2\/2019\/05\/4-Parcours-th\u00e9matique-Odyss\u00e9e-des-tortues-marines-\u00a9-M.-Dagnino-Institut-oc\u00e9anographique-433x433.jpg 433w, https:\/\/musee.oceano.org\/wp-content\/uploads\/sites\/2\/2019\/05\/4-Parcours-th\u00e9matique-Odyss\u00e9e-des-tortues-marines-\u00a9-M.-Dagnino-Institut-oc\u00e9anographique-150x150.jpg 150w, https:\/\/musee.oceano.org\/wp-content\/uploads\/sites\/2\/2019\/05\/4-Parcours-th\u00e9matique-Odyss\u00e9e-des-tortues-marines-\u00a9-M.-Dagnino-Institut-oc\u00e9anographique-334x334.jpg 334w\" sizes=\"(max-width: 433px) 100vw, 433px\" \/>    <\/div>\n    <h5 class=\"color-white mtl\">A Odisseia da Tartaruga Marinha &#8211; A Exposi\u00e7\u00e3o<\/h5>\n    <a href=\"https:\/\/musee.oceano.org\/pt-pt\/exposicoes\/a-odisseia-da-tartaruga-marinha-a-exposicao\/\" class=\"btn color-white border-white mrauto mlauto mtl\">\n        <span class=\"btn-text\">Ver<\/span>\n    <\/a>\n<\/div>\n\n<div class=\"txt-center cp-block\">\n    <div class=\"zoom-effect\">\n        <img loading=\"lazy\" decoding=\"async\" width=\"433\" height=\"433\" src=\"https:\/\/musee.oceano.org\/wp-content\/uploads\/sites\/2\/2020\/10\/Michel-AUBERY-01-2-433x433.jpg\" class=\"attachment-img-bloc-three-content size-img-bloc-three-content wp-post-image\" alt=\"\" srcset=\"https:\/\/musee.oceano.org\/wp-content\/uploads\/sites\/2\/2020\/10\/Michel-AUBERY-01-2-433x433.jpg 433w, https:\/\/musee.oceano.org\/wp-content\/uploads\/sites\/2\/2020\/10\/Michel-AUBERY-01-2-150x150.jpg 150w, https:\/\/musee.oceano.org\/wp-content\/uploads\/sites\/2\/2020\/10\/Michel-AUBERY-01-2-334x334.jpg 334w\" sizes=\"(max-width: 433px) 100vw, 433px\" \/>    <\/div>\n    <h5 class=\"color-white mtl\">EXPOSI\u00c7\u00c3O &#8220;RECIFS&#8221; DE MICHEL AUBERY<\/h5>\n    <a href=\"https:\/\/musee.oceano.org\/pt-pt\/exposicoes\/exposicao-recifs-de-michel-aubery\/\" class=\"btn color-white border-white mrauto mlauto mtl\">\n        <span class=\"btn-text\">Ver<\/span>\n    <\/a>\n<\/div>\n\n<div class=\"txt-center cp-block\">\n    <div class=\"zoom-effect\">\n        <img loading=\"lazy\" decoding=\"async\" width=\"433\" height=\"433\" src=\"https:\/\/musee.oceano.org\/wp-content\/uploads\/sites\/2\/2019\/10\/Huang-Yong-Ping-433x433.jpg\" class=\"attachment-img-bloc-three-content size-img-bloc-three-content wp-post-image\" alt=\"\" srcset=\"https:\/\/musee.oceano.org\/wp-content\/uploads\/sites\/2\/2019\/10\/Huang-Yong-Ping-433x433.jpg 433w, https:\/\/musee.oceano.org\/wp-content\/uploads\/sites\/2\/2019\/10\/Huang-Yong-Ping-150x150.jpg 150w, https:\/\/musee.oceano.org\/wp-content\/uploads\/sites\/2\/2019\/10\/Huang-Yong-Ping-334x334.jpg 334w\" sizes=\"(max-width: 433px) 100vw, 433px\" \/>    <\/div>\n    <h5 class=\"color-white mtl\">Tributo: Huang Yong Ping<\/h5>\n    <a href=\"https:\/\/musee.oceano.org\/pt-pt\/exposicoes\/tributo-huang-yong-ping\/\" class=\"btn color-white border-white mrauto mlauto mtl\">\n        <span class=\"btn-text\">Ver<\/span>\n    <\/a>\n<\/div>\n\n<div class=\"txt-center cp-block\">\n    <div class=\"zoom-effect\">\n        <img loading=\"lazy\" decoding=\"async\" width=\"433\" height=\"433\" src=\"https:\/\/musee.oceano.org\/wp-content\/uploads\/sites\/2\/2019\/06\/1484671235-433x433.jpg\" class=\"attachment-img-bloc-three-content size-img-bloc-three-content wp-post-image\" alt=\"\" srcset=\"https:\/\/musee.oceano.org\/wp-content\/uploads\/sites\/2\/2019\/06\/1484671235-433x433.jpg 433w, https:\/\/musee.oceano.org\/wp-content\/uploads\/sites\/2\/2019\/06\/1484671235-150x150.jpg 150w, https:\/\/musee.oceano.org\/wp-content\/uploads\/sites\/2\/2019\/06\/1484671235-334x334.jpg 334w\" sizes=\"(max-width: 433px) 100vw, 433px\" \/>    <\/div>\n    <h5 class=\"color-white mtl\">Tubar\u00f5es<\/h5>\n    <a href=\"https:\/\/musee.oceano.org\/pt-pt\/exposicoes\/tubaroes\/\" class=\"btn color-white border-white mrauto mlauto mtl\">\n        <span class=\"btn-text\">Ver<\/span>\n    <\/a>\n<\/div>\n\n<div class=\"txt-center cp-block\">\n    <div class=\"zoom-effect\">\n        <img loading=\"lazy\" decoding=\"async\" width=\"433\" height=\"433\" src=\"https:\/\/musee.oceano.org\/wp-content\/uploads\/sites\/2\/2019\/12\/tortue-verte-\u00a9Fabien-Lefebvre-Explorations-de-Monaco--433x433.jpg\" class=\"attachment-img-bloc-three-content size-img-bloc-three-content wp-post-image\" alt=\"\" srcset=\"https:\/\/musee.oceano.org\/wp-content\/uploads\/sites\/2\/2019\/12\/tortue-verte-\u00a9Fabien-Lefebvre-Explorations-de-Monaco--433x433.jpg 433w, https:\/\/musee.oceano.org\/wp-content\/uploads\/sites\/2\/2019\/12\/tortue-verte-\u00a9Fabien-Lefebvre-Explorations-de-Monaco--150x150.jpg 150w, https:\/\/musee.oceano.org\/wp-content\/uploads\/sites\/2\/2019\/12\/tortue-verte-\u00a9Fabien-Lefebvre-Explorations-de-Monaco--334x334.jpg 334w\" sizes=\"(max-width: 433px) 100vw, 433px\" \/>    <\/div>\n    <h5 class=\"color-white mtl\">Exposi\u00e7\u00e3o Martinica<\/h5>\n    <a href=\"https:\/\/musee.oceano.org\/pt-pt\/exposicoes\/exposicao-martinica\/\" class=\"btn color-white border-white mrauto mlauto mtl\">\n        <span class=\"btn-text\">Ver<\/span>\n    <\/a>\n<\/div>\n\n<div class=\"txt-center cp-block\">\n    <div class=\"zoom-effect\">\n        <img loading=\"lazy\" decoding=\"async\" width=\"433\" height=\"433\" src=\"https:\/\/musee.oceano.org\/wp-content\/uploads\/sites\/2\/2019\/06\/3-4-IMG_6076-433x433.jpg\" class=\"attachment-img-bloc-three-content size-img-bloc-three-content wp-post-image\" alt=\"\" srcset=\"https:\/\/musee.oceano.org\/wp-content\/uploads\/sites\/2\/2019\/06\/3-4-IMG_6076-433x433.jpg 433w, https:\/\/musee.oceano.org\/wp-content\/uploads\/sites\/2\/2019\/06\/3-4-IMG_6076-150x150.jpg 150w, https:\/\/musee.oceano.org\/wp-content\/uploads\/sites\/2\/2019\/06\/3-4-IMG_6076-334x334.jpg 334w\" sizes=\"(max-width: 433px) 100vw, 433px\" \/>    <\/div>\n    <h5 class=\"color-white mtl\">Fronteira<\/h5>\n    <a href=\"https:\/\/musee.oceano.org\/pt-pt\/exposicoes\/fronteira\/\" class=\"btn color-white border-white mrauto mlauto mtl\">\n        <span class=\"btn-text\">Ver<\/span>\n    <\/a>\n<\/div>\n\n    <\/div>\n<\/div>\n<\/div>\n\t\t\t\t\t\t<\/div>\n\t\t\t\t<\/div>\n\t\t\t\t\t<\/div>\n\t\t<\/div>\n\t\t\t\t\t<\/div>\n\t\t<\/section>\n\t\t\t\t<\/div>\n\t\t","protected":false},"excerpt":{"rendered":"<p>Fiel ao esp\u00edrito das expedi\u00e7\u00f5es hist\u00f3ricas do seu trisa\u00efeul Pr\u00edncipe Alberto I er, H.S.H. Pr\u00edncipe Alberto II reviveu as Explora\u00e7\u00f5es do M\u00f3naco. Foi neste contexto que visitou Badu, uma das ilhas do Estreito de Torres, na Austr\u00e1lia.<\/p>\n","protected":false},"featured_media":22191,"parent":0,"template":"","meta":{"_acf_changed":false,"footnotes":""},"etatexpositions":[339],"class_list":["post-25769","expositions","type-expositions","status-publish","has-post-thumbnail","hentry","etatexpositions-passadas"],"acf":[],"yoast_head":"<!-- This site is optimized with the Yoast SEO plugin v27.2 - https:\/\/yoast.com\/product\/yoast-seo-wordpress\/ -->\n<title>Ilha Badu - Mus\u00e9e Oc\u00e9anographique de Monaco<\/title>\n<meta name=\"robots\" content=\"index, follow, max-snippet:-1, max-image-preview:large, max-video-preview:-1\" \/>\n<link rel=\"canonical\" href=\"https:\/\/musee.oceano.org\/pt-pt\/exposicoes\/ilha-badu\/\" \/>\n<meta property=\"og:locale\" content=\"pt_PT\" \/>\n<meta property=\"og:type\" content=\"article\" \/>\n<meta property=\"og:title\" content=\"Ilha Badu - Mus\u00e9e Oc\u00e9anographique de Monaco\" \/>\n<meta property=\"og:description\" content=\"Fiel ao esp\u00edrito das expedi\u00e7\u00f5es hist\u00f3ricas do seu trisa\u00efeul Pr\u00edncipe Alberto I er, H.S.H. Pr\u00edncipe Alberto II reviveu as Explora\u00e7\u00f5es do M\u00f3naco. Foi neste contexto que visitou Badu, uma das ilhas do Estreito de Torres, na Austr\u00e1lia.\" \/>\n<meta property=\"og:url\" content=\"https:\/\/musee.oceano.org\/pt-pt\/exposicoes\/ilha-badu\/\" \/>\n<meta property=\"og:site_name\" content=\"Mus\u00e9e Oc\u00e9anographique de Monaco\" \/>\n<meta property=\"article:modified_time\" content=\"2021-07-15T15:41:08+00:00\" \/>\n<meta property=\"og:image\" content=\"https:\/\/musee.oceano.org\/wp-content\/uploads\/sites\/2\/2019\/05\/LOW-FINI-FLUI-108_EDM-Mission-Badu-Island_Nov-2018_Ariel_Fuchs-IMG_9620.jpg\" \/>\n\t<meta property=\"og:image:width\" content=\"1559\" \/>\n\t<meta property=\"og:image:height\" content=\"1039\" \/>\n\t<meta property=\"og:image:type\" content=\"image\/jpeg\" \/>\n<meta name=\"twitter:card\" content=\"summary_large_image\" \/>\n<meta name=\"twitter:label1\" content=\"Tempo estimado de leitura\" \/>\n\t<meta name=\"twitter:data1\" content=\"8 minutos\" \/>\n<script type=\"application\/ld+json\" class=\"yoast-schema-graph\">{\"@context\":\"https:\/\/schema.org\",\"@graph\":[{\"@type\":\"WebPage\",\"@id\":\"https:\/\/musee.oceano.org\/pt-pt\/exposicoes\/ilha-badu\/\",\"url\":\"https:\/\/musee.oceano.org\/pt-pt\/exposicoes\/ilha-badu\/\",\"name\":\"Ilha Badu - Mus\u00e9e Oc\u00e9anographique de Monaco\",\"isPartOf\":{\"@id\":\"https:\/\/musee.oceano.org\/#website\"},\"primaryImageOfPage\":{\"@id\":\"https:\/\/musee.oceano.org\/pt-pt\/exposicoes\/ilha-badu\/#primaryimage\"},\"image\":{\"@id\":\"https:\/\/musee.oceano.org\/pt-pt\/exposicoes\/ilha-badu\/#primaryimage\"},\"thumbnailUrl\":\"https:\/\/musee.oceano.org\/wp-content\/uploads\/sites\/2\/2019\/05\/LOW-FINI-FLUI-108_EDM-Mission-Badu-Island_Nov-2018_Ariel_Fuchs-IMG_9620.jpg\",\"datePublished\":\"2021-06-25T14:37:36+00:00\",\"dateModified\":\"2021-07-15T15:41:08+00:00\",\"breadcrumb\":{\"@id\":\"https:\/\/musee.oceano.org\/pt-pt\/exposicoes\/ilha-badu\/#breadcrumb\"},\"inLanguage\":\"pt-PT\",\"potentialAction\":[{\"@type\":\"ReadAction\",\"target\":[\"https:\/\/musee.oceano.org\/pt-pt\/exposicoes\/ilha-badu\/\"]}]},{\"@type\":\"ImageObject\",\"inLanguage\":\"pt-PT\",\"@id\":\"https:\/\/musee.oceano.org\/pt-pt\/exposicoes\/ilha-badu\/#primaryimage\",\"url\":\"https:\/\/musee.oceano.org\/wp-content\/uploads\/sites\/2\/2019\/05\/LOW-FINI-FLUI-108_EDM-Mission-Badu-Island_Nov-2018_Ariel_Fuchs-IMG_9620.jpg\",\"contentUrl\":\"https:\/\/musee.oceano.org\/wp-content\/uploads\/sites\/2\/2019\/05\/LOW-FINI-FLUI-108_EDM-Mission-Badu-Island_Nov-2018_Ariel_Fuchs-IMG_9620.jpg\",\"width\":1559,\"height\":1039,\"caption\":\"R\u00e9concilier l\u2019humanit\u00e9 et la mer LES EXPLORATIONS DE MONACO Autour du monde pour 3 ans au chevet des mers et des oc\u00e9ans, S.A.S. le Prince Albert II de Monaco a lanc\u00e9 aujourd\u2019hui le programme Monaco Explorations. \u00c0 travers celui-ci la Principaut\u00e9 va mettre \u00e0 la disposition de la communaut\u00e9 scientifique internationale une plateforme de recherche itin\u00e9rante, le Yersin sur laquelle des chercheurs du monde entier vont se succ\u00e9der pendant 36 mois. \u00ab Les d\u00e9cisions que nous devons prendre pour le futur de notre plan\u00e8te s\u2019appuient sur la connaissance. \u00bb a indiqu\u00e9 le Souverain \u00ab ...En renouant avec le principe des explorations scientifiques en mer nous fournirons de nouveaux \u00e9l\u00e9ments concrets \u00e9tayant les messages d\u2019alerte, de sensibilisation et d\u2019\u00e9ducation. \u00bb Le navire battant pavillon mon\u00e9gasque quittera le port de Monaco en Ao\u00fbt 2017 pour y revenir en 2020 en suivant une route longitudinale entre les Tropiques. Les zones d\u2019\u00e9tude ont \u00e9t\u00e9 retenues par le Comit\u00e9 d\u2019Orientation Scientifique dirig\u00e9 par le Professeur Patrick Rampal (Centre Scientifique de Monaco) et qui int\u00e8gre 10 membres provenant d\u2019institutions de renomm\u00e9e internationale. Il s\u00e9lectionne depuis plusieurs mois les projets parmi les dizaines qui lui sont soumis. \u00ab C\u2019est \u00e0 la fois un immense honneur de participer \u00e0 une pareille aventure et une grande d\u00e9tresse de voir \u00e0 la lecture des dossiers \u00e0 quel point nous avons maltrait\u00e9 nos oc\u00e9ans. \u00bb pr\u00e9cise le Professeur Rampal. La premi\u00e8re de ces missions se d\u00e9roulera en septembre 2017 en Macaron\u00e9sie autour des archipels de Mad\u00e8re et du Cap-Vert. Le Prince Albert Ier, qui s\u2019y est souvent rendu, inspirera fortement les \u00e9quipes de recherche. Des \u00e9tudes comparatives permettront d\u2019analyser les effets de l\u2019exploitation de la mer et du changement global. La mission portera sur la connaissance et la protection de la m\u00e9gafaune, notamment les esp\u00e8ces menac\u00e9es : tortues, c\u00e9tac\u00e9s, phoques moines, requins. Les\"},{\"@type\":\"BreadcrumbList\",\"@id\":\"https:\/\/musee.oceano.org\/pt-pt\/exposicoes\/ilha-badu\/#breadcrumb\",\"itemListElement\":[{\"@type\":\"ListItem\",\"position\":1,\"name\":\"Home\",\"item\":\"https:\/\/musee.oceano.org\/pt-pt\/\"},{\"@type\":\"ListItem\",\"position\":2,\"name\":\"Tentoonstellingen\",\"item\":\"https:\/\/musee.oceano.org\/nl\/tentoonstellingen\/\"},{\"@type\":\"ListItem\",\"position\":3,\"name\":\"Ilha Badu\"}]},{\"@type\":\"WebSite\",\"@id\":\"https:\/\/musee.oceano.org\/#website\",\"url\":\"https:\/\/musee.oceano.org\/\",\"name\":\"Mus\u00e9e Oc\u00e9anographique de Monaco\",\"description\":\"Faire conna\u00eetre, aimer et prot\u00e9ger les oc\u00e9ans\",\"potentialAction\":[{\"@type\":\"SearchAction\",\"target\":{\"@type\":\"EntryPoint\",\"urlTemplate\":\"https:\/\/musee.oceano.org\/?s={search_term_string}\"},\"query-input\":{\"@type\":\"PropertyValueSpecification\",\"valueRequired\":true,\"valueName\":\"search_term_string\"}}],\"inLanguage\":\"pt-PT\"}]}<\/script>\n<!-- \/ Yoast SEO plugin. -->","yoast_head_json":{"title":"Ilha Badu - Mus\u00e9e Oc\u00e9anographique de Monaco","robots":{"index":"index","follow":"follow","max-snippet":"max-snippet:-1","max-image-preview":"max-image-preview:large","max-video-preview":"max-video-preview:-1"},"canonical":"https:\/\/musee.oceano.org\/pt-pt\/exposicoes\/ilha-badu\/","og_locale":"pt_PT","og_type":"article","og_title":"Ilha Badu - Mus\u00e9e Oc\u00e9anographique de Monaco","og_description":"Fiel ao esp\u00edrito das expedi\u00e7\u00f5es hist\u00f3ricas do seu trisa\u00efeul Pr\u00edncipe Alberto I er, H.S.H. Pr\u00edncipe Alberto II reviveu as Explora\u00e7\u00f5es do M\u00f3naco. Foi neste contexto que visitou Badu, uma das ilhas do Estreito de Torres, na Austr\u00e1lia.","og_url":"https:\/\/musee.oceano.org\/pt-pt\/exposicoes\/ilha-badu\/","og_site_name":"Mus\u00e9e Oc\u00e9anographique de Monaco","article_modified_time":"2021-07-15T15:41:08+00:00","og_image":[{"width":1559,"height":1039,"url":"https:\/\/musee.oceano.org\/wp-content\/uploads\/sites\/2\/2019\/05\/LOW-FINI-FLUI-108_EDM-Mission-Badu-Island_Nov-2018_Ariel_Fuchs-IMG_9620.jpg","type":"image\/jpeg"}],"twitter_card":"summary_large_image","twitter_misc":{"Tempo estimado de leitura":"8 minutos"},"schema":{"@context":"https:\/\/schema.org","@graph":[{"@type":"WebPage","@id":"https:\/\/musee.oceano.org\/pt-pt\/exposicoes\/ilha-badu\/","url":"https:\/\/musee.oceano.org\/pt-pt\/exposicoes\/ilha-badu\/","name":"Ilha Badu - Mus\u00e9e Oc\u00e9anographique de Monaco","isPartOf":{"@id":"https:\/\/musee.oceano.org\/#website"},"primaryImageOfPage":{"@id":"https:\/\/musee.oceano.org\/pt-pt\/exposicoes\/ilha-badu\/#primaryimage"},"image":{"@id":"https:\/\/musee.oceano.org\/pt-pt\/exposicoes\/ilha-badu\/#primaryimage"},"thumbnailUrl":"https:\/\/musee.oceano.org\/wp-content\/uploads\/sites\/2\/2019\/05\/LOW-FINI-FLUI-108_EDM-Mission-Badu-Island_Nov-2018_Ariel_Fuchs-IMG_9620.jpg","datePublished":"2021-06-25T14:37:36+00:00","dateModified":"2021-07-15T15:41:08+00:00","breadcrumb":{"@id":"https:\/\/musee.oceano.org\/pt-pt\/exposicoes\/ilha-badu\/#breadcrumb"},"inLanguage":"pt-PT","potentialAction":[{"@type":"ReadAction","target":["https:\/\/musee.oceano.org\/pt-pt\/exposicoes\/ilha-badu\/"]}]},{"@type":"ImageObject","inLanguage":"pt-PT","@id":"https:\/\/musee.oceano.org\/pt-pt\/exposicoes\/ilha-badu\/#primaryimage","url":"https:\/\/musee.oceano.org\/wp-content\/uploads\/sites\/2\/2019\/05\/LOW-FINI-FLUI-108_EDM-Mission-Badu-Island_Nov-2018_Ariel_Fuchs-IMG_9620.jpg","contentUrl":"https:\/\/musee.oceano.org\/wp-content\/uploads\/sites\/2\/2019\/05\/LOW-FINI-FLUI-108_EDM-Mission-Badu-Island_Nov-2018_Ariel_Fuchs-IMG_9620.jpg","width":1559,"height":1039,"caption":"R\u00e9concilier l\u2019humanit\u00e9 et la mer LES EXPLORATIONS DE MONACO Autour du monde pour 3 ans au chevet des mers et des oc\u00e9ans, S.A.S. le Prince Albert II de Monaco a lanc\u00e9 aujourd\u2019hui le programme Monaco Explorations. \u00c0 travers celui-ci la Principaut\u00e9 va mettre \u00e0 la disposition de la communaut\u00e9 scientifique internationale une plateforme de recherche itin\u00e9rante, le Yersin sur laquelle des chercheurs du monde entier vont se succ\u00e9der pendant 36 mois. \u00ab Les d\u00e9cisions que nous devons prendre pour le futur de notre plan\u00e8te s\u2019appuient sur la connaissance. \u00bb a indiqu\u00e9 le Souverain \u00ab ...En renouant avec le principe des explorations scientifiques en mer nous fournirons de nouveaux \u00e9l\u00e9ments concrets \u00e9tayant les messages d\u2019alerte, de sensibilisation et d\u2019\u00e9ducation. \u00bb Le navire battant pavillon mon\u00e9gasque quittera le port de Monaco en Ao\u00fbt 2017 pour y revenir en 2020 en suivant une route longitudinale entre les Tropiques. Les zones d\u2019\u00e9tude ont \u00e9t\u00e9 retenues par le Comit\u00e9 d\u2019Orientation Scientifique dirig\u00e9 par le Professeur Patrick Rampal (Centre Scientifique de Monaco) et qui int\u00e8gre 10 membres provenant d\u2019institutions de renomm\u00e9e internationale. Il s\u00e9lectionne depuis plusieurs mois les projets parmi les dizaines qui lui sont soumis. \u00ab C\u2019est \u00e0 la fois un immense honneur de participer \u00e0 une pareille aventure et une grande d\u00e9tresse de voir \u00e0 la lecture des dossiers \u00e0 quel point nous avons maltrait\u00e9 nos oc\u00e9ans. \u00bb pr\u00e9cise le Professeur Rampal. La premi\u00e8re de ces missions se d\u00e9roulera en septembre 2017 en Macaron\u00e9sie autour des archipels de Mad\u00e8re et du Cap-Vert. Le Prince Albert Ier, qui s\u2019y est souvent rendu, inspirera fortement les \u00e9quipes de recherche. Des \u00e9tudes comparatives permettront d\u2019analyser les effets de l\u2019exploitation de la mer et du changement global. La mission portera sur la connaissance et la protection de la m\u00e9gafaune, notamment les esp\u00e8ces menac\u00e9es : tortues, c\u00e9tac\u00e9s, phoques moines, requins. Les"},{"@type":"BreadcrumbList","@id":"https:\/\/musee.oceano.org\/pt-pt\/exposicoes\/ilha-badu\/#breadcrumb","itemListElement":[{"@type":"ListItem","position":1,"name":"Home","item":"https:\/\/musee.oceano.org\/pt-pt\/"},{"@type":"ListItem","position":2,"name":"Tentoonstellingen","item":"https:\/\/musee.oceano.org\/nl\/tentoonstellingen\/"},{"@type":"ListItem","position":3,"name":"Ilha Badu"}]},{"@type":"WebSite","@id":"https:\/\/musee.oceano.org\/#website","url":"https:\/\/musee.oceano.org\/","name":"Mus\u00e9e Oc\u00e9anographique de Monaco","description":"Faire conna\u00eetre, aimer et prot\u00e9ger les oc\u00e9ans","potentialAction":[{"@type":"SearchAction","target":{"@type":"EntryPoint","urlTemplate":"https:\/\/musee.oceano.org\/?s={search_term_string}"},"query-input":{"@type":"PropertyValueSpecification","valueRequired":true,"valueName":"search_term_string"}}],"inLanguage":"pt-PT"}]}},"_links":{"self":[{"href":"https:\/\/musee.oceano.org\/pt-pt\/wp-json\/wp\/v2\/expositions\/25769","targetHints":{"allow":["GET"]}}],"collection":[{"href":"https:\/\/musee.oceano.org\/pt-pt\/wp-json\/wp\/v2\/expositions"}],"about":[{"href":"https:\/\/musee.oceano.org\/pt-pt\/wp-json\/wp\/v2\/types\/expositions"}],"version-history":[{"count":12,"href":"https:\/\/musee.oceano.org\/pt-pt\/wp-json\/wp\/v2\/expositions\/25769\/revisions"}],"predecessor-version":[{"id":32988,"href":"https:\/\/musee.oceano.org\/pt-pt\/wp-json\/wp\/v2\/expositions\/25769\/revisions\/32988"}],"wp:featuredmedia":[{"embeddable":true,"href":"https:\/\/musee.oceano.org\/pt-pt\/wp-json\/wp\/v2\/media\/22191"}],"wp:attachment":[{"href":"https:\/\/musee.oceano.org\/pt-pt\/wp-json\/wp\/v2\/media?parent=25769"}],"wp:term":[{"taxonomy":"etatexpositions","embeddable":true,"href":"https:\/\/musee.oceano.org\/pt-pt\/wp-json\/wp\/v2\/etatexpositions?post=25769"}],"curies":[{"name":"wp","href":"https:\/\/api.w.org\/{rel}","templated":true}]}}