{"id":25770,"date":"2021-06-25T16:37:37","date_gmt":"2021-06-25T14:37:37","guid":{"rendered":"https:\/\/musee.oceano.org\/expositions\/no-coracao-do-artico\/"},"modified":"2021-06-25T16:37:48","modified_gmt":"2021-06-25T14:37:48","slug":"no-coracao-do-artico","status":"publish","type":"expositions","link":"https:\/\/musee.oceano.org\/pt-pt\/exposicoes\/no-coracao-do-artico\/","title":{"rendered":"No cora\u00e7\u00e3o do \u00c1rtico"},"content":{"rendered":"\t\t<div data-elementor-type=\"wp-post\" data-elementor-id=\"25770\" class=\"elementor elementor-25770 elementor-13914\" data-elementor-post-type=\"expositions\">\n\t\t\t\t\t\t<section class=\"elementor-section elementor-top-section elementor-element elementor-element-1ab6b2e0 elementor-section-full_width elementor-section-height-default elementor-section-height-default\" data-id=\"1ab6b2e0\" data-element_type=\"section\" data-e-type=\"section\">\n\t\t\t\t\t\t<div class=\"elementor-container elementor-column-gap-no\">\n\t\t\t\t\t<div class=\"elementor-column elementor-col-100 elementor-top-column elementor-element elementor-element-23963ce3\" data-id=\"23963ce3\" data-element_type=\"column\" data-e-type=\"column\">\n\t\t\t<div class=\"elementor-widget-wrap elementor-element-populated\">\n\t\t\t\t\t\t<div class=\"elementor-element elementor-element-3ea0c52e elementor--h-position-center elementor--v-position-middle elementor-widget elementor-widget-slides\" data-id=\"3ea0c52e\" data-element_type=\"widget\" data-e-type=\"widget\" data-settings=\"{&quot;navigation&quot;:&quot;none&quot;,&quot;transition&quot;:&quot;slide&quot;,&quot;transition_speed&quot;:500}\" data-widget_type=\"slides.default\">\n\t\t\t\t<div class=\"elementor-widget-container\">\n\t\t\t\t\t\t\t\t\t<div class=\"elementor-swiper\">\n\t\t\t\t\t<div class=\"elementor-slides-wrapper elementor-main-swiper swiper\" role=\"region\" aria-roledescription=\"carousel\" aria-label=\"Slides\" dir=\"ltr\" data-animation=\"fadeInUp\">\n\t\t\t\t<div class=\"swiper-wrapper elementor-slides\">\n\t\t\t\t\t\t\t\t\t\t<div class=\"elementor-repeater-item-891be05 swiper-slide\" role=\"group\" aria-roledescription=\"slide\"><div class=\"swiper-slide-bg elementor-ken-burns elementor-ken-burns--in\" role=\"img\" aria-label=\"03-TrepanierAlong-The-Ice2015.jpg\"><\/div><div class=\"elementor-background-overlay\"><\/div><div class=\"swiper-slide-inner\" ><div class=\"swiper-slide-contents\"><h1 class=\"elementor-slide-heading\">NO CORA\u00c7\u00c3O DO \u00c1RTICO<\/h1><div class=\"elementor-slide-description\"><p>CORY TREPANIER - Museu Oceanogr\u00e1fico  <br \/>  1<sup> <\/sup> de mar\u00e7o\/30 de abril<\/p>\n<\/div><\/div><\/div><\/div>\t\t\t\t<\/div>\n\t\t\t\t\t\t\t<\/div>\n\t\t\t\t<\/div>\n\t\t\t\t\t\t\t\t<\/div>\n\t\t\t\t<\/div>\n\t\t\t\t\t<\/div>\n\t\t<\/div>\n\t\t\t\t\t<\/div>\n\t\t<\/section>\n\t\t\t\t<section class=\"elementor-section elementor-top-section elementor-element elementor-element-6517a1ba elementor-section-full_width elementor-section-height-default elementor-section-height-default\" data-id=\"6517a1ba\" data-element_type=\"section\" data-e-type=\"section\">\n\t\t\t\t\t\t<div class=\"elementor-container elementor-column-gap-default\">\n\t\t\t\t\t<div class=\"elementor-column elementor-col-100 elementor-top-column elementor-element elementor-element-2eb1e1c5\" data-id=\"2eb1e1c5\" data-element_type=\"column\" data-e-type=\"column\">\n\t\t\t<div class=\"elementor-widget-wrap elementor-element-populated\">\n\t\t\t\t\t\t<div class=\"elementor-element elementor-element-34f6051e elementor-widget elementor-widget-ee-breadcrumbs\" data-id=\"34f6051e\" data-element_type=\"widget\" data-e-type=\"widget\" data-widget_type=\"ee-breadcrumbs.default\">\n\t\t\t\t<div class=\"elementor-widget-container\">\n\t\t\t\t\t<ul class=\"ee-breadcrumbs\" itemscope=\"\" itemtype=\"http:\/\/schema.org\/BreadcrumbList\"><\/ul>\t\t\t\t<\/div>\n\t\t\t\t<\/div>\n\t\t\t\t\t<\/div>\n\t\t<\/div>\n\t\t\t\t\t<\/div>\n\t\t<\/section>\n\t\t\t\t<section class=\"elementor-section elementor-top-section elementor-element elementor-element-331264b6 bloc-small-imgr elementor-section-boxed elementor-section-height-default elementor-section-height-default\" data-id=\"331264b6\" data-element_type=\"section\" data-e-type=\"section\" data-settings=\"{&quot;background_background&quot;:&quot;classic&quot;}\">\n\t\t\t\t\t\t<div class=\"elementor-container elementor-column-gap-default\">\n\t\t\t\t\t<div class=\"elementor-column elementor-col-50 elementor-top-column elementor-element elementor-element-691c01e1\" data-id=\"691c01e1\" data-element_type=\"column\" data-e-type=\"column\" data-settings=\"{&quot;background_background&quot;:&quot;classic&quot;}\">\n\t\t\t<div class=\"elementor-widget-wrap elementor-element-populated\">\n\t\t\t\t\t\t<div class=\"elementor-element elementor-element-6f4be1bb elementor-widget elementor-widget-heading\" data-id=\"6f4be1bb\" data-element_type=\"widget\" data-e-type=\"widget\" data-widget_type=\"heading.default\">\n\t\t\t\t<div class=\"elementor-widget-container\">\n\t\t\t\t\t<h2 class=\"elementor-heading-title elementor-size-default\">A partir de 1 de mar\u00e7o de 2020, TRAVEL...<br>  \"NO CORA\u00c7\u00c3O DO \u00c1RTICO\"<\/h2>\t\t\t\t<\/div>\n\t\t\t\t<\/div>\n\t\t\t\t<div class=\"elementor-element elementor-element-712ef21 elementor-widget elementor-widget-text-editor\" data-id=\"712ef21\" data-element_type=\"widget\" data-e-type=\"widget\" data-widget_type=\"text-editor.default\">\n\t\t\t\t<div class=\"elementor-widget-container\">\n\t\t\t\t\t\t\t\t\t<p>De 1 de mar\u00e7o a 30 de abril, o Museu Oceanogr\u00e1fico do M\u00f3naco recebe a AU COEUR DE L&#8217;ARCTIQUE, uma exposi\u00e7\u00e3o do artista canadiano Cory Tr\u00e9panier, apresentada com o apoio do Pr\u00edncipe Alberto II da Funda\u00e7\u00e3o M\u00f3naco. Esta digress\u00e3o foi produzida por David J. Wagner, L.L.C.<\/p>\n<p>Munido de perseveran\u00e7a e paix\u00e3o infal\u00edvel, pintou mais de 100 \u00f3leos e fez tr\u00eas document\u00e1rios durante as suas expedi\u00e7\u00f5es.  <\/p>\n<p>Impulsionado pela arte e por uma vis\u00e3o forte mesmo em alguns dos lugares mais selvagens e em mudan\u00e7a do planeta, o artista compromete-nos a perceber: &#8221;  <i>Agora \u00e9 a altura certa para ouvir esta mensagem cr\u00edtica. Que esta cole\u00e7\u00e3o o inspire a considerar conscienciosamente as decis\u00f5es de hoje \u00e0 luz de um amanh\u00e3 incerto.<\/i>  \u00bb<\/p>\n\t\t\t\t\t\t\t\t<\/div>\n\t\t\t\t<\/div>\n\t\t\t\t\t<\/div>\n\t\t<\/div>\n\t\t\t\t<div class=\"elementor-column elementor-col-50 elementor-top-column elementor-element elementor-element-16d09bd5\" data-id=\"16d09bd5\" data-element_type=\"column\" data-e-type=\"column\">\n\t\t\t<div class=\"elementor-widget-wrap elementor-element-populated\">\n\t\t\t\t\t\t<div class=\"elementor-element elementor-element-1dadcfea elementor-zoom elementor-widget elementor-widget-image\" data-id=\"1dadcfea\" data-element_type=\"widget\" data-e-type=\"widget\" data-widget_type=\"image.default\">\n\t\t\t\t<div class=\"elementor-widget-container\">\n\t\t\t\t\t\t\t\t\t\t\t\t\t\t\t<img fetchpriority=\"high\" decoding=\"async\" width=\"334\" height=\"445\" src=\"https:\/\/musee.oceano.org\/wp-content\/uploads\/sites\/2\/2020\/02\/TRAV-01-TrepanierITA32015Artist-Headshot.-Photo-by-Jeff-Topham.jpg\" class=\"attachment-medium_large size-medium_large wp-image-25771\" alt=\"\" srcset=\"https:\/\/musee.oceano.org\/wp-content\/uploads\/sites\/2\/2020\/02\/TRAV-01-TrepanierITA32015Artist-Headshot.-Photo-by-Jeff-Topham.jpg 334w, https:\/\/musee.oceano.org\/wp-content\/uploads\/sites\/2\/2020\/02\/TRAV-01-TrepanierITA32015Artist-Headshot.-Photo-by-Jeff-Topham-225x300.jpg 225w, https:\/\/musee.oceano.org\/wp-content\/uploads\/sites\/2\/2020\/02\/TRAV-01-TrepanierITA32015Artist-Headshot.-Photo-by-Jeff-Topham-452x602.jpg 452w\" sizes=\"(max-width: 334px) 100vw, 334px\" \/>\t\t\t\t\t\t\t\t\t\t\t\t\t\t\t<\/div>\n\t\t\t\t<\/div>\n\t\t\t\t\t<\/div>\n\t\t<\/div>\n\t\t\t\t\t<\/div>\n\t\t<\/section>\n\t\t\t\t<section class=\"elementor-section elementor-top-section elementor-element elementor-element-6a459c0 elementor-section-boxed elementor-section-height-default elementor-section-height-default\" data-id=\"6a459c0\" data-element_type=\"section\" data-e-type=\"section\">\n\t\t\t\t\t\t<div class=\"elementor-container elementor-column-gap-default\">\n\t\t\t\t\t<div class=\"elementor-column elementor-col-100 elementor-top-column elementor-element elementor-element-15a735a\" data-id=\"15a735a\" data-element_type=\"column\" data-e-type=\"column\">\n\t\t\t<div class=\"elementor-widget-wrap elementor-element-populated\">\n\t\t\t\t\t\t<div class=\"elementor-element elementor-element-ae8a39a elementor-blockquote--skin-quotation elementor-blockquote--align-left elementor-widget elementor-widget-blockquote\" data-id=\"ae8a39a\" data-element_type=\"widget\" data-e-type=\"widget\" data-widget_type=\"blockquote.default\">\n\t\t\t\t<div class=\"elementor-widget-container\">\n\t\t\t\t\t\t\t<blockquote class=\"elementor-blockquote\">\n\t\t\t<p class=\"elementor-blockquote__content\">\n\t\t\t\t\u00ab<b>&nbsp;N\u00e3o temos escolha: temos de proteger o gelo do \u00c1rtico, permitir-lhe continuar a desempenhar o seu papel de regulador de temperatura para o planeta, evitar a subida catastr\u00f3fica do n\u00edvel do mar que resultaria do derretimento do gelo e evitar o desaparecimento do permafrost de injetar quantidades irrevers\u00edveis de gases com efeito de estufa na atmosfera. \u00c9 esse o nosso dever para connosco e para com a humanidade no seu conjunto - para com os nossos filhos, naturalmente, mas tamb\u00e9m para com aqueles que j\u00e1 sofrem os efeitos dram\u00e1ticos destes desenvolvimentos.<\/b>&nbsp;\u00bb  \n\t\t\t<\/p>\n\t\t\t\t\t\t\t<div class=\"e-q-footer\">\n\t\t\t\t\t\t\t\t\t\t\t<cite class=\"elementor-blockquote__author\">S.A.S Prince Albert II de Monaco<\/span><span style=\"font-size: 1.1em;text-align: right;letter-spacing: 0.16px\"><\/span><\/div><\/cite>\n\t\t\t\t\t\t\t\t\t\t\t\t\t\t<\/div>\n\t\t\t\t\t<\/blockquote>\n\t\t\t\t\t\t<\/div>\n\t\t\t\t<\/div>\n\t\t\t\t\t<\/div>\n\t\t<\/div>\n\t\t\t\t\t<\/div>\n\t\t<\/section>\n\t\t\t\t<section class=\"elementor-section elementor-top-section elementor-element elementor-element-aab1479 elementor-section-boxed elementor-section-height-default elementor-section-height-default\" data-id=\"aab1479\" data-element_type=\"section\" data-e-type=\"section\">\n\t\t\t\t\t\t<div class=\"elementor-container elementor-column-gap-default\">\n\t\t\t\t\t<div class=\"elementor-column elementor-col-100 elementor-top-column elementor-element elementor-element-c1b2574\" data-id=\"c1b2574\" data-element_type=\"column\" data-e-type=\"column\">\n\t\t\t<div class=\"elementor-widget-wrap elementor-element-populated\">\n\t\t\t\t\t\t<div class=\"elementor-element elementor-element-2a4bd88 elementor-widget elementor-widget-spacer\" data-id=\"2a4bd88\" data-element_type=\"widget\" data-e-type=\"widget\" data-widget_type=\"spacer.default\">\n\t\t\t\t<div class=\"elementor-widget-container\">\n\t\t\t\t\t\t\t<div class=\"elementor-spacer\">\n\t\t\t<div class=\"elementor-spacer-inner\"><\/div>\n\t\t<\/div>\n\t\t\t\t\t\t<\/div>\n\t\t\t\t<\/div>\n\t\t\t\t\t<\/div>\n\t\t<\/div>\n\t\t\t\t\t<\/div>\n\t\t<\/section>\n\t\t\t\t<section class=\"elementor-section elementor-top-section elementor-element elementor-element-684dbf8c elementor-section-boxed elementor-section-height-default elementor-section-height-default\" data-id=\"684dbf8c\" data-element_type=\"section\" data-e-type=\"section\">\n\t\t\t\t\t\t<div class=\"elementor-container elementor-column-gap-default\">\n\t\t\t\t\t<div class=\"elementor-column elementor-col-50 elementor-top-column elementor-element elementor-element-7497da25\" data-id=\"7497da25\" data-element_type=\"column\" data-e-type=\"column\">\n\t\t\t<div class=\"elementor-widget-wrap elementor-element-populated\">\n\t\t\t\t\t\t<div class=\"elementor-element elementor-element-465242bd elementor-widget elementor-widget-text-editor\" data-id=\"465242bd\" data-element_type=\"widget\" data-e-type=\"widget\" data-widget_type=\"text-editor.default\">\n\t\t\t\t<div class=\"elementor-widget-container\">\n\t\t\t\t\t\t\t\t\t<p><span style=\"letter-spacing: 0.16px;\">Esta exposi\u00e7\u00e3o mostra a beleza, o afastamento e a fragilidade de um Norte Canadiano em mudan\u00e7a. No cora\u00e7\u00e3o do \u00c1RTICO estar\u00e1 vis\u00edvel at\u00e9 30 de abril de 2020.<\/span><\/p>\n\t\t\t\t\t\t\t\t<\/div>\n\t\t\t\t<\/div>\n\t\t\t\t<div class=\"elementor-element elementor-element-46f3b962 elementor-widget elementor-widget-heading\" data-id=\"46f3b962\" data-element_type=\"widget\" data-e-type=\"widget\" data-widget_type=\"heading.default\">\n\t\t\t\t<div class=\"elementor-widget-container\">\n\t\t\t\t\t<h2 class=\"elementor-heading-title elementor-size-default\">60.000 KM percamados, 6 parques nacionais, 100 pinturas  <\/h2>\t\t\t\t<\/div>\n\t\t\t\t<\/div>\n\t\t\t\t<div class=\"elementor-element elementor-element-3b6f98dc elementor-widget elementor-widget-text-editor\" data-id=\"3b6f98dc\" data-element_type=\"widget\" data-e-type=\"widget\" data-widget_type=\"text-editor.default\">\n\t\t\t\t<div class=\"elementor-widget-container\">\n\t\t\t\t\t\t\t\t\t<p>Ao longo de mais de uma d\u00e9cada, C. Tr\u00e9panier percorreu 60.000 km, atrav\u00e9s de 6 Parques Nacionais e 16 comunidades inuit para capturar as paisagens espetaculares do \u00c1rtico Canadiano. Munido de perseveran\u00e7a e uma paix\u00e3o infal\u00edvel pela sua vis\u00e3o, pintou mais de 100 obras em \u00f3leo e tr\u00eas document\u00e1rios durante as suas expedi\u00e7\u00f5es levadas pela arte.<\/p>\n<\/p>\n<p>A viagem ao Cora\u00e7\u00e3o do \u00c1rtico foi apresentada pela primeira vez na Embaixada do Canad\u00e1 em Washington, D.C. em janeiro de 2017. Posteriormente, a exposi\u00e7\u00e3o foi apresentada em 9 locais diferentes, incluindo 6 nos Estados Unidos e 3 no Canad\u00e1. O Principado do M\u00f3naco \u00e9 a sua primeira exposi\u00e7\u00e3o no continente europeu.<\/p><\/p>\n\t\t\t\t\t\t\t\t<\/div>\n\t\t\t\t<\/div>\n\t\t\t\t<div class=\"elementor-element elementor-element-669b6931 elementor-widget elementor-widget-text-editor\" data-id=\"669b6931\" data-element_type=\"widget\" data-e-type=\"widget\" data-widget_type=\"text-editor.default\">\n\t\t\t\t<div class=\"elementor-widget-container\">\n\t\t\t\t\t\t\t\t\t<p>Durante as suas explora\u00e7\u00f5es nas profundezas do norte do Canad\u00e1, Cory Tr\u00e9panier estava longe de pensar que iria receber, em 2018 e antes do Pr\u00edncipe Alberto II do M\u00f3naco,  <span style=\"letter-spacing: 0.16px;\">um convite para apresentar<\/span> <span style=\"letter-spacing: 0.16px;\">a primeira exibi\u00e7\u00e3o p\u00fablica do filme que estava a filmar, &#8220;Viagem ao Cora\u00e7\u00e3o do \u00c1rtico: Despertar&#8221;.<\/span><\/p><\/p>\n\t\t\t\t\t\t\t\t<\/div>\n\t\t\t\t<\/div>\n\t\t\t\t<section class=\"elementor-section elementor-inner-section elementor-element elementor-element-209673d9 elementor-section-boxed elementor-section-height-default elementor-section-height-default\" data-id=\"209673d9\" data-element_type=\"section\" data-e-type=\"section\">\n\t\t\t\t\t\t<div class=\"elementor-container elementor-column-gap-default\">\n\t\t\t\t\t<div class=\"elementor-column elementor-col-100 elementor-inner-column elementor-element elementor-element-33228abc\" data-id=\"33228abc\" data-element_type=\"column\" data-e-type=\"column\">\n\t\t\t<div class=\"elementor-widget-wrap elementor-element-populated\">\n\t\t\t\t\t\t<div class=\"elementor-element elementor-element-1a2076bd elementor-blockquote--skin-quotation elementor-blockquote--align-left elementor-widget elementor-widget-blockquote\" data-id=\"1a2076bd\" data-element_type=\"widget\" data-e-type=\"widget\" data-widget_type=\"blockquote.default\">\n\t\t\t\t<div class=\"elementor-widget-container\">\n\t\t\t\t\t\t\t<blockquote class=\"elementor-blockquote\">\n\t\t\t<p class=\"elementor-blockquote__content\">\n\t\t\t\t\"Explorar e pintar o \u00c1rtico Canadiano tem sido desafiante e impressionante, colocando-me \u00e0 frente de algumas das maiores maravilhas naturais do planeta. Depois de muitos anos de evolu\u00e7\u00e3o a solo, sinto-me comovido ao saber que outros se movem em frente \u00e0s minhas pinturas, que a exposi\u00e7\u00e3o desperta a discuss\u00e3o sobre o Norte, os Inuit, o poder da natureza e a import\u00e2ncia do papel da humanidade na sua prote\u00e7\u00e3o.\t\t\t<\/p>\n\t\t\t\t\t\t\t<div class=\"e-q-footer\">\n\t\t\t\t\t\t\t\t\t\t\t<cite class=\"elementor-blockquote__author\">Cory Trepanier <br><\/cite>\n\t\t\t\t\t\t\t\t\t\t\t\t\t\t<\/div>\n\t\t\t\t\t<\/blockquote>\n\t\t\t\t\t\t<\/div>\n\t\t\t\t<\/div>\n\t\t\t\t\t<\/div>\n\t\t<\/div>\n\t\t\t\t\t<\/div>\n\t\t<\/section>\n\t\t\t\t<div class=\"elementor-element elementor-element-100afeac elementor-widget elementor-widget-heading\" data-id=\"100afeac\" data-element_type=\"widget\" data-e-type=\"widget\" data-widget_type=\"heading.default\">\n\t\t\t\t<div class=\"elementor-widget-container\">\n\t\t\t\t\t<h2 class=\"elementor-heading-title elementor-size-default\">Est\u00e1 na hora da a\u00e7\u00e3o!\n\n<\/h2>\t\t\t\t<\/div>\n\t\t\t\t<\/div>\n\t\t\t\t\t<\/div>\n\t\t<\/div>\n\t\t\t\t<div class=\"elementor-column elementor-col-50 elementor-top-column elementor-element elementor-element-18ca5155\" data-id=\"18ca5155\" data-element_type=\"column\" data-e-type=\"column\" data-settings=\"{&quot;background_background&quot;:&quot;classic&quot;}\">\n\t\t\t<div class=\"elementor-widget-wrap elementor-element-populated\">\n\t\t\t\t\t\t<div class=\"elementor-element elementor-element-6bf0c92a elementor-widget elementor-widget-image\" data-id=\"6bf0c92a\" data-element_type=\"widget\" data-e-type=\"widget\" data-widget_type=\"image.default\">\n\t\t\t\t<div class=\"elementor-widget-container\">\n\t\t\t\t\t\t\t\t\t\t\t\t\t\t\t<img decoding=\"async\" width=\"762\" height=\"578\" src=\"https:\/\/musee.oceano.org\/wp-content\/uploads\/sites\/2\/2020\/02\/07-TrepanierITA2Painting-Tanquary-Fiord-Behind.-Photo-by-Carl-Trepanier-1-762x578.jpg\" class=\"attachment-img-actu-section size-img-actu-section wp-image-25779\" alt=\"\" \/>\t\t\t\t\t\t\t\t\t\t\t\t\t\t\t<\/div>\n\t\t\t\t<\/div>\n\t\t\t\t<div class=\"elementor-element elementor-element-25c6b806 elementor-widget elementor-widget-heading\" data-id=\"25c6b806\" data-element_type=\"widget\" data-e-type=\"widget\" data-widget_type=\"heading.default\">\n\t\t\t\t<div class=\"elementor-widget-container\">\n\t\t\t\t\t<h2 class=\"elementor-heading-title elementor-size-default\">no cora\u00e7\u00e3o do \u00c1rtico  <\/h2>\t\t\t\t<\/div>\n\t\t\t\t<\/div>\n\t\t\t\t<section class=\"elementor-section elementor-inner-section elementor-element elementor-element-5b9684a7 elementor-section-boxed elementor-section-height-default elementor-section-height-default\" data-id=\"5b9684a7\" data-element_type=\"section\" data-e-type=\"section\">\n\t\t\t\t\t\t<div class=\"elementor-container elementor-column-gap-default\">\n\t\t\t\t\t<div class=\"elementor-column elementor-col-100 elementor-inner-column elementor-element elementor-element-44b782a9\" data-id=\"44b782a9\" data-element_type=\"column\" data-e-type=\"column\">\n\t\t\t<div class=\"elementor-widget-wrap elementor-element-populated\">\n\t\t\t\t\t\t<div class=\"elementor-element elementor-element-7821401 elementor-widget elementor-widget-heading\" data-id=\"7821401\" data-element_type=\"widget\" data-e-type=\"widget\" data-widget_type=\"heading.default\">\n\t\t\t\t<div class=\"elementor-widget-container\">\n\t\t\t\t\t<h2 class=\"elementor-heading-title elementor-size-default\">Sobre Cory Tr\u00e9panier\n<\/h2>\t\t\t\t<\/div>\n\t\t\t\t<\/div>\n\t\t\t\t<div class=\"elementor-element elementor-element-1fa61a7b elementor-widget elementor-widget-text-editor\" data-id=\"1fa61a7b\" data-element_type=\"widget\" data-e-type=\"widget\" data-widget_type=\"text-editor.default\">\n\t\t\t\t<div class=\"elementor-widget-container\">\n\t\t\t\t\t\t\t\t\t<p>Cada expedi\u00e7\u00e3o \u00e1rtica n\u00e3o \u00e9 sem a sua quota-parte de desafios: fa\u00e7a uma caminhada para cortar as pernas na Ilha Ellesmere carregando uma mochila com mais de 54 quilos, tinta na borda<\/p>\n\t\t\t\t\t\t\t\t<\/div>\n\t\t\t\t<\/div>\n\t\t\t\t<div class=\"elementor-element elementor-element-5a298c27 elementor-widget elementor-widget-text-editor\" data-id=\"5a298c27\" data-element_type=\"widget\" data-e-type=\"widget\" data-widget_type=\"text-editor.default\">\n\t\t\t\t<div class=\"elementor-widget-container\">\n\t\t\t\t\t\t\t\t\t<p>uma das maiores quedas de \u00e1gua que existem acima do C\u00edrculo \u00c1rtico, ao mesmo tempo que apoia hordas de mosquitos; estar rodeado por lobos do \u00c1rtico, ou estar encalhado nos campos de gelo de Kloane quando uma tempestade implac\u00e1vel irrompe&#8230; Cada viagem oferece paisagens marcantes, e adrenalina&#8230; Muita adrenalina.<\/p>\n<p>Atrav\u00e9s da pintura e do cinema, Cory preserva uma das regi\u00f5es mais fr\u00e1geis e espetaculares do nosso planeta, partilhando as maravilhas do Norte e dos seus povos com outros \u00e0 dist\u00e2ncia. Para saber mais, adquira pinturas, v\u00eddeos, gravuras ou o belo livro de grande formato a publicar por Cory Tr\u00e9panier, visite <a href=\"http:\/\/www.corytrepanier.com\/\"><u>www.corytrepanier.com.<\/u><\/p>\n<p><\/a><\/p>\n\t\t\t\t\t\t\t\t<\/div>\n\t\t\t\t<\/div>\n\t\t\t\t\t<\/div>\n\t\t<\/div>\n\t\t\t\t\t<\/div>\n\t\t<\/section>\n\t\t\t\t\t<\/div>\n\t\t<\/div>\n\t\t\t\t\t<\/div>\n\t\t<\/section>\n\t\t\t\t<section class=\"elementor-section elementor-top-section elementor-element elementor-element-741319a elementor-section-boxed elementor-section-height-default elementor-section-height-default\" data-id=\"741319a\" data-element_type=\"section\" data-e-type=\"section\">\n\t\t\t\t\t\t<div class=\"elementor-container elementor-column-gap-default\">\n\t\t\t\t\t<div class=\"elementor-column elementor-col-100 elementor-top-column elementor-element elementor-element-dfef968\" data-id=\"dfef968\" data-element_type=\"column\" data-e-type=\"column\">\n\t\t\t<div class=\"elementor-widget-wrap elementor-element-populated\">\n\t\t\t\t\t\t<div class=\"elementor-element elementor-element-4e18f1c elementor-widget elementor-widget-text-editor\" data-id=\"4e18f1c\" data-element_type=\"widget\" data-e-type=\"widget\" data-widget_type=\"text-editor.default\">\n\t\t\t\t<div class=\"elementor-widget-container\">\n\t\t\t\t\t\t\t\t\t<p>A carreira do Pr\u00edncipe Alberto I, pioneiro da oceanografia moderna e da explora\u00e7\u00e3o cient\u00edfica do \u00c1rtico, tem paralelos com a do artista. O trisa\u00efeul do Pr\u00edncipe Alberto II h\u00e1 muito que encarna a paix\u00e3o pela explora\u00e7\u00e3o oce\u00e2nica, at\u00e9 ao \u00c1rtico. O pr\u00edncipe Alberto II visitou o \u00c1rtico e visitou mesmo uma comunidade no Canad\u00e1 do \u00c1rtico Oriental, onde C. Tr\u00e9panier pintou.<br \/>\nAt\u00e9 agora, \u00e9 o \u00fanico chefe de Estado que visitou ambos os polos.<\/p>\n\t\t\t\t\t\t\t\t<\/div>\n\t\t\t\t<\/div>\n\t\t\t\t\t<\/div>\n\t\t<\/div>\n\t\t\t\t\t<\/div>\n\t\t<\/section>\n\t\t\t\t<section class=\"elementor-section elementor-top-section elementor-element elementor-element-4157b308 elementor-section-boxed elementor-section-height-default elementor-section-height-default\" data-id=\"4157b308\" data-element_type=\"section\" data-e-type=\"section\">\n\t\t\t\t\t\t<div class=\"elementor-container elementor-column-gap-default\">\n\t\t\t\t\t<div class=\"elementor-column elementor-col-100 elementor-top-column elementor-element elementor-element-58a76ffa\" data-id=\"58a76ffa\" data-element_type=\"column\" data-e-type=\"column\">\n\t\t\t<div class=\"elementor-widget-wrap elementor-element-populated\">\n\t\t\t\t\t\t<div class=\"elementor-element elementor-element-e35284b elementor-widget elementor-widget-spacer\" data-id=\"e35284b\" data-element_type=\"widget\" data-e-type=\"widget\" data-widget_type=\"spacer.default\">\n\t\t\t\t<div class=\"elementor-widget-container\">\n\t\t\t\t\t\t\t<div class=\"elementor-spacer\">\n\t\t\t<div class=\"elementor-spacer-inner\"><\/div>\n\t\t<\/div>\n\t\t\t\t\t\t<\/div>\n\t\t\t\t<\/div>\n\t\t\t\t<div class=\"elementor-element elementor-element-a8a9f7e elementor-widget elementor-widget-heading\" data-id=\"a8a9f7e\" data-element_type=\"widget\" data-e-type=\"widget\" data-widget_type=\"heading.default\">\n\t\t\t\t<div class=\"elementor-widget-container\">\n\t\t\t\t\t<h2 class=\"elementor-heading-title elementor-size-default\">NO CORA\u00c7\u00c3O DO \u00c1RTICO<\/h2>\t\t\t\t<\/div>\n\t\t\t\t<\/div>\n\t\t\t\t\t<\/div>\n\t\t<\/div>\n\t\t\t\t\t<\/div>\n\t\t<\/section>\n\t\t\t\t<section class=\"elementor-section elementor-top-section elementor-element elementor-element-4488d050 elementor-section-boxed elementor-section-height-default elementor-section-height-default\" data-id=\"4488d050\" data-element_type=\"section\" data-e-type=\"section\">\n\t\t\t\t\t\t<div class=\"elementor-container elementor-column-gap-default\">\n\t\t\t\t\t<div class=\"elementor-column elementor-col-100 elementor-top-column elementor-element elementor-element-68b26ea6\" data-id=\"68b26ea6\" data-element_type=\"column\" data-e-type=\"column\">\n\t\t\t<div class=\"elementor-widget-wrap elementor-element-populated\">\n\t\t\t\t\t\t<div class=\"elementor-element elementor-element-2b211358 elementor-widget elementor-widget-text-editor\" data-id=\"2b211358\" data-element_type=\"widget\" data-e-type=\"widget\" data-widget_type=\"text-editor.default\">\n\t\t\t\t<div class=\"elementor-widget-container\">\n\t\t\t\t\t\t\t\t\t<p>A exposi\u00e7\u00e3o explora apaixonadamente uma paisagem em mudan\u00e7a que muitos nunca ver\u00e3o com os seus pr\u00f3prios olhos. Esta exposi\u00e7\u00e3o proporciona ao p\u00fablico a oportunidade de descobrir as maravilhas do \u00c1rtico e de compreender a magnitude do que estamos em risco de perder. O passeio \u00e9 apresentado em parte pela Royal Canadian Geographic Society of Gegraphy\/Soci\u00e9t\u00e9 Royale de G\u00e9ographie du Canada. Esta organiza\u00e7\u00e3o educativa sem fins lucrativos, uma das mais antigas e maiores do Canad\u00e1, dedica-se a promover e aumentar a consciencializa\u00e7\u00e3o do p\u00fablico sobre a geografia e o patrim\u00f3nio do Canad\u00e1. Este passeio \u00e9 tamb\u00e9m apresentado pela HATCH, um servi\u00e7o profissional de consultoria de engenharia e tecnologia para os sectores da minera\u00e7\u00e3o, energia, digital, investimento e infraestruturas h\u00e1 mais de 65 anos.<\/p>\n<p>A digress\u00e3o foi produzida por David J. Wagner, L.L.C.<\/p>\n<\/p>\n<p> Para mais informa\u00e7\u00f5es sobre esta exposi\u00e7\u00e3o e informa\u00e7\u00f5es pr\u00e1ticas,<span style=\"color: #00ffff;\"> <span style=\"text-decoration: underline;\"><a style=\"background-color: #0b1840; font-size: 1.6rem; letter-spacing: 0.16px; color: #00ffff; text-decoration: underline;\" href=\"http:\/\/www.intothearctic.ca\/exhibitiontour\" target=\"_blank\" rel=\"noopener\">www.intothearctic.ca\/exhibitiontour<\/a><\/span> <\/span><\/p>\n\t\t\t\t\t\t\t\t<\/div>\n\t\t\t\t<\/div>\n\t\t\t\t\t<\/div>\n\t\t<\/div>\n\t\t\t\t\t<\/div>\n\t\t<\/section>\n\t\t\t\t<section class=\"elementor-section elementor-top-section elementor-element elementor-element-5c254bd2 elementor-section-boxed elementor-section-height-default elementor-section-height-default\" data-id=\"5c254bd2\" data-element_type=\"section\" data-e-type=\"section\">\n\t\t\t\t\t\t<div class=\"elementor-container elementor-column-gap-default\">\n\t\t\t\t\t<div class=\"elementor-column elementor-col-50 elementor-top-column elementor-element elementor-element-54a337d1\" data-id=\"54a337d1\" data-element_type=\"column\" data-e-type=\"column\">\n\t\t\t<div class=\"elementor-widget-wrap elementor-element-populated\">\n\t\t\t\t\t\t<div class=\"elementor-element elementor-element-1fb8ed7d elementor-widget elementor-widget-image\" data-id=\"1fb8ed7d\" data-element_type=\"widget\" data-e-type=\"widget\" data-widget_type=\"image.default\">\n\t\t\t\t<div class=\"elementor-widget-container\">\n\t\t\t\t\t\t\t\t\t\t\t\t\t\t\t\t<a href=\"https:\/\/musee.oceano.org\/wp-content\/uploads\/sites\/2\/2020\/02\/02-TrepanierSams-Wall2015-1.jpg\" data-elementor-open-lightbox=\"yes\" data-elementor-lightbox-title=\"02-Trepanier,Sam&#039;s Wall,2015\" data-e-action-hash=\"#elementor-action%3Aaction%3Dlightbox%26settings%3DeyJpZCI6MjU3NzcsInVybCI6Imh0dHBzOlwvXC9tdXNlZS5vY2Vhbm8ub3JnXC93cC1jb250ZW50XC91cGxvYWRzXC9zaXRlc1wvMlwvMjAyMFwvMDJcLzAyLVRyZXBhbmllclNhbXMtV2FsbDIwMTUtMS1zY2FsZWQuanBnIn0%3D\">\n\t\t\t\t\t\t\t<img decoding=\"async\" width=\"433\" height=\"433\" src=\"https:\/\/musee.oceano.org\/wp-content\/uploads\/sites\/2\/2020\/02\/02-TrepanierSams-Wall2015-1-433x433.jpg\" class=\"attachment-img-bloc-three-content size-img-bloc-three-content wp-image-25777\" alt=\"\" srcset=\"https:\/\/musee.oceano.org\/wp-content\/uploads\/sites\/2\/2020\/02\/02-TrepanierSams-Wall2015-1-433x433.jpg 433w, https:\/\/musee.oceano.org\/wp-content\/uploads\/sites\/2\/2020\/02\/02-TrepanierSams-Wall2015-1-150x150.jpg 150w, https:\/\/musee.oceano.org\/wp-content\/uploads\/sites\/2\/2020\/02\/02-TrepanierSams-Wall2015-1-334x334.jpg 334w\" sizes=\"(max-width: 433px) 100vw, 433px\" \/>\t\t\t\t\t\t\t\t<\/a>\n\t\t\t\t\t\t\t\t\t\t\t\t\t\t\t<\/div>\n\t\t\t\t<\/div>\n\t\t\t\t\t<\/div>\n\t\t<\/div>\n\t\t\t\t<div class=\"elementor-column elementor-col-50 elementor-top-column elementor-element elementor-element-457fa584\" data-id=\"457fa584\" data-element_type=\"column\" data-e-type=\"column\">\n\t\t\t<div class=\"elementor-widget-wrap elementor-element-populated\">\n\t\t\t\t\t\t<div class=\"elementor-element elementor-element-4f1c93cb elementor-widget elementor-widget-image\" data-id=\"4f1c93cb\" data-element_type=\"widget\" data-e-type=\"widget\" data-widget_type=\"image.default\">\n\t\t\t\t<div class=\"elementor-widget-container\">\n\t\t\t\t\t\t\t\t\t\t\t\t\t\t\t\t<a href=\"https:\/\/musee.oceano.org\/wp-content\/uploads\/sites\/2\/2020\/02\/05-TrepanierITA2Painting-Iceberg-from-Canoe-Wide.-Photo-by-Cory-Trepanier-bd.jpg\" data-elementor-open-lightbox=\"yes\" data-elementor-lightbox-title=\"05-Trepanier,ITA2,Painting Iceberg from Canoe-Wide. Photo by Cory Trepanier-bd\" data-e-action-hash=\"#elementor-action%3Aaction%3Dlightbox%26settings%3DeyJpZCI6MjU3NzYsInVybCI6Imh0dHBzOlwvXC9tdXNlZS5vY2Vhbm8ub3JnXC93cC1jb250ZW50XC91cGxvYWRzXC9zaXRlc1wvMlwvMjAyMFwvMDJcLzA1LVRyZXBhbmllcklUQTJQYWludGluZy1JY2ViZXJnLWZyb20tQ2Fub2UtV2lkZS4tUGhvdG8tYnktQ29yeS1UcmVwYW5pZXItYmQuanBnIn0%3D\">\n\t\t\t\t\t\t\t<img loading=\"lazy\" decoding=\"async\" width=\"433\" height=\"433\" src=\"https:\/\/musee.oceano.org\/wp-content\/uploads\/sites\/2\/2020\/02\/05-TrepanierITA2Painting-Iceberg-from-Canoe-Wide.-Photo-by-Cory-Trepanier-bd-433x433.jpg\" class=\"attachment-img-bloc-three-content size-img-bloc-three-content wp-image-25776\" alt=\"\" srcset=\"https:\/\/musee.oceano.org\/wp-content\/uploads\/sites\/2\/2020\/02\/05-TrepanierITA2Painting-Iceberg-from-Canoe-Wide.-Photo-by-Cory-Trepanier-bd-433x433.jpg 433w, https:\/\/musee.oceano.org\/wp-content\/uploads\/sites\/2\/2020\/02\/05-TrepanierITA2Painting-Iceberg-from-Canoe-Wide.-Photo-by-Cory-Trepanier-bd-150x150.jpg 150w, https:\/\/musee.oceano.org\/wp-content\/uploads\/sites\/2\/2020\/02\/05-TrepanierITA2Painting-Iceberg-from-Canoe-Wide.-Photo-by-Cory-Trepanier-bd-334x334.jpg 334w\" sizes=\"(max-width: 433px) 100vw, 433px\" \/>\t\t\t\t\t\t\t\t<\/a>\n\t\t\t\t\t\t\t\t\t\t\t\t\t\t\t<\/div>\n\t\t\t\t<\/div>\n\t\t\t\t\t<\/div>\n\t\t<\/div>\n\t\t\t\t\t<\/div>\n\t\t<\/section>\n\t\t\t\t<\/div>\n\t\t","protected":false},"excerpt":{"rendered":"<p>Esta estreia europeia da exposi\u00e7\u00e3o de Cory Tr\u00e9panier, Voyage au c\u0153ur de l&#8217;Arctique, apresenta os \u00f3leos e filmes deste artista canadiano, em estreita colabora\u00e7\u00e3o com a Funda\u00e7\u00e3o Pr\u00edncipe Alberto II do M\u00f3naco: destaca a beleza, o afastamento e a fragilidade de um Norte Canadiano em mudan\u00e7a.<\/p>\n","protected":false},"featured_media":25781,"parent":0,"template":"","meta":{"_acf_changed":false,"footnotes":""},"etatexpositions":[339],"class_list":["post-25770","expositions","type-expositions","status-publish","has-post-thumbnail","hentry","etatexpositions-passadas"],"acf":[],"yoast_head":"<!-- This site is optimized with the Yoast SEO plugin v27.2 - https:\/\/yoast.com\/product\/yoast-seo-wordpress\/ -->\n<title>No cora\u00e7\u00e3o do \u00c1rtico - Mus\u00e9e Oc\u00e9anographique de Monaco<\/title>\n<meta name=\"robots\" content=\"index, follow, max-snippet:-1, max-image-preview:large, max-video-preview:-1\" \/>\n<link rel=\"canonical\" href=\"https:\/\/musee.oceano.org\/pt-pt\/exposicoes\/no-coracao-do-artico\/\" \/>\n<meta property=\"og:locale\" content=\"pt_PT\" \/>\n<meta property=\"og:type\" content=\"article\" \/>\n<meta property=\"og:title\" content=\"No cora\u00e7\u00e3o do \u00c1rtico - Mus\u00e9e Oc\u00e9anographique de Monaco\" \/>\n<meta property=\"og:description\" content=\"Esta estreia europeia da exposi\u00e7\u00e3o de Cory Tr\u00e9panier, Voyage au c\u0153ur de l&#039;Arctique, apresenta os \u00f3leos e filmes deste artista canadiano, em estreita colabora\u00e7\u00e3o com a Funda\u00e7\u00e3o Pr\u00edncipe Alberto II do M\u00f3naco: destaca a beleza, o afastamento e a fragilidade de um Norte Canadiano em mudan\u00e7a.\" \/>\n<meta property=\"og:url\" content=\"https:\/\/musee.oceano.org\/pt-pt\/exposicoes\/no-coracao-do-artico\/\" \/>\n<meta property=\"og:site_name\" content=\"Mus\u00e9e Oc\u00e9anographique de Monaco\" \/>\n<meta property=\"article:modified_time\" content=\"2021-06-25T14:37:48+00:00\" \/>\n<meta property=\"og:image\" content=\"https:\/\/musee.oceano.org\/wp-content\/uploads\/sites\/2\/2020\/02\/07-TrepanierITA2Painting-Tanquary-Fiord-Behind.-Photo-by-Carl-Trepanier.jpg\" \/>\n\t<meta property=\"og:image:width\" content=\"1500\" \/>\n\t<meta property=\"og:image:height\" content=\"817\" \/>\n\t<meta property=\"og:image:type\" content=\"image\/jpeg\" \/>\n<meta name=\"twitter:card\" content=\"summary_large_image\" \/>\n<meta name=\"twitter:label1\" content=\"Tempo estimado de leitura\" \/>\n\t<meta name=\"twitter:data1\" content=\"5 minutos\" \/>\n<script type=\"application\/ld+json\" class=\"yoast-schema-graph\">{\"@context\":\"https:\/\/schema.org\",\"@graph\":[{\"@type\":\"WebPage\",\"@id\":\"https:\/\/musee.oceano.org\/pt-pt\/exposicoes\/no-coracao-do-artico\/\",\"url\":\"https:\/\/musee.oceano.org\/pt-pt\/exposicoes\/no-coracao-do-artico\/\",\"name\":\"No cora\u00e7\u00e3o do \u00c1rtico - Mus\u00e9e Oc\u00e9anographique de Monaco\",\"isPartOf\":{\"@id\":\"https:\/\/musee.oceano.org\/#website\"},\"primaryImageOfPage\":{\"@id\":\"https:\/\/musee.oceano.org\/pt-pt\/exposicoes\/no-coracao-do-artico\/#primaryimage\"},\"image\":{\"@id\":\"https:\/\/musee.oceano.org\/pt-pt\/exposicoes\/no-coracao-do-artico\/#primaryimage\"},\"thumbnailUrl\":\"https:\/\/musee.oceano.org\/wp-content\/uploads\/sites\/2\/2020\/02\/07-TrepanierITA2Painting-Tanquary-Fiord-Behind.-Photo-by-Carl-Trepanier.jpg\",\"datePublished\":\"2021-06-25T14:37:37+00:00\",\"dateModified\":\"2021-06-25T14:37:48+00:00\",\"breadcrumb\":{\"@id\":\"https:\/\/musee.oceano.org\/pt-pt\/exposicoes\/no-coracao-do-artico\/#breadcrumb\"},\"inLanguage\":\"pt-PT\",\"potentialAction\":[{\"@type\":\"ReadAction\",\"target\":[\"https:\/\/musee.oceano.org\/pt-pt\/exposicoes\/no-coracao-do-artico\/\"]}]},{\"@type\":\"ImageObject\",\"inLanguage\":\"pt-PT\",\"@id\":\"https:\/\/musee.oceano.org\/pt-pt\/exposicoes\/no-coracao-do-artico\/#primaryimage\",\"url\":\"https:\/\/musee.oceano.org\/wp-content\/uploads\/sites\/2\/2020\/02\/07-TrepanierITA2Painting-Tanquary-Fiord-Behind.-Photo-by-Carl-Trepanier.jpg\",\"contentUrl\":\"https:\/\/musee.oceano.org\/wp-content\/uploads\/sites\/2\/2020\/02\/07-TrepanierITA2Painting-Tanquary-Fiord-Behind.-Photo-by-Carl-Trepanier.jpg\",\"width\":1500,\"height\":817},{\"@type\":\"BreadcrumbList\",\"@id\":\"https:\/\/musee.oceano.org\/pt-pt\/exposicoes\/no-coracao-do-artico\/#breadcrumb\",\"itemListElement\":[{\"@type\":\"ListItem\",\"position\":1,\"name\":\"Home\",\"item\":\"https:\/\/musee.oceano.org\/pt-pt\/\"},{\"@type\":\"ListItem\",\"position\":2,\"name\":\"Tentoonstellingen\",\"item\":\"https:\/\/musee.oceano.org\/nl\/tentoonstellingen\/\"},{\"@type\":\"ListItem\",\"position\":3,\"name\":\"No cora\u00e7\u00e3o do \u00c1rtico\"}]},{\"@type\":\"WebSite\",\"@id\":\"https:\/\/musee.oceano.org\/#website\",\"url\":\"https:\/\/musee.oceano.org\/\",\"name\":\"Mus\u00e9e Oc\u00e9anographique de Monaco\",\"description\":\"Faire conna\u00eetre, aimer et prot\u00e9ger les oc\u00e9ans\",\"potentialAction\":[{\"@type\":\"SearchAction\",\"target\":{\"@type\":\"EntryPoint\",\"urlTemplate\":\"https:\/\/musee.oceano.org\/?s={search_term_string}\"},\"query-input\":{\"@type\":\"PropertyValueSpecification\",\"valueRequired\":true,\"valueName\":\"search_term_string\"}}],\"inLanguage\":\"pt-PT\"}]}<\/script>\n<!-- \/ Yoast SEO plugin. -->","yoast_head_json":{"title":"No cora\u00e7\u00e3o do \u00c1rtico - Mus\u00e9e Oc\u00e9anographique de Monaco","robots":{"index":"index","follow":"follow","max-snippet":"max-snippet:-1","max-image-preview":"max-image-preview:large","max-video-preview":"max-video-preview:-1"},"canonical":"https:\/\/musee.oceano.org\/pt-pt\/exposicoes\/no-coracao-do-artico\/","og_locale":"pt_PT","og_type":"article","og_title":"No cora\u00e7\u00e3o do \u00c1rtico - Mus\u00e9e Oc\u00e9anographique de Monaco","og_description":"Esta estreia europeia da exposi\u00e7\u00e3o de Cory Tr\u00e9panier, Voyage au c\u0153ur de l'Arctique, apresenta os \u00f3leos e filmes deste artista canadiano, em estreita colabora\u00e7\u00e3o com a Funda\u00e7\u00e3o Pr\u00edncipe Alberto II do M\u00f3naco: destaca a beleza, o afastamento e a fragilidade de um Norte Canadiano em mudan\u00e7a.","og_url":"https:\/\/musee.oceano.org\/pt-pt\/exposicoes\/no-coracao-do-artico\/","og_site_name":"Mus\u00e9e Oc\u00e9anographique de Monaco","article_modified_time":"2021-06-25T14:37:48+00:00","og_image":[{"width":1500,"height":817,"url":"https:\/\/musee.oceano.org\/wp-content\/uploads\/sites\/2\/2020\/02\/07-TrepanierITA2Painting-Tanquary-Fiord-Behind.-Photo-by-Carl-Trepanier.jpg","type":"image\/jpeg"}],"twitter_card":"summary_large_image","twitter_misc":{"Tempo estimado de leitura":"5 minutos"},"schema":{"@context":"https:\/\/schema.org","@graph":[{"@type":"WebPage","@id":"https:\/\/musee.oceano.org\/pt-pt\/exposicoes\/no-coracao-do-artico\/","url":"https:\/\/musee.oceano.org\/pt-pt\/exposicoes\/no-coracao-do-artico\/","name":"No cora\u00e7\u00e3o do \u00c1rtico - Mus\u00e9e Oc\u00e9anographique de Monaco","isPartOf":{"@id":"https:\/\/musee.oceano.org\/#website"},"primaryImageOfPage":{"@id":"https:\/\/musee.oceano.org\/pt-pt\/exposicoes\/no-coracao-do-artico\/#primaryimage"},"image":{"@id":"https:\/\/musee.oceano.org\/pt-pt\/exposicoes\/no-coracao-do-artico\/#primaryimage"},"thumbnailUrl":"https:\/\/musee.oceano.org\/wp-content\/uploads\/sites\/2\/2020\/02\/07-TrepanierITA2Painting-Tanquary-Fiord-Behind.-Photo-by-Carl-Trepanier.jpg","datePublished":"2021-06-25T14:37:37+00:00","dateModified":"2021-06-25T14:37:48+00:00","breadcrumb":{"@id":"https:\/\/musee.oceano.org\/pt-pt\/exposicoes\/no-coracao-do-artico\/#breadcrumb"},"inLanguage":"pt-PT","potentialAction":[{"@type":"ReadAction","target":["https:\/\/musee.oceano.org\/pt-pt\/exposicoes\/no-coracao-do-artico\/"]}]},{"@type":"ImageObject","inLanguage":"pt-PT","@id":"https:\/\/musee.oceano.org\/pt-pt\/exposicoes\/no-coracao-do-artico\/#primaryimage","url":"https:\/\/musee.oceano.org\/wp-content\/uploads\/sites\/2\/2020\/02\/07-TrepanierITA2Painting-Tanquary-Fiord-Behind.-Photo-by-Carl-Trepanier.jpg","contentUrl":"https:\/\/musee.oceano.org\/wp-content\/uploads\/sites\/2\/2020\/02\/07-TrepanierITA2Painting-Tanquary-Fiord-Behind.-Photo-by-Carl-Trepanier.jpg","width":1500,"height":817},{"@type":"BreadcrumbList","@id":"https:\/\/musee.oceano.org\/pt-pt\/exposicoes\/no-coracao-do-artico\/#breadcrumb","itemListElement":[{"@type":"ListItem","position":1,"name":"Home","item":"https:\/\/musee.oceano.org\/pt-pt\/"},{"@type":"ListItem","position":2,"name":"Tentoonstellingen","item":"https:\/\/musee.oceano.org\/nl\/tentoonstellingen\/"},{"@type":"ListItem","position":3,"name":"No cora\u00e7\u00e3o do \u00c1rtico"}]},{"@type":"WebSite","@id":"https:\/\/musee.oceano.org\/#website","url":"https:\/\/musee.oceano.org\/","name":"Mus\u00e9e Oc\u00e9anographique de Monaco","description":"Faire conna\u00eetre, aimer et prot\u00e9ger les oc\u00e9ans","potentialAction":[{"@type":"SearchAction","target":{"@type":"EntryPoint","urlTemplate":"https:\/\/musee.oceano.org\/?s={search_term_string}"},"query-input":{"@type":"PropertyValueSpecification","valueRequired":true,"valueName":"search_term_string"}}],"inLanguage":"pt-PT"}]}},"_links":{"self":[{"href":"https:\/\/musee.oceano.org\/pt-pt\/wp-json\/wp\/v2\/expositions\/25770","targetHints":{"allow":["GET"]}}],"collection":[{"href":"https:\/\/musee.oceano.org\/pt-pt\/wp-json\/wp\/v2\/expositions"}],"about":[{"href":"https:\/\/musee.oceano.org\/pt-pt\/wp-json\/wp\/v2\/types\/expositions"}],"version-history":[{"count":3,"href":"https:\/\/musee.oceano.org\/pt-pt\/wp-json\/wp\/v2\/expositions\/25770\/revisions"}],"predecessor-version":[{"id":25816,"href":"https:\/\/musee.oceano.org\/pt-pt\/wp-json\/wp\/v2\/expositions\/25770\/revisions\/25816"}],"wp:featuredmedia":[{"embeddable":true,"href":"https:\/\/musee.oceano.org\/pt-pt\/wp-json\/wp\/v2\/media\/25781"}],"wp:attachment":[{"href":"https:\/\/musee.oceano.org\/pt-pt\/wp-json\/wp\/v2\/media?parent=25770"}],"wp:term":[{"taxonomy":"etatexpositions","embeddable":true,"href":"https:\/\/musee.oceano.org\/pt-pt\/wp-json\/wp\/v2\/etatexpositions?post=25770"}],"curies":[{"name":"wp","href":"https:\/\/api.w.org\/{rel}","templated":true}]}}