{"id":26883,"date":"2021-06-25T17:34:36","date_gmt":"2021-06-25T15:34:36","guid":{"rendered":"https:\/\/musee.oceano.org\/voce-e-professor\/"},"modified":"2021-08-25T15:45:52","modified_gmt":"2021-08-25T13:45:52","slug":"voce-e-professor","status":"publish","type":"page","link":"https:\/\/musee.oceano.org\/pt-pt\/voce-e-professor\/","title":{"rendered":"Voc\u00ea \u00e9 &#8211; Professor"},"content":{"rendered":"\t\t<div data-elementor-type=\"wp-post\" data-elementor-id=\"26883\" class=\"elementor elementor-26883\" data-elementor-post-type=\"page\">\n\t\t\t\t\t\t<section class=\"elementor-section elementor-top-section elementor-element elementor-element-32e937a elementor-section-height-min-height elementor-section-full_width elementor-section-height-default elementor-section-items-middle\" data-id=\"32e937a\" data-element_type=\"section\" data-e-type=\"section\" data-settings=\"{&quot;background_background&quot;:&quot;classic&quot;}\">\n\t\t\t\t\t\t\t<div class=\"elementor-background-overlay\"><\/div>\n\t\t\t\t\t\t\t<div class=\"elementor-container elementor-column-gap-default\">\n\t\t\t\t\t<div class=\"elementor-column elementor-col-100 elementor-top-column elementor-element elementor-element-8cb9c30\" data-id=\"8cb9c30\" data-element_type=\"column\" data-e-type=\"column\">\n\t\t\t<div class=\"elementor-widget-wrap elementor-element-populated\">\n\t\t\t\t\t\t<div class=\"elementor-element elementor-element-14f54e0 elementor-widget elementor-widget-heading\" data-id=\"14f54e0\" data-element_type=\"widget\" data-e-type=\"widget\" data-widget_type=\"heading.default\">\n\t\t\t\t<div class=\"elementor-widget-container\">\n\t\t\t\t\t<h1 class=\"elementor-heading-title elementor-size-xxl\">atividades escolares<\/h1>\t\t\t\t<\/div>\n\t\t\t\t<\/div>\n\t\t\t\t<div class=\"elementor-element elementor-element-055af50 elementor-widget elementor-widget-text-editor\" data-id=\"055af50\" data-element_type=\"widget\" data-e-type=\"widget\" data-widget_type=\"text-editor.default\">\n\t\t\t\t<div class=\"elementor-widget-container\">\n\t\t\t\t\t\t\t\t\t<p>No Museu Oceanogr\u00e1fico<\/p>\n\t\t\t\t\t\t\t\t<\/div>\n\t\t\t\t<\/div>\n\t\t\t\t<div class=\"elementor-element elementor-element-4cbee65 elementor-align-center elementor-widget elementor-widget-button\" data-id=\"4cbee65\" data-element_type=\"widget\" data-e-type=\"widget\" data-widget_type=\"button.default\">\n\t\t\t\t<div class=\"elementor-widget-container\">\n\t\t\t\t\t\t\t\t\t<div class=\"elementor-button-wrapper\">\n\t\t\t\t\t<a class=\"elementor-button elementor-button-link elementor-size-md\" href=\"https:\/\/musee.oceano.org\/pt-pt\/visita-em-grupo\/\">\n\t\t\t\t\t\t<span class=\"elementor-button-content-wrapper\">\n\t\t\t\t\t\t\t\t\t<span class=\"elementor-button-text\">Formul\u00e1rio de reserva<\/span>\n\t\t\t\t\t<\/span>\n\t\t\t\t\t<\/a>\n\t\t\t\t<\/div>\n\t\t\t\t\t\t\t\t<\/div>\n\t\t\t\t<\/div>\n\t\t\t\t\t<\/div>\n\t\t<\/div>\n\t\t\t\t\t<\/div>\n\t\t<\/section>\n\t\t\t\t<section class=\"elementor-section elementor-top-section elementor-element elementor-element-5f98297 elementor-section-boxed elementor-section-height-default elementor-section-height-default\" data-id=\"5f98297\" data-element_type=\"section\" data-e-type=\"section\">\n\t\t\t\t\t\t<div class=\"elementor-container elementor-column-gap-default\">\n\t\t\t\t\t<div class=\"elementor-column elementor-col-100 elementor-top-column elementor-element elementor-element-f05fcca\" data-id=\"f05fcca\" data-element_type=\"column\" data-e-type=\"column\" data-settings=\"{&quot;background_background&quot;:&quot;classic&quot;}\">\n\t\t\t<div class=\"elementor-widget-wrap elementor-element-populated\">\n\t\t\t\t\t\t<section class=\"elementor-section elementor-inner-section elementor-element elementor-element-19397d6 elementor-section-boxed elementor-section-height-default elementor-section-height-default\" data-id=\"19397d6\" data-element_type=\"section\" data-e-type=\"section\" data-settings=\"{&quot;animation_tablet&quot;:&quot;fadeInUp&quot;}\">\n\t\t\t\t\t\t<div class=\"elementor-container elementor-column-gap-default\">\n\t\t\t\t\t<div class=\"elementor-column elementor-col-50 elementor-inner-column elementor-element elementor-element-f17edb3\" data-id=\"f17edb3\" data-element_type=\"column\" data-e-type=\"column\">\n\t\t\t<div class=\"elementor-widget-wrap elementor-element-populated\">\n\t\t\t\t\t\t<div class=\"elementor-element elementor-element-ac1a7fe elementor-widget elementor-widget-heading\" data-id=\"ac1a7fe\" data-element_type=\"widget\" data-e-type=\"widget\" data-widget_type=\"heading.default\">\n\t\t\t\t<div class=\"elementor-widget-container\">\n\t\t\t\t\t<h2 class=\"elementor-heading-title elementor-size-default\">NOMEA\u00c7\u00d5ES DE PROFESSORES<\/h2>\t\t\t\t<\/div>\n\t\t\t\t<\/div>\n\t\t\t\t<div class=\"elementor-element elementor-element-fcf4833 elementor-widget elementor-widget-text-editor\" data-id=\"fcf4833\" data-element_type=\"widget\" data-e-type=\"widget\" data-widget_type=\"text-editor.default\">\n\t\t\t\t<div class=\"elementor-widget-container\">\n\t\t\t\t\t\t\t\t\t<p>#SaveTheDate<\/p>\n\t\t\t\t\t\t\t\t<\/div>\n\t\t\t\t<\/div>\n\t\t\t\t<div class=\"elementor-element elementor-element-20dff8f elementor-widget elementor-widget-text-editor\" data-id=\"20dff8f\" data-element_type=\"widget\" data-e-type=\"widget\" data-widget_type=\"text-editor.default\">\n\t\t\t\t<div class=\"elementor-widget-container\">\n\t\t\t\t\t\t\t\t\t<p>Os professores do ensino b\u00e1sico e secund\u00e1rio que desejem dar a conhecer as not\u00edcias do oceano e\/ou organizar uma visita ao Museu Oceanogr\u00e1fico com a sua turma durante o ano letivo 2021\u20102022 s\u00e3o convidados a <em>Professores<\/em> de Nomea\u00e7\u00e3o propostos <strong><mark>29 de setembro<\/mark><\/strong> pela equipa educativa do Museu e pela Direction de l&#8217;Education Nationale de la Jeunesse et des Sports de M\u00f3naco. Para os professores franceses, este encontro ter\u00e1 lugar no <mark><strong>dia 13 de outubro,<\/strong><\/mark> em colabora\u00e7\u00e3o com o DAAC e no \u00e2mbito da parceria oficial entre o Museu e a Educa\u00e7\u00e3o Nacional.<\/p>\n<p>Para participar, <strong><mark>\u00e9 obrigat\u00f3ria uma inscri\u00e7\u00e3o pr\u00e9via.<\/mark><\/strong> Por favor, dirijo o seu pedido \u00e0 equipa educativa do Museu no seguinte endere\u00e7o: <em>service.animations@oceano.org<\/em><\/p>\n\t\t\t\t\t\t\t\t<\/div>\n\t\t\t\t<\/div>\n\t\t\t\t<div class=\"elementor-element elementor-element-9eb5382 elementor-widget elementor-widget-text-editor\" data-id=\"9eb5382\" data-element_type=\"widget\" data-e-type=\"widget\" data-widget_type=\"text-editor.default\">\n\t\t\t\t<div class=\"elementor-widget-container\">\n\t\t\t\t\t\t\t\t\t<p><em>&#8211; Entrada gratuita<\/em><\/p>\n\t\t\t\t\t\t\t\t<\/div>\n\t\t\t\t<\/div>\n\t\t\t\t\t<\/div>\n\t\t<\/div>\n\t\t\t\t<div class=\"elementor-column elementor-col-50 elementor-inner-column elementor-element elementor-element-c225ca5\" data-id=\"c225ca5\" data-element_type=\"column\" data-e-type=\"column\">\n\t\t\t<div class=\"elementor-widget-wrap elementor-element-populated\">\n\t\t\t\t\t\t<div class=\"elementor-element elementor-element-addf42e elementor-zoom elementor-widget elementor-widget-image\" data-id=\"addf42e\" data-element_type=\"widget\" data-e-type=\"widget\" data-widget_type=\"image.default\">\n\t\t\t\t<div class=\"elementor-widget-container\">\n\t\t\t\t\t\t\t\t\t\t\t\t\t\t\t<img fetchpriority=\"high\" decoding=\"async\" width=\"762\" height=\"578\" src=\"https:\/\/musee.oceano.org\/wp-content\/uploads\/sites\/2\/2021\/07\/IMG_20201014_162659-1-762x578.jpg\" class=\"attachment-img-actu-section size-img-actu-section wp-image-33346\" alt=\"\" \/>\t\t\t\t\t\t\t\t\t\t\t\t\t\t\t<\/div>\n\t\t\t\t<\/div>\n\t\t\t\t\t<\/div>\n\t\t<\/div>\n\t\t\t\t\t<\/div>\n\t\t<\/section>\n\t\t\t\t\t<\/div>\n\t\t<\/div>\n\t\t\t\t\t<\/div>\n\t\t<\/section>\n\t\t\t\t<section class=\"elementor-section elementor-top-section elementor-element elementor-element-9a16b95 elementor-section-boxed elementor-section-height-default elementor-section-height-default\" data-id=\"9a16b95\" data-element_type=\"section\" data-e-type=\"section\">\n\t\t\t\t\t\t<div class=\"elementor-container elementor-column-gap-default\">\n\t\t\t\t\t<div class=\"elementor-column elementor-col-100 elementor-top-column elementor-element elementor-element-f245d9a\" data-id=\"f245d9a\" data-element_type=\"column\" data-e-type=\"column\" data-settings=\"{&quot;background_background&quot;:&quot;classic&quot;}\">\n\t\t\t<div class=\"elementor-widget-wrap elementor-element-populated\">\n\t\t\t\t\t\t<section class=\"elementor-section elementor-inner-section elementor-element elementor-element-78c12b3 elementor-section-boxed elementor-section-height-default elementor-section-height-default\" data-id=\"78c12b3\" data-element_type=\"section\" data-e-type=\"section\" data-settings=\"{&quot;animation_tablet&quot;:&quot;fadeInUp&quot;}\">\n\t\t\t\t\t\t<div class=\"elementor-container elementor-column-gap-default\">\n\t\t\t\t\t<div class=\"elementor-column elementor-col-50 elementor-inner-column elementor-element elementor-element-cdd1d44\" data-id=\"cdd1d44\" data-element_type=\"column\" data-e-type=\"column\">\n\t\t\t<div class=\"elementor-widget-wrap elementor-element-populated\">\n\t\t\t\t\t\t<div class=\"elementor-element elementor-element-be4d918 elementor-zoom elementor-widget elementor-widget-image\" data-id=\"be4d918\" data-element_type=\"widget\" data-e-type=\"widget\" data-widget_type=\"image.default\">\n\t\t\t\t<div class=\"elementor-widget-container\">\n\t\t\t\t\t\t\t\t\t\t\t\t\t\t\t<img decoding=\"async\" width=\"762\" height=\"578\" src=\"https:\/\/musee.oceano.org\/wp-content\/uploads\/sites\/2\/2019\/06\/82_Snapper-Club_M_Dagnino-762x578.jpg\" class=\"attachment-img-actu-section size-img-actu-section wp-image-24705\" alt=\"\" \/>\t\t\t\t\t\t\t\t\t\t\t\t\t\t\t<\/div>\n\t\t\t\t<\/div>\n\t\t\t\t\t<\/div>\n\t\t<\/div>\n\t\t\t\t<div class=\"elementor-column elementor-col-50 elementor-inner-column elementor-element elementor-element-1be286a\" data-id=\"1be286a\" data-element_type=\"column\" data-e-type=\"column\">\n\t\t\t<div class=\"elementor-widget-wrap elementor-element-populated\">\n\t\t\t\t\t\t<div class=\"elementor-element elementor-element-8fcb502 elementor-widget elementor-widget-heading\" data-id=\"8fcb502\" data-element_type=\"widget\" data-e-type=\"widget\" data-widget_type=\"heading.default\">\n\t\t\t\t<div class=\"elementor-widget-container\">\n\t\t\t\t\t<h2 class=\"elementor-heading-title elementor-size-default\">Participe nas nossas atividades educativas<\/h2>\t\t\t\t<\/div>\n\t\t\t\t<\/div>\n\t\t\t\t<div class=\"elementor-element elementor-element-5c86f15 elementor-widget elementor-widget-text-editor\" data-id=\"5c86f15\" data-element_type=\"widget\" data-e-type=\"widget\" data-widget_type=\"text-editor.default\">\n\t\t\t\t<div class=\"elementor-widget-container\">\n\t\t\t\t\t\t\t\t\t<p>O Instituto desenvolve uma oferta diversificada de workshops educativos, desde o ber\u00e7\u00e1rio ao ensino superior, ao servi\u00e7o de uma abordagem ambiciosa de sensibiliza\u00e7\u00e3o para sensibilizar e comprometer-se com a preserva\u00e7\u00e3o do Oceano.<\/p>\n<p>Para saber mais, baixe as nossas cadernetas educacionais abaixo.<\/p>\n\t\t\t\t\t\t\t\t<\/div>\n\t\t\t\t<\/div>\n\t\t\t\t<div class=\"elementor-element elementor-element-46a80e3 elementor-align-left elementor-mobile-align-center elementor-widget elementor-widget-button\" data-id=\"46a80e3\" data-element_type=\"widget\" data-e-type=\"widget\" data-widget_type=\"button.default\">\n\t\t\t\t<div class=\"elementor-widget-container\">\n\t\t\t\t\t\t\t\t\t<div class=\"elementor-button-wrapper\">\n\t\t\t\t\t<a class=\"elementor-button elementor-button-link elementor-size-sm\" href=\"https:\/\/musee.oceano.org\/wp-content\/uploads\/sites\/2\/2020\/09\/2020-21-Livret-p\u00e9dagogique-PRE-SCOLAIRE-ET-PRIMAIRE-160x250-low.pdf\" target=\"_blank\">\n\t\t\t\t\t\t<span class=\"elementor-button-content-wrapper\">\n\t\t\t\t\t\t\t\t\t<span class=\"elementor-button-text\">Folheto pr\u00e9-escolar e prim\u00e1rio<\/span>\n\t\t\t\t\t<\/span>\n\t\t\t\t\t<\/a>\n\t\t\t\t<\/div>\n\t\t\t\t\t\t\t\t<\/div>\n\t\t\t\t<\/div>\n\t\t\t\t<div class=\"elementor-element elementor-element-5a33474 elementor-align-left elementor-mobile-align-center elementor-widget elementor-widget-button\" data-id=\"5a33474\" data-element_type=\"widget\" data-e-type=\"widget\" data-widget_type=\"button.default\">\n\t\t\t\t<div class=\"elementor-widget-container\">\n\t\t\t\t\t\t\t\t\t<div class=\"elementor-button-wrapper\">\n\t\t\t\t\t<a class=\"elementor-button elementor-button-link elementor-size-sm\" href=\"https:\/\/musee.oceano.org\/wp-content\/uploads\/sites\/2\/2020\/09\/2020-21-Livret-p\u00e9dagogique-SECONDAIRE-ET-SUPERIEUR-160x250-low.pdf\" target=\"_blank\">\n\t\t\t\t\t\t<span class=\"elementor-button-content-wrapper\">\n\t\t\t\t\t\t\t\t\t<span class=\"elementor-button-text\">folheto Ensino Secund\u00e1rio e Superior<\/span>\n\t\t\t\t\t<\/span>\n\t\t\t\t\t<\/a>\n\t\t\t\t<\/div>\n\t\t\t\t\t\t\t\t<\/div>\n\t\t\t\t<\/div>\n\t\t\t\t<div class=\"elementor-element elementor-element-a3a6646 elementor-align-left elementor-mobile-align-center elementor-widget elementor-widget-button\" data-id=\"a3a6646\" data-element_type=\"widget\" data-e-type=\"widget\" data-widget_type=\"button.default\">\n\t\t\t\t<div class=\"elementor-widget-container\">\n\t\t\t\t\t\t\t\t\t<div class=\"elementor-button-wrapper\">\n\t\t\t\t\t<a class=\"elementor-button elementor-button-link elementor-size-sm\" href=\"https:\/\/musee.oceano.org\/pt-pt\/visita-em-grupo\/\" target=\"_blank\">\n\t\t\t\t\t\t<span class=\"elementor-button-content-wrapper\">\n\t\t\t\t\t\t\t\t\t<span class=\"elementor-button-text\">Formul\u00e1rio de reserva<\/span>\n\t\t\t\t\t<\/span>\n\t\t\t\t\t<\/a>\n\t\t\t\t<\/div>\n\t\t\t\t\t\t\t\t<\/div>\n\t\t\t\t<\/div>\n\t\t\t\t\t<\/div>\n\t\t<\/div>\n\t\t\t\t\t<\/div>\n\t\t<\/section>\n\t\t\t\t\t<\/div>\n\t\t<\/div>\n\t\t\t\t\t<\/div>\n\t\t<\/section>\n\t\t\t\t<section class=\"elementor-section elementor-top-section elementor-element elementor-element-9e25969 elementor-section-boxed elementor-section-height-default elementor-section-height-default\" data-id=\"9e25969\" data-element_type=\"section\" data-e-type=\"section\">\n\t\t\t\t\t\t<div class=\"elementor-container elementor-column-gap-default\">\n\t\t\t\t\t<div class=\"elementor-column elementor-col-100 elementor-top-column elementor-element elementor-element-5d1232c\" data-id=\"5d1232c\" data-element_type=\"column\" data-e-type=\"column\">\n\t\t\t<div class=\"elementor-widget-wrap elementor-element-populated\">\n\t\t\t\t\t\t<div class=\"elementor-element elementor-element-48007c4 elementor-headline--style-highlight elementor-widget elementor-widget-animated-headline\" data-id=\"48007c4\" data-element_type=\"widget\" data-e-type=\"widget\" data-settings=\"{&quot;marker&quot;:&quot;underline&quot;,&quot;highlighted_text&quot;:&quot;novos workshops&quot;,&quot;headline_style&quot;:&quot;highlight&quot;,&quot;loop&quot;:&quot;yes&quot;,&quot;highlight_animation_duration&quot;:1200,&quot;highlight_iteration_delay&quot;:8000}\" data-widget_type=\"animated-headline.default\">\n\t\t\t\t<div class=\"elementor-widget-container\">\n\t\t\t\t\t\t\t<h3 class=\"elementor-headline\">\n\t\t\t\t\t<span class=\"elementor-headline-plain-text elementor-headline-text-wrapper\">Descubra o nosso<\/span>\n\t\t\t\t<span class=\"elementor-headline-dynamic-wrapper elementor-headline-text-wrapper\">\n\t\t\t\t\t<span class=\"elementor-headline-dynamic-text elementor-headline-text-active\">novos workshops<\/span>\n\t\t\t\t<\/span>\n\t\t\t\t<\/h3>\n\t\t\t\t\t\t<\/div>\n\t\t\t\t<\/div>\n\t\t\t\t\t<\/div>\n\t\t<\/div>\n\t\t\t\t\t<\/div>\n\t\t<\/section>\n\t\t\t\t<section class=\"elementor-section elementor-top-section elementor-element elementor-element-2668763 elementor-section-boxed elementor-section-height-default elementor-section-height-default\" data-id=\"2668763\" data-element_type=\"section\" data-e-type=\"section\">\n\t\t\t\t\t\t<div class=\"elementor-container elementor-column-gap-default\">\n\t\t\t\t\t<div class=\"elementor-column elementor-col-25 elementor-top-column elementor-element elementor-element-751b91f\" data-id=\"751b91f\" data-element_type=\"column\" data-e-type=\"column\">\n\t\t\t<div class=\"elementor-widget-wrap elementor-element-populated\">\n\t\t\t\t\t\t<div class=\"elementor-element elementor-element-238afb7 elementor-widget elementor-widget-image\" data-id=\"238afb7\" data-element_type=\"widget\" data-e-type=\"widget\" data-widget_type=\"image.default\">\n\t\t\t\t<div class=\"elementor-widget-container\">\n\t\t\t\t\t\t\t\t\t\t\t\t\t\t\t\t<a href=\"https:\/\/musee.oceano.org\/wp-content\/uploads\/sites\/2\/2020\/09\/2020-21-Livret-p\u00e9dagogique-PRE-SCOLAIRE-ET-PRIMAIRE-160x250-low.pdf\" target=\"_blank\">\n\t\t\t\t\t\t\t<img decoding=\"async\" width=\"688\" height=\"515\" src=\"https:\/\/musee.oceano.org\/wp-content\/uploads\/sites\/2\/2020\/09\/18-688x515.png\" class=\"attachment-img-bloc-espace size-img-bloc-espace wp-image-26895\" alt=\"\" srcset=\"https:\/\/musee.oceano.org\/wp-content\/uploads\/sites\/2\/2020\/09\/18-688x515.png 688w, https:\/\/musee.oceano.org\/wp-content\/uploads\/sites\/2\/2020\/09\/18-216x162.png 216w\" sizes=\"(max-width: 688px) 100vw, 688px\" \/>\t\t\t\t\t\t\t\t<\/a>\n\t\t\t\t\t\t\t\t\t\t\t\t\t\t\t<\/div>\n\t\t\t\t<\/div>\n\t\t\t\t<div class=\"elementor-element elementor-element-99617d2 elementor-widget elementor-widget-text-editor\" data-id=\"99617d2\" data-element_type=\"widget\" data-e-type=\"widget\" data-widget_type=\"text-editor.default\">\n\t\t\t\t<div class=\"elementor-widget-container\">\n\t\t\t\t\t\t\t\t\t<p><strong>IMERS\u00c3O NA BIODIVERSIDADE<br \/>\n<\/strong><\/p>\n<p>Ciclos 2 e 3<\/br><\/p>\n\t\t\t\t\t\t\t\t<\/div>\n\t\t\t\t<\/div>\n\t\t\t\t\t<\/div>\n\t\t<\/div>\n\t\t\t\t<div class=\"elementor-column elementor-col-25 elementor-top-column elementor-element elementor-element-41e4c02\" data-id=\"41e4c02\" data-element_type=\"column\" data-e-type=\"column\">\n\t\t\t<div class=\"elementor-widget-wrap elementor-element-populated\">\n\t\t\t\t\t\t<div class=\"elementor-element elementor-element-6c54b51 elementor-widget elementor-widget-image\" data-id=\"6c54b51\" data-element_type=\"widget\" data-e-type=\"widget\" data-widget_type=\"image.default\">\n\t\t\t\t<div class=\"elementor-widget-container\">\n\t\t\t\t\t\t\t\t\t\t\t\t\t\t\t\t<a href=\"https:\/\/musee.oceano.org\/wp-content\/uploads\/sites\/2\/2020\/09\/2020-21-Livret-p\u00e9dagogique-SECONDAIRE-ET-SUPERIEUR-160x250-low.pdf\" target=\"_blank\">\n\t\t\t\t\t\t\t<img loading=\"lazy\" decoding=\"async\" width=\"688\" height=\"515\" src=\"https:\/\/musee.oceano.org\/wp-content\/uploads\/sites\/2\/2020\/09\/20-688x515.png\" class=\"attachment-img-bloc-espace size-img-bloc-espace wp-image-26902\" alt=\"\" srcset=\"https:\/\/musee.oceano.org\/wp-content\/uploads\/sites\/2\/2020\/09\/20-688x515.png 688w, https:\/\/musee.oceano.org\/wp-content\/uploads\/sites\/2\/2020\/09\/20-216x162.png 216w\" sizes=\"(max-width: 688px) 100vw, 688px\" \/>\t\t\t\t\t\t\t\t<\/a>\n\t\t\t\t\t\t\t\t\t\t\t\t\t\t\t<\/div>\n\t\t\t\t<\/div>\n\t\t\t\t<div class=\"elementor-element elementor-element-2b6533f elementor-widget elementor-widget-text-editor\" data-id=\"2b6533f\" data-element_type=\"widget\" data-e-type=\"widget\" data-widget_type=\"text-editor.default\">\n\t\t\t\t<div class=\"elementor-widget-container\">\n\t\t\t\t\t\t\t\t\t<p><strong>o&#8230; SONS DE MAM\u00cdFEROS MARINHOS MEDITERR\u00c2NICOS<br \/>\n<\/strong><\/p>\n<p>escola secund\u00e1ria<\/br><\/p>\n\t\t\t\t\t\t\t\t<\/div>\n\t\t\t\t<\/div>\n\t\t\t\t\t<\/div>\n\t\t<\/div>\n\t\t\t\t<div class=\"elementor-column elementor-col-25 elementor-top-column elementor-element elementor-element-5dd818d\" data-id=\"5dd818d\" data-element_type=\"column\" data-e-type=\"column\">\n\t\t\t<div class=\"elementor-widget-wrap elementor-element-populated\">\n\t\t\t\t\t\t<div class=\"elementor-element elementor-element-0abb22c elementor-widget elementor-widget-image\" data-id=\"0abb22c\" data-element_type=\"widget\" data-e-type=\"widget\" data-widget_type=\"image.default\">\n\t\t\t\t<div class=\"elementor-widget-container\">\n\t\t\t\t\t\t\t\t\t\t\t\t\t\t\t\t<a href=\"https:\/\/musee.oceano.org\/wp-content\/uploads\/sites\/2\/2020\/09\/2020-21-Livret-p\u00e9dagogique-SECONDAIRE-ET-SUPERIEUR-160x250-low.pdf\" target=\"_blank\">\n\t\t\t\t\t\t\t<img loading=\"lazy\" decoding=\"async\" width=\"688\" height=\"515\" src=\"https:\/\/musee.oceano.org\/wp-content\/uploads\/sites\/2\/2020\/09\/17-688x515.png\" class=\"attachment-img-bloc-espace size-img-bloc-espace wp-image-26898\" alt=\"\" srcset=\"https:\/\/musee.oceano.org\/wp-content\/uploads\/sites\/2\/2020\/09\/17-688x515.png 688w, https:\/\/musee.oceano.org\/wp-content\/uploads\/sites\/2\/2020\/09\/17-216x162.png 216w\" sizes=\"(max-width: 688px) 100vw, 688px\" \/>\t\t\t\t\t\t\t\t<\/a>\n\t\t\t\t\t\t\t\t\t\t\t\t\t\t\t<\/div>\n\t\t\t\t<\/div>\n\t\t\t\t<div class=\"elementor-element elementor-element-8befa54 elementor-widget elementor-widget-text-editor\" data-id=\"8befa54\" data-element_type=\"widget\" data-e-type=\"widget\" data-widget_type=\"text-editor.default\">\n\t\t\t\t<div class=\"elementor-widget-container\">\n\t\t\t\t\t\t\t\t\t<p><strong>RECIFES DE CORAL E DESENVOLVIMENTO SUSTENT\u00c1VEL<br \/>\n<\/strong><\/p>\n<p>escola secund\u00e1ria<\/br><\/p>\n\t\t\t\t\t\t\t\t<\/div>\n\t\t\t\t<\/div>\n\t\t\t\t\t<\/div>\n\t\t<\/div>\n\t\t\t\t<div class=\"elementor-column elementor-col-25 elementor-top-column elementor-element elementor-element-b77d375\" data-id=\"b77d375\" data-element_type=\"column\" data-e-type=\"column\">\n\t\t\t<div class=\"elementor-widget-wrap elementor-element-populated\">\n\t\t\t\t\t\t<div class=\"elementor-element elementor-element-e46f4c8 elementor-widget elementor-widget-image\" data-id=\"e46f4c8\" data-element_type=\"widget\" data-e-type=\"widget\" data-widget_type=\"image.default\">\n\t\t\t\t<div class=\"elementor-widget-container\">\n\t\t\t\t\t\t\t\t\t\t\t\t\t\t\t\t<a href=\"https:\/\/musee.oceano.org\/wp-content\/uploads\/sites\/2\/2020\/09\/2020-21-Livret-p\u00e9dagogique-SECONDAIRE-ET-SUPERIEUR-160x250-low.pdf\" target=\"_blank\">\n\t\t\t\t\t\t\t<img loading=\"lazy\" decoding=\"async\" width=\"688\" height=\"515\" src=\"https:\/\/musee.oceano.org\/wp-content\/uploads\/sites\/2\/2020\/09\/26-1-688x515.png\" class=\"attachment-img-bloc-espace size-img-bloc-espace wp-image-26904\" alt=\"\" srcset=\"https:\/\/musee.oceano.org\/wp-content\/uploads\/sites\/2\/2020\/09\/26-1-688x515.png 688w, https:\/\/musee.oceano.org\/wp-content\/uploads\/sites\/2\/2020\/09\/26-1-216x162.png 216w\" sizes=\"(max-width: 688px) 100vw, 688px\" \/>\t\t\t\t\t\t\t\t<\/a>\n\t\t\t\t\t\t\t\t\t\t\t\t\t\t\t<\/div>\n\t\t\t\t<\/div>\n\t\t\t\t<div class=\"elementor-element elementor-element-0ecefbf elementor-widget elementor-widget-text-editor\" data-id=\"0ecefbf\" data-element_type=\"widget\" data-e-type=\"widget\" data-widget_type=\"text-editor.default\">\n\t\t\t\t<div class=\"elementor-widget-container\">\n\t\t\t\t\t\t\t\t\t<p><strong>PESCA SUSTENT\u00c1VEL<br \/>\n<\/strong><br \/>\n<br \/>4\u00ba<\/br><\/p>\n\t\t\t\t\t\t\t\t<\/div>\n\t\t\t\t<\/div>\n\t\t\t\t\t<\/div>\n\t\t<\/div>\n\t\t\t\t\t<\/div>\n\t\t<\/section>\n\t\t\t\t<section class=\"elementor-section elementor-top-section elementor-element elementor-element-2151bc3 elementor-section-height-min-height elementor-section-boxed elementor-section-height-default elementor-section-items-middle\" data-id=\"2151bc3\" data-element_type=\"section\" data-e-type=\"section\">\n\t\t\t\t\t\t<div class=\"elementor-container elementor-column-gap-default\">\n\t\t\t\t\t<div class=\"elementor-column elementor-col-66 elementor-top-column elementor-element elementor-element-aeed00c\" data-id=\"aeed00c\" data-element_type=\"column\" data-e-type=\"column\">\n\t\t\t<div class=\"elementor-widget-wrap elementor-element-populated\">\n\t\t\t\t\t\t<div class=\"elementor-element elementor-element-a325685 elementor-headline--style-highlight elementor-widget elementor-widget-animated-headline\" data-id=\"a325685\" data-element_type=\"widget\" data-e-type=\"widget\" data-settings=\"{&quot;marker&quot;:&quot;underline&quot;,&quot;highlighted_text&quot;:&quot;Exploradores e Cidad\\u00e3os dos Mares&quot;,&quot;headline_style&quot;:&quot;highlight&quot;,&quot;loop&quot;:&quot;yes&quot;,&quot;highlight_animation_duration&quot;:1200,&quot;highlight_iteration_delay&quot;:8000}\" data-widget_type=\"animated-headline.default\">\n\t\t\t\t<div class=\"elementor-widget-container\">\n\t\t\t\t\t\t\t<h3 class=\"elementor-headline\">\n\t\t\t\t\t<span class=\"elementor-headline-plain-text elementor-headline-text-wrapper\">Participe no dispositivo<\/span>\n\t\t\t\t<span class=\"elementor-headline-dynamic-wrapper elementor-headline-text-wrapper\">\n\t\t\t\t\t<span class=\"elementor-headline-dynamic-text elementor-headline-text-active\">Exploradores e Cidad\u00e3os dos Mares<\/span>\n\t\t\t\t<\/span>\n\t\t\t\t<\/h3>\n\t\t\t\t\t\t<\/div>\n\t\t\t\t<\/div>\n\t\t\t\t<div class=\"elementor-element elementor-element-3a3afca elementor-widget elementor-widget-text-editor\" data-id=\"3a3afca\" data-element_type=\"widget\" data-e-type=\"widget\" data-widget_type=\"text-editor.default\">\n\t\t\t\t<div class=\"elementor-widget-container\">\n\t\t\t\t\t\t\t\t\t<p><strong><span style=\"color: #67d0d1\">Ano letivo 2021-2022<\/span><\/strong><\/p>\n\t\t\t\t\t\t\t\t<\/div>\n\t\t\t\t<\/div>\n\t\t\t\t<div class=\"elementor-element elementor-element-66c7a5f elementor-widget elementor-widget-text-editor\" data-id=\"66c7a5f\" data-element_type=\"widget\" data-e-type=\"widget\" data-widget_type=\"text-editor.default\">\n\t\t\t\t<div class=\"elementor-widget-container\">\n\t\t\t\t\t\t\t\t\t<p><strong>Destinado \u00e0s aulas do ensino m\u00e9dio e secund\u00e1rio, este dispositivo conta com o apoio <a href=\"https:\/\/www.ac-nice.fr\/education-artistique-et-culturelle\">da Delega\u00e7\u00e3o Acad\u00e9mica de Educa\u00e7\u00e3o Art\u00edstica e Cultural (DAAC)<\/a> da Academia de Nice, constru\u00edda e implementada em parceria com o Museu Oceanogr\u00e1fico do M\u00f3naco e as <a href=\"https:\/\/www.monacoexplorations.org\/qui-sommes-nous\/\">Explora\u00e7\u00f5es do M\u00f3naco.<\/a><\/strong><\/p>\n\t\t\t\t\t\t\t\t<\/div>\n\t\t\t\t<\/div>\n\t\t\t\t<div class=\"elementor-element elementor-element-e67fdbe elementor-widget elementor-widget-image\" data-id=\"e67fdbe\" data-element_type=\"widget\" data-e-type=\"widget\" data-widget_type=\"image.default\">\n\t\t\t\t<div class=\"elementor-widget-container\">\n\t\t\t\t\t\t\t\t\t\t\t\t\t\t\t<img loading=\"lazy\" decoding=\"async\" width=\"1800\" height=\"925\" src=\"https:\/\/musee.oceano.org\/wp-content\/uploads\/sites\/2\/2021\/05\/14_Atelier-Les-sons-des-mammiferes_M_Dagnino2.png\" class=\"attachment-full size-full wp-image-21372\" alt=\"\" srcset=\"https:\/\/musee.oceano.org\/wp-content\/uploads\/sites\/2\/2021\/05\/14_Atelier-Les-sons-des-mammiferes_M_Dagnino2.png 1800w, https:\/\/musee.oceano.org\/wp-content\/uploads\/sites\/2\/2021\/05\/14_Atelier-Les-sons-des-mammiferes_M_Dagnino2-300x154.png 300w, https:\/\/musee.oceano.org\/wp-content\/uploads\/sites\/2\/2021\/05\/14_Atelier-Les-sons-des-mammiferes_M_Dagnino2-1024x526.png 1024w, https:\/\/musee.oceano.org\/wp-content\/uploads\/sites\/2\/2021\/05\/14_Atelier-Les-sons-des-mammiferes_M_Dagnino2-768x395.png 768w, https:\/\/musee.oceano.org\/wp-content\/uploads\/sites\/2\/2021\/05\/14_Atelier-Les-sons-des-mammiferes_M_Dagnino2-1536x789.png 1536w\" sizes=\"(max-width: 1800px) 100vw, 1800px\" \/>\t\t\t\t\t\t\t\t\t\t\t\t\t\t\t<\/div>\n\t\t\t\t<\/div>\n\t\t\t\t<div class=\"elementor-element elementor-element-aafa634 elementor-widget elementor-widget-text-editor\" data-id=\"aafa634\" data-element_type=\"widget\" data-e-type=\"widget\" data-widget_type=\"text-editor.default\">\n\t\t\t\t<div class=\"elementor-widget-container\">\n\t\t\t\t\t\t\t\t\t<p>Atrav\u00e9s de workshops tem\u00e1ticos (sons de mam\u00edferos, esp\u00e9cies protegidas do Mediterr\u00e2neo, corais) realizadas no Museu e com base nas miss\u00f5es das Explora\u00e7\u00f5es do M\u00f3naco, os projetos educativos desenvolvidos pelas aulas far\u00e3o parte dos objetivos conjuntos dos parceiros:<\/p>\n<ul>\n<li>abertura cultural e cient\u00edfica (metodologia e abordagem cient\u00edfica, hist\u00f3ria da ci\u00eancia, escrita cient\u00edfica, narrativa, caderno de explora\u00e7\u00e3o, medi\u00e7\u00f5es, instrumenta\u00e7\u00e3o, explora\u00e7\u00e3o de dados, profiss\u00f5es, reuni\u00f5es de profissionais&#8230;)<\/li>\n<li>explora\u00e7\u00e3o oce\u00e2nica, eco-cidadania, abordagem <a href=\"https:\/\/www.ird.fr\/la-science-de-la-durabilite-enjeu-majeur-du-developpement-durable\">cient\u00edfica da sustentabilidade,<\/a>dimens\u00e3o da investiga\u00e7\u00e3o internacional<\/li>\n<li>compreender as quest\u00f5es ambientais, pol\u00edticas e educativas de uma campanha de explora\u00e7\u00e3o cient\u00edfica ao longo de um ou dois anos escolares e ecoar campanhas hist\u00f3ricas e atuais.<\/li>\n<\/ul>\n\t\t\t\t\t\t\t\t<\/div>\n\t\t\t\t<\/div>\n\t\t\t\t<section class=\"elementor-section elementor-inner-section elementor-element elementor-element-fbf4cbe elementor-section-boxed elementor-section-height-default elementor-section-height-default\" data-id=\"fbf4cbe\" data-element_type=\"section\" data-e-type=\"section\">\n\t\t\t\t\t\t<div class=\"elementor-container elementor-column-gap-default\">\n\t\t\t\t\t<div class=\"elementor-column elementor-col-100 elementor-inner-column elementor-element elementor-element-5bb0e3e\" data-id=\"5bb0e3e\" data-element_type=\"column\" data-e-type=\"column\">\n\t\t\t<div class=\"elementor-widget-wrap elementor-element-populated\">\n\t\t\t\t\t\t<div class=\"elementor-element elementor-element-be0c296 elementor-align-left elementor-mobile-align-center elementor-widget elementor-widget-button\" data-id=\"be0c296\" data-element_type=\"widget\" data-e-type=\"widget\" data-widget_type=\"button.default\">\n\t\t\t\t<div class=\"elementor-widget-container\">\n\t\t\t\t\t\t\t\t\t<div class=\"elementor-button-wrapper\">\n\t\t\t\t\t<a class=\"elementor-button elementor-button-link elementor-size-md\" href=\"https:\/\/musee.oceano.org\/wp-content\/uploads\/sites\/2\/2021\/05\/AAP-Dispositif-Explorateurs-et-Citoyens-des-Mers.pdf\" target=\"_blank\">\n\t\t\t\t\t\t<span class=\"elementor-button-content-wrapper\">\n\t\t\t\t\t\t<span class=\"elementor-button-icon\">\n\t\t\t\t<i aria-hidden=\"true\" class=\"fas fa-download\"><\/i>\t\t\t<\/span>\n\t\t\t\t\t\t\t\t\t<span class=\"elementor-button-text\">CHAMADA PARA PROJETOS<\/span>\n\t\t\t\t\t<\/span>\n\t\t\t\t\t<\/a>\n\t\t\t\t<\/div>\n\t\t\t\t\t\t\t\t<\/div>\n\t\t\t\t<\/div>\n\t\t\t\t\t<\/div>\n\t\t<\/div>\n\t\t\t\t\t<\/div>\n\t\t<\/section>\n\t\t\t\t\t<\/div>\n\t\t<\/div>\n\t\t\t\t<div class=\"elementor-column elementor-col-33 elementor-top-column elementor-element elementor-element-c3e4f3a\" data-id=\"c3e4f3a\" data-element_type=\"column\" data-e-type=\"column\" data-settings=\"{&quot;background_background&quot;:&quot;classic&quot;}\">\n\t\t\t<div class=\"elementor-widget-wrap elementor-element-populated\">\n\t\t\t\t\t\t<div class=\"elementor-element elementor-element-57ca2e5 elementor-widget elementor-widget-heading\" data-id=\"57ca2e5\" data-element_type=\"widget\" data-e-type=\"widget\" data-widget_type=\"heading.default\">\n\t\t\t\t<div class=\"elementor-widget-container\">\n\t\t\t\t\t<h2 class=\"elementor-heading-title elementor-size-default\">Contactos<\/h2>\t\t\t\t<\/div>\n\t\t\t\t<\/div>\n\t\t\t\t<div class=\"elementor-element elementor-element-8036bef elementor-widget elementor-widget-text-editor\" data-id=\"8036bef\" data-element_type=\"widget\" data-e-type=\"widget\" data-widget_type=\"text-editor.default\">\n\t\t\t\t<div class=\"elementor-widget-container\">\n\t\t\t\t\t\t\t\t\t<p>\u2022 Registo, log\u00edstica, ajuda financeira, regresso do trabalho: <strong>Laurence Bonnefond, gestor de projetos da DAAC para a cultura cient\u00edfica:<\/strong> laurence.bonnefond@ac-nice.fr<\/p>\n\t\t\t\t\t\t\t\t<\/div>\n\t\t\t\t<\/div>\n\t\t\t\t<div class=\"elementor-element elementor-element-be0a9d1 elementor-widget elementor-widget-image\" data-id=\"be0a9d1\" data-element_type=\"widget\" data-e-type=\"widget\" data-widget_type=\"image.default\">\n\t\t\t\t<div class=\"elementor-widget-container\">\n\t\t\t\t\t\t\t\t\t\t\t\t\t\t\t<img loading=\"lazy\" decoding=\"async\" width=\"300\" height=\"141\" src=\"https:\/\/musee.oceano.org\/wp-content\/uploads\/sites\/2\/2021\/05\/2021_Logo-DAAC_extenso_mai-1-300x141.png\" class=\"attachment-medium size-medium wp-image-21316\" alt=\"\" srcset=\"https:\/\/musee.oceano.org\/wp-content\/uploads\/sites\/2\/2021\/05\/2021_Logo-DAAC_extenso_mai-1-300x141.png 300w, https:\/\/musee.oceano.org\/wp-content\/uploads\/sites\/2\/2021\/05\/2021_Logo-DAAC_extenso_mai-1-1024x482.png 1024w, https:\/\/musee.oceano.org\/wp-content\/uploads\/sites\/2\/2021\/05\/2021_Logo-DAAC_extenso_mai-1-768x361.png 768w, https:\/\/musee.oceano.org\/wp-content\/uploads\/sites\/2\/2021\/05\/2021_Logo-DAAC_extenso_mai-1-1920x905.png 1920w, https:\/\/musee.oceano.org\/wp-content\/uploads\/sites\/2\/2021\/05\/2021_Logo-DAAC_extenso_mai-1.png 1058w\" sizes=\"(max-width: 300px) 100vw, 300px\" \/>\t\t\t\t\t\t\t\t\t\t\t\t\t\t\t<\/div>\n\t\t\t\t<\/div>\n\t\t\t\t<div class=\"elementor-element elementor-element-5332558 elementor-widget elementor-widget-text-editor\" data-id=\"5332558\" data-element_type=\"widget\" data-e-type=\"widget\" data-widget_type=\"text-editor.default\">\n\t\t\t\t<div class=\"elementor-widget-container\">\n\t\t\t\t\t\t\t\t\t<p>\u2022 Recursos de conte\u00fado, contactos de atores da miss\u00e3o: <strong>Didier Th\u00e9ron, Mediation Manager Explorations do M\u00f3naco: <\/strong>dtheron@monacoexplorations.org<\/p>\n\t\t\t\t\t\t\t\t<\/div>\n\t\t\t\t<\/div>\n\t\t\t\t<div class=\"elementor-element elementor-element-cf16df1 elementor-widget elementor-widget-image\" data-id=\"cf16df1\" data-element_type=\"widget\" data-e-type=\"widget\" data-widget_type=\"image.default\">\n\t\t\t\t<div class=\"elementor-widget-container\">\n\t\t\t\t\t\t\t\t\t\t\t\t\t\t\t<img loading=\"lazy\" decoding=\"async\" width=\"300\" height=\"126\" src=\"https:\/\/musee.oceano.org\/wp-content\/uploads\/sites\/2\/2021\/05\/Monaco_Explorations_fr_logo_nobaseline_colors-1-300x126.png\" class=\"attachment-medium size-medium wp-image-21340\" alt=\"\" srcset=\"https:\/\/musee.oceano.org\/wp-content\/uploads\/sites\/2\/2021\/05\/Monaco_Explorations_fr_logo_nobaseline_colors-1-300x126.png 300w, https:\/\/musee.oceano.org\/wp-content\/uploads\/sites\/2\/2021\/05\/Monaco_Explorations_fr_logo_nobaseline_colors-1-1024x429.png 1024w, https:\/\/musee.oceano.org\/wp-content\/uploads\/sites\/2\/2021\/05\/Monaco_Explorations_fr_logo_nobaseline_colors-1-768x322.png 768w, https:\/\/musee.oceano.org\/wp-content\/uploads\/sites\/2\/2021\/05\/Monaco_Explorations_fr_logo_nobaseline_colors-1-1536x644.png 1536w, https:\/\/musee.oceano.org\/wp-content\/uploads\/sites\/2\/2021\/05\/Monaco_Explorations_fr_logo_nobaseline_colors-1.png 1646w\" sizes=\"(max-width: 300px) 100vw, 300px\" \/>\t\t\t\t\t\t\t\t\t\t\t\t\t\t\t<\/div>\n\t\t\t\t<\/div>\n\t\t\t\t<div class=\"elementor-element elementor-element-643852e elementor-widget elementor-widget-text-editor\" data-id=\"643852e\" data-element_type=\"widget\" data-e-type=\"widget\" data-widget_type=\"text-editor.default\">\n\t\t\t\t<div class=\"elementor-widget-container\">\n\t\t\t\t\t\t\t\t\t<p>\u2022 Reserva e escolha dos workshops educativos do Museu: <strong>Laurie Perrot,<\/strong> <strong>Project Manager do Departamento de Anima\u00e7\u00f5es e Educa\u00e7\u00e3o do Museu:<\/strong> service.animations@oceano.org<\/p>\n\t\t\t\t\t\t\t\t<\/div>\n\t\t\t\t<\/div>\n\t\t\t\t<div class=\"elementor-element elementor-element-c700978 elementor-widget elementor-widget-image\" data-id=\"c700978\" data-element_type=\"widget\" data-e-type=\"widget\" data-settings=\"{&quot;motion_fx_motion_fx_mouse&quot;:&quot;yes&quot;}\" data-widget_type=\"image.default\">\n\t\t\t\t<div class=\"elementor-widget-container\">\n\t\t\t\t\t\t\t\t\t\t\t\t\t\t\t<img decoding=\"async\" src=\"https:\/\/musee.oceano.org\/wp-content\/uploads\/sites\/2\/2021\/05\/12_Atelier-Les-sons-des-mammiferes_M_Dagnino_LOW.jpg\" title=\"\" alt=\"\" loading=\"lazy\" \/>\t\t\t\t\t\t\t\t\t\t\t\t\t\t\t<\/div>\n\t\t\t\t<\/div>\n\t\t\t\t\t<\/div>\n\t\t<\/div>\n\t\t\t\t\t<\/div>\n\t\t<\/section>\n\t\t\t\t<section class=\"elementor-section elementor-top-section elementor-element elementor-element-9082396 elementor-section-height-min-height elementor-section-boxed elementor-section-height-default elementor-section-items-middle\" data-id=\"9082396\" data-element_type=\"section\" data-e-type=\"section\" data-settings=\"{&quot;background_background&quot;:&quot;classic&quot;,&quot;shape_divider_bottom&quot;:&quot;mountains&quot;}\">\n\t\t\t\t\t<div class=\"elementor-shape elementor-shape-bottom\" aria-hidden=\"true\" data-negative=\"false\">\n\t\t\t<svg xmlns=\"http:\/\/www.w3.org\/2000\/svg\" viewBox=\"0 0 1000 100\" preserveAspectRatio=\"none\">\n\t<path class=\"elementor-shape-fill\" opacity=\"0.33\" d=\"M473,67.3c-203.9,88.3-263.1-34-320.3,0C66,119.1,0,59.7,0,59.7V0h1000v59.7 c0,0-62.1,26.1-94.9,29.3c-32.8,3.3-62.8-12.3-75.8-22.1C806,49.6,745.3,8.7,694.9,4.7S492.4,59,473,67.3z\"\/>\n\t<path class=\"elementor-shape-fill\" opacity=\"0.66\" d=\"M734,67.3c-45.5,0-77.2-23.2-129.1-39.1c-28.6-8.7-150.3-10.1-254,39.1 s-91.7-34.4-149.2,0C115.7,118.3,0,39.8,0,39.8V0h1000v36.5c0,0-28.2-18.5-92.1-18.5C810.2,18.1,775.7,67.3,734,67.3z\"\/>\n\t<path class=\"elementor-shape-fill\" d=\"M766.1,28.9c-200-57.5-266,65.5-395.1,19.5C242,1.8,242,5.4,184.8,20.6C128,35.8,132.3,44.9,89.9,52.5C28.6,63.7,0,0,0,0 h1000c0,0-9.9,40.9-83.6,48.1S829.6,47,766.1,28.9z\"\/>\n<\/svg>\t\t<\/div>\n\t\t\t\t\t<div class=\"elementor-container elementor-column-gap-default\">\n\t\t\t\t\t<div class=\"elementor-column elementor-col-100 elementor-top-column elementor-element elementor-element-eb27b71\" data-id=\"eb27b71\" data-element_type=\"column\" data-e-type=\"column\">\n\t\t\t<div class=\"elementor-widget-wrap elementor-element-populated\">\n\t\t\t\t\t\t<div class=\"elementor-element elementor-element-8b89e96 elementor-widget elementor-widget-heading\" data-id=\"8b89e96\" data-element_type=\"widget\" data-e-type=\"widget\" data-widget_type=\"heading.default\">\n\t\t\t\t<div class=\"elementor-widget-container\">\n\t\t\t\t\t<h2 class=\"elementor-heading-title elementor-size-default\">reserva<\/h2>\t\t\t\t<\/div>\n\t\t\t\t<\/div>\n\t\t\t\t<div class=\"elementor-element elementor-element-cc4d55f ee-timeline-align-tablet--center ee-timeline-align--center ee-timeline-align-mobile--left ee-timeline-cards-align--top ee-timeline-cards-align-tablet--top ee-timeline-cards-align-mobile--top ee-timeline-animate elementor-widget elementor-widget-timeline\" data-id=\"cc4d55f\" data-element_type=\"widget\" data-e-type=\"widget\" data-settings=\"{&quot;line_location&quot;:{&quot;unit&quot;:&quot;px&quot;,&quot;size&quot;:50,&quot;sizes&quot;:[]}}\" data-widget_type=\"timeline.default\">\n\t\t\t\t<div class=\"elementor-widget-container\">\n\t\t\t\t\t<section class=\"ee-timeline ee-timeline--vertical\"><div class=\"ee-timeline__line\">\n\t\t\t<div class=\"ee-timeline__line__inner\"><\/div>\n\t\t<\/div><div class=\"elementor-repeater-item-9758b6f ee-timeline__item timeline-item\">\n\t\t\t\t<div class=\"timeline-item__point\"><div class=\"timeline-item__point__text\">1<\/div><\/div>\n\t\t\t\t<div class=\"timeline-item__card-wrapper\">\n\t\t\t\t\t<div class=\"timeline-item__card\">\n\n\t\t\t\t\t\t<div class=\"timeline-item__content-wrapper\"><div class=\"timeline-item__content\"><!-- meta -->\n\t\t<div class=\"timeline-item__meta meta\">\n\t\t\t\t\t<\/div><div class=\"timeline-item__content__wysiwyg\">\n\t\t\t\t<p><strong>Selecione o workshop(s) da sua escolha<\/strong><\/p>\n<p>Os nossos workshops adaptam-se a todo o tipo de defici\u00eancias.<\/p>\n\t\t\t<\/div>\n\t\t<\/div><\/div><div class=\"timeline-item__card__arrow\"><\/div><\/div>\n\t\t\t\t<\/div>\n\t\t\t\t<div class=\"timeline-item__meta-wrapper\"><!-- meta -->\n\t\t<div class=\"timeline-item__meta meta timeline-item__meta meta\">\n\t\t\t\t\t<\/div><\/div>\n\t\t\t<\/div><div class=\"elementor-repeater-item-ae714fe ee-timeline__item timeline-item\">\n\t\t\t\t<div class=\"timeline-item__point\"><div class=\"timeline-item__point__text\">2<\/div><\/div>\n\t\t\t\t<div class=\"timeline-item__card-wrapper\">\n\t\t\t\t\t<a class=\"timeline-item__card\" href=\"https:\/\/musee.oceano.org\/visite-de-groupe\/\" target=\"_blank\">\n\n\t\t\t\t\t\t<div class=\"timeline-item__content-wrapper\"><div class=\"timeline-item__content\"><!-- meta -->\n\t\t<div class=\"timeline-item__meta meta\">\n\t\t\t\t\t<\/div><div class=\"timeline-item__content__wysiwyg\">\n\t\t\t\t<p><b>Preencha o formul\u00e1rio de reserva on-line<\/b><\/p>\n<p>Ser\u00e1-lhe enviado um formul\u00e1rio de reserva com os detalhes da sua visita que o convidamos a verificar.<\/p>\n\t\t\t<\/div>\n\t\t<\/div><\/div><div class=\"timeline-item__card__arrow\"><\/div><\/a>\n\t\t\t\t<\/div>\n\t\t\t\t<div class=\"timeline-item__meta-wrapper\"><!-- meta -->\n\t\t<div class=\"timeline-item__meta meta timeline-item__meta meta\">\n\t\t\t\t\t<\/div><\/div>\n\t\t\t<\/div><div class=\"elementor-repeater-item-cfe829e ee-timeline__item timeline-item\">\n\t\t\t\t<div class=\"timeline-item__point\"><div class=\"timeline-item__point__text\">3<\/div><\/div>\n\t\t\t\t<div class=\"timeline-item__card-wrapper\">\n\t\t\t\t\t<div class=\"timeline-item__card\">\n\n\t\t\t\t\t\t<div class=\"timeline-item__content-wrapper\"><div class=\"timeline-item__content\"><!-- meta -->\n\t\t<div class=\"timeline-item__meta meta\">\n\t\t\t\t\t<\/div><div class=\"timeline-item__content__wysiwyg\">\n\t\t\t\t<p><b>Confirme a sua reserva por e-mail<br \/><\/b><\/p>\n<p>Assine o formul\u00e1rio de reserva e envie-o por e-mail para o seguinte endere\u00e7o: <a href=\"mailto:resa@oceano.org\"> <span style=\"text-decoration: underline\"> <em>resa@oceano.org<\/em><\/p>\n<p>  <\/span><\/p>\n<p><\/a><\/p>\n\t\t\t<\/div>\n\t\t<\/div><\/div><div class=\"timeline-item__card__arrow\"><\/div><\/div>\n\t\t\t\t<\/div>\n\t\t\t\t<div class=\"timeline-item__meta-wrapper\"><!-- meta -->\n\t\t<div class=\"timeline-item__meta meta timeline-item__meta meta\">\n\t\t\t\t\t<\/div><\/div>\n\t\t\t<\/div><div class=\"elementor-repeater-item-65353d1 ee-timeline__item timeline-item\">\n\t\t\t\t<div class=\"timeline-item__point\"><div class=\"timeline-item__point__text\">4<\/div><\/div>\n\t\t\t\t<div class=\"timeline-item__card-wrapper\">\n\t\t\t\t\t<a class=\"timeline-item__card\" href=\"https:\/\/www.oceano.org\/contact\/?objet=Visites%20scolaires\">\n\n\t\t\t\t\t\t<div class=\"timeline-item__content-wrapper\"><div class=\"timeline-item__content\"><!-- meta -->\n\t\t<div class=\"timeline-item__meta meta\">\n\t\t\t\t\t<\/div><div class=\"timeline-item__content__wysiwyg\">\n\t\t\t\t<p><b>Fa\u00e7a a sua pr\u00e9-visita gratuita!<\/b><\/p>\n<p>Todas as quartas-feiras do m\u00eas, para uma prepara\u00e7\u00e3o individual da visita, professores e l\u00edderes de agrupamentos, tendo j\u00e1 feito a sua reserva, beneficiam de entrada gratuita em simples inscri\u00e7\u00f5es no Departamento de Anima\u00e7\u00f5es.<\/p>\n\t\t\t<\/div>\n\t\t<\/div><\/div><div class=\"timeline-item__card__arrow\"><\/div><\/a>\n\t\t\t\t<\/div>\n\t\t\t\t<div class=\"timeline-item__meta-wrapper\"><!-- meta -->\n\t\t<div class=\"timeline-item__meta meta timeline-item__meta meta\">\n\t\t\t\t\t<\/div><\/div>\n\t\t\t<\/div><div class=\"elementor-repeater-item-a381f30 ee-timeline__item timeline-item\">\n\t\t\t\t<div class=\"timeline-item__point\"><div class=\"timeline-item__point__text\">5<\/div><\/div>\n\t\t\t\t<div class=\"timeline-item__card-wrapper\">\n\t\t\t\t\t<div class=\"timeline-item__card\">\n\n\t\t\t\t\t\t<div class=\"timeline-item__content-wrapper\"><div class=\"timeline-item__content\"><!-- meta -->\n\t\t<div class=\"timeline-item__meta meta\">\n\t\t\t\t\t<\/div><div class=\"timeline-item__content__wysiwyg\">\n\t\t\t\t<p><strong>Apare\u00e7a na entrada do Museu 15 minutos antes do in\u00edcio da sua visita.<\/strong><\/p>\n<p>D\u00ea tempo suficiente para o tr\u00e1fego no Principado e no seu check-out.<\/p>\n\t\t\t<\/div>\n\t\t<\/div><\/div><div class=\"timeline-item__card__arrow\"><\/div><\/div>\n\t\t\t\t<\/div>\n\t\t\t\t<div class=\"timeline-item__meta-wrapper\"><!-- meta -->\n\t\t<div class=\"timeline-item__meta meta timeline-item__meta meta\">\n\t\t\t\t\t<\/div><\/div>\n\t\t\t<\/div><\/section>\t\t\t\t<\/div>\n\t\t\t\t<\/div>\n\t\t\t\t\t<\/div>\n\t\t<\/div>\n\t\t\t\t\t<\/div>\n\t\t<\/section>\n\t\t\t\t<section class=\"elementor-section elementor-top-section elementor-element elementor-element-b0aadcf elementor-section-boxed elementor-section-height-default elementor-section-height-default\" data-id=\"b0aadcf\" data-element_type=\"section\" data-e-type=\"section\" data-settings=\"{&quot;background_background&quot;:&quot;classic&quot;,&quot;shape_divider_bottom&quot;:&quot;mountains&quot;}\">\n\t\t\t\t\t<div class=\"elementor-shape elementor-shape-bottom\" aria-hidden=\"true\" data-negative=\"false\">\n\t\t\t<svg xmlns=\"http:\/\/www.w3.org\/2000\/svg\" viewBox=\"0 0 1000 100\" preserveAspectRatio=\"none\">\n\t<path class=\"elementor-shape-fill\" opacity=\"0.33\" d=\"M473,67.3c-203.9,88.3-263.1-34-320.3,0C66,119.1,0,59.7,0,59.7V0h1000v59.7 c0,0-62.1,26.1-94.9,29.3c-32.8,3.3-62.8-12.3-75.8-22.1C806,49.6,745.3,8.7,694.9,4.7S492.4,59,473,67.3z\"\/>\n\t<path class=\"elementor-shape-fill\" opacity=\"0.66\" d=\"M734,67.3c-45.5,0-77.2-23.2-129.1-39.1c-28.6-8.7-150.3-10.1-254,39.1 s-91.7-34.4-149.2,0C115.7,118.3,0,39.8,0,39.8V0h1000v36.5c0,0-28.2-18.5-92.1-18.5C810.2,18.1,775.7,67.3,734,67.3z\"\/>\n\t<path class=\"elementor-shape-fill\" d=\"M766.1,28.9c-200-57.5-266,65.5-395.1,19.5C242,1.8,242,5.4,184.8,20.6C128,35.8,132.3,44.9,89.9,52.5C28.6,63.7,0,0,0,0 h1000c0,0-9.9,40.9-83.6,48.1S829.6,47,766.1,28.9z\"\/>\n<\/svg>\t\t<\/div>\n\t\t\t\t\t<div class=\"elementor-container elementor-column-gap-default\">\n\t\t\t\t\t<div class=\"elementor-column elementor-col-100 elementor-top-column elementor-element elementor-element-b32fda8\" data-id=\"b32fda8\" data-element_type=\"column\" data-e-type=\"column\">\n\t\t\t<div class=\"elementor-widget-wrap elementor-element-populated\">\n\t\t\t\t\t\t<div class=\"elementor-element elementor-element-1974008 elementor-widget elementor-widget-heading\" data-id=\"1974008\" data-element_type=\"widget\" data-e-type=\"widget\" data-widget_type=\"heading.default\">\n\t\t\t\t<div class=\"elementor-widget-container\">\n\t\t\t\t\t<h2 class=\"elementor-heading-title elementor-size-default\">O DEPARTAMENTO DE ANIMA\u00c7\u00d5ES ACOMPANHA-O<\/h2>\t\t\t\t<\/div>\n\t\t\t\t<\/div>\n\t\t\t\t<div class=\"elementor-element elementor-element-8d9e290 elementor-widget elementor-widget-text-editor\" data-id=\"8d9e290\" data-element_type=\"widget\" data-e-type=\"widget\" data-widget_type=\"text-editor.default\">\n\t\t\t\t<div class=\"elementor-widget-container\">\n\t\t\t\t\t\t\t\t\t<p><strong>O Servi\u00e7o de Anima\u00e7\u00f5es est\u00e1 \u00e0 sua disposi\u00e7\u00e3o para qualquer aconselhamento e apoio na organiza\u00e7\u00e3o da sua visita, a escolha do seu workshop e a realiza\u00e7\u00e3o do seu projeto educativo.<\/strong><\/p>\n<p>Desde 1994, uma professora do ensino secund\u00e1rio tem sido respons\u00e1vel por uma miss\u00e3o da Delega\u00e7\u00e3o Acad\u00e9mica de Educa\u00e7\u00e3o Art\u00edstica e Cultural (DAAC) para participar no desenvolvimento dos seus projetos de visita e desenvolver novas atividades relacionadas com programas oficiais: Sra. Laurence BONNEFOND (Lyc\u00e9e Mass\u00e9na em Nice, laurence.bonnefond@ac-nice.fr).<\/p>\n<p>Para a escola prim\u00e1ria, o departamento de Anima\u00e7\u00f5es trabalha em parceria com a dire\u00e7\u00e3o dos servi\u00e7os departamentais da Academia de Nice (DSDEN\/ miss\u00e3o &#8220;ci\u00eancias&#8221;) e colabora em estreita colabora\u00e7\u00e3o com o Centro de Forma\u00e7\u00e3o Pedag\u00f3gica da Dire\u00e7\u00e3o de l&#8217;\u00c9ducation Nationale et de la Jeunesse et des Sports (DENJS) do M\u00f3naco.<\/p>\n\t\t\t\t\t\t\t\t<\/div>\n\t\t\t\t<\/div>\n\t\t\t\t\t<\/div>\n\t\t<\/div>\n\t\t\t\t\t<\/div>\n\t\t<\/section>\n\t\t\t\t<section class=\"elementor-section elementor-top-section elementor-element elementor-element-7023ce3 elementor-section-height-min-height elementor-section-boxed elementor-section-height-default elementor-section-items-middle\" data-id=\"7023ce3\" data-element_type=\"section\" data-e-type=\"section\" data-settings=\"{&quot;background_background&quot;:&quot;classic&quot;,&quot;shape_divider_top&quot;:&quot;mountains&quot;}\">\n\t\t\t\t\t<div class=\"elementor-shape elementor-shape-top\" aria-hidden=\"true\" data-negative=\"false\">\n\t\t\t<svg xmlns=\"http:\/\/www.w3.org\/2000\/svg\" viewBox=\"0 0 1000 100\" preserveAspectRatio=\"none\">\n\t<path class=\"elementor-shape-fill\" opacity=\"0.33\" d=\"M473,67.3c-203.9,88.3-263.1-34-320.3,0C66,119.1,0,59.7,0,59.7V0h1000v59.7 c0,0-62.1,26.1-94.9,29.3c-32.8,3.3-62.8-12.3-75.8-22.1C806,49.6,745.3,8.7,694.9,4.7S492.4,59,473,67.3z\"\/>\n\t<path class=\"elementor-shape-fill\" opacity=\"0.66\" d=\"M734,67.3c-45.5,0-77.2-23.2-129.1-39.1c-28.6-8.7-150.3-10.1-254,39.1 s-91.7-34.4-149.2,0C115.7,118.3,0,39.8,0,39.8V0h1000v36.5c0,0-28.2-18.5-92.1-18.5C810.2,18.1,775.7,67.3,734,67.3z\"\/>\n\t<path class=\"elementor-shape-fill\" d=\"M766.1,28.9c-200-57.5-266,65.5-395.1,19.5C242,1.8,242,5.4,184.8,20.6C128,35.8,132.3,44.9,89.9,52.5C28.6,63.7,0,0,0,0 h1000c0,0-9.9,40.9-83.6,48.1S829.6,47,766.1,28.9z\"\/>\n<\/svg>\t\t<\/div>\n\t\t\t\t\t<div class=\"elementor-container elementor-column-gap-default\">\n\t\t\t\t\t<div class=\"elementor-column elementor-col-100 elementor-top-column elementor-element elementor-element-5ab7227\" data-id=\"5ab7227\" data-element_type=\"column\" data-e-type=\"column\">\n\t\t\t<div class=\"elementor-widget-wrap\">\n\t\t\t\t\t\t\t<\/div>\n\t\t<\/div>\n\t\t\t\t\t<\/div>\n\t\t<\/section>\n\t\t\t\t<section class=\"elementor-section elementor-top-section elementor-element elementor-element-7eac815 elementor-section-boxed elementor-section-height-default elementor-section-height-default\" data-id=\"7eac815\" data-element_type=\"section\" data-e-type=\"section\">\n\t\t\t\t\t\t<div class=\"elementor-container elementor-column-gap-default\">\n\t\t\t\t\t<div class=\"elementor-column elementor-col-100 elementor-top-column elementor-element elementor-element-15ecc63\" data-id=\"15ecc63\" data-element_type=\"column\" data-e-type=\"column\">\n\t\t\t<div class=\"elementor-widget-wrap elementor-element-populated\">\n\t\t\t\t\t\t<section class=\"elementor-section elementor-inner-section elementor-element elementor-element-f4a63cd elementor-section-boxed elementor-section-height-default elementor-section-height-default\" data-id=\"f4a63cd\" data-element_type=\"section\" data-e-type=\"section\" data-settings=\"{&quot;animation_tablet&quot;:&quot;fadeInUp&quot;}\">\n\t\t\t\t\t\t<div class=\"elementor-container elementor-column-gap-default\">\n\t\t\t\t\t<div class=\"elementor-column elementor-col-50 elementor-inner-column elementor-element elementor-element-eb08620\" data-id=\"eb08620\" data-element_type=\"column\" data-e-type=\"column\">\n\t\t\t<div class=\"elementor-widget-wrap elementor-element-populated\">\n\t\t\t\t\t\t<div class=\"elementor-element elementor-element-e663577 elementor-widget elementor-widget-heading\" data-id=\"e663577\" data-element_type=\"widget\" data-e-type=\"widget\" data-widget_type=\"heading.default\">\n\t\t\t\t<div class=\"elementor-widget-container\">\n\t\t\t\t\t<h2 class=\"elementor-heading-title elementor-size-default\">Insira o nosso concurso \"OCEANO FOR ALL\"<\/h2>\t\t\t\t<\/div>\n\t\t\t\t<\/div>\n\t\t\t\t<div class=\"elementor-element elementor-element-733dacd elementor-widget elementor-widget-text-editor\" data-id=\"733dacd\" data-element_type=\"widget\" data-e-type=\"widget\" data-widget_type=\"text-editor.default\">\n\t\t\t\t<div class=\"elementor-widget-container\">\n\t\t\t\t\t\t\t\t\t<p><strong>Uma oportunidade privilegiada para sensibilizar os alunos para a necessidade de preservar o Oceano<\/strong><\/p>\n\t\t\t\t\t\t\t\t<\/div>\n\t\t\t\t<\/div>\n\t\t\t\t<div class=\"elementor-element elementor-element-86c7ec6 elementor-widget elementor-widget-text-editor\" data-id=\"86c7ec6\" data-element_type=\"widget\" data-e-type=\"widget\" data-widget_type=\"text-editor.default\">\n\t\t\t\t<div class=\"elementor-widget-container\">\n\t\t\t\t\t\t\t\t\t<p>Desde 2014, 1.800 alunos da Rede de Educa\u00e7\u00e3o Priorit\u00e1ria (REP e REP+), das Unidades Localizadas para a Inclus\u00e3o Escolar (ULIS) e da Adapta\u00e7\u00e3o e Integra\u00e7\u00e3o Escolar (AIS) puderam participar na nossa grande competi\u00e7\u00e3o em todo o mundo marinho.<\/p>\n<p>Este sistema educativo e social contribui para a emerg\u00eancia e desenvolvimento de uma consci\u00eancia ecol\u00f3gica entre os jovens.<\/p>\n\t\t\t\t\t\t\t\t<\/div>\n\t\t\t\t<\/div>\n\t\t\t\t<div class=\"elementor-element elementor-element-1f19ace elementor-align-left elementor-widget elementor-widget-button\" data-id=\"1f19ace\" data-element_type=\"widget\" data-e-type=\"widget\" data-widget_type=\"button.default\">\n\t\t\t\t<div class=\"elementor-widget-container\">\n\t\t\t\t\t\t\t\t\t<div class=\"elementor-button-wrapper\">\n\t\t\t\t\t<a class=\"elementor-button elementor-button-link elementor-size-sm\" href=\"https:\/\/www.oceano.org\/mobiliser\/snapper-pour-tous\/%20%20\">\n\t\t\t\t\t\t<span class=\"elementor-button-content-wrapper\">\n\t\t\t\t\t\t\t\t\t<span class=\"elementor-button-text\">Saiba mais<\/span>\n\t\t\t\t\t<\/span>\n\t\t\t\t\t<\/a>\n\t\t\t\t<\/div>\n\t\t\t\t\t\t\t\t<\/div>\n\t\t\t\t<\/div>\n\t\t\t\t\t<\/div>\n\t\t<\/div>\n\t\t\t\t<div class=\"elementor-column elementor-col-50 elementor-inner-column elementor-element elementor-element-a54787b\" data-id=\"a54787b\" data-element_type=\"column\" data-e-type=\"column\">\n\t\t\t<div class=\"elementor-widget-wrap elementor-element-populated\">\n\t\t\t\t\t\t<div class=\"elementor-element elementor-element-6faca3c elementor-zoom elementor-widget elementor-widget-image\" data-id=\"6faca3c\" data-element_type=\"widget\" data-e-type=\"widget\" data-widget_type=\"image.default\">\n\t\t\t\t<div class=\"elementor-widget-container\">\n\t\t\t\t\t\t\t\t\t\t\t\t\t\t\t<img loading=\"lazy\" decoding=\"async\" width=\"762\" height=\"578\" src=\"https:\/\/musee.oceano.org\/wp-content\/uploads\/sites\/2\/2020\/09\/LOW-03_Remise-prix-Snapper-pour-tous_20180615_M_Dagnino-762x578.png\" class=\"attachment-img-actu-section size-img-actu-section wp-image-26897\" alt=\"\" \/>\t\t\t\t\t\t\t\t\t\t\t\t\t\t\t<\/div>\n\t\t\t\t<\/div>\n\t\t\t\t\t<\/div>\n\t\t<\/div>\n\t\t\t\t\t<\/div>\n\t\t<\/section>\n\t\t\t\t\t<\/div>\n\t\t<\/div>\n\t\t\t\t\t<\/div>\n\t\t<\/section>\n\t\t\t\t<section class=\"elementor-section elementor-top-section elementor-element elementor-element-33fa2acb elementor-section-full_width elementor-section-height-default elementor-section-height-default\" data-id=\"33fa2acb\" data-element_type=\"section\" data-e-type=\"section\">\n\t\t\t\t\t\t<div class=\"elementor-container elementor-column-gap-default\">\n\t\t\t\t\t<div class=\"elementor-column elementor-col-100 elementor-top-column elementor-element elementor-element-4527085a\" data-id=\"4527085a\" data-element_type=\"column\" data-e-type=\"column\">\n\t\t\t<div class=\"elementor-widget-wrap elementor-element-populated\">\n\t\t\t\t\t\t<div class=\"elementor-element elementor-element-1ad2e050 elementor-widget elementor-widget-heading\" data-id=\"1ad2e050\" data-element_type=\"widget\" data-e-type=\"widget\" data-widget_type=\"heading.default\">\n\t\t\t\t<div class=\"elementor-widget-container\">\n\t\t\t\t\t<h2 class=\"elementor-heading-title elementor-size-default\">Ver tamb\u00e9m<\/h2>\t\t\t\t<\/div>\n\t\t\t\t<\/div>\n\t\t\t\t\t<\/div>\n\t\t<\/div>\n\t\t\t\t\t<\/div>\n\t\t<\/section>\n\t\t\t\t<section class=\"elementor-section elementor-top-section elementor-element elementor-element-9285cea elementor-section-boxed elementor-section-height-default elementor-section-height-default\" data-id=\"9285cea\" data-element_type=\"section\" data-e-type=\"section\" data-settings=\"{&quot;background_background&quot;:&quot;classic&quot;}\">\n\t\t\t\t\t\t<div class=\"elementor-container elementor-column-gap-default\">\n\t\t\t\t\t<div class=\"elementor-column elementor-col-33 elementor-top-column elementor-element elementor-element-1cbed00f\" data-id=\"1cbed00f\" data-element_type=\"column\" data-e-type=\"column\">\n\t\t\t<div class=\"elementor-widget-wrap elementor-element-populated\">\n\t\t\t\t\t\t<div class=\"elementor-element elementor-element-595d96cc elementor-zoom elementor-widget elementor-widget-image\" data-id=\"595d96cc\" data-element_type=\"widget\" data-e-type=\"widget\" data-widget_type=\"image.default\">\n\t\t\t\t<div class=\"elementor-widget-container\">\n\t\t\t\t\t\t\t\t\t\t\t\t\t\t\t<img decoding=\"async\" src=\"https:\/\/musee.oceano.org\/wp-content\/uploads\/sites\/2\/elementor\/thumbs\/Photo-n\u00b02-rjyt5j6s3iz0hpzh4eukub4z3iiigl0icr7ts522p6.jpg\" title=\"Photo n\u00b02\" alt=\"MARTIN COLOGNOLI - CORAL GUARDIAN - (c) Photo : M. Dagnino-Institut oc\u00e9anographique\" loading=\"lazy\" \/>\t\t\t\t\t\t\t\t\t\t\t\t\t\t\t<\/div>\n\t\t\t\t<\/div>\n\t\t\t\t<div class=\"elementor-element elementor-element-c25deac elementor-align-center elementor-widget elementor-widget-button\" data-id=\"c25deac\" data-element_type=\"widget\" data-e-type=\"widget\" data-widget_type=\"button.default\">\n\t\t\t\t<div class=\"elementor-widget-container\">\n\t\t\t\t\t\t\t\t\t<div class=\"elementor-button-wrapper\">\n\t\t\t\t\t<a class=\"elementor-button elementor-button-link elementor-size-md\" href=\"https:\/\/musee.oceano.org\/pt-pt\/o-curso-de-coral\/\">\n\t\t\t\t\t\t<span class=\"elementor-button-content-wrapper\">\n\t\t\t\t\t\t\t\t\t<span class=\"elementor-button-text\">Rota dos corais: um tesouro para preservar<\/span>\n\t\t\t\t\t<\/span>\n\t\t\t\t\t<\/a>\n\t\t\t\t<\/div>\n\t\t\t\t\t\t\t\t<\/div>\n\t\t\t\t<\/div>\n\t\t\t\t\t<\/div>\n\t\t<\/div>\n\t\t\t\t<div class=\"elementor-column elementor-col-33 elementor-top-column elementor-element elementor-element-1116bdc\" data-id=\"1116bdc\" data-element_type=\"column\" data-e-type=\"column\">\n\t\t\t<div class=\"elementor-widget-wrap elementor-element-populated\">\n\t\t\t\t\t\t<div class=\"elementor-element elementor-element-7b9d4c00 elementor-zoom elementor-widget elementor-widget-image\" data-id=\"7b9d4c00\" data-element_type=\"widget\" data-e-type=\"widget\" data-widget_type=\"image.default\">\n\t\t\t\t<div class=\"elementor-widget-container\">\n\t\t\t\t\t\t\t\t\t\t\t\t\t\t\t<img decoding=\"async\" src=\"https:\/\/musee.oceano.org\/wp-content\/uploads\/sites\/2\/elementor\/thumbs\/Exposition-Immersion-Mus\u00e9e-oc\u00e9anographique-de-Monaco-philippe-Fitte-rjyt5m0ao12vgjvdny2gjsfcvo4m3obpd56a7yxw6i.jpg\" title=\"Exposition Immersion &#8211; Mus\u00e9e oc\u00e9anographique de Monaco &#8211; philippe Fitte\" alt=\"Exposition Immersion - Mus\u00e9e oc\u00e9anographique de Monaco - philippe Fitte\" loading=\"lazy\" \/>\t\t\t\t\t\t\t\t\t\t\t\t\t\t\t<\/div>\n\t\t\t\t<\/div>\n\t\t\t\t<div class=\"elementor-element elementor-element-ecb2c10 elementor-align-center elementor-widget elementor-widget-button\" data-id=\"ecb2c10\" data-element_type=\"widget\" data-e-type=\"widget\" data-widget_type=\"button.default\">\n\t\t\t\t<div class=\"elementor-widget-container\">\n\t\t\t\t\t\t\t\t\t<div class=\"elementor-button-wrapper\">\n\t\t\t\t\t<a class=\"elementor-button elementor-button-link elementor-size-md\" href=\"https:\/\/musee.oceano.org\/pt-pt\/exposicoes\/exposicao-imersao\/\">\n\t\t\t\t\t\t<span class=\"elementor-button-content-wrapper\">\n\t\t\t\t\t\t\t\t\t<span class=\"elementor-button-text\">Exposi\u00e7\u00e3o virtual e interativa imersiva<\/span>\n\t\t\t\t\t<\/span>\n\t\t\t\t\t<\/a>\n\t\t\t\t<\/div>\n\t\t\t\t\t\t\t\t<\/div>\n\t\t\t\t<\/div>\n\t\t\t\t\t<\/div>\n\t\t<\/div>\n\t\t\t\t<div class=\"elementor-column elementor-col-33 elementor-top-column elementor-element elementor-element-66577a1e\" data-id=\"66577a1e\" data-element_type=\"column\" data-e-type=\"column\">\n\t\t\t<div class=\"elementor-widget-wrap elementor-element-populated\">\n\t\t\t\t\t\t<div class=\"elementor-element elementor-element-7f4ba19b elementor-zoom elementor-widget elementor-widget-image\" data-id=\"7f4ba19b\" data-element_type=\"widget\" data-e-type=\"widget\" data-widget_type=\"image.default\">\n\t\t\t\t<div class=\"elementor-widget-container\">\n\t\t\t\t\t\t\t\t\t\t\t\t\t\t\t<img decoding=\"async\" src=\"https:\/\/musee.oceano.org\/wp-content\/uploads\/sites\/2\/elementor\/thumbs\/80_Bac-Odyss\u00e9e-des-tortues_M_Dagnino-1-scaled-rjyt5m0ao12vgjvdny2gjsfcvo4m3obpd56a7yxw6i.jpg\" title=\"80_Bac-Odyss\u00e9e-des-tortues_M_Dagnino\" alt=\"Le centre de soin sera un espace de m\u00e9diation environnementale\nLes tortues, barom\u00e8tres de l\u2019\u00e9tat de sant\u00e9 des oc\u00e9ans subissent la plupart des pressions que l\u2019homme exerce sur l\u2019oc\u00e9an, des c\u00f4tes \u00e0 la haute mer : urbanisation, surp\u00eache et prises accidentelles, collisions, pollutions ou encore accumulation de plastique.\nLe destin des tortues est entre nos mains\nLes tortues ont \u00e9t\u00e9 capables de s\u2019adapter \u00e0 des \u00e9volutions importantes du climat et des milieux marin et c\u00f4tier depuis 150 millions d\u2019ann\u00e9es. Aujourd\u2019hui, nous imposons des changements bien plus rapides et leur sort d\u00e9pendra de notre capacit\u00e9 \u00e0 leur laisser une place sur les c\u00f4tes et \u00e0 g\u00e9rer nos activit\u00e9s pour pr\u00e9server l\u2019oc\u00e9an.\nLe centre de soins\nS\u2019appuie sur l\u2019exp\u00e9rience du Mus\u00e9e oc\u00e9anographique pour secourir, soigner et rel\u00e2cher les tortues marines, il permettra de d\u00e9velopper notre capacit\u00e9 d\u2019intervention, en appui avec les services locaux (affaires maritimes, capitainerie, pompiers\u2026) Et s\u2019inscrit dans un r\u00e9seau m\u00e9diterran\u00e9en de soin des tortues, en partenariat avec le R\u00e9seau Tortues de la M\u00e9diterran\u00e9e Fran\u00e7aise, le Centre d\u2019\u00e9tudes et de sauvegarde des tortues marines de M\u00e9diterran\u00e9e.\n\nR\u00e9alis\u00e9 dans le prolongement du Mus\u00e9e, en bordure des Jardins St Martin, ce centre sera central pour venir au secours de tortues bless\u00e9es \u00e0 Monaco et dans la r\u00e9gion.\nSi le chantier se d\u00e9roule comme pr\u00e9vu, ce centre pourra ouvrir d\u00e8s 2018. Il sera compos\u00e9 d&#039;une clinique de soins et d&#039;un bassin de convalescence. Ce dernier, situ\u00e9 en plein air, sera int\u00e9gr\u00e9 dans la visite du Mus\u00e9e. Tout en permettant aux tortues soign\u00e9es de se remettre en toute tranquilit\u00e9 et sous \u00e9troite surveillance, les visiteurs pourront observer ces animaux et ainsi \u00eatre sensibilis\u00e9s \u00e0 leur fragilit\u00e9. \nV\u00e9ritable outil d&#039;animation et de m\u00e9diation, la clinique et le grand bac \u00e0 tortues seront utilis\u00e9s pour inciter les visiteurs du Mus\u00e9e \u00e0 agir concr\u00e8tement, dans leur q\" loading=\"lazy\" \/>\t\t\t\t\t\t\t\t\t\t\t\t\t\t\t<\/div>\n\t\t\t\t<\/div>\n\t\t\t\t<div class=\"elementor-element elementor-element-4904f6db elementor-align-center elementor-widget elementor-widget-button\" data-id=\"4904f6db\" data-element_type=\"widget\" data-e-type=\"widget\" data-widget_type=\"button.default\">\n\t\t\t\t<div class=\"elementor-widget-container\">\n\t\t\t\t\t\t\t\t\t<div class=\"elementor-button-wrapper\">\n\t\t\t\t\t<a class=\"elementor-button elementor-button-link elementor-size-md\" href=\"https:\/\/musee.oceano.org\/pt-pt\/a-odisseia-da-tartaruga-marinha\/\">\n\t\t\t\t\t\t<span class=\"elementor-button-content-wrapper\">\n\t\t\t\t\t\t\t\t\t<span class=\"elementor-button-text\">Descubra a odisseia da tartaruga marinha<\/span>\n\t\t\t\t\t<\/span>\n\t\t\t\t\t<\/a>\n\t\t\t\t<\/div>\n\t\t\t\t\t\t\t\t<\/div>\n\t\t\t\t<\/div>\n\t\t\t\t\t<\/div>\n\t\t<\/div>\n\t\t\t\t\t<\/div>\n\t\t<\/section>\n\t\t\t\t<\/div>\n\t\t","protected":false},"excerpt":{"rendered":"<p>atividades escolares No Museu Oceanogr\u00e1fico Formul\u00e1rio de reserva NOMEA\u00c7\u00d5ES DE PROFESSORES #SaveTheDate Os professores do ensino b\u00e1sico e secund\u00e1rio que desejem dar a conhecer as not\u00edcias do oceano e\/ou organizar uma visita ao Museu Oceanogr\u00e1fico com a sua turma durante o ano letivo 2021\u20102022 s\u00e3o convidados a Professores de Nomea\u00e7\u00e3o propostos 29 de setembro pela [&hellip;]<\/p>\n","protected":false},"author":1,"featured_media":0,"parent":0,"menu_order":459,"comment_status":"closed","ping_status":"closed","template":"","meta":{"_acf_changed":false,"footnotes":""},"class_list":["post-26883","page","type-page","status-publish","hentry"],"acf":[],"yoast_head":"<!-- This site is optimized with the Yoast SEO plugin v27.2 - https:\/\/yoast.com\/product\/yoast-seo-wordpress\/ -->\n<title>Voc\u00ea \u00e9 - Professor - Mus\u00e9e Oc\u00e9anographique de Monaco<\/title>\n<meta name=\"description\" content=\"Consulte informa\u00e7\u00f5es pr\u00e1ticas para o ajudar a preparar uma visita com a sua turma e recursos educativos para antecipar esta visita!\" \/>\n<meta name=\"robots\" content=\"index, follow, max-snippet:-1, max-image-preview:large, max-video-preview:-1\" \/>\n<link rel=\"canonical\" href=\"https:\/\/musee.oceano.org\/pt-pt\/voce-e-professor\/\" \/>\n<meta property=\"og:locale\" content=\"pt_PT\" \/>\n<meta property=\"og:type\" content=\"article\" \/>\n<meta property=\"og:title\" content=\"Voc\u00ea \u00e9 - Professor - Mus\u00e9e Oc\u00e9anographique de Monaco\" \/>\n<meta property=\"og:description\" content=\"Consulte informa\u00e7\u00f5es pr\u00e1ticas para o ajudar a preparar uma visita com a sua turma e recursos educativos para antecipar esta visita!\" \/>\n<meta property=\"og:url\" content=\"https:\/\/musee.oceano.org\/pt-pt\/voce-e-professor\/\" \/>\n<meta property=\"og:site_name\" content=\"Mus\u00e9e Oc\u00e9anographique de Monaco\" \/>\n<meta property=\"article:modified_time\" content=\"2021-08-25T13:45:52+00:00\" \/>\n<meta property=\"og:image\" content=\"https:\/\/musee.oceano.org\/wp-content\/uploads\/sites\/2\/2021\/07\/IMG_20201014_162659-1-762x578.jpg\" \/>\n<meta name=\"twitter:card\" content=\"summary_large_image\" \/>\n<meta name=\"twitter:label1\" content=\"Tempo estimado de leitura\" \/>\n\t<meta name=\"twitter:data1\" content=\"6 minutos\" \/>\n<script type=\"application\/ld+json\" class=\"yoast-schema-graph\">{\"@context\":\"https:\/\/schema.org\",\"@graph\":[{\"@type\":\"WebPage\",\"@id\":\"https:\/\/musee.oceano.org\/pt-pt\/voce-e-professor\/\",\"url\":\"https:\/\/musee.oceano.org\/pt-pt\/voce-e-professor\/\",\"name\":\"Voc\u00ea \u00e9 - Professor - Mus\u00e9e Oc\u00e9anographique de Monaco\",\"isPartOf\":{\"@id\":\"https:\/\/musee.oceano.org\/#website\"},\"primaryImageOfPage\":{\"@id\":\"https:\/\/musee.oceano.org\/pt-pt\/voce-e-professor\/#primaryimage\"},\"image\":{\"@id\":\"https:\/\/musee.oceano.org\/pt-pt\/voce-e-professor\/#primaryimage\"},\"thumbnailUrl\":\"https:\/\/musee.oceano.org\/wp-content\/uploads\/sites\/2\/2021\/07\/IMG_20201014_162659-1-762x578.jpg\",\"datePublished\":\"2021-06-25T15:34:36+00:00\",\"dateModified\":\"2021-08-25T13:45:52+00:00\",\"description\":\"Consulte informa\u00e7\u00f5es pr\u00e1ticas para o ajudar a preparar uma visita com a sua turma e recursos educativos para antecipar esta visita!\",\"breadcrumb\":{\"@id\":\"https:\/\/musee.oceano.org\/pt-pt\/voce-e-professor\/#breadcrumb\"},\"inLanguage\":\"pt-PT\",\"potentialAction\":[{\"@type\":\"ReadAction\",\"target\":[\"https:\/\/musee.oceano.org\/pt-pt\/voce-e-professor\/\"]}]},{\"@type\":\"ImageObject\",\"inLanguage\":\"pt-PT\",\"@id\":\"https:\/\/musee.oceano.org\/pt-pt\/voce-e-professor\/#primaryimage\",\"url\":\"https:\/\/musee.oceano.org\/wp-content\/uploads\/sites\/2\/2021\/07\/IMG_20201014_162659-1-762x578.jpg\",\"contentUrl\":\"https:\/\/musee.oceano.org\/wp-content\/uploads\/sites\/2\/2021\/07\/IMG_20201014_162659-1-762x578.jpg\"},{\"@type\":\"BreadcrumbList\",\"@id\":\"https:\/\/musee.oceano.org\/pt-pt\/voce-e-professor\/#breadcrumb\",\"itemListElement\":[{\"@type\":\"ListItem\",\"position\":1,\"name\":\"Home\",\"item\":\"https:\/\/musee.oceano.org\/pt-pt\/\"},{\"@type\":\"ListItem\",\"position\":2,\"name\":\"Voc\u00ea \u00e9 &#8211; Professor\"}]},{\"@type\":\"WebSite\",\"@id\":\"https:\/\/musee.oceano.org\/#website\",\"url\":\"https:\/\/musee.oceano.org\/\",\"name\":\"Mus\u00e9e Oc\u00e9anographique de Monaco\",\"description\":\"Faire conna\u00eetre, aimer et prot\u00e9ger les oc\u00e9ans\",\"potentialAction\":[{\"@type\":\"SearchAction\",\"target\":{\"@type\":\"EntryPoint\",\"urlTemplate\":\"https:\/\/musee.oceano.org\/?s={search_term_string}\"},\"query-input\":{\"@type\":\"PropertyValueSpecification\",\"valueRequired\":true,\"valueName\":\"search_term_string\"}}],\"inLanguage\":\"pt-PT\"}]}<\/script>\n<!-- \/ Yoast SEO plugin. -->","yoast_head_json":{"title":"Voc\u00ea \u00e9 - Professor - Mus\u00e9e Oc\u00e9anographique de Monaco","description":"Consulte informa\u00e7\u00f5es pr\u00e1ticas para o ajudar a preparar uma visita com a sua turma e recursos educativos para antecipar esta visita!","robots":{"index":"index","follow":"follow","max-snippet":"max-snippet:-1","max-image-preview":"max-image-preview:large","max-video-preview":"max-video-preview:-1"},"canonical":"https:\/\/musee.oceano.org\/pt-pt\/voce-e-professor\/","og_locale":"pt_PT","og_type":"article","og_title":"Voc\u00ea \u00e9 - Professor - Mus\u00e9e Oc\u00e9anographique de Monaco","og_description":"Consulte informa\u00e7\u00f5es pr\u00e1ticas para o ajudar a preparar uma visita com a sua turma e recursos educativos para antecipar esta visita!","og_url":"https:\/\/musee.oceano.org\/pt-pt\/voce-e-professor\/","og_site_name":"Mus\u00e9e Oc\u00e9anographique de Monaco","article_modified_time":"2021-08-25T13:45:52+00:00","og_image":[{"url":"https:\/\/musee.oceano.org\/wp-content\/uploads\/sites\/2\/2021\/07\/IMG_20201014_162659-1-762x578.jpg","type":"","width":"","height":""}],"twitter_card":"summary_large_image","twitter_misc":{"Tempo estimado de leitura":"6 minutos"},"schema":{"@context":"https:\/\/schema.org","@graph":[{"@type":"WebPage","@id":"https:\/\/musee.oceano.org\/pt-pt\/voce-e-professor\/","url":"https:\/\/musee.oceano.org\/pt-pt\/voce-e-professor\/","name":"Voc\u00ea \u00e9 - Professor - Mus\u00e9e Oc\u00e9anographique de Monaco","isPartOf":{"@id":"https:\/\/musee.oceano.org\/#website"},"primaryImageOfPage":{"@id":"https:\/\/musee.oceano.org\/pt-pt\/voce-e-professor\/#primaryimage"},"image":{"@id":"https:\/\/musee.oceano.org\/pt-pt\/voce-e-professor\/#primaryimage"},"thumbnailUrl":"https:\/\/musee.oceano.org\/wp-content\/uploads\/sites\/2\/2021\/07\/IMG_20201014_162659-1-762x578.jpg","datePublished":"2021-06-25T15:34:36+00:00","dateModified":"2021-08-25T13:45:52+00:00","description":"Consulte informa\u00e7\u00f5es pr\u00e1ticas para o ajudar a preparar uma visita com a sua turma e recursos educativos para antecipar esta visita!","breadcrumb":{"@id":"https:\/\/musee.oceano.org\/pt-pt\/voce-e-professor\/#breadcrumb"},"inLanguage":"pt-PT","potentialAction":[{"@type":"ReadAction","target":["https:\/\/musee.oceano.org\/pt-pt\/voce-e-professor\/"]}]},{"@type":"ImageObject","inLanguage":"pt-PT","@id":"https:\/\/musee.oceano.org\/pt-pt\/voce-e-professor\/#primaryimage","url":"https:\/\/musee.oceano.org\/wp-content\/uploads\/sites\/2\/2021\/07\/IMG_20201014_162659-1-762x578.jpg","contentUrl":"https:\/\/musee.oceano.org\/wp-content\/uploads\/sites\/2\/2021\/07\/IMG_20201014_162659-1-762x578.jpg"},{"@type":"BreadcrumbList","@id":"https:\/\/musee.oceano.org\/pt-pt\/voce-e-professor\/#breadcrumb","itemListElement":[{"@type":"ListItem","position":1,"name":"Home","item":"https:\/\/musee.oceano.org\/pt-pt\/"},{"@type":"ListItem","position":2,"name":"Voc\u00ea \u00e9 &#8211; Professor"}]},{"@type":"WebSite","@id":"https:\/\/musee.oceano.org\/#website","url":"https:\/\/musee.oceano.org\/","name":"Mus\u00e9e Oc\u00e9anographique de Monaco","description":"Faire conna\u00eetre, aimer et prot\u00e9ger les oc\u00e9ans","potentialAction":[{"@type":"SearchAction","target":{"@type":"EntryPoint","urlTemplate":"https:\/\/musee.oceano.org\/?s={search_term_string}"},"query-input":{"@type":"PropertyValueSpecification","valueRequired":true,"valueName":"search_term_string"}}],"inLanguage":"pt-PT"}]}},"_links":{"self":[{"href":"https:\/\/musee.oceano.org\/pt-pt\/wp-json\/wp\/v2\/pages\/26883","targetHints":{"allow":["GET"]}}],"collection":[{"href":"https:\/\/musee.oceano.org\/pt-pt\/wp-json\/wp\/v2\/pages"}],"about":[{"href":"https:\/\/musee.oceano.org\/pt-pt\/wp-json\/wp\/v2\/types\/page"}],"author":[{"embeddable":true,"href":"https:\/\/musee.oceano.org\/pt-pt\/wp-json\/wp\/v2\/users\/1"}],"replies":[{"embeddable":true,"href":"https:\/\/musee.oceano.org\/pt-pt\/wp-json\/wp\/v2\/comments?post=26883"}],"version-history":[{"count":20,"href":"https:\/\/musee.oceano.org\/pt-pt\/wp-json\/wp\/v2\/pages\/26883\/revisions"}],"predecessor-version":[{"id":34310,"href":"https:\/\/musee.oceano.org\/pt-pt\/wp-json\/wp\/v2\/pages\/26883\/revisions\/34310"}],"wp:attachment":[{"href":"https:\/\/musee.oceano.org\/pt-pt\/wp-json\/wp\/v2\/media?parent=26883"}],"curies":[{"name":"wp","href":"https:\/\/api.w.org\/{rel}","templated":true}]}}