{"id":27308,"date":"2021-06-28T17:35:39","date_gmt":"2021-06-28T15:35:39","guid":{"rendered":"https:\/\/musee.oceano.org\/espacos-museologicos\/sala-da-baleia\/"},"modified":"2021-06-28T17:35:48","modified_gmt":"2021-06-28T15:35:48","slug":"sala-da-baleia","status":"publish","type":"page","link":"https:\/\/musee.oceano.org\/pt-pt\/espacos-museologicos\/sala-da-baleia\/","title":{"rendered":"Sala da Baleia"},"content":{"rendered":"\t\t<div data-elementor-type=\"wp-post\" data-elementor-id=\"27308\" class=\"elementor elementor-27308 elementor-1733\" data-elementor-post-type=\"page\">\n\t\t\t\t\t\t<section class=\"elementor-section elementor-top-section elementor-element elementor-element-74fc66d1 elementor-section-full_width elementor-section-height-default elementor-section-height-default\" data-id=\"74fc66d1\" data-element_type=\"section\" data-e-type=\"section\">\n\t\t\t\t\t\t<div class=\"elementor-container elementor-column-gap-no\">\n\t\t\t\t\t<div class=\"elementor-column elementor-col-100 elementor-top-column elementor-element elementor-element-6e490a6\" data-id=\"6e490a6\" data-element_type=\"column\" data-e-type=\"column\">\n\t\t\t<div class=\"elementor-widget-wrap elementor-element-populated\">\n\t\t\t\t\t\t<div class=\"elementor-element elementor-element-761224df elementor--h-position-center elementor--v-position-middle elementor-widget elementor-widget-slides\" data-id=\"761224df\" data-element_type=\"widget\" data-e-type=\"widget\" data-settings=\"{&quot;navigation&quot;:&quot;none&quot;,&quot;transition&quot;:&quot;slide&quot;,&quot;transition_speed&quot;:500}\" data-widget_type=\"slides.default\">\n\t\t\t\t<div class=\"elementor-widget-container\">\n\t\t\t\t\t\t\t\t\t<div class=\"elementor-swiper\">\n\t\t\t\t\t<div class=\"elementor-slides-wrapper elementor-main-swiper swiper\" role=\"region\" aria-roledescription=\"carousel\" aria-label=\"Slides\" dir=\"ltr\" data-animation=\"fadeInUp\">\n\t\t\t\t<div class=\"swiper-wrapper elementor-slides\">\n\t\t\t\t\t\t\t\t\t\t<div class=\"elementor-repeater-item-891be05 swiper-slide\" role=\"group\" aria-roledescription=\"slide\"><div class=\"swiper-slide-bg\" role=\"img\" aria-label=\"wal-1632159_1280\"><\/div><div class=\"elementor-background-overlay\"><\/div><div class=\"swiper-slide-inner\" ><div class=\"swiper-slide-contents\"><h1 class=\"elementor-slide-heading\">Uma baleia no Museu?<\/h1><\/div><\/div><\/div>\t\t\t\t<\/div>\n\t\t\t\t\t\t\t<\/div>\n\t\t\t\t<\/div>\n\t\t\t\t\t\t\t\t<\/div>\n\t\t\t\t<\/div>\n\t\t\t\t\t<\/div>\n\t\t<\/div>\n\t\t\t\t\t<\/div>\n\t\t<\/section>\n\t\t\t\t<section class=\"elementor-section elementor-top-section elementor-element elementor-element-75603ba4 elementor-section-full_width breadcrumb-basuc elementor-section-height-default elementor-section-height-default\" data-id=\"75603ba4\" data-element_type=\"section\" data-e-type=\"section\" data-settings=\"{&quot;background_background&quot;:&quot;classic&quot;}\">\n\t\t\t\t\t\t<div class=\"elementor-container elementor-column-gap-default\">\n\t\t\t\t\t<div class=\"elementor-column elementor-col-100 elementor-top-column elementor-element elementor-element-153a4512\" data-id=\"153a4512\" data-element_type=\"column\" data-e-type=\"column\">\n\t\t\t<div class=\"elementor-widget-wrap elementor-element-populated\">\n\t\t\t\t\t\t<div class=\"elementor-element elementor-element-5201fd75 elementor-widget elementor-widget-ee-breadcrumbs\" data-id=\"5201fd75\" data-element_type=\"widget\" data-e-type=\"widget\" data-widget_type=\"ee-breadcrumbs.default\">\n\t\t\t\t<div class=\"elementor-widget-container\">\n\t\t\t\t\t<ul class=\"ee-breadcrumbs\" itemscope=\"\" itemtype=\"http:\/\/schema.org\/BreadcrumbList\"><\/ul>\t\t\t\t<\/div>\n\t\t\t\t<\/div>\n\t\t\t\t\t<\/div>\n\t\t<\/div>\n\t\t\t\t\t<\/div>\n\t\t<\/section>\n\t\t\t\t<section class=\"elementor-section elementor-top-section elementor-element elementor-element-5e596c61 text-basic animated-slow elementor-section-boxed elementor-section-height-default elementor-section-height-default elementor-invisible\" data-id=\"5e596c61\" data-element_type=\"section\" data-e-type=\"section\" data-settings=\"{&quot;background_background&quot;:&quot;classic&quot;,&quot;animation&quot;:&quot;fadeIn&quot;}\">\n\t\t\t\t\t\t<div class=\"elementor-container elementor-column-gap-default\">\n\t\t\t\t\t<div class=\"elementor-column elementor-col-50 elementor-top-column elementor-element elementor-element-134880f6\" data-id=\"134880f6\" data-element_type=\"column\" data-e-type=\"column\">\n\t\t\t<div class=\"elementor-widget-wrap elementor-element-populated\">\n\t\t\t\t\t\t<div class=\"elementor-element elementor-element-d7ab7f3 elementor-widget elementor-widget-hotspots\" data-id=\"d7ab7f3\" data-element_type=\"widget\" data-e-type=\"widget\" data-settings=\"{&quot;trigger&quot;:&quot;mouseenter&quot;,&quot;trigger_tablet&quot;:&quot;click_target&quot;,&quot;trigger_mobile&quot;:&quot;click_target&quot;,&quot;_hide&quot;:&quot;mouseleave&quot;,&quot;_hide_tablet&quot;:&quot;click_out&quot;,&quot;_hide_mobile&quot;:&quot;click_out&quot;,&quot;position&quot;:&quot;bottom&quot;,&quot;arrow_position_h&quot;:&quot;center&quot;,&quot;delay_in&quot;:{&quot;unit&quot;:&quot;px&quot;,&quot;size&quot;:&quot;&quot;,&quot;sizes&quot;:[]},&quot;delay_out&quot;:{&quot;unit&quot;:&quot;px&quot;,&quot;size&quot;:&quot;&quot;,&quot;sizes&quot;:[]},&quot;duration&quot;:{&quot;unit&quot;:&quot;px&quot;,&quot;size&quot;:&quot;&quot;,&quot;sizes&quot;:[]}}\" data-widget_type=\"hotspots.default\">\n\t\t\t\t<div class=\"elementor-widget-container\">\n\t\t\t\t\t<div class=\"ee-hotspots\">\n\n\t\t\t<img fetchpriority=\"high\" decoding=\"async\" width=\"881\" height=\"1024\" src=\"https:\/\/musee.oceano.org\/wp-content\/uploads\/sites\/2\/2019\/08\/general-881x1024.png\" class=\"attachment-large size-large wp-image-9697\" alt=\"\" srcset=\"https:\/\/musee.oceano.org\/wp-content\/uploads\/sites\/2\/2019\/08\/general-881x1024.png 881w, https:\/\/musee.oceano.org\/wp-content\/uploads\/sites\/2\/2019\/08\/general-258x300.png 258w, https:\/\/musee.oceano.org\/wp-content\/uploads\/sites\/2\/2019\/08\/general-768x893.png 768w, https:\/\/musee.oceano.org\/wp-content\/uploads\/sites\/2\/2019\/08\/general-1321x1536.png 1321w, https:\/\/musee.oceano.org\/wp-content\/uploads\/sites\/2\/2019\/08\/general-1762x2048.png 1762w\" sizes=\"(max-width: 881px) 100vw, 881px\" \/>\n\t\t\t\t\t\t\t<div class=\"ee-hotspots__container\">\n\t\t\t\t<a class=\"elementor-repeater-item-a0b11af hotip ee-hotspot\" data-hotips-content=\"#hotip-content-d7ab7f3_a0b11af\" data-hotips-position=\"\" data-hotips-arrow-position-h=\"\" data-hotips-arrow-position-v=\"\" data-hotips-class=\"ee-global ee-tooltip ee-tooltip-d7ab7f3\" href=\"https:\/\/musee.oceano.org\/wp-content\/uploads\/sites\/2\/2019\/08\/1er_etage.png\" target=\"_blank\">\n\t\t\t\t\t\t<span class=\"ee-hotspot__wrapper\">\n\t\t\t\t\t\t\t<span class=\"ee-hotspot__text\"><span class=\"ee-hotspot__icon ee-icon ee-icon-support--svg\"><i class=\"fa fa-arrow-right\" aria-hidden=\"true\"><\/i><\/span><\/span>\n\t\t\t\t\t\t<\/span>\n\t\t\t\t\t<\/a>\n\n\t\t\t\t\t<div class=\"hotip-content\" id=\"hotip-content-d7ab7f3_a0b11af\">\n\t\t\t\t\t\t<p>Sala da Baleia<\/p>\n\t\t\t\t\t<\/div>\n\n\t\t\t\t\t\t\t\t<\/div>\n\t\t\t\t\t\n\t\t<\/div>\n\t\t\t\t\t\t<\/div>\n\t\t\t\t<\/div>\n\t\t\t\t\t<\/div>\n\t\t<\/div>\n\t\t\t\t<div class=\"elementor-column elementor-col-50 elementor-top-column elementor-element elementor-element-7691ccba\" data-id=\"7691ccba\" data-element_type=\"column\" data-e-type=\"column\">\n\t\t\t<div class=\"elementor-widget-wrap elementor-element-populated\">\n\t\t\t\t\t\t<div class=\"elementor-element elementor-element-1a9ab27e elementor-widget elementor-widget-text-editor\" data-id=\"1a9ab27e\" data-element_type=\"widget\" data-e-type=\"widget\" data-widget_type=\"text-editor.default\">\n\t\t\t\t<div class=\"elementor-widget-container\">\n\t\t\t\t\t\t\t\t\t<p>\u00c9 verdade: uma das joias do Museu Oceanogr\u00e1fico \u00e9 uma baleia, uma verdadeira! Ou mais precisamente o seu esqueleto gigante: 18 metros de comprimento para quase tr\u00eas toneladas de osso.  <\/p>\n<p>Ao seu lado tamb\u00e9m s\u00e3o expostos muitos outros mam\u00edferos marinhos, para (re)descobrir em uma nova luz.<\/p>\n\t\t\t\t\t\t\t\t<\/div>\n\t\t\t\t<\/div>\n\t\t\t\t\t<\/div>\n\t\t<\/div>\n\t\t\t\t\t<\/div>\n\t\t<\/section>\n\t\t\t\t<section class=\"elementor-section elementor-top-section elementor-element elementor-element-4527235 animated-slow elementor-section-boxed elementor-section-height-default elementor-section-height-default elementor-invisible\" data-id=\"4527235\" data-element_type=\"section\" data-e-type=\"section\" data-settings=\"{&quot;background_background&quot;:&quot;classic&quot;,&quot;animation&quot;:&quot;fadeInUp&quot;}\">\n\t\t\t\t\t\t<div class=\"elementor-container elementor-column-gap-default\">\n\t\t\t\t\t<div class=\"elementor-column elementor-col-100 elementor-top-column elementor-element elementor-element-4bd3ce0a\" data-id=\"4bd3ce0a\" data-element_type=\"column\" data-e-type=\"column\">\n\t\t\t<div class=\"elementor-widget-wrap elementor-element-populated\">\n\t\t\t\t\t\t<section class=\"elementor-section elementor-inner-section elementor-element elementor-element-453f3597 elementor-section-height-min-height elementor-section-boxed elementor-section-height-default\" data-id=\"453f3597\" data-element_type=\"section\" data-e-type=\"section\" data-settings=\"{&quot;background_background&quot;:&quot;classic&quot;}\">\n\t\t\t\t\t\t<div class=\"elementor-container elementor-column-gap-default\">\n\t\t\t\t\t<div class=\"elementor-column elementor-col-50 elementor-inner-column elementor-element elementor-element-5cc0a14e\" data-id=\"5cc0a14e\" data-element_type=\"column\" data-e-type=\"column\">\n\t\t\t<div class=\"elementor-widget-wrap elementor-element-populated\">\n\t\t\t\t\t\t<div class=\"elementor-element elementor-element-e7ac62d elementor-widget elementor-widget-heading\" data-id=\"e7ac62d\" data-element_type=\"widget\" data-e-type=\"widget\" data-widget_type=\"heading.default\">\n\t\t\t\t<div class=\"elementor-widget-container\">\n\t\t\t\t\t<h2 class=\"elementor-heading-title elementor-size-default\">UMA VIAGEM ENTRE O PASSADO E O PRESENTE<\/h2>\t\t\t\t<\/div>\n\t\t\t\t<\/div>\n\t\t\t\t<div class=\"elementor-element elementor-element-df9087f elementor-widget elementor-widget-unfold\" data-id=\"df9087f\" data-element_type=\"widget\" data-e-type=\"widget\" data-settings=\"{&quot;visible_type&quot;:&quot;lines&quot;,&quot;visible_lines&quot;:{&quot;unit&quot;:&quot;px&quot;,&quot;size&quot;:3,&quot;sizes&quot;:[]},&quot;duration_unfold&quot;:{&quot;unit&quot;:&quot;px&quot;,&quot;size&quot;:0.5,&quot;sizes&quot;:[]},&quot;animation_unfold&quot;:&quot;Power4&quot;,&quot;easing_unfold&quot;:&quot;easeInOut&quot;,&quot;duration_fold&quot;:{&quot;unit&quot;:&quot;px&quot;,&quot;size&quot;:0.5,&quot;sizes&quot;:[]},&quot;animation_fold&quot;:&quot;Power4&quot;,&quot;easing_fold&quot;:&quot;easeInOut&quot;}\" data-widget_type=\"unfold.default\">\n\t\t\t\t<div class=\"elementor-widget-container\">\n\t\t\t\t\t<div class=\"ee-unfold\">\n\t\t\t<div class=\"ee-unfold__mask\">\n\t\t\t\t<div class=\"ee-unfold__content\">\n\t\t\t\t\t<p>Quando voc\u00ea entra nesta sala com dimens\u00f5es extraordin\u00e1rias, voc\u00ea rapidamente entende por que \u00e9 chamado de Sala das Baleias.<\/p>\n<p>Uma baleia com mais de 18 metros de comprimento domina-nos. Suspenso v\u00e1rios metros acima do solo, o seu esqueleto de 2,8 toneladas parece flutuar no ar. Esta baleia-comum apareceu na costa liguriana do Mediterr\u00e2neo h\u00e1 muito tempo. Em 1896, para ser preciso, dez anos antes da cria\u00e7\u00e3o do Instituto de Oceanografia. A partir da altura dos seus 123 anos, este gigante faz a liga\u00e7\u00e3o entre o passado e o presente. Este \u00e9 tamb\u00e9m um dos encantos desta sala muito especial, com a sua atmosfera \u00fanica e cole\u00e7\u00e3o no mundo.<\/p>\n\t\t\t\t<\/div>\n\t\t\t\t<div class=\"ee-unfold__separator\"><\/div>\n\t\t\t<\/div>\n\t\t\t<div class=\"ee-unfold__trigger\">\n\t\t\t\t<span class=\"ee-button-wrapper\">\n\t\t\t\t\t<span class=\"ee-button ee-size-sm\">\n\t\t\t\t\t\t<span class=\"ee-button-content-wrapper\"><span class=\"ee-icon ee-icon-support--svg ee-icon--left ee-button-icon ee-unfold__icon ee-unfold__icon--closed\"><i class=\"fa fa-plus\" aria-hidden=\"true\"><\/i><\/span><span class=\"ee-icon ee-icon-support--svg ee-icon--left ee-button-icon ee-unfold__icon ee-unfold__icon--open\"><i class=\"fa fa-minus\" aria-hidden=\"true\"><\/i><\/span><span class=\"ee-button-text\" data-close-label=\"Ler menos\" data-open-label=\"Ler mais\">Ler mais<\/span>\n\t\t<\/span>\n\t\t\t\t\t\t\t<\/span>\n\t\t\t\t<\/span>\n\t\t\t<\/div>\n\t\t<\/div>\t\t\t\t<\/div>\n\t\t\t\t<\/div>\n\t\t\t\t\t<\/div>\n\t\t<\/div>\n\t\t\t\t<div class=\"elementor-column elementor-col-50 elementor-inner-column elementor-element elementor-element-5f9589d6\" data-id=\"5f9589d6\" data-element_type=\"column\" data-e-type=\"column\">\n\t\t\t<div class=\"elementor-widget-wrap elementor-element-populated\">\n\t\t\t\t\t\t<div class=\"elementor-element elementor-element-7fe63b6 elementor-widget elementor-widget-image\" data-id=\"7fe63b6\" data-element_type=\"widget\" data-e-type=\"widget\" data-widget_type=\"image.default\">\n\t\t\t\t<div class=\"elementor-widget-container\">\n\t\t\t\t\t\t\t\t\t\t\t\t\t\t\t<img decoding=\"async\" width=\"425\" height=\"284\" src=\"https:\/\/musee.oceano.org\/wp-content\/uploads\/sites\/2\/2019\/06\/Salle_de_la_Baleine-Son-et-lumi\u00e8res-M.Dagnino-24.jpg\" class=\"attachment-large size-large wp-image-29186\" alt=\"\" srcset=\"https:\/\/musee.oceano.org\/wp-content\/uploads\/sites\/2\/2019\/06\/Salle_de_la_Baleine-Son-et-lumi\u00e8res-M.Dagnino-24.jpg 425w, https:\/\/musee.oceano.org\/wp-content\/uploads\/sites\/2\/2019\/06\/Salle_de_la_Baleine-Son-et-lumi\u00e8res-M.Dagnino-24-300x200.jpg 300w\" sizes=\"(max-width: 425px) 100vw, 425px\" \/>\t\t\t\t\t\t\t\t\t\t\t\t\t\t\t<\/div>\n\t\t\t\t<\/div>\n\t\t\t\t\t<\/div>\n\t\t<\/div>\n\t\t\t\t\t<\/div>\n\t\t<\/section>\n\t\t\t\t\t<\/div>\n\t\t<\/div>\n\t\t\t\t\t<\/div>\n\t\t<\/section>\n\t\t\t\t<section class=\"elementor-section elementor-top-section elementor-element elementor-element-772969b text-basic animated-slow elementor-section-boxed elementor-section-height-default elementor-section-height-default elementor-invisible\" data-id=\"772969b\" data-element_type=\"section\" data-e-type=\"section\" data-settings=\"{&quot;background_background&quot;:&quot;classic&quot;,&quot;animation&quot;:&quot;fadeInUp&quot;}\">\n\t\t\t\t\t\t<div class=\"elementor-container elementor-column-gap-default\">\n\t\t\t\t\t<div class=\"elementor-column elementor-col-100 elementor-top-column elementor-element elementor-element-081ee44\" data-id=\"081ee44\" data-element_type=\"column\" data-e-type=\"column\">\n\t\t\t<div class=\"elementor-widget-wrap elementor-element-populated\">\n\t\t\t\t\t\t<div class=\"elementor-element elementor-element-545ae1a elementor-widget elementor-widget-heading\" data-id=\"545ae1a\" data-element_type=\"widget\" data-e-type=\"widget\" data-widget_type=\"heading.default\">\n\t\t\t\t<div class=\"elementor-widget-container\">\n\t\t\t\t\t<h2 class=\"elementor-heading-title elementor-size-default\">Como se estivessem a nadar juntos.<\/h2>\t\t\t\t<\/div>\n\t\t\t\t<\/div>\n\t\t\t\t<div class=\"elementor-element elementor-element-a9240db elementor-widget elementor-widget-unfold\" data-id=\"a9240db\" data-element_type=\"widget\" data-e-type=\"widget\" data-settings=\"{&quot;visible_type&quot;:&quot;lines&quot;,&quot;visible_lines&quot;:{&quot;unit&quot;:&quot;px&quot;,&quot;size&quot;:3,&quot;sizes&quot;:[]},&quot;duration_unfold&quot;:{&quot;unit&quot;:&quot;px&quot;,&quot;size&quot;:0.5,&quot;sizes&quot;:[]},&quot;animation_unfold&quot;:&quot;Power4&quot;,&quot;easing_unfold&quot;:&quot;easeInOut&quot;,&quot;duration_fold&quot;:{&quot;unit&quot;:&quot;px&quot;,&quot;size&quot;:0.5,&quot;sizes&quot;:[]},&quot;animation_fold&quot;:&quot;Power4&quot;,&quot;easing_fold&quot;:&quot;easeInOut&quot;}\" data-widget_type=\"unfold.default\">\n\t\t\t\t<div class=\"elementor-widget-container\">\n\t\t\t\t\t<div class=\"ee-unfold\">\n\t\t\t<div class=\"ee-unfold__mask\">\n\t\t\t\t<div class=\"ee-unfold__content\">\n\t\t\t\t\t<p>Seguindo esta baleia, viajamos de volta no tempo e ao largo da costa, num mar onde milhares de seus descendentes ainda vivem hoje.<\/p>\n<p>Como no Mediterr\u00e2neo, esta baleia n\u00e3o est\u00e1 sozinha. Treze outros esqueletos de mam\u00edferos marinhos parecem nadar na sua vig\u00edlia. S\u00e3o, na sua maioria, o resultado das muitas expedi\u00e7\u00f5es que o Pr\u00edncipe Alberto I do M\u00f3naco realizou nos mares do globo. Entre eles, notamos um cachalote de 8 metros. O mais observador pode at\u00e9 contar todos os seus ossos. Poup\u00e1-lo-emos a esta tarefa: s\u00e3o precisamente 163!<\/p>\n\t\t\t\t<\/div>\n\t\t\t\t<div class=\"ee-unfold__separator\"><\/div>\n\t\t\t<\/div>\n\t\t\t<div class=\"ee-unfold__trigger\">\n\t\t\t\t<span class=\"ee-button-wrapper\">\n\t\t\t\t\t<span class=\"ee-button ee-size-sm\">\n\t\t\t\t\t\t<span class=\"ee-button-content-wrapper\"><span class=\"ee-icon ee-icon-support--svg ee-icon--left ee-button-icon ee-unfold__icon ee-unfold__icon--closed\"><i class=\"fa fa-plus\" aria-hidden=\"true\"><\/i><\/span><span class=\"ee-icon ee-icon-support--svg ee-icon--left ee-button-icon ee-unfold__icon ee-unfold__icon--open\"><i class=\"fa fa-minus\" aria-hidden=\"true\"><\/i><\/span><span class=\"ee-button-text\" data-close-label=\"Ler menos\" data-open-label=\"Ler mais\">Ler mais<\/span>\n\t\t<\/span>\n\t\t\t\t\t\t\t<\/span>\n\t\t\t\t<\/span>\n\t\t\t<\/div>\n\t\t<\/div>\t\t\t\t<\/div>\n\t\t\t\t<\/div>\n\t\t\t\t\t<\/div>\n\t\t<\/div>\n\t\t\t\t\t<\/div>\n\t\t<\/section>\n\t\t\t\t<section class=\"elementor-section elementor-top-section elementor-element elementor-element-3cef0d76 elementor-section-boxed elementor-section-height-default elementor-section-height-default\" data-id=\"3cef0d76\" data-element_type=\"section\" data-e-type=\"section\" data-settings=\"{&quot;background_background&quot;:&quot;classic&quot;}\">\n\t\t\t\t\t\t<div class=\"elementor-container elementor-column-gap-default\">\n\t\t\t\t\t<div class=\"elementor-column elementor-col-100 elementor-top-column elementor-element elementor-element-3c91aa8b\" data-id=\"3c91aa8b\" data-element_type=\"column\" data-e-type=\"column\">\n\t\t\t<div class=\"elementor-widget-wrap elementor-element-populated\">\n\t\t\t\t\t\t<section class=\"elementor-section elementor-inner-section elementor-element elementor-element-32c45583 elementor-section-boxed elementor-section-height-default elementor-section-height-default\" data-id=\"32c45583\" data-element_type=\"section\" data-e-type=\"section\" data-settings=\"{&quot;background_background&quot;:&quot;classic&quot;}\">\n\t\t\t\t\t\t<div class=\"elementor-container elementor-column-gap-default\">\n\t\t\t\t\t<div class=\"elementor-column elementor-col-50 elementor-inner-column elementor-element elementor-element-7bb9062d\" data-id=\"7bb9062d\" data-element_type=\"column\" data-e-type=\"column\">\n\t\t\t<div class=\"elementor-widget-wrap elementor-element-populated\">\n\t\t\t\t\t\t<div class=\"elementor-element elementor-element-266f6958 elementor-widget elementor-widget-image\" data-id=\"266f6958\" data-element_type=\"widget\" data-e-type=\"widget\" data-widget_type=\"image.default\">\n\t\t\t\t<div class=\"elementor-widget-container\">\n\t\t\t\t\t\t\t\t\t\t\t\t\t\t\t<img decoding=\"async\" width=\"1024\" height=\"680\" src=\"https:\/\/musee.oceano.org\/wp-content\/uploads\/sites\/2\/2019\/06\/1-1-33_Animation-Sons-et-lumi\u00e4res_M_Dagnino-1024x680.jpg\" class=\"attachment-large size-large wp-image-4143\" alt=\"\" srcset=\"https:\/\/musee.oceano.org\/wp-content\/uploads\/sites\/2\/2019\/06\/1-1-33_Animation-Sons-et-lumi\u00e4res_M_Dagnino-1024x680.jpg 1024w, https:\/\/musee.oceano.org\/wp-content\/uploads\/sites\/2\/2019\/06\/1-1-33_Animation-Sons-et-lumi\u00e4res_M_Dagnino-300x199.jpg 300w, https:\/\/musee.oceano.org\/wp-content\/uploads\/sites\/2\/2019\/06\/1-1-33_Animation-Sons-et-lumi\u00e4res_M_Dagnino-768x510.jpg 768w, https:\/\/musee.oceano.org\/wp-content\/uploads\/sites\/2\/2019\/06\/1-1-33_Animation-Sons-et-lumi\u00e4res_M_Dagnino-1536x1020.jpg 1536w, https:\/\/musee.oceano.org\/wp-content\/uploads\/sites\/2\/2019\/06\/1-1-33_Animation-Sons-et-lumi\u00e4res_M_Dagnino-2048x1360.jpg 2048w, https:\/\/musee.oceano.org\/wp-content\/uploads\/sites\/2\/2019\/06\/1-1-33_Animation-Sons-et-lumi\u00e4res_M_Dagnino-370x245.jpg 370w\" sizes=\"(max-width: 1024px) 100vw, 1024px\" \/>\t\t\t\t\t\t\t\t\t\t\t\t\t\t\t<\/div>\n\t\t\t\t<\/div>\n\t\t\t\t\t<\/div>\n\t\t<\/div>\n\t\t\t\t<div class=\"elementor-column elementor-col-50 elementor-inner-column elementor-element elementor-element-6ef8fa23\" data-id=\"6ef8fa23\" data-element_type=\"column\" data-e-type=\"column\">\n\t\t\t<div class=\"elementor-widget-wrap elementor-element-populated\">\n\t\t\t\t\t\t<div class=\"elementor-element elementor-element-e2d68eb elementor-widget elementor-widget-heading\" data-id=\"e2d68eb\" data-element_type=\"widget\" data-e-type=\"widget\" data-widget_type=\"heading.default\">\n\t\t\t\t<div class=\"elementor-widget-container\">\n\t\t\t\t\t<h2 class=\"elementor-heading-title elementor-size-default\">Para ganhar altura<\/h2>\t\t\t\t<\/div>\n\t\t\t\t<\/div>\n\t\t\t\t<div class=\"elementor-element elementor-element-22c4ac9 elementor-widget elementor-widget-unfold\" data-id=\"22c4ac9\" data-element_type=\"widget\" data-e-type=\"widget\" data-settings=\"{&quot;visible_type&quot;:&quot;lines&quot;,&quot;visible_lines&quot;:{&quot;unit&quot;:&quot;px&quot;,&quot;size&quot;:3,&quot;sizes&quot;:[]},&quot;duration_unfold&quot;:{&quot;unit&quot;:&quot;px&quot;,&quot;size&quot;:0.5,&quot;sizes&quot;:[]},&quot;animation_unfold&quot;:&quot;Power4&quot;,&quot;easing_unfold&quot;:&quot;easeInOut&quot;,&quot;duration_fold&quot;:{&quot;unit&quot;:&quot;px&quot;,&quot;size&quot;:0.5,&quot;sizes&quot;:[]},&quot;animation_fold&quot;:&quot;Power4&quot;,&quot;easing_fold&quot;:&quot;easeInOut&quot;}\" data-widget_type=\"unfold.default\">\n\t\t\t\t<div class=\"elementor-widget-container\">\n\t\t\t\t\t<div class=\"ee-unfold\">\n\t\t\t<div class=\"ee-unfold__mask\">\n\t\t\t\t<div class=\"ee-unfold__content\">\n\t\t\t\t\t<p>Os outros companheiros da baleia e cachalote: golfinhos, uma orca falsa, uma baleia Cuvier, um narval com o seu incr\u00edvel chifre projetado como uma lan\u00e7a, etc.<\/p>\n<p>Para admirar melhor a persegui\u00e7\u00e3o destes senhores dos mares e examin\u00e1-los em detalhe, pode-se ganhar altura caminhando pelas galerias laterais, sobre o mezanino.<\/p>\n<p>A prop\u00f3sito, notamos que alguns t\u00eam cinco dedos nas pontas das barbatanas. Um detalhe que nos torna ainda mais familiares&#8230; Para os curiosos, os comprimidos de toque est\u00e3o dispon\u00edveis em frente a cada esp\u00e9cime. Ajudam-nos, em particular, a p\u00f4r um nome no animal por detr\u00e1s de cada esqueleto.<\/p>\n\t\t\t\t<\/div>\n\t\t\t\t<div class=\"ee-unfold__separator\"><\/div>\n\t\t\t<\/div>\n\t\t\t<div class=\"ee-unfold__trigger\">\n\t\t\t\t<span class=\"ee-button-wrapper\">\n\t\t\t\t\t<span class=\"ee-button ee-size-sm\">\n\t\t\t\t\t\t<span class=\"ee-button-content-wrapper\"><span class=\"ee-icon ee-icon-support--svg ee-icon--left ee-button-icon ee-unfold__icon ee-unfold__icon--closed\"><i class=\"fa fa-plus\" aria-hidden=\"true\"><\/i><\/span><span class=\"ee-icon ee-icon-support--svg ee-icon--left ee-button-icon ee-unfold__icon ee-unfold__icon--open\"><i class=\"fa fa-minus\" aria-hidden=\"true\"><\/i><\/span><span class=\"ee-button-text\" data-close-label=\"Ler menos\" data-open-label=\"Ler mais\">Ler mais<\/span>\n\t\t<\/span>\n\t\t\t\t\t\t\t<\/span>\n\t\t\t\t<\/span>\n\t\t\t<\/div>\n\t\t<\/div>\t\t\t\t<\/div>\n\t\t\t\t<\/div>\n\t\t\t\t\t<\/div>\n\t\t<\/div>\n\t\t\t\t\t<\/div>\n\t\t<\/section>\n\t\t\t\t\t<\/div>\n\t\t<\/div>\n\t\t\t\t\t<\/div>\n\t\t<\/section>\n\t\t\t\t<section class=\"elementor-section elementor-top-section elementor-element elementor-element-cd36747 text-basic elementor-section-boxed elementor-section-height-default elementor-section-height-default elementor-invisible\" data-id=\"cd36747\" data-element_type=\"section\" data-e-type=\"section\" data-settings=\"{&quot;background_background&quot;:&quot;classic&quot;,&quot;animation&quot;:&quot;fadeInUp&quot;}\">\n\t\t\t\t\t\t<div class=\"elementor-container elementor-column-gap-default\">\n\t\t\t\t\t<div class=\"elementor-column elementor-col-100 elementor-top-column elementor-element elementor-element-69eda93\" data-id=\"69eda93\" data-element_type=\"column\" data-e-type=\"column\">\n\t\t\t<div class=\"elementor-widget-wrap elementor-element-populated\">\n\t\t\t\t\t\t<div class=\"elementor-element elementor-element-754a88c elementor-widget elementor-widget-heading\" data-id=\"754a88c\" data-element_type=\"widget\" data-e-type=\"widget\" data-widget_type=\"heading.default\">\n\t\t\t\t<div class=\"elementor-widget-container\">\n\t\t\t\t\t<h2 class=\"elementor-heading-title elementor-size-default\">Sabia que? <\/h2>\t\t\t\t<\/div>\n\t\t\t\t<\/div>\n\t\t\t\t<div class=\"elementor-element elementor-element-f8ba5cb elementor-widget elementor-widget-text-editor\" data-id=\"f8ba5cb\" data-element_type=\"widget\" data-e-type=\"widget\" data-widget_type=\"text-editor.default\">\n\t\t\t\t<div class=\"elementor-widget-container\">\n\t\t\t\t\t\t\t\t\t<p>No in\u00edcio de cada hora, um estranho fen\u00f3meno reaviva estes vener\u00e1veis representantes da vida subaqu\u00e1tica.<\/p>\n<p>Le temps d&#8217;un spectacle sons et lumi\u00e8res orquestrado por Xavier Perret, com m\u00fasica original de Clovis Schneider.<br \/>Esta encena\u00e7\u00e3o foi criada para descobrir ou redescobrir os habitantes desta sala de uma forma diferente.<\/p>\n<p>Algum conselho? Observe os seus rel\u00f3gios para estar l\u00e1 na hora certa e surpreenda os seus amigos ou filhos com esta mudan\u00e7a repentina de atmosfera. Deve tamb\u00e9m saber que, para al\u00e9m da cole\u00e7\u00e3o de hist\u00f3ria natural do Museu, a Sala das Baleias acolhe regularmente exposi\u00e7\u00f5es tempor\u00e1rias. Tantas raz\u00f5es que fazem com que seja uma obriga\u00e7\u00e3o!<\/p>\n\t\t\t\t\t\t\t\t<\/div>\n\t\t\t\t<\/div>\n\t\t\t\t\t<\/div>\n\t\t<\/div>\n\t\t\t\t\t<\/div>\n\t\t<\/section>\n\t\t\t\t<\/div>\n\t\t","protected":false},"excerpt":{"rendered":"<p>Uma baleia no Museu? Sala da Baleia \u00c9 verdade: uma das joias do Museu Oceanogr\u00e1fico \u00e9 uma baleia, uma verdadeira! Ou mais precisamente o seu esqueleto gigante: 18 metros de comprimento para quase tr\u00eas toneladas de osso. Ao seu lado tamb\u00e9m s\u00e3o expostos muitos outros mam\u00edferos marinhos, para (re)descobrir em uma nova luz. UMA VIAGEM [&hellip;]<\/p>\n","protected":false},"author":1,"featured_media":0,"parent":27279,"menu_order":445,"comment_status":"closed","ping_status":"closed","template":"","meta":{"_acf_changed":false,"footnotes":""},"class_list":["post-27308","page","type-page","status-publish","hentry"],"acf":[],"yoast_head":"<!-- This site is optimized with the Yoast SEO plugin v27.2 - https:\/\/yoast.com\/product\/yoast-seo-wordpress\/ -->\n<title>Sala da Baleia - Mus\u00e9e Oc\u00e9anographique de Monaco<\/title>\n<meta name=\"description\" content=\"Admiro a baleia do museu! Ou mais precisamente o seu esqueleto gigante: 18 metros de comprimento para quase tr\u00eas toneladas de osso.\" \/>\n<meta name=\"robots\" content=\"index, follow, max-snippet:-1, max-image-preview:large, max-video-preview:-1\" \/>\n<link rel=\"canonical\" href=\"https:\/\/musee.oceano.org\/espace-musee\/salle-de-la-baleine\/\" \/>\n<meta property=\"og:locale\" content=\"pt_PT\" \/>\n<meta property=\"og:type\" content=\"article\" \/>\n<meta property=\"og:title\" content=\"Sala da Baleia - Mus\u00e9e Oc\u00e9anographique de Monaco\" \/>\n<meta property=\"og:description\" content=\"Admiro a baleia do museu! Ou mais precisamente o seu esqueleto gigante: 18 metros de comprimento para quase tr\u00eas toneladas de osso.\" \/>\n<meta property=\"og:url\" content=\"https:\/\/musee.oceano.org\/espace-musee\/salle-de-la-baleine\/\" \/>\n<meta property=\"og:site_name\" content=\"Mus\u00e9e Oc\u00e9anographique de Monaco\" \/>\n<meta property=\"article:modified_time\" content=\"2021-06-28T15:35:48+00:00\" \/>\n<meta property=\"og:image\" content=\"https:\/\/musee.oceano.org\/wp-content\/uploads\/sites\/2\/2019\/08\/general-881x1024.png\" \/>\n<meta name=\"twitter:card\" content=\"summary_large_image\" \/>\n<meta name=\"twitter:label1\" content=\"Tempo estimado de leitura\" \/>\n\t<meta name=\"twitter:data1\" content=\"3 minutos\" \/>\n<script type=\"application\/ld+json\" class=\"yoast-schema-graph\">{\"@context\":\"https:\/\/schema.org\",\"@graph\":[{\"@type\":\"WebPage\",\"@id\":\"https:\/\/musee.oceano.org\/espace-musee\/salle-de-la-baleine\/\",\"url\":\"https:\/\/musee.oceano.org\/espace-musee\/salle-de-la-baleine\/\",\"name\":\"Sala da Baleia - Mus\u00e9e Oc\u00e9anographique de Monaco\",\"isPartOf\":{\"@id\":\"https:\/\/musee.oceano.org\/#website\"},\"primaryImageOfPage\":{\"@id\":\"https:\/\/musee.oceano.org\/espace-musee\/salle-de-la-baleine\/#primaryimage\"},\"image\":{\"@id\":\"https:\/\/musee.oceano.org\/espace-musee\/salle-de-la-baleine\/#primaryimage\"},\"thumbnailUrl\":\"https:\/\/musee.oceano.org\/wp-content\/uploads\/sites\/2\/2019\/08\/general-881x1024.png\",\"datePublished\":\"2021-06-28T15:35:39+00:00\",\"dateModified\":\"2021-06-28T15:35:48+00:00\",\"description\":\"Admiro a baleia do museu! Ou mais precisamente o seu esqueleto gigante: 18 metros de comprimento para quase tr\u00eas toneladas de osso.\",\"breadcrumb\":{\"@id\":\"https:\/\/musee.oceano.org\/espace-musee\/salle-de-la-baleine\/#breadcrumb\"},\"inLanguage\":\"pt-PT\",\"potentialAction\":[{\"@type\":\"ReadAction\",\"target\":[\"https:\/\/musee.oceano.org\/espace-musee\/salle-de-la-baleine\/\"]}]},{\"@type\":\"ImageObject\",\"inLanguage\":\"pt-PT\",\"@id\":\"https:\/\/musee.oceano.org\/espace-musee\/salle-de-la-baleine\/#primaryimage\",\"url\":\"https:\/\/musee.oceano.org\/wp-content\/uploads\/sites\/2\/2019\/08\/general-881x1024.png\",\"contentUrl\":\"https:\/\/musee.oceano.org\/wp-content\/uploads\/sites\/2\/2019\/08\/general-881x1024.png\"},{\"@type\":\"BreadcrumbList\",\"@id\":\"https:\/\/musee.oceano.org\/espace-musee\/salle-de-la-baleine\/#breadcrumb\",\"itemListElement\":[{\"@type\":\"ListItem\",\"position\":1,\"name\":\"Home\",\"item\":\"https:\/\/musee.oceano.org\/pt-pt\/\"},{\"@type\":\"ListItem\",\"position\":2,\"name\":\"Espa\u00e7os museol\u00f3gicos\",\"item\":\"https:\/\/musee.oceano.org\/espace-musee\/\"},{\"@type\":\"ListItem\",\"position\":3,\"name\":\"Sala da Baleia\"}]},{\"@type\":\"WebSite\",\"@id\":\"https:\/\/musee.oceano.org\/#website\",\"url\":\"https:\/\/musee.oceano.org\/\",\"name\":\"Mus\u00e9e Oc\u00e9anographique de Monaco\",\"description\":\"Faire conna\u00eetre, aimer et prot\u00e9ger les oc\u00e9ans\",\"potentialAction\":[{\"@type\":\"SearchAction\",\"target\":{\"@type\":\"EntryPoint\",\"urlTemplate\":\"https:\/\/musee.oceano.org\/?s={search_term_string}\"},\"query-input\":{\"@type\":\"PropertyValueSpecification\",\"valueRequired\":true,\"valueName\":\"search_term_string\"}}],\"inLanguage\":\"pt-PT\"}]}<\/script>\n<!-- \/ Yoast SEO plugin. -->","yoast_head_json":{"title":"Sala da Baleia - Mus\u00e9e Oc\u00e9anographique de Monaco","description":"Admiro a baleia do museu! Ou mais precisamente o seu esqueleto gigante: 18 metros de comprimento para quase tr\u00eas toneladas de osso.","robots":{"index":"index","follow":"follow","max-snippet":"max-snippet:-1","max-image-preview":"max-image-preview:large","max-video-preview":"max-video-preview:-1"},"canonical":"https:\/\/musee.oceano.org\/espace-musee\/salle-de-la-baleine\/","og_locale":"pt_PT","og_type":"article","og_title":"Sala da Baleia - Mus\u00e9e Oc\u00e9anographique de Monaco","og_description":"Admiro a baleia do museu! Ou mais precisamente o seu esqueleto gigante: 18 metros de comprimento para quase tr\u00eas toneladas de osso.","og_url":"https:\/\/musee.oceano.org\/espace-musee\/salle-de-la-baleine\/","og_site_name":"Mus\u00e9e Oc\u00e9anographique de Monaco","article_modified_time":"2021-06-28T15:35:48+00:00","og_image":[{"url":"https:\/\/musee.oceano.org\/wp-content\/uploads\/sites\/2\/2019\/08\/general-881x1024.png","type":"","width":"","height":""}],"twitter_card":"summary_large_image","twitter_misc":{"Tempo estimado de leitura":"3 minutos"},"schema":{"@context":"https:\/\/schema.org","@graph":[{"@type":"WebPage","@id":"https:\/\/musee.oceano.org\/espace-musee\/salle-de-la-baleine\/","url":"https:\/\/musee.oceano.org\/espace-musee\/salle-de-la-baleine\/","name":"Sala da Baleia - Mus\u00e9e Oc\u00e9anographique de Monaco","isPartOf":{"@id":"https:\/\/musee.oceano.org\/#website"},"primaryImageOfPage":{"@id":"https:\/\/musee.oceano.org\/espace-musee\/salle-de-la-baleine\/#primaryimage"},"image":{"@id":"https:\/\/musee.oceano.org\/espace-musee\/salle-de-la-baleine\/#primaryimage"},"thumbnailUrl":"https:\/\/musee.oceano.org\/wp-content\/uploads\/sites\/2\/2019\/08\/general-881x1024.png","datePublished":"2021-06-28T15:35:39+00:00","dateModified":"2021-06-28T15:35:48+00:00","description":"Admiro a baleia do museu! Ou mais precisamente o seu esqueleto gigante: 18 metros de comprimento para quase tr\u00eas toneladas de osso.","breadcrumb":{"@id":"https:\/\/musee.oceano.org\/espace-musee\/salle-de-la-baleine\/#breadcrumb"},"inLanguage":"pt-PT","potentialAction":[{"@type":"ReadAction","target":["https:\/\/musee.oceano.org\/espace-musee\/salle-de-la-baleine\/"]}]},{"@type":"ImageObject","inLanguage":"pt-PT","@id":"https:\/\/musee.oceano.org\/espace-musee\/salle-de-la-baleine\/#primaryimage","url":"https:\/\/musee.oceano.org\/wp-content\/uploads\/sites\/2\/2019\/08\/general-881x1024.png","contentUrl":"https:\/\/musee.oceano.org\/wp-content\/uploads\/sites\/2\/2019\/08\/general-881x1024.png"},{"@type":"BreadcrumbList","@id":"https:\/\/musee.oceano.org\/espace-musee\/salle-de-la-baleine\/#breadcrumb","itemListElement":[{"@type":"ListItem","position":1,"name":"Home","item":"https:\/\/musee.oceano.org\/pt-pt\/"},{"@type":"ListItem","position":2,"name":"Espa\u00e7os museol\u00f3gicos","item":"https:\/\/musee.oceano.org\/espace-musee\/"},{"@type":"ListItem","position":3,"name":"Sala da Baleia"}]},{"@type":"WebSite","@id":"https:\/\/musee.oceano.org\/#website","url":"https:\/\/musee.oceano.org\/","name":"Mus\u00e9e Oc\u00e9anographique de Monaco","description":"Faire conna\u00eetre, aimer et prot\u00e9ger les oc\u00e9ans","potentialAction":[{"@type":"SearchAction","target":{"@type":"EntryPoint","urlTemplate":"https:\/\/musee.oceano.org\/?s={search_term_string}"},"query-input":{"@type":"PropertyValueSpecification","valueRequired":true,"valueName":"search_term_string"}}],"inLanguage":"pt-PT"}]}},"_links":{"self":[{"href":"https:\/\/musee.oceano.org\/pt-pt\/wp-json\/wp\/v2\/pages\/27308","targetHints":{"allow":["GET"]}}],"collection":[{"href":"https:\/\/musee.oceano.org\/pt-pt\/wp-json\/wp\/v2\/pages"}],"about":[{"href":"https:\/\/musee.oceano.org\/pt-pt\/wp-json\/wp\/v2\/types\/page"}],"author":[{"embeddable":true,"href":"https:\/\/musee.oceano.org\/pt-pt\/wp-json\/wp\/v2\/users\/1"}],"replies":[{"embeddable":true,"href":"https:\/\/musee.oceano.org\/pt-pt\/wp-json\/wp\/v2\/comments?post=27308"}],"version-history":[{"count":7,"href":"https:\/\/musee.oceano.org\/pt-pt\/wp-json\/wp\/v2\/pages\/27308\/revisions"}],"predecessor-version":[{"id":27323,"href":"https:\/\/musee.oceano.org\/pt-pt\/wp-json\/wp\/v2\/pages\/27308\/revisions\/27323"}],"up":[{"embeddable":true,"href":"https:\/\/musee.oceano.org\/pt-pt\/wp-json\/wp\/v2\/pages\/27279"}],"wp:attachment":[{"href":"https:\/\/musee.oceano.org\/pt-pt\/wp-json\/wp\/v2\/media?parent=27308"}],"curies":[{"name":"wp","href":"https:\/\/api.w.org\/{rel}","templated":true}]}}