{"id":27517,"date":"2021-06-29T11:55:33","date_gmt":"2021-06-29T09:55:33","guid":{"rendered":"https:\/\/musee.oceano.org\/noticias-museu\/"},"modified":"2021-07-15T17:59:55","modified_gmt":"2021-07-15T15:59:55","slug":"noticias-museu","status":"publish","type":"page","link":"https:\/\/musee.oceano.org\/pt-pt\/noticias-museu\/","title":{"rendered":"Not\u00edcias &#8211; museu"},"content":{"rendered":"\t\t<div data-elementor-type=\"wp-post\" data-elementor-id=\"27517\" class=\"elementor elementor-27517 elementor-1217\" data-elementor-post-type=\"page\">\n\t\t\t\t\t\t<section class=\"elementor-section elementor-top-section elementor-element elementor-element-4428bb1a elementor-section-full_width elementor-section-height-default elementor-section-height-default\" data-id=\"4428bb1a\" data-element_type=\"section\" data-e-type=\"section\">\n\t\t\t\t\t\t<div class=\"elementor-container elementor-column-gap-no\">\n\t\t\t\t\t<div class=\"elementor-column elementor-col-100 elementor-top-column elementor-element elementor-element-59f81771\" data-id=\"59f81771\" data-element_type=\"column\" data-e-type=\"column\">\n\t\t\t<div class=\"elementor-widget-wrap elementor-element-populated\">\n\t\t\t\t\t\t<div class=\"elementor-element elementor-element-4c5a8c85 elementor--h-position-center elementor--v-position-middle elementor-widget elementor-widget-slides\" data-id=\"4c5a8c85\" data-element_type=\"widget\" data-e-type=\"widget\" data-settings=\"{&quot;navigation&quot;:&quot;none&quot;,&quot;transition&quot;:&quot;slide&quot;,&quot;transition_speed&quot;:500}\" data-widget_type=\"slides.default\">\n\t\t\t\t<div class=\"elementor-widget-container\">\n\t\t\t\t\t\t\t\t\t<div class=\"elementor-swiper\">\n\t\t\t\t\t<div class=\"elementor-slides-wrapper elementor-main-swiper swiper\" role=\"region\" aria-roledescription=\"carousel\" aria-label=\"Slides\" dir=\"ltr\" data-animation=\"fadeInUp\">\n\t\t\t\t<div class=\"swiper-wrapper elementor-slides\">\n\t\t\t\t\t\t\t\t\t\t<div class=\"elementor-repeater-item-891be05 swiper-slide\" role=\"group\" aria-roledescription=\"slide\"><div class=\"swiper-slide-bg\" role=\"img\" aria-label=\"newspapers-444447\"><\/div><div class=\"elementor-background-overlay\"><\/div><div class=\"swiper-slide-inner\" ><div class=\"swiper-slide-contents\"><h1 class=\"elementor-slide-heading\">Not\u00edcias do MUs\u00e9e<\/h1><\/div><\/div><\/div>\t\t\t\t<\/div>\n\t\t\t\t\t\t\t<\/div>\n\t\t\t\t<\/div>\n\t\t\t\t\t\t\t\t<\/div>\n\t\t\t\t<\/div>\n\t\t\t\t\t<\/div>\n\t\t<\/div>\n\t\t\t\t\t<\/div>\n\t\t<\/section>\n\t\t\t\t<section class=\"elementor-section elementor-top-section elementor-element elementor-element-2b6cc478 elementor-section-full_width elementor-section-height-default elementor-section-height-default\" data-id=\"2b6cc478\" data-element_type=\"section\" data-e-type=\"section\">\n\t\t\t\t\t\t<div class=\"elementor-container elementor-column-gap-default\">\n\t\t\t\t\t<div class=\"elementor-column elementor-col-100 elementor-top-column elementor-element elementor-element-5c7082b6\" data-id=\"5c7082b6\" data-element_type=\"column\" data-e-type=\"column\">\n\t\t\t<div class=\"elementor-widget-wrap elementor-element-populated\">\n\t\t\t\t\t\t<div class=\"elementor-element elementor-element-19fc1485 elementor-widget elementor-widget-ee-breadcrumbs\" data-id=\"19fc1485\" data-element_type=\"widget\" data-e-type=\"widget\" data-widget_type=\"ee-breadcrumbs.default\">\n\t\t\t\t<div class=\"elementor-widget-container\">\n\t\t\t\t\t<ul class=\"ee-breadcrumbs\" itemscope=\"\" itemtype=\"http:\/\/schema.org\/BreadcrumbList\"><\/ul>\t\t\t\t<\/div>\n\t\t\t\t<\/div>\n\t\t\t\t\t<\/div>\n\t\t<\/div>\n\t\t\t\t\t<\/div>\n\t\t<\/section>\n\t\t\t\t<section class=\"elementor-section elementor-top-section elementor-element elementor-element-4f32ea27 elementor-section-full_width elementor-section-height-default elementor-section-height-default\" data-id=\"4f32ea27\" data-element_type=\"section\" data-e-type=\"section\">\n\t\t\t\t\t\t<div class=\"elementor-container elementor-column-gap-default\">\n\t\t\t\t\t<div class=\"elementor-column elementor-col-100 elementor-top-column elementor-element elementor-element-70cade5\" data-id=\"70cade5\" data-element_type=\"column\" data-e-type=\"column\">\n\t\t\t<div class=\"elementor-widget-wrap elementor-element-populated\">\n\t\t\t\t\t\t<div class=\"elementor-element elementor-element-6aa7ee0d elementor-widget elementor-widget-heading\" data-id=\"6aa7ee0d\" data-element_type=\"widget\" data-e-type=\"widget\" data-widget_type=\"heading.default\">\n\t\t\t\t<div class=\"elementor-widget-container\">\n\t\t\t\t\t<h2 class=\"elementor-heading-title elementor-size-default\">acompanhe a not\u00edcia do Museu Oceanogr\u00e1fico do M\u00f3naco<\/h2>\t\t\t\t<\/div>\n\t\t\t\t<\/div>\n\t\t\t\t\t<\/div>\n\t\t<\/div>\n\t\t\t\t\t<\/div>\n\t\t<\/section>\n\t\t\t\t<section class=\"elementor-section elementor-top-section elementor-element elementor-element-e86893f elementor-section-boxed elementor-section-height-default elementor-section-height-default\" data-id=\"e86893f\" data-element_type=\"section\" data-e-type=\"section\">\n\t\t\t\t\t\t<div class=\"elementor-container elementor-column-gap-default\">\n\t\t\t\t\t<div class=\"elementor-column elementor-col-100 elementor-top-column elementor-element elementor-element-d6766c1\" data-id=\"d6766c1\" data-element_type=\"column\" data-e-type=\"column\">\n\t\t\t<div class=\"elementor-widget-wrap elementor-element-populated\">\n\t\t\t\t\t\t<div class=\"elementor-element elementor-element-fc51c98 elementor-widget elementor-widget-text-editor\" data-id=\"fc51c98\" data-element_type=\"widget\" data-e-type=\"widget\" data-widget_type=\"text-editor.default\">\n\t\t\t\t<div class=\"elementor-widget-container\">\n\t\t\t\t\t\t\t\t\t<p>Pesquisar por:<\/p>\n\t\t\t\t\t\t\t\t<\/div>\n\t\t\t\t<\/div>\n\t\t\t\t\t<\/div>\n\t\t<\/div>\n\t\t\t\t\t<\/div>\n\t\t<\/section>\n\t\t\t\t<section class=\"elementor-section elementor-top-section elementor-element elementor-element-e89c9cf formbgblue elementor-section-boxed elementor-section-height-default elementor-section-height-default\" data-id=\"e89c9cf\" data-element_type=\"section\" data-e-type=\"section\" data-settings=\"{&quot;background_background&quot;:&quot;classic&quot;}\">\n\t\t\t\t\t\t<div class=\"elementor-container elementor-column-gap-default\">\n\t\t\t\t\t<div class=\"elementor-column elementor-col-33 elementor-top-column elementor-element elementor-element-8e477b3\" data-id=\"8e477b3\" data-element_type=\"column\" data-e-type=\"column\">\n\t\t\t<div class=\"elementor-widget-wrap elementor-element-populated\">\n\t\t\t\t\t\t<div class=\"elementor-element elementor-element-75e59cb elementor-widget elementor-widget-shortcode\" data-id=\"75e59cb\" data-element_type=\"widget\" data-e-type=\"widget\" data-widget_type=\"shortcode.default\">\n\t\t\t\t<div class=\"elementor-widget-container\">\n\t\t\t\t\t\t\t<div class=\"elementor-shortcode\"><div class=\"facetwp-facet facetwp-facet-search facetwp-type-search\" data-name=\"search\" data-type=\"search\"><\/div><\/div>\n\t\t\t\t\t\t<\/div>\n\t\t\t\t<\/div>\n\t\t\t\t\t<\/div>\n\t\t<\/div>\n\t\t\t\t<div class=\"elementor-column elementor-col-33 elementor-top-column elementor-element elementor-element-6a20b21\" data-id=\"6a20b21\" data-element_type=\"column\" data-e-type=\"column\">\n\t\t\t<div class=\"elementor-widget-wrap elementor-element-populated\">\n\t\t\t\t\t\t<div class=\"elementor-element elementor-element-09e96c9 elementor-widget elementor-widget-shortcode\" data-id=\"09e96c9\" data-element_type=\"widget\" data-e-type=\"widget\" data-widget_type=\"shortcode.default\">\n\t\t\t\t<div class=\"elementor-widget-container\">\n\t\t\t\t\t\t\t<div class=\"elementor-shortcode\"><div class=\"facetwp-facet facetwp-facet-date_as_year facetwp-type-dropdown\" data-name=\"date_as_year\" data-type=\"dropdown\"><\/div><\/div>\n\t\t\t\t\t\t<\/div>\n\t\t\t\t<\/div>\n\t\t\t\t\t<\/div>\n\t\t<\/div>\n\t\t\t\t<div class=\"elementor-column elementor-col-33 elementor-top-column elementor-element elementor-element-3905746\" data-id=\"3905746\" data-element_type=\"column\" data-e-type=\"column\">\n\t\t\t<div class=\"elementor-widget-wrap elementor-element-populated\">\n\t\t\t\t\t\t<div class=\"elementor-element elementor-element-d3d1fd7 elementor-widget elementor-widget-shortcode\" data-id=\"d3d1fd7\" data-element_type=\"widget\" data-e-type=\"widget\" data-widget_type=\"shortcode.default\">\n\t\t\t\t<div class=\"elementor-widget-container\">\n\t\t\t\t\t\t\t<div class=\"elementor-shortcode\"><div class=\"facetwp-facet facetwp-facet-thmatiques_articles facetwp-type-dropdown\" data-name=\"thmatiques_articles\" data-type=\"dropdown\"><\/div><\/div>\n\t\t\t\t\t\t<\/div>\n\t\t\t\t<\/div>\n\t\t\t\t\t<\/div>\n\t\t<\/div>\n\t\t\t\t\t<\/div>\n\t\t<\/section>\n\t\t\t\t<section class=\"elementor-section elementor-top-section elementor-element elementor-element-8fd1117 elementor-section-boxed elementor-section-height-default elementor-section-height-default\" data-id=\"8fd1117\" data-element_type=\"section\" data-e-type=\"section\" data-settings=\"{&quot;background_background&quot;:&quot;classic&quot;}\">\n\t\t\t\t\t\t<div class=\"elementor-container elementor-column-gap-default\">\n\t\t\t\t\t<div class=\"elementor-column elementor-col-100 elementor-top-column elementor-element elementor-element-8ec30d4\" data-id=\"8ec30d4\" data-element_type=\"column\" data-e-type=\"column\">\n\t\t\t<div class=\"elementor-widget-wrap elementor-element-populated\">\n\t\t\t\t\t\t<div class=\"elementor-element elementor-element-39fe087 elementor-widget elementor-widget-shortcode\" data-id=\"39fe087\" data-element_type=\"widget\" data-e-type=\"widget\" data-widget_type=\"shortcode.default\">\n\t\t\t\t<div class=\"elementor-widget-container\">\n\t\t\t\t\t\t\t<div class=\"elementor-shortcode\"><div class=\"pbl\">\n    <div class=\"grid-3 has-gutter-xl\">\n                <div class=\"mbl\">\n            <a href=\"https:\/\/musee.oceano.org\/pt-pt\/2024\/05\/15\/os-gigantes-do-gelo-juntam-se-a-missao-polar-no-museu-oceanografico-do-monaco\/ \">\n    <div class=\"actu-card relative flex-container--column\">\n                    <img fetchpriority=\"high\" decoding=\"async\" width=\"433\" height=\"433\" src=\"https:\/\/musee.oceano.org\/wp-content\/uploads\/sites\/2\/2024\/05\/Exposition-bassompierre-musee-monaco-433x433.png\" class=\"attachment-img-bloc-three-content size-img-bloc-three-content wp-post-image\" alt=\"Exposition Bassompierre et Exposition Mission Polaire au mus\u00e9e oc\u00e9anographique de monaco\" srcset=\"https:\/\/musee.oceano.org\/wp-content\/uploads\/sites\/2\/2024\/05\/Exposition-bassompierre-musee-monaco-433x433.png 433w, https:\/\/musee.oceano.org\/wp-content\/uploads\/sites\/2\/2024\/05\/Exposition-bassompierre-musee-monaco-300x300.png 300w, https:\/\/musee.oceano.org\/wp-content\/uploads\/sites\/2\/2024\/05\/Exposition-bassompierre-musee-monaco-1024x1024.png 1024w, https:\/\/musee.oceano.org\/wp-content\/uploads\/sites\/2\/2024\/05\/Exposition-bassompierre-musee-monaco-150x150.png 150w, https:\/\/musee.oceano.org\/wp-content\/uploads\/sites\/2\/2024\/05\/Exposition-bassompierre-musee-monaco-768x768.png 768w, https:\/\/musee.oceano.org\/wp-content\/uploads\/sites\/2\/2024\/05\/Exposition-bassompierre-musee-monaco-1536x1536.png 1536w, https:\/\/musee.oceano.org\/wp-content\/uploads\/sites\/2\/2024\/05\/Exposition-bassompierre-musee-monaco-334x334.png 334w, https:\/\/musee.oceano.org\/wp-content\/uploads\/sites\/2\/2024\/05\/Exposition-bassompierre-musee-monaco.png 1620w\" sizes=\"(max-width: 433px) 100vw, 433px\" \/>                <div class=\"actu-metas flex-item-fluid bg-white color-black\">\n            <div class=\"date fl f14 regular\">15\/05\/2024<\/div>\n            <div class=\"location fr f14 regular\"><i class=\"icon icon-map-marker\"><\/i> Monaco<\/div>\n            <div class=\"title extra-bold clear h4-like\">Os Gigantes do Gelo juntam-se \u00e0 Miss\u00e3o Polar no Museu Oceanogr\u00e1fico do M\u00f3naco<\/div>\n            <div class=\"accroche\"><\/div>\n            <div class=\"content-hover\">\n                <div class=\"excerpt regular\">Inscreva-se j\u00e1 para a confer\u00eancia \"Sculptez le vivant\" de e com Michel BASSOMPIERRE e venha descobrir os Gigantes do Gelo e (re)descobrir a exposi\u00e7\u00e3o \"Mission...<\/div>\n                <div class=\"link-action icon-anim\">\n                    <div class=\"extra-bold u-uppercase\"><span>Leia mais<\/span><i class=\"icon icon-arrow-right\"><\/i><\/div>\n                <\/div>\n            <\/div>\n        <\/div>\n    <\/div>\n<\/a>\n        <\/div>\n                <div class=\"mbl\">\n            <a href=\"https:\/\/musee.oceano.org\/pt-pt\/2021\/07\/26\/um-verao-no-museu-oceanografico\/ \">\n    <div class=\"actu-card relative flex-container--column\">\n                    <img decoding=\"async\" width=\"433\" height=\"433\" src=\"https:\/\/musee.oceano.org\/wp-content\/uploads\/sites\/2\/2021\/07\/Club-Oceano-\u00a9-M.-Dagnino-Institut-oceanographique-433x433.jpg\" class=\"attachment-img-bloc-three-content size-img-bloc-three-content wp-post-image\" alt=\"\" srcset=\"https:\/\/musee.oceano.org\/wp-content\/uploads\/sites\/2\/2021\/07\/Club-Oceano-\u00a9-M.-Dagnino-Institut-oceanographique-433x433.jpg 433w, https:\/\/musee.oceano.org\/wp-content\/uploads\/sites\/2\/2021\/07\/Club-Oceano-\u00a9-M.-Dagnino-Institut-oceanographique-150x150.jpg 150w, https:\/\/musee.oceano.org\/wp-content\/uploads\/sites\/2\/2021\/07\/Club-Oceano-\u00a9-M.-Dagnino-Institut-oceanographique-334x334.jpg 334w\" sizes=\"(max-width: 433px) 100vw, 433px\" \/>                <div class=\"actu-metas flex-item-fluid bg-white color-black\">\n            <div class=\"date fl f14 regular\">26\/07\/2021<\/div>\n            <div class=\"location fr f14 regular\"><i class=\"icon icon-map-marker\"><\/i> Monaco<\/div>\n            <div class=\"title extra-bold clear h4-like\">Um ver\u00e3o no Museu Oceanogr\u00e1fico<\/div>\n            <div class=\"accroche\"><\/div>\n            <div class=\"content-hover\">\n                <div class=\"excerpt regular\">Durante as f\u00e9rias de ver\u00e3o, abastece-se de entretenimento no Museu Oceanogr\u00e1fico e aproveite uma oferta especial para qualquer visita antes das 11:00 ou depois das 17:00. Desvendar os segredos do coral numa rota tem\u00e1tica em 6 etapas, mergulhar na Grande Barreira de Coral com a exposi\u00e7\u00e3o...<\/div>\n                <div class=\"link-action icon-anim\">\n                    <div class=\"extra-bold u-uppercase\"><span>Leia mais<\/span><i class=\"icon icon-arrow-right\"><\/i><\/div>\n                <\/div>\n            <\/div>\n        <\/div>\n    <\/div>\n<\/a>\n        <\/div>\n                <div class=\"mbl\">\n            <a href=\"https:\/\/musee.oceano.org\/pt-pt\/2021\/06\/30\/para-uma-deconfinecimento-dos-espiritos\/ \">\n    <div class=\"actu-card relative flex-container--column\">\n                    <img decoding=\"async\" width=\"433\" height=\"433\" src=\"https:\/\/musee.oceano.org\/wp-content\/uploads\/sites\/2\/2020\/12\/visuel-tribune-FINAL_7-433x433.jpg\" class=\"attachment-img-bloc-three-content size-img-bloc-three-content wp-post-image\" alt=\"\" srcset=\"https:\/\/musee.oceano.org\/wp-content\/uploads\/sites\/2\/2020\/12\/visuel-tribune-FINAL_7-433x433.jpg 433w, https:\/\/musee.oceano.org\/wp-content\/uploads\/sites\/2\/2020\/12\/visuel-tribune-FINAL_7-300x300.jpg 300w, https:\/\/musee.oceano.org\/wp-content\/uploads\/sites\/2\/2020\/12\/visuel-tribune-FINAL_7-1024x1024.jpg 1024w, https:\/\/musee.oceano.org\/wp-content\/uploads\/sites\/2\/2020\/12\/visuel-tribune-FINAL_7-150x150.jpg 150w, https:\/\/musee.oceano.org\/wp-content\/uploads\/sites\/2\/2020\/12\/visuel-tribune-FINAL_7-768x768.jpg 768w, https:\/\/musee.oceano.org\/wp-content\/uploads\/sites\/2\/2020\/12\/visuel-tribune-FINAL_7-334x334.jpg 334w, https:\/\/musee.oceano.org\/wp-content\/uploads\/sites\/2\/2020\/12\/visuel-tribune-FINAL_7.jpg 1200w\" sizes=\"(max-width: 433px) 100vw, 433px\" \/>                <div class=\"actu-metas flex-item-fluid bg-white color-black\">\n            <div class=\"date fl f14 regular\">30\/06\/2021<\/div>\n            <div class=\"location fr f14 regular\"><i class=\"icon icon-map-marker\"><\/i> M\u00f3naco<\/div>\n            <div class=\"title extra-bold clear h4-like\">Para uma deconfinecimento dos esp\u00edritos<\/div>\n            <div class=\"accroche\"><\/div>\n            <div class=\"content-hover\">\n                <div class=\"excerpt regular\">A situa\u00e7\u00e3o atual com o encerramento de s\u00edtios culturais e os seus principais pap\u00e9is na nossa sociedade e economia \u00e9 mais relevante do que nunca. Este F\u00f3rum explica a import\u00e2ncia do di\u00e1logo entre a Ci\u00eancia e a Cultura para construir o mundo do...<\/div>\n                <div class=\"link-action icon-anim\">\n                    <div class=\"extra-bold u-uppercase\"><span>Leia mais<\/span><i class=\"icon icon-arrow-right\"><\/i><\/div>\n                <\/div>\n            <\/div>\n        <\/div>\n    <\/div>\n<\/a>\n        <\/div>\n                <div class=\"mbl\">\n            <a href=\"https:\/\/musee.oceano.org\/pt-pt\/2021\/06\/30\/abertura-de-um-jogo-de-fuga-no-museu-oceanografico\/ \">\n    <div class=\"actu-card relative flex-container--column\">\n                    <img loading=\"lazy\" decoding=\"async\" width=\"433\" height=\"433\" src=\"https:\/\/musee.oceano.org\/wp-content\/uploads\/sites\/2\/2020\/09\/Escape-Game-Fond-1920x1000-2-433x433.jpg\" class=\"attachment-img-bloc-three-content size-img-bloc-three-content wp-post-image\" alt=\"\" srcset=\"https:\/\/musee.oceano.org\/wp-content\/uploads\/sites\/2\/2020\/09\/Escape-Game-Fond-1920x1000-2-433x433.jpg 433w, https:\/\/musee.oceano.org\/wp-content\/uploads\/sites\/2\/2020\/09\/Escape-Game-Fond-1920x1000-2-334x334.jpg 334w\" sizes=\"(max-width: 433px) 100vw, 433px\" \/>                <div class=\"actu-metas flex-item-fluid bg-white color-black\">\n            <div class=\"date fl f14 regular\">30\/06\/2021<\/div>\n            <div class=\"location fr f14 regular\"><i class=\"icon icon-map-marker\"><\/i> M\u00f3naco<\/div>\n            <div class=\"title extra-bold clear h4-like\">Abertura de um Jogo de Fuga no Museu Oceanogr\u00e1fico<\/div>\n            <div class=\"accroche\"><\/div>\n            <div class=\"content-hover\">\n                <div class=\"excerpt regular\">\u00c9 no famoso barco do Pr\u00edncipe Alberto I que a tua alma como explorador ter\u00e1 de acordar para cumprir a miss\u00e3o que vos ser\u00e1 confiada! Quer sejam marinheiros experientes ou jovens marinheiros, uma corrida contra o tempo espera por si! Num cen\u00e1rio inspirado no mundo marinho projetado em...<\/div>\n                <div class=\"link-action icon-anim\">\n                    <div class=\"extra-bold u-uppercase\"><span>Leia mais<\/span><i class=\"icon icon-arrow-right\"><\/i><\/div>\n                <\/div>\n            <\/div>\n        <\/div>\n    <\/div>\n<\/a>\n        <\/div>\n                <div class=\"mbl\">\n            <a href=\"https:\/\/musee.oceano.org\/pt-pt\/2021\/06\/29\/2049-saude-oceanica-saude-humana\/ \">\n    <div class=\"actu-card relative flex-container--column\">\n                    <img loading=\"lazy\" decoding=\"async\" width=\"433\" height=\"433\" src=\"https:\/\/musee.oceano.org\/wp-content\/uploads\/sites\/2\/2020\/09\/02_Bulles-sous-marine_M_Dagnino-433x433.jpg\" class=\"attachment-img-bloc-three-content size-img-bloc-three-content wp-post-image\" alt=\"\" srcset=\"https:\/\/musee.oceano.org\/wp-content\/uploads\/sites\/2\/2020\/09\/02_Bulles-sous-marine_M_Dagnino-433x433.jpg 433w, https:\/\/musee.oceano.org\/wp-content\/uploads\/sites\/2\/2020\/09\/02_Bulles-sous-marine_M_Dagnino-150x150.jpg 150w, https:\/\/musee.oceano.org\/wp-content\/uploads\/sites\/2\/2020\/09\/02_Bulles-sous-marine_M_Dagnino-334x334.jpg 334w\" sizes=\"(max-width: 433px) 100vw, 433px\" \/>                <div class=\"actu-metas flex-item-fluid bg-white color-black\">\n            <div class=\"date fl f14 regular\">29\/06\/2021<\/div>\n            <div class=\"location fr f14 regular\"><i class=\"icon icon-map-marker\"><\/i> M\u00f3naco<\/div>\n            <div class=\"title extra-bold clear h4-like\">2049 &#8211; Sa\u00fade Oce\u00e2nica \u2013 Sa\u00fade Humana<\/div>\n            <div class=\"accroche\"><\/div>\n            <div class=\"content-hover\">\n                <div class=\"excerpt regular\">Para responder \u00e0s quest\u00f5es cruciais relacionadas com a nossa sa\u00fade e a do Oceano, l'Obs e o Instituto de Oceanografia est\u00e3o reunidos para questionar os melhores especialistas por ocasi\u00e3o de uma confer\u00eancia \u00fanica que ter\u00e1 lugar no Museu Oceanogr\u00e1fico do...<\/div>\n                <div class=\"link-action icon-anim\">\n                    <div class=\"extra-bold u-uppercase\"><span>Leia mais<\/span><i class=\"icon icon-arrow-right\"><\/i><\/div>\n                <\/div>\n            <\/div>\n        <\/div>\n    <\/div>\n<\/a>\n        <\/div>\n                <div class=\"mbl\">\n            <a href=\"https:\/\/musee.oceano.org\/pt-pt\/2021\/06\/29\/mergulhar-nas-colecoes-acre\/ \">\n    <div class=\"actu-card relative flex-container--column\">\n                    <img loading=\"lazy\" decoding=\"async\" width=\"433\" height=\"433\" src=\"https:\/\/musee.oceano.org\/wp-content\/uploads\/sites\/2\/2020\/08\/BD-Albert-Ier-433x433.png\" class=\"attachment-img-bloc-three-content size-img-bloc-three-content wp-post-image\" alt=\"\" srcset=\"https:\/\/musee.oceano.org\/wp-content\/uploads\/sites\/2\/2020\/08\/BD-Albert-Ier-433x433.png 433w, https:\/\/musee.oceano.org\/wp-content\/uploads\/sites\/2\/2020\/08\/BD-Albert-Ier-150x150.png 150w, https:\/\/musee.oceano.org\/wp-content\/uploads\/sites\/2\/2020\/08\/BD-Albert-Ier-334x334.png 334w\" sizes=\"(max-width: 433px) 100vw, 433px\" \/>                <div class=\"actu-metas flex-item-fluid bg-white color-black\">\n            <div class=\"date fl f14 regular\">29\/06\/2021<\/div>\n            <div class=\"location fr f14 regular\"><i class=\"icon icon-map-marker\"><\/i> M\u00f3naco<\/div>\n            <div class=\"title extra-bold clear h4-like\">Mergulhar nas cole\u00e7\u00f5es &#8211; ACRE<\/div>\n            <div class=\"accroche\"><\/div>\n            <div class=\"content-hover\">\n                <div class=\"excerpt regular\">No dia 27 de agosto de 2019, o Professor Rob Allan chega ao Museu Oceanogr\u00e1fico para ler os di\u00e1rios de bordo dos navios do Pr\u00edncipe Alberto I, datados de 1873 a 1922, bem como os levantamentos meteorol\u00f3gicos realizados no museu entre 1911 e...<\/div>\n                <div class=\"link-action icon-anim\">\n                    <div class=\"extra-bold u-uppercase\"><span>Leia mais<\/span><i class=\"icon icon-arrow-right\"><\/i><\/div>\n                <\/div>\n            <\/div>\n        <\/div>\n    <\/div>\n<\/a>\n        <\/div>\n                <div class=\"mbl\">\n            <a href=\"https:\/\/musee.oceano.org\/pt-pt\/2021\/06\/29\/estreia-mundial-nascimento-de-peixe-ana-hachette-em-aquarios\/ \">\n    <div class=\"actu-card relative flex-container--column\">\n                    <img loading=\"lazy\" decoding=\"async\" width=\"433\" height=\"433\" src=\"https:\/\/musee.oceano.org\/wp-content\/uploads\/sites\/2\/2020\/02\/Parapriacanthus-ransoneti_20191204_M_Dagnino-light-433x433.jpg\" class=\"attachment-img-bloc-three-content size-img-bloc-three-content wp-post-image\" alt=\"\" srcset=\"https:\/\/musee.oceano.org\/wp-content\/uploads\/sites\/2\/2020\/02\/Parapriacanthus-ransoneti_20191204_M_Dagnino-light-433x433.jpg 433w, https:\/\/musee.oceano.org\/wp-content\/uploads\/sites\/2\/2020\/02\/Parapriacanthus-ransoneti_20191204_M_Dagnino-light-150x150.jpg 150w, https:\/\/musee.oceano.org\/wp-content\/uploads\/sites\/2\/2020\/02\/Parapriacanthus-ransoneti_20191204_M_Dagnino-light-334x334.jpg 334w\" sizes=\"(max-width: 433px) 100vw, 433px\" \/>                <div class=\"actu-metas flex-item-fluid bg-white color-black\">\n            <div class=\"date fl f14 regular\">29\/06\/2021<\/div>\n            <div class=\"location fr f14 regular\"><i class=\"icon icon-map-marker\"><\/i> M\u00f3naco<\/div>\n            <div class=\"title extra-bold clear h4-like\">Estreia mundial: nascimento de peixe an\u00e3 Hachette em aqu\u00e1rios<\/div>\n            <div class=\"accroche\"><\/div>\n            <div class=\"content-hover\">\n                <div class=\"excerpt regular\">O primeiro nascimento no aqu\u00e1rio de peixes an\u00f5es pelos especialistas do Museu Oceanogr\u00e1fico contribuir\u00e1 diretamente para a redu\u00e7\u00e3o da press\u00e3o de pesca sobre esta esp\u00e9cie no ambiente...<\/div>\n                <div class=\"link-action icon-anim\">\n                    <div class=\"extra-bold u-uppercase\"><span>Leia mais<\/span><i class=\"icon icon-arrow-right\"><\/i><\/div>\n                <\/div>\n            <\/div>\n        <\/div>\n    <\/div>\n<\/a>\n        <\/div>\n                <div class=\"mbl\">\n            <a href=\"https:\/\/musee.oceano.org\/pt-pt\/2021\/06\/29\/ao-visitar-o-museu-apoia-o-medfund\/ \">\n    <div class=\"actu-card relative flex-container--column\">\n                    <img loading=\"lazy\" decoding=\"async\" width=\"433\" height=\"433\" src=\"https:\/\/musee.oceano.org\/wp-content\/uploads\/sites\/2\/2019\/11\/main1-433x433.jpg\" class=\"attachment-img-bloc-three-content size-img-bloc-three-content wp-post-image\" alt=\"\" srcset=\"https:\/\/musee.oceano.org\/wp-content\/uploads\/sites\/2\/2019\/11\/main1-433x433.jpg 433w, https:\/\/musee.oceano.org\/wp-content\/uploads\/sites\/2\/2019\/11\/main1-150x150.jpg 150w, https:\/\/musee.oceano.org\/wp-content\/uploads\/sites\/2\/2019\/11\/main1-334x334.jpg 334w\" sizes=\"(max-width: 433px) 100vw, 433px\" \/>                <div class=\"actu-metas flex-item-fluid bg-white color-black\">\n            <div class=\"date fl f14 regular\">29\/06\/2021<\/div>\n            <div class=\"location fr f14 regular\"><i class=\"icon icon-map-marker\"><\/i> M\u00f3naco<\/div>\n            <div class=\"title extra-bold clear h4-like\">Ao visitar o Museu, apoia o MedFund&#8230;<\/div>\n            <div class=\"accroche\"><\/div>\n            <div class=\"content-hover\">\n                <div class=\"excerpt regular\">O Museu Oceanogr\u00e1fico oferece a cada visitante que doe 0,5\u20ac sobre o valor de cada bilhete comprado no MEDFUND, um fundo que interv\u00e9m a favor das \u00e1reas marinhas protegidas do...<\/div>\n                <div class=\"link-action icon-anim\">\n                    <div class=\"extra-bold u-uppercase\"><span>Leia mais<\/span><i class=\"icon icon-arrow-right\"><\/i><\/div>\n                <\/div>\n            <\/div>\n        <\/div>\n    <\/div>\n<\/a>\n        <\/div>\n                <div class=\"mbl\">\n            <a href=\"https:\/\/musee.oceano.org\/pt-pt\/2021\/06\/29\/patrocine-um-peixe\/ \">\n    <div class=\"actu-card relative flex-container--column\">\n                    <img loading=\"lazy\" decoding=\"async\" width=\"433\" height=\"433\" src=\"https:\/\/musee.oceano.org\/wp-content\/uploads\/sites\/2\/2020\/06\/05_Hippocampe-mouchet\u00e9-Hippocampus-guttulatus_M_Dagnino-1-433x433.jpg\" class=\"attachment-img-bloc-three-content size-img-bloc-three-content wp-post-image\" alt=\"\" srcset=\"https:\/\/musee.oceano.org\/wp-content\/uploads\/sites\/2\/2020\/06\/05_Hippocampe-mouchet\u00e9-Hippocampus-guttulatus_M_Dagnino-1-433x433.jpg 433w, https:\/\/musee.oceano.org\/wp-content\/uploads\/sites\/2\/2020\/06\/05_Hippocampe-mouchet\u00e9-Hippocampus-guttulatus_M_Dagnino-1-150x150.jpg 150w, https:\/\/musee.oceano.org\/wp-content\/uploads\/sites\/2\/2020\/06\/05_Hippocampe-mouchet\u00e9-Hippocampus-guttulatus_M_Dagnino-1-334x334.jpg 334w\" sizes=\"(max-width: 433px) 100vw, 433px\" \/>                <div class=\"actu-metas flex-item-fluid bg-white color-black\">\n            <div class=\"date fl f14 regular\">29\/06\/2021<\/div>\n            <div class=\"location fr f14 regular\"><i class=\"icon icon-map-marker\"><\/i> M\u00f3naco<\/div>\n            <div class=\"title extra-bold clear h4-like\">Patrocine um peixe!<\/div>\n            <div class=\"accroche\"><\/div>\n            <div class=\"content-hover\">\n                <div class=\"excerpt regular\">Pode tornar-se o patrocinador de um peixe dos nossos aqu\u00e1rios e assim participar no apoio aos aqu\u00e1rios do Museu e na prote\u00e7\u00e3o das esp\u00e9cies marinhas....<\/div>\n                <div class=\"link-action icon-anim\">\n                    <div class=\"extra-bold u-uppercase\"><span>Leia mais<\/span><i class=\"icon icon-arrow-right\"><\/i><\/div>\n                <\/div>\n            <\/div>\n        <\/div>\n    <\/div>\n<\/a>\n        <\/div>\n            <\/div>\n<\/div>\n<\/div>\n\t\t\t\t\t\t<\/div>\n\t\t\t\t<\/div>\n\t\t\t\t<div class=\"elementor-element elementor-element-d7a97a9 elementor-widget elementor-widget-shortcode\" data-id=\"d7a97a9\" data-element_type=\"widget\" data-e-type=\"widget\" data-widget_type=\"shortcode.default\">\n\t\t\t\t<div class=\"elementor-widget-container\">\n\t\t\t\t\t\t\t<div class=\"elementor-shortcode\"><div class=\"facetwp-pager\"><\/div><\/div>\n\t\t\t\t\t\t<\/div>\n\t\t\t\t<\/div>\n\t\t\t\t\t<\/div>\n\t\t<\/div>\n\t\t\t\t\t<\/div>\n\t\t<\/section>\n\t\t\t\t<section class=\"elementor-section elementor-top-section elementor-element elementor-element-274134ef elementor-section-full_width elementor-section-height-default elementor-section-height-default\" data-id=\"274134ef\" data-element_type=\"section\" data-e-type=\"section\">\n\t\t\t\t\t\t<div class=\"elementor-container elementor-column-gap-default\">\n\t\t\t\t\t<div class=\"elementor-column elementor-col-100 elementor-top-column elementor-element elementor-element-4ac5089e\" data-id=\"4ac5089e\" data-element_type=\"column\" data-e-type=\"column\">\n\t\t\t<div class=\"elementor-widget-wrap elementor-element-populated\">\n\t\t\t\t\t\t<div class=\"elementor-element elementor-element-443bf38a elementor-widget elementor-widget-heading\" data-id=\"443bf38a\" data-element_type=\"widget\" data-e-type=\"widget\" data-widget_type=\"heading.default\">\n\t\t\t\t<div class=\"elementor-widget-container\">\n\t\t\t\t\t<h2 class=\"elementor-heading-title elementor-size-default\">Ver tamb\u00e9m<\/h2>\t\t\t\t<\/div>\n\t\t\t\t<\/div>\n\t\t\t\t\t<\/div>\n\t\t<\/div>\n\t\t\t\t\t<\/div>\n\t\t<\/section>\n\t\t\t\t<section class=\"elementor-section elementor-top-section elementor-element elementor-element-69731e33 elementor-section-boxed elementor-section-height-default elementor-section-height-default\" data-id=\"69731e33\" data-element_type=\"section\" data-e-type=\"section\" data-settings=\"{&quot;background_background&quot;:&quot;classic&quot;}\">\n\t\t\t\t\t\t<div class=\"elementor-container elementor-column-gap-default\">\n\t\t\t\t\t<div class=\"elementor-column elementor-col-33 elementor-top-column elementor-element elementor-element-154f7af5 animated-slow elementor-invisible\" data-id=\"154f7af5\" data-element_type=\"column\" data-e-type=\"column\" data-settings=\"{&quot;animation&quot;:&quot;fadeInUp&quot;}\">\n\t\t\t<div class=\"elementor-widget-wrap elementor-element-populated\">\n\t\t\t\t\t\t<div class=\"elementor-element elementor-element-5ab06964 elementor-zoom elementor-widget elementor-widget-image\" data-id=\"5ab06964\" data-element_type=\"widget\" data-e-type=\"widget\" data-widget_type=\"image.default\">\n\t\t\t\t<div class=\"elementor-widget-container\">\n\t\t\t\t\t\t\t\t\t\t\t\t\t\t\t<img loading=\"lazy\" decoding=\"async\" width=\"334\" height=\"334\" src=\"https:\/\/musee.oceano.org\/wp-content\/uploads\/sites\/2\/2019\/08\/Editions_Meduses-334x334.jpg\" class=\"attachment-img-bloc-square size-img-bloc-square wp-image-10043\" alt=\"\" srcset=\"https:\/\/musee.oceano.org\/wp-content\/uploads\/sites\/2\/2019\/08\/Editions_Meduses-334x334.jpg 334w, https:\/\/musee.oceano.org\/wp-content\/uploads\/sites\/2\/2019\/08\/Editions_Meduses-150x150.jpg 150w, https:\/\/musee.oceano.org\/wp-content\/uploads\/sites\/2\/2019\/08\/Editions_Meduses-433x433.jpg 433w\" sizes=\"(max-width: 334px) 100vw, 334px\" \/>\t\t\t\t\t\t\t\t\t\t\t\t\t\t\t<\/div>\n\t\t\t\t<\/div>\n\t\t\t\t<div class=\"elementor-element elementor-element-489c8cbb elementor-align-center elementor-widget elementor-widget-button\" data-id=\"489c8cbb\" data-element_type=\"widget\" data-e-type=\"widget\" data-widget_type=\"button.default\">\n\t\t\t\t<div class=\"elementor-widget-container\">\n\t\t\t\t\t\t\t\t\t<div class=\"elementor-button-wrapper\">\n\t\t\t\t\t<a class=\"elementor-button elementor-button-link elementor-size-md\" href=\"https:\/\/www.oceano.org\/pt-pt\/edicoes\/\">\n\t\t\t\t\t\t<span class=\"elementor-button-content-wrapper\">\n\t\t\t\t\t\t\t\t\t<span class=\"elementor-button-text\">mergulhar nas nossas edi\u00e7\u00f5es<\/span>\n\t\t\t\t\t<\/span>\n\t\t\t\t\t<\/a>\n\t\t\t\t<\/div>\n\t\t\t\t\t\t\t\t<\/div>\n\t\t\t\t<\/div>\n\t\t\t\t\t<\/div>\n\t\t<\/div>\n\t\t\t\t<div class=\"elementor-column elementor-col-33 elementor-top-column elementor-element elementor-element-792022c3 animated-slow elementor-invisible\" data-id=\"792022c3\" data-element_type=\"column\" data-e-type=\"column\" data-settings=\"{&quot;animation&quot;:&quot;fadeInUp&quot;}\">\n\t\t\t<div class=\"elementor-widget-wrap elementor-element-populated\">\n\t\t\t\t\t\t<div class=\"elementor-element elementor-element-53b28b14 elementor-zoom elementor-widget elementor-widget-image\" data-id=\"53b28b14\" data-element_type=\"widget\" data-e-type=\"widget\" data-widget_type=\"image.default\">\n\t\t\t\t<div class=\"elementor-widget-container\">\n\t\t\t\t\t\t\t\t\t\t\t\t\t\t\t<img loading=\"lazy\" decoding=\"async\" width=\"334\" height=\"334\" src=\"https:\/\/musee.oceano.org\/wp-content\/uploads\/sites\/2\/2019\/08\/Mapping_Buyle-334x334.jpg\" class=\"attachment-img-bloc-square size-img-bloc-square wp-image-10047\" alt=\"\" srcset=\"https:\/\/musee.oceano.org\/wp-content\/uploads\/sites\/2\/2019\/08\/Mapping_Buyle-334x334.jpg 334w, https:\/\/musee.oceano.org\/wp-content\/uploads\/sites\/2\/2019\/08\/Mapping_Buyle-150x150.jpg 150w, https:\/\/musee.oceano.org\/wp-content\/uploads\/sites\/2\/2019\/08\/Mapping_Buyle-433x433.jpg 433w\" sizes=\"(max-width: 334px) 100vw, 334px\" \/>\t\t\t\t\t\t\t\t\t\t\t\t\t\t\t<\/div>\n\t\t\t\t<\/div>\n\t\t\t\t<div class=\"elementor-element elementor-element-20218402 elementor-align-center elementor-widget elementor-widget-button\" data-id=\"20218402\" data-element_type=\"widget\" data-e-type=\"widget\" data-widget_type=\"button.default\">\n\t\t\t\t<div class=\"elementor-widget-container\">\n\t\t\t\t\t\t\t\t\t<div class=\"elementor-button-wrapper\">\n\t\t\t\t\t<a class=\"elementor-button elementor-button-link elementor-size-md\" href=\"https:\/\/www.oceano.org\/pt-pt\/monaco-a-voz-do-oceano\/as-exploracoes-do-monaco\/\">\n\t\t\t\t\t\t<span class=\"elementor-button-content-wrapper\">\n\t\t\t\t\t\t\t\t\t<span class=\"elementor-button-text\">aprender plUS sobre explora\u00e7\u00f5es m\u00f3naco<\/span>\n\t\t\t\t\t<\/span>\n\t\t\t\t\t<\/a>\n\t\t\t\t<\/div>\n\t\t\t\t\t\t\t\t<\/div>\n\t\t\t\t<\/div>\n\t\t\t\t\t<\/div>\n\t\t<\/div>\n\t\t\t\t<div class=\"elementor-column elementor-col-33 elementor-top-column elementor-element elementor-element-18f72780 animated-slow elementor-invisible\" data-id=\"18f72780\" data-element_type=\"column\" data-e-type=\"column\" data-settings=\"{&quot;animation&quot;:&quot;fadeInUp&quot;}\">\n\t\t\t<div class=\"elementor-widget-wrap elementor-element-populated\">\n\t\t\t\t\t\t<div class=\"elementor-element elementor-element-20a953fe elementor-zoom elementor-widget elementor-widget-image\" data-id=\"20a953fe\" data-element_type=\"widget\" data-e-type=\"widget\" data-widget_type=\"image.default\">\n\t\t\t\t<div class=\"elementor-widget-container\">\n\t\t\t\t\t\t\t\t\t\t\t\t\t\t\t<img loading=\"lazy\" decoding=\"async\" width=\"334\" height=\"334\" src=\"https:\/\/musee.oceano.org\/wp-content\/uploads\/sites\/2\/2019\/08\/1-SAS-Albert-Ier-sur-passerelle-334x334.jpg\" class=\"attachment-img-bloc-square size-img-bloc-square wp-image-10051\" alt=\"\" srcset=\"https:\/\/musee.oceano.org\/wp-content\/uploads\/sites\/2\/2019\/08\/1-SAS-Albert-Ier-sur-passerelle-334x334.jpg 334w, https:\/\/musee.oceano.org\/wp-content\/uploads\/sites\/2\/2019\/08\/1-SAS-Albert-Ier-sur-passerelle-150x150.jpg 150w, https:\/\/musee.oceano.org\/wp-content\/uploads\/sites\/2\/2019\/08\/1-SAS-Albert-Ier-sur-passerelle-433x433.jpg 433w\" sizes=\"(max-width: 334px) 100vw, 334px\" \/>\t\t\t\t\t\t\t\t\t\t\t\t\t\t\t<\/div>\n\t\t\t\t<\/div>\n\t\t\t\t<div class=\"elementor-element elementor-element-33beedef elementor-align-center elementor-widget elementor-widget-button\" data-id=\"33beedef\" data-element_type=\"widget\" data-e-type=\"widget\" data-widget_type=\"button.default\">\n\t\t\t\t<div class=\"elementor-widget-container\">\n\t\t\t\t\t\t\t\t\t<div class=\"elementor-button-wrapper\">\n\t\t\t\t\t<a class=\"elementor-button elementor-button-link elementor-size-md\" href=\"https:\/\/www.oceano.org\/pt-pt\/organizacao\/as-grandes-figuras\/\">\n\t\t\t\t\t\t<span class=\"elementor-button-content-wrapper\">\n\t\t\t\t\t\t\t\t\t<span class=\"elementor-button-text\">descobrir as grandes figuras do instituto<\/span>\n\t\t\t\t\t<\/span>\n\t\t\t\t\t<\/a>\n\t\t\t\t<\/div>\n\t\t\t\t\t\t\t\t<\/div>\n\t\t\t\t<\/div>\n\t\t\t\t\t<\/div>\n\t\t<\/div>\n\t\t\t\t\t<\/div>\n\t\t<\/section>\n\t\t\t\t<\/div>\n\t\t","protected":false},"excerpt":{"rendered":"<p>Not\u00edcias do MUs\u00e9e acompanhe a not\u00edcia do Museu Oceanogr\u00e1fico do M\u00f3naco Pesquisar por: Ver tamb\u00e9m mergulhar nas nossas edi\u00e7\u00f5es aprender plUS sobre explora\u00e7\u00f5es m\u00f3naco descobrir as grandes figuras do instituto<\/p>\n","protected":false},"author":1,"featured_media":0,"parent":0,"menu_order":451,"comment_status":"closed","ping_status":"closed","template":"","meta":{"_acf_changed":false,"footnotes":""},"class_list":["post-27517","page","type-page","status-publish","hentry"],"acf":[],"yoast_head":"<!-- This site is optimized with the Yoast SEO plugin v27.2 - https:\/\/yoast.com\/product\/yoast-seo-wordpress\/ -->\n<title>Not\u00edcias - museu - Mus\u00e9e Oc\u00e9anographique de Monaco<\/title>\n<meta name=\"description\" content=\"Acompanhe as novidades do Museu Oceanogr\u00e1fico do M\u00f3naco consultando os nossos artigos.\" \/>\n<meta name=\"robots\" content=\"index, follow, max-snippet:-1, max-image-preview:large, max-video-preview:-1\" \/>\n<link rel=\"canonical\" href=\"https:\/\/musee.oceano.org\/pt-pt\/noticias-museu\/\" \/>\n<meta property=\"og:locale\" content=\"pt_PT\" \/>\n<meta property=\"og:type\" content=\"article\" \/>\n<meta property=\"og:title\" content=\"Not\u00edcias - museu - Mus\u00e9e Oc\u00e9anographique de Monaco\" \/>\n<meta property=\"og:description\" content=\"Acompanhe as novidades do Museu Oceanogr\u00e1fico do M\u00f3naco consultando os nossos artigos.\" \/>\n<meta property=\"og:url\" content=\"https:\/\/musee.oceano.org\/pt-pt\/noticias-museu\/\" \/>\n<meta property=\"og:site_name\" content=\"Mus\u00e9e Oc\u00e9anographique de Monaco\" \/>\n<meta property=\"article:modified_time\" content=\"2021-07-15T15:59:55+00:00\" \/>\n<meta property=\"og:image\" content=\"https:\/\/musee.oceano.org\/wp-content\/uploads\/sites\/2\/2019\/08\/Editions_Meduses-334x334.jpg\" \/>\n<meta name=\"twitter:card\" content=\"summary_large_image\" \/>\n<meta name=\"twitter:label1\" content=\"Tempo estimado de leitura\" \/>\n\t<meta name=\"twitter:data1\" content=\"5 minutos\" \/>\n<script type=\"application\/ld+json\" class=\"yoast-schema-graph\">{\"@context\":\"https:\/\/schema.org\",\"@graph\":[{\"@type\":\"WebPage\",\"@id\":\"https:\/\/musee.oceano.org\/pt-pt\/noticias-museu\/\",\"url\":\"https:\/\/musee.oceano.org\/pt-pt\/noticias-museu\/\",\"name\":\"Not\u00edcias - museu - Mus\u00e9e Oc\u00e9anographique de Monaco\",\"isPartOf\":{\"@id\":\"https:\/\/musee.oceano.org\/#website\"},\"primaryImageOfPage\":{\"@id\":\"https:\/\/musee.oceano.org\/pt-pt\/noticias-museu\/#primaryimage\"},\"image\":{\"@id\":\"https:\/\/musee.oceano.org\/pt-pt\/noticias-museu\/#primaryimage\"},\"thumbnailUrl\":\"https:\/\/musee.oceano.org\/wp-content\/uploads\/sites\/2\/2019\/08\/Editions_Meduses-334x334.jpg\",\"datePublished\":\"2021-06-29T09:55:33+00:00\",\"dateModified\":\"2021-07-15T15:59:55+00:00\",\"description\":\"Acompanhe as novidades do Museu Oceanogr\u00e1fico do M\u00f3naco consultando os nossos artigos.\",\"breadcrumb\":{\"@id\":\"https:\/\/musee.oceano.org\/pt-pt\/noticias-museu\/#breadcrumb\"},\"inLanguage\":\"pt-PT\",\"potentialAction\":[{\"@type\":\"ReadAction\",\"target\":[\"https:\/\/musee.oceano.org\/pt-pt\/noticias-museu\/\"]}]},{\"@type\":\"ImageObject\",\"inLanguage\":\"pt-PT\",\"@id\":\"https:\/\/musee.oceano.org\/pt-pt\/noticias-museu\/#primaryimage\",\"url\":\"https:\/\/musee.oceano.org\/wp-content\/uploads\/sites\/2\/2019\/08\/Editions_Meduses-334x334.jpg\",\"contentUrl\":\"https:\/\/musee.oceano.org\/wp-content\/uploads\/sites\/2\/2019\/08\/Editions_Meduses-334x334.jpg\"},{\"@type\":\"BreadcrumbList\",\"@id\":\"https:\/\/musee.oceano.org\/pt-pt\/noticias-museu\/#breadcrumb\",\"itemListElement\":[{\"@type\":\"ListItem\",\"position\":1,\"name\":\"Home\",\"item\":\"https:\/\/musee.oceano.org\/pt-pt\/\"},{\"@type\":\"ListItem\",\"position\":2,\"name\":\"Not\u00edcias &#8211; museu\"}]},{\"@type\":\"WebSite\",\"@id\":\"https:\/\/musee.oceano.org\/#website\",\"url\":\"https:\/\/musee.oceano.org\/\",\"name\":\"Mus\u00e9e Oc\u00e9anographique de Monaco\",\"description\":\"Faire conna\u00eetre, aimer et prot\u00e9ger les oc\u00e9ans\",\"potentialAction\":[{\"@type\":\"SearchAction\",\"target\":{\"@type\":\"EntryPoint\",\"urlTemplate\":\"https:\/\/musee.oceano.org\/?s={search_term_string}\"},\"query-input\":{\"@type\":\"PropertyValueSpecification\",\"valueRequired\":true,\"valueName\":\"search_term_string\"}}],\"inLanguage\":\"pt-PT\"}]}<\/script>\n<!-- \/ Yoast SEO plugin. -->","yoast_head_json":{"title":"Not\u00edcias - museu - Mus\u00e9e Oc\u00e9anographique de Monaco","description":"Acompanhe as novidades do Museu Oceanogr\u00e1fico do M\u00f3naco consultando os nossos artigos.","robots":{"index":"index","follow":"follow","max-snippet":"max-snippet:-1","max-image-preview":"max-image-preview:large","max-video-preview":"max-video-preview:-1"},"canonical":"https:\/\/musee.oceano.org\/pt-pt\/noticias-museu\/","og_locale":"pt_PT","og_type":"article","og_title":"Not\u00edcias - museu - Mus\u00e9e Oc\u00e9anographique de Monaco","og_description":"Acompanhe as novidades do Museu Oceanogr\u00e1fico do M\u00f3naco consultando os nossos artigos.","og_url":"https:\/\/musee.oceano.org\/pt-pt\/noticias-museu\/","og_site_name":"Mus\u00e9e Oc\u00e9anographique de Monaco","article_modified_time":"2021-07-15T15:59:55+00:00","og_image":[{"url":"https:\/\/musee.oceano.org\/wp-content\/uploads\/sites\/2\/2019\/08\/Editions_Meduses-334x334.jpg","type":"","width":"","height":""}],"twitter_card":"summary_large_image","twitter_misc":{"Tempo estimado de leitura":"5 minutos"},"schema":{"@context":"https:\/\/schema.org","@graph":[{"@type":"WebPage","@id":"https:\/\/musee.oceano.org\/pt-pt\/noticias-museu\/","url":"https:\/\/musee.oceano.org\/pt-pt\/noticias-museu\/","name":"Not\u00edcias - museu - Mus\u00e9e Oc\u00e9anographique de Monaco","isPartOf":{"@id":"https:\/\/musee.oceano.org\/#website"},"primaryImageOfPage":{"@id":"https:\/\/musee.oceano.org\/pt-pt\/noticias-museu\/#primaryimage"},"image":{"@id":"https:\/\/musee.oceano.org\/pt-pt\/noticias-museu\/#primaryimage"},"thumbnailUrl":"https:\/\/musee.oceano.org\/wp-content\/uploads\/sites\/2\/2019\/08\/Editions_Meduses-334x334.jpg","datePublished":"2021-06-29T09:55:33+00:00","dateModified":"2021-07-15T15:59:55+00:00","description":"Acompanhe as novidades do Museu Oceanogr\u00e1fico do M\u00f3naco consultando os nossos artigos.","breadcrumb":{"@id":"https:\/\/musee.oceano.org\/pt-pt\/noticias-museu\/#breadcrumb"},"inLanguage":"pt-PT","potentialAction":[{"@type":"ReadAction","target":["https:\/\/musee.oceano.org\/pt-pt\/noticias-museu\/"]}]},{"@type":"ImageObject","inLanguage":"pt-PT","@id":"https:\/\/musee.oceano.org\/pt-pt\/noticias-museu\/#primaryimage","url":"https:\/\/musee.oceano.org\/wp-content\/uploads\/sites\/2\/2019\/08\/Editions_Meduses-334x334.jpg","contentUrl":"https:\/\/musee.oceano.org\/wp-content\/uploads\/sites\/2\/2019\/08\/Editions_Meduses-334x334.jpg"},{"@type":"BreadcrumbList","@id":"https:\/\/musee.oceano.org\/pt-pt\/noticias-museu\/#breadcrumb","itemListElement":[{"@type":"ListItem","position":1,"name":"Home","item":"https:\/\/musee.oceano.org\/pt-pt\/"},{"@type":"ListItem","position":2,"name":"Not\u00edcias &#8211; museu"}]},{"@type":"WebSite","@id":"https:\/\/musee.oceano.org\/#website","url":"https:\/\/musee.oceano.org\/","name":"Mus\u00e9e Oc\u00e9anographique de Monaco","description":"Faire conna\u00eetre, aimer et prot\u00e9ger les oc\u00e9ans","potentialAction":[{"@type":"SearchAction","target":{"@type":"EntryPoint","urlTemplate":"https:\/\/musee.oceano.org\/?s={search_term_string}"},"query-input":{"@type":"PropertyValueSpecification","valueRequired":true,"valueName":"search_term_string"}}],"inLanguage":"pt-PT"}]}},"_links":{"self":[{"href":"https:\/\/musee.oceano.org\/pt-pt\/wp-json\/wp\/v2\/pages\/27517","targetHints":{"allow":["GET"]}}],"collection":[{"href":"https:\/\/musee.oceano.org\/pt-pt\/wp-json\/wp\/v2\/pages"}],"about":[{"href":"https:\/\/musee.oceano.org\/pt-pt\/wp-json\/wp\/v2\/types\/page"}],"author":[{"embeddable":true,"href":"https:\/\/musee.oceano.org\/pt-pt\/wp-json\/wp\/v2\/users\/1"}],"replies":[{"embeddable":true,"href":"https:\/\/musee.oceano.org\/pt-pt\/wp-json\/wp\/v2\/comments?post=27517"}],"version-history":[{"count":6,"href":"https:\/\/musee.oceano.org\/pt-pt\/wp-json\/wp\/v2\/pages\/27517\/revisions"}],"predecessor-version":[{"id":33058,"href":"https:\/\/musee.oceano.org\/pt-pt\/wp-json\/wp\/v2\/pages\/27517\/revisions\/33058"}],"wp:attachment":[{"href":"https:\/\/musee.oceano.org\/pt-pt\/wp-json\/wp\/v2\/media?parent=27517"}],"curies":[{"name":"wp","href":"https:\/\/api.w.org\/{rel}","templated":true}]}}