{"id":30304,"date":"2021-07-07T11:43:15","date_gmt":"2021-07-07T09:43:15","guid":{"rendered":"https:\/\/musee.oceano.org\/termos-gerais-e-condicoes-de-utilizacao\/"},"modified":"2021-07-07T11:43:22","modified_gmt":"2021-07-07T09:43:22","slug":"termos-gerais-e-condicoes-de-utilizacao","status":"publish","type":"page","link":"https:\/\/musee.oceano.org\/pt-pt\/termos-gerais-e-condicoes-de-utilizacao\/","title":{"rendered":"Termos gerais e condi\u00e7\u00f5es de utiliza\u00e7\u00e3o"},"content":{"rendered":"\t\t<div data-elementor-type=\"wp-post\" data-elementor-id=\"30304\" class=\"elementor elementor-30304 elementor-4844\" data-elementor-post-type=\"page\">\n\t\t\t\t\t\t<section class=\"elementor-section elementor-top-section elementor-element elementor-element-117832aa elementor-section-full_width elementor-section-height-default elementor-section-height-default\" data-id=\"117832aa\" data-element_type=\"section\" data-e-type=\"section\">\n\t\t\t\t\t\t<div class=\"elementor-container elementor-column-gap-no\">\n\t\t\t\t\t<div class=\"elementor-column elementor-col-100 elementor-top-column elementor-element elementor-element-e90c5e9\" data-id=\"e90c5e9\" data-element_type=\"column\" data-e-type=\"column\">\n\t\t\t<div class=\"elementor-widget-wrap elementor-element-populated\">\n\t\t\t\t\t\t<div class=\"elementor-element elementor-element-1a5eacf9 elementor--h-position-center elementor--v-position-middle elementor-widget elementor-widget-slides\" data-id=\"1a5eacf9\" data-element_type=\"widget\" data-e-type=\"widget\" data-settings=\"{&quot;navigation&quot;:&quot;none&quot;,&quot;transition&quot;:&quot;slide&quot;,&quot;transition_speed&quot;:500}\" data-widget_type=\"slides.default\">\n\t\t\t\t<div class=\"elementor-widget-container\">\n\t\t\t\t\t\t\t\t\t<div class=\"elementor-swiper\">\n\t\t\t\t\t<div class=\"elementor-slides-wrapper elementor-main-swiper swiper\" role=\"region\" aria-roledescription=\"carousel\" aria-label=\"Slides\" dir=\"ltr\" data-animation=\"fadeInUp\">\n\t\t\t\t<div class=\"swiper-wrapper elementor-slides\">\n\t\t\t\t\t\t\t\t\t\t<div class=\"elementor-repeater-item-891be05 swiper-slide\" role=\"group\" aria-roledescription=\"slide\"><div class=\"swiper-slide-bg\" role=\"img\" aria-label=\"u2151\"><\/div><div class=\"swiper-slide-inner\" ><div class=\"swiper-slide-contents\"><h1 class=\"elementor-slide-heading\">Termos gerais e condi\u00e7\u00f5es de utiliza\u00e7\u00e3o<\/h1><\/div><\/div><\/div>\t\t\t\t<\/div>\n\t\t\t\t\t\t\t<\/div>\n\t\t\t\t<\/div>\n\t\t\t\t\t\t\t\t<\/div>\n\t\t\t\t<\/div>\n\t\t\t\t\t<\/div>\n\t\t<\/div>\n\t\t\t\t\t<\/div>\n\t\t<\/section>\n\t\t\t\t<section class=\"elementor-section elementor-top-section elementor-element elementor-element-47bbdfe3 elementor-section-full_width elementor-section-height-default elementor-section-height-default\" data-id=\"47bbdfe3\" data-element_type=\"section\" data-e-type=\"section\">\n\t\t\t\t\t\t<div class=\"elementor-container elementor-column-gap-default\">\n\t\t\t\t\t<div class=\"elementor-column elementor-col-100 elementor-top-column elementor-element elementor-element-ebf7cf0\" data-id=\"ebf7cf0\" data-element_type=\"column\" data-e-type=\"column\">\n\t\t\t<div class=\"elementor-widget-wrap elementor-element-populated\">\n\t\t\t\t\t\t<div class=\"elementor-element elementor-element-1839d7dd elementor-widget elementor-widget-ee-breadcrumbs\" data-id=\"1839d7dd\" data-element_type=\"widget\" data-e-type=\"widget\" data-widget_type=\"ee-breadcrumbs.default\">\n\t\t\t\t<div class=\"elementor-widget-container\">\n\t\t\t\t\t<ul class=\"ee-breadcrumbs\" itemscope=\"\" itemtype=\"http:\/\/schema.org\/BreadcrumbList\"><\/ul>\t\t\t\t<\/div>\n\t\t\t\t<\/div>\n\t\t\t\t\t<\/div>\n\t\t<\/div>\n\t\t\t\t\t<\/div>\n\t\t<\/section>\n\t\t\t\t<section class=\"elementor-section elementor-top-section elementor-element elementor-element-1cd1134a elementor-section-full_width elementor-section-height-default elementor-section-height-default\" data-id=\"1cd1134a\" data-element_type=\"section\" data-e-type=\"section\">\n\t\t\t\t\t\t<div class=\"elementor-container elementor-column-gap-default\">\n\t\t\t\t\t<div class=\"elementor-column elementor-col-100 elementor-top-column elementor-element elementor-element-275ee04f\" data-id=\"275ee04f\" data-element_type=\"column\" data-e-type=\"column\">\n\t\t\t<div class=\"elementor-widget-wrap elementor-element-populated\">\n\t\t\t\t\t\t<div class=\"elementor-element elementor-element-42d4e778 elementor-widget elementor-widget-heading\" data-id=\"42d4e778\" data-element_type=\"widget\" data-e-type=\"widget\" data-widget_type=\"heading.default\">\n\t\t\t\t<div class=\"elementor-widget-container\">\n\t\t\t\t\t<h2 class=\"elementor-heading-title elementor-size-default\">responsabilidade<\/h2>\t\t\t\t<\/div>\n\t\t\t\t<\/div>\n\t\t\t\t\t<\/div>\n\t\t<\/div>\n\t\t\t\t\t<\/div>\n\t\t<\/section>\n\t\t\t\t<section class=\"elementor-section elementor-top-section elementor-element elementor-element-15fd502d elementor-section-boxed elementor-section-height-default elementor-section-height-default\" data-id=\"15fd502d\" data-element_type=\"section\" data-e-type=\"section\">\n\t\t\t\t\t\t<div class=\"elementor-container elementor-column-gap-default\">\n\t\t\t\t\t<div class=\"elementor-column elementor-col-100 elementor-top-column elementor-element elementor-element-4895c3f3\" data-id=\"4895c3f3\" data-element_type=\"column\" data-e-type=\"column\">\n\t\t\t<div class=\"elementor-widget-wrap elementor-element-populated\">\n\t\t\t\t\t\t<div class=\"elementor-element elementor-element-37663506 elementor-widget elementor-widget-text-editor\" data-id=\"37663506\" data-element_type=\"widget\" data-e-type=\"widget\" data-widget_type=\"text-editor.default\">\n\t\t\t\t<div class=\"elementor-widget-container\">\n\t\t\t\t\t\t\t\t\t<p><strong>M<\/strong>apesar do cuidado que &#8220;O Instituto Oceanogr\u00e1fico &#8211; Alberto I, Pr\u00edncipe do M\u00f3naco Foundation&#8221; tomou no desenvolvimento e atualiza\u00e7\u00e3o do seu website quanto \u00e0 precis\u00e3o, precis\u00e3o e completude das informa\u00e7\u00f5es que lhe foram fornecidas, a responsabilidade do &#8220;Instituto Oceanogr\u00e1fico &#8211; Alberto I, Funda\u00e7\u00e3o Pr\u00edncipe do M\u00f3naco&#8221; n\u00e3o pode ser responsabilizada em caso de informa\u00e7\u00e3o imprecisa. &#8220;L&#8217;Institut Oc\u00e9anographique &#8211; Fondation Albert Ier, Prince de M\u00f3naco&#8221; declina toda a responsabilidade em caso de erro, imprecis\u00e3o ou omiss\u00e3o que afete esta informa\u00e7\u00e3o.<\/p>\n<p><strong>As<\/strong>informa\u00e7\u00f5es e dados contidos no Site s\u00e3o fornecidos apenas para fins informativos e indicativos. &#8220;L&#8217;Institut Oc\u00e9anographique &#8211; Fondation Albert Ier, Prince de M\u00f3naco&#8221; declina toda a responsabilidade por estes conte\u00fados e sua utiliza\u00e7\u00e3o.  <br \/><strong>&#8220;O Instituto Oceanogr\u00e1fico &#8211; Alberto I, Funda\u00e7\u00e3o Pr\u00edncipe do M\u00f3naco&#8221;<\/strong> reserva-se o direito de modificar, temporariamente ou permanentemente, a totalidade ou parte do S\u00edtio sem aviso pr\u00e9vio. As altera\u00e7\u00f5es ser\u00e3o aplic\u00e1veis assim que forem publicadas neste website.<\/p>\n<p><strong>O<\/strong>conte\u00fado T out \u00e9 fornecido &#8220;como est\u00e1&#8221; e de acordo com a sua disponibilidade. &#8220;L&#8217;Institut Oc\u00e9anographique &#8211; Fondation Albert Ier, Prince de M\u00f3naco&#8221; n\u00e3o fornece qualquer garantia de qualquer tipo, expressa ou impl\u00edcita, incluindo, mas n\u00e3o se limitando a qualquer garantia de que todos os produtos e servi\u00e7os est\u00e3o dispon\u00edveis, s\u00e3o de qualidade comercializ\u00e1vel, s\u00e3o adequados para um prop\u00f3sito particular, podem ser usados sem violar os direitos de um terceiro , nem qualquer garantia relacionada com o funcionamento deste pr\u00f3prio site ou quanto ao seu conte\u00fado.<\/p>\n<p>&#8220;O Instituto Oceanogr\u00e1fico &#8211; Alberto I, Funda\u00e7\u00e3o Pr\u00edncipe do M\u00f3naco&#8221; n\u00e3o pode de forma alguma ser responsabilizado contra si ou contra um terceiro por qualquer modifica\u00e7\u00e3o, interrup\u00e7\u00e3o, suspens\u00e3o ou supress\u00e3o do S\u00edtio.  <br \/><strong>&#8220;O Instituto Oceanogr\u00e1fico &#8211; Alberto I, Funda\u00e7\u00e3o Pr\u00edncipe do M\u00f3naco&#8221;<\/strong> n\u00e3o garante a seguran\u00e7a deste site a menos que &#8220;O Instituto Oceanogr\u00e1fico &#8211; Alberto I, Pr\u00edncipe do M\u00f3naco Foundation&#8221; tenha especificado que uma determinada fun\u00e7\u00e3o seja encriptada. Exceto neste caso espec\u00edfico, o utilizador \u00e9 avisado de que qualquer informa\u00e7\u00e3o que envie \u00e9 suscet\u00edvel de ser intercetada por terceiros. &#8220;L&#8217;Institut Oc\u00e9anographique &#8211; Fondation Albert Ier, Prince de M\u00f3naco&#8221; n\u00e3o garante que este site ou os servidores que permitem o acesso a este site ou que as comunica\u00e7\u00f5es electr\u00f3nicas enviadas por &#8220;L&#8217;Institut Oc\u00e9anographique &#8211; Fondation Albert Ier, Prince de M\u00f3naco&#8221; estejam livres de v\u00edrus ou outros elementos destrutivos.<\/p>\n<p><strong>s<\/strong>Sujeito \u00e0s disposi\u00e7\u00f5es legais e regulamentares aplic\u00e1veis, &#8220;L&#8217;Institut Oc\u00e9anographique &#8211; Fondation Albert Ier, Prince de M\u00f3naco&#8221; n\u00e3o pode ser responsabilizado por quaisquer danos diretos ou indiretos, nomeadamente, mas n\u00e3o se limitando \u00e0 perda de lucros, clientela, dados, propriedade intang\u00edvel que possa ocorrer em resultado da utiliza\u00e7\u00e3o ou impossibilidade de utiliza\u00e7\u00e3o do Site, e, de uma forma mais geral, de qualquer evento relacionado com o Site e\/ou qualquer terceiro. Em particular, a responsabilidade de &#8220;L&#8217;Institut Oc\u00e9anographique &#8211; Fondation Albert Ier, Prince de M\u00f3naco&#8221; n\u00e3o pode ser responsabilizada em caso de pirataria total ou parcial do S\u00edtio e dos danos que esta pirataria pode causar a um utilizador ou a um terceiro.<\/p>\n<p><strong>A<\/strong>utiliza\u00e7\u00e3o do Site est\u00e1 em risco exclusivo do utilizador. Em caso algum ser\u00e1 respons\u00e1vel &#8220;O Instituto Oceanogr\u00e1fico &#8211; Alberto I, Funda\u00e7\u00e3o Pr\u00edncipe do M\u00f3naco&#8221; e\/ou as suas subsidi\u00e1rias em caso de danos indiretos ou incidentais ou morais resultantes, causados ou relacionados com a utiliza\u00e7\u00e3o ou incapacidade de utiliza\u00e7\u00e3o deste s\u00edtio ou do seu conte\u00fado, mesmo no caso de &#8220;O Instituto Oceanogr\u00e1fico &#8211; Alberto I, Funda\u00e7\u00e3o Prince of M\u00f3naco&#8221; ter sido informado da possibilidade de tais danos. Qualquer a\u00e7\u00e3o de um utilizador sobre este site deve ser interposta no prazo de um ano a contar da data em que surgiu a causa dos danos.  <br \/>Este site pode dar acesso a outros websites que n\u00e3o estejam sob o controlo de &#8220;L&#8217;Institut Oc\u00e9anographique &#8211; Fondation Albert Ier, Prince de M\u00f3naco&#8221;. &#8220;O Instituto Oceanogr\u00e1fico &#8211; Alberto I, Funda\u00e7\u00e3o Pr\u00edncipe do M\u00f3naco&#8221; n\u00e3o ser\u00e1 respons\u00e1vel pelo conte\u00fado de outros websites. &#8220;O Instituto Oceanogr\u00e1fico &#8211; Alberto I, Funda\u00e7\u00e3o Pr\u00edncipe do M\u00f3naco&#8221; oferece tais liga\u00e7\u00f5es apenas em benef\u00edcio do utilizador deste site e o facto de incluir um link para qualquer outro website n\u00e3o implica a ades\u00e3o do &#8220;Instituto Oceanogr\u00e1fico &#8211; Alberto I, Pr\u00edncipe do M\u00f3naco Foundation&#8221; ao conte\u00fado destes sites.<\/p>\n\t\t\t\t\t\t\t\t<\/div>\n\t\t\t\t<\/div>\n\t\t\t\t\t<\/div>\n\t\t<\/div>\n\t\t\t\t\t<\/div>\n\t\t<\/section>\n\t\t\t\t<\/div>\n\t\t","protected":false},"excerpt":{"rendered":"<p>Termos gerais e condi\u00e7\u00f5es de utiliza\u00e7\u00e3o responsabilidade Mapesar do cuidado que &#8220;O Instituto Oceanogr\u00e1fico &#8211; Alberto I, Pr\u00edncipe do M\u00f3naco Foundation&#8221; tomou no desenvolvimento e atualiza\u00e7\u00e3o do seu website quanto \u00e0 precis\u00e3o, precis\u00e3o e completude das informa\u00e7\u00f5es que lhe foram fornecidas, a responsabilidade do &#8220;Instituto Oceanogr\u00e1fico &#8211; Alberto I, Funda\u00e7\u00e3o Pr\u00edncipe do M\u00f3naco&#8221; n\u00e3o pode [&hellip;]<\/p>\n","protected":false},"author":1,"featured_media":0,"parent":0,"menu_order":431,"comment_status":"closed","ping_status":"closed","template":"","meta":{"_acf_changed":false,"footnotes":""},"class_list":["post-30304","page","type-page","status-publish","hentry"],"acf":[],"yoast_head":"<!-- This site is optimized with the Yoast SEO plugin v27.2 - https:\/\/yoast.com\/product\/yoast-seo-wordpress\/ -->\n<title>Termos gerais e condi\u00e7\u00f5es de utiliza\u00e7\u00e3o - Mus\u00e9e Oc\u00e9anographique de Monaco<\/title>\n<meta name=\"description\" content=\"Consulte os nossos termos e condi\u00e7\u00f5es de utiliza\u00e7\u00e3o.\" \/>\n<meta name=\"robots\" content=\"index, follow, max-snippet:-1, max-image-preview:large, max-video-preview:-1\" \/>\n<link rel=\"canonical\" href=\"https:\/\/musee.oceano.org\/pt-pt\/termos-gerais-e-condicoes-de-utilizacao\/\" \/>\n<meta property=\"og:locale\" content=\"pt_PT\" \/>\n<meta property=\"og:type\" content=\"article\" \/>\n<meta property=\"og:title\" content=\"Termos gerais e condi\u00e7\u00f5es de utiliza\u00e7\u00e3o - Mus\u00e9e Oc\u00e9anographique de Monaco\" \/>\n<meta property=\"og:description\" content=\"Consulte os nossos termos e condi\u00e7\u00f5es de utiliza\u00e7\u00e3o.\" \/>\n<meta property=\"og:url\" content=\"https:\/\/musee.oceano.org\/pt-pt\/termos-gerais-e-condicoes-de-utilizacao\/\" \/>\n<meta property=\"og:site_name\" content=\"Mus\u00e9e Oc\u00e9anographique de Monaco\" \/>\n<meta property=\"article:modified_time\" content=\"2021-07-07T09:43:22+00:00\" \/>\n<meta name=\"twitter:card\" content=\"summary_large_image\" \/>\n<meta name=\"twitter:label1\" content=\"Tempo estimado de leitura\" \/>\n\t<meta name=\"twitter:data1\" content=\"4 minutos\" \/>\n<script type=\"application\/ld+json\" class=\"yoast-schema-graph\">{\"@context\":\"https:\/\/schema.org\",\"@graph\":[{\"@type\":\"WebPage\",\"@id\":\"https:\/\/musee.oceano.org\/pt-pt\/termos-gerais-e-condicoes-de-utilizacao\/\",\"url\":\"https:\/\/musee.oceano.org\/pt-pt\/termos-gerais-e-condicoes-de-utilizacao\/\",\"name\":\"Termos gerais e condi\u00e7\u00f5es de utiliza\u00e7\u00e3o - Mus\u00e9e Oc\u00e9anographique de Monaco\",\"isPartOf\":{\"@id\":\"https:\/\/musee.oceano.org\/#website\"},\"datePublished\":\"2021-07-07T09:43:15+00:00\",\"dateModified\":\"2021-07-07T09:43:22+00:00\",\"description\":\"Consulte os nossos termos e condi\u00e7\u00f5es de utiliza\u00e7\u00e3o.\",\"breadcrumb\":{\"@id\":\"https:\/\/musee.oceano.org\/pt-pt\/termos-gerais-e-condicoes-de-utilizacao\/#breadcrumb\"},\"inLanguage\":\"pt-PT\",\"potentialAction\":[{\"@type\":\"ReadAction\",\"target\":[\"https:\/\/musee.oceano.org\/pt-pt\/termos-gerais-e-condicoes-de-utilizacao\/\"]}]},{\"@type\":\"BreadcrumbList\",\"@id\":\"https:\/\/musee.oceano.org\/pt-pt\/termos-gerais-e-condicoes-de-utilizacao\/#breadcrumb\",\"itemListElement\":[{\"@type\":\"ListItem\",\"position\":1,\"name\":\"Home\",\"item\":\"https:\/\/musee.oceano.org\/pt-pt\/\"},{\"@type\":\"ListItem\",\"position\":2,\"name\":\"Termos gerais e condi\u00e7\u00f5es de utiliza\u00e7\u00e3o\"}]},{\"@type\":\"WebSite\",\"@id\":\"https:\/\/musee.oceano.org\/#website\",\"url\":\"https:\/\/musee.oceano.org\/\",\"name\":\"Mus\u00e9e Oc\u00e9anographique de Monaco\",\"description\":\"Faire conna\u00eetre, aimer et prot\u00e9ger les oc\u00e9ans\",\"potentialAction\":[{\"@type\":\"SearchAction\",\"target\":{\"@type\":\"EntryPoint\",\"urlTemplate\":\"https:\/\/musee.oceano.org\/?s={search_term_string}\"},\"query-input\":{\"@type\":\"PropertyValueSpecification\",\"valueRequired\":true,\"valueName\":\"search_term_string\"}}],\"inLanguage\":\"pt-PT\"}]}<\/script>\n<!-- \/ Yoast SEO plugin. -->","yoast_head_json":{"title":"Termos gerais e condi\u00e7\u00f5es de utiliza\u00e7\u00e3o - Mus\u00e9e Oc\u00e9anographique de Monaco","description":"Consulte os nossos termos e condi\u00e7\u00f5es de utiliza\u00e7\u00e3o.","robots":{"index":"index","follow":"follow","max-snippet":"max-snippet:-1","max-image-preview":"max-image-preview:large","max-video-preview":"max-video-preview:-1"},"canonical":"https:\/\/musee.oceano.org\/pt-pt\/termos-gerais-e-condicoes-de-utilizacao\/","og_locale":"pt_PT","og_type":"article","og_title":"Termos gerais e condi\u00e7\u00f5es de utiliza\u00e7\u00e3o - Mus\u00e9e Oc\u00e9anographique de Monaco","og_description":"Consulte os nossos termos e condi\u00e7\u00f5es de utiliza\u00e7\u00e3o.","og_url":"https:\/\/musee.oceano.org\/pt-pt\/termos-gerais-e-condicoes-de-utilizacao\/","og_site_name":"Mus\u00e9e Oc\u00e9anographique de Monaco","article_modified_time":"2021-07-07T09:43:22+00:00","twitter_card":"summary_large_image","twitter_misc":{"Tempo estimado de leitura":"4 minutos"},"schema":{"@context":"https:\/\/schema.org","@graph":[{"@type":"WebPage","@id":"https:\/\/musee.oceano.org\/pt-pt\/termos-gerais-e-condicoes-de-utilizacao\/","url":"https:\/\/musee.oceano.org\/pt-pt\/termos-gerais-e-condicoes-de-utilizacao\/","name":"Termos gerais e condi\u00e7\u00f5es de utiliza\u00e7\u00e3o - Mus\u00e9e Oc\u00e9anographique de Monaco","isPartOf":{"@id":"https:\/\/musee.oceano.org\/#website"},"datePublished":"2021-07-07T09:43:15+00:00","dateModified":"2021-07-07T09:43:22+00:00","description":"Consulte os nossos termos e condi\u00e7\u00f5es de utiliza\u00e7\u00e3o.","breadcrumb":{"@id":"https:\/\/musee.oceano.org\/pt-pt\/termos-gerais-e-condicoes-de-utilizacao\/#breadcrumb"},"inLanguage":"pt-PT","potentialAction":[{"@type":"ReadAction","target":["https:\/\/musee.oceano.org\/pt-pt\/termos-gerais-e-condicoes-de-utilizacao\/"]}]},{"@type":"BreadcrumbList","@id":"https:\/\/musee.oceano.org\/pt-pt\/termos-gerais-e-condicoes-de-utilizacao\/#breadcrumb","itemListElement":[{"@type":"ListItem","position":1,"name":"Home","item":"https:\/\/musee.oceano.org\/pt-pt\/"},{"@type":"ListItem","position":2,"name":"Termos gerais e condi\u00e7\u00f5es de utiliza\u00e7\u00e3o"}]},{"@type":"WebSite","@id":"https:\/\/musee.oceano.org\/#website","url":"https:\/\/musee.oceano.org\/","name":"Mus\u00e9e Oc\u00e9anographique de Monaco","description":"Faire conna\u00eetre, aimer et prot\u00e9ger les oc\u00e9ans","potentialAction":[{"@type":"SearchAction","target":{"@type":"EntryPoint","urlTemplate":"https:\/\/musee.oceano.org\/?s={search_term_string}"},"query-input":{"@type":"PropertyValueSpecification","valueRequired":true,"valueName":"search_term_string"}}],"inLanguage":"pt-PT"}]}},"_links":{"self":[{"href":"https:\/\/musee.oceano.org\/pt-pt\/wp-json\/wp\/v2\/pages\/30304","targetHints":{"allow":["GET"]}}],"collection":[{"href":"https:\/\/musee.oceano.org\/pt-pt\/wp-json\/wp\/v2\/pages"}],"about":[{"href":"https:\/\/musee.oceano.org\/pt-pt\/wp-json\/wp\/v2\/types\/page"}],"author":[{"embeddable":true,"href":"https:\/\/musee.oceano.org\/pt-pt\/wp-json\/wp\/v2\/users\/1"}],"replies":[{"embeddable":true,"href":"https:\/\/musee.oceano.org\/pt-pt\/wp-json\/wp\/v2\/comments?post=30304"}],"version-history":[{"count":3,"href":"https:\/\/musee.oceano.org\/pt-pt\/wp-json\/wp\/v2\/pages\/30304\/revisions"}],"predecessor-version":[{"id":30310,"href":"https:\/\/musee.oceano.org\/pt-pt\/wp-json\/wp\/v2\/pages\/30304\/revisions\/30310"}],"wp:attachment":[{"href":"https:\/\/musee.oceano.org\/pt-pt\/wp-json\/wp\/v2\/media?parent=30304"}],"curies":[{"name":"wp","href":"https:\/\/api.w.org\/{rel}","templated":true}]}}