{"id":34205,"date":"2021-08-24T14:37:30","date_gmt":"2021-08-24T12:37:30","guid":{"rendered":"https:\/\/musee.oceano.org\/exploradores-e-cidadaos-dos-mares\/"},"modified":"2021-08-25T12:08:37","modified_gmt":"2021-08-25T10:08:37","slug":"exploradores-e-cidadaos-dos-mares","status":"publish","type":"page","link":"https:\/\/musee.oceano.org\/pt-pt\/exploradores-e-cidadaos-dos-mares\/","title":{"rendered":"Exploradores e Cidad\u00e3os dos Mares"},"content":{"rendered":"\t\t<div data-elementor-type=\"wp-page\" data-elementor-id=\"34205\" class=\"elementor elementor-34205 elementor-33364\" data-elementor-post-type=\"page\">\n\t\t\t\t\t\t<section class=\"elementor-section elementor-top-section elementor-element elementor-element-bfd75c1 elementor-section-full_width elementor-section-height-default elementor-section-height-default\" data-id=\"bfd75c1\" data-element_type=\"section\" data-e-type=\"section\">\n\t\t\t\t\t\t<div class=\"elementor-container elementor-column-gap-no\">\n\t\t\t\t\t<div class=\"elementor-column elementor-col-100 elementor-top-column elementor-element elementor-element-6221b9d\" data-id=\"6221b9d\" data-element_type=\"column\" data-e-type=\"column\">\n\t\t\t<div class=\"elementor-widget-wrap elementor-element-populated\">\n\t\t\t\t\t\t<div class=\"elementor-element elementor-element-7a533190 elementor--h-position-center elementor--v-position-middle elementor-widget elementor-widget-slides\" data-id=\"7a533190\" data-element_type=\"widget\" data-e-type=\"widget\" data-settings=\"{&quot;navigation&quot;:&quot;none&quot;,&quot;transition&quot;:&quot;slide&quot;,&quot;transition_speed&quot;:500}\" data-widget_type=\"slides.default\">\n\t\t\t\t<div class=\"elementor-widget-container\">\n\t\t\t\t\t\t\t\t\t<div class=\"elementor-swiper\">\n\t\t\t\t\t<div class=\"elementor-slides-wrapper elementor-main-swiper swiper\" role=\"region\" aria-roledescription=\"carousel\" aria-label=\"Slides\" dir=\"ltr\" data-animation=\"fadeInUp\">\n\t\t\t\t<div class=\"swiper-wrapper elementor-slides\">\n\t\t\t\t\t\t\t\t\t\t<div class=\"elementor-repeater-item-946f748 swiper-slide\" role=\"group\" aria-roledescription=\"slide\"><div class=\"swiper-slide-bg\" role=\"img\" aria-label=\"12_Atelier-Les-sons-des-mammif\u00e8res_M_Dagnino_LOW_\"><\/div><div class=\"elementor-background-overlay\"><\/div><div class=\"swiper-slide-inner\" ><div class=\"swiper-slide-contents\"><h1 class=\"elementor-slide-heading\">Exploradores e cidad\u00e3os dos mares<\/h1><div class=\"elementor-slide-description\"><p>Participe na edi\u00e7\u00e3o 2021-2022<\/p>\n<\/div><\/div><\/div><\/div>\t\t\t\t<\/div>\n\t\t\t\t\t\t\t<\/div>\n\t\t\t\t<\/div>\n\t\t\t\t\t\t\t\t<\/div>\n\t\t\t\t<\/div>\n\t\t\t\t\t<\/div>\n\t\t<\/div>\n\t\t\t\t\t<\/div>\n\t\t<\/section>\n\t\t\t\t<section class=\"elementor-section elementor-top-section elementor-element elementor-element-e36cca0 elementor-section-full_width elementor-section-height-default elementor-section-height-default\" data-id=\"e36cca0\" data-element_type=\"section\" data-e-type=\"section\">\n\t\t\t\t\t\t<div class=\"elementor-container elementor-column-gap-default\">\n\t\t\t\t\t<div class=\"elementor-column elementor-col-100 elementor-top-column elementor-element elementor-element-485604f6\" data-id=\"485604f6\" data-element_type=\"column\" data-e-type=\"column\">\n\t\t\t<div class=\"elementor-widget-wrap elementor-element-populated\">\n\t\t\t\t\t\t<div class=\"elementor-element elementor-element-f15c443 elementor-widget elementor-widget-ee-breadcrumbs\" data-id=\"f15c443\" data-element_type=\"widget\" data-e-type=\"widget\" data-widget_type=\"ee-breadcrumbs.default\">\n\t\t\t\t<div class=\"elementor-widget-container\">\n\t\t\t\t\t<ul class=\"ee-breadcrumbs\" itemscope=\"\" itemtype=\"http:\/\/schema.org\/BreadcrumbList\"><\/ul>\t\t\t\t<\/div>\n\t\t\t\t<\/div>\n\t\t\t\t\t<\/div>\n\t\t<\/div>\n\t\t\t\t\t<\/div>\n\t\t<\/section>\n\t\t\t\t<section class=\"elementor-section elementor-top-section elementor-element elementor-element-5a39a6a elementor-section-height-min-height elementor-section-boxed elementor-section-height-default elementor-section-items-middle\" data-id=\"5a39a6a\" data-element_type=\"section\" data-e-type=\"section\">\n\t\t\t\t\t\t<div class=\"elementor-container elementor-column-gap-default\">\n\t\t\t\t\t<div class=\"elementor-column elementor-col-66 elementor-top-column elementor-element elementor-element-078ffc1\" data-id=\"078ffc1\" data-element_type=\"column\" data-e-type=\"column\">\n\t\t\t<div class=\"elementor-widget-wrap elementor-element-populated\">\n\t\t\t\t\t\t<div class=\"elementor-element elementor-element-d50e88a elementor-widget elementor-widget-text-editor\" data-id=\"d50e88a\" data-element_type=\"widget\" data-e-type=\"widget\" data-widget_type=\"text-editor.default\">\n\t\t\t\t<div class=\"elementor-widget-container\">\n\t\t\t\t\t\t\t\t\t<p><span lang=\"FR-MC\">Lan\u00e7ado<\/span> <span lang=\"FR-MC\">em 2017 e destinado a turmas do ensino m\u00e9dio e secund\u00e1rio, o dispositivo &#8220;Explorador e cidad\u00e3o dos mares&#8221; \u00e9 apoiado e apoiado pelo<\/span><span class=\"apple-converted-space\"><span lang=\"FR-MC\"> <\/span><\/span><span lang=\"FR-MC\"><a href=\"https:\/\/www.pedagogie.ac-nice.fr\/daac\/culture-scientifique\/explorateur-et-citoyen-des-mers\/\" target=\"_blank\" rel=\"noopener\">Delega\u00e7\u00e3o Acad\u00e9mica para a Educa\u00e7\u00e3o Art\u00edstica e Cultural (DAAC)<\/a><\/span><span class=\"apple-converted-space\"><span lang=\"FR-MC\"> <\/span><\/span><span lang=\"FR-MC\">da Academia de Nice. \u00c9 constru\u00eddo e implementado em parceria com o  <\/span><span lang=\"FR-MC\">Museu Oceanogr\u00e1fico do M\u00f3naco<\/span> <span lang=\"FR-MC\">e<\/span><span class=\"apple-converted-space\"><span lang=\"FR-MC\"> <\/span><\/span><span lang=\"FR-MC\"><a href=\"https:\/\/www.monacoexplorations.org\/actualites\/dispositif-explorateur-et-citoyen-des-mers-cest-reparti-monaco-explorations\/\" target=\"_blank\" rel=\"noopener\">Explora\u00e7\u00f5es do M\u00f3naco.<\/a><\/p>\n<p><\/span><span lang=\"FR-MC\"><\/span><\/p>\n\t\t\t\t\t\t\t\t<\/div>\n\t\t\t\t<\/div>\n\t\t\t\t<div class=\"elementor-element elementor-element-40b9a29 elementor-widget elementor-widget-image\" data-id=\"40b9a29\" data-element_type=\"widget\" data-e-type=\"widget\" data-widget_type=\"image.default\">\n\t\t\t\t<div class=\"elementor-widget-container\">\n\t\t\t\t\t\t\t\t\t\t\t\t\t\t\t<img fetchpriority=\"high\" decoding=\"async\" width=\"1000\" height=\"514\" src=\"https:\/\/musee.oceano.org\/wp-content\/uploads\/sites\/2\/2021\/08\/14_Atelier-Les-sons-des-mammiferes_M_Dagnino2_low_res.png\" class=\"attachment-full size-full wp-image-34226\" alt=\"\" srcset=\"https:\/\/musee.oceano.org\/wp-content\/uploads\/sites\/2\/2021\/08\/14_Atelier-Les-sons-des-mammiferes_M_Dagnino2_low_res.png 1000w, https:\/\/musee.oceano.org\/wp-content\/uploads\/sites\/2\/2021\/08\/14_Atelier-Les-sons-des-mammiferes_M_Dagnino2_low_res-300x154.png 300w, https:\/\/musee.oceano.org\/wp-content\/uploads\/sites\/2\/2021\/08\/14_Atelier-Les-sons-des-mammiferes_M_Dagnino2_low_res-768x395.png 768w\" sizes=\"(max-width: 1000px) 100vw, 1000px\" \/>\t\t\t\t\t\t\t\t\t\t\t\t\t\t\t<\/div>\n\t\t\t\t<\/div>\n\t\t\t\t<div class=\"elementor-element elementor-element-935f400 elementor-widget elementor-widget-text-editor\" data-id=\"935f400\" data-element_type=\"widget\" data-e-type=\"widget\" data-widget_type=\"text-editor.default\">\n\t\t\t\t<div class=\"elementor-widget-container\">\n\t\t\t\t\t\t\t\t\t<p>Atrav\u00e9s de workshops tem\u00e1ticos (sons de mam\u00edferos, esp\u00e9cies protegidas do Mediterr\u00e2neo, corais) realizadas no Museu e com base nas miss\u00f5es das Explora\u00e7\u00f5es do M\u00f3naco, os projetos de classe desenvolvidos pelas classes far\u00e3o parte dos objetivos conjuntos dos parceiros:<\/p>\n<ul>\n<li>abertura cultural e cient\u00edfica (metodologia e abordagem cient\u00edfica, hist\u00f3ria da ci\u00eancia, escrita cient\u00edfica, narrativa, caderno de explora\u00e7\u00e3o, medi\u00e7\u00f5es, instrumenta\u00e7\u00e3o, explora\u00e7\u00e3o de dados, profiss\u00f5es, reuni\u00f5es de profissionais&#8230;)<\/li>\n<li>explora\u00e7\u00e3o oce\u00e2nica, eco-cidadania, abordagem <a href=\"https:\/\/www.ird.fr\/la-science-de-la-durabilite-enjeu-majeur-du-developpement-durable\" target=\"_blank\" rel=\"noopener\">cient\u00edfica da sustentabilidade,<\/a>dimens\u00e3o da investiga\u00e7\u00e3o internacional<\/li>\n<li>compreender as quest\u00f5es ambientais, pol\u00edticas e educativas de uma campanha de explora\u00e7\u00e3o cient\u00edfica ao longo de um ou dois anos escolares e ecoar campanhas hist\u00f3ricas e atuais.<\/li>\n<\/ul>\n\t\t\t\t\t\t\t\t<\/div>\n\t\t\t\t<\/div>\n\t\t\t\t\t<\/div>\n\t\t<\/div>\n\t\t\t\t<div class=\"elementor-column elementor-col-33 elementor-top-column elementor-element elementor-element-f14af3f\" data-id=\"f14af3f\" data-element_type=\"column\" data-e-type=\"column\" data-settings=\"{&quot;background_background&quot;:&quot;classic&quot;}\">\n\t\t\t<div class=\"elementor-widget-wrap elementor-element-populated\">\n\t\t\t\t\t\t<div class=\"elementor-element elementor-element-5dec53c elementor-widget elementor-widget-heading\" data-id=\"5dec53c\" data-element_type=\"widget\" data-e-type=\"widget\" data-widget_type=\"heading.default\">\n\t\t\t\t<div class=\"elementor-widget-container\">\n\t\t\t\t\t<h2 class=\"elementor-heading-title elementor-size-default\">Contactos<\/h2>\t\t\t\t<\/div>\n\t\t\t\t<\/div>\n\t\t\t\t<div class=\"elementor-element elementor-element-0b59094 elementor-widget elementor-widget-text-editor\" data-id=\"0b59094\" data-element_type=\"widget\" data-e-type=\"widget\" data-widget_type=\"text-editor.default\">\n\t\t\t\t<div class=\"elementor-widget-container\">\n\t\t\t\t\t\t\t\t\t<p>\u2022 Registo, log\u00edstica, ajuda financeira, regresso do trabalho: <strong>Laurence Bonnefond, gestor de projetos da DAAC para a cultura cient\u00edfica:<\/strong> laurence.bonnefond@ac-nice.fr<\/p>\n\t\t\t\t\t\t\t\t<\/div>\n\t\t\t\t<\/div>\n\t\t\t\t<div class=\"elementor-element elementor-element-7d9e605 elementor-widget elementor-widget-image\" data-id=\"7d9e605\" data-element_type=\"widget\" data-e-type=\"widget\" data-widget_type=\"image.default\">\n\t\t\t\t<div class=\"elementor-widget-container\">\n\t\t\t\t\t\t\t\t\t\t\t\t\t\t\t\t<a href=\"https:\/\/www.ac-nice.fr\/education-artistique-et-culturelle\" target=\"_blank\">\n\t\t\t\t\t\t\t<img decoding=\"async\" src=\"https:\/\/musee.oceano.org\/wp-content\/uploads\/sites\/2\/elementor\/thumbs\/2021_Logo-DAAC_extenso_mai-1-rjyt5rn9ks32gdi0vai3av63rokmq43jxb1s7fccq0.png\" title=\"2021_Logo DAAC_extenso_mai\" alt=\"2021_Logo DAAC_extenso_mai\" loading=\"lazy\" \/>\t\t\t\t\t\t\t\t<\/a>\n\t\t\t\t\t\t\t\t\t\t\t\t\t\t\t<\/div>\n\t\t\t\t<\/div>\n\t\t\t\t<div class=\"elementor-element elementor-element-b210698 elementor-widget elementor-widget-text-editor\" data-id=\"b210698\" data-element_type=\"widget\" data-e-type=\"widget\" data-widget_type=\"text-editor.default\">\n\t\t\t\t<div class=\"elementor-widget-container\">\n\t\t\t\t\t\t\t\t\t<p>\u2022 Recursos de conte\u00fado, contactos de atores da miss\u00e3o: <strong>Didier Th\u00e9ron, Mediation Manager Explorations do M\u00f3naco: <\/strong>dtheron@monacoexplorations.org<\/p>\n\t\t\t\t\t\t\t\t<\/div>\n\t\t\t\t<\/div>\n\t\t\t\t<div class=\"elementor-element elementor-element-f758047 elementor-widget elementor-widget-image\" data-id=\"f758047\" data-element_type=\"widget\" data-e-type=\"widget\" data-widget_type=\"image.default\">\n\t\t\t\t<div class=\"elementor-widget-container\">\n\t\t\t\t\t\t\t\t\t\t\t\t\t\t\t\t<a href=\"https:\/\/www.monacoexplorations.org\/qui-sommes-nous\/\" target=\"_blank\">\n\t\t\t\t\t\t\t<img decoding=\"async\" src=\"https:\/\/musee.oceano.org\/wp-content\/uploads\/sites\/2\/elementor\/thumbs\/Monaco_Explorations_fr_logo_nobaseline_colors-1-rjyt5rn9ks33h7d8l3fpq7ylsdhuaep41zbob2o3oa.png\" title=\"Monaco_Explorations_fr_logo_nobaseline_colors\" alt=\"Monaco_Explorations_fr_logo_nobaseline_colors\" loading=\"lazy\" \/>\t\t\t\t\t\t\t\t<\/a>\n\t\t\t\t\t\t\t\t\t\t\t\t\t\t\t<\/div>\n\t\t\t\t<\/div>\n\t\t\t\t<div class=\"elementor-element elementor-element-585e063 elementor-widget elementor-widget-text-editor\" data-id=\"585e063\" data-element_type=\"widget\" data-e-type=\"widget\" data-widget_type=\"text-editor.default\">\n\t\t\t\t<div class=\"elementor-widget-container\">\n\t\t\t\t\t\t\t\t\t<p>\u2022 Reserva e escolha dos workshops educativos do Museu: <strong>Laurie Perrot,<\/strong> <strong>Project Manager do Departamento de Anima\u00e7\u00f5es e Educa\u00e7\u00e3o do Museu:<\/strong> service.animations@oceano.org<\/p>\n\t\t\t\t\t\t\t\t<\/div>\n\t\t\t\t<\/div>\n\t\t\t\t<div class=\"elementor-element elementor-element-7b4301a elementor-widget elementor-widget-image\" data-id=\"7b4301a\" data-element_type=\"widget\" data-e-type=\"widget\" data-settings=\"{&quot;motion_fx_motion_fx_mouse&quot;:&quot;yes&quot;}\" data-widget_type=\"image.default\">\n\t\t\t\t<div class=\"elementor-widget-container\">\n\t\t\t\t\t\t\t\t\t\t\t\t\t\t\t<img decoding=\"async\" src=\"https:\/\/musee.oceano.org\/wp-content\/uploads\/sites\/2\/elementor\/thumbs\/Logo-OCEANO-Muse\u0301e-BLEU-rjyt5qpdqqpj7u4x7rqxye3deqghx9f1xi9qrn079w.png\" title=\"Logo OCEANO &#8211; Muse\u0301e BLEU\" alt=\"Logo OCEANO - Muse\u0301e BLEU\" loading=\"lazy\" \/>\t\t\t\t\t\t\t\t\t\t\t\t\t\t\t<\/div>\n\t\t\t\t<\/div>\n\t\t\t\t\t<\/div>\n\t\t<\/div>\n\t\t\t\t\t<\/div>\n\t\t<\/section>\n\t\t\t\t<section class=\"elementor-section elementor-top-section elementor-element elementor-element-cb2103a elementor-section-boxed elementor-section-height-default elementor-section-height-default\" data-id=\"cb2103a\" data-element_type=\"section\" data-e-type=\"section\">\n\t\t\t\t\t\t<div class=\"elementor-container elementor-column-gap-default\">\n\t\t\t\t\t<div class=\"elementor-column elementor-col-100 elementor-top-column elementor-element elementor-element-2cd53ea\" data-id=\"2cd53ea\" data-element_type=\"column\" data-e-type=\"column\">\n\t\t\t<div class=\"elementor-widget-wrap elementor-element-populated\">\n\t\t\t\t\t\t<div class=\"elementor-element elementor-element-d013712 elementor-align-center elementor-widget elementor-widget-button\" data-id=\"d013712\" data-element_type=\"widget\" data-e-type=\"widget\" data-widget_type=\"button.default\">\n\t\t\t\t<div class=\"elementor-widget-container\">\n\t\t\t\t\t\t\t\t\t<div class=\"elementor-button-wrapper\">\n\t\t\t\t\t<a class=\"elementor-button elementor-button-link elementor-size-sm\" href=\"https:\/\/musee.oceano.org\/wp-content\/uploads\/sites\/2\/2021\/05\/AAP-Dispositif-Explorateurs-et-Citoyens-des-Mers.pdf\" target=\"_blank\">\n\t\t\t\t\t\t<span class=\"elementor-button-content-wrapper\">\n\t\t\t\t\t\t\t\t\t<span class=\"elementor-button-text\">Participe no dispositivo<\/span>\n\t\t\t\t\t<\/span>\n\t\t\t\t\t<\/a>\n\t\t\t\t<\/div>\n\t\t\t\t\t\t\t\t<\/div>\n\t\t\t\t<\/div>\n\t\t\t\t\t<\/div>\n\t\t<\/div>\n\t\t\t\t\t<\/div>\n\t\t<\/section>\n\t\t\t\t<section class=\"elementor-section elementor-top-section elementor-element elementor-element-3419779a elementor-section-boxed elementor-section-height-default elementor-section-height-default\" data-id=\"3419779a\" data-element_type=\"section\" data-e-type=\"section\">\n\t\t\t\t\t\t<div class=\"elementor-container elementor-column-gap-default\">\n\t\t\t\t\t<div class=\"elementor-column elementor-col-100 elementor-top-column elementor-element elementor-element-243bb926\" data-id=\"243bb926\" data-element_type=\"column\" data-e-type=\"column\">\n\t\t\t<div class=\"elementor-widget-wrap elementor-element-populated\">\n\t\t\t\t\t\t<section class=\"elementor-section elementor-inner-section elementor-element elementor-element-6d1c103 elementor-section-boxed elementor-section-height-default elementor-section-height-default\" data-id=\"6d1c103\" data-element_type=\"section\" data-e-type=\"section\">\n\t\t\t\t\t\t<div class=\"elementor-container elementor-column-gap-default\">\n\t\t\t\t\t<div class=\"elementor-column elementor-col-50 elementor-inner-column elementor-element elementor-element-53cb74c\" data-id=\"53cb74c\" data-element_type=\"column\" data-e-type=\"column\">\n\t\t\t<div class=\"elementor-widget-wrap elementor-element-populated\">\n\t\t\t\t\t\t<div class=\"elementor-element elementor-element-c0ba7b5 elementor-view-default elementor-widget elementor-widget-icon\" data-id=\"c0ba7b5\" data-element_type=\"widget\" data-e-type=\"widget\" data-widget_type=\"icon.default\">\n\t\t\t\t<div class=\"elementor-widget-container\">\n\t\t\t\t\t\t\t<div class=\"elementor-icon-wrapper\">\n\t\t\t<div class=\"elementor-icon\">\n\t\t\t<i aria-hidden=\"true\" class=\"far fa-file\"><\/i>\t\t\t<\/div>\n\t\t<\/div>\n\t\t\t\t\t\t<\/div>\n\t\t\t\t<\/div>\n\t\t\t\t\t<\/div>\n\t\t<\/div>\n\t\t\t\t<div class=\"elementor-column elementor-col-50 elementor-inner-column elementor-element elementor-element-f1b16b9\" data-id=\"f1b16b9\" data-element_type=\"column\" data-e-type=\"column\">\n\t\t\t<div class=\"elementor-widget-wrap elementor-element-populated\">\n\t\t\t\t\t\t<div class=\"elementor-element elementor-element-ef92139 elementor-widget elementor-widget-heading\" data-id=\"ef92139\" data-element_type=\"widget\" data-e-type=\"widget\" data-widget_type=\"heading.default\">\n\t\t\t\t<div class=\"elementor-widget-container\">\n\t\t\t\t\t<h2 class=\"elementor-heading-title elementor-size-default\">Termos de inscri\u00e7\u00e3o e participa\u00e7\u00e3o<\/h2>\t\t\t\t<\/div>\n\t\t\t\t<\/div>\n\t\t\t\t<div class=\"elementor-element elementor-element-c530844 elementor-widget elementor-widget-text-editor\" data-id=\"c530844\" data-element_type=\"widget\" data-e-type=\"widget\" data-widget_type=\"text-editor.default\">\n\t\t\t\t<div class=\"elementor-widget-container\">\n\t\t\t\t\t\t\t\t\t<ul>\n<li>P\u00fablico em causa: ensino m\u00e9dio e ensino secund\u00e1rio<\/li>\n<li>As inscri\u00e7\u00f5es para o dispositivo s\u00e3o obrigat\u00f3rias, por e-mail para Laurence Bonnefond: &nbsp; <a href=\"mailto:laurence.bonnefond@ac-nice.fr\" target=\"_blank\">laurence.bonnefond@ac-nice.fr<\/a><\/li>\n<li>Poss\u00edvel apoio financeiro \u00e0s turmas registadas em resposta ao convite do EAC do DAAC para projetos, para o ano letivo 2021-2022, dispon\u00edvel na plataforma ADAGE de 17 de maio a 6 de julho de 2021<\/li>\n<li>Para as escolas secund\u00e1rias, poss\u00edvel resposta ao INES da Regi\u00e3o exige projetos antes de 31 de maio de 2021<\/li>\n<li>Atribui\u00e7\u00e3o de estudantes relacionadas com o dispositivo: 31 de maio de 2022. Esperado num formato de cartazes (tipo de modelo fornecido).<\/li>\n<\/ul>\n\t\t\t\t\t\t\t\t<\/div>\n\t\t\t\t<\/div>\n\t\t\t\t\t<\/div>\n\t\t<\/div>\n\t\t\t\t\t<\/div>\n\t\t<\/section>\n\t\t\t\t<section class=\"elementor-section elementor-inner-section elementor-element elementor-element-f74f8ab elementor-section-boxed elementor-section-height-default elementor-section-height-default\" data-id=\"f74f8ab\" data-element_type=\"section\" data-e-type=\"section\">\n\t\t\t\t\t\t<div class=\"elementor-container elementor-column-gap-default\">\n\t\t\t\t\t<div class=\"elementor-column elementor-col-50 elementor-inner-column elementor-element elementor-element-a5b2001\" data-id=\"a5b2001\" data-element_type=\"column\" data-e-type=\"column\">\n\t\t\t<div class=\"elementor-widget-wrap elementor-element-populated\">\n\t\t\t\t\t\t<div class=\"elementor-element elementor-element-f5404af elementor-view-default elementor-widget elementor-widget-icon\" data-id=\"f5404af\" data-element_type=\"widget\" data-e-type=\"widget\" data-widget_type=\"icon.default\">\n\t\t\t\t<div class=\"elementor-widget-container\">\n\t\t\t\t\t\t\t<div class=\"elementor-icon-wrapper\">\n\t\t\t<div class=\"elementor-icon\">\n\t\t\t<i aria-hidden=\"true\" class=\"far fa-calendar-alt\"><\/i>\t\t\t<\/div>\n\t\t<\/div>\n\t\t\t\t\t\t<\/div>\n\t\t\t\t<\/div>\n\t\t\t\t\t<\/div>\n\t\t<\/div>\n\t\t\t\t<div class=\"elementor-column elementor-col-50 elementor-inner-column elementor-element elementor-element-be3578d\" data-id=\"be3578d\" data-element_type=\"column\" data-e-type=\"column\">\n\t\t\t<div class=\"elementor-widget-wrap elementor-element-populated\">\n\t\t\t\t\t\t<div class=\"elementor-element elementor-element-0344634 elementor-widget elementor-widget-heading\" data-id=\"0344634\" data-element_type=\"widget\" data-e-type=\"widget\" data-widget_type=\"heading.default\">\n\t\t\t\t<div class=\"elementor-widget-container\">\n\t\t\t\t\t<h2 class=\"elementor-heading-title elementor-size-default\">Datas-chave<\/h2>\t\t\t\t<\/div>\n\t\t\t\t<\/div>\n\t\t\t\t<div class=\"elementor-element elementor-element-e69401d elementor-widget elementor-widget-text-editor\" data-id=\"e69401d\" data-element_type=\"widget\" data-e-type=\"widget\" data-widget_type=\"text-editor.default\">\n\t\t\t\t<div class=\"elementor-widget-container\">\n\t\t\t\t\t\t\t\t\t<ul>\n<li>Junho a setembro de 2021: convocat\u00f3ria para projetos das institui\u00e7\u00f5es para projetos 2021-2022<\/li>\n<li><span style=\"letter-spacing: 0.16px\">13 de outubro de 2021 das 14.m:30 \u00e0s 16:30.m.: conhe\u00e7a<\/span>os professores no Museu Oceanogr\u00e1fico, para apresenta\u00e7\u00e3o dos recursos educativos e workshops do Museu relacionados com miss\u00f5es de explora\u00e7\u00e3o.<\/li>\n<li>Novembro de 2021: in\u00edcio de projetos<\/li>\n<li>No final do ano: valoriza\u00e7\u00e3o de projetos e obras realizadas em estabelecimentos, em locais parceiros ou por ocasi\u00e3o de eventos (Dia Mundial dos Oceanos, Festival da Ci\u00eancia&#8230;)<\/li>\n<\/ul>\n\t\t\t\t\t\t\t\t<\/div>\n\t\t\t\t<\/div>\n\t\t\t\t\t<\/div>\n\t\t<\/div>\n\t\t\t\t\t<\/div>\n\t\t<\/section>\n\t\t\t\t<div class=\"elementor-element elementor-element-a49b910 elementor-widget elementor-widget-spacer\" data-id=\"a49b910\" data-element_type=\"widget\" data-e-type=\"widget\" data-widget_type=\"spacer.default\">\n\t\t\t\t<div class=\"elementor-widget-container\">\n\t\t\t\t\t\t\t<div class=\"elementor-spacer\">\n\t\t\t<div class=\"elementor-spacer-inner\"><\/div>\n\t\t<\/div>\n\t\t\t\t\t\t<\/div>\n\t\t\t\t<\/div>\n\t\t\t\t\t<\/div>\n\t\t<\/div>\n\t\t\t\t\t<\/div>\n\t\t<\/section>\n\t\t\t\t<section class=\"elementor-section elementor-top-section elementor-element elementor-element-9518272 elementor-section-full_width elementor-section-height-default elementor-section-height-default\" data-id=\"9518272\" data-element_type=\"section\" data-e-type=\"section\" data-settings=\"{&quot;background_background&quot;:&quot;classic&quot;}\">\n\t\t\t\t\t\t<div class=\"elementor-container elementor-column-gap-default\">\n\t\t\t\t\t<div class=\"elementor-column elementor-col-100 elementor-top-column elementor-element elementor-element-803d9be\" data-id=\"803d9be\" data-element_type=\"column\" data-e-type=\"column\">\n\t\t\t<div class=\"elementor-widget-wrap elementor-element-populated\">\n\t\t\t\t\t\t<section class=\"elementor-section elementor-inner-section elementor-element elementor-element-4f2ad26 elementor-section-boxed elementor-section-height-default elementor-section-height-default\" data-id=\"4f2ad26\" data-element_type=\"section\" data-e-type=\"section\">\n\t\t\t\t\t\t<div class=\"elementor-container elementor-column-gap-default\">\n\t\t\t\t\t<div class=\"elementor-column elementor-col-100 elementor-inner-column elementor-element elementor-element-fc9097d\" data-id=\"fc9097d\" data-element_type=\"column\" data-e-type=\"column\">\n\t\t\t<div class=\"elementor-widget-wrap elementor-element-populated\">\n\t\t\t\t\t\t<div class=\"elementor-element elementor-element-12a2af4 elementor-widget elementor-widget-heading\" data-id=\"12a2af4\" data-element_type=\"widget\" data-e-type=\"widget\" data-widget_type=\"heading.default\">\n\t\t\t\t<div class=\"elementor-widget-container\">\n\t\t\t\t\t<h2 class=\"elementor-heading-title elementor-size-default\">PROJETOS DE CLASSE<\/h2>\t\t\t\t<\/div>\n\t\t\t\t<\/div>\n\t\t\t\t<div class=\"elementor-element elementor-element-d64025d elementor-widget elementor-widget-image-carousel\" data-id=\"d64025d\" data-element_type=\"widget\" data-e-type=\"widget\" data-settings=\"{&quot;image_spacing_custom&quot;:{&quot;unit&quot;:&quot;px&quot;,&quot;size&quot;:&quot;10&quot;,&quot;sizes&quot;:[]},&quot;navigation&quot;:&quot;none&quot;,&quot;autoplay&quot;:&quot;yes&quot;,&quot;pause_on_hover&quot;:&quot;yes&quot;,&quot;pause_on_interaction&quot;:&quot;yes&quot;,&quot;autoplay_speed&quot;:5000,&quot;infinite&quot;:&quot;yes&quot;,&quot;speed&quot;:500,&quot;image_spacing_custom_tablet&quot;:{&quot;unit&quot;:&quot;px&quot;,&quot;size&quot;:&quot;&quot;,&quot;sizes&quot;:[]},&quot;image_spacing_custom_mobile&quot;:{&quot;unit&quot;:&quot;px&quot;,&quot;size&quot;:&quot;&quot;,&quot;sizes&quot;:[]}}\" data-widget_type=\"image-carousel.default\">\n\t\t\t\t<div class=\"elementor-widget-container\">\n\t\t\t\t\t\t\t<div class=\"elementor-image-carousel-wrapper swiper\" role=\"region\" aria-roledescription=\"carousel\" aria-label=\"Carrossel de imagens\" dir=\"ltr\">\n\t\t\t<div class=\"elementor-image-carousel swiper-wrapper\" aria-live=\"off\">\n\t\t\t\t\t\t\t\t<div class=\"swiper-slide\" role=\"group\" aria-roledescription=\"slide\" aria-label=\"1 of 6\"><figure class=\"swiper-slide-inner\"><img decoding=\"async\" class=\"swiper-slide-image\" src=\"https:\/\/musee.oceano.org\/wp-content\/uploads\/sites\/2\/2021\/07\/6-452x602.jpg\" alt=\"6\" \/><\/figure><\/div><div class=\"swiper-slide\" role=\"group\" aria-roledescription=\"slide\" aria-label=\"2 of 6\"><figure class=\"swiper-slide-inner\"><img decoding=\"async\" class=\"swiper-slide-image\" src=\"https:\/\/musee.oceano.org\/wp-content\/uploads\/sites\/2\/2021\/07\/5-452x602.jpg\" alt=\"5\" \/><\/figure><\/div><div class=\"swiper-slide\" role=\"group\" aria-roledescription=\"slide\" aria-label=\"3 of 6\"><figure class=\"swiper-slide-inner\"><img decoding=\"async\" class=\"swiper-slide-image\" src=\"https:\/\/musee.oceano.org\/wp-content\/uploads\/sites\/2\/2021\/07\/3-452x602.jpg\" alt=\"3\" \/><\/figure><\/div><div class=\"swiper-slide\" role=\"group\" aria-roledescription=\"slide\" aria-label=\"4 of 6\"><figure class=\"swiper-slide-inner\"><img decoding=\"async\" class=\"swiper-slide-image\" src=\"https:\/\/musee.oceano.org\/wp-content\/uploads\/sites\/2\/2021\/07\/4-452x602.jpg\" alt=\"4\" \/><\/figure><\/div><div class=\"swiper-slide\" role=\"group\" aria-roledescription=\"slide\" aria-label=\"5 of 6\"><figure class=\"swiper-slide-inner\"><img decoding=\"async\" class=\"swiper-slide-image\" src=\"https:\/\/musee.oceano.org\/wp-content\/uploads\/sites\/2\/2021\/08\/2-452x602.jpg\" alt=\"2\" \/><\/figure><\/div><div class=\"swiper-slide\" role=\"group\" aria-roledescription=\"slide\" aria-label=\"6 of 6\"><figure class=\"swiper-slide-inner\"><img decoding=\"async\" class=\"swiper-slide-image\" src=\"https:\/\/musee.oceano.org\/wp-content\/uploads\/sites\/2\/2021\/08\/1-452x602.jpg\" alt=\"1\" \/><\/figure><\/div>\t\t\t<\/div>\n\t\t\t\t\t\t\t\n\t\t\t\t\t\t\t\t\t<\/div>\n\t\t\t\t\t\t<\/div>\n\t\t\t\t<\/div>\n\t\t\t\t<div class=\"elementor-element elementor-element-9c51faf elementor-widget-divider--view-line elementor-widget elementor-widget-divider\" data-id=\"9c51faf\" data-element_type=\"widget\" data-e-type=\"widget\" data-widget_type=\"divider.default\">\n\t\t\t\t<div class=\"elementor-widget-container\">\n\t\t\t\t\t\t\t<div class=\"elementor-divider\">\n\t\t\t<span class=\"elementor-divider-separator\">\n\t\t\t\t\t\t<\/span>\n\t\t<\/div>\n\t\t\t\t\t\t<\/div>\n\t\t\t\t<\/div>\n\t\t\t\t\t<\/div>\n\t\t<\/div>\n\t\t\t\t\t<\/div>\n\t\t<\/section>\n\t\t\t\t<section class=\"elementor-section elementor-inner-section elementor-element elementor-element-48a75b6 elementor-section-boxed elementor-section-height-default elementor-section-height-default\" data-id=\"48a75b6\" data-element_type=\"section\" data-e-type=\"section\">\n\t\t\t\t\t\t<div class=\"elementor-container elementor-column-gap-default\">\n\t\t\t\t\t<div class=\"elementor-column elementor-col-50 elementor-inner-column elementor-element elementor-element-9402dcb\" data-id=\"9402dcb\" data-element_type=\"column\" data-e-type=\"column\">\n\t\t\t<div class=\"elementor-widget-wrap elementor-element-populated\">\n\t\t\t\t\t\t<div class=\"elementor-element elementor-element-f98b584 elementor-widget elementor-widget-heading\" data-id=\"f98b584\" data-element_type=\"widget\" data-e-type=\"widget\" data-widget_type=\"heading.default\">\n\t\t\t\t<div class=\"elementor-widget-container\">\n\t\t\t\t\t<h2 class=\"elementor-heading-title elementor-size-default\">2020-<br>2021<\/h2>\t\t\t\t<\/div>\n\t\t\t\t<\/div>\n\t\t\t\t\t<\/div>\n\t\t<\/div>\n\t\t\t\t<div class=\"elementor-column elementor-col-50 elementor-inner-column elementor-element elementor-element-135c12f\" data-id=\"135c12f\" data-element_type=\"column\" data-e-type=\"column\">\n\t\t\t<div class=\"elementor-widget-wrap elementor-element-populated\">\n\t\t\t\t\t\t<div class=\"elementor-element elementor-element-b24d9ab elementor-align-left elementor-tablet-align-center elementor-widget__width-auto elementor-widget elementor-widget-button\" data-id=\"b24d9ab\" data-element_type=\"widget\" data-e-type=\"widget\" data-widget_type=\"button.default\">\n\t\t\t\t<div class=\"elementor-widget-container\">\n\t\t\t\t\t\t\t\t\t<div class=\"elementor-button-wrapper\">\n\t\t\t\t\t<a class=\"elementor-button elementor-button-link elementor-size-xs\" href=\"https:\/\/musee.oceano.org\/wp-content\/uploads\/sites\/2\/2021\/07\/biodiv-3-College_Cesar-Assemblage.pdf\" target=\"_blank\">\n\t\t\t\t\t\t<span class=\"elementor-button-content-wrapper\">\n\t\t\t\t\t\t\t\t\t<span class=\"elementor-button-text\">Coll\u00e8ge Cesar | Roquefort-les-Pins<\/span>\n\t\t\t\t\t<\/span>\n\t\t\t\t\t<\/a>\n\t\t\t\t<\/div>\n\t\t\t\t\t\t\t\t<\/div>\n\t\t\t\t<\/div>\n\t\t\t\t<div class=\"elementor-element elementor-element-acaa541 elementor-align-left elementor-tablet-align-center elementor-widget__width-auto elementor-widget elementor-widget-button\" data-id=\"acaa541\" data-element_type=\"widget\" data-e-type=\"widget\" data-widget_type=\"button.default\">\n\t\t\t\t<div class=\"elementor-widget-container\">\n\t\t\t\t\t\t\t\t\t<div class=\"elementor-button-wrapper\">\n\t\t\t\t\t<a class=\"elementor-button elementor-button-link elementor-size-xs\" href=\"https:\/\/musee.oceano.org\/wp-content\/uploads\/sites\/2\/2021\/07\/Lepave-du-NatalCollegeLeotard-Assemblage.pdf\" target=\"_blank\">\n\t\t\t\t\t\t<span class=\"elementor-button-content-wrapper\">\n\t\t\t\t\t\t\t\t\t<span class=\"elementor-button-text\">College Leotard | Fr\u00e9jus<\/span>\n\t\t\t\t\t<\/span>\n\t\t\t\t\t<\/a>\n\t\t\t\t<\/div>\n\t\t\t\t\t\t\t\t<\/div>\n\t\t\t\t<\/div>\n\t\t\t\t<div class=\"elementor-element elementor-element-3a1d9e4 elementor-align-left elementor-tablet-align-center elementor-widget__width-auto elementor-widget elementor-widget-button\" data-id=\"3a1d9e4\" data-element_type=\"widget\" data-e-type=\"widget\" data-widget_type=\"button.default\">\n\t\t\t\t<div class=\"elementor-widget-container\">\n\t\t\t\t\t\t\t\t\t<div class=\"elementor-button-wrapper\">\n\t\t\t\t\t<a class=\"elementor-button elementor-button-link elementor-size-xs\" href=\"https:\/\/musee.oceano.org\/wp-content\/uploads\/sites\/2\/2021\/07\/PROJET-MED-DAAC-2020-2021_Brea_StMartin.pdf\" target=\"_blank\">\n\t\t\t\t\t\t<span class=\"elementor-button-content-wrapper\">\n\t\t\t\t\t\t\t\t\t<span class=\"elementor-button-text\">College Ludovic Brea | Saint-Martin-du-Var<\/span>\n\t\t\t\t\t<\/span>\n\t\t\t\t\t<\/a>\n\t\t\t\t<\/div>\n\t\t\t\t\t\t\t\t<\/div>\n\t\t\t\t<\/div>\n\t\t\t\t<div class=\"elementor-element elementor-element-ad37e07 elementor-align-left elementor-tablet-align-center elementor-widget__width-auto elementor-widget elementor-widget-button\" data-id=\"ad37e07\" data-element_type=\"widget\" data-e-type=\"widget\" data-widget_type=\"button.default\">\n\t\t\t\t<div class=\"elementor-widget-container\">\n\t\t\t\t\t\t\t\t\t<div class=\"elementor-button-wrapper\">\n\t\t\t\t\t<a class=\"elementor-button elementor-button-link elementor-size-xs\" href=\"https:\/\/musee.oceano.org\/wp-content\/uploads\/sites\/2\/2021\/07\/exempleThon_MoulinBlanc_StTropez-Assemblage.pdf\" target=\"_blank\">\n\t\t\t\t\t\t<span class=\"elementor-button-content-wrapper\">\n\t\t\t\t\t\t\t\t\t<span class=\"elementor-button-text\">Coll\u00e8ge le moulin blanc | Saint-Tropez<\/span>\n\t\t\t\t\t<\/span>\n\t\t\t\t\t<\/a>\n\t\t\t\t<\/div>\n\t\t\t\t\t\t\t\t<\/div>\n\t\t\t\t<\/div>\n\t\t\t\t<div class=\"elementor-element elementor-element-21bf176 elementor-align-left elementor-tablet-align-center elementor-widget__width-auto elementor-widget elementor-widget-button\" data-id=\"21bf176\" data-element_type=\"widget\" data-e-type=\"widget\" data-widget_type=\"button.default\">\n\t\t\t\t<div class=\"elementor-widget-container\">\n\t\t\t\t\t\t\t\t\t<div class=\"elementor-button-wrapper\">\n\t\t\t\t\t<a class=\"elementor-button elementor-button-link elementor-size-xs\" href=\"https:\/\/musee.oceano.org\/wp-content\/uploads\/sites\/2\/2021\/07\/Article-de-presse-du-Nantucket-times-pr-J-Rostand-a-Nice-Assemblage.pdf\" target=\"_blank\">\n\t\t\t\t\t\t<span class=\"elementor-button-content-wrapper\">\n\t\t\t\t\t\t\t\t\t<span class=\"elementor-button-text\">Coll\u00e8ge Jean Rostand | Nice<\/span>\n\t\t\t\t\t<\/span>\n\t\t\t\t\t<\/a>\n\t\t\t\t<\/div>\n\t\t\t\t\t\t\t\t<\/div>\n\t\t\t\t<\/div>\n\t\t\t\t<div class=\"elementor-element elementor-element-5c4f05a elementor-align-left elementor-tablet-align-center elementor-widget__width-auto elementor-widget elementor-widget-button\" data-id=\"5c4f05a\" data-element_type=\"widget\" data-e-type=\"widget\" data-widget_type=\"button.default\">\n\t\t\t\t<div class=\"elementor-widget-container\">\n\t\t\t\t\t\t\t\t\t<div class=\"elementor-button-wrapper\">\n\t\t\t\t\t<a class=\"elementor-button elementor-button-link elementor-size-xs\" href=\"https:\/\/musee.oceano.org\/wp-content\/uploads\/sites\/2\/2021\/07\/Poster_CORAUX-Villalonge-Geffard-Houdard-Picardi_SteMarie_SeynesurMer-Assemblage.pdf\" target=\"_blank\">\n\t\t\t\t\t\t<span class=\"elementor-button-content-wrapper\">\n\t\t\t\t\t\t\t\t\t<span class=\"elementor-button-text\">Institution Sainte Marie | La Seyne-sur-Mer<\/span>\n\t\t\t\t\t<\/span>\n\t\t\t\t\t<\/a>\n\t\t\t\t<\/div>\n\t\t\t\t\t\t\t\t<\/div>\n\t\t\t\t<\/div>\n\t\t\t\t\t<\/div>\n\t\t<\/div>\n\t\t\t\t\t<\/div>\n\t\t<\/section>\n\t\t\t\t\t<\/div>\n\t\t<\/div>\n\t\t\t\t\t<\/div>\n\t\t<\/section>\n\t\t\t\t<section class=\"elementor-section elementor-top-section elementor-element elementor-element-1527b8a7 bloc-bigtext-imgr elementor-section-boxed elementor-section-height-default elementor-section-height-default\" data-id=\"1527b8a7\" data-element_type=\"section\" data-e-type=\"section\" data-settings=\"{&quot;background_background&quot;:&quot;classic&quot;}\">\n\t\t\t\t\t\t<div class=\"elementor-container elementor-column-gap-default\">\n\t\t\t\t\t<div class=\"elementor-column elementor-col-100 elementor-top-column elementor-element elementor-element-e8c758a\" data-id=\"e8c758a\" data-element_type=\"column\" data-e-type=\"column\">\n\t\t\t<div class=\"elementor-widget-wrap elementor-element-populated\">\n\t\t\t\t\t\t<section class=\"elementor-section elementor-inner-section elementor-element elementor-element-6e17192d elementor-section-boxed elementor-section-height-default elementor-section-height-default\" data-id=\"6e17192d\" data-element_type=\"section\" data-e-type=\"section\" data-settings=\"{&quot;background_background&quot;:&quot;classic&quot;}\">\n\t\t\t\t\t\t<div class=\"elementor-container elementor-column-gap-default\">\n\t\t\t\t\t<div class=\"elementor-column elementor-col-50 elementor-inner-column elementor-element elementor-element-34facbb0\" data-id=\"34facbb0\" data-element_type=\"column\" data-e-type=\"column\">\n\t\t\t<div class=\"elementor-widget-wrap elementor-element-populated\">\n\t\t\t\t\t\t<div class=\"elementor-element elementor-element-7abf0252 elementor-widget elementor-widget-heading\" data-id=\"7abf0252\" data-element_type=\"widget\" data-e-type=\"widget\" data-widget_type=\"heading.default\">\n\t\t\t\t<div class=\"elementor-widget-container\">\n\t\t\t\t\t<h2 class=\"elementor-heading-title elementor-size-default\">300 alunos recebidos no Museu para workshops educativos<\/h2>\t\t\t\t<\/div>\n\t\t\t\t<\/div>\n\t\t\t\t<div class=\"elementor-element elementor-element-239ec76d elementor-widget elementor-widget-text-editor\" data-id=\"239ec76d\" data-element_type=\"widget\" data-e-type=\"widget\" data-widget_type=\"text-editor.default\">\n\t\t\t\t<div class=\"elementor-widget-container\">\n\t\t\t\t\t\t\t\t\t<p>No \u00e2mbito deste projeto educativo &nbsp; &#8220;Exploradores e Cidad\u00e3os dos Mares&#8221;, 300 alunos puderam ir ao Museu Oceanogr\u00e1fico do M\u00f3naco e participar nos workshops oferecidos pelas equipas do Departamento de Anima\u00e7\u00e3o. Sobre o programa: workshops relacionados com os temas abordados durante o seu ano letivo: O&#8230; os mam\u00edferos marinhos do Mediterr\u00e2neo, as tartarugas SOS, as esp\u00e9cies protegidas do Mediterr\u00e2neo ou dos corais: construtores da biodiversidade.<br \/><span style=\"letter-spacing: 0.16px\">Tantas possibilidades de estudos, interc\u00e2mbio e di\u00e1logo para completar os ricos apoios das<\/span> <a href=\"https:\/\/www.monacoexplorations.org\/\" target=\"_blank\" rel=\"noopener\" style=\"letter-spacing: 0.16px\">Explora\u00e7\u00f5es do M\u00f3naco<\/a><span style=\"letter-spacing: 0.16px\">  como a Miss\u00e3o Esfilana ou a Miss\u00e3o Gombessa 5, que foram usadas para ilustrar partes importantes do programa dos estudantes, como o estudo dos sons dos mam\u00edferos marinhos, a biodiversidade marinha no Mediterr\u00e2neo, o mergulho como t\u00e9cnica de explora\u00e7\u00e3o ou a salvaguarda de tartarugas martinas e recifes de coral.<\/span><\/p>\n\t\t\t\t\t\t\t\t<\/div>\n\t\t\t\t<\/div>\n\t\t\t\t<div class=\"elementor-element elementor-element-e29af03 elementor-align-center elementor-widget elementor-widget-button\" data-id=\"e29af03\" data-element_type=\"widget\" data-e-type=\"widget\" data-widget_type=\"button.default\">\n\t\t\t\t<div class=\"elementor-widget-container\">\n\t\t\t\t\t\t\t\t\t<div class=\"elementor-button-wrapper\">\n\t\t\t\t\t<a class=\"elementor-button elementor-button-link elementor-size-sm\" href=\"https:\/\/musee.oceano.org\/wp-content\/uploads\/sites\/2\/2021\/05\/AAP-Dispositif-Explorateurs-et-Citoyens-des-Mers.pdf\" target=\"_blank\">\n\t\t\t\t\t\t<span class=\"elementor-button-content-wrapper\">\n\t\t\t\t\t\t\t\t\t<span class=\"elementor-button-text\">Participe no dispositivo<\/span>\n\t\t\t\t\t<\/span>\n\t\t\t\t\t<\/a>\n\t\t\t\t<\/div>\n\t\t\t\t\t\t\t\t<\/div>\n\t\t\t\t<\/div>\n\t\t\t\t\t<\/div>\n\t\t<\/div>\n\t\t\t\t<div class=\"elementor-column elementor-col-50 elementor-inner-column elementor-element elementor-element-78e0ae25\" data-id=\"78e0ae25\" data-element_type=\"column\" data-e-type=\"column\">\n\t\t\t<div class=\"elementor-widget-wrap elementor-element-populated\">\n\t\t\t\t\t\t<div class=\"elementor-element elementor-element-47adc1c7 elementor-zoom elementor-widget elementor-widget-image\" data-id=\"47adc1c7\" data-element_type=\"widget\" data-e-type=\"widget\" data-widget_type=\"image.default\">\n\t\t\t\t<div class=\"elementor-widget-container\">\n\t\t\t\t\t\t\t\t\t\t\t\t\t\t\t<img decoding=\"async\" width=\"762\" height=\"578\" src=\"https:\/\/musee.oceano.org\/wp-content\/uploads\/sites\/2\/2021\/07\/02_Atelier-Les-sons-des-mammiferes_M_Dagnino-min-762x578.jpg\" class=\"attachment-img-actu-section size-img-actu-section wp-image-33375\" alt=\"\" \/>\t\t\t\t\t\t\t\t\t\t\t\t\t\t\t<\/div>\n\t\t\t\t<\/div>\n\t\t\t\t\t<\/div>\n\t\t<\/div>\n\t\t\t\t\t<\/div>\n\t\t<\/section>\n\t\t\t\t\t<\/div>\n\t\t<\/div>\n\t\t\t\t\t<\/div>\n\t\t<\/section>\n\t\t\t\t<section class=\"elementor-section elementor-top-section elementor-element elementor-element-ad876fd elementor-section-boxed elementor-section-height-default elementor-section-height-default\" data-id=\"ad876fd\" data-element_type=\"section\" data-e-type=\"section\">\n\t\t\t\t\t\t<div class=\"elementor-container elementor-column-gap-default\">\n\t\t\t\t\t<div class=\"elementor-column elementor-col-100 elementor-top-column elementor-element elementor-element-b6eb357\" data-id=\"b6eb357\" data-element_type=\"column\" data-e-type=\"column\">\n\t\t\t<div class=\"elementor-widget-wrap elementor-element-populated\">\n\t\t\t\t\t\t<div class=\"elementor-element elementor-element-305dd8d7 elementor--h-position-center elementor--v-position-middle elementor-widget elementor-widget-slides\" data-id=\"305dd8d7\" data-element_type=\"widget\" data-e-type=\"widget\" data-settings=\"{&quot;navigation&quot;:&quot;none&quot;,&quot;autoplay_speed&quot;:&quot;2000&quot;,&quot;transition_speed&quot;:&quot;200&quot;,&quot;autoplay&quot;:&quot;yes&quot;,&quot;pause_on_hover&quot;:&quot;yes&quot;,&quot;pause_on_interaction&quot;:&quot;yes&quot;,&quot;infinite&quot;:&quot;yes&quot;,&quot;transition&quot;:&quot;slide&quot;}\" data-widget_type=\"slides.default\">\n\t\t\t\t<div class=\"elementor-widget-container\">\n\t\t\t\t\t\t\t\t\t<div class=\"elementor-swiper\">\n\t\t\t\t\t<div class=\"elementor-slides-wrapper elementor-main-swiper swiper\" role=\"region\" aria-roledescription=\"carousel\" aria-label=\"Slides\" dir=\"ltr\" data-animation=\"zoomIn\">\n\t\t\t\t<div class=\"swiper-wrapper elementor-slides\">\n\t\t\t\t\t\t\t\t\t\t<div class=\"elementor-repeater-item-22539e0 swiper-slide\" role=\"group\" aria-roledescription=\"slide\"><div class=\"swiper-slide-bg elementor-ken-burns elementor-ken-burns--out\" role=\"img\" aria-label=\"a66ab49b-fd67-4867-8438-39f6568ae3a0\"><\/div><div class=\"swiper-slide-inner\" ><div class=\"swiper-slide-contents\"><a href=\"https:\/\/musee.oceano.org\/pt-pt\/voce-e-professor\/\" target=\"_blank\" class=\"elementor-button elementor-slide-button elementor-size-sm\">Descubra os nossos workshops escolares<\/a><\/div><\/div><\/div>\t\t\t\t<\/div>\n\t\t\t\t\t\t\t<\/div>\n\t\t\t\t<\/div>\n\t\t\t\t\t\t\t\t<\/div>\n\t\t\t\t<\/div>\n\t\t\t\t<div class=\"elementor-element elementor-element-90a2864 elementor-widget-divider--view-line elementor-widget elementor-widget-divider\" data-id=\"90a2864\" data-element_type=\"widget\" data-e-type=\"widget\" data-widget_type=\"divider.default\">\n\t\t\t\t<div class=\"elementor-widget-container\">\n\t\t\t\t\t\t\t<div class=\"elementor-divider\">\n\t\t\t<span class=\"elementor-divider-separator\">\n\t\t\t\t\t\t<\/span>\n\t\t<\/div>\n\t\t\t\t\t\t<\/div>\n\t\t\t\t<\/div>\n\t\t\t\t<div class=\"elementor-element elementor-element-a51358c elementor-widget elementor-widget-heading\" data-id=\"a51358c\" data-element_type=\"widget\" data-e-type=\"widget\" data-widget_type=\"heading.default\">\n\t\t\t\t<div class=\"elementor-widget-container\">\n\t\t\t\t\t<h2 class=\"elementor-heading-title elementor-size-default\">Ver tamb\u00e9m<\/h2>\t\t\t\t<\/div>\n\t\t\t\t<\/div>\n\t\t\t\t\t<\/div>\n\t\t<\/div>\n\t\t\t\t\t<\/div>\n\t\t<\/section>\n\t\t\t\t<section class=\"elementor-section elementor-top-section elementor-element elementor-element-1ae10df4 elementor-section-boxed elementor-section-height-default elementor-section-height-default\" data-id=\"1ae10df4\" data-element_type=\"section\" data-e-type=\"section\" data-settings=\"{&quot;background_background&quot;:&quot;classic&quot;}\">\n\t\t\t\t\t\t<div class=\"elementor-container elementor-column-gap-default\">\n\t\t\t\t\t<div class=\"elementor-column elementor-col-33 elementor-top-column elementor-element elementor-element-143c5961 animated-slow elementor-invisible\" data-id=\"143c5961\" data-element_type=\"column\" data-e-type=\"column\" data-settings=\"{&quot;animation&quot;:&quot;fadeInUp&quot;}\">\n\t\t\t<div class=\"elementor-widget-wrap elementor-element-populated\">\n\t\t\t\t\t\t<div class=\"elementor-element elementor-element-11134865 elementor-zoom elementor-widget elementor-widget-image\" data-id=\"11134865\" data-element_type=\"widget\" data-e-type=\"widget\" data-widget_type=\"image.default\">\n\t\t\t\t<div class=\"elementor-widget-container\">\n\t\t\t\t\t\t\t\t\t\t\t\t\t\t\t<img decoding=\"async\" width=\"334\" height=\"334\" src=\"https:\/\/musee.oceano.org\/wp-content\/uploads\/sites\/2\/2019\/08\/Editions_Meduses-334x334.jpg\" class=\"attachment-img-bloc-square size-img-bloc-square wp-image-10043\" alt=\"\" srcset=\"https:\/\/musee.oceano.org\/wp-content\/uploads\/sites\/2\/2019\/08\/Editions_Meduses-334x334.jpg 334w, https:\/\/musee.oceano.org\/wp-content\/uploads\/sites\/2\/2019\/08\/Editions_Meduses-150x150.jpg 150w, https:\/\/musee.oceano.org\/wp-content\/uploads\/sites\/2\/2019\/08\/Editions_Meduses-433x433.jpg 433w\" sizes=\"(max-width: 334px) 100vw, 334px\" \/>\t\t\t\t\t\t\t\t\t\t\t\t\t\t\t<\/div>\n\t\t\t\t<\/div>\n\t\t\t\t<div class=\"elementor-element elementor-element-731ce7ce elementor-align-center elementor-widget elementor-widget-button\" data-id=\"731ce7ce\" data-element_type=\"widget\" data-e-type=\"widget\" data-widget_type=\"button.default\">\n\t\t\t\t<div class=\"elementor-widget-container\">\n\t\t\t\t\t\t\t\t\t<div class=\"elementor-button-wrapper\">\n\t\t\t\t\t<a class=\"elementor-button elementor-button-link elementor-size-md\" href=\"\/edi\u00e7\u00f5es\/\" target=\"_blank\">\n\t\t\t\t\t\t<span class=\"elementor-button-content-wrapper\">\n\t\t\t\t\t\t\t\t\t<span class=\"elementor-button-text\">mergulhar nas nossas edi\u00e7\u00f5es<\/span>\n\t\t\t\t\t<\/span>\n\t\t\t\t\t<\/a>\n\t\t\t\t<\/div>\n\t\t\t\t\t\t\t\t<\/div>\n\t\t\t\t<\/div>\n\t\t\t\t\t<\/div>\n\t\t<\/div>\n\t\t\t\t<div class=\"elementor-column elementor-col-33 elementor-top-column elementor-element elementor-element-520cb8f animated-slow elementor-invisible\" data-id=\"520cb8f\" data-element_type=\"column\" data-e-type=\"column\" data-settings=\"{&quot;animation&quot;:&quot;fadeInUp&quot;}\">\n\t\t\t<div class=\"elementor-widget-wrap elementor-element-populated\">\n\t\t\t\t\t\t<div class=\"elementor-element elementor-element-7e109bf5 elementor-zoom elementor-widget elementor-widget-image\" data-id=\"7e109bf5\" data-element_type=\"widget\" data-e-type=\"widget\" data-widget_type=\"image.default\">\n\t\t\t\t<div class=\"elementor-widget-container\">\n\t\t\t\t\t\t\t\t\t\t\t\t\t\t\t<img loading=\"lazy\" decoding=\"async\" width=\"334\" height=\"334\" src=\"https:\/\/musee.oceano.org\/wp-content\/uploads\/sites\/2\/2019\/08\/Mapping_Buyle-334x334.jpg\" class=\"attachment-img-bloc-square size-img-bloc-square wp-image-10047\" alt=\"\" srcset=\"https:\/\/musee.oceano.org\/wp-content\/uploads\/sites\/2\/2019\/08\/Mapping_Buyle-334x334.jpg 334w, https:\/\/musee.oceano.org\/wp-content\/uploads\/sites\/2\/2019\/08\/Mapping_Buyle-150x150.jpg 150w, https:\/\/musee.oceano.org\/wp-content\/uploads\/sites\/2\/2019\/08\/Mapping_Buyle-433x433.jpg 433w\" sizes=\"(max-width: 334px) 100vw, 334px\" \/>\t\t\t\t\t\t\t\t\t\t\t\t\t\t\t<\/div>\n\t\t\t\t<\/div>\n\t\t\t\t<div class=\"elementor-element elementor-element-688ea06c elementor-align-center elementor-widget elementor-widget-button\" data-id=\"688ea06c\" data-element_type=\"widget\" data-e-type=\"widget\" data-widget_type=\"button.default\">\n\t\t\t\t<div class=\"elementor-widget-container\">\n\t\t\t\t\t\t\t\t\t<div class=\"elementor-button-wrapper\">\n\t\t\t\t\t<a class=\"elementor-button elementor-button-link elementor-size-md\" href=\"\/les-explorations-de-monaco\/\">\n\t\t\t\t\t\t<span class=\"elementor-button-content-wrapper\">\n\t\t\t\t\t\t\t\t\t<span class=\"elementor-button-text\">aprender plUS sobre explora\u00e7\u00f5es m\u00f3naco<\/span>\n\t\t\t\t\t<\/span>\n\t\t\t\t\t<\/a>\n\t\t\t\t<\/div>\n\t\t\t\t\t\t\t\t<\/div>\n\t\t\t\t<\/div>\n\t\t\t\t\t<\/div>\n\t\t<\/div>\n\t\t\t\t<div class=\"elementor-column elementor-col-33 elementor-top-column elementor-element elementor-element-57851075 animated-slow elementor-invisible\" data-id=\"57851075\" data-element_type=\"column\" data-e-type=\"column\" data-settings=\"{&quot;animation&quot;:&quot;fadeInUp&quot;}\">\n\t\t\t<div class=\"elementor-widget-wrap elementor-element-populated\">\n\t\t\t\t\t\t<div class=\"elementor-element elementor-element-ab8b239 elementor-zoom elementor-widget elementor-widget-image\" data-id=\"ab8b239\" data-element_type=\"widget\" data-e-type=\"widget\" data-widget_type=\"image.default\">\n\t\t\t\t<div class=\"elementor-widget-container\">\n\t\t\t\t\t\t\t\t\t\t\t\t\t\t\t<img loading=\"lazy\" decoding=\"async\" width=\"334\" height=\"334\" src=\"https:\/\/musee.oceano.org\/wp-content\/uploads\/sites\/2\/2019\/08\/1-SAS-Albert-Ier-sur-passerelle-334x334.jpg\" class=\"attachment-img-bloc-square size-img-bloc-square wp-image-10051\" alt=\"\" srcset=\"https:\/\/musee.oceano.org\/wp-content\/uploads\/sites\/2\/2019\/08\/1-SAS-Albert-Ier-sur-passerelle-334x334.jpg 334w, https:\/\/musee.oceano.org\/wp-content\/uploads\/sites\/2\/2019\/08\/1-SAS-Albert-Ier-sur-passerelle-150x150.jpg 150w, https:\/\/musee.oceano.org\/wp-content\/uploads\/sites\/2\/2019\/08\/1-SAS-Albert-Ier-sur-passerelle-433x433.jpg 433w\" sizes=\"(max-width: 334px) 100vw, 334px\" \/>\t\t\t\t\t\t\t\t\t\t\t\t\t\t\t<\/div>\n\t\t\t\t<\/div>\n\t\t\t\t<div class=\"elementor-element elementor-element-45d8c5d3 elementor-align-center elementor-widget elementor-widget-button\" data-id=\"45d8c5d3\" data-element_type=\"widget\" data-e-type=\"widget\" data-widget_type=\"button.default\">\n\t\t\t\t<div class=\"elementor-widget-container\">\n\t\t\t\t\t\t\t\t\t<div class=\"elementor-button-wrapper\">\n\t\t\t\t\t<a class=\"elementor-button elementor-button-link elementor-size-md\" href=\"\/les-grandes-figuras\/\" target=\"_blank\">\n\t\t\t\t\t\t<span class=\"elementor-button-content-wrapper\">\n\t\t\t\t\t\t\t\t\t<span class=\"elementor-button-text\">descobrir as grandes figuras do instituto<\/span>\n\t\t\t\t\t<\/span>\n\t\t\t\t\t<\/a>\n\t\t\t\t<\/div>\n\t\t\t\t\t\t\t\t<\/div>\n\t\t\t\t<\/div>\n\t\t\t\t\t<\/div>\n\t\t<\/div>\n\t\t\t\t\t<\/div>\n\t\t<\/section>\n\t\t\t\t<\/div>\n\t\t","protected":false},"excerpt":{"rendered":"<p>Exploradores e cidad\u00e3os dos mares Participe na edi\u00e7\u00e3o 2021-2022 Lan\u00e7ado em 2017 e destinado a turmas do ensino m\u00e9dio e secund\u00e1rio, o dispositivo &#8220;Explorador e cidad\u00e3o dos mares&#8221; \u00e9 apoiado e apoiado pelo Delega\u00e7\u00e3o Acad\u00e9mica para a Educa\u00e7\u00e3o Art\u00edstica e Cultural (DAAC) da Academia de Nice. \u00c9 constru\u00eddo e implementado em parceria com o Museu [&hellip;]<\/p>\n","protected":false},"author":32,"featured_media":0,"parent":0,"menu_order":0,"comment_status":"closed","ping_status":"closed","template":"","meta":{"_acf_changed":false,"footnotes":""},"class_list":["post-34205","page","type-page","status-publish","hentry"],"acf":[],"yoast_head":"<!-- This site is optimized with the Yoast SEO plugin v27.2 - https:\/\/yoast.com\/product\/yoast-seo-wordpress\/ -->\n<title>Exploradores e Cidad\u00e3os dos Mares - Mus\u00e9e Oc\u00e9anographique de Monaco<\/title>\n<meta name=\"description\" content=\"Destinado \u00e0s aulas do ensino m\u00e9dio e secund\u00e1rio, este dispositivo conta com o apoio da Delega\u00e7\u00e3o Acad\u00e9mica de Educa\u00e7\u00e3o Art\u00edstica e Cultural (DAAC) da Academia de Nice, constru\u00edda e implementada em parceria com o Museu Oceanogr\u00e1fico do M\u00f3naco e as Explora\u00e7\u00f5es do M\u00f3naco. %\" \/>\n<meta name=\"robots\" content=\"index, follow, max-snippet:-1, max-image-preview:large, max-video-preview:-1\" \/>\n<link rel=\"canonical\" href=\"https:\/\/musee.oceano.org\/pt-pt\/exploradores-e-cidadaos-dos-mares\/\" \/>\n<meta property=\"og:locale\" content=\"pt_PT\" \/>\n<meta property=\"og:type\" content=\"article\" \/>\n<meta property=\"og:title\" content=\"Exploradores e Cidad\u00e3os dos Mares - Mus\u00e9e Oc\u00e9anographique de Monaco\" \/>\n<meta property=\"og:description\" content=\"Destinado \u00e0s aulas do ensino m\u00e9dio e secund\u00e1rio, este dispositivo conta com o apoio da Delega\u00e7\u00e3o Acad\u00e9mica de Educa\u00e7\u00e3o Art\u00edstica e Cultural (DAAC) da Academia de Nice, constru\u00edda e implementada em parceria com o Museu Oceanogr\u00e1fico do M\u00f3naco e as Explora\u00e7\u00f5es do M\u00f3naco. %\" \/>\n<meta property=\"og:url\" content=\"https:\/\/musee.oceano.org\/pt-pt\/exploradores-e-cidadaos-dos-mares\/\" \/>\n<meta property=\"og:site_name\" content=\"Mus\u00e9e Oc\u00e9anographique de Monaco\" \/>\n<meta property=\"article:modified_time\" content=\"2021-08-25T10:08:37+00:00\" \/>\n<meta property=\"og:image\" content=\"https:\/\/musee.oceano.org\/wp-content\/uploads\/sites\/2\/2021\/08\/14_Atelier-Les-sons-des-mammiferes_M_Dagnino2_low_res.png\" \/>\n<meta name=\"twitter:card\" content=\"summary_large_image\" \/>\n<meta name=\"twitter:label1\" content=\"Tempo estimado de leitura\" \/>\n\t<meta name=\"twitter:data1\" content=\"3 minutos\" \/>\n<script type=\"application\/ld+json\" class=\"yoast-schema-graph\">{\"@context\":\"https:\/\/schema.org\",\"@graph\":[{\"@type\":\"WebPage\",\"@id\":\"https:\/\/musee.oceano.org\/pt-pt\/exploradores-e-cidadaos-dos-mares\/\",\"url\":\"https:\/\/musee.oceano.org\/pt-pt\/exploradores-e-cidadaos-dos-mares\/\",\"name\":\"Exploradores e Cidad\u00e3os dos Mares - Mus\u00e9e Oc\u00e9anographique de Monaco\",\"isPartOf\":{\"@id\":\"https:\/\/musee.oceano.org\/#website\"},\"primaryImageOfPage\":{\"@id\":\"https:\/\/musee.oceano.org\/pt-pt\/exploradores-e-cidadaos-dos-mares\/#primaryimage\"},\"image\":{\"@id\":\"https:\/\/musee.oceano.org\/pt-pt\/exploradores-e-cidadaos-dos-mares\/#primaryimage\"},\"thumbnailUrl\":\"https:\/\/musee.oceano.org\/wp-content\/uploads\/sites\/2\/2021\/08\/14_Atelier-Les-sons-des-mammiferes_M_Dagnino2_low_res.png\",\"datePublished\":\"2021-08-24T12:37:30+00:00\",\"dateModified\":\"2021-08-25T10:08:37+00:00\",\"description\":\"Destinado \u00e0s aulas do ensino m\u00e9dio e secund\u00e1rio, este dispositivo conta com o apoio da Delega\u00e7\u00e3o Acad\u00e9mica de Educa\u00e7\u00e3o Art\u00edstica e Cultural (DAAC) da Academia de Nice, constru\u00edda e implementada em parceria com o Museu Oceanogr\u00e1fico do M\u00f3naco e as Explora\u00e7\u00f5es do M\u00f3naco. %\",\"breadcrumb\":{\"@id\":\"https:\/\/musee.oceano.org\/pt-pt\/exploradores-e-cidadaos-dos-mares\/#breadcrumb\"},\"inLanguage\":\"pt-PT\",\"potentialAction\":[{\"@type\":\"ReadAction\",\"target\":[\"https:\/\/musee.oceano.org\/pt-pt\/exploradores-e-cidadaos-dos-mares\/\"]}]},{\"@type\":\"ImageObject\",\"inLanguage\":\"pt-PT\",\"@id\":\"https:\/\/musee.oceano.org\/pt-pt\/exploradores-e-cidadaos-dos-mares\/#primaryimage\",\"url\":\"https:\/\/musee.oceano.org\/wp-content\/uploads\/sites\/2\/2021\/08\/14_Atelier-Les-sons-des-mammiferes_M_Dagnino2_low_res.png\",\"contentUrl\":\"https:\/\/musee.oceano.org\/wp-content\/uploads\/sites\/2\/2021\/08\/14_Atelier-Les-sons-des-mammiferes_M_Dagnino2_low_res.png\"},{\"@type\":\"BreadcrumbList\",\"@id\":\"https:\/\/musee.oceano.org\/pt-pt\/exploradores-e-cidadaos-dos-mares\/#breadcrumb\",\"itemListElement\":[{\"@type\":\"ListItem\",\"position\":1,\"name\":\"Home\",\"item\":\"https:\/\/musee.oceano.org\/pt-pt\/\"},{\"@type\":\"ListItem\",\"position\":2,\"name\":\"Exploradores e Cidad\u00e3os dos Mares\"}]},{\"@type\":\"WebSite\",\"@id\":\"https:\/\/musee.oceano.org\/#website\",\"url\":\"https:\/\/musee.oceano.org\/\",\"name\":\"Mus\u00e9e Oc\u00e9anographique de Monaco\",\"description\":\"Faire conna\u00eetre, aimer et prot\u00e9ger les oc\u00e9ans\",\"potentialAction\":[{\"@type\":\"SearchAction\",\"target\":{\"@type\":\"EntryPoint\",\"urlTemplate\":\"https:\/\/musee.oceano.org\/?s={search_term_string}\"},\"query-input\":{\"@type\":\"PropertyValueSpecification\",\"valueRequired\":true,\"valueName\":\"search_term_string\"}}],\"inLanguage\":\"pt-PT\"}]}<\/script>\n<!-- \/ Yoast SEO plugin. -->","yoast_head_json":{"title":"Exploradores e Cidad\u00e3os dos Mares - Mus\u00e9e Oc\u00e9anographique de Monaco","description":"Destinado \u00e0s aulas do ensino m\u00e9dio e secund\u00e1rio, este dispositivo conta com o apoio da Delega\u00e7\u00e3o Acad\u00e9mica de Educa\u00e7\u00e3o Art\u00edstica e Cultural (DAAC) da Academia de Nice, constru\u00edda e implementada em parceria com o Museu Oceanogr\u00e1fico do M\u00f3naco e as Explora\u00e7\u00f5es do M\u00f3naco. %","robots":{"index":"index","follow":"follow","max-snippet":"max-snippet:-1","max-image-preview":"max-image-preview:large","max-video-preview":"max-video-preview:-1"},"canonical":"https:\/\/musee.oceano.org\/pt-pt\/exploradores-e-cidadaos-dos-mares\/","og_locale":"pt_PT","og_type":"article","og_title":"Exploradores e Cidad\u00e3os dos Mares - Mus\u00e9e Oc\u00e9anographique de Monaco","og_description":"Destinado \u00e0s aulas do ensino m\u00e9dio e secund\u00e1rio, este dispositivo conta com o apoio da Delega\u00e7\u00e3o Acad\u00e9mica de Educa\u00e7\u00e3o Art\u00edstica e Cultural (DAAC) da Academia de Nice, constru\u00edda e implementada em parceria com o Museu Oceanogr\u00e1fico do M\u00f3naco e as Explora\u00e7\u00f5es do M\u00f3naco. %","og_url":"https:\/\/musee.oceano.org\/pt-pt\/exploradores-e-cidadaos-dos-mares\/","og_site_name":"Mus\u00e9e Oc\u00e9anographique de Monaco","article_modified_time":"2021-08-25T10:08:37+00:00","og_image":[{"url":"https:\/\/musee.oceano.org\/wp-content\/uploads\/sites\/2\/2021\/08\/14_Atelier-Les-sons-des-mammiferes_M_Dagnino2_low_res.png","type":"","width":"","height":""}],"twitter_card":"summary_large_image","twitter_misc":{"Tempo estimado de leitura":"3 minutos"},"schema":{"@context":"https:\/\/schema.org","@graph":[{"@type":"WebPage","@id":"https:\/\/musee.oceano.org\/pt-pt\/exploradores-e-cidadaos-dos-mares\/","url":"https:\/\/musee.oceano.org\/pt-pt\/exploradores-e-cidadaos-dos-mares\/","name":"Exploradores e Cidad\u00e3os dos Mares - Mus\u00e9e Oc\u00e9anographique de Monaco","isPartOf":{"@id":"https:\/\/musee.oceano.org\/#website"},"primaryImageOfPage":{"@id":"https:\/\/musee.oceano.org\/pt-pt\/exploradores-e-cidadaos-dos-mares\/#primaryimage"},"image":{"@id":"https:\/\/musee.oceano.org\/pt-pt\/exploradores-e-cidadaos-dos-mares\/#primaryimage"},"thumbnailUrl":"https:\/\/musee.oceano.org\/wp-content\/uploads\/sites\/2\/2021\/08\/14_Atelier-Les-sons-des-mammiferes_M_Dagnino2_low_res.png","datePublished":"2021-08-24T12:37:30+00:00","dateModified":"2021-08-25T10:08:37+00:00","description":"Destinado \u00e0s aulas do ensino m\u00e9dio e secund\u00e1rio, este dispositivo conta com o apoio da Delega\u00e7\u00e3o Acad\u00e9mica de Educa\u00e7\u00e3o Art\u00edstica e Cultural (DAAC) da Academia de Nice, constru\u00edda e implementada em parceria com o Museu Oceanogr\u00e1fico do M\u00f3naco e as Explora\u00e7\u00f5es do M\u00f3naco. %","breadcrumb":{"@id":"https:\/\/musee.oceano.org\/pt-pt\/exploradores-e-cidadaos-dos-mares\/#breadcrumb"},"inLanguage":"pt-PT","potentialAction":[{"@type":"ReadAction","target":["https:\/\/musee.oceano.org\/pt-pt\/exploradores-e-cidadaos-dos-mares\/"]}]},{"@type":"ImageObject","inLanguage":"pt-PT","@id":"https:\/\/musee.oceano.org\/pt-pt\/exploradores-e-cidadaos-dos-mares\/#primaryimage","url":"https:\/\/musee.oceano.org\/wp-content\/uploads\/sites\/2\/2021\/08\/14_Atelier-Les-sons-des-mammiferes_M_Dagnino2_low_res.png","contentUrl":"https:\/\/musee.oceano.org\/wp-content\/uploads\/sites\/2\/2021\/08\/14_Atelier-Les-sons-des-mammiferes_M_Dagnino2_low_res.png"},{"@type":"BreadcrumbList","@id":"https:\/\/musee.oceano.org\/pt-pt\/exploradores-e-cidadaos-dos-mares\/#breadcrumb","itemListElement":[{"@type":"ListItem","position":1,"name":"Home","item":"https:\/\/musee.oceano.org\/pt-pt\/"},{"@type":"ListItem","position":2,"name":"Exploradores e Cidad\u00e3os dos Mares"}]},{"@type":"WebSite","@id":"https:\/\/musee.oceano.org\/#website","url":"https:\/\/musee.oceano.org\/","name":"Mus\u00e9e Oc\u00e9anographique de Monaco","description":"Faire conna\u00eetre, aimer et prot\u00e9ger les oc\u00e9ans","potentialAction":[{"@type":"SearchAction","target":{"@type":"EntryPoint","urlTemplate":"https:\/\/musee.oceano.org\/?s={search_term_string}"},"query-input":{"@type":"PropertyValueSpecification","valueRequired":true,"valueName":"search_term_string"}}],"inLanguage":"pt-PT"}]}},"_links":{"self":[{"href":"https:\/\/musee.oceano.org\/pt-pt\/wp-json\/wp\/v2\/pages\/34205","targetHints":{"allow":["GET"]}}],"collection":[{"href":"https:\/\/musee.oceano.org\/pt-pt\/wp-json\/wp\/v2\/pages"}],"about":[{"href":"https:\/\/musee.oceano.org\/pt-pt\/wp-json\/wp\/v2\/types\/page"}],"author":[{"embeddable":true,"href":"https:\/\/musee.oceano.org\/pt-pt\/wp-json\/wp\/v2\/users\/32"}],"replies":[{"embeddable":true,"href":"https:\/\/musee.oceano.org\/pt-pt\/wp-json\/wp\/v2\/comments?post=34205"}],"version-history":[{"count":6,"href":"https:\/\/musee.oceano.org\/pt-pt\/wp-json\/wp\/v2\/pages\/34205\/revisions"}],"predecessor-version":[{"id":34259,"href":"https:\/\/musee.oceano.org\/pt-pt\/wp-json\/wp\/v2\/pages\/34205\/revisions\/34259"}],"wp:attachment":[{"href":"https:\/\/musee.oceano.org\/pt-pt\/wp-json\/wp\/v2\/media?parent=34205"}],"curies":[{"name":"wp","href":"https:\/\/api.w.org\/{rel}","templated":true}]}}