{"id":48543,"date":"2024-04-10T16:24:02","date_gmt":"2024-04-10T14:24:02","guid":{"rendered":"https:\/\/musee.oceano.org\/exposicao-os-gigantes-do-gelo-de-10-de-abril-a-6-de-outubro-de-2024\/"},"modified":"2024-05-17T09:26:41","modified_gmt":"2024-05-17T07:26:41","slug":"exposicao-os-gigantes-do-gelo-de-10-de-abril-a-6-de-outubro-de-2024","status":"publish","type":"page","link":"https:\/\/musee.oceano.org\/pt-pt\/exposicao-os-gigantes-do-gelo-de-10-de-abril-a-6-de-outubro-de-2024\/","title":{"rendered":"EXPOSI\u00c7\u00c3O : \u201cOS GIGANTES DO GELO\u201d DE 10 DE ABRIL A 6 DE OUTUBRO DE 2024"},"content":{"rendered":"\t\t<div data-elementor-type=\"wp-page\" data-elementor-id=\"48543\" class=\"elementor elementor-48543 elementor-48230\" data-elementor-post-type=\"page\">\n\t\t\t\t\t\t<section class=\"elementor-section elementor-top-section elementor-element elementor-element-36b35cc elementor-section-height-min-height elementor-section-items-bottom elementor-section-boxed elementor-section-height-default\" data-id=\"36b35cc\" data-element_type=\"section\" data-e-type=\"section\" data-settings=\"{&quot;background_background&quot;:&quot;classic&quot;}\">\n\t\t\t\t\t\t\t<div class=\"elementor-background-overlay\"><\/div>\n\t\t\t\t\t\t\t<div class=\"elementor-container elementor-column-gap-default\">\n\t\t\t\t\t<div class=\"elementor-column elementor-col-100 elementor-top-column elementor-element elementor-element-4398b89c\" data-id=\"4398b89c\" data-element_type=\"column\" data-e-type=\"column\">\n\t\t\t<div class=\"elementor-widget-wrap elementor-element-populated\">\n\t\t\t\t\t\t<div class=\"elementor-element elementor-element-2e8c1c1d elementor-widget elementor-widget-heading\" data-id=\"2e8c1c1d\" data-element_type=\"widget\" data-e-type=\"widget\" data-widget_type=\"heading.default\">\n\t\t\t\t<div class=\"elementor-widget-container\">\n\t\t\t\t\t<h1 class=\"elementor-heading-title elementor-size-default\">EXPOSI\u00c7\u00c3O <br>\n\u201cOS GIGANTES DO GELO\u201d<br> DE 10 DE ABRIL A 6 DE OUTUBRO DE 2024\n\n<\/h1>\t\t\t\t<\/div>\n\t\t\t\t<\/div>\n\t\t\t\t<div class=\"elementor-element elementor-element-9586729 elementor-widget elementor-widget-text-editor\" data-id=\"9586729\" data-element_type=\"widget\" data-e-type=\"widget\" data-widget_type=\"text-editor.default\">\n\t\t\t\t<div class=\"elementor-widget-container\">\n\t\t\t\t\t\t\t\t\t<h3><span style=\"color: #ffffff\">Michel BASSOMPIERRE exp\u00f5e suas esculturas<\/span><br \/><span style=\"color: #ffffff\">obras monumentais no Museu Oceanogr\u00e1fico de M\u00f4naco<\/span><\/h3>\n\t\t\t\t\t\t\t\t<\/div>\n\t\t\t\t<\/div>\n\t\t\t\t\t<\/div>\n\t\t<\/div>\n\t\t\t\t\t<\/div>\n\t\t<\/section>\n\t\t\t\t<section class=\"elementor-section elementor-top-section elementor-element elementor-element-7dfdbf04 elementor-section-full_width elementor-section-height-default elementor-section-height-default\" data-id=\"7dfdbf04\" data-element_type=\"section\" data-e-type=\"section\">\n\t\t\t\t\t\t<div class=\"elementor-container elementor-column-gap-default\">\n\t\t\t\t\t<div class=\"elementor-column elementor-col-100 elementor-top-column elementor-element elementor-element-57e27f65\" data-id=\"57e27f65\" data-element_type=\"column\" data-e-type=\"column\">\n\t\t\t<div class=\"elementor-widget-wrap elementor-element-populated\">\n\t\t\t\t\t\t<div class=\"elementor-element elementor-element-7cff9faa ee-breadcrumbs-align-left elementor-widget elementor-widget-ee-breadcrumbs\" data-id=\"7cff9faa\" data-element_type=\"widget\" data-e-type=\"widget\" data-widget_type=\"ee-breadcrumbs.default\">\n\t\t\t\t<div class=\"elementor-widget-container\">\n\t\t\t\t\t<ul class=\"ee-breadcrumbs\" itemscope=\"\" itemtype=\"http:\/\/schema.org\/BreadcrumbList\"><\/ul>\t\t\t\t<\/div>\n\t\t\t\t<\/div>\n\t\t\t\t\t<\/div>\n\t\t<\/div>\n\t\t\t\t\t<\/div>\n\t\t<\/section>\n\t\t\t\t<section class=\"elementor-section elementor-top-section elementor-element elementor-element-448db354 elementor-section-boxed elementor-section-height-default elementor-section-height-default\" data-id=\"448db354\" data-element_type=\"section\" data-e-type=\"section\">\n\t\t\t\t\t\t<div class=\"elementor-container elementor-column-gap-default\">\n\t\t\t\t\t<div class=\"elementor-column elementor-col-100 elementor-top-column elementor-element elementor-element-6f7dcd0d\" data-id=\"6f7dcd0d\" data-element_type=\"column\" data-e-type=\"column\" data-settings=\"{&quot;background_background&quot;:&quot;classic&quot;}\">\n\t\t\t<div class=\"elementor-widget-wrap elementor-element-populated\">\n\t\t\t\t\t\t<div class=\"elementor-element elementor-element-4b1d3421 elementor-widget elementor-widget-text-editor\" data-id=\"4b1d3421\" data-element_type=\"widget\" data-e-type=\"widget\" data-widget_type=\"text-editor.default\">\n\t\t\t\t<div class=\"elementor-widget-container\">\n\t\t\t\t\t\t\t\t\t<p><strong>Os ursos polares e os pinguins imperadores s\u00e3o os protagonistas da nova exposi\u00e7\u00e3o <em>\u201cOS GIGANTES DO GELO\u201d<\/em> de Michel BASSOMPIERRE Ao destacar estas esp\u00e9cies, o Instituto Oceanogr\u00e1fico e o artista, em colabora\u00e7\u00e3o com as Galeries Bartoux, pretendem sensibilizar e sensibilizar os visitantes para os principais problemas que as regi\u00f5es polares enfrentam. Esta exposi\u00e7\u00e3o tempor\u00e1ria insere-se no programa polar gerido pelo Instituto Oceanogr\u00e1fico desde 2022. N\u00e3o perca a confer\u00eancia &#8220;Sculptez le vivant&#8221; por e com Michel BASSOMPIERRE em 14 de junho: inscreva-se j\u00e1!<\/strong><\/p>\n\t\t\t\t\t\t\t\t<\/div>\n\t\t\t\t<\/div>\n\t\t\t\t<section class=\"elementor-section elementor-inner-section elementor-element elementor-element-920047f elementor-section-boxed elementor-section-height-default elementor-section-height-default\" data-id=\"920047f\" data-element_type=\"section\" data-e-type=\"section\">\n\t\t\t\t\t\t<div class=\"elementor-container elementor-column-gap-default\">\n\t\t\t\t\t<div class=\"elementor-column elementor-col-50 elementor-inner-column elementor-element elementor-element-8079e6e\" data-id=\"8079e6e\" data-element_type=\"column\" data-e-type=\"column\">\n\t\t\t<div class=\"elementor-widget-wrap elementor-element-populated\">\n\t\t\t\t\t\t<div class=\"elementor-element elementor-element-3cf450a elementor-widget elementor-widget-image\" data-id=\"3cf450a\" data-element_type=\"widget\" data-e-type=\"widget\" data-widget_type=\"image.default\">\n\t\t\t\t<div class=\"elementor-widget-container\">\n\t\t\t\t\t\t\t\t\t\t\t\t\t\t\t<img fetchpriority=\"high\" decoding=\"async\" width=\"724\" height=\"1024\" src=\"https:\/\/musee.oceano.org\/wp-content\/uploads\/sites\/2\/2024\/03\/affiche_bassonpierre_mom-724x1024.jpg\" class=\"attachment-large size-large wp-image-48351\" alt=\"\" srcset=\"https:\/\/musee.oceano.org\/wp-content\/uploads\/sites\/2\/2024\/03\/affiche_bassonpierre_mom-724x1024.jpg 724w, https:\/\/musee.oceano.org\/wp-content\/uploads\/sites\/2\/2024\/03\/affiche_bassonpierre_mom-212x300.jpg 212w, https:\/\/musee.oceano.org\/wp-content\/uploads\/sites\/2\/2024\/03\/affiche_bassonpierre_mom-768x1086.jpg 768w, https:\/\/musee.oceano.org\/wp-content\/uploads\/sites\/2\/2024\/03\/affiche_bassonpierre_mom.jpg 794w\" sizes=\"(max-width: 724px) 100vw, 724px\" \/>\t\t\t\t\t\t\t\t\t\t\t\t\t\t\t<\/div>\n\t\t\t\t<\/div>\n\t\t\t\t\t<\/div>\n\t\t<\/div>\n\t\t\t\t<div class=\"elementor-column elementor-col-50 elementor-inner-column elementor-element elementor-element-19ec2dd\" data-id=\"19ec2dd\" data-element_type=\"column\" data-e-type=\"column\">\n\t\t\t<div class=\"elementor-widget-wrap elementor-element-populated\">\n\t\t\t\t\t\t<div class=\"elementor-element elementor-element-e8d376c elementor-widget elementor-widget-text-editor\" data-id=\"e8d376c\" data-element_type=\"widget\" data-e-type=\"widget\" data-widget_type=\"text-editor.default\">\n\t\t\t\t<div class=\"elementor-widget-container\">\n\t\t\t\t\t\t\t\t\t<p>Escultor dos vivos, Michel BASSOMPIERRE se livra da anedota para ir direto ao ponto. A trav\u00e9s do seu trabalho singular e inovador, reconhec\u00edvel \u00e0 primeira vista, o artista torna-se o contador de hist\u00f3rias de um cativante mundo animal.<\/p>\n<p><strong>Sete obras monumentais de Michel BASSOMPIERRE<\/strong>, um dos artistas mais importantes no dom\u00ednio da escultura animal contempor\u00e2nea, v\u00e3o ocupar o Museu Oceanogr\u00e1fico e o seu terra\u00e7o. Nesta ocasi\u00e3o, o escultor apresentar\u00e1 cinco novas cria\u00e7\u00f5es, criadas especialmente para esta exposi\u00e7\u00e3o: quatro ursos polares e um pinguim-imperador de 3 metros de altura.<\/p>\n<p><strong>Desenhos e esbo\u00e7os originais<\/strong> estar\u00e3o tamb\u00e9m expostos na Sala de Confer\u00eancias, acompanhados pela proje\u00e7\u00e3o cont\u00ednua de um filme que mostra o trabalho do artista na intimidade do seu atelier.<\/p>\n<p><strong>Uma confer\u00eancia combinando Arte e Ci\u00eancia<\/strong> tamb\u00e9m ser\u00e1 oferecida. Enquanto Michel BASSOMPIERRE criar\u00e1 uma obra ao vivo, especialistas dos p\u00f3los convidar\u00e3o o p\u00fablico a questionar a sua rela\u00e7\u00e3o com os seres vivos e a natureza.<\/p>\n<p><strong>Confer\u00eancia prevista para 14 de junho, das 18h30 \u00e0s 20h00<\/strong>, na Sala de Confer\u00eancias. Evento gratuito com inscri\u00e7\u00e3o : <a href=\"https:\/\/www.eventbrite.fr\/e\/billets-conference-sculpter-le-vivant-art-et-science-au-service-de-la-nature-891096502627?aff=oddtdtcreator\"><span style=\"text-decoration: underline\"><strong>Reserve o seu lugar!<\/strong><\/span><\/a> <\/p>\n\t\t\t\t\t\t\t\t<\/div>\n\t\t\t\t<\/div>\n\t\t\t\t\t<\/div>\n\t\t<\/div>\n\t\t\t\t\t<\/div>\n\t\t<\/section>\n\t\t\t\t\t<\/div>\n\t\t<\/div>\n\t\t\t\t\t<\/div>\n\t\t<\/section>\n\t\t\t\t<section class=\"elementor-section elementor-top-section elementor-element elementor-element-5251cc5 elementor-section-boxed elementor-section-height-default elementor-section-height-default\" data-id=\"5251cc5\" data-element_type=\"section\" data-e-type=\"section\">\n\t\t\t\t\t\t<div class=\"elementor-container elementor-column-gap-default\">\n\t\t\t\t\t<div class=\"elementor-column elementor-col-100 elementor-top-column elementor-element elementor-element-0505768\" data-id=\"0505768\" data-element_type=\"column\" data-e-type=\"column\" data-settings=\"{&quot;background_background&quot;:&quot;classic&quot;}\">\n\t\t\t<div class=\"elementor-widget-wrap elementor-element-populated\">\n\t\t\t\t\t\t<section class=\"elementor-section elementor-inner-section elementor-element elementor-element-bbc613d elementor-section-boxed elementor-section-height-default elementor-section-height-default\" data-id=\"bbc613d\" data-element_type=\"section\" data-e-type=\"section\">\n\t\t\t\t\t\t<div class=\"elementor-container elementor-column-gap-default\">\n\t\t\t\t\t<div class=\"elementor-column elementor-col-50 elementor-inner-column elementor-element elementor-element-1b1a2f4\" data-id=\"1b1a2f4\" data-element_type=\"column\" data-e-type=\"column\">\n\t\t\t<div class=\"elementor-widget-wrap elementor-element-populated\">\n\t\t\t\t\t\t<div class=\"elementor-element elementor-element-98e7807 elementor-widget elementor-widget-text-editor\" data-id=\"98e7807\" data-element_type=\"widget\" data-e-type=\"widget\" data-widget_type=\"text-editor.default\">\n\t\t\t\t<div class=\"elementor-widget-container\">\n\t\t\t\t\t\t\t\t\t<h4>Um apelo \u00e0 preserva\u00e7\u00e3o da biodiversidade polar<\/h4>\n<p>Nesta exposi\u00e7\u00e3o, os colossos s\u00e3o representantes emblem\u00e1ticos da fauna polar, vulner\u00e1vel e amea\u00e7ada pelas altera\u00e7\u00f5es clim\u00e1ticas. Se o urso polar v\u00ea encolher o bloco de gelo onde ca\u00e7a, o pinguim-imperador, em busca de alimento para seus filhotes, \u00e9 for\u00e7ado a ir cada vez mais longe, representando uma amea\u00e7a \u00e0 sobreviv\u00eancia dos filhotes.<\/p>\n<p>Atrav\u00e9s da sua representa\u00e7\u00e3o do animal, ao mesmo tempo gentil e tranquilizador, Michel BASSOMPIERRE oferece uma ode \u00e0 vida selvagem.<\/p>\n<p>\u201cAo despertar o espanto, esses fr\u00e1geis colossos questionam e desafiam o visitante sobre a extrema vulnerabilidade dessas esp\u00e9cies. Estas obras confrontam o p\u00fablico com os desafios atuais de prote\u00e7\u00e3o da biodiversidade e contribuem para a nossa miss\u00e3o hist\u00f3rica de tornar o Oceano conhecido, amado e protegido\u201d, acrescenta Robert Calcagno, Diretor Geral do Instituto Oceanogr\u00e1fico.<\/p>\n\t\t\t\t\t\t\t\t<\/div>\n\t\t\t\t<\/div>\n\t\t\t\t\t<\/div>\n\t\t<\/div>\n\t\t\t\t<div class=\"elementor-column elementor-col-50 elementor-inner-column elementor-element elementor-element-78921ff\" data-id=\"78921ff\" data-element_type=\"column\" data-e-type=\"column\">\n\t\t\t<div class=\"elementor-widget-wrap elementor-element-populated\">\n\t\t\t\t\t\t<div class=\"elementor-element elementor-element-4eaa595 elementor-widget elementor-widget-video\" data-id=\"4eaa595\" data-element_type=\"widget\" data-e-type=\"widget\" data-settings=\"{&quot;video_type&quot;:&quot;hosted&quot;,&quot;controls&quot;:&quot;yes&quot;}\" data-widget_type=\"video.default\">\n\t\t\t\t<div class=\"elementor-widget-container\">\n\t\t\t\t\t\t\t<div class=\"e-hosted-video elementor-wrapper elementor-open-inline\">\n\t\t\t\t\t<video class=\"elementor-video\" src=\"https:\/\/musee.oceano.org\/wp-content\/uploads\/2024\/04\/TEASER_GEANTS_DES_GLACES.mp4\" controls=\"\" preload=\"metadata\" controlsList=\"nodownload\"><\/video>\n\t\t\t\t<\/div>\n\t\t\t\t\t\t<\/div>\n\t\t\t\t<\/div>\n\t\t\t\t\t<\/div>\n\t\t<\/div>\n\t\t\t\t\t<\/div>\n\t\t<\/section>\n\t\t\t\t\t<\/div>\n\t\t<\/div>\n\t\t\t\t\t<\/div>\n\t\t<\/section>\n\t\t\t\t<section class=\"elementor-section elementor-top-section elementor-element elementor-element-74a756a elementor-section-boxed elementor-section-height-default elementor-section-height-default\" data-id=\"74a756a\" data-element_type=\"section\" data-e-type=\"section\">\n\t\t\t\t\t\t<div class=\"elementor-container elementor-column-gap-default\">\n\t\t\t\t\t<div class=\"elementor-column elementor-col-100 elementor-top-column elementor-element elementor-element-ef88eb6\" data-id=\"ef88eb6\" data-element_type=\"column\" data-e-type=\"column\" data-settings=\"{&quot;background_background&quot;:&quot;classic&quot;}\">\n\t\t\t<div class=\"elementor-widget-wrap elementor-element-populated\">\n\t\t\t\t\t\t<div class=\"elementor-element elementor-element-745dcdf elementor-widget elementor-widget-heading\" data-id=\"745dcdf\" data-element_type=\"widget\" data-e-type=\"widget\" data-widget_type=\"heading.default\">\n\t\t\t\t<div class=\"elementor-widget-container\">\n\t\t\t\t\t<h3 class=\"elementor-heading-title elementor-size-default\">7 obras monumentais<br>\nincluindo 5 obras in\u00e9ditas no Museu Oceanogr\u00e1fico\n<\/h3>\t\t\t\t<\/div>\n\t\t\t\t<\/div>\n\t\t\t\t\t<\/div>\n\t\t<\/div>\n\t\t\t\t\t<\/div>\n\t\t<\/section>\n\t\t\t\t<section class=\"elementor-section elementor-top-section elementor-element elementor-element-f9b57cc elementor-section-boxed elementor-section-height-default elementor-section-height-default\" data-id=\"f9b57cc\" data-element_type=\"section\" data-e-type=\"section\" data-settings=\"{&quot;background_background&quot;:&quot;classic&quot;}\">\n\t\t\t\t\t\t<div class=\"elementor-container elementor-column-gap-default\">\n\t\t\t\t\t<div class=\"elementor-column elementor-col-50 elementor-top-column elementor-element elementor-element-3d1b8fb\" data-id=\"3d1b8fb\" data-element_type=\"column\" data-e-type=\"column\" data-settings=\"{&quot;background_background&quot;:&quot;classic&quot;}\">\n\t\t\t<div class=\"elementor-widget-wrap elementor-element-populated\">\n\t\t\t\t\t\t<div class=\"elementor-element elementor-element-b87846f elementor-widget elementor-widget-gallery\" data-id=\"b87846f\" data-element_type=\"widget\" data-e-type=\"widget\" data-settings=\"{&quot;gallery_layout&quot;:&quot;justified&quot;,&quot;gap&quot;:{&quot;unit&quot;:&quot;px&quot;,&quot;size&quot;:&quot;20&quot;,&quot;sizes&quot;:[]},&quot;lazyload&quot;:&quot;yes&quot;,&quot;ideal_row_height&quot;:{&quot;unit&quot;:&quot;px&quot;,&quot;size&quot;:200,&quot;sizes&quot;:[]},&quot;ideal_row_height_tablet&quot;:{&quot;unit&quot;:&quot;px&quot;,&quot;size&quot;:150,&quot;sizes&quot;:[]},&quot;ideal_row_height_mobile&quot;:{&quot;unit&quot;:&quot;px&quot;,&quot;size&quot;:150,&quot;sizes&quot;:[]},&quot;gap_tablet&quot;:{&quot;unit&quot;:&quot;px&quot;,&quot;size&quot;:10,&quot;sizes&quot;:[]},&quot;gap_mobile&quot;:{&quot;unit&quot;:&quot;px&quot;,&quot;size&quot;:10,&quot;sizes&quot;:[]},&quot;link_to&quot;:&quot;file&quot;,&quot;overlay_background&quot;:&quot;yes&quot;,&quot;content_hover_animation&quot;:&quot;fade-in&quot;}\" data-widget_type=\"gallery.default\">\n\t\t\t\t<div class=\"elementor-widget-container\">\n\t\t\t\t\t\t\t<div class=\"elementor-gallery__container\">\n\t\t\t\t\t\t\t<a class=\"e-gallery-item elementor-gallery-item elementor-animated-content\" href=\"https:\/\/musee.oceano.org\/wp-content\/uploads\/sites\/2\/2024\/03\/Exposition_Les_Geants_des_Glaces_L_Effluve_n\u00b01_Michel_BASSOMPIERRE_20240410_20241006_Musee_oceanographique_de_Monaco\u00a9Institut_oceanographique_de_Monaco_Gael_ARNAUD_00-47.jpg\" data-elementor-open-lightbox=\"yes\" data-elementor-lightbox-slideshow=\"b87846f\" data-elementor-lightbox-title=\"&#039;_Effluve_n\u00b01_Michel_BASSOMPIERRE_20240410_20241006_Mus\u00e9e_oc\u00e9anographique_de_Monaco\u00a9Institut_oc\u00e9anographique_de_Monaco_Ga\u00ebl_ARNAUD_00 47\" data-e-action-hash=\"#elementor-action%3Aaction%3Dlightbox%26settings%3DeyJpZCI6NDgyNjUsInVybCI6Imh0dHBzOlwvXC9tdXNlZS5vY2Vhbm8ub3JnXC93cC1jb250ZW50XC91cGxvYWRzXC9zaXRlc1wvMlwvMjAyNFwvMDNcL0V4cG9zaXRpb25fTGVzX0dlYW50c19kZXNfR2xhY2VzX0xfRWZmbHV2ZV9uXHUwMGIwMV9NaWNoZWxfQkFTU09NUElFUlJFXzIwMjQwNDEwXzIwMjQxMDA2X011c2VlX29jZWFub2dyYXBoaXF1ZV9kZV9Nb25hY29cdTAwYTlJbnN0aXR1dF9vY2Vhbm9ncmFwaGlxdWVfZGVfTW9uYWNvX0dhZWxfQVJOQVVEXzAwLTQ3LmpwZyIsInNsaWRlc2hvdyI6ImI4Nzg0NmYifQ%3D%3D\">\n\t\t\t\t\t<div class=\"e-gallery-image elementor-gallery-item__image\" data-thumbnail=\"https:\/\/musee.oceano.org\/wp-content\/uploads\/sites\/2\/2024\/03\/Exposition_Les_Geants_des_Glaces_L_Effluve_n\u00b01_Michel_BASSOMPIERRE_20240410_20241006_Musee_oceanographique_de_Monaco\u00a9Institut_oceanographique_de_Monaco_Gael_ARNAUD_00-47.jpg\" data-width=\"8640\" data-height=\"5760\" aria-label=\"\" role=\"img\" ><\/div>\n\t\t\t\t\t\t\t\t\t\t\t<div class=\"elementor-gallery-item__overlay\"><\/div>\n\t\t\t\t\t\t\t\t\t\t\t\t\t\t<\/a>\n\t\t\t\t\t\t\t<a class=\"e-gallery-item elementor-gallery-item elementor-animated-content\" href=\"https:\/\/musee.oceano.org\/wp-content\/uploads\/sites\/2\/2024\/03\/Exposition_Les_Geants_des_Glaces_La_Banquise_n\u00b02_Michel_BASSOMPIERRE_20240410_20241006_Musee_oceanographique_de_Monaco\u00a9Institut_oceanographique_de_Monaco_Gael_ARNAUD_00-39.jpg\" data-elementor-open-lightbox=\"yes\" data-elementor-lightbox-slideshow=\"b87846f\" data-elementor-lightbox-title=\"Exposition_Les_G\u00e9ants_des_Glaces_La_Banquise_n\u00b02_Michel_BASSOMPIERRE_20240410_20241006_Mus\u00e9e_oc\u00e9anographique_de_Monaco\u00a9Institut_oc\u00e9anographique_de_Monaco_Ga\u00ebl_ARNAUD_00 39\" data-e-action-hash=\"#elementor-action%3Aaction%3Dlightbox%26settings%3DeyJpZCI6NDgyNzMsInVybCI6Imh0dHBzOlwvXC9tdXNlZS5vY2Vhbm8ub3JnXC93cC1jb250ZW50XC91cGxvYWRzXC9zaXRlc1wvMlwvMjAyNFwvMDNcL0V4cG9zaXRpb25fTGVzX0dlYW50c19kZXNfR2xhY2VzX0xhX0JhbnF1aXNlX25cdTAwYjAyX01pY2hlbF9CQVNTT01QSUVSUkVfMjAyNDA0MTBfMjAyNDEwMDZfTXVzZWVfb2NlYW5vZ3JhcGhpcXVlX2RlX01vbmFjb1x1MDBhOUluc3RpdHV0X29jZWFub2dyYXBoaXF1ZV9kZV9Nb25hY29fR2FlbF9BUk5BVURfMDAtMzkuanBnIiwic2xpZGVzaG93IjoiYjg3ODQ2ZiJ9\">\n\t\t\t\t\t<div class=\"e-gallery-image elementor-gallery-item__image\" data-thumbnail=\"https:\/\/musee.oceano.org\/wp-content\/uploads\/sites\/2\/2024\/03\/Exposition_Les_Geants_des_Glaces_La_Banquise_n\u00b02_Michel_BASSOMPIERRE_20240410_20241006_Musee_oceanographique_de_Monaco\u00a9Institut_oceanographique_de_Monaco_Gael_ARNAUD_00-39.jpg\" data-width=\"6336\" data-height=\"9504\" aria-label=\"\" role=\"img\" ><\/div>\n\t\t\t\t\t\t\t\t\t\t\t<div class=\"elementor-gallery-item__overlay\"><\/div>\n\t\t\t\t\t\t\t\t\t\t\t\t\t\t<\/a>\n\t\t\t\t\t\t\t<a class=\"e-gallery-item elementor-gallery-item elementor-animated-content\" href=\"https:\/\/musee.oceano.org\/wp-content\/uploads\/sites\/2\/2024\/03\/Exposition_Les_Geants_des_Glaces_Dessin_ours_polaire_Michel_BASSOMPIERRE_20240410_20241006_Musee_oceanographique_de_Monaco\u00a9Institut_oceanographique_de_Monaco_BASSOMPIERRE_00-34-scaled.jpg\" data-elementor-open-lightbox=\"yes\" data-elementor-lightbox-slideshow=\"b87846f\" data-elementor-lightbox-title=\"Exposition_Les_G\u00e9ants_des_Glaces_Dessin_ours_polaire_Michel_BASSOMPIERRE_20240410_20241006_Mus\u00e9e_oc\u00e9anographique_de_Monaco\u00a9Institut_oc\u00e9anographique_de_Monaco_BASSOMPIERRE_00 34\" data-e-action-hash=\"#elementor-action%3Aaction%3Dlightbox%26settings%3DeyJpZCI6NDgyODEsInVybCI6Imh0dHBzOlwvXC9tdXNlZS5vY2Vhbm8ub3JnXC93cC1jb250ZW50XC91cGxvYWRzXC9zaXRlc1wvMlwvMjAyNFwvMDNcL0V4cG9zaXRpb25fTGVzX0dlYW50c19kZXNfR2xhY2VzX0Rlc3Npbl9vdXJzX3BvbGFpcmVfTWljaGVsX0JBU1NPTVBJRVJSRV8yMDI0MDQxMF8yMDI0MTAwNl9NdXNlZV9vY2Vhbm9ncmFwaGlxdWVfZGVfTW9uYWNvXHUwMGE5SW5zdGl0dXRfb2NlYW5vZ3JhcGhpcXVlX2RlX01vbmFjb19CQVNTT01QSUVSUkVfMDAtMzQtc2NhbGVkLmpwZyIsInNsaWRlc2hvdyI6ImI4Nzg0NmYifQ%3D%3D\">\n\t\t\t\t\t<div class=\"e-gallery-image elementor-gallery-item__image\" data-thumbnail=\"https:\/\/musee.oceano.org\/wp-content\/uploads\/sites\/2\/2024\/03\/Exposition_Les_Geants_des_Glaces_Dessin_ours_polaire_Michel_BASSOMPIERRE_20240410_20241006_Musee_oceanographique_de_Monaco\u00a9Institut_oceanographique_de_Monaco_BASSOMPIERRE_00-34-scaled.jpg\" data-width=\"2560\" data-height=\"2560\" aria-label=\"\" role=\"img\" ><\/div>\n\t\t\t\t\t\t\t\t\t\t\t<div class=\"elementor-gallery-item__overlay\"><\/div>\n\t\t\t\t\t\t\t\t\t\t\t\t\t\t<\/a>\n\t\t\t\t\t\t\t<a class=\"e-gallery-item elementor-gallery-item elementor-animated-content\" href=\"https:\/\/musee.oceano.org\/wp-content\/uploads\/sites\/2\/2024\/03\/Exposition_Les_Geants_des_Glaces_La_Fratrie_n\u00b02-a-et-b_Michel_BASSOMPIERRE_20240410_20241006_Musee_oceanographique_de_Monaco\u00a9Institut_oceanographique_de_Monaco_Gael_ARNAUD_00-01.jpg\" data-elementor-open-lightbox=\"yes\" data-elementor-lightbox-slideshow=\"b87846f\" data-elementor-lightbox-title=\"Exposition_Les_G\u00e9ants_des_Glaces_La_Fratrie_n\u00b02 a et b_Michel_BASSOMPIERRE_20240410_20241006_Mus\u00e9e_oc\u00e9anographique_de_Monaco\u00a9Institut_oc\u00e9anographique_de_Monaco_Ga\u00ebl_ARNAUD_00 01\" data-e-action-hash=\"#elementor-action%3Aaction%3Dlightbox%26settings%3DeyJpZCI6NDgyODksInVybCI6Imh0dHBzOlwvXC9tdXNlZS5vY2Vhbm8ub3JnXC93cC1jb250ZW50XC91cGxvYWRzXC9zaXRlc1wvMlwvMjAyNFwvMDNcL0V4cG9zaXRpb25fTGVzX0dlYW50c19kZXNfR2xhY2VzX0xhX0ZyYXRyaWVfblx1MDBiMDItYS1ldC1iX01pY2hlbF9CQVNTT01QSUVSUkVfMjAyNDA0MTBfMjAyNDEwMDZfTXVzZWVfb2NlYW5vZ3JhcGhpcXVlX2RlX01vbmFjb1x1MDBhOUluc3RpdHV0X29jZWFub2dyYXBoaXF1ZV9kZV9Nb25hY29fR2FlbF9BUk5BVURfMDAtMDEuanBnIiwic2xpZGVzaG93IjoiYjg3ODQ2ZiJ9\">\n\t\t\t\t\t<div class=\"e-gallery-image elementor-gallery-item__image\" data-thumbnail=\"https:\/\/musee.oceano.org\/wp-content\/uploads\/sites\/2\/2024\/03\/Exposition_Les_Geants_des_Glaces_La_Fratrie_n\u00b02-a-et-b_Michel_BASSOMPIERRE_20240410_20241006_Musee_oceanographique_de_Monaco\u00a9Institut_oceanographique_de_Monaco_Gael_ARNAUD_00-01.jpg\" data-width=\"9500\" data-height=\"6500\" aria-label=\"\" role=\"img\" ><\/div>\n\t\t\t\t\t\t\t\t\t\t\t<div class=\"elementor-gallery-item__overlay\"><\/div>\n\t\t\t\t\t\t\t\t\t\t\t\t\t\t<\/a>\n\t\t\t\t\t\t\t<a class=\"e-gallery-item elementor-gallery-item elementor-animated-content\" href=\"https:\/\/musee.oceano.org\/wp-content\/uploads\/sites\/2\/2024\/03\/Exposition_Les_Geants_des_Glaces_La_Fratrie_n\u00b02b_Michel_BASSOMPIERRE_20240410_20241006_Musee_oceanographique_de_Monaco\u00a9Institut_oceanographique_de_Monaco_Gael_ARNAUD_00-03.jpg\" data-elementor-open-lightbox=\"yes\" data-elementor-lightbox-slideshow=\"b87846f\" data-elementor-lightbox-title=\"Exposition_Les_G\u00e9ants_des_Glaces_La_Fratrie_n\u00b02b_Michel_BASSOMPIERRE_20240410_20241006_Mus\u00e9e_oc\u00e9anographique_de_Monaco\u00a9Institut_oc\u00e9anographique_de_Monaco_Ga\u00ebl_ARNAUD_00 03\" data-e-action-hash=\"#elementor-action%3Aaction%3Dlightbox%26settings%3DeyJpZCI6NDgyOTcsInVybCI6Imh0dHBzOlwvXC9tdXNlZS5vY2Vhbm8ub3JnXC93cC1jb250ZW50XC91cGxvYWRzXC9zaXRlc1wvMlwvMjAyNFwvMDNcL0V4cG9zaXRpb25fTGVzX0dlYW50c19kZXNfR2xhY2VzX0xhX0ZyYXRyaWVfblx1MDBiMDJiX01pY2hlbF9CQVNTT01QSUVSUkVfMjAyNDA0MTBfMjAyNDEwMDZfTXVzZWVfb2NlYW5vZ3JhcGhpcXVlX2RlX01vbmFjb1x1MDBhOUluc3RpdHV0X29jZWFub2dyYXBoaXF1ZV9kZV9Nb25hY29fR2FlbF9BUk5BVURfMDAtMDMuanBnIiwic2xpZGVzaG93IjoiYjg3ODQ2ZiJ9\">\n\t\t\t\t\t<div class=\"e-gallery-image elementor-gallery-item__image\" data-thumbnail=\"https:\/\/musee.oceano.org\/wp-content\/uploads\/sites\/2\/2024\/03\/Exposition_Les_Geants_des_Glaces_La_Fratrie_n\u00b02b_Michel_BASSOMPIERRE_20240410_20241006_Musee_oceanographique_de_Monaco\u00a9Institut_oceanographique_de_Monaco_Gael_ARNAUD_00-03.jpg\" data-width=\"5760\" data-height=\"8640\" aria-label=\"\" role=\"img\" ><\/div>\n\t\t\t\t\t\t\t\t\t\t\t<div class=\"elementor-gallery-item__overlay\"><\/div>\n\t\t\t\t\t\t\t\t\t\t\t\t\t\t<\/a>\n\t\t\t\t\t\t\t<a class=\"e-gallery-item elementor-gallery-item elementor-animated-content\" href=\"https:\/\/musee.oceano.org\/wp-content\/uploads\/sites\/2\/2024\/03\/Exposition_Les_Geants_des_Glaces_Dessin_ours_polaire_Michel_BASSOMPIERRE_20240410_20241006_Musee_oceanographique_de_Monaco\u00a9Institut_oceanographique_de_Monaco_BASSOMPIERRE_00-30-scaled.jpg\" data-elementor-open-lightbox=\"yes\" data-elementor-lightbox-slideshow=\"b87846f\" data-elementor-lightbox-title=\"Exposition_Les_G\u00e9ants_des_Glaces_Dessin_ours_polaire_Michel_BASSOMPIERRE_20240410_20241006_Mus\u00e9e_oc\u00e9anographique_de_Monaco\u00a9Institut_oc\u00e9anographique_de_Monaco_BASSOMPIERRE_00 30\" data-e-action-hash=\"#elementor-action%3Aaction%3Dlightbox%26settings%3DeyJpZCI6NDgzMDUsInVybCI6Imh0dHBzOlwvXC9tdXNlZS5vY2Vhbm8ub3JnXC93cC1jb250ZW50XC91cGxvYWRzXC9zaXRlc1wvMlwvMjAyNFwvMDNcL0V4cG9zaXRpb25fTGVzX0dlYW50c19kZXNfR2xhY2VzX0Rlc3Npbl9vdXJzX3BvbGFpcmVfTWljaGVsX0JBU1NPTVBJRVJSRV8yMDI0MDQxMF8yMDI0MTAwNl9NdXNlZV9vY2Vhbm9ncmFwaGlxdWVfZGVfTW9uYWNvXHUwMGE5SW5zdGl0dXRfb2NlYW5vZ3JhcGhpcXVlX2RlX01vbmFjb19CQVNTT01QSUVSUkVfMDAtMzAtc2NhbGVkLmpwZyIsInNsaWRlc2hvdyI6ImI4Nzg0NmYifQ%3D%3D\">\n\t\t\t\t\t<div class=\"e-gallery-image elementor-gallery-item__image\" data-thumbnail=\"https:\/\/musee.oceano.org\/wp-content\/uploads\/sites\/2\/2024\/03\/Exposition_Les_Geants_des_Glaces_Dessin_ours_polaire_Michel_BASSOMPIERRE_20240410_20241006_Musee_oceanographique_de_Monaco\u00a9Institut_oceanographique_de_Monaco_BASSOMPIERRE_00-30-scaled.jpg\" data-width=\"1997\" data-height=\"2560\" aria-label=\"\" role=\"img\" ><\/div>\n\t\t\t\t\t\t\t\t\t\t\t<div class=\"elementor-gallery-item__overlay\"><\/div>\n\t\t\t\t\t\t\t\t\t\t\t\t\t\t<\/a>\n\t\t\t\t\t\t\t<a class=\"e-gallery-item elementor-gallery-item elementor-animated-content\" href=\"https:\/\/musee.oceano.org\/wp-content\/uploads\/sites\/2\/2024\/03\/Exposition_Les_Geants_des_Glaces_Dessin_ours_polaire_Michel_BASSOMPIERRE_20240410_20241006_Musee_oceanographique_de_Monaco\u00a9Institut_oceanographique_de_Monaco_BASSSOMPIERRE_00-18-rotated.jpg\" data-elementor-open-lightbox=\"yes\" data-elementor-lightbox-slideshow=\"b87846f\" data-elementor-lightbox-title=\"Exposition_Les_G\u00e9ants_des_Glaces_Dessin_ours_polaire_Michel_BASSOMPIERRE_20240410_20241006_Mus\u00e9e_oc\u00e9anographique_de_Monaco\u00a9Institut_oc\u00e9anographique_de_Monaco_BASSSOMPIERRE_00 18\" data-e-action-hash=\"#elementor-action%3Aaction%3Dlightbox%26settings%3DeyJpZCI6NDgzMTMsInVybCI6Imh0dHBzOlwvXC9tdXNlZS5vY2Vhbm8ub3JnXC93cC1jb250ZW50XC91cGxvYWRzXC9zaXRlc1wvMlwvMjAyNFwvMDNcL0V4cG9zaXRpb25fTGVzX0dlYW50c19kZXNfR2xhY2VzX0Rlc3Npbl9vdXJzX3BvbGFpcmVfTWljaGVsX0JBU1NPTVBJRVJSRV8yMDI0MDQxMF8yMDI0MTAwNl9NdXNlZV9vY2Vhbm9ncmFwaGlxdWVfZGVfTW9uYWNvXHUwMGE5SW5zdGl0dXRfb2NlYW5vZ3JhcGhpcXVlX2RlX01vbmFjb19CQVNTU09NUElFUlJFXzAwLTE4LXJvdGF0ZWQuanBnIiwic2xpZGVzaG93IjoiYjg3ODQ2ZiJ9\">\n\t\t\t\t\t<div class=\"e-gallery-image elementor-gallery-item__image\" data-thumbnail=\"https:\/\/musee.oceano.org\/wp-content\/uploads\/sites\/2\/2024\/03\/Exposition_Les_Geants_des_Glaces_Dessin_ours_polaire_Michel_BASSOMPIERRE_20240410_20241006_Musee_oceanographique_de_Monaco\u00a9Institut_oceanographique_de_Monaco_BASSSOMPIERRE_00-18-rotated.jpg\" data-width=\"1663\" data-height=\"2045\" aria-label=\"\" role=\"img\" ><\/div>\n\t\t\t\t\t\t\t\t\t\t\t<div class=\"elementor-gallery-item__overlay\"><\/div>\n\t\t\t\t\t\t\t\t\t\t\t\t\t\t<\/a>\n\t\t\t\t\t\t\t<a class=\"e-gallery-item elementor-gallery-item elementor-animated-content\" href=\"https:\/\/musee.oceano.org\/wp-content\/uploads\/sites\/2\/2024\/03\/Exposition_Les_Geants_des_Glaces_L_Effluve_n\u00b01_Michel_BASSOMPIERRE_20240410_20241006_Musee_oceanographique_de_Monaco\u00a9Institut_oceanographique_de_Monaco_Gael_ARNAUD_00-43.jpg\" data-elementor-open-lightbox=\"yes\" data-elementor-lightbox-slideshow=\"b87846f\" data-elementor-lightbox-title=\"&#039;_Effluve_n\u00b01_Michel_BASSOMPIERRE_20240410_20241006_Mus\u00e9e_oc\u00e9anographique_de_Monaco\u00a9Institut_oc\u00e9anographique_de_Monaco_Ga\u00ebl_ARNAUD_00 43\" data-e-action-hash=\"#elementor-action%3Aaction%3Dlightbox%26settings%3DeyJpZCI6NDgzMjEsInVybCI6Imh0dHBzOlwvXC9tdXNlZS5vY2Vhbm8ub3JnXC93cC1jb250ZW50XC91cGxvYWRzXC9zaXRlc1wvMlwvMjAyNFwvMDNcL0V4cG9zaXRpb25fTGVzX0dlYW50c19kZXNfR2xhY2VzX0xfRWZmbHV2ZV9uXHUwMGIwMV9NaWNoZWxfQkFTU09NUElFUlJFXzIwMjQwNDEwXzIwMjQxMDA2X011c2VlX29jZWFub2dyYXBoaXF1ZV9kZV9Nb25hY29cdTAwYTlJbnN0aXR1dF9vY2Vhbm9ncmFwaGlxdWVfZGVfTW9uYWNvX0dhZWxfQVJOQVVEXzAwLTQzLmpwZyIsInNsaWRlc2hvdyI6ImI4Nzg0NmYifQ%3D%3D\">\n\t\t\t\t\t<div class=\"e-gallery-image elementor-gallery-item__image\" data-thumbnail=\"https:\/\/musee.oceano.org\/wp-content\/uploads\/sites\/2\/2024\/03\/Exposition_Les_Geants_des_Glaces_L_Effluve_n\u00b01_Michel_BASSOMPIERRE_20240410_20241006_Musee_oceanographique_de_Monaco\u00a9Institut_oceanographique_de_Monaco_Gael_ARNAUD_00-43.jpg\" data-width=\"8640\" data-height=\"5760\" aria-label=\"\" role=\"img\" ><\/div>\n\t\t\t\t\t\t\t\t\t\t\t<div class=\"elementor-gallery-item__overlay\"><\/div>\n\t\t\t\t\t\t\t\t\t\t\t\t\t\t<\/a>\n\t\t\t\t\t\t\t<a class=\"e-gallery-item elementor-gallery-item elementor-animated-content\" href=\"https:\/\/musee.oceano.org\/wp-content\/uploads\/sites\/2\/2024\/03\/Exposition_Les_Geants_des_Glaces_L_Effluve_n\u00b01_Michel_BASSOMPIERRE_20240410_20241006_Musee_oceanographique_de_Monaco\u00a9Institut_oceanographique_de_Monaco_Gael_ARNAUD_00-22.jpg\" data-elementor-open-lightbox=\"yes\" data-elementor-lightbox-slideshow=\"b87846f\" data-elementor-lightbox-title=\"&#039;_Effluve_n\u00b01_Michel_BASSOMPIERRE_20240410_20241006_Mus\u00e9e_oc\u00e9anographique_de_Monaco\u00a9Institut_oc\u00e9anographique_de_Monaco_Ga\u00ebl_ARNAUD_00 22\" data-e-action-hash=\"#elementor-action%3Aaction%3Dlightbox%26settings%3DeyJpZCI6NDgzMjksInVybCI6Imh0dHBzOlwvXC9tdXNlZS5vY2Vhbm8ub3JnXC93cC1jb250ZW50XC91cGxvYWRzXC9zaXRlc1wvMlwvMjAyNFwvMDNcL0V4cG9zaXRpb25fTGVzX0dlYW50c19kZXNfR2xhY2VzX0xfRWZmbHV2ZV9uXHUwMGIwMV9NaWNoZWxfQkFTU09NUElFUlJFXzIwMjQwNDEwXzIwMjQxMDA2X011c2VlX29jZWFub2dyYXBoaXF1ZV9kZV9Nb25hY29cdTAwYTlJbnN0aXR1dF9vY2Vhbm9ncmFwaGlxdWVfZGVfTW9uYWNvX0dhZWxfQVJOQVVEXzAwLTIyLmpwZyIsInNsaWRlc2hvdyI6ImI4Nzg0NmYifQ%3D%3D\">\n\t\t\t\t\t<div class=\"e-gallery-image elementor-gallery-item__image\" data-thumbnail=\"https:\/\/musee.oceano.org\/wp-content\/uploads\/sites\/2\/2024\/03\/Exposition_Les_Geants_des_Glaces_L_Effluve_n\u00b01_Michel_BASSOMPIERRE_20240410_20241006_Musee_oceanographique_de_Monaco\u00a9Institut_oceanographique_de_Monaco_Gael_ARNAUD_00-22.jpg\" data-width=\"8640\" data-height=\"6200\" aria-label=\"\" role=\"img\" ><\/div>\n\t\t\t\t\t\t\t\t\t\t\t<div class=\"elementor-gallery-item__overlay\"><\/div>\n\t\t\t\t\t\t\t\t\t\t\t\t\t\t<\/a>\n\t\t\t\t\t<\/div>\n\t\t\t\t\t<\/div>\n\t\t\t\t<\/div>\n\t\t\t\t\t<\/div>\n\t\t<\/div>\n\t\t\t\t<div class=\"elementor-column elementor-col-50 elementor-top-column elementor-element elementor-element-5007a1d\" data-id=\"5007a1d\" data-element_type=\"column\" data-e-type=\"column\" data-settings=\"{&quot;background_background&quot;:&quot;classic&quot;}\">\n\t\t\t<div class=\"elementor-widget-wrap elementor-element-populated\">\n\t\t\t\t\t\t<div class=\"elementor-element elementor-element-8311c1a elementor-widget elementor-widget-text-editor\" data-id=\"8311c1a\" data-element_type=\"widget\" data-e-type=\"widget\" data-widget_type=\"text-editor.default\">\n\t\t\t\t<div class=\"elementor-widget-container\">\n\t\t\t\t\t\t\t\t\t<strong>O PINGUIM IMPERADOR, NOVA CHEGADA NA ARCA DO ESCULTOR<\/strong>\n\n<p>\u00c9 muito raro no besti\u00e1rio de Michel BASSOMPIERRE apresentar dois animais numa mesma escultura: um adulto acompanhado por um jovem. Isso s\u00f3 aconteceu duas vezes at\u00e9 agora. O Imperador, obra criada especialmente para a exposi\u00e7\u00e3o \u201cOs Gigantes de Gelo\u201d no Museu Oceanogr\u00e1fico de M\u00f4naco, \u00e9 uma dessas duas cria\u00e7\u00f5es. O Imperador, obra criada especialmente para a exposi\u00e7\u00e3o \u201cOs Gigantes de Gelo\u201d no Museu Oceanogr\u00e1fico de M\u00f4naco, \u00e9 uma dessas duas cria\u00e7\u00f5es.<\/p>\n\n<p>\u201cSomos quatro na minha cabe\u00e7a: o cientista animal (que observa e entende seu objeto e seu comportamento), o anatomista (que apreende a estrutura dos corpos), o designer (que domina a linha restaurando o movimento) e o escultor ( que transcreve em volume). Mas no final \u00e9 sempre o escultor quem decide! \u00bb confidencia Michel BASSOMPIERRE.<\/p>\n\n<strong>4 URSOS POLARES NUNCA VISTO!<\/strong>\n\n<p>Michel BASSOMPIERRE proibiu-se durante muito tempo de trabalhar nestes animais por medo de ser comparado ao seu ilustre antecessor Fran\u00e7ois POMPON, embora este \u00faltimo apenas tenha esculpido um. Foi o encontro com R\u00e9my MARION, fot\u00f3grafo especializado em ursos polares, que finalmente o convenceu a apostar nesta abordagem. Este \u00faltimo proporcionou-lhe muitas horas de captura de ursos polares em campo, permitindo ao artista desenvolver uma compreens\u00e3o aprofundada do animal, que acaba por ser muito diferente do urso pardo.<\/p>\t\t\t\t\t\t\t\t<\/div>\n\t\t\t\t<\/div>\n\t\t\t\t\t<\/div>\n\t\t<\/div>\n\t\t\t\t\t<\/div>\n\t\t<\/section>\n\t\t\t\t<section class=\"elementor-section elementor-top-section elementor-element elementor-element-d995e3a elementor-section-boxed elementor-section-height-default elementor-section-height-default\" data-id=\"d995e3a\" data-element_type=\"section\" data-e-type=\"section\" data-settings=\"{&quot;background_background&quot;:&quot;classic&quot;}\">\n\t\t\t\t\t\t<div class=\"elementor-container elementor-column-gap-default\">\n\t\t\t\t\t<div class=\"elementor-column elementor-col-50 elementor-top-column elementor-element elementor-element-43d85e6\" data-id=\"43d85e6\" data-element_type=\"column\" data-e-type=\"column\" data-settings=\"{&quot;background_background&quot;:&quot;classic&quot;}\">\n\t\t\t<div class=\"elementor-widget-wrap elementor-element-populated\">\n\t\t\t\t\t\t<div class=\"elementor-element elementor-element-7bb6b8b elementor-widget elementor-widget-image\" data-id=\"7bb6b8b\" data-element_type=\"widget\" data-e-type=\"widget\" data-widget_type=\"image.default\">\n\t\t\t\t<div class=\"elementor-widget-container\">\n\t\t\t\t\t\t\t\t\t\t\t\t\t\t\t<img decoding=\"async\" width=\"433\" height=\"288\" src=\"https:\/\/musee.oceano.org\/wp-content\/uploads\/sites\/2\/2024\/03\/michel_bassonpiere.jpg\" class=\"attachment-full size-full wp-image-48254\" alt=\"\" srcset=\"https:\/\/musee.oceano.org\/wp-content\/uploads\/sites\/2\/2024\/03\/michel_bassonpiere.jpg 433w, https:\/\/musee.oceano.org\/wp-content\/uploads\/sites\/2\/2024\/03\/michel_bassonpiere-300x200.jpg 300w, https:\/\/musee.oceano.org\/wp-content\/uploads\/sites\/2\/2024\/03\/michel_bassonpiere-370x245.jpg 370w\" sizes=\"(max-width: 433px) 100vw, 433px\" \/>\t\t\t\t\t\t\t\t\t\t\t\t\t\t\t<\/div>\n\t\t\t\t<\/div>\n\t\t\t\t<div class=\"elementor-element elementor-element-5e05dfb elementor-widget elementor-widget-text-editor\" data-id=\"5e05dfb\" data-element_type=\"widget\" data-e-type=\"widget\" data-widget_type=\"text-editor.default\">\n\t\t\t\t<div class=\"elementor-widget-container\">\n\t\t\t\t\t\t\t\t\t<h4>Michel BASSOMPIERRE,<b><\/b><\/h4>\n<p><b>o escultor da gentileza animal<\/b><\/p>\n<p>Nascido em Paris em 1948, Michel BASSOMPIERRE \u00e9 um dos artistas mais importantes no campo da escultura animal contempor\u00e2nea. Ele infundiu esta disciplina com um estilo \u00fanico e novo, reconhec\u00edvel \u00e0 primeira vista. Sedutora e cativante, a sua obra j\u00e1 percorreu o mundo inteiro, difundindo o seu besti\u00e1rio de m\u00e1rmore e bronze pelos quatro cantos do globo.<br \/>Formado na Escola de Belas Artes de Rouen, Michel BASSOMPIERRE aprendeu a olhar. Gra\u00e7as aos milhares de esbo\u00e7os que faz, constr\u00f3i a sua compreens\u00e3o do corpo do animal, esta m\u00e1quina habilmente articulada cuja linha e movimento capta.<\/p><\/p>\n\t\t\t\t\t\t\t\t<\/div>\n\t\t\t\t<\/div>\n\t\t\t\t\t<\/div>\n\t\t<\/div>\n\t\t\t\t<div class=\"elementor-column elementor-col-50 elementor-top-column elementor-element elementor-element-8f00a7c\" data-id=\"8f00a7c\" data-element_type=\"column\" data-e-type=\"column\" data-settings=\"{&quot;background_background&quot;:&quot;classic&quot;}\">\n\t\t\t<div class=\"elementor-widget-wrap elementor-element-populated\">\n\t\t\t\t\t\t<div class=\"elementor-element elementor-element-08bb934 elementor-widget elementor-widget-text-editor\" data-id=\"08bb934\" data-element_type=\"widget\" data-e-type=\"widget\" data-widget_type=\"text-editor.default\">\n\t\t\t\t<div class=\"elementor-widget-container\">\n\t\t\t\t\t\t\t\t\t<p>Na tradi\u00e7\u00e3o de Fran\u00e7ois POMPON, Michel BASSOMPIERRE livra-se da anedota para chegar ao essencial: uma forma pura, curvas delicadas, uma luz envolvente que sublinha a redondeza das massas de onde emanam a ternura e a poesia. Privilegiando animais de formas redondas, ursos, gorilas, elefantes asi\u00e1ticos, cavalos e at\u00e9 pandas, consegue uma forma suave e precisa onde a luz nunca atinge a sombra. Esta rela\u00e7\u00e3o pl\u00e1stica reflete a sua liga\u00e7\u00e3o ao mundo selvagem. Com anatomia e desenho perfeitamente dominados, seu trabalho mostra uma animalidade que n\u00e3o \u00e9 mais hostil, mas pac\u00edfica e benevolente.<\/p>\n<p>Para ele, o animal n\u00e3o \u00e9 estranho nem acess\u00f3rio. Ele tamb\u00e9m se sente muito mais pr\u00f3ximo de seu \u201cirm\u00e3o animal\u201d e de sua \u201cirm\u00e3 planta\u201d do que de muitos humanos. Nenhum antropomorfismo em sua produ\u00e7\u00e3o, nenhuma besta amea\u00e7adora ou rugindo. O animal est\u00e1 ali, pelo que \u00e9, em completa tranquilidade, magn\u00e9tico e magistral.<\/p>\n<p>Michel BASSOMPIERRE conseguiu gerar uma obra poderosa que testemunha um dom\u00ednio excepcional do desenho, uma compreens\u00e3o perfeita dos volumes, uma abordagem po\u00e9tica da luz que d\u00e1 ao visitante um desejo irreprim\u00edvel de acarici\u00e1-la. Mas \u00e9 tamb\u00e9m a ternura, o respeito e a humildade do artista que v\u00eam \u00e0 tona nesta obra de rara delicadeza.<\/p>\n\t\t\t\t\t\t\t\t<\/div>\n\t\t\t\t<\/div>\n\t\t\t\t\t<\/div>\n\t\t<\/div>\n\t\t\t\t\t<\/div>\n\t\t<\/section>\n\t\t\t\t<section class=\"elementor-section elementor-top-section elementor-element elementor-element-a89d7e2 elementor-section-boxed elementor-section-height-default elementor-section-height-default\" data-id=\"a89d7e2\" data-element_type=\"section\" data-e-type=\"section\" data-settings=\"{&quot;background_background&quot;:&quot;classic&quot;}\">\n\t\t\t\t\t\t<div class=\"elementor-container elementor-column-gap-default\">\n\t\t\t\t\t<div class=\"elementor-column elementor-col-50 elementor-top-column elementor-element elementor-element-e896cb0\" data-id=\"e896cb0\" data-element_type=\"column\" data-e-type=\"column\" data-settings=\"{&quot;background_background&quot;:&quot;classic&quot;}\">\n\t\t\t<div class=\"elementor-widget-wrap elementor-element-populated\">\n\t\t\t\t\t\t<div class=\"elementor-element elementor-element-548f59b elementor-widget elementor-widget-text-editor\" data-id=\"548f59b\" data-element_type=\"widget\" data-e-type=\"widget\" data-widget_type=\"text-editor.default\">\n\t\t\t\t<div class=\"elementor-widget-container\">\n\t\t\t\t\t\t\t\t\t<h4>&#8220;Esculpindo os vivos&#8221;<b><\/b><\/h4>\n<p><b>Confer\u00eancia de e com Michel Bassompierre no Museu Oceanogr\u00e1fico do M\u00f3naco<\/b><\/p>\n<p>O ponto alto da exposi\u00e7\u00e3o &#8220;Les G\u00e9ants des Glaces&#8221; de Michel BASSOMPIERRE, apresentada at\u00e9 6 de outubro de 2024 no Museu Oceanogr\u00e1fico do M\u00f3naco em parceria com as Galerias Bartoux, o escultor animal Michel BASSOMPIERRE criar\u00e1 um modelo vivo de urso polar por ocasi\u00e3o da <strong>confer\u00eancia nocturna &#8220;Sculpting the living&#8221;<\/strong>.<\/p>\n<p>Durante este espet\u00e1culo art\u00edstico, tr\u00eas especialistas das regi\u00f5es polares intervir\u00e3o para sensibilizar as pessoas para as amea\u00e7as \u00e0 biodiversidade polar.<\/p>\n<p>Confer\u00eancia prevista para 14 de junho, das 18h30 \u00e0s 20h00, na Sala de Confer\u00eancias; <span style=\"text-decoration: underline\">Evento gratuito mediante inscri\u00e7\u00e3o.<\/span><\/p>\n\t\t\t\t\t\t\t\t<\/div>\n\t\t\t\t<\/div>\n\t\t\t\t<div class=\"elementor-element elementor-element-1925c4d elementor-align-center elementor-widget elementor-widget-button\" data-id=\"1925c4d\" data-element_type=\"widget\" data-e-type=\"widget\" data-widget_type=\"button.default\">\n\t\t\t\t<div class=\"elementor-widget-container\">\n\t\t\t\t\t\t\t\t\t<div class=\"elementor-button-wrapper\">\n\t\t\t\t\t<a class=\"elementor-button elementor-button-link elementor-size-sm\" href=\"https:\/\/www.eventbrite.fr\/e\/billets-conference-sculpter-le-vivant-art-et-science-au-service-de-la-nature-891096502627?aff=oddtdtcreator\">\n\t\t\t\t\t\t<span class=\"elementor-button-content-wrapper\">\n\t\t\t\t\t\t\t\t\t<span class=\"elementor-button-text\">Reserve o seu lugar!<\/span>\n\t\t\t\t\t<\/span>\n\t\t\t\t\t<\/a>\n\t\t\t\t<\/div>\n\t\t\t\t\t\t\t\t<\/div>\n\t\t\t\t<\/div>\n\t\t\t\t\t<\/div>\n\t\t<\/div>\n\t\t\t\t<div class=\"elementor-column elementor-col-50 elementor-top-column elementor-element elementor-element-1917365\" data-id=\"1917365\" data-element_type=\"column\" data-e-type=\"column\" data-settings=\"{&quot;background_background&quot;:&quot;classic&quot;}\">\n\t\t\t<div class=\"elementor-widget-wrap elementor-element-populated\">\n\t\t\t\t\t\t<div class=\"elementor-element elementor-element-63bcc04 elementor-widget elementor-widget-image\" data-id=\"63bcc04\" data-element_type=\"widget\" data-e-type=\"widget\" data-widget_type=\"image.default\">\n\t\t\t\t<div class=\"elementor-widget-container\">\n\t\t\t\t\t\t\t\t\t\t\t\t\t\t\t<img decoding=\"async\" src=\"https:\/\/musee.oceano.org\/wp-content\/uploads\/sites\/2\/elementor\/thumbs\/Conference-Sculpter-le-vivant-Michel-Bassompierre-Monaco-scaled-rjyt3d67rl74jg5et52ubx6szxy5l05rrrsak3e6sw.jpg\" title=\"Conf\u00e9rence Sculpter le vivant &#8211; Michel Bassompierre-Monaco\" alt=\"Michel Bassompierre anime la conf\u00e9rence &quot;sculpter le vivant&quot; au Mus\u00e9e oc\u00e9anographique de Monaco le 14 Juin 2024\" loading=\"lazy\" \/>\t\t\t\t\t\t\t\t\t\t\t\t\t\t\t<\/div>\n\t\t\t\t<\/div>\n\t\t\t\t\t<\/div>\n\t\t<\/div>\n\t\t\t\t\t<\/div>\n\t\t<\/section>\n\t\t\t\t<\/div>\n\t\t","protected":false},"excerpt":{"rendered":"<p>EXPOSI\u00c7\u00c3O \u201cOS GIGANTES DO GELO\u201d DE 10 DE ABRIL A 6 DE OUTUBRO DE 2024 Michel BASSOMPIERRE exp\u00f5e suas esculturasobras monumentais no Museu Oceanogr\u00e1fico de M\u00f4naco Os ursos polares e os pinguins imperadores s\u00e3o os protagonistas da nova exposi\u00e7\u00e3o \u201cOS GIGANTES DO GELO\u201d de Michel BASSOMPIERRE Ao destacar estas esp\u00e9cies, o Instituto Oceanogr\u00e1fico e o [&hellip;]<\/p>\n","protected":false},"author":33,"featured_media":48351,"parent":0,"menu_order":0,"comment_status":"closed","ping_status":"closed","template":"","meta":{"_acf_changed":false,"footnotes":""},"class_list":["post-48543","page","type-page","status-publish","has-post-thumbnail","hentry"],"acf":[],"yoast_head":"<!-- This site is optimized with the Yoast SEO plugin v27.2 - https:\/\/yoast.com\/product\/yoast-seo-wordpress\/ -->\n<title>EXPOSI\u00c7\u00c3O : \u201cOS GIGANTES DO GELO\u201d DE 10 DE ABRIL A 6 DE OUTUBRO DE 2024 - Mus\u00e9e Oc\u00e9anographique de Monaco<\/title>\n<meta name=\"robots\" content=\"index, follow, max-snippet:-1, max-image-preview:large, max-video-preview:-1\" \/>\n<link rel=\"canonical\" href=\"https:\/\/musee.oceano.org\/pt-pt\/exposicao-os-gigantes-do-gelo-de-10-de-abril-a-6-de-outubro-de-2024\/\" \/>\n<meta property=\"og:locale\" content=\"pt_PT\" \/>\n<meta property=\"og:type\" content=\"article\" \/>\n<meta property=\"og:title\" content=\"EXPOSI\u00c7\u00c3O : \u201cOS GIGANTES DO GELO\u201d DE 10 DE ABRIL A 6 DE OUTUBRO DE 2024 - Mus\u00e9e Oc\u00e9anographique de Monaco\" \/>\n<meta property=\"og:description\" content=\"EXPOSI\u00c7\u00c3O \u201cOS GIGANTES DO GELO\u201d DE 10 DE ABRIL A 6 DE OUTUBRO DE 2024 Michel BASSOMPIERRE exp\u00f5e suas esculturasobras monumentais no Museu Oceanogr\u00e1fico de M\u00f4naco Os ursos polares e os pinguins imperadores s\u00e3o os protagonistas da nova exposi\u00e7\u00e3o \u201cOS GIGANTES DO GELO\u201d de Michel BASSOMPIERRE Ao destacar estas esp\u00e9cies, o Instituto Oceanogr\u00e1fico e o [&hellip;]\" \/>\n<meta property=\"og:url\" content=\"https:\/\/musee.oceano.org\/pt-pt\/exposicao-os-gigantes-do-gelo-de-10-de-abril-a-6-de-outubro-de-2024\/\" \/>\n<meta property=\"og:site_name\" content=\"Mus\u00e9e Oc\u00e9anographique de Monaco\" \/>\n<meta property=\"article:modified_time\" content=\"2024-05-17T07:26:41+00:00\" \/>\n<meta property=\"og:image\" content=\"https:\/\/musee.oceano.org\/wp-content\/uploads\/sites\/2\/2024\/03\/affiche_bassonpierre_mom.jpg\" \/>\n\t<meta property=\"og:image:width\" content=\"794\" \/>\n\t<meta property=\"og:image:height\" content=\"1123\" \/>\n\t<meta property=\"og:image:type\" content=\"image\/jpeg\" \/>\n<meta name=\"twitter:card\" content=\"summary_large_image\" \/>\n<meta name=\"twitter:label1\" content=\"Tempo estimado de leitura\" \/>\n\t<meta name=\"twitter:data1\" content=\"6 minutos\" \/>\n<script type=\"application\/ld+json\" class=\"yoast-schema-graph\">{\"@context\":\"https:\/\/schema.org\",\"@graph\":[{\"@type\":\"WebPage\",\"@id\":\"https:\/\/musee.oceano.org\/pt-pt\/exposicao-os-gigantes-do-gelo-de-10-de-abril-a-6-de-outubro-de-2024\/\",\"url\":\"https:\/\/musee.oceano.org\/pt-pt\/exposicao-os-gigantes-do-gelo-de-10-de-abril-a-6-de-outubro-de-2024\/\",\"name\":\"EXPOSI\u00c7\u00c3O : \u201cOS GIGANTES DO GELO\u201d DE 10 DE ABRIL A 6 DE OUTUBRO DE 2024 - Mus\u00e9e Oc\u00e9anographique de Monaco\",\"isPartOf\":{\"@id\":\"https:\/\/musee.oceano.org\/#website\"},\"primaryImageOfPage\":{\"@id\":\"https:\/\/musee.oceano.org\/pt-pt\/exposicao-os-gigantes-do-gelo-de-10-de-abril-a-6-de-outubro-de-2024\/#primaryimage\"},\"image\":{\"@id\":\"https:\/\/musee.oceano.org\/pt-pt\/exposicao-os-gigantes-do-gelo-de-10-de-abril-a-6-de-outubro-de-2024\/#primaryimage\"},\"thumbnailUrl\":\"https:\/\/musee.oceano.org\/wp-content\/uploads\/sites\/2\/2024\/03\/affiche_bassonpierre_mom.jpg\",\"datePublished\":\"2024-04-10T14:24:02+00:00\",\"dateModified\":\"2024-05-17T07:26:41+00:00\",\"breadcrumb\":{\"@id\":\"https:\/\/musee.oceano.org\/pt-pt\/exposicao-os-gigantes-do-gelo-de-10-de-abril-a-6-de-outubro-de-2024\/#breadcrumb\"},\"inLanguage\":\"pt-PT\",\"potentialAction\":[{\"@type\":\"ReadAction\",\"target\":[\"https:\/\/musee.oceano.org\/pt-pt\/exposicao-os-gigantes-do-gelo-de-10-de-abril-a-6-de-outubro-de-2024\/\"]}]},{\"@type\":\"ImageObject\",\"inLanguage\":\"pt-PT\",\"@id\":\"https:\/\/musee.oceano.org\/pt-pt\/exposicao-os-gigantes-do-gelo-de-10-de-abril-a-6-de-outubro-de-2024\/#primaryimage\",\"url\":\"https:\/\/musee.oceano.org\/wp-content\/uploads\/sites\/2\/2024\/03\/affiche_bassonpierre_mom.jpg\",\"contentUrl\":\"https:\/\/musee.oceano.org\/wp-content\/uploads\/sites\/2\/2024\/03\/affiche_bassonpierre_mom.jpg\",\"width\":794,\"height\":1123},{\"@type\":\"BreadcrumbList\",\"@id\":\"https:\/\/musee.oceano.org\/pt-pt\/exposicao-os-gigantes-do-gelo-de-10-de-abril-a-6-de-outubro-de-2024\/#breadcrumb\",\"itemListElement\":[{\"@type\":\"ListItem\",\"position\":1,\"name\":\"Home\",\"item\":\"https:\/\/musee.oceano.org\/pt-pt\/\"},{\"@type\":\"ListItem\",\"position\":2,\"name\":\"EXPOSI\u00c7\u00c3O : \u201cOS GIGANTES DO GELO\u201d DE 10 DE ABRIL A 6 DE OUTUBRO DE 2024\"}]},{\"@type\":\"WebSite\",\"@id\":\"https:\/\/musee.oceano.org\/#website\",\"url\":\"https:\/\/musee.oceano.org\/\",\"name\":\"Mus\u00e9e Oc\u00e9anographique de Monaco\",\"description\":\"Faire conna\u00eetre, aimer et prot\u00e9ger les oc\u00e9ans\",\"potentialAction\":[{\"@type\":\"SearchAction\",\"target\":{\"@type\":\"EntryPoint\",\"urlTemplate\":\"https:\/\/musee.oceano.org\/?s={search_term_string}\"},\"query-input\":{\"@type\":\"PropertyValueSpecification\",\"valueRequired\":true,\"valueName\":\"search_term_string\"}}],\"inLanguage\":\"pt-PT\"}]}<\/script>\n<!-- \/ Yoast SEO plugin. -->","yoast_head_json":{"title":"EXPOSI\u00c7\u00c3O : \u201cOS GIGANTES DO GELO\u201d DE 10 DE ABRIL A 6 DE OUTUBRO DE 2024 - Mus\u00e9e Oc\u00e9anographique de Monaco","robots":{"index":"index","follow":"follow","max-snippet":"max-snippet:-1","max-image-preview":"max-image-preview:large","max-video-preview":"max-video-preview:-1"},"canonical":"https:\/\/musee.oceano.org\/pt-pt\/exposicao-os-gigantes-do-gelo-de-10-de-abril-a-6-de-outubro-de-2024\/","og_locale":"pt_PT","og_type":"article","og_title":"EXPOSI\u00c7\u00c3O : \u201cOS GIGANTES DO GELO\u201d DE 10 DE ABRIL A 6 DE OUTUBRO DE 2024 - Mus\u00e9e Oc\u00e9anographique de Monaco","og_description":"EXPOSI\u00c7\u00c3O \u201cOS GIGANTES DO GELO\u201d DE 10 DE ABRIL A 6 DE OUTUBRO DE 2024 Michel BASSOMPIERRE exp\u00f5e suas esculturasobras monumentais no Museu Oceanogr\u00e1fico de M\u00f4naco Os ursos polares e os pinguins imperadores s\u00e3o os protagonistas da nova exposi\u00e7\u00e3o \u201cOS GIGANTES DO GELO\u201d de Michel BASSOMPIERRE Ao destacar estas esp\u00e9cies, o Instituto Oceanogr\u00e1fico e o [&hellip;]","og_url":"https:\/\/musee.oceano.org\/pt-pt\/exposicao-os-gigantes-do-gelo-de-10-de-abril-a-6-de-outubro-de-2024\/","og_site_name":"Mus\u00e9e Oc\u00e9anographique de Monaco","article_modified_time":"2024-05-17T07:26:41+00:00","og_image":[{"width":794,"height":1123,"url":"https:\/\/musee.oceano.org\/wp-content\/uploads\/sites\/2\/2024\/03\/affiche_bassonpierre_mom.jpg","type":"image\/jpeg"}],"twitter_card":"summary_large_image","twitter_misc":{"Tempo estimado de leitura":"6 minutos"},"schema":{"@context":"https:\/\/schema.org","@graph":[{"@type":"WebPage","@id":"https:\/\/musee.oceano.org\/pt-pt\/exposicao-os-gigantes-do-gelo-de-10-de-abril-a-6-de-outubro-de-2024\/","url":"https:\/\/musee.oceano.org\/pt-pt\/exposicao-os-gigantes-do-gelo-de-10-de-abril-a-6-de-outubro-de-2024\/","name":"EXPOSI\u00c7\u00c3O : \u201cOS GIGANTES DO GELO\u201d DE 10 DE ABRIL A 6 DE OUTUBRO DE 2024 - Mus\u00e9e Oc\u00e9anographique de Monaco","isPartOf":{"@id":"https:\/\/musee.oceano.org\/#website"},"primaryImageOfPage":{"@id":"https:\/\/musee.oceano.org\/pt-pt\/exposicao-os-gigantes-do-gelo-de-10-de-abril-a-6-de-outubro-de-2024\/#primaryimage"},"image":{"@id":"https:\/\/musee.oceano.org\/pt-pt\/exposicao-os-gigantes-do-gelo-de-10-de-abril-a-6-de-outubro-de-2024\/#primaryimage"},"thumbnailUrl":"https:\/\/musee.oceano.org\/wp-content\/uploads\/sites\/2\/2024\/03\/affiche_bassonpierre_mom.jpg","datePublished":"2024-04-10T14:24:02+00:00","dateModified":"2024-05-17T07:26:41+00:00","breadcrumb":{"@id":"https:\/\/musee.oceano.org\/pt-pt\/exposicao-os-gigantes-do-gelo-de-10-de-abril-a-6-de-outubro-de-2024\/#breadcrumb"},"inLanguage":"pt-PT","potentialAction":[{"@type":"ReadAction","target":["https:\/\/musee.oceano.org\/pt-pt\/exposicao-os-gigantes-do-gelo-de-10-de-abril-a-6-de-outubro-de-2024\/"]}]},{"@type":"ImageObject","inLanguage":"pt-PT","@id":"https:\/\/musee.oceano.org\/pt-pt\/exposicao-os-gigantes-do-gelo-de-10-de-abril-a-6-de-outubro-de-2024\/#primaryimage","url":"https:\/\/musee.oceano.org\/wp-content\/uploads\/sites\/2\/2024\/03\/affiche_bassonpierre_mom.jpg","contentUrl":"https:\/\/musee.oceano.org\/wp-content\/uploads\/sites\/2\/2024\/03\/affiche_bassonpierre_mom.jpg","width":794,"height":1123},{"@type":"BreadcrumbList","@id":"https:\/\/musee.oceano.org\/pt-pt\/exposicao-os-gigantes-do-gelo-de-10-de-abril-a-6-de-outubro-de-2024\/#breadcrumb","itemListElement":[{"@type":"ListItem","position":1,"name":"Home","item":"https:\/\/musee.oceano.org\/pt-pt\/"},{"@type":"ListItem","position":2,"name":"EXPOSI\u00c7\u00c3O : \u201cOS GIGANTES DO GELO\u201d DE 10 DE ABRIL A 6 DE OUTUBRO DE 2024"}]},{"@type":"WebSite","@id":"https:\/\/musee.oceano.org\/#website","url":"https:\/\/musee.oceano.org\/","name":"Mus\u00e9e Oc\u00e9anographique de Monaco","description":"Faire conna\u00eetre, aimer et prot\u00e9ger les oc\u00e9ans","potentialAction":[{"@type":"SearchAction","target":{"@type":"EntryPoint","urlTemplate":"https:\/\/musee.oceano.org\/?s={search_term_string}"},"query-input":{"@type":"PropertyValueSpecification","valueRequired":true,"valueName":"search_term_string"}}],"inLanguage":"pt-PT"}]}},"_links":{"self":[{"href":"https:\/\/musee.oceano.org\/pt-pt\/wp-json\/wp\/v2\/pages\/48543","targetHints":{"allow":["GET"]}}],"collection":[{"href":"https:\/\/musee.oceano.org\/pt-pt\/wp-json\/wp\/v2\/pages"}],"about":[{"href":"https:\/\/musee.oceano.org\/pt-pt\/wp-json\/wp\/v2\/types\/page"}],"author":[{"embeddable":true,"href":"https:\/\/musee.oceano.org\/pt-pt\/wp-json\/wp\/v2\/users\/33"}],"replies":[{"embeddable":true,"href":"https:\/\/musee.oceano.org\/pt-pt\/wp-json\/wp\/v2\/comments?post=48543"}],"version-history":[{"count":9,"href":"https:\/\/musee.oceano.org\/pt-pt\/wp-json\/wp\/v2\/pages\/48543\/revisions"}],"predecessor-version":[{"id":48753,"href":"https:\/\/musee.oceano.org\/pt-pt\/wp-json\/wp\/v2\/pages\/48543\/revisions\/48753"}],"wp:featuredmedia":[{"embeddable":true,"href":"https:\/\/musee.oceano.org\/pt-pt\/wp-json\/wp\/v2\/media\/48351"}],"wp:attachment":[{"href":"https:\/\/musee.oceano.org\/pt-pt\/wp-json\/wp\/v2\/media?parent=48543"}],"curies":[{"name":"wp","href":"https:\/\/api.w.org\/{rel}","templated":true}]}}